{"id":9143,"date":"2018-07-24T19:01:06","date_gmt":"2018-07-24T17:01:06","guid":{"rendered":"http:\/\/ford-sachsen.de\/html\/page\/?page_id=9143"},"modified":"2021-05-09T16:56:48","modified_gmt":"2021-05-09T14:56:48","slug":"gebrauchtwagen","status":"publish","type":"page","link":"https:\/\/ford-sachsen.de\/html\/page\/mobil\/chemnitz-nord\/gebrauchtwagen\/","title":{"rendered":"Gebrauchtwagen"},"content":{"rendered":"<p><div class=\"facetwp-facet facetwp-facet-marke facetwp-type-dropdown\" data-name=\"marke\" data-type=\"dropdown\"><\/div><div class=\"facetwp-facet facetwp-facet-modell facetwp-type-dropdown\" data-name=\"modell\" data-type=\"dropdown\"><\/div><div class=\"facetwp-facet facetwp-facet-klasse facetwp-type-dropdown\" data-name=\"klasse\" data-type=\"dropdown\"><\/div><div class=\"facetwp-facet facetwp-facet-kraftstoff facetwp-type-dropdown\" data-name=\"kraftstoff\" data-type=\"dropdown\"><\/div><div class=\"facetwp-facet facetwp-facet-getriebe facetwp-type-dropdown\" data-name=\"getriebe\" data-type=\"dropdown\"><\/div><span style=\"color: #000000;\">Erstzulassung<\/span><div class=\"facetwp-facet facetwp-facet-erstzulassung facetwp-type-slider\" data-name=\"erstzulassung\" data-type=\"slider\"><\/div><div class=\"facetwp-facet facetwp-facet-preis facetwp-type-slider\" data-name=\"preis\" data-type=\"slider\"><\/div><div class=\"facetwp-facet facetwp-facet-km facetwp-type-slider\" data-name=\"km\" data-type=\"slider\"><\/div><\/p>\n    <div class=\"facetwp-template row\">\n                    <article id=\"post-4746822\" class=\"vehicle\">\n                <hgroup>\n                    <a href=\"https:\/\/ford-sachsen.de\/html\/page\/fahrzeuge\/ford-edge-st-line-4x4-neuer-motor-ahk-abn-standhzg\/\">\n                        <h2 class=\"vehicle-title\">\n                            Ford Edge ST-Line 4&#215;4  NEUER MOTOR AHK-abn. StandHZG                        <\/h2>\n\n                    <\/a>\n                <\/hgroup>\n                <span class=\"vehicle-addition\">\n                    <p>\n                        SUV\/Gel\u00e4ndewagen\/Pickup ,\n                        Gebrauchtfahrzeug                    <\/p>\n                <\/span>\n                <div class=\"vehicle-row\">\n                    <div class=\"vehicle-thumbnail\">\n                        <a href=\"https:\/\/ford-sachsen.de\/html\/page\/fahrzeuge\/ford-edge-st-line-4x4-neuer-motor-ahk-abn-standhzg\/\" title=\"Ford Edge ST-Line 4&#215;4  NEUER MOTOR AHK-abn. StandHZG\">\n                            <img fetchpriority=\"high\" decoding=\"async\" width=\"300\" height=\"225\" src=\"https:\/\/ford-sachsen.de\/html\/page\/wp-content\/uploads\/2026\/05\/4746822-69f573cad35ada13dfde5-2b1e-4258-a665-033428dded06-rule-mo-1600-300x225.jpg\" class=\"attachment-medium size-medium wp-post-image\" alt=\"\" srcset=\"https:\/\/ford-sachsen.de\/html\/page\/wp-content\/uploads\/2026\/05\/4746822-69f573cad35ada13dfde5-2b1e-4258-a665-033428dded06-rule-mo-1600-300x225.jpg 300w, https:\/\/ford-sachsen.de\/html\/page\/wp-content\/uploads\/2026\/05\/4746822-69f573cad35ada13dfde5-2b1e-4258-a665-033428dded06-rule-mo-1600-1024x768.jpg 1024w, https:\/\/ford-sachsen.de\/html\/page\/wp-content\/uploads\/2026\/05\/4746822-69f573cad35ada13dfde5-2b1e-4258-a665-033428dded06-rule-mo-1600-768x576.jpg 768w, https:\/\/ford-sachsen.de\/html\/page\/wp-content\/uploads\/2026\/05\/4746822-69f573cad35ada13dfde5-2b1e-4258-a665-033428dded06-rule-mo-1600.jpg 1440w\" sizes=\"(max-width: 300px) 100vw, 300px\" \/>                        <\/a>\n                    <\/div>\n                    <div class=\"vehicle-data\">\n                                                    <small>\n                                                                09.2019                                \u00b7\n                            <\/small>\n                                                                            <small>\n                                87.282 km\n                            <\/small>\n                                                                            <small>\n                                \u00b7\n                                174 kW\n                                                                (\n                                237 PS)\n                            <\/small>\n                                                                            <small>\n                                \u00b7\n                                Automatik                            <\/small>\n                                                                            <small>\n                                \u00b7\n                                Unfallfrei                            <\/small>\n                        \n                                                    <small>\n                                \u00b7\n                                Diesel                            <\/small>\n                                                                                                                            <small>\n                                \u00b7\n                                4\/5 T\u00fcren\n                            <\/small>\n                                                <ul class=\"vehicle-emission\">\n                                                                                     \n                                       \n  <!-- CO2-Emissionen\t-->\n                                        <!-- CO2-Emissionen\t-->\n                   \n \n \n\n\n                <\/ul>\n\n                    <\/div>\n\n                    <div class=\"vehicle-price\">\n                                                    <div itemprop=\"priceSpecification\" itemscope itemtype=\"http:\/\/schema.org\/UnitPriceSpecification\">\n                                <meta itemprop=\"priceCurrency\" content=\"EUR\">\n                                <meta itemprop=\"price\" content=\"28.450\">\n                                <strong>\n                                    28.450 \u20ac (Brutto)\n                                <\/strong><br><small>\n                                    Inkl. 19% MwSt.                                <\/small>\n                            <\/div>\n                                                <br>\n                        <a href=\"https:\/\/ford-sachsen.de\/html\/page\/fahrzeuge\/ford-edge-st-line-4x4-neuer-motor-ahk-abn-standhzg\/\"\n                            class=\"vehicle-btn wp-block-button__link wp-element-button\">Details<\/a>\n                    <\/div>\n                <\/div> <!-- \/\/ vehicle-row -->\n               \n            <\/article>\n                        <article id=\"post-4746820\" class=\"vehicle\">\n                <hgroup>\n                    <a href=\"https:\/\/ford-sachsen.de\/html\/page\/fahrzeuge\/ford-transit-courier-trend-1-0-ecoboost-ahk-klima-beh\/\">\n                        <h2 class=\"vehicle-title\">\n                            Ford Transit Courier Trend 1.0 EcoBoost AHK Klima Beh                        <\/h2>\n\n                    <\/a>\n                <\/hgroup>\n                <span class=\"vehicle-addition\">\n                    <p>\n                        Andere ,\n                        Neufahrzeug                    <\/p>\n                <\/span>\n                <div class=\"vehicle-row\">\n                    <div class=\"vehicle-thumbnail\">\n                        <a href=\"https:\/\/ford-sachsen.de\/html\/page\/fahrzeuge\/ford-transit-courier-trend-1-0-ecoboost-ahk-klima-beh\/\" title=\"Ford Transit Courier Trend 1.0 EcoBoost AHK Klima Beh\">\n                            <img decoding=\"async\" width=\"300\" height=\"225\" src=\"https:\/\/ford-sachsen.de\/html\/page\/wp-content\/uploads\/2026\/05\/4746820-69f573c94a6b5079059f2-b56e-4557-88a0-a52a9d74d155-rule-mo-1600-300x225.jpg\" class=\"attachment-medium size-medium wp-post-image\" alt=\"\" srcset=\"https:\/\/ford-sachsen.de\/html\/page\/wp-content\/uploads\/2026\/05\/4746820-69f573c94a6b5079059f2-b56e-4557-88a0-a52a9d74d155-rule-mo-1600-300x225.jpg 300w, https:\/\/ford-sachsen.de\/html\/page\/wp-content\/uploads\/2026\/05\/4746820-69f573c94a6b5079059f2-b56e-4557-88a0-a52a9d74d155-rule-mo-1600-1024x768.jpg 1024w, https:\/\/ford-sachsen.de\/html\/page\/wp-content\/uploads\/2026\/05\/4746820-69f573c94a6b5079059f2-b56e-4557-88a0-a52a9d74d155-rule-mo-1600-768x576.jpg 768w, https:\/\/ford-sachsen.de\/html\/page\/wp-content\/uploads\/2026\/05\/4746820-69f573c94a6b5079059f2-b56e-4557-88a0-a52a9d74d155-rule-mo-1600.jpg 1440w\" sizes=\"(max-width: 300px) 100vw, 300px\" \/>                        <\/a>\n                    <\/div>\n                    <div class=\"vehicle-data\">\n                                                                            <small>\n                                2 km\n                            <\/small>\n                                                                            <small>\n                                \u00b7\n                                74 kW\n                                                                (\n                                101 PS)\n                            <\/small>\n                                                                            <small>\n                                \u00b7\n                                Schaltgetriebe                            <\/small>\n                                                                            <small>\n                                \u00b7\n                                Unfallfrei                            <\/small>\n                        \n                                                    <small>\n                                \u00b7\n                                Benzin                            <\/small>\n                                                                                                                            <small>\n                                \u00b7\n                                4\/5 T\u00fcren\n                            <\/small>\n                                                <ul class=\"vehicle-emission\">\n                                                 <span>Verbrauch komb.: \n                                    6.7                                 l\/100km<\/span><br>\n                                                                                \n                                       \n  <!-- CO2-Emissionen\t-->\n                                            <span>CO\u2082-Emissionen komb.: 153.0                                 g\/km<\/span><br>\n                                        <!-- CO2-Emissionen\t-->\n                   \n \n                         <span>CO\u2082-Klasse: \n                                    E                                <\/span><br>\n                    \n\n\n                <\/ul>\n\n                    <\/div>\n\n                    <div class=\"vehicle-price\">\n                                                    <div itemprop=\"priceSpecification\" itemscope itemtype=\"http:\/\/schema.org\/UnitPriceSpecification\">\n                                <meta itemprop=\"priceCurrency\" content=\"EUR\">\n                                <meta itemprop=\"price\" content=\"22.644\">\n                                <strong>\n                                    22.644 \u20ac (Brutto)\n                                <\/strong><br><small>\n                                    Inkl. 19% MwSt.                                <\/small>\n                            <\/div>\n                                                <br>\n                        <a href=\"https:\/\/ford-sachsen.de\/html\/page\/fahrzeuge\/ford-transit-courier-trend-1-0-ecoboost-ahk-klima-beh\/\"\n                            class=\"vehicle-btn wp-block-button__link wp-element-button\">Details<\/a>\n                    <\/div>\n                <\/div> <!-- \/\/ vehicle-row -->\n               \n            <\/article>\n                        <article id=\"post-4746818\" class=\"vehicle\">\n                <hgroup>\n                    <a href=\"https:\/\/ford-sachsen.de\/html\/page\/fahrzeuge\/ford-ranger-wildtrak-e-4wd-doppelkabine-ahk-abnehmbar\/\">\n                        <h2 class=\"vehicle-title\">\n                            Ford Ranger Wildtrak e-4WD Doppelkabine AHK-abnehmbar                        <\/h2>\n\n                    <\/a>\n                <\/hgroup>\n                <span class=\"vehicle-addition\">\n                    <p>\n                        SUV\/Gel\u00e4ndewagen\/Pickup ,\n                        Neufahrzeug                    <\/p>\n                <\/span>\n                <div class=\"vehicle-row\">\n                    <div class=\"vehicle-thumbnail\">\n                        <a href=\"https:\/\/ford-sachsen.de\/html\/page\/fahrzeuge\/ford-ranger-wildtrak-e-4wd-doppelkabine-ahk-abnehmbar\/\" title=\"Ford Ranger Wildtrak e-4WD Doppelkabine AHK-abnehmbar\">\n                            <img decoding=\"async\" width=\"300\" height=\"225\" src=\"https:\/\/ford-sachsen.de\/html\/page\/wp-content\/uploads\/2026\/05\/4746818-69f573c7a0f1d56472a70-31e3-4039-b4ca-510bad8b7635-rule-mo-1600-300x225.jpg\" class=\"attachment-medium size-medium wp-post-image\" alt=\"\" srcset=\"https:\/\/ford-sachsen.de\/html\/page\/wp-content\/uploads\/2026\/05\/4746818-69f573c7a0f1d56472a70-31e3-4039-b4ca-510bad8b7635-rule-mo-1600-300x225.jpg 300w, https:\/\/ford-sachsen.de\/html\/page\/wp-content\/uploads\/2026\/05\/4746818-69f573c7a0f1d56472a70-31e3-4039-b4ca-510bad8b7635-rule-mo-1600-1024x768.jpg 1024w, https:\/\/ford-sachsen.de\/html\/page\/wp-content\/uploads\/2026\/05\/4746818-69f573c7a0f1d56472a70-31e3-4039-b4ca-510bad8b7635-rule-mo-1600-768x576.jpg 768w, https:\/\/ford-sachsen.de\/html\/page\/wp-content\/uploads\/2026\/05\/4746818-69f573c7a0f1d56472a70-31e3-4039-b4ca-510bad8b7635-rule-mo-1600.jpg 1440w\" sizes=\"(max-width: 300px) 100vw, 300px\" \/>                        <\/a>\n                    <\/div>\n                    <div class=\"vehicle-data\">\n                                                                                                    <small>\n                                \u00b7\n                                151 kW\n                                                                (\n                                205 PS)\n                            <\/small>\n                                                                            <small>\n                                \u00b7\n                                Automatik                            <\/small>\n                                                                            <small>\n                                \u00b7\n                                Unfallfrei                            <\/small>\n                        \n                                                    <small>\n                                \u00b7\n                                Diesel                            <\/small>\n                                                                                                                            <small>\n                                \u00b7\n                                4\/5 T\u00fcren\n                            <\/small>\n                                                <ul class=\"vehicle-emission\">\n                                                 <span>Verbrauch komb.: \n                                    8.9                                 l\/100km<\/span><br>\n                                                                                \n                                       \n  <!-- CO2-Emissionen\t-->\n                                            <span>CO\u2082-Emissionen komb.: 234.0                                 g\/km<\/span><br>\n                                        <!-- CO2-Emissionen\t-->\n                   \n \n                         <span>CO\u2082-Klasse: \n                                    G                                <\/span><br>\n                    \n\n\n                <\/ul>\n\n                    <\/div>\n\n                    <div class=\"vehicle-price\">\n                                                    <div itemprop=\"priceSpecification\" itemscope itemtype=\"http:\/\/schema.org\/UnitPriceSpecification\">\n                                <meta itemprop=\"priceCurrency\" content=\"EUR\">\n                                <meta itemprop=\"price\" content=\"57.465\">\n                                <strong>\n                                    57.465 \u20ac (Brutto)\n                                <\/strong><br><small>\n                                    Inkl. 19% MwSt.                                <\/small>\n                            <\/div>\n                                                <br>\n                        <a href=\"https:\/\/ford-sachsen.de\/html\/page\/fahrzeuge\/ford-ranger-wildtrak-e-4wd-doppelkabine-ahk-abnehmbar\/\"\n                            class=\"vehicle-btn wp-block-button__link wp-element-button\">Details<\/a>\n                    <\/div>\n                <\/div> <!-- \/\/ vehicle-row -->\n               \n            <\/article>\n                        <article id=\"post-4746816\" class=\"vehicle\">\n                <hgroup>\n                    <a href=\"https:\/\/ford-sachsen.de\/html\/page\/fahrzeuge\/ford-ranger-wildtrak-phev-automatik-4x4-acc-kamera-na\/\">\n                        <h2 class=\"vehicle-title\">\n                            Ford Ranger Wildtrak PHEV Automatik 4&#215;4 ACC Kamera Na                        <\/h2>\n\n                    <\/a>\n                <\/hgroup>\n                <span class=\"vehicle-addition\">\n                    <p>\n                        SUV\/Gel\u00e4ndewagen\/Pickup ,\n                        Neufahrzeug                    <\/p>\n                <\/span>\n                <div class=\"vehicle-row\">\n                    <div class=\"vehicle-thumbnail\">\n                        <a href=\"https:\/\/ford-sachsen.de\/html\/page\/fahrzeuge\/ford-ranger-wildtrak-phev-automatik-4x4-acc-kamera-na\/\" title=\"Ford Ranger Wildtrak PHEV Automatik 4&#215;4 ACC Kamera Na\">\n                            <img loading=\"lazy\" decoding=\"async\" width=\"300\" height=\"225\" src=\"https:\/\/ford-sachsen.de\/html\/page\/wp-content\/uploads\/2026\/05\/4746816-69f573c57147de9657ec5-8c58-4181-bc95-7a3c6135e29e-rule-mo-1600-300x225.jpg\" class=\"attachment-medium size-medium wp-post-image\" alt=\"\" srcset=\"https:\/\/ford-sachsen.de\/html\/page\/wp-content\/uploads\/2026\/05\/4746816-69f573c57147de9657ec5-8c58-4181-bc95-7a3c6135e29e-rule-mo-1600-300x225.jpg 300w, https:\/\/ford-sachsen.de\/html\/page\/wp-content\/uploads\/2026\/05\/4746816-69f573c57147de9657ec5-8c58-4181-bc95-7a3c6135e29e-rule-mo-1600-1024x768.jpg 1024w, https:\/\/ford-sachsen.de\/html\/page\/wp-content\/uploads\/2026\/05\/4746816-69f573c57147de9657ec5-8c58-4181-bc95-7a3c6135e29e-rule-mo-1600-768x576.jpg 768w, https:\/\/ford-sachsen.de\/html\/page\/wp-content\/uploads\/2026\/05\/4746816-69f573c57147de9657ec5-8c58-4181-bc95-7a3c6135e29e-rule-mo-1600-1536x1152.jpg 1536w, https:\/\/ford-sachsen.de\/html\/page\/wp-content\/uploads\/2026\/05\/4746816-69f573c57147de9657ec5-8c58-4181-bc95-7a3c6135e29e-rule-mo-1600.jpg 1600w\" sizes=\"(max-width: 300px) 100vw, 300px\" \/>                        <\/a>\n                    <\/div>\n                    <div class=\"vehicle-data\">\n                                                                            <small>\n                                2 km\n                            <\/small>\n                                                                            <small>\n                                \u00b7\n                                207 kW\n                                                                (\n                                281 PS)\n                            <\/small>\n                                                                            <small>\n                                \u00b7\n                                Automatik                            <\/small>\n                                                                            <small>\n                                \u00b7\n                                Unfallfrei                            <\/small>\n                        \n                                                    <small>\n                                \u00b7\n                                Plug-in-Hybrid                            <\/small>\n                                                                                                                            <small>\n                                \u00b7\n                                4\/5 T\u00fcren\n                            <\/small>\n                                                <ul class=\"vehicle-emission\">\n                                                <span>Kraftstoffverbrauch gewichtet, kombiniert: \n                                    6.4                                 l\/100km<\/span><br>\n                                             <span>Verbrauch komb.: \n                                    10.2                                 l\/100km<\/span><br>\n                                                                <span>Stromverbrauch gewichtet, kombiniert: \n                                    33.7                                 kWh\/100km<\/span><br>\n                                                            \n                                       \n  <!-- CO2-Emissionen\t-->\n                                            <span>CO\u2082-Emissionen komb.: 145.0                                 g\/km<\/span><br>\n                                        <!-- CO2-Emissionen\t-->\n                   \n \n                         <span>CO\u2082-Klasse: \n                                    E                                <\/span><br>\n                    \n\n\n                <\/ul>\n\n                    <\/div>\n\n                    <div class=\"vehicle-price\">\n                                                    <div itemprop=\"priceSpecification\" itemscope itemtype=\"http:\/\/schema.org\/UnitPriceSpecification\">\n                                <meta itemprop=\"priceCurrency\" content=\"EUR\">\n                                <meta itemprop=\"price\" content=\"64.757\">\n                                <strong>\n                                    64.757 \u20ac (Brutto)\n                                <\/strong><br><small>\n                                    Inkl. 19% MwSt.                                <\/small>\n                            <\/div>\n                                                <br>\n                        <a href=\"https:\/\/ford-sachsen.de\/html\/page\/fahrzeuge\/ford-ranger-wildtrak-phev-automatik-4x4-acc-kamera-na\/\"\n                            class=\"vehicle-btn wp-block-button__link wp-element-button\">Details<\/a>\n                    <\/div>\n                <\/div> <!-- \/\/ vehicle-row -->\n               \n            <\/article>\n                        <article id=\"post-4746814\" class=\"vehicle\">\n                <hgroup>\n                    <a href=\"https:\/\/ford-sachsen.de\/html\/page\/fahrzeuge\/ford-kuga-sound-edition-fhev-allrad-led-matrix-winter-2\/\">\n                        <h2 class=\"vehicle-title\">\n                            Ford Kuga Sound Edition FHEV Allrad LED-Matrix Winter                        <\/h2>\n\n                    <\/a>\n                <\/hgroup>\n                <span class=\"vehicle-addition\">\n                    <p>\n                        SUV\/Gel\u00e4ndewagen\/Pickup ,\n                        Neufahrzeug                    <\/p>\n                <\/span>\n                <div class=\"vehicle-row\">\n                    <div class=\"vehicle-thumbnail\">\n                        <a href=\"https:\/\/ford-sachsen.de\/html\/page\/fahrzeuge\/ford-kuga-sound-edition-fhev-allrad-led-matrix-winter-2\/\" title=\"Ford Kuga Sound Edition FHEV Allrad LED-Matrix Winter\">\n                            <img loading=\"lazy\" decoding=\"async\" width=\"300\" height=\"225\" src=\"https:\/\/ford-sachsen.de\/html\/page\/wp-content\/uploads\/2026\/05\/4746814-69f573c3c834640468ac6-1f2a-47df-a245-d3d01dd8c8bd-rule-mo-1600-300x225.jpg\" class=\"attachment-medium size-medium wp-post-image\" alt=\"\" srcset=\"https:\/\/ford-sachsen.de\/html\/page\/wp-content\/uploads\/2026\/05\/4746814-69f573c3c834640468ac6-1f2a-47df-a245-d3d01dd8c8bd-rule-mo-1600-300x225.jpg 300w, https:\/\/ford-sachsen.de\/html\/page\/wp-content\/uploads\/2026\/05\/4746814-69f573c3c834640468ac6-1f2a-47df-a245-d3d01dd8c8bd-rule-mo-1600-1024x768.jpg 1024w, https:\/\/ford-sachsen.de\/html\/page\/wp-content\/uploads\/2026\/05\/4746814-69f573c3c834640468ac6-1f2a-47df-a245-d3d01dd8c8bd-rule-mo-1600-768x576.jpg 768w, https:\/\/ford-sachsen.de\/html\/page\/wp-content\/uploads\/2026\/05\/4746814-69f573c3c834640468ac6-1f2a-47df-a245-d3d01dd8c8bd-rule-mo-1600.jpg 1440w\" sizes=\"(max-width: 300px) 100vw, 300px\" \/>                        <\/a>\n                    <\/div>\n                    <div class=\"vehicle-data\">\n                                                                            <small>\n                                2 km\n                            <\/small>\n                                                                            <small>\n                                \u00b7\n                                134 kW\n                                                                (\n                                182 PS)\n                            <\/small>\n                                                                            <small>\n                                \u00b7\n                                Automatik                            <\/small>\n                                                                            <small>\n                                \u00b7\n                                Unfallfrei                            <\/small>\n                        \n                                                    <small>\n                                \u00b7\n                                Hybrid (Benzin\/Elektro)                            <\/small>\n                                                                                                                            <small>\n                                \u00b7\n                                4\/5 T\u00fcren\n                            <\/small>\n                                                <ul class=\"vehicle-emission\">\n                                                 <span>Verbrauch komb.: \n                                    5.8                                 l\/100km<\/span><br>\n                                                                                \n                                       \n  <!-- CO2-Emissionen\t-->\n                                            <span>CO\u2082-Emissionen komb.: 133.0                                 g\/km<\/span><br>\n                                        <!-- CO2-Emissionen\t-->\n                   \n \n                         <span>CO\u2082-Klasse: \n                                    D                                <\/span><br>\n                    \n\n\n                <\/ul>\n\n                    <\/div>\n\n                    <div class=\"vehicle-price\">\n                                                    <div itemprop=\"priceSpecification\" itemscope itemtype=\"http:\/\/schema.org\/UnitPriceSpecification\">\n                                <meta itemprop=\"priceCurrency\" content=\"EUR\">\n                                <meta itemprop=\"price\" content=\"43.200\">\n                                <strong>\n                                    43.200 \u20ac (Brutto)\n                                <\/strong><br><small>\n                                    Inkl. 19% MwSt.                                <\/small>\n                            <\/div>\n                                                <br>\n                        <a href=\"https:\/\/ford-sachsen.de\/html\/page\/fahrzeuge\/ford-kuga-sound-edition-fhev-allrad-led-matrix-winter-2\/\"\n                            class=\"vehicle-btn wp-block-button__link wp-element-button\">Details<\/a>\n                    <\/div>\n                <\/div> <!-- \/\/ vehicle-row -->\n               \n            <\/article>\n                        <article id=\"post-4746810\" class=\"vehicle\">\n                <hgroup>\n                    <a href=\"https:\/\/ford-sachsen.de\/html\/page\/fahrzeuge\/ford-fiesta-titaniumkamerasyncdabisofixshz-sound\/\">\n                        <h2 class=\"vehicle-title\">\n                            Ford Fiesta Titanium+KAMERA+SYNC+DAB+ISOFIX+SHZ Sound                        <\/h2>\n\n                    <\/a>\n                <\/hgroup>\n                <span class=\"vehicle-addition\">\n                    <p>\n                        Kleinwagen ,\n                        Gebrauchtfahrzeug                    <\/p>\n                <\/span>\n                <div class=\"vehicle-row\">\n                    <div class=\"vehicle-thumbnail\">\n                        <a href=\"https:\/\/ford-sachsen.de\/html\/page\/fahrzeuge\/ford-fiesta-titaniumkamerasyncdabisofixshz-sound\/\" title=\"Ford Fiesta Titanium+KAMERA+SYNC+DAB+ISOFIX+SHZ Sound\">\n                            <img loading=\"lazy\" decoding=\"async\" width=\"300\" height=\"225\" src=\"https:\/\/ford-sachsen.de\/html\/page\/wp-content\/uploads\/2026\/05\/4746810-69f572b5cf92aa40803b7-40fa-4e55-a860-af8dd4308e3a-rule-mo-1600-300x225.jpg\" class=\"attachment-medium size-medium wp-post-image\" alt=\"\" srcset=\"https:\/\/ford-sachsen.de\/html\/page\/wp-content\/uploads\/2026\/05\/4746810-69f572b5cf92aa40803b7-40fa-4e55-a860-af8dd4308e3a-rule-mo-1600-300x225.jpg 300w, https:\/\/ford-sachsen.de\/html\/page\/wp-content\/uploads\/2026\/05\/4746810-69f572b5cf92aa40803b7-40fa-4e55-a860-af8dd4308e3a-rule-mo-1600.jpg 640w\" sizes=\"(max-width: 300px) 100vw, 300px\" \/>                        <\/a>\n                    <\/div>\n                    <div class=\"vehicle-data\">\n                                                    <small>\n                                                                03.2023                                \u00b7\n                            <\/small>\n                                                                            <small>\n                                14.991 km\n                            <\/small>\n                                                                            <small>\n                                \u00b7\n                                92 kW\n                                                                (\n                                125 PS)\n                            <\/small>\n                                                                            <small>\n                                \u00b7\n                                Schaltgetriebe                            <\/small>\n                                                                            <small>\n                                \u00b7\n                                Unfallfrei                            <\/small>\n                        \n                                                    <small>\n                                \u00b7\n                                Benzin                            <\/small>\n                                                                                                                            <small>\n                                \u00b7\n                                4\/5 T\u00fcren\n                            <\/small>\n                                                <ul class=\"vehicle-emission\">\n                                                 <span>Verbrauch komb.: \n                                    5.0                                 l\/100km<\/span><br>\n                                                                                \n                                       \n  <!-- CO2-Emissionen\t-->\n                                            <span>CO\u2082-Emissionen komb.: 113.0                                 g\/km<\/span><br>\n                                        <!-- CO2-Emissionen\t-->\n                   \n \n                         <span>CO\u2082-Klasse: \n                                    C                                <\/span><br>\n                    \n\n\n                <\/ul>\n\n                    <\/div>\n\n                    <div class=\"vehicle-price\">\n                                                    <div itemprop=\"priceSpecification\" itemscope itemtype=\"http:\/\/schema.org\/UnitPriceSpecification\">\n                                <meta itemprop=\"priceCurrency\" content=\"EUR\">\n                                <meta itemprop=\"price\" content=\"17.899\">\n                                <strong>\n                                    17.899 \u20ac (Brutto)\n                                <\/strong><br><small>\n                                    Inkl. 19% MwSt.                                <\/small>\n                            <\/div>\n                                                <br>\n                        <a href=\"https:\/\/ford-sachsen.de\/html\/page\/fahrzeuge\/ford-fiesta-titaniumkamerasyncdabisofixshz-sound\/\"\n                            class=\"vehicle-btn wp-block-button__link wp-element-button\">Details<\/a>\n                    <\/div>\n                <\/div> <!-- \/\/ vehicle-row -->\n               \n            <\/article>\n                        <article id=\"post-4746808\" class=\"vehicle\">\n                <hgroup>\n                    <a href=\"https:\/\/ford-sachsen.de\/html\/page\/fahrzeuge\/ford-focus-titanium-editio-led-acc-apple-carplay-andr\/\">\n                        <h2 class=\"vehicle-title\">\n                            Ford Focus Titanium Editio LED ACC Apple CarPlay Andr                        <\/h2>\n\n                    <\/a>\n                <\/hgroup>\n                <span class=\"vehicle-addition\">\n                    <p>\n                        Limousine ,\n                        Gebrauchtfahrzeug                    <\/p>\n                <\/span>\n                <div class=\"vehicle-row\">\n                    <div class=\"vehicle-thumbnail\">\n                        <a href=\"https:\/\/ford-sachsen.de\/html\/page\/fahrzeuge\/ford-focus-titanium-editio-led-acc-apple-carplay-andr\/\" title=\"Ford Focus Titanium Editio LED ACC Apple CarPlay Andr\">\n                            <img loading=\"lazy\" decoding=\"async\" width=\"300\" height=\"225\" src=\"https:\/\/ford-sachsen.de\/html\/page\/wp-content\/uploads\/2026\/05\/4746808-69f572b3b8e587db4ee8a-4c97-4f63-9e71-545f530708f3-rule-mo-1600-300x225.jpg\" class=\"attachment-medium size-medium wp-post-image\" alt=\"\" srcset=\"https:\/\/ford-sachsen.de\/html\/page\/wp-content\/uploads\/2026\/05\/4746808-69f572b3b8e587db4ee8a-4c97-4f63-9e71-545f530708f3-rule-mo-1600-300x225.jpg 300w, https:\/\/ford-sachsen.de\/html\/page\/wp-content\/uploads\/2026\/05\/4746808-69f572b3b8e587db4ee8a-4c97-4f63-9e71-545f530708f3-rule-mo-1600-1024x768.jpg 1024w, https:\/\/ford-sachsen.de\/html\/page\/wp-content\/uploads\/2026\/05\/4746808-69f572b3b8e587db4ee8a-4c97-4f63-9e71-545f530708f3-rule-mo-1600-768x576.jpg 768w, https:\/\/ford-sachsen.de\/html\/page\/wp-content\/uploads\/2026\/05\/4746808-69f572b3b8e587db4ee8a-4c97-4f63-9e71-545f530708f3-rule-mo-1600.jpg 1440w\" sizes=\"(max-width: 300px) 100vw, 300px\" \/>                        <\/a>\n                    <\/div>\n                    <div class=\"vehicle-data\">\n                                                    <small>\n                                                                11.2025                                \u00b7\n                            <\/small>\n                                                                            <small>\n                                6.200 km\n                            <\/small>\n                                                                            <small>\n                                \u00b7\n                                114 kW\n                                                                (\n                                155 PS)\n                            <\/small>\n                                                                            <small>\n                                \u00b7\n                                Automatik                            <\/small>\n                                                                            <small>\n                                \u00b7\n                                Unfallfrei                            <\/small>\n                        \n                                                    <small>\n                                \u00b7\n                                Benzin                            <\/small>\n                                                                                                                            <small>\n                                \u00b7\n                                4\/5 T\u00fcren\n                            <\/small>\n                                                <ul class=\"vehicle-emission\">\n                                                 <span>Verbrauch komb.: \n                                    5.2                                 l\/100km<\/span><br>\n                                                                                \n                                       \n  <!-- CO2-Emissionen\t-->\n                                            <span>CO\u2082-Emissionen komb.: 118.0                                 g\/km<\/span><br>\n                                        <!-- CO2-Emissionen\t-->\n                   \n \n                         <span>CO\u2082-Klasse: \n                                    D                                <\/span><br>\n                    \n\n\n                <\/ul>\n\n                    <\/div>\n\n                    <div class=\"vehicle-price\">\n                                                    <div itemprop=\"priceSpecification\" itemscope itemtype=\"http:\/\/schema.org\/UnitPriceSpecification\">\n                                <meta itemprop=\"priceCurrency\" content=\"EUR\">\n                                <meta itemprop=\"price\" content=\"27.900\">\n                                <strong>\n                                    27.900 \u20ac (Brutto)\n                                <\/strong><br><small>\n                                    Inkl. 19% MwSt.                                <\/small>\n                            <\/div>\n                                                <br>\n                        <a href=\"https:\/\/ford-sachsen.de\/html\/page\/fahrzeuge\/ford-focus-titanium-editio-led-acc-apple-carplay-andr\/\"\n                            class=\"vehicle-btn wp-block-button__link wp-element-button\">Details<\/a>\n                    <\/div>\n                <\/div> <!-- \/\/ vehicle-row -->\n               \n            <\/article>\n                        <article id=\"post-4746806\" class=\"vehicle\">\n                <hgroup>\n                    <a href=\"https:\/\/ford-sachsen.de\/html\/page\/fahrzeuge\/ford-kuga-titanium-x-ahk-klappbar-navi-soundsystem-b\/\">\n                        <h2 class=\"vehicle-title\">\n                            Ford Kuga Titanium X AHK-klappbar Navi Soundsystem B                        <\/h2>\n\n                    <\/a>\n                <\/hgroup>\n                <span class=\"vehicle-addition\">\n                    <p>\n                        SUV\/Gel\u00e4ndewagen\/Pickup ,\n                        Gebrauchtfahrzeug                    <\/p>\n                <\/span>\n                <div class=\"vehicle-row\">\n                    <div class=\"vehicle-thumbnail\">\n                        <a href=\"https:\/\/ford-sachsen.de\/html\/page\/fahrzeuge\/ford-kuga-titanium-x-ahk-klappbar-navi-soundsystem-b\/\" title=\"Ford Kuga Titanium X AHK-klappbar Navi Soundsystem B\">\n                            <img loading=\"lazy\" decoding=\"async\" width=\"300\" height=\"225\" src=\"https:\/\/ford-sachsen.de\/html\/page\/wp-content\/uploads\/2026\/05\/4746806-69f572b18b209052c2a72-e5d8-463a-80f5-b519d6c6ac4d-rule-mo-1600-300x225.jpg\" class=\"attachment-medium size-medium wp-post-image\" alt=\"\" srcset=\"https:\/\/ford-sachsen.de\/html\/page\/wp-content\/uploads\/2026\/05\/4746806-69f572b18b209052c2a72-e5d8-463a-80f5-b519d6c6ac4d-rule-mo-1600-300x225.jpg 300w, https:\/\/ford-sachsen.de\/html\/page\/wp-content\/uploads\/2026\/05\/4746806-69f572b18b209052c2a72-e5d8-463a-80f5-b519d6c6ac4d-rule-mo-1600-1024x768.jpg 1024w, https:\/\/ford-sachsen.de\/html\/page\/wp-content\/uploads\/2026\/05\/4746806-69f572b18b209052c2a72-e5d8-463a-80f5-b519d6c6ac4d-rule-mo-1600-768x576.jpg 768w, https:\/\/ford-sachsen.de\/html\/page\/wp-content\/uploads\/2026\/05\/4746806-69f572b18b209052c2a72-e5d8-463a-80f5-b519d6c6ac4d-rule-mo-1600.jpg 1440w\" sizes=\"(max-width: 300px) 100vw, 300px\" \/>                        <\/a>\n                    <\/div>\n                    <div class=\"vehicle-data\">\n                                                    <small>\n                                                                10.2021                                \u00b7\n                            <\/small>\n                                                                            <small>\n                                43.832 km\n                            <\/small>\n                                                                            <small>\n                                \u00b7\n                                165 kW\n                                                                (\n                                224 PS)\n                            <\/small>\n                                                                            <small>\n                                \u00b7\n                                Automatik                            <\/small>\n                                                                            <small>\n                                \u00b7\n                                Unfallfrei                            <\/small>\n                        \n                                                    <small>\n                                \u00b7\n                                Plug-in-Hybrid                            <\/small>\n                                                                                                                            <small>\n                                \u00b7\n                                4\/5 T\u00fcren\n                            <\/small>\n                                                <ul class=\"vehicle-emission\">\n                                                                                     \n                                       \n  <!-- CO2-Emissionen\t-->\n                                        <!-- CO2-Emissionen\t-->\n                   \n \n \n\n\n                <\/ul>\n\n                    <\/div>\n\n                    <div class=\"vehicle-price\">\n                                                    <div itemprop=\"priceSpecification\" itemscope itemtype=\"http:\/\/schema.org\/UnitPriceSpecification\">\n                                <meta itemprop=\"priceCurrency\" content=\"EUR\">\n                                <meta itemprop=\"price\" content=\"22.999\">\n                                <strong>\n                                    22.999 \u20ac (Brutto)\n                                <\/strong><br><small>\n                                    Inkl. 19% MwSt.                                <\/small>\n                            <\/div>\n                                                <br>\n                        <a href=\"https:\/\/ford-sachsen.de\/html\/page\/fahrzeuge\/ford-kuga-titanium-x-ahk-klappbar-navi-soundsystem-b\/\"\n                            class=\"vehicle-btn wp-block-button__link wp-element-button\">Details<\/a>\n                    <\/div>\n                <\/div> <!-- \/\/ vehicle-row -->\n               \n            <\/article>\n                        <article id=\"post-4746804\" class=\"vehicle\">\n                <hgroup>\n                    <a href=\"https:\/\/ford-sachsen.de\/html\/page\/fahrzeuge\/ford-kuga-st-line-hybrid-inkl-winter-paket-navi-led\/\">\n                        <h2 class=\"vehicle-title\">\n                            Ford Kuga ST-Line Hybrid inkl. Winter-Paket Navi LED                        <\/h2>\n\n                    <\/a>\n                <\/hgroup>\n                <span class=\"vehicle-addition\">\n                    <p>\n                        SUV\/Gel\u00e4ndewagen\/Pickup ,\n                        Gebrauchtfahrzeug                    <\/p>\n                <\/span>\n                <div class=\"vehicle-row\">\n                    <div class=\"vehicle-thumbnail\">\n                        <a href=\"https:\/\/ford-sachsen.de\/html\/page\/fahrzeuge\/ford-kuga-st-line-hybrid-inkl-winter-paket-navi-led\/\" title=\"Ford Kuga ST-Line Hybrid inkl. Winter-Paket Navi LED\">\n                            <img loading=\"lazy\" decoding=\"async\" width=\"300\" height=\"225\" src=\"https:\/\/ford-sachsen.de\/html\/page\/wp-content\/uploads\/2026\/05\/4746804-69f572aed18e08b976164-7ad3-45ea-9d37-6a5c08eb6271-rule-mo-1600-300x225.jpg\" class=\"attachment-medium size-medium wp-post-image\" alt=\"\" srcset=\"https:\/\/ford-sachsen.de\/html\/page\/wp-content\/uploads\/2026\/05\/4746804-69f572aed18e08b976164-7ad3-45ea-9d37-6a5c08eb6271-rule-mo-1600-300x225.jpg 300w, https:\/\/ford-sachsen.de\/html\/page\/wp-content\/uploads\/2026\/05\/4746804-69f572aed18e08b976164-7ad3-45ea-9d37-6a5c08eb6271-rule-mo-1600-1024x768.jpg 1024w, https:\/\/ford-sachsen.de\/html\/page\/wp-content\/uploads\/2026\/05\/4746804-69f572aed18e08b976164-7ad3-45ea-9d37-6a5c08eb6271-rule-mo-1600-768x576.jpg 768w, https:\/\/ford-sachsen.de\/html\/page\/wp-content\/uploads\/2026\/05\/4746804-69f572aed18e08b976164-7ad3-45ea-9d37-6a5c08eb6271-rule-mo-1600-1536x1152.jpg 1536w, https:\/\/ford-sachsen.de\/html\/page\/wp-content\/uploads\/2026\/05\/4746804-69f572aed18e08b976164-7ad3-45ea-9d37-6a5c08eb6271-rule-mo-1600.jpg 1600w\" sizes=\"(max-width: 300px) 100vw, 300px\" \/>                        <\/a>\n                    <\/div>\n                    <div class=\"vehicle-data\">\n                                                    <small>\n                                                                01.2026                                \u00b7\n                            <\/small>\n                                                                            <small>\n                                1.500 km\n                            <\/small>\n                                                                            <small>\n                                \u00b7\n                                140 kW\n                                                                (\n                                190 PS)\n                            <\/small>\n                                                                            <small>\n                                \u00b7\n                                Automatik                            <\/small>\n                                                                            <small>\n                                \u00b7\n                                Unfallfrei                            <\/small>\n                        \n                                                    <small>\n                                \u00b7\n                                Hybrid (Benzin\/Elektro)                            <\/small>\n                                                                                                                            <small>\n                                \u00b7\n                                4\/5 T\u00fcren\n                            <\/small>\n                                                <ul class=\"vehicle-emission\">\n                                                 <span>Verbrauch komb.: \n                                    6.3                                 l\/100km<\/span><br>\n                                                                                \n                                       \n  <!-- CO2-Emissionen\t-->\n                                            <span>CO\u2082-Emissionen komb.: 145.0                                 g\/km<\/span><br>\n                                        <!-- CO2-Emissionen\t-->\n                   \n \n                         <span>CO\u2082-Klasse: \n                                    E                                <\/span><br>\n                    \n\n\n                <\/ul>\n\n                    <\/div>\n\n                    <div class=\"vehicle-price\">\n                                                    <div itemprop=\"priceSpecification\" itemscope itemtype=\"http:\/\/schema.org\/UnitPriceSpecification\">\n                                <meta itemprop=\"priceCurrency\" content=\"EUR\">\n                                <meta itemprop=\"price\" content=\"38.699\">\n                                <strong>\n                                    38.699 \u20ac (Brutto)\n                                <\/strong><br><small>\n                                    Inkl. 19% MwSt.                                <\/small>\n                            <\/div>\n                                                <br>\n                        <a href=\"https:\/\/ford-sachsen.de\/html\/page\/fahrzeuge\/ford-kuga-st-line-hybrid-inkl-winter-paket-navi-led\/\"\n                            class=\"vehicle-btn wp-block-button__link wp-element-button\">Details<\/a>\n                    <\/div>\n                <\/div> <!-- \/\/ vehicle-row -->\n               \n            <\/article>\n                        <article id=\"post-4746802\" class=\"vehicle\">\n                <hgroup>\n                    <a href=\"https:\/\/ford-sachsen.de\/html\/page\/fahrzeuge\/ford-focus-turnier-titanium-navi-led-apple-carplay-an\/\">\n                        <h2 class=\"vehicle-title\">\n                            Ford Focus Turnier Titanium Navi LED Apple CarPlay An                        <\/h2>\n\n                    <\/a>\n                <\/hgroup>\n                <span class=\"vehicle-addition\">\n                    <p>\n                        Kombi ,\n                        Gebrauchtfahrzeug                    <\/p>\n                <\/span>\n                <div class=\"vehicle-row\">\n                    <div class=\"vehicle-thumbnail\">\n                        <a href=\"https:\/\/ford-sachsen.de\/html\/page\/fahrzeuge\/ford-focus-turnier-titanium-navi-led-apple-carplay-an\/\" title=\"Ford Focus Turnier Titanium Navi LED Apple CarPlay An\">\n                            <img loading=\"lazy\" decoding=\"async\" width=\"300\" height=\"225\" src=\"https:\/\/ford-sachsen.de\/html\/page\/wp-content\/uploads\/2026\/05\/4746802-69f572acb67b3c2406207-7900-4ca5-8f49-382f5e45b13f-rule-mo-1600-300x225.jpg\" class=\"attachment-medium size-medium wp-post-image\" alt=\"\" srcset=\"https:\/\/ford-sachsen.de\/html\/page\/wp-content\/uploads\/2026\/05\/4746802-69f572acb67b3c2406207-7900-4ca5-8f49-382f5e45b13f-rule-mo-1600-300x225.jpg 300w, https:\/\/ford-sachsen.de\/html\/page\/wp-content\/uploads\/2026\/05\/4746802-69f572acb67b3c2406207-7900-4ca5-8f49-382f5e45b13f-rule-mo-1600-1024x768.jpg 1024w, https:\/\/ford-sachsen.de\/html\/page\/wp-content\/uploads\/2026\/05\/4746802-69f572acb67b3c2406207-7900-4ca5-8f49-382f5e45b13f-rule-mo-1600-768x576.jpg 768w, https:\/\/ford-sachsen.de\/html\/page\/wp-content\/uploads\/2026\/05\/4746802-69f572acb67b3c2406207-7900-4ca5-8f49-382f5e45b13f-rule-mo-1600.jpg 1440w\" sizes=\"(max-width: 300px) 100vw, 300px\" \/>                        <\/a>\n                    <\/div>\n                    <div class=\"vehicle-data\">\n                                                    <small>\n                                                                01.2022                                \u00b7\n                            <\/small>\n                                                                            <small>\n                                46.308 km\n                            <\/small>\n                                                                            <small>\n                                \u00b7\n                                92 kW\n                                                                (\n                                125 PS)\n                            <\/small>\n                                                                            <small>\n                                \u00b7\n                                Schaltgetriebe                            <\/small>\n                                                                            <small>\n                                \u00b7\n                                Unfallfrei                            <\/small>\n                        \n                                                    <small>\n                                \u00b7\n                                Benzin                            <\/small>\n                                                                                                                            <small>\n                                \u00b7\n                                4\/5 T\u00fcren\n                            <\/small>\n                                                <ul class=\"vehicle-emission\">\n                                                 <span>Verbrauch komb.: \n                                    6.1                                 l\/100km<\/span><br>\n                                                                                \n                                       \n  <!-- CO2-Emissionen\t-->\n                                            <span>CO\u2082-Emissionen komb.: 138.0                                 g\/km<\/span><br>\n                                        <!-- CO2-Emissionen\t-->\n                   \n \n                         <span>CO\u2082-Klasse: \n                                    E                                <\/span><br>\n                    \n\n\n                <\/ul>\n\n                    <\/div>\n\n                    <div class=\"vehicle-price\">\n                                                    <div itemprop=\"priceSpecification\" itemscope itemtype=\"http:\/\/schema.org\/UnitPriceSpecification\">\n                                <meta itemprop=\"priceCurrency\" content=\"EUR\">\n                                <meta itemprop=\"price\" content=\"15.895\">\n                                <strong>\n                                    15.895 \u20ac (Brutto)\n                                <\/strong><br><small>\n                                    MwSt. nicht ausweisbar                                <\/small>\n                            <\/div>\n                                                <br>\n                        <a href=\"https:\/\/ford-sachsen.de\/html\/page\/fahrzeuge\/ford-focus-turnier-titanium-navi-led-apple-carplay-an\/\"\n                            class=\"vehicle-btn wp-block-button__link wp-element-button\">Details<\/a>\n                    <\/div>\n                <\/div> <!-- \/\/ vehicle-row -->\n               \n            <\/article>\n                        <article id=\"post-4746800\" class=\"vehicle\">\n                <hgroup>\n                    <a href=\"https:\/\/ford-sachsen.de\/html\/page\/fahrzeuge\/ford-active-x-turnier-automatik-acc-kamera-led-navi\/\">\n                        <h2 class=\"vehicle-title\">\n                            Ford Active X Turnier Automatik ACC Kamera LED Navi                        <\/h2>\n\n                    <\/a>\n                <\/hgroup>\n                <span class=\"vehicle-addition\">\n                    <p>\n                        Kombi ,\n                        Gebrauchtfahrzeug                    <\/p>\n                <\/span>\n                <div class=\"vehicle-row\">\n                    <div class=\"vehicle-thumbnail\">\n                        <a href=\"https:\/\/ford-sachsen.de\/html\/page\/fahrzeuge\/ford-active-x-turnier-automatik-acc-kamera-led-navi\/\" title=\"Ford Active X Turnier Automatik ACC Kamera LED Navi\">\n                            <img loading=\"lazy\" decoding=\"async\" width=\"300\" height=\"225\" src=\"https:\/\/ford-sachsen.de\/html\/page\/wp-content\/uploads\/2026\/05\/4746800-69f572abb65835128f8da-f199-48b8-818f-e7e0af9f6965-rule-mo-1600-300x225.jpg\" class=\"attachment-medium size-medium wp-post-image\" alt=\"\" srcset=\"https:\/\/ford-sachsen.de\/html\/page\/wp-content\/uploads\/2026\/05\/4746800-69f572abb65835128f8da-f199-48b8-818f-e7e0af9f6965-rule-mo-1600-300x225.jpg 300w, https:\/\/ford-sachsen.de\/html\/page\/wp-content\/uploads\/2026\/05\/4746800-69f572abb65835128f8da-f199-48b8-818f-e7e0af9f6965-rule-mo-1600.jpg 320w\" sizes=\"(max-width: 300px) 100vw, 300px\" \/>                        <\/a>\n                    <\/div>\n                    <div class=\"vehicle-data\">\n                                                    <small>\n                                                                01.2026                                \u00b7\n                            <\/small>\n                                                                            <small>\n                                10 km\n                            <\/small>\n                                                                            <small>\n                                \u00b7\n                                114 kW\n                                                                (\n                                155 PS)\n                            <\/small>\n                                                                            <small>\n                                \u00b7\n                                Automatik                            <\/small>\n                                                                            <small>\n                                \u00b7\n                                Unfallfrei                            <\/small>\n                        \n                                                    <small>\n                                \u00b7\n                                Benzin                            <\/small>\n                                                                                                                            <small>\n                                \u00b7\n                                4\/5 T\u00fcren\n                            <\/small>\n                                                <ul class=\"vehicle-emission\">\n                                                 <span>Verbrauch komb.: \n                                    6.3                                 l\/100km<\/span><br>\n                                                                                \n                                       \n  <!-- CO2-Emissionen\t-->\n                                            <span>CO\u2082-Emissionen komb.: 143.0                                 g\/km<\/span><br>\n                                        <!-- CO2-Emissionen\t-->\n                   \n \n                         <span>CO\u2082-Klasse: \n                                    E                                <\/span><br>\n                    \n\n\n                <\/ul>\n\n                    <\/div>\n\n                    <div class=\"vehicle-price\">\n                                                    <div itemprop=\"priceSpecification\" itemscope itemtype=\"http:\/\/schema.org\/UnitPriceSpecification\">\n                                <meta itemprop=\"priceCurrency\" content=\"EUR\">\n                                <meta itemprop=\"price\" content=\"32.990\">\n                                <strong>\n                                    32.990 \u20ac (Brutto)\n                                <\/strong><br><small>\n                                    Inkl. 19% MwSt.                                <\/small>\n                            <\/div>\n                                                <br>\n                        <a href=\"https:\/\/ford-sachsen.de\/html\/page\/fahrzeuge\/ford-active-x-turnier-automatik-acc-kamera-led-navi\/\"\n                            class=\"vehicle-btn wp-block-button__link wp-element-button\">Details<\/a>\n                    <\/div>\n                <\/div> <!-- \/\/ vehicle-row -->\n               \n            <\/article>\n                        <article id=\"post-4746798\" class=\"vehicle\">\n                <hgroup>\n                    <a href=\"https:\/\/ford-sachsen.de\/html\/page\/fahrzeuge\/ford-puma-titanium\/\">\n                        <h2 class=\"vehicle-title\">\n                            Ford Puma Titanium                        <\/h2>\n\n                    <\/a>\n                <\/hgroup>\n                <span class=\"vehicle-addition\">\n                    <p>\n                        SUV\/Gel\u00e4ndewagen\/Pickup ,\n                        Gebrauchtfahrzeug                    <\/p>\n                <\/span>\n                <div class=\"vehicle-row\">\n                    <div class=\"vehicle-thumbnail\">\n                        <a href=\"https:\/\/ford-sachsen.de\/html\/page\/fahrzeuge\/ford-puma-titanium\/\" title=\"Ford Puma Titanium\">\n                            <img loading=\"lazy\" decoding=\"async\" width=\"300\" height=\"225\" src=\"https:\/\/ford-sachsen.de\/html\/page\/wp-content\/uploads\/2026\/05\/4746798-69f572a9ae45e67dd25e8-f9da-4eec-bb0a-187ee9b7e5c8-rule-mo-1600-300x225.jpg\" class=\"attachment-medium size-medium wp-post-image\" alt=\"\" srcset=\"https:\/\/ford-sachsen.de\/html\/page\/wp-content\/uploads\/2026\/05\/4746798-69f572a9ae45e67dd25e8-f9da-4eec-bb0a-187ee9b7e5c8-rule-mo-1600-300x225.jpg 300w, https:\/\/ford-sachsen.de\/html\/page\/wp-content\/uploads\/2026\/05\/4746798-69f572a9ae45e67dd25e8-f9da-4eec-bb0a-187ee9b7e5c8-rule-mo-1600-1024x768.jpg 1024w, https:\/\/ford-sachsen.de\/html\/page\/wp-content\/uploads\/2026\/05\/4746798-69f572a9ae45e67dd25e8-f9da-4eec-bb0a-187ee9b7e5c8-rule-mo-1600-768x576.jpg 768w, https:\/\/ford-sachsen.de\/html\/page\/wp-content\/uploads\/2026\/05\/4746798-69f572a9ae45e67dd25e8-f9da-4eec-bb0a-187ee9b7e5c8-rule-mo-1600.jpg 1440w\" sizes=\"(max-width: 300px) 100vw, 300px\" \/>                        <\/a>\n                    <\/div>\n                    <div class=\"vehicle-data\">\n                                                    <small>\n                                                                07.2021                                \u00b7\n                            <\/small>\n                                                                            <small>\n                                8.690 km\n                            <\/small>\n                                                                            <small>\n                                \u00b7\n                                92 kW\n                                                                (\n                                125 PS)\n                            <\/small>\n                                                                            <small>\n                                \u00b7\n                                Automatik                            <\/small>\n                                                                            <small>\n                                \u00b7\n                                Unfallfrei                            <\/small>\n                        \n                                                    <small>\n                                \u00b7\n                                Benzin                            <\/small>\n                                                                                                                            <small>\n                                \u00b7\n                                4\/5 T\u00fcren\n                            <\/small>\n                                                <ul class=\"vehicle-emission\">\n                                                 <span>Verbrauch komb.: \n                                    6.1                                 l\/100km<\/span><br>\n                                                                                \n                                       \n  <!-- CO2-Emissionen\t-->\n                                            <span>CO\u2082-Emissionen komb.: 138.0                                 g\/km<\/span><br>\n                                        <!-- CO2-Emissionen\t-->\n                   \n \n                         <span>CO\u2082-Klasse: \n                                    E                                <\/span><br>\n                    \n\n\n                <\/ul>\n\n                    <\/div>\n\n                    <div class=\"vehicle-price\">\n                                                    <div itemprop=\"priceSpecification\" itemscope itemtype=\"http:\/\/schema.org\/UnitPriceSpecification\">\n                                <meta itemprop=\"priceCurrency\" content=\"EUR\">\n                                <meta itemprop=\"price\" content=\"17.490\">\n                                <strong>\n                                    17.490 \u20ac (Brutto)\n                                <\/strong><br><small>\n                                    MwSt. nicht ausweisbar                                <\/small>\n                            <\/div>\n                                                <br>\n                        <a href=\"https:\/\/ford-sachsen.de\/html\/page\/fahrzeuge\/ford-puma-titanium\/\"\n                            class=\"vehicle-btn wp-block-button__link wp-element-button\">Details<\/a>\n                    <\/div>\n                <\/div> <!-- \/\/ vehicle-row -->\n               \n            <\/article>\n                        <article id=\"post-4746796\" class=\"vehicle\">\n                <hgroup>\n                    <a href=\"https:\/\/ford-sachsen.de\/html\/page\/fahrzeuge\/ford-puma-st-line-x-ahk-abnehmbar-navi-digitales-cock\/\">\n                        <h2 class=\"vehicle-title\">\n                            Ford Puma ST-Line X AHK-abnehmbar Navi Digitales Cock                        <\/h2>\n\n                    <\/a>\n                <\/hgroup>\n                <span class=\"vehicle-addition\">\n                    <p>\n                        SUV\/Gel\u00e4ndewagen\/Pickup ,\n                        Gebrauchtfahrzeug                    <\/p>\n                <\/span>\n                <div class=\"vehicle-row\">\n                    <div class=\"vehicle-thumbnail\">\n                        <a href=\"https:\/\/ford-sachsen.de\/html\/page\/fahrzeuge\/ford-puma-st-line-x-ahk-abnehmbar-navi-digitales-cock\/\" title=\"Ford Puma ST-Line X AHK-abnehmbar Navi Digitales Cock\">\n                            <img loading=\"lazy\" decoding=\"async\" width=\"300\" height=\"225\" src=\"https:\/\/ford-sachsen.de\/html\/page\/wp-content\/uploads\/2026\/05\/4746796-69f572a7a7fe946f71cb0-ff9c-45a9-a21e-b7b99ab09014-rule-mo-1600-300x225.jpg\" class=\"attachment-medium size-medium wp-post-image\" alt=\"\" srcset=\"https:\/\/ford-sachsen.de\/html\/page\/wp-content\/uploads\/2026\/05\/4746796-69f572a7a7fe946f71cb0-ff9c-45a9-a21e-b7b99ab09014-rule-mo-1600-300x225.jpg 300w, https:\/\/ford-sachsen.de\/html\/page\/wp-content\/uploads\/2026\/05\/4746796-69f572a7a7fe946f71cb0-ff9c-45a9-a21e-b7b99ab09014-rule-mo-1600-1024x768.jpg 1024w, https:\/\/ford-sachsen.de\/html\/page\/wp-content\/uploads\/2026\/05\/4746796-69f572a7a7fe946f71cb0-ff9c-45a9-a21e-b7b99ab09014-rule-mo-1600-768x576.jpg 768w, https:\/\/ford-sachsen.de\/html\/page\/wp-content\/uploads\/2026\/05\/4746796-69f572a7a7fe946f71cb0-ff9c-45a9-a21e-b7b99ab09014-rule-mo-1600.jpg 1440w\" sizes=\"(max-width: 300px) 100vw, 300px\" \/>                        <\/a>\n                    <\/div>\n                    <div class=\"vehicle-data\">\n                                                    <small>\n                                                                05.2021                                \u00b7\n                            <\/small>\n                                                                            <small>\n                                46.150 km\n                            <\/small>\n                                                                            <small>\n                                \u00b7\n                                114 kW\n                                                                (\n                                155 PS)\n                            <\/small>\n                                                                            <small>\n                                \u00b7\n                                Schaltgetriebe                            <\/small>\n                                                                            <small>\n                                \u00b7\n                                Unfallfrei                            <\/small>\n                        \n                                                    <small>\n                                \u00b7\n                                Benzin                            <\/small>\n                                                                                                                            <small>\n                                \u00b7\n                                4\/5 T\u00fcren\n                            <\/small>\n                                                <ul class=\"vehicle-emission\">\n                                                                                     \n                                       \n  <!-- CO2-Emissionen\t-->\n                                        <!-- CO2-Emissionen\t-->\n                   \n \n \n\n\n                <\/ul>\n\n                    <\/div>\n\n                    <div class=\"vehicle-price\">\n                                                    <div itemprop=\"priceSpecification\" itemscope itemtype=\"http:\/\/schema.org\/UnitPriceSpecification\">\n                                <meta itemprop=\"priceCurrency\" content=\"EUR\">\n                                <meta itemprop=\"price\" content=\"16.790\">\n                                <strong>\n                                    16.790 \u20ac (Brutto)\n                                <\/strong><br><small>\n                                    Inkl. 19% MwSt.                                <\/small>\n                            <\/div>\n                                                <br>\n                        <a href=\"https:\/\/ford-sachsen.de\/html\/page\/fahrzeuge\/ford-puma-st-line-x-ahk-abnehmbar-navi-digitales-cock\/\"\n                            class=\"vehicle-btn wp-block-button__link wp-element-button\">Details<\/a>\n                    <\/div>\n                <\/div> <!-- \/\/ vehicle-row -->\n               \n            <\/article>\n                        <article id=\"post-4746794\" class=\"vehicle\">\n                <hgroup>\n                    <a href=\"https:\/\/ford-sachsen.de\/html\/page\/fahrzeuge\/ford-ranger-plug-in-hybrid-e-4wd-doppelkabine-xlt-ahk\/\">\n                        <h2 class=\"vehicle-title\">\n                            Ford Ranger Plug-in-Hybrid e-4WD Doppelkabine XLT AHK                        <\/h2>\n\n                    <\/a>\n                <\/hgroup>\n                <span class=\"vehicle-addition\">\n                    <p>\n                        SUV\/Gel\u00e4ndewagen\/Pickup ,\n                        Gebrauchtfahrzeug                    <\/p>\n                <\/span>\n                <div class=\"vehicle-row\">\n                    <div class=\"vehicle-thumbnail\">\n                        <a href=\"https:\/\/ford-sachsen.de\/html\/page\/fahrzeuge\/ford-ranger-plug-in-hybrid-e-4wd-doppelkabine-xlt-ahk\/\" title=\"Ford Ranger Plug-in-Hybrid e-4WD Doppelkabine XLT AHK\">\n                            <img loading=\"lazy\" decoding=\"async\" width=\"300\" height=\"225\" src=\"https:\/\/ford-sachsen.de\/html\/page\/wp-content\/uploads\/2026\/05\/4746794-69f572a5735d0352abda9-ffa0-4274-b40c-b47f9ecbf96e-rule-mo-1600-300x225.jpg\" class=\"attachment-medium size-medium wp-post-image\" alt=\"\" srcset=\"https:\/\/ford-sachsen.de\/html\/page\/wp-content\/uploads\/2026\/05\/4746794-69f572a5735d0352abda9-ffa0-4274-b40c-b47f9ecbf96e-rule-mo-1600-300x225.jpg 300w, https:\/\/ford-sachsen.de\/html\/page\/wp-content\/uploads\/2026\/05\/4746794-69f572a5735d0352abda9-ffa0-4274-b40c-b47f9ecbf96e-rule-mo-1600-1024x768.jpg 1024w, https:\/\/ford-sachsen.de\/html\/page\/wp-content\/uploads\/2026\/05\/4746794-69f572a5735d0352abda9-ffa0-4274-b40c-b47f9ecbf96e-rule-mo-1600-768x576.jpg 768w, https:\/\/ford-sachsen.de\/html\/page\/wp-content\/uploads\/2026\/05\/4746794-69f572a5735d0352abda9-ffa0-4274-b40c-b47f9ecbf96e-rule-mo-1600.jpg 1440w\" sizes=\"(max-width: 300px) 100vw, 300px\" \/>                        <\/a>\n                    <\/div>\n                    <div class=\"vehicle-data\">\n                                                    <small>\n                                                                12.2025                                \u00b7\n                            <\/small>\n                                                                            <small>\n                                125 km\n                            <\/small>\n                                                                            <small>\n                                \u00b7\n                                205 kW\n                                                                (\n                                279 PS)\n                            <\/small>\n                                                                            <small>\n                                \u00b7\n                                Automatik                            <\/small>\n                                                                            <small>\n                                \u00b7\n                                Unfallfrei                            <\/small>\n                        \n                                                    <small>\n                                \u00b7\n                                Plug-in-Hybrid                            <\/small>\n                                                                                                                            <small>\n                                \u00b7\n                                4\/5 T\u00fcren\n                            <\/small>\n                                                <ul class=\"vehicle-emission\">\n                                                <span>Kraftstoffverbrauch gewichtet, kombiniert: \n                                    6.2                                 l\/100km<\/span><br>\n                                             <span>Verbrauch komb.: \n                                    10.1                                 l\/100km<\/span><br>\n                                                                <span>Stromverbrauch gewichtet, kombiniert: \n                                    12.8                                 kWh\/100km<\/span><br>\n                                                            \n                                       \n  <!-- CO2-Emissionen\t-->\n                                            <span>CO\u2082-Emissionen komb.: 142.0                                 g\/km<\/span><br>\n                                        <!-- CO2-Emissionen\t-->\n                   \n \n                         <span>CO\u2082-Klasse: \n                                    E                                <\/span><br>\n                    \n\n\n                <\/ul>\n\n                    <\/div>\n\n                    <div class=\"vehicle-price\">\n                                                    <div itemprop=\"priceSpecification\" itemscope itemtype=\"http:\/\/schema.org\/UnitPriceSpecification\">\n                                <meta itemprop=\"priceCurrency\" content=\"EUR\">\n                                <meta itemprop=\"price\" content=\"51.999\">\n                                <strong>\n                                    51.999 \u20ac (Brutto)\n                                <\/strong><br><small>\n                                    Inkl. 19% MwSt.                                <\/small>\n                            <\/div>\n                                                <br>\n                        <a href=\"https:\/\/ford-sachsen.de\/html\/page\/fahrzeuge\/ford-ranger-plug-in-hybrid-e-4wd-doppelkabine-xlt-ahk\/\"\n                            class=\"vehicle-btn wp-block-button__link wp-element-button\">Details<\/a>\n                    <\/div>\n                <\/div> <!-- \/\/ vehicle-row -->\n               \n            <\/article>\n                        <article id=\"post-4746792\" class=\"vehicle\">\n                <hgroup>\n                    <a href=\"https:\/\/ford-sachsen.de\/html\/page\/fahrzeuge\/ford-focus-active-acc-led-navi-winter-paket\/\">\n                        <h2 class=\"vehicle-title\">\n                            Ford Focus Active | ACC | LED | Navi | Winter-Paket                        <\/h2>\n\n                    <\/a>\n                <\/hgroup>\n                <span class=\"vehicle-addition\">\n                    <p>\n                        Limousine ,\n                        Gebrauchtfahrzeug                    <\/p>\n                <\/span>\n                <div class=\"vehicle-row\">\n                    <div class=\"vehicle-thumbnail\">\n                        <a href=\"https:\/\/ford-sachsen.de\/html\/page\/fahrzeuge\/ford-focus-active-acc-led-navi-winter-paket\/\" title=\"Ford Focus Active | ACC | LED | Navi | Winter-Paket\">\n                            <img loading=\"lazy\" decoding=\"async\" width=\"300\" height=\"225\" src=\"https:\/\/ford-sachsen.de\/html\/page\/wp-content\/uploads\/2026\/05\/4746792-69f572a37454115b36bc4-e57b-428f-8db4-be5261420ae5-rule-mo-1600-300x225.jpg\" class=\"attachment-medium size-medium wp-post-image\" alt=\"\" srcset=\"https:\/\/ford-sachsen.de\/html\/page\/wp-content\/uploads\/2026\/05\/4746792-69f572a37454115b36bc4-e57b-428f-8db4-be5261420ae5-rule-mo-1600-300x225.jpg 300w, https:\/\/ford-sachsen.de\/html\/page\/wp-content\/uploads\/2026\/05\/4746792-69f572a37454115b36bc4-e57b-428f-8db4-be5261420ae5-rule-mo-1600-1024x768.jpg 1024w, https:\/\/ford-sachsen.de\/html\/page\/wp-content\/uploads\/2026\/05\/4746792-69f572a37454115b36bc4-e57b-428f-8db4-be5261420ae5-rule-mo-1600-768x576.jpg 768w, https:\/\/ford-sachsen.de\/html\/page\/wp-content\/uploads\/2026\/05\/4746792-69f572a37454115b36bc4-e57b-428f-8db4-be5261420ae5-rule-mo-1600.jpg 1440w\" sizes=\"(max-width: 300px) 100vw, 300px\" \/>                        <\/a>\n                    <\/div>\n                    <div class=\"vehicle-data\">\n                                                    <small>\n                                                                03.2020                                \u00b7\n                            <\/small>\n                                                                            <small>\n                                43.610 km\n                            <\/small>\n                                                                            <small>\n                                \u00b7\n                                92 kW\n                                                                (\n                                125 PS)\n                            <\/small>\n                                                                            <small>\n                                \u00b7\n                                Automatik                            <\/small>\n                                                                            <small>\n                                \u00b7\n                                Unfallfrei                            <\/small>\n                        \n                                                    <small>\n                                \u00b7\n                                Benzin                            <\/small>\n                                                                                                                            <small>\n                                \u00b7\n                                4\/5 T\u00fcren\n                            <\/small>\n                                                <ul class=\"vehicle-emission\">\n                                                 <span>Verbrauch komb.: \n                                    0.0                                 l\/100km<\/span><br>\n                                                                                \n                                       \n  <!-- CO2-Emissionen\t-->\n                                            <span>CO\u2082-Emissionen komb.: 4.0                                 g\/km<\/span><br>\n                                        <!-- CO2-Emissionen\t-->\n                   \n \n                         <span>CO\u2082-Klasse: \n                                    B                                <\/span><br>\n                    \n\n\n                <\/ul>\n\n                    <\/div>\n\n                    <div class=\"vehicle-price\">\n                                                    <div itemprop=\"priceSpecification\" itemscope itemtype=\"http:\/\/schema.org\/UnitPriceSpecification\">\n                                <meta itemprop=\"priceCurrency\" content=\"EUR\">\n                                <meta itemprop=\"price\" content=\"15.790\">\n                                <strong>\n                                    15.790 \u20ac (Brutto)\n                                <\/strong><br><small>\n                                    MwSt. nicht ausweisbar                                <\/small>\n                            <\/div>\n                                                <br>\n                        <a href=\"https:\/\/ford-sachsen.de\/html\/page\/fahrzeuge\/ford-focus-active-acc-led-navi-winter-paket\/\"\n                            class=\"vehicle-btn wp-block-button__link wp-element-button\">Details<\/a>\n                    <\/div>\n                <\/div> <!-- \/\/ vehicle-row -->\n               \n            <\/article>\n                        <article id=\"post-4746790\" class=\"vehicle\">\n                <hgroup>\n                    <a href=\"https:\/\/ford-sachsen.de\/html\/page\/fahrzeuge\/ford-transit-custom-kasten-320-l1-fwd-plug-in-hybrid\/\">\n                        <h2 class=\"vehicle-title\">\n                            Ford Transit Custom Kasten 320 L1 FWD Plug-in Hybrid                        <\/h2>\n\n                    <\/a>\n                <\/hgroup>\n                <span class=\"vehicle-addition\">\n                    <p>\n                        Kastenwagen ,\n                        Gebrauchtfahrzeug                    <\/p>\n                <\/span>\n                <div class=\"vehicle-row\">\n                    <div class=\"vehicle-thumbnail\">\n                        <a href=\"https:\/\/ford-sachsen.de\/html\/page\/fahrzeuge\/ford-transit-custom-kasten-320-l1-fwd-plug-in-hybrid\/\" title=\"Ford Transit Custom Kasten 320 L1 FWD Plug-in Hybrid\">\n                            <img loading=\"lazy\" decoding=\"async\" width=\"300\" height=\"225\" src=\"https:\/\/ford-sachsen.de\/html\/page\/wp-content\/uploads\/2026\/05\/4746790-69f572a1a4fcc67bfa7c6-be76-4e03-ab3c-647df77ef8fd-rule-mo-1600-300x225.jpg\" class=\"attachment-medium size-medium wp-post-image\" alt=\"\" srcset=\"https:\/\/ford-sachsen.de\/html\/page\/wp-content\/uploads\/2026\/05\/4746790-69f572a1a4fcc67bfa7c6-be76-4e03-ab3c-647df77ef8fd-rule-mo-1600-300x225.jpg 300w, https:\/\/ford-sachsen.de\/html\/page\/wp-content\/uploads\/2026\/05\/4746790-69f572a1a4fcc67bfa7c6-be76-4e03-ab3c-647df77ef8fd-rule-mo-1600-1024x768.jpg 1024w, https:\/\/ford-sachsen.de\/html\/page\/wp-content\/uploads\/2026\/05\/4746790-69f572a1a4fcc67bfa7c6-be76-4e03-ab3c-647df77ef8fd-rule-mo-1600-768x576.jpg 768w, https:\/\/ford-sachsen.de\/html\/page\/wp-content\/uploads\/2026\/05\/4746790-69f572a1a4fcc67bfa7c6-be76-4e03-ab3c-647df77ef8fd-rule-mo-1600.jpg 1440w\" sizes=\"(max-width: 300px) 100vw, 300px\" \/>                        <\/a>\n                    <\/div>\n                    <div class=\"vehicle-data\">\n                                                    <small>\n                                                                12.2025                                \u00b7\n                            <\/small>\n                                                                            <small>\n                                10 km\n                            <\/small>\n                                                                            <small>\n                                \u00b7\n                                171 kW\n                                                                (\n                                232 PS)\n                            <\/small>\n                                                                            <small>\n                                \u00b7\n                                Automatik                            <\/small>\n                                                                            <small>\n                                \u00b7\n                                Unfallfrei                            <\/small>\n                        \n                                                    <small>\n                                \u00b7\n                                Hybrid (Benzin\/Elektro)                            <\/small>\n                                                                                                                        <ul class=\"vehicle-emission\">\n                                                                                     \n                                       \n  <!-- CO2-Emissionen\t-->\n                                        <!-- CO2-Emissionen\t-->\n                   \n \n \n\n\n                <\/ul>\n\n                    <\/div>\n\n                    <div class=\"vehicle-price\">\n                                                    <div itemprop=\"priceSpecification\" itemscope itemtype=\"http:\/\/schema.org\/UnitPriceSpecification\">\n                                <meta itemprop=\"priceCurrency\" content=\"EUR\">\n                                <meta itemprop=\"price\" content=\"39.990\">\n                                <strong>\n                                    39.990 \u20ac (Brutto)\n                                <\/strong><br><small>\n                                    Inkl. 19% MwSt.                                <\/small>\n                            <\/div>\n                                                <br>\n                        <a href=\"https:\/\/ford-sachsen.de\/html\/page\/fahrzeuge\/ford-transit-custom-kasten-320-l1-fwd-plug-in-hybrid\/\"\n                            class=\"vehicle-btn wp-block-button__link wp-element-button\">Details<\/a>\n                    <\/div>\n                <\/div> <!-- \/\/ vehicle-row -->\n               \n            <\/article>\n                        <article id=\"post-4746788\" class=\"vehicle\">\n                <hgroup>\n                    <a href=\"https:\/\/ford-sachsen.de\/html\/page\/fahrzeuge\/ford-turnier-titanium-x-automatik-acc-kamera-led-navi\/\">\n                        <h2 class=\"vehicle-title\">\n                            Ford Turnier Titanium X Automatik ACC Kamera LED Navi                        <\/h2>\n\n                    <\/a>\n                <\/hgroup>\n                <span class=\"vehicle-addition\">\n                    <p>\n                        Kombi ,\n                        Gebrauchtfahrzeug                    <\/p>\n                <\/span>\n                <div class=\"vehicle-row\">\n                    <div class=\"vehicle-thumbnail\">\n                        <a href=\"https:\/\/ford-sachsen.de\/html\/page\/fahrzeuge\/ford-turnier-titanium-x-automatik-acc-kamera-led-navi\/\" title=\"Ford Turnier Titanium X Automatik ACC Kamera LED Navi\">\n                            <img loading=\"lazy\" decoding=\"async\" width=\"300\" height=\"225\" src=\"https:\/\/ford-sachsen.de\/html\/page\/wp-content\/uploads\/2026\/05\/4746788-69f572a08350e5128f8da-f199-48b8-818f-e7e0af9f6965-rule-mo-1600-300x225.jpg\" class=\"attachment-medium size-medium wp-post-image\" alt=\"\" srcset=\"https:\/\/ford-sachsen.de\/html\/page\/wp-content\/uploads\/2026\/05\/4746788-69f572a08350e5128f8da-f199-48b8-818f-e7e0af9f6965-rule-mo-1600-300x225.jpg 300w, https:\/\/ford-sachsen.de\/html\/page\/wp-content\/uploads\/2026\/05\/4746788-69f572a08350e5128f8da-f199-48b8-818f-e7e0af9f6965-rule-mo-1600.jpg 320w\" sizes=\"(max-width: 300px) 100vw, 300px\" \/>                        <\/a>\n                    <\/div>\n                    <div class=\"vehicle-data\">\n                                                    <small>\n                                                                01.2026                                \u00b7\n                            <\/small>\n                                                                            <small>\n                                123 km\n                            <\/small>\n                                                                            <small>\n                                \u00b7\n                                113 kW\n                                                                (\n                                154 PS)\n                            <\/small>\n                                                                            <small>\n                                \u00b7\n                                Automatik                            <\/small>\n                                                                            <small>\n                                \u00b7\n                                Unfallfrei                            <\/small>\n                        \n                                                    <small>\n                                \u00b7\n                                Benzin                            <\/small>\n                                                                                                                            <small>\n                                \u00b7\n                                4\/5 T\u00fcren\n                            <\/small>\n                                                <ul class=\"vehicle-emission\">\n                                                 <span>Verbrauch komb.: \n                                    5.4                                 l\/100km<\/span><br>\n                                                                                \n                                       \n  <!-- CO2-Emissionen\t-->\n                                            <span>CO\u2082-Emissionen komb.: 122.0                                 g\/km<\/span><br>\n                                        <!-- CO2-Emissionen\t-->\n                   \n \n                         <span>CO\u2082-Klasse: \n                                    D                                <\/span><br>\n                    \n\n\n                <\/ul>\n\n                    <\/div>\n\n                    <div class=\"vehicle-price\">\n                                                    <div itemprop=\"priceSpecification\" itemscope itemtype=\"http:\/\/schema.org\/UnitPriceSpecification\">\n                                <meta itemprop=\"priceCurrency\" content=\"EUR\">\n                                <meta itemprop=\"price\" content=\"31.990\">\n                                <strong>\n                                    31.990 \u20ac (Brutto)\n                                <\/strong><br><small>\n                                    Inkl. 19% MwSt.                                <\/small>\n                            <\/div>\n                                                <br>\n                        <a href=\"https:\/\/ford-sachsen.de\/html\/page\/fahrzeuge\/ford-turnier-titanium-x-automatik-acc-kamera-led-navi\/\"\n                            class=\"vehicle-btn wp-block-button__link wp-element-button\">Details<\/a>\n                    <\/div>\n                <\/div> <!-- \/\/ vehicle-row -->\n               \n            <\/article>\n                        <article id=\"post-4746786\" class=\"vehicle\">\n                <hgroup>\n                    <a href=\"https:\/\/ford-sachsen.de\/html\/page\/fahrzeuge\/ford-puma-titanium-ahk-abnehmbar-navi-led-acc-klimaau\/\">\n                        <h2 class=\"vehicle-title\">\n                            Ford Puma Titanium AHK-abnehmbar Navi LED ACC Klimaau                        <\/h2>\n\n                    <\/a>\n                <\/hgroup>\n                <span class=\"vehicle-addition\">\n                    <p>\n                        SUV\/Gel\u00e4ndewagen\/Pickup ,\n                        Gebrauchtfahrzeug                    <\/p>\n                <\/span>\n                <div class=\"vehicle-row\">\n                    <div class=\"vehicle-thumbnail\">\n                        <a href=\"https:\/\/ford-sachsen.de\/html\/page\/fahrzeuge\/ford-puma-titanium-ahk-abnehmbar-navi-led-acc-klimaau\/\" title=\"Ford Puma Titanium AHK-abnehmbar Navi LED ACC Klimaau\">\n                            <img loading=\"lazy\" decoding=\"async\" width=\"300\" height=\"225\" src=\"https:\/\/ford-sachsen.de\/html\/page\/wp-content\/uploads\/2026\/05\/4746786-69f5729e6bd5e640796f1-972d-43a1-9672-01d68f9e04ba-rule-mo-1600-300x225.jpg\" class=\"attachment-medium size-medium wp-post-image\" alt=\"\" srcset=\"https:\/\/ford-sachsen.de\/html\/page\/wp-content\/uploads\/2026\/05\/4746786-69f5729e6bd5e640796f1-972d-43a1-9672-01d68f9e04ba-rule-mo-1600-300x225.jpg 300w, https:\/\/ford-sachsen.de\/html\/page\/wp-content\/uploads\/2026\/05\/4746786-69f5729e6bd5e640796f1-972d-43a1-9672-01d68f9e04ba-rule-mo-1600-1024x768.jpg 1024w, https:\/\/ford-sachsen.de\/html\/page\/wp-content\/uploads\/2026\/05\/4746786-69f5729e6bd5e640796f1-972d-43a1-9672-01d68f9e04ba-rule-mo-1600-768x576.jpg 768w, https:\/\/ford-sachsen.de\/html\/page\/wp-content\/uploads\/2026\/05\/4746786-69f5729e6bd5e640796f1-972d-43a1-9672-01d68f9e04ba-rule-mo-1600.jpg 1440w\" sizes=\"(max-width: 300px) 100vw, 300px\" \/>                        <\/a>\n                    <\/div>\n                    <div class=\"vehicle-data\">\n                                                    <small>\n                                                                07.2021                                \u00b7\n                            <\/small>\n                                                                            <small>\n                                46.075 km\n                            <\/small>\n                                                                            <small>\n                                \u00b7\n                                92 kW\n                                                                (\n                                125 PS)\n                            <\/small>\n                                                                            <small>\n                                \u00b7\n                                Automatik                            <\/small>\n                                                                            <small>\n                                \u00b7\n                                Unfallfrei                            <\/small>\n                        \n                                                    <small>\n                                \u00b7\n                                Benzin                            <\/small>\n                                                                                                                            <small>\n                                \u00b7\n                                4\/5 T\u00fcren\n                            <\/small>\n                                                <ul class=\"vehicle-emission\">\n                                                 <span>Verbrauch komb.: \n                                    6.1                                 l\/100km<\/span><br>\n                                                                                \n                                       \n  <!-- CO2-Emissionen\t-->\n                                            <span>CO\u2082-Emissionen komb.: 138.0                                 g\/km<\/span><br>\n                                        <!-- CO2-Emissionen\t-->\n                   \n \n                         <span>CO\u2082-Klasse: \n                                    E                                <\/span><br>\n                    \n\n\n                <\/ul>\n\n                    <\/div>\n\n                    <div class=\"vehicle-price\">\n                                                    <div itemprop=\"priceSpecification\" itemscope itemtype=\"http:\/\/schema.org\/UnitPriceSpecification\">\n                                <meta itemprop=\"priceCurrency\" content=\"EUR\">\n                                <meta itemprop=\"price\" content=\"16.900\">\n                                <strong>\n                                    16.900 \u20ac (Brutto)\n                                <\/strong><br><small>\n                                    MwSt. nicht ausweisbar                                <\/small>\n                            <\/div>\n                                                <br>\n                        <a href=\"https:\/\/ford-sachsen.de\/html\/page\/fahrzeuge\/ford-puma-titanium-ahk-abnehmbar-navi-led-acc-klimaau\/\"\n                            class=\"vehicle-btn wp-block-button__link wp-element-button\">Details<\/a>\n                    <\/div>\n                <\/div> <!-- \/\/ vehicle-row -->\n               \n            <\/article>\n                        <article id=\"post-4746784\" class=\"vehicle\">\n                <hgroup>\n                    <a href=\"https:\/\/ford-sachsen.de\/html\/page\/fahrzeuge\/ford-focus-turnier-titanium-x-perfekt-fuer-jede-saison\/\">\n                        <h2 class=\"vehicle-title\">\n                            Ford Focus Turnier Titanium X Perfekt f\u00fcr jede Saison                        <\/h2>\n\n                    <\/a>\n                <\/hgroup>\n                <span class=\"vehicle-addition\">\n                    <p>\n                        Kombi ,\n                        Gebrauchtfahrzeug                    <\/p>\n                <\/span>\n                <div class=\"vehicle-row\">\n                    <div class=\"vehicle-thumbnail\">\n                        <a href=\"https:\/\/ford-sachsen.de\/html\/page\/fahrzeuge\/ford-focus-turnier-titanium-x-perfekt-fuer-jede-saison\/\" title=\"Ford Focus Turnier Titanium X Perfekt f\u00fcr jede Saison\">\n                            <img loading=\"lazy\" decoding=\"async\" width=\"300\" height=\"225\" src=\"https:\/\/ford-sachsen.de\/html\/page\/wp-content\/uploads\/2026\/05\/4746784-69f5729d3cceb558157f7-52ba-4945-b3a5-2146259245d3-rule-mo-1600-300x225.jpg\" class=\"attachment-medium size-medium wp-post-image\" alt=\"\" srcset=\"https:\/\/ford-sachsen.de\/html\/page\/wp-content\/uploads\/2026\/05\/4746784-69f5729d3cceb558157f7-52ba-4945-b3a5-2146259245d3-rule-mo-1600-300x225.jpg 300w, https:\/\/ford-sachsen.de\/html\/page\/wp-content\/uploads\/2026\/05\/4746784-69f5729d3cceb558157f7-52ba-4945-b3a5-2146259245d3-rule-mo-1600.jpg 320w\" sizes=\"(max-width: 300px) 100vw, 300px\" \/>                        <\/a>\n                    <\/div>\n                    <div class=\"vehicle-data\">\n                                                    <small>\n                                                                01.2026                                \u00b7\n                            <\/small>\n                                                                            <small>\n                                10 km\n                            <\/small>\n                                                                            <small>\n                                \u00b7\n                                92 kW\n                                                                (\n                                125 PS)\n                            <\/small>\n                                                                            <small>\n                                \u00b7\n                                Schaltgetriebe                            <\/small>\n                                                                            <small>\n                                \u00b7\n                                Unfallfrei                            <\/small>\n                        \n                                                    <small>\n                                \u00b7\n                                Benzin                            <\/small>\n                                                                                                                            <small>\n                                \u00b7\n                                4\/5 T\u00fcren\n                            <\/small>\n                                                <ul class=\"vehicle-emission\">\n                                                 <span>Verbrauch komb.: \n                                    5.3                                 l\/100km<\/span><br>\n                                                                                \n                                       \n  <!-- CO2-Emissionen\t-->\n                                            <span>CO\u2082-Emissionen komb.: 120.0                                 g\/km<\/span><br>\n                                        <!-- CO2-Emissionen\t-->\n                   \n \n                         <span>CO\u2082-Klasse: \n                                    D                                <\/span><br>\n                    \n\n\n                <\/ul>\n\n                    <\/div>\n\n                    <div class=\"vehicle-price\">\n                                                    <div itemprop=\"priceSpecification\" itemscope itemtype=\"http:\/\/schema.org\/UnitPriceSpecification\">\n                                <meta itemprop=\"priceCurrency\" content=\"EUR\">\n                                <meta itemprop=\"price\" content=\"28.490\">\n                                <strong>\n                                    28.490 \u20ac (Brutto)\n                                <\/strong><br><small>\n                                    Inkl. 19% MwSt.                                <\/small>\n                            <\/div>\n                                                <br>\n                        <a href=\"https:\/\/ford-sachsen.de\/html\/page\/fahrzeuge\/ford-focus-turnier-titanium-x-perfekt-fuer-jede-saison\/\"\n                            class=\"vehicle-btn wp-block-button__link wp-element-button\">Details<\/a>\n                    <\/div>\n                <\/div> <!-- \/\/ vehicle-row -->\n               \n            <\/article>\n                        <article id=\"post-4746782\" class=\"vehicle\">\n                <hgroup>\n                    <a href=\"https:\/\/ford-sachsen.de\/html\/page\/fahrzeuge\/ford-focus-titanium-winterpaket-rueckf-kamera-klimaau\/\">\n                        <h2 class=\"vehicle-title\">\n                            Ford Focus Titanium Winterpaket R\u00fcckf.-Kamera Klimaau                        <\/h2>\n\n                    <\/a>\n                <\/hgroup>\n                <span class=\"vehicle-addition\">\n                    <p>\n                        Limousine ,\n                        Gebrauchtfahrzeug                    <\/p>\n                <\/span>\n                <div class=\"vehicle-row\">\n                    <div class=\"vehicle-thumbnail\">\n                        <a href=\"https:\/\/ford-sachsen.de\/html\/page\/fahrzeuge\/ford-focus-titanium-winterpaket-rueckf-kamera-klimaau\/\" title=\"Ford Focus Titanium Winterpaket R\u00fcckf.-Kamera Klimaau\">\n                            <img loading=\"lazy\" decoding=\"async\" width=\"300\" height=\"225\" src=\"https:\/\/ford-sachsen.de\/html\/page\/wp-content\/uploads\/2026\/05\/4746782-69f5729b3e8ca368e2389-c3b0-47e4-a6e9-14d57e61f748-rule-mo-1600-300x225.jpg\" class=\"attachment-medium size-medium wp-post-image\" alt=\"\" srcset=\"https:\/\/ford-sachsen.de\/html\/page\/wp-content\/uploads\/2026\/05\/4746782-69f5729b3e8ca368e2389-c3b0-47e4-a6e9-14d57e61f748-rule-mo-1600-300x225.jpg 300w, https:\/\/ford-sachsen.de\/html\/page\/wp-content\/uploads\/2026\/05\/4746782-69f5729b3e8ca368e2389-c3b0-47e4-a6e9-14d57e61f748-rule-mo-1600-1024x768.jpg 1024w, https:\/\/ford-sachsen.de\/html\/page\/wp-content\/uploads\/2026\/05\/4746782-69f5729b3e8ca368e2389-c3b0-47e4-a6e9-14d57e61f748-rule-mo-1600-768x576.jpg 768w, https:\/\/ford-sachsen.de\/html\/page\/wp-content\/uploads\/2026\/05\/4746782-69f5729b3e8ca368e2389-c3b0-47e4-a6e9-14d57e61f748-rule-mo-1600.jpg 1440w\" sizes=\"(max-width: 300px) 100vw, 300px\" \/>                        <\/a>\n                    <\/div>\n                    <div class=\"vehicle-data\">\n                                                    <small>\n                                                                05.2023                                \u00b7\n                            <\/small>\n                                                                            <small>\n                                10.544 km\n                            <\/small>\n                                                                            <small>\n                                \u00b7\n                                92 kW\n                                                                (\n                                125 PS)\n                            <\/small>\n                                                                            <small>\n                                \u00b7\n                                Schaltgetriebe                            <\/small>\n                                                                            <small>\n                                \u00b7\n                                Unfallfrei                            <\/small>\n                        \n                                                    <small>\n                                \u00b7\n                                Benzin                            <\/small>\n                                                                                                                            <small>\n                                \u00b7\n                                4\/5 T\u00fcren\n                            <\/small>\n                                                <ul class=\"vehicle-emission\">\n                                                 <span>Verbrauch komb.: \n                                    6.4                                 l\/100km<\/span><br>\n                                                                                \n                                       \n  <!-- CO2-Emissionen\t-->\n                                            <span>CO\u2082-Emissionen komb.: 146.0                                 g\/km<\/span><br>\n                                        <!-- CO2-Emissionen\t-->\n                   \n \n                         <span>CO\u2082-Klasse: \n                                    E                                <\/span><br>\n                    \n\n\n                <\/ul>\n\n                    <\/div>\n\n                    <div class=\"vehicle-price\">\n                                                    <div itemprop=\"priceSpecification\" itemscope itemtype=\"http:\/\/schema.org\/UnitPriceSpecification\">\n                                <meta itemprop=\"priceCurrency\" content=\"EUR\">\n                                <meta itemprop=\"price\" content=\"19.450\">\n                                <strong>\n                                    19.450 \u20ac (Brutto)\n                                <\/strong><br><small>\n                                    Inkl. 19% MwSt.                                <\/small>\n                            <\/div>\n                                                <br>\n                        <a href=\"https:\/\/ford-sachsen.de\/html\/page\/fahrzeuge\/ford-focus-titanium-winterpaket-rueckf-kamera-klimaau\/\"\n                            class=\"vehicle-btn wp-block-button__link wp-element-button\">Details<\/a>\n                    <\/div>\n                <\/div> <!-- \/\/ vehicle-row -->\n               \n            <\/article>\n                        <article id=\"post-4746780\" class=\"vehicle\">\n                <hgroup>\n                    <a href=\"https:\/\/ford-sachsen.de\/html\/page\/fahrzeuge\/ford-320-l1-awd-aut-kamera-el-tueren-ahk-navii\/\">\n                        <h2 class=\"vehicle-title\">\n                            Ford 320 L1 AWD Aut Kamera el. T\u00fcren AHK Navii                        <\/h2>\n\n                    <\/a>\n                <\/hgroup>\n                <span class=\"vehicle-addition\">\n                    <p>\n                        Van\/Minibus ,\n                        Gebrauchtfahrzeug                    <\/p>\n                <\/span>\n                <div class=\"vehicle-row\">\n                    <div class=\"vehicle-thumbnail\">\n                        <a href=\"https:\/\/ford-sachsen.de\/html\/page\/fahrzeuge\/ford-320-l1-awd-aut-kamera-el-tueren-ahk-navii\/\" title=\"Ford 320 L1 AWD Aut Kamera el. T\u00fcren AHK Navii\">\n                            <img loading=\"lazy\" decoding=\"async\" width=\"300\" height=\"225\" src=\"https:\/\/ford-sachsen.de\/html\/page\/wp-content\/uploads\/2026\/05\/4746780-69f572991c2990775f275-33c3-49a5-8583-660ea0bc0d2f-rule-mo-1600-300x225.jpg\" class=\"attachment-medium size-medium wp-post-image\" alt=\"\" srcset=\"https:\/\/ford-sachsen.de\/html\/page\/wp-content\/uploads\/2026\/05\/4746780-69f572991c2990775f275-33c3-49a5-8583-660ea0bc0d2f-rule-mo-1600-300x225.jpg 300w, https:\/\/ford-sachsen.de\/html\/page\/wp-content\/uploads\/2026\/05\/4746780-69f572991c2990775f275-33c3-49a5-8583-660ea0bc0d2f-rule-mo-1600-1024x768.jpg 1024w, https:\/\/ford-sachsen.de\/html\/page\/wp-content\/uploads\/2026\/05\/4746780-69f572991c2990775f275-33c3-49a5-8583-660ea0bc0d2f-rule-mo-1600-768x576.jpg 768w, https:\/\/ford-sachsen.de\/html\/page\/wp-content\/uploads\/2026\/05\/4746780-69f572991c2990775f275-33c3-49a5-8583-660ea0bc0d2f-rule-mo-1600.jpg 1440w\" sizes=\"(max-width: 300px) 100vw, 300px\" \/>                        <\/a>\n                    <\/div>\n                    <div class=\"vehicle-data\">\n                                                    <small>\n                                                                10.2025                                \u00b7\n                            <\/small>\n                                                                            <small>\n                                5.665 km\n                            <\/small>\n                                                                            <small>\n                                \u00b7\n                                124 kW\n                                                                (\n                                169 PS)\n                            <\/small>\n                                                                            <small>\n                                \u00b7\n                                Automatik                            <\/small>\n                                                                            <small>\n                                \u00b7\n                                Unfallfrei                            <\/small>\n                        \n                                                    <small>\n                                \u00b7\n                                Diesel                            <\/small>\n                                                                                                                            <small>\n                                \u00b7\n                                4\/5 T\u00fcren\n                            <\/small>\n                                                <ul class=\"vehicle-emission\">\n                                                 <span>Verbrauch komb.: \n                                    9.2                                 l\/100km<\/span><br>\n                                                                                \n                                       \n  <!-- CO2-Emissionen\t-->\n                                            <span>CO\u2082-Emissionen komb.: 291.0                                 g\/km<\/span><br>\n                                        <!-- CO2-Emissionen\t-->\n                   \n \n                         <span>CO\u2082-Klasse: \n                                    G                                <\/span><br>\n                    \n\n\n                <\/ul>\n\n                    <\/div>\n\n                    <div class=\"vehicle-price\">\n                                                    <div itemprop=\"priceSpecification\" itemscope itemtype=\"http:\/\/schema.org\/UnitPriceSpecification\">\n                                <meta itemprop=\"priceCurrency\" content=\"EUR\">\n                                <meta itemprop=\"price\" content=\"61.900\">\n                                <strong>\n                                    61.900 \u20ac (Brutto)\n                                <\/strong><br><small>\n                                    Inkl. 19% MwSt.                                <\/small>\n                            <\/div>\n                                                <br>\n                        <a href=\"https:\/\/ford-sachsen.de\/html\/page\/fahrzeuge\/ford-320-l1-awd-aut-kamera-el-tueren-ahk-navii\/\"\n                            class=\"vehicle-btn wp-block-button__link wp-element-button\">Details<\/a>\n                    <\/div>\n                <\/div> <!-- \/\/ vehicle-row -->\n               \n            <\/article>\n                        <article id=\"post-4746778\" class=\"vehicle\">\n                <hgroup>\n                    <a href=\"https:\/\/ford-sachsen.de\/html\/page\/fahrzeuge\/ford-focus-turnier-titanium-x-ganzj-reifen-winterpak\/\">\n                        <h2 class=\"vehicle-title\">\n                            Ford Focus Turnier Titanium X Ganzj.-Reifen Winterpak                        <\/h2>\n\n                    <\/a>\n                <\/hgroup>\n                <span class=\"vehicle-addition\">\n                    <p>\n                        Kombi ,\n                        Gebrauchtfahrzeug                    <\/p>\n                <\/span>\n                <div class=\"vehicle-row\">\n                    <div class=\"vehicle-thumbnail\">\n                        <a href=\"https:\/\/ford-sachsen.de\/html\/page\/fahrzeuge\/ford-focus-turnier-titanium-x-ganzj-reifen-winterpak\/\" title=\"Ford Focus Turnier Titanium X Ganzj.-Reifen Winterpak\">\n                            <img loading=\"lazy\" decoding=\"async\" width=\"300\" height=\"225\" src=\"https:\/\/ford-sachsen.de\/html\/page\/wp-content\/uploads\/2026\/05\/4746778-69f572970a1e1ec1d6f35-ef62-4185-9a37-d7dfe9e4302d-rule-mo-1600-300x225.jpg\" class=\"attachment-medium size-medium wp-post-image\" alt=\"\" srcset=\"https:\/\/ford-sachsen.de\/html\/page\/wp-content\/uploads\/2026\/05\/4746778-69f572970a1e1ec1d6f35-ef62-4185-9a37-d7dfe9e4302d-rule-mo-1600-300x225.jpg 300w, https:\/\/ford-sachsen.de\/html\/page\/wp-content\/uploads\/2026\/05\/4746778-69f572970a1e1ec1d6f35-ef62-4185-9a37-d7dfe9e4302d-rule-mo-1600-1024x768.jpg 1024w, https:\/\/ford-sachsen.de\/html\/page\/wp-content\/uploads\/2026\/05\/4746778-69f572970a1e1ec1d6f35-ef62-4185-9a37-d7dfe9e4302d-rule-mo-1600-768x576.jpg 768w, https:\/\/ford-sachsen.de\/html\/page\/wp-content\/uploads\/2026\/05\/4746778-69f572970a1e1ec1d6f35-ef62-4185-9a37-d7dfe9e4302d-rule-mo-1600.jpg 1440w\" sizes=\"(max-width: 300px) 100vw, 300px\" \/>                        <\/a>\n                    <\/div>\n                    <div class=\"vehicle-data\">\n                                                    <small>\n                                                                11.2025                                \u00b7\n                            <\/small>\n                                                                            <small>\n                                4.084 km\n                            <\/small>\n                                                                            <small>\n                                \u00b7\n                                114 kW\n                                                                (\n                                155 PS)\n                            <\/small>\n                                                                            <small>\n                                \u00b7\n                                Automatik                            <\/small>\n                                                                            <small>\n                                \u00b7\n                                Unfallfrei                            <\/small>\n                        \n                                                    <small>\n                                \u00b7\n                                Benzin                            <\/small>\n                                                                                                                            <small>\n                                \u00b7\n                                4\/5 T\u00fcren\n                            <\/small>\n                                                <ul class=\"vehicle-emission\">\n                                                 <span>Verbrauch komb.: \n                                    5.3                                 l\/100km<\/span><br>\n                                                                                \n                                       \n  <!-- CO2-Emissionen\t-->\n                                            <span>CO\u2082-Emissionen komb.: 121.0                                 g\/km<\/span><br>\n                                        <!-- CO2-Emissionen\t-->\n                   \n \n                         <span>CO\u2082-Klasse: \n                                    D                                <\/span><br>\n                    \n\n\n                <\/ul>\n\n                    <\/div>\n\n                    <div class=\"vehicle-price\">\n                                                    <div itemprop=\"priceSpecification\" itemscope itemtype=\"http:\/\/schema.org\/UnitPriceSpecification\">\n                                <meta itemprop=\"priceCurrency\" content=\"EUR\">\n                                <meta itemprop=\"price\" content=\"29.900\">\n                                <strong>\n                                    29.900 \u20ac (Brutto)\n                                <\/strong><br><small>\n                                    Inkl. 19% MwSt.                                <\/small>\n                            <\/div>\n                                                <br>\n                        <a href=\"https:\/\/ford-sachsen.de\/html\/page\/fahrzeuge\/ford-focus-turnier-titanium-x-ganzj-reifen-winterpak\/\"\n                            class=\"vehicle-btn wp-block-button__link wp-element-button\">Details<\/a>\n                    <\/div>\n                <\/div> <!-- \/\/ vehicle-row -->\n               \n            <\/article>\n                        <article id=\"post-4746776\" class=\"vehicle\">\n                <hgroup>\n                    <a href=\"https:\/\/ford-sachsen.de\/html\/page\/fahrzeuge\/ford-puma-st-line-lenkradheizung-beheizbare-frontsche\/\">\n                        <h2 class=\"vehicle-title\">\n                            Ford Puma ST-Line Lenkradheizung Beheizbare Frontsche                        <\/h2>\n\n                    <\/a>\n                <\/hgroup>\n                <span class=\"vehicle-addition\">\n                    <p>\n                        SUV\/Gel\u00e4ndewagen\/Pickup ,\n                        Gebrauchtfahrzeug                    <\/p>\n                <\/span>\n                <div class=\"vehicle-row\">\n                    <div class=\"vehicle-thumbnail\">\n                        <a href=\"https:\/\/ford-sachsen.de\/html\/page\/fahrzeuge\/ford-puma-st-line-lenkradheizung-beheizbare-frontsche\/\" title=\"Ford Puma ST-Line Lenkradheizung Beheizbare Frontsche\">\n                            <img loading=\"lazy\" decoding=\"async\" width=\"300\" height=\"225\" src=\"https:\/\/ford-sachsen.de\/html\/page\/wp-content\/uploads\/2026\/05\/4746776-69f57295061c9d9a0ef39-ffc6-481c-9ae7-4d39422c1456-rule-mo-1600-300x225.jpg\" class=\"attachment-medium size-medium wp-post-image\" alt=\"\" srcset=\"https:\/\/ford-sachsen.de\/html\/page\/wp-content\/uploads\/2026\/05\/4746776-69f57295061c9d9a0ef39-ffc6-481c-9ae7-4d39422c1456-rule-mo-1600-300x225.jpg 300w, https:\/\/ford-sachsen.de\/html\/page\/wp-content\/uploads\/2026\/05\/4746776-69f57295061c9d9a0ef39-ffc6-481c-9ae7-4d39422c1456-rule-mo-1600-1024x768.jpg 1024w, https:\/\/ford-sachsen.de\/html\/page\/wp-content\/uploads\/2026\/05\/4746776-69f57295061c9d9a0ef39-ffc6-481c-9ae7-4d39422c1456-rule-mo-1600-768x576.jpg 768w, https:\/\/ford-sachsen.de\/html\/page\/wp-content\/uploads\/2026\/05\/4746776-69f57295061c9d9a0ef39-ffc6-481c-9ae7-4d39422c1456-rule-mo-1600.jpg 1440w\" sizes=\"(max-width: 300px) 100vw, 300px\" \/>                        <\/a>\n                    <\/div>\n                    <div class=\"vehicle-data\">\n                                                    <small>\n                                                                11.2022                                \u00b7\n                            <\/small>\n                                                                            <small>\n                                14.633 km\n                            <\/small>\n                                                                            <small>\n                                \u00b7\n                                92 kW\n                                                                (\n                                125 PS)\n                            <\/small>\n                                                                            <small>\n                                \u00b7\n                                Schaltgetriebe                            <\/small>\n                                                                            <small>\n                                \u00b7\n                                Unfallfrei                            <\/small>\n                        \n                                                    <small>\n                                \u00b7\n                                Benzin                            <\/small>\n                                                                                                                            <small>\n                                \u00b7\n                                4\/5 T\u00fcren\n                            <\/small>\n                                                <ul class=\"vehicle-emission\">\n                                                 <span>Verbrauch komb.: \n                                    5.6                                 l\/100km<\/span><br>\n                                                                                \n                                       \n  <!-- CO2-Emissionen\t-->\n                                            <span>CO\u2082-Emissionen komb.: 127.0                                 g\/km<\/span><br>\n                                        <!-- CO2-Emissionen\t-->\n                   \n \n                         <span>CO\u2082-Klasse: \n                                    D                                <\/span><br>\n                    \n\n\n                <\/ul>\n\n                    <\/div>\n\n                    <div class=\"vehicle-price\">\n                                                    <div itemprop=\"priceSpecification\" itemscope itemtype=\"http:\/\/schema.org\/UnitPriceSpecification\">\n                                <meta itemprop=\"priceCurrency\" content=\"EUR\">\n                                <meta itemprop=\"price\" content=\"18.699\">\n                                <strong>\n                                    18.699 \u20ac (Brutto)\n                                <\/strong><br><small>\n                                    Inkl. 19% MwSt.                                <\/small>\n                            <\/div>\n                                                <br>\n                        <a href=\"https:\/\/ford-sachsen.de\/html\/page\/fahrzeuge\/ford-puma-st-line-lenkradheizung-beheizbare-frontsche\/\"\n                            class=\"vehicle-btn wp-block-button__link wp-element-button\">Details<\/a>\n                    <\/div>\n                <\/div> <!-- \/\/ vehicle-row -->\n               \n            <\/article>\n                        <article id=\"post-4746774\" class=\"vehicle\">\n                <hgroup>\n                    <a href=\"https:\/\/ford-sachsen.de\/html\/page\/fahrzeuge\/ford-transit-connect-l2-kasten-trend-gjrklimaacct\/\">\n                        <h2 class=\"vehicle-title\">\n                            Ford Transit Connect L2 Kasten Trend +GJR+Klima+ACC+T                        <\/h2>\n\n                    <\/a>\n                <\/hgroup>\n                <span class=\"vehicle-addition\">\n                    <p>\n                        Andere ,\n                        Gebrauchtfahrzeug                    <\/p>\n                <\/span>\n                <div class=\"vehicle-row\">\n                    <div class=\"vehicle-thumbnail\">\n                        <a href=\"https:\/\/ford-sachsen.de\/html\/page\/fahrzeuge\/ford-transit-connect-l2-kasten-trend-gjrklimaacct\/\" title=\"Ford Transit Connect L2 Kasten Trend +GJR+Klima+ACC+T\">\n                            <img loading=\"lazy\" decoding=\"async\" width=\"300\" height=\"225\" src=\"https:\/\/ford-sachsen.de\/html\/page\/wp-content\/uploads\/2026\/05\/4746774-69f572930d0f1a62d70b2-f43c-4aef-8472-0ae408d80042-rule-mo-1600-300x225.jpg\" class=\"attachment-medium size-medium wp-post-image\" alt=\"\" srcset=\"https:\/\/ford-sachsen.de\/html\/page\/wp-content\/uploads\/2026\/05\/4746774-69f572930d0f1a62d70b2-f43c-4aef-8472-0ae408d80042-rule-mo-1600-300x225.jpg 300w, https:\/\/ford-sachsen.de\/html\/page\/wp-content\/uploads\/2026\/05\/4746774-69f572930d0f1a62d70b2-f43c-4aef-8472-0ae408d80042-rule-mo-1600-1024x768.jpg 1024w, https:\/\/ford-sachsen.de\/html\/page\/wp-content\/uploads\/2026\/05\/4746774-69f572930d0f1a62d70b2-f43c-4aef-8472-0ae408d80042-rule-mo-1600-768x576.jpg 768w, https:\/\/ford-sachsen.de\/html\/page\/wp-content\/uploads\/2026\/05\/4746774-69f572930d0f1a62d70b2-f43c-4aef-8472-0ae408d80042-rule-mo-1600.jpg 1440w\" sizes=\"(max-width: 300px) 100vw, 300px\" \/>                        <\/a>\n                    <\/div>\n                    <div class=\"vehicle-data\">\n                                                    <small>\n                                                                08.2025                                \u00b7\n                            <\/small>\n                                                                            <small>\n                                150 km\n                            <\/small>\n                                                                            <small>\n                                \u00b7\n                                75 kW\n                                                                (\n                                102 PS)\n                            <\/small>\n                                                                            <small>\n                                \u00b7\n                                Schaltgetriebe                            <\/small>\n                                                                            <small>\n                                \u00b7\n                                Unfallfrei                            <\/small>\n                        \n                                                    <small>\n                                \u00b7\n                                Diesel                            <\/small>\n                                                                                                                            <small>\n                                \u00b7\n                                4\/5 T\u00fcren\n                            <\/small>\n                                                <ul class=\"vehicle-emission\">\n                                                 <span>Verbrauch komb.: \n                                    5.5                                 l\/100km<\/span><br>\n                                                                                \n                                       \n  <!-- CO2-Emissionen\t-->\n                                            <span>CO\u2082-Emissionen komb.: 144.0                                 g\/km<\/span><br>\n                                        <!-- CO2-Emissionen\t-->\n                   \n \n                         <span>CO\u2082-Klasse: \n                                    E                                <\/span><br>\n                    \n\n\n                <\/ul>\n\n                    <\/div>\n\n                    <div class=\"vehicle-price\">\n                                                    <div itemprop=\"priceSpecification\" itemscope itemtype=\"http:\/\/schema.org\/UnitPriceSpecification\">\n                                <meta itemprop=\"priceCurrency\" content=\"EUR\">\n                                <meta itemprop=\"price\" content=\"24.995\">\n                                <strong>\n                                    24.995 \u20ac (Brutto)\n                                <\/strong><br><small>\n                                    Inkl. 19% MwSt.                                <\/small>\n                            <\/div>\n                                                <br>\n                        <a href=\"https:\/\/ford-sachsen.de\/html\/page\/fahrzeuge\/ford-transit-connect-l2-kasten-trend-gjrklimaacct\/\"\n                            class=\"vehicle-btn wp-block-button__link wp-element-button\">Details<\/a>\n                    <\/div>\n                <\/div> <!-- \/\/ vehicle-row -->\n               \n            <\/article>\n                        <article id=\"post-4746772\" class=\"vehicle\">\n                <hgroup>\n                    <a href=\"https:\/\/ford-sachsen.de\/html\/page\/fahrzeuge\/ford-kuga-st-line-x-phev-lenkradhzg-pdcvh-teilb-rueck\/\">\n                        <h2 class=\"vehicle-title\">\n                            Ford Kuga ST-Line X PHEV LenkradHZG PDCv+h teilb.R\u00fcck                        <\/h2>\n\n                    <\/a>\n                <\/hgroup>\n                <span class=\"vehicle-addition\">\n                    <p>\n                        SUV\/Gel\u00e4ndewagen\/Pickup ,\n                        Gebrauchtfahrzeug                    <\/p>\n                <\/span>\n                <div class=\"vehicle-row\">\n                    <div class=\"vehicle-thumbnail\">\n                        <a href=\"https:\/\/ford-sachsen.de\/html\/page\/fahrzeuge\/ford-kuga-st-line-x-phev-lenkradhzg-pdcvh-teilb-rueck\/\" title=\"Ford Kuga ST-Line X PHEV LenkradHZG PDCv+h teilb.R\u00fcck\">\n                            <img loading=\"lazy\" decoding=\"async\" width=\"300\" height=\"225\" src=\"https:\/\/ford-sachsen.de\/html\/page\/wp-content\/uploads\/2026\/05\/4746772-69f57291047ff754ddb46-f85e-437f-82a4-cba5e732be6f-rule-mo-1600-300x225.jpg\" class=\"attachment-medium size-medium wp-post-image\" alt=\"\" srcset=\"https:\/\/ford-sachsen.de\/html\/page\/wp-content\/uploads\/2026\/05\/4746772-69f57291047ff754ddb46-f85e-437f-82a4-cba5e732be6f-rule-mo-1600-300x225.jpg 300w, https:\/\/ford-sachsen.de\/html\/page\/wp-content\/uploads\/2026\/05\/4746772-69f57291047ff754ddb46-f85e-437f-82a4-cba5e732be6f-rule-mo-1600-1024x768.jpg 1024w, https:\/\/ford-sachsen.de\/html\/page\/wp-content\/uploads\/2026\/05\/4746772-69f57291047ff754ddb46-f85e-437f-82a4-cba5e732be6f-rule-mo-1600-768x576.jpg 768w, https:\/\/ford-sachsen.de\/html\/page\/wp-content\/uploads\/2026\/05\/4746772-69f57291047ff754ddb46-f85e-437f-82a4-cba5e732be6f-rule-mo-1600.jpg 1440w\" sizes=\"(max-width: 300px) 100vw, 300px\" \/>                        <\/a>\n                    <\/div>\n                    <div class=\"vehicle-data\">\n                                                    <small>\n                                                                07.2021                                \u00b7\n                            <\/small>\n                                                                            <small>\n                                43.689 km\n                            <\/small>\n                                                                            <small>\n                                \u00b7\n                                165 kW\n                                                                (\n                                224 PS)\n                            <\/small>\n                                                                            <small>\n                                \u00b7\n                                Automatik                            <\/small>\n                                                                            <small>\n                                \u00b7\n                                Unfallfrei                            <\/small>\n                        \n                                                    <small>\n                                \u00b7\n                                Plug-in-Hybrid                            <\/small>\n                                                                                                                            <small>\n                                \u00b7\n                                4\/5 T\u00fcren\n                            <\/small>\n                                                <ul class=\"vehicle-emission\">\n                                                                                     \n                                       \n  <!-- CO2-Emissionen\t-->\n                                        <!-- CO2-Emissionen\t-->\n                   \n \n \n\n\n                <\/ul>\n\n                    <\/div>\n\n                    <div class=\"vehicle-price\">\n                                                    <div itemprop=\"priceSpecification\" itemscope itemtype=\"http:\/\/schema.org\/UnitPriceSpecification\">\n                                <meta itemprop=\"priceCurrency\" content=\"EUR\">\n                                <meta itemprop=\"price\" content=\"22.990\">\n                                <strong>\n                                    22.990 \u20ac (Brutto)\n                                <\/strong><br><small>\n                                    Inkl. 19% MwSt.                                <\/small>\n                            <\/div>\n                                                <br>\n                        <a href=\"https:\/\/ford-sachsen.de\/html\/page\/fahrzeuge\/ford-kuga-st-line-x-phev-lenkradhzg-pdcvh-teilb-rueck\/\"\n                            class=\"vehicle-btn wp-block-button__link wp-element-button\">Details<\/a>\n                    <\/div>\n                <\/div> <!-- \/\/ vehicle-row -->\n               \n            <\/article>\n                        <article id=\"post-4746770\" class=\"vehicle\">\n                <hgroup>\n                    <a href=\"https:\/\/ford-sachsen.de\/html\/page\/fahrzeuge\/mg-hs-hybrid-luxury-junger-vorfuehrwagen\/\">\n                        <h2 class=\"vehicle-title\">\n                            MG HS Hybrid+ Luxury &#8211; junger Vorf\u00fchrwagen!                        <\/h2>\n\n                    <\/a>\n                <\/hgroup>\n                <span class=\"vehicle-addition\">\n                    <p>\n                        SUV\/Gel\u00e4ndewagen\/Pickup ,\n                        Gebrauchtfahrzeug                    <\/p>\n                <\/span>\n                <div class=\"vehicle-row\">\n                    <div class=\"vehicle-thumbnail\">\n                        <a href=\"https:\/\/ford-sachsen.de\/html\/page\/fahrzeuge\/mg-hs-hybrid-luxury-junger-vorfuehrwagen\/\" title=\"MG HS Hybrid+ Luxury &#8211; junger Vorf\u00fchrwagen!\">\n                            <img loading=\"lazy\" decoding=\"async\" width=\"300\" height=\"225\" src=\"https:\/\/ford-sachsen.de\/html\/page\/wp-content\/uploads\/2026\/05\/4746770-69f5728ecf816e9f66c1c-7df8-4607-ab6e-0dad9d2e5d2d-rule-mo-1600-300x225.jpg\" class=\"attachment-medium size-medium wp-post-image\" alt=\"\" srcset=\"https:\/\/ford-sachsen.de\/html\/page\/wp-content\/uploads\/2026\/05\/4746770-69f5728ecf816e9f66c1c-7df8-4607-ab6e-0dad9d2e5d2d-rule-mo-1600-300x225.jpg 300w, https:\/\/ford-sachsen.de\/html\/page\/wp-content\/uploads\/2026\/05\/4746770-69f5728ecf816e9f66c1c-7df8-4607-ab6e-0dad9d2e5d2d-rule-mo-1600-1024x768.jpg 1024w, https:\/\/ford-sachsen.de\/html\/page\/wp-content\/uploads\/2026\/05\/4746770-69f5728ecf816e9f66c1c-7df8-4607-ab6e-0dad9d2e5d2d-rule-mo-1600-768x576.jpg 768w, https:\/\/ford-sachsen.de\/html\/page\/wp-content\/uploads\/2026\/05\/4746770-69f5728ecf816e9f66c1c-7df8-4607-ab6e-0dad9d2e5d2d-rule-mo-1600.jpg 1440w\" sizes=\"(max-width: 300px) 100vw, 300px\" \/>                        <\/a>\n                    <\/div>\n                    <div class=\"vehicle-data\">\n                                                    <small>\n                                                                08.2025                                \u00b7\n                            <\/small>\n                                                                            <small>\n                                8.000 km\n                            <\/small>\n                                                                            <small>\n                                \u00b7\n                                165 kW\n                                                                (\n                                224 PS)\n                            <\/small>\n                                                                            <small>\n                                \u00b7\n                                Automatik                            <\/small>\n                                                                            <small>\n                                \u00b7\n                                Unfallfrei                            <\/small>\n                        \n                                                    <small>\n                                \u00b7\n                                Hybrid (Benzin\/Elektro)                            <\/small>\n                                                                                                                            <small>\n                                \u00b7\n                                4\/5 T\u00fcren\n                            <\/small>\n                                                <ul class=\"vehicle-emission\">\n                                                 <span>Verbrauch komb.: \n                                    5.5                                 l\/100km<\/span><br>\n                                                                                \n                                       \n  <!-- CO2-Emissionen\t-->\n                                            <span>CO\u2082-Emissionen komb.: 126.0                                 g\/km<\/span><br>\n                                        <!-- CO2-Emissionen\t-->\n                   \n \n                         <span>CO\u2082-Klasse: \n                                    D                                <\/span><br>\n                    \n\n\n                <\/ul>\n\n                    <\/div>\n\n                    <div class=\"vehicle-price\">\n                                                    <div itemprop=\"priceSpecification\" itemscope itemtype=\"http:\/\/schema.org\/UnitPriceSpecification\">\n                                <meta itemprop=\"priceCurrency\" content=\"EUR\">\n                                <meta itemprop=\"price\" content=\"28.699\">\n                                <strong>\n                                    28.699 \u20ac (Brutto)\n                                <\/strong><br><small>\n                                    Inkl. 19% MwSt.                                <\/small>\n                            <\/div>\n                                                <br>\n                        <a href=\"https:\/\/ford-sachsen.de\/html\/page\/fahrzeuge\/mg-hs-hybrid-luxury-junger-vorfuehrwagen\/\"\n                            class=\"vehicle-btn wp-block-button__link wp-element-button\">Details<\/a>\n                    <\/div>\n                <\/div> <!-- \/\/ vehicle-row -->\n               \n            <\/article>\n                        <article id=\"post-4746768\" class=\"vehicle\">\n                <hgroup>\n                    <a href=\"https:\/\/ford-sachsen.de\/html\/page\/fahrzeuge\/ford-puma-st-line-x-automatik-led-el-panodach-beheiz\/\">\n                        <h2 class=\"vehicle-title\">\n                            Ford Puma ST-Line X Automatik LED El. Panodach Beheiz                        <\/h2>\n\n                    <\/a>\n                <\/hgroup>\n                <span class=\"vehicle-addition\">\n                    <p>\n                        SUV\/Gel\u00e4ndewagen\/Pickup ,\n                        Gebrauchtfahrzeug                    <\/p>\n                <\/span>\n                <div class=\"vehicle-row\">\n                    <div class=\"vehicle-thumbnail\">\n                        <a href=\"https:\/\/ford-sachsen.de\/html\/page\/fahrzeuge\/ford-puma-st-line-x-automatik-led-el-panodach-beheiz\/\" title=\"Ford Puma ST-Line X Automatik LED El. Panodach Beheiz\">\n                            <img loading=\"lazy\" decoding=\"async\" width=\"300\" height=\"225\" src=\"https:\/\/ford-sachsen.de\/html\/page\/wp-content\/uploads\/2026\/05\/4746768-69f5728c424c905c8a502-eb2a-46e3-8e7b-f63cccafdf72-rule-mo-1600-300x225.jpg\" class=\"attachment-medium size-medium wp-post-image\" alt=\"\" srcset=\"https:\/\/ford-sachsen.de\/html\/page\/wp-content\/uploads\/2026\/05\/4746768-69f5728c424c905c8a502-eb2a-46e3-8e7b-f63cccafdf72-rule-mo-1600-300x225.jpg 300w, https:\/\/ford-sachsen.de\/html\/page\/wp-content\/uploads\/2026\/05\/4746768-69f5728c424c905c8a502-eb2a-46e3-8e7b-f63cccafdf72-rule-mo-1600-1024x768.jpg 1024w, https:\/\/ford-sachsen.de\/html\/page\/wp-content\/uploads\/2026\/05\/4746768-69f5728c424c905c8a502-eb2a-46e3-8e7b-f63cccafdf72-rule-mo-1600-768x576.jpg 768w, https:\/\/ford-sachsen.de\/html\/page\/wp-content\/uploads\/2026\/05\/4746768-69f5728c424c905c8a502-eb2a-46e3-8e7b-f63cccafdf72-rule-mo-1600.jpg 1440w\" sizes=\"(max-width: 300px) 100vw, 300px\" \/>                        <\/a>\n                    <\/div>\n                    <div class=\"vehicle-data\">\n                                                    <small>\n                                                                07.2022                                \u00b7\n                            <\/small>\n                                                                            <small>\n                                30.842 km\n                            <\/small>\n                                                                            <small>\n                                \u00b7\n                                114 kW\n                                                                (\n                                155 PS)\n                            <\/small>\n                                                                            <small>\n                                \u00b7\n                                Automatik                            <\/small>\n                                                                            <small>\n                                \u00b7\n                                Unfallfrei                            <\/small>\n                        \n                                                    <small>\n                                \u00b7\n                                Benzin                            <\/small>\n                                                                                                                            <small>\n                                \u00b7\n                                4\/5 T\u00fcren\n                            <\/small>\n                                                <ul class=\"vehicle-emission\">\n                                                 <span>Verbrauch komb.: \n                                    6.4                                 l\/100km<\/span><br>\n                                                                                \n                                       \n  <!-- CO2-Emissionen\t-->\n                                            <span>CO\u2082-Emissionen komb.: 145.0                                 g\/km<\/span><br>\n                                        <!-- CO2-Emissionen\t-->\n                   \n \n                         <span>CO\u2082-Klasse: \n                                    E                                <\/span><br>\n                    \n\n\n                <\/ul>\n\n                    <\/div>\n\n                    <div class=\"vehicle-price\">\n                                                    <div itemprop=\"priceSpecification\" itemscope itemtype=\"http:\/\/schema.org\/UnitPriceSpecification\">\n                                <meta itemprop=\"priceCurrency\" content=\"EUR\">\n                                <meta itemprop=\"price\" content=\"20.490\">\n                                <strong>\n                                    20.490 \u20ac (Brutto)\n                                <\/strong><br><small>\n                                    Inkl. 19% MwSt.                                <\/small>\n                            <\/div>\n                                                <br>\n                        <a href=\"https:\/\/ford-sachsen.de\/html\/page\/fahrzeuge\/ford-puma-st-line-x-automatik-led-el-panodach-beheiz\/\"\n                            class=\"vehicle-btn wp-block-button__link wp-element-button\">Details<\/a>\n                    <\/div>\n                <\/div> <!-- \/\/ vehicle-row -->\n               \n            <\/article>\n                        <article id=\"post-4746766\" class=\"vehicle\">\n                <hgroup>\n                    <a href=\"https:\/\/ford-sachsen.de\/html\/page\/fahrzeuge\/ford-transit-350-l3-doka-trend-standhzg-rueckfahrkam\/\">\n                        <h2 class=\"vehicle-title\">\n                            Ford Transit 350 L3 DoKa Trend StandHZG R\u00fcckfahrkam.                        <\/h2>\n\n                    <\/a>\n                <\/hgroup>\n                <span class=\"vehicle-addition\">\n                    <p>\n                        Andere ,\n                        Gebrauchtfahrzeug                    <\/p>\n                <\/span>\n                <div class=\"vehicle-row\">\n                    <div class=\"vehicle-thumbnail\">\n                        <a href=\"https:\/\/ford-sachsen.de\/html\/page\/fahrzeuge\/ford-transit-350-l3-doka-trend-standhzg-rueckfahrkam\/\" title=\"Ford Transit 350 L3 DoKa Trend StandHZG R\u00fcckfahrkam.\">\n                            <img loading=\"lazy\" decoding=\"async\" width=\"300\" height=\"225\" src=\"https:\/\/ford-sachsen.de\/html\/page\/wp-content\/uploads\/2026\/05\/4746766-69f57289a9b8d1bb193bf-f033-4f05-837b-3363a401cff5-rule-mo-1600-300x225.jpg\" class=\"attachment-medium size-medium wp-post-image\" alt=\"\" srcset=\"https:\/\/ford-sachsen.de\/html\/page\/wp-content\/uploads\/2026\/05\/4746766-69f57289a9b8d1bb193bf-f033-4f05-837b-3363a401cff5-rule-mo-1600-300x225.jpg 300w, https:\/\/ford-sachsen.de\/html\/page\/wp-content\/uploads\/2026\/05\/4746766-69f57289a9b8d1bb193bf-f033-4f05-837b-3363a401cff5-rule-mo-1600-1024x768.jpg 1024w, https:\/\/ford-sachsen.de\/html\/page\/wp-content\/uploads\/2026\/05\/4746766-69f57289a9b8d1bb193bf-f033-4f05-837b-3363a401cff5-rule-mo-1600-768x576.jpg 768w, https:\/\/ford-sachsen.de\/html\/page\/wp-content\/uploads\/2026\/05\/4746766-69f57289a9b8d1bb193bf-f033-4f05-837b-3363a401cff5-rule-mo-1600.jpg 1440w\" sizes=\"(max-width: 300px) 100vw, 300px\" \/>                        <\/a>\n                    <\/div>\n                    <div class=\"vehicle-data\">\n                                                    <small>\n                                                                06.2025                                \u00b7\n                            <\/small>\n                                                                            <small>\n                                145 km\n                            <\/small>\n                                                                            <small>\n                                \u00b7\n                                96 kW\n                                                                (\n                                131 PS)\n                            <\/small>\n                                                                            <small>\n                                \u00b7\n                                Schaltgetriebe                            <\/small>\n                                                                            <small>\n                                \u00b7\n                                Unfallfrei                            <\/small>\n                        \n                                                    <small>\n                                \u00b7\n                                Diesel                            <\/small>\n                                                                                                                            <small>\n                                \u00b7\n                                4\/5 T\u00fcren\n                            <\/small>\n                                                <ul class=\"vehicle-emission\">\n                                                 <span>Verbrauch komb.: \n                                    9.2                                 l\/100km<\/span><br>\n                                                                                \n                                       \n  <!-- CO2-Emissionen\t-->\n                                            <span>CO\u2082-Emissionen komb.: 240.0                                 g\/km<\/span><br>\n                                        <!-- CO2-Emissionen\t-->\n                   \n \n                         <span>CO\u2082-Klasse: \n                                    G                                <\/span><br>\n                    \n\n\n                <\/ul>\n\n                    <\/div>\n\n                    <div class=\"vehicle-price\">\n                                                    <div itemprop=\"priceSpecification\" itemscope itemtype=\"http:\/\/schema.org\/UnitPriceSpecification\">\n                                <meta itemprop=\"priceCurrency\" content=\"EUR\">\n                                <meta itemprop=\"price\" content=\"40.600\">\n                                <strong>\n                                    40.600 \u20ac (Brutto)\n                                <\/strong><br><small>\n                                    Inkl. 19% MwSt.                                <\/small>\n                            <\/div>\n                                                <br>\n                        <a href=\"https:\/\/ford-sachsen.de\/html\/page\/fahrzeuge\/ford-transit-350-l3-doka-trend-standhzg-rueckfahrkam\/\"\n                            class=\"vehicle-btn wp-block-button__link wp-element-button\">Details<\/a>\n                    <\/div>\n                <\/div> <!-- \/\/ vehicle-row -->\n               \n            <\/article>\n                        <article id=\"post-4746764\" class=\"vehicle\">\n                <hgroup>\n                    <a href=\"https:\/\/ford-sachsen.de\/html\/page\/fahrzeuge\/ford-kuga-st-line-phev-gjr-matrix-led-pdcvh-lenkradh\/\">\n                        <h2 class=\"vehicle-title\">\n                            Ford Kuga ST-Line PHEV GJR Matrix-LED PDCv+h LenkradH                        <\/h2>\n\n                    <\/a>\n                <\/hgroup>\n                <span class=\"vehicle-addition\">\n                    <p>\n                        SUV\/Gel\u00e4ndewagen\/Pickup ,\n                        Gebrauchtfahrzeug                    <\/p>\n                <\/span>\n                <div class=\"vehicle-row\">\n                    <div class=\"vehicle-thumbnail\">\n                        <a href=\"https:\/\/ford-sachsen.de\/html\/page\/fahrzeuge\/ford-kuga-st-line-phev-gjr-matrix-led-pdcvh-lenkradh\/\" title=\"Ford Kuga ST-Line PHEV GJR Matrix-LED PDCv+h LenkradH\">\n                            <img loading=\"lazy\" decoding=\"async\" width=\"300\" height=\"225\" src=\"https:\/\/ford-sachsen.de\/html\/page\/wp-content\/uploads\/2026\/05\/4746764-69f57286d5b1280cf1895-bf73-4c8f-a460-55ae68f65a19-rule-mo-1600-300x225.jpg\" class=\"attachment-medium size-medium wp-post-image\" alt=\"\" srcset=\"https:\/\/ford-sachsen.de\/html\/page\/wp-content\/uploads\/2026\/05\/4746764-69f57286d5b1280cf1895-bf73-4c8f-a460-55ae68f65a19-rule-mo-1600-300x225.jpg 300w, https:\/\/ford-sachsen.de\/html\/page\/wp-content\/uploads\/2026\/05\/4746764-69f57286d5b1280cf1895-bf73-4c8f-a460-55ae68f65a19-rule-mo-1600-1024x768.jpg 1024w, https:\/\/ford-sachsen.de\/html\/page\/wp-content\/uploads\/2026\/05\/4746764-69f57286d5b1280cf1895-bf73-4c8f-a460-55ae68f65a19-rule-mo-1600-768x576.jpg 768w, https:\/\/ford-sachsen.de\/html\/page\/wp-content\/uploads\/2026\/05\/4746764-69f57286d5b1280cf1895-bf73-4c8f-a460-55ae68f65a19-rule-mo-1600.jpg 1440w\" sizes=\"(max-width: 300px) 100vw, 300px\" \/>                        <\/a>\n                    <\/div>\n                    <div class=\"vehicle-data\">\n                                                    <small>\n                                                                07.2025                                \u00b7\n                            <\/small>\n                                                                            <small>\n                                500 km\n                            <\/small>\n                                                                            <small>\n                                \u00b7\n                                178 kW\n                                                                (\n                                242 PS)\n                            <\/small>\n                                                                            <small>\n                                \u00b7\n                                Automatik                            <\/small>\n                                                                            <small>\n                                \u00b7\n                                Unfallfrei                            <\/small>\n                        \n                                                    <small>\n                                \u00b7\n                                Plug-in-Hybrid                            <\/small>\n                                                                                                                            <small>\n                                \u00b7\n                                4\/5 T\u00fcren\n                            <\/small>\n                                                <ul class=\"vehicle-emission\">\n                                                <span>Kraftstoffverbrauch gewichtet, kombiniert: \n                                    0.9                                 l\/100km<\/span><br>\n                                             <span>Verbrauch komb.: \n                                    5.3                                 l\/100km<\/span><br>\n                                                                <span>Stromverbrauch gewichtet, kombiniert: \n                                    16.3                                 kWh\/100km<\/span><br>\n                                                            \n                                       \n  <!-- CO2-Emissionen\t-->\n                                            <span>CO\u2082-Emissionen komb.: 21.0                                 g\/km<\/span><br>\n                                        <!-- CO2-Emissionen\t-->\n                   \n \n                         <span>CO\u2082-Klasse: \n                                    B                                <\/span><br>\n                    \n\n\n                <\/ul>\n\n                    <\/div>\n\n                    <div class=\"vehicle-price\">\n                                                    <div itemprop=\"priceSpecification\" itemscope itemtype=\"http:\/\/schema.org\/UnitPriceSpecification\">\n                                <meta itemprop=\"priceCurrency\" content=\"EUR\">\n                                <meta itemprop=\"price\" content=\"38.390\">\n                                <strong>\n                                    38.390 \u20ac (Brutto)\n                                <\/strong><br><small>\n                                    Inkl. 19% MwSt.                                <\/small>\n                            <\/div>\n                                                <br>\n                        <a href=\"https:\/\/ford-sachsen.de\/html\/page\/fahrzeuge\/ford-kuga-st-line-phev-gjr-matrix-led-pdcvh-lenkradh\/\"\n                            class=\"vehicle-btn wp-block-button__link wp-element-button\">Details<\/a>\n                    <\/div>\n                <\/div> <!-- \/\/ vehicle-row -->\n               \n            <\/article>\n                        <article id=\"post-4746762\" class=\"vehicle\">\n                <hgroup>\n                    <a href=\"https:\/\/ford-sachsen.de\/html\/page\/fahrzeuge\/ford-puma-titanium-gjr-beheizb-frontsch-lenkradhzg\/\">\n                        <h2 class=\"vehicle-title\">\n                            Ford Puma Titanium GJR Beheizb. Frontsch. LenkradHZG                        <\/h2>\n\n                    <\/a>\n                <\/hgroup>\n                <span class=\"vehicle-addition\">\n                    <p>\n                        SUV\/Gel\u00e4ndewagen\/Pickup ,\n                        Gebrauchtfahrzeug                    <\/p>\n                <\/span>\n                <div class=\"vehicle-row\">\n                    <div class=\"vehicle-thumbnail\">\n                        <a href=\"https:\/\/ford-sachsen.de\/html\/page\/fahrzeuge\/ford-puma-titanium-gjr-beheizb-frontsch-lenkradhzg\/\" title=\"Ford Puma Titanium GJR Beheizb. Frontsch. LenkradHZG\">\n                            <img loading=\"lazy\" decoding=\"async\" width=\"300\" height=\"225\" src=\"https:\/\/ford-sachsen.de\/html\/page\/wp-content\/uploads\/2026\/05\/4746762-69f572844440fc9ca77ff-fbe8-4398-8b39-02a2772e80a4-rule-mo-1600-300x225.jpg\" class=\"attachment-medium size-medium wp-post-image\" alt=\"\" srcset=\"https:\/\/ford-sachsen.de\/html\/page\/wp-content\/uploads\/2026\/05\/4746762-69f572844440fc9ca77ff-fbe8-4398-8b39-02a2772e80a4-rule-mo-1600-300x225.jpg 300w, https:\/\/ford-sachsen.de\/html\/page\/wp-content\/uploads\/2026\/05\/4746762-69f572844440fc9ca77ff-fbe8-4398-8b39-02a2772e80a4-rule-mo-1600-1024x768.jpg 1024w, https:\/\/ford-sachsen.de\/html\/page\/wp-content\/uploads\/2026\/05\/4746762-69f572844440fc9ca77ff-fbe8-4398-8b39-02a2772e80a4-rule-mo-1600-768x576.jpg 768w, https:\/\/ford-sachsen.de\/html\/page\/wp-content\/uploads\/2026\/05\/4746762-69f572844440fc9ca77ff-fbe8-4398-8b39-02a2772e80a4-rule-mo-1600.jpg 1440w\" sizes=\"(max-width: 300px) 100vw, 300px\" \/>                        <\/a>\n                    <\/div>\n                    <div class=\"vehicle-data\">\n                                                    <small>\n                                                                06.2025                                \u00b7\n                            <\/small>\n                                                                            <small>\n                                2 km\n                            <\/small>\n                                                                            <small>\n                                \u00b7\n                                92 kW\n                                                                (\n                                125 PS)\n                            <\/small>\n                                                                            <small>\n                                \u00b7\n                                Schaltgetriebe                            <\/small>\n                                                                            <small>\n                                \u00b7\n                                Unfallfrei                            <\/small>\n                        \n                                                    <small>\n                                \u00b7\n                                Benzin                            <\/small>\n                                                                                                                            <small>\n                                \u00b7\n                                4\/5 T\u00fcren\n                            <\/small>\n                                                <ul class=\"vehicle-emission\">\n                                                 <span>Verbrauch komb.: \n                                    5.4                                 l\/100km<\/span><br>\n                                                                                \n                                       \n  <!-- CO2-Emissionen\t-->\n                                            <span>CO\u2082-Emissionen komb.: 122.0                                 g\/km<\/span><br>\n                                        <!-- CO2-Emissionen\t-->\n                   \n \n                         <span>CO\u2082-Klasse: \n                                    D                                <\/span><br>\n                    \n\n\n                <\/ul>\n\n                    <\/div>\n\n                    <div class=\"vehicle-price\">\n                                                    <div itemprop=\"priceSpecification\" itemscope itemtype=\"http:\/\/schema.org\/UnitPriceSpecification\">\n                                <meta itemprop=\"priceCurrency\" content=\"EUR\">\n                                <meta itemprop=\"price\" content=\"22.475\">\n                                <strong>\n                                    22.475 \u20ac (Brutto)\n                                <\/strong><br><small>\n                                    Inkl. 19% MwSt.                                <\/small>\n                            <\/div>\n                                                <br>\n                        <a href=\"https:\/\/ford-sachsen.de\/html\/page\/fahrzeuge\/ford-puma-titanium-gjr-beheizb-frontsch-lenkradhzg\/\"\n                            class=\"vehicle-btn wp-block-button__link wp-element-button\">Details<\/a>\n                    <\/div>\n                <\/div> <!-- \/\/ vehicle-row -->\n               \n            <\/article>\n                        <article id=\"post-4746760\" class=\"vehicle\">\n                <hgroup>\n                    <a href=\"https:\/\/ford-sachsen.de\/html\/page\/fahrzeuge\/ford-tourneo-courier-trend-bev-klimaautom-teilb-ruecks\/\">\n                        <h2 class=\"vehicle-title\">\n                            Ford Tourneo Courier Trend BEV Klimaautom teilb.R\u00fccks                        <\/h2>\n\n                    <\/a>\n                <\/hgroup>\n                <span class=\"vehicle-addition\">\n                    <p>\n                        Van\/Minibus ,\n                        Gebrauchtfahrzeug                    <\/p>\n                <\/span>\n                <div class=\"vehicle-row\">\n                    <div class=\"vehicle-thumbnail\">\n                        <a href=\"https:\/\/ford-sachsen.de\/html\/page\/fahrzeuge\/ford-tourneo-courier-trend-bev-klimaautom-teilb-ruecks\/\" title=\"Ford Tourneo Courier Trend BEV Klimaautom teilb.R\u00fccks\">\n                            <img loading=\"lazy\" decoding=\"async\" width=\"300\" height=\"225\" src=\"https:\/\/ford-sachsen.de\/html\/page\/wp-content\/uploads\/2026\/05\/4746760-69f57281b7cf9815fc96d-f479-4143-a9ef-63d8f0ed8d38-rule-mo-1600-300x225.jpg\" class=\"attachment-medium size-medium wp-post-image\" alt=\"\" srcset=\"https:\/\/ford-sachsen.de\/html\/page\/wp-content\/uploads\/2026\/05\/4746760-69f57281b7cf9815fc96d-f479-4143-a9ef-63d8f0ed8d38-rule-mo-1600-300x225.jpg 300w, https:\/\/ford-sachsen.de\/html\/page\/wp-content\/uploads\/2026\/05\/4746760-69f57281b7cf9815fc96d-f479-4143-a9ef-63d8f0ed8d38-rule-mo-1600-1024x768.jpg 1024w, https:\/\/ford-sachsen.de\/html\/page\/wp-content\/uploads\/2026\/05\/4746760-69f57281b7cf9815fc96d-f479-4143-a9ef-63d8f0ed8d38-rule-mo-1600-768x576.jpg 768w, https:\/\/ford-sachsen.de\/html\/page\/wp-content\/uploads\/2026\/05\/4746760-69f57281b7cf9815fc96d-f479-4143-a9ef-63d8f0ed8d38-rule-mo-1600.jpg 1440w\" sizes=\"(max-width: 300px) 100vw, 300px\" \/>                        <\/a>\n                    <\/div>\n                    <div class=\"vehicle-data\">\n                                                    <small>\n                                                                06.2025                                \u00b7\n                            <\/small>\n                                                                            <small>\n                                2.478 km\n                            <\/small>\n                                                                            <small>\n                                \u00b7\n                                99 kW\n                                                                (\n                                135 PS)\n                            <\/small>\n                                                                            <small>\n                                \u00b7\n                                Automatik                            <\/small>\n                                                                            <small>\n                                \u00b7\n                                Unfallfrei                            <\/small>\n                        \n                                                    <small>\n                                \u00b7\n                                Elektro                            <\/small>\n                                                                                                                            <small>\n                                \u00b7\n                                4\/5 T\u00fcren\n                            <\/small>\n                                                <ul class=\"vehicle-emission\">\n                                                                                     \n                                       \n  <!-- CO2-Emissionen\t-->\n                                            <span>CO\u2082-Emissionen komb.: 0.0                                 g\/km<\/span><br>\n                                        <!-- CO2-Emissionen\t-->\n                   \n \n                         <span>CO\u2082-Klasse: \n                                    A                                <\/span><br>\n                    \n\n\n                <\/ul>\n\n                    <\/div>\n\n                    <div class=\"vehicle-price\">\n                                                    <div itemprop=\"priceSpecification\" itemscope itemtype=\"http:\/\/schema.org\/UnitPriceSpecification\">\n                                <meta itemprop=\"priceCurrency\" content=\"EUR\">\n                                <meta itemprop=\"price\" content=\"27.895\">\n                                <strong>\n                                    27.895 \u20ac (Brutto)\n                                <\/strong><br><small>\n                                    Inkl. 19% MwSt.                                <\/small>\n                            <\/div>\n                                                <br>\n                        <a href=\"https:\/\/ford-sachsen.de\/html\/page\/fahrzeuge\/ford-tourneo-courier-trend-bev-klimaautom-teilb-ruecks\/\"\n                            class=\"vehicle-btn wp-block-button__link wp-element-button\">Details<\/a>\n                    <\/div>\n                <\/div> <!-- \/\/ vehicle-row -->\n               \n            <\/article>\n                        <article id=\"post-4746758\" class=\"vehicle\">\n                <hgroup>\n                    <a href=\"https:\/\/ford-sachsen.de\/html\/page\/fahrzeuge\/ford-transit-custom-kasten-320-l1-phev-ahk-air-beif\/\">\n                        <h2 class=\"vehicle-title\">\n                            Ford Transit Custom Kasten 320 L1  PHEV AHK Air. Beif                        <\/h2>\n\n                    <\/a>\n                <\/hgroup>\n                <span class=\"vehicle-addition\">\n                    <p>\n                        Andere ,\n                        Gebrauchtfahrzeug                    <\/p>\n                <\/span>\n                <div class=\"vehicle-row\">\n                    <div class=\"vehicle-thumbnail\">\n                        <a href=\"https:\/\/ford-sachsen.de\/html\/page\/fahrzeuge\/ford-transit-custom-kasten-320-l1-phev-ahk-air-beif\/\" title=\"Ford Transit Custom Kasten 320 L1  PHEV AHK Air. Beif\">\n                            <img loading=\"lazy\" decoding=\"async\" width=\"300\" height=\"225\" src=\"https:\/\/ford-sachsen.de\/html\/page\/wp-content\/uploads\/2026\/05\/4746758-69f5727f32cae67bfa7c6-be76-4e03-ab3c-647df77ef8fd-rule-mo-1600-300x225.jpg\" class=\"attachment-medium size-medium wp-post-image\" alt=\"\" srcset=\"https:\/\/ford-sachsen.de\/html\/page\/wp-content\/uploads\/2026\/05\/4746758-69f5727f32cae67bfa7c6-be76-4e03-ab3c-647df77ef8fd-rule-mo-1600-300x225.jpg 300w, https:\/\/ford-sachsen.de\/html\/page\/wp-content\/uploads\/2026\/05\/4746758-69f5727f32cae67bfa7c6-be76-4e03-ab3c-647df77ef8fd-rule-mo-1600-1024x768.jpg 1024w, https:\/\/ford-sachsen.de\/html\/page\/wp-content\/uploads\/2026\/05\/4746758-69f5727f32cae67bfa7c6-be76-4e03-ab3c-647df77ef8fd-rule-mo-1600-768x576.jpg 768w, https:\/\/ford-sachsen.de\/html\/page\/wp-content\/uploads\/2026\/05\/4746758-69f5727f32cae67bfa7c6-be76-4e03-ab3c-647df77ef8fd-rule-mo-1600.jpg 1440w\" sizes=\"(max-width: 300px) 100vw, 300px\" \/>                        <\/a>\n                    <\/div>\n                    <div class=\"vehicle-data\">\n                                                    <small>\n                                                                11.2025                                \u00b7\n                            <\/small>\n                                                                            <small>\n                                3.000 km\n                            <\/small>\n                                                                            <small>\n                                \u00b7\n                                171 kW\n                                                                (\n                                232 PS)\n                            <\/small>\n                                                                            <small>\n                                \u00b7\n                                Automatik                            <\/small>\n                                                                            <small>\n                                \u00b7\n                                Unfallfrei                            <\/small>\n                        \n                                                    <small>\n                                \u00b7\n                                Plug-in-Hybrid                            <\/small>\n                                                                                                                            <small>\n                                \u00b7\n                                4\/5 T\u00fcren\n                            <\/small>\n                                                <ul class=\"vehicle-emission\">\n                                                <span>Kraftstoffverbrauch gewichtet, kombiniert: \n                                    1.6                                 l\/100km<\/span><br>\n                                             <span>Verbrauch komb.: \n                                    7.1                                 l\/100km<\/span><br>\n                                                                <span>Stromverbrauch gewichtet, kombiniert: \n                                    19.5                                 kWh\/100km<\/span><br>\n                                                            \n                                       \n  <!-- CO2-Emissionen\t-->\n                                            <span>CO\u2082-Emissionen komb.: 36.0                                 g\/km<\/span><br>\n                                        <!-- CO2-Emissionen\t-->\n                   \n \n                         <span>CO\u2082-Klasse: \n                                    B                                <\/span><br>\n                    \n\n\n                <\/ul>\n\n                    <\/div>\n\n                    <div class=\"vehicle-price\">\n                                                    <div itemprop=\"priceSpecification\" itemscope itemtype=\"http:\/\/schema.org\/UnitPriceSpecification\">\n                                <meta itemprop=\"priceCurrency\" content=\"EUR\">\n                                <meta itemprop=\"price\" content=\"40.895\">\n                                <strong>\n                                    40.895 \u20ac (Brutto)\n                                <\/strong><br><small>\n                                    Inkl. 19% MwSt.                                <\/small>\n                            <\/div>\n                                                <br>\n                        <a href=\"https:\/\/ford-sachsen.de\/html\/page\/fahrzeuge\/ford-transit-custom-kasten-320-l1-phev-ahk-air-beif\/\"\n                            class=\"vehicle-btn wp-block-button__link wp-element-button\">Details<\/a>\n                    <\/div>\n                <\/div> <!-- \/\/ vehicle-row -->\n               \n            <\/article>\n                        <article id=\"post-4746756\" class=\"vehicle\">\n                <hgroup>\n                    <a href=\"https:\/\/ford-sachsen.de\/html\/page\/fahrzeuge\/ford-kuga-titanium-x-klimaautom-el-heckklappe-winter\/\">\n                        <h2 class=\"vehicle-title\">\n                            Ford Kuga Titanium X Klimaautom El. Heckklappe Winter                        <\/h2>\n\n                    <\/a>\n                <\/hgroup>\n                <span class=\"vehicle-addition\">\n                    <p>\n                        SUV\/Gel\u00e4ndewagen\/Pickup ,\n                        Gebrauchtfahrzeug                    <\/p>\n                <\/span>\n                <div class=\"vehicle-row\">\n                    <div class=\"vehicle-thumbnail\">\n                        <a href=\"https:\/\/ford-sachsen.de\/html\/page\/fahrzeuge\/ford-kuga-titanium-x-klimaautom-el-heckklappe-winter\/\" title=\"Ford Kuga Titanium X Klimaautom El. Heckklappe Winter\">\n                            <img loading=\"lazy\" decoding=\"async\" width=\"300\" height=\"225\" src=\"https:\/\/ford-sachsen.de\/html\/page\/wp-content\/uploads\/2026\/05\/4746756-69f5727d07101b7e140cf-b037-4683-a50e-0d6dfc4767a3-rule-mo-1600-300x225.jpg\" class=\"attachment-medium size-medium wp-post-image\" alt=\"\" srcset=\"https:\/\/ford-sachsen.de\/html\/page\/wp-content\/uploads\/2026\/05\/4746756-69f5727d07101b7e140cf-b037-4683-a50e-0d6dfc4767a3-rule-mo-1600-300x225.jpg 300w, https:\/\/ford-sachsen.de\/html\/page\/wp-content\/uploads\/2026\/05\/4746756-69f5727d07101b7e140cf-b037-4683-a50e-0d6dfc4767a3-rule-mo-1600-1024x768.jpg 1024w, https:\/\/ford-sachsen.de\/html\/page\/wp-content\/uploads\/2026\/05\/4746756-69f5727d07101b7e140cf-b037-4683-a50e-0d6dfc4767a3-rule-mo-1600-768x576.jpg 768w, https:\/\/ford-sachsen.de\/html\/page\/wp-content\/uploads\/2026\/05\/4746756-69f5727d07101b7e140cf-b037-4683-a50e-0d6dfc4767a3-rule-mo-1600.jpg 1440w\" sizes=\"(max-width: 300px) 100vw, 300px\" \/>                        <\/a>\n                    <\/div>\n                    <div class=\"vehicle-data\">\n                                                    <small>\n                                                                04.2021                                \u00b7\n                            <\/small>\n                                                                            <small>\n                                37.362 km\n                            <\/small>\n                                                                            <small>\n                                \u00b7\n                                165 kW\n                                                                (\n                                224 PS)\n                            <\/small>\n                                                                            <small>\n                                \u00b7\n                                Automatik                            <\/small>\n                                                                            <small>\n                                \u00b7\n                                Unfallfrei                            <\/small>\n                        \n                                                    <small>\n                                \u00b7\n                                Plug-in-Hybrid                            <\/small>\n                                                                                                                            <small>\n                                \u00b7\n                                4\/5 T\u00fcren\n                            <\/small>\n                                                <ul class=\"vehicle-emission\">\n                                                                                     \n                                       \n  <!-- CO2-Emissionen\t-->\n                                        <!-- CO2-Emissionen\t-->\n                   \n \n \n\n\n                <\/ul>\n\n                    <\/div>\n\n                    <div class=\"vehicle-price\">\n                                                    <div itemprop=\"priceSpecification\" itemscope itemtype=\"http:\/\/schema.org\/UnitPriceSpecification\">\n                                <meta itemprop=\"priceCurrency\" content=\"EUR\">\n                                <meta itemprop=\"price\" content=\"18.845\">\n                                <strong>\n                                    18.845 \u20ac (Brutto)\n                                <\/strong><br><small>\n                                    MwSt. nicht ausweisbar                                <\/small>\n                            <\/div>\n                                                <br>\n                        <a href=\"https:\/\/ford-sachsen.de\/html\/page\/fahrzeuge\/ford-kuga-titanium-x-klimaautom-el-heckklappe-winter\/\"\n                            class=\"vehicle-btn wp-block-button__link wp-element-button\">Details<\/a>\n                    <\/div>\n                <\/div> <!-- \/\/ vehicle-row -->\n               \n            <\/article>\n                        <article id=\"post-4746754\" class=\"vehicle\">\n                <hgroup>\n                    <a href=\"https:\/\/ford-sachsen.de\/html\/page\/fahrzeuge\/mg-hs-phev-luxury-vorfuehrwagen-sofort-verfuegbar\/\">\n                        <h2 class=\"vehicle-title\">\n                            MG HS PHEV Luxury &#8211; Vorf\u00fchrwagen, sofort Verf\u00fcgbar!                        <\/h2>\n\n                    <\/a>\n                <\/hgroup>\n                <span class=\"vehicle-addition\">\n                    <p>\n                        SUV\/Gel\u00e4ndewagen\/Pickup ,\n                        Gebrauchtfahrzeug                    <\/p>\n                <\/span>\n                <div class=\"vehicle-row\">\n                    <div class=\"vehicle-thumbnail\">\n                        <a href=\"https:\/\/ford-sachsen.de\/html\/page\/fahrzeuge\/mg-hs-phev-luxury-vorfuehrwagen-sofort-verfuegbar\/\" title=\"MG HS PHEV Luxury &#8211; Vorf\u00fchrwagen, sofort Verf\u00fcgbar!\">\n                            <img loading=\"lazy\" decoding=\"async\" width=\"300\" height=\"225\" src=\"https:\/\/ford-sachsen.de\/html\/page\/wp-content\/uploads\/2026\/05\/4746754-69f5727abd51d6df16da2-25eb-49eb-b5bc-ae92f65f347e-rule-mo-1600-300x225.jpg\" class=\"attachment-medium size-medium wp-post-image\" alt=\"\" srcset=\"https:\/\/ford-sachsen.de\/html\/page\/wp-content\/uploads\/2026\/05\/4746754-69f5727abd51d6df16da2-25eb-49eb-b5bc-ae92f65f347e-rule-mo-1600-300x225.jpg 300w, https:\/\/ford-sachsen.de\/html\/page\/wp-content\/uploads\/2026\/05\/4746754-69f5727abd51d6df16da2-25eb-49eb-b5bc-ae92f65f347e-rule-mo-1600-1024x768.jpg 1024w, https:\/\/ford-sachsen.de\/html\/page\/wp-content\/uploads\/2026\/05\/4746754-69f5727abd51d6df16da2-25eb-49eb-b5bc-ae92f65f347e-rule-mo-1600-768x576.jpg 768w, https:\/\/ford-sachsen.de\/html\/page\/wp-content\/uploads\/2026\/05\/4746754-69f5727abd51d6df16da2-25eb-49eb-b5bc-ae92f65f347e-rule-mo-1600.jpg 1440w\" sizes=\"(max-width: 300px) 100vw, 300px\" \/>                        <\/a>\n                    <\/div>\n                    <div class=\"vehicle-data\">\n                                                    <small>\n                                                                06.2025                                \u00b7\n                            <\/small>\n                                                                            <small>\n                                8.962 km\n                            <\/small>\n                                                                            <small>\n                                \u00b7\n                                200 kW\n                                                                (\n                                272 PS)\n                            <\/small>\n                                                                            <small>\n                                \u00b7\n                                Automatik                            <\/small>\n                                                                            <small>\n                                \u00b7\n                                Unfallfrei                            <\/small>\n                        \n                                                    <small>\n                                \u00b7\n                                Plug-in-Hybrid                            <\/small>\n                                                                                                                            <small>\n                                \u00b7\n                                4\/5 T\u00fcren\n                            <\/small>\n                                                <ul class=\"vehicle-emission\">\n                                                <span>Kraftstoffverbrauch gewichtet, kombiniert: \n                                    0.5                                 l\/100km<\/span><br>\n                                             <span>Verbrauch komb.: \n                                    5.8                                 l\/100km<\/span><br>\n                                                                <span>Stromverbrauch gewichtet, kombiniert: \n                                    14.0                                 kWh\/100km<\/span><br>\n                                                            \n                                       \n  <!-- CO2-Emissionen\t-->\n                                            <span>CO\u2082-Emissionen komb.: 14.0                                 g\/km<\/span><br>\n                                        <!-- CO2-Emissionen\t-->\n                   \n \n                         <span>CO\u2082-Klasse: \n                                    B                                <\/span><br>\n                    \n\n\n                <\/ul>\n\n                    <\/div>\n\n                    <div class=\"vehicle-price\">\n                                                    <div itemprop=\"priceSpecification\" itemscope itemtype=\"http:\/\/schema.org\/UnitPriceSpecification\">\n                                <meta itemprop=\"priceCurrency\" content=\"EUR\">\n                                <meta itemprop=\"price\" content=\"30.990\">\n                                <strong>\n                                    30.990 \u20ac (Brutto)\n                                <\/strong><br><small>\n                                    Inkl. 19% MwSt.                                <\/small>\n                            <\/div>\n                                                <br>\n                        <a href=\"https:\/\/ford-sachsen.de\/html\/page\/fahrzeuge\/mg-hs-phev-luxury-vorfuehrwagen-sofort-verfuegbar\/\"\n                            class=\"vehicle-btn wp-block-button__link wp-element-button\">Details<\/a>\n                    <\/div>\n                <\/div> <!-- \/\/ vehicle-row -->\n               \n            <\/article>\n                        <article id=\"post-4746752\" class=\"vehicle\">\n                <hgroup>\n                    <a href=\"https:\/\/ford-sachsen.de\/html\/page\/fahrzeuge\/ford-kuga-active-allradledblendfreies-fernl-winter\/\">\n                        <h2 class=\"vehicle-title\">\n                            Ford Kuga Active ALLRAD+LED+Blendfreies Fernl.+Winter                        <\/h2>\n\n                    <\/a>\n                <\/hgroup>\n                <span class=\"vehicle-addition\">\n                    <p>\n                        SUV\/Gel\u00e4ndewagen\/Pickup ,\n                        Gebrauchtfahrzeug                    <\/p>\n                <\/span>\n                <div class=\"vehicle-row\">\n                    <div class=\"vehicle-thumbnail\">\n                        <a href=\"https:\/\/ford-sachsen.de\/html\/page\/fahrzeuge\/ford-kuga-active-allradledblendfreies-fernl-winter\/\" title=\"Ford Kuga Active ALLRAD+LED+Blendfreies Fernl.+Winter\">\n                            <img loading=\"lazy\" decoding=\"async\" width=\"300\" height=\"225\" src=\"https:\/\/ford-sachsen.de\/html\/page\/wp-content\/uploads\/2026\/05\/4746752-69f57278b3bf8f6eaa8dd-8948-4625-9e7b-28bd063b7515-rule-mo-1600-300x225.jpg\" class=\"attachment-medium size-medium wp-post-image\" alt=\"\" srcset=\"https:\/\/ford-sachsen.de\/html\/page\/wp-content\/uploads\/2026\/05\/4746752-69f57278b3bf8f6eaa8dd-8948-4625-9e7b-28bd063b7515-rule-mo-1600-300x225.jpg 300w, https:\/\/ford-sachsen.de\/html\/page\/wp-content\/uploads\/2026\/05\/4746752-69f57278b3bf8f6eaa8dd-8948-4625-9e7b-28bd063b7515-rule-mo-1600-1024x768.jpg 1024w, https:\/\/ford-sachsen.de\/html\/page\/wp-content\/uploads\/2026\/05\/4746752-69f57278b3bf8f6eaa8dd-8948-4625-9e7b-28bd063b7515-rule-mo-1600-768x576.jpg 768w, https:\/\/ford-sachsen.de\/html\/page\/wp-content\/uploads\/2026\/05\/4746752-69f57278b3bf8f6eaa8dd-8948-4625-9e7b-28bd063b7515-rule-mo-1600.jpg 1440w\" sizes=\"(max-width: 300px) 100vw, 300px\" \/>                        <\/a>\n                    <\/div>\n                    <div class=\"vehicle-data\">\n                                                    <small>\n                                                                02.2025                                \u00b7\n                            <\/small>\n                                                                            <small>\n                                13.990 km\n                            <\/small>\n                                                                            <small>\n                                \u00b7\n                                134 kW\n                                                                (\n                                182 PS)\n                            <\/small>\n                                                                            <small>\n                                \u00b7\n                                Automatik                            <\/small>\n                                                                            <small>\n                                \u00b7\n                                Unfallfrei                            <\/small>\n                        \n                                                    <small>\n                                \u00b7\n                                Hybrid (Benzin\/Elektro)                            <\/small>\n                                                                                                                            <small>\n                                \u00b7\n                                4\/5 T\u00fcren\n                            <\/small>\n                                                <ul class=\"vehicle-emission\">\n                                                 <span>Verbrauch komb.: \n                                    6.4                                 l\/100km<\/span><br>\n                                                                                \n                                       \n  <!-- CO2-Emissionen\t-->\n                                            <span>CO\u2082-Emissionen komb.: 132.0                                 g\/km<\/span><br>\n                                        <!-- CO2-Emissionen\t-->\n                   \n \n                         <span>CO\u2082-Klasse: \n                                    D                                <\/span><br>\n                    \n\n\n                <\/ul>\n\n                    <\/div>\n\n                    <div class=\"vehicle-price\">\n                                                    <div itemprop=\"priceSpecification\" itemscope itemtype=\"http:\/\/schema.org\/UnitPriceSpecification\">\n                                <meta itemprop=\"priceCurrency\" content=\"EUR\">\n                                <meta itemprop=\"price\" content=\"32.865\">\n                                <strong>\n                                    32.865 \u20ac (Brutto)\n                                <\/strong><br><small>\n                                    Inkl. 19% MwSt.                                <\/small>\n                            <\/div>\n                                                <br>\n                        <a href=\"https:\/\/ford-sachsen.de\/html\/page\/fahrzeuge\/ford-kuga-active-allradledblendfreies-fernl-winter\/\"\n                            class=\"vehicle-btn wp-block-button__link wp-element-button\">Details<\/a>\n                    <\/div>\n                <\/div> <!-- \/\/ vehicle-row -->\n               \n            <\/article>\n                        <article id=\"post-4746750\" class=\"vehicle\">\n                <hgroup>\n                    <a href=\"https:\/\/ford-sachsen.de\/html\/page\/fahrzeuge\/mg-mg3-luxury-mg-pilot360-kledshz-lenkradverst\/\">\n                        <h2 class=\"vehicle-title\">\n                            MG MG3 Luxury MG Pilot+360 K+LED+SHZ+ Lenkradverst.                        <\/h2>\n\n                    <\/a>\n                <\/hgroup>\n                <span class=\"vehicle-addition\">\n                    <p>\n                        Limousine ,\n                        Gebrauchtfahrzeug                    <\/p>\n                <\/span>\n                <div class=\"vehicle-row\">\n                    <div class=\"vehicle-thumbnail\">\n                        <a href=\"https:\/\/ford-sachsen.de\/html\/page\/fahrzeuge\/mg-mg3-luxury-mg-pilot360-kledshz-lenkradverst\/\" title=\"MG MG3 Luxury MG Pilot+360 K+LED+SHZ+ Lenkradverst.\">\n                            <img loading=\"lazy\" decoding=\"async\" width=\"300\" height=\"225\" src=\"https:\/\/ford-sachsen.de\/html\/page\/wp-content\/uploads\/2026\/05\/4746750-69f57276835f09bb61222-30ce-4226-b210-c8ddd15bf6b2-rule-mo-1600-300x225.jpg\" class=\"attachment-medium size-medium wp-post-image\" alt=\"\" srcset=\"https:\/\/ford-sachsen.de\/html\/page\/wp-content\/uploads\/2026\/05\/4746750-69f57276835f09bb61222-30ce-4226-b210-c8ddd15bf6b2-rule-mo-1600-300x225.jpg 300w, https:\/\/ford-sachsen.de\/html\/page\/wp-content\/uploads\/2026\/05\/4746750-69f57276835f09bb61222-30ce-4226-b210-c8ddd15bf6b2-rule-mo-1600-1024x768.jpg 1024w, https:\/\/ford-sachsen.de\/html\/page\/wp-content\/uploads\/2026\/05\/4746750-69f57276835f09bb61222-30ce-4226-b210-c8ddd15bf6b2-rule-mo-1600-768x576.jpg 768w, https:\/\/ford-sachsen.de\/html\/page\/wp-content\/uploads\/2026\/05\/4746750-69f57276835f09bb61222-30ce-4226-b210-c8ddd15bf6b2-rule-mo-1600.jpg 1440w\" sizes=\"(max-width: 300px) 100vw, 300px\" \/>                        <\/a>\n                    <\/div>\n                    <div class=\"vehicle-data\">\n                                                    <small>\n                                                                03.2025                                \u00b7\n                            <\/small>\n                                                                            <small>\n                                10.100 km\n                            <\/small>\n                                                                            <small>\n                                \u00b7\n                                143 kW\n                                                                (\n                                194 PS)\n                            <\/small>\n                                                                            <small>\n                                \u00b7\n                                Automatik                            <\/small>\n                                                                            <small>\n                                \u00b7\n                                Unfallfrei                            <\/small>\n                        \n                                                    <small>\n                                \u00b7\n                                Hybrid (Benzin\/Elektro)                            <\/small>\n                                                                                                                            <small>\n                                \u00b7\n                                4\/5 T\u00fcren\n                            <\/small>\n                                                <ul class=\"vehicle-emission\">\n                                                 <span>Verbrauch komb.: \n                                    4.5                                 l\/100km<\/span><br>\n                                                                                \n                                       \n  <!-- CO2-Emissionen\t-->\n                                            <span>CO\u2082-Emissionen komb.: 100.0                                 g\/km<\/span><br>\n                                        <!-- CO2-Emissionen\t-->\n                   \n \n                         <span>CO\u2082-Klasse: \n                                    C                                <\/span><br>\n                    \n\n\n                <\/ul>\n\n                    <\/div>\n\n                    <div class=\"vehicle-price\">\n                                                    <div itemprop=\"priceSpecification\" itemscope itemtype=\"http:\/\/schema.org\/UnitPriceSpecification\">\n                                <meta itemprop=\"priceCurrency\" content=\"EUR\">\n                                <meta itemprop=\"price\" content=\"19.599\">\n                                <strong>\n                                    19.599 \u20ac (Brutto)\n                                <\/strong><br><small>\n                                    Inkl. 19% MwSt.                                <\/small>\n                            <\/div>\n                                                <br>\n                        <a href=\"https:\/\/ford-sachsen.de\/html\/page\/fahrzeuge\/mg-mg3-luxury-mg-pilot360-kledshz-lenkradverst\/\"\n                            class=\"vehicle-btn wp-block-button__link wp-element-button\">Details<\/a>\n                    <\/div>\n                <\/div> <!-- \/\/ vehicle-row -->\n               \n            <\/article>\n                        <article id=\"post-4746748\" class=\"vehicle\">\n                <hgroup>\n                    <a href=\"https:\/\/ford-sachsen.de\/html\/page\/fahrzeuge\/ford-kuga-st-line-gjr-led-beheizb-frontsch-lenkradh\/\">\n                        <h2 class=\"vehicle-title\">\n                            Ford Kuga ST-Line GJR LED Beheizb. Frontsch. LenkradH                        <\/h2>\n\n                    <\/a>\n                <\/hgroup>\n                <span class=\"vehicle-addition\">\n                    <p>\n                        SUV\/Gel\u00e4ndewagen\/Pickup ,\n                        Gebrauchtfahrzeug                    <\/p>\n                <\/span>\n                <div class=\"vehicle-row\">\n                    <div class=\"vehicle-thumbnail\">\n                        <a href=\"https:\/\/ford-sachsen.de\/html\/page\/fahrzeuge\/ford-kuga-st-line-gjr-led-beheizb-frontsch-lenkradh\/\" title=\"Ford Kuga ST-Line GJR LED Beheizb. Frontsch. LenkradH\">\n                            <img loading=\"lazy\" decoding=\"async\" width=\"300\" height=\"225\" src=\"https:\/\/ford-sachsen.de\/html\/page\/wp-content\/uploads\/2026\/05\/4746748-69f572742bde886dd7517-87ee-4909-975e-639c2e851869-rule-mo-1600-300x225.jpg\" class=\"attachment-medium size-medium wp-post-image\" alt=\"\" srcset=\"https:\/\/ford-sachsen.de\/html\/page\/wp-content\/uploads\/2026\/05\/4746748-69f572742bde886dd7517-87ee-4909-975e-639c2e851869-rule-mo-1600-300x225.jpg 300w, https:\/\/ford-sachsen.de\/html\/page\/wp-content\/uploads\/2026\/05\/4746748-69f572742bde886dd7517-87ee-4909-975e-639c2e851869-rule-mo-1600-1024x768.jpg 1024w, https:\/\/ford-sachsen.de\/html\/page\/wp-content\/uploads\/2026\/05\/4746748-69f572742bde886dd7517-87ee-4909-975e-639c2e851869-rule-mo-1600-768x576.jpg 768w, https:\/\/ford-sachsen.de\/html\/page\/wp-content\/uploads\/2026\/05\/4746748-69f572742bde886dd7517-87ee-4909-975e-639c2e851869-rule-mo-1600.jpg 1440w\" sizes=\"(max-width: 300px) 100vw, 300px\" \/>                        <\/a>\n                    <\/div>\n                    <div class=\"vehicle-data\">\n                                                    <small>\n                                                                05.2025                                \u00b7\n                            <\/small>\n                                                                            <small>\n                                142 km\n                            <\/small>\n                                                                            <small>\n                                \u00b7\n                                132 kW\n                                                                (\n                                179 PS)\n                            <\/small>\n                                                                            <small>\n                                \u00b7\n                                Automatik                            <\/small>\n                                                                            <small>\n                                \u00b7\n                                Unfallfrei                            <\/small>\n                        \n                                                    <small>\n                                \u00b7\n                                Hybrid (Benzin\/Elektro)                            <\/small>\n                                                                                                                            <small>\n                                \u00b7\n                                4\/5 T\u00fcren\n                            <\/small>\n                                                <ul class=\"vehicle-emission\">\n                                                 <span>Verbrauch komb.: \n                                    5.4                                 l\/100km<\/span><br>\n                                                                                \n                                       \n  <!-- CO2-Emissionen\t-->\n                                            <span>CO\u2082-Emissionen komb.: 124.0                                 g\/km<\/span><br>\n                                        <!-- CO2-Emissionen\t-->\n                   \n \n                         <span>CO\u2082-Klasse: \n                                    D                                <\/span><br>\n                    \n\n\n                <\/ul>\n\n                    <\/div>\n\n                    <div class=\"vehicle-price\">\n                                                    <div itemprop=\"priceSpecification\" itemscope itemtype=\"http:\/\/schema.org\/UnitPriceSpecification\">\n                                <meta itemprop=\"priceCurrency\" content=\"EUR\">\n                                <meta itemprop=\"price\" content=\"35.499\">\n                                <strong>\n                                    35.499 \u20ac (Brutto)\n                                <\/strong><br><small>\n                                    Inkl. 19% MwSt.                                <\/small>\n                            <\/div>\n                                                <br>\n                        <a href=\"https:\/\/ford-sachsen.de\/html\/page\/fahrzeuge\/ford-kuga-st-line-gjr-led-beheizb-frontsch-lenkradh\/\"\n                            class=\"vehicle-btn wp-block-button__link wp-element-button\">Details<\/a>\n                    <\/div>\n                <\/div> <!-- \/\/ vehicle-row -->\n               \n            <\/article>\n                        <article id=\"post-4746746\" class=\"vehicle\">\n                <hgroup>\n                    <a href=\"https:\/\/ford-sachsen.de\/html\/page\/fahrzeuge\/ford-puma-titanium-navi-led-klimaautom-lenkradhzg-dab\/\">\n                        <h2 class=\"vehicle-title\">\n                            Ford Puma Titanium Navi LED Klimaautom LenkradHZG DAB                        <\/h2>\n\n                    <\/a>\n                <\/hgroup>\n                <span class=\"vehicle-addition\">\n                    <p>\n                        SUV\/Gel\u00e4ndewagen\/Pickup ,\n                        Gebrauchtfahrzeug                    <\/p>\n                <\/span>\n                <div class=\"vehicle-row\">\n                    <div class=\"vehicle-thumbnail\">\n                        <a href=\"https:\/\/ford-sachsen.de\/html\/page\/fahrzeuge\/ford-puma-titanium-navi-led-klimaautom-lenkradhzg-dab\/\" title=\"Ford Puma Titanium Navi LED Klimaautom LenkradHZG DAB\">\n                            <img loading=\"lazy\" decoding=\"async\" width=\"300\" height=\"225\" src=\"https:\/\/ford-sachsen.de\/html\/page\/wp-content\/uploads\/2026\/05\/4746746-69f57271e4c05d5c61a2f-5068-4493-a1ce-e1d7679fabda-rule-mo-1600-300x225.jpg\" class=\"attachment-medium size-medium wp-post-image\" alt=\"\" srcset=\"https:\/\/ford-sachsen.de\/html\/page\/wp-content\/uploads\/2026\/05\/4746746-69f57271e4c05d5c61a2f-5068-4493-a1ce-e1d7679fabda-rule-mo-1600-300x225.jpg 300w, https:\/\/ford-sachsen.de\/html\/page\/wp-content\/uploads\/2026\/05\/4746746-69f57271e4c05d5c61a2f-5068-4493-a1ce-e1d7679fabda-rule-mo-1600-1024x768.jpg 1024w, https:\/\/ford-sachsen.de\/html\/page\/wp-content\/uploads\/2026\/05\/4746746-69f57271e4c05d5c61a2f-5068-4493-a1ce-e1d7679fabda-rule-mo-1600-768x576.jpg 768w, https:\/\/ford-sachsen.de\/html\/page\/wp-content\/uploads\/2026\/05\/4746746-69f57271e4c05d5c61a2f-5068-4493-a1ce-e1d7679fabda-rule-mo-1600.jpg 1440w\" sizes=\"(max-width: 300px) 100vw, 300px\" \/>                        <\/a>\n                    <\/div>\n                    <div class=\"vehicle-data\">\n                                                    <small>\n                                                                12.2024                                \u00b7\n                            <\/small>\n                                                                            <small>\n                                2 km\n                            <\/small>\n                                                                            <small>\n                                \u00b7\n                                92 kW\n                                                                (\n                                125 PS)\n                            <\/small>\n                                                                            <small>\n                                \u00b7\n                                Schaltgetriebe                            <\/small>\n                                                                            <small>\n                                \u00b7\n                                Unfallfrei                            <\/small>\n                        \n                                                    <small>\n                                \u00b7\n                                Benzin                            <\/small>\n                                                                                                                            <small>\n                                \u00b7\n                                4\/5 T\u00fcren\n                            <\/small>\n                                                <ul class=\"vehicle-emission\">\n                                                 <span>Verbrauch komb.: \n                                    6.0                                 l\/100km<\/span><br>\n                                                                                \n                                       \n  <!-- CO2-Emissionen\t-->\n                                            <span>CO\u2082-Emissionen komb.: 135.0                                 g\/km<\/span><br>\n                                        <!-- CO2-Emissionen\t-->\n                   \n \n                         <span>CO\u2082-Klasse: \n                                    D                                <\/span><br>\n                    \n\n\n                <\/ul>\n\n                    <\/div>\n\n                    <div class=\"vehicle-price\">\n                                                    <div itemprop=\"priceSpecification\" itemscope itemtype=\"http:\/\/schema.org\/UnitPriceSpecification\">\n                                <meta itemprop=\"priceCurrency\" content=\"EUR\">\n                                <meta itemprop=\"price\" content=\"22.300\">\n                                <strong>\n                                    22.300 \u20ac (Brutto)\n                                <\/strong><br><small>\n                                    Inkl. 19% MwSt.                                <\/small>\n                            <\/div>\n                                                <br>\n                        <a href=\"https:\/\/ford-sachsen.de\/html\/page\/fahrzeuge\/ford-puma-titanium-navi-led-klimaautom-lenkradhzg-dab\/\"\n                            class=\"vehicle-btn wp-block-button__link wp-element-button\">Details<\/a>\n                    <\/div>\n                <\/div> <!-- \/\/ vehicle-row -->\n               \n            <\/article>\n                        <article id=\"post-4746744\" class=\"vehicle\">\n                <hgroup>\n                    <a href=\"https:\/\/ford-sachsen.de\/html\/page\/fahrzeuge\/ford-tourneo-courier-trend-klima-dab-shz-lenkradhzg-s\/\">\n                        <h2 class=\"vehicle-title\">\n                            Ford Tourneo Courier Trend Klima DAB SHZ LenkradHZG S                        <\/h2>\n\n                    <\/a>\n                <\/hgroup>\n                <span class=\"vehicle-addition\">\n                    <p>\n                        Van\/Minibus ,\n                        Gebrauchtfahrzeug                    <\/p>\n                <\/span>\n                <div class=\"vehicle-row\">\n                    <div class=\"vehicle-thumbnail\">\n                        <a href=\"https:\/\/ford-sachsen.de\/html\/page\/fahrzeuge\/ford-tourneo-courier-trend-klima-dab-shz-lenkradhzg-s\/\" title=\"Ford Tourneo Courier Trend Klima DAB SHZ LenkradHZG S\">\n                            <img loading=\"lazy\" decoding=\"async\" width=\"300\" height=\"225\" src=\"https:\/\/ford-sachsen.de\/html\/page\/wp-content\/uploads\/2026\/05\/4746744-69f5726fbfb35536f7686-4998-4a38-a547-a300f0e6c22c-rule-mo-1600-300x225.jpg\" class=\"attachment-medium size-medium wp-post-image\" alt=\"\" srcset=\"https:\/\/ford-sachsen.de\/html\/page\/wp-content\/uploads\/2026\/05\/4746744-69f5726fbfb35536f7686-4998-4a38-a547-a300f0e6c22c-rule-mo-1600-300x225.jpg 300w, https:\/\/ford-sachsen.de\/html\/page\/wp-content\/uploads\/2026\/05\/4746744-69f5726fbfb35536f7686-4998-4a38-a547-a300f0e6c22c-rule-mo-1600-1024x768.jpg 1024w, https:\/\/ford-sachsen.de\/html\/page\/wp-content\/uploads\/2026\/05\/4746744-69f5726fbfb35536f7686-4998-4a38-a547-a300f0e6c22c-rule-mo-1600-768x576.jpg 768w, https:\/\/ford-sachsen.de\/html\/page\/wp-content\/uploads\/2026\/05\/4746744-69f5726fbfb35536f7686-4998-4a38-a547-a300f0e6c22c-rule-mo-1600.jpg 1440w\" sizes=\"(max-width: 300px) 100vw, 300px\" \/>                        <\/a>\n                    <\/div>\n                    <div class=\"vehicle-data\">\n                                                    <small>\n                                                                01.2025                                \u00b7\n                            <\/small>\n                                                                            <small>\n                                15.990 km\n                            <\/small>\n                                                                            <small>\n                                \u00b7\n                                92 kW\n                                                                (\n                                125 PS)\n                            <\/small>\n                                                                            <small>\n                                \u00b7\n                                Schaltgetriebe                            <\/small>\n                                                                            <small>\n                                \u00b7\n                                Unfallfrei                            <\/small>\n                        \n                                                    <small>\n                                \u00b7\n                                Benzin                            <\/small>\n                                                                                                                            <small>\n                                \u00b7\n                                4\/5 T\u00fcren\n                            <\/small>\n                                                <ul class=\"vehicle-emission\">\n                                                 <span>Verbrauch komb.: \n                                    7.0                                 l\/100km<\/span><br>\n                                                                                \n                                       \n  <!-- CO2-Emissionen\t-->\n                                            <span>CO\u2082-Emissionen komb.: 159.0                                 g\/km<\/span><br>\n                                        <!-- CO2-Emissionen\t-->\n                   \n \n                         <span>CO\u2082-Klasse: \n                                    F                                <\/span><br>\n                    \n\n\n                <\/ul>\n\n                    <\/div>\n\n                    <div class=\"vehicle-price\">\n                                                    <div itemprop=\"priceSpecification\" itemscope itemtype=\"http:\/\/schema.org\/UnitPriceSpecification\">\n                                <meta itemprop=\"priceCurrency\" content=\"EUR\">\n                                <meta itemprop=\"price\" content=\"21.785\">\n                                <strong>\n                                    21.785 \u20ac (Brutto)\n                                <\/strong><br><small>\n                                    Inkl. 19% MwSt.                                <\/small>\n                            <\/div>\n                                                <br>\n                        <a href=\"https:\/\/ford-sachsen.de\/html\/page\/fahrzeuge\/ford-tourneo-courier-trend-klima-dab-shz-lenkradhzg-s\/\"\n                            class=\"vehicle-btn wp-block-button__link wp-element-button\">Details<\/a>\n                    <\/div>\n                <\/div> <!-- \/\/ vehicle-row -->\n               \n            <\/article>\n                        <article id=\"post-4746742\" class=\"vehicle\">\n                <hgroup>\n                    <a href=\"https:\/\/ford-sachsen.de\/html\/page\/fahrzeuge\/ford-puma-titanium-naviledbeheizb-frontsch-multif-2\/\">\n                        <h2 class=\"vehicle-title\">\n                            Ford Puma Titanium Navi+LED+Beheizb. Frontsch.+Multif                        <\/h2>\n\n                    <\/a>\n                <\/hgroup>\n                <span class=\"vehicle-addition\">\n                    <p>\n                        SUV\/Gel\u00e4ndewagen\/Pickup ,\n                        Gebrauchtfahrzeug                    <\/p>\n                <\/span>\n                <div class=\"vehicle-row\">\n                    <div class=\"vehicle-thumbnail\">\n                        <a href=\"https:\/\/ford-sachsen.de\/html\/page\/fahrzeuge\/ford-puma-titanium-naviledbeheizb-frontsch-multif-2\/\" title=\"Ford Puma Titanium Navi+LED+Beheizb. Frontsch.+Multif\">\n                            <img loading=\"lazy\" decoding=\"async\" width=\"300\" height=\"225\" src=\"https:\/\/ford-sachsen.de\/html\/page\/wp-content\/uploads\/2026\/05\/4746742-69f5726db34853ea27bbc-c9cf-4d78-a1e0-709cb9e3ccda-rule-mo-1600-300x225.jpg\" class=\"attachment-medium size-medium wp-post-image\" alt=\"\" srcset=\"https:\/\/ford-sachsen.de\/html\/page\/wp-content\/uploads\/2026\/05\/4746742-69f5726db34853ea27bbc-c9cf-4d78-a1e0-709cb9e3ccda-rule-mo-1600-300x225.jpg 300w, https:\/\/ford-sachsen.de\/html\/page\/wp-content\/uploads\/2026\/05\/4746742-69f5726db34853ea27bbc-c9cf-4d78-a1e0-709cb9e3ccda-rule-mo-1600-1024x768.jpg 1024w, https:\/\/ford-sachsen.de\/html\/page\/wp-content\/uploads\/2026\/05\/4746742-69f5726db34853ea27bbc-c9cf-4d78-a1e0-709cb9e3ccda-rule-mo-1600-768x576.jpg 768w, https:\/\/ford-sachsen.de\/html\/page\/wp-content\/uploads\/2026\/05\/4746742-69f5726db34853ea27bbc-c9cf-4d78-a1e0-709cb9e3ccda-rule-mo-1600.jpg 1440w\" sizes=\"(max-width: 300px) 100vw, 300px\" \/>                        <\/a>\n                    <\/div>\n                    <div class=\"vehicle-data\">\n                                                    <small>\n                                                                05.2025                                \u00b7\n                            <\/small>\n                                                                            <small>\n                                2 km\n                            <\/small>\n                                                                            <small>\n                                \u00b7\n                                92 kW\n                                                                (\n                                125 PS)\n                            <\/small>\n                                                                            <small>\n                                \u00b7\n                                Schaltgetriebe                            <\/small>\n                                                                            <small>\n                                \u00b7\n                                Unfallfrei                            <\/small>\n                        \n                                                    <small>\n                                \u00b7\n                                Benzin                            <\/small>\n                                                                                                                            <small>\n                                \u00b7\n                                4\/5 T\u00fcren\n                            <\/small>\n                                                <ul class=\"vehicle-emission\">\n                                                 <span>Verbrauch komb.: \n                                    5.4                                 l\/100km<\/span><br>\n                                                                                \n                                       \n  <!-- CO2-Emissionen\t-->\n                                            <span>CO\u2082-Emissionen komb.: 121.0                                 g\/km<\/span><br>\n                                        <!-- CO2-Emissionen\t-->\n                   \n \n                         <span>CO\u2082-Klasse: \n                                    D                                <\/span><br>\n                    \n\n\n                <\/ul>\n\n                    <\/div>\n\n                    <div class=\"vehicle-price\">\n                                                    <div itemprop=\"priceSpecification\" itemscope itemtype=\"http:\/\/schema.org\/UnitPriceSpecification\">\n                                <meta itemprop=\"priceCurrency\" content=\"EUR\">\n                                <meta itemprop=\"price\" content=\"21.995\">\n                                <strong>\n                                    21.995 \u20ac (Brutto)\n                                <\/strong><br><small>\n                                    Inkl. 19% MwSt.                                <\/small>\n                            <\/div>\n                                                <br>\n                        <a href=\"https:\/\/ford-sachsen.de\/html\/page\/fahrzeuge\/ford-puma-titanium-naviledbeheizb-frontsch-multif-2\/\"\n                            class=\"vehicle-btn wp-block-button__link wp-element-button\">Details<\/a>\n                    <\/div>\n                <\/div> <!-- \/\/ vehicle-row -->\n               \n            <\/article>\n                        <article id=\"post-4746738\" class=\"vehicle\">\n                <hgroup>\n                    <a href=\"https:\/\/ford-sachsen.de\/html\/page\/fahrzeuge\/ford-puma-st-line-125ps-kamera-led-navi-winterpaket-k\/\">\n                        <h2 class=\"vehicle-title\">\n                            Ford Puma ST-Line 125PS Kamera LED Navi Winterpaket K                        <\/h2>\n\n                    <\/a>\n                <\/hgroup>\n                <span class=\"vehicle-addition\">\n                    <p>\n                        SUV\/Gel\u00e4ndewagen\/Pickup ,\n                        Gebrauchtfahrzeug                    <\/p>\n                <\/span>\n                <div class=\"vehicle-row\">\n                    <div class=\"vehicle-thumbnail\">\n                        <a href=\"https:\/\/ford-sachsen.de\/html\/page\/fahrzeuge\/ford-puma-st-line-125ps-kamera-led-navi-winterpaket-k\/\" title=\"Ford Puma ST-Line 125PS Kamera LED Navi Winterpaket K\">\n                            <img loading=\"lazy\" decoding=\"async\" width=\"300\" height=\"225\" src=\"https:\/\/ford-sachsen.de\/html\/page\/wp-content\/uploads\/2026\/05\/4746738-69f571876f2e8ab610180-4aba-4d50-87de-f65152158cc1-rule-mo-1600-300x225.jpg\" class=\"attachment-medium size-medium wp-post-image\" alt=\"\" srcset=\"https:\/\/ford-sachsen.de\/html\/page\/wp-content\/uploads\/2026\/05\/4746738-69f571876f2e8ab610180-4aba-4d50-87de-f65152158cc1-rule-mo-1600-300x225.jpg 300w, https:\/\/ford-sachsen.de\/html\/page\/wp-content\/uploads\/2026\/05\/4746738-69f571876f2e8ab610180-4aba-4d50-87de-f65152158cc1-rule-mo-1600-1024x768.jpg 1024w, https:\/\/ford-sachsen.de\/html\/page\/wp-content\/uploads\/2026\/05\/4746738-69f571876f2e8ab610180-4aba-4d50-87de-f65152158cc1-rule-mo-1600-768x576.jpg 768w, https:\/\/ford-sachsen.de\/html\/page\/wp-content\/uploads\/2026\/05\/4746738-69f571876f2e8ab610180-4aba-4d50-87de-f65152158cc1-rule-mo-1600.jpg 1440w\" sizes=\"(max-width: 300px) 100vw, 300px\" \/>                        <\/a>\n                    <\/div>\n                    <div class=\"vehicle-data\">\n                                                    <small>\n                                                                11.2024                                \u00b7\n                            <\/small>\n                                                                            <small>\n                                5.907 km\n                            <\/small>\n                                                                            <small>\n                                \u00b7\n                                92 kW\n                                                                (\n                                125 PS)\n                            <\/small>\n                                                                            <small>\n                                \u00b7\n                                Schaltgetriebe                            <\/small>\n                                                                            <small>\n                                \u00b7\n                                Unfallfrei                            <\/small>\n                        \n                                                    <small>\n                                \u00b7\n                                Benzin                            <\/small>\n                                                                                                                            <small>\n                                \u00b7\n                                4\/5 T\u00fcren\n                            <\/small>\n                                                <ul class=\"vehicle-emission\">\n                                                 <span>Verbrauch komb.: \n                                    5.5                                 l\/100km<\/span><br>\n                                                                                \n                                       \n  <!-- CO2-Emissionen\t-->\n                                            <span>CO\u2082-Emissionen komb.: 124.0                                 g\/km<\/span><br>\n                                        <!-- CO2-Emissionen\t-->\n                   \n \n                         <span>CO\u2082-Klasse: \n                                    D                                <\/span><br>\n                    \n\n\n                <\/ul>\n\n                    <\/div>\n\n                    <div class=\"vehicle-price\">\n                                                    <div itemprop=\"priceSpecification\" itemscope itemtype=\"http:\/\/schema.org\/UnitPriceSpecification\">\n                                <meta itemprop=\"priceCurrency\" content=\"EUR\">\n                                <meta itemprop=\"price\" content=\"23.990\">\n                                <strong>\n                                    23.990 \u20ac (Brutto)\n                                <\/strong><br><small>\n                                    Inkl. 19% MwSt.                                <\/small>\n                            <\/div>\n                                                <br>\n                        <a href=\"https:\/\/ford-sachsen.de\/html\/page\/fahrzeuge\/ford-puma-st-line-125ps-kamera-led-navi-winterpaket-k\/\"\n                            class=\"vehicle-btn wp-block-button__link wp-element-button\">Details<\/a>\n                    <\/div>\n                <\/div> <!-- \/\/ vehicle-row -->\n               \n            <\/article>\n                        <article id=\"post-4746736\" class=\"vehicle\">\n                <hgroup>\n                    <a href=\"https:\/\/ford-sachsen.de\/html\/page\/fahrzeuge\/ford-transit-custom-kasten-basis-280-l1-beif-airb\/\">\n                        <h2 class=\"vehicle-title\">\n                            Ford Transit Custom Kasten Basis  280 L1 Beif.-Airb.                        <\/h2>\n\n                    <\/a>\n                <\/hgroup>\n                <span class=\"vehicle-addition\">\n                    <p>\n                        Van\/Minibus ,\n                        Gebrauchtfahrzeug                    <\/p>\n                <\/span>\n                <div class=\"vehicle-row\">\n                    <div class=\"vehicle-thumbnail\">\n                        <a href=\"https:\/\/ford-sachsen.de\/html\/page\/fahrzeuge\/ford-transit-custom-kasten-basis-280-l1-beif-airb\/\" title=\"Ford Transit Custom Kasten Basis  280 L1 Beif.-Airb.\">\n                            <img loading=\"lazy\" decoding=\"async\" width=\"300\" height=\"225\" src=\"https:\/\/ford-sachsen.de\/html\/page\/wp-content\/uploads\/2026\/05\/4746736-69f57185c9ef29afc2469-00e7-4a04-9cd5-0e5cef7e8626-rule-mo-1600-300x225.jpg\" class=\"attachment-medium size-medium wp-post-image\" alt=\"\" srcset=\"https:\/\/ford-sachsen.de\/html\/page\/wp-content\/uploads\/2026\/05\/4746736-69f57185c9ef29afc2469-00e7-4a04-9cd5-0e5cef7e8626-rule-mo-1600-300x225.jpg 300w, https:\/\/ford-sachsen.de\/html\/page\/wp-content\/uploads\/2026\/05\/4746736-69f57185c9ef29afc2469-00e7-4a04-9cd5-0e5cef7e8626-rule-mo-1600-1024x768.jpg 1024w, https:\/\/ford-sachsen.de\/html\/page\/wp-content\/uploads\/2026\/05\/4746736-69f57185c9ef29afc2469-00e7-4a04-9cd5-0e5cef7e8626-rule-mo-1600-768x576.jpg 768w, https:\/\/ford-sachsen.de\/html\/page\/wp-content\/uploads\/2026\/05\/4746736-69f57185c9ef29afc2469-00e7-4a04-9cd5-0e5cef7e8626-rule-mo-1600.jpg 1440w\" sizes=\"(max-width: 300px) 100vw, 300px\" \/>                        <\/a>\n                    <\/div>\n                    <div class=\"vehicle-data\">\n                                                    <small>\n                                                                01.2025                                \u00b7\n                            <\/small>\n                                                                            <small>\n                                150 km\n                            <\/small>\n                                                                            <small>\n                                \u00b7\n                                81 kW\n                                                                (\n                                110 PS)\n                            <\/small>\n                                                                            <small>\n                                \u00b7\n                                Schaltgetriebe                            <\/small>\n                                                                            <small>\n                                \u00b7\n                                Unfallfrei                            <\/small>\n                        \n                                                    <small>\n                                \u00b7\n                                Diesel                            <\/small>\n                                                                                                                            <small>\n                                \u00b7\n                                4\/5 T\u00fcren\n                            <\/small>\n                                                <ul class=\"vehicle-emission\">\n                                                 <span>Verbrauch komb.: \n                                    7.0                                 l\/100km<\/span><br>\n                                                                                \n                                       \n  <!-- CO2-Emissionen\t-->\n                                            <span>CO\u2082-Emissionen komb.: 228.0                                 g\/km<\/span><br>\n                                        <!-- CO2-Emissionen\t-->\n                   \n \n                         <span>CO\u2082-Klasse: \n                                    G                                <\/span><br>\n                    \n\n\n                <\/ul>\n\n                    <\/div>\n\n                    <div class=\"vehicle-price\">\n                                                    <div itemprop=\"priceSpecification\" itemscope itemtype=\"http:\/\/schema.org\/UnitPriceSpecification\">\n                                <meta itemprop=\"priceCurrency\" content=\"EUR\">\n                                <meta itemprop=\"price\" content=\"31.399\">\n                                <strong>\n                                    31.399 \u20ac (Brutto)\n                                <\/strong><br><small>\n                                    Inkl. 19% MwSt.                                <\/small>\n                            <\/div>\n                                                <br>\n                        <a href=\"https:\/\/ford-sachsen.de\/html\/page\/fahrzeuge\/ford-transit-custom-kasten-basis-280-l1-beif-airb\/\"\n                            class=\"vehicle-btn wp-block-button__link wp-element-button\">Details<\/a>\n                    <\/div>\n                <\/div> <!-- \/\/ vehicle-row -->\n               \n            <\/article>\n                        <article id=\"post-4746734\" class=\"vehicle\">\n                <hgroup>\n                    <a href=\"https:\/\/ford-sachsen.de\/html\/page\/fahrzeuge\/ford-puma-titanium-navi-led-klima-winterpaket-digital\/\">\n                        <h2 class=\"vehicle-title\">\n                            Ford Puma Titanium Navi LED Klima Winterpaket digital                        <\/h2>\n\n                    <\/a>\n                <\/hgroup>\n                <span class=\"vehicle-addition\">\n                    <p>\n                        SUV\/Gel\u00e4ndewagen\/Pickup ,\n                        Gebrauchtfahrzeug                    <\/p>\n                <\/span>\n                <div class=\"vehicle-row\">\n                    <div class=\"vehicle-thumbnail\">\n                        <a href=\"https:\/\/ford-sachsen.de\/html\/page\/fahrzeuge\/ford-puma-titanium-navi-led-klima-winterpaket-digital\/\" title=\"Ford Puma Titanium Navi LED Klima Winterpaket digital\">\n                            <img loading=\"lazy\" decoding=\"async\" width=\"300\" height=\"225\" src=\"https:\/\/ford-sachsen.de\/html\/page\/wp-content\/uploads\/2026\/05\/4746734-69f571842a1351c2dbf56-be57-49ff-9348-b2dd2ebb039d-rule-mo-1600-300x225.jpg\" class=\"attachment-medium size-medium wp-post-image\" alt=\"\" srcset=\"https:\/\/ford-sachsen.de\/html\/page\/wp-content\/uploads\/2026\/05\/4746734-69f571842a1351c2dbf56-be57-49ff-9348-b2dd2ebb039d-rule-mo-1600-300x225.jpg 300w, https:\/\/ford-sachsen.de\/html\/page\/wp-content\/uploads\/2026\/05\/4746734-69f571842a1351c2dbf56-be57-49ff-9348-b2dd2ebb039d-rule-mo-1600-1024x768.jpg 1024w, https:\/\/ford-sachsen.de\/html\/page\/wp-content\/uploads\/2026\/05\/4746734-69f571842a1351c2dbf56-be57-49ff-9348-b2dd2ebb039d-rule-mo-1600-768x576.jpg 768w, https:\/\/ford-sachsen.de\/html\/page\/wp-content\/uploads\/2026\/05\/4746734-69f571842a1351c2dbf56-be57-49ff-9348-b2dd2ebb039d-rule-mo-1600.jpg 1440w\" sizes=\"(max-width: 300px) 100vw, 300px\" \/>                        <\/a>\n                    <\/div>\n                    <div class=\"vehicle-data\">\n                                                    <small>\n                                                                05.2025                                \u00b7\n                            <\/small>\n                                                                            <small>\n                                2 km\n                            <\/small>\n                                                                            <small>\n                                \u00b7\n                                92 kW\n                                                                (\n                                125 PS)\n                            <\/small>\n                                                                            <small>\n                                \u00b7\n                                Schaltgetriebe                            <\/small>\n                                                                            <small>\n                                \u00b7\n                                Unfallfrei                            <\/small>\n                        \n                                                    <small>\n                                \u00b7\n                                Benzin                            <\/small>\n                                                                                                                            <small>\n                                \u00b7\n                                4\/5 T\u00fcren\n                            <\/small>\n                                                <ul class=\"vehicle-emission\">\n                                                 <span>Verbrauch komb.: \n                                    5.4                                 l\/100km<\/span><br>\n                                                                                \n                                       \n  <!-- CO2-Emissionen\t-->\n                                            <span>CO\u2082-Emissionen komb.: 121.0                                 g\/km<\/span><br>\n                                        <!-- CO2-Emissionen\t-->\n                   \n \n                         <span>CO\u2082-Klasse: \n                                    D                                <\/span><br>\n                    \n\n\n                <\/ul>\n\n                    <\/div>\n\n                    <div class=\"vehicle-price\">\n                                                    <div itemprop=\"priceSpecification\" itemscope itemtype=\"http:\/\/schema.org\/UnitPriceSpecification\">\n                                <meta itemprop=\"priceCurrency\" content=\"EUR\">\n                                <meta itemprop=\"price\" content=\"21.995\">\n                                <strong>\n                                    21.995 \u20ac (Brutto)\n                                <\/strong><br><small>\n                                    Inkl. 19% MwSt.                                <\/small>\n                            <\/div>\n                                                <br>\n                        <a href=\"https:\/\/ford-sachsen.de\/html\/page\/fahrzeuge\/ford-puma-titanium-navi-led-klima-winterpaket-digital\/\"\n                            class=\"vehicle-btn wp-block-button__link wp-element-button\">Details<\/a>\n                    <\/div>\n                <\/div> <!-- \/\/ vehicle-row -->\n               \n            <\/article>\n                        <article id=\"post-4746732\" class=\"vehicle\">\n                <hgroup>\n                    <a href=\"https:\/\/ford-sachsen.de\/html\/page\/fahrzeuge\/ford-puma-st-line-lenkradhzgledlordosestuetzewinter\/\">\n                        <h2 class=\"vehicle-title\">\n                            Ford Puma ST-Line LenkradHZG+LED+Lordosest\u00fctze+Winter                        <\/h2>\n\n                    <\/a>\n                <\/hgroup>\n                <span class=\"vehicle-addition\">\n                    <p>\n                        SUV\/Gel\u00e4ndewagen\/Pickup ,\n                        Gebrauchtfahrzeug                    <\/p>\n                <\/span>\n                <div class=\"vehicle-row\">\n                    <div class=\"vehicle-thumbnail\">\n                        <a href=\"https:\/\/ford-sachsen.de\/html\/page\/fahrzeuge\/ford-puma-st-line-lenkradhzgledlordosestuetzewinter\/\" title=\"Ford Puma ST-Line LenkradHZG+LED+Lordosest\u00fctze+Winter\">\n                            <img loading=\"lazy\" decoding=\"async\" width=\"300\" height=\"225\" src=\"https:\/\/ford-sachsen.de\/html\/page\/wp-content\/uploads\/2026\/05\/4746732-69f5718282e2892ea07fe-bf2e-4bd7-8470-944bb95cc39b-rule-mo-1600-300x225.jpg\" class=\"attachment-medium size-medium wp-post-image\" alt=\"\" srcset=\"https:\/\/ford-sachsen.de\/html\/page\/wp-content\/uploads\/2026\/05\/4746732-69f5718282e2892ea07fe-bf2e-4bd7-8470-944bb95cc39b-rule-mo-1600-300x225.jpg 300w, https:\/\/ford-sachsen.de\/html\/page\/wp-content\/uploads\/2026\/05\/4746732-69f5718282e2892ea07fe-bf2e-4bd7-8470-944bb95cc39b-rule-mo-1600-1024x768.jpg 1024w, https:\/\/ford-sachsen.de\/html\/page\/wp-content\/uploads\/2026\/05\/4746732-69f5718282e2892ea07fe-bf2e-4bd7-8470-944bb95cc39b-rule-mo-1600-768x576.jpg 768w, https:\/\/ford-sachsen.de\/html\/page\/wp-content\/uploads\/2026\/05\/4746732-69f5718282e2892ea07fe-bf2e-4bd7-8470-944bb95cc39b-rule-mo-1600.jpg 1440w\" sizes=\"(max-width: 300px) 100vw, 300px\" \/>                        <\/a>\n                    <\/div>\n                    <div class=\"vehicle-data\">\n                                                    <small>\n                                                                03.2025                                \u00b7\n                            <\/small>\n                                                                            <small>\n                                124 km\n                            <\/small>\n                                                                            <small>\n                                \u00b7\n                                92 kW\n                                                                (\n                                125 PS)\n                            <\/small>\n                                                                            <small>\n                                \u00b7\n                                Schaltgetriebe                            <\/small>\n                                                                            <small>\n                                \u00b7\n                                Unfallfrei                            <\/small>\n                        \n                                                    <small>\n                                \u00b7\n                                Benzin                            <\/small>\n                                                                                                                            <small>\n                                \u00b7\n                                4\/5 T\u00fcren\n                            <\/small>\n                                                <ul class=\"vehicle-emission\">\n                                                 <span>Verbrauch komb.: \n                                    5.5                                 l\/100km<\/span><br>\n                                                                                \n                                       \n  <!-- CO2-Emissionen\t-->\n                                            <span>CO\u2082-Emissionen komb.: 124.0                                 g\/km<\/span><br>\n                                        <!-- CO2-Emissionen\t-->\n                   \n \n                         <span>CO\u2082-Klasse: \n                                    D                                <\/span><br>\n                    \n\n\n                <\/ul>\n\n                    <\/div>\n\n                    <div class=\"vehicle-price\">\n                                                    <div itemprop=\"priceSpecification\" itemscope itemtype=\"http:\/\/schema.org\/UnitPriceSpecification\">\n                                <meta itemprop=\"priceCurrency\" content=\"EUR\">\n                                <meta itemprop=\"price\" content=\"22.998\">\n                                <strong>\n                                    22.998 \u20ac (Brutto)\n                                <\/strong><br><small>\n                                    Inkl. 19% MwSt.                                <\/small>\n                            <\/div>\n                                                <br>\n                        <a href=\"https:\/\/ford-sachsen.de\/html\/page\/fahrzeuge\/ford-puma-st-line-lenkradhzgledlordosestuetzewinter\/\"\n                            class=\"vehicle-btn wp-block-button__link wp-element-button\">Details<\/a>\n                    <\/div>\n                <\/div> <!-- \/\/ vehicle-row -->\n               \n            <\/article>\n                        <article id=\"post-4746730\" class=\"vehicle\">\n                <hgroup>\n                    <a href=\"https:\/\/ford-sachsen.de\/html\/page\/fahrzeuge\/ford-transit-custom-kasten-e-320-l1-trend-rwd-navi-ac\/\">\n                        <h2 class=\"vehicle-title\">\n                            Ford Transit Custom Kasten E 320 L1 Trend RWD Navi AC                        <\/h2>\n\n                    <\/a>\n                <\/hgroup>\n                <span class=\"vehicle-addition\">\n                    <p>\n                        Andere ,\n                        Gebrauchtfahrzeug                    <\/p>\n                <\/span>\n                <div class=\"vehicle-row\">\n                    <div class=\"vehicle-thumbnail\">\n                        <a href=\"https:\/\/ford-sachsen.de\/html\/page\/fahrzeuge\/ford-transit-custom-kasten-e-320-l1-trend-rwd-navi-ac\/\" title=\"Ford Transit Custom Kasten E 320 L1 Trend RWD Navi AC\">\n                            <img loading=\"lazy\" decoding=\"async\" width=\"300\" height=\"225\" src=\"https:\/\/ford-sachsen.de\/html\/page\/wp-content\/uploads\/2026\/05\/4746730-69f57180da20300f833bf-cbd3-431f-87ca-4d8b5e5ea6d2-rule-mo-1600-300x225.jpg\" class=\"attachment-medium size-medium wp-post-image\" alt=\"\" srcset=\"https:\/\/ford-sachsen.de\/html\/page\/wp-content\/uploads\/2026\/05\/4746730-69f57180da20300f833bf-cbd3-431f-87ca-4d8b5e5ea6d2-rule-mo-1600-300x225.jpg 300w, https:\/\/ford-sachsen.de\/html\/page\/wp-content\/uploads\/2026\/05\/4746730-69f57180da20300f833bf-cbd3-431f-87ca-4d8b5e5ea6d2-rule-mo-1600-1024x768.jpg 1024w, https:\/\/ford-sachsen.de\/html\/page\/wp-content\/uploads\/2026\/05\/4746730-69f57180da20300f833bf-cbd3-431f-87ca-4d8b5e5ea6d2-rule-mo-1600-768x576.jpg 768w, https:\/\/ford-sachsen.de\/html\/page\/wp-content\/uploads\/2026\/05\/4746730-69f57180da20300f833bf-cbd3-431f-87ca-4d8b5e5ea6d2-rule-mo-1600.jpg 1440w\" sizes=\"(max-width: 300px) 100vw, 300px\" \/>                        <\/a>\n                    <\/div>\n                    <div class=\"vehicle-data\">\n                                                    <small>\n                                                                12.2024                                \u00b7\n                            <\/small>\n                                                                            <small>\n                                3.940 km\n                            <\/small>\n                                                                            <small>\n                                \u00b7\n                                160 kW\n                                                                (\n                                218 PS)\n                            <\/small>\n                                                                            <small>\n                                \u00b7\n                                Automatik                            <\/small>\n                                                                            <small>\n                                \u00b7\n                                Unfallfrei                            <\/small>\n                        \n                                                    <small>\n                                \u00b7\n                                Elektro                            <\/small>\n                                                                                                                            <small>\n                                \u00b7\n                                4\/5 T\u00fcren\n                            <\/small>\n                                                <ul class=\"vehicle-emission\">\n                                                                                     \n                                       \n  <!-- CO2-Emissionen\t-->\n                                            <span>CO\u2082-Emissionen komb.: 0.0                                 g\/km<\/span><br>\n                                        <!-- CO2-Emissionen\t-->\n                   \n \n                         <span>CO\u2082-Klasse: \n                                    A                                <\/span><br>\n                    \n\n\n                <\/ul>\n\n                    <\/div>\n\n                    <div class=\"vehicle-price\">\n                                                    <div itemprop=\"priceSpecification\" itemscope itemtype=\"http:\/\/schema.org\/UnitPriceSpecification\">\n                                <meta itemprop=\"priceCurrency\" content=\"EUR\">\n                                <meta itemprop=\"price\" content=\"39.900\">\n                                <strong>\n                                    39.900 \u20ac (Brutto)\n                                <\/strong><br><small>\n                                    Inkl. 19% MwSt.                                <\/small>\n                            <\/div>\n                                                <br>\n                        <a href=\"https:\/\/ford-sachsen.de\/html\/page\/fahrzeuge\/ford-transit-custom-kasten-e-320-l1-trend-rwd-navi-ac\/\"\n                            class=\"vehicle-btn wp-block-button__link wp-element-button\">Details<\/a>\n                    <\/div>\n                <\/div> <!-- \/\/ vehicle-row -->\n               \n            <\/article>\n                        <article id=\"post-4746728\" class=\"vehicle\">\n                <hgroup>\n                    <a href=\"https:\/\/ford-sachsen.de\/html\/page\/fahrzeuge\/ford-transit-custom-kasten-280l1-basis-beif-airb-zv\/\">\n                        <h2 class=\"vehicle-title\">\n                            Ford Transit Custom Kasten 280L1 Basis Beif.-Airb.+ZV                        <\/h2>\n\n                    <\/a>\n                <\/hgroup>\n                <span class=\"vehicle-addition\">\n                    <p>\n                        Van\/Minibus ,\n                        Gebrauchtfahrzeug                    <\/p>\n                <\/span>\n                <div class=\"vehicle-row\">\n                    <div class=\"vehicle-thumbnail\">\n                        <a href=\"https:\/\/ford-sachsen.de\/html\/page\/fahrzeuge\/ford-transit-custom-kasten-280l1-basis-beif-airb-zv\/\" title=\"Ford Transit Custom Kasten 280L1 Basis Beif.-Airb.+ZV\">\n                            <img loading=\"lazy\" decoding=\"async\" width=\"300\" height=\"225\" src=\"https:\/\/ford-sachsen.de\/html\/page\/wp-content\/uploads\/2026\/05\/4746728-69f5717f3687d2a5fa927-2d0d-498e-adb3-9f31375809ef-rule-mo-1600-300x225.jpg\" class=\"attachment-medium size-medium wp-post-image\" alt=\"\" srcset=\"https:\/\/ford-sachsen.de\/html\/page\/wp-content\/uploads\/2026\/05\/4746728-69f5717f3687d2a5fa927-2d0d-498e-adb3-9f31375809ef-rule-mo-1600-300x225.jpg 300w, https:\/\/ford-sachsen.de\/html\/page\/wp-content\/uploads\/2026\/05\/4746728-69f5717f3687d2a5fa927-2d0d-498e-adb3-9f31375809ef-rule-mo-1600-1024x768.jpg 1024w, https:\/\/ford-sachsen.de\/html\/page\/wp-content\/uploads\/2026\/05\/4746728-69f5717f3687d2a5fa927-2d0d-498e-adb3-9f31375809ef-rule-mo-1600-768x576.jpg 768w, https:\/\/ford-sachsen.de\/html\/page\/wp-content\/uploads\/2026\/05\/4746728-69f5717f3687d2a5fa927-2d0d-498e-adb3-9f31375809ef-rule-mo-1600.jpg 1440w\" sizes=\"(max-width: 300px) 100vw, 300px\" \/>                        <\/a>\n                    <\/div>\n                    <div class=\"vehicle-data\">\n                                                    <small>\n                                                                08.2025                                \u00b7\n                            <\/small>\n                                                                            <small>\n                                10 km\n                            <\/small>\n                                                                            <small>\n                                \u00b7\n                                81 kW\n                                                                (\n                                110 PS)\n                            <\/small>\n                                                                            <small>\n                                \u00b7\n                                Schaltgetriebe                            <\/small>\n                                                                            <small>\n                                \u00b7\n                                Unfallfrei                            <\/small>\n                        \n                                                    <small>\n                                \u00b7\n                                Diesel                            <\/small>\n                                                                                                                            <small>\n                                \u00b7\n                                4\/5 T\u00fcren\n                            <\/small>\n                                                <ul class=\"vehicle-emission\">\n                                                 <span>Verbrauch komb.: \n                                    7.1                                 l\/100km<\/span><br>\n                                                                                \n                                       \n  <!-- CO2-Emissionen\t-->\n                                            <span>CO\u2082-Emissionen komb.: 185.0                                 g\/km<\/span><br>\n                                        <!-- CO2-Emissionen\t-->\n                   \n \n                         <span>CO\u2082-Klasse: \n                                    G                                <\/span><br>\n                    \n\n\n                <\/ul>\n\n                    <\/div>\n\n                    <div class=\"vehicle-price\">\n                                                    <div itemprop=\"priceSpecification\" itemscope itemtype=\"http:\/\/schema.org\/UnitPriceSpecification\">\n                                <meta itemprop=\"priceCurrency\" content=\"EUR\">\n                                <meta itemprop=\"price\" content=\"33.495\">\n                                <strong>\n                                    33.495 \u20ac (Brutto)\n                                <\/strong><br><small>\n                                    Inkl. 19% MwSt.                                <\/small>\n                            <\/div>\n                                                <br>\n                        <a href=\"https:\/\/ford-sachsen.de\/html\/page\/fahrzeuge\/ford-transit-custom-kasten-280l1-basis-beif-airb-zv\/\"\n                            class=\"vehicle-btn wp-block-button__link wp-element-button\">Details<\/a>\n                    <\/div>\n                <\/div> <!-- \/\/ vehicle-row -->\n               \n            <\/article>\n                        <article id=\"post-4746726\" class=\"vehicle\">\n                <hgroup>\n                    <a href=\"https:\/\/ford-sachsen.de\/html\/page\/fahrzeuge\/ford-transit-pritsche-350-l2-trend-einzelkabine-ahk-n\/\">\n                        <h2 class=\"vehicle-title\">\n                            Ford Transit Pritsche 350 L2 Trend Einzelkabine AHK N                        <\/h2>\n\n                    <\/a>\n                <\/hgroup>\n                <span class=\"vehicle-addition\">\n                    <p>\n                        Andere ,\n                        Gebrauchtfahrzeug                    <\/p>\n                <\/span>\n                <div class=\"vehicle-row\">\n                    <div class=\"vehicle-thumbnail\">\n                        <a href=\"https:\/\/ford-sachsen.de\/html\/page\/fahrzeuge\/ford-transit-pritsche-350-l2-trend-einzelkabine-ahk-n\/\" title=\"Ford Transit Pritsche 350 L2 Trend Einzelkabine AHK N\">\n                            <img loading=\"lazy\" decoding=\"async\" width=\"300\" height=\"225\" src=\"https:\/\/ford-sachsen.de\/html\/page\/wp-content\/uploads\/2026\/05\/4746726-69f5717db25cb729f978a-57e6-4950-9cb2-aa7b0efb128e-rule-mo-1600-300x225.jpg\" class=\"attachment-medium size-medium wp-post-image\" alt=\"\" srcset=\"https:\/\/ford-sachsen.de\/html\/page\/wp-content\/uploads\/2026\/05\/4746726-69f5717db25cb729f978a-57e6-4950-9cb2-aa7b0efb128e-rule-mo-1600-300x225.jpg 300w, https:\/\/ford-sachsen.de\/html\/page\/wp-content\/uploads\/2026\/05\/4746726-69f5717db25cb729f978a-57e6-4950-9cb2-aa7b0efb128e-rule-mo-1600-1024x768.jpg 1024w, https:\/\/ford-sachsen.de\/html\/page\/wp-content\/uploads\/2026\/05\/4746726-69f5717db25cb729f978a-57e6-4950-9cb2-aa7b0efb128e-rule-mo-1600-768x576.jpg 768w, https:\/\/ford-sachsen.de\/html\/page\/wp-content\/uploads\/2026\/05\/4746726-69f5717db25cb729f978a-57e6-4950-9cb2-aa7b0efb128e-rule-mo-1600.jpg 1440w\" sizes=\"(max-width: 300px) 100vw, 300px\" \/>                        <\/a>\n                    <\/div>\n                    <div class=\"vehicle-data\">\n                                                    <small>\n                                                                06.2025                                \u00b7\n                            <\/small>\n                                                                            <small>\n                                150 km\n                            <\/small>\n                                                                            <small>\n                                \u00b7\n                                96 kW\n                                                                (\n                                131 PS)\n                            <\/small>\n                                                                            <small>\n                                \u00b7\n                                Schaltgetriebe                            <\/small>\n                                                                            <small>\n                                \u00b7\n                                Unfallfrei                            <\/small>\n                        \n                                                    <small>\n                                \u00b7\n                                Diesel                            <\/small>\n                                                                                                                            <small>\n                                \u00b7\n                                2\/3 T\u00fcren\n                            <\/small>\n                                                <ul class=\"vehicle-emission\">\n                                                 <span>Verbrauch komb.: \n                                    9.4                                 l\/100km<\/span><br>\n                                                                                \n                                       \n  <!-- CO2-Emissionen\t-->\n                                            <span>CO\u2082-Emissionen komb.: 247.0                                 g\/km<\/span><br>\n                                        <!-- CO2-Emissionen\t-->\n                   \n \n                         <span>CO\u2082-Klasse: \n                                    G                                <\/span><br>\n                    \n\n\n                <\/ul>\n\n                    <\/div>\n\n                    <div class=\"vehicle-price\">\n                                                    <div itemprop=\"priceSpecification\" itemscope itemtype=\"http:\/\/schema.org\/UnitPriceSpecification\">\n                                <meta itemprop=\"priceCurrency\" content=\"EUR\">\n                                <meta itemprop=\"price\" content=\"36.599\">\n                                <strong>\n                                    36.599 \u20ac (Brutto)\n                                <\/strong><br><small>\n                                    Inkl. 19% MwSt.                                <\/small>\n                            <\/div>\n                                                <br>\n                        <a href=\"https:\/\/ford-sachsen.de\/html\/page\/fahrzeuge\/ford-transit-pritsche-350-l2-trend-einzelkabine-ahk-n\/\"\n                            class=\"vehicle-btn wp-block-button__link wp-element-button\">Details<\/a>\n                    <\/div>\n                <\/div> <!-- \/\/ vehicle-row -->\n               \n            <\/article>\n                        <article id=\"post-4746724\" class=\"vehicle\">\n                <hgroup>\n                    <a href=\"https:\/\/ford-sachsen.de\/html\/page\/fahrzeuge\/ford-transit-kasten-350-l3-trend-airbag-beifahrerseit\/\">\n                        <h2 class=\"vehicle-title\">\n                            Ford Transit Kasten 350 L3 Trend Airbag Beifahrerseit                        <\/h2>\n\n                    <\/a>\n                <\/hgroup>\n                <span class=\"vehicle-addition\">\n                    <p>\n                        Andere ,\n                        Gebrauchtfahrzeug                    <\/p>\n                <\/span>\n                <div class=\"vehicle-row\">\n                    <div class=\"vehicle-thumbnail\">\n                        <a href=\"https:\/\/ford-sachsen.de\/html\/page\/fahrzeuge\/ford-transit-kasten-350-l3-trend-airbag-beifahrerseit\/\" title=\"Ford Transit Kasten 350 L3 Trend Airbag Beifahrerseit\">\n                            <img loading=\"lazy\" decoding=\"async\" width=\"300\" height=\"225\" src=\"https:\/\/ford-sachsen.de\/html\/page\/wp-content\/uploads\/2026\/05\/4746724-69f5717c25ab83c0d68db-f3f3-4310-958b-fdf3c690d7b2-rule-mo-1600-300x225.jpg\" class=\"attachment-medium size-medium wp-post-image\" alt=\"\" srcset=\"https:\/\/ford-sachsen.de\/html\/page\/wp-content\/uploads\/2026\/05\/4746724-69f5717c25ab83c0d68db-f3f3-4310-958b-fdf3c690d7b2-rule-mo-1600-300x225.jpg 300w, https:\/\/ford-sachsen.de\/html\/page\/wp-content\/uploads\/2026\/05\/4746724-69f5717c25ab83c0d68db-f3f3-4310-958b-fdf3c690d7b2-rule-mo-1600-1024x768.jpg 1024w, https:\/\/ford-sachsen.de\/html\/page\/wp-content\/uploads\/2026\/05\/4746724-69f5717c25ab83c0d68db-f3f3-4310-958b-fdf3c690d7b2-rule-mo-1600-768x576.jpg 768w, https:\/\/ford-sachsen.de\/html\/page\/wp-content\/uploads\/2026\/05\/4746724-69f5717c25ab83c0d68db-f3f3-4310-958b-fdf3c690d7b2-rule-mo-1600.jpg 1440w\" sizes=\"(max-width: 300px) 100vw, 300px\" \/>                        <\/a>\n                    <\/div>\n                    <div class=\"vehicle-data\">\n                                                    <small>\n                                                                01.2025                                \u00b7\n                            <\/small>\n                                                                            <small>\n                                13.250 km\n                            <\/small>\n                                                                            <small>\n                                \u00b7\n                                96 kW\n                                                                (\n                                131 PS)\n                            <\/small>\n                                                                            <small>\n                                \u00b7\n                                Automatik                            <\/small>\n                                                                            <small>\n                                \u00b7\n                                Unfallfrei                            <\/small>\n                        \n                                                    <small>\n                                \u00b7\n                                Diesel                            <\/small>\n                                                                                                                            <small>\n                                \u00b7\n                                4\/5 T\u00fcren\n                            <\/small>\n                                                <ul class=\"vehicle-emission\">\n                                                 <span>Verbrauch komb.: \n                                    9.5                                 l\/100km<\/span><br>\n                                                                                \n                                       \n  <!-- CO2-Emissionen\t-->\n                                            <span>CO\u2082-Emissionen komb.: 250.0                                 g\/km<\/span><br>\n                                        <!-- CO2-Emissionen\t-->\n                   \n \n                         <span>CO\u2082-Klasse: \n                                    G                                <\/span><br>\n                    \n\n\n                <\/ul>\n\n                    <\/div>\n\n                    <div class=\"vehicle-price\">\n                                                    <div itemprop=\"priceSpecification\" itemscope itemtype=\"http:\/\/schema.org\/UnitPriceSpecification\">\n                                <meta itemprop=\"priceCurrency\" content=\"EUR\">\n                                <meta itemprop=\"price\" content=\"33.700\">\n                                <strong>\n                                    33.700 \u20ac (Brutto)\n                                <\/strong><br><small>\n                                    Inkl. 19% MwSt.                                <\/small>\n                            <\/div>\n                                                <br>\n                        <a href=\"https:\/\/ford-sachsen.de\/html\/page\/fahrzeuge\/ford-transit-kasten-350-l3-trend-airbag-beifahrerseit\/\"\n                            class=\"vehicle-btn wp-block-button__link wp-element-button\">Details<\/a>\n                    <\/div>\n                <\/div> <!-- \/\/ vehicle-row -->\n               \n            <\/article>\n                        <article id=\"post-4746722\" class=\"vehicle\">\n                <hgroup>\n                    <a href=\"https:\/\/ford-sachsen.de\/html\/page\/fahrzeuge\/ford-tourneo-custom-titanium-320-l2-bus-lenkradhzg-l\/\">\n                        <h2 class=\"vehicle-title\">\n                            Ford Tourneo Custom Titanium 320 L2 Bus  LenkradHZG L                        <\/h2>\n\n                    <\/a>\n                <\/hgroup>\n                <span class=\"vehicle-addition\">\n                    <p>\n                        Van\/Minibus ,\n                        Gebrauchtfahrzeug                    <\/p>\n                <\/span>\n                <div class=\"vehicle-row\">\n                    <div class=\"vehicle-thumbnail\">\n                        <a href=\"https:\/\/ford-sachsen.de\/html\/page\/fahrzeuge\/ford-tourneo-custom-titanium-320-l2-bus-lenkradhzg-l\/\" title=\"Ford Tourneo Custom Titanium 320 L2 Bus  LenkradHZG L\">\n                            <img loading=\"lazy\" decoding=\"async\" width=\"300\" height=\"225\" src=\"https:\/\/ford-sachsen.de\/html\/page\/wp-content\/uploads\/2026\/05\/4746722-69f5717ac3e4785cd0630-4872-4ba7-bc5a-c3ee4a04e2b2-rule-mo-1600-300x225.jpg\" class=\"attachment-medium size-medium wp-post-image\" alt=\"\" srcset=\"https:\/\/ford-sachsen.de\/html\/page\/wp-content\/uploads\/2026\/05\/4746722-69f5717ac3e4785cd0630-4872-4ba7-bc5a-c3ee4a04e2b2-rule-mo-1600-300x225.jpg 300w, https:\/\/ford-sachsen.de\/html\/page\/wp-content\/uploads\/2026\/05\/4746722-69f5717ac3e4785cd0630-4872-4ba7-bc5a-c3ee4a04e2b2-rule-mo-1600-1024x768.jpg 1024w, https:\/\/ford-sachsen.de\/html\/page\/wp-content\/uploads\/2026\/05\/4746722-69f5717ac3e4785cd0630-4872-4ba7-bc5a-c3ee4a04e2b2-rule-mo-1600-768x576.jpg 768w, https:\/\/ford-sachsen.de\/html\/page\/wp-content\/uploads\/2026\/05\/4746722-69f5717ac3e4785cd0630-4872-4ba7-bc5a-c3ee4a04e2b2-rule-mo-1600.jpg 1440w\" sizes=\"(max-width: 300px) 100vw, 300px\" \/>                        <\/a>\n                    <\/div>\n                    <div class=\"vehicle-data\">\n                                                    <small>\n                                                                09.2024                                \u00b7\n                            <\/small>\n                                                                            <small>\n                                27.620 km\n                            <\/small>\n                                                                            <small>\n                                \u00b7\n                                110 kW\n                                                                (\n                                150 PS)\n                            <\/small>\n                                                                            <small>\n                                \u00b7\n                                Schaltgetriebe                            <\/small>\n                                                                            <small>\n                                \u00b7\n                                Unfallfrei                            <\/small>\n                        \n                                                    <small>\n                                \u00b7\n                                Diesel                            <\/small>\n                                                                                                                            <small>\n                                \u00b7\n                                4\/5 T\u00fcren\n                            <\/small>\n                                                <ul class=\"vehicle-emission\">\n                                                 <span>Verbrauch komb.: \n                                    7.5                                 l\/100km<\/span><br>\n                                                                                \n                                       \n  <!-- CO2-Emissionen\t-->\n                                            <span>CO\u2082-Emissionen komb.: 197.0                                 g\/km<\/span><br>\n                                        <!-- CO2-Emissionen\t-->\n                   \n \n                         <span>CO\u2082-Klasse: \n                                    G                                <\/span><br>\n                    \n\n\n                <\/ul>\n\n                    <\/div>\n\n                    <div class=\"vehicle-price\">\n                                                    <div itemprop=\"priceSpecification\" itemscope itemtype=\"http:\/\/schema.org\/UnitPriceSpecification\">\n                                <meta itemprop=\"priceCurrency\" content=\"EUR\">\n                                <meta itemprop=\"price\" content=\"43.575\">\n                                <strong>\n                                    43.575 \u20ac (Brutto)\n                                <\/strong><br><small>\n                                    Inkl. 19% MwSt.                                <\/small>\n                            <\/div>\n                                                <br>\n                        <a href=\"https:\/\/ford-sachsen.de\/html\/page\/fahrzeuge\/ford-tourneo-custom-titanium-320-l2-bus-lenkradhzg-l\/\"\n                            class=\"vehicle-btn wp-block-button__link wp-element-button\">Details<\/a>\n                    <\/div>\n                <\/div> <!-- \/\/ vehicle-row -->\n               \n            <\/article>\n                        <article id=\"post-4746720\" class=\"vehicle\">\n                <hgroup>\n                    <a href=\"https:\/\/ford-sachsen.de\/html\/page\/fahrzeuge\/ford-transit-custom-kasten-320-l2-trend-acc-led-klima\/\">\n                        <h2 class=\"vehicle-title\">\n                            Ford Transit Custom Kasten 320 L2 Trend ACC LED Klima                        <\/h2>\n\n                    <\/a>\n                <\/hgroup>\n                <span class=\"vehicle-addition\">\n                    <p>\n                        Andere ,\n                        Gebrauchtfahrzeug                    <\/p>\n                <\/span>\n                <div class=\"vehicle-row\">\n                    <div class=\"vehicle-thumbnail\">\n                        <a href=\"https:\/\/ford-sachsen.de\/html\/page\/fahrzeuge\/ford-transit-custom-kasten-320-l2-trend-acc-led-klima\/\" title=\"Ford Transit Custom Kasten 320 L2 Trend ACC LED Klima\">\n                            <img loading=\"lazy\" decoding=\"async\" width=\"300\" height=\"225\" src=\"https:\/\/ford-sachsen.de\/html\/page\/wp-content\/uploads\/2026\/05\/4746720-69f5717944c186e0ad38b-3cec-4516-8d79-cb53a113b6a4-rule-mo-1600-300x225.jpg\" class=\"attachment-medium size-medium wp-post-image\" alt=\"\" srcset=\"https:\/\/ford-sachsen.de\/html\/page\/wp-content\/uploads\/2026\/05\/4746720-69f5717944c186e0ad38b-3cec-4516-8d79-cb53a113b6a4-rule-mo-1600-300x225.jpg 300w, https:\/\/ford-sachsen.de\/html\/page\/wp-content\/uploads\/2026\/05\/4746720-69f5717944c186e0ad38b-3cec-4516-8d79-cb53a113b6a4-rule-mo-1600-1024x768.jpg 1024w, https:\/\/ford-sachsen.de\/html\/page\/wp-content\/uploads\/2026\/05\/4746720-69f5717944c186e0ad38b-3cec-4516-8d79-cb53a113b6a4-rule-mo-1600-768x576.jpg 768w, https:\/\/ford-sachsen.de\/html\/page\/wp-content\/uploads\/2026\/05\/4746720-69f5717944c186e0ad38b-3cec-4516-8d79-cb53a113b6a4-rule-mo-1600.jpg 1440w\" sizes=\"(max-width: 300px) 100vw, 300px\" \/>                        <\/a>\n                    <\/div>\n                    <div class=\"vehicle-data\">\n                                                    <small>\n                                                                08.2025                                \u00b7\n                            <\/small>\n                                                                            <small>\n                                145 km\n                            <\/small>\n                                                                            <small>\n                                \u00b7\n                                110 kW\n                                                                (\n                                150 PS)\n                            <\/small>\n                                                                            <small>\n                                \u00b7\n                                Schaltgetriebe                            <\/small>\n                                                                            <small>\n                                \u00b7\n                                Unfallfrei                            <\/small>\n                        \n                                                    <small>\n                                \u00b7\n                                Diesel                            <\/small>\n                                                                                                                            <small>\n                                \u00b7\n                                4\/5 T\u00fcren\n                            <\/small>\n                                                <ul class=\"vehicle-emission\">\n                                                 <span>Verbrauch komb.: \n                                    7.3                                 l\/100km<\/span><br>\n                                                                                \n                                       \n  <!-- CO2-Emissionen\t-->\n                                            <span>CO\u2082-Emissionen komb.: 191.0                                 g\/km<\/span><br>\n                                        <!-- CO2-Emissionen\t-->\n                   \n \n                         <span>CO\u2082-Klasse: \n                                    G                                <\/span><br>\n                    \n\n\n                <\/ul>\n\n                    <\/div>\n\n                    <div class=\"vehicle-price\">\n                                                    <div itemprop=\"priceSpecification\" itemscope itemtype=\"http:\/\/schema.org\/UnitPriceSpecification\">\n                                <meta itemprop=\"priceCurrency\" content=\"EUR\">\n                                <meta itemprop=\"price\" content=\"38.499\">\n                                <strong>\n                                    38.499 \u20ac (Brutto)\n                                <\/strong><br><small>\n                                    Inkl. 19% MwSt.                                <\/small>\n                            <\/div>\n                                                <br>\n                        <a href=\"https:\/\/ford-sachsen.de\/html\/page\/fahrzeuge\/ford-transit-custom-kasten-320-l2-trend-acc-led-klima\/\"\n                            class=\"vehicle-btn wp-block-button__link wp-element-button\">Details<\/a>\n                    <\/div>\n                <\/div> <!-- \/\/ vehicle-row -->\n               \n            <\/article>\n                        <article id=\"post-4746718\" class=\"vehicle\">\n                <hgroup>\n                    <a href=\"https:\/\/ford-sachsen.de\/html\/page\/fahrzeuge\/ford-kuga-st-line-x-phev-gjr-el-heckkl-iacc-hud-ahk\/\">\n                        <h2 class=\"vehicle-title\">\n                            Ford Kuga ST-Line X PHEV GJR El.Heckkl. iACC HUD AHK-                        <\/h2>\n\n                    <\/a>\n                <\/hgroup>\n                <span class=\"vehicle-addition\">\n                    <p>\n                        SUV\/Gel\u00e4ndewagen\/Pickup ,\n                        Gebrauchtfahrzeug                    <\/p>\n                <\/span>\n                <div class=\"vehicle-row\">\n                    <div class=\"vehicle-thumbnail\">\n                        <a href=\"https:\/\/ford-sachsen.de\/html\/page\/fahrzeuge\/ford-kuga-st-line-x-phev-gjr-el-heckkl-iacc-hud-ahk\/\" title=\"Ford Kuga ST-Line X PHEV GJR El.Heckkl. iACC HUD AHK-\">\n                            <img loading=\"lazy\" decoding=\"async\" width=\"300\" height=\"225\" src=\"https:\/\/ford-sachsen.de\/html\/page\/wp-content\/uploads\/2026\/05\/4746718-69f57177b990d33e3aae0-eafb-4961-846e-4de0781641e2-rule-mo-1600-300x225.jpg\" class=\"attachment-medium size-medium wp-post-image\" alt=\"\" srcset=\"https:\/\/ford-sachsen.de\/html\/page\/wp-content\/uploads\/2026\/05\/4746718-69f57177b990d33e3aae0-eafb-4961-846e-4de0781641e2-rule-mo-1600-300x225.jpg 300w, https:\/\/ford-sachsen.de\/html\/page\/wp-content\/uploads\/2026\/05\/4746718-69f57177b990d33e3aae0-eafb-4961-846e-4de0781641e2-rule-mo-1600-1024x768.jpg 1024w, https:\/\/ford-sachsen.de\/html\/page\/wp-content\/uploads\/2026\/05\/4746718-69f57177b990d33e3aae0-eafb-4961-846e-4de0781641e2-rule-mo-1600-768x576.jpg 768w, https:\/\/ford-sachsen.de\/html\/page\/wp-content\/uploads\/2026\/05\/4746718-69f57177b990d33e3aae0-eafb-4961-846e-4de0781641e2-rule-mo-1600.jpg 1440w\" sizes=\"(max-width: 300px) 100vw, 300px\" \/>                        <\/a>\n                    <\/div>\n                    <div class=\"vehicle-data\">\n                                                    <small>\n                                                                07.2024                                \u00b7\n                            <\/small>\n                                                                            <small>\n                                15.500 km\n                            <\/small>\n                                                                            <small>\n                                \u00b7\n                                165 kW\n                                                                (\n                                224 PS)\n                            <\/small>\n                                                                            <small>\n                                \u00b7\n                                Automatik                            <\/small>\n                                                                            <small>\n                                \u00b7\n                                Unfallfrei                            <\/small>\n                        \n                                                    <small>\n                                \u00b7\n                                Plug-in-Hybrid                            <\/small>\n                                                                                                                            <small>\n                                \u00b7\n                                4\/5 T\u00fcren\n                            <\/small>\n                                                <ul class=\"vehicle-emission\">\n                                                <span>Kraftstoffverbrauch gewichtet, kombiniert: \n                                    1.0                                 l\/100km<\/span><br>\n                                             <span>Verbrauch komb.: \n                                    5.5                                 l\/100km<\/span><br>\n                                                                <span>Stromverbrauch gewichtet, kombiniert: \n                                    14.8                                 kWh\/100km<\/span><br>\n                                                            \n                                       \n  <!-- CO2-Emissionen\t-->\n                                            <span>CO\u2082-Emissionen komb.: 23.0                                 g\/km<\/span><br>\n                                        <!-- CO2-Emissionen\t-->\n                   \n \n                         <span>CO\u2082-Klasse: \n                                    B                                <\/span><br>\n                    \n\n\n                <\/ul>\n\n                    <\/div>\n\n                    <div class=\"vehicle-price\">\n                                                    <div itemprop=\"priceSpecification\" itemscope itemtype=\"http:\/\/schema.org\/UnitPriceSpecification\">\n                                <meta itemprop=\"priceCurrency\" content=\"EUR\">\n                                <meta itemprop=\"price\" content=\"34.485\">\n                                <strong>\n                                    34.485 \u20ac (Brutto)\n                                <\/strong><br><small>\n                                    Inkl. 19% MwSt.                                <\/small>\n                            <\/div>\n                                                <br>\n                        <a href=\"https:\/\/ford-sachsen.de\/html\/page\/fahrzeuge\/ford-kuga-st-line-x-phev-gjr-el-heckkl-iacc-hud-ahk\/\"\n                            class=\"vehicle-btn wp-block-button__link wp-element-button\">Details<\/a>\n                    <\/div>\n                <\/div> <!-- \/\/ vehicle-row -->\n               \n            <\/article>\n                        <article id=\"post-4746716\" class=\"vehicle\">\n                <hgroup>\n                    <a href=\"https:\/\/ford-sachsen.de\/html\/page\/fahrzeuge\/ford-transit-trail-350l2-kawa-schutzg-hecksch-inkl-k\/\">\n                        <h2 class=\"vehicle-title\">\n                            Ford Transit Trail 350L2 KaWa Schutzg.Hecksch.inkl. K                        <\/h2>\n\n                    <\/a>\n                <\/hgroup>\n                <span class=\"vehicle-addition\">\n                    <p>\n                        Andere ,\n                        Gebrauchtfahrzeug                    <\/p>\n                <\/span>\n                <div class=\"vehicle-row\">\n                    <div class=\"vehicle-thumbnail\">\n                        <a href=\"https:\/\/ford-sachsen.de\/html\/page\/fahrzeuge\/ford-transit-trail-350l2-kawa-schutzg-hecksch-inkl-k\/\" title=\"Ford Transit Trail 350L2 KaWa Schutzg.Hecksch.inkl. K\">\n                            <img loading=\"lazy\" decoding=\"async\" width=\"300\" height=\"225\" src=\"https:\/\/ford-sachsen.de\/html\/page\/wp-content\/uploads\/2026\/05\/4746716-69f571765c946a84c8244-29ec-4720-86bd-1b853fffb5cc-rule-mo-1600-300x225.jpg\" class=\"attachment-medium size-medium wp-post-image\" alt=\"\" srcset=\"https:\/\/ford-sachsen.de\/html\/page\/wp-content\/uploads\/2026\/05\/4746716-69f571765c946a84c8244-29ec-4720-86bd-1b853fffb5cc-rule-mo-1600-300x225.jpg 300w, https:\/\/ford-sachsen.de\/html\/page\/wp-content\/uploads\/2026\/05\/4746716-69f571765c946a84c8244-29ec-4720-86bd-1b853fffb5cc-rule-mo-1600-1024x768.jpg 1024w, https:\/\/ford-sachsen.de\/html\/page\/wp-content\/uploads\/2026\/05\/4746716-69f571765c946a84c8244-29ec-4720-86bd-1b853fffb5cc-rule-mo-1600-768x576.jpg 768w, https:\/\/ford-sachsen.de\/html\/page\/wp-content\/uploads\/2026\/05\/4746716-69f571765c946a84c8244-29ec-4720-86bd-1b853fffb5cc-rule-mo-1600.jpg 1440w\" sizes=\"(max-width: 300px) 100vw, 300px\" \/>                        <\/a>\n                    <\/div>\n                    <div class=\"vehicle-data\">\n                                                    <small>\n                                                                05.2025                                \u00b7\n                            <\/small>\n                                                                            <small>\n                                150 km\n                            <\/small>\n                                                                            <small>\n                                \u00b7\n                                125 kW\n                                                                (\n                                170 PS)\n                            <\/small>\n                                                                            <small>\n                                \u00b7\n                                Schaltgetriebe                            <\/small>\n                                                                            <small>\n                                \u00b7\n                                Unfallfrei                            <\/small>\n                        \n                                                    <small>\n                                \u00b7\n                                Diesel                            <\/small>\n                                                                                                                            <small>\n                                \u00b7\n                                4\/5 T\u00fcren\n                            <\/small>\n                                                <ul class=\"vehicle-emission\">\n                                                 <span>Verbrauch komb.: \n                                    8.4                                 l\/100km<\/span><br>\n                                                                                \n                                       \n  <!-- CO2-Emissionen\t-->\n                                            <span>CO\u2082-Emissionen komb.: 221.0                                 g\/km<\/span><br>\n                                        <!-- CO2-Emissionen\t-->\n                   \n \n                         <span>CO\u2082-Klasse: \n                                    G                                <\/span><br>\n                    \n\n\n                <\/ul>\n\n                    <\/div>\n\n                    <div class=\"vehicle-price\">\n                                                    <div itemprop=\"priceSpecification\" itemscope itemtype=\"http:\/\/schema.org\/UnitPriceSpecification\">\n                                <meta itemprop=\"priceCurrency\" content=\"EUR\">\n                                <meta itemprop=\"price\" content=\"41.400\">\n                                <strong>\n                                    41.400 \u20ac (Brutto)\n                                <\/strong><br><small>\n                                    Inkl. 19% MwSt.                                <\/small>\n                            <\/div>\n                                                <br>\n                        <a href=\"https:\/\/ford-sachsen.de\/html\/page\/fahrzeuge\/ford-transit-trail-350l2-kawa-schutzg-hecksch-inkl-k\/\"\n                            class=\"vehicle-btn wp-block-button__link wp-element-button\">Details<\/a>\n                    <\/div>\n                <\/div> <!-- \/\/ vehicle-row -->\n               \n            <\/article>\n                        <article id=\"post-4746714\" class=\"vehicle\">\n                <hgroup>\n                    <a href=\"https:\/\/ford-sachsen.de\/html\/page\/fahrzeuge\/ford-kuga-st-line-x-gjr-lenkradhzg-hud-klima-rueckfahr\/\">\n                        <h2 class=\"vehicle-title\">\n                            Ford Kuga ST-Line X GJR.LenkradHZG HUD Klima R\u00fcckfahr                        <\/h2>\n\n                    <\/a>\n                <\/hgroup>\n                <span class=\"vehicle-addition\">\n                    <p>\n                        SUV\/Gel\u00e4ndewagen\/Pickup ,\n                        Gebrauchtfahrzeug                    <\/p>\n                <\/span>\n                <div class=\"vehicle-row\">\n                    <div class=\"vehicle-thumbnail\">\n                        <a href=\"https:\/\/ford-sachsen.de\/html\/page\/fahrzeuge\/ford-kuga-st-line-x-gjr-lenkradhzg-hud-klima-rueckfahr\/\" title=\"Ford Kuga ST-Line X GJR.LenkradHZG HUD Klima R\u00fcckfahr\">\n                            <img loading=\"lazy\" decoding=\"async\" width=\"300\" height=\"225\" src=\"https:\/\/ford-sachsen.de\/html\/page\/wp-content\/uploads\/2026\/05\/4746714-69f57174dfa8933e3aae0-eafb-4961-846e-4de0781641e2-rule-mo-1600-300x225.jpg\" class=\"attachment-medium size-medium wp-post-image\" alt=\"\" srcset=\"https:\/\/ford-sachsen.de\/html\/page\/wp-content\/uploads\/2026\/05\/4746714-69f57174dfa8933e3aae0-eafb-4961-846e-4de0781641e2-rule-mo-1600-300x225.jpg 300w, https:\/\/ford-sachsen.de\/html\/page\/wp-content\/uploads\/2026\/05\/4746714-69f57174dfa8933e3aae0-eafb-4961-846e-4de0781641e2-rule-mo-1600-1024x768.jpg 1024w, https:\/\/ford-sachsen.de\/html\/page\/wp-content\/uploads\/2026\/05\/4746714-69f57174dfa8933e3aae0-eafb-4961-846e-4de0781641e2-rule-mo-1600-768x576.jpg 768w, https:\/\/ford-sachsen.de\/html\/page\/wp-content\/uploads\/2026\/05\/4746714-69f57174dfa8933e3aae0-eafb-4961-846e-4de0781641e2-rule-mo-1600.jpg 1440w\" sizes=\"(max-width: 300px) 100vw, 300px\" \/>                        <\/a>\n                    <\/div>\n                    <div class=\"vehicle-data\">\n                                                    <small>\n                                                                09.2024                                \u00b7\n                            <\/small>\n                                                                            <small>\n                                3.256 km\n                            <\/small>\n                                                                            <small>\n                                \u00b7\n                                140 kW\n                                                                (\n                                190 PS)\n                            <\/small>\n                                                                            <small>\n                                \u00b7\n                                Automatik                            <\/small>\n                                                                            <small>\n                                \u00b7\n                                Unfallfrei                            <\/small>\n                        \n                                                    <small>\n                                \u00b7\n                                Hybrid (Benzin\/Elektro)                            <\/small>\n                                                                                                                            <small>\n                                \u00b7\n                                4\/5 T\u00fcren\n                            <\/small>\n                                                <ul class=\"vehicle-emission\">\n                                                 <span>Verbrauch komb.: \n                                    5.7                                 l\/100km<\/span><br>\n                                                                                \n                                       \n  <!-- CO2-Emissionen\t-->\n                                            <span>CO\u2082-Emissionen komb.: 132.0                                 g\/km<\/span><br>\n                                        <!-- CO2-Emissionen\t-->\n                   \n \n                         <span>CO\u2082-Klasse: \n                                    D                                <\/span><br>\n                    \n\n\n                <\/ul>\n\n                    <\/div>\n\n                    <div class=\"vehicle-price\">\n                                                    <div itemprop=\"priceSpecification\" itemscope itemtype=\"http:\/\/schema.org\/UnitPriceSpecification\">\n                                <meta itemprop=\"priceCurrency\" content=\"EUR\">\n                                <meta itemprop=\"price\" content=\"34.799\">\n                                <strong>\n                                    34.799 \u20ac (Brutto)\n                                <\/strong><br><small>\n                                    Inkl. 19% MwSt.                                <\/small>\n                            <\/div>\n                                                <br>\n                        <a href=\"https:\/\/ford-sachsen.de\/html\/page\/fahrzeuge\/ford-kuga-st-line-x-gjr-lenkradhzg-hud-klima-rueckfahr\/\"\n                            class=\"vehicle-btn wp-block-button__link wp-element-button\">Details<\/a>\n                    <\/div>\n                <\/div> <!-- \/\/ vehicle-row -->\n               \n            <\/article>\n                        <article id=\"post-4746712\" class=\"vehicle\">\n                <hgroup>\n                    <a href=\"https:\/\/ford-sachsen.de\/html\/page\/fahrzeuge\/ford-puma-titanium-navi-led-beheizb-frontsch-lenkra\/\">\n                        <h2 class=\"vehicle-title\">\n                            Ford Puma Titanium Navi LED Beheizb. Frontsch. Lenkra                        <\/h2>\n\n                    <\/a>\n                <\/hgroup>\n                <span class=\"vehicle-addition\">\n                    <p>\n                        SUV\/Gel\u00e4ndewagen\/Pickup ,\n                        Gebrauchtfahrzeug                    <\/p>\n                <\/span>\n                <div class=\"vehicle-row\">\n                    <div class=\"vehicle-thumbnail\">\n                        <a href=\"https:\/\/ford-sachsen.de\/html\/page\/fahrzeuge\/ford-puma-titanium-navi-led-beheizb-frontsch-lenkra\/\" title=\"Ford Puma Titanium Navi LED Beheizb. Frontsch. Lenkra\">\n                            <img loading=\"lazy\" decoding=\"async\" width=\"300\" height=\"225\" src=\"https:\/\/ford-sachsen.de\/html\/page\/wp-content\/uploads\/2026\/05\/4746712-69f5717370631bb182608-1280-4972-a1cd-522399496901-rule-mo-1600-300x225.jpg\" class=\"attachment-medium size-medium wp-post-image\" alt=\"\" srcset=\"https:\/\/ford-sachsen.de\/html\/page\/wp-content\/uploads\/2026\/05\/4746712-69f5717370631bb182608-1280-4972-a1cd-522399496901-rule-mo-1600-300x225.jpg 300w, https:\/\/ford-sachsen.de\/html\/page\/wp-content\/uploads\/2026\/05\/4746712-69f5717370631bb182608-1280-4972-a1cd-522399496901-rule-mo-1600-1024x768.jpg 1024w, https:\/\/ford-sachsen.de\/html\/page\/wp-content\/uploads\/2026\/05\/4746712-69f5717370631bb182608-1280-4972-a1cd-522399496901-rule-mo-1600-768x576.jpg 768w, https:\/\/ford-sachsen.de\/html\/page\/wp-content\/uploads\/2026\/05\/4746712-69f5717370631bb182608-1280-4972-a1cd-522399496901-rule-mo-1600.jpg 1440w\" sizes=\"(max-width: 300px) 100vw, 300px\" \/>                        <\/a>\n                    <\/div>\n                    <div class=\"vehicle-data\">\n                                                    <small>\n                                                                09.2024                                \u00b7\n                            <\/small>\n                                                                            <small>\n                                2 km\n                            <\/small>\n                                                                            <small>\n                                \u00b7\n                                92 kW\n                                                                (\n                                125 PS)\n                            <\/small>\n                                                                            <small>\n                                \u00b7\n                                Schaltgetriebe                            <\/small>\n                                                                            <small>\n                                \u00b7\n                                Unfallfrei                            <\/small>\n                        \n                                                    <small>\n                                \u00b7\n                                Benzin                            <\/small>\n                                                                                                                            <small>\n                                \u00b7\n                                4\/5 T\u00fcren\n                            <\/small>\n                                                <ul class=\"vehicle-emission\">\n                                                 <span>Verbrauch komb.: \n                                    5.4                                 l\/100km<\/span><br>\n                                                                                \n                                       \n  <!-- CO2-Emissionen\t-->\n                                            <span>CO\u2082-Emissionen komb.: 121.0                                 g\/km<\/span><br>\n                                        <!-- CO2-Emissionen\t-->\n                   \n \n                         <span>CO\u2082-Klasse: \n                                    D                                <\/span><br>\n                    \n\n\n                <\/ul>\n\n                    <\/div>\n\n                    <div class=\"vehicle-price\">\n                                                    <div itemprop=\"priceSpecification\" itemscope itemtype=\"http:\/\/schema.org\/UnitPriceSpecification\">\n                                <meta itemprop=\"priceCurrency\" content=\"EUR\">\n                                <meta itemprop=\"price\" content=\"22.495\">\n                                <strong>\n                                    22.495 \u20ac (Brutto)\n                                <\/strong><br><small>\n                                    Inkl. 19% MwSt.                                <\/small>\n                            <\/div>\n                                                <br>\n                        <a href=\"https:\/\/ford-sachsen.de\/html\/page\/fahrzeuge\/ford-puma-titanium-navi-led-beheizb-frontsch-lenkra\/\"\n                            class=\"vehicle-btn wp-block-button__link wp-element-button\">Details<\/a>\n                    <\/div>\n                <\/div> <!-- \/\/ vehicle-row -->\n               \n            <\/article>\n                        <article id=\"post-4746710\" class=\"vehicle\">\n                <hgroup>\n                    <a href=\"https:\/\/ford-sachsen.de\/html\/page\/fahrzeuge\/ford-puma-st-line-shz-klimaautom-navi-led-start-stop\/\">\n                        <h2 class=\"vehicle-title\">\n                            Ford Puma ST-Line SHZ Klimaautom Navi LED Start-Stop-                        <\/h2>\n\n                    <\/a>\n                <\/hgroup>\n                <span class=\"vehicle-addition\">\n                    <p>\n                        SUV\/Gel\u00e4ndewagen\/Pickup ,\n                        Gebrauchtfahrzeug                    <\/p>\n                <\/span>\n                <div class=\"vehicle-row\">\n                    <div class=\"vehicle-thumbnail\">\n                        <a href=\"https:\/\/ford-sachsen.de\/html\/page\/fahrzeuge\/ford-puma-st-line-shz-klimaautom-navi-led-start-stop\/\" title=\"Ford Puma ST-Line SHZ Klimaautom Navi LED Start-Stop-\">\n                            <img loading=\"lazy\" decoding=\"async\" width=\"300\" height=\"225\" src=\"https:\/\/ford-sachsen.de\/html\/page\/wp-content\/uploads\/2026\/05\/4746710-69f57171ea73b5d536ede-abde-4456-a355-93e51fe49129-rule-mo-1600-300x225.jpg\" class=\"attachment-medium size-medium wp-post-image\" alt=\"\" srcset=\"https:\/\/ford-sachsen.de\/html\/page\/wp-content\/uploads\/2026\/05\/4746710-69f57171ea73b5d536ede-abde-4456-a355-93e51fe49129-rule-mo-1600-300x225.jpg 300w, https:\/\/ford-sachsen.de\/html\/page\/wp-content\/uploads\/2026\/05\/4746710-69f57171ea73b5d536ede-abde-4456-a355-93e51fe49129-rule-mo-1600-1024x768.jpg 1024w, https:\/\/ford-sachsen.de\/html\/page\/wp-content\/uploads\/2026\/05\/4746710-69f57171ea73b5d536ede-abde-4456-a355-93e51fe49129-rule-mo-1600-768x576.jpg 768w, https:\/\/ford-sachsen.de\/html\/page\/wp-content\/uploads\/2026\/05\/4746710-69f57171ea73b5d536ede-abde-4456-a355-93e51fe49129-rule-mo-1600.jpg 1440w\" sizes=\"(max-width: 300px) 100vw, 300px\" \/>                        <\/a>\n                    <\/div>\n                    <div class=\"vehicle-data\">\n                                                    <small>\n                                                                06.2024                                \u00b7\n                            <\/small>\n                                                                            <small>\n                                6.350 km\n                            <\/small>\n                                                                            <small>\n                                \u00b7\n                                92 kW\n                                                                (\n                                125 PS)\n                            <\/small>\n                                                                            <small>\n                                \u00b7\n                                Schaltgetriebe                            <\/small>\n                                                                            <small>\n                                \u00b7\n                                Unfallfrei                            <\/small>\n                        \n                                                    <small>\n                                \u00b7\n                                Benzin                            <\/small>\n                                                                                                                            <small>\n                                \u00b7\n                                4\/5 T\u00fcren\n                            <\/small>\n                                                <ul class=\"vehicle-emission\">\n                                                 <span>Verbrauch komb.: \n                                    5.4                                 l\/100km<\/span><br>\n                                                                                \n                                       \n  <!-- CO2-Emissionen\t-->\n                                            <span>CO\u2082-Emissionen komb.: 121.0                                 g\/km<\/span><br>\n                                        <!-- CO2-Emissionen\t-->\n                   \n \n                         <span>CO\u2082-Klasse: \n                                    D                                <\/span><br>\n                    \n\n\n                <\/ul>\n\n                    <\/div>\n\n                    <div class=\"vehicle-price\">\n                                                    <div itemprop=\"priceSpecification\" itemscope itemtype=\"http:\/\/schema.org\/UnitPriceSpecification\">\n                                <meta itemprop=\"priceCurrency\" content=\"EUR\">\n                                <meta itemprop=\"price\" content=\"23.450\">\n                                <strong>\n                                    23.450 \u20ac (Brutto)\n                                <\/strong><br><small>\n                                    Inkl. 19% MwSt.                                <\/small>\n                            <\/div>\n                                                <br>\n                        <a href=\"https:\/\/ford-sachsen.de\/html\/page\/fahrzeuge\/ford-puma-st-line-shz-klimaautom-navi-led-start-stop\/\"\n                            class=\"vehicle-btn wp-block-button__link wp-element-button\">Details<\/a>\n                    <\/div>\n                <\/div> <!-- \/\/ vehicle-row -->\n               \n            <\/article>\n                        <article id=\"post-4746708\" class=\"vehicle\">\n                <hgroup>\n                    <a href=\"https:\/\/ford-sachsen.de\/html\/page\/fahrzeuge\/ford-puma-st-line-led-shz-klima-pdc-led-lws-navi-wint\/\">\n                        <h2 class=\"vehicle-title\">\n                            Ford Puma ST-Line LED SHZ KLIMA PDC LED LWS Navi Wint                        <\/h2>\n\n                    <\/a>\n                <\/hgroup>\n                <span class=\"vehicle-addition\">\n                    <p>\n                        SUV\/Gel\u00e4ndewagen\/Pickup ,\n                        Gebrauchtfahrzeug                    <\/p>\n                <\/span>\n                <div class=\"vehicle-row\">\n                    <div class=\"vehicle-thumbnail\">\n                        <a href=\"https:\/\/ford-sachsen.de\/html\/page\/fahrzeuge\/ford-puma-st-line-led-shz-klima-pdc-led-lws-navi-wint\/\" title=\"Ford Puma ST-Line LED SHZ KLIMA PDC LED LWS Navi Wint\">\n                            <img loading=\"lazy\" decoding=\"async\" width=\"300\" height=\"225\" src=\"https:\/\/ford-sachsen.de\/html\/page\/wp-content\/uploads\/2026\/05\/4746708-69f571706c82a5d536ede-abde-4456-a355-93e51fe49129-rule-mo-1600-300x225.jpg\" class=\"attachment-medium size-medium wp-post-image\" alt=\"\" srcset=\"https:\/\/ford-sachsen.de\/html\/page\/wp-content\/uploads\/2026\/05\/4746708-69f571706c82a5d536ede-abde-4456-a355-93e51fe49129-rule-mo-1600-300x225.jpg 300w, https:\/\/ford-sachsen.de\/html\/page\/wp-content\/uploads\/2026\/05\/4746708-69f571706c82a5d536ede-abde-4456-a355-93e51fe49129-rule-mo-1600-1024x768.jpg 1024w, https:\/\/ford-sachsen.de\/html\/page\/wp-content\/uploads\/2026\/05\/4746708-69f571706c82a5d536ede-abde-4456-a355-93e51fe49129-rule-mo-1600-768x576.jpg 768w, https:\/\/ford-sachsen.de\/html\/page\/wp-content\/uploads\/2026\/05\/4746708-69f571706c82a5d536ede-abde-4456-a355-93e51fe49129-rule-mo-1600.jpg 1440w\" sizes=\"(max-width: 300px) 100vw, 300px\" \/>                        <\/a>\n                    <\/div>\n                    <div class=\"vehicle-data\">\n                                                    <small>\n                                                                06.2024                                \u00b7\n                            <\/small>\n                                                                            <small>\n                                10 km\n                            <\/small>\n                                                                            <small>\n                                \u00b7\n                                92 kW\n                                                                (\n                                125 PS)\n                            <\/small>\n                                                                            <small>\n                                \u00b7\n                                Schaltgetriebe                            <\/small>\n                                                                            <small>\n                                \u00b7\n                                Unfallfrei                            <\/small>\n                        \n                                                    <small>\n                                \u00b7\n                                Benzin                            <\/small>\n                                                                                                                            <small>\n                                \u00b7\n                                4\/5 T\u00fcren\n                            <\/small>\n                                                <ul class=\"vehicle-emission\">\n                                                 <span>Verbrauch komb.: \n                                    6.0                                 l\/100km<\/span><br>\n                                                                                \n                                       \n  <!-- CO2-Emissionen\t-->\n                                            <span>CO\u2082-Emissionen komb.: 135.0                                 g\/km<\/span><br>\n                                        <!-- CO2-Emissionen\t-->\n                   \n \n                         <span>CO\u2082-Klasse: \n                                    D                                <\/span><br>\n                    \n\n\n                <\/ul>\n\n                    <\/div>\n\n                    <div class=\"vehicle-price\">\n                                                    <div itemprop=\"priceSpecification\" itemscope itemtype=\"http:\/\/schema.org\/UnitPriceSpecification\">\n                                <meta itemprop=\"priceCurrency\" content=\"EUR\">\n                                <meta itemprop=\"price\" content=\"23.895\">\n                                <strong>\n                                    23.895 \u20ac (Brutto)\n                                <\/strong><br><small>\n                                    Inkl. 19% MwSt.                                <\/small>\n                            <\/div>\n                                                <br>\n                        <a href=\"https:\/\/ford-sachsen.de\/html\/page\/fahrzeuge\/ford-puma-st-line-led-shz-klima-pdc-led-lws-navi-wint\/\"\n                            class=\"vehicle-btn wp-block-button__link wp-element-button\">Details<\/a>\n                    <\/div>\n                <\/div> <!-- \/\/ vehicle-row -->\n               \n            <\/article>\n                        <article id=\"post-4746706\" class=\"vehicle\">\n                <hgroup>\n                    <a href=\"https:\/\/ford-sachsen.de\/html\/page\/fahrzeuge\/ford-focus-turnier-st-line-hud-kamera-iacc-totwinkela\/\">\n                        <h2 class=\"vehicle-title\">\n                            Ford Focus Turnier ST-Line HUD KAMERA iACC Totwinkela                        <\/h2>\n\n                    <\/a>\n                <\/hgroup>\n                <span class=\"vehicle-addition\">\n                    <p>\n                        Kombi ,\n                        Gebrauchtfahrzeug                    <\/p>\n                <\/span>\n                <div class=\"vehicle-row\">\n                    <div class=\"vehicle-thumbnail\">\n                        <a href=\"https:\/\/ford-sachsen.de\/html\/page\/fahrzeuge\/ford-focus-turnier-st-line-hud-kamera-iacc-totwinkela\/\" title=\"Ford Focus Turnier ST-Line HUD KAMERA iACC Totwinkela\">\n                            <img loading=\"lazy\" decoding=\"async\" width=\"300\" height=\"225\" src=\"https:\/\/ford-sachsen.de\/html\/page\/wp-content\/uploads\/2026\/05\/4746706-69f5716ecfb93710b5a23-5df1-4016-81af-1de22fbe6839-rule-mo-1600-300x225.jpg\" class=\"attachment-medium size-medium wp-post-image\" alt=\"\" srcset=\"https:\/\/ford-sachsen.de\/html\/page\/wp-content\/uploads\/2026\/05\/4746706-69f5716ecfb93710b5a23-5df1-4016-81af-1de22fbe6839-rule-mo-1600-300x225.jpg 300w, https:\/\/ford-sachsen.de\/html\/page\/wp-content\/uploads\/2026\/05\/4746706-69f5716ecfb93710b5a23-5df1-4016-81af-1de22fbe6839-rule-mo-1600-1024x768.jpg 1024w, https:\/\/ford-sachsen.de\/html\/page\/wp-content\/uploads\/2026\/05\/4746706-69f5716ecfb93710b5a23-5df1-4016-81af-1de22fbe6839-rule-mo-1600-768x576.jpg 768w, https:\/\/ford-sachsen.de\/html\/page\/wp-content\/uploads\/2026\/05\/4746706-69f5716ecfb93710b5a23-5df1-4016-81af-1de22fbe6839-rule-mo-1600.jpg 1440w\" sizes=\"(max-width: 300px) 100vw, 300px\" \/>                        <\/a>\n                    <\/div>\n                    <div class=\"vehicle-data\">\n                                                    <small>\n                                                                04.2024                                \u00b7\n                            <\/small>\n                                                                            <small>\n                                15.333 km\n                            <\/small>\n                                                                            <small>\n                                \u00b7\n                                92 kW\n                                                                (\n                                125 PS)\n                            <\/small>\n                                                                            <small>\n                                \u00b7\n                                Schaltgetriebe                            <\/small>\n                                                                            <small>\n                                \u00b7\n                                Unfallfrei                            <\/small>\n                        \n                                                    <small>\n                                \u00b7\n                                Benzin                            <\/small>\n                                                                                                                            <small>\n                                \u00b7\n                                4\/5 T\u00fcren\n                            <\/small>\n                                                <ul class=\"vehicle-emission\">\n                                                 <span>Verbrauch komb.: \n                                    5.4                                 l\/100km<\/span><br>\n                                                                                \n                                       \n  <!-- CO2-Emissionen\t-->\n                                            <span>CO\u2082-Emissionen komb.: 123.0                                 g\/km<\/span><br>\n                                        <!-- CO2-Emissionen\t-->\n                   \n \n                         <span>CO\u2082-Klasse: \n                                    D                                <\/span><br>\n                    \n\n\n                <\/ul>\n\n                    <\/div>\n\n                    <div class=\"vehicle-price\">\n                                                    <div itemprop=\"priceSpecification\" itemscope itemtype=\"http:\/\/schema.org\/UnitPriceSpecification\">\n                                <meta itemprop=\"priceCurrency\" content=\"EUR\">\n                                <meta itemprop=\"price\" content=\"23.985\">\n                                <strong>\n                                    23.985 \u20ac (Brutto)\n                                <\/strong><br><small>\n                                    Inkl. 19% MwSt.                                <\/small>\n                            <\/div>\n                                                <br>\n                        <a href=\"https:\/\/ford-sachsen.de\/html\/page\/fahrzeuge\/ford-focus-turnier-st-line-hud-kamera-iacc-totwinkela\/\"\n                            class=\"vehicle-btn wp-block-button__link wp-element-button\">Details<\/a>\n                    <\/div>\n                <\/div> <!-- \/\/ vehicle-row -->\n               \n            <\/article>\n                        <article id=\"post-4746704\" class=\"vehicle\">\n                <hgroup>\n                    <a href=\"https:\/\/ford-sachsen.de\/html\/page\/fahrzeuge\/ford-kuga-st-line-x-hud-ahk-navi-led-kamera-winterpak\/\">\n                        <h2 class=\"vehicle-title\">\n                            Ford Kuga ST-Line X HUD AHK Navi LED KAMERA Winterpak                        <\/h2>\n\n                    <\/a>\n                <\/hgroup>\n                <span class=\"vehicle-addition\">\n                    <p>\n                        SUV\/Gel\u00e4ndewagen\/Pickup ,\n                        Gebrauchtfahrzeug                    <\/p>\n                <\/span>\n                <div class=\"vehicle-row\">\n                    <div class=\"vehicle-thumbnail\">\n                        <a href=\"https:\/\/ford-sachsen.de\/html\/page\/fahrzeuge\/ford-kuga-st-line-x-hud-ahk-navi-led-kamera-winterpak\/\" title=\"Ford Kuga ST-Line X HUD AHK Navi LED KAMERA Winterpak\">\n                            <img loading=\"lazy\" decoding=\"async\" width=\"300\" height=\"225\" src=\"https:\/\/ford-sachsen.de\/html\/page\/wp-content\/uploads\/2026\/05\/4746704-69f5716d3c5bd7c4bf11d-47bc-4c28-8bb3-af426d7fe14a-rule-mo-1600-300x225.jpg\" class=\"attachment-medium size-medium wp-post-image\" alt=\"\" srcset=\"https:\/\/ford-sachsen.de\/html\/page\/wp-content\/uploads\/2026\/05\/4746704-69f5716d3c5bd7c4bf11d-47bc-4c28-8bb3-af426d7fe14a-rule-mo-1600-300x225.jpg 300w, https:\/\/ford-sachsen.de\/html\/page\/wp-content\/uploads\/2026\/05\/4746704-69f5716d3c5bd7c4bf11d-47bc-4c28-8bb3-af426d7fe14a-rule-mo-1600-1024x768.jpg 1024w, https:\/\/ford-sachsen.de\/html\/page\/wp-content\/uploads\/2026\/05\/4746704-69f5716d3c5bd7c4bf11d-47bc-4c28-8bb3-af426d7fe14a-rule-mo-1600-768x576.jpg 768w, https:\/\/ford-sachsen.de\/html\/page\/wp-content\/uploads\/2026\/05\/4746704-69f5716d3c5bd7c4bf11d-47bc-4c28-8bb3-af426d7fe14a-rule-mo-1600.jpg 1440w\" sizes=\"(max-width: 300px) 100vw, 300px\" \/>                        <\/a>\n                    <\/div>\n                    <div class=\"vehicle-data\">\n                                                    <small>\n                                                                02.2024                                \u00b7\n                            <\/small>\n                                                                            <small>\n                                13.194 km\n                            <\/small>\n                                                                            <small>\n                                \u00b7\n                                165 kW\n                                                                (\n                                224 PS)\n                            <\/small>\n                                                                            <small>\n                                \u00b7\n                                Automatik                            <\/small>\n                                                                            <small>\n                                \u00b7\n                                Unfallfrei                            <\/small>\n                        \n                                                    <small>\n                                \u00b7\n                                Plug-in-Hybrid                            <\/small>\n                                                                                                                            <small>\n                                \u00b7\n                                4\/5 T\u00fcren\n                            <\/small>\n                                                <ul class=\"vehicle-emission\">\n                                                <span>Kraftstoffverbrauch gewichtet, kombiniert: \n                                    1.0                                 l\/100km<\/span><br>\n                                             <span>Verbrauch komb.: \n                                    5.5                                 l\/100km<\/span><br>\n                                                                <span>Stromverbrauch gewichtet, kombiniert: \n                                    14.7                                 kWh\/100km<\/span><br>\n                                                            \n                                       \n  <!-- CO2-Emissionen\t-->\n                                            <span>CO\u2082-Emissionen komb.: 23.0                                 g\/km<\/span><br>\n                                        <!-- CO2-Emissionen\t-->\n                   \n \n                         <span>CO\u2082-Klasse: \n                                    B                                <\/span><br>\n                    \n\n\n                <\/ul>\n\n                    <\/div>\n\n                    <div class=\"vehicle-price\">\n                                                    <div itemprop=\"priceSpecification\" itemscope itemtype=\"http:\/\/schema.org\/UnitPriceSpecification\">\n                                <meta itemprop=\"priceCurrency\" content=\"EUR\">\n                                <meta itemprop=\"price\" content=\"31.400\">\n                                <strong>\n                                    31.400 \u20ac (Brutto)\n                                <\/strong><br><small>\n                                    Inkl. 19% MwSt.                                <\/small>\n                            <\/div>\n                                                <br>\n                        <a href=\"https:\/\/ford-sachsen.de\/html\/page\/fahrzeuge\/ford-kuga-st-line-x-hud-ahk-navi-led-kamera-winterpak\/\"\n                            class=\"vehicle-btn wp-block-button__link wp-element-button\">Details<\/a>\n                    <\/div>\n                <\/div> <!-- \/\/ vehicle-row -->\n               \n            <\/article>\n                        <article id=\"post-4746702\" class=\"vehicle\">\n                <hgroup>\n                    <a href=\"https:\/\/ford-sachsen.de\/html\/page\/fahrzeuge\/ford-puma-titanium-led-lws-pps-dab-winterpaket-heckk\/\">\n                        <h2 class=\"vehicle-title\">\n                            Ford Puma Titanium LED LWS PPS DAB+ Winterpaket Heckk                        <\/h2>\n\n                    <\/a>\n                <\/hgroup>\n                <span class=\"vehicle-addition\">\n                    <p>\n                        SUV\/Gel\u00e4ndewagen\/Pickup ,\n                        Gebrauchtfahrzeug                    <\/p>\n                <\/span>\n                <div class=\"vehicle-row\">\n                    <div class=\"vehicle-thumbnail\">\n                        <a href=\"https:\/\/ford-sachsen.de\/html\/page\/fahrzeuge\/ford-puma-titanium-led-lws-pps-dab-winterpaket-heckk\/\" title=\"Ford Puma Titanium LED LWS PPS DAB+ Winterpaket Heckk\">\n                            <img loading=\"lazy\" decoding=\"async\" width=\"300\" height=\"225\" src=\"https:\/\/ford-sachsen.de\/html\/page\/wp-content\/uploads\/2026\/05\/4746702-69f5716b97bb3832b6562-a065-4ba6-b917-7ec01013b36a-rule-mo-1600-300x225.jpg\" class=\"attachment-medium size-medium wp-post-image\" alt=\"\" srcset=\"https:\/\/ford-sachsen.de\/html\/page\/wp-content\/uploads\/2026\/05\/4746702-69f5716b97bb3832b6562-a065-4ba6-b917-7ec01013b36a-rule-mo-1600-300x225.jpg 300w, https:\/\/ford-sachsen.de\/html\/page\/wp-content\/uploads\/2026\/05\/4746702-69f5716b97bb3832b6562-a065-4ba6-b917-7ec01013b36a-rule-mo-1600-1024x768.jpg 1024w, https:\/\/ford-sachsen.de\/html\/page\/wp-content\/uploads\/2026\/05\/4746702-69f5716b97bb3832b6562-a065-4ba6-b917-7ec01013b36a-rule-mo-1600-768x576.jpg 768w, https:\/\/ford-sachsen.de\/html\/page\/wp-content\/uploads\/2026\/05\/4746702-69f5716b97bb3832b6562-a065-4ba6-b917-7ec01013b36a-rule-mo-1600.jpg 1440w\" sizes=\"(max-width: 300px) 100vw, 300px\" \/>                        <\/a>\n                    <\/div>\n                    <div class=\"vehicle-data\">\n                                                    <small>\n                                                                08.2024                                \u00b7\n                            <\/small>\n                                                                            <small>\n                                5 km\n                            <\/small>\n                                                                            <small>\n                                \u00b7\n                                92 kW\n                                                                (\n                                125 PS)\n                            <\/small>\n                                                                            <small>\n                                \u00b7\n                                Schaltgetriebe                            <\/small>\n                                                                            <small>\n                                \u00b7\n                                Unfallfrei                            <\/small>\n                        \n                                                    <small>\n                                \u00b7\n                                Benzin                            <\/small>\n                                                                                                                            <small>\n                                \u00b7\n                                4\/5 T\u00fcren\n                            <\/small>\n                                                <ul class=\"vehicle-emission\">\n                                                 <span>Verbrauch komb.: \n                                    5.4                                 l\/100km<\/span><br>\n                                                                                \n                                       \n  <!-- CO2-Emissionen\t-->\n                                            <span>CO\u2082-Emissionen komb.: 135.0                                 g\/km<\/span><br>\n                                        <!-- CO2-Emissionen\t-->\n                   \n \n                         <span>CO\u2082-Klasse: \n                                    D                                <\/span><br>\n                    \n\n\n                <\/ul>\n\n                    <\/div>\n\n                    <div class=\"vehicle-price\">\n                                                    <div itemprop=\"priceSpecification\" itemscope itemtype=\"http:\/\/schema.org\/UnitPriceSpecification\">\n                                <meta itemprop=\"priceCurrency\" content=\"EUR\">\n                                <meta itemprop=\"price\" content=\"22.995\">\n                                <strong>\n                                    22.995 \u20ac (Brutto)\n                                <\/strong><br><small>\n                                    Inkl. 19% MwSt.                                <\/small>\n                            <\/div>\n                                                <br>\n                        <a href=\"https:\/\/ford-sachsen.de\/html\/page\/fahrzeuge\/ford-puma-titanium-led-lws-pps-dab-winterpaket-heckk\/\"\n                            class=\"vehicle-btn wp-block-button__link wp-element-button\">Details<\/a>\n                    <\/div>\n                <\/div> <!-- \/\/ vehicle-row -->\n               \n            <\/article>\n                        <article id=\"post-4746700\" class=\"vehicle\">\n                <hgroup>\n                    <a href=\"https:\/\/ford-sachsen.de\/html\/page\/fahrzeuge\/ford-focus-turnier-st-line-hud-navi-iacc-led-klimaaut-3\/\">\n                        <h2 class=\"vehicle-title\">\n                            Ford Focus Turnier ST-Line HUD Navi iACC LED Klimaaut                        <\/h2>\n\n                    <\/a>\n                <\/hgroup>\n                <span class=\"vehicle-addition\">\n                    <p>\n                        Kombi ,\n                        Gebrauchtfahrzeug                    <\/p>\n                <\/span>\n                <div class=\"vehicle-row\">\n                    <div class=\"vehicle-thumbnail\">\n                        <a href=\"https:\/\/ford-sachsen.de\/html\/page\/fahrzeuge\/ford-focus-turnier-st-line-hud-navi-iacc-led-klimaaut-3\/\" title=\"Ford Focus Turnier ST-Line HUD Navi iACC LED Klimaaut\">\n                            <img loading=\"lazy\" decoding=\"async\" width=\"300\" height=\"225\" src=\"https:\/\/ford-sachsen.de\/html\/page\/wp-content\/uploads\/2026\/05\/4746700-69f5716a1da2eda6890d2-c27b-482a-9007-81c6218eb4fe-rule-mo-1600-300x225.jpg\" class=\"attachment-medium size-medium wp-post-image\" alt=\"\" srcset=\"https:\/\/ford-sachsen.de\/html\/page\/wp-content\/uploads\/2026\/05\/4746700-69f5716a1da2eda6890d2-c27b-482a-9007-81c6218eb4fe-rule-mo-1600-300x225.jpg 300w, https:\/\/ford-sachsen.de\/html\/page\/wp-content\/uploads\/2026\/05\/4746700-69f5716a1da2eda6890d2-c27b-482a-9007-81c6218eb4fe-rule-mo-1600-1024x768.jpg 1024w, https:\/\/ford-sachsen.de\/html\/page\/wp-content\/uploads\/2026\/05\/4746700-69f5716a1da2eda6890d2-c27b-482a-9007-81c6218eb4fe-rule-mo-1600-768x576.jpg 768w, https:\/\/ford-sachsen.de\/html\/page\/wp-content\/uploads\/2026\/05\/4746700-69f5716a1da2eda6890d2-c27b-482a-9007-81c6218eb4fe-rule-mo-1600.jpg 1440w\" sizes=\"(max-width: 300px) 100vw, 300px\" \/>                        <\/a>\n                    <\/div>\n                    <div class=\"vehicle-data\">\n                                                    <small>\n                                                                04.2024                                \u00b7\n                            <\/small>\n                                                                            <small>\n                                10 km\n                            <\/small>\n                                                                            <small>\n                                \u00b7\n                                92 kW\n                                                                (\n                                125 PS)\n                            <\/small>\n                                                                            <small>\n                                \u00b7\n                                Schaltgetriebe                            <\/small>\n                                                                            <small>\n                                \u00b7\n                                Unfallfrei                            <\/small>\n                        \n                                                    <small>\n                                \u00b7\n                                Benzin                            <\/small>\n                                                                                                                            <small>\n                                \u00b7\n                                4\/5 T\u00fcren\n                            <\/small>\n                                                <ul class=\"vehicle-emission\">\n                                                 <span>Verbrauch komb.: \n                                    5.4                                 l\/100km<\/span><br>\n                                                                                \n                                       \n  <!-- CO2-Emissionen\t-->\n                                            <span>CO\u2082-Emissionen komb.: 123.0                                 g\/km<\/span><br>\n                                        <!-- CO2-Emissionen\t-->\n                   \n \n                         <span>CO\u2082-Klasse: \n                                    D                                <\/span><br>\n                    \n\n\n                <\/ul>\n\n                    <\/div>\n\n                    <div class=\"vehicle-price\">\n                                                    <div itemprop=\"priceSpecification\" itemscope itemtype=\"http:\/\/schema.org\/UnitPriceSpecification\">\n                                <meta itemprop=\"priceCurrency\" content=\"EUR\">\n                                <meta itemprop=\"price\" content=\"24.999\">\n                                <strong>\n                                    24.999 \u20ac (Brutto)\n                                <\/strong><br><small>\n                                    Inkl. 19% MwSt.                                <\/small>\n                            <\/div>\n                                                <br>\n                        <a href=\"https:\/\/ford-sachsen.de\/html\/page\/fahrzeuge\/ford-focus-turnier-st-line-hud-navi-iacc-led-klimaaut-3\/\"\n                            class=\"vehicle-btn wp-block-button__link wp-element-button\">Details<\/a>\n                    <\/div>\n                <\/div> <!-- \/\/ vehicle-row -->\n               \n            <\/article>\n                        <article id=\"post-4746698\" class=\"vehicle\">\n                <hgroup>\n                    <a href=\"https:\/\/ford-sachsen.de\/html\/page\/fahrzeuge\/ford-kuga-titanium-x-phev-navi-adaptiveled-pdcvh-dig\/\">\n                        <h2 class=\"vehicle-title\">\n                            Ford Kuga Titanium X PHEV Navi AdaptiveLED PDCv+h dig                        <\/h2>\n\n                    <\/a>\n                <\/hgroup>\n                <span class=\"vehicle-addition\">\n                    <p>\n                        SUV\/Gel\u00e4ndewagen\/Pickup ,\n                        Gebrauchtfahrzeug                    <\/p>\n                <\/span>\n                <div class=\"vehicle-row\">\n                    <div class=\"vehicle-thumbnail\">\n                        <a href=\"https:\/\/ford-sachsen.de\/html\/page\/fahrzeuge\/ford-kuga-titanium-x-phev-navi-adaptiveled-pdcvh-dig\/\" title=\"Ford Kuga Titanium X PHEV Navi AdaptiveLED PDCv+h dig\">\n                            <img loading=\"lazy\" decoding=\"async\" width=\"300\" height=\"225\" src=\"https:\/\/ford-sachsen.de\/html\/page\/wp-content\/uploads\/2026\/05\/4746698-69f571687651c4ea7790a-d66f-43da-ae7b-2e9e347ffecc-rule-mo-1600-300x225.jpg\" class=\"attachment-medium size-medium wp-post-image\" alt=\"\" srcset=\"https:\/\/ford-sachsen.de\/html\/page\/wp-content\/uploads\/2026\/05\/4746698-69f571687651c4ea7790a-d66f-43da-ae7b-2e9e347ffecc-rule-mo-1600-300x225.jpg 300w, https:\/\/ford-sachsen.de\/html\/page\/wp-content\/uploads\/2026\/05\/4746698-69f571687651c4ea7790a-d66f-43da-ae7b-2e9e347ffecc-rule-mo-1600-1024x768.jpg 1024w, https:\/\/ford-sachsen.de\/html\/page\/wp-content\/uploads\/2026\/05\/4746698-69f571687651c4ea7790a-d66f-43da-ae7b-2e9e347ffecc-rule-mo-1600-768x576.jpg 768w, https:\/\/ford-sachsen.de\/html\/page\/wp-content\/uploads\/2026\/05\/4746698-69f571687651c4ea7790a-d66f-43da-ae7b-2e9e347ffecc-rule-mo-1600.jpg 1440w\" sizes=\"(max-width: 300px) 100vw, 300px\" \/>                        <\/a>\n                    <\/div>\n                    <div class=\"vehicle-data\">\n                                                    <small>\n                                                                05.2024                                \u00b7\n                            <\/small>\n                                                                            <small>\n                                5.000 km\n                            <\/small>\n                                                                            <small>\n                                \u00b7\n                                165 kW\n                                                                (\n                                224 PS)\n                            <\/small>\n                                                                            <small>\n                                \u00b7\n                                Automatik                            <\/small>\n                                                                            <small>\n                                \u00b7\n                                Unfallfrei                            <\/small>\n                        \n                                                    <small>\n                                \u00b7\n                                Plug-in-Hybrid                            <\/small>\n                                                                                                                            <small>\n                                \u00b7\n                                4\/5 T\u00fcren\n                            <\/small>\n                                                <ul class=\"vehicle-emission\">\n                                                <span>Kraftstoffverbrauch gewichtet, kombiniert: \n                                    1.0                                 l\/100km<\/span><br>\n                                             <span>Verbrauch komb.: \n                                    5.5                                 l\/100km<\/span><br>\n                                                                <span>Stromverbrauch gewichtet, kombiniert: \n                                    14.8                                 kWh\/100km<\/span><br>\n                                                            \n                                       \n  <!-- CO2-Emissionen\t-->\n                                            <span>CO\u2082-Emissionen komb.: 23.0                                 g\/km<\/span><br>\n                                        <!-- CO2-Emissionen\t-->\n                   \n \n                         <span>CO\u2082-Klasse: \n                                    B                                <\/span><br>\n                    \n\n\n                <\/ul>\n\n                    <\/div>\n\n                    <div class=\"vehicle-price\">\n                                                    <div itemprop=\"priceSpecification\" itemscope itemtype=\"http:\/\/schema.org\/UnitPriceSpecification\">\n                                <meta itemprop=\"priceCurrency\" content=\"EUR\">\n                                <meta itemprop=\"price\" content=\"34.799\">\n                                <strong>\n                                    34.799 \u20ac (Brutto)\n                                <\/strong><br><small>\n                                    Inkl. 19% MwSt.                                <\/small>\n                            <\/div>\n                                                <br>\n                        <a href=\"https:\/\/ford-sachsen.de\/html\/page\/fahrzeuge\/ford-kuga-titanium-x-phev-navi-adaptiveled-pdcvh-dig\/\"\n                            class=\"vehicle-btn wp-block-button__link wp-element-button\">Details<\/a>\n                    <\/div>\n                <\/div> <!-- \/\/ vehicle-row -->\n               \n            <\/article>\n                        <article id=\"post-4746696\" class=\"vehicle\">\n                <hgroup>\n                    <a href=\"https:\/\/ford-sachsen.de\/html\/page\/fahrzeuge\/ford-kuga-graphite-tech-edition-phevahk-el-hudnavi\/\">\n                        <h2 class=\"vehicle-title\">\n                            Ford Kuga Graphite Tech Edition PHEV+AHK-el.+HUD+Navi                        <\/h2>\n\n                    <\/a>\n                <\/hgroup>\n                <span class=\"vehicle-addition\">\n                    <p>\n                        SUV\/Gel\u00e4ndewagen\/Pickup ,\n                        Gebrauchtfahrzeug                    <\/p>\n                <\/span>\n                <div class=\"vehicle-row\">\n                    <div class=\"vehicle-thumbnail\">\n                        <a href=\"https:\/\/ford-sachsen.de\/html\/page\/fahrzeuge\/ford-kuga-graphite-tech-edition-phevahk-el-hudnavi\/\" title=\"Ford Kuga Graphite Tech Edition PHEV+AHK-el.+HUD+Navi\">\n                            <img loading=\"lazy\" decoding=\"async\" width=\"300\" height=\"225\" src=\"https:\/\/ford-sachsen.de\/html\/page\/wp-content\/uploads\/2026\/05\/4746696-69f57166cdfad8fe90941-fa32-4ae3-9740-b6c8265878bb-rule-mo-1600-300x225.jpg\" class=\"attachment-medium size-medium wp-post-image\" alt=\"\" srcset=\"https:\/\/ford-sachsen.de\/html\/page\/wp-content\/uploads\/2026\/05\/4746696-69f57166cdfad8fe90941-fa32-4ae3-9740-b6c8265878bb-rule-mo-1600-300x225.jpg 300w, https:\/\/ford-sachsen.de\/html\/page\/wp-content\/uploads\/2026\/05\/4746696-69f57166cdfad8fe90941-fa32-4ae3-9740-b6c8265878bb-rule-mo-1600-1024x768.jpg 1024w, https:\/\/ford-sachsen.de\/html\/page\/wp-content\/uploads\/2026\/05\/4746696-69f57166cdfad8fe90941-fa32-4ae3-9740-b6c8265878bb-rule-mo-1600-768x576.jpg 768w, https:\/\/ford-sachsen.de\/html\/page\/wp-content\/uploads\/2026\/05\/4746696-69f57166cdfad8fe90941-fa32-4ae3-9740-b6c8265878bb-rule-mo-1600.jpg 1440w\" sizes=\"(max-width: 300px) 100vw, 300px\" \/>                        <\/a>\n                    <\/div>\n                    <div class=\"vehicle-data\">\n                                                    <small>\n                                                                01.2024                                \u00b7\n                            <\/small>\n                                                                            <small>\n                                12.656 km\n                            <\/small>\n                                                                            <small>\n                                \u00b7\n                                165 kW\n                                                                (\n                                224 PS)\n                            <\/small>\n                                                                            <small>\n                                \u00b7\n                                Automatik                            <\/small>\n                                                                            <small>\n                                \u00b7\n                                Unfallfrei                            <\/small>\n                        \n                                                    <small>\n                                \u00b7\n                                Plug-in-Hybrid                            <\/small>\n                                                                                                                            <small>\n                                \u00b7\n                                4\/5 T\u00fcren\n                            <\/small>\n                                                <ul class=\"vehicle-emission\">\n                                                <span>Kraftstoffverbrauch gewichtet, kombiniert: \n                                    1.0                                 l\/100km<\/span><br>\n                                             <span>Verbrauch komb.: \n                                    5.6                                 l\/100km<\/span><br>\n                                                                <span>Stromverbrauch gewichtet, kombiniert: \n                                    14.9                                 kWh\/100km<\/span><br>\n                                                            \n                                       \n  <!-- CO2-Emissionen\t-->\n                                            <span>CO\u2082-Emissionen komb.: 24.0                                 g\/km<\/span><br>\n                                        <!-- CO2-Emissionen\t-->\n                   \n \n                         <span>CO\u2082-Klasse: \n                                    B                                <\/span><br>\n                    \n\n\n                <\/ul>\n\n                    <\/div>\n\n                    <div class=\"vehicle-price\">\n                                                    <div itemprop=\"priceSpecification\" itemscope itemtype=\"http:\/\/schema.org\/UnitPriceSpecification\">\n                                <meta itemprop=\"priceCurrency\" content=\"EUR\">\n                                <meta itemprop=\"price\" content=\"32.795\">\n                                <strong>\n                                    32.795 \u20ac (Brutto)\n                                <\/strong><br><small>\n                                    Inkl. 19% MwSt.                                <\/small>\n                            <\/div>\n                                                <br>\n                        <a href=\"https:\/\/ford-sachsen.de\/html\/page\/fahrzeuge\/ford-kuga-graphite-tech-edition-phevahk-el-hudnavi\/\"\n                            class=\"vehicle-btn wp-block-button__link wp-element-button\">Details<\/a>\n                    <\/div>\n                <\/div> <!-- \/\/ vehicle-row -->\n               \n            <\/article>\n                        <article id=\"post-4746694\" class=\"vehicle\">\n                <hgroup>\n                    <a href=\"https:\/\/ford-sachsen.de\/html\/page\/fahrzeuge\/ford-kuga-titanium-x-ganz-reifen-kurvenlicht-led-kli\/\">\n                        <h2 class=\"vehicle-title\">\n                            Ford Kuga Titanium X Ganz.-Reifen Kurvenlicht LED Kli                        <\/h2>\n\n                    <\/a>\n                <\/hgroup>\n                <span class=\"vehicle-addition\">\n                    <p>\n                        SUV\/Gel\u00e4ndewagen\/Pickup ,\n                        Gebrauchtfahrzeug                    <\/p>\n                <\/span>\n                <div class=\"vehicle-row\">\n                    <div class=\"vehicle-thumbnail\">\n                        <a href=\"https:\/\/ford-sachsen.de\/html\/page\/fahrzeuge\/ford-kuga-titanium-x-ganz-reifen-kurvenlicht-led-kli\/\" title=\"Ford Kuga Titanium X Ganz.-Reifen Kurvenlicht LED Kli\">\n                            <img loading=\"lazy\" decoding=\"async\" width=\"300\" height=\"225\" src=\"https:\/\/ford-sachsen.de\/html\/page\/wp-content\/uploads\/2026\/05\/4746694-69f571652c253859e4a94-8bb8-4ade-8121-d440ec2e5da7-rule-mo-1600-300x225.jpg\" class=\"attachment-medium size-medium wp-post-image\" alt=\"\" srcset=\"https:\/\/ford-sachsen.de\/html\/page\/wp-content\/uploads\/2026\/05\/4746694-69f571652c253859e4a94-8bb8-4ade-8121-d440ec2e5da7-rule-mo-1600-300x225.jpg 300w, https:\/\/ford-sachsen.de\/html\/page\/wp-content\/uploads\/2026\/05\/4746694-69f571652c253859e4a94-8bb8-4ade-8121-d440ec2e5da7-rule-mo-1600-1024x768.jpg 1024w, https:\/\/ford-sachsen.de\/html\/page\/wp-content\/uploads\/2026\/05\/4746694-69f571652c253859e4a94-8bb8-4ade-8121-d440ec2e5da7-rule-mo-1600-768x576.jpg 768w, https:\/\/ford-sachsen.de\/html\/page\/wp-content\/uploads\/2026\/05\/4746694-69f571652c253859e4a94-8bb8-4ade-8121-d440ec2e5da7-rule-mo-1600.jpg 1440w\" sizes=\"(max-width: 300px) 100vw, 300px\" \/>                        <\/a>\n                    <\/div>\n                    <div class=\"vehicle-data\">\n                                                    <small>\n                                                                04.2024                                \u00b7\n                            <\/small>\n                                                                            <small>\n                                6.788 km\n                            <\/small>\n                                                                            <small>\n                                \u00b7\n                                165 kW\n                                                                (\n                                224 PS)\n                            <\/small>\n                                                                            <small>\n                                \u00b7\n                                Automatik                            <\/small>\n                                                                            <small>\n                                \u00b7\n                                Unfallfrei                            <\/small>\n                        \n                                                    <small>\n                                \u00b7\n                                Plug-in-Hybrid                            <\/small>\n                                                                                                                            <small>\n                                \u00b7\n                                4\/5 T\u00fcren\n                            <\/small>\n                                                <ul class=\"vehicle-emission\">\n                                                <span>Kraftstoffverbrauch gewichtet, kombiniert: \n                                    1.0                                 l\/100km<\/span><br>\n                                             <span>Verbrauch komb.: \n                                    5.5                                 l\/100km<\/span><br>\n                                                                <span>Stromverbrauch gewichtet, kombiniert: \n                                    14.8                                 kWh\/100km<\/span><br>\n                                                            \n                                       \n  <!-- CO2-Emissionen\t-->\n                                            <span>CO\u2082-Emissionen komb.: 23.0                                 g\/km<\/span><br>\n                                        <!-- CO2-Emissionen\t-->\n                   \n \n                         <span>CO\u2082-Klasse: \n                                    B                                <\/span><br>\n                    \n\n\n                <\/ul>\n\n                    <\/div>\n\n                    <div class=\"vehicle-price\">\n                                                    <div itemprop=\"priceSpecification\" itemscope itemtype=\"http:\/\/schema.org\/UnitPriceSpecification\">\n                                <meta itemprop=\"priceCurrency\" content=\"EUR\">\n                                <meta itemprop=\"price\" content=\"32.999\">\n                                <strong>\n                                    32.999 \u20ac (Brutto)\n                                <\/strong><br><small>\n                                    Inkl. 19% MwSt.                                <\/small>\n                            <\/div>\n                                                <br>\n                        <a href=\"https:\/\/ford-sachsen.de\/html\/page\/fahrzeuge\/ford-kuga-titanium-x-ganz-reifen-kurvenlicht-led-kli\/\"\n                            class=\"vehicle-btn wp-block-button__link wp-element-button\">Details<\/a>\n                    <\/div>\n                <\/div> <!-- \/\/ vehicle-row -->\n               \n            <\/article>\n                        <article id=\"post-4746692\" class=\"vehicle\">\n                <hgroup>\n                    <a href=\"https:\/\/ford-sachsen.de\/html\/page\/fahrzeuge\/ford-kuga-st-line-phev-8-fach-bereift-twablis-hud-le\/\">\n                        <h2 class=\"vehicle-title\">\n                            Ford Kuga ST-Line PHEV 8-fach Bereift TWA+BLIS HUD LE                        <\/h2>\n\n                    <\/a>\n                <\/hgroup>\n                <span class=\"vehicle-addition\">\n                    <p>\n                        SUV\/Gel\u00e4ndewagen\/Pickup ,\n                        Gebrauchtfahrzeug                    <\/p>\n                <\/span>\n                <div class=\"vehicle-row\">\n                    <div class=\"vehicle-thumbnail\">\n                        <a href=\"https:\/\/ford-sachsen.de\/html\/page\/fahrzeuge\/ford-kuga-st-line-phev-8-fach-bereift-twablis-hud-le\/\" title=\"Ford Kuga ST-Line PHEV 8-fach Bereift TWA+BLIS HUD LE\">\n                            <img loading=\"lazy\" decoding=\"async\" width=\"300\" height=\"225\" src=\"https:\/\/ford-sachsen.de\/html\/page\/wp-content\/uploads\/2026\/05\/4746692-69f57164459ef3da781c9-8db9-4178-aefc-066f5d26b90b-rule-mo-1600-300x225.jpg\" class=\"attachment-medium size-medium wp-post-image\" alt=\"\" srcset=\"https:\/\/ford-sachsen.de\/html\/page\/wp-content\/uploads\/2026\/05\/4746692-69f57164459ef3da781c9-8db9-4178-aefc-066f5d26b90b-rule-mo-1600-300x225.jpg 300w, https:\/\/ford-sachsen.de\/html\/page\/wp-content\/uploads\/2026\/05\/4746692-69f57164459ef3da781c9-8db9-4178-aefc-066f5d26b90b-rule-mo-1600.jpg 640w\" sizes=\"(max-width: 300px) 100vw, 300px\" \/>                        <\/a>\n                    <\/div>\n                    <div class=\"vehicle-data\">\n                                                    <small>\n                                                                10.2023                                \u00b7\n                            <\/small>\n                                                                            <small>\n                                13.576 km\n                            <\/small>\n                                                                            <small>\n                                \u00b7\n                                165 kW\n                                                                (\n                                224 PS)\n                            <\/small>\n                                                                            <small>\n                                \u00b7\n                                Automatik                            <\/small>\n                                                                            <small>\n                                \u00b7\n                                Unfallfrei                            <\/small>\n                        \n                                                    <small>\n                                \u00b7\n                                Plug-in-Hybrid                            <\/small>\n                                                                                                                            <small>\n                                \u00b7\n                                4\/5 T\u00fcren\n                            <\/small>\n                                                <ul class=\"vehicle-emission\">\n                                                <span>Kraftstoffverbrauch gewichtet, kombiniert: \n                                    1.0                                 l\/100km<\/span><br>\n                                             <span>Verbrauch komb.: \n                                    5.4                                 l\/100km<\/span><br>\n                                                                <span>Stromverbrauch gewichtet, kombiniert: \n                                    14.6                                 kWh\/100km<\/span><br>\n                                                            \n                                       \n  <!-- CO2-Emissionen\t-->\n                                            <span>CO\u2082-Emissionen komb.: 22.0                                 g\/km<\/span><br>\n                                        <!-- CO2-Emissionen\t-->\n                   \n \n                         <span>CO\u2082-Klasse: \n                                    B                                <\/span><br>\n                    \n\n\n                <\/ul>\n\n                    <\/div>\n\n                    <div class=\"vehicle-price\">\n                                                    <div itemprop=\"priceSpecification\" itemscope itemtype=\"http:\/\/schema.org\/UnitPriceSpecification\">\n                                <meta itemprop=\"priceCurrency\" content=\"EUR\">\n                                <meta itemprop=\"price\" content=\"30.900\">\n                                <strong>\n                                    30.900 \u20ac (Brutto)\n                                <\/strong><br><small>\n                                    Inkl. 19% MwSt.                                <\/small>\n                            <\/div>\n                                                <br>\n                        <a href=\"https:\/\/ford-sachsen.de\/html\/page\/fahrzeuge\/ford-kuga-st-line-phev-8-fach-bereift-twablis-hud-le\/\"\n                            class=\"vehicle-btn wp-block-button__link wp-element-button\">Details<\/a>\n                    <\/div>\n                <\/div> <!-- \/\/ vehicle-row -->\n               \n            <\/article>\n                        <article id=\"post-4746690\" class=\"vehicle\">\n                <hgroup>\n                    <a href=\"https:\/\/ford-sachsen.de\/html\/page\/fahrzeuge\/ford-focus-turnier-st-lineklimanavishzfshtwakam\/\">\n                        <h2 class=\"vehicle-title\">\n                            Ford Focus Turnier ST-Line+KLIMA+NAVI+SHZ+FSH+TWA+KAM                        <\/h2>\n\n                    <\/a>\n                <\/hgroup>\n                <span class=\"vehicle-addition\">\n                    <p>\n                        Kombi ,\n                        Gebrauchtfahrzeug                    <\/p>\n                <\/span>\n                <div class=\"vehicle-row\">\n                    <div class=\"vehicle-thumbnail\">\n                        <a href=\"https:\/\/ford-sachsen.de\/html\/page\/fahrzeuge\/ford-focus-turnier-st-lineklimanavishzfshtwakam\/\" title=\"Ford Focus Turnier ST-Line+KLIMA+NAVI+SHZ+FSH+TWA+KAM\">\n                            <img loading=\"lazy\" decoding=\"async\" width=\"300\" height=\"225\" src=\"https:\/\/ford-sachsen.de\/html\/page\/wp-content\/uploads\/2026\/05\/4746690-69f571637c597fc1520c6-fff3-449d-8e49-5c92d57b3f91-rule-mo-1600-300x225.jpg\" class=\"attachment-medium size-medium wp-post-image\" alt=\"\" srcset=\"https:\/\/ford-sachsen.de\/html\/page\/wp-content\/uploads\/2026\/05\/4746690-69f571637c597fc1520c6-fff3-449d-8e49-5c92d57b3f91-rule-mo-1600-300x225.jpg 300w, https:\/\/ford-sachsen.de\/html\/page\/wp-content\/uploads\/2026\/05\/4746690-69f571637c597fc1520c6-fff3-449d-8e49-5c92d57b3f91-rule-mo-1600.jpg 640w\" sizes=\"(max-width: 300px) 100vw, 300px\" \/>                        <\/a>\n                    <\/div>\n                    <div class=\"vehicle-data\">\n                                                    <small>\n                                                                02.2024                                \u00b7\n                            <\/small>\n                                                                            <small>\n                                17.043 km\n                            <\/small>\n                                                                            <small>\n                                \u00b7\n                                92 kW\n                                                                (\n                                125 PS)\n                            <\/small>\n                                                                            <small>\n                                \u00b7\n                                Schaltgetriebe                            <\/small>\n                                                                            <small>\n                                \u00b7\n                                Unfallfrei                            <\/small>\n                        \n                                                    <small>\n                                \u00b7\n                                Benzin                            <\/small>\n                                                                                                                            <small>\n                                \u00b7\n                                4\/5 T\u00fcren\n                            <\/small>\n                                                <ul class=\"vehicle-emission\">\n                                                 <span>Verbrauch komb.: \n                                    5.4                                 l\/100km<\/span><br>\n                                                                                \n                                       \n  <!-- CO2-Emissionen\t-->\n                                            <span>CO\u2082-Emissionen komb.: 123.0                                 g\/km<\/span><br>\n                                        <!-- CO2-Emissionen\t-->\n                   \n \n                         <span>CO\u2082-Klasse: \n                                    D                                <\/span><br>\n                    \n\n\n                <\/ul>\n\n                    <\/div>\n\n                    <div class=\"vehicle-price\">\n                                                    <div itemprop=\"priceSpecification\" itemscope itemtype=\"http:\/\/schema.org\/UnitPriceSpecification\">\n                                <meta itemprop=\"priceCurrency\" content=\"EUR\">\n                                <meta itemprop=\"price\" content=\"23.450\">\n                                <strong>\n                                    23.450 \u20ac (Brutto)\n                                <\/strong><br><small>\n                                    Inkl. 19% MwSt.                                <\/small>\n                            <\/div>\n                                                <br>\n                        <a href=\"https:\/\/ford-sachsen.de\/html\/page\/fahrzeuge\/ford-focus-turnier-st-lineklimanavishzfshtwakam\/\"\n                            class=\"vehicle-btn wp-block-button__link wp-element-button\">Details<\/a>\n                    <\/div>\n                <\/div> <!-- \/\/ vehicle-row -->\n               \n            <\/article>\n                        <article id=\"post-4746688\" class=\"vehicle\">\n                <hgroup>\n                    <a href=\"https:\/\/ford-sachsen.de\/html\/page\/fahrzeuge\/ford-fiesta-titanium-winterpaket-touchscreen-color-pd\/\">\n                        <h2 class=\"vehicle-title\">\n                            Ford Fiesta Titanium Winterpaket Touchscreen Color PD                        <\/h2>\n\n                    <\/a>\n                <\/hgroup>\n                <span class=\"vehicle-addition\">\n                    <p>\n                        Kleinwagen ,\n                        Gebrauchtfahrzeug                    <\/p>\n                <\/span>\n                <div class=\"vehicle-row\">\n                    <div class=\"vehicle-thumbnail\">\n                        <a href=\"https:\/\/ford-sachsen.de\/html\/page\/fahrzeuge\/ford-fiesta-titanium-winterpaket-touchscreen-color-pd\/\" title=\"Ford Fiesta Titanium Winterpaket Touchscreen Color PD\">\n                            <img loading=\"lazy\" decoding=\"async\" width=\"300\" height=\"225\" src=\"https:\/\/ford-sachsen.de\/html\/page\/wp-content\/uploads\/2026\/05\/4746688-69f57162ae3500d907b79-89b4-4953-952c-5e2b975c2727-rule-mo-1600-300x225.jpg\" class=\"attachment-medium size-medium wp-post-image\" alt=\"\" srcset=\"https:\/\/ford-sachsen.de\/html\/page\/wp-content\/uploads\/2026\/05\/4746688-69f57162ae3500d907b79-89b4-4953-952c-5e2b975c2727-rule-mo-1600-300x225.jpg 300w, https:\/\/ford-sachsen.de\/html\/page\/wp-content\/uploads\/2026\/05\/4746688-69f57162ae3500d907b79-89b4-4953-952c-5e2b975c2727-rule-mo-1600.jpg 640w\" sizes=\"(max-width: 300px) 100vw, 300px\" \/>                        <\/a>\n                    <\/div>\n                    <div class=\"vehicle-data\">\n                                                    <small>\n                                                                01.2023                                \u00b7\n                            <\/small>\n                                                                            <small>\n                                8.359 km\n                            <\/small>\n                                                                            <small>\n                                \u00b7\n                                92 kW\n                                                                (\n                                125 PS)\n                            <\/small>\n                                                                            <small>\n                                \u00b7\n                                Schaltgetriebe                            <\/small>\n                                                                            <small>\n                                \u00b7\n                                Unfallfrei                            <\/small>\n                        \n                                                    <small>\n                                \u00b7\n                                Benzin                            <\/small>\n                                                                                                                            <small>\n                                \u00b7\n                                4\/5 T\u00fcren\n                            <\/small>\n                                                <ul class=\"vehicle-emission\">\n                                                 <span>Verbrauch komb.: \n                                    5.0                                 l\/100km<\/span><br>\n                                                                                \n                                       \n  <!-- CO2-Emissionen\t-->\n                                            <span>CO\u2082-Emissionen komb.: 113.0                                 g\/km<\/span><br>\n                                        <!-- CO2-Emissionen\t-->\n                   \n \n                         <span>CO\u2082-Klasse: \n                                    C                                <\/span><br>\n                    \n\n\n                <\/ul>\n\n                    <\/div>\n\n                    <div class=\"vehicle-price\">\n                                                    <div itemprop=\"priceSpecification\" itemscope itemtype=\"http:\/\/schema.org\/UnitPriceSpecification\">\n                                <meta itemprop=\"priceCurrency\" content=\"EUR\">\n                                <meta itemprop=\"price\" content=\"18.985\">\n                                <strong>\n                                    18.985 \u20ac (Brutto)\n                                <\/strong><br><small>\n                                    Inkl. 19% MwSt.                                <\/small>\n                            <\/div>\n                                                <br>\n                        <a href=\"https:\/\/ford-sachsen.de\/html\/page\/fahrzeuge\/ford-fiesta-titanium-winterpaket-touchscreen-color-pd\/\"\n                            class=\"vehicle-btn wp-block-button__link wp-element-button\">Details<\/a>\n                    <\/div>\n                <\/div> <!-- \/\/ vehicle-row -->\n               \n            <\/article>\n                        <article id=\"post-4746686\" class=\"vehicle\">\n                <hgroup>\n                    <a href=\"https:\/\/ford-sachsen.de\/html\/page\/fahrzeuge\/ford-transit-custom-kasten-320-l1-trend-170psbeif-a\/\">\n                        <h2 class=\"vehicle-title\">\n                            Ford Transit Custom Kasten 320 L1 Trend 170PS+Beif.-A                        <\/h2>\n\n                    <\/a>\n                <\/hgroup>\n                <span class=\"vehicle-addition\">\n                    <p>\n                        Andere ,\n                        Gebrauchtfahrzeug                    <\/p>\n                <\/span>\n                <div class=\"vehicle-row\">\n                    <div class=\"vehicle-thumbnail\">\n                        <a href=\"https:\/\/ford-sachsen.de\/html\/page\/fahrzeuge\/ford-transit-custom-kasten-320-l1-trend-170psbeif-a\/\" title=\"Ford Transit Custom Kasten 320 L1 Trend 170PS+Beif.-A\">\n                            <img loading=\"lazy\" decoding=\"async\" width=\"300\" height=\"225\" src=\"https:\/\/ford-sachsen.de\/html\/page\/wp-content\/uploads\/2026\/05\/4746686-69f57161dee1e6e0226ee-7b16-4d27-9d05-db9db00dded4-rule-mo-1600-300x225.jpg\" class=\"attachment-medium size-medium wp-post-image\" alt=\"\" srcset=\"https:\/\/ford-sachsen.de\/html\/page\/wp-content\/uploads\/2026\/05\/4746686-69f57161dee1e6e0226ee-7b16-4d27-9d05-db9db00dded4-rule-mo-1600-300x225.jpg 300w, https:\/\/ford-sachsen.de\/html\/page\/wp-content\/uploads\/2026\/05\/4746686-69f57161dee1e6e0226ee-7b16-4d27-9d05-db9db00dded4-rule-mo-1600.jpg 640w\" sizes=\"(max-width: 300px) 100vw, 300px\" \/>                        <\/a>\n                    <\/div>\n                    <div class=\"vehicle-data\">\n                                                    <small>\n                                                                09.2023                                \u00b7\n                            <\/small>\n                                                                            <small>\n                                135 km\n                            <\/small>\n                                                                            <small>\n                                \u00b7\n                                125 kW\n                                                                (\n                                170 PS)\n                            <\/small>\n                                                                            <small>\n                                \u00b7\n                                Schaltgetriebe                            <\/small>\n                                                                            <small>\n                                \u00b7\n                                Unfallfrei                            <\/small>\n                        \n                                                    <small>\n                                \u00b7\n                                Diesel                            <\/small>\n                                                                                                                            <small>\n                                \u00b7\n                                4\/5 T\u00fcren\n                            <\/small>\n                                                <ul class=\"vehicle-emission\">\n                                                 <span>Verbrauch komb.: \n                                    7.4                                 l\/100km<\/span><br>\n                                                                                \n                                       \n  <!-- CO2-Emissionen\t-->\n                                            <span>CO\u2082-Emissionen komb.: 194.0                                 g\/km<\/span><br>\n                                        <!-- CO2-Emissionen\t-->\n                   \n \n                         <span>CO\u2082-Klasse: \n                                    G                                <\/span><br>\n                    \n\n\n                <\/ul>\n\n                    <\/div>\n\n                    <div class=\"vehicle-price\">\n                                                    <div itemprop=\"priceSpecification\" itemscope itemtype=\"http:\/\/schema.org\/UnitPriceSpecification\">\n                                <meta itemprop=\"priceCurrency\" content=\"EUR\">\n                                <meta itemprop=\"price\" content=\"32.990\">\n                                <strong>\n                                    32.990 \u20ac (Brutto)\n                                <\/strong><br><small>\n                                    Inkl. 19% MwSt.                                <\/small>\n                            <\/div>\n                                                <br>\n                        <a href=\"https:\/\/ford-sachsen.de\/html\/page\/fahrzeuge\/ford-transit-custom-kasten-320-l1-trend-170psbeif-a\/\"\n                            class=\"vehicle-btn wp-block-button__link wp-element-button\">Details<\/a>\n                    <\/div>\n                <\/div> <!-- \/\/ vehicle-row -->\n               \n            <\/article>\n                        <article id=\"post-4746684\" class=\"vehicle\">\n                <hgroup>\n                    <a href=\"https:\/\/ford-sachsen.de\/html\/page\/fahrzeuge\/ford-transit-custom-kasten-320-l2-trendklimaled-shz\/\">\n                        <h2 class=\"vehicle-title\">\n                            Ford Transit Custom Kasten 320 L2 Trend+KLIMA+LED SHZ                        <\/h2>\n\n                    <\/a>\n                <\/hgroup>\n                <span class=\"vehicle-addition\">\n                    <p>\n                        Andere ,\n                        Gebrauchtfahrzeug                    <\/p>\n                <\/span>\n                <div class=\"vehicle-row\">\n                    <div class=\"vehicle-thumbnail\">\n                        <a href=\"https:\/\/ford-sachsen.de\/html\/page\/fahrzeuge\/ford-transit-custom-kasten-320-l2-trendklimaled-shz\/\" title=\"Ford Transit Custom Kasten 320 L2 Trend+KLIMA+LED SHZ\">\n                            <img loading=\"lazy\" decoding=\"async\" width=\"300\" height=\"225\" src=\"https:\/\/ford-sachsen.de\/html\/page\/wp-content\/uploads\/2026\/05\/4746684-69f571611c1106def8f5f-f77c-40ee-9f0e-e7fb339148c0-rule-mo-1600-300x225.jpg\" class=\"attachment-medium size-medium wp-post-image\" alt=\"\" srcset=\"https:\/\/ford-sachsen.de\/html\/page\/wp-content\/uploads\/2026\/05\/4746684-69f571611c1106def8f5f-f77c-40ee-9f0e-e7fb339148c0-rule-mo-1600-300x225.jpg 300w, https:\/\/ford-sachsen.de\/html\/page\/wp-content\/uploads\/2026\/05\/4746684-69f571611c1106def8f5f-f77c-40ee-9f0e-e7fb339148c0-rule-mo-1600.jpg 640w\" sizes=\"(max-width: 300px) 100vw, 300px\" \/>                        <\/a>\n                    <\/div>\n                    <div class=\"vehicle-data\">\n                                                    <small>\n                                                                02.2024                                \u00b7\n                            <\/small>\n                                                                            <small>\n                                34 km\n                            <\/small>\n                                                                            <small>\n                                \u00b7\n                                110 kW\n                                                                (\n                                150 PS)\n                            <\/small>\n                                                                            <small>\n                                \u00b7\n                                Schaltgetriebe                            <\/small>\n                                                                            <small>\n                                \u00b7\n                                Unfallfrei                            <\/small>\n                        \n                                                    <small>\n                                \u00b7\n                                Diesel                            <\/small>\n                                                                                                                            <small>\n                                \u00b7\n                                4\/5 T\u00fcren\n                            <\/small>\n                                                <ul class=\"vehicle-emission\">\n                                                 <span>Verbrauch komb.: \n                                    7.3                                 l\/100km<\/span><br>\n                                                                                \n                                       \n  <!-- CO2-Emissionen\t-->\n                                            <span>CO\u2082-Emissionen komb.: 192.0                                 g\/km<\/span><br>\n                                        <!-- CO2-Emissionen\t-->\n                   \n \n                         <span>CO\u2082-Klasse: \n                                    G                                <\/span><br>\n                    \n\n\n                <\/ul>\n\n                    <\/div>\n\n                    <div class=\"vehicle-price\">\n                                                    <div itemprop=\"priceSpecification\" itemscope itemtype=\"http:\/\/schema.org\/UnitPriceSpecification\">\n                                <meta itemprop=\"priceCurrency\" content=\"EUR\">\n                                <meta itemprop=\"price\" content=\"35.895\">\n                                <strong>\n                                    35.895 \u20ac (Brutto)\n                                <\/strong><br><small>\n                                    Inkl. 19% MwSt.                                <\/small>\n                            <\/div>\n                                                <br>\n                        <a href=\"https:\/\/ford-sachsen.de\/html\/page\/fahrzeuge\/ford-transit-custom-kasten-320-l2-trendklimaled-shz\/\"\n                            class=\"vehicle-btn wp-block-button__link wp-element-button\">Details<\/a>\n                    <\/div>\n                <\/div> <!-- \/\/ vehicle-row -->\n               \n            <\/article>\n                        <article id=\"post-4746682\" class=\"vehicle\">\n                <hgroup>\n                    <a href=\"https:\/\/ford-sachsen.de\/html\/page\/fahrzeuge\/ford-puma-st-line-kameranavishzlwsstart-stopbc\/\">\n                        <h2 class=\"vehicle-title\">\n                            Ford Puma ST-Line +KAMERA+NAVI+SHZ+LWS+START STOP+BC+                        <\/h2>\n\n                    <\/a>\n                <\/hgroup>\n                <span class=\"vehicle-addition\">\n                    <p>\n                        SUV\/Gel\u00e4ndewagen\/Pickup ,\n                        Gebrauchtfahrzeug                    <\/p>\n                <\/span>\n                <div class=\"vehicle-row\">\n                    <div class=\"vehicle-thumbnail\">\n                        <a href=\"https:\/\/ford-sachsen.de\/html\/page\/fahrzeuge\/ford-puma-st-line-kameranavishzlwsstart-stopbc\/\" title=\"Ford Puma ST-Line +KAMERA+NAVI+SHZ+LWS+START STOP+BC+\">\n                            <img loading=\"lazy\" decoding=\"async\" width=\"300\" height=\"225\" src=\"https:\/\/ford-sachsen.de\/html\/page\/wp-content\/uploads\/2026\/05\/4746682-69f571604c41d7a35f6e6-f383-44a6-bf11-eb5794dddb24-rule-mo-1600-300x225.jpg\" class=\"attachment-medium size-medium wp-post-image\" alt=\"\" srcset=\"https:\/\/ford-sachsen.de\/html\/page\/wp-content\/uploads\/2026\/05\/4746682-69f571604c41d7a35f6e6-f383-44a6-bf11-eb5794dddb24-rule-mo-1600-300x225.jpg 300w, https:\/\/ford-sachsen.de\/html\/page\/wp-content\/uploads\/2026\/05\/4746682-69f571604c41d7a35f6e6-f383-44a6-bf11-eb5794dddb24-rule-mo-1600.jpg 640w\" sizes=\"(max-width: 300px) 100vw, 300px\" \/>                        <\/a>\n                    <\/div>\n                    <div class=\"vehicle-data\">\n                                                    <small>\n                                                                04.2024                                \u00b7\n                            <\/small>\n                                                                            <small>\n                                18.710 km\n                            <\/small>\n                                                                            <small>\n                                \u00b7\n                                92 kW\n                                                                (\n                                125 PS)\n                            <\/small>\n                                                                            <small>\n                                \u00b7\n                                Schaltgetriebe                            <\/small>\n                                                                            <small>\n                                \u00b7\n                                Unfallfrei                            <\/small>\n                        \n                                                    <small>\n                                \u00b7\n                                Benzin                            <\/small>\n                                                                                                                            <small>\n                                \u00b7\n                                4\/5 T\u00fcren\n                            <\/small>\n                                                <ul class=\"vehicle-emission\">\n                                                 <span>Verbrauch komb.: \n                                    5.4                                 l\/100km<\/span><br>\n                                                                                \n                                       \n  <!-- CO2-Emissionen\t-->\n                                            <span>CO\u2082-Emissionen komb.: 121.0                                 g\/km<\/span><br>\n                                        <!-- CO2-Emissionen\t-->\n                   \n \n                         <span>CO\u2082-Klasse: \n                                    D                                <\/span><br>\n                    \n\n\n                <\/ul>\n\n                    <\/div>\n\n                    <div class=\"vehicle-price\">\n                                                    <div itemprop=\"priceSpecification\" itemscope itemtype=\"http:\/\/schema.org\/UnitPriceSpecification\">\n                                <meta itemprop=\"priceCurrency\" content=\"EUR\">\n                                <meta itemprop=\"price\" content=\"19.990\">\n                                <strong>\n                                    19.990 \u20ac (Brutto)\n                                <\/strong><br><small>\n                                    Inkl. 19% MwSt.                                <\/small>\n                            <\/div>\n                                                <br>\n                        <a href=\"https:\/\/ford-sachsen.de\/html\/page\/fahrzeuge\/ford-puma-st-line-kameranavishzlwsstart-stopbc\/\"\n                            class=\"vehicle-btn wp-block-button__link wp-element-button\">Details<\/a>\n                    <\/div>\n                <\/div> <!-- \/\/ vehicle-row -->\n               \n            <\/article>\n                        <article id=\"post-4746680\" class=\"vehicle\">\n                <hgroup>\n                    <a href=\"https:\/\/ford-sachsen.de\/html\/page\/fahrzeuge\/ford-fiesta-titanium-ledacc-klimaauto-led-easy-park\/\">\n                        <h2 class=\"vehicle-title\">\n                            Ford Fiesta Titanium LED+ACC+ Klimaauto LED Easy-Park                        <\/h2>\n\n                    <\/a>\n                <\/hgroup>\n                <span class=\"vehicle-addition\">\n                    <p>\n                        Kleinwagen ,\n                        Gebrauchtfahrzeug                    <\/p>\n                <\/span>\n                <div class=\"vehicle-row\">\n                    <div class=\"vehicle-thumbnail\">\n                        <a href=\"https:\/\/ford-sachsen.de\/html\/page\/fahrzeuge\/ford-fiesta-titanium-ledacc-klimaauto-led-easy-park\/\" title=\"Ford Fiesta Titanium LED+ACC+ Klimaauto LED Easy-Park\">\n                            <img loading=\"lazy\" decoding=\"async\" width=\"300\" height=\"225\" src=\"https:\/\/ford-sachsen.de\/html\/page\/wp-content\/uploads\/2026\/05\/4746680-69f5715f82a6eab182c4c-ad25-4940-8128-c52370170201-rule-mo-1600-300x225.jpg\" class=\"attachment-medium size-medium wp-post-image\" alt=\"\" srcset=\"https:\/\/ford-sachsen.de\/html\/page\/wp-content\/uploads\/2026\/05\/4746680-69f5715f82a6eab182c4c-ad25-4940-8128-c52370170201-rule-mo-1600-300x225.jpg 300w, https:\/\/ford-sachsen.de\/html\/page\/wp-content\/uploads\/2026\/05\/4746680-69f5715f82a6eab182c4c-ad25-4940-8128-c52370170201-rule-mo-1600.jpg 640w\" sizes=\"(max-width: 300px) 100vw, 300px\" \/>                        <\/a>\n                    <\/div>\n                    <div class=\"vehicle-data\">\n                                                    <small>\n                                                                03.2023                                \u00b7\n                            <\/small>\n                                                                            <small>\n                                6.904 km\n                            <\/small>\n                                                                            <small>\n                                \u00b7\n                                92 kW\n                                                                (\n                                125 PS)\n                            <\/small>\n                                                                            <small>\n                                \u00b7\n                                Schaltgetriebe                            <\/small>\n                                                                            <small>\n                                \u00b7\n                                Unfallfrei                            <\/small>\n                        \n                                                    <small>\n                                \u00b7\n                                Benzin                            <\/small>\n                                                                                                                            <small>\n                                \u00b7\n                                4\/5 T\u00fcren\n                            <\/small>\n                                                <ul class=\"vehicle-emission\">\n                                                 <span>Verbrauch komb.: \n                                    5.1                                 l\/100km<\/span><br>\n                                                                                \n                                       \n  <!-- CO2-Emissionen\t-->\n                                            <span>CO\u2082-Emissionen komb.: 114.0                                 g\/km<\/span><br>\n                                        <!-- CO2-Emissionen\t-->\n                   \n \n                         <span>CO\u2082-Klasse: \n                                    C                                <\/span><br>\n                    \n\n\n                <\/ul>\n\n                    <\/div>\n\n                    <div class=\"vehicle-price\">\n                                                    <div itemprop=\"priceSpecification\" itemscope itemtype=\"http:\/\/schema.org\/UnitPriceSpecification\">\n                                <meta itemprop=\"priceCurrency\" content=\"EUR\">\n                                <meta itemprop=\"price\" content=\"17.490\">\n                                <strong>\n                                    17.490 \u20ac (Brutto)\n                                <\/strong><br><small>\n                                    Inkl. 19% MwSt.                                <\/small>\n                            <\/div>\n                                                <br>\n                        <a href=\"https:\/\/ford-sachsen.de\/html\/page\/fahrzeuge\/ford-fiesta-titanium-ledacc-klimaauto-led-easy-park\/\"\n                            class=\"vehicle-btn wp-block-button__link wp-element-button\">Details<\/a>\n                    <\/div>\n                <\/div> <!-- \/\/ vehicle-row -->\n               \n            <\/article>\n                        <article id=\"post-4746678\" class=\"vehicle\">\n                <hgroup>\n                    <a href=\"https:\/\/ford-sachsen.de\/html\/page\/fahrzeuge\/ford-focus-turnier-st-line-hud-navi-iacc-led-klimaaut-2\/\">\n                        <h2 class=\"vehicle-title\">\n                            Ford Focus Turnier ST-Line HUD Navi iACC LED Klimaaut                        <\/h2>\n\n                    <\/a>\n                <\/hgroup>\n                <span class=\"vehicle-addition\">\n                    <p>\n                        Kombi ,\n                        Gebrauchtfahrzeug                    <\/p>\n                <\/span>\n                <div class=\"vehicle-row\">\n                    <div class=\"vehicle-thumbnail\">\n                        <a href=\"https:\/\/ford-sachsen.de\/html\/page\/fahrzeuge\/ford-focus-turnier-st-line-hud-navi-iacc-led-klimaaut-2\/\" title=\"Ford Focus Turnier ST-Line HUD Navi iACC LED Klimaaut\">\n                            <img loading=\"lazy\" decoding=\"async\" width=\"300\" height=\"225\" src=\"https:\/\/ford-sachsen.de\/html\/page\/wp-content\/uploads\/2026\/05\/4746678-69f5715dec8e0da6890d2-c27b-482a-9007-81c6218eb4fe-rule-mo-1600-300x225.jpg\" class=\"attachment-medium size-medium wp-post-image\" alt=\"\" srcset=\"https:\/\/ford-sachsen.de\/html\/page\/wp-content\/uploads\/2026\/05\/4746678-69f5715dec8e0da6890d2-c27b-482a-9007-81c6218eb4fe-rule-mo-1600-300x225.jpg 300w, https:\/\/ford-sachsen.de\/html\/page\/wp-content\/uploads\/2026\/05\/4746678-69f5715dec8e0da6890d2-c27b-482a-9007-81c6218eb4fe-rule-mo-1600-1024x768.jpg 1024w, https:\/\/ford-sachsen.de\/html\/page\/wp-content\/uploads\/2026\/05\/4746678-69f5715dec8e0da6890d2-c27b-482a-9007-81c6218eb4fe-rule-mo-1600-768x576.jpg 768w, https:\/\/ford-sachsen.de\/html\/page\/wp-content\/uploads\/2026\/05\/4746678-69f5715dec8e0da6890d2-c27b-482a-9007-81c6218eb4fe-rule-mo-1600.jpg 1440w\" sizes=\"(max-width: 300px) 100vw, 300px\" \/>                        <\/a>\n                    <\/div>\n                    <div class=\"vehicle-data\">\n                                                    <small>\n                                                                03.2024                                \u00b7\n                            <\/small>\n                                                                            <small>\n                                10 km\n                            <\/small>\n                                                                            <small>\n                                \u00b7\n                                92 kW\n                                                                (\n                                125 PS)\n                            <\/small>\n                                                                            <small>\n                                \u00b7\n                                Schaltgetriebe                            <\/small>\n                                                                            <small>\n                                \u00b7\n                                Unfallfrei                            <\/small>\n                        \n                                                    <small>\n                                \u00b7\n                                Benzin                            <\/small>\n                                                                                                                            <small>\n                                \u00b7\n                                4\/5 T\u00fcren\n                            <\/small>\n                                                <ul class=\"vehicle-emission\">\n                                                 <span>Verbrauch komb.: \n                                    5.4                                 l\/100km<\/span><br>\n                                                                                \n                                       \n  <!-- CO2-Emissionen\t-->\n                                            <span>CO\u2082-Emissionen komb.: 123.0                                 g\/km<\/span><br>\n                                        <!-- CO2-Emissionen\t-->\n                   \n \n                         <span>CO\u2082-Klasse: \n                                    D                                <\/span><br>\n                    \n\n\n                <\/ul>\n\n                    <\/div>\n\n                    <div class=\"vehicle-price\">\n                                                    <div itemprop=\"priceSpecification\" itemscope itemtype=\"http:\/\/schema.org\/UnitPriceSpecification\">\n                                <meta itemprop=\"priceCurrency\" content=\"EUR\">\n                                <meta itemprop=\"price\" content=\"24.999\">\n                                <strong>\n                                    24.999 \u20ac (Brutto)\n                                <\/strong><br><small>\n                                    Inkl. 19% MwSt.                                <\/small>\n                            <\/div>\n                                                <br>\n                        <a href=\"https:\/\/ford-sachsen.de\/html\/page\/fahrzeuge\/ford-focus-turnier-st-line-hud-navi-iacc-led-klimaaut-2\/\"\n                            class=\"vehicle-btn wp-block-button__link wp-element-button\">Details<\/a>\n                    <\/div>\n                <\/div> <!-- \/\/ vehicle-row -->\n               \n            <\/article>\n                        <article id=\"post-4746676\" class=\"vehicle\">\n                <hgroup>\n                    <a href=\"https:\/\/ford-sachsen.de\/html\/page\/fahrzeuge\/ford-mustang-mach-e-awdklimaalu-19-naviblisiacc\/\">\n                        <h2 class=\"vehicle-title\">\n                            Ford Mustang MACH-E AWD+KLIMA+ALU-19 +NAVI+BLIS+iACC+                        <\/h2>\n\n                    <\/a>\n                <\/hgroup>\n                <span class=\"vehicle-addition\">\n                    <p>\n                        SUV\/Gel\u00e4ndewagen\/Pickup ,\n                        Gebrauchtfahrzeug                    <\/p>\n                <\/span>\n                <div class=\"vehicle-row\">\n                    <div class=\"vehicle-thumbnail\">\n                        <a href=\"https:\/\/ford-sachsen.de\/html\/page\/fahrzeuge\/ford-mustang-mach-e-awdklimaalu-19-naviblisiacc\/\" title=\"Ford Mustang MACH-E AWD+KLIMA+ALU-19 +NAVI+BLIS+iACC+\">\n                            <img loading=\"lazy\" decoding=\"async\" width=\"300\" height=\"225\" src=\"https:\/\/ford-sachsen.de\/html\/page\/wp-content\/uploads\/2026\/05\/4746676-69f5715d28eb6374c7530-a628-44b9-967b-c0cf0e3b5f85-rule-mo-1600-300x225.jpg\" class=\"attachment-medium size-medium wp-post-image\" alt=\"\" srcset=\"https:\/\/ford-sachsen.de\/html\/page\/wp-content\/uploads\/2026\/05\/4746676-69f5715d28eb6374c7530-a628-44b9-967b-c0cf0e3b5f85-rule-mo-1600-300x225.jpg 300w, https:\/\/ford-sachsen.de\/html\/page\/wp-content\/uploads\/2026\/05\/4746676-69f5715d28eb6374c7530-a628-44b9-967b-c0cf0e3b5f85-rule-mo-1600.jpg 640w\" sizes=\"(max-width: 300px) 100vw, 300px\" \/>                        <\/a>\n                    <\/div>\n                    <div class=\"vehicle-data\">\n                                                    <small>\n                                                                05.2022                                \u00b7\n                            <\/small>\n                                                                            <small>\n                                31.600 km\n                            <\/small>\n                                                                            <small>\n                                \u00b7\n                                198 kW\n                                                                (\n                                269 PS)\n                            <\/small>\n                                                                            <small>\n                                \u00b7\n                                Automatik                            <\/small>\n                                                                            <small>\n                                \u00b7\n                                Unfallfrei                            <\/small>\n                        \n                                                    <small>\n                                \u00b7\n                                Elektro                            <\/small>\n                                                                                                                            <small>\n                                \u00b7\n                                4\/5 T\u00fcren\n                            <\/small>\n                                                <ul class=\"vehicle-emission\">\n                                                                                     \n                                       \n  <!-- CO2-Emissionen\t-->\n                                            <span>CO\u2082-Emissionen komb.: 0.0                                 g\/km<\/span><br>\n                                        <!-- CO2-Emissionen\t-->\n                   \n \n                         <span>CO\u2082-Klasse: \n                                    A                                <\/span><br>\n                    \n\n\n                <\/ul>\n\n                    <\/div>\n\n                    <div class=\"vehicle-price\">\n                                                    <div itemprop=\"priceSpecification\" itemscope itemtype=\"http:\/\/schema.org\/UnitPriceSpecification\">\n                                <meta itemprop=\"priceCurrency\" content=\"EUR\">\n                                <meta itemprop=\"price\" content=\"31.400\">\n                                <strong>\n                                    31.400 \u20ac (Brutto)\n                                <\/strong><br><small>\n                                    Inkl. 19% MwSt.                                <\/small>\n                            <\/div>\n                                                <br>\n                        <a href=\"https:\/\/ford-sachsen.de\/html\/page\/fahrzeuge\/ford-mustang-mach-e-awdklimaalu-19-naviblisiacc\/\"\n                            class=\"vehicle-btn wp-block-button__link wp-element-button\">Details<\/a>\n                    <\/div>\n                <\/div> <!-- \/\/ vehicle-row -->\n               \n            <\/article>\n                        <article id=\"post-4746674\" class=\"vehicle\">\n                <hgroup>\n                    <a href=\"https:\/\/ford-sachsen.de\/html\/page\/fahrzeuge\/ford-transit-custom-kasten-300-l2-trendklimalwstre\/\">\n                        <h2 class=\"vehicle-title\">\n                            Ford Transit Custom Kasten 300 L2 Trend+KLIMA+LWS+Tre                        <\/h2>\n\n                    <\/a>\n                <\/hgroup>\n                <span class=\"vehicle-addition\">\n                    <p>\n                        Van\/Minibus ,\n                        Gebrauchtfahrzeug                    <\/p>\n                <\/span>\n                <div class=\"vehicle-row\">\n                    <div class=\"vehicle-thumbnail\">\n                        <a href=\"https:\/\/ford-sachsen.de\/html\/page\/fahrzeuge\/ford-transit-custom-kasten-300-l2-trendklimalwstre\/\" title=\"Ford Transit Custom Kasten 300 L2 Trend+KLIMA+LWS+Tre\">\n                            <img loading=\"lazy\" decoding=\"async\" width=\"300\" height=\"225\" src=\"https:\/\/ford-sachsen.de\/html\/page\/wp-content\/uploads\/2026\/05\/4746674-69f5715bd2bcd54129f54-d11a-4ba0-9897-63c6d65f87d0-rule-mo-1600-300x225.jpg\" class=\"attachment-medium size-medium wp-post-image\" alt=\"\" srcset=\"https:\/\/ford-sachsen.de\/html\/page\/wp-content\/uploads\/2026\/05\/4746674-69f5715bd2bcd54129f54-d11a-4ba0-9897-63c6d65f87d0-rule-mo-1600-300x225.jpg 300w, https:\/\/ford-sachsen.de\/html\/page\/wp-content\/uploads\/2026\/05\/4746674-69f5715bd2bcd54129f54-d11a-4ba0-9897-63c6d65f87d0-rule-mo-1600.jpg 640w\" sizes=\"(max-width: 300px) 100vw, 300px\" \/>                        <\/a>\n                    <\/div>\n                    <div class=\"vehicle-data\">\n                                                    <small>\n                                                                02.2024                                \u00b7\n                            <\/small>\n                                                                            <small>\n                                12.335 km\n                            <\/small>\n                                                                            <small>\n                                \u00b7\n                                100 kW\n                                                                (\n                                136 PS)\n                            <\/small>\n                                                                            <small>\n                                \u00b7\n                                Schaltgetriebe                            <\/small>\n                                                                            <small>\n                                \u00b7\n                                Unfallfrei                            <\/small>\n                        \n                                                    <small>\n                                \u00b7\n                                Diesel                            <\/small>\n                                                                                                                            <small>\n                                \u00b7\n                                4\/5 T\u00fcren\n                            <\/small>\n                                                <ul class=\"vehicle-emission\">\n                                                 <span>Verbrauch komb.: \n                                    7.2                                 l\/100km<\/span><br>\n                                                                                \n                                       \n  <!-- CO2-Emissionen\t-->\n                                            <span>CO\u2082-Emissionen komb.: 189.0                                 g\/km<\/span><br>\n                                        <!-- CO2-Emissionen\t-->\n                   \n \n                         <span>CO\u2082-Klasse: \n                                    G                                <\/span><br>\n                    \n\n\n                <\/ul>\n\n                    <\/div>\n\n                    <div class=\"vehicle-price\">\n                                                    <div itemprop=\"priceSpecification\" itemscope itemtype=\"http:\/\/schema.org\/UnitPriceSpecification\">\n                                <meta itemprop=\"priceCurrency\" content=\"EUR\">\n                                <meta itemprop=\"price\" content=\"30.975\">\n                                <strong>\n                                    30.975 \u20ac (Brutto)\n                                <\/strong><br><small>\n                                    Inkl. 19% MwSt.                                <\/small>\n                            <\/div>\n                                                <br>\n                        <a href=\"https:\/\/ford-sachsen.de\/html\/page\/fahrzeuge\/ford-transit-custom-kasten-300-l2-trendklimalwstre\/\"\n                            class=\"vehicle-btn wp-block-button__link wp-element-button\">Details<\/a>\n                    <\/div>\n                <\/div> <!-- \/\/ vehicle-row -->\n               \n            <\/article>\n                        <article id=\"post-4746672\" class=\"vehicle\">\n                <hgroup>\n                    <a href=\"https:\/\/ford-sachsen.de\/html\/page\/fahrzeuge\/ford-focus-turnier-st-line-easy-parking-hud-navi-iacc\/\">\n                        <h2 class=\"vehicle-title\">\n                            Ford Focus Turnier ST-Line Easy Parking HUD Navi iACC                        <\/h2>\n\n                    <\/a>\n                <\/hgroup>\n                <span class=\"vehicle-addition\">\n                    <p>\n                        Kombi ,\n                        Gebrauchtfahrzeug                    <\/p>\n                <\/span>\n                <div class=\"vehicle-row\">\n                    <div class=\"vehicle-thumbnail\">\n                        <a href=\"https:\/\/ford-sachsen.de\/html\/page\/fahrzeuge\/ford-focus-turnier-st-line-easy-parking-hud-navi-iacc\/\" title=\"Ford Focus Turnier ST-Line Easy Parking HUD Navi iACC\">\n                            <img loading=\"lazy\" decoding=\"async\" width=\"300\" height=\"225\" src=\"https:\/\/ford-sachsen.de\/html\/page\/wp-content\/uploads\/2026\/05\/4746672-69f57159a3356da6890d2-c27b-482a-9007-81c6218eb4fe-rule-mo-1600-300x225.jpg\" class=\"attachment-medium size-medium wp-post-image\" alt=\"\" srcset=\"https:\/\/ford-sachsen.de\/html\/page\/wp-content\/uploads\/2026\/05\/4746672-69f57159a3356da6890d2-c27b-482a-9007-81c6218eb4fe-rule-mo-1600-300x225.jpg 300w, https:\/\/ford-sachsen.de\/html\/page\/wp-content\/uploads\/2026\/05\/4746672-69f57159a3356da6890d2-c27b-482a-9007-81c6218eb4fe-rule-mo-1600-1024x768.jpg 1024w, https:\/\/ford-sachsen.de\/html\/page\/wp-content\/uploads\/2026\/05\/4746672-69f57159a3356da6890d2-c27b-482a-9007-81c6218eb4fe-rule-mo-1600-768x576.jpg 768w, https:\/\/ford-sachsen.de\/html\/page\/wp-content\/uploads\/2026\/05\/4746672-69f57159a3356da6890d2-c27b-482a-9007-81c6218eb4fe-rule-mo-1600.jpg 1440w\" sizes=\"(max-width: 300px) 100vw, 300px\" \/>                        <\/a>\n                    <\/div>\n                    <div class=\"vehicle-data\">\n                                                    <small>\n                                                                03.2024                                \u00b7\n                            <\/small>\n                                                                            <small>\n                                150 km\n                            <\/small>\n                                                                            <small>\n                                \u00b7\n                                92 kW\n                                                                (\n                                125 PS)\n                            <\/small>\n                                                                            <small>\n                                \u00b7\n                                Schaltgetriebe                            <\/small>\n                                                                            <small>\n                                \u00b7\n                                Unfallfrei                            <\/small>\n                        \n                                                    <small>\n                                \u00b7\n                                Benzin                            <\/small>\n                                                                                                                            <small>\n                                \u00b7\n                                4\/5 T\u00fcren\n                            <\/small>\n                                                <ul class=\"vehicle-emission\">\n                                                 <span>Verbrauch komb.: \n                                    5.4                                 l\/100km<\/span><br>\n                                                                                \n                                       \n  <!-- CO2-Emissionen\t-->\n                                            <span>CO\u2082-Emissionen komb.: 123.0                                 g\/km<\/span><br>\n                                        <!-- CO2-Emissionen\t-->\n                   \n \n                         <span>CO\u2082-Klasse: \n                                    D                                <\/span><br>\n                    \n\n\n                <\/ul>\n\n                    <\/div>\n\n                    <div class=\"vehicle-price\">\n                                                    <div itemprop=\"priceSpecification\" itemscope itemtype=\"http:\/\/schema.org\/UnitPriceSpecification\">\n                                <meta itemprop=\"priceCurrency\" content=\"EUR\">\n                                <meta itemprop=\"price\" content=\"24.895\">\n                                <strong>\n                                    24.895 \u20ac (Brutto)\n                                <\/strong><br><small>\n                                    Inkl. 19% MwSt.                                <\/small>\n                            <\/div>\n                                                <br>\n                        <a href=\"https:\/\/ford-sachsen.de\/html\/page\/fahrzeuge\/ford-focus-turnier-st-line-easy-parking-hud-navi-iacc\/\"\n                            class=\"vehicle-btn wp-block-button__link wp-element-button\">Details<\/a>\n                    <\/div>\n                <\/div> <!-- \/\/ vehicle-row -->\n               \n            <\/article>\n                        <article id=\"post-4746670\" class=\"vehicle\">\n                <hgroup>\n                    <a href=\"https:\/\/ford-sachsen.de\/html\/page\/fahrzeuge\/ford-focus-turnier-st-line-hud-navi-iacc-led-klimaaut\/\">\n                        <h2 class=\"vehicle-title\">\n                            Ford Focus Turnier ST-Line HUD Navi iACC LED Klimaaut                        <\/h2>\n\n                    <\/a>\n                <\/hgroup>\n                <span class=\"vehicle-addition\">\n                    <p>\n                        Kombi ,\n                        Gebrauchtfahrzeug                    <\/p>\n                <\/span>\n                <div class=\"vehicle-row\">\n                    <div class=\"vehicle-thumbnail\">\n                        <a href=\"https:\/\/ford-sachsen.de\/html\/page\/fahrzeuge\/ford-focus-turnier-st-line-hud-navi-iacc-led-klimaaut\/\" title=\"Ford Focus Turnier ST-Line HUD Navi iACC LED Klimaaut\">\n                            <img loading=\"lazy\" decoding=\"async\" width=\"300\" height=\"225\" src=\"https:\/\/ford-sachsen.de\/html\/page\/wp-content\/uploads\/2026\/05\/4746670-69f57157752f2da6890d2-c27b-482a-9007-81c6218eb4fe-rule-mo-1600-300x225.jpg\" class=\"attachment-medium size-medium wp-post-image\" alt=\"\" srcset=\"https:\/\/ford-sachsen.de\/html\/page\/wp-content\/uploads\/2026\/05\/4746670-69f57157752f2da6890d2-c27b-482a-9007-81c6218eb4fe-rule-mo-1600-300x225.jpg 300w, https:\/\/ford-sachsen.de\/html\/page\/wp-content\/uploads\/2026\/05\/4746670-69f57157752f2da6890d2-c27b-482a-9007-81c6218eb4fe-rule-mo-1600-1024x768.jpg 1024w, https:\/\/ford-sachsen.de\/html\/page\/wp-content\/uploads\/2026\/05\/4746670-69f57157752f2da6890d2-c27b-482a-9007-81c6218eb4fe-rule-mo-1600-768x576.jpg 768w, https:\/\/ford-sachsen.de\/html\/page\/wp-content\/uploads\/2026\/05\/4746670-69f57157752f2da6890d2-c27b-482a-9007-81c6218eb4fe-rule-mo-1600.jpg 1440w\" sizes=\"(max-width: 300px) 100vw, 300px\" \/>                        <\/a>\n                    <\/div>\n                    <div class=\"vehicle-data\">\n                                                    <small>\n                                                                02.2024                                \u00b7\n                            <\/small>\n                                                                            <small>\n                                10 km\n                            <\/small>\n                                                                            <small>\n                                \u00b7\n                                92 kW\n                                                                (\n                                125 PS)\n                            <\/small>\n                                                                            <small>\n                                \u00b7\n                                Schaltgetriebe                            <\/small>\n                                                                            <small>\n                                \u00b7\n                                Unfallfrei                            <\/small>\n                        \n                                                    <small>\n                                \u00b7\n                                Benzin                            <\/small>\n                                                                                                                            <small>\n                                \u00b7\n                                4\/5 T\u00fcren\n                            <\/small>\n                                                <ul class=\"vehicle-emission\">\n                                                 <span>Verbrauch komb.: \n                                    5.4                                 l\/100km<\/span><br>\n                                                                                \n                                       \n  <!-- CO2-Emissionen\t-->\n                                            <span>CO\u2082-Emissionen komb.: 123.0                                 g\/km<\/span><br>\n                                        <!-- CO2-Emissionen\t-->\n                   \n \n                         <span>CO\u2082-Klasse: \n                                    D                                <\/span><br>\n                    \n\n\n                <\/ul>\n\n                    <\/div>\n\n                    <div class=\"vehicle-price\">\n                                                    <div itemprop=\"priceSpecification\" itemscope itemtype=\"http:\/\/schema.org\/UnitPriceSpecification\">\n                                <meta itemprop=\"priceCurrency\" content=\"EUR\">\n                                <meta itemprop=\"price\" content=\"24.999\">\n                                <strong>\n                                    24.999 \u20ac (Brutto)\n                                <\/strong><br><small>\n                                    Inkl. 19% MwSt.                                <\/small>\n                            <\/div>\n                                                <br>\n                        <a href=\"https:\/\/ford-sachsen.de\/html\/page\/fahrzeuge\/ford-focus-turnier-st-line-hud-navi-iacc-led-klimaaut\/\"\n                            class=\"vehicle-btn wp-block-button__link wp-element-button\">Details<\/a>\n                    <\/div>\n                <\/div> <!-- \/\/ vehicle-row -->\n               \n            <\/article>\n                        <article id=\"post-4746668\" class=\"vehicle\">\n                <hgroup>\n                    <a href=\"https:\/\/ford-sachsen.de\/html\/page\/fahrzeuge\/ford-kuga-st-line-x-navitwakameraklima-winterpake\/\">\n                        <h2 class=\"vehicle-title\">\n                            Ford Kuga ST-Line X +NAVI+TWA+KAMERA+KLIMA Winterpake                        <\/h2>\n\n                    <\/a>\n                <\/hgroup>\n                <span class=\"vehicle-addition\">\n                    <p>\n                        SUV\/Gel\u00e4ndewagen\/Pickup ,\n                        Gebrauchtfahrzeug                    <\/p>\n                <\/span>\n                <div class=\"vehicle-row\">\n                    <div class=\"vehicle-thumbnail\">\n                        <a href=\"https:\/\/ford-sachsen.de\/html\/page\/fahrzeuge\/ford-kuga-st-line-x-navitwakameraklima-winterpake\/\" title=\"Ford Kuga ST-Line X +NAVI+TWA+KAMERA+KLIMA Winterpake\">\n                            <img loading=\"lazy\" decoding=\"async\" width=\"300\" height=\"225\" src=\"https:\/\/ford-sachsen.de\/html\/page\/wp-content\/uploads\/2026\/05\/4746668-69f5715550e39efb49a58-7651-4c70-bdbc-640482fca24a-rule-mo-1600-300x225.jpg\" class=\"attachment-medium size-medium wp-post-image\" alt=\"\" srcset=\"https:\/\/ford-sachsen.de\/html\/page\/wp-content\/uploads\/2026\/05\/4746668-69f5715550e39efb49a58-7651-4c70-bdbc-640482fca24a-rule-mo-1600-300x225.jpg 300w, https:\/\/ford-sachsen.de\/html\/page\/wp-content\/uploads\/2026\/05\/4746668-69f5715550e39efb49a58-7651-4c70-bdbc-640482fca24a-rule-mo-1600-1024x768.jpg 1024w, https:\/\/ford-sachsen.de\/html\/page\/wp-content\/uploads\/2026\/05\/4746668-69f5715550e39efb49a58-7651-4c70-bdbc-640482fca24a-rule-mo-1600-768x576.jpg 768w, https:\/\/ford-sachsen.de\/html\/page\/wp-content\/uploads\/2026\/05\/4746668-69f5715550e39efb49a58-7651-4c70-bdbc-640482fca24a-rule-mo-1600.jpg 1440w\" sizes=\"(max-width: 300px) 100vw, 300px\" \/>                        <\/a>\n                    <\/div>\n                    <div class=\"vehicle-data\">\n                                                    <small>\n                                                                02.2024                                \u00b7\n                            <\/small>\n                                                                            <small>\n                                8.001 km\n                            <\/small>\n                                                                            <small>\n                                \u00b7\n                                165 kW\n                                                                (\n                                224 PS)\n                            <\/small>\n                                                                            <small>\n                                \u00b7\n                                Automatik                            <\/small>\n                                                                            <small>\n                                \u00b7\n                                Unfallfrei                            <\/small>\n                        \n                                                    <small>\n                                \u00b7\n                                Plug-in-Hybrid                            <\/small>\n                                                                                                                            <small>\n                                \u00b7\n                                4\/5 T\u00fcren\n                            <\/small>\n                                                <ul class=\"vehicle-emission\">\n                                                <span>Kraftstoffverbrauch gewichtet, kombiniert: \n                                    1.0                                 l\/100km<\/span><br>\n                                             <span>Verbrauch komb.: \n                                    5.4                                 l\/100km<\/span><br>\n                                                                <span>Stromverbrauch gewichtet, kombiniert: \n                                    14.6                                 kWh\/100km<\/span><br>\n                                                            \n                                       \n  <!-- CO2-Emissionen\t-->\n                                            <span>CO\u2082-Emissionen komb.: 22.0                                 g\/km<\/span><br>\n                                        <!-- CO2-Emissionen\t-->\n                   \n \n                         <span>CO\u2082-Klasse: \n                                    B                                <\/span><br>\n                    \n\n\n                <\/ul>\n\n                    <\/div>\n\n                    <div class=\"vehicle-price\">\n                                                    <div itemprop=\"priceSpecification\" itemscope itemtype=\"http:\/\/schema.org\/UnitPriceSpecification\">\n                                <meta itemprop=\"priceCurrency\" content=\"EUR\">\n                                <meta itemprop=\"price\" content=\"33.600\">\n                                <strong>\n                                    33.600 \u20ac (Brutto)\n                                <\/strong><br><small>\n                                    Inkl. 19% MwSt.                                <\/small>\n                            <\/div>\n                                                <br>\n                        <a href=\"https:\/\/ford-sachsen.de\/html\/page\/fahrzeuge\/ford-kuga-st-line-x-navitwakameraklima-winterpake\/\"\n                            class=\"vehicle-btn wp-block-button__link wp-element-button\">Details<\/a>\n                    <\/div>\n                <\/div> <!-- \/\/ vehicle-row -->\n               \n            <\/article>\n                        <article id=\"post-4746666\" class=\"vehicle\">\n                <hgroup>\n                    <a href=\"https:\/\/ford-sachsen.de\/html\/page\/fahrzeuge\/ford-fiesta-titanium-navi-led-acc-winterpaket-color-t\/\">\n                        <h2 class=\"vehicle-title\">\n                            Ford Fiesta Titanium Navi LED ACC Winterpaket Color t                        <\/h2>\n\n                    <\/a>\n                <\/hgroup>\n                <span class=\"vehicle-addition\">\n                    <p>\n                        Kleinwagen ,\n                        Gebrauchtfahrzeug                    <\/p>\n                <\/span>\n                <div class=\"vehicle-row\">\n                    <div class=\"vehicle-thumbnail\">\n                        <a href=\"https:\/\/ford-sachsen.de\/html\/page\/fahrzeuge\/ford-fiesta-titanium-navi-led-acc-winterpaket-color-t\/\" title=\"Ford Fiesta Titanium Navi LED ACC Winterpaket Color t\">\n                            <img loading=\"lazy\" decoding=\"async\" width=\"300\" height=\"225\" src=\"https:\/\/ford-sachsen.de\/html\/page\/wp-content\/uploads\/2026\/05\/4746666-69f57153ec0ca5f6cadf3-4b4a-4115-98b9-d5d9c7371664-rule-mo-1600-300x225.jpg\" class=\"attachment-medium size-medium wp-post-image\" alt=\"\" srcset=\"https:\/\/ford-sachsen.de\/html\/page\/wp-content\/uploads\/2026\/05\/4746666-69f57153ec0ca5f6cadf3-4b4a-4115-98b9-d5d9c7371664-rule-mo-1600-300x225.jpg 300w, https:\/\/ford-sachsen.de\/html\/page\/wp-content\/uploads\/2026\/05\/4746666-69f57153ec0ca5f6cadf3-4b4a-4115-98b9-d5d9c7371664-rule-mo-1600.jpg 640w\" sizes=\"(max-width: 300px) 100vw, 300px\" \/>                        <\/a>\n                    <\/div>\n                    <div class=\"vehicle-data\">\n                                                    <small>\n                                                                08.2023                                \u00b7\n                            <\/small>\n                                                                            <small>\n                                12.438 km\n                            <\/small>\n                                                                            <small>\n                                \u00b7\n                                92 kW\n                                                                (\n                                125 PS)\n                            <\/small>\n                                                                            <small>\n                                \u00b7\n                                Schaltgetriebe                            <\/small>\n                                                                            <small>\n                                \u00b7\n                                Unfallfrei                            <\/small>\n                        \n                                                    <small>\n                                \u00b7\n                                Benzin                            <\/small>\n                                                                                                                            <small>\n                                \u00b7\n                                4\/5 T\u00fcren\n                            <\/small>\n                                                <ul class=\"vehicle-emission\">\n                                                 <span>Verbrauch komb.: \n                                    5.0                                 l\/100km<\/span><br>\n                                                                                \n                                       \n  <!-- CO2-Emissionen\t-->\n                                            <span>CO\u2082-Emissionen komb.: 113.0                                 g\/km<\/span><br>\n                                        <!-- CO2-Emissionen\t-->\n                   \n \n                         <span>CO\u2082-Klasse: \n                                    C                                <\/span><br>\n                    \n\n\n                <\/ul>\n\n                    <\/div>\n\n                    <div class=\"vehicle-price\">\n                                                    <div itemprop=\"priceSpecification\" itemscope itemtype=\"http:\/\/schema.org\/UnitPriceSpecification\">\n                                <meta itemprop=\"priceCurrency\" content=\"EUR\">\n                                <meta itemprop=\"price\" content=\"19.465\">\n                                <strong>\n                                    19.465 \u20ac (Brutto)\n                                <\/strong><br><small>\n                                    Inkl. 19% MwSt.                                <\/small>\n                            <\/div>\n                                                <br>\n                        <a href=\"https:\/\/ford-sachsen.de\/html\/page\/fahrzeuge\/ford-fiesta-titanium-navi-led-acc-winterpaket-color-t\/\"\n                            class=\"vehicle-btn wp-block-button__link wp-element-button\">Details<\/a>\n                    <\/div>\n                <\/div> <!-- \/\/ vehicle-row -->\n               \n            <\/article>\n                        <article id=\"post-4746664\" class=\"vehicle\">\n                <hgroup>\n                    <a href=\"https:\/\/ford-sachsen.de\/html\/page\/fahrzeuge\/ford-fiesta-titanium-x-naviklimashzfshacckamera\/\">\n                        <h2 class=\"vehicle-title\">\n                            Ford Fiesta Titanium X +NAVI+KLIMA+SHZ+FSH+ACC+KAMERA                        <\/h2>\n\n                    <\/a>\n                <\/hgroup>\n                <span class=\"vehicle-addition\">\n                    <p>\n                        Limousine ,\n                        Gebrauchtfahrzeug                    <\/p>\n                <\/span>\n                <div class=\"vehicle-row\">\n                    <div class=\"vehicle-thumbnail\">\n                        <a href=\"https:\/\/ford-sachsen.de\/html\/page\/fahrzeuge\/ford-fiesta-titanium-x-naviklimashzfshacckamera\/\" title=\"Ford Fiesta Titanium X +NAVI+KLIMA+SHZ+FSH+ACC+KAMERA\">\n                            <img loading=\"lazy\" decoding=\"async\" width=\"300\" height=\"225\" src=\"https:\/\/ford-sachsen.de\/html\/page\/wp-content\/uploads\/2026\/05\/4746664-69f571529aa021800cdb1-2b53-4b22-aa57-0034970896ad-rule-mo-1600-300x225.jpg\" class=\"attachment-medium size-medium wp-post-image\" alt=\"\" srcset=\"https:\/\/ford-sachsen.de\/html\/page\/wp-content\/uploads\/2026\/05\/4746664-69f571529aa021800cdb1-2b53-4b22-aa57-0034970896ad-rule-mo-1600-300x225.jpg 300w, https:\/\/ford-sachsen.de\/html\/page\/wp-content\/uploads\/2026\/05\/4746664-69f571529aa021800cdb1-2b53-4b22-aa57-0034970896ad-rule-mo-1600.jpg 640w\" sizes=\"(max-width: 300px) 100vw, 300px\" \/>                        <\/a>\n                    <\/div>\n                    <div class=\"vehicle-data\">\n                                                    <small>\n                                                                08.2023                                \u00b7\n                            <\/small>\n                                                                            <small>\n                                15 km\n                            <\/small>\n                                                                            <small>\n                                \u00b7\n                                92 kW\n                                                                (\n                                125 PS)\n                            <\/small>\n                                                                            <small>\n                                \u00b7\n                                Schaltgetriebe                            <\/small>\n                                                                            <small>\n                                \u00b7\n                                Unfallfrei                            <\/small>\n                        \n                                                    <small>\n                                \u00b7\n                                Benzin                            <\/small>\n                                                                                                                            <small>\n                                \u00b7\n                                4\/5 T\u00fcren\n                            <\/small>\n                                                <ul class=\"vehicle-emission\">\n                                                 <span>Verbrauch komb.: \n                                    5.0                                 l\/100km<\/span><br>\n                                                                                \n                                       \n  <!-- CO2-Emissionen\t-->\n                                            <span>CO\u2082-Emissionen komb.: 114.0                                 g\/km<\/span><br>\n                                        <!-- CO2-Emissionen\t-->\n                   \n \n                         <span>CO\u2082-Klasse: \n                                    C                                <\/span><br>\n                    \n\n\n                <\/ul>\n\n                    <\/div>\n\n                    <div class=\"vehicle-price\">\n                                                    <div itemprop=\"priceSpecification\" itemscope itemtype=\"http:\/\/schema.org\/UnitPriceSpecification\">\n                                <meta itemprop=\"priceCurrency\" content=\"EUR\">\n                                <meta itemprop=\"price\" content=\"18.999\">\n                                <strong>\n                                    18.999 \u20ac (Brutto)\n                                <\/strong><br><small>\n                                    Inkl. 19% MwSt.                                <\/small>\n                            <\/div>\n                                                <br>\n                        <a href=\"https:\/\/ford-sachsen.de\/html\/page\/fahrzeuge\/ford-fiesta-titanium-x-naviklimashzfshacckamera\/\"\n                            class=\"vehicle-btn wp-block-button__link wp-element-button\">Details<\/a>\n                    <\/div>\n                <\/div> <!-- \/\/ vehicle-row -->\n               \n            <\/article>\n                        <article id=\"post-4746662\" class=\"vehicle\">\n                <hgroup>\n                    <a href=\"https:\/\/ford-sachsen.de\/html\/page\/fahrzeuge\/ford-kuga-coolconnect-autom-led-tagfahrlicht-beheizb\/\">\n                        <h2 class=\"vehicle-title\">\n                            Ford Kuga Cool&amp;Connect Autom.LED-Tagfahrlicht Beheizb                        <\/h2>\n\n                    <\/a>\n                <\/hgroup>\n                <span class=\"vehicle-addition\">\n                    <p>\n                        SUV\/Gel\u00e4ndewagen\/Pickup ,\n                        Gebrauchtfahrzeug                    <\/p>\n                <\/span>\n                <div class=\"vehicle-row\">\n                    <div class=\"vehicle-thumbnail\">\n                        <a href=\"https:\/\/ford-sachsen.de\/html\/page\/fahrzeuge\/ford-kuga-coolconnect-autom-led-tagfahrlicht-beheizb\/\" title=\"Ford Kuga Cool&amp;Connect Autom.LED-Tagfahrlicht Beheizb\">\n                            <img loading=\"lazy\" decoding=\"async\" width=\"300\" height=\"225\" src=\"https:\/\/ford-sachsen.de\/html\/page\/wp-content\/uploads\/2026\/05\/4746662-69f5715112e1f2db50969-1777-4236-9369-fb913f481233-rule-mo-1600-300x225.jpg\" class=\"attachment-medium size-medium wp-post-image\" alt=\"\" srcset=\"https:\/\/ford-sachsen.de\/html\/page\/wp-content\/uploads\/2026\/05\/4746662-69f5715112e1f2db50969-1777-4236-9369-fb913f481233-rule-mo-1600-300x225.jpg 300w, https:\/\/ford-sachsen.de\/html\/page\/wp-content\/uploads\/2026\/05\/4746662-69f5715112e1f2db50969-1777-4236-9369-fb913f481233-rule-mo-1600.jpg 640w\" sizes=\"(max-width: 300px) 100vw, 300px\" \/>                        <\/a>\n                    <\/div>\n                    <div class=\"vehicle-data\">\n                                                    <small>\n                                                                07.2023                                \u00b7\n                            <\/small>\n                                                                            <small>\n                                5.528 km\n                            <\/small>\n                                                                            <small>\n                                \u00b7\n                                88 kW\n                                                                (\n                                120 PS)\n                            <\/small>\n                                                                            <small>\n                                \u00b7\n                                Automatik                            <\/small>\n                                                                            <small>\n                                \u00b7\n                                Unfallfrei                            <\/small>\n                        \n                                                    <small>\n                                \u00b7\n                                Diesel                            <\/small>\n                                                                                                                            <small>\n                                \u00b7\n                                4\/5 T\u00fcren\n                            <\/small>\n                                                <ul class=\"vehicle-emission\">\n                                                 <span>Verbrauch komb.: \n                                    5.7                                 l\/100km<\/span><br>\n                                                                                \n                                       \n  <!-- CO2-Emissionen\t-->\n                                            <span>CO\u2082-Emissionen komb.: 149.0                                 g\/km<\/span><br>\n                                        <!-- CO2-Emissionen\t-->\n                   \n \n                         <span>CO\u2082-Klasse: \n                                    E                                <\/span><br>\n                    \n\n\n                <\/ul>\n\n                    <\/div>\n\n                    <div class=\"vehicle-price\">\n                                                    <div itemprop=\"priceSpecification\" itemscope itemtype=\"http:\/\/schema.org\/UnitPriceSpecification\">\n                                <meta itemprop=\"priceCurrency\" content=\"EUR\">\n                                <meta itemprop=\"price\" content=\"28.700\">\n                                <strong>\n                                    28.700 \u20ac (Brutto)\n                                <\/strong><br><small>\n                                    Inkl. 19% MwSt.                                <\/small>\n                            <\/div>\n                                                <br>\n                        <a href=\"https:\/\/ford-sachsen.de\/html\/page\/fahrzeuge\/ford-kuga-coolconnect-autom-led-tagfahrlicht-beheizb\/\"\n                            class=\"vehicle-btn wp-block-button__link wp-element-button\">Details<\/a>\n                    <\/div>\n                <\/div> <!-- \/\/ vehicle-row -->\n               \n            <\/article>\n                        <article id=\"post-4746660\" class=\"vehicle\">\n                <hgroup>\n                    <a href=\"https:\/\/ford-sachsen.de\/html\/page\/fahrzeuge\/ford-puma-st-lineledklimanavikamerastart-stopp\/\">\n                        <h2 class=\"vehicle-title\">\n                            Ford Puma ST-Line+LED+KLIMA+NAVI+KAMERA+START STOPP+                        <\/h2>\n\n                    <\/a>\n                <\/hgroup>\n                <span class=\"vehicle-addition\">\n                    <p>\n                        SUV\/Gel\u00e4ndewagen\/Pickup ,\n                        Gebrauchtfahrzeug                    <\/p>\n                <\/span>\n                <div class=\"vehicle-row\">\n                    <div class=\"vehicle-thumbnail\">\n                        <a href=\"https:\/\/ford-sachsen.de\/html\/page\/fahrzeuge\/ford-puma-st-lineledklimanavikamerastart-stopp\/\" title=\"Ford Puma ST-Line+LED+KLIMA+NAVI+KAMERA+START STOPP+\">\n                            <img loading=\"lazy\" decoding=\"async\" width=\"300\" height=\"225\" src=\"https:\/\/ford-sachsen.de\/html\/page\/wp-content\/uploads\/2026\/05\/4746660-69f5714f9c7156795cd3c-ce52-4ecd-86be-47caa01eca46-rule-mo-1600-300x225.jpg\" class=\"attachment-medium size-medium wp-post-image\" alt=\"\" srcset=\"https:\/\/ford-sachsen.de\/html\/page\/wp-content\/uploads\/2026\/05\/4746660-69f5714f9c7156795cd3c-ce52-4ecd-86be-47caa01eca46-rule-mo-1600-300x225.jpg 300w, https:\/\/ford-sachsen.de\/html\/page\/wp-content\/uploads\/2026\/05\/4746660-69f5714f9c7156795cd3c-ce52-4ecd-86be-47caa01eca46-rule-mo-1600.jpg 640w\" sizes=\"(max-width: 300px) 100vw, 300px\" \/>                        <\/a>\n                    <\/div>\n                    <div class=\"vehicle-data\">\n                                                    <small>\n                                                                11.2023                                \u00b7\n                            <\/small>\n                                                                            <small>\n                                150 km\n                            <\/small>\n                                                                            <small>\n                                \u00b7\n                                92 kW\n                                                                (\n                                125 PS)\n                            <\/small>\n                                                                            <small>\n                                \u00b7\n                                Schaltgetriebe                            <\/small>\n                                                                            <small>\n                                \u00b7\n                                Unfallfrei                            <\/small>\n                        \n                                                    <small>\n                                \u00b7\n                                Benzin                            <\/small>\n                                                                                                                            <small>\n                                \u00b7\n                                4\/5 T\u00fcren\n                            <\/small>\n                                                <ul class=\"vehicle-emission\">\n                                                 <span>Verbrauch komb.: \n                                    6.0                                 l\/100km<\/span><br>\n                                                                                \n                                       \n  <!-- CO2-Emissionen\t-->\n                                            <span>CO\u2082-Emissionen komb.: 121.0                                 g\/km<\/span><br>\n                                        <!-- CO2-Emissionen\t-->\n                   \n \n                         <span>CO\u2082-Klasse: \n                                    D                                <\/span><br>\n                    \n\n\n                <\/ul>\n\n                    <\/div>\n\n                    <div class=\"vehicle-price\">\n                                                    <div itemprop=\"priceSpecification\" itemscope itemtype=\"http:\/\/schema.org\/UnitPriceSpecification\">\n                                <meta itemprop=\"priceCurrency\" content=\"EUR\">\n                                <meta itemprop=\"price\" content=\"22.900\">\n                                <strong>\n                                    22.900 \u20ac (Brutto)\n                                <\/strong><br><small>\n                                    Inkl. 19% MwSt.                                <\/small>\n                            <\/div>\n                                                <br>\n                        <a href=\"https:\/\/ford-sachsen.de\/html\/page\/fahrzeuge\/ford-puma-st-lineledklimanavikamerastart-stopp\/\"\n                            class=\"vehicle-btn wp-block-button__link wp-element-button\">Details<\/a>\n                    <\/div>\n                <\/div> <!-- \/\/ vehicle-row -->\n               \n            <\/article>\n                        <article id=\"post-4746658\" class=\"vehicle\">\n                <hgroup>\n                    <a href=\"https:\/\/ford-sachsen.de\/html\/page\/fahrzeuge\/ford-puma-st-lineledklimanavikamerastart-stop-i\/\">\n                        <h2 class=\"vehicle-title\">\n                            Ford Puma ST-Line+LED+KLIMA+NAVI+KAMERA+START STOP+ I                        <\/h2>\n\n                    <\/a>\n                <\/hgroup>\n                <span class=\"vehicle-addition\">\n                    <p>\n                        SUV\/Gel\u00e4ndewagen\/Pickup ,\n                        Gebrauchtfahrzeug                    <\/p>\n                <\/span>\n                <div class=\"vehicle-row\">\n                    <div class=\"vehicle-thumbnail\">\n                        <a href=\"https:\/\/ford-sachsen.de\/html\/page\/fahrzeuge\/ford-puma-st-lineledklimanavikamerastart-stop-i\/\" title=\"Ford Puma ST-Line+LED+KLIMA+NAVI+KAMERA+START STOP+ I\">\n                            <img loading=\"lazy\" decoding=\"async\" width=\"300\" height=\"225\" src=\"https:\/\/ford-sachsen.de\/html\/page\/wp-content\/uploads\/2026\/05\/4746658-69f5714e3a72193495355-ae1f-4bf0-a929-ba7611a8901a-rule-mo-1600-300x225.jpg\" class=\"attachment-medium size-medium wp-post-image\" alt=\"\" srcset=\"https:\/\/ford-sachsen.de\/html\/page\/wp-content\/uploads\/2026\/05\/4746658-69f5714e3a72193495355-ae1f-4bf0-a929-ba7611a8901a-rule-mo-1600-300x225.jpg 300w, https:\/\/ford-sachsen.de\/html\/page\/wp-content\/uploads\/2026\/05\/4746658-69f5714e3a72193495355-ae1f-4bf0-a929-ba7611a8901a-rule-mo-1600.jpg 640w\" sizes=\"(max-width: 300px) 100vw, 300px\" \/>                        <\/a>\n                    <\/div>\n                    <div class=\"vehicle-data\">\n                                                    <small>\n                                                                11.2023                                \u00b7\n                            <\/small>\n                                                                            <small>\n                                150 km\n                            <\/small>\n                                                                            <small>\n                                \u00b7\n                                92 kW\n                                                                (\n                                125 PS)\n                            <\/small>\n                                                                            <small>\n                                \u00b7\n                                Schaltgetriebe                            <\/small>\n                                                                            <small>\n                                \u00b7\n                                Unfallfrei                            <\/small>\n                        \n                                                    <small>\n                                \u00b7\n                                Benzin                            <\/small>\n                                                                                                                            <small>\n                                \u00b7\n                                4\/5 T\u00fcren\n                            <\/small>\n                                                <ul class=\"vehicle-emission\">\n                                                 <span>Verbrauch komb.: \n                                    6.0                                 l\/100km<\/span><br>\n                                                                                \n                                       \n  <!-- CO2-Emissionen\t-->\n                                            <span>CO\u2082-Emissionen komb.: 121.0                                 g\/km<\/span><br>\n                                        <!-- CO2-Emissionen\t-->\n                   \n \n                         <span>CO\u2082-Klasse: \n                                    D                                <\/span><br>\n                    \n\n\n                <\/ul>\n\n                    <\/div>\n\n                    <div class=\"vehicle-price\">\n                                                    <div itemprop=\"priceSpecification\" itemscope itemtype=\"http:\/\/schema.org\/UnitPriceSpecification\">\n                                <meta itemprop=\"priceCurrency\" content=\"EUR\">\n                                <meta itemprop=\"price\" content=\"22.900\">\n                                <strong>\n                                    22.900 \u20ac (Brutto)\n                                <\/strong><br><small>\n                                    Inkl. 19% MwSt.                                <\/small>\n                            <\/div>\n                                                <br>\n                        <a href=\"https:\/\/ford-sachsen.de\/html\/page\/fahrzeuge\/ford-puma-st-lineledklimanavikamerastart-stop-i\/\"\n                            class=\"vehicle-btn wp-block-button__link wp-element-button\">Details<\/a>\n                    <\/div>\n                <\/div> <!-- \/\/ vehicle-row -->\n               \n            <\/article>\n                        <article id=\"post-4746656\" class=\"vehicle\">\n                <hgroup>\n                    <a href=\"https:\/\/ford-sachsen.de\/html\/page\/fahrzeuge\/ford-transit-350-l2-kasten-trendklimastart-stoppbc\/\">\n                        <h2 class=\"vehicle-title\">\n                            Ford Transit 350 L2 Kasten Trend+KLIMA+START-STOPP+BC                        <\/h2>\n\n                    <\/a>\n                <\/hgroup>\n                <span class=\"vehicle-addition\">\n                    <p>\n                        Andere ,\n                        Gebrauchtfahrzeug                    <\/p>\n                <\/span>\n                <div class=\"vehicle-row\">\n                    <div class=\"vehicle-thumbnail\">\n                        <a href=\"https:\/\/ford-sachsen.de\/html\/page\/fahrzeuge\/ford-transit-350-l2-kasten-trendklimastart-stoppbc\/\" title=\"Ford Transit 350 L2 Kasten Trend+KLIMA+START-STOPP+BC\">\n                            <img loading=\"lazy\" decoding=\"async\" width=\"300\" height=\"225\" src=\"https:\/\/ford-sachsen.de\/html\/page\/wp-content\/uploads\/2026\/05\/4746656-69f5714ce2366033d3209-2dad-4984-a6aa-2fea246c507d-rule-mo-1600-300x225.jpg\" class=\"attachment-medium size-medium wp-post-image\" alt=\"\" srcset=\"https:\/\/ford-sachsen.de\/html\/page\/wp-content\/uploads\/2026\/05\/4746656-69f5714ce2366033d3209-2dad-4984-a6aa-2fea246c507d-rule-mo-1600-300x225.jpg 300w, https:\/\/ford-sachsen.de\/html\/page\/wp-content\/uploads\/2026\/05\/4746656-69f5714ce2366033d3209-2dad-4984-a6aa-2fea246c507d-rule-mo-1600.jpg 640w\" sizes=\"(max-width: 300px) 100vw, 300px\" \/>                        <\/a>\n                    <\/div>\n                    <div class=\"vehicle-data\">\n                                                    <small>\n                                                                12.2023                                \u00b7\n                            <\/small>\n                                                                            <small>\n                                7.147 km\n                            <\/small>\n                                                                            <small>\n                                \u00b7\n                                96 kW\n                                                                (\n                                131 PS)\n                            <\/small>\n                                                                            <small>\n                                \u00b7\n                                Schaltgetriebe                            <\/small>\n                                                                            <small>\n                                \u00b7\n                                Unfallfrei                            <\/small>\n                        \n                                                    <small>\n                                \u00b7\n                                Diesel                            <\/small>\n                                                                                                                            <small>\n                                \u00b7\n                                4\/5 T\u00fcren\n                            <\/small>\n                                                <ul class=\"vehicle-emission\">\n                                                                                     \n                                       \n  <!-- CO2-Emissionen\t-->\n                                        <!-- CO2-Emissionen\t-->\n                   \n \n \n\n\n                <\/ul>\n\n                    <\/div>\n\n                    <div class=\"vehicle-price\">\n                                                    <div itemprop=\"priceSpecification\" itemscope itemtype=\"http:\/\/schema.org\/UnitPriceSpecification\">\n                                <meta itemprop=\"priceCurrency\" content=\"EUR\">\n                                <meta itemprop=\"price\" content=\"31.750\">\n                                <strong>\n                                    31.750 \u20ac (Brutto)\n                                <\/strong><br><small>\n                                    Inkl. 19% MwSt.                                <\/small>\n                            <\/div>\n                                                <br>\n                        <a href=\"https:\/\/ford-sachsen.de\/html\/page\/fahrzeuge\/ford-transit-350-l2-kasten-trendklimastart-stoppbc\/\"\n                            class=\"vehicle-btn wp-block-button__link wp-element-button\">Details<\/a>\n                    <\/div>\n                <\/div> <!-- \/\/ vehicle-row -->\n               \n            <\/article>\n                        <article id=\"post-4746654\" class=\"vehicle\">\n                <hgroup>\n                    <a href=\"https:\/\/ford-sachsen.de\/html\/page\/fahrzeuge\/ford-active-x-ahk-abn-kamera-acc-hud-navi\/\">\n                        <h2 class=\"vehicle-title\">\n                            Ford Active X | AHK abn | Kamera | ACC | HUD | Navi                        <\/h2>\n\n                    <\/a>\n                <\/hgroup>\n                <span class=\"vehicle-addition\">\n                    <p>\n                        Limousine ,\n                        Gebrauchtfahrzeug                    <\/p>\n                <\/span>\n                <div class=\"vehicle-row\">\n                    <div class=\"vehicle-thumbnail\">\n                        <a href=\"https:\/\/ford-sachsen.de\/html\/page\/fahrzeuge\/ford-active-x-ahk-abn-kamera-acc-hud-navi\/\" title=\"Ford Active X | AHK abn | Kamera | ACC | HUD | Navi\">\n                            <img loading=\"lazy\" decoding=\"async\" width=\"300\" height=\"225\" src=\"https:\/\/ford-sachsen.de\/html\/page\/wp-content\/uploads\/2026\/05\/4746654-69f5714b8dd291a2e1fcc-cf72-4d73-8719-44958ad2ebcf-rule-mo-1600-300x225.jpg\" class=\"attachment-medium size-medium wp-post-image\" alt=\"\" srcset=\"https:\/\/ford-sachsen.de\/html\/page\/wp-content\/uploads\/2026\/05\/4746654-69f5714b8dd291a2e1fcc-cf72-4d73-8719-44958ad2ebcf-rule-mo-1600-300x225.jpg 300w, https:\/\/ford-sachsen.de\/html\/page\/wp-content\/uploads\/2026\/05\/4746654-69f5714b8dd291a2e1fcc-cf72-4d73-8719-44958ad2ebcf-rule-mo-1600.jpg 640w\" sizes=\"(max-width: 300px) 100vw, 300px\" \/>                        <\/a>\n                    <\/div>\n                    <div class=\"vehicle-data\">\n                                                    <small>\n                                                                03.2023                                \u00b7\n                            <\/small>\n                                                                            <small>\n                                26.337 km\n                            <\/small>\n                                                                            <small>\n                                \u00b7\n                                85 kW\n                                                                (\n                                116 PS)\n                            <\/small>\n                                                                            <small>\n                                \u00b7\n                                Automatik                            <\/small>\n                                                                            <small>\n                                \u00b7\n                                Unfallfrei                            <\/small>\n                        \n                                                    <small>\n                                \u00b7\n                                Diesel                            <\/small>\n                                                                                                                            <small>\n                                \u00b7\n                                4\/5 T\u00fcren\n                            <\/small>\n                                                <ul class=\"vehicle-emission\">\n                                                 <span>Verbrauch komb.: \n                                    5.1                                 l\/100km<\/span><br>\n                                                                                \n                                       \n  <!-- CO2-Emissionen\t-->\n                                            <span>CO\u2082-Emissionen komb.: 134.0                                 g\/km<\/span><br>\n                                        <!-- CO2-Emissionen\t-->\n                   \n \n                         <span>CO\u2082-Klasse: \n                                    D                                <\/span><br>\n                    \n\n\n                <\/ul>\n\n                    <\/div>\n\n                    <div class=\"vehicle-price\">\n                                                    <div itemprop=\"priceSpecification\" itemscope itemtype=\"http:\/\/schema.org\/UnitPriceSpecification\">\n                                <meta itemprop=\"priceCurrency\" content=\"EUR\">\n                                <meta itemprop=\"price\" content=\"24.490\">\n                                <strong>\n                                    24.490 \u20ac (Brutto)\n                                <\/strong><br><small>\n                                    Inkl. 19% MwSt.                                <\/small>\n                            <\/div>\n                                                <br>\n                        <a href=\"https:\/\/ford-sachsen.de\/html\/page\/fahrzeuge\/ford-active-x-ahk-abn-kamera-acc-hud-navi\/\"\n                            class=\"vehicle-btn wp-block-button__link wp-element-button\">Details<\/a>\n                    <\/div>\n                <\/div> <!-- \/\/ vehicle-row -->\n               \n            <\/article>\n                        <article id=\"post-4746652\" class=\"vehicle\">\n                <hgroup>\n                    <a href=\"https:\/\/ford-sachsen.de\/html\/page\/fahrzeuge\/ford-kuga-st-line-hud-navi-acc-led-winterpaket-pdcvh\/\">\n                        <h2 class=\"vehicle-title\">\n                            Ford Kuga ST-Line HUD Navi ACC LED Winterpaket PDCv+h                        <\/h2>\n\n                    <\/a>\n                <\/hgroup>\n                <span class=\"vehicle-addition\">\n                    <p>\n                        SUV\/Gel\u00e4ndewagen\/Pickup ,\n                        Gebrauchtfahrzeug                    <\/p>\n                <\/span>\n                <div class=\"vehicle-row\">\n                    <div class=\"vehicle-thumbnail\">\n                        <a href=\"https:\/\/ford-sachsen.de\/html\/page\/fahrzeuge\/ford-kuga-st-line-hud-navi-acc-led-winterpaket-pdcvh\/\" title=\"Ford Kuga ST-Line HUD Navi ACC LED Winterpaket PDCv+h\">\n                            <img loading=\"lazy\" decoding=\"async\" width=\"300\" height=\"225\" src=\"https:\/\/ford-sachsen.de\/html\/page\/wp-content\/uploads\/2026\/05\/4746652-69f5714a3d07c6408de78-df6f-4fb7-b629-2e5621cf51b5-rule-mo-1600-300x225.jpg\" class=\"attachment-medium size-medium wp-post-image\" alt=\"\" srcset=\"https:\/\/ford-sachsen.de\/html\/page\/wp-content\/uploads\/2026\/05\/4746652-69f5714a3d07c6408de78-df6f-4fb7-b629-2e5621cf51b5-rule-mo-1600-300x225.jpg 300w, https:\/\/ford-sachsen.de\/html\/page\/wp-content\/uploads\/2026\/05\/4746652-69f5714a3d07c6408de78-df6f-4fb7-b629-2e5621cf51b5-rule-mo-1600.jpg 640w\" sizes=\"(max-width: 300px) 100vw, 300px\" \/>                        <\/a>\n                    <\/div>\n                    <div class=\"vehicle-data\">\n                                                    <small>\n                                                                05.2023                                \u00b7\n                            <\/small>\n                                                                            <small>\n                                23.044 km\n                            <\/small>\n                                                                            <small>\n                                \u00b7\n                                140 kW\n                                                                (\n                                190 PS)\n                            <\/small>\n                                                                            <small>\n                                \u00b7\n                                Automatik                            <\/small>\n                                                                            <small>\n                                \u00b7\n                                Unfallfrei                            <\/small>\n                        \n                                                    <small>\n                                \u00b7\n                                Hybrid (Benzin\/Elektro)                            <\/small>\n                                                                                                                            <small>\n                                \u00b7\n                                4\/5 T\u00fcren\n                            <\/small>\n                                                <ul class=\"vehicle-emission\">\n                                                 <span>Verbrauch komb.: \n                                    5.4                                 l\/100km<\/span><br>\n                                                                                \n                                       \n  <!-- CO2-Emissionen\t-->\n                                            <span>CO\u2082-Emissionen komb.: 125.0                                 g\/km<\/span><br>\n                                        <!-- CO2-Emissionen\t-->\n                   \n \n                         <span>CO\u2082-Klasse: \n                                    D                                <\/span><br>\n                    \n\n\n                <\/ul>\n\n                    <\/div>\n\n                    <div class=\"vehicle-price\">\n                                                    <div itemprop=\"priceSpecification\" itemscope itemtype=\"http:\/\/schema.org\/UnitPriceSpecification\">\n                                <meta itemprop=\"priceCurrency\" content=\"EUR\">\n                                <meta itemprop=\"price\" content=\"27.990\">\n                                <strong>\n                                    27.990 \u20ac (Brutto)\n                                <\/strong><br><small>\n                                    Inkl. 19% MwSt.                                <\/small>\n                            <\/div>\n                                                <br>\n                        <a href=\"https:\/\/ford-sachsen.de\/html\/page\/fahrzeuge\/ford-kuga-st-line-hud-navi-acc-led-winterpaket-pdcvh\/\"\n                            class=\"vehicle-btn wp-block-button__link wp-element-button\">Details<\/a>\n                    <\/div>\n                <\/div> <!-- \/\/ vehicle-row -->\n               \n            <\/article>\n                        <article id=\"post-4746650\" class=\"vehicle\">\n                <hgroup>\n                    <a href=\"https:\/\/ford-sachsen.de\/html\/page\/fahrzeuge\/ford-mustang-gt-convertible-california-navi-magneride\/\">\n                        <h2 class=\"vehicle-title\">\n                            Ford Mustang GT Convertible California Navi MagneRide                        <\/h2>\n\n                    <\/a>\n                <\/hgroup>\n                <span class=\"vehicle-addition\">\n                    <p>\n                        Cabrio\/Roadster ,\n                        Gebrauchtfahrzeug                    <\/p>\n                <\/span>\n                <div class=\"vehicle-row\">\n                    <div class=\"vehicle-thumbnail\">\n                        <a href=\"https:\/\/ford-sachsen.de\/html\/page\/fahrzeuge\/ford-mustang-gt-convertible-california-navi-magneride\/\" title=\"Ford Mustang GT Convertible California Navi MagneRide\">\n                            <img loading=\"lazy\" decoding=\"async\" width=\"300\" height=\"225\" src=\"https:\/\/ford-sachsen.de\/html\/page\/wp-content\/uploads\/2026\/05\/4746650-69f57148c581d477338ad-05ca-4cad-ab30-31c815286465-rule-mo-1600-300x225.jpg\" class=\"attachment-medium size-medium wp-post-image\" alt=\"\" srcset=\"https:\/\/ford-sachsen.de\/html\/page\/wp-content\/uploads\/2026\/05\/4746650-69f57148c581d477338ad-05ca-4cad-ab30-31c815286465-rule-mo-1600-300x225.jpg 300w, https:\/\/ford-sachsen.de\/html\/page\/wp-content\/uploads\/2026\/05\/4746650-69f57148c581d477338ad-05ca-4cad-ab30-31c815286465-rule-mo-1600.jpg 640w\" sizes=\"(max-width: 300px) 100vw, 300px\" \/>                        <\/a>\n                    <\/div>\n                    <div class=\"vehicle-data\">\n                                                    <small>\n                                                                05.2023                                \u00b7\n                            <\/small>\n                                                                            <small>\n                                6.373 km\n                            <\/small>\n                                                                            <small>\n                                \u00b7\n                                330 kW\n                                                                (\n                                449 PS)\n                            <\/small>\n                                                                            <small>\n                                \u00b7\n                                Automatik                            <\/small>\n                                                                            <small>\n                                \u00b7\n                                Unfallfrei                            <\/small>\n                        \n                                                    <small>\n                                \u00b7\n                                Benzin                            <\/small>\n                                                                                                                            <small>\n                                \u00b7\n                                2\/3 T\u00fcren\n                            <\/small>\n                                                <ul class=\"vehicle-emission\">\n                                                 <span>Verbrauch komb.: \n                                    11.6                                 l\/100km<\/span><br>\n                                                                                \n                                       \n  <!-- CO2-Emissionen\t-->\n                                            <span>CO\u2082-Emissionen komb.: 264.0                                 g\/km<\/span><br>\n                                        <!-- CO2-Emissionen\t-->\n                   \n \n                         <span>CO\u2082-Klasse: \n                                    G                                <\/span><br>\n                    \n\n\n                <\/ul>\n\n                    <\/div>\n\n                    <div class=\"vehicle-price\">\n                                                    <div itemprop=\"priceSpecification\" itemscope itemtype=\"http:\/\/schema.org\/UnitPriceSpecification\">\n                                <meta itemprop=\"priceCurrency\" content=\"EUR\">\n                                <meta itemprop=\"price\" content=\"49.985\">\n                                <strong>\n                                    49.985 \u20ac (Brutto)\n                                <\/strong><br><small>\n                                    Inkl. 19% MwSt.                                <\/small>\n                            <\/div>\n                                                <br>\n                        <a href=\"https:\/\/ford-sachsen.de\/html\/page\/fahrzeuge\/ford-mustang-gt-convertible-california-navi-magneride\/\"\n                            class=\"vehicle-btn wp-block-button__link wp-element-button\">Details<\/a>\n                    <\/div>\n                <\/div> <!-- \/\/ vehicle-row -->\n               \n            <\/article>\n                        <article id=\"post-4746648\" class=\"vehicle\">\n                <hgroup>\n                    <a href=\"https:\/\/ford-sachsen.de\/html\/page\/fahrzeuge\/ford-focus-active-klima-pdc-soundsystem-navi-zv-temp\/\">\n                        <h2 class=\"vehicle-title\">\n                            Ford Focus Active Klima PDC Soundsystem Navi ZV Temp                        <\/h2>\n\n                    <\/a>\n                <\/hgroup>\n                <span class=\"vehicle-addition\">\n                    <p>\n                        Limousine ,\n                        Gebrauchtfahrzeug                    <\/p>\n                <\/span>\n                <div class=\"vehicle-row\">\n                    <div class=\"vehicle-thumbnail\">\n                        <a href=\"https:\/\/ford-sachsen.de\/html\/page\/fahrzeuge\/ford-focus-active-klima-pdc-soundsystem-navi-zv-temp\/\" title=\"Ford Focus Active Klima PDC Soundsystem Navi ZV Temp\">\n                            <img loading=\"lazy\" decoding=\"async\" width=\"300\" height=\"225\" src=\"https:\/\/ford-sachsen.de\/html\/page\/wp-content\/uploads\/2026\/05\/4746648-69f571476afe3e5c25b6f-a052-400b-a5c7-5a4f302eff18-rule-mo-1600-300x225.jpg\" class=\"attachment-medium size-medium wp-post-image\" alt=\"\" srcset=\"https:\/\/ford-sachsen.de\/html\/page\/wp-content\/uploads\/2026\/05\/4746648-69f571476afe3e5c25b6f-a052-400b-a5c7-5a4f302eff18-rule-mo-1600-300x225.jpg 300w, https:\/\/ford-sachsen.de\/html\/page\/wp-content\/uploads\/2026\/05\/4746648-69f571476afe3e5c25b6f-a052-400b-a5c7-5a4f302eff18-rule-mo-1600.jpg 640w\" sizes=\"(max-width: 300px) 100vw, 300px\" \/>                        <\/a>\n                    <\/div>\n                    <div class=\"vehicle-data\">\n                                                    <small>\n                                                                10.2019                                \u00b7\n                            <\/small>\n                                                                            <small>\n                                31.215 km\n                            <\/small>\n                                                                            <small>\n                                \u00b7\n                                110 kW\n                                                                (\n                                150 PS)\n                            <\/small>\n                                                                            <small>\n                                \u00b7\n                                Schaltgetriebe                            <\/small>\n                                                                            <small>\n                                \u00b7\n                                Unfallfrei                            <\/small>\n                        \n                                                    <small>\n                                \u00b7\n                                Benzin                            <\/small>\n                                                                                                                            <small>\n                                \u00b7\n                                4\/5 T\u00fcren\n                            <\/small>\n                                                <ul class=\"vehicle-emission\">\n                                                 <span>Verbrauch komb.: \n                                    6.4                                 l\/100km<\/span><br>\n                                                                                \n                                       \n  <!-- CO2-Emissionen\t-->\n                                            <span>CO\u2082-Emissionen komb.: 144.0                                 g\/km<\/span><br>\n                                        <!-- CO2-Emissionen\t-->\n                   \n \n                         <span>CO\u2082-Klasse: \n                                    E                                <\/span><br>\n                    \n\n\n                <\/ul>\n\n                    <\/div>\n\n                    <div class=\"vehicle-price\">\n                                                    <div itemprop=\"priceSpecification\" itemscope itemtype=\"http:\/\/schema.org\/UnitPriceSpecification\">\n                                <meta itemprop=\"priceCurrency\" content=\"EUR\">\n                                <meta itemprop=\"price\" content=\"14.895\">\n                                <strong>\n                                    14.895 \u20ac (Brutto)\n                                <\/strong><br><small>\n                                    MwSt. nicht ausweisbar                                <\/small>\n                            <\/div>\n                                                <br>\n                        <a href=\"https:\/\/ford-sachsen.de\/html\/page\/fahrzeuge\/ford-focus-active-klima-pdc-soundsystem-navi-zv-temp\/\"\n                            class=\"vehicle-btn wp-block-button__link wp-element-button\">Details<\/a>\n                    <\/div>\n                <\/div> <!-- \/\/ vehicle-row -->\n               \n            <\/article>\n                        <article id=\"post-4746646\" class=\"vehicle\">\n                <hgroup>\n                    <a href=\"https:\/\/ford-sachsen.de\/html\/page\/fahrzeuge\/ford-puma-titanium-x-klimaacclm-18navikamerapps\/\">\n                        <h2 class=\"vehicle-title\">\n                            Ford Puma Titanium X KLIMA+ACC+LM 18+NAVI+KAMERA+PPS+                        <\/h2>\n\n                    <\/a>\n                <\/hgroup>\n                <span class=\"vehicle-addition\">\n                    <p>\n                        SUV\/Gel\u00e4ndewagen\/Pickup ,\n                        Gebrauchtfahrzeug                    <\/p>\n                <\/span>\n                <div class=\"vehicle-row\">\n                    <div class=\"vehicle-thumbnail\">\n                        <a href=\"https:\/\/ford-sachsen.de\/html\/page\/fahrzeuge\/ford-puma-titanium-x-klimaacclm-18navikamerapps\/\" title=\"Ford Puma Titanium X KLIMA+ACC+LM 18+NAVI+KAMERA+PPS+\">\n                            <img loading=\"lazy\" decoding=\"async\" width=\"300\" height=\"225\" src=\"https:\/\/ford-sachsen.de\/html\/page\/wp-content\/uploads\/2026\/05\/4746646-69f57146941a6c4b955da-d17f-42cc-b609-671cb0cdec5d-rule-mo-1600-300x225.jpg\" class=\"attachment-medium size-medium wp-post-image\" alt=\"\" srcset=\"https:\/\/ford-sachsen.de\/html\/page\/wp-content\/uploads\/2026\/05\/4746646-69f57146941a6c4b955da-d17f-42cc-b609-671cb0cdec5d-rule-mo-1600-300x225.jpg 300w, https:\/\/ford-sachsen.de\/html\/page\/wp-content\/uploads\/2026\/05\/4746646-69f57146941a6c4b955da-d17f-42cc-b609-671cb0cdec5d-rule-mo-1600.jpg 640w\" sizes=\"(max-width: 300px) 100vw, 300px\" \/>                        <\/a>\n                    <\/div>\n                    <div class=\"vehicle-data\">\n                                                    <small>\n                                                                12.2022                                \u00b7\n                            <\/small>\n                                                                            <small>\n                                16.442 km\n                            <\/small>\n                                                                            <small>\n                                \u00b7\n                                114 kW\n                                                                (\n                                155 PS)\n                            <\/small>\n                                                                            <small>\n                                \u00b7\n                                Schaltgetriebe                            <\/small>\n                                                                            <small>\n                                \u00b7\n                                Unfallfrei                            <\/small>\n                        \n                                                    <small>\n                                \u00b7\n                                Benzin                            <\/small>\n                                                                                                                            <small>\n                                \u00b7\n                                4\/5 T\u00fcren\n                            <\/small>\n                                                <ul class=\"vehicle-emission\">\n                                                 <span>Verbrauch komb.: \n                                    5.5                                 l\/100km<\/span><br>\n                                                                                \n                                       \n  <!-- CO2-Emissionen\t-->\n                                            <span>CO\u2082-Emissionen komb.: 124.0                                 g\/km<\/span><br>\n                                        <!-- CO2-Emissionen\t-->\n                   \n \n                         <span>CO\u2082-Klasse: \n                                    D                                <\/span><br>\n                    \n\n\n                <\/ul>\n\n                    <\/div>\n\n                    <div class=\"vehicle-price\">\n                                                    <div itemprop=\"priceSpecification\" itemscope itemtype=\"http:\/\/schema.org\/UnitPriceSpecification\">\n                                <meta itemprop=\"priceCurrency\" content=\"EUR\">\n                                <meta itemprop=\"price\" content=\"18.999\">\n                                <strong>\n                                    18.999 \u20ac (Brutto)\n                                <\/strong><br><small>\n                                    Inkl. 19% MwSt.                                <\/small>\n                            <\/div>\n                                                <br>\n                        <a href=\"https:\/\/ford-sachsen.de\/html\/page\/fahrzeuge\/ford-puma-titanium-x-klimaacclm-18navikamerapps\/\"\n                            class=\"vehicle-btn wp-block-button__link wp-element-button\">Details<\/a>\n                    <\/div>\n                <\/div> <!-- \/\/ vehicle-row -->\n               \n            <\/article>\n                        <article id=\"post-4746644\" class=\"vehicle\">\n                <hgroup>\n                    <a href=\"https:\/\/ford-sachsen.de\/html\/page\/fahrzeuge\/mitsubishi-eclipse-cross-2wd-diamant-edition-360-kamera-le\/\">\n                        <h2 class=\"vehicle-title\">\n                            Mitsubishi Eclipse Cross 2WD Diamant Edition+ 360 Kamera LE                        <\/h2>\n\n                    <\/a>\n                <\/hgroup>\n                <span class=\"vehicle-addition\">\n                    <p>\n                        SUV\/Gel\u00e4ndewagen\/Pickup ,\n                        Gebrauchtfahrzeug                    <\/p>\n                <\/span>\n                <div class=\"vehicle-row\">\n                    <div class=\"vehicle-thumbnail\">\n                        <a href=\"https:\/\/ford-sachsen.de\/html\/page\/fahrzeuge\/mitsubishi-eclipse-cross-2wd-diamant-edition-360-kamera-le\/\" title=\"Mitsubishi Eclipse Cross 2WD Diamant Edition+ 360 Kamera LE\">\n                            <img loading=\"lazy\" decoding=\"async\" width=\"300\" height=\"225\" src=\"https:\/\/ford-sachsen.de\/html\/page\/wp-content\/uploads\/2026\/05\/4746644-69f54f8f699c520f66938-dc93-437d-8120-2ae3cbd10974-rule-mo-1600-300x225.jpg\" class=\"attachment-medium size-medium wp-post-image\" alt=\"\" srcset=\"https:\/\/ford-sachsen.de\/html\/page\/wp-content\/uploads\/2026\/05\/4746644-69f54f8f699c520f66938-dc93-437d-8120-2ae3cbd10974-rule-mo-1600-300x225.jpg 300w, https:\/\/ford-sachsen.de\/html\/page\/wp-content\/uploads\/2026\/05\/4746644-69f54f8f699c520f66938-dc93-437d-8120-2ae3cbd10974-rule-mo-1600-1024x768.jpg 1024w, https:\/\/ford-sachsen.de\/html\/page\/wp-content\/uploads\/2026\/05\/4746644-69f54f8f699c520f66938-dc93-437d-8120-2ae3cbd10974-rule-mo-1600-768x576.jpg 768w, https:\/\/ford-sachsen.de\/html\/page\/wp-content\/uploads\/2026\/05\/4746644-69f54f8f699c520f66938-dc93-437d-8120-2ae3cbd10974-rule-mo-1600.jpg 1440w\" sizes=\"(max-width: 300px) 100vw, 300px\" \/>                        <\/a>\n                    <\/div>\n                    <div class=\"vehicle-data\">\n                                                    <small>\n                                                                06.2019                                \u00b7\n                            <\/small>\n                                                                            <small>\n                                99.950 km\n                            <\/small>\n                                                                            <small>\n                                \u00b7\n                                120 kW\n                                                                (\n                                163 PS)\n                            <\/small>\n                                                                            <small>\n                                \u00b7\n                                Schaltgetriebe                            <\/small>\n                                                                            <small>\n                                \u00b7\n                                Unfallfrei                            <\/small>\n                        \n                                                    <small>\n                                \u00b7\n                                Benzin                            <\/small>\n                                                                                                                            <small>\n                                \u00b7\n                                4\/5 T\u00fcren\n                            <\/small>\n                                                <ul class=\"vehicle-emission\">\n                                                                                     \n                                       \n  <!-- CO2-Emissionen\t-->\n                                        <!-- CO2-Emissionen\t-->\n                   \n \n \n\n\n                <\/ul>\n\n                    <\/div>\n\n                    <div class=\"vehicle-price\">\n                                                    <div itemprop=\"priceSpecification\" itemscope itemtype=\"http:\/\/schema.org\/UnitPriceSpecification\">\n                                <meta itemprop=\"priceCurrency\" content=\"EUR\">\n                                <meta itemprop=\"price\" content=\"13.990\">\n                                <strong>\n                                    13.990 \u20ac (Brutto)\n                                <\/strong><br><small>\n                                    MwSt. nicht ausweisbar                                <\/small>\n                            <\/div>\n                                                <br>\n                        <a href=\"https:\/\/ford-sachsen.de\/html\/page\/fahrzeuge\/mitsubishi-eclipse-cross-2wd-diamant-edition-360-kamera-le\/\"\n                            class=\"vehicle-btn wp-block-button__link wp-element-button\">Details<\/a>\n                    <\/div>\n                <\/div> <!-- \/\/ vehicle-row -->\n               \n            <\/article>\n                        <article id=\"post-4746642\" class=\"vehicle\">\n                <hgroup>\n                    <a href=\"https:\/\/ford-sachsen.de\/html\/page\/fahrzeuge\/nissan-qashqai-akari-panorama-navi-leder-360-kamera-led\/\">\n                        <h2 class=\"vehicle-title\">\n                            Nissan Qashqai Akari Panorama Navi Leder 360 Kamera LED                        <\/h2>\n\n                    <\/a>\n                <\/hgroup>\n                <span class=\"vehicle-addition\">\n                    <p>\n                        SUV\/Gel\u00e4ndewagen\/Pickup ,\n                        Gebrauchtfahrzeug                    <\/p>\n                <\/span>\n                <div class=\"vehicle-row\">\n                    <div class=\"vehicle-thumbnail\">\n                        <a href=\"https:\/\/ford-sachsen.de\/html\/page\/fahrzeuge\/nissan-qashqai-akari-panorama-navi-leder-360-kamera-led\/\" title=\"Nissan Qashqai Akari Panorama Navi Leder 360 Kamera LED\">\n                            <img loading=\"lazy\" decoding=\"async\" width=\"300\" height=\"225\" src=\"https:\/\/ford-sachsen.de\/html\/page\/wp-content\/uploads\/2026\/05\/4746642-69f54f8d79c92fc7a2303-cb4a-4ab0-88f9-7f7a20253e48-rule-mo-1600-300x225.jpg\" class=\"attachment-medium size-medium wp-post-image\" alt=\"\" srcset=\"https:\/\/ford-sachsen.de\/html\/page\/wp-content\/uploads\/2026\/05\/4746642-69f54f8d79c92fc7a2303-cb4a-4ab0-88f9-7f7a20253e48-rule-mo-1600-300x225.jpg 300w, https:\/\/ford-sachsen.de\/html\/page\/wp-content\/uploads\/2026\/05\/4746642-69f54f8d79c92fc7a2303-cb4a-4ab0-88f9-7f7a20253e48-rule-mo-1600-1024x768.jpg 1024w, https:\/\/ford-sachsen.de\/html\/page\/wp-content\/uploads\/2026\/05\/4746642-69f54f8d79c92fc7a2303-cb4a-4ab0-88f9-7f7a20253e48-rule-mo-1600-768x576.jpg 768w, https:\/\/ford-sachsen.de\/html\/page\/wp-content\/uploads\/2026\/05\/4746642-69f54f8d79c92fc7a2303-cb4a-4ab0-88f9-7f7a20253e48-rule-mo-1600.jpg 1440w\" sizes=\"(max-width: 300px) 100vw, 300px\" \/>                        <\/a>\n                    <\/div>\n                    <div class=\"vehicle-data\">\n                                                    <small>\n                                                                03.2021                                \u00b7\n                            <\/small>\n                                                                            <small>\n                                25.510 km\n                            <\/small>\n                                                                            <small>\n                                \u00b7\n                                116 kW\n                                                                (\n                                158 PS)\n                            <\/small>\n                                                                            <small>\n                                \u00b7\n                                Automatik                            <\/small>\n                                                                            <small>\n                                \u00b7\n                                Unfallfrei                            <\/small>\n                        \n                                                    <small>\n                                \u00b7\n                                Benzin                            <\/small>\n                                                                                                                            <small>\n                                \u00b7\n                                4\/5 T\u00fcren\n                            <\/small>\n                                                <ul class=\"vehicle-emission\">\n                                                                                     \n                                       \n  <!-- CO2-Emissionen\t-->\n                                        <!-- CO2-Emissionen\t-->\n                   \n \n \n\n\n                <\/ul>\n\n                    <\/div>\n\n                    <div class=\"vehicle-price\">\n                                                    <div itemprop=\"priceSpecification\" itemscope itemtype=\"http:\/\/schema.org\/UnitPriceSpecification\">\n                                <meta itemprop=\"priceCurrency\" content=\"EUR\">\n                                <meta itemprop=\"price\" content=\"21.890\">\n                                <strong>\n                                    21.890 \u20ac (Brutto)\n                                <\/strong><br><small>\n                                    MwSt. nicht ausweisbar                                <\/small>\n                            <\/div>\n                                                <br>\n                        <a href=\"https:\/\/ford-sachsen.de\/html\/page\/fahrzeuge\/nissan-qashqai-akari-panorama-navi-leder-360-kamera-led\/\"\n                            class=\"vehicle-btn wp-block-button__link wp-element-button\">Details<\/a>\n                    <\/div>\n                <\/div> <!-- \/\/ vehicle-row -->\n               \n            <\/article>\n                        <article id=\"post-4746640\" class=\"vehicle\">\n                <hgroup>\n                    <a href=\"https:\/\/ford-sachsen.de\/html\/page\/fahrzeuge\/ford-tourneo-courier-trend-winterpaket-rueckfahrkamera-2\/\">\n                        <h2 class=\"vehicle-title\">\n                            Ford Tourneo Courier Trend WINTERPAKET R\u00dcCKFAHRKAMERA                        <\/h2>\n\n                    <\/a>\n                <\/hgroup>\n                <span class=\"vehicle-addition\">\n                    <p>\n                        Van\/Minibus ,\n                        Gebrauchtfahrzeug                    <\/p>\n                <\/span>\n                <div class=\"vehicle-row\">\n                    <div class=\"vehicle-thumbnail\">\n                        <a href=\"https:\/\/ford-sachsen.de\/html\/page\/fahrzeuge\/ford-tourneo-courier-trend-winterpaket-rueckfahrkamera-2\/\" title=\"Ford Tourneo Courier Trend WINTERPAKET R\u00dcCKFAHRKAMERA\">\n                            <img loading=\"lazy\" decoding=\"async\" width=\"300\" height=\"225\" src=\"https:\/\/ford-sachsen.de\/html\/page\/wp-content\/uploads\/2026\/05\/4746640-69f54f8b7d1b06cb4c8f8-1fb3-4266-a950-27e3a27d016a-rule-mo-1600-300x225.jpg\" class=\"attachment-medium size-medium wp-post-image\" alt=\"\" srcset=\"https:\/\/ford-sachsen.de\/html\/page\/wp-content\/uploads\/2026\/05\/4746640-69f54f8b7d1b06cb4c8f8-1fb3-4266-a950-27e3a27d016a-rule-mo-1600-300x225.jpg 300w, https:\/\/ford-sachsen.de\/html\/page\/wp-content\/uploads\/2026\/05\/4746640-69f54f8b7d1b06cb4c8f8-1fb3-4266-a950-27e3a27d016a-rule-mo-1600-1024x768.jpg 1024w, https:\/\/ford-sachsen.de\/html\/page\/wp-content\/uploads\/2026\/05\/4746640-69f54f8b7d1b06cb4c8f8-1fb3-4266-a950-27e3a27d016a-rule-mo-1600-768x576.jpg 768w, https:\/\/ford-sachsen.de\/html\/page\/wp-content\/uploads\/2026\/05\/4746640-69f54f8b7d1b06cb4c8f8-1fb3-4266-a950-27e3a27d016a-rule-mo-1600.jpg 1440w\" sizes=\"(max-width: 300px) 100vw, 300px\" \/>                        <\/a>\n                    <\/div>\n                    <div class=\"vehicle-data\">\n                                                    <small>\n                                                                03.2025                                \u00b7\n                            <\/small>\n                                                                            <small>\n                                2.650 km\n                            <\/small>\n                                                                            <small>\n                                \u00b7\n                                92 kW\n                                                                (\n                                125 PS)\n                            <\/small>\n                                                                            <small>\n                                \u00b7\n                                Schaltgetriebe                            <\/small>\n                                                                            <small>\n                                \u00b7\n                                Unfallfrei                            <\/small>\n                        \n                                                    <small>\n                                \u00b7\n                                Benzin                            <\/small>\n                                                                                                                            <small>\n                                \u00b7\n                                4\/5 T\u00fcren\n                            <\/small>\n                                                <ul class=\"vehicle-emission\">\n                                                 <span>Verbrauch komb.: \n                                    7.0                                 l\/100km<\/span><br>\n                                                                                \n                                       \n  <!-- CO2-Emissionen\t-->\n                                            <span>CO\u2082-Emissionen komb.: 159.0                                 g\/km<\/span><br>\n                                        <!-- CO2-Emissionen\t-->\n                   \n \n                         <span>CO\u2082-Klasse: \n                                    F                                <\/span><br>\n                    \n\n\n                <\/ul>\n\n                    <\/div>\n\n                    <div class=\"vehicle-price\">\n                                                    <div itemprop=\"priceSpecification\" itemscope itemtype=\"http:\/\/schema.org\/UnitPriceSpecification\">\n                                <meta itemprop=\"priceCurrency\" content=\"EUR\">\n                                <meta itemprop=\"price\" content=\"23.390\">\n                                <strong>\n                                    23.390 \u20ac (Brutto)\n                                <\/strong><br><small>\n                                    Inkl. 19% MwSt.                                <\/small>\n                            <\/div>\n                                                <br>\n                        <a href=\"https:\/\/ford-sachsen.de\/html\/page\/fahrzeuge\/ford-tourneo-courier-trend-winterpaket-rueckfahrkamera-2\/\"\n                            class=\"vehicle-btn wp-block-button__link wp-element-button\">Details<\/a>\n                    <\/div>\n                <\/div> <!-- \/\/ vehicle-row -->\n               \n            <\/article>\n                        <article id=\"post-4746638\" class=\"vehicle\">\n                <hgroup>\n                    <a href=\"https:\/\/ford-sachsen.de\/html\/page\/fahrzeuge\/renault-austral-techno-ahkgjrlednavilm19zolltop-zus\/\">\n                        <h2 class=\"vehicle-title\">\n                            Renault Austral Techno AHK+GJR+LED+NAVI+LM19Zoll+TOP-ZUS                        <\/h2>\n\n                    <\/a>\n                <\/hgroup>\n                <span class=\"vehicle-addition\">\n                    <p>\n                        SUV\/Gel\u00e4ndewagen\/Pickup ,\n                        Gebrauchtfahrzeug                    <\/p>\n                <\/span>\n                <div class=\"vehicle-row\">\n                    <div class=\"vehicle-thumbnail\">\n                        <a href=\"https:\/\/ford-sachsen.de\/html\/page\/fahrzeuge\/renault-austral-techno-ahkgjrlednavilm19zolltop-zus\/\" title=\"Renault Austral Techno AHK+GJR+LED+NAVI+LM19Zoll+TOP-ZUS\">\n                            <img loading=\"lazy\" decoding=\"async\" width=\"300\" height=\"225\" src=\"https:\/\/ford-sachsen.de\/html\/page\/wp-content\/uploads\/2026\/05\/4746638-69f54f897e5d7da239e90-a9f0-4cff-88ef-466f81074192-rule-mo-1600-300x225.jpg\" class=\"attachment-medium size-medium wp-post-image\" alt=\"\" srcset=\"https:\/\/ford-sachsen.de\/html\/page\/wp-content\/uploads\/2026\/05\/4746638-69f54f897e5d7da239e90-a9f0-4cff-88ef-466f81074192-rule-mo-1600-300x225.jpg 300w, https:\/\/ford-sachsen.de\/html\/page\/wp-content\/uploads\/2026\/05\/4746638-69f54f897e5d7da239e90-a9f0-4cff-88ef-466f81074192-rule-mo-1600-1024x768.jpg 1024w, https:\/\/ford-sachsen.de\/html\/page\/wp-content\/uploads\/2026\/05\/4746638-69f54f897e5d7da239e90-a9f0-4cff-88ef-466f81074192-rule-mo-1600-768x576.jpg 768w, https:\/\/ford-sachsen.de\/html\/page\/wp-content\/uploads\/2026\/05\/4746638-69f54f897e5d7da239e90-a9f0-4cff-88ef-466f81074192-rule-mo-1600.jpg 1440w\" sizes=\"(max-width: 300px) 100vw, 300px\" \/>                        <\/a>\n                    <\/div>\n                    <div class=\"vehicle-data\">\n                                                    <small>\n                                                                09.2023                                \u00b7\n                            <\/small>\n                                                                            <small>\n                                12.250 km\n                            <\/small>\n                                                                            <small>\n                                \u00b7\n                                116 kW\n                                                                (\n                                158 PS)\n                            <\/small>\n                                                                            <small>\n                                \u00b7\n                                Automatik                            <\/small>\n                                                                            <small>\n                                \u00b7\n                                Unfallfrei                            <\/small>\n                        \n                                                    <small>\n                                \u00b7\n                                Benzin                            <\/small>\n                                                                                                                            <small>\n                                \u00b7\n                                4\/5 T\u00fcren\n                            <\/small>\n                                                <ul class=\"vehicle-emission\">\n                                                 <span>Verbrauch komb.: \n                                    6.5                                 l\/100km<\/span><br>\n                                                                                \n                                       \n  <!-- CO2-Emissionen\t-->\n                                            <span>CO\u2082-Emissionen komb.: 147.0                                 g\/km<\/span><br>\n                                        <!-- CO2-Emissionen\t-->\n                   \n \n                         <span>CO\u2082-Klasse: \n                                    E                                <\/span><br>\n                    \n\n\n                <\/ul>\n\n                    <\/div>\n\n                    <div class=\"vehicle-price\">\n                                                    <div itemprop=\"priceSpecification\" itemscope itemtype=\"http:\/\/schema.org\/UnitPriceSpecification\">\n                                <meta itemprop=\"priceCurrency\" content=\"EUR\">\n                                <meta itemprop=\"price\" content=\"28.995\">\n                                <strong>\n                                    28.995 \u20ac (Brutto)\n                                <\/strong><br><small>\n                                    MwSt. nicht ausweisbar                                <\/small>\n                            <\/div>\n                                                <br>\n                        <a href=\"https:\/\/ford-sachsen.de\/html\/page\/fahrzeuge\/renault-austral-techno-ahkgjrlednavilm19zolltop-zus\/\"\n                            class=\"vehicle-btn wp-block-button__link wp-element-button\">Details<\/a>\n                    <\/div>\n                <\/div> <!-- \/\/ vehicle-row -->\n               \n            <\/article>\n                        <article id=\"post-4746628\" class=\"vehicle\">\n                <hgroup>\n                    <a href=\"https:\/\/ford-sachsen.de\/html\/page\/fahrzeuge\/mitsubishi-space-star-spirit-navi-apple-carplay-android-au\/\">\n                        <h2 class=\"vehicle-title\">\n                            Mitsubishi Space Star Spirit+ Navi Apple CarPlay Android Au                        <\/h2>\n\n                    <\/a>\n                <\/hgroup>\n                <span class=\"vehicle-addition\">\n                    <p>\n                        Limousine ,\n                        Gebrauchtfahrzeug                    <\/p>\n                <\/span>\n                <div class=\"vehicle-row\">\n                    <div class=\"vehicle-thumbnail\">\n                        <a href=\"https:\/\/ford-sachsen.de\/html\/page\/fahrzeuge\/mitsubishi-space-star-spirit-navi-apple-carplay-android-au\/\" title=\"Mitsubishi Space Star Spirit+ Navi Apple CarPlay Android Au\">\n                            <img loading=\"lazy\" decoding=\"async\" width=\"300\" height=\"225\" src=\"https:\/\/ford-sachsen.de\/html\/page\/wp-content\/uploads\/2026\/05\/4746628-69f5466164054f24c6869-6a96-4a7a-b0c1-1cb4baa0004a-rule-mo-1600-300x225.jpg\" class=\"attachment-medium size-medium wp-post-image\" alt=\"\" srcset=\"https:\/\/ford-sachsen.de\/html\/page\/wp-content\/uploads\/2026\/05\/4746628-69f5466164054f24c6869-6a96-4a7a-b0c1-1cb4baa0004a-rule-mo-1600-300x225.jpg 300w, https:\/\/ford-sachsen.de\/html\/page\/wp-content\/uploads\/2026\/05\/4746628-69f5466164054f24c6869-6a96-4a7a-b0c1-1cb4baa0004a-rule-mo-1600-1024x768.jpg 1024w, https:\/\/ford-sachsen.de\/html\/page\/wp-content\/uploads\/2026\/05\/4746628-69f5466164054f24c6869-6a96-4a7a-b0c1-1cb4baa0004a-rule-mo-1600-768x576.jpg 768w, https:\/\/ford-sachsen.de\/html\/page\/wp-content\/uploads\/2026\/05\/4746628-69f5466164054f24c6869-6a96-4a7a-b0c1-1cb4baa0004a-rule-mo-1600.jpg 1440w\" sizes=\"(max-width: 300px) 100vw, 300px\" \/>                        <\/a>\n                    <\/div>\n                    <div class=\"vehicle-data\">\n                                                    <small>\n                                                                06.2021                                \u00b7\n                            <\/small>\n                                                                            <small>\n                                19.135 km\n                            <\/small>\n                                                                            <small>\n                                \u00b7\n                                52 kW\n                                                                (\n                                71 PS)\n                            <\/small>\n                                                                            <small>\n                                \u00b7\n                                Schaltgetriebe                            <\/small>\n                                                                            <small>\n                                \u00b7\n                                Unfallfrei                            <\/small>\n                        \n                                                    <small>\n                                \u00b7\n                                Benzin                            <\/small>\n                                                                                                                            <small>\n                                \u00b7\n                                4\/5 T\u00fcren\n                            <\/small>\n                                                <ul class=\"vehicle-emission\">\n                                                                                     \n                                       \n  <!-- CO2-Emissionen\t-->\n                                        <!-- CO2-Emissionen\t-->\n                   \n \n \n\n\n                <\/ul>\n\n                    <\/div>\n\n                    <div class=\"vehicle-price\">\n                                                    <div itemprop=\"priceSpecification\" itemscope itemtype=\"http:\/\/schema.org\/UnitPriceSpecification\">\n                                <meta itemprop=\"priceCurrency\" content=\"EUR\">\n                                <meta itemprop=\"price\" content=\"12.490\">\n                                <strong>\n                                    12.490 \u20ac (Brutto)\n                                <\/strong><br><small>\n                                    MwSt. nicht ausweisbar                                <\/small>\n                            <\/div>\n                                                <br>\n                        <a href=\"https:\/\/ford-sachsen.de\/html\/page\/fahrzeuge\/mitsubishi-space-star-spirit-navi-apple-carplay-android-au\/\"\n                            class=\"vehicle-btn wp-block-button__link wp-element-button\">Details<\/a>\n                    <\/div>\n                <\/div> <!-- \/\/ vehicle-row -->\n               \n            <\/article>\n                        <article id=\"post-4746626\" class=\"vehicle\">\n                <hgroup>\n                    <a href=\"https:\/\/ford-sachsen.de\/html\/page\/fahrzeuge\/renault-kadjar-collection-winterkomfort-paketnavisave\/\">\n                        <h2 class=\"vehicle-title\">\n                            Renault Kadjar Collection WINTER+KOMFORT PAKET+NAVI+SAVE                        <\/h2>\n\n                    <\/a>\n                <\/hgroup>\n                <span class=\"vehicle-addition\">\n                    <p>\n                        SUV\/Gel\u00e4ndewagen\/Pickup ,\n                        Gebrauchtfahrzeug                    <\/p>\n                <\/span>\n                <div class=\"vehicle-row\">\n                    <div class=\"vehicle-thumbnail\">\n                        <a href=\"https:\/\/ford-sachsen.de\/html\/page\/fahrzeuge\/renault-kadjar-collection-winterkomfort-paketnavisave\/\" title=\"Renault Kadjar Collection WINTER+KOMFORT PAKET+NAVI+SAVE\">\n                            <img loading=\"lazy\" decoding=\"async\" width=\"300\" height=\"225\" src=\"https:\/\/ford-sachsen.de\/html\/page\/wp-content\/uploads\/2026\/05\/4746626-69f5465f8ce86aa8cc1fd-0ec4-436c-83d1-35ba5a1f1621-rule-mo-1600-300x225.jpg\" class=\"attachment-medium size-medium wp-post-image\" alt=\"\" srcset=\"https:\/\/ford-sachsen.de\/html\/page\/wp-content\/uploads\/2026\/05\/4746626-69f5465f8ce86aa8cc1fd-0ec4-436c-83d1-35ba5a1f1621-rule-mo-1600-300x225.jpg 300w, https:\/\/ford-sachsen.de\/html\/page\/wp-content\/uploads\/2026\/05\/4746626-69f5465f8ce86aa8cc1fd-0ec4-436c-83d1-35ba5a1f1621-rule-mo-1600-1024x768.jpg 1024w, https:\/\/ford-sachsen.de\/html\/page\/wp-content\/uploads\/2026\/05\/4746626-69f5465f8ce86aa8cc1fd-0ec4-436c-83d1-35ba5a1f1621-rule-mo-1600-768x576.jpg 768w, https:\/\/ford-sachsen.de\/html\/page\/wp-content\/uploads\/2026\/05\/4746626-69f5465f8ce86aa8cc1fd-0ec4-436c-83d1-35ba5a1f1621-rule-mo-1600.jpg 1440w\" sizes=\"(max-width: 300px) 100vw, 300px\" \/>                        <\/a>\n                    <\/div>\n                    <div class=\"vehicle-data\">\n                                                    <small>\n                                                                07.2017                                \u00b7\n                            <\/small>\n                                                                            <small>\n                                74.595 km\n                            <\/small>\n                                                                            <small>\n                                \u00b7\n                                96 kW\n                                                                (\n                                131 PS)\n                            <\/small>\n                                                                            <small>\n                                \u00b7\n                                Schaltgetriebe                            <\/small>\n                                                                            <small>\n                                \u00b7\n                                Unfallfrei                            <\/small>\n                        \n                                                    <small>\n                                \u00b7\n                                Benzin                            <\/small>\n                                                                                                                            <small>\n                                \u00b7\n                                4\/5 T\u00fcren\n                            <\/small>\n                                                <ul class=\"vehicle-emission\">\n                                                                                     \n                                       \n  <!-- CO2-Emissionen\t-->\n                                        <!-- CO2-Emissionen\t-->\n                   \n \n \n\n\n                <\/ul>\n\n                    <\/div>\n\n                    <div class=\"vehicle-price\">\n                                                    <div itemprop=\"priceSpecification\" itemscope itemtype=\"http:\/\/schema.org\/UnitPriceSpecification\">\n                                <meta itemprop=\"priceCurrency\" content=\"EUR\">\n                                <meta itemprop=\"price\" content=\"10.990\">\n                                <strong>\n                                    10.990 \u20ac (Brutto)\n                                <\/strong><br><small>\n                                    MwSt. nicht ausweisbar                                <\/small>\n                            <\/div>\n                                                <br>\n                        <a href=\"https:\/\/ford-sachsen.de\/html\/page\/fahrzeuge\/renault-kadjar-collection-winterkomfort-paketnavisave\/\"\n                            class=\"vehicle-btn wp-block-button__link wp-element-button\">Details<\/a>\n                    <\/div>\n                <\/div> <!-- \/\/ vehicle-row -->\n               \n            <\/article>\n                        <article id=\"post-4746624\" class=\"vehicle\">\n                <hgroup>\n                    <a href=\"https:\/\/ford-sachsen.de\/html\/page\/fahrzeuge\/ford-tourneo-connect-titanium-l1-ahknavi-ladeschale\/\">\n                        <h2 class=\"vehicle-title\">\n                            Ford Tourneo Connect Titanium L1 AHK+NAVI-LADESCHALE+                        <\/h2>\n\n                    <\/a>\n                <\/hgroup>\n                <span class=\"vehicle-addition\">\n                    <p>\n                        Van\/Minibus ,\n                        Gebrauchtfahrzeug                    <\/p>\n                <\/span>\n                <div class=\"vehicle-row\">\n                    <div class=\"vehicle-thumbnail\">\n                        <a href=\"https:\/\/ford-sachsen.de\/html\/page\/fahrzeuge\/ford-tourneo-connect-titanium-l1-ahknavi-ladeschale\/\" title=\"Ford Tourneo Connect Titanium L1 AHK+NAVI-LADESCHALE+\">\n                            <img loading=\"lazy\" decoding=\"async\" width=\"300\" height=\"225\" src=\"https:\/\/ford-sachsen.de\/html\/page\/wp-content\/uploads\/2026\/05\/4746624-69f5465da878f8aef0ed7-3811-4fe8-8e09-7bb9dce43c62-rule-mo-1600-300x225.jpg\" class=\"attachment-medium size-medium wp-post-image\" alt=\"\" srcset=\"https:\/\/ford-sachsen.de\/html\/page\/wp-content\/uploads\/2026\/05\/4746624-69f5465da878f8aef0ed7-3811-4fe8-8e09-7bb9dce43c62-rule-mo-1600-300x225.jpg 300w, https:\/\/ford-sachsen.de\/html\/page\/wp-content\/uploads\/2026\/05\/4746624-69f5465da878f8aef0ed7-3811-4fe8-8e09-7bb9dce43c62-rule-mo-1600-1024x768.jpg 1024w, https:\/\/ford-sachsen.de\/html\/page\/wp-content\/uploads\/2026\/05\/4746624-69f5465da878f8aef0ed7-3811-4fe8-8e09-7bb9dce43c62-rule-mo-1600-768x576.jpg 768w, https:\/\/ford-sachsen.de\/html\/page\/wp-content\/uploads\/2026\/05\/4746624-69f5465da878f8aef0ed7-3811-4fe8-8e09-7bb9dce43c62-rule-mo-1600.jpg 1440w\" sizes=\"(max-width: 300px) 100vw, 300px\" \/>                        <\/a>\n                    <\/div>\n                    <div class=\"vehicle-data\">\n                                                    <small>\n                                                                01.2024                                \u00b7\n                            <\/small>\n                                                                            <small>\n                                31.150 km\n                            <\/small>\n                                                                            <small>\n                                \u00b7\n                                84 kW\n                                                                (\n                                114 PS)\n                            <\/small>\n                                                                            <small>\n                                \u00b7\n                                Schaltgetriebe                            <\/small>\n                                                                            <small>\n                                \u00b7\n                                Unfallfrei                            <\/small>\n                        \n                                                    <small>\n                                \u00b7\n                                Benzin                            <\/small>\n                                                                                                                            <small>\n                                \u00b7\n                                4\/5 T\u00fcren\n                            <\/small>\n                                                <ul class=\"vehicle-emission\">\n                                                 <span>Verbrauch komb.: \n                                    6.6                                 l\/100km<\/span><br>\n                                                                                \n                                       \n  <!-- CO2-Emissionen\t-->\n                                            <span>CO\u2082-Emissionen komb.: 150.0                                 g\/km<\/span><br>\n                                        <!-- CO2-Emissionen\t-->\n                   \n \n                         <span>CO\u2082-Klasse: \n                                    E                                <\/span><br>\n                    \n\n\n                <\/ul>\n\n                    <\/div>\n\n                    <div class=\"vehicle-price\">\n                                                    <div itemprop=\"priceSpecification\" itemscope itemtype=\"http:\/\/schema.org\/UnitPriceSpecification\">\n                                <meta itemprop=\"priceCurrency\" content=\"EUR\">\n                                <meta itemprop=\"price\" content=\"24.930\">\n                                <strong>\n                                    24.930 \u20ac (Brutto)\n                                <\/strong><br><small>\n                                    MwSt. nicht ausweisbar                                <\/small>\n                            <\/div>\n                                                <br>\n                        <a href=\"https:\/\/ford-sachsen.de\/html\/page\/fahrzeuge\/ford-tourneo-connect-titanium-l1-ahknavi-ladeschale\/\"\n                            class=\"vehicle-btn wp-block-button__link wp-element-button\">Details<\/a>\n                    <\/div>\n                <\/div> <!-- \/\/ vehicle-row -->\n               \n            <\/article>\n                        <article id=\"post-4746622\" class=\"vehicle\">\n                <hgroup>\n                    <a href=\"https:\/\/ford-sachsen.de\/html\/page\/fahrzeuge\/ford-kuga-phev-st-line-keyfreenaviwinter-paket\/\">\n                        <h2 class=\"vehicle-title\">\n                            Ford Kuga PHEV ST-Line KEYFREE+NAVI+WINTER-PAKET                        <\/h2>\n\n                    <\/a>\n                <\/hgroup>\n                <span class=\"vehicle-addition\">\n                    <p>\n                        SUV\/Gel\u00e4ndewagen\/Pickup ,\n                        Gebrauchtfahrzeug                    <\/p>\n                <\/span>\n                <div class=\"vehicle-row\">\n                    <div class=\"vehicle-thumbnail\">\n                        <a href=\"https:\/\/ford-sachsen.de\/html\/page\/fahrzeuge\/ford-kuga-phev-st-line-keyfreenaviwinter-paket\/\" title=\"Ford Kuga PHEV ST-Line KEYFREE+NAVI+WINTER-PAKET\">\n                            <img loading=\"lazy\" decoding=\"async\" width=\"300\" height=\"225\" src=\"https:\/\/ford-sachsen.de\/html\/page\/wp-content\/uploads\/2026\/05\/4746622-69f5465bbfda24e0fb287-6584-4e81-acbf-a0310e0c4afa-rule-mo-1600-300x225.jpg\" class=\"attachment-medium size-medium wp-post-image\" alt=\"\" srcset=\"https:\/\/ford-sachsen.de\/html\/page\/wp-content\/uploads\/2026\/05\/4746622-69f5465bbfda24e0fb287-6584-4e81-acbf-a0310e0c4afa-rule-mo-1600-300x225.jpg 300w, https:\/\/ford-sachsen.de\/html\/page\/wp-content\/uploads\/2026\/05\/4746622-69f5465bbfda24e0fb287-6584-4e81-acbf-a0310e0c4afa-rule-mo-1600-1024x768.jpg 1024w, https:\/\/ford-sachsen.de\/html\/page\/wp-content\/uploads\/2026\/05\/4746622-69f5465bbfda24e0fb287-6584-4e81-acbf-a0310e0c4afa-rule-mo-1600-768x576.jpg 768w, https:\/\/ford-sachsen.de\/html\/page\/wp-content\/uploads\/2026\/05\/4746622-69f5465bbfda24e0fb287-6584-4e81-acbf-a0310e0c4afa-rule-mo-1600.jpg 1440w\" sizes=\"(max-width: 300px) 100vw, 300px\" \/>                        <\/a>\n                    <\/div>\n                    <div class=\"vehicle-data\">\n                                                    <small>\n                                                                06.2022                                \u00b7\n                            <\/small>\n                                                                            <small>\n                                20.870 km\n                            <\/small>\n                                                                            <small>\n                                \u00b7\n                                165 kW\n                                                                (\n                                224 PS)\n                            <\/small>\n                                                                            <small>\n                                \u00b7\n                                Automatik                            <\/small>\n                                                                            <small>\n                                \u00b7\n                                Unfallfrei                            <\/small>\n                        \n                                                    <small>\n                                \u00b7\n                                Plug-in-Hybrid                            <\/small>\n                                                                                                                            <small>\n                                \u00b7\n                                4\/5 T\u00fcren\n                            <\/small>\n                                                <ul class=\"vehicle-emission\">\n                                                                                     \n                                       \n  <!-- CO2-Emissionen\t-->\n                                        <!-- CO2-Emissionen\t-->\n                   \n \n \n\n\n                <\/ul>\n\n                    <\/div>\n\n                    <div class=\"vehicle-price\">\n                                                    <div itemprop=\"priceSpecification\" itemscope itemtype=\"http:\/\/schema.org\/UnitPriceSpecification\">\n                                <meta itemprop=\"priceCurrency\" content=\"EUR\">\n                                <meta itemprop=\"price\" content=\"25.890\">\n                                <strong>\n                                    25.890 \u20ac (Brutto)\n                                <\/strong><br><small>\n                                    MwSt. nicht ausweisbar                                <\/small>\n                            <\/div>\n                                                <br>\n                        <a href=\"https:\/\/ford-sachsen.de\/html\/page\/fahrzeuge\/ford-kuga-phev-st-line-keyfreenaviwinter-paket\/\"\n                            class=\"vehicle-btn wp-block-button__link wp-element-button\">Details<\/a>\n                    <\/div>\n                <\/div> <!-- \/\/ vehicle-row -->\n               \n            <\/article>\n                        <article id=\"post-4746620\" class=\"vehicle\">\n                <hgroup>\n                    <a href=\"https:\/\/ford-sachsen.de\/html\/page\/fahrzeuge\/ford-puma-gen-e-sound-edition-barzahlungsaktionsofor\/\">\n                        <h2 class=\"vehicle-title\">\n                            Ford Puma Gen-E Sound Edition BARZAHLUNGSAKTION+SOFOR                        <\/h2>\n\n                    <\/a>\n                <\/hgroup>\n                <span class=\"vehicle-addition\">\n                    <p>\n                        Limousine ,\n                        Neufahrzeug                    <\/p>\n                <\/span>\n                <div class=\"vehicle-row\">\n                    <div class=\"vehicle-thumbnail\">\n                        <a href=\"https:\/\/ford-sachsen.de\/html\/page\/fahrzeuge\/ford-puma-gen-e-sound-edition-barzahlungsaktionsofor\/\" title=\"Ford Puma Gen-E Sound Edition BARZAHLUNGSAKTION+SOFOR\">\n                            <img loading=\"lazy\" decoding=\"async\" width=\"300\" height=\"225\" src=\"https:\/\/ford-sachsen.de\/html\/page\/wp-content\/uploads\/2026\/05\/4746620-69f5465aa5876911c7ade-3f5d-43e5-ac28-9fad99d1e0b6-rule-mo-1600-300x225.jpg\" class=\"attachment-medium size-medium wp-post-image\" alt=\"\" srcset=\"https:\/\/ford-sachsen.de\/html\/page\/wp-content\/uploads\/2026\/05\/4746620-69f5465aa5876911c7ade-3f5d-43e5-ac28-9fad99d1e0b6-rule-mo-1600-300x225.jpg 300w, https:\/\/ford-sachsen.de\/html\/page\/wp-content\/uploads\/2026\/05\/4746620-69f5465aa5876911c7ade-3f5d-43e5-ac28-9fad99d1e0b6-rule-mo-1600.jpg 320w\" sizes=\"(max-width: 300px) 100vw, 300px\" \/>                        <\/a>\n                    <\/div>\n                    <div class=\"vehicle-data\">\n                                                                                                    <small>\n                                \u00b7\n                                124 kW\n                                                                (\n                                169 PS)\n                            <\/small>\n                                                                            <small>\n                                \u00b7\n                                Automatik                            <\/small>\n                                                                            <small>\n                                \u00b7\n                                Unfallfrei                            <\/small>\n                        \n                                                    <small>\n                                \u00b7\n                                Elektro                            <\/small>\n                                                                                                                            <small>\n                                \u00b7\n                                4\/5 T\u00fcren\n                            <\/small>\n                                                <ul class=\"vehicle-emission\">\n                                                                                     \n                                       \n  <!-- CO2-Emissionen\t-->\n                                            <span>CO\u2082-Emissionen komb.: 0.0                                 g\/km<\/span><br>\n                                        <!-- CO2-Emissionen\t-->\n                   \n \n                         <span>CO\u2082-Klasse: \n                                    A                                <\/span><br>\n                    \n\n\n                <\/ul>\n\n                    <\/div>\n\n                    <div class=\"vehicle-price\">\n                                                    <div itemprop=\"priceSpecification\" itemscope itemtype=\"http:\/\/schema.org\/UnitPriceSpecification\">\n                                <meta itemprop=\"priceCurrency\" content=\"EUR\">\n                                <meta itemprop=\"price\" content=\"33.850\">\n                                <strong>\n                                    33.850 \u20ac (Brutto)\n                                <\/strong><br><small>\n                                    Inkl. 19% MwSt.                                <\/small>\n                            <\/div>\n                                                <br>\n                        <a href=\"https:\/\/ford-sachsen.de\/html\/page\/fahrzeuge\/ford-puma-gen-e-sound-edition-barzahlungsaktionsofor\/\"\n                            class=\"vehicle-btn wp-block-button__link wp-element-button\">Details<\/a>\n                    <\/div>\n                <\/div> <!-- \/\/ vehicle-row -->\n               \n            <\/article>\n                        <article id=\"post-4746618\" class=\"vehicle\">\n                <hgroup>\n                    <a href=\"https:\/\/ford-sachsen.de\/html\/page\/fahrzeuge\/ford-tourneo-custom-bus-320-l2-titanium-x-fwd-standhz\/\">\n                        <h2 class=\"vehicle-title\">\n                            Ford Tourneo Custom Bus 320 L2 Titanium X FWD StandHZ                        <\/h2>\n\n                    <\/a>\n                <\/hgroup>\n                <span class=\"vehicle-addition\">\n                    <p>\n                        Van\/Minibus ,\n                        Gebrauchtfahrzeug                    <\/p>\n                <\/span>\n                <div class=\"vehicle-row\">\n                    <div class=\"vehicle-thumbnail\">\n                        <a href=\"https:\/\/ford-sachsen.de\/html\/page\/fahrzeuge\/ford-tourneo-custom-bus-320-l2-titanium-x-fwd-standhz\/\" title=\"Ford Tourneo Custom Bus 320 L2 Titanium X FWD StandHZ\">\n                            <img loading=\"lazy\" decoding=\"async\" width=\"300\" height=\"225\" src=\"https:\/\/ford-sachsen.de\/html\/page\/wp-content\/uploads\/2026\/05\/4746618-69f54658d7b6f958d91ca-657d-4505-8c82-9f86733b96f5-rule-mo-1600-300x225.jpg\" class=\"attachment-medium size-medium wp-post-image\" alt=\"\" srcset=\"https:\/\/ford-sachsen.de\/html\/page\/wp-content\/uploads\/2026\/05\/4746618-69f54658d7b6f958d91ca-657d-4505-8c82-9f86733b96f5-rule-mo-1600-300x225.jpg 300w, https:\/\/ford-sachsen.de\/html\/page\/wp-content\/uploads\/2026\/05\/4746618-69f54658d7b6f958d91ca-657d-4505-8c82-9f86733b96f5-rule-mo-1600-1024x768.jpg 1024w, https:\/\/ford-sachsen.de\/html\/page\/wp-content\/uploads\/2026\/05\/4746618-69f54658d7b6f958d91ca-657d-4505-8c82-9f86733b96f5-rule-mo-1600-768x576.jpg 768w, https:\/\/ford-sachsen.de\/html\/page\/wp-content\/uploads\/2026\/05\/4746618-69f54658d7b6f958d91ca-657d-4505-8c82-9f86733b96f5-rule-mo-1600.jpg 1440w\" sizes=\"(max-width: 300px) 100vw, 300px\" \/>                        <\/a>\n                    <\/div>\n                    <div class=\"vehicle-data\">\n                                                    <small>\n                                                                03.2026                                \u00b7\n                            <\/small>\n                                                                            <small>\n                                25 km\n                            <\/small>\n                                                                            <small>\n                                \u00b7\n                                125 kW\n                                                                (\n                                170 PS)\n                            <\/small>\n                                                                            <small>\n                                \u00b7\n                                Automatik                            <\/small>\n                                                                            <small>\n                                \u00b7\n                                Unfallfrei                            <\/small>\n                        \n                                                    <small>\n                                \u00b7\n                                Diesel                            <\/small>\n                                                                                                                            <small>\n                                \u00b7\n                                4\/5 T\u00fcren\n                            <\/small>\n                                                <ul class=\"vehicle-emission\">\n                                                 <span>Verbrauch komb.: \n                                    8.7                                 l\/100km<\/span><br>\n                                                                                \n                                       \n  <!-- CO2-Emissionen\t-->\n                                            <span>CO\u2082-Emissionen komb.: 229.0                                 g\/km<\/span><br>\n                                        <!-- CO2-Emissionen\t-->\n                   \n \n                         <span>CO\u2082-Klasse: \n                                    G                                <\/span><br>\n                    \n\n\n                <\/ul>\n\n                    <\/div>\n\n                    <div class=\"vehicle-price\">\n                                                    <div itemprop=\"priceSpecification\" itemscope itemtype=\"http:\/\/schema.org\/UnitPriceSpecification\">\n                                <meta itemprop=\"priceCurrency\" content=\"EUR\">\n                                <meta itemprop=\"price\" content=\"59.890\">\n                                <strong>\n                                    59.890 \u20ac (Brutto)\n                                <\/strong><br><small>\n                                    Inkl. 19% MwSt.                                <\/small>\n                            <\/div>\n                                                <br>\n                        <a href=\"https:\/\/ford-sachsen.de\/html\/page\/fahrzeuge\/ford-tourneo-custom-bus-320-l2-titanium-x-fwd-standhz\/\"\n                            class=\"vehicle-btn wp-block-button__link wp-element-button\">Details<\/a>\n                    <\/div>\n                <\/div> <!-- \/\/ vehicle-row -->\n               \n            <\/article>\n                        <article id=\"post-4746616\" class=\"vehicle\">\n                <hgroup>\n                    <a href=\"https:\/\/ford-sachsen.de\/html\/page\/fahrzeuge\/ford-focus-turnier-st-line-naviledwinter-paket-acc\/\">\n                        <h2 class=\"vehicle-title\">\n                            Ford Focus Turnier ST-Line NAVI+LED+WINTER-PAKET ACC                        <\/h2>\n\n                    <\/a>\n                <\/hgroup>\n                <span class=\"vehicle-addition\">\n                    <p>\n                        Kombi ,\n                        Gebrauchtfahrzeug                    <\/p>\n                <\/span>\n                <div class=\"vehicle-row\">\n                    <div class=\"vehicle-thumbnail\">\n                        <a href=\"https:\/\/ford-sachsen.de\/html\/page\/fahrzeuge\/ford-focus-turnier-st-line-naviledwinter-paket-acc\/\" title=\"Ford Focus Turnier ST-Line NAVI+LED+WINTER-PAKET ACC\">\n                            <img loading=\"lazy\" decoding=\"async\" width=\"300\" height=\"225\" src=\"https:\/\/ford-sachsen.de\/html\/page\/wp-content\/uploads\/2026\/05\/4746616-69f54656ed4b61ee99ed2-a1fe-4a34-a3a0-00bd41083013-rule-mo-1600-300x225.jpg\" class=\"attachment-medium size-medium wp-post-image\" alt=\"\" srcset=\"https:\/\/ford-sachsen.de\/html\/page\/wp-content\/uploads\/2026\/05\/4746616-69f54656ed4b61ee99ed2-a1fe-4a34-a3a0-00bd41083013-rule-mo-1600-300x225.jpg 300w, https:\/\/ford-sachsen.de\/html\/page\/wp-content\/uploads\/2026\/05\/4746616-69f54656ed4b61ee99ed2-a1fe-4a34-a3a0-00bd41083013-rule-mo-1600-1024x768.jpg 1024w, https:\/\/ford-sachsen.de\/html\/page\/wp-content\/uploads\/2026\/05\/4746616-69f54656ed4b61ee99ed2-a1fe-4a34-a3a0-00bd41083013-rule-mo-1600-768x576.jpg 768w, https:\/\/ford-sachsen.de\/html\/page\/wp-content\/uploads\/2026\/05\/4746616-69f54656ed4b61ee99ed2-a1fe-4a34-a3a0-00bd41083013-rule-mo-1600.jpg 1440w\" sizes=\"(max-width: 300px) 100vw, 300px\" \/>                        <\/a>\n                    <\/div>\n                    <div class=\"vehicle-data\">\n                                                    <small>\n                                                                04.2023                                \u00b7\n                            <\/small>\n                                                                            <small>\n                                72.714 km\n                            <\/small>\n                                                                            <small>\n                                \u00b7\n                                92 kW\n                                                                (\n                                125 PS)\n                            <\/small>\n                                                                            <small>\n                                \u00b7\n                                Schaltgetriebe                            <\/small>\n                                                                            <small>\n                                \u00b7\n                                Unfallfrei                            <\/small>\n                        \n                                                    <small>\n                                \u00b7\n                                Benzin                            <\/small>\n                                                                                                                            <small>\n                                \u00b7\n                                4\/5 T\u00fcren\n                            <\/small>\n                                                <ul class=\"vehicle-emission\">\n                                                 <span>Verbrauch komb.: \n                                    6.1                                 l\/100km<\/span><br>\n                                                                                \n                                       \n  <!-- CO2-Emissionen\t-->\n                                            <span>CO\u2082-Emissionen komb.: 138.0                                 g\/km<\/span><br>\n                                        <!-- CO2-Emissionen\t-->\n                   \n \n                         <span>CO\u2082-Klasse: \n                                    E                                <\/span><br>\n                    \n\n\n                <\/ul>\n\n                    <\/div>\n\n                    <div class=\"vehicle-price\">\n                                                    <div itemprop=\"priceSpecification\" itemscope itemtype=\"http:\/\/schema.org\/UnitPriceSpecification\">\n                                <meta itemprop=\"priceCurrency\" content=\"EUR\">\n                                <meta itemprop=\"price\" content=\"18.290\">\n                                <strong>\n                                    18.290 \u20ac (Brutto)\n                                <\/strong><br><small>\n                                    Inkl. 19% MwSt.                                <\/small>\n                            <\/div>\n                                                <br>\n                        <a href=\"https:\/\/ford-sachsen.de\/html\/page\/fahrzeuge\/ford-focus-turnier-st-line-naviledwinter-paket-acc\/\"\n                            class=\"vehicle-btn wp-block-button__link wp-element-button\">Details<\/a>\n                    <\/div>\n                <\/div> <!-- \/\/ vehicle-row -->\n               \n            <\/article>\n                        <article id=\"post-4746614\" class=\"vehicle\">\n                <hgroup>\n                    <a href=\"https:\/\/ford-sachsen.de\/html\/page\/fahrzeuge\/ford-ranger-e-4wd-doka-tremor-laderaumw-gespr-techno\/\">\n                        <h2 class=\"vehicle-title\">\n                            Ford Ranger e-4WD DOKA Tremor LADERAUMW.GESPR.+TECHNO                        <\/h2>\n\n                    <\/a>\n                <\/hgroup>\n                <span class=\"vehicle-addition\">\n                    <p>\n                        SUV\/Gel\u00e4ndewagen\/Pickup ,\n                        Gebrauchtfahrzeug                    <\/p>\n                <\/span>\n                <div class=\"vehicle-row\">\n                    <div class=\"vehicle-thumbnail\">\n                        <a href=\"https:\/\/ford-sachsen.de\/html\/page\/fahrzeuge\/ford-ranger-e-4wd-doka-tremor-laderaumw-gespr-techno\/\" title=\"Ford Ranger e-4WD DOKA Tremor LADERAUMW.GESPR.+TECHNO\">\n                            <img loading=\"lazy\" decoding=\"async\" width=\"300\" height=\"225\" src=\"https:\/\/ford-sachsen.de\/html\/page\/wp-content\/uploads\/2026\/05\/4746614-69f54654ce1533a9a4c49-3b5a-444e-b63e-66f8623ed219-rule-mo-1600-300x225.jpg\" class=\"attachment-medium size-medium wp-post-image\" alt=\"\" srcset=\"https:\/\/ford-sachsen.de\/html\/page\/wp-content\/uploads\/2026\/05\/4746614-69f54654ce1533a9a4c49-3b5a-444e-b63e-66f8623ed219-rule-mo-1600-300x225.jpg 300w, https:\/\/ford-sachsen.de\/html\/page\/wp-content\/uploads\/2026\/05\/4746614-69f54654ce1533a9a4c49-3b5a-444e-b63e-66f8623ed219-rule-mo-1600-1024x768.jpg 1024w, https:\/\/ford-sachsen.de\/html\/page\/wp-content\/uploads\/2026\/05\/4746614-69f54654ce1533a9a4c49-3b5a-444e-b63e-66f8623ed219-rule-mo-1600-768x576.jpg 768w, https:\/\/ford-sachsen.de\/html\/page\/wp-content\/uploads\/2026\/05\/4746614-69f54654ce1533a9a4c49-3b5a-444e-b63e-66f8623ed219-rule-mo-1600.jpg 1440w\" sizes=\"(max-width: 300px) 100vw, 300px\" \/>                        <\/a>\n                    <\/div>\n                    <div class=\"vehicle-data\">\n                                                    <small>\n                                                                03.2026                                \u00b7\n                            <\/small>\n                                                                            <small>\n                                25 km\n                            <\/small>\n                                                                            <small>\n                                \u00b7\n                                151 kW\n                                                                (\n                                205 PS)\n                            <\/small>\n                                                                            <small>\n                                \u00b7\n                                Automatik                            <\/small>\n                                                                            <small>\n                                \u00b7\n                                Unfallfrei                            <\/small>\n                        \n                                                    <small>\n                                \u00b7\n                                Diesel                            <\/small>\n                                                                                                                            <small>\n                                \u00b7\n                                4\/5 T\u00fcren\n                            <\/small>\n                                                <ul class=\"vehicle-emission\">\n                                                 <span>Verbrauch komb.: \n                                    10.3                                 l\/100km<\/span><br>\n                                                                                \n                                       \n  <!-- CO2-Emissionen\t-->\n                                            <span>CO\u2082-Emissionen komb.: 270.0                                 g\/km<\/span><br>\n                                        <!-- CO2-Emissionen\t-->\n                   \n \n                         <span>CO\u2082-Klasse: \n                                    G                                <\/span><br>\n                    \n\n\n                <\/ul>\n\n                    <\/div>\n\n                    <div class=\"vehicle-price\">\n                                                    <div itemprop=\"priceSpecification\" itemscope itemtype=\"http:\/\/schema.org\/UnitPriceSpecification\">\n                                <meta itemprop=\"priceCurrency\" content=\"EUR\">\n                                <meta itemprop=\"price\" content=\"47.890\">\n                                <strong>\n                                    47.890 \u20ac (Brutto)\n                                <\/strong><br><small>\n                                    Inkl. 19% MwSt.                                <\/small>\n                            <\/div>\n                                                <br>\n                        <a href=\"https:\/\/ford-sachsen.de\/html\/page\/fahrzeuge\/ford-ranger-e-4wd-doka-tremor-laderaumw-gespr-techno\/\"\n                            class=\"vehicle-btn wp-block-button__link wp-element-button\">Details<\/a>\n                    <\/div>\n                <\/div> <!-- \/\/ vehicle-row -->\n               \n            <\/article>\n                        <article id=\"post-4746612\" class=\"vehicle\">\n                <hgroup>\n                    <a href=\"https:\/\/ford-sachsen.de\/html\/page\/fahrzeuge\/ford-transit-custom-320-l2-fwd-kombi-pkw-trend-2xs-tue\/\">\n                        <h2 class=\"vehicle-title\">\n                            Ford Transit Custom 320 L2 FWD Kombi PKW Trend 2xS-T\u00dc                        <\/h2>\n\n                    <\/a>\n                <\/hgroup>\n                <span class=\"vehicle-addition\">\n                    <p>\n                        Van\/Minibus ,\n                        Gebrauchtfahrzeug                    <\/p>\n                <\/span>\n                <div class=\"vehicle-row\">\n                    <div class=\"vehicle-thumbnail\">\n                        <a href=\"https:\/\/ford-sachsen.de\/html\/page\/fahrzeuge\/ford-transit-custom-320-l2-fwd-kombi-pkw-trend-2xs-tue\/\" title=\"Ford Transit Custom 320 L2 FWD Kombi PKW Trend 2xS-T\u00dc\">\n                            <img loading=\"lazy\" decoding=\"async\" width=\"300\" height=\"225\" src=\"https:\/\/ford-sachsen.de\/html\/page\/wp-content\/uploads\/2026\/05\/4746612-69f5465334d9fa7c55aaa-54b4-436c-ac8b-8c56af4c17fc-rule-mo-1600-300x225.jpg\" class=\"attachment-medium size-medium wp-post-image\" alt=\"\" srcset=\"https:\/\/ford-sachsen.de\/html\/page\/wp-content\/uploads\/2026\/05\/4746612-69f5465334d9fa7c55aaa-54b4-436c-ac8b-8c56af4c17fc-rule-mo-1600-300x225.jpg 300w, https:\/\/ford-sachsen.de\/html\/page\/wp-content\/uploads\/2026\/05\/4746612-69f5465334d9fa7c55aaa-54b4-436c-ac8b-8c56af4c17fc-rule-mo-1600-1024x768.jpg 1024w, https:\/\/ford-sachsen.de\/html\/page\/wp-content\/uploads\/2026\/05\/4746612-69f5465334d9fa7c55aaa-54b4-436c-ac8b-8c56af4c17fc-rule-mo-1600-768x576.jpg 768w, https:\/\/ford-sachsen.de\/html\/page\/wp-content\/uploads\/2026\/05\/4746612-69f5465334d9fa7c55aaa-54b4-436c-ac8b-8c56af4c17fc-rule-mo-1600.jpg 1440w\" sizes=\"(max-width: 300px) 100vw, 300px\" \/>                        <\/a>\n                    <\/div>\n                    <div class=\"vehicle-data\">\n                                                    <small>\n                                                                04.2026                                \u00b7\n                            <\/small>\n                                                                            <small>\n                                2.650 km\n                            <\/small>\n                                                                            <small>\n                                \u00b7\n                                100 kW\n                                                                (\n                                136 PS)\n                            <\/small>\n                                                                            <small>\n                                \u00b7\n                                Automatik                            <\/small>\n                                                                            <small>\n                                \u00b7\n                                Unfallfrei                            <\/small>\n                        \n                                                    <small>\n                                \u00b7\n                                Diesel                            <\/small>\n                                                                                                                            <small>\n                                \u00b7\n                                4\/5 T\u00fcren\n                            <\/small>\n                                                <ul class=\"vehicle-emission\">\n                                                 <span>Verbrauch komb.: \n                                    11.1                                 l\/100km<\/span><br>\n                                                                                \n                                       \n  <!-- CO2-Emissionen\t-->\n                                            <span>CO\u2082-Emissionen komb.: 291.0                                 g\/km<\/span><br>\n                                        <!-- CO2-Emissionen\t-->\n                   \n \n                         <span>CO\u2082-Klasse: \n                                    G                                <\/span><br>\n                    \n\n\n                <\/ul>\n\n                    <\/div>\n\n                    <div class=\"vehicle-price\">\n                                                    <div itemprop=\"priceSpecification\" itemscope itemtype=\"http:\/\/schema.org\/UnitPriceSpecification\">\n                                <meta itemprop=\"priceCurrency\" content=\"EUR\">\n                                <meta itemprop=\"price\" content=\"44.890\">\n                                <strong>\n                                    44.890 \u20ac (Brutto)\n                                <\/strong><br><small>\n                                    Inkl. 19% MwSt.                                <\/small>\n                            <\/div>\n                                                <br>\n                        <a href=\"https:\/\/ford-sachsen.de\/html\/page\/fahrzeuge\/ford-transit-custom-320-l2-fwd-kombi-pkw-trend-2xs-tue\/\"\n                            class=\"vehicle-btn wp-block-button__link wp-element-button\">Details<\/a>\n                    <\/div>\n                <\/div> <!-- \/\/ vehicle-row -->\n               \n            <\/article>\n                        <article id=\"post-4746610\" class=\"vehicle\">\n                <hgroup>\n                    <a href=\"https:\/\/ford-sachsen.de\/html\/page\/fahrzeuge\/renault-megane-iv-5-tuerig-play-1-2-tce-100-energy-limous\/\">\n                        <h2 class=\"vehicle-title\">\n                            Renault Megane IV 5-t\u00fcrig Play 1.2 TCe 100 Energy Limous                        <\/h2>\n\n                    <\/a>\n                <\/hgroup>\n                <span class=\"vehicle-addition\">\n                    <p>\n                        Limousine ,\n                        Gebrauchtfahrzeug                    <\/p>\n                <\/span>\n                <div class=\"vehicle-row\">\n                    <div class=\"vehicle-thumbnail\">\n                        <a href=\"https:\/\/ford-sachsen.de\/html\/page\/fahrzeuge\/renault-megane-iv-5-tuerig-play-1-2-tce-100-energy-limous\/\" title=\"Renault Megane IV 5-t\u00fcrig Play 1.2 TCe 100 Energy Limous\">\n                            <img loading=\"lazy\" decoding=\"async\" width=\"300\" height=\"225\" src=\"https:\/\/ford-sachsen.de\/html\/page\/wp-content\/uploads\/2026\/05\/4746610-69f54651a08d26b817f7e-6e21-4216-8cb8-069ab682436c-rule-mo-1600-300x225.jpg\" class=\"attachment-medium size-medium wp-post-image\" alt=\"\" srcset=\"https:\/\/ford-sachsen.de\/html\/page\/wp-content\/uploads\/2026\/05\/4746610-69f54651a08d26b817f7e-6e21-4216-8cb8-069ab682436c-rule-mo-1600-300x225.jpg 300w, https:\/\/ford-sachsen.de\/html\/page\/wp-content\/uploads\/2026\/05\/4746610-69f54651a08d26b817f7e-6e21-4216-8cb8-069ab682436c-rule-mo-1600-1024x768.jpg 1024w, https:\/\/ford-sachsen.de\/html\/page\/wp-content\/uploads\/2026\/05\/4746610-69f54651a08d26b817f7e-6e21-4216-8cb8-069ab682436c-rule-mo-1600-768x576.jpg 768w, https:\/\/ford-sachsen.de\/html\/page\/wp-content\/uploads\/2026\/05\/4746610-69f54651a08d26b817f7e-6e21-4216-8cb8-069ab682436c-rule-mo-1600.jpg 1440w\" sizes=\"(max-width: 300px) 100vw, 300px\" \/>                        <\/a>\n                    <\/div>\n                    <div class=\"vehicle-data\">\n                                                    <small>\n                                                                09.2017                                \u00b7\n                            <\/small>\n                                                                            <small>\n                                46.665 km\n                            <\/small>\n                                                                            <small>\n                                \u00b7\n                                74 kW\n                                                                (\n                                101 PS)\n                            <\/small>\n                                                                            <small>\n                                \u00b7\n                                Schaltgetriebe                            <\/small>\n                                                                            <small>\n                                \u00b7\n                                Unfallfrei                            <\/small>\n                        \n                                                    <small>\n                                \u00b7\n                                Benzin                            <\/small>\n                                                                                                                            <small>\n                                \u00b7\n                                4\/5 T\u00fcren\n                            <\/small>\n                                                <ul class=\"vehicle-emission\">\n                                                                                     \n                                       \n  <!-- CO2-Emissionen\t-->\n                                        <!-- CO2-Emissionen\t-->\n                   \n \n \n\n\n                <\/ul>\n\n                    <\/div>\n\n                    <div class=\"vehicle-price\">\n                                                    <div itemprop=\"priceSpecification\" itemscope itemtype=\"http:\/\/schema.org\/UnitPriceSpecification\">\n                                <meta itemprop=\"priceCurrency\" content=\"EUR\">\n                                <meta itemprop=\"price\" content=\"11.790\">\n                                <strong>\n                                    11.790 \u20ac (Brutto)\n                                <\/strong><br><small>\n                                    MwSt. nicht ausweisbar                                <\/small>\n                            <\/div>\n                                                <br>\n                        <a href=\"https:\/\/ford-sachsen.de\/html\/page\/fahrzeuge\/renault-megane-iv-5-tuerig-play-1-2-tce-100-energy-limous\/\"\n                            class=\"vehicle-btn wp-block-button__link wp-element-button\">Details<\/a>\n                    <\/div>\n                <\/div> <!-- \/\/ vehicle-row -->\n               \n            <\/article>\n                        <article id=\"post-4746608\" class=\"vehicle\">\n                <hgroup>\n                    <a href=\"https:\/\/ford-sachsen.de\/html\/page\/fahrzeuge\/citroen-c5-aircross-shine-navi-digitales-cockpit-360-kam\/\">\n                        <h2 class=\"vehicle-title\">\n                            Citro\u00ebn C5 Aircross Shine Navi Digitales Cockpit 360 Kam                        <\/h2>\n\n                    <\/a>\n                <\/hgroup>\n                <span class=\"vehicle-addition\">\n                    <p>\n                        SUV\/Gel\u00e4ndewagen\/Pickup ,\n                        Gebrauchtfahrzeug                    <\/p>\n                <\/span>\n                <div class=\"vehicle-row\">\n                    <div class=\"vehicle-thumbnail\">\n                        <a href=\"https:\/\/ford-sachsen.de\/html\/page\/fahrzeuge\/citroen-c5-aircross-shine-navi-digitales-cockpit-360-kam\/\" title=\"Citro\u00ebn C5 Aircross Shine Navi Digitales Cockpit 360 Kam\">\n                            <img loading=\"lazy\" decoding=\"async\" width=\"300\" height=\"225\" src=\"https:\/\/ford-sachsen.de\/html\/page\/wp-content\/uploads\/2026\/05\/4746608-69f546501d3c5ceee86b6-f556-4001-a2cd-f2143c510e2f-rule-mo-1600-300x225.jpg\" class=\"attachment-medium size-medium wp-post-image\" alt=\"\" srcset=\"https:\/\/ford-sachsen.de\/html\/page\/wp-content\/uploads\/2026\/05\/4746608-69f546501d3c5ceee86b6-f556-4001-a2cd-f2143c510e2f-rule-mo-1600-300x225.jpg 300w, https:\/\/ford-sachsen.de\/html\/page\/wp-content\/uploads\/2026\/05\/4746608-69f546501d3c5ceee86b6-f556-4001-a2cd-f2143c510e2f-rule-mo-1600-1024x768.jpg 1024w, https:\/\/ford-sachsen.de\/html\/page\/wp-content\/uploads\/2026\/05\/4746608-69f546501d3c5ceee86b6-f556-4001-a2cd-f2143c510e2f-rule-mo-1600-768x576.jpg 768w, https:\/\/ford-sachsen.de\/html\/page\/wp-content\/uploads\/2026\/05\/4746608-69f546501d3c5ceee86b6-f556-4001-a2cd-f2143c510e2f-rule-mo-1600.jpg 1440w\" sizes=\"(max-width: 300px) 100vw, 300px\" \/>                        <\/a>\n                    <\/div>\n                    <div class=\"vehicle-data\">\n                                                    <small>\n                                                                02.2020                                \u00b7\n                            <\/small>\n                                                                            <small>\n                                45.000 km\n                            <\/small>\n                                                                            <small>\n                                \u00b7\n                                132 kW\n                                                                (\n                                179 PS)\n                            <\/small>\n                                                                            <small>\n                                \u00b7\n                                Automatik                            <\/small>\n                                                                            <small>\n                                \u00b7\n                                Unfallfrei                            <\/small>\n                        \n                                                    <small>\n                                \u00b7\n                                Diesel                            <\/small>\n                                                                                                                            <small>\n                                \u00b7\n                                4\/5 T\u00fcren\n                            <\/small>\n                                                <ul class=\"vehicle-emission\">\n                                                                                     \n                                       \n  <!-- CO2-Emissionen\t-->\n                                        <!-- CO2-Emissionen\t-->\n                   \n \n \n\n\n                <\/ul>\n\n                    <\/div>\n\n                    <div class=\"vehicle-price\">\n                                                    <div itemprop=\"priceSpecification\" itemscope itemtype=\"http:\/\/schema.org\/UnitPriceSpecification\">\n                                <meta itemprop=\"priceCurrency\" content=\"EUR\">\n                                <meta itemprop=\"price\" content=\"21.490\">\n                                <strong>\n                                    21.490 \u20ac (Brutto)\n                                <\/strong><br><small>\n                                    MwSt. nicht ausweisbar                                <\/small>\n                            <\/div>\n                                                <br>\n                        <a href=\"https:\/\/ford-sachsen.de\/html\/page\/fahrzeuge\/citroen-c5-aircross-shine-navi-digitales-cockpit-360-kam\/\"\n                            class=\"vehicle-btn wp-block-button__link wp-element-button\">Details<\/a>\n                    <\/div>\n                <\/div> <!-- \/\/ vehicle-row -->\n               \n            <\/article>\n                        <article id=\"post-4746606\" class=\"vehicle\">\n                <hgroup>\n                    <a href=\"https:\/\/ford-sachsen.de\/html\/page\/fahrzeuge\/ford-tourneo-connect-titanium-led-acc-apple-carplay-a\/\">\n                        <h2 class=\"vehicle-title\">\n                            Ford Tourneo Connect Titanium LED ACC Apple CarPlay A                        <\/h2>\n\n                    <\/a>\n                <\/hgroup>\n                <span class=\"vehicle-addition\">\n                    <p>\n                        Van\/Minibus ,\n                        Neufahrzeug                    <\/p>\n                <\/span>\n                <div class=\"vehicle-row\">\n                    <div class=\"vehicle-thumbnail\">\n                        <a href=\"https:\/\/ford-sachsen.de\/html\/page\/fahrzeuge\/ford-tourneo-connect-titanium-led-acc-apple-carplay-a\/\" title=\"Ford Tourneo Connect Titanium LED ACC Apple CarPlay A\">\n                            <img loading=\"lazy\" decoding=\"async\" width=\"300\" height=\"225\" src=\"https:\/\/ford-sachsen.de\/html\/page\/wp-content\/uploads\/2026\/05\/4746606-69f5464e997c5d35d5fcc-973a-4a24-a7ca-fdfd41e735e7-rule-mo-1600-300x225.jpg\" class=\"attachment-medium size-medium wp-post-image\" alt=\"\" srcset=\"https:\/\/ford-sachsen.de\/html\/page\/wp-content\/uploads\/2026\/05\/4746606-69f5464e997c5d35d5fcc-973a-4a24-a7ca-fdfd41e735e7-rule-mo-1600-300x225.jpg 300w, https:\/\/ford-sachsen.de\/html\/page\/wp-content\/uploads\/2026\/05\/4746606-69f5464e997c5d35d5fcc-973a-4a24-a7ca-fdfd41e735e7-rule-mo-1600-1024x768.jpg 1024w, https:\/\/ford-sachsen.de\/html\/page\/wp-content\/uploads\/2026\/05\/4746606-69f5464e997c5d35d5fcc-973a-4a24-a7ca-fdfd41e735e7-rule-mo-1600-768x576.jpg 768w, https:\/\/ford-sachsen.de\/html\/page\/wp-content\/uploads\/2026\/05\/4746606-69f5464e997c5d35d5fcc-973a-4a24-a7ca-fdfd41e735e7-rule-mo-1600.jpg 1440w\" sizes=\"(max-width: 300px) 100vw, 300px\" \/>                        <\/a>\n                    <\/div>\n                    <div class=\"vehicle-data\">\n                                                                                                    <small>\n                                \u00b7\n                                90 kW\n                                                                (\n                                122 PS)\n                            <\/small>\n                                                                            <small>\n                                \u00b7\n                                Automatik                            <\/small>\n                                                                            <small>\n                                \u00b7\n                                Unfallfrei                            <\/small>\n                        \n                                                    <small>\n                                \u00b7\n                                Diesel                            <\/small>\n                                                                                                                            <small>\n                                \u00b7\n                                4\/5 T\u00fcren\n                            <\/small>\n                                                <ul class=\"vehicle-emission\">\n                                                 <span>Verbrauch komb.: \n                                    5.7                                 l\/100km<\/span><br>\n                                                                                \n                                       \n  <!-- CO2-Emissionen\t-->\n                                            <span>CO\u2082-Emissionen komb.: 150.0                                 g\/km<\/span><br>\n                                        <!-- CO2-Emissionen\t-->\n                   \n \n                         <span>CO\u2082-Klasse: \n                                    E                                <\/span><br>\n                    \n\n\n                <\/ul>\n\n                    <\/div>\n\n                    <div class=\"vehicle-price\">\n                                                    <div itemprop=\"priceSpecification\" itemscope itemtype=\"http:\/\/schema.org\/UnitPriceSpecification\">\n                                <meta itemprop=\"priceCurrency\" content=\"EUR\">\n                                <meta itemprop=\"price\" content=\"39.890\">\n                                <strong>\n                                    39.890 \u20ac (Brutto)\n                                <\/strong><br><small>\n                                    Inkl. 19% MwSt.                                <\/small>\n                            <\/div>\n                                                <br>\n                        <a href=\"https:\/\/ford-sachsen.de\/html\/page\/fahrzeuge\/ford-tourneo-connect-titanium-led-acc-apple-carplay-a\/\"\n                            class=\"vehicle-btn wp-block-button__link wp-element-button\">Details<\/a>\n                    <\/div>\n                <\/div> <!-- \/\/ vehicle-row -->\n               \n            <\/article>\n                        <article id=\"post-4746604\" class=\"vehicle\">\n                <hgroup>\n                    <a href=\"https:\/\/ford-sachsen.de\/html\/page\/fahrzeuge\/volkswagen-transporter-bus-caravelle-trendline-bluemotion-t\/\">\n                        <h2 class=\"vehicle-title\">\n                            Volkswagen Transporter Bus Caravelle Trendline BlueMotion T                        <\/h2>\n\n                    <\/a>\n                <\/hgroup>\n                <span class=\"vehicle-addition\">\n                    <p>\n                        Van\/Minibus ,\n                        Gebrauchtfahrzeug                    <\/p>\n                <\/span>\n                <div class=\"vehicle-row\">\n                    <div class=\"vehicle-thumbnail\">\n                        <a href=\"https:\/\/ford-sachsen.de\/html\/page\/fahrzeuge\/volkswagen-transporter-bus-caravelle-trendline-bluemotion-t\/\" title=\"Volkswagen Transporter Bus Caravelle Trendline BlueMotion T\">\n                            <img loading=\"lazy\" decoding=\"async\" width=\"300\" height=\"225\" src=\"https:\/\/ford-sachsen.de\/html\/page\/wp-content\/uploads\/2026\/05\/4746604-69f5464d2229dfa1054e5-f807-4ff0-97d1-0a40105e5edc-rule-mo-1600-300x225.jpg\" class=\"attachment-medium size-medium wp-post-image\" alt=\"\" srcset=\"https:\/\/ford-sachsen.de\/html\/page\/wp-content\/uploads\/2026\/05\/4746604-69f5464d2229dfa1054e5-f807-4ff0-97d1-0a40105e5edc-rule-mo-1600-300x225.jpg 300w, https:\/\/ford-sachsen.de\/html\/page\/wp-content\/uploads\/2026\/05\/4746604-69f5464d2229dfa1054e5-f807-4ff0-97d1-0a40105e5edc-rule-mo-1600-1024x768.jpg 1024w, https:\/\/ford-sachsen.de\/html\/page\/wp-content\/uploads\/2026\/05\/4746604-69f5464d2229dfa1054e5-f807-4ff0-97d1-0a40105e5edc-rule-mo-1600-768x576.jpg 768w, https:\/\/ford-sachsen.de\/html\/page\/wp-content\/uploads\/2026\/05\/4746604-69f5464d2229dfa1054e5-f807-4ff0-97d1-0a40105e5edc-rule-mo-1600.jpg 1440w\" sizes=\"(max-width: 300px) 100vw, 300px\" \/>                        <\/a>\n                    <\/div>\n                    <div class=\"vehicle-data\">\n                                                    <small>\n                                                                05.2018                                \u00b7\n                            <\/small>\n                                                                            <small>\n                                150.650 km\n                            <\/small>\n                                                                            <small>\n                                \u00b7\n                                75 kW\n                                                                (\n                                102 PS)\n                            <\/small>\n                                                                            <small>\n                                \u00b7\n                                Schaltgetriebe                            <\/small>\n                                                                            <small>\n                                \u00b7\n                                Unfallfrei                            <\/small>\n                        \n                                                    <small>\n                                \u00b7\n                                Diesel                            <\/small>\n                                                                                                                            <small>\n                                \u00b7\n                                4\/5 T\u00fcren\n                            <\/small>\n                                                <ul class=\"vehicle-emission\">\n                                                                                     \n                                       \n  <!-- CO2-Emissionen\t-->\n                                        <!-- CO2-Emissionen\t-->\n                   \n \n \n\n\n                <\/ul>\n\n                    <\/div>\n\n                    <div class=\"vehicle-price\">\n                                                    <div itemprop=\"priceSpecification\" itemscope itemtype=\"http:\/\/schema.org\/UnitPriceSpecification\">\n                                <meta itemprop=\"priceCurrency\" content=\"EUR\">\n                                <meta itemprop=\"price\" content=\"23.490\">\n                                <strong>\n                                    23.490 \u20ac (Brutto)\n                                <\/strong><br><small>\n                                    MwSt. nicht ausweisbar                                <\/small>\n                            <\/div>\n                                                <br>\n                        <a href=\"https:\/\/ford-sachsen.de\/html\/page\/fahrzeuge\/volkswagen-transporter-bus-caravelle-trendline-bluemotion-t\/\"\n                            class=\"vehicle-btn wp-block-button__link wp-element-button\">Details<\/a>\n                    <\/div>\n                <\/div> <!-- \/\/ vehicle-row -->\n               \n            <\/article>\n                        <article id=\"post-4746602\" class=\"vehicle\">\n                <hgroup>\n                    <a href=\"https:\/\/ford-sachsen.de\/html\/page\/fahrzeuge\/ford-kuga-phev-vignale-techno-fahrerassist-paket-hud\/\">\n                        <h2 class=\"vehicle-title\">\n                            Ford Kuga PHEV Vignale TECHNO.+FAHRERASSIST-PAKET HUD                        <\/h2>\n\n                    <\/a>\n                <\/hgroup>\n                <span class=\"vehicle-addition\">\n                    <p>\n                        SUV\/Gel\u00e4ndewagen\/Pickup ,\n                        Gebrauchtfahrzeug                    <\/p>\n                <\/span>\n                <div class=\"vehicle-row\">\n                    <div class=\"vehicle-thumbnail\">\n                        <a href=\"https:\/\/ford-sachsen.de\/html\/page\/fahrzeuge\/ford-kuga-phev-vignale-techno-fahrerassist-paket-hud\/\" title=\"Ford Kuga PHEV Vignale TECHNO.+FAHRERASSIST-PAKET HUD\">\n                            <img loading=\"lazy\" decoding=\"async\" width=\"300\" height=\"225\" src=\"https:\/\/ford-sachsen.de\/html\/page\/wp-content\/uploads\/2026\/05\/4746602-69f5464b91c53e8c4fc64-63d8-4f50-9f87-78f78bccb2ef-rule-mo-1600-300x225.jpg\" class=\"attachment-medium size-medium wp-post-image\" alt=\"\" srcset=\"https:\/\/ford-sachsen.de\/html\/page\/wp-content\/uploads\/2026\/05\/4746602-69f5464b91c53e8c4fc64-63d8-4f50-9f87-78f78bccb2ef-rule-mo-1600-300x225.jpg 300w, https:\/\/ford-sachsen.de\/html\/page\/wp-content\/uploads\/2026\/05\/4746602-69f5464b91c53e8c4fc64-63d8-4f50-9f87-78f78bccb2ef-rule-mo-1600-1024x768.jpg 1024w, https:\/\/ford-sachsen.de\/html\/page\/wp-content\/uploads\/2026\/05\/4746602-69f5464b91c53e8c4fc64-63d8-4f50-9f87-78f78bccb2ef-rule-mo-1600-768x576.jpg 768w, https:\/\/ford-sachsen.de\/html\/page\/wp-content\/uploads\/2026\/05\/4746602-69f5464b91c53e8c4fc64-63d8-4f50-9f87-78f78bccb2ef-rule-mo-1600.jpg 1440w\" sizes=\"(max-width: 300px) 100vw, 300px\" \/>                        <\/a>\n                    <\/div>\n                    <div class=\"vehicle-data\">\n                                                    <small>\n                                                                12.2022                                \u00b7\n                            <\/small>\n                                                                            <small>\n                                48.070 km\n                            <\/small>\n                                                                            <small>\n                                \u00b7\n                                165 kW\n                                                                (\n                                224 PS)\n                            <\/small>\n                                                                            <small>\n                                \u00b7\n                                Automatik                            <\/small>\n                                                                            <small>\n                                \u00b7\n                                Unfallfrei                            <\/small>\n                        \n                                                    <small>\n                                \u00b7\n                                Plug-in-Hybrid                            <\/small>\n                                                                                                                            <small>\n                                \u00b7\n                                4\/5 T\u00fcren\n                            <\/small>\n                                                <ul class=\"vehicle-emission\">\n                                                                                     \n                                       \n  <!-- CO2-Emissionen\t-->\n                                        <!-- CO2-Emissionen\t-->\n                   \n \n \n\n\n                <\/ul>\n\n                    <\/div>\n\n                    <div class=\"vehicle-price\">\n                                                    <div itemprop=\"priceSpecification\" itemscope itemtype=\"http:\/\/schema.org\/UnitPriceSpecification\">\n                                <meta itemprop=\"priceCurrency\" content=\"EUR\">\n                                <meta itemprop=\"price\" content=\"25.490\">\n                                <strong>\n                                    25.490 \u20ac (Brutto)\n                                <\/strong><br><small>\n                                    Inkl. 19% MwSt.                                <\/small>\n                            <\/div>\n                                                <br>\n                        <a href=\"https:\/\/ford-sachsen.de\/html\/page\/fahrzeuge\/ford-kuga-phev-vignale-techno-fahrerassist-paket-hud\/\"\n                            class=\"vehicle-btn wp-block-button__link wp-element-button\">Details<\/a>\n                    <\/div>\n                <\/div> <!-- \/\/ vehicle-row -->\n               \n            <\/article>\n                        <article id=\"post-4746600\" class=\"vehicle\">\n                <hgroup>\n                    <a href=\"https:\/\/ford-sachsen.de\/html\/page\/fahrzeuge\/ford-tourneo-connect-titanium-l2-7-sitzer-panodach-ah\/\">\n                        <h2 class=\"vehicle-title\">\n                            Ford Tourneo Connect Titanium L2 7-Sitzer PANODACH AH                        <\/h2>\n\n                    <\/a>\n                <\/hgroup>\n                <span class=\"vehicle-addition\">\n                    <p>\n                        Van\/Minibus ,\n                        Gebrauchtfahrzeug                    <\/p>\n                <\/span>\n                <div class=\"vehicle-row\">\n                    <div class=\"vehicle-thumbnail\">\n                        <a href=\"https:\/\/ford-sachsen.de\/html\/page\/fahrzeuge\/ford-tourneo-connect-titanium-l2-7-sitzer-panodach-ah\/\" title=\"Ford Tourneo Connect Titanium L2 7-Sitzer PANODACH AH\">\n                            <img loading=\"lazy\" decoding=\"async\" width=\"300\" height=\"225\" src=\"https:\/\/ford-sachsen.de\/html\/page\/wp-content\/uploads\/2026\/05\/4746600-69f5464a285b81721ea98-a780-45bc-8b9a-93fd581a833e-rule-mo-1600-300x225.jpg\" class=\"attachment-medium size-medium wp-post-image\" alt=\"\" srcset=\"https:\/\/ford-sachsen.de\/html\/page\/wp-content\/uploads\/2026\/05\/4746600-69f5464a285b81721ea98-a780-45bc-8b9a-93fd581a833e-rule-mo-1600-300x225.jpg 300w, https:\/\/ford-sachsen.de\/html\/page\/wp-content\/uploads\/2026\/05\/4746600-69f5464a285b81721ea98-a780-45bc-8b9a-93fd581a833e-rule-mo-1600-1024x768.jpg 1024w, https:\/\/ford-sachsen.de\/html\/page\/wp-content\/uploads\/2026\/05\/4746600-69f5464a285b81721ea98-a780-45bc-8b9a-93fd581a833e-rule-mo-1600-768x576.jpg 768w, https:\/\/ford-sachsen.de\/html\/page\/wp-content\/uploads\/2026\/05\/4746600-69f5464a285b81721ea98-a780-45bc-8b9a-93fd581a833e-rule-mo-1600.jpg 1440w\" sizes=\"(max-width: 300px) 100vw, 300px\" \/>                        <\/a>\n                    <\/div>\n                    <div class=\"vehicle-data\">\n                                                    <small>\n                                                                07.2019                                \u00b7\n                            <\/small>\n                                                                            <small>\n                                89.773 km\n                            <\/small>\n                                                                            <small>\n                                \u00b7\n                                88 kW\n                                                                (\n                                120 PS)\n                            <\/small>\n                                                                            <small>\n                                \u00b7\n                                Automatik                            <\/small>\n                                                                            <small>\n                                \u00b7\n                                Unfallfrei                            <\/small>\n                        \n                                                    <small>\n                                \u00b7\n                                Diesel                            <\/small>\n                                                                                                                            <small>\n                                \u00b7\n                                4\/5 T\u00fcren\n                            <\/small>\n                                                <ul class=\"vehicle-emission\">\n                                                                                     \n                                       \n  <!-- CO2-Emissionen\t-->\n                                        <!-- CO2-Emissionen\t-->\n                   \n \n \n\n\n                <\/ul>\n\n                    <\/div>\n\n                    <div class=\"vehicle-price\">\n                                                    <div itemprop=\"priceSpecification\" itemscope itemtype=\"http:\/\/schema.org\/UnitPriceSpecification\">\n                                <meta itemprop=\"priceCurrency\" content=\"EUR\">\n                                <meta itemprop=\"price\" content=\"20.990\">\n                                <strong>\n                                    20.990 \u20ac (Brutto)\n                                <\/strong><br><small>\n                                    MwSt. nicht ausweisbar                                <\/small>\n                            <\/div>\n                                                <br>\n                        <a href=\"https:\/\/ford-sachsen.de\/html\/page\/fahrzeuge\/ford-tourneo-connect-titanium-l2-7-sitzer-panodach-ah\/\"\n                            class=\"vehicle-btn wp-block-button__link wp-element-button\">Details<\/a>\n                    <\/div>\n                <\/div> <!-- \/\/ vehicle-row -->\n               \n            <\/article>\n                        <article id=\"post-4746598\" class=\"vehicle\">\n                <hgroup>\n                    <a href=\"https:\/\/ford-sachsen.de\/html\/page\/fahrzeuge\/ford-edge-4x4-sport-ahk-abnehmbar-navi-soundsystem-le\/\">\n                        <h2 class=\"vehicle-title\">\n                            Ford Edge 4&#215;4 Sport AHK-abnehmbar Navi Soundsystem LE                        <\/h2>\n\n                    <\/a>\n                <\/hgroup>\n                <span class=\"vehicle-addition\">\n                    <p>\n                        SUV\/Gel\u00e4ndewagen\/Pickup ,\n                        Gebrauchtfahrzeug                    <\/p>\n                <\/span>\n                <div class=\"vehicle-row\">\n                    <div class=\"vehicle-thumbnail\">\n                        <a href=\"https:\/\/ford-sachsen.de\/html\/page\/fahrzeuge\/ford-edge-4x4-sport-ahk-abnehmbar-navi-soundsystem-le\/\" title=\"Ford Edge 4&#215;4 Sport AHK-abnehmbar Navi Soundsystem LE\">\n                            <img loading=\"lazy\" decoding=\"async\" width=\"300\" height=\"225\" src=\"https:\/\/ford-sachsen.de\/html\/page\/wp-content\/uploads\/2026\/05\/4746598-69f54648a6f9935ed7e43-ddb9-4758-a77d-dae0327c9bbd-rule-mo-1600-300x225.jpg\" class=\"attachment-medium size-medium wp-post-image\" alt=\"\" srcset=\"https:\/\/ford-sachsen.de\/html\/page\/wp-content\/uploads\/2026\/05\/4746598-69f54648a6f9935ed7e43-ddb9-4758-a77d-dae0327c9bbd-rule-mo-1600-300x225.jpg 300w, https:\/\/ford-sachsen.de\/html\/page\/wp-content\/uploads\/2026\/05\/4746598-69f54648a6f9935ed7e43-ddb9-4758-a77d-dae0327c9bbd-rule-mo-1600-1024x768.jpg 1024w, https:\/\/ford-sachsen.de\/html\/page\/wp-content\/uploads\/2026\/05\/4746598-69f54648a6f9935ed7e43-ddb9-4758-a77d-dae0327c9bbd-rule-mo-1600-768x576.jpg 768w, https:\/\/ford-sachsen.de\/html\/page\/wp-content\/uploads\/2026\/05\/4746598-69f54648a6f9935ed7e43-ddb9-4758-a77d-dae0327c9bbd-rule-mo-1600.jpg 1440w\" sizes=\"(max-width: 300px) 100vw, 300px\" \/>                        <\/a>\n                    <\/div>\n                    <div class=\"vehicle-data\">\n                                                    <small>\n                                                                12.2016                                \u00b7\n                            <\/small>\n                                                                            <small>\n                                102.000 km\n                            <\/small>\n                                                                            <small>\n                                \u00b7\n                                154 kW\n                                                                (\n                                209 PS)\n                            <\/small>\n                                                                            <small>\n                                \u00b7\n                                Automatik                            <\/small>\n                                                                            <small>\n                                \u00b7\n                                Unfallfrei                            <\/small>\n                        \n                                                    <small>\n                                \u00b7\n                                Diesel                            <\/small>\n                                                                                                                            <small>\n                                \u00b7\n                                4\/5 T\u00fcren\n                            <\/small>\n                                                <ul class=\"vehicle-emission\">\n                                                                                     \n                                       \n  <!-- CO2-Emissionen\t-->\n                                        <!-- CO2-Emissionen\t-->\n                   \n \n \n\n\n                <\/ul>\n\n                    <\/div>\n\n                    <div class=\"vehicle-price\">\n                                                    <div itemprop=\"priceSpecification\" itemscope itemtype=\"http:\/\/schema.org\/UnitPriceSpecification\">\n                                <meta itemprop=\"priceCurrency\" content=\"EUR\">\n                                <meta itemprop=\"price\" content=\"19.930\">\n                                <strong>\n                                    19.930 \u20ac (Brutto)\n                                <\/strong><br><small>\n                                    MwSt. nicht ausweisbar                                <\/small>\n                            <\/div>\n                                                <br>\n                        <a href=\"https:\/\/ford-sachsen.de\/html\/page\/fahrzeuge\/ford-edge-4x4-sport-ahk-abnehmbar-navi-soundsystem-le\/\"\n                            class=\"vehicle-btn wp-block-button__link wp-element-button\">Details<\/a>\n                    <\/div>\n                <\/div> <!-- \/\/ vehicle-row -->\n               \n            <\/article>\n                        <article id=\"post-4746596\" class=\"vehicle\">\n                <hgroup>\n                    <a href=\"https:\/\/ford-sachsen.de\/html\/page\/fahrzeuge\/mitsubishi-space-star-select-dab-notbremsass-tel-vorb-be\/\">\n                        <h2 class=\"vehicle-title\">\n                            Mitsubishi Space Star Select DAB Notbremsass. Tel.-Vorb. Be                        <\/h2>\n\n                    <\/a>\n                <\/hgroup>\n                <span class=\"vehicle-addition\">\n                    <p>\n                        Limousine ,\n                        Gebrauchtfahrzeug                    <\/p>\n                <\/span>\n                <div class=\"vehicle-row\">\n                    <div class=\"vehicle-thumbnail\">\n                        <a href=\"https:\/\/ford-sachsen.de\/html\/page\/fahrzeuge\/mitsubishi-space-star-select-dab-notbremsass-tel-vorb-be\/\" title=\"Mitsubishi Space Star Select DAB Notbremsass. Tel.-Vorb. Be\">\n                            <img loading=\"lazy\" decoding=\"async\" width=\"300\" height=\"225\" src=\"https:\/\/ford-sachsen.de\/html\/page\/wp-content\/uploads\/2026\/05\/4746596-69f546473d92b0c7f3e7b-3090-4120-8b7b-b0c7f0506ee1-rule-mo-1600-300x225.jpg\" class=\"attachment-medium size-medium wp-post-image\" alt=\"\" srcset=\"https:\/\/ford-sachsen.de\/html\/page\/wp-content\/uploads\/2026\/05\/4746596-69f546473d92b0c7f3e7b-3090-4120-8b7b-b0c7f0506ee1-rule-mo-1600-300x225.jpg 300w, https:\/\/ford-sachsen.de\/html\/page\/wp-content\/uploads\/2026\/05\/4746596-69f546473d92b0c7f3e7b-3090-4120-8b7b-b0c7f0506ee1-rule-mo-1600-1024x768.jpg 1024w, https:\/\/ford-sachsen.de\/html\/page\/wp-content\/uploads\/2026\/05\/4746596-69f546473d92b0c7f3e7b-3090-4120-8b7b-b0c7f0506ee1-rule-mo-1600-768x576.jpg 768w, https:\/\/ford-sachsen.de\/html\/page\/wp-content\/uploads\/2026\/05\/4746596-69f546473d92b0c7f3e7b-3090-4120-8b7b-b0c7f0506ee1-rule-mo-1600.jpg 1440w\" sizes=\"(max-width: 300px) 100vw, 300px\" \/>                        <\/a>\n                    <\/div>\n                    <div class=\"vehicle-data\">\n                                                    <small>\n                                                                10.2023                                \u00b7\n                            <\/small>\n                                                                            <small>\n                                15.000 km\n                            <\/small>\n                                                                            <small>\n                                \u00b7\n                                52 kW\n                                                                (\n                                71 PS)\n                            <\/small>\n                                                                            <small>\n                                \u00b7\n                                Schaltgetriebe                            <\/small>\n                                                                            <small>\n                                \u00b7\n                                Unfallfrei                            <\/small>\n                        \n                                                    <small>\n                                \u00b7\n                                Benzin                            <\/small>\n                                                                                                                            <small>\n                                \u00b7\n                                4\/5 T\u00fcren\n                            <\/small>\n                                                <ul class=\"vehicle-emission\">\n                                                 <span>Verbrauch komb.: \n                                    5.0                                 l\/100km<\/span><br>\n                                                                                \n                                       \n  <!-- CO2-Emissionen\t-->\n                                            <span>CO\u2082-Emissionen komb.: 113.0                                 g\/km<\/span><br>\n                                        <!-- CO2-Emissionen\t-->\n                   \n \n                         <span>CO\u2082-Klasse: \n                                    C                                <\/span><br>\n                    \n\n\n                <\/ul>\n\n                    <\/div>\n\n                    <div class=\"vehicle-price\">\n                                                    <div itemprop=\"priceSpecification\" itemscope itemtype=\"http:\/\/schema.org\/UnitPriceSpecification\">\n                                <meta itemprop=\"priceCurrency\" content=\"EUR\">\n                                <meta itemprop=\"price\" content=\"12.450\">\n                                <strong>\n                                    12.450 \u20ac (Brutto)\n                                <\/strong><br><small>\n                                    Inkl. 19% MwSt.                                <\/small>\n                            <\/div>\n                                                <br>\n                        <a href=\"https:\/\/ford-sachsen.de\/html\/page\/fahrzeuge\/mitsubishi-space-star-select-dab-notbremsass-tel-vorb-be\/\"\n                            class=\"vehicle-btn wp-block-button__link wp-element-button\">Details<\/a>\n                    <\/div>\n                <\/div> <!-- \/\/ vehicle-row -->\n               \n            <\/article>\n                        <article id=\"post-4746594\" class=\"vehicle\">\n                <hgroup>\n                    <a href=\"https:\/\/ford-sachsen.de\/html\/page\/fahrzeuge\/ford-mondeo-turnier-titanium-lednavidachvollaussta\/\">\n                        <h2 class=\"vehicle-title\">\n                            Ford Mondeo Turnier Titanium LED+NAVI+DACH+VOLLAUSSTA                        <\/h2>\n\n                    <\/a>\n                <\/hgroup>\n                <span class=\"vehicle-addition\">\n                    <p>\n                        Kombi ,\n                        Gebrauchtfahrzeug                    <\/p>\n                <\/span>\n                <div class=\"vehicle-row\">\n                    <div class=\"vehicle-thumbnail\">\n                        <a href=\"https:\/\/ford-sachsen.de\/html\/page\/fahrzeuge\/ford-mondeo-turnier-titanium-lednavidachvollaussta\/\" title=\"Ford Mondeo Turnier Titanium LED+NAVI+DACH+VOLLAUSSTA\">\n                            <img loading=\"lazy\" decoding=\"async\" width=\"300\" height=\"225\" src=\"https:\/\/ford-sachsen.de\/html\/page\/wp-content\/uploads\/2026\/05\/4746594-69f54645b368aab3f5239-bc73-4b81-adff-8730185c5842-rule-mo-1600-300x225.jpg\" class=\"attachment-medium size-medium wp-post-image\" alt=\"\" srcset=\"https:\/\/ford-sachsen.de\/html\/page\/wp-content\/uploads\/2026\/05\/4746594-69f54645b368aab3f5239-bc73-4b81-adff-8730185c5842-rule-mo-1600-300x225.jpg 300w, https:\/\/ford-sachsen.de\/html\/page\/wp-content\/uploads\/2026\/05\/4746594-69f54645b368aab3f5239-bc73-4b81-adff-8730185c5842-rule-mo-1600-1024x768.jpg 1024w, https:\/\/ford-sachsen.de\/html\/page\/wp-content\/uploads\/2026\/05\/4746594-69f54645b368aab3f5239-bc73-4b81-adff-8730185c5842-rule-mo-1600-768x576.jpg 768w, https:\/\/ford-sachsen.de\/html\/page\/wp-content\/uploads\/2026\/05\/4746594-69f54645b368aab3f5239-bc73-4b81-adff-8730185c5842-rule-mo-1600.jpg 1440w\" sizes=\"(max-width: 300px) 100vw, 300px\" \/>                        <\/a>\n                    <\/div>\n                    <div class=\"vehicle-data\">\n                                                    <small>\n                                                                04.2015                                \u00b7\n                            <\/small>\n                                                                            <small>\n                                115.898 km\n                            <\/small>\n                                                                            <small>\n                                \u00b7\n                                176 kW\n                                                                (\n                                239 PS)\n                            <\/small>\n                                                                            <small>\n                                \u00b7\n                                Automatik                            <\/small>\n                                                                            <small>\n                                \u00b7\n                                Unfallfrei                            <\/small>\n                        \n                                                    <small>\n                                \u00b7\n                                Benzin                            <\/small>\n                                                                                                                            <small>\n                                \u00b7\n                                4\/5 T\u00fcren\n                            <\/small>\n                                                <ul class=\"vehicle-emission\">\n                                                                                     \n                                       \n  <!-- CO2-Emissionen\t-->\n                                        <!-- CO2-Emissionen\t-->\n                   \n \n \n\n\n                <\/ul>\n\n                    <\/div>\n\n                    <div class=\"vehicle-price\">\n                                                    <div itemprop=\"priceSpecification\" itemscope itemtype=\"http:\/\/schema.org\/UnitPriceSpecification\">\n                                <meta itemprop=\"priceCurrency\" content=\"EUR\">\n                                <meta itemprop=\"price\" content=\"13.990\">\n                                <strong>\n                                    13.990 \u20ac (Brutto)\n                                <\/strong><br><small>\n                                    MwSt. nicht ausweisbar                                <\/small>\n                            <\/div>\n                                                <br>\n                        <a href=\"https:\/\/ford-sachsen.de\/html\/page\/fahrzeuge\/ford-mondeo-turnier-titanium-lednavidachvollaussta\/\"\n                            class=\"vehicle-btn wp-block-button__link wp-element-button\">Details<\/a>\n                    <\/div>\n                <\/div> <!-- \/\/ vehicle-row -->\n               \n            <\/article>\n                        <article id=\"post-4746588\" class=\"vehicle\">\n                <hgroup>\n                    <a href=\"https:\/\/ford-sachsen.de\/html\/page\/fahrzeuge\/ford-ranger-doka-tremor-laderaumwanne-gesprueht-ahk-na\/\">\n                        <h2 class=\"vehicle-title\">\n                            Ford Ranger DoKa Tremor LADERAUMWANNE GESPR\u00dcHT AHK Na                        <\/h2>\n\n                    <\/a>\n                <\/hgroup>\n                <span class=\"vehicle-addition\">\n                    <p>\n                        SUV\/Gel\u00e4ndewagen\/Pickup ,\n                        Gebrauchtfahrzeug                    <\/p>\n                <\/span>\n                <div class=\"vehicle-row\">\n                    <div class=\"vehicle-thumbnail\">\n                        <a href=\"https:\/\/ford-sachsen.de\/html\/page\/fahrzeuge\/ford-ranger-doka-tremor-laderaumwanne-gesprueht-ahk-na\/\" title=\"Ford Ranger DoKa Tremor LADERAUMWANNE GESPR\u00dcHT AHK Na\">\n                            <img loading=\"lazy\" decoding=\"async\" width=\"300\" height=\"225\" src=\"https:\/\/ford-sachsen.de\/html\/page\/wp-content\/uploads\/2026\/05\/4746588-69f5435b28b46a61a5dc6-55f6-4a0d-99e4-6b7d19267c8b-rule-mo-1600-300x225.jpg\" class=\"attachment-medium size-medium wp-post-image\" alt=\"\" srcset=\"https:\/\/ford-sachsen.de\/html\/page\/wp-content\/uploads\/2026\/05\/4746588-69f5435b28b46a61a5dc6-55f6-4a0d-99e4-6b7d19267c8b-rule-mo-1600-300x225.jpg 300w, https:\/\/ford-sachsen.de\/html\/page\/wp-content\/uploads\/2026\/05\/4746588-69f5435b28b46a61a5dc6-55f6-4a0d-99e4-6b7d19267c8b-rule-mo-1600-1024x768.jpg 1024w, https:\/\/ford-sachsen.de\/html\/page\/wp-content\/uploads\/2026\/05\/4746588-69f5435b28b46a61a5dc6-55f6-4a0d-99e4-6b7d19267c8b-rule-mo-1600-768x576.jpg 768w, https:\/\/ford-sachsen.de\/html\/page\/wp-content\/uploads\/2026\/05\/4746588-69f5435b28b46a61a5dc6-55f6-4a0d-99e4-6b7d19267c8b-rule-mo-1600.jpg 1440w\" sizes=\"(max-width: 300px) 100vw, 300px\" \/>                        <\/a>\n                    <\/div>\n                    <div class=\"vehicle-data\">\n                                                    <small>\n                                                                03.2026                                \u00b7\n                            <\/small>\n                                                                            <small>\n                                25 km\n                            <\/small>\n                                                                            <small>\n                                \u00b7\n                                151 kW\n                                                                (\n                                205 PS)\n                            <\/small>\n                                                                            <small>\n                                \u00b7\n                                Automatik                            <\/small>\n                                                                            <small>\n                                \u00b7\n                                Unfallfrei                            <\/small>\n                        \n                                                    <small>\n                                \u00b7\n                                Diesel                            <\/small>\n                                                                                                                            <small>\n                                \u00b7\n                                4\/5 T\u00fcren\n                            <\/small>\n                                                <ul class=\"vehicle-emission\">\n                                                 <span>Verbrauch komb.: \n                                    10.3                                 l\/100km<\/span><br>\n                                                                                \n                                       \n  <!-- CO2-Emissionen\t-->\n                                            <span>CO\u2082-Emissionen komb.: 270.0                                 g\/km<\/span><br>\n                                        <!-- CO2-Emissionen\t-->\n                   \n \n                         <span>CO\u2082-Klasse: \n                                    G                                <\/span><br>\n                    \n\n\n                <\/ul>\n\n                    <\/div>\n\n                    <div class=\"vehicle-price\">\n                                                    <div itemprop=\"priceSpecification\" itemscope itemtype=\"http:\/\/schema.org\/UnitPriceSpecification\">\n                                <meta itemprop=\"priceCurrency\" content=\"EUR\">\n                                <meta itemprop=\"price\" content=\"47.890\">\n                                <strong>\n                                    47.890 \u20ac (Brutto)\n                                <\/strong><br><small>\n                                    Inkl. 19% MwSt.                                <\/small>\n                            <\/div>\n                                                <br>\n                        <a href=\"https:\/\/ford-sachsen.de\/html\/page\/fahrzeuge\/ford-ranger-doka-tremor-laderaumwanne-gesprueht-ahk-na\/\"\n                            class=\"vehicle-btn wp-block-button__link wp-element-button\">Details<\/a>\n                    <\/div>\n                <\/div> <!-- \/\/ vehicle-row -->\n               \n            <\/article>\n                        <article id=\"post-4746586\" class=\"vehicle\">\n                <hgroup>\n                    <a href=\"https:\/\/ford-sachsen.de\/html\/page\/fahrzeuge\/mitsubishi-outlander-plug-in-hybrid-intro-edition-led-kamer\/\">\n                        <h2 class=\"vehicle-title\">\n                            Mitsubishi Outlander Plug-In Hybrid Intro Edition LED Kamer                        <\/h2>\n\n                    <\/a>\n                <\/hgroup>\n                <span class=\"vehicle-addition\">\n                    <p>\n                        SUV\/Gel\u00e4ndewagen\/Pickup ,\n                        Gebrauchtfahrzeug                    <\/p>\n                <\/span>\n                <div class=\"vehicle-row\">\n                    <div class=\"vehicle-thumbnail\">\n                        <a href=\"https:\/\/ford-sachsen.de\/html\/page\/fahrzeuge\/mitsubishi-outlander-plug-in-hybrid-intro-edition-led-kamer\/\" title=\"Mitsubishi Outlander Plug-In Hybrid Intro Edition LED Kamer\">\n                            <img loading=\"lazy\" decoding=\"async\" width=\"300\" height=\"225\" src=\"https:\/\/ford-sachsen.de\/html\/page\/wp-content\/uploads\/2026\/05\/4746586-69f54359160c25d226c41-27b4-41a7-ac63-87faf1f15daf-rule-mo-1600-300x225.jpg\" class=\"attachment-medium size-medium wp-post-image\" alt=\"\" srcset=\"https:\/\/ford-sachsen.de\/html\/page\/wp-content\/uploads\/2026\/05\/4746586-69f54359160c25d226c41-27b4-41a7-ac63-87faf1f15daf-rule-mo-1600-300x225.jpg 300w, https:\/\/ford-sachsen.de\/html\/page\/wp-content\/uploads\/2026\/05\/4746586-69f54359160c25d226c41-27b4-41a7-ac63-87faf1f15daf-rule-mo-1600-1024x768.jpg 1024w, https:\/\/ford-sachsen.de\/html\/page\/wp-content\/uploads\/2026\/05\/4746586-69f54359160c25d226c41-27b4-41a7-ac63-87faf1f15daf-rule-mo-1600-768x576.jpg 768w, https:\/\/ford-sachsen.de\/html\/page\/wp-content\/uploads\/2026\/05\/4746586-69f54359160c25d226c41-27b4-41a7-ac63-87faf1f15daf-rule-mo-1600.jpg 1440w\" sizes=\"(max-width: 300px) 100vw, 300px\" \/>                        <\/a>\n                    <\/div>\n                    <div class=\"vehicle-data\">\n                                                    <small>\n                                                                03.2026                                \u00b7\n                            <\/small>\n                                                                            <small>\n                                2.650 km\n                            <\/small>\n                                                                            <small>\n                                \u00b7\n                                225 kW\n                                                                (\n                                306 PS)\n                            <\/small>\n                                                                            <small>\n                                \u00b7\n                                Automatik                            <\/small>\n                                                                            <small>\n                                \u00b7\n                                Unfallfrei                            <\/small>\n                        \n                                                    <small>\n                                \u00b7\n                                Plug-in-Hybrid                            <\/small>\n                                                                                                                            <small>\n                                \u00b7\n                                4\/5 T\u00fcren\n                            <\/small>\n                                                <ul class=\"vehicle-emission\">\n                                                <span>Kraftstoffverbrauch gewichtet, kombiniert: \n                                    0.8                                 l\/100km<\/span><br>\n                                             <span>Verbrauch komb.: \n                                    7.3                                 l\/100km<\/span><br>\n                                                                <span>Stromverbrauch gewichtet, kombiniert: \n                                    23.5                                 kWh\/100km<\/span><br>\n                                                            \n                                       \n  <!-- CO2-Emissionen\t-->\n                                            <span>CO\u2082-Emissionen komb.: 19.0                                 g\/km<\/span><br>\n                                        <!-- CO2-Emissionen\t-->\n                   \n \n                         <span>CO\u2082-Klasse: \n                                    B                                <\/span><br>\n                    \n\n\n                <\/ul>\n\n                    <\/div>\n\n                    <div class=\"vehicle-price\">\n                                                    <div itemprop=\"priceSpecification\" itemscope itemtype=\"http:\/\/schema.org\/UnitPriceSpecification\">\n                                <meta itemprop=\"priceCurrency\" content=\"EUR\">\n                                <meta itemprop=\"price\" content=\"49.950\">\n                                <strong>\n                                    49.950 \u20ac (Brutto)\n                                <\/strong><br><small>\n                                    Inkl. 19% MwSt.                                <\/small>\n                            <\/div>\n                                                <br>\n                        <a href=\"https:\/\/ford-sachsen.de\/html\/page\/fahrzeuge\/mitsubishi-outlander-plug-in-hybrid-intro-edition-led-kamer\/\"\n                            class=\"vehicle-btn wp-block-button__link wp-element-button\">Details<\/a>\n                    <\/div>\n                <\/div> <!-- \/\/ vehicle-row -->\n               \n            <\/article>\n                        <article id=\"post-4746584\" class=\"vehicle\">\n                <hgroup>\n                    <a href=\"https:\/\/ford-sachsen.de\/html\/page\/fahrzeuge\/ford-focus-turnier-titanium-navi-soundsystem-b-o-le\/\">\n                        <h2 class=\"vehicle-title\">\n                            Ford Focus Turnier Titanium Navi Soundsystem B &amp; O LE                        <\/h2>\n\n                    <\/a>\n                <\/hgroup>\n                <span class=\"vehicle-addition\">\n                    <p>\n                        Kombi ,\n                        Gebrauchtfahrzeug                    <\/p>\n                <\/span>\n                <div class=\"vehicle-row\">\n                    <div class=\"vehicle-thumbnail\">\n                        <a href=\"https:\/\/ford-sachsen.de\/html\/page\/fahrzeuge\/ford-focus-turnier-titanium-navi-soundsystem-b-o-le\/\" title=\"Ford Focus Turnier Titanium Navi Soundsystem B &amp; O LE\">\n                            <img loading=\"lazy\" decoding=\"async\" width=\"300\" height=\"225\" src=\"https:\/\/ford-sachsen.de\/html\/page\/wp-content\/uploads\/2026\/05\/4746584-69f543573712b15c12ceb-54e4-4eea-8db1-cbb80a052d08-rule-mo-1600-300x225.jpg\" class=\"attachment-medium size-medium wp-post-image\" alt=\"\" srcset=\"https:\/\/ford-sachsen.de\/html\/page\/wp-content\/uploads\/2026\/05\/4746584-69f543573712b15c12ceb-54e4-4eea-8db1-cbb80a052d08-rule-mo-1600-300x225.jpg 300w, https:\/\/ford-sachsen.de\/html\/page\/wp-content\/uploads\/2026\/05\/4746584-69f543573712b15c12ceb-54e4-4eea-8db1-cbb80a052d08-rule-mo-1600-1024x768.jpg 1024w, https:\/\/ford-sachsen.de\/html\/page\/wp-content\/uploads\/2026\/05\/4746584-69f543573712b15c12ceb-54e4-4eea-8db1-cbb80a052d08-rule-mo-1600-768x576.jpg 768w, https:\/\/ford-sachsen.de\/html\/page\/wp-content\/uploads\/2026\/05\/4746584-69f543573712b15c12ceb-54e4-4eea-8db1-cbb80a052d08-rule-mo-1600.jpg 1440w\" sizes=\"(max-width: 300px) 100vw, 300px\" \/>                        <\/a>\n                    <\/div>\n                    <div class=\"vehicle-data\">\n                                                    <small>\n                                                                12.2018                                \u00b7\n                            <\/small>\n                                                                            <small>\n                                80.939 km\n                            <\/small>\n                                                                            <small>\n                                \u00b7\n                                92 kW\n                                                                (\n                                125 PS)\n                            <\/small>\n                                                                            <small>\n                                \u00b7\n                                Schaltgetriebe                            <\/small>\n                                                                            <small>\n                                \u00b7\n                                Unfallfrei                            <\/small>\n                        \n                                                    <small>\n                                \u00b7\n                                Benzin                            <\/small>\n                                                                                                                            <small>\n                                \u00b7\n                                4\/5 T\u00fcren\n                            <\/small>\n                                                <ul class=\"vehicle-emission\">\n                                                                                     \n                                       \n  <!-- CO2-Emissionen\t-->\n                                        <!-- CO2-Emissionen\t-->\n                   \n \n \n\n\n                <\/ul>\n\n                    <\/div>\n\n                    <div class=\"vehicle-price\">\n                                                    <div itemprop=\"priceSpecification\" itemscope itemtype=\"http:\/\/schema.org\/UnitPriceSpecification\">\n                                <meta itemprop=\"priceCurrency\" content=\"EUR\">\n                                <meta itemprop=\"price\" content=\"13.990\">\n                                <strong>\n                                    13.990 \u20ac (Brutto)\n                                <\/strong><br><small>\n                                    MwSt. nicht ausweisbar                                <\/small>\n                            <\/div>\n                                                <br>\n                        <a href=\"https:\/\/ford-sachsen.de\/html\/page\/fahrzeuge\/ford-focus-turnier-titanium-navi-soundsystem-b-o-le\/\"\n                            class=\"vehicle-btn wp-block-button__link wp-element-button\">Details<\/a>\n                    <\/div>\n                <\/div> <!-- \/\/ vehicle-row -->\n               \n            <\/article>\n                        <article id=\"post-4746582\" class=\"vehicle\">\n                <hgroup>\n                    <a href=\"https:\/\/ford-sachsen.de\/html\/page\/fahrzeuge\/mitsubishi-asx-diamant-12-t-digitales-cockpit-led-apple-ca\/\">\n                        <h2 class=\"vehicle-title\">\n                            Mitsubishi ASX Diamant 1,2 T Digitales Cockpit LED Apple Ca                        <\/h2>\n\n                    <\/a>\n                <\/hgroup>\n                <span class=\"vehicle-addition\">\n                    <p>\n                        SUV\/Gel\u00e4ndewagen\/Pickup ,\n                        Gebrauchtfahrzeug                    <\/p>\n                <\/span>\n                <div class=\"vehicle-row\">\n                    <div class=\"vehicle-thumbnail\">\n                        <a href=\"https:\/\/ford-sachsen.de\/html\/page\/fahrzeuge\/mitsubishi-asx-diamant-12-t-digitales-cockpit-led-apple-ca\/\" title=\"Mitsubishi ASX Diamant 1,2 T Digitales Cockpit LED Apple Ca\">\n                            <img loading=\"lazy\" decoding=\"async\" width=\"300\" height=\"225\" src=\"https:\/\/ford-sachsen.de\/html\/page\/wp-content\/uploads\/2026\/05\/4746582-69f543556f6e9cd13e032-d3bb-4048-ad27-f0d9edbb54db-rule-mo-1600-300x225.jpg\" class=\"attachment-medium size-medium wp-post-image\" alt=\"\" srcset=\"https:\/\/ford-sachsen.de\/html\/page\/wp-content\/uploads\/2026\/05\/4746582-69f543556f6e9cd13e032-d3bb-4048-ad27-f0d9edbb54db-rule-mo-1600-300x225.jpg 300w, https:\/\/ford-sachsen.de\/html\/page\/wp-content\/uploads\/2026\/05\/4746582-69f543556f6e9cd13e032-d3bb-4048-ad27-f0d9edbb54db-rule-mo-1600-1024x768.jpg 1024w, https:\/\/ford-sachsen.de\/html\/page\/wp-content\/uploads\/2026\/05\/4746582-69f543556f6e9cd13e032-d3bb-4048-ad27-f0d9edbb54db-rule-mo-1600-768x576.jpg 768w, https:\/\/ford-sachsen.de\/html\/page\/wp-content\/uploads\/2026\/05\/4746582-69f543556f6e9cd13e032-d3bb-4048-ad27-f0d9edbb54db-rule-mo-1600.jpg 1440w\" sizes=\"(max-width: 300px) 100vw, 300px\" \/>                        <\/a>\n                    <\/div>\n                    <div class=\"vehicle-data\">\n                                                    <small>\n                                                                03.2026                                \u00b7\n                            <\/small>\n                                                                            <small>\n                                2.650 km\n                            <\/small>\n                                                                            <small>\n                                \u00b7\n                                84 kW\n                                                                (\n                                114 PS)\n                            <\/small>\n                                                                            <small>\n                                \u00b7\n                                Schaltgetriebe                            <\/small>\n                                                                            <small>\n                                \u00b7\n                                Unfallfrei                            <\/small>\n                        \n                                                    <small>\n                                \u00b7\n                                Benzin                            <\/small>\n                                                                                                                            <small>\n                                \u00b7\n                                4\/5 T\u00fcren\n                            <\/small>\n                                                <ul class=\"vehicle-emission\">\n                                                 <span>Verbrauch komb.: \n                                    5.7                                 l\/100km<\/span><br>\n                                                                                \n                                       \n  <!-- CO2-Emissionen\t-->\n                                            <span>CO\u2082-Emissionen komb.: 129.0                                 g\/km<\/span><br>\n                                        <!-- CO2-Emissionen\t-->\n                   \n \n                         <span>CO\u2082-Klasse: \n                                    D                                <\/span><br>\n                    \n\n\n                <\/ul>\n\n                    <\/div>\n\n                    <div class=\"vehicle-price\">\n                                                    <div itemprop=\"priceSpecification\" itemscope itemtype=\"http:\/\/schema.org\/UnitPriceSpecification\">\n                                <meta itemprop=\"priceCurrency\" content=\"EUR\">\n                                <meta itemprop=\"price\" content=\"22.950\">\n                                <strong>\n                                    22.950 \u20ac (Brutto)\n                                <\/strong><br><small>\n                                    Inkl. 19% MwSt.                                <\/small>\n                            <\/div>\n                                                <br>\n                        <a href=\"https:\/\/ford-sachsen.de\/html\/page\/fahrzeuge\/mitsubishi-asx-diamant-12-t-digitales-cockpit-led-apple-ca\/\"\n                            class=\"vehicle-btn wp-block-button__link wp-element-button\">Details<\/a>\n                    <\/div>\n                <\/div> <!-- \/\/ vehicle-row -->\n               \n            <\/article>\n                        <article id=\"post-4746580\" class=\"vehicle\">\n                <hgroup>\n                    <a href=\"https:\/\/ford-sachsen.de\/html\/page\/fahrzeuge\/mitsubishi-asx-top-hybrid-top-navi-leder-soundsystem-bose-l\/\">\n                        <h2 class=\"vehicle-title\">\n                            Mitsubishi ASX Top Hybrid TOP Navi Leder Soundsystem Bose L                        <\/h2>\n\n                    <\/a>\n                <\/hgroup>\n                <span class=\"vehicle-addition\">\n                    <p>\n                        SUV\/Gel\u00e4ndewagen\/Pickup ,\n                        Gebrauchtfahrzeug                    <\/p>\n                <\/span>\n                <div class=\"vehicle-row\">\n                    <div class=\"vehicle-thumbnail\">\n                        <a href=\"https:\/\/ford-sachsen.de\/html\/page\/fahrzeuge\/mitsubishi-asx-top-hybrid-top-navi-leder-soundsystem-bose-l\/\" title=\"Mitsubishi ASX Top Hybrid TOP Navi Leder Soundsystem Bose L\">\n                            <img loading=\"lazy\" decoding=\"async\" width=\"300\" height=\"225\" src=\"https:\/\/ford-sachsen.de\/html\/page\/wp-content\/uploads\/2026\/05\/4746580-69f54353a65156d827076-03de-43e6-b356-ce94fde3c334-rule-mo-1600-300x225.jpg\" class=\"attachment-medium size-medium wp-post-image\" alt=\"\" srcset=\"https:\/\/ford-sachsen.de\/html\/page\/wp-content\/uploads\/2026\/05\/4746580-69f54353a65156d827076-03de-43e6-b356-ce94fde3c334-rule-mo-1600-300x225.jpg 300w, https:\/\/ford-sachsen.de\/html\/page\/wp-content\/uploads\/2026\/05\/4746580-69f54353a65156d827076-03de-43e6-b356-ce94fde3c334-rule-mo-1600-1024x768.jpg 1024w, https:\/\/ford-sachsen.de\/html\/page\/wp-content\/uploads\/2026\/05\/4746580-69f54353a65156d827076-03de-43e6-b356-ce94fde3c334-rule-mo-1600-768x576.jpg 768w, https:\/\/ford-sachsen.de\/html\/page\/wp-content\/uploads\/2026\/05\/4746580-69f54353a65156d827076-03de-43e6-b356-ce94fde3c334-rule-mo-1600.jpg 1440w\" sizes=\"(max-width: 300px) 100vw, 300px\" \/>                        <\/a>\n                    <\/div>\n                    <div class=\"vehicle-data\">\n                                                    <small>\n                                                                07.2023                                \u00b7\n                            <\/small>\n                                                                            <small>\n                                30.508 km\n                            <\/small>\n                                                                            <small>\n                                \u00b7\n                                105 kW\n                                                                (\n                                143 PS)\n                            <\/small>\n                                                                            <small>\n                                \u00b7\n                                Automatik                            <\/small>\n                                                                            <small>\n                                \u00b7\n                                Unfallfrei                            <\/small>\n                        \n                                                    <small>\n                                \u00b7\n                                Hybrid (Benzin\/Elektro)                            <\/small>\n                                                                                                                            <small>\n                                \u00b7\n                                4\/5 T\u00fcren\n                            <\/small>\n                                                <ul class=\"vehicle-emission\">\n                                                 <span>Verbrauch komb.: \n                                    4.8                                 l\/100km<\/span><br>\n                                                                                \n                                       \n  <!-- CO2-Emissionen\t-->\n                                            <span>CO\u2082-Emissionen komb.: 108.0                                 g\/km<\/span><br>\n                                        <!-- CO2-Emissionen\t-->\n                   \n \n                         <span>CO\u2082-Klasse: \n                                    C                                <\/span><br>\n                    \n\n\n                <\/ul>\n\n                    <\/div>\n\n                    <div class=\"vehicle-price\">\n                                                    <div itemprop=\"priceSpecification\" itemscope itemtype=\"http:\/\/schema.org\/UnitPriceSpecification\">\n                                <meta itemprop=\"priceCurrency\" content=\"EUR\">\n                                <meta itemprop=\"price\" content=\"24.950\">\n                                <strong>\n                                    24.950 \u20ac (Brutto)\n                                <\/strong><br><small>\n                                    MwSt. nicht ausweisbar                                <\/small>\n                            <\/div>\n                                                <br>\n                        <a href=\"https:\/\/ford-sachsen.de\/html\/page\/fahrzeuge\/mitsubishi-asx-top-hybrid-top-navi-leder-soundsystem-bose-l\/\"\n                            class=\"vehicle-btn wp-block-button__link wp-element-button\">Details<\/a>\n                    <\/div>\n                <\/div> <!-- \/\/ vehicle-row -->\n               \n            <\/article>\n                        <article id=\"post-4746578\" class=\"vehicle\">\n                <hgroup>\n                    <a href=\"https:\/\/ford-sachsen.de\/html\/page\/fahrzeuge\/renault-arkana-r-s-line-navi-leder-led-acc-apple-carpla\/\">\n                        <h2 class=\"vehicle-title\">\n                            Renault Arkana R.S. Line Navi Leder LED ACC Apple CarPla                        <\/h2>\n\n                    <\/a>\n                <\/hgroup>\n                <span class=\"vehicle-addition\">\n                    <p>\n                        SUV\/Gel\u00e4ndewagen\/Pickup ,\n                        Gebrauchtfahrzeug                    <\/p>\n                <\/span>\n                <div class=\"vehicle-row\">\n                    <div class=\"vehicle-thumbnail\">\n                        <a href=\"https:\/\/ford-sachsen.de\/html\/page\/fahrzeuge\/renault-arkana-r-s-line-navi-leder-led-acc-apple-carpla\/\" title=\"Renault Arkana R.S. Line Navi Leder LED ACC Apple CarPla\">\n                            <img loading=\"lazy\" decoding=\"async\" width=\"300\" height=\"225\" src=\"https:\/\/ford-sachsen.de\/html\/page\/wp-content\/uploads\/2026\/05\/4746578-69f54351c9cf17af2ce0b-abea-4357-b12a-ab11052b398a-rule-mo-1600-300x225.jpg\" class=\"attachment-medium size-medium wp-post-image\" alt=\"\" srcset=\"https:\/\/ford-sachsen.de\/html\/page\/wp-content\/uploads\/2026\/05\/4746578-69f54351c9cf17af2ce0b-abea-4357-b12a-ab11052b398a-rule-mo-1600-300x225.jpg 300w, https:\/\/ford-sachsen.de\/html\/page\/wp-content\/uploads\/2026\/05\/4746578-69f54351c9cf17af2ce0b-abea-4357-b12a-ab11052b398a-rule-mo-1600-1024x768.jpg 1024w, https:\/\/ford-sachsen.de\/html\/page\/wp-content\/uploads\/2026\/05\/4746578-69f54351c9cf17af2ce0b-abea-4357-b12a-ab11052b398a-rule-mo-1600-768x576.jpg 768w, https:\/\/ford-sachsen.de\/html\/page\/wp-content\/uploads\/2026\/05\/4746578-69f54351c9cf17af2ce0b-abea-4357-b12a-ab11052b398a-rule-mo-1600.jpg 1440w\" sizes=\"(max-width: 300px) 100vw, 300px\" \/>                        <\/a>\n                    <\/div>\n                    <div class=\"vehicle-data\">\n                                                    <small>\n                                                                05.2022                                \u00b7\n                            <\/small>\n                                                                            <small>\n                                33.538 km\n                            <\/small>\n                                                                            <small>\n                                \u00b7\n                                116 kW\n                                                                (\n                                158 PS)\n                            <\/small>\n                                                                            <small>\n                                \u00b7\n                                Automatik                            <\/small>\n                                                                            <small>\n                                \u00b7\n                                Unfallfrei                            <\/small>\n                        \n                                                    <small>\n                                \u00b7\n                                Benzin                            <\/small>\n                                                                                                                            <small>\n                                \u00b7\n                                4\/5 T\u00fcren\n                            <\/small>\n                                                <ul class=\"vehicle-emission\">\n                                                 <span>Verbrauch komb.: \n                                    6.1                                 l\/100km<\/span><br>\n                                                                                \n                                       \n  <!-- CO2-Emissionen\t-->\n                                            <span>CO\u2082-Emissionen komb.: 138.0                                 g\/km<\/span><br>\n                                        <!-- CO2-Emissionen\t-->\n                   \n \n                         <span>CO\u2082-Klasse: \n                                    E                                <\/span><br>\n                    \n\n\n                <\/ul>\n\n                    <\/div>\n\n                    <div class=\"vehicle-price\">\n                                                    <div itemprop=\"priceSpecification\" itemscope itemtype=\"http:\/\/schema.org\/UnitPriceSpecification\">\n                                <meta itemprop=\"priceCurrency\" content=\"EUR\">\n                                <meta itemprop=\"price\" content=\"21.690\">\n                                <strong>\n                                    21.690 \u20ac (Brutto)\n                                <\/strong><br><small>\n                                    MwSt. nicht ausweisbar                                <\/small>\n                            <\/div>\n                                                <br>\n                        <a href=\"https:\/\/ford-sachsen.de\/html\/page\/fahrzeuge\/renault-arkana-r-s-line-navi-leder-led-acc-apple-carpla\/\"\n                            class=\"vehicle-btn wp-block-button__link wp-element-button\">Details<\/a>\n                    <\/div>\n                <\/div> <!-- \/\/ vehicle-row -->\n               \n            <\/article>\n                        <article id=\"post-4746576\" class=\"vehicle\">\n                <hgroup>\n                    <a href=\"https:\/\/ford-sachsen.de\/html\/page\/fahrzeuge\/ford-transit-courier-doppelkabine-trend-apple-carplay\/\">\n                        <h2 class=\"vehicle-title\">\n                            Ford Transit Courier Doppelkabine Trend Apple CarPlay                        <\/h2>\n\n                    <\/a>\n                <\/hgroup>\n                <span class=\"vehicle-addition\">\n                    <p>\n                        Limousine ,\n                        Gebrauchtfahrzeug                    <\/p>\n                <\/span>\n                <div class=\"vehicle-row\">\n                    <div class=\"vehicle-thumbnail\">\n                        <a href=\"https:\/\/ford-sachsen.de\/html\/page\/fahrzeuge\/ford-transit-courier-doppelkabine-trend-apple-carplay\/\" title=\"Ford Transit Courier Doppelkabine Trend Apple CarPlay\">\n                            <img loading=\"lazy\" decoding=\"async\" width=\"300\" height=\"225\" src=\"https:\/\/ford-sachsen.de\/html\/page\/wp-content\/uploads\/2026\/05\/4746576-69f5434fecf0907735858-16ca-4156-8c70-7d209f932af7-rule-mo-1600-300x225.jpg\" class=\"attachment-medium size-medium wp-post-image\" alt=\"\" srcset=\"https:\/\/ford-sachsen.de\/html\/page\/wp-content\/uploads\/2026\/05\/4746576-69f5434fecf0907735858-16ca-4156-8c70-7d209f932af7-rule-mo-1600-300x225.jpg 300w, https:\/\/ford-sachsen.de\/html\/page\/wp-content\/uploads\/2026\/05\/4746576-69f5434fecf0907735858-16ca-4156-8c70-7d209f932af7-rule-mo-1600-1024x768.jpg 1024w, https:\/\/ford-sachsen.de\/html\/page\/wp-content\/uploads\/2026\/05\/4746576-69f5434fecf0907735858-16ca-4156-8c70-7d209f932af7-rule-mo-1600-768x576.jpg 768w, https:\/\/ford-sachsen.de\/html\/page\/wp-content\/uploads\/2026\/05\/4746576-69f5434fecf0907735858-16ca-4156-8c70-7d209f932af7-rule-mo-1600.jpg 1440w\" sizes=\"(max-width: 300px) 100vw, 300px\" \/>                        <\/a>\n                    <\/div>\n                    <div class=\"vehicle-data\">\n                                                    <small>\n                                                                12.2025                                \u00b7\n                            <\/small>\n                                                                            <small>\n                                25 km\n                            <\/small>\n                                                                            <small>\n                                \u00b7\n                                74 kW\n                                                                (\n                                101 PS)\n                            <\/small>\n                                                                            <small>\n                                \u00b7\n                                Schaltgetriebe                            <\/small>\n                                                                            <small>\n                                \u00b7\n                                Unfallfrei                            <\/small>\n                        \n                                                    <small>\n                                \u00b7\n                                Benzin                            <\/small>\n                                                                                                                            <small>\n                                \u00b7\n                                4\/5 T\u00fcren\n                            <\/small>\n                                                <ul class=\"vehicle-emission\">\n                                                 <span>Verbrauch komb.: \n                                    6.5                                 l\/100km<\/span><br>\n                                                                                \n                                       \n  <!-- CO2-Emissionen\t-->\n                                            <span>CO\u2082-Emissionen komb.: 148.0                                 g\/km<\/span><br>\n                                        <!-- CO2-Emissionen\t-->\n                   \n \n                         <span>CO\u2082-Klasse: \n                                    E                                <\/span><br>\n                    \n\n\n                <\/ul>\n\n                    <\/div>\n\n                    <div class=\"vehicle-price\">\n                                                    <div itemprop=\"priceSpecification\" itemscope itemtype=\"http:\/\/schema.org\/UnitPriceSpecification\">\n                                <meta itemprop=\"priceCurrency\" content=\"EUR\">\n                                <meta itemprop=\"price\" content=\"19.995\">\n                                <strong>\n                                    19.995 \u20ac (Brutto)\n                                <\/strong><br><small>\n                                    Inkl. 19% MwSt.                                <\/small>\n                            <\/div>\n                                                <br>\n                        <a href=\"https:\/\/ford-sachsen.de\/html\/page\/fahrzeuge\/ford-transit-courier-doppelkabine-trend-apple-carplay\/\"\n                            class=\"vehicle-btn wp-block-button__link wp-element-button\">Details<\/a>\n                    <\/div>\n                <\/div> <!-- \/\/ vehicle-row -->\n               \n            <\/article>\n                        <article id=\"post-4746574\" class=\"vehicle\">\n                <hgroup>\n                    <a href=\"https:\/\/ford-sachsen.de\/html\/page\/fahrzeuge\/ford-fiesta-st-line-x-lednaviparkassistsicherh-pak\/\">\n                        <h2 class=\"vehicle-title\">\n                            Ford Fiesta ST-Line X LED+NAVI+PARKASSIST+SICHERH.PAK                        <\/h2>\n\n                    <\/a>\n                <\/hgroup>\n                <span class=\"vehicle-addition\">\n                    <p>\n                        Kleinwagen ,\n                        Gebrauchtfahrzeug                    <\/p>\n                <\/span>\n                <div class=\"vehicle-row\">\n                    <div class=\"vehicle-thumbnail\">\n                        <a href=\"https:\/\/ford-sachsen.de\/html\/page\/fahrzeuge\/ford-fiesta-st-line-x-lednaviparkassistsicherh-pak\/\" title=\"Ford Fiesta ST-Line X LED+NAVI+PARKASSIST+SICHERH.PAK\">\n                            <img loading=\"lazy\" decoding=\"async\" width=\"300\" height=\"225\" src=\"https:\/\/ford-sachsen.de\/html\/page\/wp-content\/uploads\/2026\/05\/4746574-69f5434e1651b9b71f2fa-1445-4899-a106-7b03aea72d07-rule-mo-1600-300x225.jpg\" class=\"attachment-medium size-medium wp-post-image\" alt=\"\" srcset=\"https:\/\/ford-sachsen.de\/html\/page\/wp-content\/uploads\/2026\/05\/4746574-69f5434e1651b9b71f2fa-1445-4899-a106-7b03aea72d07-rule-mo-1600-300x225.jpg 300w, https:\/\/ford-sachsen.de\/html\/page\/wp-content\/uploads\/2026\/05\/4746574-69f5434e1651b9b71f2fa-1445-4899-a106-7b03aea72d07-rule-mo-1600-1024x768.jpg 1024w, https:\/\/ford-sachsen.de\/html\/page\/wp-content\/uploads\/2026\/05\/4746574-69f5434e1651b9b71f2fa-1445-4899-a106-7b03aea72d07-rule-mo-1600-768x576.jpg 768w, https:\/\/ford-sachsen.de\/html\/page\/wp-content\/uploads\/2026\/05\/4746574-69f5434e1651b9b71f2fa-1445-4899-a106-7b03aea72d07-rule-mo-1600.jpg 1440w\" sizes=\"(max-width: 300px) 100vw, 300px\" \/>                        <\/a>\n                    <\/div>\n                    <div class=\"vehicle-data\">\n                                                    <small>\n                                                                05.2023                                \u00b7\n                            <\/small>\n                                                                            <small>\n                                25.373 km\n                            <\/small>\n                                                                            <small>\n                                \u00b7\n                                74 kW\n                                                                (\n                                101 PS)\n                            <\/small>\n                                                                            <small>\n                                \u00b7\n                                Schaltgetriebe                            <\/small>\n                                                                            <small>\n                                \u00b7\n                                Unfallfrei                            <\/small>\n                        \n                                                    <small>\n                                \u00b7\n                                Benzin                            <\/small>\n                                                                                                                            <small>\n                                \u00b7\n                                4\/5 T\u00fcren\n                            <\/small>\n                                                <ul class=\"vehicle-emission\">\n                                                 <span>Verbrauch komb.: \n                                    6.4                                 l\/100km<\/span><br>\n                                                                                \n                                       \n  <!-- CO2-Emissionen\t-->\n                                            <span>CO\u2082-Emissionen komb.: 144.0                                 g\/km<\/span><br>\n                                        <!-- CO2-Emissionen\t-->\n                   \n \n                         <span>CO\u2082-Klasse: \n                                    E                                <\/span><br>\n                    \n\n\n                <\/ul>\n\n                    <\/div>\n\n                    <div class=\"vehicle-price\">\n                                                    <div itemprop=\"priceSpecification\" itemscope itemtype=\"http:\/\/schema.org\/UnitPriceSpecification\">\n                                <meta itemprop=\"priceCurrency\" content=\"EUR\">\n                                <meta itemprop=\"price\" content=\"17.990\">\n                                <strong>\n                                    17.990 \u20ac (Brutto)\n                                <\/strong><br><small>\n                                    Inkl. 19% MwSt.                                <\/small>\n                            <\/div>\n                                                <br>\n                        <a href=\"https:\/\/ford-sachsen.de\/html\/page\/fahrzeuge\/ford-fiesta-st-line-x-lednaviparkassistsicherh-pak\/\"\n                            class=\"vehicle-btn wp-block-button__link wp-element-button\">Details<\/a>\n                    <\/div>\n                <\/div> <!-- \/\/ vehicle-row -->\n               \n            <\/article>\n                        <article id=\"post-4746572\" class=\"vehicle\">\n                <hgroup>\n                    <a href=\"https:\/\/ford-sachsen.de\/html\/page\/fahrzeuge\/ford-focus-turnier-st-line-18-zoll-lmstylingpaketfa\/\">\n                        <h2 class=\"vehicle-title\">\n                            Ford Focus Turnier ST-Line 18 ZOLL LM+STYLINGPAKET+FA                        <\/h2>\n\n                    <\/a>\n                <\/hgroup>\n                <span class=\"vehicle-addition\">\n                    <p>\n                        Kombi ,\n                        Gebrauchtfahrzeug                    <\/p>\n                <\/span>\n                <div class=\"vehicle-row\">\n                    <div class=\"vehicle-thumbnail\">\n                        <a href=\"https:\/\/ford-sachsen.de\/html\/page\/fahrzeuge\/ford-focus-turnier-st-line-18-zoll-lmstylingpaketfa\/\" title=\"Ford Focus Turnier ST-Line 18 ZOLL LM+STYLINGPAKET+FA\">\n                            <img loading=\"lazy\" decoding=\"async\" width=\"300\" height=\"225\" src=\"https:\/\/ford-sachsen.de\/html\/page\/wp-content\/uploads\/2026\/05\/4746572-69f5434c3585d89d930c0-2613-42a1-8a64-92f3b5ea138b-rule-mo-1600-300x225.jpg\" class=\"attachment-medium size-medium wp-post-image\" alt=\"\" srcset=\"https:\/\/ford-sachsen.de\/html\/page\/wp-content\/uploads\/2026\/05\/4746572-69f5434c3585d89d930c0-2613-42a1-8a64-92f3b5ea138b-rule-mo-1600-300x225.jpg 300w, https:\/\/ford-sachsen.de\/html\/page\/wp-content\/uploads\/2026\/05\/4746572-69f5434c3585d89d930c0-2613-42a1-8a64-92f3b5ea138b-rule-mo-1600-1024x768.jpg 1024w, https:\/\/ford-sachsen.de\/html\/page\/wp-content\/uploads\/2026\/05\/4746572-69f5434c3585d89d930c0-2613-42a1-8a64-92f3b5ea138b-rule-mo-1600-768x576.jpg 768w, https:\/\/ford-sachsen.de\/html\/page\/wp-content\/uploads\/2026\/05\/4746572-69f5434c3585d89d930c0-2613-42a1-8a64-92f3b5ea138b-rule-mo-1600.jpg 1440w\" sizes=\"(max-width: 300px) 100vw, 300px\" \/>                        <\/a>\n                    <\/div>\n                    <div class=\"vehicle-data\">\n                                                    <small>\n                                                                10.2022                                \u00b7\n                            <\/small>\n                                                                            <small>\n                                107.931 km\n                            <\/small>\n                                                                            <small>\n                                \u00b7\n                                114 kW\n                                                                (\n                                155 PS)\n                            <\/small>\n                                                                            <small>\n                                \u00b7\n                                Schaltgetriebe                            <\/small>\n                                                                            <small>\n                                \u00b7\n                                Unfallfrei                            <\/small>\n                        \n                                                    <small>\n                                \u00b7\n                                Benzin                            <\/small>\n                                                                                                                            <small>\n                                \u00b7\n                                4\/5 T\u00fcren\n                            <\/small>\n                                                <ul class=\"vehicle-emission\">\n                                                 <span>Verbrauch komb.: \n                                    5.9                                 l\/100km<\/span><br>\n                                                                                \n                                       \n  <!-- CO2-Emissionen\t-->\n                                            <span>CO\u2082-Emissionen komb.: 135.0                                 g\/km<\/span><br>\n                                        <!-- CO2-Emissionen\t-->\n                   \n \n                         <span>CO\u2082-Klasse: \n                                    D                                <\/span><br>\n                    \n\n\n                <\/ul>\n\n                    <\/div>\n\n                    <div class=\"vehicle-price\">\n                                                    <div itemprop=\"priceSpecification\" itemscope itemtype=\"http:\/\/schema.org\/UnitPriceSpecification\">\n                                <meta itemprop=\"priceCurrency\" content=\"EUR\">\n                                <meta itemprop=\"price\" content=\"15.990\">\n                                <strong>\n                                    15.990 \u20ac (Brutto)\n                                <\/strong><br><small>\n                                    Inkl. 19% MwSt.                                <\/small>\n                            <\/div>\n                                                <br>\n                        <a href=\"https:\/\/ford-sachsen.de\/html\/page\/fahrzeuge\/ford-focus-turnier-st-line-18-zoll-lmstylingpaketfa\/\"\n                            class=\"vehicle-btn wp-block-button__link wp-element-button\">Details<\/a>\n                    <\/div>\n                <\/div> <!-- \/\/ vehicle-row -->\n               \n            <\/article>\n                        <article id=\"post-4746570\" class=\"vehicle\">\n                <hgroup>\n                    <a href=\"https:\/\/ford-sachsen.de\/html\/page\/fahrzeuge\/mitsubishi-outlander-2wd-edition-black-paket-navidach-360\/\">\n                        <h2 class=\"vehicle-title\">\n                            Mitsubishi Outlander 2WD Edition+ Black-Paket Navi+DACH 360                        <\/h2>\n\n                    <\/a>\n                <\/hgroup>\n                <span class=\"vehicle-addition\">\n                    <p>\n                        SUV\/Gel\u00e4ndewagen\/Pickup ,\n                        Gebrauchtfahrzeug                    <\/p>\n                <\/span>\n                <div class=\"vehicle-row\">\n                    <div class=\"vehicle-thumbnail\">\n                        <a href=\"https:\/\/ford-sachsen.de\/html\/page\/fahrzeuge\/mitsubishi-outlander-2wd-edition-black-paket-navidach-360\/\" title=\"Mitsubishi Outlander 2WD Edition+ Black-Paket Navi+DACH 360\">\n                            <img loading=\"lazy\" decoding=\"async\" width=\"300\" height=\"225\" src=\"https:\/\/ford-sachsen.de\/html\/page\/wp-content\/uploads\/2026\/05\/4746570-69f5434a7bf3b9f1424df-3f68-4722-b74d-1d09dda665cd-rule-mo-1600-300x225.jpg\" class=\"attachment-medium size-medium wp-post-image\" alt=\"\" srcset=\"https:\/\/ford-sachsen.de\/html\/page\/wp-content\/uploads\/2026\/05\/4746570-69f5434a7bf3b9f1424df-3f68-4722-b74d-1d09dda665cd-rule-mo-1600-300x225.jpg 300w, https:\/\/ford-sachsen.de\/html\/page\/wp-content\/uploads\/2026\/05\/4746570-69f5434a7bf3b9f1424df-3f68-4722-b74d-1d09dda665cd-rule-mo-1600-1024x768.jpg 1024w, https:\/\/ford-sachsen.de\/html\/page\/wp-content\/uploads\/2026\/05\/4746570-69f5434a7bf3b9f1424df-3f68-4722-b74d-1d09dda665cd-rule-mo-1600-768x576.jpg 768w, https:\/\/ford-sachsen.de\/html\/page\/wp-content\/uploads\/2026\/05\/4746570-69f5434a7bf3b9f1424df-3f68-4722-b74d-1d09dda665cd-rule-mo-1600.jpg 1440w\" sizes=\"(max-width: 300px) 100vw, 300px\" \/>                        <\/a>\n                    <\/div>\n                    <div class=\"vehicle-data\">\n                                                    <small>\n                                                                10.2018                                \u00b7\n                            <\/small>\n                                                                            <small>\n                                65.205 km\n                            <\/small>\n                                                                            <small>\n                                \u00b7\n                                110 kW\n                                                                (\n                                150 PS)\n                            <\/small>\n                                                                            <small>\n                                \u00b7\n                                Automatik                            <\/small>\n                                                                            <small>\n                                \u00b7\n                                Unfallfrei                            <\/small>\n                        \n                                                    <small>\n                                \u00b7\n                                Benzin                            <\/small>\n                                                                                                                            <small>\n                                \u00b7\n                                4\/5 T\u00fcren\n                            <\/small>\n                                                <ul class=\"vehicle-emission\">\n                                                                                     \n                                       \n  <!-- CO2-Emissionen\t-->\n                                        <!-- CO2-Emissionen\t-->\n                   \n \n \n\n\n                <\/ul>\n\n                    <\/div>\n\n                    <div class=\"vehicle-price\">\n                                                    <div itemprop=\"priceSpecification\" itemscope itemtype=\"http:\/\/schema.org\/UnitPriceSpecification\">\n                                <meta itemprop=\"priceCurrency\" content=\"EUR\">\n                                <meta itemprop=\"price\" content=\"18.990\">\n                                <strong>\n                                    18.990 \u20ac (Brutto)\n                                <\/strong><br><small>\n                                    MwSt. nicht ausweisbar                                <\/small>\n                            <\/div>\n                                                <br>\n                        <a href=\"https:\/\/ford-sachsen.de\/html\/page\/fahrzeuge\/mitsubishi-outlander-2wd-edition-black-paket-navidach-360\/\"\n                            class=\"vehicle-btn wp-block-button__link wp-element-button\">Details<\/a>\n                    <\/div>\n                <\/div> <!-- \/\/ vehicle-row -->\n               \n            <\/article>\n                        <article id=\"post-4746568\" class=\"vehicle\">\n                <hgroup>\n                    <a href=\"https:\/\/ford-sachsen.de\/html\/page\/fahrzeuge\/bmw-320-touring-d-xdrive-luxury-line-allrad-navi-led\/\">\n                        <h2 class=\"vehicle-title\">\n                            BMW 320 Touring d xDrive Luxury Line Allrad Navi Led                        <\/h2>\n\n                    <\/a>\n                <\/hgroup>\n                <span class=\"vehicle-addition\">\n                    <p>\n                        Kombi ,\n                        Gebrauchtfahrzeug                    <\/p>\n                <\/span>\n                <div class=\"vehicle-row\">\n                    <div class=\"vehicle-thumbnail\">\n                        <a href=\"https:\/\/ford-sachsen.de\/html\/page\/fahrzeuge\/bmw-320-touring-d-xdrive-luxury-line-allrad-navi-led\/\" title=\"BMW 320 Touring d xDrive Luxury Line Allrad Navi Led\">\n                            <img loading=\"lazy\" decoding=\"async\" width=\"300\" height=\"225\" src=\"https:\/\/ford-sachsen.de\/html\/page\/wp-content\/uploads\/2026\/05\/4746568-69f54348ccf097ef6e1fa-3930-4a8b-bb91-55823948b9e0-rule-mo-1600-300x225.jpg\" class=\"attachment-medium size-medium wp-post-image\" alt=\"\" srcset=\"https:\/\/ford-sachsen.de\/html\/page\/wp-content\/uploads\/2026\/05\/4746568-69f54348ccf097ef6e1fa-3930-4a8b-bb91-55823948b9e0-rule-mo-1600-300x225.jpg 300w, https:\/\/ford-sachsen.de\/html\/page\/wp-content\/uploads\/2026\/05\/4746568-69f54348ccf097ef6e1fa-3930-4a8b-bb91-55823948b9e0-rule-mo-1600-1024x768.jpg 1024w, https:\/\/ford-sachsen.de\/html\/page\/wp-content\/uploads\/2026\/05\/4746568-69f54348ccf097ef6e1fa-3930-4a8b-bb91-55823948b9e0-rule-mo-1600-768x576.jpg 768w, https:\/\/ford-sachsen.de\/html\/page\/wp-content\/uploads\/2026\/05\/4746568-69f54348ccf097ef6e1fa-3930-4a8b-bb91-55823948b9e0-rule-mo-1600.jpg 1440w\" sizes=\"(max-width: 300px) 100vw, 300px\" \/>                        <\/a>\n                    <\/div>\n                    <div class=\"vehicle-data\">\n                                                    <small>\n                                                                10.2015                                \u00b7\n                            <\/small>\n                                                                            <small>\n                                130.444 km\n                            <\/small>\n                                                                            <small>\n                                \u00b7\n                                140 kW\n                                                                (\n                                190 PS)\n                            <\/small>\n                                                                            <small>\n                                \u00b7\n                                Schaltgetriebe                            <\/small>\n                                                                            <small>\n                                \u00b7\n                                Unfallfrei                            <\/small>\n                        \n                                                    <small>\n                                \u00b7\n                                Diesel                            <\/small>\n                                                                                                                            <small>\n                                \u00b7\n                                4\/5 T\u00fcren\n                            <\/small>\n                                                <ul class=\"vehicle-emission\">\n                                                                                     \n                                       \n  <!-- CO2-Emissionen\t-->\n                                        <!-- CO2-Emissionen\t-->\n                   \n \n \n\n\n                <\/ul>\n\n                    <\/div>\n\n                    <div class=\"vehicle-price\">\n                                                    <div itemprop=\"priceSpecification\" itemscope itemtype=\"http:\/\/schema.org\/UnitPriceSpecification\">\n                                <meta itemprop=\"priceCurrency\" content=\"EUR\">\n                                <meta itemprop=\"price\" content=\"16.390\">\n                                <strong>\n                                    16.390 \u20ac (Brutto)\n                                <\/strong><br><small>\n                                    MwSt. nicht ausweisbar                                <\/small>\n                            <\/div>\n                                                <br>\n                        <a href=\"https:\/\/ford-sachsen.de\/html\/page\/fahrzeuge\/bmw-320-touring-d-xdrive-luxury-line-allrad-navi-led\/\"\n                            class=\"vehicle-btn wp-block-button__link wp-element-button\">Details<\/a>\n                    <\/div>\n                <\/div> <!-- \/\/ vehicle-row -->\n               \n            <\/article>\n                        <article id=\"post-4746566\" class=\"vehicle\">\n                <hgroup>\n                    <a href=\"https:\/\/ford-sachsen.de\/html\/page\/fahrzeuge\/kia-ceed-1-5-t-gdi-sportswagon-gt-line-navi-leder-le\/\">\n                        <h2 class=\"vehicle-title\">\n                            Kia Ceed 1.5 T-GDI Sportswagon GT Line Navi Leder LE                        <\/h2>\n\n                    <\/a>\n                <\/hgroup>\n                <span class=\"vehicle-addition\">\n                    <p>\n                        Kombi ,\n                        Gebrauchtfahrzeug                    <\/p>\n                <\/span>\n                <div class=\"vehicle-row\">\n                    <div class=\"vehicle-thumbnail\">\n                        <a href=\"https:\/\/ford-sachsen.de\/html\/page\/fahrzeuge\/kia-ceed-1-5-t-gdi-sportswagon-gt-line-navi-leder-le\/\" title=\"Kia Ceed 1.5 T-GDI Sportswagon GT Line Navi Leder LE\">\n                            <img loading=\"lazy\" decoding=\"async\" width=\"300\" height=\"225\" src=\"https:\/\/ford-sachsen.de\/html\/page\/wp-content\/uploads\/2026\/05\/4746566-69f543467c5cc7596ec0b-56e4-4892-a122-8ab6cdc8b804-rule-mo-1600-300x225.jpg\" class=\"attachment-medium size-medium wp-post-image\" alt=\"\" srcset=\"https:\/\/ford-sachsen.de\/html\/page\/wp-content\/uploads\/2026\/05\/4746566-69f543467c5cc7596ec0b-56e4-4892-a122-8ab6cdc8b804-rule-mo-1600-300x225.jpg 300w, https:\/\/ford-sachsen.de\/html\/page\/wp-content\/uploads\/2026\/05\/4746566-69f543467c5cc7596ec0b-56e4-4892-a122-8ab6cdc8b804-rule-mo-1600-1024x768.jpg 1024w, https:\/\/ford-sachsen.de\/html\/page\/wp-content\/uploads\/2026\/05\/4746566-69f543467c5cc7596ec0b-56e4-4892-a122-8ab6cdc8b804-rule-mo-1600-768x576.jpg 768w, https:\/\/ford-sachsen.de\/html\/page\/wp-content\/uploads\/2026\/05\/4746566-69f543467c5cc7596ec0b-56e4-4892-a122-8ab6cdc8b804-rule-mo-1600.jpg 1440w\" sizes=\"(max-width: 300px) 100vw, 300px\" \/>                        <\/a>\n                    <\/div>\n                    <div class=\"vehicle-data\">\n                                                    <small>\n                                                                12.2021                                \u00b7\n                            <\/small>\n                                                                            <small>\n                                51.485 km\n                            <\/small>\n                                                                            <small>\n                                \u00b7\n                                118 kW\n                                                                (\n                                160 PS)\n                            <\/small>\n                                                                            <small>\n                                \u00b7\n                                Schaltgetriebe                            <\/small>\n                                                                            <small>\n                                \u00b7\n                                Unfallfrei                            <\/small>\n                        \n                                                    <small>\n                                \u00b7\n                                Benzin                            <\/small>\n                                                                                                                            <small>\n                                \u00b7\n                                4\/5 T\u00fcren\n                            <\/small>\n                                                <ul class=\"vehicle-emission\">\n                                                 <span>Verbrauch komb.: \n                                    6.3                                 l\/100km<\/span><br>\n                                                                                \n                                       \n  <!-- CO2-Emissionen\t-->\n                                            <span>CO\u2082-Emissionen komb.: 142.0                                 g\/km<\/span><br>\n                                        <!-- CO2-Emissionen\t-->\n                   \n \n                         <span>CO\u2082-Klasse: \n                                    E                                <\/span><br>\n                    \n\n\n                <\/ul>\n\n                    <\/div>\n\n                    <div class=\"vehicle-price\">\n                                                    <div itemprop=\"priceSpecification\" itemscope itemtype=\"http:\/\/schema.org\/UnitPriceSpecification\">\n                                <meta itemprop=\"priceCurrency\" content=\"EUR\">\n                                <meta itemprop=\"price\" content=\"20.790\">\n                                <strong>\n                                    20.790 \u20ac (Brutto)\n                                <\/strong><br><small>\n                                    MwSt. nicht ausweisbar                                <\/small>\n                            <\/div>\n                                                <br>\n                        <a href=\"https:\/\/ford-sachsen.de\/html\/page\/fahrzeuge\/kia-ceed-1-5-t-gdi-sportswagon-gt-line-navi-leder-le\/\"\n                            class=\"vehicle-btn wp-block-button__link wp-element-button\">Details<\/a>\n                    <\/div>\n                <\/div> <!-- \/\/ vehicle-row -->\n               \n            <\/article>\n                        <article id=\"post-4746564\" class=\"vehicle\">\n                <hgroup>\n                    <a href=\"https:\/\/ford-sachsen.de\/html\/page\/fahrzeuge\/ford-puma-titanium-aktions-zulassung-gjrwinter-paket\/\">\n                        <h2 class=\"vehicle-title\">\n                            Ford Puma Titanium AKTIONS-ZULASSUNG GJR+WINTER-PAKET                        <\/h2>\n\n                    <\/a>\n                <\/hgroup>\n                <span class=\"vehicle-addition\">\n                    <p>\n                        SUV\/Gel\u00e4ndewagen\/Pickup ,\n                        Neufahrzeug                    <\/p>\n                <\/span>\n                <div class=\"vehicle-row\">\n                    <div class=\"vehicle-thumbnail\">\n                        <a href=\"https:\/\/ford-sachsen.de\/html\/page\/fahrzeuge\/ford-puma-titanium-aktions-zulassung-gjrwinter-paket\/\" title=\"Ford Puma Titanium AKTIONS-ZULASSUNG GJR+WINTER-PAKET\">\n                            <img loading=\"lazy\" decoding=\"async\" width=\"300\" height=\"225\" src=\"https:\/\/ford-sachsen.de\/html\/page\/wp-content\/uploads\/2026\/05\/4746564-69f543442d847ca915c17-f94e-48ac-8780-649dd35c1af1-rule-mo-1600-300x225.jpg\" class=\"attachment-medium size-medium wp-post-image\" alt=\"\" srcset=\"https:\/\/ford-sachsen.de\/html\/page\/wp-content\/uploads\/2026\/05\/4746564-69f543442d847ca915c17-f94e-48ac-8780-649dd35c1af1-rule-mo-1600-300x225.jpg 300w, https:\/\/ford-sachsen.de\/html\/page\/wp-content\/uploads\/2026\/05\/4746564-69f543442d847ca915c17-f94e-48ac-8780-649dd35c1af1-rule-mo-1600-1024x768.jpg 1024w, https:\/\/ford-sachsen.de\/html\/page\/wp-content\/uploads\/2026\/05\/4746564-69f543442d847ca915c17-f94e-48ac-8780-649dd35c1af1-rule-mo-1600-768x576.jpg 768w, https:\/\/ford-sachsen.de\/html\/page\/wp-content\/uploads\/2026\/05\/4746564-69f543442d847ca915c17-f94e-48ac-8780-649dd35c1af1-rule-mo-1600.jpg 1440w\" sizes=\"(max-width: 300px) 100vw, 300px\" \/>                        <\/a>\n                    <\/div>\n                    <div class=\"vehicle-data\">\n                                                                                                    <small>\n                                \u00b7\n                                92 kW\n                                                                (\n                                125 PS)\n                            <\/small>\n                                                                            <small>\n                                \u00b7\n                                Schaltgetriebe                            <\/small>\n                                                                            <small>\n                                \u00b7\n                                Unfallfrei                            <\/small>\n                        \n                                                    <small>\n                                \u00b7\n                                Benzin                            <\/small>\n                                                                                                                            <small>\n                                \u00b7\n                                4\/5 T\u00fcren\n                            <\/small>\n                                                <ul class=\"vehicle-emission\">\n                                                 <span>Verbrauch komb.: \n                                    6.0                                 l\/100km<\/span><br>\n                                                                                \n                                       \n  <!-- CO2-Emissionen\t-->\n                                            <span>CO\u2082-Emissionen komb.: 135.0                                 g\/km<\/span><br>\n                                        <!-- CO2-Emissionen\t-->\n                   \n \n                         <span>CO\u2082-Klasse: \n                                    D                                <\/span><br>\n                    \n\n\n                <\/ul>\n\n                    <\/div>\n\n                    <div class=\"vehicle-price\">\n                                                    <div itemprop=\"priceSpecification\" itemscope itemtype=\"http:\/\/schema.org\/UnitPriceSpecification\">\n                                <meta itemprop=\"priceCurrency\" content=\"EUR\">\n                                <meta itemprop=\"price\" content=\"23.990\">\n                                <strong>\n                                    23.990 \u20ac (Brutto)\n                                <\/strong><br><small>\n                                    Inkl. 19% MwSt.                                <\/small>\n                            <\/div>\n                                                <br>\n                        <a href=\"https:\/\/ford-sachsen.de\/html\/page\/fahrzeuge\/ford-puma-titanium-aktions-zulassung-gjrwinter-paket\/\"\n                            class=\"vehicle-btn wp-block-button__link wp-element-button\">Details<\/a>\n                    <\/div>\n                <\/div> <!-- \/\/ vehicle-row -->\n               \n            <\/article>\n                        <article id=\"post-4746562\" class=\"vehicle\">\n                <hgroup>\n                    <a href=\"https:\/\/ford-sachsen.de\/html\/page\/fahrzeuge\/ford-explorer-rwd-bev-premium-panorama-navi-digitales\/\">\n                        <h2 class=\"vehicle-title\">\n                            Ford Explorer RWD BEV Premium Panorama Navi Digitales                        <\/h2>\n\n                    <\/a>\n                <\/hgroup>\n                <span class=\"vehicle-addition\">\n                    <p>\n                        SUV\/Gel\u00e4ndewagen\/Pickup ,\n                        Neufahrzeug                    <\/p>\n                <\/span>\n                <div class=\"vehicle-row\">\n                    <div class=\"vehicle-thumbnail\">\n                        <a href=\"https:\/\/ford-sachsen.de\/html\/page\/fahrzeuge\/ford-explorer-rwd-bev-premium-panorama-navi-digitales\/\" title=\"Ford Explorer RWD BEV Premium Panorama Navi Digitales\">\n                            <img loading=\"lazy\" decoding=\"async\" width=\"300\" height=\"225\" src=\"https:\/\/ford-sachsen.de\/html\/page\/wp-content\/uploads\/2026\/05\/4746562-69f543420a21e031f6e0f-c00d-43e8-a89a-3ba8e8d35ad0-rule-mo-1600-300x225.jpg\" class=\"attachment-medium size-medium wp-post-image\" alt=\"\" srcset=\"https:\/\/ford-sachsen.de\/html\/page\/wp-content\/uploads\/2026\/05\/4746562-69f543420a21e031f6e0f-c00d-43e8-a89a-3ba8e8d35ad0-rule-mo-1600-300x225.jpg 300w, https:\/\/ford-sachsen.de\/html\/page\/wp-content\/uploads\/2026\/05\/4746562-69f543420a21e031f6e0f-c00d-43e8-a89a-3ba8e8d35ad0-rule-mo-1600-1024x768.jpg 1024w, https:\/\/ford-sachsen.de\/html\/page\/wp-content\/uploads\/2026\/05\/4746562-69f543420a21e031f6e0f-c00d-43e8-a89a-3ba8e8d35ad0-rule-mo-1600-768x576.jpg 768w, https:\/\/ford-sachsen.de\/html\/page\/wp-content\/uploads\/2026\/05\/4746562-69f543420a21e031f6e0f-c00d-43e8-a89a-3ba8e8d35ad0-rule-mo-1600.jpg 1440w\" sizes=\"(max-width: 300px) 100vw, 300px\" \/>                        <\/a>\n                    <\/div>\n                    <div class=\"vehicle-data\">\n                                                                                                    <small>\n                                \u00b7\n                                210 kW\n                                                                (\n                                286 PS)\n                            <\/small>\n                                                                            <small>\n                                \u00b7\n                                Automatik                            <\/small>\n                                                                            <small>\n                                \u00b7\n                                Unfallfrei                            <\/small>\n                        \n                                                    <small>\n                                \u00b7\n                                Elektro                            <\/small>\n                                                                                                                            <small>\n                                \u00b7\n                                4\/5 T\u00fcren\n                            <\/small>\n                                                <ul class=\"vehicle-emission\">\n                                                                                     \n                                       \n  <!-- CO2-Emissionen\t-->\n                                            <span>CO\u2082-Emissionen komb.: 0.0                                 g\/km<\/span><br>\n                                        <!-- CO2-Emissionen\t-->\n                   \n \n                         <span>CO\u2082-Klasse: \n                                    A                                <\/span><br>\n                    \n\n\n                <\/ul>\n\n                    <\/div>\n\n                    <div class=\"vehicle-price\">\n                                                    <div itemprop=\"priceSpecification\" itemscope itemtype=\"http:\/\/schema.org\/UnitPriceSpecification\">\n                                <meta itemprop=\"priceCurrency\" content=\"EUR\">\n                                <meta itemprop=\"price\" content=\"41.490\">\n                                <strong>\n                                    41.490 \u20ac (Brutto)\n                                <\/strong><br><small>\n                                    Inkl. 19% MwSt.                                <\/small>\n                            <\/div>\n                                                <br>\n                        <a href=\"https:\/\/ford-sachsen.de\/html\/page\/fahrzeuge\/ford-explorer-rwd-bev-premium-panorama-navi-digitales\/\"\n                            class=\"vehicle-btn wp-block-button__link wp-element-button\">Details<\/a>\n                    <\/div>\n                <\/div> <!-- \/\/ vehicle-row -->\n               \n            <\/article>\n                        <article id=\"post-4746560\" class=\"vehicle\">\n                <hgroup>\n                    <a href=\"https:\/\/ford-sachsen.de\/html\/page\/fahrzeuge\/ford-kuga-phev-st-line-x-ahkschwenkbartechnoassist\/\">\n                        <h2 class=\"vehicle-title\">\n                            Ford Kuga PHEV ST-Line X AHKschwenkbar+TECHNO+ASSIST-                        <\/h2>\n\n                    <\/a>\n                <\/hgroup>\n                <span class=\"vehicle-addition\">\n                    <p>\n                        SUV\/Gel\u00e4ndewagen\/Pickup ,\n                        Gebrauchtfahrzeug                    <\/p>\n                <\/span>\n                <div class=\"vehicle-row\">\n                    <div class=\"vehicle-thumbnail\">\n                        <a href=\"https:\/\/ford-sachsen.de\/html\/page\/fahrzeuge\/ford-kuga-phev-st-line-x-ahkschwenkbartechnoassist\/\" title=\"Ford Kuga PHEV ST-Line X AHKschwenkbar+TECHNO+ASSIST-\">\n                            <img loading=\"lazy\" decoding=\"async\" width=\"300\" height=\"225\" src=\"https:\/\/ford-sachsen.de\/html\/page\/wp-content\/uploads\/2026\/05\/4746560-69f5433fc0c908aa36cab-7c89-4222-ac5c-0aab9379ba65-rule-mo-1600-300x225.jpg\" class=\"attachment-medium size-medium wp-post-image\" alt=\"\" srcset=\"https:\/\/ford-sachsen.de\/html\/page\/wp-content\/uploads\/2026\/05\/4746560-69f5433fc0c908aa36cab-7c89-4222-ac5c-0aab9379ba65-rule-mo-1600-300x225.jpg 300w, https:\/\/ford-sachsen.de\/html\/page\/wp-content\/uploads\/2026\/05\/4746560-69f5433fc0c908aa36cab-7c89-4222-ac5c-0aab9379ba65-rule-mo-1600-1024x768.jpg 1024w, https:\/\/ford-sachsen.de\/html\/page\/wp-content\/uploads\/2026\/05\/4746560-69f5433fc0c908aa36cab-7c89-4222-ac5c-0aab9379ba65-rule-mo-1600-768x576.jpg 768w, https:\/\/ford-sachsen.de\/html\/page\/wp-content\/uploads\/2026\/05\/4746560-69f5433fc0c908aa36cab-7c89-4222-ac5c-0aab9379ba65-rule-mo-1600.jpg 1440w\" sizes=\"(max-width: 300px) 100vw, 300px\" \/>                        <\/a>\n                    <\/div>\n                    <div class=\"vehicle-data\">\n                                                    <small>\n                                                                12.2022                                \u00b7\n                            <\/small>\n                                                                            <small>\n                                43.407 km\n                            <\/small>\n                                                                            <small>\n                                \u00b7\n                                165 kW\n                                                                (\n                                224 PS)\n                            <\/small>\n                                                                            <small>\n                                \u00b7\n                                Automatik                            <\/small>\n                                                                            <small>\n                                \u00b7\n                                Unfallfrei                            <\/small>\n                        \n                                                    <small>\n                                \u00b7\n                                Plug-in-Hybrid                            <\/small>\n                                                                                                                            <small>\n                                \u00b7\n                                4\/5 T\u00fcren\n                            <\/small>\n                                                <ul class=\"vehicle-emission\">\n                                                                                     \n                                       \n  <!-- CO2-Emissionen\t-->\n                                        <!-- CO2-Emissionen\t-->\n                   \n \n \n\n\n                <\/ul>\n\n                    <\/div>\n\n                    <div class=\"vehicle-price\">\n                                                    <div itemprop=\"priceSpecification\" itemscope itemtype=\"http:\/\/schema.org\/UnitPriceSpecification\">\n                                <meta itemprop=\"priceCurrency\" content=\"EUR\">\n                                <meta itemprop=\"price\" content=\"27.990\">\n                                <strong>\n                                    27.990 \u20ac (Brutto)\n                                <\/strong><br><small>\n                                    MwSt. nicht ausweisbar                                <\/small>\n                            <\/div>\n                                                <br>\n                        <a href=\"https:\/\/ford-sachsen.de\/html\/page\/fahrzeuge\/ford-kuga-phev-st-line-x-ahkschwenkbartechnoassist\/\"\n                            class=\"vehicle-btn wp-block-button__link wp-element-button\">Details<\/a>\n                    <\/div>\n                <\/div> <!-- \/\/ vehicle-row -->\n               \n            <\/article>\n                        <article id=\"post-4746558\" class=\"vehicle\">\n                <hgroup>\n                    <a href=\"https:\/\/ford-sachsen.de\/html\/page\/fahrzeuge\/ford-focus-st-edition-lednavistyling-paket-ad-navi\/\">\n                        <h2 class=\"vehicle-title\">\n                            Ford Focus ST Edition LED+NAVI+STYLING-PAKET AD Navi                        <\/h2>\n\n                    <\/a>\n                <\/hgroup>\n                <span class=\"vehicle-addition\">\n                    <p>\n                        Limousine ,\n                        Gebrauchtfahrzeug                    <\/p>\n                <\/span>\n                <div class=\"vehicle-row\">\n                    <div class=\"vehicle-thumbnail\">\n                        <a href=\"https:\/\/ford-sachsen.de\/html\/page\/fahrzeuge\/ford-focus-st-edition-lednavistyling-paket-ad-navi\/\" title=\"Ford Focus ST Edition LED+NAVI+STYLING-PAKET AD Navi\">\n                            <img loading=\"lazy\" decoding=\"async\" width=\"300\" height=\"225\" src=\"https:\/\/ford-sachsen.de\/html\/page\/wp-content\/uploads\/2026\/05\/4746558-69f5433d8e8ee49bc0ef5-a11c-47c7-b91f-c1c598a3043c-rule-mo-1600-300x225.jpg\" class=\"attachment-medium size-medium wp-post-image\" alt=\"\" srcset=\"https:\/\/ford-sachsen.de\/html\/page\/wp-content\/uploads\/2026\/05\/4746558-69f5433d8e8ee49bc0ef5-a11c-47c7-b91f-c1c598a3043c-rule-mo-1600-300x225.jpg 300w, https:\/\/ford-sachsen.de\/html\/page\/wp-content\/uploads\/2026\/05\/4746558-69f5433d8e8ee49bc0ef5-a11c-47c7-b91f-c1c598a3043c-rule-mo-1600-1024x768.jpg 1024w, https:\/\/ford-sachsen.de\/html\/page\/wp-content\/uploads\/2026\/05\/4746558-69f5433d8e8ee49bc0ef5-a11c-47c7-b91f-c1c598a3043c-rule-mo-1600-768x576.jpg 768w, https:\/\/ford-sachsen.de\/html\/page\/wp-content\/uploads\/2026\/05\/4746558-69f5433d8e8ee49bc0ef5-a11c-47c7-b91f-c1c598a3043c-rule-mo-1600.jpg 1440w\" sizes=\"(max-width: 300px) 100vw, 300px\" \/>                        <\/a>\n                    <\/div>\n                    <div class=\"vehicle-data\">\n                                                    <small>\n                                                                03.2022                                \u00b7\n                            <\/small>\n                                                                            <small>\n                                30.051 km\n                            <\/small>\n                                                                            <small>\n                                \u00b7\n                                206 kW\n                                                                (\n                                280 PS)\n                            <\/small>\n                                                                            <small>\n                                \u00b7\n                                Schaltgetriebe                            <\/small>\n                                                                            <small>\n                                \u00b7\n                                Unfallfrei                            <\/small>\n                        \n                                                    <small>\n                                \u00b7\n                                Benzin                            <\/small>\n                                                                                                                            <small>\n                                \u00b7\n                                4\/5 T\u00fcren\n                            <\/small>\n                                                <ul class=\"vehicle-emission\">\n                                                 <span>Verbrauch komb.: \n                                    8.3                                 l\/100km<\/span><br>\n                                                                                \n                                       \n  <!-- CO2-Emissionen\t-->\n                                            <span>CO\u2082-Emissionen komb.: 189.0                                 g\/km<\/span><br>\n                                        <!-- CO2-Emissionen\t-->\n                   \n \n                         <span>CO\u2082-Klasse: \n                                    G                                <\/span><br>\n                    \n\n\n                <\/ul>\n\n                    <\/div>\n\n                    <div class=\"vehicle-price\">\n                                                    <div itemprop=\"priceSpecification\" itemscope itemtype=\"http:\/\/schema.org\/UnitPriceSpecification\">\n                                <meta itemprop=\"priceCurrency\" content=\"EUR\">\n                                <meta itemprop=\"price\" content=\"28.790\">\n                                <strong>\n                                    28.790 \u20ac (Brutto)\n                                <\/strong><br><small>\n                                    Inkl. 19% MwSt.                                <\/small>\n                            <\/div>\n                                                <br>\n                        <a href=\"https:\/\/ford-sachsen.de\/html\/page\/fahrzeuge\/ford-focus-st-edition-lednavistyling-paket-ad-navi\/\"\n                            class=\"vehicle-btn wp-block-button__link wp-element-button\">Details<\/a>\n                    <\/div>\n                <\/div> <!-- \/\/ vehicle-row -->\n               \n            <\/article>\n                        <article id=\"post-4746554\" class=\"vehicle\">\n                <hgroup>\n                    <a href=\"https:\/\/ford-sachsen.de\/html\/page\/fahrzeuge\/ford-tourneo-courier-active-navi-klimaautom-dab-shz-l\/\">\n                        <h2 class=\"vehicle-title\">\n                            Ford Tourneo Courier Active Navi Klimaautom DAB SHZ L                        <\/h2>\n\n                    <\/a>\n                <\/hgroup>\n                <span class=\"vehicle-addition\">\n                    <p>\n                        Van\/Minibus ,\n                        Gebrauchtfahrzeug                    <\/p>\n                <\/span>\n                <div class=\"vehicle-row\">\n                    <div class=\"vehicle-thumbnail\">\n                        <a href=\"https:\/\/ford-sachsen.de\/html\/page\/fahrzeuge\/ford-tourneo-courier-active-navi-klimaautom-dab-shz-l\/\" title=\"Ford Tourneo Courier Active Navi Klimaautom DAB SHZ L\">\n                            <img loading=\"lazy\" decoding=\"async\" width=\"300\" height=\"225\" src=\"https:\/\/ford-sachsen.de\/html\/page\/wp-content\/uploads\/2026\/05\/4746554-69f5433a24a9317514e46-6403-4d2b-a34d-8b74f1350c32-rule-mo-1600-300x225.jpg\" class=\"attachment-medium size-medium wp-post-image\" alt=\"\" srcset=\"https:\/\/ford-sachsen.de\/html\/page\/wp-content\/uploads\/2026\/05\/4746554-69f5433a24a9317514e46-6403-4d2b-a34d-8b74f1350c32-rule-mo-1600-300x225.jpg 300w, https:\/\/ford-sachsen.de\/html\/page\/wp-content\/uploads\/2026\/05\/4746554-69f5433a24a9317514e46-6403-4d2b-a34d-8b74f1350c32-rule-mo-1600-1024x768.jpg 1024w, https:\/\/ford-sachsen.de\/html\/page\/wp-content\/uploads\/2026\/05\/4746554-69f5433a24a9317514e46-6403-4d2b-a34d-8b74f1350c32-rule-mo-1600-768x576.jpg 768w, https:\/\/ford-sachsen.de\/html\/page\/wp-content\/uploads\/2026\/05\/4746554-69f5433a24a9317514e46-6403-4d2b-a34d-8b74f1350c32-rule-mo-1600.jpg 1440w\" sizes=\"(max-width: 300px) 100vw, 300px\" \/>                        <\/a>\n                    <\/div>\n                    <div class=\"vehicle-data\">\n                                                    <small>\n                                                                03.2025                                \u00b7\n                            <\/small>\n                                                                            <small>\n                                9.360 km\n                            <\/small>\n                                                                            <small>\n                                \u00b7\n                                92 kW\n                                                                (\n                                125 PS)\n                            <\/small>\n                                                                            <small>\n                                \u00b7\n                                Schaltgetriebe                            <\/small>\n                                                                            <small>\n                                \u00b7\n                                Unfallfrei                            <\/small>\n                        \n                                                    <small>\n                                \u00b7\n                                Benzin                            <\/small>\n                                                                                                                            <small>\n                                \u00b7\n                                4\/5 T\u00fcren\n                            <\/small>\n                                                <ul class=\"vehicle-emission\">\n                                                 <span>Verbrauch komb.: \n                                    7.0                                 l\/100km<\/span><br>\n                                                                                \n                                       \n  <!-- CO2-Emissionen\t-->\n                                            <span>CO\u2082-Emissionen komb.: 159.0                                 g\/km<\/span><br>\n                                        <!-- CO2-Emissionen\t-->\n                   \n \n                         <span>CO\u2082-Klasse: \n                                    F                                <\/span><br>\n                    \n\n\n                <\/ul>\n\n                    <\/div>\n\n                    <div class=\"vehicle-price\">\n                                                    <div itemprop=\"priceSpecification\" itemscope itemtype=\"http:\/\/schema.org\/UnitPriceSpecification\">\n                                <meta itemprop=\"priceCurrency\" content=\"EUR\">\n                                <meta itemprop=\"price\" content=\"24.495\">\n                                <strong>\n                                    24.495 \u20ac (Brutto)\n                                <\/strong><br><small>\n                                    MwSt. nicht ausweisbar                                <\/small>\n                            <\/div>\n                                                <br>\n                        <a href=\"https:\/\/ford-sachsen.de\/html\/page\/fahrzeuge\/ford-tourneo-courier-active-navi-klimaautom-dab-shz-l\/\"\n                            class=\"vehicle-btn wp-block-button__link wp-element-button\">Details<\/a>\n                    <\/div>\n                <\/div> <!-- \/\/ vehicle-row -->\n               \n            <\/article>\n                        <article id=\"post-4746552\" class=\"vehicle\">\n                <hgroup>\n                    <a href=\"https:\/\/ford-sachsen.de\/html\/page\/fahrzeuge\/ford-puma-st-line-x-navi-digitales-cockpit-soundsyste\/\">\n                        <h2 class=\"vehicle-title\">\n                            Ford Puma ST-Line X Navi Digitales Cockpit Soundsyste                        <\/h2>\n\n                    <\/a>\n                <\/hgroup>\n                <span class=\"vehicle-addition\">\n                    <p>\n                        SUV\/Gel\u00e4ndewagen\/Pickup ,\n                        Gebrauchtfahrzeug                    <\/p>\n                <\/span>\n                <div class=\"vehicle-row\">\n                    <div class=\"vehicle-thumbnail\">\n                        <a href=\"https:\/\/ford-sachsen.de\/html\/page\/fahrzeuge\/ford-puma-st-line-x-navi-digitales-cockpit-soundsyste\/\" title=\"Ford Puma ST-Line X Navi Digitales Cockpit Soundsyste\">\n                            <img loading=\"lazy\" decoding=\"async\" width=\"300\" height=\"225\" src=\"https:\/\/ford-sachsen.de\/html\/page\/wp-content\/uploads\/2026\/05\/4746552-69f5433835c63cb30a897-5d3c-420e-a203-c12e63199cc3-rule-mo-1600-300x225.jpg\" class=\"attachment-medium size-medium wp-post-image\" alt=\"\" srcset=\"https:\/\/ford-sachsen.de\/html\/page\/wp-content\/uploads\/2026\/05\/4746552-69f5433835c63cb30a897-5d3c-420e-a203-c12e63199cc3-rule-mo-1600-300x225.jpg 300w, https:\/\/ford-sachsen.de\/html\/page\/wp-content\/uploads\/2026\/05\/4746552-69f5433835c63cb30a897-5d3c-420e-a203-c12e63199cc3-rule-mo-1600-1024x768.jpg 1024w, https:\/\/ford-sachsen.de\/html\/page\/wp-content\/uploads\/2026\/05\/4746552-69f5433835c63cb30a897-5d3c-420e-a203-c12e63199cc3-rule-mo-1600-768x576.jpg 768w, https:\/\/ford-sachsen.de\/html\/page\/wp-content\/uploads\/2026\/05\/4746552-69f5433835c63cb30a897-5d3c-420e-a203-c12e63199cc3-rule-mo-1600.jpg 1440w\" sizes=\"(max-width: 300px) 100vw, 300px\" \/>                        <\/a>\n                    <\/div>\n                    <div class=\"vehicle-data\">\n                                                    <small>\n                                                                12.2021                                \u00b7\n                            <\/small>\n                                                                            <small>\n                                34.534 km\n                            <\/small>\n                                                                            <small>\n                                \u00b7\n                                92 kW\n                                                                (\n                                125 PS)\n                            <\/small>\n                                                                            <small>\n                                \u00b7\n                                Schaltgetriebe                            <\/small>\n                                                                            <small>\n                                \u00b7\n                                Unfallfrei                            <\/small>\n                        \n                                                    <small>\n                                \u00b7\n                                Benzin                            <\/small>\n                                                                                                                            <small>\n                                \u00b7\n                                4\/5 T\u00fcren\n                            <\/small>\n                                                <ul class=\"vehicle-emission\">\n                                                 <span>Verbrauch komb.: \n                                    6.0                                 l\/100km<\/span><br>\n                                                                                \n                                       \n  <!-- CO2-Emissionen\t-->\n                                            <span>CO\u2082-Emissionen komb.: 135.0                                 g\/km<\/span><br>\n                                        <!-- CO2-Emissionen\t-->\n                   \n \n                         <span>CO\u2082-Klasse: \n                                    D                                <\/span><br>\n                    \n\n\n                <\/ul>\n\n                    <\/div>\n\n                    <div class=\"vehicle-price\">\n                                                    <div itemprop=\"priceSpecification\" itemscope itemtype=\"http:\/\/schema.org\/UnitPriceSpecification\">\n                                <meta itemprop=\"priceCurrency\" content=\"EUR\">\n                                <meta itemprop=\"price\" content=\"17.990\">\n                                <strong>\n                                    17.990 \u20ac (Brutto)\n                                <\/strong><br><small>\n                                    Inkl. 19% MwSt.                                <\/small>\n                            <\/div>\n                                                <br>\n                        <a href=\"https:\/\/ford-sachsen.de\/html\/page\/fahrzeuge\/ford-puma-st-line-x-navi-digitales-cockpit-soundsyste\/\"\n                            class=\"vehicle-btn wp-block-button__link wp-element-button\">Details<\/a>\n                    <\/div>\n                <\/div> <!-- \/\/ vehicle-row -->\n               \n            <\/article>\n                        <article id=\"post-4746550\" class=\"vehicle\">\n                <hgroup>\n                    <a href=\"https:\/\/ford-sachsen.de\/html\/page\/fahrzeuge\/ford-ranger-raptor-4x4-doka-standheizung-ahk-navi-led\/\">\n                        <h2 class=\"vehicle-title\">\n                            Ford Ranger Raptor 4&#215;4 DoKa STANDHEIZUNG AHK Navi Led                        <\/h2>\n\n                    <\/a>\n                <\/hgroup>\n                <span class=\"vehicle-addition\">\n                    <p>\n                        SUV\/Gel\u00e4ndewagen\/Pickup ,\n                        Gebrauchtfahrzeug                    <\/p>\n                <\/span>\n                <div class=\"vehicle-row\">\n                    <div class=\"vehicle-thumbnail\">\n                        <a href=\"https:\/\/ford-sachsen.de\/html\/page\/fahrzeuge\/ford-ranger-raptor-4x4-doka-standheizung-ahk-navi-led\/\" title=\"Ford Ranger Raptor 4&#215;4 DoKa STANDHEIZUNG AHK Navi Led\">\n                            <img loading=\"lazy\" decoding=\"async\" width=\"300\" height=\"225\" src=\"https:\/\/ford-sachsen.de\/html\/page\/wp-content\/uploads\/2026\/05\/4746550-69f5433647bf89a4dd519-4b8b-4100-8dec-7d094f4c7308-rule-mo-1600-300x225.jpg\" class=\"attachment-medium size-medium wp-post-image\" alt=\"\" srcset=\"https:\/\/ford-sachsen.de\/html\/page\/wp-content\/uploads\/2026\/05\/4746550-69f5433647bf89a4dd519-4b8b-4100-8dec-7d094f4c7308-rule-mo-1600-300x225.jpg 300w, https:\/\/ford-sachsen.de\/html\/page\/wp-content\/uploads\/2026\/05\/4746550-69f5433647bf89a4dd519-4b8b-4100-8dec-7d094f4c7308-rule-mo-1600-1024x768.jpg 1024w, https:\/\/ford-sachsen.de\/html\/page\/wp-content\/uploads\/2026\/05\/4746550-69f5433647bf89a4dd519-4b8b-4100-8dec-7d094f4c7308-rule-mo-1600-768x576.jpg 768w, https:\/\/ford-sachsen.de\/html\/page\/wp-content\/uploads\/2026\/05\/4746550-69f5433647bf89a4dd519-4b8b-4100-8dec-7d094f4c7308-rule-mo-1600.jpg 1440w\" sizes=\"(max-width: 300px) 100vw, 300px\" \/>                        <\/a>\n                    <\/div>\n                    <div class=\"vehicle-data\">\n                                                    <small>\n                                                                08.2021                                \u00b7\n                            <\/small>\n                                                                            <small>\n                                60.517 km\n                            <\/small>\n                                                                            <small>\n                                \u00b7\n                                156 kW\n                                                                (\n                                212 PS)\n                            <\/small>\n                                                                            <small>\n                                \u00b7\n                                Automatik                            <\/small>\n                                                                            <small>\n                                \u00b7\n                                Unfallfrei                            <\/small>\n                        \n                                                    <small>\n                                \u00b7\n                                Diesel                            <\/small>\n                                                                                                                            <small>\n                                \u00b7\n                                4\/5 T\u00fcren\n                            <\/small>\n                                                <ul class=\"vehicle-emission\">\n                                                                                     \n                                       \n  <!-- CO2-Emissionen\t-->\n                                        <!-- CO2-Emissionen\t-->\n                   \n \n \n\n\n                <\/ul>\n\n                    <\/div>\n\n                    <div class=\"vehicle-price\">\n                                                    <div itemprop=\"priceSpecification\" itemscope itemtype=\"http:\/\/schema.org\/UnitPriceSpecification\">\n                                <meta itemprop=\"priceCurrency\" content=\"EUR\">\n                                <meta itemprop=\"price\" content=\"36.990\">\n                                <strong>\n                                    36.990 \u20ac (Brutto)\n                                <\/strong><br><small>\n                                    Inkl. 19% MwSt.                                <\/small>\n                            <\/div>\n                                                <br>\n                        <a href=\"https:\/\/ford-sachsen.de\/html\/page\/fahrzeuge\/ford-ranger-raptor-4x4-doka-standheizung-ahk-navi-led\/\"\n                            class=\"vehicle-btn wp-block-button__link wp-element-button\">Details<\/a>\n                    <\/div>\n                <\/div> <!-- \/\/ vehicle-row -->\n               \n            <\/article>\n                        <article id=\"post-4746548\" class=\"vehicle\">\n                <hgroup>\n                    <a href=\"https:\/\/ford-sachsen.de\/html\/page\/fahrzeuge\/ford-ecosport-titanium-klimaautom-ambientebeleuchtung\/\">\n                        <h2 class=\"vehicle-title\">\n                            Ford EcoSport Titanium Klimaautom Ambientebeleuchtung                        <\/h2>\n\n                    <\/a>\n                <\/hgroup>\n                <span class=\"vehicle-addition\">\n                    <p>\n                        SUV\/Gel\u00e4ndewagen\/Pickup ,\n                        Gebrauchtfahrzeug                    <\/p>\n                <\/span>\n                <div class=\"vehicle-row\">\n                    <div class=\"vehicle-thumbnail\">\n                        <a href=\"https:\/\/ford-sachsen.de\/html\/page\/fahrzeuge\/ford-ecosport-titanium-klimaautom-ambientebeleuchtung\/\" title=\"Ford EcoSport Titanium Klimaautom Ambientebeleuchtung\">\n                            <img loading=\"lazy\" decoding=\"async\" width=\"300\" height=\"225\" src=\"https:\/\/ford-sachsen.de\/html\/page\/wp-content\/uploads\/2026\/05\/4746548-69f543347a3c55b791bb6-1c66-46b6-8a00-fd7b9cc170c4-rule-mo-1600-300x225.jpg\" class=\"attachment-medium size-medium wp-post-image\" alt=\"\" srcset=\"https:\/\/ford-sachsen.de\/html\/page\/wp-content\/uploads\/2026\/05\/4746548-69f543347a3c55b791bb6-1c66-46b6-8a00-fd7b9cc170c4-rule-mo-1600-300x225.jpg 300w, https:\/\/ford-sachsen.de\/html\/page\/wp-content\/uploads\/2026\/05\/4746548-69f543347a3c55b791bb6-1c66-46b6-8a00-fd7b9cc170c4-rule-mo-1600-1024x768.jpg 1024w, https:\/\/ford-sachsen.de\/html\/page\/wp-content\/uploads\/2026\/05\/4746548-69f543347a3c55b791bb6-1c66-46b6-8a00-fd7b9cc170c4-rule-mo-1600-768x576.jpg 768w, https:\/\/ford-sachsen.de\/html\/page\/wp-content\/uploads\/2026\/05\/4746548-69f543347a3c55b791bb6-1c66-46b6-8a00-fd7b9cc170c4-rule-mo-1600.jpg 1440w\" sizes=\"(max-width: 300px) 100vw, 300px\" \/>                        <\/a>\n                    <\/div>\n                    <div class=\"vehicle-data\">\n                                                    <small>\n                                                                03.2018                                \u00b7\n                            <\/small>\n                                                                            <small>\n                                77.500 km\n                            <\/small>\n                                                                            <small>\n                                \u00b7\n                                92 kW\n                                                                (\n                                125 PS)\n                            <\/small>\n                                                                            <small>\n                                \u00b7\n                                Schaltgetriebe                            <\/small>\n                                                                            <small>\n                                \u00b7\n                                Unfallfrei                            <\/small>\n                        \n                                                    <small>\n                                \u00b7\n                                Benzin                            <\/small>\n                                                                                                                            <small>\n                                \u00b7\n                                4\/5 T\u00fcren\n                            <\/small>\n                                                <ul class=\"vehicle-emission\">\n                                                                                     \n                                       \n  <!-- CO2-Emissionen\t-->\n                                        <!-- CO2-Emissionen\t-->\n                   \n \n \n\n\n                <\/ul>\n\n                    <\/div>\n\n                    <div class=\"vehicle-price\">\n                                                    <div itemprop=\"priceSpecification\" itemscope itemtype=\"http:\/\/schema.org\/UnitPriceSpecification\">\n                                <meta itemprop=\"priceCurrency\" content=\"EUR\">\n                                <meta itemprop=\"price\" content=\"12.930\">\n                                <strong>\n                                    12.930 \u20ac (Brutto)\n                                <\/strong><br><small>\n                                    MwSt. nicht ausweisbar                                <\/small>\n                            <\/div>\n                                                <br>\n                        <a href=\"https:\/\/ford-sachsen.de\/html\/page\/fahrzeuge\/ford-ecosport-titanium-klimaautom-ambientebeleuchtung\/\"\n                            class=\"vehicle-btn wp-block-button__link wp-element-button\">Details<\/a>\n                    <\/div>\n                <\/div> <!-- \/\/ vehicle-row -->\n               \n            <\/article>\n                        <article id=\"post-4746546\" class=\"vehicle\">\n                <hgroup>\n                    <a href=\"https:\/\/ford-sachsen.de\/html\/page\/fahrzeuge\/ford-ranger-plug-in-hybrid-e-4wd-doppelkabine-stormtr\/\">\n                        <h2 class=\"vehicle-title\">\n                            Ford Ranger Plug-in-Hybrid e-4WD Doppelkabine Stormtr                        <\/h2>\n\n                    <\/a>\n                <\/hgroup>\n                <span class=\"vehicle-addition\">\n                    <p>\n                        Kastenwagen ,\n                        Gebrauchtfahrzeug                    <\/p>\n                <\/span>\n                <div class=\"vehicle-row\">\n                    <div class=\"vehicle-thumbnail\">\n                        <a href=\"https:\/\/ford-sachsen.de\/html\/page\/fahrzeuge\/ford-ranger-plug-in-hybrid-e-4wd-doppelkabine-stormtr\/\" title=\"Ford Ranger Plug-in-Hybrid e-4WD Doppelkabine Stormtr\">\n                            <img loading=\"lazy\" decoding=\"async\" width=\"300\" height=\"225\" src=\"https:\/\/ford-sachsen.de\/html\/page\/wp-content\/uploads\/2026\/05\/4746546-69f54332894d142f4c8d9-8b52-4c7a-bb1d-41eea9dad6ef-rule-mo-1600-300x225.jpg\" class=\"attachment-medium size-medium wp-post-image\" alt=\"\" srcset=\"https:\/\/ford-sachsen.de\/html\/page\/wp-content\/uploads\/2026\/05\/4746546-69f54332894d142f4c8d9-8b52-4c7a-bb1d-41eea9dad6ef-rule-mo-1600-300x225.jpg 300w, https:\/\/ford-sachsen.de\/html\/page\/wp-content\/uploads\/2026\/05\/4746546-69f54332894d142f4c8d9-8b52-4c7a-bb1d-41eea9dad6ef-rule-mo-1600-1024x768.jpg 1024w, https:\/\/ford-sachsen.de\/html\/page\/wp-content\/uploads\/2026\/05\/4746546-69f54332894d142f4c8d9-8b52-4c7a-bb1d-41eea9dad6ef-rule-mo-1600-768x576.jpg 768w, https:\/\/ford-sachsen.de\/html\/page\/wp-content\/uploads\/2026\/05\/4746546-69f54332894d142f4c8d9-8b52-4c7a-bb1d-41eea9dad6ef-rule-mo-1600.jpg 1440w\" sizes=\"(max-width: 300px) 100vw, 300px\" \/>                        <\/a>\n                    <\/div>\n                    <div class=\"vehicle-data\">\n                                                    <small>\n                                                                12.2025                                \u00b7\n                            <\/small>\n                                                                            <small>\n                                2.650 km\n                            <\/small>\n                                                                            <small>\n                                \u00b7\n                                205 kW\n                                                                (\n                                279 PS)\n                            <\/small>\n                                                                            <small>\n                                \u00b7\n                                Automatik                            <\/small>\n                                                                            <small>\n                                \u00b7\n                                Unfallfrei                            <\/small>\n                        \n                                                    <small>\n                                \u00b7\n                                Hybrid (Benzin\/Elektro)                            <\/small>\n                                                                                                                        <ul class=\"vehicle-emission\">\n                                                                                     \n                                       \n  <!-- CO2-Emissionen\t-->\n                                        <!-- CO2-Emissionen\t-->\n                   \n \n \n\n\n                <\/ul>\n\n                    <\/div>\n\n                    <div class=\"vehicle-price\">\n                                                    <div itemprop=\"priceSpecification\" itemscope itemtype=\"http:\/\/schema.org\/UnitPriceSpecification\">\n                                <meta itemprop=\"priceCurrency\" content=\"EUR\">\n                                <meta itemprop=\"price\" content=\"61.890\">\n                                <strong>\n                                    61.890 \u20ac (Brutto)\n                                <\/strong><br><small>\n                                    Inkl. 19% MwSt.                                <\/small>\n                            <\/div>\n                                                <br>\n                        <a href=\"https:\/\/ford-sachsen.de\/html\/page\/fahrzeuge\/ford-ranger-plug-in-hybrid-e-4wd-doppelkabine-stormtr\/\"\n                            class=\"vehicle-btn wp-block-button__link wp-element-button\">Details<\/a>\n                    <\/div>\n                <\/div> <!-- \/\/ vehicle-row -->\n               \n            <\/article>\n                        <article id=\"post-4746544\" class=\"vehicle\">\n                <hgroup>\n                    <a href=\"https:\/\/ford-sachsen.de\/html\/page\/fahrzeuge\/ford-ranger-msrt-doka-lednavistandheizung-ahk-navi\/\">\n                        <h2 class=\"vehicle-title\">\n                            Ford Ranger MSRT DoKa LED+NAVI+STANDHEIZUNG AHK Navi                        <\/h2>\n\n                    <\/a>\n                <\/hgroup>\n                <span class=\"vehicle-addition\">\n                    <p>\n                        SUV\/Gel\u00e4ndewagen\/Pickup ,\n                        Gebrauchtfahrzeug                    <\/p>\n                <\/span>\n                <div class=\"vehicle-row\">\n                    <div class=\"vehicle-thumbnail\">\n                        <a href=\"https:\/\/ford-sachsen.de\/html\/page\/fahrzeuge\/ford-ranger-msrt-doka-lednavistandheizung-ahk-navi\/\" title=\"Ford Ranger MSRT DoKa LED+NAVI+STANDHEIZUNG AHK Navi\">\n                            <img loading=\"lazy\" decoding=\"async\" width=\"300\" height=\"225\" src=\"https:\/\/ford-sachsen.de\/html\/page\/wp-content\/uploads\/2026\/05\/4746544-69f54330a426ac5c5c6e3-28d6-43ad-b5e8-fd2a0f4780fb-rule-mo-1600-300x225.jpg\" class=\"attachment-medium size-medium wp-post-image\" alt=\"\" srcset=\"https:\/\/ford-sachsen.de\/html\/page\/wp-content\/uploads\/2026\/05\/4746544-69f54330a426ac5c5c6e3-28d6-43ad-b5e8-fd2a0f4780fb-rule-mo-1600-300x225.jpg 300w, https:\/\/ford-sachsen.de\/html\/page\/wp-content\/uploads\/2026\/05\/4746544-69f54330a426ac5c5c6e3-28d6-43ad-b5e8-fd2a0f4780fb-rule-mo-1600-1024x768.jpg 1024w, https:\/\/ford-sachsen.de\/html\/page\/wp-content\/uploads\/2026\/05\/4746544-69f54330a426ac5c5c6e3-28d6-43ad-b5e8-fd2a0f4780fb-rule-mo-1600-768x576.jpg 768w, https:\/\/ford-sachsen.de\/html\/page\/wp-content\/uploads\/2026\/05\/4746544-69f54330a426ac5c5c6e3-28d6-43ad-b5e8-fd2a0f4780fb-rule-mo-1600.jpg 1440w\" sizes=\"(max-width: 300px) 100vw, 300px\" \/>                        <\/a>\n                    <\/div>\n                    <div class=\"vehicle-data\">\n                                                    <small>\n                                                                12.2025                                \u00b7\n                            <\/small>\n                                                                            <small>\n                                2.458 km\n                            <\/small>\n                                                                            <small>\n                                \u00b7\n                                177 kW\n                                                                (\n                                241 PS)\n                            <\/small>\n                                                                            <small>\n                                \u00b7\n                                Automatik                            <\/small>\n                                                                            <small>\n                                \u00b7\n                                Unfallfrei                            <\/small>\n                        \n                                                    <small>\n                                \u00b7\n                                Diesel                            <\/small>\n                                                                                                                            <small>\n                                \u00b7\n                                4\/5 T\u00fcren\n                            <\/small>\n                                                <ul class=\"vehicle-emission\">\n                                                 <span>Verbrauch komb.: \n                                    10.1                                 l\/100km<\/span><br>\n                                                                                \n                                       \n  <!-- CO2-Emissionen\t-->\n                                            <span>CO\u2082-Emissionen komb.: 265.0                                 g\/km<\/span><br>\n                                        <!-- CO2-Emissionen\t-->\n                   \n \n                         <span>CO\u2082-Klasse: \n                                    G                                <\/span><br>\n                    \n\n\n                <\/ul>\n\n                    <\/div>\n\n                    <div class=\"vehicle-price\">\n                                                    <div itemprop=\"priceSpecification\" itemscope itemtype=\"http:\/\/schema.org\/UnitPriceSpecification\">\n                                <meta itemprop=\"priceCurrency\" content=\"EUR\">\n                                <meta itemprop=\"price\" content=\"67.890\">\n                                <strong>\n                                    67.890 \u20ac (Brutto)\n                                <\/strong><br><small>\n                                    Inkl. 19% MwSt.                                <\/small>\n                            <\/div>\n                                                <br>\n                        <a href=\"https:\/\/ford-sachsen.de\/html\/page\/fahrzeuge\/ford-ranger-msrt-doka-lednavistandheizung-ahk-navi\/\"\n                            class=\"vehicle-btn wp-block-button__link wp-element-button\">Details<\/a>\n                    <\/div>\n                <\/div> <!-- \/\/ vehicle-row -->\n               \n            <\/article>\n                        <article id=\"post-4746542\" class=\"vehicle\">\n                <hgroup>\n                    <a href=\"https:\/\/ford-sachsen.de\/html\/page\/fahrzeuge\/ford-transit-custom-kombi-340-l2-limited-plug-in-hyb\/\">\n                        <h2 class=\"vehicle-title\">\n                            Ford Transit Custom Kombi 340 L2 Limited  Plug-in Hyb                        <\/h2>\n\n                    <\/a>\n                <\/hgroup>\n                <span class=\"vehicle-addition\">\n                    <p>\n                        Kombi ,\n                        Gebrauchtfahrzeug                    <\/p>\n                <\/span>\n                <div class=\"vehicle-row\">\n                    <div class=\"vehicle-thumbnail\">\n                        <a href=\"https:\/\/ford-sachsen.de\/html\/page\/fahrzeuge\/ford-transit-custom-kombi-340-l2-limited-plug-in-hyb\/\" title=\"Ford Transit Custom Kombi 340 L2 Limited  Plug-in Hyb\">\n                            <img loading=\"lazy\" decoding=\"async\" width=\"300\" height=\"225\" src=\"https:\/\/ford-sachsen.de\/html\/page\/wp-content\/uploads\/2026\/05\/4746542-69f5432eb58355f915f9c-99d0-4245-9978-95eb93c14e25-rule-mo-1600-300x225.jpg\" class=\"attachment-medium size-medium wp-post-image\" alt=\"\" srcset=\"https:\/\/ford-sachsen.de\/html\/page\/wp-content\/uploads\/2026\/05\/4746542-69f5432eb58355f915f9c-99d0-4245-9978-95eb93c14e25-rule-mo-1600-300x225.jpg 300w, https:\/\/ford-sachsen.de\/html\/page\/wp-content\/uploads\/2026\/05\/4746542-69f5432eb58355f915f9c-99d0-4245-9978-95eb93c14e25-rule-mo-1600-1024x768.jpg 1024w, https:\/\/ford-sachsen.de\/html\/page\/wp-content\/uploads\/2026\/05\/4746542-69f5432eb58355f915f9c-99d0-4245-9978-95eb93c14e25-rule-mo-1600-768x576.jpg 768w, https:\/\/ford-sachsen.de\/html\/page\/wp-content\/uploads\/2026\/05\/4746542-69f5432eb58355f915f9c-99d0-4245-9978-95eb93c14e25-rule-mo-1600.jpg 1440w\" sizes=\"(max-width: 300px) 100vw, 300px\" \/>                        <\/a>\n                    <\/div>\n                    <div class=\"vehicle-data\">\n                                                    <small>\n                                                                12.2025                                \u00b7\n                            <\/small>\n                                                                            <small>\n                                2.650 km\n                            <\/small>\n                                                                            <small>\n                                \u00b7\n                                171 kW\n                                                                (\n                                232 PS)\n                            <\/small>\n                                                                            <small>\n                                \u00b7\n                                Automatik                            <\/small>\n                                                                            <small>\n                                \u00b7\n                                Unfallfrei                            <\/small>\n                        \n                                                    <small>\n                                \u00b7\n                                Plug-in-Hybrid                            <\/small>\n                                                                                                                            <small>\n                                \u00b7\n                                4\/5 T\u00fcren\n                            <\/small>\n                                                <ul class=\"vehicle-emission\">\n                                                <span>Kraftstoffverbrauch gewichtet, kombiniert: \n                                    3.9                                 l\/100km<\/span><br>\n                                             <span>Verbrauch komb.: \n                                    7.2                                 l\/100km<\/span><br>\n                                                                <span>Stromverbrauch gewichtet, kombiniert: \n                                    26.5                                 kWh\/100km<\/span><br>\n                                                            \n                                       \n  <!-- CO2-Emissionen\t-->\n                                            <span>CO\u2082-Emissionen komb.: 89.0                                 g\/km<\/span><br>\n                                        <!-- CO2-Emissionen\t-->\n                   \n \n                         <span>CO\u2082-Klasse: \n                                    B                                <\/span><br>\n                    \n\n\n                <\/ul>\n\n                    <\/div>\n\n                    <div class=\"vehicle-price\">\n                                                    <div itemprop=\"priceSpecification\" itemscope itemtype=\"http:\/\/schema.org\/UnitPriceSpecification\">\n                                <meta itemprop=\"priceCurrency\" content=\"EUR\">\n                                <meta itemprop=\"price\" content=\"49.890\">\n                                <strong>\n                                    49.890 \u20ac (Brutto)\n                                <\/strong><br><small>\n                                    Inkl. 19% MwSt.                                <\/small>\n                            <\/div>\n                                                <br>\n                        <a href=\"https:\/\/ford-sachsen.de\/html\/page\/fahrzeuge\/ford-transit-custom-kombi-340-l2-limited-plug-in-hyb\/\"\n                            class=\"vehicle-btn wp-block-button__link wp-element-button\">Details<\/a>\n                    <\/div>\n                <\/div> <!-- \/\/ vehicle-row -->\n               \n            <\/article>\n                        <article id=\"post-4746540\" class=\"vehicle\">\n                <hgroup>\n                    <a href=\"https:\/\/ford-sachsen.de\/html\/page\/fahrzeuge\/bmw-218-active-tourer-i-2er-leddesign-und-ausstatt\/\">\n                        <h2 class=\"vehicle-title\">\n                            BMW 218 Active Tourer i 2er LED+Design- und Ausstatt                        <\/h2>\n\n                    <\/a>\n                <\/hgroup>\n                <span class=\"vehicle-addition\">\n                    <p>\n                        Van\/Minibus ,\n                        Gebrauchtfahrzeug                    <\/p>\n                <\/span>\n                <div class=\"vehicle-row\">\n                    <div class=\"vehicle-thumbnail\">\n                        <a href=\"https:\/\/ford-sachsen.de\/html\/page\/fahrzeuge\/bmw-218-active-tourer-i-2er-leddesign-und-ausstatt\/\" title=\"BMW 218 Active Tourer i 2er LED+Design- und Ausstatt\">\n                            <img loading=\"lazy\" decoding=\"async\" width=\"300\" height=\"225\" src=\"https:\/\/ford-sachsen.de\/html\/page\/wp-content\/uploads\/2026\/05\/4746540-69f5432d0f209b5fc56c5-95bc-4ad1-b9e8-cc5377a3c859-rule-mo-1600-300x225.jpg\" class=\"attachment-medium size-medium wp-post-image\" alt=\"\" srcset=\"https:\/\/ford-sachsen.de\/html\/page\/wp-content\/uploads\/2026\/05\/4746540-69f5432d0f209b5fc56c5-95bc-4ad1-b9e8-cc5377a3c859-rule-mo-1600-300x225.jpg 300w, https:\/\/ford-sachsen.de\/html\/page\/wp-content\/uploads\/2026\/05\/4746540-69f5432d0f209b5fc56c5-95bc-4ad1-b9e8-cc5377a3c859-rule-mo-1600-1024x768.jpg 1024w, https:\/\/ford-sachsen.de\/html\/page\/wp-content\/uploads\/2026\/05\/4746540-69f5432d0f209b5fc56c5-95bc-4ad1-b9e8-cc5377a3c859-rule-mo-1600-768x576.jpg 768w, https:\/\/ford-sachsen.de\/html\/page\/wp-content\/uploads\/2026\/05\/4746540-69f5432d0f209b5fc56c5-95bc-4ad1-b9e8-cc5377a3c859-rule-mo-1600.jpg 1440w\" sizes=\"(max-width: 300px) 100vw, 300px\" \/>                        <\/a>\n                    <\/div>\n                    <div class=\"vehicle-data\">\n                                                    <small>\n                                                                10.2015                                \u00b7\n                            <\/small>\n                                                                            <small>\n                                80.430 km\n                            <\/small>\n                                                                            <small>\n                                \u00b7\n                                100 kW\n                                                                (\n                                136 PS)\n                            <\/small>\n                                                                            <small>\n                                \u00b7\n                                Schaltgetriebe                            <\/small>\n                                                                            <small>\n                                \u00b7\n                                Unfallfrei                            <\/small>\n                        \n                                                    <small>\n                                \u00b7\n                                Benzin                            <\/small>\n                                                                                                                            <small>\n                                \u00b7\n                                4\/5 T\u00fcren\n                            <\/small>\n                                                <ul class=\"vehicle-emission\">\n                                                                                     \n                                       \n  <!-- CO2-Emissionen\t-->\n                                        <!-- CO2-Emissionen\t-->\n                   \n \n \n\n\n                <\/ul>\n\n                    <\/div>\n\n                    <div class=\"vehicle-price\">\n                                                    <div itemprop=\"priceSpecification\" itemscope itemtype=\"http:\/\/schema.org\/UnitPriceSpecification\">\n                                <meta itemprop=\"priceCurrency\" content=\"EUR\">\n                                <meta itemprop=\"price\" content=\"14.390\">\n                                <strong>\n                                    14.390 \u20ac (Brutto)\n                                <\/strong><br><small>\n                                    MwSt. nicht ausweisbar                                <\/small>\n                            <\/div>\n                                                <br>\n                        <a href=\"https:\/\/ford-sachsen.de\/html\/page\/fahrzeuge\/bmw-218-active-tourer-i-2er-leddesign-und-ausstatt\/\"\n                            class=\"vehicle-btn wp-block-button__link wp-element-button\">Details<\/a>\n                    <\/div>\n                <\/div> <!-- \/\/ vehicle-row -->\n               \n            <\/article>\n                        <article id=\"post-4746538\" class=\"vehicle\">\n                <hgroup>\n                    <a href=\"https:\/\/ford-sachsen.de\/html\/page\/fahrzeuge\/ford-tourneo-custom-bus-320-l1-fwd-titanium-navischi\/\">\n                        <h2 class=\"vehicle-title\">\n                            Ford Tourneo Custom Bus 320 L1 FWD Titanium NAVI+SCHI                        <\/h2>\n\n                    <\/a>\n                <\/hgroup>\n                <span class=\"vehicle-addition\">\n                    <p>\n                        Van\/Minibus ,\n                        Gebrauchtfahrzeug                    <\/p>\n                <\/span>\n                <div class=\"vehicle-row\">\n                    <div class=\"vehicle-thumbnail\">\n                        <a href=\"https:\/\/ford-sachsen.de\/html\/page\/fahrzeuge\/ford-tourneo-custom-bus-320-l1-fwd-titanium-navischi\/\" title=\"Ford Tourneo Custom Bus 320 L1 FWD Titanium NAVI+SCHI\">\n                            <img loading=\"lazy\" decoding=\"async\" width=\"300\" height=\"225\" src=\"https:\/\/ford-sachsen.de\/html\/page\/wp-content\/uploads\/2026\/05\/4746538-69f5432b3d902954bde94-3519-4426-ba77-f1bcd312bf74-rule-mo-1600-300x225.jpg\" class=\"attachment-medium size-medium wp-post-image\" alt=\"\" srcset=\"https:\/\/ford-sachsen.de\/html\/page\/wp-content\/uploads\/2026\/05\/4746538-69f5432b3d902954bde94-3519-4426-ba77-f1bcd312bf74-rule-mo-1600-300x225.jpg 300w, https:\/\/ford-sachsen.de\/html\/page\/wp-content\/uploads\/2026\/05\/4746538-69f5432b3d902954bde94-3519-4426-ba77-f1bcd312bf74-rule-mo-1600-1024x768.jpg 1024w, https:\/\/ford-sachsen.de\/html\/page\/wp-content\/uploads\/2026\/05\/4746538-69f5432b3d902954bde94-3519-4426-ba77-f1bcd312bf74-rule-mo-1600-768x576.jpg 768w, https:\/\/ford-sachsen.de\/html\/page\/wp-content\/uploads\/2026\/05\/4746538-69f5432b3d902954bde94-3519-4426-ba77-f1bcd312bf74-rule-mo-1600.jpg 1440w\" sizes=\"(max-width: 300px) 100vw, 300px\" \/>                        <\/a>\n                    <\/div>\n                    <div class=\"vehicle-data\">\n                                                    <small>\n                                                                12.2025                                \u00b7\n                            <\/small>\n                                                                            <small>\n                                4.500 km\n                            <\/small>\n                                                                            <small>\n                                \u00b7\n                                100 kW\n                                                                (\n                                136 PS)\n                            <\/small>\n                                                                            <small>\n                                \u00b7\n                                Schaltgetriebe                            <\/small>\n                                                                            <small>\n                                \u00b7\n                                Unfallfrei                            <\/small>\n                        \n                                                    <small>\n                                \u00b7\n                                Diesel                            <\/small>\n                                                                                                                            <small>\n                                \u00b7\n                                4\/5 T\u00fcren\n                            <\/small>\n                                                <ul class=\"vehicle-emission\">\n                                                 <span>Verbrauch komb.: \n                                    8.3                                 l\/100km<\/span><br>\n                                                                                \n                                       \n  <!-- CO2-Emissionen\t-->\n                                            <span>CO\u2082-Emissionen komb.: 253.0                                 g\/km<\/span><br>\n                                        <!-- CO2-Emissionen\t-->\n                   \n \n                         <span>CO\u2082-Klasse: \n                                    G                                <\/span><br>\n                    \n\n\n                <\/ul>\n\n                    <\/div>\n\n                    <div class=\"vehicle-price\">\n                                                    <div itemprop=\"priceSpecification\" itemscope itemtype=\"http:\/\/schema.org\/UnitPriceSpecification\">\n                                <meta itemprop=\"priceCurrency\" content=\"EUR\">\n                                <meta itemprop=\"price\" content=\"45.950\">\n                                <strong>\n                                    45.950 \u20ac (Brutto)\n                                <\/strong><br><small>\n                                    Inkl. 19% MwSt.                                <\/small>\n                            <\/div>\n                                                <br>\n                        <a href=\"https:\/\/ford-sachsen.de\/html\/page\/fahrzeuge\/ford-tourneo-custom-bus-320-l1-fwd-titanium-navischi\/\"\n                            class=\"vehicle-btn wp-block-button__link wp-element-button\">Details<\/a>\n                    <\/div>\n                <\/div> <!-- \/\/ vehicle-row -->\n               \n            <\/article>\n                        <article id=\"post-4746536\" class=\"vehicle\">\n                <hgroup>\n                    <a href=\"https:\/\/ford-sachsen.de\/html\/page\/fahrzeuge\/ford-ecosport-titanium-klimaautom-shz-keyless-entry-k\/\">\n                        <h2 class=\"vehicle-title\">\n                            Ford EcoSport Titanium Klimaautom SHZ Keyless Entry K                        <\/h2>\n\n                    <\/a>\n                <\/hgroup>\n                <span class=\"vehicle-addition\">\n                    <p>\n                        SUV\/Gel\u00e4ndewagen\/Pickup ,\n                        Gebrauchtfahrzeug                    <\/p>\n                <\/span>\n                <div class=\"vehicle-row\">\n                    <div class=\"vehicle-thumbnail\">\n                        <a href=\"https:\/\/ford-sachsen.de\/html\/page\/fahrzeuge\/ford-ecosport-titanium-klimaautom-shz-keyless-entry-k\/\" title=\"Ford EcoSport Titanium Klimaautom SHZ Keyless Entry K\">\n                            <img loading=\"lazy\" decoding=\"async\" width=\"300\" height=\"225\" src=\"https:\/\/ford-sachsen.de\/html\/page\/wp-content\/uploads\/2026\/05\/4746536-69f543297724840df716c-3039-49d7-9465-d5a48eaef616-rule-mo-1600-300x225.jpg\" class=\"attachment-medium size-medium wp-post-image\" alt=\"\" srcset=\"https:\/\/ford-sachsen.de\/html\/page\/wp-content\/uploads\/2026\/05\/4746536-69f543297724840df716c-3039-49d7-9465-d5a48eaef616-rule-mo-1600-300x225.jpg 300w, https:\/\/ford-sachsen.de\/html\/page\/wp-content\/uploads\/2026\/05\/4746536-69f543297724840df716c-3039-49d7-9465-d5a48eaef616-rule-mo-1600-1024x768.jpg 1024w, https:\/\/ford-sachsen.de\/html\/page\/wp-content\/uploads\/2026\/05\/4746536-69f543297724840df716c-3039-49d7-9465-d5a48eaef616-rule-mo-1600-768x576.jpg 768w, https:\/\/ford-sachsen.de\/html\/page\/wp-content\/uploads\/2026\/05\/4746536-69f543297724840df716c-3039-49d7-9465-d5a48eaef616-rule-mo-1600.jpg 1440w\" sizes=\"(max-width: 300px) 100vw, 300px\" \/>                        <\/a>\n                    <\/div>\n                    <div class=\"vehicle-data\">\n                                                    <small>\n                                                                11.2015                                \u00b7\n                            <\/small>\n                                                                            <small>\n                                69.823 km\n                            <\/small>\n                                                                            <small>\n                                \u00b7\n                                92 kW\n                                                                (\n                                125 PS)\n                            <\/small>\n                                                                            <small>\n                                \u00b7\n                                Schaltgetriebe                            <\/small>\n                                                                            <small>\n                                \u00b7\n                                Unfallfrei                            <\/small>\n                        \n                                                    <small>\n                                \u00b7\n                                Benzin                            <\/small>\n                                                                                                                            <small>\n                                \u00b7\n                                4\/5 T\u00fcren\n                            <\/small>\n                                                <ul class=\"vehicle-emission\">\n                                                                                     \n                                       \n  <!-- CO2-Emissionen\t-->\n                                        <!-- CO2-Emissionen\t-->\n                   \n \n \n\n\n                <\/ul>\n\n                    <\/div>\n\n                    <div class=\"vehicle-price\">\n                                                    <div itemprop=\"priceSpecification\" itemscope itemtype=\"http:\/\/schema.org\/UnitPriceSpecification\">\n                                <meta itemprop=\"priceCurrency\" content=\"EUR\">\n                                <meta itemprop=\"price\" content=\"10.490\">\n                                <strong>\n                                    10.490 \u20ac (Brutto)\n                                <\/strong><br><small>\n                                    MwSt. nicht ausweisbar                                <\/small>\n                            <\/div>\n                                                <br>\n                        <a href=\"https:\/\/ford-sachsen.de\/html\/page\/fahrzeuge\/ford-ecosport-titanium-klimaautom-shz-keyless-entry-k\/\"\n                            class=\"vehicle-btn wp-block-button__link wp-element-button\">Details<\/a>\n                    <\/div>\n                <\/div> <!-- \/\/ vehicle-row -->\n               \n            <\/article>\n                        <article id=\"post-4746534\" class=\"vehicle\">\n                <hgroup>\n                    <a href=\"https:\/\/ford-sachsen.de\/html\/page\/fahrzeuge\/volkswagen-passat-elegance-ahk-klappbar-navi-leder-led-blen\/\">\n                        <h2 class=\"vehicle-title\">\n                            Volkswagen Passat Elegance AHK-klappbar Navi Leder LED Blen                        <\/h2>\n\n                    <\/a>\n                <\/hgroup>\n                <span class=\"vehicle-addition\">\n                    <p>\n                        Kombi ,\n                        Gebrauchtfahrzeug                    <\/p>\n                <\/span>\n                <div class=\"vehicle-row\">\n                    <div class=\"vehicle-thumbnail\">\n                        <a href=\"https:\/\/ford-sachsen.de\/html\/page\/fahrzeuge\/volkswagen-passat-elegance-ahk-klappbar-navi-leder-led-blen\/\" title=\"Volkswagen Passat Elegance AHK-klappbar Navi Leder LED Blen\">\n                            <img loading=\"lazy\" decoding=\"async\" width=\"300\" height=\"225\" src=\"https:\/\/ford-sachsen.de\/html\/page\/wp-content\/uploads\/2026\/05\/4746534-69f543279b86582eb6414-139b-4f8e-9d42-ce0dee214441-rule-mo-1600-300x225.jpg\" class=\"attachment-medium size-medium wp-post-image\" alt=\"\" srcset=\"https:\/\/ford-sachsen.de\/html\/page\/wp-content\/uploads\/2026\/05\/4746534-69f543279b86582eb6414-139b-4f8e-9d42-ce0dee214441-rule-mo-1600-300x225.jpg 300w, https:\/\/ford-sachsen.de\/html\/page\/wp-content\/uploads\/2026\/05\/4746534-69f543279b86582eb6414-139b-4f8e-9d42-ce0dee214441-rule-mo-1600-1024x768.jpg 1024w, https:\/\/ford-sachsen.de\/html\/page\/wp-content\/uploads\/2026\/05\/4746534-69f543279b86582eb6414-139b-4f8e-9d42-ce0dee214441-rule-mo-1600-768x576.jpg 768w, https:\/\/ford-sachsen.de\/html\/page\/wp-content\/uploads\/2026\/05\/4746534-69f543279b86582eb6414-139b-4f8e-9d42-ce0dee214441-rule-mo-1600.jpg 1440w\" sizes=\"(max-width: 300px) 100vw, 300px\" \/>                        <\/a>\n                    <\/div>\n                    <div class=\"vehicle-data\">\n                                                    <small>\n                                                                01.2021                                \u00b7\n                            <\/small>\n                                                                            <small>\n                                74.743 km\n                            <\/small>\n                                                                            <small>\n                                \u00b7\n                                110 kW\n                                                                (\n                                150 PS)\n                            <\/small>\n                                                                            <small>\n                                \u00b7\n                                Automatik                            <\/small>\n                                                                            <small>\n                                \u00b7\n                                Unfallfrei                            <\/small>\n                        \n                                                    <small>\n                                \u00b7\n                                Diesel                            <\/small>\n                                                                                                                            <small>\n                                \u00b7\n                                4\/5 T\u00fcren\n                            <\/small>\n                                                <ul class=\"vehicle-emission\">\n                                                 <span>Verbrauch komb.: \n                                    4.9                                 l\/100km<\/span><br>\n                                                                                \n                                       \n  <!-- CO2-Emissionen\t-->\n                                            <span>CO\u2082-Emissionen komb.: 127.0                                 g\/km<\/span><br>\n                                        <!-- CO2-Emissionen\t-->\n                   \n \n                         <span>CO\u2082-Klasse: \n                                    D                                <\/span><br>\n                    \n\n\n                <\/ul>\n\n                    <\/div>\n\n                    <div class=\"vehicle-price\">\n                                                    <div itemprop=\"priceSpecification\" itemscope itemtype=\"http:\/\/schema.org\/UnitPriceSpecification\">\n                                <meta itemprop=\"priceCurrency\" content=\"EUR\">\n                                <meta itemprop=\"price\" content=\"26.690\">\n                                <strong>\n                                    26.690 \u20ac (Brutto)\n                                <\/strong><br><small>\n                                    MwSt. nicht ausweisbar                                <\/small>\n                            <\/div>\n                                                <br>\n                        <a href=\"https:\/\/ford-sachsen.de\/html\/page\/fahrzeuge\/volkswagen-passat-elegance-ahk-klappbar-navi-leder-led-blen\/\"\n                            class=\"vehicle-btn wp-block-button__link wp-element-button\">Details<\/a>\n                    <\/div>\n                <\/div> <!-- \/\/ vehicle-row -->\n               \n            <\/article>\n                        <article id=\"post-4746532\" class=\"vehicle\">\n                <hgroup>\n                    <a href=\"https:\/\/ford-sachsen.de\/html\/page\/fahrzeuge\/mitsubishi-eclipse-cross-160kw-diamant-top-luxuryumweltbon\/\">\n                        <h2 class=\"vehicle-title\">\n                            Mitsubishi Eclipse Cross 160kW Diamant Top Luxury+UMWELTBON                        <\/h2>\n\n                    <\/a>\n                <\/hgroup>\n                <span class=\"vehicle-addition\">\n                    <p>\n                        SUV\/Gel\u00e4ndewagen\/Pickup ,\n                        Neufahrzeug                    <\/p>\n                <\/span>\n                <div class=\"vehicle-row\">\n                    <div class=\"vehicle-thumbnail\">\n                        <a href=\"https:\/\/ford-sachsen.de\/html\/page\/fahrzeuge\/mitsubishi-eclipse-cross-160kw-diamant-top-luxuryumweltbon\/\" title=\"Mitsubishi Eclipse Cross 160kW Diamant Top Luxury+UMWELTBON\">\n                            <img loading=\"lazy\" decoding=\"async\" width=\"300\" height=\"225\" src=\"https:\/\/ford-sachsen.de\/html\/page\/wp-content\/uploads\/2026\/05\/4746532-69f54325b40847fd90ecd-1e45-4fff-b728-1201cfcf6511-rule-mo-1600-300x225.jpg\" class=\"attachment-medium size-medium wp-post-image\" alt=\"\" srcset=\"https:\/\/ford-sachsen.de\/html\/page\/wp-content\/uploads\/2026\/05\/4746532-69f54325b40847fd90ecd-1e45-4fff-b728-1201cfcf6511-rule-mo-1600-300x225.jpg 300w, https:\/\/ford-sachsen.de\/html\/page\/wp-content\/uploads\/2026\/05\/4746532-69f54325b40847fd90ecd-1e45-4fff-b728-1201cfcf6511-rule-mo-1600-1024x768.jpg 1024w, https:\/\/ford-sachsen.de\/html\/page\/wp-content\/uploads\/2026\/05\/4746532-69f54325b40847fd90ecd-1e45-4fff-b728-1201cfcf6511-rule-mo-1600-768x576.jpg 768w, https:\/\/ford-sachsen.de\/html\/page\/wp-content\/uploads\/2026\/05\/4746532-69f54325b40847fd90ecd-1e45-4fff-b728-1201cfcf6511-rule-mo-1600.jpg 1440w\" sizes=\"(max-width: 300px) 100vw, 300px\" \/>                        <\/a>\n                    <\/div>\n                    <div class=\"vehicle-data\">\n                                                                                                    <small>\n                                \u00b7\n                                160 kW\n                                                                (\n                                218 PS)\n                            <\/small>\n                                                                            <small>\n                                \u00b7\n                                Automatik                            <\/small>\n                                                                            <small>\n                                \u00b7\n                                Unfallfrei                            <\/small>\n                        \n                                                    <small>\n                                \u00b7\n                                Elektro                            <\/small>\n                                                                                                                            <small>\n                                \u00b7\n                                4\/5 T\u00fcren\n                            <\/small>\n                                                <ul class=\"vehicle-emission\">\n                                                                                     \n                                       \n  <!-- CO2-Emissionen\t-->\n                                            <span>CO\u2082-Emissionen komb.: 0.0                                 g\/km<\/span><br>\n                                        <!-- CO2-Emissionen\t-->\n                   \n \n                         <span>CO\u2082-Klasse: \n                                    A                                <\/span><br>\n                    \n\n\n                <\/ul>\n\n                    <\/div>\n\n                    <div class=\"vehicle-price\">\n                                                    <div itemprop=\"priceSpecification\" itemscope itemtype=\"http:\/\/schema.org\/UnitPriceSpecification\">\n                                <meta itemprop=\"priceCurrency\" content=\"EUR\">\n                                <meta itemprop=\"price\" content=\"51.950\">\n                                <strong>\n                                    51.950 \u20ac (Brutto)\n                                <\/strong><br><small>\n                                    Inkl. 19% MwSt.                                <\/small>\n                            <\/div>\n                                                <br>\n                        <a href=\"https:\/\/ford-sachsen.de\/html\/page\/fahrzeuge\/mitsubishi-eclipse-cross-160kw-diamant-top-luxuryumweltbon\/\"\n                            class=\"vehicle-btn wp-block-button__link wp-element-button\">Details<\/a>\n                    <\/div>\n                <\/div> <!-- \/\/ vehicle-row -->\n               \n            <\/article>\n                        <article id=\"post-4746530\" class=\"vehicle\">\n                <hgroup>\n                    <a href=\"https:\/\/ford-sachsen.de\/html\/page\/fahrzeuge\/mitsubishi-colt-edition-navi-digitales-cockpit-led-acc-appl-3\/\">\n                        <h2 class=\"vehicle-title\">\n                            Mitsubishi Colt Edition Navi Digitales Cockpit LED ACC Appl                        <\/h2>\n\n                    <\/a>\n                <\/hgroup>\n                <span class=\"vehicle-addition\">\n                    <p>\n                        Limousine ,\n                        Gebrauchtfahrzeug                    <\/p>\n                <\/span>\n                <div class=\"vehicle-row\">\n                    <div class=\"vehicle-thumbnail\">\n                        <a href=\"https:\/\/ford-sachsen.de\/html\/page\/fahrzeuge\/mitsubishi-colt-edition-navi-digitales-cockpit-led-acc-appl-3\/\" title=\"Mitsubishi Colt Edition Navi Digitales Cockpit LED ACC Appl\">\n                            <img loading=\"lazy\" decoding=\"async\" width=\"300\" height=\"225\" src=\"https:\/\/ford-sachsen.de\/html\/page\/wp-content\/uploads\/2026\/05\/4746530-69f54324127da7d2b0cd0-7e4b-4009-a251-55cf12a2f1fa-rule-mo-1600-300x225.jpg\" class=\"attachment-medium size-medium wp-post-image\" alt=\"\" srcset=\"https:\/\/ford-sachsen.de\/html\/page\/wp-content\/uploads\/2026\/05\/4746530-69f54324127da7d2b0cd0-7e4b-4009-a251-55cf12a2f1fa-rule-mo-1600-300x225.jpg 300w, https:\/\/ford-sachsen.de\/html\/page\/wp-content\/uploads\/2026\/05\/4746530-69f54324127da7d2b0cd0-7e4b-4009-a251-55cf12a2f1fa-rule-mo-1600-1024x768.jpg 1024w, https:\/\/ford-sachsen.de\/html\/page\/wp-content\/uploads\/2026\/05\/4746530-69f54324127da7d2b0cd0-7e4b-4009-a251-55cf12a2f1fa-rule-mo-1600-768x576.jpg 768w, https:\/\/ford-sachsen.de\/html\/page\/wp-content\/uploads\/2026\/05\/4746530-69f54324127da7d2b0cd0-7e4b-4009-a251-55cf12a2f1fa-rule-mo-1600.jpg 1440w\" sizes=\"(max-width: 300px) 100vw, 300px\" \/>                        <\/a>\n                    <\/div>\n                    <div class=\"vehicle-data\">\n                                                    <small>\n                                                                12.2025                                \u00b7\n                            <\/small>\n                                                                            <small>\n                                50 km\n                            <\/small>\n                                                                            <small>\n                                \u00b7\n                                67 kW\n                                                                (\n                                91 PS)\n                            <\/small>\n                                                                            <small>\n                                \u00b7\n                                Schaltgetriebe                            <\/small>\n                                                                            <small>\n                                \u00b7\n                                Unfallfrei                            <\/small>\n                        \n                                                    <small>\n                                \u00b7\n                                Benzin                            <\/small>\n                                                                                                                            <small>\n                                \u00b7\n                                4\/5 T\u00fcren\n                            <\/small>\n                                                <ul class=\"vehicle-emission\">\n                                                 <span>Verbrauch komb.: \n                                    5.3                                 l\/100km<\/span><br>\n                                                                                \n                                       \n  <!-- CO2-Emissionen\t-->\n                                            <span>CO\u2082-Emissionen komb.: 119.0                                 g\/km<\/span><br>\n                                        <!-- CO2-Emissionen\t-->\n                   \n \n                         <span>CO\u2082-Klasse: \n                                    D                                <\/span><br>\n                    \n\n\n                <\/ul>\n\n                    <\/div>\n\n                    <div class=\"vehicle-price\">\n                                                    <div itemprop=\"priceSpecification\" itemscope itemtype=\"http:\/\/schema.org\/UnitPriceSpecification\">\n                                <meta itemprop=\"priceCurrency\" content=\"EUR\">\n                                <meta itemprop=\"price\" content=\"20.990\">\n                                <strong>\n                                    20.990 \u20ac (Brutto)\n                                <\/strong><br><small>\n                                    Inkl. 19% MwSt.                                <\/small>\n                            <\/div>\n                                                <br>\n                        <a href=\"https:\/\/ford-sachsen.de\/html\/page\/fahrzeuge\/mitsubishi-colt-edition-navi-digitales-cockpit-led-acc-appl-3\/\"\n                            class=\"vehicle-btn wp-block-button__link wp-element-button\">Details<\/a>\n                    <\/div>\n                <\/div> <!-- \/\/ vehicle-row -->\n               \n            <\/article>\n                        <article id=\"post-4746528\" class=\"vehicle\">\n                <hgroup>\n                    <a href=\"https:\/\/ford-sachsen.de\/html\/page\/fahrzeuge\/mitsubishi-colt-edition-navi-digitales-cockpit-led-acc-appl-2\/\">\n                        <h2 class=\"vehicle-title\">\n                            Mitsubishi Colt Edition Navi Digitales Cockpit LED ACC Appl                        <\/h2>\n\n                    <\/a>\n                <\/hgroup>\n                <span class=\"vehicle-addition\">\n                    <p>\n                        Limousine ,\n                        Gebrauchtfahrzeug                    <\/p>\n                <\/span>\n                <div class=\"vehicle-row\">\n                    <div class=\"vehicle-thumbnail\">\n                        <a href=\"https:\/\/ford-sachsen.de\/html\/page\/fahrzeuge\/mitsubishi-colt-edition-navi-digitales-cockpit-led-acc-appl-2\/\" title=\"Mitsubishi Colt Edition Navi Digitales Cockpit LED ACC Appl\">\n                            <img loading=\"lazy\" decoding=\"async\" width=\"300\" height=\"225\" src=\"https:\/\/ford-sachsen.de\/html\/page\/wp-content\/uploads\/2026\/05\/4746528-69f543225c54a6e965a09-b97c-4c35-89f0-581504b9ea5e-rule-mo-1600-300x225.jpg\" class=\"attachment-medium size-medium wp-post-image\" alt=\"\" srcset=\"https:\/\/ford-sachsen.de\/html\/page\/wp-content\/uploads\/2026\/05\/4746528-69f543225c54a6e965a09-b97c-4c35-89f0-581504b9ea5e-rule-mo-1600-300x225.jpg 300w, https:\/\/ford-sachsen.de\/html\/page\/wp-content\/uploads\/2026\/05\/4746528-69f543225c54a6e965a09-b97c-4c35-89f0-581504b9ea5e-rule-mo-1600-1024x768.jpg 1024w, https:\/\/ford-sachsen.de\/html\/page\/wp-content\/uploads\/2026\/05\/4746528-69f543225c54a6e965a09-b97c-4c35-89f0-581504b9ea5e-rule-mo-1600-768x576.jpg 768w, https:\/\/ford-sachsen.de\/html\/page\/wp-content\/uploads\/2026\/05\/4746528-69f543225c54a6e965a09-b97c-4c35-89f0-581504b9ea5e-rule-mo-1600.jpg 1440w\" sizes=\"(max-width: 300px) 100vw, 300px\" \/>                        <\/a>\n                    <\/div>\n                    <div class=\"vehicle-data\">\n                                                    <small>\n                                                                12.2025                                \u00b7\n                            <\/small>\n                                                                            <small>\n                                50 km\n                            <\/small>\n                                                                            <small>\n                                \u00b7\n                                67 kW\n                                                                (\n                                91 PS)\n                            <\/small>\n                                                                            <small>\n                                \u00b7\n                                Schaltgetriebe                            <\/small>\n                                                                            <small>\n                                \u00b7\n                                Unfallfrei                            <\/small>\n                        \n                                                    <small>\n                                \u00b7\n                                Benzin                            <\/small>\n                                                                                                                            <small>\n                                \u00b7\n                                4\/5 T\u00fcren\n                            <\/small>\n                                                <ul class=\"vehicle-emission\">\n                                                 <span>Verbrauch komb.: \n                                    5.3                                 l\/100km<\/span><br>\n                                                                                \n                                       \n  <!-- CO2-Emissionen\t-->\n                                            <span>CO\u2082-Emissionen komb.: 119.0                                 g\/km<\/span><br>\n                                        <!-- CO2-Emissionen\t-->\n                   \n \n                         <span>CO\u2082-Klasse: \n                                    D                                <\/span><br>\n                    \n\n\n                <\/ul>\n\n                    <\/div>\n\n                    <div class=\"vehicle-price\">\n                                                    <div itemprop=\"priceSpecification\" itemscope itemtype=\"http:\/\/schema.org\/UnitPriceSpecification\">\n                                <meta itemprop=\"priceCurrency\" content=\"EUR\">\n                                <meta itemprop=\"price\" content=\"20.990\">\n                                <strong>\n                                    20.990 \u20ac (Brutto)\n                                <\/strong><br><small>\n                                    Inkl. 19% MwSt.                                <\/small>\n                            <\/div>\n                                                <br>\n                        <a href=\"https:\/\/ford-sachsen.de\/html\/page\/fahrzeuge\/mitsubishi-colt-edition-navi-digitales-cockpit-led-acc-appl-2\/\"\n                            class=\"vehicle-btn wp-block-button__link wp-element-button\">Details<\/a>\n                    <\/div>\n                <\/div> <!-- \/\/ vehicle-row -->\n               \n            <\/article>\n                        <article id=\"post-4746524\" class=\"vehicle\">\n                <hgroup>\n                    <a href=\"https:\/\/ford-sachsen.de\/html\/page\/fahrzeuge\/mitsubishi-colt-plus-10-t-ahk-navi-digitales-cockpit-led-a\/\">\n                        <h2 class=\"vehicle-title\">\n                            Mitsubishi Colt Plus 1,0 T AHK Navi Digitales Cockpit LED A                        <\/h2>\n\n                    <\/a>\n                <\/hgroup>\n                <span class=\"vehicle-addition\">\n                    <p>\n                        Limousine ,\n                        Gebrauchtfahrzeug                    <\/p>\n                <\/span>\n                <div class=\"vehicle-row\">\n                    <div class=\"vehicle-thumbnail\">\n                        <a href=\"https:\/\/ford-sachsen.de\/html\/page\/fahrzeuge\/mitsubishi-colt-plus-10-t-ahk-navi-digitales-cockpit-led-a\/\" title=\"Mitsubishi Colt Plus 1,0 T AHK Navi Digitales Cockpit LED A\">\n                            <img loading=\"lazy\" decoding=\"async\" width=\"300\" height=\"225\" src=\"https:\/\/ford-sachsen.de\/html\/page\/wp-content\/uploads\/2026\/05\/4746524-69f5418b7e82bb7b8eb8a-c8d6-43a3-b27a-bb5d68024225-rule-mo-1600-300x225.jpg\" class=\"attachment-medium size-medium wp-post-image\" alt=\"\" srcset=\"https:\/\/ford-sachsen.de\/html\/page\/wp-content\/uploads\/2026\/05\/4746524-69f5418b7e82bb7b8eb8a-c8d6-43a3-b27a-bb5d68024225-rule-mo-1600-300x225.jpg 300w, https:\/\/ford-sachsen.de\/html\/page\/wp-content\/uploads\/2026\/05\/4746524-69f5418b7e82bb7b8eb8a-c8d6-43a3-b27a-bb5d68024225-rule-mo-1600-1024x768.jpg 1024w, https:\/\/ford-sachsen.de\/html\/page\/wp-content\/uploads\/2026\/05\/4746524-69f5418b7e82bb7b8eb8a-c8d6-43a3-b27a-bb5d68024225-rule-mo-1600-768x576.jpg 768w, https:\/\/ford-sachsen.de\/html\/page\/wp-content\/uploads\/2026\/05\/4746524-69f5418b7e82bb7b8eb8a-c8d6-43a3-b27a-bb5d68024225-rule-mo-1600.jpg 1440w\" sizes=\"(max-width: 300px) 100vw, 300px\" \/>                        <\/a>\n                    <\/div>\n                    <div class=\"vehicle-data\">\n                                                    <small>\n                                                                12.2025                                \u00b7\n                            <\/small>\n                                                                            <small>\n                                50 km\n                            <\/small>\n                                                                            <small>\n                                \u00b7\n                                67 kW\n                                                                (\n                                91 PS)\n                            <\/small>\n                                                                            <small>\n                                \u00b7\n                                Schaltgetriebe                            <\/small>\n                                                                            <small>\n                                \u00b7\n                                Unfallfrei                            <\/small>\n                        \n                                                    <small>\n                                \u00b7\n                                Benzin                            <\/small>\n                                                                                                                            <small>\n                                \u00b7\n                                4\/5 T\u00fcren\n                            <\/small>\n                                                <ul class=\"vehicle-emission\">\n                                                 <span>Verbrauch komb.: \n                                    5.2                                 l\/100km<\/span><br>\n                                                                                \n                                       \n  <!-- CO2-Emissionen\t-->\n                                            <span>CO\u2082-Emissionen komb.: 118.0                                 g\/km<\/span><br>\n                                        <!-- CO2-Emissionen\t-->\n                   \n \n                         <span>CO\u2082-Klasse: \n                                    D                                <\/span><br>\n                    \n\n\n                <\/ul>\n\n                    <\/div>\n\n                    <div class=\"vehicle-price\">\n                                                    <div itemprop=\"priceSpecification\" itemscope itemtype=\"http:\/\/schema.org\/UnitPriceSpecification\">\n                                <meta itemprop=\"priceCurrency\" content=\"EUR\">\n                                <meta itemprop=\"price\" content=\"20.890\">\n                                <strong>\n                                    20.890 \u20ac (Brutto)\n                                <\/strong><br><small>\n                                    Inkl. 19% MwSt.                                <\/small>\n                            <\/div>\n                                                <br>\n                        <a href=\"https:\/\/ford-sachsen.de\/html\/page\/fahrzeuge\/mitsubishi-colt-plus-10-t-ahk-navi-digitales-cockpit-led-a\/\"\n                            class=\"vehicle-btn wp-block-button__link wp-element-button\">Details<\/a>\n                    <\/div>\n                <\/div> <!-- \/\/ vehicle-row -->\n               \n            <\/article>\n                        <article id=\"post-4746522\" class=\"vehicle\">\n                <hgroup>\n                    <a href=\"https:\/\/ford-sachsen.de\/html\/page\/fahrzeuge\/mitsubishi-colt-plus-navi-digitales-cockpit-led-apple-carpl\/\">\n                        <h2 class=\"vehicle-title\">\n                            Mitsubishi Colt Plus Navi Digitales Cockpit LED Apple CarPl                        <\/h2>\n\n                    <\/a>\n                <\/hgroup>\n                <span class=\"vehicle-addition\">\n                    <p>\n                        Limousine ,\n                        Gebrauchtfahrzeug                    <\/p>\n                <\/span>\n                <div class=\"vehicle-row\">\n                    <div class=\"vehicle-thumbnail\">\n                        <a href=\"https:\/\/ford-sachsen.de\/html\/page\/fahrzeuge\/mitsubishi-colt-plus-navi-digitales-cockpit-led-apple-carpl\/\" title=\"Mitsubishi Colt Plus Navi Digitales Cockpit LED Apple CarPl\">\n                            <img loading=\"lazy\" decoding=\"async\" width=\"300\" height=\"225\" src=\"https:\/\/ford-sachsen.de\/html\/page\/wp-content\/uploads\/2026\/05\/4746522-69f54189ccf06fc73965f-8580-474f-ab8b-77752ab39199-rule-mo-1600-300x225.jpg\" class=\"attachment-medium size-medium wp-post-image\" alt=\"\" srcset=\"https:\/\/ford-sachsen.de\/html\/page\/wp-content\/uploads\/2026\/05\/4746522-69f54189ccf06fc73965f-8580-474f-ab8b-77752ab39199-rule-mo-1600-300x225.jpg 300w, https:\/\/ford-sachsen.de\/html\/page\/wp-content\/uploads\/2026\/05\/4746522-69f54189ccf06fc73965f-8580-474f-ab8b-77752ab39199-rule-mo-1600-1024x768.jpg 1024w, https:\/\/ford-sachsen.de\/html\/page\/wp-content\/uploads\/2026\/05\/4746522-69f54189ccf06fc73965f-8580-474f-ab8b-77752ab39199-rule-mo-1600-768x576.jpg 768w, https:\/\/ford-sachsen.de\/html\/page\/wp-content\/uploads\/2026\/05\/4746522-69f54189ccf06fc73965f-8580-474f-ab8b-77752ab39199-rule-mo-1600.jpg 1440w\" sizes=\"(max-width: 300px) 100vw, 300px\" \/>                        <\/a>\n                    <\/div>\n                    <div class=\"vehicle-data\">\n                                                    <small>\n                                                                12.2025                                \u00b7\n                            <\/small>\n                                                                            <small>\n                                50 km\n                            <\/small>\n                                                                            <small>\n                                \u00b7\n                                49 kW\n                                                                (\n                                67 PS)\n                            <\/small>\n                                                                            <small>\n                                \u00b7\n                                Schaltgetriebe                            <\/small>\n                                                                            <small>\n                                \u00b7\n                                Unfallfrei                            <\/small>\n                        \n                                                    <small>\n                                \u00b7\n                                Benzin                            <\/small>\n                                                                                                                            <small>\n                                \u00b7\n                                4\/5 T\u00fcren\n                            <\/small>\n                                                <ul class=\"vehicle-emission\">\n                                                 <span>Verbrauch komb.: \n                                    5.4                                 l\/100km<\/span><br>\n                                                                                \n                                       \n  <!-- CO2-Emissionen\t-->\n                                            <span>CO\u2082-Emissionen komb.: 121.0                                 g\/km<\/span><br>\n                                        <!-- CO2-Emissionen\t-->\n                   \n \n                         <span>CO\u2082-Klasse: \n                                    D                                <\/span><br>\n                    \n\n\n                <\/ul>\n\n                    <\/div>\n\n                    <div class=\"vehicle-price\">\n                                                    <div itemprop=\"priceSpecification\" itemscope itemtype=\"http:\/\/schema.org\/UnitPriceSpecification\">\n                                <meta itemprop=\"priceCurrency\" content=\"EUR\">\n                                <meta itemprop=\"price\" content=\"18.290\">\n                                <strong>\n                                    18.290 \u20ac (Brutto)\n                                <\/strong><br><small>\n                                    Inkl. 19% MwSt.                                <\/small>\n                            <\/div>\n                                                <br>\n                        <a href=\"https:\/\/ford-sachsen.de\/html\/page\/fahrzeuge\/mitsubishi-colt-plus-navi-digitales-cockpit-led-apple-carpl\/\"\n                            class=\"vehicle-btn wp-block-button__link wp-element-button\">Details<\/a>\n                    <\/div>\n                <\/div> <!-- \/\/ vehicle-row -->\n               \n            <\/article>\n                        <article id=\"post-4746520\" class=\"vehicle\">\n                <hgroup>\n                    <a href=\"https:\/\/ford-sachsen.de\/html\/page\/fahrzeuge\/mitsubishi-colt-plus-ahk-schwenkbar-navi-digitales-cockpit\/\">\n                        <h2 class=\"vehicle-title\">\n                            Mitsubishi Colt Plus AHK schwenkbar Navi Digitales Cockpit                        <\/h2>\n\n                    <\/a>\n                <\/hgroup>\n                <span class=\"vehicle-addition\">\n                    <p>\n                        Limousine ,\n                        Gebrauchtfahrzeug                    <\/p>\n                <\/span>\n                <div class=\"vehicle-row\">\n                    <div class=\"vehicle-thumbnail\">\n                        <a href=\"https:\/\/ford-sachsen.de\/html\/page\/fahrzeuge\/mitsubishi-colt-plus-ahk-schwenkbar-navi-digitales-cockpit\/\" title=\"Mitsubishi Colt Plus AHK schwenkbar Navi Digitales Cockpit\">\n                            <img loading=\"lazy\" decoding=\"async\" width=\"300\" height=\"225\" src=\"https:\/\/ford-sachsen.de\/html\/page\/wp-content\/uploads\/2026\/05\/4746520-69f541881fb69fc73965f-8580-474f-ab8b-77752ab39199-rule-mo-1600-300x225.jpg\" class=\"attachment-medium size-medium wp-post-image\" alt=\"\" srcset=\"https:\/\/ford-sachsen.de\/html\/page\/wp-content\/uploads\/2026\/05\/4746520-69f541881fb69fc73965f-8580-474f-ab8b-77752ab39199-rule-mo-1600-300x225.jpg 300w, https:\/\/ford-sachsen.de\/html\/page\/wp-content\/uploads\/2026\/05\/4746520-69f541881fb69fc73965f-8580-474f-ab8b-77752ab39199-rule-mo-1600-1024x768.jpg 1024w, https:\/\/ford-sachsen.de\/html\/page\/wp-content\/uploads\/2026\/05\/4746520-69f541881fb69fc73965f-8580-474f-ab8b-77752ab39199-rule-mo-1600-768x576.jpg 768w, https:\/\/ford-sachsen.de\/html\/page\/wp-content\/uploads\/2026\/05\/4746520-69f541881fb69fc73965f-8580-474f-ab8b-77752ab39199-rule-mo-1600.jpg 1440w\" sizes=\"(max-width: 300px) 100vw, 300px\" \/>                        <\/a>\n                    <\/div>\n                    <div class=\"vehicle-data\">\n                                                    <small>\n                                                                12.2025                                \u00b7\n                            <\/small>\n                                                                            <small>\n                                50 km\n                            <\/small>\n                                                                            <small>\n                                \u00b7\n                                49 kW\n                                                                (\n                                67 PS)\n                            <\/small>\n                                                                            <small>\n                                \u00b7\n                                Schaltgetriebe                            <\/small>\n                                                                            <small>\n                                \u00b7\n                                Unfallfrei                            <\/small>\n                        \n                                                    <small>\n                                \u00b7\n                                Benzin                            <\/small>\n                                                                                                                            <small>\n                                \u00b7\n                                4\/5 T\u00fcren\n                            <\/small>\n                                                <ul class=\"vehicle-emission\">\n                                                 <span>Verbrauch komb.: \n                                    5.4                                 l\/100km<\/span><br>\n                                                                                \n                                       \n  <!-- CO2-Emissionen\t-->\n                                            <span>CO\u2082-Emissionen komb.: 121.0                                 g\/km<\/span><br>\n                                        <!-- CO2-Emissionen\t-->\n                   \n \n                         <span>CO\u2082-Klasse: \n                                    D                                <\/span><br>\n                    \n\n\n                <\/ul>\n\n                    <\/div>\n\n                    <div class=\"vehicle-price\">\n                                                    <div itemprop=\"priceSpecification\" itemscope itemtype=\"http:\/\/schema.org\/UnitPriceSpecification\">\n                                <meta itemprop=\"priceCurrency\" content=\"EUR\">\n                                <meta itemprop=\"price\" content=\"19.990\">\n                                <strong>\n                                    19.990 \u20ac (Brutto)\n                                <\/strong><br><small>\n                                    Inkl. 19% MwSt.                                <\/small>\n                            <\/div>\n                                                <br>\n                        <a href=\"https:\/\/ford-sachsen.de\/html\/page\/fahrzeuge\/mitsubishi-colt-plus-ahk-schwenkbar-navi-digitales-cockpit\/\"\n                            class=\"vehicle-btn wp-block-button__link wp-element-button\">Details<\/a>\n                    <\/div>\n                <\/div> <!-- \/\/ vehicle-row -->\n               \n            <\/article>\n                        <article id=\"post-4746518\" class=\"vehicle\">\n                <hgroup>\n                    <a href=\"https:\/\/ford-sachsen.de\/html\/page\/fahrzeuge\/ford-kuga-plug-in-hybrid-st-line-el-panodach-navi-di\/\">\n                        <h2 class=\"vehicle-title\">\n                            Ford Kuga Plug-In Hybrid ST-Line El. Panodach Navi Di                        <\/h2>\n\n                    <\/a>\n                <\/hgroup>\n                <span class=\"vehicle-addition\">\n                    <p>\n                        SUV\/Gel\u00e4ndewagen\/Pickup ,\n                        Gebrauchtfahrzeug                    <\/p>\n                <\/span>\n                <div class=\"vehicle-row\">\n                    <div class=\"vehicle-thumbnail\">\n                        <a href=\"https:\/\/ford-sachsen.de\/html\/page\/fahrzeuge\/ford-kuga-plug-in-hybrid-st-line-el-panodach-navi-di\/\" title=\"Ford Kuga Plug-In Hybrid ST-Line El. Panodach Navi Di\">\n                            <img loading=\"lazy\" decoding=\"async\" width=\"300\" height=\"225\" src=\"https:\/\/ford-sachsen.de\/html\/page\/wp-content\/uploads\/2026\/05\/4746518-69f541868e7c39fcfb765-4d8d-437b-8006-599f11150ff0-rule-mo-1600-300x225.jpg\" class=\"attachment-medium size-medium wp-post-image\" alt=\"\" srcset=\"https:\/\/ford-sachsen.de\/html\/page\/wp-content\/uploads\/2026\/05\/4746518-69f541868e7c39fcfb765-4d8d-437b-8006-599f11150ff0-rule-mo-1600-300x225.jpg 300w, https:\/\/ford-sachsen.de\/html\/page\/wp-content\/uploads\/2026\/05\/4746518-69f541868e7c39fcfb765-4d8d-437b-8006-599f11150ff0-rule-mo-1600-1024x768.jpg 1024w, https:\/\/ford-sachsen.de\/html\/page\/wp-content\/uploads\/2026\/05\/4746518-69f541868e7c39fcfb765-4d8d-437b-8006-599f11150ff0-rule-mo-1600-768x576.jpg 768w, https:\/\/ford-sachsen.de\/html\/page\/wp-content\/uploads\/2026\/05\/4746518-69f541868e7c39fcfb765-4d8d-437b-8006-599f11150ff0-rule-mo-1600.jpg 1440w\" sizes=\"(max-width: 300px) 100vw, 300px\" \/>                        <\/a>\n                    <\/div>\n                    <div class=\"vehicle-data\">\n                                                    <small>\n                                                                12.2022                                \u00b7\n                            <\/small>\n                                                                            <small>\n                                12.404 km\n                            <\/small>\n                                                                            <small>\n                                \u00b7\n                                165 kW\n                                                                (\n                                224 PS)\n                            <\/small>\n                                                                            <small>\n                                \u00b7\n                                Automatik                            <\/small>\n                                                                            <small>\n                                \u00b7\n                                Unfallfrei                            <\/small>\n                        \n                                                    <small>\n                                \u00b7\n                                Plug-in-Hybrid                            <\/small>\n                                                                                                                            <small>\n                                \u00b7\n                                4\/5 T\u00fcren\n                            <\/small>\n                                                <ul class=\"vehicle-emission\">\n                                                                                     \n                                       \n  <!-- CO2-Emissionen\t-->\n                                        <!-- CO2-Emissionen\t-->\n                   \n \n \n\n\n                <\/ul>\n\n                    <\/div>\n\n                    <div class=\"vehicle-price\">\n                                                    <div itemprop=\"priceSpecification\" itemscope itemtype=\"http:\/\/schema.org\/UnitPriceSpecification\">\n                                <meta itemprop=\"priceCurrency\" content=\"EUR\">\n                                <meta itemprop=\"price\" content=\"26.990\">\n                                <strong>\n                                    26.990 \u20ac (Brutto)\n                                <\/strong><br><small>\n                                    Inkl. 19% MwSt.                                <\/small>\n                            <\/div>\n                                                <br>\n                        <a href=\"https:\/\/ford-sachsen.de\/html\/page\/fahrzeuge\/ford-kuga-plug-in-hybrid-st-line-el-panodach-navi-di\/\"\n                            class=\"vehicle-btn wp-block-button__link wp-element-button\">Details<\/a>\n                    <\/div>\n                <\/div> <!-- \/\/ vehicle-row -->\n               \n            <\/article>\n                        <article id=\"post-4746516\" class=\"vehicle\">\n                <hgroup>\n                    <a href=\"https:\/\/ford-sachsen.de\/html\/page\/fahrzeuge\/ford-transit-pritsche-350-l3-scattolini-einzelkabine\/\">\n                        <h2 class=\"vehicle-title\">\n                            Ford Transit Pritsche 350 L3 Scattolini Einzelkabine                        <\/h2>\n\n                    <\/a>\n                <\/hgroup>\n                <span class=\"vehicle-addition\">\n                    <p>\n                        Pritsche ,\n                        Gebrauchtfahrzeug                    <\/p>\n                <\/span>\n                <div class=\"vehicle-row\">\n                    <div class=\"vehicle-thumbnail\">\n                        <a href=\"https:\/\/ford-sachsen.de\/html\/page\/fahrzeuge\/ford-transit-pritsche-350-l3-scattolini-einzelkabine\/\" title=\"Ford Transit Pritsche 350 L3 Scattolini Einzelkabine\">\n                            <img loading=\"lazy\" decoding=\"async\" width=\"300\" height=\"225\" src=\"https:\/\/ford-sachsen.de\/html\/page\/wp-content\/uploads\/2026\/05\/4746516-69f54184dbbf5a1850fce-f1c0-47de-aeff-6eb62953606c-rule-mo-1600-300x225.jpg\" class=\"attachment-medium size-medium wp-post-image\" alt=\"\" srcset=\"https:\/\/ford-sachsen.de\/html\/page\/wp-content\/uploads\/2026\/05\/4746516-69f54184dbbf5a1850fce-f1c0-47de-aeff-6eb62953606c-rule-mo-1600-300x225.jpg 300w, https:\/\/ford-sachsen.de\/html\/page\/wp-content\/uploads\/2026\/05\/4746516-69f54184dbbf5a1850fce-f1c0-47de-aeff-6eb62953606c-rule-mo-1600-1024x768.jpg 1024w, https:\/\/ford-sachsen.de\/html\/page\/wp-content\/uploads\/2026\/05\/4746516-69f54184dbbf5a1850fce-f1c0-47de-aeff-6eb62953606c-rule-mo-1600-768x576.jpg 768w, https:\/\/ford-sachsen.de\/html\/page\/wp-content\/uploads\/2026\/05\/4746516-69f54184dbbf5a1850fce-f1c0-47de-aeff-6eb62953606c-rule-mo-1600.jpg 1440w\" sizes=\"(max-width: 300px) 100vw, 300px\" \/>                        <\/a>\n                    <\/div>\n                    <div class=\"vehicle-data\">\n                                                    <small>\n                                                                12.2025                                \u00b7\n                            <\/small>\n                                                                            <small>\n                                25 km\n                            <\/small>\n                                                                            <small>\n                                \u00b7\n                                96 kW\n                                                                (\n                                131 PS)\n                            <\/small>\n                                                                            <small>\n                                \u00b7\n                                Schaltgetriebe                            <\/small>\n                                                                            <small>\n                                \u00b7\n                                Unfallfrei                            <\/small>\n                        \n                                                    <small>\n                                \u00b7\n                                Diesel                            <\/small>\n                                                                                                                        <ul class=\"vehicle-emission\">\n                                                 <span>Verbrauch komb.: \n                                    9.2                                 l\/100km<\/span><br>\n                                                                                \n                                       \n  <!-- CO2-Emissionen\t-->\n                                            <span>CO\u2082-Emissionen komb.: 238.0                                 g\/km<\/span><br>\n                                        <!-- CO2-Emissionen\t-->\n                   \n \n                         <span>CO\u2082-Klasse: \n                                    G                                <\/span><br>\n                    \n\n\n                <\/ul>\n\n                    <\/div>\n\n                    <div class=\"vehicle-price\">\n                                                    <div itemprop=\"priceSpecification\" itemscope itemtype=\"http:\/\/schema.org\/UnitPriceSpecification\">\n                                <meta itemprop=\"priceCurrency\" content=\"EUR\">\n                                <meta itemprop=\"price\" content=\"29.690\">\n                                <strong>\n                                    29.690 \u20ac (Brutto)\n                                <\/strong><br><small>\n                                    Inkl. 19% MwSt.                                <\/small>\n                            <\/div>\n                                                <br>\n                        <a href=\"https:\/\/ford-sachsen.de\/html\/page\/fahrzeuge\/ford-transit-pritsche-350-l3-scattolini-einzelkabine\/\"\n                            class=\"vehicle-btn wp-block-button__link wp-element-button\">Details<\/a>\n                    <\/div>\n                <\/div> <!-- \/\/ vehicle-row -->\n               \n            <\/article>\n                        <article id=\"post-4746514\" class=\"vehicle\">\n                <hgroup>\n                    <a href=\"https:\/\/ford-sachsen.de\/html\/page\/fahrzeuge\/mitsubishi-asx-plus-1-0-t-eu6e-plus-digitales-cockpit-led-a\/\">\n                        <h2 class=\"vehicle-title\">\n                            Mitsubishi ASX Plus 1.0 T EU6e PLUS Digitales Cockpit LED A                        <\/h2>\n\n                    <\/a>\n                <\/hgroup>\n                <span class=\"vehicle-addition\">\n                    <p>\n                        SUV\/Gel\u00e4ndewagen\/Pickup ,\n                        Gebrauchtfahrzeug                    <\/p>\n                <\/span>\n                <div class=\"vehicle-row\">\n                    <div class=\"vehicle-thumbnail\">\n                        <a href=\"https:\/\/ford-sachsen.de\/html\/page\/fahrzeuge\/mitsubishi-asx-plus-1-0-t-eu6e-plus-digitales-cockpit-led-a\/\" title=\"Mitsubishi ASX Plus 1.0 T EU6e PLUS Digitales Cockpit LED A\">\n                            <img loading=\"lazy\" decoding=\"async\" width=\"300\" height=\"225\" src=\"https:\/\/ford-sachsen.de\/html\/page\/wp-content\/uploads\/2026\/05\/4746514-69f541834a072e0f7dc9f-495c-4508-9b1a-5d1075c9bce0-rule-mo-1600-300x225.jpg\" class=\"attachment-medium size-medium wp-post-image\" alt=\"\" srcset=\"https:\/\/ford-sachsen.de\/html\/page\/wp-content\/uploads\/2026\/05\/4746514-69f541834a072e0f7dc9f-495c-4508-9b1a-5d1075c9bce0-rule-mo-1600-300x225.jpg 300w, https:\/\/ford-sachsen.de\/html\/page\/wp-content\/uploads\/2026\/05\/4746514-69f541834a072e0f7dc9f-495c-4508-9b1a-5d1075c9bce0-rule-mo-1600-1024x768.jpg 1024w, https:\/\/ford-sachsen.de\/html\/page\/wp-content\/uploads\/2026\/05\/4746514-69f541834a072e0f7dc9f-495c-4508-9b1a-5d1075c9bce0-rule-mo-1600-768x576.jpg 768w, https:\/\/ford-sachsen.de\/html\/page\/wp-content\/uploads\/2026\/05\/4746514-69f541834a072e0f7dc9f-495c-4508-9b1a-5d1075c9bce0-rule-mo-1600.jpg 1440w\" sizes=\"(max-width: 300px) 100vw, 300px\" \/>                        <\/a>\n                    <\/div>\n                    <div class=\"vehicle-data\">\n                                                    <small>\n                                                                12.2025                                \u00b7\n                            <\/small>\n                                                                            <small>\n                                50 km\n                            <\/small>\n                                                                            <small>\n                                \u00b7\n                                67 kW\n                                                                (\n                                91 PS)\n                            <\/small>\n                                                                            <small>\n                                \u00b7\n                                Schaltgetriebe                            <\/small>\n                                                                            <small>\n                                \u00b7\n                                Unfallfrei                            <\/small>\n                        \n                                                    <small>\n                                \u00b7\n                                Benzin                            <\/small>\n                                                                                                                            <small>\n                                \u00b7\n                                4\/5 T\u00fcren\n                            <\/small>\n                                                <ul class=\"vehicle-emission\">\n                                                 <span>Verbrauch komb.: \n                                    6.0                                 l\/100km<\/span><br>\n                                                                                \n                                       \n  <!-- CO2-Emissionen\t-->\n                                            <span>CO\u2082-Emissionen komb.: 135.0                                 g\/km<\/span><br>\n                                        <!-- CO2-Emissionen\t-->\n                   \n \n                         <span>CO\u2082-Klasse: \n                                    D                                <\/span><br>\n                    \n\n\n                <\/ul>\n\n                    <\/div>\n\n                    <div class=\"vehicle-price\">\n                                                    <div itemprop=\"priceSpecification\" itemscope itemtype=\"http:\/\/schema.org\/UnitPriceSpecification\">\n                                <meta itemprop=\"priceCurrency\" content=\"EUR\">\n                                <meta itemprop=\"price\" content=\"21.950\">\n                                <strong>\n                                    21.950 \u20ac (Brutto)\n                                <\/strong><br><small>\n                                    Inkl. 19% MwSt.                                <\/small>\n                            <\/div>\n                                                <br>\n                        <a href=\"https:\/\/ford-sachsen.de\/html\/page\/fahrzeuge\/mitsubishi-asx-plus-1-0-t-eu6e-plus-digitales-cockpit-led-a\/\"\n                            class=\"vehicle-btn wp-block-button__link wp-element-button\">Details<\/a>\n                    <\/div>\n                <\/div> <!-- \/\/ vehicle-row -->\n               \n            <\/article>\n                        <article id=\"post-4746512\" class=\"vehicle\">\n                <hgroup>\n                    <a href=\"https:\/\/ford-sachsen.de\/html\/page\/fahrzeuge\/ford-kuga-plug-in-hybrid-st-line-phev-ahk-schwenkbar\/\">\n                        <h2 class=\"vehicle-title\">\n                            Ford Kuga Plug-In Hybrid ST-Line PHEV AHK-SCHWENKBAR                        <\/h2>\n\n                    <\/a>\n                <\/hgroup>\n                <span class=\"vehicle-addition\">\n                    <p>\n                        SUV\/Gel\u00e4ndewagen\/Pickup ,\n                        Gebrauchtfahrzeug                    <\/p>\n                <\/span>\n                <div class=\"vehicle-row\">\n                    <div class=\"vehicle-thumbnail\">\n                        <a href=\"https:\/\/ford-sachsen.de\/html\/page\/fahrzeuge\/ford-kuga-plug-in-hybrid-st-line-phev-ahk-schwenkbar\/\" title=\"Ford Kuga Plug-In Hybrid ST-Line PHEV AHK-SCHWENKBAR\">\n                            <img loading=\"lazy\" decoding=\"async\" width=\"300\" height=\"225\" src=\"https:\/\/ford-sachsen.de\/html\/page\/wp-content\/uploads\/2026\/05\/4746512-69f54181c9c3ecf6c2c03-6fbc-47c8-86c2-30edd7217034-rule-mo-1600-300x225.jpg\" class=\"attachment-medium size-medium wp-post-image\" alt=\"\" srcset=\"https:\/\/ford-sachsen.de\/html\/page\/wp-content\/uploads\/2026\/05\/4746512-69f54181c9c3ecf6c2c03-6fbc-47c8-86c2-30edd7217034-rule-mo-1600-300x225.jpg 300w, https:\/\/ford-sachsen.de\/html\/page\/wp-content\/uploads\/2026\/05\/4746512-69f54181c9c3ecf6c2c03-6fbc-47c8-86c2-30edd7217034-rule-mo-1600-1024x768.jpg 1024w, https:\/\/ford-sachsen.de\/html\/page\/wp-content\/uploads\/2026\/05\/4746512-69f54181c9c3ecf6c2c03-6fbc-47c8-86c2-30edd7217034-rule-mo-1600-768x576.jpg 768w, https:\/\/ford-sachsen.de\/html\/page\/wp-content\/uploads\/2026\/05\/4746512-69f54181c9c3ecf6c2c03-6fbc-47c8-86c2-30edd7217034-rule-mo-1600.jpg 1440w\" sizes=\"(max-width: 300px) 100vw, 300px\" \/>                        <\/a>\n                    <\/div>\n                    <div class=\"vehicle-data\">\n                                                    <small>\n                                                                12.2022                                \u00b7\n                            <\/small>\n                                                                            <small>\n                                46.300 km\n                            <\/small>\n                                                                            <small>\n                                \u00b7\n                                165 kW\n                                                                (\n                                224 PS)\n                            <\/small>\n                                                                            <small>\n                                \u00b7\n                                Automatik                            <\/small>\n                                                                            <small>\n                                \u00b7\n                                Unfallfrei                            <\/small>\n                        \n                                                    <small>\n                                \u00b7\n                                Plug-in-Hybrid                            <\/small>\n                                                                                                                            <small>\n                                \u00b7\n                                4\/5 T\u00fcren\n                            <\/small>\n                                                <ul class=\"vehicle-emission\">\n                                                                                     \n                                       \n  <!-- CO2-Emissionen\t-->\n                                        <!-- CO2-Emissionen\t-->\n                   \n \n \n\n\n                <\/ul>\n\n                    <\/div>\n\n                    <div class=\"vehicle-price\">\n                                                    <div itemprop=\"priceSpecification\" itemscope itemtype=\"http:\/\/schema.org\/UnitPriceSpecification\">\n                                <meta itemprop=\"priceCurrency\" content=\"EUR\">\n                                <meta itemprop=\"price\" content=\"24.990\">\n                                <strong>\n                                    24.990 \u20ac (Brutto)\n                                <\/strong><br><small>\n                                    Inkl. 19% MwSt.                                <\/small>\n                            <\/div>\n                                                <br>\n                        <a href=\"https:\/\/ford-sachsen.de\/html\/page\/fahrzeuge\/ford-kuga-plug-in-hybrid-st-line-phev-ahk-schwenkbar\/\"\n                            class=\"vehicle-btn wp-block-button__link wp-element-button\">Details<\/a>\n                    <\/div>\n                <\/div> <!-- \/\/ vehicle-row -->\n               \n            <\/article>\n                        <article id=\"post-4746510\" class=\"vehicle\">\n                <hgroup>\n                    <a href=\"https:\/\/ford-sachsen.de\/html\/page\/fahrzeuge\/ford-kuga-phev-st-line-x-styling-paketledtwa-hud-ah\/\">\n                        <h2 class=\"vehicle-title\">\n                            Ford Kuga PHEV ST-Line X STYLING-PAKET+LED+TWA HUD AH                        <\/h2>\n\n                    <\/a>\n                <\/hgroup>\n                <span class=\"vehicle-addition\">\n                    <p>\n                        SUV\/Gel\u00e4ndewagen\/Pickup ,\n                        Gebrauchtfahrzeug                    <\/p>\n                <\/span>\n                <div class=\"vehicle-row\">\n                    <div class=\"vehicle-thumbnail\">\n                        <a href=\"https:\/\/ford-sachsen.de\/html\/page\/fahrzeuge\/ford-kuga-phev-st-line-x-styling-paketledtwa-hud-ah\/\" title=\"Ford Kuga PHEV ST-Line X STYLING-PAKET+LED+TWA HUD AH\">\n                            <img loading=\"lazy\" decoding=\"async\" width=\"300\" height=\"225\" src=\"https:\/\/ford-sachsen.de\/html\/page\/wp-content\/uploads\/2026\/05\/4746510-69f541803b783b9a3214f-a549-418b-957f-5481da68535e-rule-mo-1600-300x225.jpg\" class=\"attachment-medium size-medium wp-post-image\" alt=\"\" srcset=\"https:\/\/ford-sachsen.de\/html\/page\/wp-content\/uploads\/2026\/05\/4746510-69f541803b783b9a3214f-a549-418b-957f-5481da68535e-rule-mo-1600-300x225.jpg 300w, https:\/\/ford-sachsen.de\/html\/page\/wp-content\/uploads\/2026\/05\/4746510-69f541803b783b9a3214f-a549-418b-957f-5481da68535e-rule-mo-1600-1024x768.jpg 1024w, https:\/\/ford-sachsen.de\/html\/page\/wp-content\/uploads\/2026\/05\/4746510-69f541803b783b9a3214f-a549-418b-957f-5481da68535e-rule-mo-1600-768x576.jpg 768w, https:\/\/ford-sachsen.de\/html\/page\/wp-content\/uploads\/2026\/05\/4746510-69f541803b783b9a3214f-a549-418b-957f-5481da68535e-rule-mo-1600.jpg 1440w\" sizes=\"(max-width: 300px) 100vw, 300px\" \/>                        <\/a>\n                    <\/div>\n                    <div class=\"vehicle-data\">\n                                                    <small>\n                                                                10.2021                                \u00b7\n                            <\/small>\n                                                                            <small>\n                                54.247 km\n                            <\/small>\n                                                                            <small>\n                                \u00b7\n                                165 kW\n                                                                (\n                                224 PS)\n                            <\/small>\n                                                                            <small>\n                                \u00b7\n                                Automatik                            <\/small>\n                                                                            <small>\n                                \u00b7\n                                Unfallfrei                            <\/small>\n                        \n                                                    <small>\n                                \u00b7\n                                Plug-in-Hybrid                            <\/small>\n                                                                                                                            <small>\n                                \u00b7\n                                4\/5 T\u00fcren\n                            <\/small>\n                                                <ul class=\"vehicle-emission\">\n                                                                                     \n                                       \n  <!-- CO2-Emissionen\t-->\n                                        <!-- CO2-Emissionen\t-->\n                   \n \n \n\n\n                <\/ul>\n\n                    <\/div>\n\n                    <div class=\"vehicle-price\">\n                                                    <div itemprop=\"priceSpecification\" itemscope itemtype=\"http:\/\/schema.org\/UnitPriceSpecification\">\n                                <meta itemprop=\"priceCurrency\" content=\"EUR\">\n                                <meta itemprop=\"price\" content=\"24.490\">\n                                <strong>\n                                    24.490 \u20ac (Brutto)\n                                <\/strong><br><small>\n                                    Inkl. 19% MwSt.                                <\/small>\n                            <\/div>\n                                                <br>\n                        <a href=\"https:\/\/ford-sachsen.de\/html\/page\/fahrzeuge\/ford-kuga-phev-st-line-x-styling-paketledtwa-hud-ah\/\"\n                            class=\"vehicle-btn wp-block-button__link wp-element-button\">Details<\/a>\n                    <\/div>\n                <\/div> <!-- \/\/ vehicle-row -->\n               \n            <\/article>\n                        <article id=\"post-4746508\" class=\"vehicle\">\n                <hgroup>\n                    <a href=\"https:\/\/ford-sachsen.de\/html\/page\/fahrzeuge\/ford-kuga-phev-st-line-x-fahrerassitechnologie-paket\/\">\n                        <h2 class=\"vehicle-title\">\n                            Ford Kuga PHEV ST-Line X FAHRERASSI&amp;TECHNOLOGIE PAKET                        <\/h2>\n\n                    <\/a>\n                <\/hgroup>\n                <span class=\"vehicle-addition\">\n                    <p>\n                        SUV\/Gel\u00e4ndewagen\/Pickup ,\n                        Gebrauchtfahrzeug                    <\/p>\n                <\/span>\n                <div class=\"vehicle-row\">\n                    <div class=\"vehicle-thumbnail\">\n                        <a href=\"https:\/\/ford-sachsen.de\/html\/page\/fahrzeuge\/ford-kuga-phev-st-line-x-fahrerassitechnologie-paket\/\" title=\"Ford Kuga PHEV ST-Line X FAHRERASSI&amp;TECHNOLOGIE PAKET\">\n                            <img loading=\"lazy\" decoding=\"async\" width=\"300\" height=\"225\" src=\"https:\/\/ford-sachsen.de\/html\/page\/wp-content\/uploads\/2026\/05\/4746508-69f5417ea2d3bced4601c-cf0e-477b-9d0a-c0565051331e-rule-mo-1600-300x225.jpg\" class=\"attachment-medium size-medium wp-post-image\" alt=\"\" srcset=\"https:\/\/ford-sachsen.de\/html\/page\/wp-content\/uploads\/2026\/05\/4746508-69f5417ea2d3bced4601c-cf0e-477b-9d0a-c0565051331e-rule-mo-1600-300x225.jpg 300w, https:\/\/ford-sachsen.de\/html\/page\/wp-content\/uploads\/2026\/05\/4746508-69f5417ea2d3bced4601c-cf0e-477b-9d0a-c0565051331e-rule-mo-1600-1024x768.jpg 1024w, https:\/\/ford-sachsen.de\/html\/page\/wp-content\/uploads\/2026\/05\/4746508-69f5417ea2d3bced4601c-cf0e-477b-9d0a-c0565051331e-rule-mo-1600-768x576.jpg 768w, https:\/\/ford-sachsen.de\/html\/page\/wp-content\/uploads\/2026\/05\/4746508-69f5417ea2d3bced4601c-cf0e-477b-9d0a-c0565051331e-rule-mo-1600.jpg 1440w\" sizes=\"(max-width: 300px) 100vw, 300px\" \/>                        <\/a>\n                    <\/div>\n                    <div class=\"vehicle-data\">\n                                                    <small>\n                                                                09.2022                                \u00b7\n                            <\/small>\n                                                                            <small>\n                                14.032 km\n                            <\/small>\n                                                                            <small>\n                                \u00b7\n                                165 kW\n                                                                (\n                                224 PS)\n                            <\/small>\n                                                                            <small>\n                                \u00b7\n                                Automatik                            <\/small>\n                                                                            <small>\n                                \u00b7\n                                Unfallfrei                            <\/small>\n                        \n                                                    <small>\n                                \u00b7\n                                Plug-in-Hybrid                            <\/small>\n                                                                                                                            <small>\n                                \u00b7\n                                4\/5 T\u00fcren\n                            <\/small>\n                                                <ul class=\"vehicle-emission\">\n                                                                                     \n                                       \n  <!-- CO2-Emissionen\t-->\n                                        <!-- CO2-Emissionen\t-->\n                   \n \n \n\n\n                <\/ul>\n\n                    <\/div>\n\n                    <div class=\"vehicle-price\">\n                                                    <div itemprop=\"priceSpecification\" itemscope itemtype=\"http:\/\/schema.org\/UnitPriceSpecification\">\n                                <meta itemprop=\"priceCurrency\" content=\"EUR\">\n                                <meta itemprop=\"price\" content=\"26.890\">\n                                <strong>\n                                    26.890 \u20ac (Brutto)\n                                <\/strong><br><small>\n                                    Inkl. 19% MwSt.                                <\/small>\n                            <\/div>\n                                                <br>\n                        <a href=\"https:\/\/ford-sachsen.de\/html\/page\/fahrzeuge\/ford-kuga-phev-st-line-x-fahrerassitechnologie-paket\/\"\n                            class=\"vehicle-btn wp-block-button__link wp-element-button\">Details<\/a>\n                    <\/div>\n                <\/div> <!-- \/\/ vehicle-row -->\n               \n            <\/article>\n                        <article id=\"post-4746506\" class=\"vehicle\">\n                <hgroup>\n                    <a href=\"https:\/\/ford-sachsen.de\/html\/page\/fahrzeuge\/suzuki-vitara-1-4-comfort-4x4-panoramadachled-tagfah\/\">\n                        <h2 class=\"vehicle-title\">\n                            Suzuki Vitara 1.4 Comfort+ 4&#215;4  Panoramadach,LED-Tagfah                        <\/h2>\n\n                    <\/a>\n                <\/hgroup>\n                <span class=\"vehicle-addition\">\n                    <p>\n                        SUV\/Gel\u00e4ndewagen\/Pickup ,\n                        Gebrauchtfahrzeug                    <\/p>\n                <\/span>\n                <div class=\"vehicle-row\">\n                    <div class=\"vehicle-thumbnail\">\n                        <a href=\"https:\/\/ford-sachsen.de\/html\/page\/fahrzeuge\/suzuki-vitara-1-4-comfort-4x4-panoramadachled-tagfah\/\" title=\"Suzuki Vitara 1.4 Comfort+ 4&#215;4  Panoramadach,LED-Tagfah\">\n                            <img loading=\"lazy\" decoding=\"async\" width=\"300\" height=\"225\" src=\"https:\/\/ford-sachsen.de\/html\/page\/wp-content\/uploads\/2026\/05\/4746506-69f5417d2db2d938c8d6c-ace1-4695-84d3-11d69b761e08-rule-mo-1600-300x225.jpg\" class=\"attachment-medium size-medium wp-post-image\" alt=\"\" srcset=\"https:\/\/ford-sachsen.de\/html\/page\/wp-content\/uploads\/2026\/05\/4746506-69f5417d2db2d938c8d6c-ace1-4695-84d3-11d69b761e08-rule-mo-1600-300x225.jpg 300w, https:\/\/ford-sachsen.de\/html\/page\/wp-content\/uploads\/2026\/05\/4746506-69f5417d2db2d938c8d6c-ace1-4695-84d3-11d69b761e08-rule-mo-1600-1024x768.jpg 1024w, https:\/\/ford-sachsen.de\/html\/page\/wp-content\/uploads\/2026\/05\/4746506-69f5417d2db2d938c8d6c-ace1-4695-84d3-11d69b761e08-rule-mo-1600-768x576.jpg 768w, https:\/\/ford-sachsen.de\/html\/page\/wp-content\/uploads\/2026\/05\/4746506-69f5417d2db2d938c8d6c-ace1-4695-84d3-11d69b761e08-rule-mo-1600.jpg 1440w\" sizes=\"(max-width: 300px) 100vw, 300px\" \/>                        <\/a>\n                    <\/div>\n                    <div class=\"vehicle-data\">\n                                                    <small>\n                                                                05.2019                                \u00b7\n                            <\/small>\n                                                                            <small>\n                                90.850 km\n                            <\/small>\n                                                                            <small>\n                                \u00b7\n                                103 kW\n                                                                (\n                                140 PS)\n                            <\/small>\n                                                                            <small>\n                                \u00b7\n                                Schaltgetriebe                            <\/small>\n                                                                            <small>\n                                \u00b7\n                                Unfallfrei                            <\/small>\n                        \n                                                    <small>\n                                \u00b7\n                                Benzin                            <\/small>\n                                                                                                                            <small>\n                                \u00b7\n                                4\/5 T\u00fcren\n                            <\/small>\n                                                <ul class=\"vehicle-emission\">\n                                                                                     \n                                       \n  <!-- CO2-Emissionen\t-->\n                                        <!-- CO2-Emissionen\t-->\n                   \n \n \n\n\n                <\/ul>\n\n                    <\/div>\n\n                    <div class=\"vehicle-price\">\n                                                    <div itemprop=\"priceSpecification\" itemscope itemtype=\"http:\/\/schema.org\/UnitPriceSpecification\">\n                                <meta itemprop=\"priceCurrency\" content=\"EUR\">\n                                <meta itemprop=\"price\" content=\"16.690\">\n                                <strong>\n                                    16.690 \u20ac (Brutto)\n                                <\/strong><br><small>\n                                    MwSt. nicht ausweisbar                                <\/small>\n                            <\/div>\n                                                <br>\n                        <a href=\"https:\/\/ford-sachsen.de\/html\/page\/fahrzeuge\/suzuki-vitara-1-4-comfort-4x4-panoramadachled-tagfah\/\"\n                            class=\"vehicle-btn wp-block-button__link wp-element-button\">Details<\/a>\n                    <\/div>\n                <\/div> <!-- \/\/ vehicle-row -->\n               \n            <\/article>\n                        <article id=\"post-4746504\" class=\"vehicle\">\n                <hgroup>\n                    <a href=\"https:\/\/ford-sachsen.de\/html\/page\/fahrzeuge\/ford-puma-titanium-design-winter-paketnavipps\/\">\n                        <h2 class=\"vehicle-title\">\n                            Ford Puma Titanium Design WINTER-PAKET+NAVI+PPS                        <\/h2>\n\n                    <\/a>\n                <\/hgroup>\n                <span class=\"vehicle-addition\">\n                    <p>\n                        SUV\/Gel\u00e4ndewagen\/Pickup ,\n                        Gebrauchtfahrzeug                    <\/p>\n                <\/span>\n                <div class=\"vehicle-row\">\n                    <div class=\"vehicle-thumbnail\">\n                        <a href=\"https:\/\/ford-sachsen.de\/html\/page\/fahrzeuge\/ford-puma-titanium-design-winter-paketnavipps\/\" title=\"Ford Puma Titanium Design WINTER-PAKET+NAVI+PPS\">\n                            <img loading=\"lazy\" decoding=\"async\" width=\"300\" height=\"225\" src=\"https:\/\/ford-sachsen.de\/html\/page\/wp-content\/uploads\/2026\/05\/4746504-69f5417ba3b3441939e44-f2a0-49ed-9a2d-f34de24670ea-rule-mo-1600-300x225.jpg\" class=\"attachment-medium size-medium wp-post-image\" alt=\"\" srcset=\"https:\/\/ford-sachsen.de\/html\/page\/wp-content\/uploads\/2026\/05\/4746504-69f5417ba3b3441939e44-f2a0-49ed-9a2d-f34de24670ea-rule-mo-1600-300x225.jpg 300w, https:\/\/ford-sachsen.de\/html\/page\/wp-content\/uploads\/2026\/05\/4746504-69f5417ba3b3441939e44-f2a0-49ed-9a2d-f34de24670ea-rule-mo-1600-1024x768.jpg 1024w, https:\/\/ford-sachsen.de\/html\/page\/wp-content\/uploads\/2026\/05\/4746504-69f5417ba3b3441939e44-f2a0-49ed-9a2d-f34de24670ea-rule-mo-1600-768x576.jpg 768w, https:\/\/ford-sachsen.de\/html\/page\/wp-content\/uploads\/2026\/05\/4746504-69f5417ba3b3441939e44-f2a0-49ed-9a2d-f34de24670ea-rule-mo-1600.jpg 1440w\" sizes=\"(max-width: 300px) 100vw, 300px\" \/>                        <\/a>\n                    <\/div>\n                    <div class=\"vehicle-data\">\n                                                    <small>\n                                                                11.2021                                \u00b7\n                            <\/small>\n                                                                            <small>\n                                45.600 km\n                            <\/small>\n                                                                            <small>\n                                \u00b7\n                                92 kW\n                                                                (\n                                125 PS)\n                            <\/small>\n                                                                            <small>\n                                \u00b7\n                                Schaltgetriebe                            <\/small>\n                                                                            <small>\n                                \u00b7\n                                Unfallfrei                            <\/small>\n                        \n                                                    <small>\n                                \u00b7\n                                Benzin                            <\/small>\n                                                                                                                            <small>\n                                \u00b7\n                                4\/5 T\u00fcren\n                            <\/small>\n                                                <ul class=\"vehicle-emission\">\n                                                 <span>Verbrauch komb.: \n                                    6.0                                 l\/100km<\/span><br>\n                                                                                \n                                       \n  <!-- CO2-Emissionen\t-->\n                                            <span>CO\u2082-Emissionen komb.: 135.0                                 g\/km<\/span><br>\n                                        <!-- CO2-Emissionen\t-->\n                   \n \n                         <span>CO\u2082-Klasse: \n                                    D                                <\/span><br>\n                    \n\n\n                <\/ul>\n\n                    <\/div>\n\n                    <div class=\"vehicle-price\">\n                                                    <div itemprop=\"priceSpecification\" itemscope itemtype=\"http:\/\/schema.org\/UnitPriceSpecification\">\n                                <meta itemprop=\"priceCurrency\" content=\"EUR\">\n                                <meta itemprop=\"price\" content=\"15.490\">\n                                <strong>\n                                    15.490 \u20ac (Brutto)\n                                <\/strong><br><small>\n                                    Inkl. 19% MwSt.                                <\/small>\n                            <\/div>\n                                                <br>\n                        <a href=\"https:\/\/ford-sachsen.de\/html\/page\/fahrzeuge\/ford-puma-titanium-design-winter-paketnavipps\/\"\n                            class=\"vehicle-btn wp-block-button__link wp-element-button\">Details<\/a>\n                    <\/div>\n                <\/div> <!-- \/\/ vehicle-row -->\n               \n            <\/article>\n                        <article id=\"post-4746502\" class=\"vehicle\">\n                <hgroup>\n                    <a href=\"https:\/\/ford-sachsen.de\/html\/page\/fahrzeuge\/ford-puma-st-line-x-dach-kontrastnaviacc-leder-digi\/\">\n                        <h2 class=\"vehicle-title\">\n                            Ford Puma ST-Line X DACH-KONTRAST+NAVI+ACC Leder Digi                        <\/h2>\n\n                    <\/a>\n                <\/hgroup>\n                <span class=\"vehicle-addition\">\n                    <p>\n                        SUV\/Gel\u00e4ndewagen\/Pickup ,\n                        Gebrauchtfahrzeug                    <\/p>\n                <\/span>\n                <div class=\"vehicle-row\">\n                    <div class=\"vehicle-thumbnail\">\n                        <a href=\"https:\/\/ford-sachsen.de\/html\/page\/fahrzeuge\/ford-puma-st-line-x-dach-kontrastnaviacc-leder-digi\/\" title=\"Ford Puma ST-Line X DACH-KONTRAST+NAVI+ACC Leder Digi\">\n                            <img loading=\"lazy\" decoding=\"async\" width=\"300\" height=\"225\" src=\"https:\/\/ford-sachsen.de\/html\/page\/wp-content\/uploads\/2026\/05\/4746502-69f54179f1d6272013b14-1807-4246-b99a-1bc93169a784-rule-mo-1600-300x225.jpg\" class=\"attachment-medium size-medium wp-post-image\" alt=\"\" srcset=\"https:\/\/ford-sachsen.de\/html\/page\/wp-content\/uploads\/2026\/05\/4746502-69f54179f1d6272013b14-1807-4246-b99a-1bc93169a784-rule-mo-1600-300x225.jpg 300w, https:\/\/ford-sachsen.de\/html\/page\/wp-content\/uploads\/2026\/05\/4746502-69f54179f1d6272013b14-1807-4246-b99a-1bc93169a784-rule-mo-1600-1024x768.jpg 1024w, https:\/\/ford-sachsen.de\/html\/page\/wp-content\/uploads\/2026\/05\/4746502-69f54179f1d6272013b14-1807-4246-b99a-1bc93169a784-rule-mo-1600-768x576.jpg 768w, https:\/\/ford-sachsen.de\/html\/page\/wp-content\/uploads\/2026\/05\/4746502-69f54179f1d6272013b14-1807-4246-b99a-1bc93169a784-rule-mo-1600.jpg 1440w\" sizes=\"(max-width: 300px) 100vw, 300px\" \/>                        <\/a>\n                    <\/div>\n                    <div class=\"vehicle-data\">\n                                                    <small>\n                                                                10.2022                                \u00b7\n                            <\/small>\n                                                                            <small>\n                                72.810 km\n                            <\/small>\n                                                                            <small>\n                                \u00b7\n                                92 kW\n                                                                (\n                                125 PS)\n                            <\/small>\n                                                                            <small>\n                                \u00b7\n                                Automatik                            <\/small>\n                                                                            <small>\n                                \u00b7\n                                Unfallfrei                            <\/small>\n                        \n                                                    <small>\n                                \u00b7\n                                Benzin                            <\/small>\n                                                                                                                            <small>\n                                \u00b7\n                                4\/5 T\u00fcren\n                            <\/small>\n                                                <ul class=\"vehicle-emission\">\n                                                 <span>Verbrauch komb.: \n                                    6.2                                 l\/100km<\/span><br>\n                                                                                \n                                       \n  <!-- CO2-Emissionen\t-->\n                                            <span>CO\u2082-Emissionen komb.: 141.0                                 g\/km<\/span><br>\n                                        <!-- CO2-Emissionen\t-->\n                   \n \n                         <span>CO\u2082-Klasse: \n                                    E                                <\/span><br>\n                    \n\n\n                <\/ul>\n\n                    <\/div>\n\n                    <div class=\"vehicle-price\">\n                                                    <div itemprop=\"priceSpecification\" itemscope itemtype=\"http:\/\/schema.org\/UnitPriceSpecification\">\n                                <meta itemprop=\"priceCurrency\" content=\"EUR\">\n                                <meta itemprop=\"price\" content=\"17.990\">\n                                <strong>\n                                    17.990 \u20ac (Brutto)\n                                <\/strong><br><small>\n                                    MwSt. nicht ausweisbar                                <\/small>\n                            <\/div>\n                                                <br>\n                        <a href=\"https:\/\/ford-sachsen.de\/html\/page\/fahrzeuge\/ford-puma-st-line-x-dach-kontrastnaviacc-leder-digi\/\"\n                            class=\"vehicle-btn wp-block-button__link wp-element-button\">Details<\/a>\n                    <\/div>\n                <\/div> <!-- \/\/ vehicle-row -->\n               \n            <\/article>\n                        <article id=\"post-4746500\" class=\"vehicle\">\n                <hgroup>\n                    <a href=\"https:\/\/ford-sachsen.de\/html\/page\/fahrzeuge\/ford-transit-custom-kasten-320-l1-fwd-trend-expressli\/\">\n                        <h2 class=\"vehicle-title\">\n                            Ford Transit Custom Kasten 320 L1 FWD Trend EXPRESSLI                        <\/h2>\n\n                    <\/a>\n                <\/hgroup>\n                <span class=\"vehicle-addition\">\n                    <p>\n                        Andere ,\n                        Gebrauchtfahrzeug                    <\/p>\n                <\/span>\n                <div class=\"vehicle-row\">\n                    <div class=\"vehicle-thumbnail\">\n                        <a href=\"https:\/\/ford-sachsen.de\/html\/page\/fahrzeuge\/ford-transit-custom-kasten-320-l1-fwd-trend-expressli\/\" title=\"Ford Transit Custom Kasten 320 L1 FWD Trend EXPRESSLI\">\n                            <img loading=\"lazy\" decoding=\"async\" width=\"300\" height=\"225\" src=\"https:\/\/ford-sachsen.de\/html\/page\/wp-content\/uploads\/2026\/05\/4746500-69f54178787f462aa6a0e-8a4b-40a0-b254-84e2fe71c871-rule-mo-1600-300x225.jpg\" class=\"attachment-medium size-medium wp-post-image\" alt=\"\" srcset=\"https:\/\/ford-sachsen.de\/html\/page\/wp-content\/uploads\/2026\/05\/4746500-69f54178787f462aa6a0e-8a4b-40a0-b254-84e2fe71c871-rule-mo-1600-300x225.jpg 300w, https:\/\/ford-sachsen.de\/html\/page\/wp-content\/uploads\/2026\/05\/4746500-69f54178787f462aa6a0e-8a4b-40a0-b254-84e2fe71c871-rule-mo-1600-1024x768.jpg 1024w, https:\/\/ford-sachsen.de\/html\/page\/wp-content\/uploads\/2026\/05\/4746500-69f54178787f462aa6a0e-8a4b-40a0-b254-84e2fe71c871-rule-mo-1600-768x576.jpg 768w, https:\/\/ford-sachsen.de\/html\/page\/wp-content\/uploads\/2026\/05\/4746500-69f54178787f462aa6a0e-8a4b-40a0-b254-84e2fe71c871-rule-mo-1600.jpg 1440w\" sizes=\"(max-width: 300px) 100vw, 300px\" \/>                        <\/a>\n                    <\/div>\n                    <div class=\"vehicle-data\">\n                                                    <small>\n                                                                03.2024                                \u00b7\n                            <\/small>\n                                                                            <small>\n                                10.500 km\n                            <\/small>\n                                                                            <small>\n                                \u00b7\n                                100 kW\n                                                                (\n                                136 PS)\n                            <\/small>\n                                                                            <small>\n                                \u00b7\n                                Schaltgetriebe                            <\/small>\n                                                                            <small>\n                                \u00b7\n                                Unfallfrei                            <\/small>\n                        \n                                                    <small>\n                                \u00b7\n                                Diesel                            <\/small>\n                                                                                                                            <small>\n                                \u00b7\n                                4\/5 T\u00fcren\n                            <\/small>\n                                                <ul class=\"vehicle-emission\">\n                                                 <span>Verbrauch komb.: \n                                    7.1                                 l\/100km<\/span><br>\n                                                                                \n                                       \n  <!-- CO2-Emissionen\t-->\n                                            <span>CO\u2082-Emissionen komb.: 235.0                                 g\/km<\/span><br>\n                                        <!-- CO2-Emissionen\t-->\n                   \n \n                         <span>CO\u2082-Klasse: \n                                    G                                <\/span><br>\n                    \n\n\n                <\/ul>\n\n                    <\/div>\n\n                    <div class=\"vehicle-price\">\n                                                    <div itemprop=\"priceSpecification\" itemscope itemtype=\"http:\/\/schema.org\/UnitPriceSpecification\">\n                                <meta itemprop=\"priceCurrency\" content=\"EUR\">\n                                <meta itemprop=\"price\" content=\"35.990\">\n                                <strong>\n                                    35.990 \u20ac (Brutto)\n                                <\/strong><br><small>\n                                    Inkl. 19% MwSt.                                <\/small>\n                            <\/div>\n                                                <br>\n                        <a href=\"https:\/\/ford-sachsen.de\/html\/page\/fahrzeuge\/ford-transit-custom-kasten-320-l1-fwd-trend-expressli\/\"\n                            class=\"vehicle-btn wp-block-button__link wp-element-button\">Details<\/a>\n                    <\/div>\n                <\/div> <!-- \/\/ vehicle-row -->\n               \n            <\/article>\n                        <article id=\"post-4746498\" class=\"vehicle\">\n                <hgroup>\n                    <a href=\"https:\/\/ford-sachsen.de\/html\/page\/fahrzeuge\/ford-kuga-plug-in-hybrid-st-line-x-ledbo-soundkame\/\">\n                        <h2 class=\"vehicle-title\">\n                            Ford Kuga Plug-In Hybrid ST-Line X LED+B&amp;O-SOUND+KAME                        <\/h2>\n\n                    <\/a>\n                <\/hgroup>\n                <span class=\"vehicle-addition\">\n                    <p>\n                        SUV\/Gel\u00e4ndewagen\/Pickup ,\n                        Gebrauchtfahrzeug                    <\/p>\n                <\/span>\n                <div class=\"vehicle-row\">\n                    <div class=\"vehicle-thumbnail\">\n                        <a href=\"https:\/\/ford-sachsen.de\/html\/page\/fahrzeuge\/ford-kuga-plug-in-hybrid-st-line-x-ledbo-soundkame\/\" title=\"Ford Kuga Plug-In Hybrid ST-Line X LED+B&amp;O-SOUND+KAME\">\n                            <img loading=\"lazy\" decoding=\"async\" width=\"300\" height=\"225\" src=\"https:\/\/ford-sachsen.de\/html\/page\/wp-content\/uploads\/2026\/05\/4746498-69f54176e8e8be54d631b-8f55-401f-8f06-7e2bd4fc2d15-rule-mo-1600-300x225.jpg\" class=\"attachment-medium size-medium wp-post-image\" alt=\"\" srcset=\"https:\/\/ford-sachsen.de\/html\/page\/wp-content\/uploads\/2026\/05\/4746498-69f54176e8e8be54d631b-8f55-401f-8f06-7e2bd4fc2d15-rule-mo-1600-300x225.jpg 300w, https:\/\/ford-sachsen.de\/html\/page\/wp-content\/uploads\/2026\/05\/4746498-69f54176e8e8be54d631b-8f55-401f-8f06-7e2bd4fc2d15-rule-mo-1600-1024x768.jpg 1024w, https:\/\/ford-sachsen.de\/html\/page\/wp-content\/uploads\/2026\/05\/4746498-69f54176e8e8be54d631b-8f55-401f-8f06-7e2bd4fc2d15-rule-mo-1600-768x576.jpg 768w, https:\/\/ford-sachsen.de\/html\/page\/wp-content\/uploads\/2026\/05\/4746498-69f54176e8e8be54d631b-8f55-401f-8f06-7e2bd4fc2d15-rule-mo-1600.jpg 1440w\" sizes=\"(max-width: 300px) 100vw, 300px\" \/>                        <\/a>\n                    <\/div>\n                    <div class=\"vehicle-data\">\n                                                    <small>\n                                                                10.2021                                \u00b7\n                            <\/small>\n                                                                            <small>\n                                48.735 km\n                            <\/small>\n                                                                            <small>\n                                \u00b7\n                                165 kW\n                                                                (\n                                224 PS)\n                            <\/small>\n                                                                            <small>\n                                \u00b7\n                                Automatik                            <\/small>\n                                                                            <small>\n                                \u00b7\n                                Unfallfrei                            <\/small>\n                        \n                                                    <small>\n                                \u00b7\n                                Plug-in-Hybrid                            <\/small>\n                                                                                                                            <small>\n                                \u00b7\n                                4\/5 T\u00fcren\n                            <\/small>\n                                                <ul class=\"vehicle-emission\">\n                                                <span>Kraftstoffverbrauch gewichtet, kombiniert: \n                                    1.4                                 l\/100km<\/span><br>\n                                             <span>Verbrauch komb.: \n                                    6.5                                 l\/100km<\/span><br>\n                                                                <span>Stromverbrauch gewichtet, kombiniert: \n                                    16.8                                 kWh\/100km<\/span><br>\n                                                            \n                                       \n  <!-- CO2-Emissionen\t-->\n                                            <span>CO\u2082-Emissionen komb.: 32.0                                 g\/km<\/span><br>\n                                        <!-- CO2-Emissionen\t-->\n                   \n \n                         <span>CO\u2082-Klasse: \n                                    B                                <\/span><br>\n                    \n\n\n                <\/ul>\n\n                    <\/div>\n\n                    <div class=\"vehicle-price\">\n                                                    <div itemprop=\"priceSpecification\" itemscope itemtype=\"http:\/\/schema.org\/UnitPriceSpecification\">\n                                <meta itemprop=\"priceCurrency\" content=\"EUR\">\n                                <meta itemprop=\"price\" content=\"22.890\">\n                                <strong>\n                                    22.890 \u20ac (Brutto)\n                                <\/strong><br><small>\n                                    Inkl. 19% MwSt.                                <\/small>\n                            <\/div>\n                                                <br>\n                        <a href=\"https:\/\/ford-sachsen.de\/html\/page\/fahrzeuge\/ford-kuga-plug-in-hybrid-st-line-x-ledbo-soundkame\/\"\n                            class=\"vehicle-btn wp-block-button__link wp-element-button\">Details<\/a>\n                    <\/div>\n                <\/div> <!-- \/\/ vehicle-row -->\n               \n            <\/article>\n                        <article id=\"post-4746496\" class=\"vehicle\">\n                <hgroup>\n                    <a href=\"https:\/\/ford-sachsen.de\/html\/page\/fahrzeuge\/ford-tourneo-custom-bus-active-ahk-standhzg-apple-car\/\">\n                        <h2 class=\"vehicle-title\">\n                            Ford Tourneo Custom Bus Active AHK StandHZG Apple Car                        <\/h2>\n\n                    <\/a>\n                <\/hgroup>\n                <span class=\"vehicle-addition\">\n                    <p>\n                        Van\/Minibus ,\n                        Gebrauchtfahrzeug                    <\/p>\n                <\/span>\n                <div class=\"vehicle-row\">\n                    <div class=\"vehicle-thumbnail\">\n                        <a href=\"https:\/\/ford-sachsen.de\/html\/page\/fahrzeuge\/ford-tourneo-custom-bus-active-ahk-standhzg-apple-car\/\" title=\"Ford Tourneo Custom Bus Active AHK StandHZG Apple Car\">\n                            <img loading=\"lazy\" decoding=\"async\" width=\"300\" height=\"225\" src=\"https:\/\/ford-sachsen.de\/html\/page\/wp-content\/uploads\/2026\/05\/4746496-69f541756b12264241be4-01c9-4fad-a557-2df66affae1e-rule-mo-1600-300x225.jpg\" class=\"attachment-medium size-medium wp-post-image\" alt=\"\" srcset=\"https:\/\/ford-sachsen.de\/html\/page\/wp-content\/uploads\/2026\/05\/4746496-69f541756b12264241be4-01c9-4fad-a557-2df66affae1e-rule-mo-1600-300x225.jpg 300w, https:\/\/ford-sachsen.de\/html\/page\/wp-content\/uploads\/2026\/05\/4746496-69f541756b12264241be4-01c9-4fad-a557-2df66affae1e-rule-mo-1600-1024x768.jpg 1024w, https:\/\/ford-sachsen.de\/html\/page\/wp-content\/uploads\/2026\/05\/4746496-69f541756b12264241be4-01c9-4fad-a557-2df66affae1e-rule-mo-1600-768x576.jpg 768w, https:\/\/ford-sachsen.de\/html\/page\/wp-content\/uploads\/2026\/05\/4746496-69f541756b12264241be4-01c9-4fad-a557-2df66affae1e-rule-mo-1600.jpg 1440w\" sizes=\"(max-width: 300px) 100vw, 300px\" \/>                        <\/a>\n                    <\/div>\n                    <div class=\"vehicle-data\">\n                                                    <small>\n                                                                10.2022                                \u00b7\n                            <\/small>\n                                                                            <small>\n                                55.134 km\n                            <\/small>\n                                                                            <small>\n                                \u00b7\n                                110 kW\n                                                                (\n                                150 PS)\n                            <\/small>\n                                                                            <small>\n                                \u00b7\n                                Schaltgetriebe                            <\/small>\n                                                                            <small>\n                                \u00b7\n                                Unfallfrei                            <\/small>\n                        \n                                                    <small>\n                                \u00b7\n                                Diesel                            <\/small>\n                                                                                                                            <small>\n                                \u00b7\n                                4\/5 T\u00fcren\n                            <\/small>\n                                                <ul class=\"vehicle-emission\">\n                                                 <span>Verbrauch komb.: \n                                    7.6                                 l\/100km<\/span><br>\n                                                                                \n                                       \n  <!-- CO2-Emissionen\t-->\n                                            <span>CO\u2082-Emissionen komb.: 201.0                                 g\/km<\/span><br>\n                                        <!-- CO2-Emissionen\t-->\n                   \n \n                         <span>CO\u2082-Klasse: \n                                    G                                <\/span><br>\n                    \n\n\n                <\/ul>\n\n                    <\/div>\n\n                    <div class=\"vehicle-price\">\n                                                    <div itemprop=\"priceSpecification\" itemscope itemtype=\"http:\/\/schema.org\/UnitPriceSpecification\">\n                                <meta itemprop=\"priceCurrency\" content=\"EUR\">\n                                <meta itemprop=\"price\" content=\"34.990\">\n                                <strong>\n                                    34.990 \u20ac (Brutto)\n                                <\/strong><br><small>\n                                    Inkl. 19% MwSt.                                <\/small>\n                            <\/div>\n                                                <br>\n                        <a href=\"https:\/\/ford-sachsen.de\/html\/page\/fahrzeuge\/ford-tourneo-custom-bus-active-ahk-standhzg-apple-car\/\"\n                            class=\"vehicle-btn wp-block-button__link wp-element-button\">Details<\/a>\n                    <\/div>\n                <\/div> <!-- \/\/ vehicle-row -->\n               \n            <\/article>\n                        <article id=\"post-4746494\" class=\"vehicle\">\n                <hgroup>\n                    <a href=\"https:\/\/ford-sachsen.de\/html\/page\/fahrzeuge\/ford-puma-titanium-design-navi-led-dab-ambientebeleuc\/\">\n                        <h2 class=\"vehicle-title\">\n                            Ford Puma Titanium Design Navi LED DAB Ambientebeleuc                        <\/h2>\n\n                    <\/a>\n                <\/hgroup>\n                <span class=\"vehicle-addition\">\n                    <p>\n                        SUV\/Gel\u00e4ndewagen\/Pickup ,\n                        Gebrauchtfahrzeug                    <\/p>\n                <\/span>\n                <div class=\"vehicle-row\">\n                    <div class=\"vehicle-thumbnail\">\n                        <a href=\"https:\/\/ford-sachsen.de\/html\/page\/fahrzeuge\/ford-puma-titanium-design-navi-led-dab-ambientebeleuc\/\" title=\"Ford Puma Titanium Design Navi LED DAB Ambientebeleuc\">\n                            <img loading=\"lazy\" decoding=\"async\" width=\"300\" height=\"225\" src=\"https:\/\/ford-sachsen.de\/html\/page\/wp-content\/uploads\/2026\/05\/4746494-69f54173e70db9a480539-6863-495c-b9a8-732033791413-rule-mo-1600-300x225.jpg\" class=\"attachment-medium size-medium wp-post-image\" alt=\"\" srcset=\"https:\/\/ford-sachsen.de\/html\/page\/wp-content\/uploads\/2026\/05\/4746494-69f54173e70db9a480539-6863-495c-b9a8-732033791413-rule-mo-1600-300x225.jpg 300w, https:\/\/ford-sachsen.de\/html\/page\/wp-content\/uploads\/2026\/05\/4746494-69f54173e70db9a480539-6863-495c-b9a8-732033791413-rule-mo-1600-1024x768.jpg 1024w, https:\/\/ford-sachsen.de\/html\/page\/wp-content\/uploads\/2026\/05\/4746494-69f54173e70db9a480539-6863-495c-b9a8-732033791413-rule-mo-1600-768x576.jpg 768w, https:\/\/ford-sachsen.de\/html\/page\/wp-content\/uploads\/2026\/05\/4746494-69f54173e70db9a480539-6863-495c-b9a8-732033791413-rule-mo-1600.jpg 1440w\" sizes=\"(max-width: 300px) 100vw, 300px\" \/>                        <\/a>\n                    <\/div>\n                    <div class=\"vehicle-data\">\n                                                    <small>\n                                                                11.2021                                \u00b7\n                            <\/small>\n                                                                            <small>\n                                45.047 km\n                            <\/small>\n                                                                            <small>\n                                \u00b7\n                                92 kW\n                                                                (\n                                125 PS)\n                            <\/small>\n                                                                            <small>\n                                \u00b7\n                                Schaltgetriebe                            <\/small>\n                                                                            <small>\n                                \u00b7\n                                Unfallfrei                            <\/small>\n                        \n                                                    <small>\n                                \u00b7\n                                Benzin                            <\/small>\n                                                                                                                            <small>\n                                \u00b7\n                                4\/5 T\u00fcren\n                            <\/small>\n                                                <ul class=\"vehicle-emission\">\n                                                 <span>Verbrauch komb.: \n                                    6.0                                 l\/100km<\/span><br>\n                                                                                \n                                       \n  <!-- CO2-Emissionen\t-->\n                                            <span>CO\u2082-Emissionen komb.: 135.0                                 g\/km<\/span><br>\n                                        <!-- CO2-Emissionen\t-->\n                   \n \n                         <span>CO\u2082-Klasse: \n                                    D                                <\/span><br>\n                    \n\n\n                <\/ul>\n\n                    <\/div>\n\n                    <div class=\"vehicle-price\">\n                                                    <div itemprop=\"priceSpecification\" itemscope itemtype=\"http:\/\/schema.org\/UnitPriceSpecification\">\n                                <meta itemprop=\"priceCurrency\" content=\"EUR\">\n                                <meta itemprop=\"price\" content=\"16.690\">\n                                <strong>\n                                    16.690 \u20ac (Brutto)\n                                <\/strong><br><small>\n                                    Inkl. 19% MwSt.                                <\/small>\n                            <\/div>\n                                                <br>\n                        <a href=\"https:\/\/ford-sachsen.de\/html\/page\/fahrzeuge\/ford-puma-titanium-design-navi-led-dab-ambientebeleuc\/\"\n                            class=\"vehicle-btn wp-block-button__link wp-element-button\">Details<\/a>\n                    <\/div>\n                <\/div> <!-- \/\/ vehicle-row -->\n               \n            <\/article>\n                        <article id=\"post-4746492\" class=\"vehicle\">\n                <hgroup>\n                    <a href=\"https:\/\/ford-sachsen.de\/html\/page\/fahrzeuge\/ford-kuga-phev-vignale-aktionsfahrzeug-ahkledtop-zu\/\">\n                        <h2 class=\"vehicle-title\">\n                            Ford Kuga PHEV Vignale AKTIONSFAHRZEUG AHK+LED+TOP-ZU                        <\/h2>\n\n                    <\/a>\n                <\/hgroup>\n                <span class=\"vehicle-addition\">\n                    <p>\n                        SUV\/Gel\u00e4ndewagen\/Pickup ,\n                        Gebrauchtfahrzeug                    <\/p>\n                <\/span>\n                <div class=\"vehicle-row\">\n                    <div class=\"vehicle-thumbnail\">\n                        <a href=\"https:\/\/ford-sachsen.de\/html\/page\/fahrzeuge\/ford-kuga-phev-vignale-aktionsfahrzeug-ahkledtop-zu\/\" title=\"Ford Kuga PHEV Vignale AKTIONSFAHRZEUG AHK+LED+TOP-ZU\">\n                            <img loading=\"lazy\" decoding=\"async\" width=\"300\" height=\"225\" src=\"https:\/\/ford-sachsen.de\/html\/page\/wp-content\/uploads\/2026\/05\/4746492-69f5417259dab340b3783-620f-4ed1-9bb9-522f29cc8932-rule-mo-1600-300x225.jpg\" class=\"attachment-medium size-medium wp-post-image\" alt=\"\" srcset=\"https:\/\/ford-sachsen.de\/html\/page\/wp-content\/uploads\/2026\/05\/4746492-69f5417259dab340b3783-620f-4ed1-9bb9-522f29cc8932-rule-mo-1600-300x225.jpg 300w, https:\/\/ford-sachsen.de\/html\/page\/wp-content\/uploads\/2026\/05\/4746492-69f5417259dab340b3783-620f-4ed1-9bb9-522f29cc8932-rule-mo-1600-1024x768.jpg 1024w, https:\/\/ford-sachsen.de\/html\/page\/wp-content\/uploads\/2026\/05\/4746492-69f5417259dab340b3783-620f-4ed1-9bb9-522f29cc8932-rule-mo-1600-768x576.jpg 768w, https:\/\/ford-sachsen.de\/html\/page\/wp-content\/uploads\/2026\/05\/4746492-69f5417259dab340b3783-620f-4ed1-9bb9-522f29cc8932-rule-mo-1600.jpg 1440w\" sizes=\"(max-width: 300px) 100vw, 300px\" \/>                        <\/a>\n                    <\/div>\n                    <div class=\"vehicle-data\">\n                                                    <small>\n                                                                11.2022                                \u00b7\n                            <\/small>\n                                                                            <small>\n                                49.498 km\n                            <\/small>\n                                                                            <small>\n                                \u00b7\n                                165 kW\n                                                                (\n                                224 PS)\n                            <\/small>\n                                                                            <small>\n                                \u00b7\n                                Automatik                            <\/small>\n                                                                            <small>\n                                \u00b7\n                                Unfallfrei                            <\/small>\n                        \n                                                    <small>\n                                \u00b7\n                                Plug-in-Hybrid                            <\/small>\n                                                                                                                            <small>\n                                \u00b7\n                                4\/5 T\u00fcren\n                            <\/small>\n                                                <ul class=\"vehicle-emission\">\n                                                                                     \n                                       \n  <!-- CO2-Emissionen\t-->\n                                        <!-- CO2-Emissionen\t-->\n                   \n \n \n\n\n                <\/ul>\n\n                    <\/div>\n\n                    <div class=\"vehicle-price\">\n                                                    <div itemprop=\"priceSpecification\" itemscope itemtype=\"http:\/\/schema.org\/UnitPriceSpecification\">\n                                <meta itemprop=\"priceCurrency\" content=\"EUR\">\n                                <meta itemprop=\"price\" content=\"26.690\">\n                                <strong>\n                                    26.690 \u20ac (Brutto)\n                                <\/strong><br><small>\n                                    Inkl. 19% MwSt.                                <\/small>\n                            <\/div>\n                                                <br>\n                        <a href=\"https:\/\/ford-sachsen.de\/html\/page\/fahrzeuge\/ford-kuga-phev-vignale-aktionsfahrzeug-ahkledtop-zu\/\"\n                            class=\"vehicle-btn wp-block-button__link wp-element-button\">Details<\/a>\n                    <\/div>\n                <\/div> <!-- \/\/ vehicle-row -->\n               \n            <\/article>\n                        <article id=\"post-4746490\" class=\"vehicle\">\n                <hgroup>\n                    <a href=\"https:\/\/ford-sachsen.de\/html\/page\/fahrzeuge\/ford-focus-titanium-panodachfahrerassistpaket-navi-l\/\">\n                        <h2 class=\"vehicle-title\">\n                            Ford Focus Titanium PANODACH+FAHRERASSISTPAKET Navi L                        <\/h2>\n\n                    <\/a>\n                <\/hgroup>\n                <span class=\"vehicle-addition\">\n                    <p>\n                        Limousine ,\n                        Gebrauchtfahrzeug                    <\/p>\n                <\/span>\n                <div class=\"vehicle-row\">\n                    <div class=\"vehicle-thumbnail\">\n                        <a href=\"https:\/\/ford-sachsen.de\/html\/page\/fahrzeuge\/ford-focus-titanium-panodachfahrerassistpaket-navi-l\/\" title=\"Ford Focus Titanium PANODACH+FAHRERASSISTPAKET Navi L\">\n                            <img loading=\"lazy\" decoding=\"async\" width=\"300\" height=\"225\" src=\"https:\/\/ford-sachsen.de\/html\/page\/wp-content\/uploads\/2026\/05\/4746490-69f541708a8ea1c509821-396f-4127-aaf1-4a8acb25f45d-rule-mo-1600-300x225.jpg\" class=\"attachment-medium size-medium wp-post-image\" alt=\"\" srcset=\"https:\/\/ford-sachsen.de\/html\/page\/wp-content\/uploads\/2026\/05\/4746490-69f541708a8ea1c509821-396f-4127-aaf1-4a8acb25f45d-rule-mo-1600-300x225.jpg 300w, https:\/\/ford-sachsen.de\/html\/page\/wp-content\/uploads\/2026\/05\/4746490-69f541708a8ea1c509821-396f-4127-aaf1-4a8acb25f45d-rule-mo-1600-1024x768.jpg 1024w, https:\/\/ford-sachsen.de\/html\/page\/wp-content\/uploads\/2026\/05\/4746490-69f541708a8ea1c509821-396f-4127-aaf1-4a8acb25f45d-rule-mo-1600-768x576.jpg 768w, https:\/\/ford-sachsen.de\/html\/page\/wp-content\/uploads\/2026\/05\/4746490-69f541708a8ea1c509821-396f-4127-aaf1-4a8acb25f45d-rule-mo-1600.jpg 1440w\" sizes=\"(max-width: 300px) 100vw, 300px\" \/>                        <\/a>\n                    <\/div>\n                    <div class=\"vehicle-data\">\n                                                    <small>\n                                                                11.2025                                \u00b7\n                            <\/small>\n                                                                            <small>\n                                25 km\n                            <\/small>\n                                                                            <small>\n                                \u00b7\n                                114 kW\n                                                                (\n                                155 PS)\n                            <\/small>\n                                                                            <small>\n                                \u00b7\n                                Automatik                            <\/small>\n                                                                            <small>\n                                \u00b7\n                                Unfallfrei                            <\/small>\n                        \n                                                    <small>\n                                \u00b7\n                                Benzin                            <\/small>\n                                                                                                                            <small>\n                                \u00b7\n                                4\/5 T\u00fcren\n                            <\/small>\n                                                <ul class=\"vehicle-emission\">\n                                                 <span>Verbrauch komb.: \n                                    5.3                                 l\/100km<\/span><br>\n                                                                                \n                                       \n  <!-- CO2-Emissionen\t-->\n                                            <span>CO\u2082-Emissionen komb.: 119.0                                 g\/km<\/span><br>\n                                        <!-- CO2-Emissionen\t-->\n                   \n \n                         <span>CO\u2082-Klasse: \n                                    D                                <\/span><br>\n                    \n\n\n                <\/ul>\n\n                    <\/div>\n\n                    <div class=\"vehicle-price\">\n                                                    <div itemprop=\"priceSpecification\" itemscope itemtype=\"http:\/\/schema.org\/UnitPriceSpecification\">\n                                <meta itemprop=\"priceCurrency\" content=\"EUR\">\n                                <meta itemprop=\"price\" content=\"29.960\">\n                                <strong>\n                                    29.960 \u20ac (Brutto)\n                                <\/strong><br><small>\n                                    Inkl. 19% MwSt.                                <\/small>\n                            <\/div>\n                                                <br>\n                        <a href=\"https:\/\/ford-sachsen.de\/html\/page\/fahrzeuge\/ford-focus-titanium-panodachfahrerassistpaket-navi-l\/\"\n                            class=\"vehicle-btn wp-block-button__link wp-element-button\">Details<\/a>\n                    <\/div>\n                <\/div> <!-- \/\/ vehicle-row -->\n               \n            <\/article>\n                        <article id=\"post-4746488\" class=\"vehicle\">\n                <hgroup>\n                    <a href=\"https:\/\/ford-sachsen.de\/html\/page\/fahrzeuge\/mitsubishi-eclipse-cross-edition-2wd-active-360-kamera-led\/\">\n                        <h2 class=\"vehicle-title\">\n                            Mitsubishi Eclipse Cross Edition+ 2WD Active 360 Kamera LED                        <\/h2>\n\n                    <\/a>\n                <\/hgroup>\n                <span class=\"vehicle-addition\">\n                    <p>\n                        SUV\/Gel\u00e4ndewagen\/Pickup ,\n                        Gebrauchtfahrzeug                    <\/p>\n                <\/span>\n                <div class=\"vehicle-row\">\n                    <div class=\"vehicle-thumbnail\">\n                        <a href=\"https:\/\/ford-sachsen.de\/html\/page\/fahrzeuge\/mitsubishi-eclipse-cross-edition-2wd-active-360-kamera-led\/\" title=\"Mitsubishi Eclipse Cross Edition+ 2WD Active 360 Kamera LED\">\n                            <img loading=\"lazy\" decoding=\"async\" width=\"300\" height=\"225\" src=\"https:\/\/ford-sachsen.de\/html\/page\/wp-content\/uploads\/2026\/05\/4746488-69f5416ebd076b71bf5a6-fc3c-45c1-8752-87b6c561915c-rule-mo-1600-300x225.jpg\" class=\"attachment-medium size-medium wp-post-image\" alt=\"\" srcset=\"https:\/\/ford-sachsen.de\/html\/page\/wp-content\/uploads\/2026\/05\/4746488-69f5416ebd076b71bf5a6-fc3c-45c1-8752-87b6c561915c-rule-mo-1600-300x225.jpg 300w, https:\/\/ford-sachsen.de\/html\/page\/wp-content\/uploads\/2026\/05\/4746488-69f5416ebd076b71bf5a6-fc3c-45c1-8752-87b6c561915c-rule-mo-1600-1024x768.jpg 1024w, https:\/\/ford-sachsen.de\/html\/page\/wp-content\/uploads\/2026\/05\/4746488-69f5416ebd076b71bf5a6-fc3c-45c1-8752-87b6c561915c-rule-mo-1600-768x576.jpg 768w, https:\/\/ford-sachsen.de\/html\/page\/wp-content\/uploads\/2026\/05\/4746488-69f5416ebd076b71bf5a6-fc3c-45c1-8752-87b6c561915c-rule-mo-1600.jpg 1440w\" sizes=\"(max-width: 300px) 100vw, 300px\" \/>                        <\/a>\n                    <\/div>\n                    <div class=\"vehicle-data\">\n                                                    <small>\n                                                                05.2019                                \u00b7\n                            <\/small>\n                                                                            <small>\n                                104.916 km\n                            <\/small>\n                                                                            <small>\n                                \u00b7\n                                120 kW\n                                                                (\n                                163 PS)\n                            <\/small>\n                                                                            <small>\n                                \u00b7\n                                Schaltgetriebe                            <\/small>\n                                                                            <small>\n                                \u00b7\n                                Unfallfrei                            <\/small>\n                        \n                                                    <small>\n                                \u00b7\n                                Benzin                            <\/small>\n                                                                                                                            <small>\n                                \u00b7\n                                4\/5 T\u00fcren\n                            <\/small>\n                                                <ul class=\"vehicle-emission\">\n                                                                                     \n                                       \n  <!-- CO2-Emissionen\t-->\n                                        <!-- CO2-Emissionen\t-->\n                   \n \n \n\n\n                <\/ul>\n\n                    <\/div>\n\n                    <div class=\"vehicle-price\">\n                                                    <div itemprop=\"priceSpecification\" itemscope itemtype=\"http:\/\/schema.org\/UnitPriceSpecification\">\n                                <meta itemprop=\"priceCurrency\" content=\"EUR\">\n                                <meta itemprop=\"price\" content=\"13.890\">\n                                <strong>\n                                    13.890 \u20ac (Brutto)\n                                <\/strong><br><small>\n                                    MwSt. nicht ausweisbar                                <\/small>\n                            <\/div>\n                                                <br>\n                        <a href=\"https:\/\/ford-sachsen.de\/html\/page\/fahrzeuge\/mitsubishi-eclipse-cross-edition-2wd-active-360-kamera-led\/\"\n                            class=\"vehicle-btn wp-block-button__link wp-element-button\">Details<\/a>\n                    <\/div>\n                <\/div> <!-- \/\/ vehicle-row -->\n               \n            <\/article>\n                        <article id=\"post-4746486\" class=\"vehicle\">\n                <hgroup>\n                    <a href=\"https:\/\/ford-sachsen.de\/html\/page\/fahrzeuge\/ford-transit-wohnmobil-challanger-s194-temp-pdc-klima\/\">\n                        <h2 class=\"vehicle-title\">\n                            Ford Transit Wohnmobil Challanger S194 Temp PDC Klima                        <\/h2>\n\n                    <\/a>\n                <\/hgroup>\n                <span class=\"vehicle-addition\">\n                    <p>\n                        Teilintegrierter ,\n                        Gebrauchtfahrzeug                    <\/p>\n                <\/span>\n                <div class=\"vehicle-row\">\n                    <div class=\"vehicle-thumbnail\">\n                        <a href=\"https:\/\/ford-sachsen.de\/html\/page\/fahrzeuge\/ford-transit-wohnmobil-challanger-s194-temp-pdc-klima\/\" title=\"Ford Transit Wohnmobil Challanger S194 Temp PDC Klima\">\n                            <img loading=\"lazy\" decoding=\"async\" width=\"300\" height=\"225\" src=\"https:\/\/ford-sachsen.de\/html\/page\/wp-content\/uploads\/2026\/05\/4746486-69f5416d3d51ad6b18319-221d-4714-b1e7-fdaf4377ad1b-rule-mo-1600-300x225.jpg\" class=\"attachment-medium size-medium wp-post-image\" alt=\"\" srcset=\"https:\/\/ford-sachsen.de\/html\/page\/wp-content\/uploads\/2026\/05\/4746486-69f5416d3d51ad6b18319-221d-4714-b1e7-fdaf4377ad1b-rule-mo-1600-300x225.jpg 300w, https:\/\/ford-sachsen.de\/html\/page\/wp-content\/uploads\/2026\/05\/4746486-69f5416d3d51ad6b18319-221d-4714-b1e7-fdaf4377ad1b-rule-mo-1600-1024x768.jpg 1024w, https:\/\/ford-sachsen.de\/html\/page\/wp-content\/uploads\/2026\/05\/4746486-69f5416d3d51ad6b18319-221d-4714-b1e7-fdaf4377ad1b-rule-mo-1600-768x576.jpg 768w, https:\/\/ford-sachsen.de\/html\/page\/wp-content\/uploads\/2026\/05\/4746486-69f5416d3d51ad6b18319-221d-4714-b1e7-fdaf4377ad1b-rule-mo-1600.jpg 1440w\" sizes=\"(max-width: 300px) 100vw, 300px\" \/>                        <\/a>\n                    <\/div>\n                    <div class=\"vehicle-data\">\n                                                    <small>\n                                                                04.2022                                \u00b7\n                            <\/small>\n                                                                            <small>\n                                67.800 km\n                            <\/small>\n                                                                            <small>\n                                \u00b7\n                                125 kW\n                                                                (\n                                170 PS)\n                            <\/small>\n                                                                            <small>\n                                \u00b7\n                                Schaltgetriebe                            <\/small>\n                                                                            <small>\n                                \u00b7\n                                Unfallfrei                            <\/small>\n                        \n                                                    <small>\n                                \u00b7\n                                Diesel                            <\/small>\n                                                                                                                        <ul class=\"vehicle-emission\">\n                                                                                     \n                                       \n  <!-- CO2-Emissionen\t-->\n                                        <!-- CO2-Emissionen\t-->\n                   \n \n \n\n\n                <\/ul>\n\n                    <\/div>\n\n                    <div class=\"vehicle-price\">\n                                                    <div itemprop=\"priceSpecification\" itemscope itemtype=\"http:\/\/schema.org\/UnitPriceSpecification\">\n                                <meta itemprop=\"priceCurrency\" content=\"EUR\">\n                                <meta itemprop=\"price\" content=\"46.960\">\n                                <strong>\n                                    46.960 \u20ac (Brutto)\n                                <\/strong><br><small>\n                                    Inkl. 19% MwSt.                                <\/small>\n                            <\/div>\n                                                <br>\n                        <a href=\"https:\/\/ford-sachsen.de\/html\/page\/fahrzeuge\/ford-transit-wohnmobil-challanger-s194-temp-pdc-klima\/\"\n                            class=\"vehicle-btn wp-block-button__link wp-element-button\">Details<\/a>\n                    <\/div>\n                <\/div> <!-- \/\/ vehicle-row -->\n               \n            <\/article>\n                        <article id=\"post-4746484\" class=\"vehicle\">\n                <hgroup>\n                    <a href=\"https:\/\/ford-sachsen.de\/html\/page\/fahrzeuge\/ford-kuga-2-0-ecoblue-titanium-4x4-panodachtechno-pa\/\">\n                        <h2 class=\"vehicle-title\">\n                            Ford Kuga 2.0 EcoBlue Titanium 4&#215;4 PANODACH+TECHNO-PA                        <\/h2>\n\n                    <\/a>\n                <\/hgroup>\n                <span class=\"vehicle-addition\">\n                    <p>\n                        SUV\/Gel\u00e4ndewagen\/Pickup ,\n                        Gebrauchtfahrzeug                    <\/p>\n                <\/span>\n                <div class=\"vehicle-row\">\n                    <div class=\"vehicle-thumbnail\">\n                        <a href=\"https:\/\/ford-sachsen.de\/html\/page\/fahrzeuge\/ford-kuga-2-0-ecoblue-titanium-4x4-panodachtechno-pa\/\" title=\"Ford Kuga 2.0 EcoBlue Titanium 4&#215;4 PANODACH+TECHNO-PA\">\n                            <img loading=\"lazy\" decoding=\"async\" width=\"300\" height=\"225\" src=\"https:\/\/ford-sachsen.de\/html\/page\/wp-content\/uploads\/2026\/05\/4746484-69f5416b6c0c8997e79be-15e3-4881-88fa-8ed9ce701c2d-rule-mo-1600-300x225.jpg\" class=\"attachment-medium size-medium wp-post-image\" alt=\"\" srcset=\"https:\/\/ford-sachsen.de\/html\/page\/wp-content\/uploads\/2026\/05\/4746484-69f5416b6c0c8997e79be-15e3-4881-88fa-8ed9ce701c2d-rule-mo-1600-300x225.jpg 300w, https:\/\/ford-sachsen.de\/html\/page\/wp-content\/uploads\/2026\/05\/4746484-69f5416b6c0c8997e79be-15e3-4881-88fa-8ed9ce701c2d-rule-mo-1600-1024x768.jpg 1024w, https:\/\/ford-sachsen.de\/html\/page\/wp-content\/uploads\/2026\/05\/4746484-69f5416b6c0c8997e79be-15e3-4881-88fa-8ed9ce701c2d-rule-mo-1600-768x576.jpg 768w, https:\/\/ford-sachsen.de\/html\/page\/wp-content\/uploads\/2026\/05\/4746484-69f5416b6c0c8997e79be-15e3-4881-88fa-8ed9ce701c2d-rule-mo-1600.jpg 1440w\" sizes=\"(max-width: 300px) 100vw, 300px\" \/>                        <\/a>\n                    <\/div>\n                    <div class=\"vehicle-data\">\n                                                    <small>\n                                                                12.2020                                \u00b7\n                            <\/small>\n                                                                            <small>\n                                99.867 km\n                            <\/small>\n                                                                            <small>\n                                \u00b7\n                                140 kW\n                                                                (\n                                190 PS)\n                            <\/small>\n                                                                            <small>\n                                \u00b7\n                                Automatik                            <\/small>\n                                                                            <small>\n                                \u00b7\n                                Unfallfrei                            <\/small>\n                        \n                                                    <small>\n                                \u00b7\n                                Diesel                            <\/small>\n                                                                                                                            <small>\n                                \u00b7\n                                4\/5 T\u00fcren\n                            <\/small>\n                                                <ul class=\"vehicle-emission\">\n                                                                                     \n                                       \n  <!-- CO2-Emissionen\t-->\n                                        <!-- CO2-Emissionen\t-->\n                   \n \n \n\n\n                <\/ul>\n\n                    <\/div>\n\n                    <div class=\"vehicle-price\">\n                                                    <div itemprop=\"priceSpecification\" itemscope itemtype=\"http:\/\/schema.org\/UnitPriceSpecification\">\n                                <meta itemprop=\"priceCurrency\" content=\"EUR\">\n                                <meta itemprop=\"price\" content=\"21.290\">\n                                <strong>\n                                    21.290 \u20ac (Brutto)\n                                <\/strong><br><small>\n                                    MwSt. nicht ausweisbar                                <\/small>\n                            <\/div>\n                                                <br>\n                        <a href=\"https:\/\/ford-sachsen.de\/html\/page\/fahrzeuge\/ford-kuga-2-0-ecoblue-titanium-4x4-panodachtechno-pa\/\"\n                            class=\"vehicle-btn wp-block-button__link wp-element-button\">Details<\/a>\n                    <\/div>\n                <\/div> <!-- \/\/ vehicle-row -->\n               \n            <\/article>\n                        <article id=\"post-4746482\" class=\"vehicle\">\n                <hgroup>\n                    <a href=\"https:\/\/ford-sachsen.de\/html\/page\/fahrzeuge\/ford-kuga-phev-vignale-ahk-schwenkb-technofahrerass\/\">\n                        <h2 class=\"vehicle-title\">\n                            Ford Kuga PHEV Vignale AHK-SCHWENKB.+TECHNO+FAHRERASS                        <\/h2>\n\n                    <\/a>\n                <\/hgroup>\n                <span class=\"vehicle-addition\">\n                    <p>\n                        SUV\/Gel\u00e4ndewagen\/Pickup ,\n                        Gebrauchtfahrzeug                    <\/p>\n                <\/span>\n                <div class=\"vehicle-row\">\n                    <div class=\"vehicle-thumbnail\">\n                        <a href=\"https:\/\/ford-sachsen.de\/html\/page\/fahrzeuge\/ford-kuga-phev-vignale-ahk-schwenkb-technofahrerass\/\" title=\"Ford Kuga PHEV Vignale AHK-SCHWENKB.+TECHNO+FAHRERASS\">\n                            <img loading=\"lazy\" decoding=\"async\" width=\"300\" height=\"225\" src=\"https:\/\/ford-sachsen.de\/html\/page\/wp-content\/uploads\/2026\/05\/4746482-69f54169e1a7eef7900cb-e1f3-4569-81f4-c74e20c8aa65-rule-mo-1600-300x225.jpg\" class=\"attachment-medium size-medium wp-post-image\" alt=\"\" srcset=\"https:\/\/ford-sachsen.de\/html\/page\/wp-content\/uploads\/2026\/05\/4746482-69f54169e1a7eef7900cb-e1f3-4569-81f4-c74e20c8aa65-rule-mo-1600-300x225.jpg 300w, https:\/\/ford-sachsen.de\/html\/page\/wp-content\/uploads\/2026\/05\/4746482-69f54169e1a7eef7900cb-e1f3-4569-81f4-c74e20c8aa65-rule-mo-1600-1024x768.jpg 1024w, https:\/\/ford-sachsen.de\/html\/page\/wp-content\/uploads\/2026\/05\/4746482-69f54169e1a7eef7900cb-e1f3-4569-81f4-c74e20c8aa65-rule-mo-1600-768x576.jpg 768w, https:\/\/ford-sachsen.de\/html\/page\/wp-content\/uploads\/2026\/05\/4746482-69f54169e1a7eef7900cb-e1f3-4569-81f4-c74e20c8aa65-rule-mo-1600.jpg 1440w\" sizes=\"(max-width: 300px) 100vw, 300px\" \/>                        <\/a>\n                    <\/div>\n                    <div class=\"vehicle-data\">\n                                                    <small>\n                                                                09.2021                                \u00b7\n                            <\/small>\n                                                                            <small>\n                                30.750 km\n                            <\/small>\n                                                                            <small>\n                                \u00b7\n                                165 kW\n                                                                (\n                                224 PS)\n                            <\/small>\n                                                                            <small>\n                                \u00b7\n                                Automatik                            <\/small>\n                                                                            <small>\n                                \u00b7\n                                Unfallfrei                            <\/small>\n                        \n                                                    <small>\n                                \u00b7\n                                Plug-in-Hybrid                            <\/small>\n                                                                                                                            <small>\n                                \u00b7\n                                4\/5 T\u00fcren\n                            <\/small>\n                                                <ul class=\"vehicle-emission\">\n                                                                                     \n                                       \n  <!-- CO2-Emissionen\t-->\n                                        <!-- CO2-Emissionen\t-->\n                   \n \n \n\n\n                <\/ul>\n\n                    <\/div>\n\n                    <div class=\"vehicle-price\">\n                                                    <div itemprop=\"priceSpecification\" itemscope itemtype=\"http:\/\/schema.org\/UnitPriceSpecification\">\n                                <meta itemprop=\"priceCurrency\" content=\"EUR\">\n                                <meta itemprop=\"price\" content=\"23.990\">\n                                <strong>\n                                    23.990 \u20ac (Brutto)\n                                <\/strong><br><small>\n                                    Inkl. 19% MwSt.                                <\/small>\n                            <\/div>\n                                                <br>\n                        <a href=\"https:\/\/ford-sachsen.de\/html\/page\/fahrzeuge\/ford-kuga-phev-vignale-ahk-schwenkb-technofahrerass\/\"\n                            class=\"vehicle-btn wp-block-button__link wp-element-button\">Details<\/a>\n                    <\/div>\n                <\/div> <!-- \/\/ vehicle-row -->\n               \n            <\/article>\n                        <article id=\"post-4746480\" class=\"vehicle\">\n                <hgroup>\n                    <a href=\"https:\/\/ford-sachsen.de\/html\/page\/fahrzeuge\/ford-kuga-phev-titanium-navi-digitales-cockpit-sounds\/\">\n                        <h2 class=\"vehicle-title\">\n                            Ford Kuga PHEV Titanium Navi Digitales Cockpit Sounds                        <\/h2>\n\n                    <\/a>\n                <\/hgroup>\n                <span class=\"vehicle-addition\">\n                    <p>\n                        SUV\/Gel\u00e4ndewagen\/Pickup ,\n                        Gebrauchtfahrzeug                    <\/p>\n                <\/span>\n                <div class=\"vehicle-row\">\n                    <div class=\"vehicle-thumbnail\">\n                        <a href=\"https:\/\/ford-sachsen.de\/html\/page\/fahrzeuge\/ford-kuga-phev-titanium-navi-digitales-cockpit-sounds\/\" title=\"Ford Kuga PHEV Titanium Navi Digitales Cockpit Sounds\">\n                            <img loading=\"lazy\" decoding=\"async\" width=\"300\" height=\"225\" src=\"https:\/\/ford-sachsen.de\/html\/page\/wp-content\/uploads\/2026\/05\/4746480-69f541688713c38d701ca-c52b-4c12-b92b-6bf30b27c1d9-rule-mo-1600-300x225.jpg\" class=\"attachment-medium size-medium wp-post-image\" alt=\"\" srcset=\"https:\/\/ford-sachsen.de\/html\/page\/wp-content\/uploads\/2026\/05\/4746480-69f541688713c38d701ca-c52b-4c12-b92b-6bf30b27c1d9-rule-mo-1600-300x225.jpg 300w, https:\/\/ford-sachsen.de\/html\/page\/wp-content\/uploads\/2026\/05\/4746480-69f541688713c38d701ca-c52b-4c12-b92b-6bf30b27c1d9-rule-mo-1600-1024x768.jpg 1024w, https:\/\/ford-sachsen.de\/html\/page\/wp-content\/uploads\/2026\/05\/4746480-69f541688713c38d701ca-c52b-4c12-b92b-6bf30b27c1d9-rule-mo-1600-768x576.jpg 768w, https:\/\/ford-sachsen.de\/html\/page\/wp-content\/uploads\/2026\/05\/4746480-69f541688713c38d701ca-c52b-4c12-b92b-6bf30b27c1d9-rule-mo-1600.jpg 1440w\" sizes=\"(max-width: 300px) 100vw, 300px\" \/>                        <\/a>\n                    <\/div>\n                    <div class=\"vehicle-data\">\n                                                    <small>\n                                                                11.2022                                \u00b7\n                            <\/small>\n                                                                            <small>\n                                44.150 km\n                            <\/small>\n                                                                            <small>\n                                \u00b7\n                                165 kW\n                                                                (\n                                224 PS)\n                            <\/small>\n                                                                            <small>\n                                \u00b7\n                                Automatik                            <\/small>\n                                                                            <small>\n                                \u00b7\n                                Unfallfrei                            <\/small>\n                        \n                                                    <small>\n                                \u00b7\n                                Plug-in-Hybrid                            <\/small>\n                                                                                                                            <small>\n                                \u00b7\n                                4\/5 T\u00fcren\n                            <\/small>\n                                                <ul class=\"vehicle-emission\">\n                                                                                     \n                                       \n  <!-- CO2-Emissionen\t-->\n                                        <!-- CO2-Emissionen\t-->\n                   \n \n \n\n\n                <\/ul>\n\n                    <\/div>\n\n                    <div class=\"vehicle-price\">\n                                                    <div itemprop=\"priceSpecification\" itemscope itemtype=\"http:\/\/schema.org\/UnitPriceSpecification\">\n                                <meta itemprop=\"priceCurrency\" content=\"EUR\">\n                                <meta itemprop=\"price\" content=\"19.950\">\n                                <strong>\n                                    19.950 \u20ac (Brutto)\n                                <\/strong><br><small>\n                                    Inkl. 19% MwSt.                                <\/small>\n                            <\/div>\n                                                <br>\n                        <a href=\"https:\/\/ford-sachsen.de\/html\/page\/fahrzeuge\/ford-kuga-phev-titanium-navi-digitales-cockpit-sounds\/\"\n                            class=\"vehicle-btn wp-block-button__link wp-element-button\">Details<\/a>\n                    <\/div>\n                <\/div> <!-- \/\/ vehicle-row -->\n               \n            <\/article>\n                        <article id=\"post-4746478\" class=\"vehicle\">\n                <hgroup>\n                    <a href=\"https:\/\/ford-sachsen.de\/html\/page\/fahrzeuge\/ford-focus-turnier-titanium-x-fahrerassisteasy-drive\/\">\n                        <h2 class=\"vehicle-title\">\n                            Ford Focus Turnier Titanium X FAHRERASSIST+EASY-DRIVE                        <\/h2>\n\n                    <\/a>\n                <\/hgroup>\n                <span class=\"vehicle-addition\">\n                    <p>\n                        Kombi ,\n                        Gebrauchtfahrzeug                    <\/p>\n                <\/span>\n                <div class=\"vehicle-row\">\n                    <div class=\"vehicle-thumbnail\">\n                        <a href=\"https:\/\/ford-sachsen.de\/html\/page\/fahrzeuge\/ford-focus-turnier-titanium-x-fahrerassisteasy-drive\/\" title=\"Ford Focus Turnier Titanium X FAHRERASSIST+EASY-DRIVE\">\n                            <img loading=\"lazy\" decoding=\"async\" width=\"300\" height=\"225\" src=\"https:\/\/ford-sachsen.de\/html\/page\/wp-content\/uploads\/2026\/05\/4746478-69f54166edac5e4267da2-6ffc-4d2b-90da-0bee87065582-rule-mo-1600-300x225.jpg\" class=\"attachment-medium size-medium wp-post-image\" alt=\"\" srcset=\"https:\/\/ford-sachsen.de\/html\/page\/wp-content\/uploads\/2026\/05\/4746478-69f54166edac5e4267da2-6ffc-4d2b-90da-0bee87065582-rule-mo-1600-300x225.jpg 300w, https:\/\/ford-sachsen.de\/html\/page\/wp-content\/uploads\/2026\/05\/4746478-69f54166edac5e4267da2-6ffc-4d2b-90da-0bee87065582-rule-mo-1600-1024x768.jpg 1024w, https:\/\/ford-sachsen.de\/html\/page\/wp-content\/uploads\/2026\/05\/4746478-69f54166edac5e4267da2-6ffc-4d2b-90da-0bee87065582-rule-mo-1600-768x576.jpg 768w, https:\/\/ford-sachsen.de\/html\/page\/wp-content\/uploads\/2026\/05\/4746478-69f54166edac5e4267da2-6ffc-4d2b-90da-0bee87065582-rule-mo-1600.jpg 1440w\" sizes=\"(max-width: 300px) 100vw, 300px\" \/>                        <\/a>\n                    <\/div>\n                    <div class=\"vehicle-data\">\n                                                    <small>\n                                                                10.2025                                \u00b7\n                            <\/small>\n                                                                            <small>\n                                25 km\n                            <\/small>\n                                                                            <small>\n                                \u00b7\n                                92 kW\n                                                                (\n                                125 PS)\n                            <\/small>\n                                                                            <small>\n                                \u00b7\n                                Schaltgetriebe                            <\/small>\n                                                                            <small>\n                                \u00b7\n                                Unfallfrei                            <\/small>\n                        \n                                                    <small>\n                                \u00b7\n                                Benzin                            <\/small>\n                                                                                                                            <small>\n                                \u00b7\n                                4\/5 T\u00fcren\n                            <\/small>\n                                                <ul class=\"vehicle-emission\">\n                                                 <span>Verbrauch komb.: \n                                    6.1                                 l\/100km<\/span><br>\n                                                                                \n                                       \n  <!-- CO2-Emissionen\t-->\n                                            <span>CO\u2082-Emissionen komb.: 138.0                                 g\/km<\/span><br>\n                                        <!-- CO2-Emissionen\t-->\n                   \n \n                         <span>CO\u2082-Klasse: \n                                    E                                <\/span><br>\n                    \n\n\n                <\/ul>\n\n                    <\/div>\n\n                    <div class=\"vehicle-price\">\n                                                    <div itemprop=\"priceSpecification\" itemscope itemtype=\"http:\/\/schema.org\/UnitPriceSpecification\">\n                                <meta itemprop=\"priceCurrency\" content=\"EUR\">\n                                <meta itemprop=\"price\" content=\"27.890\">\n                                <strong>\n                                    27.890 \u20ac (Brutto)\n                                <\/strong><br><small>\n                                    Inkl. 19% MwSt.                                <\/small>\n                            <\/div>\n                                                <br>\n                        <a href=\"https:\/\/ford-sachsen.de\/html\/page\/fahrzeuge\/ford-focus-turnier-titanium-x-fahrerassisteasy-drive\/\"\n                            class=\"vehicle-btn wp-block-button__link wp-element-button\">Details<\/a>\n                    <\/div>\n                <\/div> <!-- \/\/ vehicle-row -->\n               \n            <\/article>\n                        <article id=\"post-4746476\" class=\"vehicle\">\n                <hgroup>\n                    <a href=\"https:\/\/ford-sachsen.de\/html\/page\/fahrzeuge\/ford-kuga-hybrid-fhev-active-matrix-ledhead-upwinte\/\">\n                        <h2 class=\"vehicle-title\">\n                            Ford Kuga Hybrid FHEV Active MATRIX-LED+HEAD-UP+WINTE                        <\/h2>\n\n                    <\/a>\n                <\/hgroup>\n                <span class=\"vehicle-addition\">\n                    <p>\n                        SUV\/Gel\u00e4ndewagen\/Pickup ,\n                        Gebrauchtfahrzeug                    <\/p>\n                <\/span>\n                <div class=\"vehicle-row\">\n                    <div class=\"vehicle-thumbnail\">\n                        <a href=\"https:\/\/ford-sachsen.de\/html\/page\/fahrzeuge\/ford-kuga-hybrid-fhev-active-matrix-ledhead-upwinte\/\" title=\"Ford Kuga Hybrid FHEV Active MATRIX-LED+HEAD-UP+WINTE\">\n                            <img loading=\"lazy\" decoding=\"async\" width=\"300\" height=\"225\" src=\"https:\/\/ford-sachsen.de\/html\/page\/wp-content\/uploads\/2026\/05\/4746476-69f541656225db53df9b1-f4ac-4001-a92e-8de14bcbc907-rule-mo-1600-300x225.jpg\" class=\"attachment-medium size-medium wp-post-image\" alt=\"\" srcset=\"https:\/\/ford-sachsen.de\/html\/page\/wp-content\/uploads\/2026\/05\/4746476-69f541656225db53df9b1-f4ac-4001-a92e-8de14bcbc907-rule-mo-1600-300x225.jpg 300w, https:\/\/ford-sachsen.de\/html\/page\/wp-content\/uploads\/2026\/05\/4746476-69f541656225db53df9b1-f4ac-4001-a92e-8de14bcbc907-rule-mo-1600-1024x768.jpg 1024w, https:\/\/ford-sachsen.de\/html\/page\/wp-content\/uploads\/2026\/05\/4746476-69f541656225db53df9b1-f4ac-4001-a92e-8de14bcbc907-rule-mo-1600-768x576.jpg 768w, https:\/\/ford-sachsen.de\/html\/page\/wp-content\/uploads\/2026\/05\/4746476-69f541656225db53df9b1-f4ac-4001-a92e-8de14bcbc907-rule-mo-1600.jpg 1440w\" sizes=\"(max-width: 300px) 100vw, 300px\" \/>                        <\/a>\n                    <\/div>\n                    <div class=\"vehicle-data\">\n                                                    <small>\n                                                                10.2025                                \u00b7\n                            <\/small>\n                                                                            <small>\n                                25 km\n                            <\/small>\n                                                                            <small>\n                                \u00b7\n                                132 kW\n                                                                (\n                                179 PS)\n                            <\/small>\n                                                                            <small>\n                                \u00b7\n                                Automatik                            <\/small>\n                                                                            <small>\n                                \u00b7\n                                Unfallfrei                            <\/small>\n                        \n                                                    <small>\n                                \u00b7\n                                Hybrid (Benzin\/Elektro)                            <\/small>\n                                                                                                                            <small>\n                                \u00b7\n                                4\/5 T\u00fcren\n                            <\/small>\n                                                <ul class=\"vehicle-emission\">\n                                                 <span>Verbrauch komb.: \n                                    6.3                                 l\/100km<\/span><br>\n                                                                                \n                                       \n  <!-- CO2-Emissionen\t-->\n                                            <span>CO\u2082-Emissionen komb.: 143.0                                 g\/km<\/span><br>\n                                        <!-- CO2-Emissionen\t-->\n                   \n \n                         <span>CO\u2082-Klasse: \n                                    E                                <\/span><br>\n                    \n\n\n                <\/ul>\n\n                    <\/div>\n\n                    <div class=\"vehicle-price\">\n                                                    <div itemprop=\"priceSpecification\" itemscope itemtype=\"http:\/\/schema.org\/UnitPriceSpecification\">\n                                <meta itemprop=\"priceCurrency\" content=\"EUR\">\n                                <meta itemprop=\"price\" content=\"35.950\">\n                                <strong>\n                                    35.950 \u20ac (Brutto)\n                                <\/strong><br><small>\n                                    Inkl. 19% MwSt.                                <\/small>\n                            <\/div>\n                                                <br>\n                        <a href=\"https:\/\/ford-sachsen.de\/html\/page\/fahrzeuge\/ford-kuga-hybrid-fhev-active-matrix-ledhead-upwinte\/\"\n                            class=\"vehicle-btn wp-block-button__link wp-element-button\">Details<\/a>\n                    <\/div>\n                <\/div> <!-- \/\/ vehicle-row -->\n               \n            <\/article>\n                        <article id=\"post-4746474\" class=\"vehicle\">\n                <hgroup>\n                    <a href=\"https:\/\/ford-sachsen.de\/html\/page\/fahrzeuge\/mitsubishi-space-star-intro-edition-100-klima-berganfahrass\/\">\n                        <h2 class=\"vehicle-title\">\n                            Mitsubishi Space Star Intro Edition 100 KLIMA Berganfahrass                        <\/h2>\n\n                    <\/a>\n                <\/hgroup>\n                <span class=\"vehicle-addition\">\n                    <p>\n                        Limousine ,\n                        Gebrauchtfahrzeug                    <\/p>\n                <\/span>\n                <div class=\"vehicle-row\">\n                    <div class=\"vehicle-thumbnail\">\n                        <a href=\"https:\/\/ford-sachsen.de\/html\/page\/fahrzeuge\/mitsubishi-space-star-intro-edition-100-klima-berganfahrass\/\" title=\"Mitsubishi Space Star Intro Edition 100 KLIMA Berganfahrass\">\n                            <img loading=\"lazy\" decoding=\"async\" width=\"300\" height=\"225\" src=\"https:\/\/ford-sachsen.de\/html\/page\/wp-content\/uploads\/2026\/05\/4746474-69f54163e179ce68cbac6-1625-4709-843a-79a17dba1e83-rule-mo-1600-300x225.jpg\" class=\"attachment-medium size-medium wp-post-image\" alt=\"\" srcset=\"https:\/\/ford-sachsen.de\/html\/page\/wp-content\/uploads\/2026\/05\/4746474-69f54163e179ce68cbac6-1625-4709-843a-79a17dba1e83-rule-mo-1600-300x225.jpg 300w, https:\/\/ford-sachsen.de\/html\/page\/wp-content\/uploads\/2026\/05\/4746474-69f54163e179ce68cbac6-1625-4709-843a-79a17dba1e83-rule-mo-1600-1024x768.jpg 1024w, https:\/\/ford-sachsen.de\/html\/page\/wp-content\/uploads\/2026\/05\/4746474-69f54163e179ce68cbac6-1625-4709-843a-79a17dba1e83-rule-mo-1600-768x576.jpg 768w, https:\/\/ford-sachsen.de\/html\/page\/wp-content\/uploads\/2026\/05\/4746474-69f54163e179ce68cbac6-1625-4709-843a-79a17dba1e83-rule-mo-1600.jpg 1440w\" sizes=\"(max-width: 300px) 100vw, 300px\" \/>                        <\/a>\n                    <\/div>\n                    <div class=\"vehicle-data\">\n                                                    <small>\n                                                                10.2017                                \u00b7\n                            <\/small>\n                                                                            <small>\n                                50.137 km\n                            <\/small>\n                                                                            <small>\n                                \u00b7\n                                52 kW\n                                                                (\n                                71 PS)\n                            <\/small>\n                                                                            <small>\n                                \u00b7\n                                Schaltgetriebe                            <\/small>\n                                                                            <small>\n                                \u00b7\n                                Unfallfrei                            <\/small>\n                        \n                                                    <small>\n                                \u00b7\n                                Benzin                            <\/small>\n                                                                                                                            <small>\n                                \u00b7\n                                4\/5 T\u00fcren\n                            <\/small>\n                                                <ul class=\"vehicle-emission\">\n                                                                                     \n                                       \n  <!-- CO2-Emissionen\t-->\n                                        <!-- CO2-Emissionen\t-->\n                   \n \n \n\n\n                <\/ul>\n\n                    <\/div>\n\n                    <div class=\"vehicle-price\">\n                                                    <div itemprop=\"priceSpecification\" itemscope itemtype=\"http:\/\/schema.org\/UnitPriceSpecification\">\n                                <meta itemprop=\"priceCurrency\" content=\"EUR\">\n                                <meta itemprop=\"price\" content=\"8.490\">\n                                <strong>\n                                    8.490 \u20ac (Brutto)\n                                <\/strong><br><small>\n                                    MwSt. nicht ausweisbar                                <\/small>\n                            <\/div>\n                                                <br>\n                        <a href=\"https:\/\/ford-sachsen.de\/html\/page\/fahrzeuge\/mitsubishi-space-star-intro-edition-100-klima-berganfahrass\/\"\n                            class=\"vehicle-btn wp-block-button__link wp-element-button\">Details<\/a>\n                    <\/div>\n                <\/div> <!-- \/\/ vehicle-row -->\n               \n            <\/article>\n                        <article id=\"post-4746472\" class=\"vehicle\">\n                <hgroup>\n                    <a href=\"https:\/\/ford-sachsen.de\/html\/page\/fahrzeuge\/ford-kuga-plug-in-hybrid-st-line-phev-el-heckkl-fahr\/\">\n                        <h2 class=\"vehicle-title\">\n                            Ford Kuga Plug-In Hybrid ST-Line PHEV el.Heckkl.+Fahr                        <\/h2>\n\n                    <\/a>\n                <\/hgroup>\n                <span class=\"vehicle-addition\">\n                    <p>\n                        SUV\/Gel\u00e4ndewagen\/Pickup ,\n                        Gebrauchtfahrzeug                    <\/p>\n                <\/span>\n                <div class=\"vehicle-row\">\n                    <div class=\"vehicle-thumbnail\">\n                        <a href=\"https:\/\/ford-sachsen.de\/html\/page\/fahrzeuge\/ford-kuga-plug-in-hybrid-st-line-phev-el-heckkl-fahr\/\" title=\"Ford Kuga Plug-In Hybrid ST-Line PHEV el.Heckkl.+Fahr\">\n                            <img loading=\"lazy\" decoding=\"async\" width=\"300\" height=\"225\" src=\"https:\/\/ford-sachsen.de\/html\/page\/wp-content\/uploads\/2026\/05\/4746472-69f5416271f3c1598aa2c-a1c6-421a-8fdd-315a77be14c4-rule-mo-1600-300x225.jpg\" class=\"attachment-medium size-medium wp-post-image\" alt=\"\" srcset=\"https:\/\/ford-sachsen.de\/html\/page\/wp-content\/uploads\/2026\/05\/4746472-69f5416271f3c1598aa2c-a1c6-421a-8fdd-315a77be14c4-rule-mo-1600-300x225.jpg 300w, https:\/\/ford-sachsen.de\/html\/page\/wp-content\/uploads\/2026\/05\/4746472-69f5416271f3c1598aa2c-a1c6-421a-8fdd-315a77be14c4-rule-mo-1600-1024x768.jpg 1024w, https:\/\/ford-sachsen.de\/html\/page\/wp-content\/uploads\/2026\/05\/4746472-69f5416271f3c1598aa2c-a1c6-421a-8fdd-315a77be14c4-rule-mo-1600-768x576.jpg 768w, https:\/\/ford-sachsen.de\/html\/page\/wp-content\/uploads\/2026\/05\/4746472-69f5416271f3c1598aa2c-a1c6-421a-8fdd-315a77be14c4-rule-mo-1600.jpg 1440w\" sizes=\"(max-width: 300px) 100vw, 300px\" \/>                        <\/a>\n                    <\/div>\n                    <div class=\"vehicle-data\">\n                                                    <small>\n                                                                10.2022                                \u00b7\n                            <\/small>\n                                                                            <small>\n                                44.621 km\n                            <\/small>\n                                                                            <small>\n                                \u00b7\n                                165 kW\n                                                                (\n                                224 PS)\n                            <\/small>\n                                                                            <small>\n                                \u00b7\n                                Automatik                            <\/small>\n                                                                            <small>\n                                \u00b7\n                                Unfallfrei                            <\/small>\n                        \n                                                    <small>\n                                \u00b7\n                                Plug-in-Hybrid                            <\/small>\n                                                                                                                            <small>\n                                \u00b7\n                                4\/5 T\u00fcren\n                            <\/small>\n                                                <ul class=\"vehicle-emission\">\n                                                                                     \n                                       \n  <!-- CO2-Emissionen\t-->\n                                        <!-- CO2-Emissionen\t-->\n                   \n \n \n\n\n                <\/ul>\n\n                    <\/div>\n\n                    <div class=\"vehicle-price\">\n                                                    <div itemprop=\"priceSpecification\" itemscope itemtype=\"http:\/\/schema.org\/UnitPriceSpecification\">\n                                <meta itemprop=\"priceCurrency\" content=\"EUR\">\n                                <meta itemprop=\"price\" content=\"23.990\">\n                                <strong>\n                                    23.990 \u20ac (Brutto)\n                                <\/strong><br><small>\n                                    Inkl. 19% MwSt.                                <\/small>\n                            <\/div>\n                                                <br>\n                        <a href=\"https:\/\/ford-sachsen.de\/html\/page\/fahrzeuge\/ford-kuga-plug-in-hybrid-st-line-phev-el-heckkl-fahr\/\"\n                            class=\"vehicle-btn wp-block-button__link wp-element-button\">Details<\/a>\n                    <\/div>\n                <\/div> <!-- \/\/ vehicle-row -->\n               \n            <\/article>\n                        <article id=\"post-4746470\" class=\"vehicle\">\n                <hgroup>\n                    <a href=\"https:\/\/ford-sachsen.de\/html\/page\/fahrzeuge\/ford-puma-titanium-navikomfortwinter-paket-el-pano\/\">\n                        <h2 class=\"vehicle-title\">\n                            Ford Puma Titanium NAVI+KOMFORT&amp;WINTER-PAKET El. PANO                        <\/h2>\n\n                    <\/a>\n                <\/hgroup>\n                <span class=\"vehicle-addition\">\n                    <p>\n                        SUV\/Gel\u00e4ndewagen\/Pickup ,\n                        Gebrauchtfahrzeug                    <\/p>\n                <\/span>\n                <div class=\"vehicle-row\">\n                    <div class=\"vehicle-thumbnail\">\n                        <a href=\"https:\/\/ford-sachsen.de\/html\/page\/fahrzeuge\/ford-puma-titanium-navikomfortwinter-paket-el-pano\/\" title=\"Ford Puma Titanium NAVI+KOMFORT&amp;WINTER-PAKET El. PANO\">\n                            <img loading=\"lazy\" decoding=\"async\" width=\"300\" height=\"225\" src=\"https:\/\/ford-sachsen.de\/html\/page\/wp-content\/uploads\/2026\/05\/4746470-69f54161121f5a34aae43-6adf-4475-912b-c96ba0ac0f22-rule-mo-1600-300x225.jpg\" class=\"attachment-medium size-medium wp-post-image\" alt=\"\" srcset=\"https:\/\/ford-sachsen.de\/html\/page\/wp-content\/uploads\/2026\/05\/4746470-69f54161121f5a34aae43-6adf-4475-912b-c96ba0ac0f22-rule-mo-1600-300x225.jpg 300w, https:\/\/ford-sachsen.de\/html\/page\/wp-content\/uploads\/2026\/05\/4746470-69f54161121f5a34aae43-6adf-4475-912b-c96ba0ac0f22-rule-mo-1600-1024x768.jpg 1024w, https:\/\/ford-sachsen.de\/html\/page\/wp-content\/uploads\/2026\/05\/4746470-69f54161121f5a34aae43-6adf-4475-912b-c96ba0ac0f22-rule-mo-1600-768x576.jpg 768w, https:\/\/ford-sachsen.de\/html\/page\/wp-content\/uploads\/2026\/05\/4746470-69f54161121f5a34aae43-6adf-4475-912b-c96ba0ac0f22-rule-mo-1600.jpg 1440w\" sizes=\"(max-width: 300px) 100vw, 300px\" \/>                        <\/a>\n                    <\/div>\n                    <div class=\"vehicle-data\">\n                                                    <small>\n                                                                07.2021                                \u00b7\n                            <\/small>\n                                                                            <small>\n                                58.920 km\n                            <\/small>\n                                                                            <small>\n                                \u00b7\n                                92 kW\n                                                                (\n                                125 PS)\n                            <\/small>\n                                                                            <small>\n                                \u00b7\n                                Automatik                            <\/small>\n                                                                            <small>\n                                \u00b7\n                                Unfallfrei                            <\/small>\n                        \n                                                    <small>\n                                \u00b7\n                                Benzin                            <\/small>\n                                                                                                                            <small>\n                                \u00b7\n                                4\/5 T\u00fcren\n                            <\/small>\n                                                <ul class=\"vehicle-emission\">\n                                                 <span>Verbrauch komb.: \n                                    6.1                                 l\/100km<\/span><br>\n                                                                                \n                                       \n  <!-- CO2-Emissionen\t-->\n                                            <span>CO\u2082-Emissionen komb.: 138.0                                 g\/km<\/span><br>\n                                        <!-- CO2-Emissionen\t-->\n                   \n \n                         <span>CO\u2082-Klasse: \n                                    E                                <\/span><br>\n                    \n\n\n                <\/ul>\n\n                    <\/div>\n\n                    <div class=\"vehicle-price\">\n                                                    <div itemprop=\"priceSpecification\" itemscope itemtype=\"http:\/\/schema.org\/UnitPriceSpecification\">\n                                <meta itemprop=\"priceCurrency\" content=\"EUR\">\n                                <meta itemprop=\"price\" content=\"16.990\">\n                                <strong>\n                                    16.990 \u20ac (Brutto)\n                                <\/strong><br><small>\n                                    MwSt. nicht ausweisbar                                <\/small>\n                            <\/div>\n                                                <br>\n                        <a href=\"https:\/\/ford-sachsen.de\/html\/page\/fahrzeuge\/ford-puma-titanium-navikomfortwinter-paket-el-pano\/\"\n                            class=\"vehicle-btn wp-block-button__link wp-element-button\">Details<\/a>\n                    <\/div>\n                <\/div> <!-- \/\/ vehicle-row -->\n               \n            <\/article>\n                        <article id=\"post-4746468\" class=\"vehicle\">\n                <hgroup>\n                    <a href=\"https:\/\/ford-sachsen.de\/html\/page\/fahrzeuge\/ford-transit-kasten-350l3-ahk-fest-fsas-heizbar-bf-d-2\/\">\n                        <h2 class=\"vehicle-title\">\n                            Ford Transit Kasten 350L3 AHK FEST FS+AS HEIZBAR BF-D                        <\/h2>\n\n                    <\/a>\n                <\/hgroup>\n                <span class=\"vehicle-addition\">\n                    <p>\n                        Andere ,\n                        Gebrauchtfahrzeug                    <\/p>\n                <\/span>\n                <div class=\"vehicle-row\">\n                    <div class=\"vehicle-thumbnail\">\n                        <a href=\"https:\/\/ford-sachsen.de\/html\/page\/fahrzeuge\/ford-transit-kasten-350l3-ahk-fest-fsas-heizbar-bf-d-2\/\" title=\"Ford Transit Kasten 350L3 AHK FEST FS+AS HEIZBAR BF-D\">\n                            <img loading=\"lazy\" decoding=\"async\" width=\"300\" height=\"225\" src=\"https:\/\/ford-sachsen.de\/html\/page\/wp-content\/uploads\/2026\/05\/4746468-69f5415fc984bfcf58d57-fd0e-47a3-810c-ef2ce52b8312-rule-mo-1600-300x225.jpg\" class=\"attachment-medium size-medium wp-post-image\" alt=\"\" srcset=\"https:\/\/ford-sachsen.de\/html\/page\/wp-content\/uploads\/2026\/05\/4746468-69f5415fc984bfcf58d57-fd0e-47a3-810c-ef2ce52b8312-rule-mo-1600-300x225.jpg 300w, https:\/\/ford-sachsen.de\/html\/page\/wp-content\/uploads\/2026\/05\/4746468-69f5415fc984bfcf58d57-fd0e-47a3-810c-ef2ce52b8312-rule-mo-1600-1024x768.jpg 1024w, https:\/\/ford-sachsen.de\/html\/page\/wp-content\/uploads\/2026\/05\/4746468-69f5415fc984bfcf58d57-fd0e-47a3-810c-ef2ce52b8312-rule-mo-1600-768x576.jpg 768w, https:\/\/ford-sachsen.de\/html\/page\/wp-content\/uploads\/2026\/05\/4746468-69f5415fc984bfcf58d57-fd0e-47a3-810c-ef2ce52b8312-rule-mo-1600.jpg 1440w\" sizes=\"(max-width: 300px) 100vw, 300px\" \/>                        <\/a>\n                    <\/div>\n                    <div class=\"vehicle-data\">\n                                                    <small>\n                                                                03.2019                                \u00b7\n                            <\/small>\n                                                                            <small>\n                                98.158 km\n                            <\/small>\n                                                                            <small>\n                                \u00b7\n                                96 kW\n                                                                (\n                                131 PS)\n                            <\/small>\n                                                                            <small>\n                                \u00b7\n                                Schaltgetriebe                            <\/small>\n                                                                            <small>\n                                \u00b7\n                                Unfallfrei                            <\/small>\n                        \n                                                    <small>\n                                \u00b7\n                                Diesel                            <\/small>\n                                                                                                                            <small>\n                                \u00b7\n                                4\/5 T\u00fcren\n                            <\/small>\n                                                <ul class=\"vehicle-emission\">\n                                                                                     \n                                       \n  <!-- CO2-Emissionen\t-->\n                                        <!-- CO2-Emissionen\t-->\n                   \n \n \n\n\n                <\/ul>\n\n                    <\/div>\n\n                    <div class=\"vehicle-price\">\n                                                    <div itemprop=\"priceSpecification\" itemscope itemtype=\"http:\/\/schema.org\/UnitPriceSpecification\">\n                                <meta itemprop=\"priceCurrency\" content=\"EUR\">\n                                <meta itemprop=\"price\" content=\"16.990\">\n                                <strong>\n                                    16.990 \u20ac (Brutto)\n                                <\/strong><br><small>\n                                    Inkl. 19% MwSt.                                <\/small>\n                            <\/div>\n                                                <br>\n                        <a href=\"https:\/\/ford-sachsen.de\/html\/page\/fahrzeuge\/ford-transit-kasten-350l3-ahk-fest-fsas-heizbar-bf-d-2\/\"\n                            class=\"vehicle-btn wp-block-button__link wp-element-button\">Details<\/a>\n                    <\/div>\n                <\/div> <!-- \/\/ vehicle-row -->\n               \n            <\/article>\n                        <article id=\"post-4746464\" class=\"vehicle\">\n                <hgroup>\n                    <a href=\"https:\/\/ford-sachsen.de\/html\/page\/fahrzeuge\/ford-kuga-phev-titanium-winter-technologie-navi-rueckf\/\">\n                        <h2 class=\"vehicle-title\">\n                            Ford Kuga PHEV Titanium WINTER TECHNOLOGIE NAVI R\u00dcCKF                        <\/h2>\n\n                    <\/a>\n                <\/hgroup>\n                <span class=\"vehicle-addition\">\n                    <p>\n                        SUV\/Gel\u00e4ndewagen\/Pickup ,\n                        Gebrauchtfahrzeug                    <\/p>\n                <\/span>\n                <div class=\"vehicle-row\">\n                    <div class=\"vehicle-thumbnail\">\n                        <a href=\"https:\/\/ford-sachsen.de\/html\/page\/fahrzeuge\/ford-kuga-phev-titanium-winter-technologie-navi-rueckf\/\" title=\"Ford Kuga PHEV Titanium WINTER TECHNOLOGIE NAVI R\u00dcCKF\">\n                            <img loading=\"lazy\" decoding=\"async\" width=\"300\" height=\"225\" src=\"https:\/\/ford-sachsen.de\/html\/page\/wp-content\/uploads\/2026\/05\/4746464-69f53ff88b3aebf230e8f-4214-4f27-b479-7d6d3d0e60b1-rule-mo-1600-300x225.jpg\" class=\"attachment-medium size-medium wp-post-image\" alt=\"\" srcset=\"https:\/\/ford-sachsen.de\/html\/page\/wp-content\/uploads\/2026\/05\/4746464-69f53ff88b3aebf230e8f-4214-4f27-b479-7d6d3d0e60b1-rule-mo-1600-300x225.jpg 300w, https:\/\/ford-sachsen.de\/html\/page\/wp-content\/uploads\/2026\/05\/4746464-69f53ff88b3aebf230e8f-4214-4f27-b479-7d6d3d0e60b1-rule-mo-1600-1024x768.jpg 1024w, https:\/\/ford-sachsen.de\/html\/page\/wp-content\/uploads\/2026\/05\/4746464-69f53ff88b3aebf230e8f-4214-4f27-b479-7d6d3d0e60b1-rule-mo-1600-768x576.jpg 768w, https:\/\/ford-sachsen.de\/html\/page\/wp-content\/uploads\/2026\/05\/4746464-69f53ff88b3aebf230e8f-4214-4f27-b479-7d6d3d0e60b1-rule-mo-1600.jpg 1440w\" sizes=\"(max-width: 300px) 100vw, 300px\" \/>                        <\/a>\n                    <\/div>\n                    <div class=\"vehicle-data\">\n                                                    <small>\n                                                                12.2021                                \u00b7\n                            <\/small>\n                                                                            <small>\n                                59.193 km\n                            <\/small>\n                                                                            <small>\n                                \u00b7\n                                165 kW\n                                                                (\n                                224 PS)\n                            <\/small>\n                                                                            <small>\n                                \u00b7\n                                Automatik                            <\/small>\n                                                                            <small>\n                                \u00b7\n                                Unfallfrei                            <\/small>\n                        \n                                                    <small>\n                                \u00b7\n                                Plug-in-Hybrid                            <\/small>\n                                                                                                                            <small>\n                                \u00b7\n                                4\/5 T\u00fcren\n                            <\/small>\n                                                <ul class=\"vehicle-emission\">\n                                                                                     \n                                       \n  <!-- CO2-Emissionen\t-->\n                                        <!-- CO2-Emissionen\t-->\n                   \n \n \n\n\n                <\/ul>\n\n                    <\/div>\n\n                    <div class=\"vehicle-price\">\n                                                    <div itemprop=\"priceSpecification\" itemscope itemtype=\"http:\/\/schema.org\/UnitPriceSpecification\">\n                                <meta itemprop=\"priceCurrency\" content=\"EUR\">\n                                <meta itemprop=\"price\" content=\"23.890\">\n                                <strong>\n                                    23.890 \u20ac (Brutto)\n                                <\/strong><br><small>\n                                    Inkl. 19% MwSt.                                <\/small>\n                            <\/div>\n                                                <br>\n                        <a href=\"https:\/\/ford-sachsen.de\/html\/page\/fahrzeuge\/ford-kuga-phev-titanium-winter-technologie-navi-rueckf\/\"\n                            class=\"vehicle-btn wp-block-button__link wp-element-button\">Details<\/a>\n                    <\/div>\n                <\/div> <!-- \/\/ vehicle-row -->\n               \n            <\/article>\n                        <article id=\"post-4746462\" class=\"vehicle\">\n                <hgroup>\n                    <a href=\"https:\/\/ford-sachsen.de\/html\/page\/fahrzeuge\/ford-focus-turnier-titanium-edition-navi-led-acc-appl\/\">\n                        <h2 class=\"vehicle-title\">\n                            Ford Focus Turnier Titanium-Edition Navi LED ACC Appl                        <\/h2>\n\n                    <\/a>\n                <\/hgroup>\n                <span class=\"vehicle-addition\">\n                    <p>\n                        Kombi ,\n                        Gebrauchtfahrzeug                    <\/p>\n                <\/span>\n                <div class=\"vehicle-row\">\n                    <div class=\"vehicle-thumbnail\">\n                        <a href=\"https:\/\/ford-sachsen.de\/html\/page\/fahrzeuge\/ford-focus-turnier-titanium-edition-navi-led-acc-appl\/\" title=\"Ford Focus Turnier Titanium-Edition Navi LED ACC Appl\">\n                            <img loading=\"lazy\" decoding=\"async\" width=\"300\" height=\"225\" src=\"https:\/\/ford-sachsen.de\/html\/page\/wp-content\/uploads\/2026\/05\/4746462-69f53ff6dd895caf6a3a0-a9fe-4690-bd1a-3cfd7247d9c2-rule-mo-1600-300x225.jpg\" class=\"attachment-medium size-medium wp-post-image\" alt=\"\" srcset=\"https:\/\/ford-sachsen.de\/html\/page\/wp-content\/uploads\/2026\/05\/4746462-69f53ff6dd895caf6a3a0-a9fe-4690-bd1a-3cfd7247d9c2-rule-mo-1600-300x225.jpg 300w, https:\/\/ford-sachsen.de\/html\/page\/wp-content\/uploads\/2026\/05\/4746462-69f53ff6dd895caf6a3a0-a9fe-4690-bd1a-3cfd7247d9c2-rule-mo-1600-1024x768.jpg 1024w, https:\/\/ford-sachsen.de\/html\/page\/wp-content\/uploads\/2026\/05\/4746462-69f53ff6dd895caf6a3a0-a9fe-4690-bd1a-3cfd7247d9c2-rule-mo-1600-768x576.jpg 768w, https:\/\/ford-sachsen.de\/html\/page\/wp-content\/uploads\/2026\/05\/4746462-69f53ff6dd895caf6a3a0-a9fe-4690-bd1a-3cfd7247d9c2-rule-mo-1600.jpg 1440w\" sizes=\"(max-width: 300px) 100vw, 300px\" \/>                        <\/a>\n                    <\/div>\n                    <div class=\"vehicle-data\">\n                                                    <small>\n                                                                03.2025                                \u00b7\n                            <\/small>\n                                                                            <small>\n                                7.500 km\n                            <\/small>\n                                                                            <small>\n                                \u00b7\n                                92 kW\n                                                                (\n                                125 PS)\n                            <\/small>\n                                                                            <small>\n                                \u00b7\n                                Schaltgetriebe                            <\/small>\n                                                                            <small>\n                                \u00b7\n                                Unfallfrei                            <\/small>\n                        \n                                                    <small>\n                                \u00b7\n                                Benzin                            <\/small>\n                                                                                                                            <small>\n                                \u00b7\n                                4\/5 T\u00fcren\n                            <\/small>\n                                                <ul class=\"vehicle-emission\">\n                                                 <span>Verbrauch komb.: \n                                    6.1                                 l\/100km<\/span><br>\n                                                                                \n                                       \n  <!-- CO2-Emissionen\t-->\n                                            <span>CO\u2082-Emissionen komb.: 138.0                                 g\/km<\/span><br>\n                                        <!-- CO2-Emissionen\t-->\n                   \n \n                         <span>CO\u2082-Klasse: \n                                    E                                <\/span><br>\n                    \n\n\n                <\/ul>\n\n                    <\/div>\n\n                    <div class=\"vehicle-price\">\n                                                    <div itemprop=\"priceSpecification\" itemscope itemtype=\"http:\/\/schema.org\/UnitPriceSpecification\">\n                                <meta itemprop=\"priceCurrency\" content=\"EUR\">\n                                <meta itemprop=\"price\" content=\"25.990\">\n                                <strong>\n                                    25.990 \u20ac (Brutto)\n                                <\/strong><br><small>\n                                    Inkl. 19% MwSt.                                <\/small>\n                            <\/div>\n                                                <br>\n                        <a href=\"https:\/\/ford-sachsen.de\/html\/page\/fahrzeuge\/ford-focus-turnier-titanium-edition-navi-led-acc-appl\/\"\n                            class=\"vehicle-btn wp-block-button__link wp-element-button\">Details<\/a>\n                    <\/div>\n                <\/div> <!-- \/\/ vehicle-row -->\n               \n            <\/article>\n                        <article id=\"post-4746460\" class=\"vehicle\">\n                <hgroup>\n                    <a href=\"https:\/\/ford-sachsen.de\/html\/page\/fahrzeuge\/ford-focus-turnier-active-gjr-navi-led-acc-apple-carp\/\">\n                        <h2 class=\"vehicle-title\">\n                            Ford Focus Turnier Active GJR NAVI LED ACC APPLE CARP                        <\/h2>\n\n                    <\/a>\n                <\/hgroup>\n                <span class=\"vehicle-addition\">\n                    <p>\n                        Kombi ,\n                        Gebrauchtfahrzeug                    <\/p>\n                <\/span>\n                <div class=\"vehicle-row\">\n                    <div class=\"vehicle-thumbnail\">\n                        <a href=\"https:\/\/ford-sachsen.de\/html\/page\/fahrzeuge\/ford-focus-turnier-active-gjr-navi-led-acc-apple-carp\/\" title=\"Ford Focus Turnier Active GJR NAVI LED ACC APPLE CARP\">\n                            <img loading=\"lazy\" decoding=\"async\" width=\"300\" height=\"225\" src=\"https:\/\/ford-sachsen.de\/html\/page\/wp-content\/uploads\/2026\/05\/4746460-69f53ff5270ffb9957c3b-c3c1-45a7-8af0-dab71e58298e-rule-mo-1600-300x225.jpg\" class=\"attachment-medium size-medium wp-post-image\" alt=\"\" srcset=\"https:\/\/ford-sachsen.de\/html\/page\/wp-content\/uploads\/2026\/05\/4746460-69f53ff5270ffb9957c3b-c3c1-45a7-8af0-dab71e58298e-rule-mo-1600-300x225.jpg 300w, https:\/\/ford-sachsen.de\/html\/page\/wp-content\/uploads\/2026\/05\/4746460-69f53ff5270ffb9957c3b-c3c1-45a7-8af0-dab71e58298e-rule-mo-1600-1024x768.jpg 1024w, https:\/\/ford-sachsen.de\/html\/page\/wp-content\/uploads\/2026\/05\/4746460-69f53ff5270ffb9957c3b-c3c1-45a7-8af0-dab71e58298e-rule-mo-1600-768x576.jpg 768w, https:\/\/ford-sachsen.de\/html\/page\/wp-content\/uploads\/2026\/05\/4746460-69f53ff5270ffb9957c3b-c3c1-45a7-8af0-dab71e58298e-rule-mo-1600.jpg 1440w\" sizes=\"(max-width: 300px) 100vw, 300px\" \/>                        <\/a>\n                    <\/div>\n                    <div class=\"vehicle-data\">\n                                                    <small>\n                                                                09.2025                                \u00b7\n                            <\/small>\n                                                                            <small>\n                                25 km\n                            <\/small>\n                                                                            <small>\n                                \u00b7\n                                114 kW\n                                                                (\n                                155 PS)\n                            <\/small>\n                                                                            <small>\n                                \u00b7\n                                Automatik                            <\/small>\n                                                                            <small>\n                                \u00b7\n                                Unfallfrei                            <\/small>\n                        \n                                                    <small>\n                                \u00b7\n                                Benzin                            <\/small>\n                                                                                                                            <small>\n                                \u00b7\n                                4\/5 T\u00fcren\n                            <\/small>\n                                                <ul class=\"vehicle-emission\">\n                                                 <span>Verbrauch komb.: \n                                    6.3                                 l\/100km<\/span><br>\n                                                                                \n                                       \n  <!-- CO2-Emissionen\t-->\n                                            <span>CO\u2082-Emissionen komb.: 143.0                                 g\/km<\/span><br>\n                                        <!-- CO2-Emissionen\t-->\n                   \n \n                         <span>CO\u2082-Klasse: \n                                    E                                <\/span><br>\n                    \n\n\n                <\/ul>\n\n                    <\/div>\n\n                    <div class=\"vehicle-price\">\n                                                    <div itemprop=\"priceSpecification\" itemscope itemtype=\"http:\/\/schema.org\/UnitPriceSpecification\">\n                                <meta itemprop=\"priceCurrency\" content=\"EUR\">\n                                <meta itemprop=\"price\" content=\"30.690\">\n                                <strong>\n                                    30.690 \u20ac (Brutto)\n                                <\/strong><br><small>\n                                    Inkl. 19% MwSt.                                <\/small>\n                            <\/div>\n                                                <br>\n                        <a href=\"https:\/\/ford-sachsen.de\/html\/page\/fahrzeuge\/ford-focus-turnier-active-gjr-navi-led-acc-apple-carp\/\"\n                            class=\"vehicle-btn wp-block-button__link wp-element-button\">Details<\/a>\n                    <\/div>\n                <\/div> <!-- \/\/ vehicle-row -->\n               \n            <\/article>\n                        <article id=\"post-4746458\" class=\"vehicle\">\n                <hgroup>\n                    <a href=\"https:\/\/ford-sachsen.de\/html\/page\/fahrzeuge\/ford-kuga-plug-in-hybrid-phev-st-line-ahk-klappbar-na\/\">\n                        <h2 class=\"vehicle-title\">\n                            Ford Kuga Plug-In Hybrid PHEV ST-Line AHK-klappbar Na                        <\/h2>\n\n                    <\/a>\n                <\/hgroup>\n                <span class=\"vehicle-addition\">\n                    <p>\n                        SUV\/Gel\u00e4ndewagen\/Pickup ,\n                        Gebrauchtfahrzeug                    <\/p>\n                <\/span>\n                <div class=\"vehicle-row\">\n                    <div class=\"vehicle-thumbnail\">\n                        <a href=\"https:\/\/ford-sachsen.de\/html\/page\/fahrzeuge\/ford-kuga-plug-in-hybrid-phev-st-line-ahk-klappbar-na\/\" title=\"Ford Kuga Plug-In Hybrid PHEV ST-Line AHK-klappbar Na\">\n                            <img loading=\"lazy\" decoding=\"async\" width=\"300\" height=\"225\" src=\"https:\/\/ford-sachsen.de\/html\/page\/wp-content\/uploads\/2026\/05\/4746458-69f53ff36e57b4c14f88e-e353-4bf5-b8e8-23c0caeb1478-rule-mo-1600-300x225.jpg\" class=\"attachment-medium size-medium wp-post-image\" alt=\"\" srcset=\"https:\/\/ford-sachsen.de\/html\/page\/wp-content\/uploads\/2026\/05\/4746458-69f53ff36e57b4c14f88e-e353-4bf5-b8e8-23c0caeb1478-rule-mo-1600-300x225.jpg 300w, https:\/\/ford-sachsen.de\/html\/page\/wp-content\/uploads\/2026\/05\/4746458-69f53ff36e57b4c14f88e-e353-4bf5-b8e8-23c0caeb1478-rule-mo-1600-1024x768.jpg 1024w, https:\/\/ford-sachsen.de\/html\/page\/wp-content\/uploads\/2026\/05\/4746458-69f53ff36e57b4c14f88e-e353-4bf5-b8e8-23c0caeb1478-rule-mo-1600-768x576.jpg 768w, https:\/\/ford-sachsen.de\/html\/page\/wp-content\/uploads\/2026\/05\/4746458-69f53ff36e57b4c14f88e-e353-4bf5-b8e8-23c0caeb1478-rule-mo-1600.jpg 1440w\" sizes=\"(max-width: 300px) 100vw, 300px\" \/>                        <\/a>\n                    <\/div>\n                    <div class=\"vehicle-data\">\n                                                    <small>\n                                                                09.2022                                \u00b7\n                            <\/small>\n                                                                            <small>\n                                42.257 km\n                            <\/small>\n                                                                            <small>\n                                \u00b7\n                                165 kW\n                                                                (\n                                224 PS)\n                            <\/small>\n                                                                            <small>\n                                \u00b7\n                                Automatik                            <\/small>\n                                                                            <small>\n                                \u00b7\n                                Unfallfrei                            <\/small>\n                        \n                                                    <small>\n                                \u00b7\n                                Plug-in-Hybrid                            <\/small>\n                                                                                                                            <small>\n                                \u00b7\n                                4\/5 T\u00fcren\n                            <\/small>\n                                                <ul class=\"vehicle-emission\">\n                                                                                     \n                                       \n  <!-- CO2-Emissionen\t-->\n                                        <!-- CO2-Emissionen\t-->\n                   \n \n \n\n\n                <\/ul>\n\n                    <\/div>\n\n                    <div class=\"vehicle-price\">\n                                                    <div itemprop=\"priceSpecification\" itemscope itemtype=\"http:\/\/schema.org\/UnitPriceSpecification\">\n                                <meta itemprop=\"priceCurrency\" content=\"EUR\">\n                                <meta itemprop=\"price\" content=\"24.990\">\n                                <strong>\n                                    24.990 \u20ac (Brutto)\n                                <\/strong><br><small>\n                                    Inkl. 19% MwSt.                                <\/small>\n                            <\/div>\n                                                <br>\n                        <a href=\"https:\/\/ford-sachsen.de\/html\/page\/fahrzeuge\/ford-kuga-plug-in-hybrid-phev-st-line-ahk-klappbar-na\/\"\n                            class=\"vehicle-btn wp-block-button__link wp-element-button\">Details<\/a>\n                    <\/div>\n                <\/div> <!-- \/\/ vehicle-row -->\n               \n            <\/article>\n                        <article id=\"post-4746456\" class=\"vehicle\">\n                <hgroup>\n                    <a href=\"https:\/\/ford-sachsen.de\/html\/page\/fahrzeuge\/ford-puma-titanium-x-ledel-heckkl-fahrerassistpaket\/\">\n                        <h2 class=\"vehicle-title\">\n                            Ford Puma Titanium X LED+el.HECKKL.+FAHRERASSISTPAKET                        <\/h2>\n\n                    <\/a>\n                <\/hgroup>\n                <span class=\"vehicle-addition\">\n                    <p>\n                        SUV\/Gel\u00e4ndewagen\/Pickup ,\n                        Gebrauchtfahrzeug                    <\/p>\n                <\/span>\n                <div class=\"vehicle-row\">\n                    <div class=\"vehicle-thumbnail\">\n                        <a href=\"https:\/\/ford-sachsen.de\/html\/page\/fahrzeuge\/ford-puma-titanium-x-ledel-heckkl-fahrerassistpaket\/\" title=\"Ford Puma Titanium X LED+el.HECKKL.+FAHRERASSISTPAKET\">\n                            <img loading=\"lazy\" decoding=\"async\" width=\"300\" height=\"225\" src=\"https:\/\/ford-sachsen.de\/html\/page\/wp-content\/uploads\/2026\/05\/4746456-69f53ff1d47cee68035de-7e40-4bba-aedc-a59850b56a70-rule-mo-1600-300x225.jpg\" class=\"attachment-medium size-medium wp-post-image\" alt=\"\" srcset=\"https:\/\/ford-sachsen.de\/html\/page\/wp-content\/uploads\/2026\/05\/4746456-69f53ff1d47cee68035de-7e40-4bba-aedc-a59850b56a70-rule-mo-1600-300x225.jpg 300w, https:\/\/ford-sachsen.de\/html\/page\/wp-content\/uploads\/2026\/05\/4746456-69f53ff1d47cee68035de-7e40-4bba-aedc-a59850b56a70-rule-mo-1600-1024x768.jpg 1024w, https:\/\/ford-sachsen.de\/html\/page\/wp-content\/uploads\/2026\/05\/4746456-69f53ff1d47cee68035de-7e40-4bba-aedc-a59850b56a70-rule-mo-1600-768x576.jpg 768w, https:\/\/ford-sachsen.de\/html\/page\/wp-content\/uploads\/2026\/05\/4746456-69f53ff1d47cee68035de-7e40-4bba-aedc-a59850b56a70-rule-mo-1600.jpg 1440w\" sizes=\"(max-width: 300px) 100vw, 300px\" \/>                        <\/a>\n                    <\/div>\n                    <div class=\"vehicle-data\">\n                                                    <small>\n                                                                09.2021                                \u00b7\n                            <\/small>\n                                                                            <small>\n                                29.581 km\n                            <\/small>\n                                                                            <small>\n                                \u00b7\n                                92 kW\n                                                                (\n                                125 PS)\n                            <\/small>\n                                                                            <small>\n                                \u00b7\n                                Automatik                            <\/small>\n                                                                            <small>\n                                \u00b7\n                                Unfallfrei                            <\/small>\n                        \n                                                    <small>\n                                \u00b7\n                                Benzin                            <\/small>\n                                                                                                                            <small>\n                                \u00b7\n                                4\/5 T\u00fcren\n                            <\/small>\n                                                <ul class=\"vehicle-emission\">\n                                                 <span>Verbrauch komb.: \n                                    6.1                                 l\/100km<\/span><br>\n                                                                                \n                                       \n  <!-- CO2-Emissionen\t-->\n                                            <span>CO\u2082-Emissionen komb.: 138.0                                 g\/km<\/span><br>\n                                        <!-- CO2-Emissionen\t-->\n                   \n \n                         <span>CO\u2082-Klasse: \n                                    E                                <\/span><br>\n                    \n\n\n                <\/ul>\n\n                    <\/div>\n\n                    <div class=\"vehicle-price\">\n                                                    <div itemprop=\"priceSpecification\" itemscope itemtype=\"http:\/\/schema.org\/UnitPriceSpecification\">\n                                <meta itemprop=\"priceCurrency\" content=\"EUR\">\n                                <meta itemprop=\"price\" content=\"18.390\">\n                                <strong>\n                                    18.390 \u20ac (Brutto)\n                                <\/strong><br><small>\n                                    Inkl. 19% MwSt.                                <\/small>\n                            <\/div>\n                                                <br>\n                        <a href=\"https:\/\/ford-sachsen.de\/html\/page\/fahrzeuge\/ford-puma-titanium-x-ledel-heckkl-fahrerassistpaket\/\"\n                            class=\"vehicle-btn wp-block-button__link wp-element-button\">Details<\/a>\n                    <\/div>\n                <\/div> <!-- \/\/ vehicle-row -->\n               \n            <\/article>\n                        <article id=\"post-4746454\" class=\"vehicle\">\n                <hgroup>\n                    <a href=\"https:\/\/ford-sachsen.de\/html\/page\/fahrzeuge\/dacia-jogger-extreme7sitzeahkcitykomfort-pakettwa\/\">\n                        <h2 class=\"vehicle-title\">\n                            Dacia Jogger Extreme+7SITZE+AHK+CITY&amp;KOMFORT-PAKET+TWA                        <\/h2>\n\n                    <\/a>\n                <\/hgroup>\n                <span class=\"vehicle-addition\">\n                    <p>\n                        Van\/Minibus ,\n                        Gebrauchtfahrzeug                    <\/p>\n                <\/span>\n                <div class=\"vehicle-row\">\n                    <div class=\"vehicle-thumbnail\">\n                        <a href=\"https:\/\/ford-sachsen.de\/html\/page\/fahrzeuge\/dacia-jogger-extreme7sitzeahkcitykomfort-pakettwa\/\" title=\"Dacia Jogger Extreme+7SITZE+AHK+CITY&amp;KOMFORT-PAKET+TWA\">\n                            <img loading=\"lazy\" decoding=\"async\" width=\"300\" height=\"225\" src=\"https:\/\/ford-sachsen.de\/html\/page\/wp-content\/uploads\/2026\/05\/4746454-69f53ff04a071183eedb6-aa80-41c3-9d66-de70fc18c1e8-rule-mo-1600-300x225.jpg\" class=\"attachment-medium size-medium wp-post-image\" alt=\"\" srcset=\"https:\/\/ford-sachsen.de\/html\/page\/wp-content\/uploads\/2026\/05\/4746454-69f53ff04a071183eedb6-aa80-41c3-9d66-de70fc18c1e8-rule-mo-1600-300x225.jpg 300w, https:\/\/ford-sachsen.de\/html\/page\/wp-content\/uploads\/2026\/05\/4746454-69f53ff04a071183eedb6-aa80-41c3-9d66-de70fc18c1e8-rule-mo-1600-1024x768.jpg 1024w, https:\/\/ford-sachsen.de\/html\/page\/wp-content\/uploads\/2026\/05\/4746454-69f53ff04a071183eedb6-aa80-41c3-9d66-de70fc18c1e8-rule-mo-1600-768x576.jpg 768w, https:\/\/ford-sachsen.de\/html\/page\/wp-content\/uploads\/2026\/05\/4746454-69f53ff04a071183eedb6-aa80-41c3-9d66-de70fc18c1e8-rule-mo-1600.jpg 1440w\" sizes=\"(max-width: 300px) 100vw, 300px\" \/>                        <\/a>\n                    <\/div>\n                    <div class=\"vehicle-data\">\n                                                    <small>\n                                                                12.2022                                \u00b7\n                            <\/small>\n                                                                            <small>\n                                26.067 km\n                            <\/small>\n                                                                            <small>\n                                \u00b7\n                                81 kW\n                                                                (\n                                110 PS)\n                            <\/small>\n                                                                            <small>\n                                \u00b7\n                                Schaltgetriebe                            <\/small>\n                                                                            <small>\n                                \u00b7\n                                Unfallfrei                            <\/small>\n                        \n                                                    <small>\n                                \u00b7\n                                Benzin                            <\/small>\n                                                                                                                            <small>\n                                \u00b7\n                                4\/5 T\u00fcren\n                            <\/small>\n                                                <ul class=\"vehicle-emission\">\n                                                 <span>Verbrauch komb.: \n                                    5.7                                 l\/100km<\/span><br>\n                                                                                \n                                       \n  <!-- CO2-Emissionen\t-->\n                                            <span>CO\u2082-Emissionen komb.: 130.0                                 g\/km<\/span><br>\n                                        <!-- CO2-Emissionen\t-->\n                   \n \n                         <span>CO\u2082-Klasse: \n                                    D                                <\/span><br>\n                    \n\n\n                <\/ul>\n\n                    <\/div>\n\n                    <div class=\"vehicle-price\">\n                                                    <div itemprop=\"priceSpecification\" itemscope itemtype=\"http:\/\/schema.org\/UnitPriceSpecification\">\n                                <meta itemprop=\"priceCurrency\" content=\"EUR\">\n                                <meta itemprop=\"price\" content=\"19.950\">\n                                <strong>\n                                    19.950 \u20ac (Brutto)\n                                <\/strong><br><small>\n                                    MwSt. nicht ausweisbar                                <\/small>\n                            <\/div>\n                                                <br>\n                        <a href=\"https:\/\/ford-sachsen.de\/html\/page\/fahrzeuge\/dacia-jogger-extreme7sitzeahkcitykomfort-pakettwa\/\"\n                            class=\"vehicle-btn wp-block-button__link wp-element-button\">Details<\/a>\n                    <\/div>\n                <\/div> <!-- \/\/ vehicle-row -->\n               \n            <\/article>\n                        <article id=\"post-4746452\" class=\"vehicle\">\n                <hgroup>\n                    <a href=\"https:\/\/ford-sachsen.de\/html\/page\/fahrzeuge\/ford-puma-titanium-design-winter-paketkamerappsled\/\">\n                        <h2 class=\"vehicle-title\">\n                            Ford Puma Titanium Design WINTER-PAKET+KAMERA+PPS+LED                        <\/h2>\n\n                    <\/a>\n                <\/hgroup>\n                <span class=\"vehicle-addition\">\n                    <p>\n                        SUV\/Gel\u00e4ndewagen\/Pickup ,\n                        Gebrauchtfahrzeug                    <\/p>\n                <\/span>\n                <div class=\"vehicle-row\">\n                    <div class=\"vehicle-thumbnail\">\n                        <a href=\"https:\/\/ford-sachsen.de\/html\/page\/fahrzeuge\/ford-puma-titanium-design-winter-paketkamerappsled\/\" title=\"Ford Puma Titanium Design WINTER-PAKET+KAMERA+PPS+LED\">\n                            <img loading=\"lazy\" decoding=\"async\" width=\"300\" height=\"225\" src=\"https:\/\/ford-sachsen.de\/html\/page\/wp-content\/uploads\/2026\/05\/4746452-69f53fee918ae968d1c86-876f-4269-ab41-76ab73f8eda8-rule-mo-1600-300x225.jpg\" class=\"attachment-medium size-medium wp-post-image\" alt=\"\" srcset=\"https:\/\/ford-sachsen.de\/html\/page\/wp-content\/uploads\/2026\/05\/4746452-69f53fee918ae968d1c86-876f-4269-ab41-76ab73f8eda8-rule-mo-1600-300x225.jpg 300w, https:\/\/ford-sachsen.de\/html\/page\/wp-content\/uploads\/2026\/05\/4746452-69f53fee918ae968d1c86-876f-4269-ab41-76ab73f8eda8-rule-mo-1600-1024x768.jpg 1024w, https:\/\/ford-sachsen.de\/html\/page\/wp-content\/uploads\/2026\/05\/4746452-69f53fee918ae968d1c86-876f-4269-ab41-76ab73f8eda8-rule-mo-1600-768x576.jpg 768w, https:\/\/ford-sachsen.de\/html\/page\/wp-content\/uploads\/2026\/05\/4746452-69f53fee918ae968d1c86-876f-4269-ab41-76ab73f8eda8-rule-mo-1600.jpg 1440w\" sizes=\"(max-width: 300px) 100vw, 300px\" \/>                        <\/a>\n                    <\/div>\n                    <div class=\"vehicle-data\">\n                                                    <small>\n                                                                11.2022                                \u00b7\n                            <\/small>\n                                                                            <small>\n                                14.500 km\n                            <\/small>\n                                                                            <small>\n                                \u00b7\n                                92 kW\n                                                                (\n                                125 PS)\n                            <\/small>\n                                                                            <small>\n                                \u00b7\n                                Schaltgetriebe                            <\/small>\n                                                                            <small>\n                                \u00b7\n                                Unfallfrei                            <\/small>\n                        \n                                                    <small>\n                                \u00b7\n                                Benzin                            <\/small>\n                                                                                                                            <small>\n                                \u00b7\n                                4\/5 T\u00fcren\n                            <\/small>\n                                                <ul class=\"vehicle-emission\">\n                                                 <span>Verbrauch komb.: \n                                    6.0                                 l\/100km<\/span><br>\n                                                                                \n                                       \n  <!-- CO2-Emissionen\t-->\n                                            <span>CO\u2082-Emissionen komb.: 135.0                                 g\/km<\/span><br>\n                                        <!-- CO2-Emissionen\t-->\n                   \n \n                         <span>CO\u2082-Klasse: \n                                    D                                <\/span><br>\n                    \n\n\n                <\/ul>\n\n                    <\/div>\n\n                    <div class=\"vehicle-price\">\n                                                    <div itemprop=\"priceSpecification\" itemscope itemtype=\"http:\/\/schema.org\/UnitPriceSpecification\">\n                                <meta itemprop=\"priceCurrency\" content=\"EUR\">\n                                <meta itemprop=\"price\" content=\"17.990\">\n                                <strong>\n                                    17.990 \u20ac (Brutto)\n                                <\/strong><br><small>\n                                    Inkl. 19% MwSt.                                <\/small>\n                            <\/div>\n                                                <br>\n                        <a href=\"https:\/\/ford-sachsen.de\/html\/page\/fahrzeuge\/ford-puma-titanium-design-winter-paketkamerappsled\/\"\n                            class=\"vehicle-btn wp-block-button__link wp-element-button\">Details<\/a>\n                    <\/div>\n                <\/div> <!-- \/\/ vehicle-row -->\n               \n            <\/article>\n                        <article id=\"post-4746450\" class=\"vehicle\">\n                <hgroup>\n                    <a href=\"https:\/\/ford-sachsen.de\/html\/page\/fahrzeuge\/ford-focus-titanium-naviwinter-paketlmtempomat-app\/\">\n                        <h2 class=\"vehicle-title\">\n                            Ford Focus Titanium NAVI+WINTER-PAKET+LM+TEMPOMAT App                        <\/h2>\n\n                    <\/a>\n                <\/hgroup>\n                <span class=\"vehicle-addition\">\n                    <p>\n                        Limousine ,\n                        Gebrauchtfahrzeug                    <\/p>\n                <\/span>\n                <div class=\"vehicle-row\">\n                    <div class=\"vehicle-thumbnail\">\n                        <a href=\"https:\/\/ford-sachsen.de\/html\/page\/fahrzeuge\/ford-focus-titanium-naviwinter-paketlmtempomat-app\/\" title=\"Ford Focus Titanium NAVI+WINTER-PAKET+LM+TEMPOMAT App\">\n                            <img loading=\"lazy\" decoding=\"async\" width=\"300\" height=\"225\" src=\"https:\/\/ford-sachsen.de\/html\/page\/wp-content\/uploads\/2026\/05\/4746450-69f53fecef2eb7af32af2-7cfd-4cdd-8642-ab47daac19a5-rule-mo-1600-300x225.jpg\" class=\"attachment-medium size-medium wp-post-image\" alt=\"\" srcset=\"https:\/\/ford-sachsen.de\/html\/page\/wp-content\/uploads\/2026\/05\/4746450-69f53fecef2eb7af32af2-7cfd-4cdd-8642-ab47daac19a5-rule-mo-1600-300x225.jpg 300w, https:\/\/ford-sachsen.de\/html\/page\/wp-content\/uploads\/2026\/05\/4746450-69f53fecef2eb7af32af2-7cfd-4cdd-8642-ab47daac19a5-rule-mo-1600-1024x768.jpg 1024w, https:\/\/ford-sachsen.de\/html\/page\/wp-content\/uploads\/2026\/05\/4746450-69f53fecef2eb7af32af2-7cfd-4cdd-8642-ab47daac19a5-rule-mo-1600-768x576.jpg 768w, https:\/\/ford-sachsen.de\/html\/page\/wp-content\/uploads\/2026\/05\/4746450-69f53fecef2eb7af32af2-7cfd-4cdd-8642-ab47daac19a5-rule-mo-1600.jpg 1440w\" sizes=\"(max-width: 300px) 100vw, 300px\" \/>                        <\/a>\n                    <\/div>\n                    <div class=\"vehicle-data\">\n                                                    <small>\n                                                                03.2023                                \u00b7\n                            <\/small>\n                                                                            <small>\n                                125 km\n                            <\/small>\n                                                                            <small>\n                                \u00b7\n                                92 kW\n                                                                (\n                                125 PS)\n                            <\/small>\n                                                                            <small>\n                                \u00b7\n                                Schaltgetriebe                            <\/small>\n                                                                            <small>\n                                \u00b7\n                                Unfallfrei                            <\/small>\n                        \n                                                    <small>\n                                \u00b7\n                                Benzin                            <\/small>\n                                                                                                                            <small>\n                                \u00b7\n                                4\/5 T\u00fcren\n                            <\/small>\n                                                <ul class=\"vehicle-emission\">\n                                                 <span>Verbrauch komb.: \n                                    6.4                                 l\/100km<\/span><br>\n                                                                                \n                                       \n  <!-- CO2-Emissionen\t-->\n                                            <span>CO\u2082-Emissionen komb.: 146.0                                 g\/km<\/span><br>\n                                        <!-- CO2-Emissionen\t-->\n                   \n \n                         <span>CO\u2082-Klasse: \n                                    E                                <\/span><br>\n                    \n\n\n                <\/ul>\n\n                    <\/div>\n\n                    <div class=\"vehicle-price\">\n                                                    <div itemprop=\"priceSpecification\" itemscope itemtype=\"http:\/\/schema.org\/UnitPriceSpecification\">\n                                <meta itemprop=\"priceCurrency\" content=\"EUR\">\n                                <meta itemprop=\"price\" content=\"21.990\">\n                                <strong>\n                                    21.990 \u20ac (Brutto)\n                                <\/strong><br><small>\n                                    Inkl. 19% MwSt.                                <\/small>\n                            <\/div>\n                                                <br>\n                        <a href=\"https:\/\/ford-sachsen.de\/html\/page\/fahrzeuge\/ford-focus-titanium-naviwinter-paketlmtempomat-app\/\"\n                            class=\"vehicle-btn wp-block-button__link wp-element-button\">Details<\/a>\n                    <\/div>\n                <\/div> <!-- \/\/ vehicle-row -->\n               \n            <\/article>\n                        <article id=\"post-4746448\" class=\"vehicle\">\n                <hgroup>\n                    <a href=\"https:\/\/ford-sachsen.de\/html\/page\/fahrzeuge\/ford-tourneo-connect-trend-l1-gjr-digitales-cockpit-a\/\">\n                        <h2 class=\"vehicle-title\">\n                            Ford Tourneo Connect Trend L1 GJR Digitales Cockpit A                        <\/h2>\n\n                    <\/a>\n                <\/hgroup>\n                <span class=\"vehicle-addition\">\n                    <p>\n                        Van\/Minibus ,\n                        Gebrauchtfahrzeug                    <\/p>\n                <\/span>\n                <div class=\"vehicle-row\">\n                    <div class=\"vehicle-thumbnail\">\n                        <a href=\"https:\/\/ford-sachsen.de\/html\/page\/fahrzeuge\/ford-tourneo-connect-trend-l1-gjr-digitales-cockpit-a\/\" title=\"Ford Tourneo Connect Trend L1 GJR Digitales Cockpit A\">\n                            <img loading=\"lazy\" decoding=\"async\" width=\"300\" height=\"225\" src=\"https:\/\/ford-sachsen.de\/html\/page\/wp-content\/uploads\/2026\/05\/4746448-69f53feb67ca70c2c5dd4-3701-4139-af42-beec69351d83-rule-mo-1600-300x225.jpg\" class=\"attachment-medium size-medium wp-post-image\" alt=\"\" srcset=\"https:\/\/ford-sachsen.de\/html\/page\/wp-content\/uploads\/2026\/05\/4746448-69f53feb67ca70c2c5dd4-3701-4139-af42-beec69351d83-rule-mo-1600-300x225.jpg 300w, https:\/\/ford-sachsen.de\/html\/page\/wp-content\/uploads\/2026\/05\/4746448-69f53feb67ca70c2c5dd4-3701-4139-af42-beec69351d83-rule-mo-1600-1024x768.jpg 1024w, https:\/\/ford-sachsen.de\/html\/page\/wp-content\/uploads\/2026\/05\/4746448-69f53feb67ca70c2c5dd4-3701-4139-af42-beec69351d83-rule-mo-1600-768x576.jpg 768w, https:\/\/ford-sachsen.de\/html\/page\/wp-content\/uploads\/2026\/05\/4746448-69f53feb67ca70c2c5dd4-3701-4139-af42-beec69351d83-rule-mo-1600.jpg 1440w\" sizes=\"(max-width: 300px) 100vw, 300px\" \/>                        <\/a>\n                    <\/div>\n                    <div class=\"vehicle-data\">\n                                                    <small>\n                                                                08.2025                                \u00b7\n                            <\/small>\n                                                                            <small>\n                                6.580 km\n                            <\/small>\n                                                                            <small>\n                                \u00b7\n                                85 kW\n                                                                (\n                                116 PS)\n                            <\/small>\n                                                                            <small>\n                                \u00b7\n                                Schaltgetriebe                            <\/small>\n                                                                            <small>\n                                \u00b7\n                                Unfallfrei                            <\/small>\n                        \n                                                    <small>\n                                \u00b7\n                                Benzin                            <\/small>\n                                                                                                                            <small>\n                                \u00b7\n                                4\/5 T\u00fcren\n                            <\/small>\n                                                <ul class=\"vehicle-emission\">\n                                                 <span>Verbrauch komb.: \n                                    6.5                                 l\/100km<\/span><br>\n                                                                                \n                                       \n  <!-- CO2-Emissionen\t-->\n                                            <span>CO\u2082-Emissionen komb.: 148.0                                 g\/km<\/span><br>\n                                        <!-- CO2-Emissionen\t-->\n                   \n \n                         <span>CO\u2082-Klasse: \n                                    E                                <\/span><br>\n                    \n\n\n                <\/ul>\n\n                    <\/div>\n\n                    <div class=\"vehicle-price\">\n                                                    <div itemprop=\"priceSpecification\" itemscope itemtype=\"http:\/\/schema.org\/UnitPriceSpecification\">\n                                <meta itemprop=\"priceCurrency\" content=\"EUR\">\n                                <meta itemprop=\"price\" content=\"25.790\">\n                                <strong>\n                                    25.790 \u20ac (Brutto)\n                                <\/strong><br><small>\n                                    Inkl. 19% MwSt.                                <\/small>\n                            <\/div>\n                                                <br>\n                        <a href=\"https:\/\/ford-sachsen.de\/html\/page\/fahrzeuge\/ford-tourneo-connect-trend-l1-gjr-digitales-cockpit-a\/\"\n                            class=\"vehicle-btn wp-block-button__link wp-element-button\">Details<\/a>\n                    <\/div>\n                <\/div> <!-- \/\/ vehicle-row -->\n               \n            <\/article>\n                        <article id=\"post-4746446\" class=\"vehicle\">\n                <hgroup>\n                    <a href=\"https:\/\/ford-sachsen.de\/html\/page\/fahrzeuge\/ford-transit-courier-bev-trend-apple-carplay-android\/\">\n                        <h2 class=\"vehicle-title\">\n                            Ford Transit Courier BEV Trend Apple CarPlay Android                        <\/h2>\n\n                    <\/a>\n                <\/hgroup>\n                <span class=\"vehicle-addition\">\n                    <p>\n                        Andere ,\n                        Gebrauchtfahrzeug                    <\/p>\n                <\/span>\n                <div class=\"vehicle-row\">\n                    <div class=\"vehicle-thumbnail\">\n                        <a href=\"https:\/\/ford-sachsen.de\/html\/page\/fahrzeuge\/ford-transit-courier-bev-trend-apple-carplay-android\/\" title=\"Ford Transit Courier BEV Trend Apple CarPlay Android\">\n                            <img loading=\"lazy\" decoding=\"async\" width=\"300\" height=\"225\" src=\"https:\/\/ford-sachsen.de\/html\/page\/wp-content\/uploads\/2026\/05\/4746446-69f53fe9d3989344a4f32-04c2-4838-8c41-56118f075436-rule-mo-1600-300x225.jpg\" class=\"attachment-medium size-medium wp-post-image\" alt=\"\" srcset=\"https:\/\/ford-sachsen.de\/html\/page\/wp-content\/uploads\/2026\/05\/4746446-69f53fe9d3989344a4f32-04c2-4838-8c41-56118f075436-rule-mo-1600-300x225.jpg 300w, https:\/\/ford-sachsen.de\/html\/page\/wp-content\/uploads\/2026\/05\/4746446-69f53fe9d3989344a4f32-04c2-4838-8c41-56118f075436-rule-mo-1600-1024x768.jpg 1024w, https:\/\/ford-sachsen.de\/html\/page\/wp-content\/uploads\/2026\/05\/4746446-69f53fe9d3989344a4f32-04c2-4838-8c41-56118f075436-rule-mo-1600-768x576.jpg 768w, https:\/\/ford-sachsen.de\/html\/page\/wp-content\/uploads\/2026\/05\/4746446-69f53fe9d3989344a4f32-04c2-4838-8c41-56118f075436-rule-mo-1600.jpg 1440w\" sizes=\"(max-width: 300px) 100vw, 300px\" \/>                        <\/a>\n                    <\/div>\n                    <div class=\"vehicle-data\">\n                                                    <small>\n                                                                08.2025                                \u00b7\n                            <\/small>\n                                                                            <small>\n                                25 km\n                            <\/small>\n                                                                            <small>\n                                \u00b7\n                                100 kW\n                                                                (\n                                136 PS)\n                            <\/small>\n                                                                            <small>\n                                \u00b7\n                                Automatik                            <\/small>\n                                                                            <small>\n                                \u00b7\n                                Unfallfrei                            <\/small>\n                        \n                                                    <small>\n                                \u00b7\n                                Elektro                            <\/small>\n                                                                                                                            <small>\n                                \u00b7\n                                2\/3 T\u00fcren\n                            <\/small>\n                                                <ul class=\"vehicle-emission\">\n                                                                                     \n                                       \n  <!-- CO2-Emissionen\t-->\n                                            <span>CO\u2082-Emissionen komb.: 0.0                                 g\/km<\/span><br>\n                                        <!-- CO2-Emissionen\t-->\n                   \n \n                         <span>CO\u2082-Klasse: \n                                    A                                <\/span><br>\n                    \n\n\n                <\/ul>\n\n                    <\/div>\n\n                    <div class=\"vehicle-price\">\n                                                    <div itemprop=\"priceSpecification\" itemscope itemtype=\"http:\/\/schema.org\/UnitPriceSpecification\">\n                                <meta itemprop=\"priceCurrency\" content=\"EUR\">\n                                <meta itemprop=\"price\" content=\"27.990\">\n                                <strong>\n                                    27.990 \u20ac (Brutto)\n                                <\/strong><br><small>\n                                    Inkl. 19% MwSt.                                <\/small>\n                            <\/div>\n                                                <br>\n                        <a href=\"https:\/\/ford-sachsen.de\/html\/page\/fahrzeuge\/ford-transit-courier-bev-trend-apple-carplay-android\/\"\n                            class=\"vehicle-btn wp-block-button__link wp-element-button\">Details<\/a>\n                    <\/div>\n                <\/div> <!-- \/\/ vehicle-row -->\n               \n            <\/article>\n                        <article id=\"post-4746444\" class=\"vehicle\">\n                <hgroup>\n                    <a href=\"https:\/\/ford-sachsen.de\/html\/page\/fahrzeuge\/ford-kuga-cool-connect-17-zoll-lmgjrwinterpaket\/\">\n                        <h2 class=\"vehicle-title\">\n                            Ford Kuga Cool &amp; Connect 17 ZOLL LM+GJR+WINTERPAKET                        <\/h2>\n\n                    <\/a>\n                <\/hgroup>\n                <span class=\"vehicle-addition\">\n                    <p>\n                        SUV\/Gel\u00e4ndewagen\/Pickup ,\n                        Gebrauchtfahrzeug                    <\/p>\n                <\/span>\n                <div class=\"vehicle-row\">\n                    <div class=\"vehicle-thumbnail\">\n                        <a href=\"https:\/\/ford-sachsen.de\/html\/page\/fahrzeuge\/ford-kuga-cool-connect-17-zoll-lmgjrwinterpaket\/\" title=\"Ford Kuga Cool &amp; Connect 17 ZOLL LM+GJR+WINTERPAKET\">\n                            <img loading=\"lazy\" decoding=\"async\" width=\"300\" height=\"225\" src=\"https:\/\/ford-sachsen.de\/html\/page\/wp-content\/uploads\/2026\/05\/4746444-69f53fe833663403e21c8-9401-4cbe-ab15-3defbe3b992f-rule-mo-1600-300x225.jpg\" class=\"attachment-medium size-medium wp-post-image\" alt=\"\" srcset=\"https:\/\/ford-sachsen.de\/html\/page\/wp-content\/uploads\/2026\/05\/4746444-69f53fe833663403e21c8-9401-4cbe-ab15-3defbe3b992f-rule-mo-1600-300x225.jpg 300w, https:\/\/ford-sachsen.de\/html\/page\/wp-content\/uploads\/2026\/05\/4746444-69f53fe833663403e21c8-9401-4cbe-ab15-3defbe3b992f-rule-mo-1600-1024x768.jpg 1024w, https:\/\/ford-sachsen.de\/html\/page\/wp-content\/uploads\/2026\/05\/4746444-69f53fe833663403e21c8-9401-4cbe-ab15-3defbe3b992f-rule-mo-1600-768x576.jpg 768w, https:\/\/ford-sachsen.de\/html\/page\/wp-content\/uploads\/2026\/05\/4746444-69f53fe833663403e21c8-9401-4cbe-ab15-3defbe3b992f-rule-mo-1600.jpg 1440w\" sizes=\"(max-width: 300px) 100vw, 300px\" \/>                        <\/a>\n                    <\/div>\n                    <div class=\"vehicle-data\">\n                                                    <small>\n                                                                06.2021                                \u00b7\n                            <\/small>\n                                                                            <small>\n                                47.176 km\n                            <\/small>\n                                                                            <small>\n                                \u00b7\n                                110 kW\n                                                                (\n                                150 PS)\n                            <\/small>\n                                                                            <small>\n                                \u00b7\n                                Schaltgetriebe                            <\/small>\n                                                                            <small>\n                                \u00b7\n                                Unfallfrei                            <\/small>\n                        \n                                                    <small>\n                                \u00b7\n                                Benzin                            <\/small>\n                                                                                                                            <small>\n                                \u00b7\n                                4\/5 T\u00fcren\n                            <\/small>\n                                                <ul class=\"vehicle-emission\">\n                                                                                     \n                                       \n  <!-- CO2-Emissionen\t-->\n                                        <!-- CO2-Emissionen\t-->\n                   \n \n \n\n\n                <\/ul>\n\n                    <\/div>\n\n                    <div class=\"vehicle-price\">\n                                                    <div itemprop=\"priceSpecification\" itemscope itemtype=\"http:\/\/schema.org\/UnitPriceSpecification\">\n                                <meta itemprop=\"priceCurrency\" content=\"EUR\">\n                                <meta itemprop=\"price\" content=\"18.990\">\n                                <strong>\n                                    18.990 \u20ac (Brutto)\n                                <\/strong><br><small>\n                                    Inkl. 19% MwSt.                                <\/small>\n                            <\/div>\n                                                <br>\n                        <a href=\"https:\/\/ford-sachsen.de\/html\/page\/fahrzeuge\/ford-kuga-cool-connect-17-zoll-lmgjrwinterpaket\/\"\n                            class=\"vehicle-btn wp-block-button__link wp-element-button\">Details<\/a>\n                    <\/div>\n                <\/div> <!-- \/\/ vehicle-row -->\n               \n            <\/article>\n                        <article id=\"post-4746442\" class=\"vehicle\">\n                <hgroup>\n                    <a href=\"https:\/\/ford-sachsen.de\/html\/page\/fahrzeuge\/ford-puma-cool-connect-komfortwinter-paket\/\">\n                        <h2 class=\"vehicle-title\">\n                            Ford Puma Cool &amp; Connect KOMFORT+WINTER-PAKET                        <\/h2>\n\n                    <\/a>\n                <\/hgroup>\n                <span class=\"vehicle-addition\">\n                    <p>\n                        SUV\/Gel\u00e4ndewagen\/Pickup ,\n                        Gebrauchtfahrzeug                    <\/p>\n                <\/span>\n                <div class=\"vehicle-row\">\n                    <div class=\"vehicle-thumbnail\">\n                        <a href=\"https:\/\/ford-sachsen.de\/html\/page\/fahrzeuge\/ford-puma-cool-connect-komfortwinter-paket\/\" title=\"Ford Puma Cool &amp; Connect KOMFORT+WINTER-PAKET\">\n                            <img loading=\"lazy\" decoding=\"async\" width=\"300\" height=\"225\" src=\"https:\/\/ford-sachsen.de\/html\/page\/wp-content\/uploads\/2026\/05\/4746442-69f53fe6b12a7b809027a-2fb7-44d0-a9c4-c4bd619b3e31-rule-mo-1600-300x225.jpg\" class=\"attachment-medium size-medium wp-post-image\" alt=\"\" srcset=\"https:\/\/ford-sachsen.de\/html\/page\/wp-content\/uploads\/2026\/05\/4746442-69f53fe6b12a7b809027a-2fb7-44d0-a9c4-c4bd619b3e31-rule-mo-1600-300x225.jpg 300w, https:\/\/ford-sachsen.de\/html\/page\/wp-content\/uploads\/2026\/05\/4746442-69f53fe6b12a7b809027a-2fb7-44d0-a9c4-c4bd619b3e31-rule-mo-1600-1024x768.jpg 1024w, https:\/\/ford-sachsen.de\/html\/page\/wp-content\/uploads\/2026\/05\/4746442-69f53fe6b12a7b809027a-2fb7-44d0-a9c4-c4bd619b3e31-rule-mo-1600-768x576.jpg 768w, https:\/\/ford-sachsen.de\/html\/page\/wp-content\/uploads\/2026\/05\/4746442-69f53fe6b12a7b809027a-2fb7-44d0-a9c4-c4bd619b3e31-rule-mo-1600.jpg 1440w\" sizes=\"(max-width: 300px) 100vw, 300px\" \/>                        <\/a>\n                    <\/div>\n                    <div class=\"vehicle-data\">\n                                                    <small>\n                                                                04.2021                                \u00b7\n                            <\/small>\n                                                                            <small>\n                                25.976 km\n                            <\/small>\n                                                                            <small>\n                                \u00b7\n                                92 kW\n                                                                (\n                                125 PS)\n                            <\/small>\n                                                                            <small>\n                                \u00b7\n                                Schaltgetriebe                            <\/small>\n                                                                            <small>\n                                \u00b7\n                                Unfallfrei                            <\/small>\n                        \n                                                    <small>\n                                \u00b7\n                                Benzin                            <\/small>\n                                                                                                                            <small>\n                                \u00b7\n                                4\/5 T\u00fcren\n                            <\/small>\n                                                <ul class=\"vehicle-emission\">\n                                                                                     \n                                       \n  <!-- CO2-Emissionen\t-->\n                                        <!-- CO2-Emissionen\t-->\n                   \n \n \n\n\n                <\/ul>\n\n                    <\/div>\n\n                    <div class=\"vehicle-price\">\n                                                    <div itemprop=\"priceSpecification\" itemscope itemtype=\"http:\/\/schema.org\/UnitPriceSpecification\">\n                                <meta itemprop=\"priceCurrency\" content=\"EUR\">\n                                <meta itemprop=\"price\" content=\"15.890\">\n                                <strong>\n                                    15.890 \u20ac (Brutto)\n                                <\/strong><br><small>\n                                    Inkl. 19% MwSt.                                <\/small>\n                            <\/div>\n                                                <br>\n                        <a href=\"https:\/\/ford-sachsen.de\/html\/page\/fahrzeuge\/ford-puma-cool-connect-komfortwinter-paket\/\"\n                            class=\"vehicle-btn wp-block-button__link wp-element-button\">Details<\/a>\n                    <\/div>\n                <\/div> <!-- \/\/ vehicle-row -->\n               \n            <\/article>\n                        <article id=\"post-4746440\" class=\"vehicle\">\n                <hgroup>\n                    <a href=\"https:\/\/ford-sachsen.de\/html\/page\/fahrzeuge\/ford-kuga-phev-st-line-x-technofahrerassistpaket\/\">\n                        <h2 class=\"vehicle-title\">\n                            Ford Kuga PHEV ST-Line X TECHNO+FAHRERASSISTPAKET                        <\/h2>\n\n                    <\/a>\n                <\/hgroup>\n                <span class=\"vehicle-addition\">\n                    <p>\n                        SUV\/Gel\u00e4ndewagen\/Pickup ,\n                        Gebrauchtfahrzeug                    <\/p>\n                <\/span>\n                <div class=\"vehicle-row\">\n                    <div class=\"vehicle-thumbnail\">\n                        <a href=\"https:\/\/ford-sachsen.de\/html\/page\/fahrzeuge\/ford-kuga-phev-st-line-x-technofahrerassistpaket\/\" title=\"Ford Kuga PHEV ST-Line X TECHNO+FAHRERASSISTPAKET\">\n                            <img loading=\"lazy\" decoding=\"async\" width=\"300\" height=\"225\" src=\"https:\/\/ford-sachsen.de\/html\/page\/wp-content\/uploads\/2026\/05\/4746440-69f53fe51f1b347894a74-dee9-4644-b287-d00224d24115-rule-mo-1600-300x225.jpg\" class=\"attachment-medium size-medium wp-post-image\" alt=\"\" srcset=\"https:\/\/ford-sachsen.de\/html\/page\/wp-content\/uploads\/2026\/05\/4746440-69f53fe51f1b347894a74-dee9-4644-b287-d00224d24115-rule-mo-1600-300x225.jpg 300w, https:\/\/ford-sachsen.de\/html\/page\/wp-content\/uploads\/2026\/05\/4746440-69f53fe51f1b347894a74-dee9-4644-b287-d00224d24115-rule-mo-1600-1024x768.jpg 1024w, https:\/\/ford-sachsen.de\/html\/page\/wp-content\/uploads\/2026\/05\/4746440-69f53fe51f1b347894a74-dee9-4644-b287-d00224d24115-rule-mo-1600-768x576.jpg 768w, https:\/\/ford-sachsen.de\/html\/page\/wp-content\/uploads\/2026\/05\/4746440-69f53fe51f1b347894a74-dee9-4644-b287-d00224d24115-rule-mo-1600.jpg 1440w\" sizes=\"(max-width: 300px) 100vw, 300px\" \/>                        <\/a>\n                    <\/div>\n                    <div class=\"vehicle-data\">\n                                                    <small>\n                                                                06.2022                                \u00b7\n                            <\/small>\n                                                                            <small>\n                                47.596 km\n                            <\/small>\n                                                                            <small>\n                                \u00b7\n                                165 kW\n                                                                (\n                                224 PS)\n                            <\/small>\n                                                                            <small>\n                                \u00b7\n                                Automatik                            <\/small>\n                                                                            <small>\n                                \u00b7\n                                Unfallfrei                            <\/small>\n                        \n                                                    <small>\n                                \u00b7\n                                Plug-in-Hybrid                            <\/small>\n                                                                                                                            <small>\n                                \u00b7\n                                4\/5 T\u00fcren\n                            <\/small>\n                                                <ul class=\"vehicle-emission\">\n                                                                                     \n                                       \n  <!-- CO2-Emissionen\t-->\n                                        <!-- CO2-Emissionen\t-->\n                   \n \n \n\n\n                <\/ul>\n\n                    <\/div>\n\n                    <div class=\"vehicle-price\">\n                                                    <div itemprop=\"priceSpecification\" itemscope itemtype=\"http:\/\/schema.org\/UnitPriceSpecification\">\n                                <meta itemprop=\"priceCurrency\" content=\"EUR\">\n                                <meta itemprop=\"price\" content=\"23.190\">\n                                <strong>\n                                    23.190 \u20ac (Brutto)\n                                <\/strong><br><small>\n                                    Inkl. 19% MwSt.                                <\/small>\n                            <\/div>\n                                                <br>\n                        <a href=\"https:\/\/ford-sachsen.de\/html\/page\/fahrzeuge\/ford-kuga-phev-st-line-x-technofahrerassistpaket\/\"\n                            class=\"vehicle-btn wp-block-button__link wp-element-button\">Details<\/a>\n                    <\/div>\n                <\/div> <!-- \/\/ vehicle-row -->\n               \n            <\/article>\n                        <article id=\"post-4746438\" class=\"vehicle\">\n                <hgroup>\n                    <a href=\"https:\/\/ford-sachsen.de\/html\/page\/fahrzeuge\/ford-transit-kasten-350-l3h2-2x-trend-ahkklimaautom\/\">\n                        <h2 class=\"vehicle-title\">\n                            Ford Transit Kasten 350 L3H2 2X Trend AHK+KLIMAAUTOM+                        <\/h2>\n\n                    <\/a>\n                <\/hgroup>\n                <span class=\"vehicle-addition\">\n                    <p>\n                        Andere ,\n                        Gebrauchtfahrzeug                    <\/p>\n                <\/span>\n                <div class=\"vehicle-row\">\n                    <div class=\"vehicle-thumbnail\">\n                        <a href=\"https:\/\/ford-sachsen.de\/html\/page\/fahrzeuge\/ford-transit-kasten-350-l3h2-2x-trend-ahkklimaautom\/\" title=\"Ford Transit Kasten 350 L3H2 2X Trend AHK+KLIMAAUTOM+\">\n                            <img loading=\"lazy\" decoding=\"async\" width=\"300\" height=\"225\" src=\"https:\/\/ford-sachsen.de\/html\/page\/wp-content\/uploads\/2026\/05\/4746438-69f53fe36b7cd30954dd9-aa27-4478-8121-2e9083c96aa3-rule-mo-1600-300x225.jpg\" class=\"attachment-medium size-medium wp-post-image\" alt=\"\" srcset=\"https:\/\/ford-sachsen.de\/html\/page\/wp-content\/uploads\/2026\/05\/4746438-69f53fe36b7cd30954dd9-aa27-4478-8121-2e9083c96aa3-rule-mo-1600-300x225.jpg 300w, https:\/\/ford-sachsen.de\/html\/page\/wp-content\/uploads\/2026\/05\/4746438-69f53fe36b7cd30954dd9-aa27-4478-8121-2e9083c96aa3-rule-mo-1600-1024x768.jpg 1024w, https:\/\/ford-sachsen.de\/html\/page\/wp-content\/uploads\/2026\/05\/4746438-69f53fe36b7cd30954dd9-aa27-4478-8121-2e9083c96aa3-rule-mo-1600-768x576.jpg 768w, https:\/\/ford-sachsen.de\/html\/page\/wp-content\/uploads\/2026\/05\/4746438-69f53fe36b7cd30954dd9-aa27-4478-8121-2e9083c96aa3-rule-mo-1600.jpg 1440w\" sizes=\"(max-width: 300px) 100vw, 300px\" \/>                        <\/a>\n                    <\/div>\n                    <div class=\"vehicle-data\">\n                                                    <small>\n                                                                05.2025                                \u00b7\n                            <\/small>\n                                                                            <small>\n                                2.650 km\n                            <\/small>\n                                                                            <small>\n                                \u00b7\n                                96 kW\n                                                                (\n                                131 PS)\n                            <\/small>\n                                                                            <small>\n                                \u00b7\n                                Schaltgetriebe                            <\/small>\n                                                                            <small>\n                                \u00b7\n                                Unfallfrei                            <\/small>\n                        \n                                                    <small>\n                                \u00b7\n                                Diesel                            <\/small>\n                                                                                                                            <small>\n                                \u00b7\n                                4\/5 T\u00fcren\n                            <\/small>\n                                                <ul class=\"vehicle-emission\">\n                                                 <span>Verbrauch komb.: \n                                    9.0                                 l\/100km<\/span><br>\n                                                                                \n                                       \n  <!-- CO2-Emissionen\t-->\n                                            <span>CO\u2082-Emissionen komb.: 236.0                                 g\/km<\/span><br>\n                                        <!-- CO2-Emissionen\t-->\n                   \n \n                         <span>CO\u2082-Klasse: \n                                    G                                <\/span><br>\n                    \n\n\n                <\/ul>\n\n                    <\/div>\n\n                    <div class=\"vehicle-price\">\n                                                    <div itemprop=\"priceSpecification\" itemscope itemtype=\"http:\/\/schema.org\/UnitPriceSpecification\">\n                                <meta itemprop=\"priceCurrency\" content=\"EUR\">\n                                <meta itemprop=\"price\" content=\"33.890\">\n                                <strong>\n                                    33.890 \u20ac (Brutto)\n                                <\/strong><br><small>\n                                    Inkl. 19% MwSt.                                <\/small>\n                            <\/div>\n                                                <br>\n                        <a href=\"https:\/\/ford-sachsen.de\/html\/page\/fahrzeuge\/ford-transit-kasten-350-l3h2-2x-trend-ahkklimaautom\/\"\n                            class=\"vehicle-btn wp-block-button__link wp-element-button\">Details<\/a>\n                    <\/div>\n                <\/div> <!-- \/\/ vehicle-row -->\n               \n            <\/article>\n                        <article id=\"post-4746436\" class=\"vehicle\">\n                <hgroup>\n                    <a href=\"https:\/\/ford-sachsen.de\/html\/page\/fahrzeuge\/ford-kuga-phev-st-line-navi-winterpaket-tempomat-led\/\">\n                        <h2 class=\"vehicle-title\">\n                            Ford Kuga PHEV ST-Line NAVI WINTERPAKET TEMPOMAT LED                        <\/h2>\n\n                    <\/a>\n                <\/hgroup>\n                <span class=\"vehicle-addition\">\n                    <p>\n                        SUV\/Gel\u00e4ndewagen\/Pickup ,\n                        Gebrauchtfahrzeug                    <\/p>\n                <\/span>\n                <div class=\"vehicle-row\">\n                    <div class=\"vehicle-thumbnail\">\n                        <a href=\"https:\/\/ford-sachsen.de\/html\/page\/fahrzeuge\/ford-kuga-phev-st-line-navi-winterpaket-tempomat-led\/\" title=\"Ford Kuga PHEV ST-Line NAVI WINTERPAKET TEMPOMAT LED\">\n                            <img loading=\"lazy\" decoding=\"async\" width=\"300\" height=\"225\" src=\"https:\/\/ford-sachsen.de\/html\/page\/wp-content\/uploads\/2026\/05\/4746436-69f53fe200896b89b3674-0ed4-4093-98e7-0b18fd531ae9-rule-mo-1600-300x225.jpg\" class=\"attachment-medium size-medium wp-post-image\" alt=\"\" srcset=\"https:\/\/ford-sachsen.de\/html\/page\/wp-content\/uploads\/2026\/05\/4746436-69f53fe200896b89b3674-0ed4-4093-98e7-0b18fd531ae9-rule-mo-1600-300x225.jpg 300w, https:\/\/ford-sachsen.de\/html\/page\/wp-content\/uploads\/2026\/05\/4746436-69f53fe200896b89b3674-0ed4-4093-98e7-0b18fd531ae9-rule-mo-1600-1024x768.jpg 1024w, https:\/\/ford-sachsen.de\/html\/page\/wp-content\/uploads\/2026\/05\/4746436-69f53fe200896b89b3674-0ed4-4093-98e7-0b18fd531ae9-rule-mo-1600-768x576.jpg 768w, https:\/\/ford-sachsen.de\/html\/page\/wp-content\/uploads\/2026\/05\/4746436-69f53fe200896b89b3674-0ed4-4093-98e7-0b18fd531ae9-rule-mo-1600.jpg 1440w\" sizes=\"(max-width: 300px) 100vw, 300px\" \/>                        <\/a>\n                    <\/div>\n                    <div class=\"vehicle-data\">\n                                                    <small>\n                                                                04.2022                                \u00b7\n                            <\/small>\n                                                                            <small>\n                                47.682 km\n                            <\/small>\n                                                                            <small>\n                                \u00b7\n                                165 kW\n                                                                (\n                                224 PS)\n                            <\/small>\n                                                                            <small>\n                                \u00b7\n                                Automatik                            <\/small>\n                                                                            <small>\n                                \u00b7\n                                Unfallfrei                            <\/small>\n                        \n                                                    <small>\n                                \u00b7\n                                Plug-in-Hybrid                            <\/small>\n                                                                                                                            <small>\n                                \u00b7\n                                4\/5 T\u00fcren\n                            <\/small>\n                                                <ul class=\"vehicle-emission\">\n                                                                                     \n                                       \n  <!-- CO2-Emissionen\t-->\n                                        <!-- CO2-Emissionen\t-->\n                   \n \n \n\n\n                <\/ul>\n\n                    <\/div>\n\n                    <div class=\"vehicle-price\">\n                                                    <div itemprop=\"priceSpecification\" itemscope itemtype=\"http:\/\/schema.org\/UnitPriceSpecification\">\n                                <meta itemprop=\"priceCurrency\" content=\"EUR\">\n                                <meta itemprop=\"price\" content=\"21.690\">\n                                <strong>\n                                    21.690 \u20ac (Brutto)\n                                <\/strong><br><small>\n                                    Inkl. 19% MwSt.                                <\/small>\n                            <\/div>\n                                                <br>\n                        <a href=\"https:\/\/ford-sachsen.de\/html\/page\/fahrzeuge\/ford-kuga-phev-st-line-navi-winterpaket-tempomat-led\/\"\n                            class=\"vehicle-btn wp-block-button__link wp-element-button\">Details<\/a>\n                    <\/div>\n                <\/div> <!-- \/\/ vehicle-row -->\n               \n            <\/article>\n                        <article id=\"post-4746434\" class=\"vehicle\">\n                <hgroup>\n                    <a href=\"https:\/\/ford-sachsen.de\/html\/page\/fahrzeuge\/ford-kuga-phev-st-line-navi-keyfree-fahrassistenz-pps\/\">\n                        <h2 class=\"vehicle-title\">\n                            Ford Kuga PHEV ST-Line NAVI KEYFREE FAHRASSISTENZ PPS                        <\/h2>\n\n                    <\/a>\n                <\/hgroup>\n                <span class=\"vehicle-addition\">\n                    <p>\n                        SUV\/Gel\u00e4ndewagen\/Pickup ,\n                        Gebrauchtfahrzeug                    <\/p>\n                <\/span>\n                <div class=\"vehicle-row\">\n                    <div class=\"vehicle-thumbnail\">\n                        <a href=\"https:\/\/ford-sachsen.de\/html\/page\/fahrzeuge\/ford-kuga-phev-st-line-navi-keyfree-fahrassistenz-pps\/\" title=\"Ford Kuga PHEV ST-Line NAVI KEYFREE FAHRASSISTENZ PPS\">\n                            <img loading=\"lazy\" decoding=\"async\" width=\"300\" height=\"225\" src=\"https:\/\/ford-sachsen.de\/html\/page\/wp-content\/uploads\/2026\/05\/4746434-69f53fe0850beb98c191d-f401-41b4-9aa3-55fcf6f7801d-rule-mo-1600-300x225.jpg\" class=\"attachment-medium size-medium wp-post-image\" alt=\"\" srcset=\"https:\/\/ford-sachsen.de\/html\/page\/wp-content\/uploads\/2026\/05\/4746434-69f53fe0850beb98c191d-f401-41b4-9aa3-55fcf6f7801d-rule-mo-1600-300x225.jpg 300w, https:\/\/ford-sachsen.de\/html\/page\/wp-content\/uploads\/2026\/05\/4746434-69f53fe0850beb98c191d-f401-41b4-9aa3-55fcf6f7801d-rule-mo-1600-1024x768.jpg 1024w, https:\/\/ford-sachsen.de\/html\/page\/wp-content\/uploads\/2026\/05\/4746434-69f53fe0850beb98c191d-f401-41b4-9aa3-55fcf6f7801d-rule-mo-1600-768x576.jpg 768w, https:\/\/ford-sachsen.de\/html\/page\/wp-content\/uploads\/2026\/05\/4746434-69f53fe0850beb98c191d-f401-41b4-9aa3-55fcf6f7801d-rule-mo-1600.jpg 1440w\" sizes=\"(max-width: 300px) 100vw, 300px\" \/>                        <\/a>\n                    <\/div>\n                    <div class=\"vehicle-data\">\n                                                    <small>\n                                                                06.2022                                \u00b7\n                            <\/small>\n                                                                            <small>\n                                32.055 km\n                            <\/small>\n                                                                            <small>\n                                \u00b7\n                                165 kW\n                                                                (\n                                224 PS)\n                            <\/small>\n                                                                            <small>\n                                \u00b7\n                                Automatik                            <\/small>\n                                                                            <small>\n                                \u00b7\n                                Unfallfrei                            <\/small>\n                        \n                                                    <small>\n                                \u00b7\n                                Plug-in-Hybrid                            <\/small>\n                                                                                                                            <small>\n                                \u00b7\n                                4\/5 T\u00fcren\n                            <\/small>\n                                                <ul class=\"vehicle-emission\">\n                                                                                     \n                                       \n  <!-- CO2-Emissionen\t-->\n                                        <!-- CO2-Emissionen\t-->\n                   \n \n \n\n\n                <\/ul>\n\n                    <\/div>\n\n                    <div class=\"vehicle-price\">\n                                                    <div itemprop=\"priceSpecification\" itemscope itemtype=\"http:\/\/schema.org\/UnitPriceSpecification\">\n                                <meta itemprop=\"priceCurrency\" content=\"EUR\">\n                                <meta itemprop=\"price\" content=\"22.490\">\n                                <strong>\n                                    22.490 \u20ac (Brutto)\n                                <\/strong><br><small>\n                                    Inkl. 19% MwSt.                                <\/small>\n                            <\/div>\n                                                <br>\n                        <a href=\"https:\/\/ford-sachsen.de\/html\/page\/fahrzeuge\/ford-kuga-phev-st-line-navi-keyfree-fahrassistenz-pps\/\"\n                            class=\"vehicle-btn wp-block-button__link wp-element-button\">Details<\/a>\n                    <\/div>\n                <\/div> <!-- \/\/ vehicle-row -->\n               \n            <\/article>\n                        <article id=\"post-4746432\" class=\"vehicle\">\n                <hgroup>\n                    <a href=\"https:\/\/ford-sachsen.de\/html\/page\/fahrzeuge\/ford-puma-titanium-mhev-navi-led-fahrassistenz-farbdi\/\">\n                        <h2 class=\"vehicle-title\">\n                            Ford Puma Titanium MHEV NAVI LED FAHRASSISTENZ FARBDI                        <\/h2>\n\n                    <\/a>\n                <\/hgroup>\n                <span class=\"vehicle-addition\">\n                    <p>\n                        SUV\/Gel\u00e4ndewagen\/Pickup ,\n                        Gebrauchtfahrzeug                    <\/p>\n                <\/span>\n                <div class=\"vehicle-row\">\n                    <div class=\"vehicle-thumbnail\">\n                        <a href=\"https:\/\/ford-sachsen.de\/html\/page\/fahrzeuge\/ford-puma-titanium-mhev-navi-led-fahrassistenz-farbdi\/\" title=\"Ford Puma Titanium MHEV NAVI LED FAHRASSISTENZ FARBDI\">\n                            <img loading=\"lazy\" decoding=\"async\" width=\"300\" height=\"225\" src=\"https:\/\/ford-sachsen.de\/html\/page\/wp-content\/uploads\/2026\/05\/4746432-69f53fdf08ba3797d7153-3fce-41d6-a1dc-2c9deb5f9c1d-rule-mo-1600-300x225.jpg\" class=\"attachment-medium size-medium wp-post-image\" alt=\"\" srcset=\"https:\/\/ford-sachsen.de\/html\/page\/wp-content\/uploads\/2026\/05\/4746432-69f53fdf08ba3797d7153-3fce-41d6-a1dc-2c9deb5f9c1d-rule-mo-1600-300x225.jpg 300w, https:\/\/ford-sachsen.de\/html\/page\/wp-content\/uploads\/2026\/05\/4746432-69f53fdf08ba3797d7153-3fce-41d6-a1dc-2c9deb5f9c1d-rule-mo-1600-1024x768.jpg 1024w, https:\/\/ford-sachsen.de\/html\/page\/wp-content\/uploads\/2026\/05\/4746432-69f53fdf08ba3797d7153-3fce-41d6-a1dc-2c9deb5f9c1d-rule-mo-1600-768x576.jpg 768w, https:\/\/ford-sachsen.de\/html\/page\/wp-content\/uploads\/2026\/05\/4746432-69f53fdf08ba3797d7153-3fce-41d6-a1dc-2c9deb5f9c1d-rule-mo-1600.jpg 1440w\" sizes=\"(max-width: 300px) 100vw, 300px\" \/>                        <\/a>\n                    <\/div>\n                    <div class=\"vehicle-data\">\n                                                    <small>\n                                                                07.2021                                \u00b7\n                            <\/small>\n                                                                            <small>\n                                18.541 km\n                            <\/small>\n                                                                            <small>\n                                \u00b7\n                                92 kW\n                                                                (\n                                125 PS)\n                            <\/small>\n                                                                            <small>\n                                \u00b7\n                                Schaltgetriebe                            <\/small>\n                                                                            <small>\n                                \u00b7\n                                Unfallfrei                            <\/small>\n                        \n                                                    <small>\n                                \u00b7\n                                Benzin                            <\/small>\n                                                                                                                            <small>\n                                \u00b7\n                                4\/5 T\u00fcren\n                            <\/small>\n                                                <ul class=\"vehicle-emission\">\n                                                 <span>Verbrauch komb.: \n                                    6.0                                 l\/100km<\/span><br>\n                                                                                \n                                       \n  <!-- CO2-Emissionen\t-->\n                                            <span>CO\u2082-Emissionen komb.: 135.0                                 g\/km<\/span><br>\n                                        <!-- CO2-Emissionen\t-->\n                   \n \n                         <span>CO\u2082-Klasse: \n                                    D                                <\/span><br>\n                    \n\n\n                <\/ul>\n\n                    <\/div>\n\n                    <div class=\"vehicle-price\">\n                                                    <div itemprop=\"priceSpecification\" itemscope itemtype=\"http:\/\/schema.org\/UnitPriceSpecification\">\n                                <meta itemprop=\"priceCurrency\" content=\"EUR\">\n                                <meta itemprop=\"price\" content=\"15.990\">\n                                <strong>\n                                    15.990 \u20ac (Brutto)\n                                <\/strong><br><small>\n                                    Inkl. 19% MwSt.                                <\/small>\n                            <\/div>\n                                                <br>\n                        <a href=\"https:\/\/ford-sachsen.de\/html\/page\/fahrzeuge\/ford-puma-titanium-mhev-navi-led-fahrassistenz-farbdi\/\"\n                            class=\"vehicle-btn wp-block-button__link wp-element-button\">Details<\/a>\n                    <\/div>\n                <\/div> <!-- \/\/ vehicle-row -->\n               \n            <\/article>\n                        <article id=\"post-4746430\" class=\"vehicle\">\n                <hgroup>\n                    <a href=\"https:\/\/ford-sachsen.de\/html\/page\/fahrzeuge\/ford-kuga-fhev-active-winterpaket-fahrassistenz-keyfr\/\">\n                        <h2 class=\"vehicle-title\">\n                            Ford Kuga FHEV Active WINTERPAKET FAHRASSISTENZ KEYFR                        <\/h2>\n\n                    <\/a>\n                <\/hgroup>\n                <span class=\"vehicle-addition\">\n                    <p>\n                        SUV\/Gel\u00e4ndewagen\/Pickup ,\n                        Gebrauchtfahrzeug                    <\/p>\n                <\/span>\n                <div class=\"vehicle-row\">\n                    <div class=\"vehicle-thumbnail\">\n                        <a href=\"https:\/\/ford-sachsen.de\/html\/page\/fahrzeuge\/ford-kuga-fhev-active-winterpaket-fahrassistenz-keyfr\/\" title=\"Ford Kuga FHEV Active WINTERPAKET FAHRASSISTENZ KEYFR\">\n                            <img loading=\"lazy\" decoding=\"async\" width=\"300\" height=\"225\" src=\"https:\/\/ford-sachsen.de\/html\/page\/wp-content\/uploads\/2026\/05\/4746430-69f53fdd76297bc3f50d0-b8aa-435b-9f2c-99f2fa8ab1c9-rule-mo-1600-300x225.jpg\" class=\"attachment-medium size-medium wp-post-image\" alt=\"\" srcset=\"https:\/\/ford-sachsen.de\/html\/page\/wp-content\/uploads\/2026\/05\/4746430-69f53fdd76297bc3f50d0-b8aa-435b-9f2c-99f2fa8ab1c9-rule-mo-1600-300x225.jpg 300w, https:\/\/ford-sachsen.de\/html\/page\/wp-content\/uploads\/2026\/05\/4746430-69f53fdd76297bc3f50d0-b8aa-435b-9f2c-99f2fa8ab1c9-rule-mo-1600-1024x768.jpg 1024w, https:\/\/ford-sachsen.de\/html\/page\/wp-content\/uploads\/2026\/05\/4746430-69f53fdd76297bc3f50d0-b8aa-435b-9f2c-99f2fa8ab1c9-rule-mo-1600-768x576.jpg 768w, https:\/\/ford-sachsen.de\/html\/page\/wp-content\/uploads\/2026\/05\/4746430-69f53fdd76297bc3f50d0-b8aa-435b-9f2c-99f2fa8ab1c9-rule-mo-1600.jpg 1440w\" sizes=\"(max-width: 300px) 100vw, 300px\" \/>                        <\/a>\n                    <\/div>\n                    <div class=\"vehicle-data\">\n                                                    <small>\n                                                                07.2025                                \u00b7\n                            <\/small>\n                                                                            <small>\n                                6.500 km\n                            <\/small>\n                                                                            <small>\n                                \u00b7\n                                132 kW\n                                                                (\n                                179 PS)\n                            <\/small>\n                                                                            <small>\n                                \u00b7\n                                Automatik                            <\/small>\n                                                                            <small>\n                                \u00b7\n                                Unfallfrei                            <\/small>\n                        \n                                                    <small>\n                                \u00b7\n                                Hybrid (Benzin\/Elektro)                            <\/small>\n                                                                                                                            <small>\n                                \u00b7\n                                4\/5 T\u00fcren\n                            <\/small>\n                                                <ul class=\"vehicle-emission\">\n                                                 <span>Verbrauch komb.: \n                                    6.3                                 l\/100km<\/span><br>\n                                                                                \n                                       \n  <!-- CO2-Emissionen\t-->\n                                            <span>CO\u2082-Emissionen komb.: 143.0                                 g\/km<\/span><br>\n                                        <!-- CO2-Emissionen\t-->\n                   \n \n                         <span>CO\u2082-Klasse: \n                                    E                                <\/span><br>\n                    \n\n\n                <\/ul>\n\n                    <\/div>\n\n                    <div class=\"vehicle-price\">\n                                                    <div itemprop=\"priceSpecification\" itemscope itemtype=\"http:\/\/schema.org\/UnitPriceSpecification\">\n                                <meta itemprop=\"priceCurrency\" content=\"EUR\">\n                                <meta itemprop=\"price\" content=\"32.950\">\n                                <strong>\n                                    32.950 \u20ac (Brutto)\n                                <\/strong><br><small>\n                                    Inkl. 19% MwSt.                                <\/small>\n                            <\/div>\n                                                <br>\n                        <a href=\"https:\/\/ford-sachsen.de\/html\/page\/fahrzeuge\/ford-kuga-fhev-active-winterpaket-fahrassistenz-keyfr\/\"\n                            class=\"vehicle-btn wp-block-button__link wp-element-button\">Details<\/a>\n                    <\/div>\n                <\/div> <!-- \/\/ vehicle-row -->\n               \n            <\/article>\n                        <article id=\"post-4746428\" class=\"vehicle\">\n                <hgroup>\n                    <a href=\"https:\/\/ford-sachsen.de\/html\/page\/fahrzeuge\/ford-kuga-fhev-active-winterpaket-navi-fahrassistenz\/\">\n                        <h2 class=\"vehicle-title\">\n                            Ford Kuga FHEV Active WINTERPAKET NAVI FAHRASSISTENZ                        <\/h2>\n\n                    <\/a>\n                <\/hgroup>\n                <span class=\"vehicle-addition\">\n                    <p>\n                        SUV\/Gel\u00e4ndewagen\/Pickup ,\n                        Gebrauchtfahrzeug                    <\/p>\n                <\/span>\n                <div class=\"vehicle-row\">\n                    <div class=\"vehicle-thumbnail\">\n                        <a href=\"https:\/\/ford-sachsen.de\/html\/page\/fahrzeuge\/ford-kuga-fhev-active-winterpaket-navi-fahrassistenz\/\" title=\"Ford Kuga FHEV Active WINTERPAKET NAVI FAHRASSISTENZ\">\n                            <img loading=\"lazy\" decoding=\"async\" width=\"300\" height=\"225\" src=\"https:\/\/ford-sachsen.de\/html\/page\/wp-content\/uploads\/2026\/05\/4746428-69f53fdbeca05b53df9b1-f4ac-4001-a92e-8de14bcbc907-rule-mo-1600-300x225.jpg\" class=\"attachment-medium size-medium wp-post-image\" alt=\"\" srcset=\"https:\/\/ford-sachsen.de\/html\/page\/wp-content\/uploads\/2026\/05\/4746428-69f53fdbeca05b53df9b1-f4ac-4001-a92e-8de14bcbc907-rule-mo-1600-300x225.jpg 300w, https:\/\/ford-sachsen.de\/html\/page\/wp-content\/uploads\/2026\/05\/4746428-69f53fdbeca05b53df9b1-f4ac-4001-a92e-8de14bcbc907-rule-mo-1600-1024x768.jpg 1024w, https:\/\/ford-sachsen.de\/html\/page\/wp-content\/uploads\/2026\/05\/4746428-69f53fdbeca05b53df9b1-f4ac-4001-a92e-8de14bcbc907-rule-mo-1600-768x576.jpg 768w, https:\/\/ford-sachsen.de\/html\/page\/wp-content\/uploads\/2026\/05\/4746428-69f53fdbeca05b53df9b1-f4ac-4001-a92e-8de14bcbc907-rule-mo-1600.jpg 1440w\" sizes=\"(max-width: 300px) 100vw, 300px\" \/>                        <\/a>\n                    <\/div>\n                    <div class=\"vehicle-data\">\n                                                    <small>\n                                                                07.2025                                \u00b7\n                            <\/small>\n                                                                            <small>\n                                8.500 km\n                            <\/small>\n                                                                            <small>\n                                \u00b7\n                                132 kW\n                                                                (\n                                179 PS)\n                            <\/small>\n                                                                            <small>\n                                \u00b7\n                                Automatik                            <\/small>\n                                                                            <small>\n                                \u00b7\n                                Unfallfrei                            <\/small>\n                        \n                                                    <small>\n                                \u00b7\n                                Hybrid (Benzin\/Elektro)                            <\/small>\n                                                                                                                            <small>\n                                \u00b7\n                                4\/5 T\u00fcren\n                            <\/small>\n                                                <ul class=\"vehicle-emission\">\n                                                 <span>Verbrauch komb.: \n                                    6.3                                 l\/100km<\/span><br>\n                                                                                \n                                       \n  <!-- CO2-Emissionen\t-->\n                                            <span>CO\u2082-Emissionen komb.: 143.0                                 g\/km<\/span><br>\n                                        <!-- CO2-Emissionen\t-->\n                   \n \n                         <span>CO\u2082-Klasse: \n                                    E                                <\/span><br>\n                    \n\n\n                <\/ul>\n\n                    <\/div>\n\n                    <div class=\"vehicle-price\">\n                                                    <div itemprop=\"priceSpecification\" itemscope itemtype=\"http:\/\/schema.org\/UnitPriceSpecification\">\n                                <meta itemprop=\"priceCurrency\" content=\"EUR\">\n                                <meta itemprop=\"price\" content=\"32.590\">\n                                <strong>\n                                    32.590 \u20ac (Brutto)\n                                <\/strong><br><small>\n                                    Inkl. 19% MwSt.                                <\/small>\n                            <\/div>\n                                                <br>\n                        <a href=\"https:\/\/ford-sachsen.de\/html\/page\/fahrzeuge\/ford-kuga-fhev-active-winterpaket-navi-fahrassistenz\/\"\n                            class=\"vehicle-btn wp-block-button__link wp-element-button\">Details<\/a>\n                    <\/div>\n                <\/div> <!-- \/\/ vehicle-row -->\n               \n            <\/article>\n                        <article id=\"post-4746426\" class=\"vehicle\">\n                <hgroup>\n                    <a href=\"https:\/\/ford-sachsen.de\/html\/page\/fahrzeuge\/ford-kuga-cool-connect-ahk-abn-winterpaketgjr\/\">\n                        <h2 class=\"vehicle-title\">\n                            Ford Kuga Cool &amp; Connect AHK-abn.+WINTERPAKET+GJR                        <\/h2>\n\n                    <\/a>\n                <\/hgroup>\n                <span class=\"vehicle-addition\">\n                    <p>\n                        SUV\/Gel\u00e4ndewagen\/Pickup ,\n                        Gebrauchtfahrzeug                    <\/p>\n                <\/span>\n                <div class=\"vehicle-row\">\n                    <div class=\"vehicle-thumbnail\">\n                        <a href=\"https:\/\/ford-sachsen.de\/html\/page\/fahrzeuge\/ford-kuga-cool-connect-ahk-abn-winterpaketgjr\/\" title=\"Ford Kuga Cool &amp; Connect AHK-abn.+WINTERPAKET+GJR\">\n                            <img loading=\"lazy\" decoding=\"async\" width=\"300\" height=\"225\" src=\"https:\/\/ford-sachsen.de\/html\/page\/wp-content\/uploads\/2026\/05\/4746426-69f53fda76d12b587b47a-0188-4120-a5ab-46b9be47da6b-rule-mo-1600-300x225.jpg\" class=\"attachment-medium size-medium wp-post-image\" alt=\"\" srcset=\"https:\/\/ford-sachsen.de\/html\/page\/wp-content\/uploads\/2026\/05\/4746426-69f53fda76d12b587b47a-0188-4120-a5ab-46b9be47da6b-rule-mo-1600-300x225.jpg 300w, https:\/\/ford-sachsen.de\/html\/page\/wp-content\/uploads\/2026\/05\/4746426-69f53fda76d12b587b47a-0188-4120-a5ab-46b9be47da6b-rule-mo-1600-1024x768.jpg 1024w, https:\/\/ford-sachsen.de\/html\/page\/wp-content\/uploads\/2026\/05\/4746426-69f53fda76d12b587b47a-0188-4120-a5ab-46b9be47da6b-rule-mo-1600-768x576.jpg 768w, https:\/\/ford-sachsen.de\/html\/page\/wp-content\/uploads\/2026\/05\/4746426-69f53fda76d12b587b47a-0188-4120-a5ab-46b9be47da6b-rule-mo-1600.jpg 1440w\" sizes=\"(max-width: 300px) 100vw, 300px\" \/>                        <\/a>\n                    <\/div>\n                    <div class=\"vehicle-data\">\n                                                    <small>\n                                                                07.2021                                \u00b7\n                            <\/small>\n                                                                            <small>\n                                45.875 km\n                            <\/small>\n                                                                            <small>\n                                \u00b7\n                                88 kW\n                                                                (\n                                120 PS)\n                            <\/small>\n                                                                            <small>\n                                \u00b7\n                                Schaltgetriebe                            <\/small>\n                                                                            <small>\n                                \u00b7\n                                Unfallfrei                            <\/small>\n                        \n                                                    <small>\n                                \u00b7\n                                Diesel                            <\/small>\n                                                                                                                            <small>\n                                \u00b7\n                                4\/5 T\u00fcren\n                            <\/small>\n                                                <ul class=\"vehicle-emission\">\n                                                                                     \n                                       \n  <!-- CO2-Emissionen\t-->\n                                        <!-- CO2-Emissionen\t-->\n                   \n \n \n\n\n                <\/ul>\n\n                    <\/div>\n\n                    <div class=\"vehicle-price\">\n                                                    <div itemprop=\"priceSpecification\" itemscope itemtype=\"http:\/\/schema.org\/UnitPriceSpecification\">\n                                <meta itemprop=\"priceCurrency\" content=\"EUR\">\n                                <meta itemprop=\"price\" content=\"18.390\">\n                                <strong>\n                                    18.390 \u20ac (Brutto)\n                                <\/strong><br><small>\n                                    Inkl. 19% MwSt.                                <\/small>\n                            <\/div>\n                                                <br>\n                        <a href=\"https:\/\/ford-sachsen.de\/html\/page\/fahrzeuge\/ford-kuga-cool-connect-ahk-abn-winterpaketgjr\/\"\n                            class=\"vehicle-btn wp-block-button__link wp-element-button\">Details<\/a>\n                    <\/div>\n                <\/div> <!-- \/\/ vehicle-row -->\n               \n            <\/article>\n                        <article id=\"post-4746424\" class=\"vehicle\">\n                <hgroup>\n                    <a href=\"https:\/\/ford-sachsen.de\/html\/page\/fahrzeuge\/ford-puma-st-line-ledwinterkomfort-paket\/\">\n                        <h2 class=\"vehicle-title\">\n                            Ford Puma ST-Line LED+WINTER&amp;KOMFORT PAKET                        <\/h2>\n\n                    <\/a>\n                <\/hgroup>\n                <span class=\"vehicle-addition\">\n                    <p>\n                        SUV\/Gel\u00e4ndewagen\/Pickup ,\n                        Gebrauchtfahrzeug                    <\/p>\n                <\/span>\n                <div class=\"vehicle-row\">\n                    <div class=\"vehicle-thumbnail\">\n                        <a href=\"https:\/\/ford-sachsen.de\/html\/page\/fahrzeuge\/ford-puma-st-line-ledwinterkomfort-paket\/\" title=\"Ford Puma ST-Line LED+WINTER&amp;KOMFORT PAKET\">\n                            <img loading=\"lazy\" decoding=\"async\" width=\"300\" height=\"225\" src=\"https:\/\/ford-sachsen.de\/html\/page\/wp-content\/uploads\/2026\/05\/4746424-69f53fd8e37fcab129880-301d-4fed-b562-8ee44356e0f6-rule-mo-1600-300x225.jpg\" class=\"attachment-medium size-medium wp-post-image\" alt=\"\" srcset=\"https:\/\/ford-sachsen.de\/html\/page\/wp-content\/uploads\/2026\/05\/4746424-69f53fd8e37fcab129880-301d-4fed-b562-8ee44356e0f6-rule-mo-1600-300x225.jpg 300w, https:\/\/ford-sachsen.de\/html\/page\/wp-content\/uploads\/2026\/05\/4746424-69f53fd8e37fcab129880-301d-4fed-b562-8ee44356e0f6-rule-mo-1600-1024x768.jpg 1024w, https:\/\/ford-sachsen.de\/html\/page\/wp-content\/uploads\/2026\/05\/4746424-69f53fd8e37fcab129880-301d-4fed-b562-8ee44356e0f6-rule-mo-1600-768x576.jpg 768w, https:\/\/ford-sachsen.de\/html\/page\/wp-content\/uploads\/2026\/05\/4746424-69f53fd8e37fcab129880-301d-4fed-b562-8ee44356e0f6-rule-mo-1600.jpg 1440w\" sizes=\"(max-width: 300px) 100vw, 300px\" \/>                        <\/a>\n                    <\/div>\n                    <div class=\"vehicle-data\">\n                                                    <small>\n                                                                06.2025                                \u00b7\n                            <\/small>\n                                                                            <small>\n                                5.000 km\n                            <\/small>\n                                                                            <small>\n                                \u00b7\n                                92 kW\n                                                                (\n                                125 PS)\n                            <\/small>\n                                                                            <small>\n                                \u00b7\n                                Schaltgetriebe                            <\/small>\n                                                                            <small>\n                                \u00b7\n                                Unfallfrei                            <\/small>\n                        \n                                                    <small>\n                                \u00b7\n                                Benzin                            <\/small>\n                                                                                                                            <small>\n                                \u00b7\n                                4\/5 T\u00fcren\n                            <\/small>\n                                                <ul class=\"vehicle-emission\">\n                                                 <span>Verbrauch komb.: \n                                    6.0                                 l\/100km<\/span><br>\n                                                                                \n                                       \n  <!-- CO2-Emissionen\t-->\n                                            <span>CO\u2082-Emissionen komb.: 135.0                                 g\/km<\/span><br>\n                                        <!-- CO2-Emissionen\t-->\n                   \n \n                         <span>CO\u2082-Klasse: \n                                    D                                <\/span><br>\n                    \n\n\n                <\/ul>\n\n                    <\/div>\n\n                    <div class=\"vehicle-price\">\n                                                    <div itemprop=\"priceSpecification\" itemscope itemtype=\"http:\/\/schema.org\/UnitPriceSpecification\">\n                                <meta itemprop=\"priceCurrency\" content=\"EUR\">\n                                <meta itemprop=\"price\" content=\"24.490\">\n                                <strong>\n                                    24.490 \u20ac (Brutto)\n                                <\/strong><br><small>\n                                    Inkl. 19% MwSt.                                <\/small>\n                            <\/div>\n                                                <br>\n                        <a href=\"https:\/\/ford-sachsen.de\/html\/page\/fahrzeuge\/ford-puma-st-line-ledwinterkomfort-paket\/\"\n                            class=\"vehicle-btn wp-block-button__link wp-element-button\">Details<\/a>\n                    <\/div>\n                <\/div> <!-- \/\/ vehicle-row -->\n               \n            <\/article>\n                        <article id=\"post-4746422\" class=\"vehicle\">\n                <hgroup>\n                    <a href=\"https:\/\/ford-sachsen.de\/html\/page\/fahrzeuge\/ford-puma-st-line-komfortwinterpaketnaviled\/\">\n                        <h2 class=\"vehicle-title\">\n                            Ford Puma ST-Line KOMFORT+WINTERPAKET+NAVI+LED                        <\/h2>\n\n                    <\/a>\n                <\/hgroup>\n                <span class=\"vehicle-addition\">\n                    <p>\n                        SUV\/Gel\u00e4ndewagen\/Pickup ,\n                        Gebrauchtfahrzeug                    <\/p>\n                <\/span>\n                <div class=\"vehicle-row\">\n                    <div class=\"vehicle-thumbnail\">\n                        <a href=\"https:\/\/ford-sachsen.de\/html\/page\/fahrzeuge\/ford-puma-st-line-komfortwinterpaketnaviled\/\" title=\"Ford Puma ST-Line KOMFORT+WINTERPAKET+NAVI+LED\">\n                            <img loading=\"lazy\" decoding=\"async\" width=\"300\" height=\"225\" src=\"https:\/\/ford-sachsen.de\/html\/page\/wp-content\/uploads\/2026\/05\/4746422-69f53fd75cd254151abea-4e5e-43f0-a4a5-c6ddf18101d9-rule-mo-1600-300x225.jpg\" class=\"attachment-medium size-medium wp-post-image\" alt=\"\" srcset=\"https:\/\/ford-sachsen.de\/html\/page\/wp-content\/uploads\/2026\/05\/4746422-69f53fd75cd254151abea-4e5e-43f0-a4a5-c6ddf18101d9-rule-mo-1600-300x225.jpg 300w, https:\/\/ford-sachsen.de\/html\/page\/wp-content\/uploads\/2026\/05\/4746422-69f53fd75cd254151abea-4e5e-43f0-a4a5-c6ddf18101d9-rule-mo-1600-1024x768.jpg 1024w, https:\/\/ford-sachsen.de\/html\/page\/wp-content\/uploads\/2026\/05\/4746422-69f53fd75cd254151abea-4e5e-43f0-a4a5-c6ddf18101d9-rule-mo-1600-768x576.jpg 768w, https:\/\/ford-sachsen.de\/html\/page\/wp-content\/uploads\/2026\/05\/4746422-69f53fd75cd254151abea-4e5e-43f0-a4a5-c6ddf18101d9-rule-mo-1600.jpg 1440w\" sizes=\"(max-width: 300px) 100vw, 300px\" \/>                        <\/a>\n                    <\/div>\n                    <div class=\"vehicle-data\">\n                                                    <small>\n                                                                06.2025                                \u00b7\n                            <\/small>\n                                                                            <small>\n                                25 km\n                            <\/small>\n                                                                            <small>\n                                \u00b7\n                                92 kW\n                                                                (\n                                125 PS)\n                            <\/small>\n                                                                            <small>\n                                \u00b7\n                                Automatik                            <\/small>\n                                                                            <small>\n                                \u00b7\n                                Unfallfrei                            <\/small>\n                        \n                                                    <small>\n                                \u00b7\n                                Benzin                            <\/small>\n                                                                                                                            <small>\n                                \u00b7\n                                4\/5 T\u00fcren\n                            <\/small>\n                                                <ul class=\"vehicle-emission\">\n                                                 <span>Verbrauch komb.: \n                                    6.3                                 l\/100km<\/span><br>\n                                                                                \n                                       \n  <!-- CO2-Emissionen\t-->\n                                            <span>CO\u2082-Emissionen komb.: 143.0                                 g\/km<\/span><br>\n                                        <!-- CO2-Emissionen\t-->\n                   \n \n                         <span>CO\u2082-Klasse: \n                                    E                                <\/span><br>\n                    \n\n\n                <\/ul>\n\n                    <\/div>\n\n                    <div class=\"vehicle-price\">\n                                                    <div itemprop=\"priceSpecification\" itemscope itemtype=\"http:\/\/schema.org\/UnitPriceSpecification\">\n                                <meta itemprop=\"priceCurrency\" content=\"EUR\">\n                                <meta itemprop=\"price\" content=\"27.390\">\n                                <strong>\n                                    27.390 \u20ac (Brutto)\n                                <\/strong><br><small>\n                                    Inkl. 19% MwSt.                                <\/small>\n                            <\/div>\n                                                <br>\n                        <a href=\"https:\/\/ford-sachsen.de\/html\/page\/fahrzeuge\/ford-puma-st-line-komfortwinterpaketnaviled\/\"\n                            class=\"vehicle-btn wp-block-button__link wp-element-button\">Details<\/a>\n                    <\/div>\n                <\/div> <!-- \/\/ vehicle-row -->\n               \n            <\/article>\n                        <article id=\"post-4746420\" class=\"vehicle\">\n                <hgroup>\n                    <a href=\"https:\/\/ford-sachsen.de\/html\/page\/fahrzeuge\/mitsubishi-outlander-plug-in-hybrid-top-allrad-360grad-kame\/\">\n                        <h2 class=\"vehicle-title\">\n                            Mitsubishi Outlander Plug-In Hybrid Top ALLRAD 360GRAD KAME                        <\/h2>\n\n                    <\/a>\n                <\/hgroup>\n                <span class=\"vehicle-addition\">\n                    <p>\n                        SUV\/Gel\u00e4ndewagen\/Pickup ,\n                        Gebrauchtfahrzeug                    <\/p>\n                <\/span>\n                <div class=\"vehicle-row\">\n                    <div class=\"vehicle-thumbnail\">\n                        <a href=\"https:\/\/ford-sachsen.de\/html\/page\/fahrzeuge\/mitsubishi-outlander-plug-in-hybrid-top-allrad-360grad-kame\/\" title=\"Mitsubishi Outlander Plug-In Hybrid Top ALLRAD 360GRAD KAME\">\n                            <img loading=\"lazy\" decoding=\"async\" width=\"300\" height=\"225\" src=\"https:\/\/ford-sachsen.de\/html\/page\/wp-content\/uploads\/2026\/05\/4746420-69f53fd5d09d61a68aeec-2002-446e-b30b-40572568b2b5-rule-mo-1600-300x225.jpg\" class=\"attachment-medium size-medium wp-post-image\" alt=\"\" srcset=\"https:\/\/ford-sachsen.de\/html\/page\/wp-content\/uploads\/2026\/05\/4746420-69f53fd5d09d61a68aeec-2002-446e-b30b-40572568b2b5-rule-mo-1600-300x225.jpg 300w, https:\/\/ford-sachsen.de\/html\/page\/wp-content\/uploads\/2026\/05\/4746420-69f53fd5d09d61a68aeec-2002-446e-b30b-40572568b2b5-rule-mo-1600-1024x768.jpg 1024w, https:\/\/ford-sachsen.de\/html\/page\/wp-content\/uploads\/2026\/05\/4746420-69f53fd5d09d61a68aeec-2002-446e-b30b-40572568b2b5-rule-mo-1600-768x576.jpg 768w, https:\/\/ford-sachsen.de\/html\/page\/wp-content\/uploads\/2026\/05\/4746420-69f53fd5d09d61a68aeec-2002-446e-b30b-40572568b2b5-rule-mo-1600.jpg 1440w\" sizes=\"(max-width: 300px) 100vw, 300px\" \/>                        <\/a>\n                    <\/div>\n                    <div class=\"vehicle-data\">\n                                                    <small>\n                                                                05.2025                                \u00b7\n                            <\/small>\n                                                                            <small>\n                                13.000 km\n                            <\/small>\n                                                                            <small>\n                                \u00b7\n                                225 kW\n                                                                (\n                                306 PS)\n                            <\/small>\n                                                                            <small>\n                                \u00b7\n                                Automatik                            <\/small>\n                                                                            <small>\n                                \u00b7\n                                Unfallfrei                            <\/small>\n                        \n                                                    <small>\n                                \u00b7\n                                Plug-in-Hybrid                            <\/small>\n                                                                                                                            <small>\n                                \u00b7\n                                4\/5 T\u00fcren\n                            <\/small>\n                                                <ul class=\"vehicle-emission\">\n                                                <span>Kraftstoffverbrauch gewichtet, kombiniert: \n                                    0.8                                 l\/100km<\/span><br>\n                                             <span>Verbrauch komb.: \n                                    7.3                                 l\/100km<\/span><br>\n                                                                <span>Stromverbrauch gewichtet, kombiniert: \n                                    23.5                                 kWh\/100km<\/span><br>\n                                                            \n                                       \n  <!-- CO2-Emissionen\t-->\n                                            <span>CO\u2082-Emissionen komb.: 19.0                                 g\/km<\/span><br>\n                                        <!-- CO2-Emissionen\t-->\n                   \n \n                         <span>CO\u2082-Klasse: \n                                    B                                <\/span><br>\n                    \n\n\n                <\/ul>\n\n                    <\/div>\n\n                    <div class=\"vehicle-price\">\n                                                    <div itemprop=\"priceSpecification\" itemscope itemtype=\"http:\/\/schema.org\/UnitPriceSpecification\">\n                                <meta itemprop=\"priceCurrency\" content=\"EUR\">\n                                <meta itemprop=\"price\" content=\"48.450\">\n                                <strong>\n                                    48.450 \u20ac (Brutto)\n                                <\/strong><br><small>\n                                    Inkl. 19% MwSt.                                <\/small>\n                            <\/div>\n                                                <br>\n                        <a href=\"https:\/\/ford-sachsen.de\/html\/page\/fahrzeuge\/mitsubishi-outlander-plug-in-hybrid-top-allrad-360grad-kame\/\"\n                            class=\"vehicle-btn wp-block-button__link wp-element-button\">Details<\/a>\n                    <\/div>\n                <\/div> <!-- \/\/ vehicle-row -->\n               \n            <\/article>\n                        <article id=\"post-4746418\" class=\"vehicle\">\n                <hgroup>\n                    <a href=\"https:\/\/ford-sachsen.de\/html\/page\/fahrzeuge\/ford-tourneo-connect-active-l2-7-sitzer-navippskame\/\">\n                        <h2 class=\"vehicle-title\">\n                            Ford Tourneo Connect Active L2 7-Sitzer NAVI+PPS+KAME                        <\/h2>\n\n                    <\/a>\n                <\/hgroup>\n                <span class=\"vehicle-addition\">\n                    <p>\n                        Van\/Minibus ,\n                        Gebrauchtfahrzeug                    <\/p>\n                <\/span>\n                <div class=\"vehicle-row\">\n                    <div class=\"vehicle-thumbnail\">\n                        <a href=\"https:\/\/ford-sachsen.de\/html\/page\/fahrzeuge\/ford-tourneo-connect-active-l2-7-sitzer-navippskame\/\" title=\"Ford Tourneo Connect Active L2 7-Sitzer NAVI+PPS+KAME\">\n                            <img loading=\"lazy\" decoding=\"async\" width=\"300\" height=\"225\" src=\"https:\/\/ford-sachsen.de\/html\/page\/wp-content\/uploads\/2026\/05\/4746418-69f53fd44a3b47482e21c-2c79-4122-bf98-bf5cf054156c-rule-mo-1600-300x225.jpg\" class=\"attachment-medium size-medium wp-post-image\" alt=\"\" srcset=\"https:\/\/ford-sachsen.de\/html\/page\/wp-content\/uploads\/2026\/05\/4746418-69f53fd44a3b47482e21c-2c79-4122-bf98-bf5cf054156c-rule-mo-1600-300x225.jpg 300w, https:\/\/ford-sachsen.de\/html\/page\/wp-content\/uploads\/2026\/05\/4746418-69f53fd44a3b47482e21c-2c79-4122-bf98-bf5cf054156c-rule-mo-1600-1024x768.jpg 1024w, https:\/\/ford-sachsen.de\/html\/page\/wp-content\/uploads\/2026\/05\/4746418-69f53fd44a3b47482e21c-2c79-4122-bf98-bf5cf054156c-rule-mo-1600-768x576.jpg 768w, https:\/\/ford-sachsen.de\/html\/page\/wp-content\/uploads\/2026\/05\/4746418-69f53fd44a3b47482e21c-2c79-4122-bf98-bf5cf054156c-rule-mo-1600.jpg 1440w\" sizes=\"(max-width: 300px) 100vw, 300px\" \/>                        <\/a>\n                    <\/div>\n                    <div class=\"vehicle-data\">\n                                                    <small>\n                                                                08.2024                                \u00b7\n                            <\/small>\n                                                                            <small>\n                                16.250 km\n                            <\/small>\n                                                                            <small>\n                                \u00b7\n                                90 kW\n                                                                (\n                                122 PS)\n                            <\/small>\n                                                                            <small>\n                                \u00b7\n                                Schaltgetriebe                            <\/small>\n                                                                            <small>\n                                \u00b7\n                                Unfallfrei                            <\/small>\n                        \n                                                    <small>\n                                \u00b7\n                                Diesel                            <\/small>\n                                                                                                                            <small>\n                                \u00b7\n                                4\/5 T\u00fcren\n                            <\/small>\n                                                <ul class=\"vehicle-emission\">\n                                                 <span>Verbrauch komb.: \n                                    5.1                                 l\/100km<\/span><br>\n                                                                                \n                                       \n  <!-- CO2-Emissionen\t-->\n                                            <span>CO\u2082-Emissionen komb.: 133.0                                 g\/km<\/span><br>\n                                        <!-- CO2-Emissionen\t-->\n                   \n \n                         <span>CO\u2082-Klasse: \n                                    D                                <\/span><br>\n                    \n\n\n                <\/ul>\n\n                    <\/div>\n\n                    <div class=\"vehicle-price\">\n                                                    <div itemprop=\"priceSpecification\" itemscope itemtype=\"http:\/\/schema.org\/UnitPriceSpecification\">\n                                <meta itemprop=\"priceCurrency\" content=\"EUR\">\n                                <meta itemprop=\"price\" content=\"33.995\">\n                                <strong>\n                                    33.995 \u20ac (Brutto)\n                                <\/strong><br><small>\n                                    MwSt. nicht ausweisbar                                <\/small>\n                            <\/div>\n                                                <br>\n                        <a href=\"https:\/\/ford-sachsen.de\/html\/page\/fahrzeuge\/ford-tourneo-connect-active-l2-7-sitzer-navippskame\/\"\n                            class=\"vehicle-btn wp-block-button__link wp-element-button\">Details<\/a>\n                    <\/div>\n                <\/div> <!-- \/\/ vehicle-row -->\n               \n            <\/article>\n                        <article id=\"post-4746416\" class=\"vehicle\">\n                <hgroup>\n                    <a href=\"https:\/\/ford-sachsen.de\/html\/page\/fahrzeuge\/ford-c-max-cool-connect-navi-apple-carplay-android\/\">\n                        <h2 class=\"vehicle-title\">\n                            Ford C-Max Cool &amp; Connect Navi Apple CarPlay Android                        <\/h2>\n\n                    <\/a>\n                <\/hgroup>\n                <span class=\"vehicle-addition\">\n                    <p>\n                        Van\/Minibus ,\n                        Gebrauchtfahrzeug                    <\/p>\n                <\/span>\n                <div class=\"vehicle-row\">\n                    <div class=\"vehicle-thumbnail\">\n                        <a href=\"https:\/\/ford-sachsen.de\/html\/page\/fahrzeuge\/ford-c-max-cool-connect-navi-apple-carplay-android\/\" title=\"Ford C-Max Cool &amp; Connect Navi Apple CarPlay Android\">\n                            <img loading=\"lazy\" decoding=\"async\" width=\"300\" height=\"225\" src=\"https:\/\/ford-sachsen.de\/html\/page\/wp-content\/uploads\/2026\/05\/4746416-69f53fd2b20081de05263-b51c-4528-93d4-ccf24cc1ed94-rule-mo-1600-300x225.jpg\" class=\"attachment-medium size-medium wp-post-image\" alt=\"\" srcset=\"https:\/\/ford-sachsen.de\/html\/page\/wp-content\/uploads\/2026\/05\/4746416-69f53fd2b20081de05263-b51c-4528-93d4-ccf24cc1ed94-rule-mo-1600-300x225.jpg 300w, https:\/\/ford-sachsen.de\/html\/page\/wp-content\/uploads\/2026\/05\/4746416-69f53fd2b20081de05263-b51c-4528-93d4-ccf24cc1ed94-rule-mo-1600-1024x768.jpg 1024w, https:\/\/ford-sachsen.de\/html\/page\/wp-content\/uploads\/2026\/05\/4746416-69f53fd2b20081de05263-b51c-4528-93d4-ccf24cc1ed94-rule-mo-1600-768x576.jpg 768w, https:\/\/ford-sachsen.de\/html\/page\/wp-content\/uploads\/2026\/05\/4746416-69f53fd2b20081de05263-b51c-4528-93d4-ccf24cc1ed94-rule-mo-1600.jpg 1440w\" sizes=\"(max-width: 300px) 100vw, 300px\" \/>                        <\/a>\n                    <\/div>\n                    <div class=\"vehicle-data\">\n                                                    <small>\n                                                                02.2019                                \u00b7\n                            <\/small>\n                                                                            <small>\n                                68.455 km\n                            <\/small>\n                                                                            <small>\n                                \u00b7\n                                92 kW\n                                                                (\n                                125 PS)\n                            <\/small>\n                                                                            <small>\n                                \u00b7\n                                Schaltgetriebe                            <\/small>\n                                                                            <small>\n                                \u00b7\n                                Unfallfrei                            <\/small>\n                        \n                                                    <small>\n                                \u00b7\n                                Benzin                            <\/small>\n                                                                                                                            <small>\n                                \u00b7\n                                4\/5 T\u00fcren\n                            <\/small>\n                                                <ul class=\"vehicle-emission\">\n                                                                                     \n                                       \n  <!-- CO2-Emissionen\t-->\n                                        <!-- CO2-Emissionen\t-->\n                   \n \n \n\n\n                <\/ul>\n\n                    <\/div>\n\n                    <div class=\"vehicle-price\">\n                                                    <div itemprop=\"priceSpecification\" itemscope itemtype=\"http:\/\/schema.org\/UnitPriceSpecification\">\n                                <meta itemprop=\"priceCurrency\" content=\"EUR\">\n                                <meta itemprop=\"price\" content=\"13.490\">\n                                <strong>\n                                    13.490 \u20ac (Brutto)\n                                <\/strong><br><small>\n                                    MwSt. nicht ausweisbar                                <\/small>\n                            <\/div>\n                                                <br>\n                        <a href=\"https:\/\/ford-sachsen.de\/html\/page\/fahrzeuge\/ford-c-max-cool-connect-navi-apple-carplay-android\/\"\n                            class=\"vehicle-btn wp-block-button__link wp-element-button\">Details<\/a>\n                    <\/div>\n                <\/div> <!-- \/\/ vehicle-row -->\n               \n            <\/article>\n                        <article id=\"post-4746414\" class=\"vehicle\">\n                <hgroup>\n                    <a href=\"https:\/\/ford-sachsen.de\/html\/page\/fahrzeuge\/ford-puma-st-line-x-acclednaviel-heckklappebowi\/\">\n                        <h2 class=\"vehicle-title\">\n                            Ford Puma ST-Line X ACC+LED+NAVI+EL.HECKKLAPPE+B&amp;O+WI                        <\/h2>\n\n                    <\/a>\n                <\/hgroup>\n                <span class=\"vehicle-addition\">\n                    <p>\n                        SUV\/Gel\u00e4ndewagen\/Pickup ,\n                        Gebrauchtfahrzeug                    <\/p>\n                <\/span>\n                <div class=\"vehicle-row\">\n                    <div class=\"vehicle-thumbnail\">\n                        <a href=\"https:\/\/ford-sachsen.de\/html\/page\/fahrzeuge\/ford-puma-st-line-x-acclednaviel-heckklappebowi\/\" title=\"Ford Puma ST-Line X ACC+LED+NAVI+EL.HECKKLAPPE+B&amp;O+WI\">\n                            <img loading=\"lazy\" decoding=\"async\" width=\"300\" height=\"225\" src=\"https:\/\/ford-sachsen.de\/html\/page\/wp-content\/uploads\/2026\/05\/4746414-69f53fd104f1f38159354-aec7-44f2-8714-5f0da5269490-rule-mo-1600-300x225.jpg\" class=\"attachment-medium size-medium wp-post-image\" alt=\"\" srcset=\"https:\/\/ford-sachsen.de\/html\/page\/wp-content\/uploads\/2026\/05\/4746414-69f53fd104f1f38159354-aec7-44f2-8714-5f0da5269490-rule-mo-1600-300x225.jpg 300w, https:\/\/ford-sachsen.de\/html\/page\/wp-content\/uploads\/2026\/05\/4746414-69f53fd104f1f38159354-aec7-44f2-8714-5f0da5269490-rule-mo-1600-1024x768.jpg 1024w, https:\/\/ford-sachsen.de\/html\/page\/wp-content\/uploads\/2026\/05\/4746414-69f53fd104f1f38159354-aec7-44f2-8714-5f0da5269490-rule-mo-1600-768x576.jpg 768w, https:\/\/ford-sachsen.de\/html\/page\/wp-content\/uploads\/2026\/05\/4746414-69f53fd104f1f38159354-aec7-44f2-8714-5f0da5269490-rule-mo-1600.jpg 1440w\" sizes=\"(max-width: 300px) 100vw, 300px\" \/>                        <\/a>\n                    <\/div>\n                    <div class=\"vehicle-data\">\n                                                    <small>\n                                                                11.2021                                \u00b7\n                            <\/small>\n                                                                            <small>\n                                37.956 km\n                            <\/small>\n                                                                            <small>\n                                \u00b7\n                                114 kW\n                                                                (\n                                155 PS)\n                            <\/small>\n                                                                            <small>\n                                \u00b7\n                                Schaltgetriebe                            <\/small>\n                                                                            <small>\n                                \u00b7\n                                Unfallfrei                            <\/small>\n                        \n                                                    <small>\n                                \u00b7\n                                Benzin                            <\/small>\n                                                                                                                            <small>\n                                \u00b7\n                                4\/5 T\u00fcren\n                            <\/small>\n                                                <ul class=\"vehicle-emission\">\n                                                 <span>Verbrauch komb.: \n                                    6.1                                 l\/100km<\/span><br>\n                                                                                \n                                       \n  <!-- CO2-Emissionen\t-->\n                                            <span>CO\u2082-Emissionen komb.: 138.0                                 g\/km<\/span><br>\n                                        <!-- CO2-Emissionen\t-->\n                   \n \n                         <span>CO\u2082-Klasse: \n                                    E                                <\/span><br>\n                    \n\n\n                <\/ul>\n\n                    <\/div>\n\n                    <div class=\"vehicle-price\">\n                                                    <div itemprop=\"priceSpecification\" itemscope itemtype=\"http:\/\/schema.org\/UnitPriceSpecification\">\n                                <meta itemprop=\"priceCurrency\" content=\"EUR\">\n                                <meta itemprop=\"price\" content=\"20.690\">\n                                <strong>\n                                    20.690 \u20ac (Brutto)\n                                <\/strong><br><small>\n                                    Inkl. 19% MwSt.                                <\/small>\n                            <\/div>\n                                                <br>\n                        <a href=\"https:\/\/ford-sachsen.de\/html\/page\/fahrzeuge\/ford-puma-st-line-x-acclednaviel-heckklappebowi\/\"\n                            class=\"vehicle-btn wp-block-button__link wp-element-button\">Details<\/a>\n                    <\/div>\n                <\/div> <!-- \/\/ vehicle-row -->\n               \n            <\/article>\n                        <article id=\"post-4746412\" class=\"vehicle\">\n                <hgroup>\n                    <a href=\"https:\/\/ford-sachsen.de\/html\/page\/fahrzeuge\/ford-puma-st-line-mhev-winter-komfort-paket-panorama\/\">\n                        <h2 class=\"vehicle-title\">\n                            Ford Puma ST-Line MHEV WINTER\/KOMFORT-PAKET PANORAMA                        <\/h2>\n\n                    <\/a>\n                <\/hgroup>\n                <span class=\"vehicle-addition\">\n                    <p>\n                        SUV\/Gel\u00e4ndewagen\/Pickup ,\n                        Gebrauchtfahrzeug                    <\/p>\n                <\/span>\n                <div class=\"vehicle-row\">\n                    <div class=\"vehicle-thumbnail\">\n                        <a href=\"https:\/\/ford-sachsen.de\/html\/page\/fahrzeuge\/ford-puma-st-line-mhev-winter-komfort-paket-panorama\/\" title=\"Ford Puma ST-Line MHEV WINTER\/KOMFORT-PAKET PANORAMA\">\n                            <img loading=\"lazy\" decoding=\"async\" width=\"300\" height=\"225\" src=\"https:\/\/ford-sachsen.de\/html\/page\/wp-content\/uploads\/2026\/05\/4746412-69f53fcf49408075790b1-580a-46f9-a0e4-b5abad55c415-rule-mo-1600-300x225.jpg\" class=\"attachment-medium size-medium wp-post-image\" alt=\"\" srcset=\"https:\/\/ford-sachsen.de\/html\/page\/wp-content\/uploads\/2026\/05\/4746412-69f53fcf49408075790b1-580a-46f9-a0e4-b5abad55c415-rule-mo-1600-300x225.jpg 300w, https:\/\/ford-sachsen.de\/html\/page\/wp-content\/uploads\/2026\/05\/4746412-69f53fcf49408075790b1-580a-46f9-a0e4-b5abad55c415-rule-mo-1600-1024x768.jpg 1024w, https:\/\/ford-sachsen.de\/html\/page\/wp-content\/uploads\/2026\/05\/4746412-69f53fcf49408075790b1-580a-46f9-a0e4-b5abad55c415-rule-mo-1600-768x576.jpg 768w, https:\/\/ford-sachsen.de\/html\/page\/wp-content\/uploads\/2026\/05\/4746412-69f53fcf49408075790b1-580a-46f9-a0e4-b5abad55c415-rule-mo-1600.jpg 1440w\" sizes=\"(max-width: 300px) 100vw, 300px\" \/>                        <\/a>\n                    <\/div>\n                    <div class=\"vehicle-data\">\n                                                    <small>\n                                                                06.2021                                \u00b7\n                            <\/small>\n                                                                            <small>\n                                35.800 km\n                            <\/small>\n                                                                            <small>\n                                \u00b7\n                                92 kW\n                                                                (\n                                125 PS)\n                            <\/small>\n                                                                            <small>\n                                \u00b7\n                                Schaltgetriebe                            <\/small>\n                                                                            <small>\n                                \u00b7\n                                Unfallfrei                            <\/small>\n                        \n                                                    <small>\n                                \u00b7\n                                Benzin                            <\/small>\n                                                                                                                            <small>\n                                \u00b7\n                                4\/5 T\u00fcren\n                            <\/small>\n                                                <ul class=\"vehicle-emission\">\n                                                 <span>Verbrauch komb.: \n                                    6.0                                 l\/100km<\/span><br>\n                                                                                \n                                       \n  <!-- CO2-Emissionen\t-->\n                                            <span>CO\u2082-Emissionen komb.: 135.0                                 g\/km<\/span><br>\n                                        <!-- CO2-Emissionen\t-->\n                   \n \n                         <span>CO\u2082-Klasse: \n                                    D                                <\/span><br>\n                    \n\n\n                <\/ul>\n\n                    <\/div>\n\n                    <div class=\"vehicle-price\">\n                                                    <div itemprop=\"priceSpecification\" itemscope itemtype=\"http:\/\/schema.org\/UnitPriceSpecification\">\n                                <meta itemprop=\"priceCurrency\" content=\"EUR\">\n                                <meta itemprop=\"price\" content=\"18.880\">\n                                <strong>\n                                    18.880 \u20ac (Brutto)\n                                <\/strong><br><small>\n                                    Inkl. 19% MwSt.                                <\/small>\n                            <\/div>\n                                                <br>\n                        <a href=\"https:\/\/ford-sachsen.de\/html\/page\/fahrzeuge\/ford-puma-st-line-mhev-winter-komfort-paket-panorama\/\"\n                            class=\"vehicle-btn wp-block-button__link wp-element-button\">Details<\/a>\n                    <\/div>\n                <\/div> <!-- \/\/ vehicle-row -->\n               \n            <\/article>\n                        <article id=\"post-4746410\" class=\"vehicle\">\n                <hgroup>\n                    <a href=\"https:\/\/ford-sachsen.de\/html\/page\/fahrzeuge\/ford-puma-st-line-neues-modell-dach-schwarzfahrerass\/\">\n                        <h2 class=\"vehicle-title\">\n                            Ford Puma ST-Line NEUES MODELL DACH-SCHWARZ+Fahrerass                        <\/h2>\n\n                    <\/a>\n                <\/hgroup>\n                <span class=\"vehicle-addition\">\n                    <p>\n                        SUV\/Gel\u00e4ndewagen\/Pickup ,\n                        Gebrauchtfahrzeug                    <\/p>\n                <\/span>\n                <div class=\"vehicle-row\">\n                    <div class=\"vehicle-thumbnail\">\n                        <a href=\"https:\/\/ford-sachsen.de\/html\/page\/fahrzeuge\/ford-puma-st-line-neues-modell-dach-schwarzfahrerass\/\" title=\"Ford Puma ST-Line NEUES MODELL DACH-SCHWARZ+Fahrerass\">\n                            <img loading=\"lazy\" decoding=\"async\" width=\"300\" height=\"225\" src=\"https:\/\/ford-sachsen.de\/html\/page\/wp-content\/uploads\/2026\/05\/4746410-69f53fcd9f0da07752d2c-8a05-42b3-8874-fe2b127ab906-rule-mo-1600-300x225.jpg\" class=\"attachment-medium size-medium wp-post-image\" alt=\"\" srcset=\"https:\/\/ford-sachsen.de\/html\/page\/wp-content\/uploads\/2026\/05\/4746410-69f53fcd9f0da07752d2c-8a05-42b3-8874-fe2b127ab906-rule-mo-1600-300x225.jpg 300w, https:\/\/ford-sachsen.de\/html\/page\/wp-content\/uploads\/2026\/05\/4746410-69f53fcd9f0da07752d2c-8a05-42b3-8874-fe2b127ab906-rule-mo-1600-1024x768.jpg 1024w, https:\/\/ford-sachsen.de\/html\/page\/wp-content\/uploads\/2026\/05\/4746410-69f53fcd9f0da07752d2c-8a05-42b3-8874-fe2b127ab906-rule-mo-1600-768x576.jpg 768w, https:\/\/ford-sachsen.de\/html\/page\/wp-content\/uploads\/2026\/05\/4746410-69f53fcd9f0da07752d2c-8a05-42b3-8874-fe2b127ab906-rule-mo-1600.jpg 1440w\" sizes=\"(max-width: 300px) 100vw, 300px\" \/>                        <\/a>\n                    <\/div>\n                    <div class=\"vehicle-data\">\n                                                    <small>\n                                                                05.2025                                \u00b7\n                            <\/small>\n                                                                            <small>\n                                25 km\n                            <\/small>\n                                                                            <small>\n                                \u00b7\n                                92 kW\n                                                                (\n                                125 PS)\n                            <\/small>\n                                                                            <small>\n                                \u00b7\n                                Automatik                            <\/small>\n                                                                            <small>\n                                \u00b7\n                                Unfallfrei                            <\/small>\n                        \n                                                    <small>\n                                \u00b7\n                                Benzin                            <\/small>\n                                                                                                                            <small>\n                                \u00b7\n                                4\/5 T\u00fcren\n                            <\/small>\n                                                <ul class=\"vehicle-emission\">\n                                                 <span>Verbrauch komb.: \n                                    6.3                                 l\/100km<\/span><br>\n                                                                                \n                                       \n  <!-- CO2-Emissionen\t-->\n                                            <span>CO\u2082-Emissionen komb.: 143.0                                 g\/km<\/span><br>\n                                        <!-- CO2-Emissionen\t-->\n                   \n \n                         <span>CO\u2082-Klasse: \n                                    E                                <\/span><br>\n                    \n\n\n                <\/ul>\n\n                    <\/div>\n\n                    <div class=\"vehicle-price\">\n                                                    <div itemprop=\"priceSpecification\" itemscope itemtype=\"http:\/\/schema.org\/UnitPriceSpecification\">\n                                <meta itemprop=\"priceCurrency\" content=\"EUR\">\n                                <meta itemprop=\"price\" content=\"28.490\">\n                                <strong>\n                                    28.490 \u20ac (Brutto)\n                                <\/strong><br><small>\n                                    Inkl. 19% MwSt.                                <\/small>\n                            <\/div>\n                                                <br>\n                        <a href=\"https:\/\/ford-sachsen.de\/html\/page\/fahrzeuge\/ford-puma-st-line-neues-modell-dach-schwarzfahrerass\/\"\n                            class=\"vehicle-btn wp-block-button__link wp-element-button\">Details<\/a>\n                    <\/div>\n                <\/div> <!-- \/\/ vehicle-row -->\n               \n            <\/article>\n                        <article id=\"post-4746408\" class=\"vehicle\">\n                <hgroup>\n                    <a href=\"https:\/\/ford-sachsen.de\/html\/page\/fahrzeuge\/ford-mondeo-titanium-ledaccahkel-heckkl-navi-led\/\">\n                        <h2 class=\"vehicle-title\">\n                            Ford Mondeo Titanium LED+ACC+AHK+EL.HECKKL.+Navi LED                        <\/h2>\n\n                    <\/a>\n                <\/hgroup>\n                <span class=\"vehicle-addition\">\n                    <p>\n                        Kombi ,\n                        Gebrauchtfahrzeug                    <\/p>\n                <\/span>\n                <div class=\"vehicle-row\">\n                    <div class=\"vehicle-thumbnail\">\n                        <a href=\"https:\/\/ford-sachsen.de\/html\/page\/fahrzeuge\/ford-mondeo-titanium-ledaccahkel-heckkl-navi-led\/\" title=\"Ford Mondeo Titanium LED+ACC+AHK+EL.HECKKL.+Navi LED\">\n                            <img loading=\"lazy\" decoding=\"async\" width=\"300\" height=\"225\" src=\"https:\/\/ford-sachsen.de\/html\/page\/wp-content\/uploads\/2026\/05\/4746408-69f53fcc1d63883fad874-be9d-4ae6-b42f-55badd5b2804-rule-mo-1600-300x225.jpg\" class=\"attachment-medium size-medium wp-post-image\" alt=\"\" srcset=\"https:\/\/ford-sachsen.de\/html\/page\/wp-content\/uploads\/2026\/05\/4746408-69f53fcc1d63883fad874-be9d-4ae6-b42f-55badd5b2804-rule-mo-1600-300x225.jpg 300w, https:\/\/ford-sachsen.de\/html\/page\/wp-content\/uploads\/2026\/05\/4746408-69f53fcc1d63883fad874-be9d-4ae6-b42f-55badd5b2804-rule-mo-1600-1024x768.jpg 1024w, https:\/\/ford-sachsen.de\/html\/page\/wp-content\/uploads\/2026\/05\/4746408-69f53fcc1d63883fad874-be9d-4ae6-b42f-55badd5b2804-rule-mo-1600-768x576.jpg 768w, https:\/\/ford-sachsen.de\/html\/page\/wp-content\/uploads\/2026\/05\/4746408-69f53fcc1d63883fad874-be9d-4ae6-b42f-55badd5b2804-rule-mo-1600.jpg 1440w\" sizes=\"(max-width: 300px) 100vw, 300px\" \/>                        <\/a>\n                    <\/div>\n                    <div class=\"vehicle-data\">\n                                                    <small>\n                                                                08.2018                                \u00b7\n                            <\/small>\n                                                                            <small>\n                                92.465 km\n                            <\/small>\n                                                                            <small>\n                                \u00b7\n                                121 kW\n                                                                (\n                                165 PS)\n                            <\/small>\n                                                                            <small>\n                                \u00b7\n                                Schaltgetriebe                            <\/small>\n                                                                            <small>\n                                \u00b7\n                                Unfallfrei                            <\/small>\n                        \n                                                    <small>\n                                \u00b7\n                                Benzin                            <\/small>\n                                                                                                                            <small>\n                                \u00b7\n                                4\/5 T\u00fcren\n                            <\/small>\n                                                <ul class=\"vehicle-emission\">\n                                                                                     \n                                       \n  <!-- CO2-Emissionen\t-->\n                                        <!-- CO2-Emissionen\t-->\n                   \n \n \n\n\n                <\/ul>\n\n                    <\/div>\n\n                    <div class=\"vehicle-price\">\n                                                    <div itemprop=\"priceSpecification\" itemscope itemtype=\"http:\/\/schema.org\/UnitPriceSpecification\">\n                                <meta itemprop=\"priceCurrency\" content=\"EUR\">\n                                <meta itemprop=\"price\" content=\"14.690\">\n                                <strong>\n                                    14.690 \u20ac (Brutto)\n                                <\/strong><br><small>\n                                    MwSt. nicht ausweisbar                                <\/small>\n                            <\/div>\n                                                <br>\n                        <a href=\"https:\/\/ford-sachsen.de\/html\/page\/fahrzeuge\/ford-mondeo-titanium-ledaccahkel-heckkl-navi-led\/\"\n                            class=\"vehicle-btn wp-block-button__link wp-element-button\">Details<\/a>\n                    <\/div>\n                <\/div> <!-- \/\/ vehicle-row -->\n               \n            <\/article>\n                        <article id=\"post-4746406\" class=\"vehicle\">\n                <hgroup>\n                    <a href=\"https:\/\/ford-sachsen.de\/html\/page\/fahrzeuge\/opel-mokka-elegance-digitales-cockpit-led-apple-carpl\/\">\n                        <h2 class=\"vehicle-title\">\n                            Opel Mokka Elegance Digitales Cockpit LED Apple CarPl                        <\/h2>\n\n                    <\/a>\n                <\/hgroup>\n                <span class=\"vehicle-addition\">\n                    <p>\n                        SUV\/Gel\u00e4ndewagen\/Pickup ,\n                        Gebrauchtfahrzeug                    <\/p>\n                <\/span>\n                <div class=\"vehicle-row\">\n                    <div class=\"vehicle-thumbnail\">\n                        <a href=\"https:\/\/ford-sachsen.de\/html\/page\/fahrzeuge\/opel-mokka-elegance-digitales-cockpit-led-apple-carpl\/\" title=\"Opel Mokka Elegance Digitales Cockpit LED Apple CarPl\">\n                            <img loading=\"lazy\" decoding=\"async\" width=\"300\" height=\"225\" src=\"https:\/\/ford-sachsen.de\/html\/page\/wp-content\/uploads\/2026\/05\/4746406-69f53fca7ad015918fe1d-6cb6-47d0-8ee3-f5bf68d96686-rule-mo-1600-300x225.jpg\" class=\"attachment-medium size-medium wp-post-image\" alt=\"\" srcset=\"https:\/\/ford-sachsen.de\/html\/page\/wp-content\/uploads\/2026\/05\/4746406-69f53fca7ad015918fe1d-6cb6-47d0-8ee3-f5bf68d96686-rule-mo-1600-300x225.jpg 300w, https:\/\/ford-sachsen.de\/html\/page\/wp-content\/uploads\/2026\/05\/4746406-69f53fca7ad015918fe1d-6cb6-47d0-8ee3-f5bf68d96686-rule-mo-1600-1024x768.jpg 1024w, https:\/\/ford-sachsen.de\/html\/page\/wp-content\/uploads\/2026\/05\/4746406-69f53fca7ad015918fe1d-6cb6-47d0-8ee3-f5bf68d96686-rule-mo-1600-768x576.jpg 768w, https:\/\/ford-sachsen.de\/html\/page\/wp-content\/uploads\/2026\/05\/4746406-69f53fca7ad015918fe1d-6cb6-47d0-8ee3-f5bf68d96686-rule-mo-1600.jpg 1440w\" sizes=\"(max-width: 300px) 100vw, 300px\" \/>                        <\/a>\n                    <\/div>\n                    <div class=\"vehicle-data\">\n                                                    <small>\n                                                                12.2021                                \u00b7\n                            <\/small>\n                                                                            <small>\n                                44.550 km\n                            <\/small>\n                                                                            <small>\n                                \u00b7\n                                96 kW\n                                                                (\n                                131 PS)\n                            <\/small>\n                                                                            <small>\n                                \u00b7\n                                Automatik                            <\/small>\n                                                                            <small>\n                                \u00b7\n                                Unfallfrei                            <\/small>\n                        \n                                                    <small>\n                                \u00b7\n                                Benzin                            <\/small>\n                                                                                                                            <small>\n                                \u00b7\n                                4\/5 T\u00fcren\n                            <\/small>\n                                                <ul class=\"vehicle-emission\">\n                                                                                     \n                                       \n  <!-- CO2-Emissionen\t-->\n                                        <!-- CO2-Emissionen\t-->\n                   \n \n \n\n\n                <\/ul>\n\n                    <\/div>\n\n                    <div class=\"vehicle-price\">\n                                                    <div itemprop=\"priceSpecification\" itemscope itemtype=\"http:\/\/schema.org\/UnitPriceSpecification\">\n                                <meta itemprop=\"priceCurrency\" content=\"EUR\">\n                                <meta itemprop=\"price\" content=\"17.990\">\n                                <strong>\n                                    17.990 \u20ac (Brutto)\n                                <\/strong><br><small>\n                                    MwSt. nicht ausweisbar                                <\/small>\n                            <\/div>\n                                                <br>\n                        <a href=\"https:\/\/ford-sachsen.de\/html\/page\/fahrzeuge\/opel-mokka-elegance-digitales-cockpit-led-apple-carpl\/\"\n                            class=\"vehicle-btn wp-block-button__link wp-element-button\">Details<\/a>\n                    <\/div>\n                <\/div> <!-- \/\/ vehicle-row -->\n               \n            <\/article>\n                        <article id=\"post-4746404\" class=\"vehicle\">\n                <hgroup>\n                    <a href=\"https:\/\/ford-sachsen.de\/html\/page\/fahrzeuge\/ford-transit-kasten-350-l3h2-kasten-trend-ahk-tempoma\/\">\n                        <h2 class=\"vehicle-title\">\n                            Ford Transit Kasten 350 L3H2 Kasten Trend AHK TEMPOMA                        <\/h2>\n\n                    <\/a>\n                <\/hgroup>\n                <span class=\"vehicle-addition\">\n                    <p>\n                        Andere ,\n                        Gebrauchtfahrzeug                    <\/p>\n                <\/span>\n                <div class=\"vehicle-row\">\n                    <div class=\"vehicle-thumbnail\">\n                        <a href=\"https:\/\/ford-sachsen.de\/html\/page\/fahrzeuge\/ford-transit-kasten-350-l3h2-kasten-trend-ahk-tempoma\/\" title=\"Ford Transit Kasten 350 L3H2 Kasten Trend AHK TEMPOMA\">\n                            <img loading=\"lazy\" decoding=\"async\" width=\"300\" height=\"225\" src=\"https:\/\/ford-sachsen.de\/html\/page\/wp-content\/uploads\/2026\/05\/4746404-69f53fc8c075730954dd9-aa27-4478-8121-2e9083c96aa3-rule-mo-1600-300x225.jpg\" class=\"attachment-medium size-medium wp-post-image\" alt=\"\" srcset=\"https:\/\/ford-sachsen.de\/html\/page\/wp-content\/uploads\/2026\/05\/4746404-69f53fc8c075730954dd9-aa27-4478-8121-2e9083c96aa3-rule-mo-1600-300x225.jpg 300w, https:\/\/ford-sachsen.de\/html\/page\/wp-content\/uploads\/2026\/05\/4746404-69f53fc8c075730954dd9-aa27-4478-8121-2e9083c96aa3-rule-mo-1600-1024x768.jpg 1024w, https:\/\/ford-sachsen.de\/html\/page\/wp-content\/uploads\/2026\/05\/4746404-69f53fc8c075730954dd9-aa27-4478-8121-2e9083c96aa3-rule-mo-1600-768x576.jpg 768w, https:\/\/ford-sachsen.de\/html\/page\/wp-content\/uploads\/2026\/05\/4746404-69f53fc8c075730954dd9-aa27-4478-8121-2e9083c96aa3-rule-mo-1600.jpg 1440w\" sizes=\"(max-width: 300px) 100vw, 300px\" \/>                        <\/a>\n                    <\/div>\n                    <div class=\"vehicle-data\">\n                                                    <small>\n                                                                05.2025                                \u00b7\n                            <\/small>\n                                                                            <small>\n                                25 km\n                            <\/small>\n                                                                            <small>\n                                \u00b7\n                                96 kW\n                                                                (\n                                131 PS)\n                            <\/small>\n                                                                            <small>\n                                \u00b7\n                                Schaltgetriebe                            <\/small>\n                                                                            <small>\n                                \u00b7\n                                Unfallfrei                            <\/small>\n                        \n                                                    <small>\n                                \u00b7\n                                Diesel                            <\/small>\n                                                                                                                            <small>\n                                \u00b7\n                                4\/5 T\u00fcren\n                            <\/small>\n                                                <ul class=\"vehicle-emission\">\n                                                 <span>Verbrauch komb.: \n                                    9.0                                 l\/100km<\/span><br>\n                                                                                \n                                       \n  <!-- CO2-Emissionen\t-->\n                                            <span>CO\u2082-Emissionen komb.: 236.0                                 g\/km<\/span><br>\n                                        <!-- CO2-Emissionen\t-->\n                   \n \n                         <span>CO\u2082-Klasse: \n                                    G                                <\/span><br>\n                    \n\n\n                <\/ul>\n\n                    <\/div>\n\n                    <div class=\"vehicle-price\">\n                                                    <div itemprop=\"priceSpecification\" itemscope itemtype=\"http:\/\/schema.org\/UnitPriceSpecification\">\n                                <meta itemprop=\"priceCurrency\" content=\"EUR\">\n                                <meta itemprop=\"price\" content=\"33.990\">\n                                <strong>\n                                    33.990 \u20ac (Brutto)\n                                <\/strong><br><small>\n                                    Inkl. 19% MwSt.                                <\/small>\n                            <\/div>\n                                                <br>\n                        <a href=\"https:\/\/ford-sachsen.de\/html\/page\/fahrzeuge\/ford-transit-kasten-350-l3h2-kasten-trend-ahk-tempoma\/\"\n                            class=\"vehicle-btn wp-block-button__link wp-element-button\">Details<\/a>\n                    <\/div>\n                <\/div> <!-- \/\/ vehicle-row -->\n               \n            <\/article>\n                        <article id=\"post-4746402\" class=\"vehicle\">\n                <hgroup>\n                    <a href=\"https:\/\/ford-sachsen.de\/html\/page\/fahrzeuge\/ford-puma-gen-e-winterpaket-navi-led-pps-hi-fahrassis\/\">\n                        <h2 class=\"vehicle-title\">\n                            Ford Puma Gen-E WINTERPAKET NAVI LED PPS-HI FAHRASSIS                        <\/h2>\n\n                    <\/a>\n                <\/hgroup>\n                <span class=\"vehicle-addition\">\n                    <p>\n                        SUV\/Gel\u00e4ndewagen\/Pickup ,\n                        Gebrauchtfahrzeug                    <\/p>\n                <\/span>\n                <div class=\"vehicle-row\">\n                    <div class=\"vehicle-thumbnail\">\n                        <a href=\"https:\/\/ford-sachsen.de\/html\/page\/fahrzeuge\/ford-puma-gen-e-winterpaket-navi-led-pps-hi-fahrassis\/\" title=\"Ford Puma Gen-E WINTERPAKET NAVI LED PPS-HI FAHRASSIS\">\n                            <img loading=\"lazy\" decoding=\"async\" width=\"300\" height=\"225\" src=\"https:\/\/ford-sachsen.de\/html\/page\/wp-content\/uploads\/2026\/05\/4746402-69f53fc73099fe7aa29bc-38e0-4e49-8966-336c5316664c-rule-mo-1600-300x225.jpg\" class=\"attachment-medium size-medium wp-post-image\" alt=\"\" srcset=\"https:\/\/ford-sachsen.de\/html\/page\/wp-content\/uploads\/2026\/05\/4746402-69f53fc73099fe7aa29bc-38e0-4e49-8966-336c5316664c-rule-mo-1600-300x225.jpg 300w, https:\/\/ford-sachsen.de\/html\/page\/wp-content\/uploads\/2026\/05\/4746402-69f53fc73099fe7aa29bc-38e0-4e49-8966-336c5316664c-rule-mo-1600-1024x768.jpg 1024w, https:\/\/ford-sachsen.de\/html\/page\/wp-content\/uploads\/2026\/05\/4746402-69f53fc73099fe7aa29bc-38e0-4e49-8966-336c5316664c-rule-mo-1600-768x576.jpg 768w, https:\/\/ford-sachsen.de\/html\/page\/wp-content\/uploads\/2026\/05\/4746402-69f53fc73099fe7aa29bc-38e0-4e49-8966-336c5316664c-rule-mo-1600.jpg 1440w\" sizes=\"(max-width: 300px) 100vw, 300px\" \/>                        <\/a>\n                    <\/div>\n                    <div class=\"vehicle-data\">\n                                                    <small>\n                                                                05.2025                                \u00b7\n                            <\/small>\n                                                                            <small>\n                                9.500 km\n                            <\/small>\n                                                                            <small>\n                                \u00b7\n                                124 kW\n                                                                (\n                                169 PS)\n                            <\/small>\n                                                                            <small>\n                                \u00b7\n                                Automatik                            <\/small>\n                                                                            <small>\n                                \u00b7\n                                Unfallfrei                            <\/small>\n                        \n                                                    <small>\n                                \u00b7\n                                Elektro                            <\/small>\n                                                                                                                            <small>\n                                \u00b7\n                                4\/5 T\u00fcren\n                            <\/small>\n                                                <ul class=\"vehicle-emission\">\n                                                                                     \n                                       \n  <!-- CO2-Emissionen\t-->\n                                            <span>CO\u2082-Emissionen komb.: 0.0                                 g\/km<\/span><br>\n                                        <!-- CO2-Emissionen\t-->\n                   \n \n                         <span>CO\u2082-Klasse: \n                                    A                                <\/span><br>\n                    \n\n\n                <\/ul>\n\n                    <\/div>\n\n                    <div class=\"vehicle-price\">\n                                                    <div itemprop=\"priceSpecification\" itemscope itemtype=\"http:\/\/schema.org\/UnitPriceSpecification\">\n                                <meta itemprop=\"priceCurrency\" content=\"EUR\">\n                                <meta itemprop=\"price\" content=\"30.950\">\n                                <strong>\n                                    30.950 \u20ac (Brutto)\n                                <\/strong><br><small>\n                                    Inkl. 19% MwSt.                                <\/small>\n                            <\/div>\n                                                <br>\n                        <a href=\"https:\/\/ford-sachsen.de\/html\/page\/fahrzeuge\/ford-puma-gen-e-winterpaket-navi-led-pps-hi-fahrassis\/\"\n                            class=\"vehicle-btn wp-block-button__link wp-element-button\">Details<\/a>\n                    <\/div>\n                <\/div> <!-- \/\/ vehicle-row -->\n               \n            <\/article>\n                        <article id=\"post-4746400\" class=\"vehicle\">\n                <hgroup>\n                    <a href=\"https:\/\/ford-sachsen.de\/html\/page\/fahrzeuge\/ford-kuga-phev-titanium-winterpaket-navi-rueckfahrkame\/\">\n                        <h2 class=\"vehicle-title\">\n                            Ford Kuga PHEV Titanium WINTERPAKET NAVI R\u00dcCKFAHRKAME                        <\/h2>\n\n                    <\/a>\n                <\/hgroup>\n                <span class=\"vehicle-addition\">\n                    <p>\n                        SUV\/Gel\u00e4ndewagen\/Pickup ,\n                        Gebrauchtfahrzeug                    <\/p>\n                <\/span>\n                <div class=\"vehicle-row\">\n                    <div class=\"vehicle-thumbnail\">\n                        <a href=\"https:\/\/ford-sachsen.de\/html\/page\/fahrzeuge\/ford-kuga-phev-titanium-winterpaket-navi-rueckfahrkame\/\" title=\"Ford Kuga PHEV Titanium WINTERPAKET NAVI R\u00dcCKFAHRKAME\">\n                            <img loading=\"lazy\" decoding=\"async\" width=\"300\" height=\"225\" src=\"https:\/\/ford-sachsen.de\/html\/page\/wp-content\/uploads\/2026\/05\/4746400-69f53fc598a14b470c4cc-c3ad-4b21-8dad-9dce7d5b4b96-rule-mo-1600-300x225.jpg\" class=\"attachment-medium size-medium wp-post-image\" alt=\"\" srcset=\"https:\/\/ford-sachsen.de\/html\/page\/wp-content\/uploads\/2026\/05\/4746400-69f53fc598a14b470c4cc-c3ad-4b21-8dad-9dce7d5b4b96-rule-mo-1600-300x225.jpg 300w, https:\/\/ford-sachsen.de\/html\/page\/wp-content\/uploads\/2026\/05\/4746400-69f53fc598a14b470c4cc-c3ad-4b21-8dad-9dce7d5b4b96-rule-mo-1600-1024x768.jpg 1024w, https:\/\/ford-sachsen.de\/html\/page\/wp-content\/uploads\/2026\/05\/4746400-69f53fc598a14b470c4cc-c3ad-4b21-8dad-9dce7d5b4b96-rule-mo-1600-768x576.jpg 768w, https:\/\/ford-sachsen.de\/html\/page\/wp-content\/uploads\/2026\/05\/4746400-69f53fc598a14b470c4cc-c3ad-4b21-8dad-9dce7d5b4b96-rule-mo-1600.jpg 1440w\" sizes=\"(max-width: 300px) 100vw, 300px\" \/>                        <\/a>\n                    <\/div>\n                    <div class=\"vehicle-data\">\n                                                    <small>\n                                                                05.2022                                \u00b7\n                            <\/small>\n                                                                            <small>\n                                16.032 km\n                            <\/small>\n                                                                            <small>\n                                \u00b7\n                                165 kW\n                                                                (\n                                224 PS)\n                            <\/small>\n                                                                            <small>\n                                \u00b7\n                                Automatik                            <\/small>\n                                                                            <small>\n                                \u00b7\n                                Unfallfrei                            <\/small>\n                        \n                                                    <small>\n                                \u00b7\n                                Plug-in-Hybrid                            <\/small>\n                                                                                                                            <small>\n                                \u00b7\n                                4\/5 T\u00fcren\n                            <\/small>\n                                                <ul class=\"vehicle-emission\">\n                                                                                     \n                                       \n  <!-- CO2-Emissionen\t-->\n                                        <!-- CO2-Emissionen\t-->\n                   \n \n \n\n\n                <\/ul>\n\n                    <\/div>\n\n                    <div class=\"vehicle-price\">\n                                                    <div itemprop=\"priceSpecification\" itemscope itemtype=\"http:\/\/schema.org\/UnitPriceSpecification\">\n                                <meta itemprop=\"priceCurrency\" content=\"EUR\">\n                                <meta itemprop=\"price\" content=\"22.990\">\n                                <strong>\n                                    22.990 \u20ac (Brutto)\n                                <\/strong><br><small>\n                                    Inkl. 19% MwSt.                                <\/small>\n                            <\/div>\n                                                <br>\n                        <a href=\"https:\/\/ford-sachsen.de\/html\/page\/fahrzeuge\/ford-kuga-phev-titanium-winterpaket-navi-rueckfahrkame\/\"\n                            class=\"vehicle-btn wp-block-button__link wp-element-button\">Details<\/a>\n                    <\/div>\n                <\/div> <!-- \/\/ vehicle-row -->\n               \n            <\/article>\n                        <article id=\"post-4746398\" class=\"vehicle\">\n                <hgroup>\n                    <a href=\"https:\/\/ford-sachsen.de\/html\/page\/fahrzeuge\/ford-focus-turnier-active-x-adaptive-ledbo-soundte\/\">\n                        <h2 class=\"vehicle-title\">\n                            Ford Focus Turnier Active X ADAPTIVE LED+B&amp;O SOUND+TE                        <\/h2>\n\n                    <\/a>\n                <\/hgroup>\n                <span class=\"vehicle-addition\">\n                    <p>\n                        Kombi ,\n                        Gebrauchtfahrzeug                    <\/p>\n                <\/span>\n                <div class=\"vehicle-row\">\n                    <div class=\"vehicle-thumbnail\">\n                        <a href=\"https:\/\/ford-sachsen.de\/html\/page\/fahrzeuge\/ford-focus-turnier-active-x-adaptive-ledbo-soundte\/\" title=\"Ford Focus Turnier Active X ADAPTIVE LED+B&amp;O SOUND+TE\">\n                            <img loading=\"lazy\" decoding=\"async\" width=\"300\" height=\"225\" src=\"https:\/\/ford-sachsen.de\/html\/page\/wp-content\/uploads\/2026\/05\/4746398-69f53fc3efc1e7d5d7eb2-cbfc-49d0-a8f6-6c2c646e8ba0-rule-mo-1600-300x225.jpg\" class=\"attachment-medium size-medium wp-post-image\" alt=\"\" srcset=\"https:\/\/ford-sachsen.de\/html\/page\/wp-content\/uploads\/2026\/05\/4746398-69f53fc3efc1e7d5d7eb2-cbfc-49d0-a8f6-6c2c646e8ba0-rule-mo-1600-300x225.jpg 300w, https:\/\/ford-sachsen.de\/html\/page\/wp-content\/uploads\/2026\/05\/4746398-69f53fc3efc1e7d5d7eb2-cbfc-49d0-a8f6-6c2c646e8ba0-rule-mo-1600-1024x768.jpg 1024w, https:\/\/ford-sachsen.de\/html\/page\/wp-content\/uploads\/2026\/05\/4746398-69f53fc3efc1e7d5d7eb2-cbfc-49d0-a8f6-6c2c646e8ba0-rule-mo-1600-768x576.jpg 768w, https:\/\/ford-sachsen.de\/html\/page\/wp-content\/uploads\/2026\/05\/4746398-69f53fc3efc1e7d5d7eb2-cbfc-49d0-a8f6-6c2c646e8ba0-rule-mo-1600.jpg 1440w\" sizes=\"(max-width: 300px) 100vw, 300px\" \/>                        <\/a>\n                    <\/div>\n                    <div class=\"vehicle-data\">\n                                                    <small>\n                                                                12.2020                                \u00b7\n                            <\/small>\n                                                                            <small>\n                                57.403 km\n                            <\/small>\n                                                                            <small>\n                                \u00b7\n                                114 kW\n                                                                (\n                                155 PS)\n                            <\/small>\n                                                                            <small>\n                                \u00b7\n                                Schaltgetriebe                            <\/small>\n                                                                            <small>\n                                \u00b7\n                                Unfallfrei                            <\/small>\n                        \n                                                    <small>\n                                \u00b7\n                                Benzin                            <\/small>\n                                                                                                                            <small>\n                                \u00b7\n                                4\/5 T\u00fcren\n                            <\/small>\n                                                <ul class=\"vehicle-emission\">\n                                                 <span>Verbrauch komb.: \n                                    6.1                                 l\/100km<\/span><br>\n                                                                                \n                                       \n  <!-- CO2-Emissionen\t-->\n                                            <span>CO\u2082-Emissionen komb.: 138.0                                 g\/km<\/span><br>\n                                        <!-- CO2-Emissionen\t-->\n                   \n \n                         <span>CO\u2082-Klasse: \n                                    E                                <\/span><br>\n                    \n\n\n                <\/ul>\n\n                    <\/div>\n\n                    <div class=\"vehicle-price\">\n                                                    <div itemprop=\"priceSpecification\" itemscope itemtype=\"http:\/\/schema.org\/UnitPriceSpecification\">\n                                <meta itemprop=\"priceCurrency\" content=\"EUR\">\n                                <meta itemprop=\"price\" content=\"17.490\">\n                                <strong>\n                                    17.490 \u20ac (Brutto)\n                                <\/strong><br><small>\n                                    MwSt. nicht ausweisbar                                <\/small>\n                            <\/div>\n                                                <br>\n                        <a href=\"https:\/\/ford-sachsen.de\/html\/page\/fahrzeuge\/ford-focus-turnier-active-x-adaptive-ledbo-soundte\/\"\n                            class=\"vehicle-btn wp-block-button__link wp-element-button\">Details<\/a>\n                    <\/div>\n                <\/div> <!-- \/\/ vehicle-row -->\n               \n            <\/article>\n                        <article id=\"post-4746396\" class=\"vehicle\">\n                <hgroup>\n                    <a href=\"https:\/\/ford-sachsen.de\/html\/page\/fahrzeuge\/ford-focus-turnier-titanium-ahk-schwenkbarfamiliy-pa\/\">\n                        <h2 class=\"vehicle-title\">\n                            Ford Focus Turnier Titanium AHK schwenkbar+FAMILIY-PA                        <\/h2>\n\n                    <\/a>\n                <\/hgroup>\n                <span class=\"vehicle-addition\">\n                    <p>\n                        Kombi ,\n                        Gebrauchtfahrzeug                    <\/p>\n                <\/span>\n                <div class=\"vehicle-row\">\n                    <div class=\"vehicle-thumbnail\">\n                        <a href=\"https:\/\/ford-sachsen.de\/html\/page\/fahrzeuge\/ford-focus-turnier-titanium-ahk-schwenkbarfamiliy-pa\/\" title=\"Ford Focus Turnier Titanium AHK schwenkbar+FAMILIY-PA\">\n                            <img loading=\"lazy\" decoding=\"async\" width=\"300\" height=\"225\" src=\"https:\/\/ford-sachsen.de\/html\/page\/wp-content\/uploads\/2026\/05\/4746396-69f53fc22b25cb7177291-e81c-4368-86ab-65a57c8e0990-rule-mo-1600-300x225.jpg\" class=\"attachment-medium size-medium wp-post-image\" alt=\"\" srcset=\"https:\/\/ford-sachsen.de\/html\/page\/wp-content\/uploads\/2026\/05\/4746396-69f53fc22b25cb7177291-e81c-4368-86ab-65a57c8e0990-rule-mo-1600-300x225.jpg 300w, https:\/\/ford-sachsen.de\/html\/page\/wp-content\/uploads\/2026\/05\/4746396-69f53fc22b25cb7177291-e81c-4368-86ab-65a57c8e0990-rule-mo-1600-1024x768.jpg 1024w, https:\/\/ford-sachsen.de\/html\/page\/wp-content\/uploads\/2026\/05\/4746396-69f53fc22b25cb7177291-e81c-4368-86ab-65a57c8e0990-rule-mo-1600-768x576.jpg 768w, https:\/\/ford-sachsen.de\/html\/page\/wp-content\/uploads\/2026\/05\/4746396-69f53fc22b25cb7177291-e81c-4368-86ab-65a57c8e0990-rule-mo-1600.jpg 1440w\" sizes=\"(max-width: 300px) 100vw, 300px\" \/>                        <\/a>\n                    <\/div>\n                    <div class=\"vehicle-data\">\n                                                    <small>\n                                                                06.2019                                \u00b7\n                            <\/small>\n                                                                            <small>\n                                110.981 km\n                            <\/small>\n                                                                            <small>\n                                \u00b7\n                                92 kW\n                                                                (\n                                125 PS)\n                            <\/small>\n                                                                            <small>\n                                \u00b7\n                                Schaltgetriebe                            <\/small>\n                                                                            <small>\n                                \u00b7\n                                Unfallfrei                            <\/small>\n                        \n                                                    <small>\n                                \u00b7\n                                Benzin                            <\/small>\n                                                                                                                            <small>\n                                \u00b7\n                                4\/5 T\u00fcren\n                            <\/small>\n                                                <ul class=\"vehicle-emission\">\n                                                                                     \n                                       \n  <!-- CO2-Emissionen\t-->\n                                        <!-- CO2-Emissionen\t-->\n                   \n \n \n\n\n                <\/ul>\n\n                    <\/div>\n\n                    <div class=\"vehicle-price\">\n                                                    <div itemprop=\"priceSpecification\" itemscope itemtype=\"http:\/\/schema.org\/UnitPriceSpecification\">\n                                <meta itemprop=\"priceCurrency\" content=\"EUR\">\n                                <meta itemprop=\"price\" content=\"11.290\">\n                                <strong>\n                                    11.290 \u20ac (Brutto)\n                                <\/strong><br><small>\n                                    MwSt. nicht ausweisbar                                <\/small>\n                            <\/div>\n                                                <br>\n                        <a href=\"https:\/\/ford-sachsen.de\/html\/page\/fahrzeuge\/ford-focus-turnier-titanium-ahk-schwenkbarfamiliy-pa\/\"\n                            class=\"vehicle-btn wp-block-button__link wp-element-button\">Details<\/a>\n                    <\/div>\n                <\/div> <!-- \/\/ vehicle-row -->\n               \n            <\/article>\n                        <article id=\"post-4746394\" class=\"vehicle\">\n                <hgroup>\n                    <a href=\"https:\/\/ford-sachsen.de\/html\/page\/fahrzeuge\/ford-puma-mhev-cool-connect-winterpaket-klima-tempo\/\">\n                        <h2 class=\"vehicle-title\">\n                            Ford Puma MHEV Cool &amp; Connect WINTERPAKET KLIMA TEMPO                        <\/h2>\n\n                    <\/a>\n                <\/hgroup>\n                <span class=\"vehicle-addition\">\n                    <p>\n                        SUV\/Gel\u00e4ndewagen\/Pickup ,\n                        Gebrauchtfahrzeug                    <\/p>\n                <\/span>\n                <div class=\"vehicle-row\">\n                    <div class=\"vehicle-thumbnail\">\n                        <a href=\"https:\/\/ford-sachsen.de\/html\/page\/fahrzeuge\/ford-puma-mhev-cool-connect-winterpaket-klima-tempo\/\" title=\"Ford Puma MHEV Cool &amp; Connect WINTERPAKET KLIMA TEMPO\">\n                            <img loading=\"lazy\" decoding=\"async\" width=\"300\" height=\"225\" src=\"https:\/\/ford-sachsen.de\/html\/page\/wp-content\/uploads\/2026\/05\/4746394-69f53fc0670a95a9127ec-5d9b-4f02-90a5-15675c762946-rule-mo-1600-300x225.jpg\" class=\"attachment-medium size-medium wp-post-image\" alt=\"\" srcset=\"https:\/\/ford-sachsen.de\/html\/page\/wp-content\/uploads\/2026\/05\/4746394-69f53fc0670a95a9127ec-5d9b-4f02-90a5-15675c762946-rule-mo-1600-300x225.jpg 300w, https:\/\/ford-sachsen.de\/html\/page\/wp-content\/uploads\/2026\/05\/4746394-69f53fc0670a95a9127ec-5d9b-4f02-90a5-15675c762946-rule-mo-1600-1024x768.jpg 1024w, https:\/\/ford-sachsen.de\/html\/page\/wp-content\/uploads\/2026\/05\/4746394-69f53fc0670a95a9127ec-5d9b-4f02-90a5-15675c762946-rule-mo-1600-768x576.jpg 768w, https:\/\/ford-sachsen.de\/html\/page\/wp-content\/uploads\/2026\/05\/4746394-69f53fc0670a95a9127ec-5d9b-4f02-90a5-15675c762946-rule-mo-1600.jpg 1440w\" sizes=\"(max-width: 300px) 100vw, 300px\" \/>                        <\/a>\n                    <\/div>\n                    <div class=\"vehicle-data\">\n                                                    <small>\n                                                                12.2020                                \u00b7\n                            <\/small>\n                                                                            <small>\n                                30.580 km\n                            <\/small>\n                                                                            <small>\n                                \u00b7\n                                92 kW\n                                                                (\n                                125 PS)\n                            <\/small>\n                                                                            <small>\n                                \u00b7\n                                Schaltgetriebe                            <\/small>\n                                                                            <small>\n                                \u00b7\n                                Unfallfrei                            <\/small>\n                        \n                                                    <small>\n                                \u00b7\n                                Benzin                            <\/small>\n                                                                                                                            <small>\n                                \u00b7\n                                4\/5 T\u00fcren\n                            <\/small>\n                                                <ul class=\"vehicle-emission\">\n                                                                                     \n                                       \n  <!-- CO2-Emissionen\t-->\n                                        <!-- CO2-Emissionen\t-->\n                   \n \n \n\n\n                <\/ul>\n\n                    <\/div>\n\n                    <div class=\"vehicle-price\">\n                                                    <div itemprop=\"priceSpecification\" itemscope itemtype=\"http:\/\/schema.org\/UnitPriceSpecification\">\n                                <meta itemprop=\"priceCurrency\" content=\"EUR\">\n                                <meta itemprop=\"price\" content=\"14.990\">\n                                <strong>\n                                    14.990 \u20ac (Brutto)\n                                <\/strong><br><small>\n                                    MwSt. nicht ausweisbar                                <\/small>\n                            <\/div>\n                                                <br>\n                        <a href=\"https:\/\/ford-sachsen.de\/html\/page\/fahrzeuge\/ford-puma-mhev-cool-connect-winterpaket-klima-tempo\/\"\n                            class=\"vehicle-btn wp-block-button__link wp-element-button\">Details<\/a>\n                    <\/div>\n                <\/div> <!-- \/\/ vehicle-row -->\n               \n            <\/article>\n                        <article id=\"post-4746392\" class=\"vehicle\">\n                <hgroup>\n                    <a href=\"https:\/\/ford-sachsen.de\/html\/page\/fahrzeuge\/ford-puma-mhev-st-line-vignale-navi-acc-twa-styling-w\/\">\n                        <h2 class=\"vehicle-title\">\n                            Ford Puma MHEV ST-Line Vignale NAVI ACC TWA STYLING W                        <\/h2>\n\n                    <\/a>\n                <\/hgroup>\n                <span class=\"vehicle-addition\">\n                    <p>\n                        SUV\/Gel\u00e4ndewagen\/Pickup ,\n                        Gebrauchtfahrzeug                    <\/p>\n                <\/span>\n                <div class=\"vehicle-row\">\n                    <div class=\"vehicle-thumbnail\">\n                        <a href=\"https:\/\/ford-sachsen.de\/html\/page\/fahrzeuge\/ford-puma-mhev-st-line-vignale-navi-acc-twa-styling-w\/\" title=\"Ford Puma MHEV ST-Line Vignale NAVI ACC TWA STYLING W\">\n                            <img loading=\"lazy\" decoding=\"async\" width=\"300\" height=\"225\" src=\"https:\/\/ford-sachsen.de\/html\/page\/wp-content\/uploads\/2026\/05\/4746392-69f53fbede2507562b783-a83d-4c95-b0c0-d4d8613fe086-rule-mo-1600-300x225.jpg\" class=\"attachment-medium size-medium wp-post-image\" alt=\"\" srcset=\"https:\/\/ford-sachsen.de\/html\/page\/wp-content\/uploads\/2026\/05\/4746392-69f53fbede2507562b783-a83d-4c95-b0c0-d4d8613fe086-rule-mo-1600-300x225.jpg 300w, https:\/\/ford-sachsen.de\/html\/page\/wp-content\/uploads\/2026\/05\/4746392-69f53fbede2507562b783-a83d-4c95-b0c0-d4d8613fe086-rule-mo-1600-1024x768.jpg 1024w, https:\/\/ford-sachsen.de\/html\/page\/wp-content\/uploads\/2026\/05\/4746392-69f53fbede2507562b783-a83d-4c95-b0c0-d4d8613fe086-rule-mo-1600-768x576.jpg 768w, https:\/\/ford-sachsen.de\/html\/page\/wp-content\/uploads\/2026\/05\/4746392-69f53fbede2507562b783-a83d-4c95-b0c0-d4d8613fe086-rule-mo-1600.jpg 1440w\" sizes=\"(max-width: 300px) 100vw, 300px\" \/>                        <\/a>\n                    <\/div>\n                    <div class=\"vehicle-data\">\n                                                    <small>\n                                                                10.2021                                \u00b7\n                            <\/small>\n                                                                            <small>\n                                18.584 km\n                            <\/small>\n                                                                            <small>\n                                \u00b7\n                                114 kW\n                                                                (\n                                155 PS)\n                            <\/small>\n                                                                            <small>\n                                \u00b7\n                                Schaltgetriebe                            <\/small>\n                                                                            <small>\n                                \u00b7\n                                Unfallfrei                            <\/small>\n                        \n                                                    <small>\n                                \u00b7\n                                Benzin                            <\/small>\n                                                                                                                            <small>\n                                \u00b7\n                                4\/5 T\u00fcren\n                            <\/small>\n                                                <ul class=\"vehicle-emission\">\n                                                 <span>Verbrauch komb.: \n                                    6.1                                 l\/100km<\/span><br>\n                                                                                \n                                       \n  <!-- CO2-Emissionen\t-->\n                                            <span>CO\u2082-Emissionen komb.: 138.0                                 g\/km<\/span><br>\n                                        <!-- CO2-Emissionen\t-->\n                   \n \n                         <span>CO\u2082-Klasse: \n                                    E                                <\/span><br>\n                    \n\n\n                <\/ul>\n\n                    <\/div>\n\n                    <div class=\"vehicle-price\">\n                                                    <div itemprop=\"priceSpecification\" itemscope itemtype=\"http:\/\/schema.org\/UnitPriceSpecification\">\n                                <meta itemprop=\"priceCurrency\" content=\"EUR\">\n                                <meta itemprop=\"price\" content=\"19.990\">\n                                <strong>\n                                    19.990 \u20ac (Brutto)\n                                <\/strong><br><small>\n                                    MwSt. nicht ausweisbar                                <\/small>\n                            <\/div>\n                                                <br>\n                        <a href=\"https:\/\/ford-sachsen.de\/html\/page\/fahrzeuge\/ford-puma-mhev-st-line-vignale-navi-acc-twa-styling-w\/\"\n                            class=\"vehicle-btn wp-block-button__link wp-element-button\">Details<\/a>\n                    <\/div>\n                <\/div> <!-- \/\/ vehicle-row -->\n               \n            <\/article>\n                        <article id=\"post-4746390\" class=\"vehicle\">\n                <hgroup>\n                    <a href=\"https:\/\/ford-sachsen.de\/html\/page\/fahrzeuge\/ford-focus-turnier-titanium-edition-acc-navi-led-rueck-2\/\">\n                        <h2 class=\"vehicle-title\">\n                            Ford Focus Turnier Titanium Edition ACC NAVI LED R\u00dcCK                        <\/h2>\n\n                    <\/a>\n                <\/hgroup>\n                <span class=\"vehicle-addition\">\n                    <p>\n                        Kombi ,\n                        Gebrauchtfahrzeug                    <\/p>\n                <\/span>\n                <div class=\"vehicle-row\">\n                    <div class=\"vehicle-thumbnail\">\n                        <a href=\"https:\/\/ford-sachsen.de\/html\/page\/fahrzeuge\/ford-focus-turnier-titanium-edition-acc-navi-led-rueck-2\/\" title=\"Ford Focus Turnier Titanium Edition ACC NAVI LED R\u00dcCK\">\n                            <img loading=\"lazy\" decoding=\"async\" width=\"300\" height=\"225\" src=\"https:\/\/ford-sachsen.de\/html\/page\/wp-content\/uploads\/2026\/05\/4746390-69f53fbd3c81175209b92-987d-4aec-ade9-82cee2bbb30a-rule-mo-1600-300x225.jpg\" class=\"attachment-medium size-medium wp-post-image\" alt=\"\" srcset=\"https:\/\/ford-sachsen.de\/html\/page\/wp-content\/uploads\/2026\/05\/4746390-69f53fbd3c81175209b92-987d-4aec-ade9-82cee2bbb30a-rule-mo-1600-300x225.jpg 300w, https:\/\/ford-sachsen.de\/html\/page\/wp-content\/uploads\/2026\/05\/4746390-69f53fbd3c81175209b92-987d-4aec-ade9-82cee2bbb30a-rule-mo-1600-1024x768.jpg 1024w, https:\/\/ford-sachsen.de\/html\/page\/wp-content\/uploads\/2026\/05\/4746390-69f53fbd3c81175209b92-987d-4aec-ade9-82cee2bbb30a-rule-mo-1600-768x576.jpg 768w, https:\/\/ford-sachsen.de\/html\/page\/wp-content\/uploads\/2026\/05\/4746390-69f53fbd3c81175209b92-987d-4aec-ade9-82cee2bbb30a-rule-mo-1600.jpg 1440w\" sizes=\"(max-width: 300px) 100vw, 300px\" \/>                        <\/a>\n                    <\/div>\n                    <div class=\"vehicle-data\">\n                                                    <small>\n                                                                03.2025                                \u00b7\n                            <\/small>\n                                                                            <small>\n                                25 km\n                            <\/small>\n                                                                            <small>\n                                \u00b7\n                                92 kW\n                                                                (\n                                125 PS)\n                            <\/small>\n                                                                            <small>\n                                \u00b7\n                                Schaltgetriebe                            <\/small>\n                                                                            <small>\n                                \u00b7\n                                Unfallfrei                            <\/small>\n                        \n                                                    <small>\n                                \u00b7\n                                Benzin                            <\/small>\n                                                                                                                            <small>\n                                \u00b7\n                                4\/5 T\u00fcren\n                            <\/small>\n                                                <ul class=\"vehicle-emission\">\n                                                 <span>Verbrauch komb.: \n                                    6.1                                 l\/100km<\/span><br>\n                                                                                \n                                       \n  <!-- CO2-Emissionen\t-->\n                                            <span>CO\u2082-Emissionen komb.: 138.0                                 g\/km<\/span><br>\n                                        <!-- CO2-Emissionen\t-->\n                   \n \n                         <span>CO\u2082-Klasse: \n                                    E                                <\/span><br>\n                    \n\n\n                <\/ul>\n\n                    <\/div>\n\n                    <div class=\"vehicle-price\">\n                                                    <div itemprop=\"priceSpecification\" itemscope itemtype=\"http:\/\/schema.org\/UnitPriceSpecification\">\n                                <meta itemprop=\"priceCurrency\" content=\"EUR\">\n                                <meta itemprop=\"price\" content=\"26.590\">\n                                <strong>\n                                    26.590 \u20ac (Brutto)\n                                <\/strong><br><small>\n                                    Inkl. 19% MwSt.                                <\/small>\n                            <\/div>\n                                                <br>\n                        <a href=\"https:\/\/ford-sachsen.de\/html\/page\/fahrzeuge\/ford-focus-turnier-titanium-edition-acc-navi-led-rueck-2\/\"\n                            class=\"vehicle-btn wp-block-button__link wp-element-button\">Details<\/a>\n                    <\/div>\n                <\/div> <!-- \/\/ vehicle-row -->\n               \n            <\/article>\n                        <article id=\"post-4746386\" class=\"vehicle\">\n                <hgroup>\n                    <a href=\"https:\/\/ford-sachsen.de\/html\/page\/fahrzeuge\/ford-tourneo-connect-titanium-l1-pps-vohi-fahrassist\/\">\n                        <h2 class=\"vehicle-title\">\n                            Ford Tourneo Connect Titanium L1 PPS VO+HI FAHRASSIST                        <\/h2>\n\n                    <\/a>\n                <\/hgroup>\n                <span class=\"vehicle-addition\">\n                    <p>\n                        Van\/Minibus ,\n                        Gebrauchtfahrzeug                    <\/p>\n                <\/span>\n                <div class=\"vehicle-row\">\n                    <div class=\"vehicle-thumbnail\">\n                        <a href=\"https:\/\/ford-sachsen.de\/html\/page\/fahrzeuge\/ford-tourneo-connect-titanium-l1-pps-vohi-fahrassist\/\" title=\"Ford Tourneo Connect Titanium L1 PPS VO+HI FAHRASSIST\">\n                            <img loading=\"lazy\" decoding=\"async\" width=\"300\" height=\"225\" src=\"https:\/\/ford-sachsen.de\/html\/page\/wp-content\/uploads\/2026\/05\/4746386-69f53f1484aa68bf68420-f6be-46f0-92a3-24b27578d49a-rule-mo-1600-300x225.jpg\" class=\"attachment-medium size-medium wp-post-image\" alt=\"\" srcset=\"https:\/\/ford-sachsen.de\/html\/page\/wp-content\/uploads\/2026\/05\/4746386-69f53f1484aa68bf68420-f6be-46f0-92a3-24b27578d49a-rule-mo-1600-300x225.jpg 300w, https:\/\/ford-sachsen.de\/html\/page\/wp-content\/uploads\/2026\/05\/4746386-69f53f1484aa68bf68420-f6be-46f0-92a3-24b27578d49a-rule-mo-1600-1024x768.jpg 1024w, https:\/\/ford-sachsen.de\/html\/page\/wp-content\/uploads\/2026\/05\/4746386-69f53f1484aa68bf68420-f6be-46f0-92a3-24b27578d49a-rule-mo-1600-768x576.jpg 768w, https:\/\/ford-sachsen.de\/html\/page\/wp-content\/uploads\/2026\/05\/4746386-69f53f1484aa68bf68420-f6be-46f0-92a3-24b27578d49a-rule-mo-1600.jpg 1440w\" sizes=\"(max-width: 300px) 100vw, 300px\" \/>                        <\/a>\n                    <\/div>\n                    <div class=\"vehicle-data\">\n                                                    <small>\n                                                                03.2025                                \u00b7\n                            <\/small>\n                                                                            <small>\n                                4.560 km\n                            <\/small>\n                                                                            <small>\n                                \u00b7\n                                90 kW\n                                                                (\n                                122 PS)\n                            <\/small>\n                                                                            <small>\n                                \u00b7\n                                Automatik                            <\/small>\n                                                                            <small>\n                                \u00b7\n                                Unfallfrei                            <\/small>\n                        \n                                                    <small>\n                                \u00b7\n                                Diesel                            <\/small>\n                                                                                                                            <small>\n                                \u00b7\n                                4\/5 T\u00fcren\n                            <\/small>\n                                                <ul class=\"vehicle-emission\">\n                                                 <span>Verbrauch komb.: \n                                    5.3                                 l\/100km<\/span><br>\n                                                                                \n                                       \n  <!-- CO2-Emissionen\t-->\n                                            <span>CO\u2082-Emissionen komb.: 138.0                                 g\/km<\/span><br>\n                                        <!-- CO2-Emissionen\t-->\n                   \n \n                         <span>CO\u2082-Klasse: \n                                    E                                <\/span><br>\n                    \n\n\n                <\/ul>\n\n                    <\/div>\n\n                    <div class=\"vehicle-price\">\n                                                    <div itemprop=\"priceSpecification\" itemscope itemtype=\"http:\/\/schema.org\/UnitPriceSpecification\">\n                                <meta itemprop=\"priceCurrency\" content=\"EUR\">\n                                <meta itemprop=\"price\" content=\"31.990\">\n                                <strong>\n                                    31.990 \u20ac (Brutto)\n                                <\/strong><br><small>\n                                    Inkl. 19% MwSt.                                <\/small>\n                            <\/div>\n                                                <br>\n                        <a href=\"https:\/\/ford-sachsen.de\/html\/page\/fahrzeuge\/ford-tourneo-connect-titanium-l1-pps-vohi-fahrassist\/\"\n                            class=\"vehicle-btn wp-block-button__link wp-element-button\">Details<\/a>\n                    <\/div>\n                <\/div> <!-- \/\/ vehicle-row -->\n               \n            <\/article>\n                        <article id=\"post-4746384\" class=\"vehicle\">\n                <hgroup>\n                    <a href=\"https:\/\/ford-sachsen.de\/html\/page\/fahrzeuge\/ford-tourneo-courier-trend-winterpaket-rueckfahrkamera\/\">\n                        <h2 class=\"vehicle-title\">\n                            Ford Tourneo Courier Trend WINTERPAKET R\u00dcCKFAHRKAMERA                        <\/h2>\n\n                    <\/a>\n                <\/hgroup>\n                <span class=\"vehicle-addition\">\n                    <p>\n                        Van\/Minibus ,\n                        Gebrauchtfahrzeug                    <\/p>\n                <\/span>\n                <div class=\"vehicle-row\">\n                    <div class=\"vehicle-thumbnail\">\n                        <a href=\"https:\/\/ford-sachsen.de\/html\/page\/fahrzeuge\/ford-tourneo-courier-trend-winterpaket-rueckfahrkamera\/\" title=\"Ford Tourneo Courier Trend WINTERPAKET R\u00dcCKFAHRKAMERA\">\n                            <img loading=\"lazy\" decoding=\"async\" width=\"300\" height=\"225\" src=\"https:\/\/ford-sachsen.de\/html\/page\/wp-content\/uploads\/2026\/05\/4746384-69f53f1260aa66cb4c8f8-1fb3-4266-a950-27e3a27d016a-rule-mo-1600-300x225.jpg\" class=\"attachment-medium size-medium wp-post-image\" alt=\"\" srcset=\"https:\/\/ford-sachsen.de\/html\/page\/wp-content\/uploads\/2026\/05\/4746384-69f53f1260aa66cb4c8f8-1fb3-4266-a950-27e3a27d016a-rule-mo-1600-300x225.jpg 300w, https:\/\/ford-sachsen.de\/html\/page\/wp-content\/uploads\/2026\/05\/4746384-69f53f1260aa66cb4c8f8-1fb3-4266-a950-27e3a27d016a-rule-mo-1600-1024x768.jpg 1024w, https:\/\/ford-sachsen.de\/html\/page\/wp-content\/uploads\/2026\/05\/4746384-69f53f1260aa66cb4c8f8-1fb3-4266-a950-27e3a27d016a-rule-mo-1600-768x576.jpg 768w, https:\/\/ford-sachsen.de\/html\/page\/wp-content\/uploads\/2026\/05\/4746384-69f53f1260aa66cb4c8f8-1fb3-4266-a950-27e3a27d016a-rule-mo-1600.jpg 1440w\" sizes=\"(max-width: 300px) 100vw, 300px\" \/>                        <\/a>\n                    <\/div>\n                    <div class=\"vehicle-data\">\n                                                    <small>\n                                                                03.2025                                \u00b7\n                            <\/small>\n                                                                            <small>\n                                5.000 km\n                            <\/small>\n                                                                            <small>\n                                \u00b7\n                                92 kW\n                                                                (\n                                125 PS)\n                            <\/small>\n                                                                            <small>\n                                \u00b7\n                                Schaltgetriebe                            <\/small>\n                                                                            <small>\n                                \u00b7\n                                Unfallfrei                            <\/small>\n                        \n                                                    <small>\n                                \u00b7\n                                Benzin                            <\/small>\n                                                                                                                            <small>\n                                \u00b7\n                                4\/5 T\u00fcren\n                            <\/small>\n                                                <ul class=\"vehicle-emission\">\n                                                 <span>Verbrauch komb.: \n                                    7.0                                 l\/100km<\/span><br>\n                                                                                \n                                       \n  <!-- CO2-Emissionen\t-->\n                                            <span>CO\u2082-Emissionen komb.: 159.0                                 g\/km<\/span><br>\n                                        <!-- CO2-Emissionen\t-->\n                   \n \n                         <span>CO\u2082-Klasse: \n                                    F                                <\/span><br>\n                    \n\n\n                <\/ul>\n\n                    <\/div>\n\n                    <div class=\"vehicle-price\">\n                                                    <div itemprop=\"priceSpecification\" itemscope itemtype=\"http:\/\/schema.org\/UnitPriceSpecification\">\n                                <meta itemprop=\"priceCurrency\" content=\"EUR\">\n                                <meta itemprop=\"price\" content=\"23.390\">\n                                <strong>\n                                    23.390 \u20ac (Brutto)\n                                <\/strong><br><small>\n                                    Inkl. 19% MwSt.                                <\/small>\n                            <\/div>\n                                                <br>\n                        <a href=\"https:\/\/ford-sachsen.de\/html\/page\/fahrzeuge\/ford-tourneo-courier-trend-winterpaket-rueckfahrkamera\/\"\n                            class=\"vehicle-btn wp-block-button__link wp-element-button\">Details<\/a>\n                    <\/div>\n                <\/div> <!-- \/\/ vehicle-row -->\n               \n            <\/article>\n                        <article id=\"post-4746382\" class=\"vehicle\">\n                <hgroup>\n                    <a href=\"https:\/\/ford-sachsen.de\/html\/page\/fahrzeuge\/ford-focus-turnier-titanium-winterpaket-navi-parkass\/\">\n                        <h2 class=\"vehicle-title\">\n                            Ford Focus Turnier Titanium WINTERPAKET  NAVI PARKASS                        <\/h2>\n\n                    <\/a>\n                <\/hgroup>\n                <span class=\"vehicle-addition\">\n                    <p>\n                        Kombi ,\n                        Gebrauchtfahrzeug                    <\/p>\n                <\/span>\n                <div class=\"vehicle-row\">\n                    <div class=\"vehicle-thumbnail\">\n                        <a href=\"https:\/\/ford-sachsen.de\/html\/page\/fahrzeuge\/ford-focus-turnier-titanium-winterpaket-navi-parkass\/\" title=\"Ford Focus Turnier Titanium WINTERPAKET  NAVI PARKASS\">\n                            <img loading=\"lazy\" decoding=\"async\" width=\"300\" height=\"225\" src=\"https:\/\/ford-sachsen.de\/html\/page\/wp-content\/uploads\/2026\/05\/4746382-69f53f104af003bdac175-4363-4188-9c35-0a538379666b-rule-mo-1600-300x225.jpg\" class=\"attachment-medium size-medium wp-post-image\" alt=\"\" srcset=\"https:\/\/ford-sachsen.de\/html\/page\/wp-content\/uploads\/2026\/05\/4746382-69f53f104af003bdac175-4363-4188-9c35-0a538379666b-rule-mo-1600-300x225.jpg 300w, https:\/\/ford-sachsen.de\/html\/page\/wp-content\/uploads\/2026\/05\/4746382-69f53f104af003bdac175-4363-4188-9c35-0a538379666b-rule-mo-1600-1024x768.jpg 1024w, https:\/\/ford-sachsen.de\/html\/page\/wp-content\/uploads\/2026\/05\/4746382-69f53f104af003bdac175-4363-4188-9c35-0a538379666b-rule-mo-1600-768x576.jpg 768w, https:\/\/ford-sachsen.de\/html\/page\/wp-content\/uploads\/2026\/05\/4746382-69f53f104af003bdac175-4363-4188-9c35-0a538379666b-rule-mo-1600.jpg 1440w\" sizes=\"(max-width: 300px) 100vw, 300px\" \/>                        <\/a>\n                    <\/div>\n                    <div class=\"vehicle-data\">\n                                                    <small>\n                                                                09.2018                                \u00b7\n                            <\/small>\n                                                                            <small>\n                                35.875 km\n                            <\/small>\n                                                                            <small>\n                                \u00b7\n                                110 kW\n                                                                (\n                                150 PS)\n                            <\/small>\n                                                                            <small>\n                                \u00b7\n                                Schaltgetriebe                            <\/small>\n                                                                            <small>\n                                \u00b7\n                                Unfallfrei                            <\/small>\n                        \n                                                    <small>\n                                \u00b7\n                                Benzin                            <\/small>\n                                                                                                                            <small>\n                                \u00b7\n                                4\/5 T\u00fcren\n                            <\/small>\n                                                <ul class=\"vehicle-emission\">\n                                                                                     \n                                       \n  <!-- CO2-Emissionen\t-->\n                                        <!-- CO2-Emissionen\t-->\n                   \n \n \n\n\n                <\/ul>\n\n                    <\/div>\n\n                    <div class=\"vehicle-price\">\n                                                    <div itemprop=\"priceSpecification\" itemscope itemtype=\"http:\/\/schema.org\/UnitPriceSpecification\">\n                                <meta itemprop=\"priceCurrency\" content=\"EUR\">\n                                <meta itemprop=\"price\" content=\"14.490\">\n                                <strong>\n                                    14.490 \u20ac (Brutto)\n                                <\/strong><br><small>\n                                    MwSt. nicht ausweisbar                                <\/small>\n                            <\/div>\n                                                <br>\n                        <a href=\"https:\/\/ford-sachsen.de\/html\/page\/fahrzeuge\/ford-focus-turnier-titanium-winterpaket-navi-parkass\/\"\n                            class=\"vehicle-btn wp-block-button__link wp-element-button\">Details<\/a>\n                    <\/div>\n                <\/div> <!-- \/\/ vehicle-row -->\n               \n            <\/article>\n                        <article id=\"post-4746380\" class=\"vehicle\">\n                <hgroup>\n                    <a href=\"https:\/\/ford-sachsen.de\/html\/page\/fahrzeuge\/ssangyong-rexton-sapphire-4x4-navi-sitzbelueftung-fahrassis\/\">\n                        <h2 class=\"vehicle-title\">\n                            Ssangyong REXTON Sapphire 4&#215;4 NAVI SITZBEL\u00dcFTUNG FAHRASSIS                        <\/h2>\n\n                    <\/a>\n                <\/hgroup>\n                <span class=\"vehicle-addition\">\n                    <p>\n                        Limousine ,\n                        Gebrauchtfahrzeug                    <\/p>\n                <\/span>\n                <div class=\"vehicle-row\">\n                    <div class=\"vehicle-thumbnail\">\n                        <a href=\"https:\/\/ford-sachsen.de\/html\/page\/fahrzeuge\/ssangyong-rexton-sapphire-4x4-navi-sitzbelueftung-fahrassis\/\" title=\"Ssangyong REXTON Sapphire 4&#215;4 NAVI SITZBEL\u00dcFTUNG FAHRASSIS\">\n                            <img loading=\"lazy\" decoding=\"async\" width=\"300\" height=\"225\" src=\"https:\/\/ford-sachsen.de\/html\/page\/wp-content\/uploads\/2026\/05\/4746380-69f53f0e55f8cf271b687-0567-4358-99ff-91ee58919db0-rule-mo-1600-300x225.jpg\" class=\"attachment-medium size-medium wp-post-image\" alt=\"\" srcset=\"https:\/\/ford-sachsen.de\/html\/page\/wp-content\/uploads\/2026\/05\/4746380-69f53f0e55f8cf271b687-0567-4358-99ff-91ee58919db0-rule-mo-1600-300x225.jpg 300w, https:\/\/ford-sachsen.de\/html\/page\/wp-content\/uploads\/2026\/05\/4746380-69f53f0e55f8cf271b687-0567-4358-99ff-91ee58919db0-rule-mo-1600-1024x768.jpg 1024w, https:\/\/ford-sachsen.de\/html\/page\/wp-content\/uploads\/2026\/05\/4746380-69f53f0e55f8cf271b687-0567-4358-99ff-91ee58919db0-rule-mo-1600-768x576.jpg 768w, https:\/\/ford-sachsen.de\/html\/page\/wp-content\/uploads\/2026\/05\/4746380-69f53f0e55f8cf271b687-0567-4358-99ff-91ee58919db0-rule-mo-1600.jpg 1440w\" sizes=\"(max-width: 300px) 100vw, 300px\" \/>                        <\/a>\n                    <\/div>\n                    <div class=\"vehicle-data\">\n                                                    <small>\n                                                                03.2024                                \u00b7\n                            <\/small>\n                                                                            <small>\n                                15.830 km\n                            <\/small>\n                                                                            <small>\n                                \u00b7\n                                149 kW\n                                                                (\n                                203 PS)\n                            <\/small>\n                                                                            <small>\n                                \u00b7\n                                Automatik                            <\/small>\n                                                                            <small>\n                                \u00b7\n                                Unfallfrei                            <\/small>\n                        \n                                                    <small>\n                                \u00b7\n                                Diesel                            <\/small>\n                                                                                                                            <small>\n                                \u00b7\n                                4\/5 T\u00fcren\n                            <\/small>\n                                                <ul class=\"vehicle-emission\">\n                                                                                     \n                                       \n  <!-- CO2-Emissionen\t-->\n                                        <!-- CO2-Emissionen\t-->\n                   \n \n \n\n\n                <\/ul>\n\n                    <\/div>\n\n                    <div class=\"vehicle-price\">\n                                                    <div itemprop=\"priceSpecification\" itemscope itemtype=\"http:\/\/schema.org\/UnitPriceSpecification\">\n                                <meta itemprop=\"priceCurrency\" content=\"EUR\">\n                                <meta itemprop=\"price\" content=\"40.990\">\n                                <strong>\n                                    40.990 \u20ac (Brutto)\n                                <\/strong><br><small>\n                                    Inkl. 19% MwSt.                                <\/small>\n                            <\/div>\n                                                <br>\n                        <a href=\"https:\/\/ford-sachsen.de\/html\/page\/fahrzeuge\/ssangyong-rexton-sapphire-4x4-navi-sitzbelueftung-fahrassis\/\"\n                            class=\"vehicle-btn wp-block-button__link wp-element-button\">Details<\/a>\n                    <\/div>\n                <\/div> <!-- \/\/ vehicle-row -->\n               \n            <\/article>\n                        <article id=\"post-4746378\" class=\"vehicle\">\n                <hgroup>\n                    <a href=\"https:\/\/ford-sachsen.de\/html\/page\/fahrzeuge\/ford-tourneo-custom-320-titanium-l1-xenonacc8sitzer\/\">\n                        <h2 class=\"vehicle-title\">\n                            Ford Tourneo Custom 320 Titanium L1 XENON+ACC+8SITZER                        <\/h2>\n\n                    <\/a>\n                <\/hgroup>\n                <span class=\"vehicle-addition\">\n                    <p>\n                        Van\/Minibus ,\n                        Gebrauchtfahrzeug                    <\/p>\n                <\/span>\n                <div class=\"vehicle-row\">\n                    <div class=\"vehicle-thumbnail\">\n                        <a href=\"https:\/\/ford-sachsen.de\/html\/page\/fahrzeuge\/ford-tourneo-custom-320-titanium-l1-xenonacc8sitzer\/\" title=\"Ford Tourneo Custom 320 Titanium L1 XENON+ACC+8SITZER\">\n                            <img loading=\"lazy\" decoding=\"async\" width=\"300\" height=\"225\" src=\"https:\/\/ford-sachsen.de\/html\/page\/wp-content\/uploads\/2026\/05\/4746378-69f53f0c53265cea2057d-bbfe-4b7b-a777-74266cae0c41-rule-mo-1600-300x225.jpg\" class=\"attachment-medium size-medium wp-post-image\" alt=\"\" srcset=\"https:\/\/ford-sachsen.de\/html\/page\/wp-content\/uploads\/2026\/05\/4746378-69f53f0c53265cea2057d-bbfe-4b7b-a777-74266cae0c41-rule-mo-1600-300x225.jpg 300w, https:\/\/ford-sachsen.de\/html\/page\/wp-content\/uploads\/2026\/05\/4746378-69f53f0c53265cea2057d-bbfe-4b7b-a777-74266cae0c41-rule-mo-1600-1024x768.jpg 1024w, https:\/\/ford-sachsen.de\/html\/page\/wp-content\/uploads\/2026\/05\/4746378-69f53f0c53265cea2057d-bbfe-4b7b-a777-74266cae0c41-rule-mo-1600-768x576.jpg 768w, https:\/\/ford-sachsen.de\/html\/page\/wp-content\/uploads\/2026\/05\/4746378-69f53f0c53265cea2057d-bbfe-4b7b-a777-74266cae0c41-rule-mo-1600.jpg 1440w\" sizes=\"(max-width: 300px) 100vw, 300px\" \/>                        <\/a>\n                    <\/div>\n                    <div class=\"vehicle-data\">\n                                                    <small>\n                                                                08.2023                                \u00b7\n                            <\/small>\n                                                                            <small>\n                                20.158 km\n                            <\/small>\n                                                                            <small>\n                                \u00b7\n                                125 kW\n                                                                (\n                                170 PS)\n                            <\/small>\n                                                                            <small>\n                                \u00b7\n                                Automatik                            <\/small>\n                                                                            <small>\n                                \u00b7\n                                Unfallfrei                            <\/small>\n                        \n                                                    <small>\n                                \u00b7\n                                Diesel                            <\/small>\n                                                                                                                            <small>\n                                \u00b7\n                                4\/5 T\u00fcren\n                            <\/small>\n                                                <ul class=\"vehicle-emission\">\n                                                 <span>Verbrauch komb.: \n                                    8.9                                 l\/100km<\/span><br>\n                                                                                \n                                       \n  <!-- CO2-Emissionen\t-->\n                                            <span>CO\u2082-Emissionen komb.: 233.0                                 g\/km<\/span><br>\n                                        <!-- CO2-Emissionen\t-->\n                   \n \n                         <span>CO\u2082-Klasse: \n                                    G                                <\/span><br>\n                    \n\n\n                <\/ul>\n\n                    <\/div>\n\n                    <div class=\"vehicle-price\">\n                                                    <div itemprop=\"priceSpecification\" itemscope itemtype=\"http:\/\/schema.org\/UnitPriceSpecification\">\n                                <meta itemprop=\"priceCurrency\" content=\"EUR\">\n                                <meta itemprop=\"price\" content=\"41.990\">\n                                <strong>\n                                    41.990 \u20ac (Brutto)\n                                <\/strong><br><small>\n                                    MwSt. nicht ausweisbar                                <\/small>\n                            <\/div>\n                                                <br>\n                        <a href=\"https:\/\/ford-sachsen.de\/html\/page\/fahrzeuge\/ford-tourneo-custom-320-titanium-l1-xenonacc8sitzer\/\"\n                            class=\"vehicle-btn wp-block-button__link wp-element-button\">Details<\/a>\n                    <\/div>\n                <\/div> <!-- \/\/ vehicle-row -->\n               \n            <\/article>\n                        <article id=\"post-4746376\" class=\"vehicle\">\n                <hgroup>\n                    <a href=\"https:\/\/ford-sachsen.de\/html\/page\/fahrzeuge\/ford-puma-st-line-mhev-winterpaket-navi-elektr-heckk\/\">\n                        <h2 class=\"vehicle-title\">\n                            Ford Puma ST-Line MHEV WINTERPAKET NAVI ELEKTR. HECKK                        <\/h2>\n\n                    <\/a>\n                <\/hgroup>\n                <span class=\"vehicle-addition\">\n                    <p>\n                        SUV\/Gel\u00e4ndewagen\/Pickup ,\n                        Gebrauchtfahrzeug                    <\/p>\n                <\/span>\n                <div class=\"vehicle-row\">\n                    <div class=\"vehicle-thumbnail\">\n                        <a href=\"https:\/\/ford-sachsen.de\/html\/page\/fahrzeuge\/ford-puma-st-line-mhev-winterpaket-navi-elektr-heckk\/\" title=\"Ford Puma ST-Line MHEV WINTERPAKET NAVI ELEKTR. HECKK\">\n                            <img loading=\"lazy\" decoding=\"async\" width=\"300\" height=\"225\" src=\"https:\/\/ford-sachsen.de\/html\/page\/wp-content\/uploads\/2026\/05\/4746376-69f53f0a22064bbc74a21-b4be-46c0-b576-1dbd3ff86c06-rule-mo-1600-300x225.jpg\" class=\"attachment-medium size-medium wp-post-image\" alt=\"\" srcset=\"https:\/\/ford-sachsen.de\/html\/page\/wp-content\/uploads\/2026\/05\/4746376-69f53f0a22064bbc74a21-b4be-46c0-b576-1dbd3ff86c06-rule-mo-1600-300x225.jpg 300w, https:\/\/ford-sachsen.de\/html\/page\/wp-content\/uploads\/2026\/05\/4746376-69f53f0a22064bbc74a21-b4be-46c0-b576-1dbd3ff86c06-rule-mo-1600-1024x768.jpg 1024w, https:\/\/ford-sachsen.de\/html\/page\/wp-content\/uploads\/2026\/05\/4746376-69f53f0a22064bbc74a21-b4be-46c0-b576-1dbd3ff86c06-rule-mo-1600-768x576.jpg 768w, https:\/\/ford-sachsen.de\/html\/page\/wp-content\/uploads\/2026\/05\/4746376-69f53f0a22064bbc74a21-b4be-46c0-b576-1dbd3ff86c06-rule-mo-1600.jpg 1440w\" sizes=\"(max-width: 300px) 100vw, 300px\" \/>                        <\/a>\n                    <\/div>\n                    <div class=\"vehicle-data\">\n                                                    <small>\n                                                                02.2025                                \u00b7\n                            <\/small>\n                                                                            <small>\n                                2.650 km\n                            <\/small>\n                                                                            <small>\n                                \u00b7\n                                92 kW\n                                                                (\n                                125 PS)\n                            <\/small>\n                                                                            <small>\n                                \u00b7\n                                Schaltgetriebe                            <\/small>\n                                                                            <small>\n                                \u00b7\n                                Unfallfrei                            <\/small>\n                        \n                                                    <small>\n                                \u00b7\n                                Benzin                            <\/small>\n                                                                                                                            <small>\n                                \u00b7\n                                4\/5 T\u00fcren\n                            <\/small>\n                                                <ul class=\"vehicle-emission\">\n                                                 <span>Verbrauch komb.: \n                                    6.0                                 l\/100km<\/span><br>\n                                                                                \n                                       \n  <!-- CO2-Emissionen\t-->\n                                            <span>CO\u2082-Emissionen komb.: 135.0                                 g\/km<\/span><br>\n                                        <!-- CO2-Emissionen\t-->\n                   \n \n                         <span>CO\u2082-Klasse: \n                                    D                                <\/span><br>\n                    \n\n\n                <\/ul>\n\n                    <\/div>\n\n                    <div class=\"vehicle-price\">\n                                                    <div itemprop=\"priceSpecification\" itemscope itemtype=\"http:\/\/schema.org\/UnitPriceSpecification\">\n                                <meta itemprop=\"priceCurrency\" content=\"EUR\">\n                                <meta itemprop=\"price\" content=\"24.990\">\n                                <strong>\n                                    24.990 \u20ac (Brutto)\n                                <\/strong><br><small>\n                                    Inkl. 19% MwSt.                                <\/small>\n                            <\/div>\n                                                <br>\n                        <a href=\"https:\/\/ford-sachsen.de\/html\/page\/fahrzeuge\/ford-puma-st-line-mhev-winterpaket-navi-elektr-heckk\/\"\n                            class=\"vehicle-btn wp-block-button__link wp-element-button\">Details<\/a>\n                    <\/div>\n                <\/div> <!-- \/\/ vehicle-row -->\n               \n            <\/article>\n                        <article id=\"post-4746374\" class=\"vehicle\">\n                <hgroup>\n                    <a href=\"https:\/\/ford-sachsen.de\/html\/page\/fahrzeuge\/ford-kuga-phev-titanium-navikeyfreewinter-paket\/\">\n                        <h2 class=\"vehicle-title\">\n                            Ford Kuga PHEV Titanium NAVI+KEYFREE+WINTER-PAKET                        <\/h2>\n\n                    <\/a>\n                <\/hgroup>\n                <span class=\"vehicle-addition\">\n                    <p>\n                        SUV\/Gel\u00e4ndewagen\/Pickup ,\n                        Gebrauchtfahrzeug                    <\/p>\n                <\/span>\n                <div class=\"vehicle-row\">\n                    <div class=\"vehicle-thumbnail\">\n                        <a href=\"https:\/\/ford-sachsen.de\/html\/page\/fahrzeuge\/ford-kuga-phev-titanium-navikeyfreewinter-paket\/\" title=\"Ford Kuga PHEV Titanium NAVI+KEYFREE+WINTER-PAKET\">\n                            <img loading=\"lazy\" decoding=\"async\" width=\"300\" height=\"225\" src=\"https:\/\/ford-sachsen.de\/html\/page\/wp-content\/uploads\/2026\/05\/4746374-69f53f0822640862c6940-83b5-4e4b-8aaa-256abf561ca0-rule-mo-1600-300x225.jpg\" class=\"attachment-medium size-medium wp-post-image\" alt=\"\" srcset=\"https:\/\/ford-sachsen.de\/html\/page\/wp-content\/uploads\/2026\/05\/4746374-69f53f0822640862c6940-83b5-4e4b-8aaa-256abf561ca0-rule-mo-1600-300x225.jpg 300w, https:\/\/ford-sachsen.de\/html\/page\/wp-content\/uploads\/2026\/05\/4746374-69f53f0822640862c6940-83b5-4e4b-8aaa-256abf561ca0-rule-mo-1600-1024x768.jpg 1024w, https:\/\/ford-sachsen.de\/html\/page\/wp-content\/uploads\/2026\/05\/4746374-69f53f0822640862c6940-83b5-4e4b-8aaa-256abf561ca0-rule-mo-1600-768x576.jpg 768w, https:\/\/ford-sachsen.de\/html\/page\/wp-content\/uploads\/2026\/05\/4746374-69f53f0822640862c6940-83b5-4e4b-8aaa-256abf561ca0-rule-mo-1600.jpg 1440w\" sizes=\"(max-width: 300px) 100vw, 300px\" \/>                        <\/a>\n                    <\/div>\n                    <div class=\"vehicle-data\">\n                                                    <small>\n                                                                05.2021                                \u00b7\n                            <\/small>\n                                                                            <small>\n                                54.285 km\n                            <\/small>\n                                                                            <small>\n                                \u00b7\n                                165 kW\n                                                                (\n                                224 PS)\n                            <\/small>\n                                                                            <small>\n                                \u00b7\n                                Automatik                            <\/small>\n                                                                            <small>\n                                \u00b7\n                                Unfallfrei                            <\/small>\n                        \n                                                    <small>\n                                \u00b7\n                                Plug-in-Hybrid                            <\/small>\n                                                                                                                            <small>\n                                \u00b7\n                                4\/5 T\u00fcren\n                            <\/small>\n                                                <ul class=\"vehicle-emission\">\n                                                                                     \n                                       \n  <!-- CO2-Emissionen\t-->\n                                        <!-- CO2-Emissionen\t-->\n                   \n \n \n\n\n                <\/ul>\n\n                    <\/div>\n\n                    <div class=\"vehicle-price\">\n                                                    <div itemprop=\"priceSpecification\" itemscope itemtype=\"http:\/\/schema.org\/UnitPriceSpecification\">\n                                <meta itemprop=\"priceCurrency\" content=\"EUR\">\n                                <meta itemprop=\"price\" content=\"21.990\">\n                                <strong>\n                                    21.990 \u20ac (Brutto)\n                                <\/strong><br><small>\n                                    Inkl. 19% MwSt.                                <\/small>\n                            <\/div>\n                                                <br>\n                        <a href=\"https:\/\/ford-sachsen.de\/html\/page\/fahrzeuge\/ford-kuga-phev-titanium-navikeyfreewinter-paket\/\"\n                            class=\"vehicle-btn wp-block-button__link wp-element-button\">Details<\/a>\n                    <\/div>\n                <\/div> <!-- \/\/ vehicle-row -->\n               \n            <\/article>\n                        <article id=\"post-4746370\" class=\"vehicle\">\n                <hgroup>\n                    <a href=\"https:\/\/ford-sachsen.de\/html\/page\/fahrzeuge\/ford-puma-titanium-navi-digitales-cockpit-led-el-hec\/\">\n                        <h2 class=\"vehicle-title\">\n                            Ford Puma Titanium Navi Digitales Cockpit LED El. Hec                        <\/h2>\n\n                    <\/a>\n                <\/hgroup>\n                <span class=\"vehicle-addition\">\n                    <p>\n                        SUV\/Gel\u00e4ndewagen\/Pickup ,\n                        Gebrauchtfahrzeug                    <\/p>\n                <\/span>\n                <div class=\"vehicle-row\">\n                    <div class=\"vehicle-thumbnail\">\n                        <a href=\"https:\/\/ford-sachsen.de\/html\/page\/fahrzeuge\/ford-puma-titanium-navi-digitales-cockpit-led-el-hec\/\" title=\"Ford Puma Titanium Navi Digitales Cockpit LED El. Hec\">\n                            <img loading=\"lazy\" decoding=\"async\" width=\"300\" height=\"225\" src=\"https:\/\/ford-sachsen.de\/html\/page\/wp-content\/uploads\/2026\/05\/4746370-69f53f03f1db0b966a76d-ca36-4ea3-918c-4d59f869d314-rule-mo-1600-300x225.jpg\" class=\"attachment-medium size-medium wp-post-image\" alt=\"\" srcset=\"https:\/\/ford-sachsen.de\/html\/page\/wp-content\/uploads\/2026\/05\/4746370-69f53f03f1db0b966a76d-ca36-4ea3-918c-4d59f869d314-rule-mo-1600-300x225.jpg 300w, https:\/\/ford-sachsen.de\/html\/page\/wp-content\/uploads\/2026\/05\/4746370-69f53f03f1db0b966a76d-ca36-4ea3-918c-4d59f869d314-rule-mo-1600-1024x768.jpg 1024w, https:\/\/ford-sachsen.de\/html\/page\/wp-content\/uploads\/2026\/05\/4746370-69f53f03f1db0b966a76d-ca36-4ea3-918c-4d59f869d314-rule-mo-1600-768x576.jpg 768w, https:\/\/ford-sachsen.de\/html\/page\/wp-content\/uploads\/2026\/05\/4746370-69f53f03f1db0b966a76d-ca36-4ea3-918c-4d59f869d314-rule-mo-1600.jpg 1440w\" sizes=\"(max-width: 300px) 100vw, 300px\" \/>                        <\/a>\n                    <\/div>\n                    <div class=\"vehicle-data\">\n                                                    <small>\n                                                                01.2025                                \u00b7\n                            <\/small>\n                                                                            <small>\n                                2.650 km\n                            <\/small>\n                                                                            <small>\n                                \u00b7\n                                92 kW\n                                                                (\n                                125 PS)\n                            <\/small>\n                                                                            <small>\n                                \u00b7\n                                Schaltgetriebe                            <\/small>\n                                                                            <small>\n                                \u00b7\n                                Unfallfrei                            <\/small>\n                        \n                                                    <small>\n                                \u00b7\n                                Benzin                            <\/small>\n                                                                                                                            <small>\n                                \u00b7\n                                4\/5 T\u00fcren\n                            <\/small>\n                                                <ul class=\"vehicle-emission\">\n                                                 <span>Verbrauch komb.: \n                                    6.0                                 l\/100km<\/span><br>\n                                                                                \n                                       \n  <!-- CO2-Emissionen\t-->\n                                            <span>CO\u2082-Emissionen komb.: 135.0                                 g\/km<\/span><br>\n                                        <!-- CO2-Emissionen\t-->\n                   \n \n                         <span>CO\u2082-Klasse: \n                                    D                                <\/span><br>\n                    \n\n\n                <\/ul>\n\n                    <\/div>\n\n                    <div class=\"vehicle-price\">\n                                                    <div itemprop=\"priceSpecification\" itemscope itemtype=\"http:\/\/schema.org\/UnitPriceSpecification\">\n                                <meta itemprop=\"priceCurrency\" content=\"EUR\">\n                                <meta itemprop=\"price\" content=\"22.990\">\n                                <strong>\n                                    22.990 \u20ac (Brutto)\n                                <\/strong><br><small>\n                                    Inkl. 19% MwSt.                                <\/small>\n                            <\/div>\n                                                <br>\n                        <a href=\"https:\/\/ford-sachsen.de\/html\/page\/fahrzeuge\/ford-puma-titanium-navi-digitales-cockpit-led-el-hec\/\"\n                            class=\"vehicle-btn wp-block-button__link wp-element-button\">Details<\/a>\n                    <\/div>\n                <\/div> <!-- \/\/ vehicle-row -->\n               \n            <\/article>\n                        <article id=\"post-4746368\" class=\"vehicle\">\n                <hgroup>\n                    <a href=\"https:\/\/ford-sachsen.de\/html\/page\/fahrzeuge\/ford-puma-titanium-navi-digitales-cockpit-led-apple-c\/\">\n                        <h2 class=\"vehicle-title\">\n                            Ford Puma Titanium Navi digitales Cockpit LED Apple C                        <\/h2>\n\n                    <\/a>\n                <\/hgroup>\n                <span class=\"vehicle-addition\">\n                    <p>\n                        SUV\/Gel\u00e4ndewagen\/Pickup ,\n                        Gebrauchtfahrzeug                    <\/p>\n                <\/span>\n                <div class=\"vehicle-row\">\n                    <div class=\"vehicle-thumbnail\">\n                        <a href=\"https:\/\/ford-sachsen.de\/html\/page\/fahrzeuge\/ford-puma-titanium-navi-digitales-cockpit-led-apple-c\/\" title=\"Ford Puma Titanium Navi digitales Cockpit LED Apple C\">\n                            <img loading=\"lazy\" decoding=\"async\" width=\"300\" height=\"225\" src=\"https:\/\/ford-sachsen.de\/html\/page\/wp-content\/uploads\/2026\/05\/4746368-69f53f01c939c1b7b22c9-fea9-4315-bdd6-009c13f9fb69-rule-mo-1600-300x225.jpg\" class=\"attachment-medium size-medium wp-post-image\" alt=\"\" srcset=\"https:\/\/ford-sachsen.de\/html\/page\/wp-content\/uploads\/2026\/05\/4746368-69f53f01c939c1b7b22c9-fea9-4315-bdd6-009c13f9fb69-rule-mo-1600-300x225.jpg 300w, https:\/\/ford-sachsen.de\/html\/page\/wp-content\/uploads\/2026\/05\/4746368-69f53f01c939c1b7b22c9-fea9-4315-bdd6-009c13f9fb69-rule-mo-1600-1024x768.jpg 1024w, https:\/\/ford-sachsen.de\/html\/page\/wp-content\/uploads\/2026\/05\/4746368-69f53f01c939c1b7b22c9-fea9-4315-bdd6-009c13f9fb69-rule-mo-1600-768x576.jpg 768w, https:\/\/ford-sachsen.de\/html\/page\/wp-content\/uploads\/2026\/05\/4746368-69f53f01c939c1b7b22c9-fea9-4315-bdd6-009c13f9fb69-rule-mo-1600.jpg 1440w\" sizes=\"(max-width: 300px) 100vw, 300px\" \/>                        <\/a>\n                    <\/div>\n                    <div class=\"vehicle-data\">\n                                                    <small>\n                                                                01.2025                                \u00b7\n                            <\/small>\n                                                                            <small>\n                                2.650 km\n                            <\/small>\n                                                                            <small>\n                                \u00b7\n                                92 kW\n                                                                (\n                                125 PS)\n                            <\/small>\n                                                                            <small>\n                                \u00b7\n                                Schaltgetriebe                            <\/small>\n                                                                            <small>\n                                \u00b7\n                                Unfallfrei                            <\/small>\n                        \n                                                    <small>\n                                \u00b7\n                                Benzin                            <\/small>\n                                                                                                                            <small>\n                                \u00b7\n                                4\/5 T\u00fcren\n                            <\/small>\n                                                <ul class=\"vehicle-emission\">\n                                                 <span>Verbrauch komb.: \n                                    6.0                                 l\/100km<\/span><br>\n                                                                                \n                                       \n  <!-- CO2-Emissionen\t-->\n                                            <span>CO\u2082-Emissionen komb.: 135.0                                 g\/km<\/span><br>\n                                        <!-- CO2-Emissionen\t-->\n                   \n \n                         <span>CO\u2082-Klasse: \n                                    D                                <\/span><br>\n                    \n\n\n                <\/ul>\n\n                    <\/div>\n\n                    <div class=\"vehicle-price\">\n                                                    <div itemprop=\"priceSpecification\" itemscope itemtype=\"http:\/\/schema.org\/UnitPriceSpecification\">\n                                <meta itemprop=\"priceCurrency\" content=\"EUR\">\n                                <meta itemprop=\"price\" content=\"22.690\">\n                                <strong>\n                                    22.690 \u20ac (Brutto)\n                                <\/strong><br><small>\n                                    Inkl. 19% MwSt.                                <\/small>\n                            <\/div>\n                                                <br>\n                        <a href=\"https:\/\/ford-sachsen.de\/html\/page\/fahrzeuge\/ford-puma-titanium-navi-digitales-cockpit-led-apple-c\/\"\n                            class=\"vehicle-btn wp-block-button__link wp-element-button\">Details<\/a>\n                    <\/div>\n                <\/div> <!-- \/\/ vehicle-row -->\n               \n            <\/article>\n                        <article id=\"post-4746366\" class=\"vehicle\">\n                <hgroup>\n                    <a href=\"https:\/\/ford-sachsen.de\/html\/page\/fahrzeuge\/ford-focus-st-line-ledwinterkomfort-paket\/\">\n                        <h2 class=\"vehicle-title\">\n                            Ford Focus ST-Line LED+WINTER&amp;KOMFORT PAKET                        <\/h2>\n\n                    <\/a>\n                <\/hgroup>\n                <span class=\"vehicle-addition\">\n                    <p>\n                        Limousine ,\n                        Gebrauchtfahrzeug                    <\/p>\n                <\/span>\n                <div class=\"vehicle-row\">\n                    <div class=\"vehicle-thumbnail\">\n                        <a href=\"https:\/\/ford-sachsen.de\/html\/page\/fahrzeuge\/ford-focus-st-line-ledwinterkomfort-paket\/\" title=\"Ford Focus ST-Line LED+WINTER&amp;KOMFORT PAKET\">\n                            <img loading=\"lazy\" decoding=\"async\" width=\"300\" height=\"225\" src=\"https:\/\/ford-sachsen.de\/html\/page\/wp-content\/uploads\/2026\/05\/4746366-69f53effd04679a8385af-97c7-47f8-8ee9-109c9ae49dfc-rule-mo-1600-300x225.jpg\" class=\"attachment-medium size-medium wp-post-image\" alt=\"\" srcset=\"https:\/\/ford-sachsen.de\/html\/page\/wp-content\/uploads\/2026\/05\/4746366-69f53effd04679a8385af-97c7-47f8-8ee9-109c9ae49dfc-rule-mo-1600-300x225.jpg 300w, https:\/\/ford-sachsen.de\/html\/page\/wp-content\/uploads\/2026\/05\/4746366-69f53effd04679a8385af-97c7-47f8-8ee9-109c9ae49dfc-rule-mo-1600-1024x768.jpg 1024w, https:\/\/ford-sachsen.de\/html\/page\/wp-content\/uploads\/2026\/05\/4746366-69f53effd04679a8385af-97c7-47f8-8ee9-109c9ae49dfc-rule-mo-1600-768x576.jpg 768w, https:\/\/ford-sachsen.de\/html\/page\/wp-content\/uploads\/2026\/05\/4746366-69f53effd04679a8385af-97c7-47f8-8ee9-109c9ae49dfc-rule-mo-1600.jpg 1440w\" sizes=\"(max-width: 300px) 100vw, 300px\" \/>                        <\/a>\n                    <\/div>\n                    <div class=\"vehicle-data\">\n                                                    <small>\n                                                                12.2020                                \u00b7\n                            <\/small>\n                                                                            <small>\n                                71.867 km\n                            <\/small>\n                                                                            <small>\n                                \u00b7\n                                92 kW\n                                                                (\n                                125 PS)\n                            <\/small>\n                                                                            <small>\n                                \u00b7\n                                Schaltgetriebe                            <\/small>\n                                                                            <small>\n                                \u00b7\n                                Unfallfrei                            <\/small>\n                        \n                                                    <small>\n                                \u00b7\n                                Benzin                            <\/small>\n                                                                                                                            <small>\n                                \u00b7\n                                4\/5 T\u00fcren\n                            <\/small>\n                                                <ul class=\"vehicle-emission\">\n                                                                                     \n                                       \n  <!-- CO2-Emissionen\t-->\n                                        <!-- CO2-Emissionen\t-->\n                   \n \n \n\n\n                <\/ul>\n\n                    <\/div>\n\n                    <div class=\"vehicle-price\">\n                                                    <div itemprop=\"priceSpecification\" itemscope itemtype=\"http:\/\/schema.org\/UnitPriceSpecification\">\n                                <meta itemprop=\"priceCurrency\" content=\"EUR\">\n                                <meta itemprop=\"price\" content=\"15.290\">\n                                <strong>\n                                    15.290 \u20ac (Brutto)\n                                <\/strong><br><small>\n                                    Inkl. 19% MwSt.                                <\/small>\n                            <\/div>\n                                                <br>\n                        <a href=\"https:\/\/ford-sachsen.de\/html\/page\/fahrzeuge\/ford-focus-st-line-ledwinterkomfort-paket\/\"\n                            class=\"vehicle-btn wp-block-button__link wp-element-button\">Details<\/a>\n                    <\/div>\n                <\/div> <!-- \/\/ vehicle-row -->\n               \n            <\/article>\n                        <article id=\"post-4746364\" class=\"vehicle\">\n                <hgroup>\n                    <a href=\"https:\/\/ford-sachsen.de\/html\/page\/fahrzeuge\/ford-focus-turnier-titanium-edition-lednavitempomat\/\">\n                        <h2 class=\"vehicle-title\">\n                            Ford Focus Turnier Titanium Edition LED+NAVI+TEMPOMAT                        <\/h2>\n\n                    <\/a>\n                <\/hgroup>\n                <span class=\"vehicle-addition\">\n                    <p>\n                        Kombi ,\n                        Gebrauchtfahrzeug                    <\/p>\n                <\/span>\n                <div class=\"vehicle-row\">\n                    <div class=\"vehicle-thumbnail\">\n                        <a href=\"https:\/\/ford-sachsen.de\/html\/page\/fahrzeuge\/ford-focus-turnier-titanium-edition-lednavitempomat\/\" title=\"Ford Focus Turnier Titanium Edition LED+NAVI+TEMPOMAT\">\n                            <img loading=\"lazy\" decoding=\"async\" width=\"300\" height=\"225\" src=\"https:\/\/ford-sachsen.de\/html\/page\/wp-content\/uploads\/2026\/05\/4746364-69f53efdb2fb48d90e046-ba62-4516-a7b6-f55f76e00e93-rule-mo-1600-300x225.jpg\" class=\"attachment-medium size-medium wp-post-image\" alt=\"\" srcset=\"https:\/\/ford-sachsen.de\/html\/page\/wp-content\/uploads\/2026\/05\/4746364-69f53efdb2fb48d90e046-ba62-4516-a7b6-f55f76e00e93-rule-mo-1600-300x225.jpg 300w, https:\/\/ford-sachsen.de\/html\/page\/wp-content\/uploads\/2026\/05\/4746364-69f53efdb2fb48d90e046-ba62-4516-a7b6-f55f76e00e93-rule-mo-1600-1024x768.jpg 1024w, https:\/\/ford-sachsen.de\/html\/page\/wp-content\/uploads\/2026\/05\/4746364-69f53efdb2fb48d90e046-ba62-4516-a7b6-f55f76e00e93-rule-mo-1600-768x576.jpg 768w, https:\/\/ford-sachsen.de\/html\/page\/wp-content\/uploads\/2026\/05\/4746364-69f53efdb2fb48d90e046-ba62-4516-a7b6-f55f76e00e93-rule-mo-1600.jpg 1440w\" sizes=\"(max-width: 300px) 100vw, 300px\" \/>                        <\/a>\n                    <\/div>\n                    <div class=\"vehicle-data\">\n                                                    <small>\n                                                                11.2024                                \u00b7\n                            <\/small>\n                                                                            <small>\n                                9.000 km\n                            <\/small>\n                                                                            <small>\n                                \u00b7\n                                85 kW\n                                                                (\n                                116 PS)\n                            <\/small>\n                                                                            <small>\n                                \u00b7\n                                Automatik                            <\/small>\n                                                                            <small>\n                                \u00b7\n                                Unfallfrei                            <\/small>\n                        \n                                                    <small>\n                                \u00b7\n                                Diesel                            <\/small>\n                                                                                                                            <small>\n                                \u00b7\n                                4\/5 T\u00fcren\n                            <\/small>\n                                                <ul class=\"vehicle-emission\">\n                                                 <span>Verbrauch komb.: \n                                    5.0                                 l\/100km<\/span><br>\n                                                                                \n                                       \n  <!-- CO2-Emissionen\t-->\n                                            <span>CO\u2082-Emissionen komb.: 132.0                                 g\/km<\/span><br>\n                                        <!-- CO2-Emissionen\t-->\n                   \n \n                         <span>CO\u2082-Klasse: \n                                    D                                <\/span><br>\n                    \n\n\n                <\/ul>\n\n                    <\/div>\n\n                    <div class=\"vehicle-price\">\n                                                    <div itemprop=\"priceSpecification\" itemscope itemtype=\"http:\/\/schema.org\/UnitPriceSpecification\">\n                                <meta itemprop=\"priceCurrency\" content=\"EUR\">\n                                <meta itemprop=\"price\" content=\"27.790\">\n                                <strong>\n                                    27.790 \u20ac (Brutto)\n                                <\/strong><br><small>\n                                    Inkl. 19% MwSt.                                <\/small>\n                            <\/div>\n                                                <br>\n                        <a href=\"https:\/\/ford-sachsen.de\/html\/page\/fahrzeuge\/ford-focus-turnier-titanium-edition-lednavitempomat\/\"\n                            class=\"vehicle-btn wp-block-button__link wp-element-button\">Details<\/a>\n                    <\/div>\n                <\/div> <!-- \/\/ vehicle-row -->\n               \n            <\/article>\n                        <article id=\"post-4746362\" class=\"vehicle\">\n                <hgroup>\n                    <a href=\"https:\/\/ford-sachsen.de\/html\/page\/fahrzeuge\/mitsubishi-colt-plus-inkl-ahk-schw-winterkomplettraeder-al\/\">\n                        <h2 class=\"vehicle-title\">\n                            Mitsubishi Colt Plus inkl. AHK schw. Winterkomplettr\u00e4der Al                        <\/h2>\n\n                    <\/a>\n                <\/hgroup>\n                <span class=\"vehicle-addition\">\n                    <p>\n                        Limousine ,\n                        Gebrauchtfahrzeug                    <\/p>\n                <\/span>\n                <div class=\"vehicle-row\">\n                    <div class=\"vehicle-thumbnail\">\n                        <a href=\"https:\/\/ford-sachsen.de\/html\/page\/fahrzeuge\/mitsubishi-colt-plus-inkl-ahk-schw-winterkomplettraeder-al\/\" title=\"Mitsubishi Colt Plus inkl. AHK schw. Winterkomplettr\u00e4der Al\">\n                            <img loading=\"lazy\" decoding=\"async\" width=\"300\" height=\"225\" src=\"https:\/\/ford-sachsen.de\/html\/page\/wp-content\/uploads\/2026\/05\/4746362-69f53efba9b4b1272498a-19a3-4f52-82ed-3aa3889cb866-rule-mo-1600-300x225.jpg\" class=\"attachment-medium size-medium wp-post-image\" alt=\"\" srcset=\"https:\/\/ford-sachsen.de\/html\/page\/wp-content\/uploads\/2026\/05\/4746362-69f53efba9b4b1272498a-19a3-4f52-82ed-3aa3889cb866-rule-mo-1600-300x225.jpg 300w, https:\/\/ford-sachsen.de\/html\/page\/wp-content\/uploads\/2026\/05\/4746362-69f53efba9b4b1272498a-19a3-4f52-82ed-3aa3889cb866-rule-mo-1600-1024x768.jpg 1024w, https:\/\/ford-sachsen.de\/html\/page\/wp-content\/uploads\/2026\/05\/4746362-69f53efba9b4b1272498a-19a3-4f52-82ed-3aa3889cb866-rule-mo-1600-768x576.jpg 768w, https:\/\/ford-sachsen.de\/html\/page\/wp-content\/uploads\/2026\/05\/4746362-69f53efba9b4b1272498a-19a3-4f52-82ed-3aa3889cb866-rule-mo-1600.jpg 1440w\" sizes=\"(max-width: 300px) 100vw, 300px\" \/>                        <\/a>\n                    <\/div>\n                    <div class=\"vehicle-data\">\n                                                    <small>\n                                                                12.2025                                \u00b7\n                            <\/small>\n                                                                            <small>\n                                2.650 km\n                            <\/small>\n                                                                            <small>\n                                \u00b7\n                                67 kW\n                                                                (\n                                91 PS)\n                            <\/small>\n                                                                            <small>\n                                \u00b7\n                                Schaltgetriebe                            <\/small>\n                                                                            <small>\n                                \u00b7\n                                Unfallfrei                            <\/small>\n                        \n                                                    <small>\n                                \u00b7\n                                Benzin                            <\/small>\n                                                                                                                            <small>\n                                \u00b7\n                                4\/5 T\u00fcren\n                            <\/small>\n                                                <ul class=\"vehicle-emission\">\n                                                 <span>Verbrauch komb.: \n                                    5.2                                 l\/100km<\/span><br>\n                                                                                \n                                       \n  <!-- CO2-Emissionen\t-->\n                                            <span>CO\u2082-Emissionen komb.: 118.0                                 g\/km<\/span><br>\n                                        <!-- CO2-Emissionen\t-->\n                   \n \n                         <span>CO\u2082-Klasse: \n                                    D                                <\/span><br>\n                    \n\n\n                <\/ul>\n\n                    <\/div>\n\n                    <div class=\"vehicle-price\">\n                                                    <div itemprop=\"priceSpecification\" itemscope itemtype=\"http:\/\/schema.org\/UnitPriceSpecification\">\n                                <meta itemprop=\"priceCurrency\" content=\"EUR\">\n                                <meta itemprop=\"price\" content=\"21.290\">\n                                <strong>\n                                    21.290 \u20ac (Brutto)\n                                <\/strong><br><small>\n                                    Inkl. 19% MwSt.                                <\/small>\n                            <\/div>\n                                                <br>\n                        <a href=\"https:\/\/ford-sachsen.de\/html\/page\/fahrzeuge\/mitsubishi-colt-plus-inkl-ahk-schw-winterkomplettraeder-al\/\"\n                            class=\"vehicle-btn wp-block-button__link wp-element-button\">Details<\/a>\n                    <\/div>\n                <\/div> <!-- \/\/ vehicle-row -->\n               \n            <\/article>\n                        <article id=\"post-4746360\" class=\"vehicle\">\n                <hgroup>\n                    <a href=\"https:\/\/ford-sachsen.de\/html\/page\/fahrzeuge\/ford-tourneo-courier-active-dachkontrastfarbe-schwarz\/\">\n                        <h2 class=\"vehicle-title\">\n                            Ford Tourneo Courier Active DACHKONTRASTFARBE SCHWARZ                        <\/h2>\n\n                    <\/a>\n                <\/hgroup>\n                <span class=\"vehicle-addition\">\n                    <p>\n                        Van\/Minibus ,\n                        Gebrauchtfahrzeug                    <\/p>\n                <\/span>\n                <div class=\"vehicle-row\">\n                    <div class=\"vehicle-thumbnail\">\n                        <a href=\"https:\/\/ford-sachsen.de\/html\/page\/fahrzeuge\/ford-tourneo-courier-active-dachkontrastfarbe-schwarz\/\" title=\"Ford Tourneo Courier Active DACHKONTRASTFARBE SCHWARZ\">\n                            <img loading=\"lazy\" decoding=\"async\" width=\"300\" height=\"225\" src=\"https:\/\/ford-sachsen.de\/html\/page\/wp-content\/uploads\/2026\/05\/4746360-69f53ef9b7452272b1342-0cf1-4689-8c4a-387380979119-rule-mo-1600-300x225.jpg\" class=\"attachment-medium size-medium wp-post-image\" alt=\"\" srcset=\"https:\/\/ford-sachsen.de\/html\/page\/wp-content\/uploads\/2026\/05\/4746360-69f53ef9b7452272b1342-0cf1-4689-8c4a-387380979119-rule-mo-1600-300x225.jpg 300w, https:\/\/ford-sachsen.de\/html\/page\/wp-content\/uploads\/2026\/05\/4746360-69f53ef9b7452272b1342-0cf1-4689-8c4a-387380979119-rule-mo-1600-1024x768.jpg 1024w, https:\/\/ford-sachsen.de\/html\/page\/wp-content\/uploads\/2026\/05\/4746360-69f53ef9b7452272b1342-0cf1-4689-8c4a-387380979119-rule-mo-1600-768x576.jpg 768w, https:\/\/ford-sachsen.de\/html\/page\/wp-content\/uploads\/2026\/05\/4746360-69f53ef9b7452272b1342-0cf1-4689-8c4a-387380979119-rule-mo-1600.jpg 1440w\" sizes=\"(max-width: 300px) 100vw, 300px\" \/>                        <\/a>\n                    <\/div>\n                    <div class=\"vehicle-data\">\n                                                    <small>\n                                                                12.2024                                \u00b7\n                            <\/small>\n                                                                            <small>\n                                18.000 km\n                            <\/small>\n                                                                            <small>\n                                \u00b7\n                                92 kW\n                                                                (\n                                125 PS)\n                            <\/small>\n                                                                            <small>\n                                \u00b7\n                                Automatik                            <\/small>\n                                                                            <small>\n                                \u00b7\n                                Unfallfrei                            <\/small>\n                        \n                                                    <small>\n                                \u00b7\n                                Benzin                            <\/small>\n                                                                                                                            <small>\n                                \u00b7\n                                4\/5 T\u00fcren\n                            <\/small>\n                                                <ul class=\"vehicle-emission\">\n                                                 <span>Verbrauch komb.: \n                                    7.3                                 l\/100km<\/span><br>\n                                                                                \n                                       \n  <!-- CO2-Emissionen\t-->\n                                            <span>CO\u2082-Emissionen komb.: 167.0                                 g\/km<\/span><br>\n                                        <!-- CO2-Emissionen\t-->\n                   \n \n                         <span>CO\u2082-Klasse: \n                                    F                                <\/span><br>\n                    \n\n\n                <\/ul>\n\n                    <\/div>\n\n                    <div class=\"vehicle-price\">\n                                                    <div itemprop=\"priceSpecification\" itemscope itemtype=\"http:\/\/schema.org\/UnitPriceSpecification\">\n                                <meta itemprop=\"priceCurrency\" content=\"EUR\">\n                                <meta itemprop=\"price\" content=\"24.990\">\n                                <strong>\n                                    24.990 \u20ac (Brutto)\n                                <\/strong><br><small>\n                                    Inkl. 19% MwSt.                                <\/small>\n                            <\/div>\n                                                <br>\n                        <a href=\"https:\/\/ford-sachsen.de\/html\/page\/fahrzeuge\/ford-tourneo-courier-active-dachkontrastfarbe-schwarz\/\"\n                            class=\"vehicle-btn wp-block-button__link wp-element-button\">Details<\/a>\n                    <\/div>\n                <\/div> <!-- \/\/ vehicle-row -->\n               \n            <\/article>\n                        <article id=\"post-4746358\" class=\"vehicle\">\n                <hgroup>\n                    <a href=\"https:\/\/ford-sachsen.de\/html\/page\/fahrzeuge\/ford-ecosport-cool-connect-navilenkradheizungklim\/\">\n                        <h2 class=\"vehicle-title\">\n                            Ford EcoSport Cool &amp; Connect NAVI+LENKRADHEIZUNG+KLIM                        <\/h2>\n\n                    <\/a>\n                <\/hgroup>\n                <span class=\"vehicle-addition\">\n                    <p>\n                        SUV\/Gel\u00e4ndewagen\/Pickup ,\n                        Gebrauchtfahrzeug                    <\/p>\n                <\/span>\n                <div class=\"vehicle-row\">\n                    <div class=\"vehicle-thumbnail\">\n                        <a href=\"https:\/\/ford-sachsen.de\/html\/page\/fahrzeuge\/ford-ecosport-cool-connect-navilenkradheizungklim\/\" title=\"Ford EcoSport Cool &amp; Connect NAVI+LENKRADHEIZUNG+KLIM\">\n                            <img loading=\"lazy\" decoding=\"async\" width=\"300\" height=\"225\" src=\"https:\/\/ford-sachsen.de\/html\/page\/wp-content\/uploads\/2026\/05\/4746358-69f53ef7d581c739cf405-7c0a-4789-863f-bb9dfc16eca5-rule-mo-1600-300x225.jpg\" class=\"attachment-medium size-medium wp-post-image\" alt=\"\" srcset=\"https:\/\/ford-sachsen.de\/html\/page\/wp-content\/uploads\/2026\/05\/4746358-69f53ef7d581c739cf405-7c0a-4789-863f-bb9dfc16eca5-rule-mo-1600-300x225.jpg 300w, https:\/\/ford-sachsen.de\/html\/page\/wp-content\/uploads\/2026\/05\/4746358-69f53ef7d581c739cf405-7c0a-4789-863f-bb9dfc16eca5-rule-mo-1600-1024x768.jpg 1024w, https:\/\/ford-sachsen.de\/html\/page\/wp-content\/uploads\/2026\/05\/4746358-69f53ef7d581c739cf405-7c0a-4789-863f-bb9dfc16eca5-rule-mo-1600-768x576.jpg 768w, https:\/\/ford-sachsen.de\/html\/page\/wp-content\/uploads\/2026\/05\/4746358-69f53ef7d581c739cf405-7c0a-4789-863f-bb9dfc16eca5-rule-mo-1600.jpg 1440w\" sizes=\"(max-width: 300px) 100vw, 300px\" \/>                        <\/a>\n                    <\/div>\n                    <div class=\"vehicle-data\">\n                                                    <small>\n                                                                07.2018                                \u00b7\n                            <\/small>\n                                                                            <small>\n                                42.500 km\n                            <\/small>\n                                                                            <small>\n                                \u00b7\n                                92 kW\n                                                                (\n                                125 PS)\n                            <\/small>\n                                                                            <small>\n                                \u00b7\n                                Schaltgetriebe                            <\/small>\n                                                                            <small>\n                                \u00b7\n                                Unfallfrei                            <\/small>\n                        \n                                                    <small>\n                                \u00b7\n                                Benzin                            <\/small>\n                                                                                                                            <small>\n                                \u00b7\n                                4\/5 T\u00fcren\n                            <\/small>\n                                                <ul class=\"vehicle-emission\">\n                                                                                     \n                                       \n  <!-- CO2-Emissionen\t-->\n                                        <!-- CO2-Emissionen\t-->\n                   \n \n \n\n\n                <\/ul>\n\n                    <\/div>\n\n                    <div class=\"vehicle-price\">\n                                                    <div itemprop=\"priceSpecification\" itemscope itemtype=\"http:\/\/schema.org\/UnitPriceSpecification\">\n                                <meta itemprop=\"priceCurrency\" content=\"EUR\">\n                                <meta itemprop=\"price\" content=\"11.990\">\n                                <strong>\n                                    11.990 \u20ac (Brutto)\n                                <\/strong><br><small>\n                                    MwSt. nicht ausweisbar                                <\/small>\n                            <\/div>\n                                                <br>\n                        <a href=\"https:\/\/ford-sachsen.de\/html\/page\/fahrzeuge\/ford-ecosport-cool-connect-navilenkradheizungklim\/\"\n                            class=\"vehicle-btn wp-block-button__link wp-element-button\">Details<\/a>\n                    <\/div>\n                <\/div> <!-- \/\/ vehicle-row -->\n               \n            <\/article>\n                        <article id=\"post-4746356\" class=\"vehicle\">\n                <hgroup>\n                    <a href=\"https:\/\/ford-sachsen.de\/html\/page\/fahrzeuge\/ford-focus-titanium-turnier-gjrbo-soundledel-heck\/\">\n                        <h2 class=\"vehicle-title\">\n                            Ford Focus Titanium Turnier GJR+B&amp;O SOUND+LED+EL.HECK                        <\/h2>\n\n                    <\/a>\n                <\/hgroup>\n                <span class=\"vehicle-addition\">\n                    <p>\n                        Kombi ,\n                        Gebrauchtfahrzeug                    <\/p>\n                <\/span>\n                <div class=\"vehicle-row\">\n                    <div class=\"vehicle-thumbnail\">\n                        <a href=\"https:\/\/ford-sachsen.de\/html\/page\/fahrzeuge\/ford-focus-titanium-turnier-gjrbo-soundledel-heck\/\" title=\"Ford Focus Titanium Turnier GJR+B&amp;O SOUND+LED+EL.HECK\">\n                            <img loading=\"lazy\" decoding=\"async\" width=\"300\" height=\"225\" src=\"https:\/\/ford-sachsen.de\/html\/page\/wp-content\/uploads\/2026\/05\/4746356-69f53ef5c6065a40ea8ca-9ce8-400c-962c-8e63dc3521df-rule-mo-1600-300x225.jpg\" class=\"attachment-medium size-medium wp-post-image\" alt=\"\" srcset=\"https:\/\/ford-sachsen.de\/html\/page\/wp-content\/uploads\/2026\/05\/4746356-69f53ef5c6065a40ea8ca-9ce8-400c-962c-8e63dc3521df-rule-mo-1600-300x225.jpg 300w, https:\/\/ford-sachsen.de\/html\/page\/wp-content\/uploads\/2026\/05\/4746356-69f53ef5c6065a40ea8ca-9ce8-400c-962c-8e63dc3521df-rule-mo-1600-1024x768.jpg 1024w, https:\/\/ford-sachsen.de\/html\/page\/wp-content\/uploads\/2026\/05\/4746356-69f53ef5c6065a40ea8ca-9ce8-400c-962c-8e63dc3521df-rule-mo-1600-768x576.jpg 768w, https:\/\/ford-sachsen.de\/html\/page\/wp-content\/uploads\/2026\/05\/4746356-69f53ef5c6065a40ea8ca-9ce8-400c-962c-8e63dc3521df-rule-mo-1600.jpg 1440w\" sizes=\"(max-width: 300px) 100vw, 300px\" \/>                        <\/a>\n                    <\/div>\n                    <div class=\"vehicle-data\">\n                                                    <small>\n                                                                12.2018                                \u00b7\n                            <\/small>\n                                                                            <small>\n                                45.436 km\n                            <\/small>\n                                                                            <small>\n                                \u00b7\n                                92 kW\n                                                                (\n                                125 PS)\n                            <\/small>\n                                                                            <small>\n                                \u00b7\n                                Schaltgetriebe                            <\/small>\n                                                                            <small>\n                                \u00b7\n                                Unfallfrei                            <\/small>\n                        \n                                                    <small>\n                                \u00b7\n                                Benzin                            <\/small>\n                                                                                                                            <small>\n                                \u00b7\n                                4\/5 T\u00fcren\n                            <\/small>\n                                                <ul class=\"vehicle-emission\">\n                                                                                     \n                                       \n  <!-- CO2-Emissionen\t-->\n                                        <!-- CO2-Emissionen\t-->\n                   \n \n \n\n\n                <\/ul>\n\n                    <\/div>\n\n                    <div class=\"vehicle-price\">\n                                                    <div itemprop=\"priceSpecification\" itemscope itemtype=\"http:\/\/schema.org\/UnitPriceSpecification\">\n                                <meta itemprop=\"priceCurrency\" content=\"EUR\">\n                                <meta itemprop=\"price\" content=\"14.590\">\n                                <strong>\n                                    14.590 \u20ac (Brutto)\n                                <\/strong><br><small>\n                                    MwSt. nicht ausweisbar                                <\/small>\n                            <\/div>\n                                                <br>\n                        <a href=\"https:\/\/ford-sachsen.de\/html\/page\/fahrzeuge\/ford-focus-titanium-turnier-gjrbo-soundledel-heck\/\"\n                            class=\"vehicle-btn wp-block-button__link wp-element-button\">Details<\/a>\n                    <\/div>\n                <\/div> <!-- \/\/ vehicle-row -->\n               \n            <\/article>\n                        <article id=\"post-4746354\" class=\"vehicle\">\n                <hgroup>\n                    <a href=\"https:\/\/ford-sachsen.de\/html\/page\/fahrzeuge\/ford-tourneo-courier-trend-vorfuehrwagen-rueckfahrkam\/\">\n                        <h2 class=\"vehicle-title\">\n                            Ford Tourneo Courier Trend *Vorf\u00fchrwagen* R\u00dcCKFAHRKAM                        <\/h2>\n\n                    <\/a>\n                <\/hgroup>\n                <span class=\"vehicle-addition\">\n                    <p>\n                        Van\/Minibus ,\n                        Gebrauchtfahrzeug                    <\/p>\n                <\/span>\n                <div class=\"vehicle-row\">\n                    <div class=\"vehicle-thumbnail\">\n                        <a href=\"https:\/\/ford-sachsen.de\/html\/page\/fahrzeuge\/ford-tourneo-courier-trend-vorfuehrwagen-rueckfahrkam\/\" title=\"Ford Tourneo Courier Trend *Vorf\u00fchrwagen* R\u00dcCKFAHRKAM\">\n                            <img loading=\"lazy\" decoding=\"async\" width=\"300\" height=\"225\" src=\"https:\/\/ford-sachsen.de\/html\/page\/wp-content\/uploads\/2026\/05\/4746354-69f53ef3501d9cd792e94-7fa6-4b07-ba2f-8dbd44efe2c3-rule-mo-1600-300x225.jpg\" class=\"attachment-medium size-medium wp-post-image\" alt=\"\" srcset=\"https:\/\/ford-sachsen.de\/html\/page\/wp-content\/uploads\/2026\/05\/4746354-69f53ef3501d9cd792e94-7fa6-4b07-ba2f-8dbd44efe2c3-rule-mo-1600-300x225.jpg 300w, https:\/\/ford-sachsen.de\/html\/page\/wp-content\/uploads\/2026\/05\/4746354-69f53ef3501d9cd792e94-7fa6-4b07-ba2f-8dbd44efe2c3-rule-mo-1600-1024x768.jpg 1024w, https:\/\/ford-sachsen.de\/html\/page\/wp-content\/uploads\/2026\/05\/4746354-69f53ef3501d9cd792e94-7fa6-4b07-ba2f-8dbd44efe2c3-rule-mo-1600-768x576.jpg 768w, https:\/\/ford-sachsen.de\/html\/page\/wp-content\/uploads\/2026\/05\/4746354-69f53ef3501d9cd792e94-7fa6-4b07-ba2f-8dbd44efe2c3-rule-mo-1600.jpg 1440w\" sizes=\"(max-width: 300px) 100vw, 300px\" \/>                        <\/a>\n                    <\/div>\n                    <div class=\"vehicle-data\">\n                                                    <small>\n                                                                08.2024                                \u00b7\n                            <\/small>\n                                                                            <small>\n                                10.000 km\n                            <\/small>\n                                                                            <small>\n                                \u00b7\n                                92 kW\n                                                                (\n                                125 PS)\n                            <\/small>\n                                                                            <small>\n                                \u00b7\n                                Schaltgetriebe                            <\/small>\n                                                                            <small>\n                                \u00b7\n                                Unfallfrei                            <\/small>\n                        \n                                                    <small>\n                                \u00b7\n                                Benzin                            <\/small>\n                                                                                                                            <small>\n                                \u00b7\n                                4\/5 T\u00fcren\n                            <\/small>\n                                                <ul class=\"vehicle-emission\">\n                                                 <span>Verbrauch komb.: \n                                    7.0                                 l\/100km<\/span><br>\n                                                                                \n                                       \n  <!-- CO2-Emissionen\t-->\n                                            <span>CO\u2082-Emissionen komb.: 159.0                                 g\/km<\/span><br>\n                                        <!-- CO2-Emissionen\t-->\n                   \n \n                         <span>CO\u2082-Klasse: \n                                    F                                <\/span><br>\n                    \n\n\n                <\/ul>\n\n                    <\/div>\n\n                    <div class=\"vehicle-price\">\n                                                    <div itemprop=\"priceSpecification\" itemscope itemtype=\"http:\/\/schema.org\/UnitPriceSpecification\">\n                                <meta itemprop=\"priceCurrency\" content=\"EUR\">\n                                <meta itemprop=\"price\" content=\"22.990\">\n                                <strong>\n                                    22.990 \u20ac (Brutto)\n                                <\/strong><br><small>\n                                    Inkl. 19% MwSt.                                <\/small>\n                            <\/div>\n                                                <br>\n                        <a href=\"https:\/\/ford-sachsen.de\/html\/page\/fahrzeuge\/ford-tourneo-courier-trend-vorfuehrwagen-rueckfahrkam\/\"\n                            class=\"vehicle-btn wp-block-button__link wp-element-button\">Details<\/a>\n                    <\/div>\n                <\/div> <!-- \/\/ vehicle-row -->\n               \n            <\/article>\n                        <article id=\"post-4746352\" class=\"vehicle\">\n                <hgroup>\n                    <a href=\"https:\/\/ford-sachsen.de\/html\/page\/fahrzeuge\/ford-focus-st-line-design-edition-ledkey-freeindukt\/\">\n                        <h2 class=\"vehicle-title\">\n                            Ford Focus ST-Line Design Edition LED+KEY-FREE+INDUKT                        <\/h2>\n\n                    <\/a>\n                <\/hgroup>\n                <span class=\"vehicle-addition\">\n                    <p>\n                        Limousine ,\n                        Gebrauchtfahrzeug                    <\/p>\n                <\/span>\n                <div class=\"vehicle-row\">\n                    <div class=\"vehicle-thumbnail\">\n                        <a href=\"https:\/\/ford-sachsen.de\/html\/page\/fahrzeuge\/ford-focus-st-line-design-edition-ledkey-freeindukt\/\" title=\"Ford Focus ST-Line Design Edition LED+KEY-FREE+INDUKT\">\n                            <img loading=\"lazy\" decoding=\"async\" width=\"300\" height=\"225\" src=\"https:\/\/ford-sachsen.de\/html\/page\/wp-content\/uploads\/2026\/05\/4746352-69f53ef0bad61d14fc635-304a-418c-8227-f13d7ed249b8-rule-mo-1600-300x225.jpg\" class=\"attachment-medium size-medium wp-post-image\" alt=\"\" srcset=\"https:\/\/ford-sachsen.de\/html\/page\/wp-content\/uploads\/2026\/05\/4746352-69f53ef0bad61d14fc635-304a-418c-8227-f13d7ed249b8-rule-mo-1600-300x225.jpg 300w, https:\/\/ford-sachsen.de\/html\/page\/wp-content\/uploads\/2026\/05\/4746352-69f53ef0bad61d14fc635-304a-418c-8227-f13d7ed249b8-rule-mo-1600-1024x768.jpg 1024w, https:\/\/ford-sachsen.de\/html\/page\/wp-content\/uploads\/2026\/05\/4746352-69f53ef0bad61d14fc635-304a-418c-8227-f13d7ed249b8-rule-mo-1600-768x576.jpg 768w, https:\/\/ford-sachsen.de\/html\/page\/wp-content\/uploads\/2026\/05\/4746352-69f53ef0bad61d14fc635-304a-418c-8227-f13d7ed249b8-rule-mo-1600.jpg 1440w\" sizes=\"(max-width: 300px) 100vw, 300px\" \/>                        <\/a>\n                    <\/div>\n                    <div class=\"vehicle-data\">\n                                                    <small>\n                                                                01.2023                                \u00b7\n                            <\/small>\n                                                                            <small>\n                                21.350 km\n                            <\/small>\n                                                                            <small>\n                                \u00b7\n                                92 kW\n                                                                (\n                                125 PS)\n                            <\/small>\n                                                                            <small>\n                                \u00b7\n                                Schaltgetriebe                            <\/small>\n                                                                            <small>\n                                \u00b7\n                                Unfallfrei                            <\/small>\n                        \n                                                    <small>\n                                \u00b7\n                                Benzin                            <\/small>\n                                                                                                                            <small>\n                                \u00b7\n                                4\/5 T\u00fcren\n                            <\/small>\n                                                <ul class=\"vehicle-emission\">\n                                                 <span>Verbrauch komb.: \n                                    6.1                                 l\/100km<\/span><br>\n                                                                                \n                                       \n  <!-- CO2-Emissionen\t-->\n                                            <span>CO\u2082-Emissionen komb.: 138.0                                 g\/km<\/span><br>\n                                        <!-- CO2-Emissionen\t-->\n                   \n \n                         <span>CO\u2082-Klasse: \n                                    E                                <\/span><br>\n                    \n\n\n                <\/ul>\n\n                    <\/div>\n\n                    <div class=\"vehicle-price\">\n                                                    <div itemprop=\"priceSpecification\" itemscope itemtype=\"http:\/\/schema.org\/UnitPriceSpecification\">\n                                <meta itemprop=\"priceCurrency\" content=\"EUR\">\n                                <meta itemprop=\"price\" content=\"22.490\">\n                                <strong>\n                                    22.490 \u20ac (Brutto)\n                                <\/strong><br><small>\n                                    Inkl. 19% MwSt.                                <\/small>\n                            <\/div>\n                                                <br>\n                        <a href=\"https:\/\/ford-sachsen.de\/html\/page\/fahrzeuge\/ford-focus-st-line-design-edition-ledkey-freeindukt\/\"\n                            class=\"vehicle-btn wp-block-button__link wp-element-button\">Details<\/a>\n                    <\/div>\n                <\/div> <!-- \/\/ vehicle-row -->\n               \n            <\/article>\n                        <article id=\"post-4746350\" class=\"vehicle\">\n                <hgroup>\n                    <a href=\"https:\/\/ford-sachsen.de\/html\/page\/fahrzeuge\/ford-puma-st-line-tageszulassungauffahrwarnungnavi\/\">\n                        <h2 class=\"vehicle-title\">\n                            Ford Puma ST-Line *TAGESZULASSUNG*AUFFAHRWARNUNG+NAVI                        <\/h2>\n\n                    <\/a>\n                <\/hgroup>\n                <span class=\"vehicle-addition\">\n                    <p>\n                        SUV\/Gel\u00e4ndewagen\/Pickup ,\n                        Gebrauchtfahrzeug                    <\/p>\n                <\/span>\n                <div class=\"vehicle-row\">\n                    <div class=\"vehicle-thumbnail\">\n                        <a href=\"https:\/\/ford-sachsen.de\/html\/page\/fahrzeuge\/ford-puma-st-line-tageszulassungauffahrwarnungnavi\/\" title=\"Ford Puma ST-Line *TAGESZULASSUNG*AUFFAHRWARNUNG+NAVI\">\n                            <img loading=\"lazy\" decoding=\"async\" width=\"300\" height=\"225\" src=\"https:\/\/ford-sachsen.de\/html\/page\/wp-content\/uploads\/2026\/05\/4746350-69f53eee1f73f74067f44-1b8d-4bbc-9949-d899cfe312d8-rule-mo-1600-300x225.jpg\" class=\"attachment-medium size-medium wp-post-image\" alt=\"\" srcset=\"https:\/\/ford-sachsen.de\/html\/page\/wp-content\/uploads\/2026\/05\/4746350-69f53eee1f73f74067f44-1b8d-4bbc-9949-d899cfe312d8-rule-mo-1600-300x225.jpg 300w, https:\/\/ford-sachsen.de\/html\/page\/wp-content\/uploads\/2026\/05\/4746350-69f53eee1f73f74067f44-1b8d-4bbc-9949-d899cfe312d8-rule-mo-1600-1024x768.jpg 1024w, https:\/\/ford-sachsen.de\/html\/page\/wp-content\/uploads\/2026\/05\/4746350-69f53eee1f73f74067f44-1b8d-4bbc-9949-d899cfe312d8-rule-mo-1600-768x576.jpg 768w, https:\/\/ford-sachsen.de\/html\/page\/wp-content\/uploads\/2026\/05\/4746350-69f53eee1f73f74067f44-1b8d-4bbc-9949-d899cfe312d8-rule-mo-1600.jpg 1440w\" sizes=\"(max-width: 300px) 100vw, 300px\" \/>                        <\/a>\n                    <\/div>\n                    <div class=\"vehicle-data\">\n                                                    <small>\n                                                                08.2024                                \u00b7\n                            <\/small>\n                                                                            <small>\n                                6.000 km\n                            <\/small>\n                                                                            <small>\n                                \u00b7\n                                92 kW\n                                                                (\n                                125 PS)\n                            <\/small>\n                                                                            <small>\n                                \u00b7\n                                Schaltgetriebe                            <\/small>\n                                                                            <small>\n                                \u00b7\n                                Unfallfrei                            <\/small>\n                        \n                                                    <small>\n                                \u00b7\n                                Benzin                            <\/small>\n                                                                                                                            <small>\n                                \u00b7\n                                4\/5 T\u00fcren\n                            <\/small>\n                                                <ul class=\"vehicle-emission\">\n                                                 <span>Verbrauch komb.: \n                                    6.0                                 l\/100km<\/span><br>\n                                                                                \n                                       \n  <!-- CO2-Emissionen\t-->\n                                            <span>CO\u2082-Emissionen komb.: 135.0                                 g\/km<\/span><br>\n                                        <!-- CO2-Emissionen\t-->\n                   \n \n                         <span>CO\u2082-Klasse: \n                                    D                                <\/span><br>\n                    \n\n\n                <\/ul>\n\n                    <\/div>\n\n                    <div class=\"vehicle-price\">\n                                                    <div itemprop=\"priceSpecification\" itemscope itemtype=\"http:\/\/schema.org\/UnitPriceSpecification\">\n                                <meta itemprop=\"priceCurrency\" content=\"EUR\">\n                                <meta itemprop=\"price\" content=\"21.990\">\n                                <strong>\n                                    21.990 \u20ac (Brutto)\n                                <\/strong><br><small>\n                                    Inkl. 19% MwSt.                                <\/small>\n                            <\/div>\n                                                <br>\n                        <a href=\"https:\/\/ford-sachsen.de\/html\/page\/fahrzeuge\/ford-puma-st-line-tageszulassungauffahrwarnungnavi\/\"\n                            class=\"vehicle-btn wp-block-button__link wp-element-button\">Details<\/a>\n                    <\/div>\n                <\/div> <!-- \/\/ vehicle-row -->\n               \n            <\/article>\n                        <article id=\"post-4746348\" class=\"vehicle\">\n                <hgroup>\n                    <a href=\"https:\/\/ford-sachsen.de\/html\/page\/fahrzeuge\/ford-kuga-plug-in-hybrid-titanium-x-hudadaptive-led\/\">\n                        <h2 class=\"vehicle-title\">\n                            Ford Kuga Plug-In Hybrid Titanium X HUD+ADAPTIVE LED+                        <\/h2>\n\n                    <\/a>\n                <\/hgroup>\n                <span class=\"vehicle-addition\">\n                    <p>\n                        SUV\/Gel\u00e4ndewagen\/Pickup ,\n                        Gebrauchtfahrzeug                    <\/p>\n                <\/span>\n                <div class=\"vehicle-row\">\n                    <div class=\"vehicle-thumbnail\">\n                        <a href=\"https:\/\/ford-sachsen.de\/html\/page\/fahrzeuge\/ford-kuga-plug-in-hybrid-titanium-x-hudadaptive-led\/\" title=\"Ford Kuga Plug-In Hybrid Titanium X HUD+ADAPTIVE LED+\">\n                            <img loading=\"lazy\" decoding=\"async\" width=\"300\" height=\"225\" src=\"https:\/\/ford-sachsen.de\/html\/page\/wp-content\/uploads\/2026\/05\/4746348-69f53eec100d8ece29a23-2e12-4461-8c74-09d03503abea-rule-mo-1600-300x225.jpg\" class=\"attachment-medium size-medium wp-post-image\" alt=\"\" srcset=\"https:\/\/ford-sachsen.de\/html\/page\/wp-content\/uploads\/2026\/05\/4746348-69f53eec100d8ece29a23-2e12-4461-8c74-09d03503abea-rule-mo-1600-300x225.jpg 300w, https:\/\/ford-sachsen.de\/html\/page\/wp-content\/uploads\/2026\/05\/4746348-69f53eec100d8ece29a23-2e12-4461-8c74-09d03503abea-rule-mo-1600-1024x768.jpg 1024w, https:\/\/ford-sachsen.de\/html\/page\/wp-content\/uploads\/2026\/05\/4746348-69f53eec100d8ece29a23-2e12-4461-8c74-09d03503abea-rule-mo-1600-768x576.jpg 768w, https:\/\/ford-sachsen.de\/html\/page\/wp-content\/uploads\/2026\/05\/4746348-69f53eec100d8ece29a23-2e12-4461-8c74-09d03503abea-rule-mo-1600.jpg 1440w\" sizes=\"(max-width: 300px) 100vw, 300px\" \/>                        <\/a>\n                    <\/div>\n                    <div class=\"vehicle-data\">\n                                                    <small>\n                                                                09.2022                                \u00b7\n                            <\/small>\n                                                                            <small>\n                                3.743 km\n                            <\/small>\n                                                                            <small>\n                                \u00b7\n                                165 kW\n                                                                (\n                                224 PS)\n                            <\/small>\n                                                                            <small>\n                                \u00b7\n                                Automatik                            <\/small>\n                                                                            <small>\n                                \u00b7\n                                Unfallfrei                            <\/small>\n                        \n                                                    <small>\n                                \u00b7\n                                Plug-in-Hybrid                            <\/small>\n                                                                                                                            <small>\n                                \u00b7\n                                4\/5 T\u00fcren\n                            <\/small>\n                                                <ul class=\"vehicle-emission\">\n                                                 <span>Verbrauch komb.: \n                                    1.3                                 l\/100km<\/span><br>\n                                                                                \n                                       \n  <!-- CO2-Emissionen\t-->\n                                            <span>CO\u2082-Emissionen komb.: 29.0                                 g\/km<\/span><br>\n                                        <!-- CO2-Emissionen\t-->\n                   \n \n                         <span>CO\u2082-Klasse: \n                                    B                                <\/span><br>\n                    \n\n\n                <\/ul>\n\n                    <\/div>\n\n                    <div class=\"vehicle-price\">\n                                                    <div itemprop=\"priceSpecification\" itemscope itemtype=\"http:\/\/schema.org\/UnitPriceSpecification\">\n                                <meta itemprop=\"priceCurrency\" content=\"EUR\">\n                                <meta itemprop=\"price\" content=\"23.950\">\n                                <strong>\n                                    23.950 \u20ac (Brutto)\n                                <\/strong><br><small>\n                                    MwSt. nicht ausweisbar                                <\/small>\n                            <\/div>\n                                                <br>\n                        <a href=\"https:\/\/ford-sachsen.de\/html\/page\/fahrzeuge\/ford-kuga-plug-in-hybrid-titanium-x-hudadaptive-led\/\"\n                            class=\"vehicle-btn wp-block-button__link wp-element-button\">Details<\/a>\n                    <\/div>\n                <\/div> <!-- \/\/ vehicle-row -->\n               \n            <\/article>\n                        <article id=\"post-4746346\" class=\"vehicle\">\n                <hgroup>\n                    <a href=\"https:\/\/ford-sachsen.de\/html\/page\/fahrzeuge\/ford-kuga-plug-in-hybrid-vignale-hudledacctwafals\/\">\n                        <h2 class=\"vehicle-title\">\n                            Ford Kuga Plug-In Hybrid Vignale HUD+LED+ACC+TWA+FALS                        <\/h2>\n\n                    <\/a>\n                <\/hgroup>\n                <span class=\"vehicle-addition\">\n                    <p>\n                        SUV\/Gel\u00e4ndewagen\/Pickup ,\n                        Gebrauchtfahrzeug                    <\/p>\n                <\/span>\n                <div class=\"vehicle-row\">\n                    <div class=\"vehicle-thumbnail\">\n                        <a href=\"https:\/\/ford-sachsen.de\/html\/page\/fahrzeuge\/ford-kuga-plug-in-hybrid-vignale-hudledacctwafals\/\" title=\"Ford Kuga Plug-In Hybrid Vignale HUD+LED+ACC+TWA+FALS\">\n                            <img loading=\"lazy\" decoding=\"async\" width=\"300\" height=\"225\" src=\"https:\/\/ford-sachsen.de\/html\/page\/wp-content\/uploads\/2026\/05\/4746346-69f53eea1ff82192697aa-3f43-4833-9288-5a8dd2dde90b-rule-mo-1600-300x225.jpg\" class=\"attachment-medium size-medium wp-post-image\" alt=\"\" srcset=\"https:\/\/ford-sachsen.de\/html\/page\/wp-content\/uploads\/2026\/05\/4746346-69f53eea1ff82192697aa-3f43-4833-9288-5a8dd2dde90b-rule-mo-1600-300x225.jpg 300w, https:\/\/ford-sachsen.de\/html\/page\/wp-content\/uploads\/2026\/05\/4746346-69f53eea1ff82192697aa-3f43-4833-9288-5a8dd2dde90b-rule-mo-1600-1024x768.jpg 1024w, https:\/\/ford-sachsen.de\/html\/page\/wp-content\/uploads\/2026\/05\/4746346-69f53eea1ff82192697aa-3f43-4833-9288-5a8dd2dde90b-rule-mo-1600-768x576.jpg 768w, https:\/\/ford-sachsen.de\/html\/page\/wp-content\/uploads\/2026\/05\/4746346-69f53eea1ff82192697aa-3f43-4833-9288-5a8dd2dde90b-rule-mo-1600.jpg 1440w\" sizes=\"(max-width: 300px) 100vw, 300px\" \/>                        <\/a>\n                    <\/div>\n                    <div class=\"vehicle-data\">\n                                                    <small>\n                                                                06.2021                                \u00b7\n                            <\/small>\n                                                                            <small>\n                                40.000 km\n                            <\/small>\n                                                                            <small>\n                                \u00b7\n                                165 kW\n                                                                (\n                                224 PS)\n                            <\/small>\n                                                                            <small>\n                                \u00b7\n                                Automatik                            <\/small>\n                                                                            <small>\n                                \u00b7\n                                Unfallfrei                            <\/small>\n                        \n                                                    <small>\n                                \u00b7\n                                Plug-in-Hybrid                            <\/small>\n                                                                                                                            <small>\n                                \u00b7\n                                4\/5 T\u00fcren\n                            <\/small>\n                                                <ul class=\"vehicle-emission\">\n                                                                                     \n                                       \n  <!-- CO2-Emissionen\t-->\n                                        <!-- CO2-Emissionen\t-->\n                   \n \n \n\n\n                <\/ul>\n\n                    <\/div>\n\n                    <div class=\"vehicle-price\">\n                                                    <div itemprop=\"priceSpecification\" itemscope itemtype=\"http:\/\/schema.org\/UnitPriceSpecification\">\n                                <meta itemprop=\"priceCurrency\" content=\"EUR\">\n                                <meta itemprop=\"price\" content=\"24.390\">\n                                <strong>\n                                    24.390 \u20ac (Brutto)\n                                <\/strong><br><small>\n                                    Inkl. 19% MwSt.                                <\/small>\n                            <\/div>\n                                                <br>\n                        <a href=\"https:\/\/ford-sachsen.de\/html\/page\/fahrzeuge\/ford-kuga-plug-in-hybrid-vignale-hudledacctwafals\/\"\n                            class=\"vehicle-btn wp-block-button__link wp-element-button\">Details<\/a>\n                    <\/div>\n                <\/div> <!-- \/\/ vehicle-row -->\n               \n            <\/article>\n                        <article id=\"post-4746344\" class=\"vehicle\">\n                <hgroup>\n                    <a href=\"https:\/\/ford-sachsen.de\/html\/page\/fahrzeuge\/ford-mustang-5-0-v8-gt-convertible-magneridelednavi\/\">\n                        <h2 class=\"vehicle-title\">\n                            Ford Mustang 5.0 V8 GT Convertible MagneRide+LED+NAVI                        <\/h2>\n\n                    <\/a>\n                <\/hgroup>\n                <span class=\"vehicle-addition\">\n                    <p>\n                        Cabrio\/Roadster ,\n                        Gebrauchtfahrzeug                    <\/p>\n                <\/span>\n                <div class=\"vehicle-row\">\n                    <div class=\"vehicle-thumbnail\">\n                        <a href=\"https:\/\/ford-sachsen.de\/html\/page\/fahrzeuge\/ford-mustang-5-0-v8-gt-convertible-magneridelednavi\/\" title=\"Ford Mustang 5.0 V8 GT Convertible MagneRide+LED+NAVI\">\n                            <img loading=\"lazy\" decoding=\"async\" width=\"300\" height=\"225\" src=\"https:\/\/ford-sachsen.de\/html\/page\/wp-content\/uploads\/2026\/05\/4746344-69f53ee81a74547e9d6e9-a446-4797-82ef-10b6e4ec79c3-rule-mo-1600-300x225.jpg\" class=\"attachment-medium size-medium wp-post-image\" alt=\"\" srcset=\"https:\/\/ford-sachsen.de\/html\/page\/wp-content\/uploads\/2026\/05\/4746344-69f53ee81a74547e9d6e9-a446-4797-82ef-10b6e4ec79c3-rule-mo-1600-300x225.jpg 300w, https:\/\/ford-sachsen.de\/html\/page\/wp-content\/uploads\/2026\/05\/4746344-69f53ee81a74547e9d6e9-a446-4797-82ef-10b6e4ec79c3-rule-mo-1600-1024x768.jpg 1024w, https:\/\/ford-sachsen.de\/html\/page\/wp-content\/uploads\/2026\/05\/4746344-69f53ee81a74547e9d6e9-a446-4797-82ef-10b6e4ec79c3-rule-mo-1600-768x576.jpg 768w, https:\/\/ford-sachsen.de\/html\/page\/wp-content\/uploads\/2026\/05\/4746344-69f53ee81a74547e9d6e9-a446-4797-82ef-10b6e4ec79c3-rule-mo-1600.jpg 1440w\" sizes=\"(max-width: 300px) 100vw, 300px\" \/>                        <\/a>\n                    <\/div>\n                    <div class=\"vehicle-data\">\n                                                    <small>\n                                                                05.2024                                \u00b7\n                            <\/small>\n                                                                            <small>\n                                11.907 km\n                            <\/small>\n                                                                            <small>\n                                \u00b7\n                                328 kW\n                                                                (\n                                446 PS)\n                            <\/small>\n                                                                            <small>\n                                \u00b7\n                                Automatik                            <\/small>\n                                                                            <small>\n                                \u00b7\n                                Unfallfrei                            <\/small>\n                        \n                                                    <small>\n                                \u00b7\n                                Benzin                            <\/small>\n                                                                                                                            <small>\n                                \u00b7\n                                2\/3 T\u00fcren\n                            <\/small>\n                                                <ul class=\"vehicle-emission\">\n                                                 <span>Verbrauch komb.: \n                                    12.4                                 l\/100km<\/span><br>\n                                                                                \n                                       \n  <!-- CO2-Emissionen\t-->\n                                            <span>CO\u2082-Emissionen komb.: 282.0                                 g\/km<\/span><br>\n                                        <!-- CO2-Emissionen\t-->\n                   \n \n                         <span>CO\u2082-Klasse: \n                                    G                                <\/span><br>\n                    \n\n\n                <\/ul>\n\n                    <\/div>\n\n                    <div class=\"vehicle-price\">\n                                                    <div itemprop=\"priceSpecification\" itemscope itemtype=\"http:\/\/schema.org\/UnitPriceSpecification\">\n                                <meta itemprop=\"priceCurrency\" content=\"EUR\">\n                                <meta itemprop=\"price\" content=\"57.695\">\n                                <strong>\n                                    57.695 \u20ac (Brutto)\n                                <\/strong><br><small>\n                                    Inkl. 19% MwSt.                                <\/small>\n                            <\/div>\n                                                <br>\n                        <a href=\"https:\/\/ford-sachsen.de\/html\/page\/fahrzeuge\/ford-mustang-5-0-v8-gt-convertible-magneridelednavi\/\"\n                            class=\"vehicle-btn wp-block-button__link wp-element-button\">Details<\/a>\n                    <\/div>\n                <\/div> <!-- \/\/ vehicle-row -->\n               \n            <\/article>\n                        <article id=\"post-4746342\" class=\"vehicle\">\n                <hgroup>\n                    <a href=\"https:\/\/ford-sachsen.de\/html\/page\/fahrzeuge\/ford-kuga-phev-st-line-x-styling-paketwinter-paketf-2\/\">\n                        <h2 class=\"vehicle-title\">\n                            Ford Kuga PHEV ST-Line X STYLING-PAKET+WINTER-PAKET+F                        <\/h2>\n\n                    <\/a>\n                <\/hgroup>\n                <span class=\"vehicle-addition\">\n                    <p>\n                        SUV\/Gel\u00e4ndewagen\/Pickup ,\n                        Gebrauchtfahrzeug                    <\/p>\n                <\/span>\n                <div class=\"vehicle-row\">\n                    <div class=\"vehicle-thumbnail\">\n                        <a href=\"https:\/\/ford-sachsen.de\/html\/page\/fahrzeuge\/ford-kuga-phev-st-line-x-styling-paketwinter-paketf-2\/\" title=\"Ford Kuga PHEV ST-Line X STYLING-PAKET+WINTER-PAKET+F\">\n                            <img loading=\"lazy\" decoding=\"async\" width=\"300\" height=\"225\" src=\"https:\/\/ford-sachsen.de\/html\/page\/wp-content\/uploads\/2026\/05\/4746342-69f53ee5f12c5a37fc290-350b-431d-87f0-ee04cc84773f-rule-mo-1600-300x225.jpg\" class=\"attachment-medium size-medium wp-post-image\" alt=\"\" srcset=\"https:\/\/ford-sachsen.de\/html\/page\/wp-content\/uploads\/2026\/05\/4746342-69f53ee5f12c5a37fc290-350b-431d-87f0-ee04cc84773f-rule-mo-1600-300x225.jpg 300w, https:\/\/ford-sachsen.de\/html\/page\/wp-content\/uploads\/2026\/05\/4746342-69f53ee5f12c5a37fc290-350b-431d-87f0-ee04cc84773f-rule-mo-1600-1024x768.jpg 1024w, https:\/\/ford-sachsen.de\/html\/page\/wp-content\/uploads\/2026\/05\/4746342-69f53ee5f12c5a37fc290-350b-431d-87f0-ee04cc84773f-rule-mo-1600-768x576.jpg 768w, https:\/\/ford-sachsen.de\/html\/page\/wp-content\/uploads\/2026\/05\/4746342-69f53ee5f12c5a37fc290-350b-431d-87f0-ee04cc84773f-rule-mo-1600.jpg 1440w\" sizes=\"(max-width: 300px) 100vw, 300px\" \/>                        <\/a>\n                    <\/div>\n                    <div class=\"vehicle-data\">\n                                                    <small>\n                                                                09.2023                                \u00b7\n                            <\/small>\n                                                                            <small>\n                                26.500 km\n                            <\/small>\n                                                                            <small>\n                                \u00b7\n                                165 kW\n                                                                (\n                                224 PS)\n                            <\/small>\n                                                                            <small>\n                                \u00b7\n                                Automatik                            <\/small>\n                                                                            <small>\n                                \u00b7\n                                Unfallfrei                            <\/small>\n                        \n                                                    <small>\n                                \u00b7\n                                Plug-in-Hybrid                            <\/small>\n                                                                                                                            <small>\n                                \u00b7\n                                4\/5 T\u00fcren\n                            <\/small>\n                                                <ul class=\"vehicle-emission\">\n                                                <span>Kraftstoffverbrauch gewichtet, kombiniert: \n                                    1.0                                 l\/100km<\/span><br>\n                                             <span>Verbrauch komb.: \n                                    5.6                                 l\/100km<\/span><br>\n                                                                <span>Stromverbrauch gewichtet, kombiniert: \n                                    14.9                                 kWh\/100km<\/span><br>\n                                                            \n                                       \n  <!-- CO2-Emissionen\t-->\n                                            <span>CO\u2082-Emissionen komb.: 29.0                                 g\/km<\/span><br>\n                                        <!-- CO2-Emissionen\t-->\n                   \n \n                         <span>CO\u2082-Klasse: \n                                    B                                <\/span><br>\n                    \n\n\n                <\/ul>\n\n                    <\/div>\n\n                    <div class=\"vehicle-price\">\n                                                    <div itemprop=\"priceSpecification\" itemscope itemtype=\"http:\/\/schema.org\/UnitPriceSpecification\">\n                                <meta itemprop=\"priceCurrency\" content=\"EUR\">\n                                <meta itemprop=\"price\" content=\"27.490\">\n                                <strong>\n                                    27.490 \u20ac (Brutto)\n                                <\/strong><br><small>\n                                    Inkl. 19% MwSt.                                <\/small>\n                            <\/div>\n                                                <br>\n                        <a href=\"https:\/\/ford-sachsen.de\/html\/page\/fahrzeuge\/ford-kuga-phev-st-line-x-styling-paketwinter-paketf-2\/\"\n                            class=\"vehicle-btn wp-block-button__link wp-element-button\">Details<\/a>\n                    <\/div>\n                <\/div> <!-- \/\/ vehicle-row -->\n               \n            <\/article>\n                        <article id=\"post-4746340\" class=\"vehicle\">\n                <hgroup>\n                    <a href=\"https:\/\/ford-sachsen.de\/html\/page\/fahrzeuge\/ford-tourneo-courier-active-klimaautomatikwinter-pak-2\/\">\n                        <h2 class=\"vehicle-title\">\n                            Ford Tourneo Courier Active KLIMAAUTOMATIK+WINTER-PAK                        <\/h2>\n\n                    <\/a>\n                <\/hgroup>\n                <span class=\"vehicle-addition\">\n                    <p>\n                        Van\/Minibus ,\n                        Gebrauchtfahrzeug                    <\/p>\n                <\/span>\n                <div class=\"vehicle-row\">\n                    <div class=\"vehicle-thumbnail\">\n                        <a href=\"https:\/\/ford-sachsen.de\/html\/page\/fahrzeuge\/ford-tourneo-courier-active-klimaautomatikwinter-pak-2\/\" title=\"Ford Tourneo Courier Active KLIMAAUTOMATIK+WINTER-PAK\">\n                            <img loading=\"lazy\" decoding=\"async\" width=\"300\" height=\"225\" src=\"https:\/\/ford-sachsen.de\/html\/page\/wp-content\/uploads\/2026\/05\/4746340-69f53ee3ee17be8f77453-3c42-4196-830c-c21fc9586603-rule-mo-1600-300x225.jpg\" class=\"attachment-medium size-medium wp-post-image\" alt=\"\" srcset=\"https:\/\/ford-sachsen.de\/html\/page\/wp-content\/uploads\/2026\/05\/4746340-69f53ee3ee17be8f77453-3c42-4196-830c-c21fc9586603-rule-mo-1600-300x225.jpg 300w, https:\/\/ford-sachsen.de\/html\/page\/wp-content\/uploads\/2026\/05\/4746340-69f53ee3ee17be8f77453-3c42-4196-830c-c21fc9586603-rule-mo-1600-1024x768.jpg 1024w, https:\/\/ford-sachsen.de\/html\/page\/wp-content\/uploads\/2026\/05\/4746340-69f53ee3ee17be8f77453-3c42-4196-830c-c21fc9586603-rule-mo-1600-768x576.jpg 768w, https:\/\/ford-sachsen.de\/html\/page\/wp-content\/uploads\/2026\/05\/4746340-69f53ee3ee17be8f77453-3c42-4196-830c-c21fc9586603-rule-mo-1600.jpg 1440w\" sizes=\"(max-width: 300px) 100vw, 300px\" \/>                        <\/a>\n                    <\/div>\n                    <div class=\"vehicle-data\">\n                                                    <small>\n                                                                04.2024                                \u00b7\n                            <\/small>\n                                                                            <small>\n                                14.500 km\n                            <\/small>\n                                                                            <small>\n                                \u00b7\n                                92 kW\n                                                                (\n                                125 PS)\n                            <\/small>\n                                                                            <small>\n                                \u00b7\n                                Automatik                            <\/small>\n                                                                            <small>\n                                \u00b7\n                                Unfallfrei                            <\/small>\n                        \n                                                    <small>\n                                \u00b7\n                                Benzin                            <\/small>\n                                                                                                                            <small>\n                                \u00b7\n                                4\/5 T\u00fcren\n                            <\/small>\n                                                <ul class=\"vehicle-emission\">\n                                                 <span>Verbrauch komb.: \n                                    7.3                                 l\/100km<\/span><br>\n                                                                                \n                                       \n  <!-- CO2-Emissionen\t-->\n                                            <span>CO\u2082-Emissionen komb.: 167.0                                 g\/km<\/span><br>\n                                        <!-- CO2-Emissionen\t-->\n                   \n \n                         <span>CO\u2082-Klasse: \n                                    F                                <\/span><br>\n                    \n\n\n                <\/ul>\n\n                    <\/div>\n\n                    <div class=\"vehicle-price\">\n                                                    <div itemprop=\"priceSpecification\" itemscope itemtype=\"http:\/\/schema.org\/UnitPriceSpecification\">\n                                <meta itemprop=\"priceCurrency\" content=\"EUR\">\n                                <meta itemprop=\"price\" content=\"23.990\">\n                                <strong>\n                                    23.990 \u20ac (Brutto)\n                                <\/strong><br><small>\n                                    Inkl. 19% MwSt.                                <\/small>\n                            <\/div>\n                                                <br>\n                        <a href=\"https:\/\/ford-sachsen.de\/html\/page\/fahrzeuge\/ford-tourneo-courier-active-klimaautomatikwinter-pak-2\/\"\n                            class=\"vehicle-btn wp-block-button__link wp-element-button\">Details<\/a>\n                    <\/div>\n                <\/div> <!-- \/\/ vehicle-row -->\n               \n            <\/article>\n                        <article id=\"post-4746338\" class=\"vehicle\">\n                <hgroup>\n                    <a href=\"https:\/\/ford-sachsen.de\/html\/page\/fahrzeuge\/ford-puma-st-line-gjrwinterkomfort-paketscheibentoe-2\/\">\n                        <h2 class=\"vehicle-title\">\n                            Ford Puma ST-Line GJR+WINTER&amp;KOMFORT-PAKET+SCHEIBENT\u00d6                        <\/h2>\n\n                    <\/a>\n                <\/hgroup>\n                <span class=\"vehicle-addition\">\n                    <p>\n                        SUV\/Gel\u00e4ndewagen\/Pickup ,\n                        Gebrauchtfahrzeug                    <\/p>\n                <\/span>\n                <div class=\"vehicle-row\">\n                    <div class=\"vehicle-thumbnail\">\n                        <a href=\"https:\/\/ford-sachsen.de\/html\/page\/fahrzeuge\/ford-puma-st-line-gjrwinterkomfort-paketscheibentoe-2\/\" title=\"Ford Puma ST-Line GJR+WINTER&amp;KOMFORT-PAKET+SCHEIBENT\u00d6\">\n                            <img loading=\"lazy\" decoding=\"async\" width=\"300\" height=\"225\" src=\"https:\/\/ford-sachsen.de\/html\/page\/wp-content\/uploads\/2026\/05\/4746338-69f53ee20986577379b5b-b98e-4aa0-a372-4c42883c478c-rule-mo-1600-300x225.jpg\" class=\"attachment-medium size-medium wp-post-image\" alt=\"\" srcset=\"https:\/\/ford-sachsen.de\/html\/page\/wp-content\/uploads\/2026\/05\/4746338-69f53ee20986577379b5b-b98e-4aa0-a372-4c42883c478c-rule-mo-1600-300x225.jpg 300w, https:\/\/ford-sachsen.de\/html\/page\/wp-content\/uploads\/2026\/05\/4746338-69f53ee20986577379b5b-b98e-4aa0-a372-4c42883c478c-rule-mo-1600-1024x768.jpg 1024w, https:\/\/ford-sachsen.de\/html\/page\/wp-content\/uploads\/2026\/05\/4746338-69f53ee20986577379b5b-b98e-4aa0-a372-4c42883c478c-rule-mo-1600-768x576.jpg 768w, https:\/\/ford-sachsen.de\/html\/page\/wp-content\/uploads\/2026\/05\/4746338-69f53ee20986577379b5b-b98e-4aa0-a372-4c42883c478c-rule-mo-1600.jpg 1440w\" sizes=\"(max-width: 300px) 100vw, 300px\" \/>                        <\/a>\n                    <\/div>\n                    <div class=\"vehicle-data\">\n                                                    <small>\n                                                                03.2024                                \u00b7\n                            <\/small>\n                                                                            <small>\n                                23.000 km\n                            <\/small>\n                                                                            <small>\n                                \u00b7\n                                92 kW\n                                                                (\n                                125 PS)\n                            <\/small>\n                                                                            <small>\n                                \u00b7\n                                Schaltgetriebe                            <\/small>\n                                                                            <small>\n                                \u00b7\n                                Unfallfrei                            <\/small>\n                        \n                                                    <small>\n                                \u00b7\n                                Benzin                            <\/small>\n                                                                                                                            <small>\n                                \u00b7\n                                4\/5 T\u00fcren\n                            <\/small>\n                                                <ul class=\"vehicle-emission\">\n                                                 <span>Verbrauch komb.: \n                                    6.0                                 l\/100km<\/span><br>\n                                                                                \n                                       \n  <!-- CO2-Emissionen\t-->\n                                            <span>CO\u2082-Emissionen komb.: 135.0                                 g\/km<\/span><br>\n                                        <!-- CO2-Emissionen\t-->\n                   \n \n                         <span>CO\u2082-Klasse: \n                                    D                                <\/span><br>\n                    \n\n\n                <\/ul>\n\n                    <\/div>\n\n                    <div class=\"vehicle-price\">\n                                                    <div itemprop=\"priceSpecification\" itemscope itemtype=\"http:\/\/schema.org\/UnitPriceSpecification\">\n                                <meta itemprop=\"priceCurrency\" content=\"EUR\">\n                                <meta itemprop=\"price\" content=\"19.590\">\n                                <strong>\n                                    19.590 \u20ac (Brutto)\n                                <\/strong><br><small>\n                                    Inkl. 19% MwSt.                                <\/small>\n                            <\/div>\n                                                <br>\n                        <a href=\"https:\/\/ford-sachsen.de\/html\/page\/fahrzeuge\/ford-puma-st-line-gjrwinterkomfort-paketscheibentoe-2\/\"\n                            class=\"vehicle-btn wp-block-button__link wp-element-button\">Details<\/a>\n                    <\/div>\n                <\/div> <!-- \/\/ vehicle-row -->\n               \n            <\/article>\n                        <article id=\"post-4746336\" class=\"vehicle\">\n                <hgroup>\n                    <a href=\"https:\/\/ford-sachsen.de\/html\/page\/fahrzeuge\/ford-mustang-mach-e-rwd-frische-preissenkung-techno-2\/\">\n                        <h2 class=\"vehicle-title\">\n                            Ford Mustang MACH-E RWD FRISCHE PREISSENKUNG \/ TECHNO                        <\/h2>\n\n                    <\/a>\n                <\/hgroup>\n                <span class=\"vehicle-addition\">\n                    <p>\n                        SUV\/Gel\u00e4ndewagen\/Pickup ,\n                        Gebrauchtfahrzeug                    <\/p>\n                <\/span>\n                <div class=\"vehicle-row\">\n                    <div class=\"vehicle-thumbnail\">\n                        <a href=\"https:\/\/ford-sachsen.de\/html\/page\/fahrzeuge\/ford-mustang-mach-e-rwd-frische-preissenkung-techno-2\/\" title=\"Ford Mustang MACH-E RWD FRISCHE PREISSENKUNG \/ TECHNO\">\n                            <img loading=\"lazy\" decoding=\"async\" width=\"300\" height=\"225\" src=\"https:\/\/ford-sachsen.de\/html\/page\/wp-content\/uploads\/2026\/05\/4746336-69f53ee01a52aef6701fb-f880-45fa-995d-7d694cb6409f-rule-mo-1600-300x225.jpg\" class=\"attachment-medium size-medium wp-post-image\" alt=\"\" srcset=\"https:\/\/ford-sachsen.de\/html\/page\/wp-content\/uploads\/2026\/05\/4746336-69f53ee01a52aef6701fb-f880-45fa-995d-7d694cb6409f-rule-mo-1600-300x225.jpg 300w, https:\/\/ford-sachsen.de\/html\/page\/wp-content\/uploads\/2026\/05\/4746336-69f53ee01a52aef6701fb-f880-45fa-995d-7d694cb6409f-rule-mo-1600-1024x768.jpg 1024w, https:\/\/ford-sachsen.de\/html\/page\/wp-content\/uploads\/2026\/05\/4746336-69f53ee01a52aef6701fb-f880-45fa-995d-7d694cb6409f-rule-mo-1600-768x576.jpg 768w, https:\/\/ford-sachsen.de\/html\/page\/wp-content\/uploads\/2026\/05\/4746336-69f53ee01a52aef6701fb-f880-45fa-995d-7d694cb6409f-rule-mo-1600.jpg 1440w\" sizes=\"(max-width: 300px) 100vw, 300px\" \/>                        <\/a>\n                    <\/div>\n                    <div class=\"vehicle-data\">\n                                                    <small>\n                                                                02.2024                                \u00b7\n                            <\/small>\n                                                                            <small>\n                                12.500 km\n                            <\/small>\n                                                                            <small>\n                                \u00b7\n                                198 kW\n                                                                (\n                                269 PS)\n                            <\/small>\n                                                                            <small>\n                                \u00b7\n                                Automatik                            <\/small>\n                                                                            <small>\n                                \u00b7\n                                Unfallfrei                            <\/small>\n                        \n                                                    <small>\n                                \u00b7\n                                Elektro                            <\/small>\n                                                                                                                            <small>\n                                \u00b7\n                                4\/5 T\u00fcren\n                            <\/small>\n                                                <ul class=\"vehicle-emission\">\n                                                                                     \n                                       \n  <!-- CO2-Emissionen\t-->\n                                            <span>CO\u2082-Emissionen komb.: 0.0                                 g\/km<\/span><br>\n                                        <!-- CO2-Emissionen\t-->\n                   \n \n                         <span>CO\u2082-Klasse: \n                                    A                                <\/span><br>\n                    \n\n\n                <\/ul>\n\n                    <\/div>\n\n                    <div class=\"vehicle-price\">\n                                                    <div itemprop=\"priceSpecification\" itemscope itemtype=\"http:\/\/schema.org\/UnitPriceSpecification\">\n                                <meta itemprop=\"priceCurrency\" content=\"EUR\">\n                                <meta itemprop=\"price\" content=\"37.490\">\n                                <strong>\n                                    37.490 \u20ac (Brutto)\n                                <\/strong><br><small>\n                                    Inkl. 19% MwSt.                                <\/small>\n                            <\/div>\n                                                <br>\n                        <a href=\"https:\/\/ford-sachsen.de\/html\/page\/fahrzeuge\/ford-mustang-mach-e-rwd-frische-preissenkung-techno-2\/\"\n                            class=\"vehicle-btn wp-block-button__link wp-element-button\">Details<\/a>\n                    <\/div>\n                <\/div> <!-- \/\/ vehicle-row -->\n               \n            <\/article>\n                        <article id=\"post-4746334\" class=\"vehicle\">\n                <hgroup>\n                    <a href=\"https:\/\/ford-sachsen.de\/html\/page\/fahrzeuge\/ford-focus-st-line-park-assistentnavidabtwaacc-t-2\/\">\n                        <h2 class=\"vehicle-title\">\n                            Ford Focus ST-Line PARK-ASSISTENT+NAVI+DAB+TWA+ACC *T                        <\/h2>\n\n                    <\/a>\n                <\/hgroup>\n                <span class=\"vehicle-addition\">\n                    <p>\n                        Limousine ,\n                        Gebrauchtfahrzeug                    <\/p>\n                <\/span>\n                <div class=\"vehicle-row\">\n                    <div class=\"vehicle-thumbnail\">\n                        <a href=\"https:\/\/ford-sachsen.de\/html\/page\/fahrzeuge\/ford-focus-st-line-park-assistentnavidabtwaacc-t-2\/\" title=\"Ford Focus ST-Line PARK-ASSISTENT+NAVI+DAB+TWA+ACC *T\">\n                            <img loading=\"lazy\" decoding=\"async\" width=\"300\" height=\"225\" src=\"https:\/\/ford-sachsen.de\/html\/page\/wp-content\/uploads\/2026\/05\/4746334-69f53ede198047ab8ae92-455e-44a8-a9fb-c6a38ef98a81-rule-mo-1600-300x225.jpg\" class=\"attachment-medium size-medium wp-post-image\" alt=\"\" srcset=\"https:\/\/ford-sachsen.de\/html\/page\/wp-content\/uploads\/2026\/05\/4746334-69f53ede198047ab8ae92-455e-44a8-a9fb-c6a38ef98a81-rule-mo-1600-300x225.jpg 300w, https:\/\/ford-sachsen.de\/html\/page\/wp-content\/uploads\/2026\/05\/4746334-69f53ede198047ab8ae92-455e-44a8-a9fb-c6a38ef98a81-rule-mo-1600-1024x768.jpg 1024w, https:\/\/ford-sachsen.de\/html\/page\/wp-content\/uploads\/2026\/05\/4746334-69f53ede198047ab8ae92-455e-44a8-a9fb-c6a38ef98a81-rule-mo-1600-768x576.jpg 768w, https:\/\/ford-sachsen.de\/html\/page\/wp-content\/uploads\/2026\/05\/4746334-69f53ede198047ab8ae92-455e-44a8-a9fb-c6a38ef98a81-rule-mo-1600.jpg 1440w\" sizes=\"(max-width: 300px) 100vw, 300px\" \/>                        <\/a>\n                    <\/div>\n                    <div class=\"vehicle-data\">\n                                                    <small>\n                                                                01.2024                                \u00b7\n                            <\/small>\n                                                                            <small>\n                                8.500 km\n                            <\/small>\n                                                                            <small>\n                                \u00b7\n                                92 kW\n                                                                (\n                                125 PS)\n                            <\/small>\n                                                                            <small>\n                                \u00b7\n                                Schaltgetriebe                            <\/small>\n                                                                            <small>\n                                \u00b7\n                                Unfallfrei                            <\/small>\n                        \n                                                    <small>\n                                \u00b7\n                                Benzin                            <\/small>\n                                                                                                                            <small>\n                                \u00b7\n                                4\/5 T\u00fcren\n                            <\/small>\n                                                <ul class=\"vehicle-emission\">\n                                                 <span>Verbrauch komb.: \n                                    6.1                                 l\/100km<\/span><br>\n                                                                                \n                                       \n  <!-- CO2-Emissionen\t-->\n                                            <span>CO\u2082-Emissionen komb.: 138.0                                 g\/km<\/span><br>\n                                        <!-- CO2-Emissionen\t-->\n                   \n \n                         <span>CO\u2082-Klasse: \n                                    E                                <\/span><br>\n                    \n\n\n                <\/ul>\n\n                    <\/div>\n\n                    <div class=\"vehicle-price\">\n                                                    <div itemprop=\"priceSpecification\" itemscope itemtype=\"http:\/\/schema.org\/UnitPriceSpecification\">\n                                <meta itemprop=\"priceCurrency\" content=\"EUR\">\n                                <meta itemprop=\"price\" content=\"22.590\">\n                                <strong>\n                                    22.590 \u20ac (Brutto)\n                                <\/strong><br><small>\n                                    Inkl. 19% MwSt.                                <\/small>\n                            <\/div>\n                                                <br>\n                        <a href=\"https:\/\/ford-sachsen.de\/html\/page\/fahrzeuge\/ford-focus-st-line-park-assistentnavidabtwaacc-t-2\/\"\n                            class=\"vehicle-btn wp-block-button__link wp-element-button\">Details<\/a>\n                    <\/div>\n                <\/div> <!-- \/\/ vehicle-row -->\n               \n            <\/article>\n                        <article id=\"post-4746332\" class=\"vehicle\">\n                <hgroup>\n                    <a href=\"https:\/\/ford-sachsen.de\/html\/page\/fahrzeuge\/ford-puma-design-titanium-ganzjahresreifenwinter-pak-2\/\">\n                        <h2 class=\"vehicle-title\">\n                            Ford Puma Design Titanium GANZJAHRESREIFEN+WINTER-PAK                        <\/h2>\n\n                    <\/a>\n                <\/hgroup>\n                <span class=\"vehicle-addition\">\n                    <p>\n                        SUV\/Gel\u00e4ndewagen\/Pickup ,\n                        Gebrauchtfahrzeug                    <\/p>\n                <\/span>\n                <div class=\"vehicle-row\">\n                    <div class=\"vehicle-thumbnail\">\n                        <a href=\"https:\/\/ford-sachsen.de\/html\/page\/fahrzeuge\/ford-puma-design-titanium-ganzjahresreifenwinter-pak-2\/\" title=\"Ford Puma Design Titanium GANZJAHRESREIFEN+WINTER-PAK\">\n                            <img loading=\"lazy\" decoding=\"async\" width=\"300\" height=\"225\" src=\"https:\/\/ford-sachsen.de\/html\/page\/wp-content\/uploads\/2026\/05\/4746332-69f53edc207af6c44af31-5967-47d7-9ed2-f64becc8766e-rule-mo-1600-300x225.jpg\" class=\"attachment-medium size-medium wp-post-image\" alt=\"\" srcset=\"https:\/\/ford-sachsen.de\/html\/page\/wp-content\/uploads\/2026\/05\/4746332-69f53edc207af6c44af31-5967-47d7-9ed2-f64becc8766e-rule-mo-1600-300x225.jpg 300w, https:\/\/ford-sachsen.de\/html\/page\/wp-content\/uploads\/2026\/05\/4746332-69f53edc207af6c44af31-5967-47d7-9ed2-f64becc8766e-rule-mo-1600-1024x768.jpg 1024w, https:\/\/ford-sachsen.de\/html\/page\/wp-content\/uploads\/2026\/05\/4746332-69f53edc207af6c44af31-5967-47d7-9ed2-f64becc8766e-rule-mo-1600-768x576.jpg 768w, https:\/\/ford-sachsen.de\/html\/page\/wp-content\/uploads\/2026\/05\/4746332-69f53edc207af6c44af31-5967-47d7-9ed2-f64becc8766e-rule-mo-1600.jpg 1440w\" sizes=\"(max-width: 300px) 100vw, 300px\" \/>                        <\/a>\n                    <\/div>\n                    <div class=\"vehicle-data\">\n                                                    <small>\n                                                                01.2024                                \u00b7\n                            <\/small>\n                                                                            <small>\n                                12.500 km\n                            <\/small>\n                                                                            <small>\n                                \u00b7\n                                92 kW\n                                                                (\n                                125 PS)\n                            <\/small>\n                                                                            <small>\n                                \u00b7\n                                Schaltgetriebe                            <\/small>\n                                                                            <small>\n                                \u00b7\n                                Unfallfrei                            <\/small>\n                        \n                                                    <small>\n                                \u00b7\n                                Benzin                            <\/small>\n                                                                                                                            <small>\n                                \u00b7\n                                4\/5 T\u00fcren\n                            <\/small>\n                                                <ul class=\"vehicle-emission\">\n                                                 <span>Verbrauch komb.: \n                                    6.0                                 l\/100km<\/span><br>\n                                                                                \n                                       \n  <!-- CO2-Emissionen\t-->\n                                            <span>CO\u2082-Emissionen komb.: 135.0                                 g\/km<\/span><br>\n                                        <!-- CO2-Emissionen\t-->\n                   \n \n                         <span>CO\u2082-Klasse: \n                                    D                                <\/span><br>\n                    \n\n\n                <\/ul>\n\n                    <\/div>\n\n                    <div class=\"vehicle-price\">\n                                                    <div itemprop=\"priceSpecification\" itemscope itemtype=\"http:\/\/schema.org\/UnitPriceSpecification\">\n                                <meta itemprop=\"priceCurrency\" content=\"EUR\">\n                                <meta itemprop=\"price\" content=\"19.790\">\n                                <strong>\n                                    19.790 \u20ac (Brutto)\n                                <\/strong><br><small>\n                                    Inkl. 19% MwSt.                                <\/small>\n                            <\/div>\n                                                <br>\n                        <a href=\"https:\/\/ford-sachsen.de\/html\/page\/fahrzeuge\/ford-puma-design-titanium-ganzjahresreifenwinter-pak-2\/\"\n                            class=\"vehicle-btn wp-block-button__link wp-element-button\">Details<\/a>\n                    <\/div>\n                <\/div> <!-- \/\/ vehicle-row -->\n               \n            <\/article>\n                        <article id=\"post-4746330\" class=\"vehicle\">\n                <hgroup>\n                    <a href=\"https:\/\/ford-sachsen.de\/html\/page\/fahrzeuge\/ford-puma-st-line-el-heckklappeaccledauffahrwarnsy-2\/\">\n                        <h2 class=\"vehicle-title\">\n                            Ford Puma ST-Line EL.HECKKLAPPE+ACC+LED+AUFFAHRWARNSY                        <\/h2>\n\n                    <\/a>\n                <\/hgroup>\n                <span class=\"vehicle-addition\">\n                    <p>\n                        SUV\/Gel\u00e4ndewagen\/Pickup ,\n                        Gebrauchtfahrzeug                    <\/p>\n                <\/span>\n                <div class=\"vehicle-row\">\n                    <div class=\"vehicle-thumbnail\">\n                        <a href=\"https:\/\/ford-sachsen.de\/html\/page\/fahrzeuge\/ford-puma-st-line-el-heckklappeaccledauffahrwarnsy-2\/\" title=\"Ford Puma ST-Line EL.HECKKLAPPE+ACC+LED+AUFFAHRWARNSY\">\n                            <img loading=\"lazy\" decoding=\"async\" width=\"300\" height=\"225\" src=\"https:\/\/ford-sachsen.de\/html\/page\/wp-content\/uploads\/2026\/05\/4746330-69f53eda2fe653f69ff9f-d6ec-4f2b-b793-b1ed5c9c74b8-rule-mo-1600-300x225.jpg\" class=\"attachment-medium size-medium wp-post-image\" alt=\"\" srcset=\"https:\/\/ford-sachsen.de\/html\/page\/wp-content\/uploads\/2026\/05\/4746330-69f53eda2fe653f69ff9f-d6ec-4f2b-b793-b1ed5c9c74b8-rule-mo-1600-300x225.jpg 300w, https:\/\/ford-sachsen.de\/html\/page\/wp-content\/uploads\/2026\/05\/4746330-69f53eda2fe653f69ff9f-d6ec-4f2b-b793-b1ed5c9c74b8-rule-mo-1600-1024x768.jpg 1024w, https:\/\/ford-sachsen.de\/html\/page\/wp-content\/uploads\/2026\/05\/4746330-69f53eda2fe653f69ff9f-d6ec-4f2b-b793-b1ed5c9c74b8-rule-mo-1600-768x576.jpg 768w, https:\/\/ford-sachsen.de\/html\/page\/wp-content\/uploads\/2026\/05\/4746330-69f53eda2fe653f69ff9f-d6ec-4f2b-b793-b1ed5c9c74b8-rule-mo-1600.jpg 1440w\" sizes=\"(max-width: 300px) 100vw, 300px\" \/>                        <\/a>\n                    <\/div>\n                    <div class=\"vehicle-data\">\n                                                    <small>\n                                                                01.2024                                \u00b7\n                            <\/small>\n                                                                            <small>\n                                8.000 km\n                            <\/small>\n                                                                            <small>\n                                \u00b7\n                                92 kW\n                                                                (\n                                125 PS)\n                            <\/small>\n                                                                            <small>\n                                \u00b7\n                                Schaltgetriebe                            <\/small>\n                                                                            <small>\n                                \u00b7\n                                Unfallfrei                            <\/small>\n                        \n                                                    <small>\n                                \u00b7\n                                Benzin                            <\/small>\n                                                                                                                            <small>\n                                \u00b7\n                                4\/5 T\u00fcren\n                            <\/small>\n                                                <ul class=\"vehicle-emission\">\n                                                 <span>Verbrauch komb.: \n                                    6.0                                 l\/100km<\/span><br>\n                                                                                \n                                       \n  <!-- CO2-Emissionen\t-->\n                                            <span>CO\u2082-Emissionen komb.: 135.0                                 g\/km<\/span><br>\n                                        <!-- CO2-Emissionen\t-->\n                   \n \n                         <span>CO\u2082-Klasse: \n                                    D                                <\/span><br>\n                    \n\n\n                <\/ul>\n\n                    <\/div>\n\n                    <div class=\"vehicle-price\">\n                                                    <div itemprop=\"priceSpecification\" itemscope itemtype=\"http:\/\/schema.org\/UnitPriceSpecification\">\n                                <meta itemprop=\"priceCurrency\" content=\"EUR\">\n                                <meta itemprop=\"price\" content=\"22.390\">\n                                <strong>\n                                    22.390 \u20ac (Brutto)\n                                <\/strong><br><small>\n                                    Inkl. 19% MwSt.                                <\/small>\n                            <\/div>\n                                                <br>\n                        <a href=\"https:\/\/ford-sachsen.de\/html\/page\/fahrzeuge\/ford-puma-st-line-el-heckklappeaccledauffahrwarnsy-2\/\"\n                            class=\"vehicle-btn wp-block-button__link wp-element-button\">Details<\/a>\n                    <\/div>\n                <\/div> <!-- \/\/ vehicle-row -->\n               \n            <\/article>\n                        <article id=\"post-4746328\" class=\"vehicle\">\n                <hgroup>\n                    <a href=\"https:\/\/ford-sachsen.de\/html\/page\/fahrzeuge\/ford-fiesta-titanium-sicherheits-sichtwinter-paket-2\/\">\n                        <h2 class=\"vehicle-title\">\n                            Ford Fiesta Titanium SICHERHEITS.-SICHT&amp;WINTER PAKET                        <\/h2>\n\n                    <\/a>\n                <\/hgroup>\n                <span class=\"vehicle-addition\">\n                    <p>\n                        Limousine ,\n                        Gebrauchtfahrzeug                    <\/p>\n                <\/span>\n                <div class=\"vehicle-row\">\n                    <div class=\"vehicle-thumbnail\">\n                        <a href=\"https:\/\/ford-sachsen.de\/html\/page\/fahrzeuge\/ford-fiesta-titanium-sicherheits-sichtwinter-paket-2\/\" title=\"Ford Fiesta Titanium SICHERHEITS.-SICHT&amp;WINTER PAKET\">\n                            <img loading=\"lazy\" decoding=\"async\" width=\"300\" height=\"225\" src=\"https:\/\/ford-sachsen.de\/html\/page\/wp-content\/uploads\/2026\/05\/4746328-69f53ed85ff2fac30c324-18aa-4625-95ab-387bbc34b9e1-rule-mo-1600-300x225.jpg\" class=\"attachment-medium size-medium wp-post-image\" alt=\"\" srcset=\"https:\/\/ford-sachsen.de\/html\/page\/wp-content\/uploads\/2026\/05\/4746328-69f53ed85ff2fac30c324-18aa-4625-95ab-387bbc34b9e1-rule-mo-1600-300x225.jpg 300w, https:\/\/ford-sachsen.de\/html\/page\/wp-content\/uploads\/2026\/05\/4746328-69f53ed85ff2fac30c324-18aa-4625-95ab-387bbc34b9e1-rule-mo-1600-1024x768.jpg 1024w, https:\/\/ford-sachsen.de\/html\/page\/wp-content\/uploads\/2026\/05\/4746328-69f53ed85ff2fac30c324-18aa-4625-95ab-387bbc34b9e1-rule-mo-1600-768x576.jpg 768w, https:\/\/ford-sachsen.de\/html\/page\/wp-content\/uploads\/2026\/05\/4746328-69f53ed85ff2fac30c324-18aa-4625-95ab-387bbc34b9e1-rule-mo-1600.jpg 1440w\" sizes=\"(max-width: 300px) 100vw, 300px\" \/>                        <\/a>\n                    <\/div>\n                    <div class=\"vehicle-data\">\n                                                    <small>\n                                                                10.2023                                \u00b7\n                            <\/small>\n                                                                            <small>\n                                7.500 km\n                            <\/small>\n                                                                            <small>\n                                \u00b7\n                                92 kW\n                                                                (\n                                125 PS)\n                            <\/small>\n                                                                            <small>\n                                \u00b7\n                                Schaltgetriebe                            <\/small>\n                                                                            <small>\n                                \u00b7\n                                Unfallfrei                            <\/small>\n                        \n                                                    <small>\n                                \u00b7\n                                Benzin                            <\/small>\n                                                                                                                            <small>\n                                \u00b7\n                                4\/5 T\u00fcren\n                            <\/small>\n                                                <ul class=\"vehicle-emission\">\n                                                 <span>Verbrauch komb.: \n                                    6.0                                 l\/100km<\/span><br>\n                                                                                \n                                       \n  <!-- CO2-Emissionen\t-->\n                                            <span>CO\u2082-Emissionen komb.: 136.0                                 g\/km<\/span><br>\n                                        <!-- CO2-Emissionen\t-->\n                   \n \n                         <span>CO\u2082-Klasse: \n                                    E                                <\/span><br>\n                    \n\n\n                <\/ul>\n\n                    <\/div>\n\n                    <div class=\"vehicle-price\">\n                                                    <div itemprop=\"priceSpecification\" itemscope itemtype=\"http:\/\/schema.org\/UnitPriceSpecification\">\n                                <meta itemprop=\"priceCurrency\" content=\"EUR\">\n                                <meta itemprop=\"price\" content=\"17.690\">\n                                <strong>\n                                    17.690 \u20ac (Brutto)\n                                <\/strong><br><small>\n                                    Inkl. 19% MwSt.                                <\/small>\n                            <\/div>\n                                                <br>\n                        <a href=\"https:\/\/ford-sachsen.de\/html\/page\/fahrzeuge\/ford-fiesta-titanium-sicherheits-sichtwinter-paket-2\/\"\n                            class=\"vehicle-btn wp-block-button__link wp-element-button\">Details<\/a>\n                    <\/div>\n                <\/div> <!-- \/\/ vehicle-row -->\n               \n            <\/article>\n                        <article id=\"post-4746326\" class=\"vehicle\">\n                <hgroup>\n                    <a href=\"https:\/\/ford-sachsen.de\/html\/page\/fahrzeuge\/opel-astra-l-elegance-ergositzeledkameraspurassist-2\/\">\n                        <h2 class=\"vehicle-title\">\n                            Opel Astra L Elegance ERGOSITZE+LED+KAMERA+SPURASSIST                        <\/h2>\n\n                    <\/a>\n                <\/hgroup>\n                <span class=\"vehicle-addition\">\n                    <p>\n                        Limousine ,\n                        Gebrauchtfahrzeug                    <\/p>\n                <\/span>\n                <div class=\"vehicle-row\">\n                    <div class=\"vehicle-thumbnail\">\n                        <a href=\"https:\/\/ford-sachsen.de\/html\/page\/fahrzeuge\/opel-astra-l-elegance-ergositzeledkameraspurassist-2\/\" title=\"Opel Astra L Elegance ERGOSITZE+LED+KAMERA+SPURASSIST\">\n                            <img loading=\"lazy\" decoding=\"async\" width=\"300\" height=\"225\" src=\"https:\/\/ford-sachsen.de\/html\/page\/wp-content\/uploads\/2026\/05\/4746326-69f53ed685bc9cff032cc-8368-45bd-a314-17131fe59ad7-rule-mo-1600-300x225.jpg\" class=\"attachment-medium size-medium wp-post-image\" alt=\"\" srcset=\"https:\/\/ford-sachsen.de\/html\/page\/wp-content\/uploads\/2026\/05\/4746326-69f53ed685bc9cff032cc-8368-45bd-a314-17131fe59ad7-rule-mo-1600-300x225.jpg 300w, https:\/\/ford-sachsen.de\/html\/page\/wp-content\/uploads\/2026\/05\/4746326-69f53ed685bc9cff032cc-8368-45bd-a314-17131fe59ad7-rule-mo-1600-1024x768.jpg 1024w, https:\/\/ford-sachsen.de\/html\/page\/wp-content\/uploads\/2026\/05\/4746326-69f53ed685bc9cff032cc-8368-45bd-a314-17131fe59ad7-rule-mo-1600-768x576.jpg 768w, https:\/\/ford-sachsen.de\/html\/page\/wp-content\/uploads\/2026\/05\/4746326-69f53ed685bc9cff032cc-8368-45bd-a314-17131fe59ad7-rule-mo-1600.jpg 1440w\" sizes=\"(max-width: 300px) 100vw, 300px\" \/>                        <\/a>\n                    <\/div>\n                    <div class=\"vehicle-data\">\n                                                    <small>\n                                                                12.2022                                \u00b7\n                            <\/small>\n                                                                            <small>\n                                9.792 km\n                            <\/small>\n                                                                            <small>\n                                \u00b7\n                                96 kW\n                                                                (\n                                131 PS)\n                            <\/small>\n                                                                            <small>\n                                \u00b7\n                                Schaltgetriebe                            <\/small>\n                                                                            <small>\n                                \u00b7\n                                Unfallfrei                            <\/small>\n                        \n                                                    <small>\n                                \u00b7\n                                Benzin                            <\/small>\n                                                                                                                            <small>\n                                \u00b7\n                                4\/5 T\u00fcren\n                            <\/small>\n                                                <ul class=\"vehicle-emission\">\n                                                 <span>Verbrauch komb.: \n                                    5.7                                 l\/100km<\/span><br>\n                                                                                \n                                       \n  <!-- CO2-Emissionen\t-->\n                                            <span>CO\u2082-Emissionen komb.: 128.0                                 g\/km<\/span><br>\n                                        <!-- CO2-Emissionen\t-->\n                   \n \n                         <span>CO\u2082-Klasse: \n                                    D                                <\/span><br>\n                    \n\n\n                <\/ul>\n\n                    <\/div>\n\n                    <div class=\"vehicle-price\">\n                                                    <div itemprop=\"priceSpecification\" itemscope itemtype=\"http:\/\/schema.org\/UnitPriceSpecification\">\n                                <meta itemprop=\"priceCurrency\" content=\"EUR\">\n                                <meta itemprop=\"price\" content=\"18.790\">\n                                <strong>\n                                    18.790 \u20ac (Brutto)\n                                <\/strong><br><small>\n                                    Inkl. 19% MwSt.                                <\/small>\n                            <\/div>\n                                                <br>\n                        <a href=\"https:\/\/ford-sachsen.de\/html\/page\/fahrzeuge\/opel-astra-l-elegance-ergositzeledkameraspurassist-2\/\"\n                            class=\"vehicle-btn wp-block-button__link wp-element-button\">Details<\/a>\n                    <\/div>\n                <\/div> <!-- \/\/ vehicle-row -->\n               \n            <\/article>\n                        <article id=\"post-4746324\" class=\"vehicle\">\n                <hgroup>\n                    <a href=\"https:\/\/ford-sachsen.de\/html\/page\/fahrzeuge\/ford-kuga-cool-connect-navigationwinter-paketgjr-2\/\">\n                        <h2 class=\"vehicle-title\">\n                            Ford Kuga Cool &amp; Connect NAVIGATION+WINTER-PAKET+GJR+                        <\/h2>\n\n                    <\/a>\n                <\/hgroup>\n                <span class=\"vehicle-addition\">\n                    <p>\n                        SUV\/Gel\u00e4ndewagen\/Pickup ,\n                        Gebrauchtfahrzeug                    <\/p>\n                <\/span>\n                <div class=\"vehicle-row\">\n                    <div class=\"vehicle-thumbnail\">\n                        <a href=\"https:\/\/ford-sachsen.de\/html\/page\/fahrzeuge\/ford-kuga-cool-connect-navigationwinter-paketgjr-2\/\" title=\"Ford Kuga Cool &amp; Connect NAVIGATION+WINTER-PAKET+GJR+\">\n                            <img loading=\"lazy\" decoding=\"async\" width=\"300\" height=\"225\" src=\"https:\/\/ford-sachsen.de\/html\/page\/wp-content\/uploads\/2026\/05\/4746324-69f53ed4a35143f1af27d-4e64-4c0b-af26-cf283ed25ba3-rule-mo-1600-300x225.jpg\" class=\"attachment-medium size-medium wp-post-image\" alt=\"\" srcset=\"https:\/\/ford-sachsen.de\/html\/page\/wp-content\/uploads\/2026\/05\/4746324-69f53ed4a35143f1af27d-4e64-4c0b-af26-cf283ed25ba3-rule-mo-1600-300x225.jpg 300w, https:\/\/ford-sachsen.de\/html\/page\/wp-content\/uploads\/2026\/05\/4746324-69f53ed4a35143f1af27d-4e64-4c0b-af26-cf283ed25ba3-rule-mo-1600-1024x768.jpg 1024w, https:\/\/ford-sachsen.de\/html\/page\/wp-content\/uploads\/2026\/05\/4746324-69f53ed4a35143f1af27d-4e64-4c0b-af26-cf283ed25ba3-rule-mo-1600-768x576.jpg 768w, https:\/\/ford-sachsen.de\/html\/page\/wp-content\/uploads\/2026\/05\/4746324-69f53ed4a35143f1af27d-4e64-4c0b-af26-cf283ed25ba3-rule-mo-1600.jpg 1440w\" sizes=\"(max-width: 300px) 100vw, 300px\" \/>                        <\/a>\n                    <\/div>\n                    <div class=\"vehicle-data\">\n                                                    <small>\n                                                                08.2023                                \u00b7\n                            <\/small>\n                                                                            <small>\n                                13.000 km\n                            <\/small>\n                                                                            <small>\n                                \u00b7\n                                88 kW\n                                                                (\n                                120 PS)\n                            <\/small>\n                                                                            <small>\n                                \u00b7\n                                Automatik                            <\/small>\n                                                                            <small>\n                                \u00b7\n                                Unfallfrei                            <\/small>\n                        \n                                                    <small>\n                                \u00b7\n                                Diesel                            <\/small>\n                                                                                                                            <small>\n                                \u00b7\n                                4\/5 T\u00fcren\n                            <\/small>\n                                                <ul class=\"vehicle-emission\">\n                                                 <span>Verbrauch komb.: \n                                    6.3                                 l\/100km<\/span><br>\n                                                                                \n                                       \n  <!-- CO2-Emissionen\t-->\n                                            <span>CO\u2082-Emissionen komb.: 165.0                                 g\/km<\/span><br>\n                                        <!-- CO2-Emissionen\t-->\n                   \n \n                         <span>CO\u2082-Klasse: \n                                    F                                <\/span><br>\n                    \n\n\n                <\/ul>\n\n                    <\/div>\n\n                    <div class=\"vehicle-price\">\n                                                    <div itemprop=\"priceSpecification\" itemscope itemtype=\"http:\/\/schema.org\/UnitPriceSpecification\">\n                                <meta itemprop=\"priceCurrency\" content=\"EUR\">\n                                <meta itemprop=\"price\" content=\"23.790\">\n                                <strong>\n                                    23.790 \u20ac (Brutto)\n                                <\/strong><br><small>\n                                    Inkl. 19% MwSt.                                <\/small>\n                            <\/div>\n                                                <br>\n                        <a href=\"https:\/\/ford-sachsen.de\/html\/page\/fahrzeuge\/ford-kuga-cool-connect-navigationwinter-paketgjr-2\/\"\n                            class=\"vehicle-btn wp-block-button__link wp-element-button\">Details<\/a>\n                    <\/div>\n                <\/div> <!-- \/\/ vehicle-row -->\n               \n            <\/article>\n                        <article id=\"post-4746322\" class=\"vehicle\">\n                <hgroup>\n                    <a href=\"https:\/\/ford-sachsen.de\/html\/page\/fahrzeuge\/ford-fiesta-st-line-ahk-abnehmbarled-scheinwerferreg-2\/\">\n                        <h2 class=\"vehicle-title\">\n                            Ford Fiesta ST-Line AHK-abnehmbar+LED Scheinwerferreg                        <\/h2>\n\n                    <\/a>\n                <\/hgroup>\n                <span class=\"vehicle-addition\">\n                    <p>\n                        Limousine ,\n                        Gebrauchtfahrzeug                    <\/p>\n                <\/span>\n                <div class=\"vehicle-row\">\n                    <div class=\"vehicle-thumbnail\">\n                        <a href=\"https:\/\/ford-sachsen.de\/html\/page\/fahrzeuge\/ford-fiesta-st-line-ahk-abnehmbarled-scheinwerferreg-2\/\" title=\"Ford Fiesta ST-Line AHK-abnehmbar+LED Scheinwerferreg\">\n                            <img loading=\"lazy\" decoding=\"async\" width=\"300\" height=\"225\" src=\"https:\/\/ford-sachsen.de\/html\/page\/wp-content\/uploads\/2026\/05\/4746322-69f53ed2ba265e368d6e4-2ec6-4ac1-a69d-b6c8d5676bd2-rule-mo-1600-300x225.jpg\" class=\"attachment-medium size-medium wp-post-image\" alt=\"\" srcset=\"https:\/\/ford-sachsen.de\/html\/page\/wp-content\/uploads\/2026\/05\/4746322-69f53ed2ba265e368d6e4-2ec6-4ac1-a69d-b6c8d5676bd2-rule-mo-1600-300x225.jpg 300w, https:\/\/ford-sachsen.de\/html\/page\/wp-content\/uploads\/2026\/05\/4746322-69f53ed2ba265e368d6e4-2ec6-4ac1-a69d-b6c8d5676bd2-rule-mo-1600-1024x768.jpg 1024w, https:\/\/ford-sachsen.de\/html\/page\/wp-content\/uploads\/2026\/05\/4746322-69f53ed2ba265e368d6e4-2ec6-4ac1-a69d-b6c8d5676bd2-rule-mo-1600-768x576.jpg 768w, https:\/\/ford-sachsen.de\/html\/page\/wp-content\/uploads\/2026\/05\/4746322-69f53ed2ba265e368d6e4-2ec6-4ac1-a69d-b6c8d5676bd2-rule-mo-1600.jpg 1440w\" sizes=\"(max-width: 300px) 100vw, 300px\" \/>                        <\/a>\n                    <\/div>\n                    <div class=\"vehicle-data\">\n                                                    <small>\n                                                                10.2022                                \u00b7\n                            <\/small>\n                                                                            <small>\n                                19.985 km\n                            <\/small>\n                                                                            <small>\n                                \u00b7\n                                92 kW\n                                                                (\n                                125 PS)\n                            <\/small>\n                                                                            <small>\n                                \u00b7\n                                Schaltgetriebe                            <\/small>\n                                                                            <small>\n                                \u00b7\n                                Unfallfrei                            <\/small>\n                        \n                                                    <small>\n                                \u00b7\n                                Benzin                            <\/small>\n                                                                                                                            <small>\n                                \u00b7\n                                4\/5 T\u00fcren\n                            <\/small>\n                                                <ul class=\"vehicle-emission\">\n                                                 <span>Verbrauch komb.: \n                                    6.0                                 l\/100km<\/span><br>\n                                                                                \n                                       \n  <!-- CO2-Emissionen\t-->\n                                            <span>CO\u2082-Emissionen komb.: 136.0                                 g\/km<\/span><br>\n                                        <!-- CO2-Emissionen\t-->\n                   \n \n                         <span>CO\u2082-Klasse: \n                                    E                                <\/span><br>\n                    \n\n\n                <\/ul>\n\n                    <\/div>\n\n                    <div class=\"vehicle-price\">\n                                                    <div itemprop=\"priceSpecification\" itemscope itemtype=\"http:\/\/schema.org\/UnitPriceSpecification\">\n                                <meta itemprop=\"priceCurrency\" content=\"EUR\">\n                                <meta itemprop=\"price\" content=\"16.990\">\n                                <strong>\n                                    16.990 \u20ac (Brutto)\n                                <\/strong><br><small>\n                                    Inkl. 19% MwSt.                                <\/small>\n                            <\/div>\n                                                <br>\n                        <a href=\"https:\/\/ford-sachsen.de\/html\/page\/fahrzeuge\/ford-fiesta-st-line-ahk-abnehmbarled-scheinwerferreg-2\/\"\n                            class=\"vehicle-btn wp-block-button__link wp-element-button\">Details<\/a>\n                    <\/div>\n                <\/div> <!-- \/\/ vehicle-row -->\n               \n            <\/article>\n                        <article id=\"post-4746320\" class=\"vehicle\">\n                <hgroup>\n                    <a href=\"https:\/\/ford-sachsen.de\/html\/page\/fahrzeuge\/ford-fiesta-titanium-ledklimaautomadabszh-2\/\">\n                        <h2 class=\"vehicle-title\">\n                            Ford Fiesta Titanium LED+KLIMAAUTOMA+DAB+SZH                        <\/h2>\n\n                    <\/a>\n                <\/hgroup>\n                <span class=\"vehicle-addition\">\n                    <p>\n                        Limousine ,\n                        Gebrauchtfahrzeug                    <\/p>\n                <\/span>\n                <div class=\"vehicle-row\">\n                    <div class=\"vehicle-thumbnail\">\n                        <a href=\"https:\/\/ford-sachsen.de\/html\/page\/fahrzeuge\/ford-fiesta-titanium-ledklimaautomadabszh-2\/\" title=\"Ford Fiesta Titanium LED+KLIMAAUTOMA+DAB+SZH\">\n                            <img loading=\"lazy\" decoding=\"async\" width=\"300\" height=\"225\" src=\"https:\/\/ford-sachsen.de\/html\/page\/wp-content\/uploads\/2026\/05\/4746320-69f53ed08f12a4f7916a5-0416-4e99-bfd8-6375a88c4fb9-rule-mo-1600-300x225.jpg\" class=\"attachment-medium size-medium wp-post-image\" alt=\"\" srcset=\"https:\/\/ford-sachsen.de\/html\/page\/wp-content\/uploads\/2026\/05\/4746320-69f53ed08f12a4f7916a5-0416-4e99-bfd8-6375a88c4fb9-rule-mo-1600-300x225.jpg 300w, https:\/\/ford-sachsen.de\/html\/page\/wp-content\/uploads\/2026\/05\/4746320-69f53ed08f12a4f7916a5-0416-4e99-bfd8-6375a88c4fb9-rule-mo-1600-1024x768.jpg 1024w, https:\/\/ford-sachsen.de\/html\/page\/wp-content\/uploads\/2026\/05\/4746320-69f53ed08f12a4f7916a5-0416-4e99-bfd8-6375a88c4fb9-rule-mo-1600-768x576.jpg 768w, https:\/\/ford-sachsen.de\/html\/page\/wp-content\/uploads\/2026\/05\/4746320-69f53ed08f12a4f7916a5-0416-4e99-bfd8-6375a88c4fb9-rule-mo-1600.jpg 1440w\" sizes=\"(max-width: 300px) 100vw, 300px\" \/>                        <\/a>\n                    <\/div>\n                    <div class=\"vehicle-data\">\n                                                    <small>\n                                                                10.2022                                \u00b7\n                            <\/small>\n                                                                            <small>\n                                21.000 km\n                            <\/small>\n                                                                            <small>\n                                \u00b7\n                                92 kW\n                                                                (\n                                125 PS)\n                            <\/small>\n                                                                            <small>\n                                \u00b7\n                                Schaltgetriebe                            <\/small>\n                                                                            <small>\n                                \u00b7\n                                Unfallfrei                            <\/small>\n                        \n                                                    <small>\n                                \u00b7\n                                Benzin                            <\/small>\n                                                                                                                            <small>\n                                \u00b7\n                                4\/5 T\u00fcren\n                            <\/small>\n                                                <ul class=\"vehicle-emission\">\n                                                 <span>Verbrauch komb.: \n                                    6.0                                 l\/100km<\/span><br>\n                                                                                \n                                       \n  <!-- CO2-Emissionen\t-->\n                                            <span>CO\u2082-Emissionen komb.: 136.0                                 g\/km<\/span><br>\n                                        <!-- CO2-Emissionen\t-->\n                   \n \n                         <span>CO\u2082-Klasse: \n                                    E                                <\/span><br>\n                    \n\n\n                <\/ul>\n\n                    <\/div>\n\n                    <div class=\"vehicle-price\">\n                                                    <div itemprop=\"priceSpecification\" itemscope itemtype=\"http:\/\/schema.org\/UnitPriceSpecification\">\n                                <meta itemprop=\"priceCurrency\" content=\"EUR\">\n                                <meta itemprop=\"price\" content=\"15.990\">\n                                <strong>\n                                    15.990 \u20ac (Brutto)\n                                <\/strong><br><small>\n                                    Inkl. 19% MwSt.                                <\/small>\n                            <\/div>\n                                                <br>\n                        <a href=\"https:\/\/ford-sachsen.de\/html\/page\/fahrzeuge\/ford-fiesta-titanium-ledklimaautomadabszh-2\/\"\n                            class=\"vehicle-btn wp-block-button__link wp-element-button\">Details<\/a>\n                    <\/div>\n                <\/div> <!-- \/\/ vehicle-row -->\n               \n            <\/article>\n                        <article id=\"post-4746318\" class=\"vehicle\">\n                <hgroup>\n                    <a href=\"https:\/\/ford-sachsen.de\/html\/page\/fahrzeuge\/ford-kuga-st-line-navi-hud-led-kurvenlicht-acc-elekh-2\/\">\n                        <h2 class=\"vehicle-title\">\n                            Ford Kuga ST-Line Navi HUD LED KURVENLICHT ACC ELEK:H                        <\/h2>\n\n                    <\/a>\n                <\/hgroup>\n                <span class=\"vehicle-addition\">\n                    <p>\n                        SUV\/Gel\u00e4ndewagen\/Pickup ,\n                        Gebrauchtfahrzeug                    <\/p>\n                <\/span>\n                <div class=\"vehicle-row\">\n                    <div class=\"vehicle-thumbnail\">\n                        <a href=\"https:\/\/ford-sachsen.de\/html\/page\/fahrzeuge\/ford-kuga-st-line-navi-hud-led-kurvenlicht-acc-elekh-2\/\" title=\"Ford Kuga ST-Line Navi HUD LED KURVENLICHT ACC ELEK:H\">\n                            <img loading=\"lazy\" decoding=\"async\" width=\"300\" height=\"225\" src=\"https:\/\/ford-sachsen.de\/html\/page\/wp-content\/uploads\/2026\/05\/4746318-69f53ece79819b3996bef-71a1-410c-b7b0-944c38eb460e-rule-mo-1600-300x225.jpg\" class=\"attachment-medium size-medium wp-post-image\" alt=\"\" srcset=\"https:\/\/ford-sachsen.de\/html\/page\/wp-content\/uploads\/2026\/05\/4746318-69f53ece79819b3996bef-71a1-410c-b7b0-944c38eb460e-rule-mo-1600-300x225.jpg 300w, https:\/\/ford-sachsen.de\/html\/page\/wp-content\/uploads\/2026\/05\/4746318-69f53ece79819b3996bef-71a1-410c-b7b0-944c38eb460e-rule-mo-1600-1024x768.jpg 1024w, https:\/\/ford-sachsen.de\/html\/page\/wp-content\/uploads\/2026\/05\/4746318-69f53ece79819b3996bef-71a1-410c-b7b0-944c38eb460e-rule-mo-1600-768x576.jpg 768w, https:\/\/ford-sachsen.de\/html\/page\/wp-content\/uploads\/2026\/05\/4746318-69f53ece79819b3996bef-71a1-410c-b7b0-944c38eb460e-rule-mo-1600.jpg 1440w\" sizes=\"(max-width: 300px) 100vw, 300px\" \/>                        <\/a>\n                    <\/div>\n                    <div class=\"vehicle-data\">\n                                                    <small>\n                                                                05.2023                                \u00b7\n                            <\/small>\n                                                                            <small>\n                                16.850 km\n                            <\/small>\n                                                                            <small>\n                                \u00b7\n                                110 kW\n                                                                (\n                                150 PS)\n                            <\/small>\n                                                                            <small>\n                                \u00b7\n                                Schaltgetriebe                            <\/small>\n                                                                            <small>\n                                \u00b7\n                                Unfallfrei                            <\/small>\n                        \n                                                    <small>\n                                \u00b7\n                                Benzin                            <\/small>\n                                                                                                                            <small>\n                                \u00b7\n                                4\/5 T\u00fcren\n                            <\/small>\n                                                <ul class=\"vehicle-emission\">\n                                                 <span>Verbrauch komb.: \n                                    7.0                                 l\/100km<\/span><br>\n                                                                                \n                                       \n  <!-- CO2-Emissionen\t-->\n                                            <span>CO\u2082-Emissionen komb.: 160.0                                 g\/km<\/span><br>\n                                        <!-- CO2-Emissionen\t-->\n                   \n \n                         <span>CO\u2082-Klasse: \n                                    F                                <\/span><br>\n                    \n\n\n                <\/ul>\n\n                    <\/div>\n\n                    <div class=\"vehicle-price\">\n                                                    <div itemprop=\"priceSpecification\" itemscope itemtype=\"http:\/\/schema.org\/UnitPriceSpecification\">\n                                <meta itemprop=\"priceCurrency\" content=\"EUR\">\n                                <meta itemprop=\"price\" content=\"26.950\">\n                                <strong>\n                                    26.950 \u20ac (Brutto)\n                                <\/strong><br><small>\n                                    Inkl. 19% MwSt.                                <\/small>\n                            <\/div>\n                                                <br>\n                        <a href=\"https:\/\/ford-sachsen.de\/html\/page\/fahrzeuge\/ford-kuga-st-line-navi-hud-led-kurvenlicht-acc-elekh-2\/\"\n                            class=\"vehicle-btn wp-block-button__link wp-element-button\">Details<\/a>\n                    <\/div>\n                <\/div> <!-- \/\/ vehicle-row -->\n               \n            <\/article>\n                        <article id=\"post-4746290\" class=\"vehicle\">\n                <hgroup>\n                    <a href=\"https:\/\/ford-sachsen.de\/html\/page\/fahrzeuge\/omoda-5-omoda-05-ev-exclusive-acc-led-540kamera\/\">\n                        <h2 class=\"vehicle-title\">\n                            OMODA 5 Omoda 05 EV EXCLUSIVE  ACC LED   540\u00b0KAMERA                        <\/h2>\n\n                    <\/a>\n                <\/hgroup>\n                <span class=\"vehicle-addition\">\n                    <p>\n                        Limousine ,\n                        Neufahrzeug                    <\/p>\n                <\/span>\n                <div class=\"vehicle-row\">\n                    <div class=\"vehicle-thumbnail\">\n                        <a href=\"https:\/\/ford-sachsen.de\/html\/page\/fahrzeuge\/omoda-5-omoda-05-ev-exclusive-acc-led-540kamera\/\" title=\"OMODA 5 Omoda 05 EV EXCLUSIVE  ACC LED   540\u00b0KAMERA\">\n                            <img loading=\"lazy\" decoding=\"async\" width=\"300\" height=\"225\" src=\"https:\/\/ford-sachsen.de\/html\/page\/wp-content\/uploads\/2026\/05\/4746290-69f51b08b82a43af89b65-1723-49ea-b770-4384e1219a0e-rule-mo-1600-300x225.jpg\" class=\"attachment-medium size-medium wp-post-image\" alt=\"\" srcset=\"https:\/\/ford-sachsen.de\/html\/page\/wp-content\/uploads\/2026\/05\/4746290-69f51b08b82a43af89b65-1723-49ea-b770-4384e1219a0e-rule-mo-1600-300x225.jpg 300w, https:\/\/ford-sachsen.de\/html\/page\/wp-content\/uploads\/2026\/05\/4746290-69f51b08b82a43af89b65-1723-49ea-b770-4384e1219a0e-rule-mo-1600-1024x768.jpg 1024w, https:\/\/ford-sachsen.de\/html\/page\/wp-content\/uploads\/2026\/05\/4746290-69f51b08b82a43af89b65-1723-49ea-b770-4384e1219a0e-rule-mo-1600-768x576.jpg 768w, https:\/\/ford-sachsen.de\/html\/page\/wp-content\/uploads\/2026\/05\/4746290-69f51b08b82a43af89b65-1723-49ea-b770-4384e1219a0e-rule-mo-1600.jpg 1440w\" sizes=\"(max-width: 300px) 100vw, 300px\" \/>                        <\/a>\n                    <\/div>\n                    <div class=\"vehicle-data\">\n                                                                                                    <small>\n                                \u00b7\n                                155 kW\n                                                                (\n                                211 PS)\n                            <\/small>\n                                                                            <small>\n                                \u00b7\n                                Automatik                            <\/small>\n                                                                            <small>\n                                \u00b7\n                                Unfallfrei                            <\/small>\n                        \n                                                    <small>\n                                \u00b7\n                                Elektro                            <\/small>\n                                                                                                                            <small>\n                                \u00b7\n                                4\/5 T\u00fcren\n                            <\/small>\n                                                <ul class=\"vehicle-emission\">\n                                                                                     \n                                       \n  <!-- CO2-Emissionen\t-->\n                                            <span>CO\u2082-Emissionen komb.: 0.0                                 g\/km<\/span><br>\n                                        <!-- CO2-Emissionen\t-->\n                   \n \n                         <span>CO\u2082-Klasse: \n                                    A                                <\/span><br>\n                    \n\n\n                <\/ul>\n\n                    <\/div>\n\n                    <div class=\"vehicle-price\">\n                                                    <div itemprop=\"priceSpecification\" itemscope itemtype=\"http:\/\/schema.org\/UnitPriceSpecification\">\n                                <meta itemprop=\"priceCurrency\" content=\"EUR\">\n                                <meta itemprop=\"price\" content=\"36.780\">\n                                <strong>\n                                    36.780 \u20ac (Brutto)\n                                <\/strong><br><small>\n                                    Inkl. 19% MwSt.                                <\/small>\n                            <\/div>\n                                                <br>\n                        <a href=\"https:\/\/ford-sachsen.de\/html\/page\/fahrzeuge\/omoda-5-omoda-05-ev-exclusive-acc-led-540kamera\/\"\n                            class=\"vehicle-btn wp-block-button__link wp-element-button\">Details<\/a>\n                    <\/div>\n                <\/div> <!-- \/\/ vehicle-row -->\n               \n            <\/article>\n                        <article id=\"post-4746288\" class=\"vehicle\">\n                <hgroup>\n                    <a href=\"https:\/\/ford-sachsen.de\/html\/page\/fahrzeuge\/omoda-9-omoda-09-phev-super-hybrid-premium-suv-4x4-pan-2\/\">\n                        <h2 class=\"vehicle-title\">\n                            OMODA 9 Omoda 09 PHEV SUPER-HYBRID PREMIUM-SUV 4X4 PAN                        <\/h2>\n\n                    <\/a>\n                <\/hgroup>\n                <span class=\"vehicle-addition\">\n                    <p>\n                        SUV\/Gel\u00e4ndewagen\/Pickup ,\n                        Gebrauchtfahrzeug                    <\/p>\n                <\/span>\n                <div class=\"vehicle-row\">\n                    <div class=\"vehicle-thumbnail\">\n                        <a href=\"https:\/\/ford-sachsen.de\/html\/page\/fahrzeuge\/omoda-9-omoda-09-phev-super-hybrid-premium-suv-4x4-pan-2\/\" title=\"OMODA 9 Omoda 09 PHEV SUPER-HYBRID PREMIUM-SUV 4X4 PAN\">\n                            <img loading=\"lazy\" decoding=\"async\" width=\"300\" height=\"225\" src=\"https:\/\/ford-sachsen.de\/html\/page\/wp-content\/uploads\/2026\/05\/4746288-69f51b0704120eed75769-c2ac-4b2e-9add-0b3d39a82c29-rule-mo-1600-300x225.jpg\" class=\"attachment-medium size-medium wp-post-image\" alt=\"\" srcset=\"https:\/\/ford-sachsen.de\/html\/page\/wp-content\/uploads\/2026\/05\/4746288-69f51b0704120eed75769-c2ac-4b2e-9add-0b3d39a82c29-rule-mo-1600-300x225.jpg 300w, https:\/\/ford-sachsen.de\/html\/page\/wp-content\/uploads\/2026\/05\/4746288-69f51b0704120eed75769-c2ac-4b2e-9add-0b3d39a82c29-rule-mo-1600-1024x768.jpg 1024w, https:\/\/ford-sachsen.de\/html\/page\/wp-content\/uploads\/2026\/05\/4746288-69f51b0704120eed75769-c2ac-4b2e-9add-0b3d39a82c29-rule-mo-1600-768x576.jpg 768w, https:\/\/ford-sachsen.de\/html\/page\/wp-content\/uploads\/2026\/05\/4746288-69f51b0704120eed75769-c2ac-4b2e-9add-0b3d39a82c29-rule-mo-1600.jpg 1440w\" sizes=\"(max-width: 300px) 100vw, 300px\" \/>                        <\/a>\n                    <\/div>\n                    <div class=\"vehicle-data\">\n                                                    <small>\n                                                                04.2026                                \u00b7\n                            <\/small>\n                                                                            <small>\n                                2.650 km\n                            <\/small>\n                                                                            <small>\n                                \u00b7\n                                395 kW\n                                                                (\n                                537 PS)\n                            <\/small>\n                                                                            <small>\n                                \u00b7\n                                Automatik                            <\/small>\n                                                                            <small>\n                                \u00b7\n                                Unfallfrei                            <\/small>\n                        \n                                                    <small>\n                                \u00b7\n                                Plug-in-Hybrid                            <\/small>\n                                                                                                                            <small>\n                                \u00b7\n                                4\/5 T\u00fcren\n                            <\/small>\n                                                <ul class=\"vehicle-emission\">\n                                                <span>Kraftstoffverbrauch gewichtet, kombiniert: \n                                    1.6                                 l\/100km<\/span><br>\n                                             <span>Verbrauch komb.: \n                                    7.0                                 l\/100km<\/span><br>\n                                                                <span>Stromverbrauch gewichtet, kombiniert: \n                                    19.5                                 kWh\/100km<\/span><br>\n                                                            \n                                       \n  <!-- CO2-Emissionen\t-->\n                                            <span>CO\u2082-Emissionen komb.: 38.0                                 g\/km<\/span><br>\n                                        <!-- CO2-Emissionen\t-->\n                   \n \n                         <span>CO\u2082-Klasse: \n                                    B                                <\/span><br>\n                    \n\n\n                <\/ul>\n\n                    <\/div>\n\n                    <div class=\"vehicle-price\">\n                                                    <div itemprop=\"priceSpecification\" itemscope itemtype=\"http:\/\/schema.org\/UnitPriceSpecification\">\n                                <meta itemprop=\"priceCurrency\" content=\"EUR\">\n                                <meta itemprop=\"price\" content=\"52.890\">\n                                <strong>\n                                    52.890 \u20ac (Brutto)\n                                <\/strong><br><small>\n                                    Inkl. 19% MwSt.                                <\/small>\n                            <\/div>\n                                                <br>\n                        <a href=\"https:\/\/ford-sachsen.de\/html\/page\/fahrzeuge\/omoda-9-omoda-09-phev-super-hybrid-premium-suv-4x4-pan-2\/\"\n                            class=\"vehicle-btn wp-block-button__link wp-element-button\">Details<\/a>\n                    <\/div>\n                <\/div> <!-- \/\/ vehicle-row -->\n               \n            <\/article>\n                        <article id=\"post-4746274\" class=\"vehicle\">\n                <hgroup>\n                    <a href=\"https:\/\/ford-sachsen.de\/html\/page\/fahrzeuge\/vanexxt-tourneo-custom-titanium-l1-vanexxt-level-2\/\">\n                        <h2 class=\"vehicle-title\">\n                            vanexxt Tourneo Custom Titanium L1 vanexxt Level 2                        <\/h2>\n\n                    <\/a>\n                <\/hgroup>\n                <span class=\"vehicle-addition\">\n                    <p>\n                        Wohnmobil andere ,\n                        Gebrauchtfahrzeug                    <\/p>\n                <\/span>\n                <div class=\"vehicle-row\">\n                    <div class=\"vehicle-thumbnail\">\n                        <a href=\"https:\/\/ford-sachsen.de\/html\/page\/fahrzeuge\/vanexxt-tourneo-custom-titanium-l1-vanexxt-level-2\/\" title=\"vanexxt Tourneo Custom Titanium L1 vanexxt Level 2\">\n                            <img loading=\"lazy\" decoding=\"async\" width=\"300\" height=\"225\" src=\"https:\/\/ford-sachsen.de\/html\/page\/wp-content\/uploads\/2026\/05\/4746274-69f51afbe50e815d18a5a-cad0-48b6-87e3-ca8d482f2400-rule-mo-1600-300x225.jpg\" class=\"attachment-medium size-medium wp-post-image\" alt=\"\" srcset=\"https:\/\/ford-sachsen.de\/html\/page\/wp-content\/uploads\/2026\/05\/4746274-69f51afbe50e815d18a5a-cad0-48b6-87e3-ca8d482f2400-rule-mo-1600-300x225.jpg 300w, https:\/\/ford-sachsen.de\/html\/page\/wp-content\/uploads\/2026\/05\/4746274-69f51afbe50e815d18a5a-cad0-48b6-87e3-ca8d482f2400-rule-mo-1600-1024x768.jpg 1024w, https:\/\/ford-sachsen.de\/html\/page\/wp-content\/uploads\/2026\/05\/4746274-69f51afbe50e815d18a5a-cad0-48b6-87e3-ca8d482f2400-rule-mo-1600-768x576.jpg 768w, https:\/\/ford-sachsen.de\/html\/page\/wp-content\/uploads\/2026\/05\/4746274-69f51afbe50e815d18a5a-cad0-48b6-87e3-ca8d482f2400-rule-mo-1600-1536x1152.jpg 1536w, https:\/\/ford-sachsen.de\/html\/page\/wp-content\/uploads\/2026\/05\/4746274-69f51afbe50e815d18a5a-cad0-48b6-87e3-ca8d482f2400-rule-mo-1600.jpg 1600w\" sizes=\"(max-width: 300px) 100vw, 300px\" \/>                        <\/a>\n                    <\/div>\n                    <div class=\"vehicle-data\">\n                                                    <small>\n                                                                04.2025                                \u00b7\n                            <\/small>\n                                                                            <small>\n                                10.100 km\n                            <\/small>\n                                                                            <small>\n                                \u00b7\n                                100 kW\n                                                                (\n                                136 PS)\n                            <\/small>\n                                                                            <small>\n                                \u00b7\n                                Automatik                            <\/small>\n                                                                            <small>\n                                \u00b7\n                                Unfallfrei                            <\/small>\n                        \n                                                    <small>\n                                \u00b7\n                                Diesel                            <\/small>\n                                                                                                                        <ul class=\"vehicle-emission\">\n                                                 <span>Verbrauch komb.: \n                                    8.0                                 l\/100km<\/span><br>\n                                                                                \n                                       \n  <!-- CO2-Emissionen\t-->\n                                            <span>CO\u2082-Emissionen komb.: 224.0                                 g\/km<\/span><br>\n                                        <!-- CO2-Emissionen\t-->\n                   \n \n                         <span>CO\u2082-Klasse: \n                                    G                                <\/span><br>\n                    \n\n\n                <\/ul>\n\n                    <\/div>\n\n                    <div class=\"vehicle-price\">\n                                                    <div itemprop=\"priceSpecification\" itemscope itemtype=\"http:\/\/schema.org\/UnitPriceSpecification\">\n                                <meta itemprop=\"priceCurrency\" content=\"EUR\">\n                                <meta itemprop=\"price\" content=\"59.990\">\n                                <strong>\n                                    59.990 \u20ac (Brutto)\n                                <\/strong><br><small>\n                                    MwSt. nicht ausweisbar                                <\/small>\n                            <\/div>\n                                                <br>\n                        <a href=\"https:\/\/ford-sachsen.de\/html\/page\/fahrzeuge\/vanexxt-tourneo-custom-titanium-l1-vanexxt-level-2\/\"\n                            class=\"vehicle-btn wp-block-button__link wp-element-button\">Details<\/a>\n                    <\/div>\n                <\/div> <!-- \/\/ vehicle-row -->\n               \n            <\/article>\n                        <article id=\"post-4746272\" class=\"vehicle\">\n                <hgroup>\n                    <a href=\"https:\/\/ford-sachsen.de\/html\/page\/fahrzeuge\/vanexxt-tourneo-custom-titanium-l1-vanexxt-level-schlafd\/\">\n                        <h2 class=\"vehicle-title\">\n                            vanexxt Tourneo Custom Titanium L1 vanexxt Level SCHLAFD                        <\/h2>\n\n                    <\/a>\n                <\/hgroup>\n                <span class=\"vehicle-addition\">\n                    <p>\n                        Wohnmobil andere ,\n                        Gebrauchtfahrzeug                    <\/p>\n                <\/span>\n                <div class=\"vehicle-row\">\n                    <div class=\"vehicle-thumbnail\">\n                        <a href=\"https:\/\/ford-sachsen.de\/html\/page\/fahrzeuge\/vanexxt-tourneo-custom-titanium-l1-vanexxt-level-schlafd\/\" title=\"vanexxt Tourneo Custom Titanium L1 vanexxt Level SCHLAFD\">\n                            <img loading=\"lazy\" decoding=\"async\" width=\"300\" height=\"169\" src=\"https:\/\/ford-sachsen.de\/html\/page\/wp-content\/uploads\/2026\/05\/4746272-69f51afa208ab8e304f03-012e-4a13-bcfd-3ed6958e3dd1-rule-mo-1600-300x169.jpg\" class=\"attachment-medium size-medium wp-post-image\" alt=\"\" srcset=\"https:\/\/ford-sachsen.de\/html\/page\/wp-content\/uploads\/2026\/05\/4746272-69f51afa208ab8e304f03-012e-4a13-bcfd-3ed6958e3dd1-rule-mo-1600-300x169.jpg 300w, https:\/\/ford-sachsen.de\/html\/page\/wp-content\/uploads\/2026\/05\/4746272-69f51afa208ab8e304f03-012e-4a13-bcfd-3ed6958e3dd1-rule-mo-1600-1024x576.jpg 1024w, https:\/\/ford-sachsen.de\/html\/page\/wp-content\/uploads\/2026\/05\/4746272-69f51afa208ab8e304f03-012e-4a13-bcfd-3ed6958e3dd1-rule-mo-1600-768x432.jpg 768w, https:\/\/ford-sachsen.de\/html\/page\/wp-content\/uploads\/2026\/05\/4746272-69f51afa208ab8e304f03-012e-4a13-bcfd-3ed6958e3dd1-rule-mo-1600-1536x864.jpg 1536w, https:\/\/ford-sachsen.de\/html\/page\/wp-content\/uploads\/2026\/05\/4746272-69f51afa208ab8e304f03-012e-4a13-bcfd-3ed6958e3dd1-rule-mo-1600.jpg 1600w\" sizes=\"(max-width: 300px) 100vw, 300px\" \/>                        <\/a>\n                    <\/div>\n                    <div class=\"vehicle-data\">\n                                                    <small>\n                                                                02.2026                                \u00b7\n                            <\/small>\n                                                                            <small>\n                                2.650 km\n                            <\/small>\n                                                                            <small>\n                                \u00b7\n                                100 kW\n                                                                (\n                                136 PS)\n                            <\/small>\n                                                                            <small>\n                                \u00b7\n                                Automatik                            <\/small>\n                                                                            <small>\n                                \u00b7\n                                Unfallfrei                            <\/small>\n                        \n                                                    <small>\n                                \u00b7\n                                Diesel                            <\/small>\n                                                                                                                        <ul class=\"vehicle-emission\">\n                                                 <span>Verbrauch komb.: \n                                    8.0                                 l\/100km<\/span><br>\n                                                                                \n                                       \n  <!-- CO2-Emissionen\t-->\n                                            <span>CO\u2082-Emissionen komb.: 224.0                                 g\/km<\/span><br>\n                                        <!-- CO2-Emissionen\t-->\n                   \n \n                         <span>CO\u2082-Klasse: \n                                    G                                <\/span><br>\n                    \n\n\n                <\/ul>\n\n                    <\/div>\n\n                    <div class=\"vehicle-price\">\n                                                    <div itemprop=\"priceSpecification\" itemscope itemtype=\"http:\/\/schema.org\/UnitPriceSpecification\">\n                                <meta itemprop=\"priceCurrency\" content=\"EUR\">\n                                <meta itemprop=\"price\" content=\"69.990\">\n                                <strong>\n                                    69.990 \u20ac (Brutto)\n                                <\/strong><br><small>\n                                    Inkl. 19% MwSt.                                <\/small>\n                            <\/div>\n                                                <br>\n                        <a href=\"https:\/\/ford-sachsen.de\/html\/page\/fahrzeuge\/vanexxt-tourneo-custom-titanium-l1-vanexxt-level-schlafd\/\"\n                            class=\"vehicle-btn wp-block-button__link wp-element-button\">Details<\/a>\n                    <\/div>\n                <\/div> <!-- \/\/ vehicle-row -->\n               \n            <\/article>\n                        <article id=\"post-4746246\" class=\"vehicle\">\n                <hgroup>\n                    <a href=\"https:\/\/ford-sachsen.de\/html\/page\/fahrzeuge\/ford-ranger-tremor-e-4wd-doppelkabine-ahk-navi-digita\/\">\n                        <h2 class=\"vehicle-title\">\n                            Ford Ranger Tremor e-4WD Doppelkabine AHK Navi Digita                        <\/h2>\n\n                    <\/a>\n                <\/hgroup>\n                <span class=\"vehicle-addition\">\n                    <p>\n                        SUV\/Gel\u00e4ndewagen\/Pickup ,\n                        Gebrauchtfahrzeug                    <\/p>\n                <\/span>\n                <div class=\"vehicle-row\">\n                    <div class=\"vehicle-thumbnail\">\n                        <a href=\"https:\/\/ford-sachsen.de\/html\/page\/fahrzeuge\/ford-ranger-tremor-e-4wd-doppelkabine-ahk-navi-digita\/\" title=\"Ford Ranger Tremor e-4WD Doppelkabine AHK Navi Digita\">\n                            <img loading=\"lazy\" decoding=\"async\" width=\"300\" height=\"225\" src=\"https:\/\/ford-sachsen.de\/html\/page\/wp-content\/uploads\/2026\/05\/4746246-69f3fdab28a3a2ed0e05f-1ebc-40c7-bc80-57fda9bd0fee-rule-mo-1600-300x225.jpg\" class=\"attachment-medium size-medium wp-post-image\" alt=\"\" srcset=\"https:\/\/ford-sachsen.de\/html\/page\/wp-content\/uploads\/2026\/05\/4746246-69f3fdab28a3a2ed0e05f-1ebc-40c7-bc80-57fda9bd0fee-rule-mo-1600-300x225.jpg 300w, https:\/\/ford-sachsen.de\/html\/page\/wp-content\/uploads\/2026\/05\/4746246-69f3fdab28a3a2ed0e05f-1ebc-40c7-bc80-57fda9bd0fee-rule-mo-1600-1024x768.jpg 1024w, https:\/\/ford-sachsen.de\/html\/page\/wp-content\/uploads\/2026\/05\/4746246-69f3fdab28a3a2ed0e05f-1ebc-40c7-bc80-57fda9bd0fee-rule-mo-1600-768x576.jpg 768w, https:\/\/ford-sachsen.de\/html\/page\/wp-content\/uploads\/2026\/05\/4746246-69f3fdab28a3a2ed0e05f-1ebc-40c7-bc80-57fda9bd0fee-rule-mo-1600.jpg 1440w\" sizes=\"(max-width: 300px) 100vw, 300px\" \/>                        <\/a>\n                    <\/div>\n                    <div class=\"vehicle-data\">\n                                                    <small>\n                                                                04.2026                                \u00b7\n                            <\/small>\n                                                                            <small>\n                                25 km\n                            <\/small>\n                                                                            <small>\n                                \u00b7\n                                151 kW\n                                                                (\n                                205 PS)\n                            <\/small>\n                                                                            <small>\n                                \u00b7\n                                Automatik                            <\/small>\n                                                                            <small>\n                                \u00b7\n                                Unfallfrei                            <\/small>\n                        \n                                                    <small>\n                                \u00b7\n                                Diesel                            <\/small>\n                                                                                                                            <small>\n                                \u00b7\n                                4\/5 T\u00fcren\n                            <\/small>\n                                                <ul class=\"vehicle-emission\">\n                                                 <span>Verbrauch komb.: \n                                    10.3                                 l\/100km<\/span><br>\n                                                                                \n                                       \n  <!-- CO2-Emissionen\t-->\n                                            <span>CO\u2082-Emissionen komb.: 270.0                                 g\/km<\/span><br>\n                                        <!-- CO2-Emissionen\t-->\n                   \n \n                         <span>CO\u2082-Klasse: \n                                    G                                <\/span><br>\n                    \n\n\n                <\/ul>\n\n                    <\/div>\n\n                    <div class=\"vehicle-price\">\n                                                    <div itemprop=\"priceSpecification\" itemscope itemtype=\"http:\/\/schema.org\/UnitPriceSpecification\">\n                                <meta itemprop=\"priceCurrency\" content=\"EUR\">\n                                <meta itemprop=\"price\" content=\"51.690\">\n                                <strong>\n                                    51.690 \u20ac (Brutto)\n                                <\/strong><br><small>\n                                    Inkl. 19% MwSt.                                <\/small>\n                            <\/div>\n                                                <br>\n                        <a href=\"https:\/\/ford-sachsen.de\/html\/page\/fahrzeuge\/ford-ranger-tremor-e-4wd-doppelkabine-ahk-navi-digita\/\"\n                            class=\"vehicle-btn wp-block-button__link wp-element-button\">Details<\/a>\n                    <\/div>\n                <\/div> <!-- \/\/ vehicle-row -->\n               \n            <\/article>\n                        <article id=\"post-4746244\" class=\"vehicle\">\n                <hgroup>\n                    <a href=\"https:\/\/ford-sachsen.de\/html\/page\/fahrzeuge\/ford-transit-aktion-3-x-scattolini-pritsche-350\/\">\n                        <h2 class=\"vehicle-title\">\n                            Ford Transit Aktion 3 X &apos;&apos; Scattolini&apos;&apos; Pritsche 350                        <\/h2>\n\n                    <\/a>\n                <\/hgroup>\n                <span class=\"vehicle-addition\">\n                    <p>\n                        Pritsche ,\n                        Gebrauchtfahrzeug                    <\/p>\n                <\/span>\n                <div class=\"vehicle-row\">\n                    <div class=\"vehicle-thumbnail\">\n                        <a href=\"https:\/\/ford-sachsen.de\/html\/page\/fahrzeuge\/ford-transit-aktion-3-x-scattolini-pritsche-350\/\" title=\"Ford Transit Aktion 3 X &apos;&apos; Scattolini&apos;&apos; Pritsche 350\">\n                            <img loading=\"lazy\" decoding=\"async\" width=\"300\" height=\"225\" src=\"https:\/\/ford-sachsen.de\/html\/page\/wp-content\/uploads\/2026\/05\/4746244-69f3fda96cd68a1850fce-f1c0-47de-aeff-6eb62953606c-rule-mo-1600-300x225.jpg\" class=\"attachment-medium size-medium wp-post-image\" alt=\"\" srcset=\"https:\/\/ford-sachsen.de\/html\/page\/wp-content\/uploads\/2026\/05\/4746244-69f3fda96cd68a1850fce-f1c0-47de-aeff-6eb62953606c-rule-mo-1600-300x225.jpg 300w, https:\/\/ford-sachsen.de\/html\/page\/wp-content\/uploads\/2026\/05\/4746244-69f3fda96cd68a1850fce-f1c0-47de-aeff-6eb62953606c-rule-mo-1600-1024x768.jpg 1024w, https:\/\/ford-sachsen.de\/html\/page\/wp-content\/uploads\/2026\/05\/4746244-69f3fda96cd68a1850fce-f1c0-47de-aeff-6eb62953606c-rule-mo-1600-768x576.jpg 768w, https:\/\/ford-sachsen.de\/html\/page\/wp-content\/uploads\/2026\/05\/4746244-69f3fda96cd68a1850fce-f1c0-47de-aeff-6eb62953606c-rule-mo-1600.jpg 1440w\" sizes=\"(max-width: 300px) 100vw, 300px\" \/>                        <\/a>\n                    <\/div>\n                    <div class=\"vehicle-data\">\n                                                    <small>\n                                                                12.2025                                \u00b7\n                            <\/small>\n                                                                            <small>\n                                50 km\n                            <\/small>\n                                                                            <small>\n                                \u00b7\n                                96 kW\n                                                                (\n                                131 PS)\n                            <\/small>\n                                                                            <small>\n                                \u00b7\n                                Schaltgetriebe                            <\/small>\n                                                                            <small>\n                                \u00b7\n                                Unfallfrei                            <\/small>\n                        \n                                                    <small>\n                                \u00b7\n                                Diesel                            <\/small>\n                                                                                                                        <ul class=\"vehicle-emission\">\n                                                                                     \n                                       \n  <!-- CO2-Emissionen\t-->\n                                        <!-- CO2-Emissionen\t-->\n                   \n \n \n\n\n                <\/ul>\n\n                    <\/div>\n\n                    <div class=\"vehicle-price\">\n                                                    <div itemprop=\"priceSpecification\" itemscope itemtype=\"http:\/\/schema.org\/UnitPriceSpecification\">\n                                <meta itemprop=\"priceCurrency\" content=\"EUR\">\n                                <meta itemprop=\"price\" content=\"29.690\">\n                                <strong>\n                                    29.690 \u20ac (Brutto)\n                                <\/strong><br><small>\n                                    Inkl. 19% MwSt.                                <\/small>\n                            <\/div>\n                                                <br>\n                        <a href=\"https:\/\/ford-sachsen.de\/html\/page\/fahrzeuge\/ford-transit-aktion-3-x-scattolini-pritsche-350\/\"\n                            class=\"vehicle-btn wp-block-button__link wp-element-button\">Details<\/a>\n                    <\/div>\n                <\/div> <!-- \/\/ vehicle-row -->\n               \n            <\/article>\n                        <article id=\"post-4745864\" class=\"vehicle\">\n                <hgroup>\n                    <a href=\"https:\/\/ford-sachsen.de\/html\/page\/fahrzeuge\/ford-kuga-fhev-st-line-x-black-packagematrix-ledwin-2\/\">\n                        <h2 class=\"vehicle-title\">\n                            Ford Kuga FHEV ST-Line X BLACK-PACKAGE+MATRIX-LED+WIN                        <\/h2>\n\n                    <\/a>\n                <\/hgroup>\n                <span class=\"vehicle-addition\">\n                    <p>\n                        SUV\/Gel\u00e4ndewagen\/Pickup ,\n                        Gebrauchtfahrzeug                    <\/p>\n                <\/span>\n                <div class=\"vehicle-row\">\n                    <div class=\"vehicle-thumbnail\">\n                        <a href=\"https:\/\/ford-sachsen.de\/html\/page\/fahrzeuge\/ford-kuga-fhev-st-line-x-black-packagematrix-ledwin-2\/\" title=\"Ford Kuga FHEV ST-Line X BLACK-PACKAGE+MATRIX-LED+WIN\">\n                            <img loading=\"lazy\" decoding=\"async\" width=\"300\" height=\"225\" src=\"https:\/\/ford-sachsen.de\/html\/page\/wp-content\/uploads\/2026\/05\/4745864-69f3ea31c0061a3d876a4-b4ed-44c7-a9d2-0a7c130b8c87-rule-mo-1600-300x225.jpg\" class=\"attachment-medium size-medium wp-post-image\" alt=\"\" srcset=\"https:\/\/ford-sachsen.de\/html\/page\/wp-content\/uploads\/2026\/05\/4745864-69f3ea31c0061a3d876a4-b4ed-44c7-a9d2-0a7c130b8c87-rule-mo-1600-300x225.jpg 300w, https:\/\/ford-sachsen.de\/html\/page\/wp-content\/uploads\/2026\/05\/4745864-69f3ea31c0061a3d876a4-b4ed-44c7-a9d2-0a7c130b8c87-rule-mo-1600-1024x768.jpg 1024w, https:\/\/ford-sachsen.de\/html\/page\/wp-content\/uploads\/2026\/05\/4745864-69f3ea31c0061a3d876a4-b4ed-44c7-a9d2-0a7c130b8c87-rule-mo-1600-768x576.jpg 768w, https:\/\/ford-sachsen.de\/html\/page\/wp-content\/uploads\/2026\/05\/4745864-69f3ea31c0061a3d876a4-b4ed-44c7-a9d2-0a7c130b8c87-rule-mo-1600.jpg 1440w\" sizes=\"(max-width: 300px) 100vw, 300px\" \/>                        <\/a>\n                    <\/div>\n                    <div class=\"vehicle-data\">\n                                                    <small>\n                                                                03.2026                                \u00b7\n                            <\/small>\n                                                                            <small>\n                                25 km\n                            <\/small>\n                                                                            <small>\n                                \u00b7\n                                140 kW\n                                                                (\n                                190 PS)\n                            <\/small>\n                                                                            <small>\n                                \u00b7\n                                Automatik                            <\/small>\n                                                                            <small>\n                                \u00b7\n                                Unfallfrei                            <\/small>\n                        \n                                                    <small>\n                                \u00b7\n                                Hybrid (Benzin\/Elektro)                            <\/small>\n                                                                                                                            <small>\n                                \u00b7\n                                4\/5 T\u00fcren\n                            <\/small>\n                                                <ul class=\"vehicle-emission\">\n                                                 <span>Verbrauch komb.: \n                                    6.4                                 l\/100km<\/span><br>\n                                                                                \n                                       \n  <!-- CO2-Emissionen\t-->\n                                            <span>CO\u2082-Emissionen komb.: 146.0                                 g\/km<\/span><br>\n                                        <!-- CO2-Emissionen\t-->\n                   \n \n                         <span>CO\u2082-Klasse: \n                                    E                                <\/span><br>\n                    \n\n\n                <\/ul>\n\n                    <\/div>\n\n                    <div class=\"vehicle-price\">\n                                                    <div itemprop=\"priceSpecification\" itemscope itemtype=\"http:\/\/schema.org\/UnitPriceSpecification\">\n                                <meta itemprop=\"priceCurrency\" content=\"EUR\">\n                                <meta itemprop=\"price\" content=\"39.790\">\n                                <strong>\n                                    39.790 \u20ac (Brutto)\n                                <\/strong><br><small>\n                                    Inkl. 19% MwSt.                                <\/small>\n                            <\/div>\n                                                <br>\n                        <a href=\"https:\/\/ford-sachsen.de\/html\/page\/fahrzeuge\/ford-kuga-fhev-st-line-x-black-packagematrix-ledwin-2\/\"\n                            class=\"vehicle-btn wp-block-button__link wp-element-button\">Details<\/a>\n                    <\/div>\n                <\/div> <!-- \/\/ vehicle-row -->\n               \n            <\/article>\n                        <article id=\"post-4745860\" class=\"vehicle\">\n                <hgroup>\n                    <a href=\"https:\/\/ford-sachsen.de\/html\/page\/fahrzeuge\/ford-puma-st-line-winterpaketnaviled-digitales-cock\/\">\n                        <h2 class=\"vehicle-title\">\n                            Ford Puma ST-Line WINTERPAKET+NAVI+LED Digitales Cock                        <\/h2>\n\n                    <\/a>\n                <\/hgroup>\n                <span class=\"vehicle-addition\">\n                    <p>\n                        SUV\/Gel\u00e4ndewagen\/Pickup ,\n                        Gebrauchtfahrzeug                    <\/p>\n                <\/span>\n                <div class=\"vehicle-row\">\n                    <div class=\"vehicle-thumbnail\">\n                        <a href=\"https:\/\/ford-sachsen.de\/html\/page\/fahrzeuge\/ford-puma-st-line-winterpaketnaviled-digitales-cock\/\" title=\"Ford Puma ST-Line WINTERPAKET+NAVI+LED Digitales Cock\">\n                            <img loading=\"lazy\" decoding=\"async\" width=\"300\" height=\"225\" src=\"https:\/\/ford-sachsen.de\/html\/page\/wp-content\/uploads\/2026\/05\/4745860-69f3e8840f3eeab129880-301d-4fed-b562-8ee44356e0f6-rule-mo-1600-300x225.jpg\" class=\"attachment-medium size-medium wp-post-image\" alt=\"\" srcset=\"https:\/\/ford-sachsen.de\/html\/page\/wp-content\/uploads\/2026\/05\/4745860-69f3e8840f3eeab129880-301d-4fed-b562-8ee44356e0f6-rule-mo-1600-300x225.jpg 300w, https:\/\/ford-sachsen.de\/html\/page\/wp-content\/uploads\/2026\/05\/4745860-69f3e8840f3eeab129880-301d-4fed-b562-8ee44356e0f6-rule-mo-1600-1024x768.jpg 1024w, https:\/\/ford-sachsen.de\/html\/page\/wp-content\/uploads\/2026\/05\/4745860-69f3e8840f3eeab129880-301d-4fed-b562-8ee44356e0f6-rule-mo-1600-768x576.jpg 768w, https:\/\/ford-sachsen.de\/html\/page\/wp-content\/uploads\/2026\/05\/4745860-69f3e8840f3eeab129880-301d-4fed-b562-8ee44356e0f6-rule-mo-1600.jpg 1440w\" sizes=\"(max-width: 300px) 100vw, 300px\" \/>                        <\/a>\n                    <\/div>\n                    <div class=\"vehicle-data\">\n                                                    <small>\n                                                                03.2026                                \u00b7\n                            <\/small>\n                                                                            <small>\n                                25 km\n                            <\/small>\n                                                                            <small>\n                                \u00b7\n                                92 kW\n                                                                (\n                                125 PS)\n                            <\/small>\n                                                                            <small>\n                                \u00b7\n                                Schaltgetriebe                            <\/small>\n                                                                            <small>\n                                \u00b7\n                                Unfallfrei                            <\/small>\n                        \n                                                    <small>\n                                \u00b7\n                                Benzin                            <\/small>\n                                                                                                                            <small>\n                                \u00b7\n                                4\/5 T\u00fcren\n                            <\/small>\n                                                <ul class=\"vehicle-emission\">\n                                                 <span>Verbrauch komb.: \n                                    6.0                                 l\/100km<\/span><br>\n                                                                                \n                                       \n  <!-- CO2-Emissionen\t-->\n                                            <span>CO\u2082-Emissionen komb.: 135.0                                 g\/km<\/span><br>\n                                        <!-- CO2-Emissionen\t-->\n                   \n \n                         <span>CO\u2082-Klasse: \n                                    D                                <\/span><br>\n                    \n\n\n                <\/ul>\n\n                    <\/div>\n\n                    <div class=\"vehicle-price\">\n                                                    <div itemprop=\"priceSpecification\" itemscope itemtype=\"http:\/\/schema.org\/UnitPriceSpecification\">\n                                <meta itemprop=\"priceCurrency\" content=\"EUR\">\n                                <meta itemprop=\"price\" content=\"26.990\">\n                                <strong>\n                                    26.990 \u20ac (Brutto)\n                                <\/strong><br><small>\n                                    Inkl. 19% MwSt.                                <\/small>\n                            <\/div>\n                                                <br>\n                        <a href=\"https:\/\/ford-sachsen.de\/html\/page\/fahrzeuge\/ford-puma-st-line-winterpaketnaviled-digitales-cock\/\"\n                            class=\"vehicle-btn wp-block-button__link wp-element-button\">Details<\/a>\n                    <\/div>\n                <\/div> <!-- \/\/ vehicle-row -->\n               \n            <\/article>\n                        <article id=\"post-4745858\" class=\"vehicle\">\n                <hgroup>\n                    <a href=\"https:\/\/ford-sachsen.de\/html\/page\/fahrzeuge\/ford-kuga-fhev-active-matrix-ledhead-upwinterpaket\/\">\n                        <h2 class=\"vehicle-title\">\n                            Ford Kuga FHEV Active MATRIX-LED+HEAD-UP+WINTERPAKET                        <\/h2>\n\n                    <\/a>\n                <\/hgroup>\n                <span class=\"vehicle-addition\">\n                    <p>\n                        SUV\/Gel\u00e4ndewagen\/Pickup ,\n                        Gebrauchtfahrzeug                    <\/p>\n                <\/span>\n                <div class=\"vehicle-row\">\n                    <div class=\"vehicle-thumbnail\">\n                        <a href=\"https:\/\/ford-sachsen.de\/html\/page\/fahrzeuge\/ford-kuga-fhev-active-matrix-ledhead-upwinterpaket\/\" title=\"Ford Kuga FHEV Active MATRIX-LED+HEAD-UP+WINTERPAKET\">\n                            <img loading=\"lazy\" decoding=\"async\" width=\"300\" height=\"225\" src=\"https:\/\/ford-sachsen.de\/html\/page\/wp-content\/uploads\/2026\/05\/4745858-69f3e88195955b53df9b1-f4ac-4001-a92e-8de14bcbc907-rule-mo-1600-300x225.jpg\" class=\"attachment-medium size-medium wp-post-image\" alt=\"\" srcset=\"https:\/\/ford-sachsen.de\/html\/page\/wp-content\/uploads\/2026\/05\/4745858-69f3e88195955b53df9b1-f4ac-4001-a92e-8de14bcbc907-rule-mo-1600-300x225.jpg 300w, https:\/\/ford-sachsen.de\/html\/page\/wp-content\/uploads\/2026\/05\/4745858-69f3e88195955b53df9b1-f4ac-4001-a92e-8de14bcbc907-rule-mo-1600-1024x768.jpg 1024w, https:\/\/ford-sachsen.de\/html\/page\/wp-content\/uploads\/2026\/05\/4745858-69f3e88195955b53df9b1-f4ac-4001-a92e-8de14bcbc907-rule-mo-1600-768x576.jpg 768w, https:\/\/ford-sachsen.de\/html\/page\/wp-content\/uploads\/2026\/05\/4745858-69f3e88195955b53df9b1-f4ac-4001-a92e-8de14bcbc907-rule-mo-1600.jpg 1440w\" sizes=\"(max-width: 300px) 100vw, 300px\" \/>                        <\/a>\n                    <\/div>\n                    <div class=\"vehicle-data\">\n                                                    <small>\n                                                                04.2026                                \u00b7\n                            <\/small>\n                                                                            <small>\n                                25 km\n                            <\/small>\n                                                                            <small>\n                                \u00b7\n                                132 kW\n                                                                (\n                                179 PS)\n                            <\/small>\n                                                                            <small>\n                                \u00b7\n                                Automatik                            <\/small>\n                                                                            <small>\n                                \u00b7\n                                Unfallfrei                            <\/small>\n                        \n                                                    <small>\n                                \u00b7\n                                Hybrid (Benzin\/Elektro)                            <\/small>\n                                                                                                                            <small>\n                                \u00b7\n                                4\/5 T\u00fcren\n                            <\/small>\n                                                <ul class=\"vehicle-emission\">\n                                                 <span>Verbrauch komb.: \n                                    6.3                                 l\/100km<\/span><br>\n                                                                                \n                                       \n  <!-- CO2-Emissionen\t-->\n                                            <span>CO\u2082-Emissionen komb.: 143.0                                 g\/km<\/span><br>\n                                        <!-- CO2-Emissionen\t-->\n                   \n \n                         <span>CO\u2082-Klasse: \n                                    E                                <\/span><br>\n                    \n\n\n                <\/ul>\n\n                    <\/div>\n\n                    <div class=\"vehicle-price\">\n                                                    <div itemprop=\"priceSpecification\" itemscope itemtype=\"http:\/\/schema.org\/UnitPriceSpecification\">\n                                <meta itemprop=\"priceCurrency\" content=\"EUR\">\n                                <meta itemprop=\"price\" content=\"35.990\">\n                                <strong>\n                                    35.990 \u20ac (Brutto)\n                                <\/strong><br><small>\n                                    Inkl. 19% MwSt.                                <\/small>\n                            <\/div>\n                                                <br>\n                        <a href=\"https:\/\/ford-sachsen.de\/html\/page\/fahrzeuge\/ford-kuga-fhev-active-matrix-ledhead-upwinterpaket\/\"\n                            class=\"vehicle-btn wp-block-button__link wp-element-button\">Details<\/a>\n                    <\/div>\n                <\/div> <!-- \/\/ vehicle-row -->\n               \n            <\/article>\n                        <article id=\"post-4745730\" class=\"vehicle\">\n                <hgroup>\n                    <a href=\"https:\/\/ford-sachsen.de\/html\/page\/fahrzeuge\/ford-tourneo-custom-320-l1-titanium-ahkraptorgrillb-2\/\">\n                        <h2 class=\"vehicle-title\">\n                            Ford Tourneo Custom 320 L1 Titanium AHK+RAPTORGRILL+B                        <\/h2>\n\n                    <\/a>\n                <\/hgroup>\n                <span class=\"vehicle-addition\">\n                    <p>\n                        Van\/Minibus ,\n                        Gebrauchtfahrzeug                    <\/p>\n                <\/span>\n                <div class=\"vehicle-row\">\n                    <div class=\"vehicle-thumbnail\">\n                        <a href=\"https:\/\/ford-sachsen.de\/html\/page\/fahrzeuge\/ford-tourneo-custom-320-l1-titanium-ahkraptorgrillb-2\/\" title=\"Ford Tourneo Custom 320 L1 Titanium AHK+RAPTORGRILL+B\">\n                            <img loading=\"lazy\" decoding=\"async\" width=\"300\" height=\"225\" src=\"https:\/\/ford-sachsen.de\/html\/page\/wp-content\/uploads\/2026\/05\/4745730-69f3e629019acaef020b4-622a-4848-a8fc-58d06be717f0-rule-mo-1600-300x225.jpg\" class=\"attachment-medium size-medium wp-post-image\" alt=\"\" srcset=\"https:\/\/ford-sachsen.de\/html\/page\/wp-content\/uploads\/2026\/05\/4745730-69f3e629019acaef020b4-622a-4848-a8fc-58d06be717f0-rule-mo-1600-300x225.jpg 300w, https:\/\/ford-sachsen.de\/html\/page\/wp-content\/uploads\/2026\/05\/4745730-69f3e629019acaef020b4-622a-4848-a8fc-58d06be717f0-rule-mo-1600-1024x768.jpg 1024w, https:\/\/ford-sachsen.de\/html\/page\/wp-content\/uploads\/2026\/05\/4745730-69f3e629019acaef020b4-622a-4848-a8fc-58d06be717f0-rule-mo-1600-768x576.jpg 768w, https:\/\/ford-sachsen.de\/html\/page\/wp-content\/uploads\/2026\/05\/4745730-69f3e629019acaef020b4-622a-4848-a8fc-58d06be717f0-rule-mo-1600.jpg 1440w\" sizes=\"(max-width: 300px) 100vw, 300px\" \/>                        <\/a>\n                    <\/div>\n                    <div class=\"vehicle-data\">\n                                                    <small>\n                                                                09.2023                                \u00b7\n                            <\/small>\n                                                                            <small>\n                                40.000 km\n                            <\/small>\n                                                                            <small>\n                                \u00b7\n                                110 kW\n                                                                (\n                                150 PS)\n                            <\/small>\n                                                                            <small>\n                                \u00b7\n                                Schaltgetriebe                            <\/small>\n                                                                            <small>\n                                \u00b7\n                                Unfallfrei                            <\/small>\n                        \n                                                    <small>\n                                \u00b7\n                                Diesel                            <\/small>\n                                                                                                                            <small>\n                                \u00b7\n                                4\/5 T\u00fcren\n                            <\/small>\n                                                <ul class=\"vehicle-emission\">\n                                                 <span>Verbrauch komb.: \n                                    7.9                                 l\/100km<\/span><br>\n                                                                                \n                                       \n  <!-- CO2-Emissionen\t-->\n                                            <span>CO\u2082-Emissionen komb.: 206.0                                 g\/km<\/span><br>\n                                        <!-- CO2-Emissionen\t-->\n                   \n \n                         <span>CO\u2082-Klasse: \n                                    G                                <\/span><br>\n                    \n\n\n                <\/ul>\n\n                    <\/div>\n\n                    <div class=\"vehicle-price\">\n                                                    <div itemprop=\"priceSpecification\" itemscope itemtype=\"http:\/\/schema.org\/UnitPriceSpecification\">\n                                <meta itemprop=\"priceCurrency\" content=\"EUR\">\n                                <meta itemprop=\"price\" content=\"39.690\">\n                                <strong>\n                                    39.690 \u20ac (Brutto)\n                                <\/strong><br><small>\n                                    Inkl. 19% MwSt.                                <\/small>\n                            <\/div>\n                                                <br>\n                        <a href=\"https:\/\/ford-sachsen.de\/html\/page\/fahrzeuge\/ford-tourneo-custom-320-l1-titanium-ahkraptorgrillb-2\/\"\n                            class=\"vehicle-btn wp-block-button__link wp-element-button\">Details<\/a>\n                    <\/div>\n                <\/div> <!-- \/\/ vehicle-row -->\n               \n            <\/article>\n                        <article id=\"post-4745526\" class=\"vehicle\">\n                <hgroup>\n                    <a href=\"https:\/\/ford-sachsen.de\/html\/page\/fahrzeuge\/ford-tourneo-courier-active-automatikacctwashfsh\/\">\n                        <h2 class=\"vehicle-title\">\n                            Ford Tourneo Courier Active AUTOMATIK+ACC+TWA+SH+FSH                        <\/h2>\n\n                    <\/a>\n                <\/hgroup>\n                <span class=\"vehicle-addition\">\n                    <p>\n                        Van\/Minibus ,\n                        Gebrauchtfahrzeug                    <\/p>\n                <\/span>\n                <div class=\"vehicle-row\">\n                    <div class=\"vehicle-thumbnail\">\n                        <a href=\"https:\/\/ford-sachsen.de\/html\/page\/fahrzeuge\/ford-tourneo-courier-active-automatikacctwashfsh\/\" title=\"Ford Tourneo Courier Active AUTOMATIK+ACC+TWA+SH+FSH\">\n                            <img loading=\"lazy\" decoding=\"async\" width=\"300\" height=\"225\" src=\"https:\/\/ford-sachsen.de\/html\/page\/wp-content\/uploads\/2026\/04\/4745526-69f3641a166f2467c5df2-94aa-4178-9254-6cb938bea6d6-rule-mo-1600-300x225.jpg\" class=\"attachment-medium size-medium wp-post-image\" alt=\"\" srcset=\"https:\/\/ford-sachsen.de\/html\/page\/wp-content\/uploads\/2026\/04\/4745526-69f3641a166f2467c5df2-94aa-4178-9254-6cb938bea6d6-rule-mo-1600-300x225.jpg 300w, https:\/\/ford-sachsen.de\/html\/page\/wp-content\/uploads\/2026\/04\/4745526-69f3641a166f2467c5df2-94aa-4178-9254-6cb938bea6d6-rule-mo-1600-1024x768.jpg 1024w, https:\/\/ford-sachsen.de\/html\/page\/wp-content\/uploads\/2026\/04\/4745526-69f3641a166f2467c5df2-94aa-4178-9254-6cb938bea6d6-rule-mo-1600-768x576.jpg 768w, https:\/\/ford-sachsen.de\/html\/page\/wp-content\/uploads\/2026\/04\/4745526-69f3641a166f2467c5df2-94aa-4178-9254-6cb938bea6d6-rule-mo-1600.jpg 1440w\" sizes=\"(max-width: 300px) 100vw, 300px\" \/>                        <\/a>\n                    <\/div>\n                    <div class=\"vehicle-data\">\n                                                    <small>\n                                                                03.2026                                \u00b7\n                            <\/small>\n                                                                            <small>\n                                25 km\n                            <\/small>\n                                                                            <small>\n                                \u00b7\n                                92 kW\n                                                                (\n                                125 PS)\n                            <\/small>\n                                                                            <small>\n                                \u00b7\n                                Automatik                            <\/small>\n                                                                            <small>\n                                \u00b7\n                                Unfallfrei                            <\/small>\n                        \n                                                    <small>\n                                \u00b7\n                                Benzin                            <\/small>\n                                                                                                                            <small>\n                                \u00b7\n                                4\/5 T\u00fcren\n                            <\/small>\n                                                <ul class=\"vehicle-emission\">\n                                                 <span>Verbrauch komb.: \n                                    6.9                                 l\/100km<\/span><br>\n                                                                                \n                                       \n  <!-- CO2-Emissionen\t-->\n                                            <span>CO\u2082-Emissionen komb.: 158.0                                 g\/km<\/span><br>\n                                        <!-- CO2-Emissionen\t-->\n                   \n \n                         <span>CO\u2082-Klasse: \n                                    F                                <\/span><br>\n                    \n\n\n                <\/ul>\n\n                    <\/div>\n\n                    <div class=\"vehicle-price\">\n                                                    <div itemprop=\"priceSpecification\" itemscope itemtype=\"http:\/\/schema.org\/UnitPriceSpecification\">\n                                <meta itemprop=\"priceCurrency\" content=\"EUR\">\n                                <meta itemprop=\"price\" content=\"29.490\">\n                                <strong>\n                                    29.490 \u20ac (Brutto)\n                                <\/strong><br><small>\n                                    Inkl. 19% MwSt.                                <\/small>\n                            <\/div>\n                                                <br>\n                        <a href=\"https:\/\/ford-sachsen.de\/html\/page\/fahrzeuge\/ford-tourneo-courier-active-automatikacctwashfsh\/\"\n                            class=\"vehicle-btn wp-block-button__link wp-element-button\">Details<\/a>\n                    <\/div>\n                <\/div> <!-- \/\/ vehicle-row -->\n               \n            <\/article>\n                        <article id=\"post-4745522\" class=\"vehicle\">\n                <hgroup>\n                    <a href=\"https:\/\/ford-sachsen.de\/html\/page\/fahrzeuge\/ford-tourneo-courier-titanium-kamera-shfshpps-kli\/\">\n                        <h2 class=\"vehicle-title\">\n                            Ford Tourneo Courier Titanium KAMERA+ SH+FSH+PPS+ Kli                        <\/h2>\n\n                    <\/a>\n                <\/hgroup>\n                <span class=\"vehicle-addition\">\n                    <p>\n                        Van\/Minibus ,\n                        Gebrauchtfahrzeug                    <\/p>\n                <\/span>\n                <div class=\"vehicle-row\">\n                    <div class=\"vehicle-thumbnail\">\n                        <a href=\"https:\/\/ford-sachsen.de\/html\/page\/fahrzeuge\/ford-tourneo-courier-titanium-kamera-shfshpps-kli\/\" title=\"Ford Tourneo Courier Titanium KAMERA+ SH+FSH+PPS+ Kli\">\n                            <img loading=\"lazy\" decoding=\"async\" width=\"300\" height=\"225\" src=\"https:\/\/ford-sachsen.de\/html\/page\/wp-content\/uploads\/2026\/04\/4745522-69f36416afb54c600ae4f-c8ad-4aad-a75f-1199fec3fee7-rule-mo-1600-300x225.jpg\" class=\"attachment-medium size-medium wp-post-image\" alt=\"\" srcset=\"https:\/\/ford-sachsen.de\/html\/page\/wp-content\/uploads\/2026\/04\/4745522-69f36416afb54c600ae4f-c8ad-4aad-a75f-1199fec3fee7-rule-mo-1600-300x225.jpg 300w, https:\/\/ford-sachsen.de\/html\/page\/wp-content\/uploads\/2026\/04\/4745522-69f36416afb54c600ae4f-c8ad-4aad-a75f-1199fec3fee7-rule-mo-1600-1024x768.jpg 1024w, https:\/\/ford-sachsen.de\/html\/page\/wp-content\/uploads\/2026\/04\/4745522-69f36416afb54c600ae4f-c8ad-4aad-a75f-1199fec3fee7-rule-mo-1600-768x576.jpg 768w, https:\/\/ford-sachsen.de\/html\/page\/wp-content\/uploads\/2026\/04\/4745522-69f36416afb54c600ae4f-c8ad-4aad-a75f-1199fec3fee7-rule-mo-1600.jpg 1440w\" sizes=\"(max-width: 300px) 100vw, 300px\" \/>                        <\/a>\n                    <\/div>\n                    <div class=\"vehicle-data\">\n                                                    <small>\n                                                                03.2026                                \u00b7\n                            <\/small>\n                                                                            <small>\n                                25 km\n                            <\/small>\n                                                                            <small>\n                                \u00b7\n                                92 kW\n                                                                (\n                                125 PS)\n                            <\/small>\n                                                                            <small>\n                                \u00b7\n                                Schaltgetriebe                            <\/small>\n                                                                            <small>\n                                \u00b7\n                                Unfallfrei                            <\/small>\n                        \n                                                    <small>\n                                \u00b7\n                                Benzin                            <\/small>\n                                                                                                                            <small>\n                                \u00b7\n                                4\/5 T\u00fcren\n                            <\/small>\n                                                <ul class=\"vehicle-emission\">\n                                                 <span>Verbrauch komb.: \n                                    6.7                                 l\/100km<\/span><br>\n                                                                                \n                                       \n  <!-- CO2-Emissionen\t-->\n                                            <span>CO\u2082-Emissionen komb.: 153.0                                 g\/km<\/span><br>\n                                        <!-- CO2-Emissionen\t-->\n                   \n \n                         <span>CO\u2082-Klasse: \n                                    E                                <\/span><br>\n                    \n\n\n                <\/ul>\n\n                    <\/div>\n\n                    <div class=\"vehicle-price\">\n                                                    <div itemprop=\"priceSpecification\" itemscope itemtype=\"http:\/\/schema.org\/UnitPriceSpecification\">\n                                <meta itemprop=\"priceCurrency\" content=\"EUR\">\n                                <meta itemprop=\"price\" content=\"25.990\">\n                                <strong>\n                                    25.990 \u20ac (Brutto)\n                                <\/strong><br><small>\n                                    Inkl. 19% MwSt.                                <\/small>\n                            <\/div>\n                                                <br>\n                        <a href=\"https:\/\/ford-sachsen.de\/html\/page\/fahrzeuge\/ford-tourneo-courier-titanium-kamera-shfshpps-kli\/\"\n                            class=\"vehicle-btn wp-block-button__link wp-element-button\">Details<\/a>\n                    <\/div>\n                <\/div> <!-- \/\/ vehicle-row -->\n               \n            <\/article>\n                        <article id=\"post-4745520\" class=\"vehicle\">\n                <hgroup>\n                    <a href=\"https:\/\/ford-sachsen.de\/html\/page\/fahrzeuge\/ford-tourneo-connect-titanium-l1-2xsofrort-ahkledvo\/\">\n                        <h2 class=\"vehicle-title\">\n                            Ford Tourneo Connect Titanium L1 2xSOFRORT AHK+LEDvo+                        <\/h2>\n\n                    <\/a>\n                <\/hgroup>\n                <span class=\"vehicle-addition\">\n                    <p>\n                        Van\/Minibus ,\n                        Gebrauchtfahrzeug                    <\/p>\n                <\/span>\n                <div class=\"vehicle-row\">\n                    <div class=\"vehicle-thumbnail\">\n                        <a href=\"https:\/\/ford-sachsen.de\/html\/page\/fahrzeuge\/ford-tourneo-connect-titanium-l1-2xsofrort-ahkledvo\/\" title=\"Ford Tourneo Connect Titanium L1 2xSOFRORT AHK+LEDvo+\">\n                            <img loading=\"lazy\" decoding=\"async\" width=\"300\" height=\"225\" src=\"https:\/\/ford-sachsen.de\/html\/page\/wp-content\/uploads\/2026\/04\/4745520-69f36414e8bb4cec749fd-a4cd-4927-bac6-5543074e2131-rule-mo-1600-300x225.jpg\" class=\"attachment-medium size-medium wp-post-image\" alt=\"\" srcset=\"https:\/\/ford-sachsen.de\/html\/page\/wp-content\/uploads\/2026\/04\/4745520-69f36414e8bb4cec749fd-a4cd-4927-bac6-5543074e2131-rule-mo-1600-300x225.jpg 300w, https:\/\/ford-sachsen.de\/html\/page\/wp-content\/uploads\/2026\/04\/4745520-69f36414e8bb4cec749fd-a4cd-4927-bac6-5543074e2131-rule-mo-1600-1024x768.jpg 1024w, https:\/\/ford-sachsen.de\/html\/page\/wp-content\/uploads\/2026\/04\/4745520-69f36414e8bb4cec749fd-a4cd-4927-bac6-5543074e2131-rule-mo-1600-768x576.jpg 768w, https:\/\/ford-sachsen.de\/html\/page\/wp-content\/uploads\/2026\/04\/4745520-69f36414e8bb4cec749fd-a4cd-4927-bac6-5543074e2131-rule-mo-1600.jpg 1440w\" sizes=\"(max-width: 300px) 100vw, 300px\" \/>                        <\/a>\n                    <\/div>\n                    <div class=\"vehicle-data\">\n                                                    <small>\n                                                                03.2026                                \u00b7\n                            <\/small>\n                                                                            <small>\n                                25 km\n                            <\/small>\n                                                                            <small>\n                                \u00b7\n                                85 kW\n                                                                (\n                                116 PS)\n                            <\/small>\n                                                                            <small>\n                                \u00b7\n                                Automatik                            <\/small>\n                                                                            <small>\n                                \u00b7\n                                Unfallfrei                            <\/small>\n                        \n                                                    <small>\n                                \u00b7\n                                Benzin                            <\/small>\n                                                                                                                            <small>\n                                \u00b7\n                                4\/5 T\u00fcren\n                            <\/small>\n                                                <ul class=\"vehicle-emission\">\n                                                 <span>Verbrauch komb.: \n                                    6.7                                 l\/100km<\/span><br>\n                                                                                \n                                       \n  <!-- CO2-Emissionen\t-->\n                                            <span>CO\u2082-Emissionen komb.: 153.0                                 g\/km<\/span><br>\n                                        <!-- CO2-Emissionen\t-->\n                   \n \n                         <span>CO\u2082-Klasse: \n                                    E                                <\/span><br>\n                    \n\n\n                <\/ul>\n\n                    <\/div>\n\n                    <div class=\"vehicle-price\">\n                                                    <div itemprop=\"priceSpecification\" itemscope itemtype=\"http:\/\/schema.org\/UnitPriceSpecification\">\n                                <meta itemprop=\"priceCurrency\" content=\"EUR\">\n                                <meta itemprop=\"price\" content=\"34.490\">\n                                <strong>\n                                    34.490 \u20ac (Brutto)\n                                <\/strong><br><small>\n                                    Inkl. 19% MwSt.                                <\/small>\n                            <\/div>\n                                                <br>\n                        <a href=\"https:\/\/ford-sachsen.de\/html\/page\/fahrzeuge\/ford-tourneo-connect-titanium-l1-2xsofrort-ahkledvo\/\"\n                            class=\"vehicle-btn wp-block-button__link wp-element-button\">Details<\/a>\n                    <\/div>\n                <\/div> <!-- \/\/ vehicle-row -->\n               \n            <\/article>\n                        <article id=\"post-4745448\" class=\"vehicle\">\n                <hgroup>\n                    <a href=\"https:\/\/ford-sachsen.de\/html\/page\/fahrzeuge\/jaecoo-j7-jaecoo-7-phev-1-5-tgdi-select-rueckfahrkamera-2\/\">\n                        <h2 class=\"vehicle-title\">\n                            JAECOO J7 Jaecoo 7 PHEV 1.5 TGDI  SELECT R\u00dcCKFAHRKAMERA                        <\/h2>\n\n                    <\/a>\n                <\/hgroup>\n                <span class=\"vehicle-addition\">\n                    <p>\n                        SUV\/Gel\u00e4ndewagen\/Pickup ,\n                        Neufahrzeug                    <\/p>\n                <\/span>\n                <div class=\"vehicle-row\">\n                    <div class=\"vehicle-thumbnail\">\n                        <a href=\"https:\/\/ford-sachsen.de\/html\/page\/fahrzeuge\/jaecoo-j7-jaecoo-7-phev-1-5-tgdi-select-rueckfahrkamera-2\/\" title=\"JAECOO J7 Jaecoo 7 PHEV 1.5 TGDI  SELECT R\u00dcCKFAHRKAMERA\">\n                            <img loading=\"lazy\" decoding=\"async\" width=\"300\" height=\"225\" src=\"https:\/\/ford-sachsen.de\/html\/page\/wp-content\/uploads\/2026\/04\/4745448-69f31fe737dddecb518db-6f3a-41d6-9d91-a1ca64c06294-rule-mo-1600-300x225.jpg\" class=\"attachment-medium size-medium wp-post-image\" alt=\"\" srcset=\"https:\/\/ford-sachsen.de\/html\/page\/wp-content\/uploads\/2026\/04\/4745448-69f31fe737dddecb518db-6f3a-41d6-9d91-a1ca64c06294-rule-mo-1600-300x225.jpg 300w, https:\/\/ford-sachsen.de\/html\/page\/wp-content\/uploads\/2026\/04\/4745448-69f31fe737dddecb518db-6f3a-41d6-9d91-a1ca64c06294-rule-mo-1600-1024x768.jpg 1024w, https:\/\/ford-sachsen.de\/html\/page\/wp-content\/uploads\/2026\/04\/4745448-69f31fe737dddecb518db-6f3a-41d6-9d91-a1ca64c06294-rule-mo-1600-768x576.jpg 768w, https:\/\/ford-sachsen.de\/html\/page\/wp-content\/uploads\/2026\/04\/4745448-69f31fe737dddecb518db-6f3a-41d6-9d91-a1ca64c06294-rule-mo-1600.jpg 1440w\" sizes=\"(max-width: 300px) 100vw, 300px\" \/>                        <\/a>\n                    <\/div>\n                    <div class=\"vehicle-data\">\n                                                                            <small>\n                                10 km\n                            <\/small>\n                                                                            <small>\n                                \u00b7\n                                205 kW\n                                                                (\n                                279 PS)\n                            <\/small>\n                                                                            <small>\n                                \u00b7\n                                Automatik                            <\/small>\n                                                                            <small>\n                                \u00b7\n                                Unfallfrei                            <\/small>\n                        \n                                                    <small>\n                                \u00b7\n                                Plug-in-Hybrid                            <\/small>\n                                                                                                                            <small>\n                                \u00b7\n                                4\/5 T\u00fcren\n                            <\/small>\n                                                <ul class=\"vehicle-emission\">\n                                                <span>Kraftstoffverbrauch gewichtet, kombiniert: \n                                    2.4                                 l\/100km<\/span><br>\n                                             <span>Verbrauch komb.: \n                                    6.0                                 l\/100km<\/span><br>\n                                                                <span>Stromverbrauch gewichtet, kombiniert: \n                                    15.1                                 kWh\/100km<\/span><br>\n                                                            \n                                       \n  <!-- CO2-Emissionen\t-->\n                                            <span>CO\u2082-Emissionen komb.: 54.0                                 g\/km<\/span><br>\n                                        <!-- CO2-Emissionen\t-->\n                   \n \n                         <span>CO\u2082-Klasse: \n                                    B                                <\/span><br>\n                    \n\n\n                <\/ul>\n\n                    <\/div>\n\n                    <div class=\"vehicle-price\">\n                                                    <div itemprop=\"priceSpecification\" itemscope itemtype=\"http:\/\/schema.org\/UnitPriceSpecification\">\n                                <meta itemprop=\"priceCurrency\" content=\"EUR\">\n                                <meta itemprop=\"price\" content=\"36.990\">\n                                <strong>\n                                    36.990 \u20ac (Brutto)\n                                <\/strong><br><small>\n                                    Inkl. 19% MwSt.                                <\/small>\n                            <\/div>\n                                                <br>\n                        <a href=\"https:\/\/ford-sachsen.de\/html\/page\/fahrzeuge\/jaecoo-j7-jaecoo-7-phev-1-5-tgdi-select-rueckfahrkamera-2\/\"\n                            class=\"vehicle-btn wp-block-button__link wp-element-button\">Details<\/a>\n                    <\/div>\n                <\/div> <!-- \/\/ vehicle-row -->\n               \n            <\/article>\n                        <article id=\"post-4745444\" class=\"vehicle\">\n                <hgroup>\n                    <a href=\"https:\/\/ford-sachsen.de\/html\/page\/fahrzeuge\/ford-ranger-wildtrak-doka-tz-aktion-8xsofort-el-rollo-2\/\">\n                        <h2 class=\"vehicle-title\">\n                            Ford Ranger Wildtrak DOKA\/TZ-AKTION\/8xSOFORT\/EL.ROLLO                        <\/h2>\n\n                    <\/a>\n                <\/hgroup>\n                <span class=\"vehicle-addition\">\n                    <p>\n                        SUV\/Gel\u00e4ndewagen\/Pickup ,\n                        Gebrauchtfahrzeug                    <\/p>\n                <\/span>\n                <div class=\"vehicle-row\">\n                    <div class=\"vehicle-thumbnail\">\n                        <a href=\"https:\/\/ford-sachsen.de\/html\/page\/fahrzeuge\/ford-ranger-wildtrak-doka-tz-aktion-8xsofort-el-rollo-2\/\" title=\"Ford Ranger Wildtrak DOKA\/TZ-AKTION\/8xSOFORT\/EL.ROLLO\">\n                            <img loading=\"lazy\" decoding=\"async\" width=\"300\" height=\"225\" src=\"https:\/\/ford-sachsen.de\/html\/page\/wp-content\/uploads\/2026\/04\/4745444-69f31212a7b56ed72128c-3023-4aa0-bea6-f126cfd9215f-rule-mo-1600-300x225.jpg\" class=\"attachment-medium size-medium wp-post-image\" alt=\"\" srcset=\"https:\/\/ford-sachsen.de\/html\/page\/wp-content\/uploads\/2026\/04\/4745444-69f31212a7b56ed72128c-3023-4aa0-bea6-f126cfd9215f-rule-mo-1600-300x225.jpg 300w, https:\/\/ford-sachsen.de\/html\/page\/wp-content\/uploads\/2026\/04\/4745444-69f31212a7b56ed72128c-3023-4aa0-bea6-f126cfd9215f-rule-mo-1600-1024x768.jpg 1024w, https:\/\/ford-sachsen.de\/html\/page\/wp-content\/uploads\/2026\/04\/4745444-69f31212a7b56ed72128c-3023-4aa0-bea6-f126cfd9215f-rule-mo-1600-768x576.jpg 768w, https:\/\/ford-sachsen.de\/html\/page\/wp-content\/uploads\/2026\/04\/4745444-69f31212a7b56ed72128c-3023-4aa0-bea6-f126cfd9215f-rule-mo-1600.jpg 1440w\" sizes=\"(max-width: 300px) 100vw, 300px\" \/>                        <\/a>\n                    <\/div>\n                    <div class=\"vehicle-data\">\n                                                    <small>\n                                                                02.2026                                \u00b7\n                            <\/small>\n                                                                            <small>\n                                25 km\n                            <\/small>\n                                                                            <small>\n                                \u00b7\n                                177 kW\n                                                                (\n                                241 PS)\n                            <\/small>\n                                                                            <small>\n                                \u00b7\n                                Automatik                            <\/small>\n                                                                            <small>\n                                \u00b7\n                                Unfallfrei                            <\/small>\n                        \n                                                    <small>\n                                \u00b7\n                                Diesel                            <\/small>\n                                                                                                                            <small>\n                                \u00b7\n                                4\/5 T\u00fcren\n                            <\/small>\n                                                <ul class=\"vehicle-emission\">\n                                                 <span>Verbrauch komb.: \n                                    10.1                                 l\/100km<\/span><br>\n                                                                                \n                                       \n  <!-- CO2-Emissionen\t-->\n                                            <span>CO\u2082-Emissionen komb.: 265.0                                 g\/km<\/span><br>\n                                        <!-- CO2-Emissionen\t-->\n                   \n \n                         <span>CO\u2082-Klasse: \n                                    G                                <\/span><br>\n                    \n\n\n                <\/ul>\n\n                    <\/div>\n\n                    <div class=\"vehicle-price\">\n                                                    <div itemprop=\"priceSpecification\" itemscope itemtype=\"http:\/\/schema.org\/UnitPriceSpecification\">\n                                <meta itemprop=\"priceCurrency\" content=\"EUR\">\n                                <meta itemprop=\"price\" content=\"55.890\">\n                                <strong>\n                                    55.890 \u20ac (Brutto)\n                                <\/strong><br><small>\n                                    Inkl. 19% MwSt.                                <\/small>\n                            <\/div>\n                                                <br>\n                        <a href=\"https:\/\/ford-sachsen.de\/html\/page\/fahrzeuge\/ford-ranger-wildtrak-doka-tz-aktion-8xsofort-el-rollo-2\/\"\n                            class=\"vehicle-btn wp-block-button__link wp-element-button\">Details<\/a>\n                    <\/div>\n                <\/div> <!-- \/\/ vehicle-row -->\n               \n            <\/article>\n                        <article id=\"post-4745440\" class=\"vehicle\">\n                <hgroup>\n                    <a href=\"https:\/\/ford-sachsen.de\/html\/page\/fahrzeuge\/jaecoo-j7-jaecoo-7-phev-1-5-tgdi-exclusive-540-kamera\/\">\n                        <h2 class=\"vehicle-title\">\n                            JAECOO J7 Jaecoo 7 PHEV 1.5 TGDI EXCLUSIVE  540\u00b0 KAMERA                        <\/h2>\n\n                    <\/a>\n                <\/hgroup>\n                <span class=\"vehicle-addition\">\n                    <p>\n                        SUV\/Gel\u00e4ndewagen\/Pickup ,\n                        Neufahrzeug                    <\/p>\n                <\/span>\n                <div class=\"vehicle-row\">\n                    <div class=\"vehicle-thumbnail\">\n                        <a href=\"https:\/\/ford-sachsen.de\/html\/page\/fahrzeuge\/jaecoo-j7-jaecoo-7-phev-1-5-tgdi-exclusive-540-kamera\/\" title=\"JAECOO J7 Jaecoo 7 PHEV 1.5 TGDI EXCLUSIVE  540\u00b0 KAMERA\">\n                            <img loading=\"lazy\" decoding=\"async\" width=\"300\" height=\"225\" src=\"https:\/\/ford-sachsen.de\/html\/page\/wp-content\/uploads\/2026\/04\/4745440-69f2f3dc99a746372a112-f95d-4963-a884-fc4e0150c5a4-rule-mo-1600-300x225.jpg\" class=\"attachment-medium size-medium wp-post-image\" alt=\"\" srcset=\"https:\/\/ford-sachsen.de\/html\/page\/wp-content\/uploads\/2026\/04\/4745440-69f2f3dc99a746372a112-f95d-4963-a884-fc4e0150c5a4-rule-mo-1600-300x225.jpg 300w, https:\/\/ford-sachsen.de\/html\/page\/wp-content\/uploads\/2026\/04\/4745440-69f2f3dc99a746372a112-f95d-4963-a884-fc4e0150c5a4-rule-mo-1600.jpg 640w\" sizes=\"(max-width: 300px) 100vw, 300px\" \/>                        <\/a>\n                    <\/div>\n                    <div class=\"vehicle-data\">\n                                                                            <small>\n                                10 km\n                            <\/small>\n                                                                            <small>\n                                \u00b7\n                                205 kW\n                                                                (\n                                279 PS)\n                            <\/small>\n                                                                            <small>\n                                \u00b7\n                                Automatik                            <\/small>\n                                                                            <small>\n                                \u00b7\n                                Unfallfrei                            <\/small>\n                        \n                                                    <small>\n                                \u00b7\n                                Plug-in-Hybrid                            <\/small>\n                                                                                                                            <small>\n                                \u00b7\n                                4\/5 T\u00fcren\n                            <\/small>\n                                                <ul class=\"vehicle-emission\">\n                                                <span>Kraftstoffverbrauch gewichtet, kombiniert: \n                                    2.4                                 l\/100km<\/span><br>\n                                             <span>Verbrauch komb.: \n                                    6.0                                 l\/100km<\/span><br>\n                                                                <span>Stromverbrauch gewichtet, kombiniert: \n                                    15.1                                 kWh\/100km<\/span><br>\n                                                            \n                                       \n  <!-- CO2-Emissionen\t-->\n                                            <span>CO\u2082-Emissionen komb.: 54.0                                 g\/km<\/span><br>\n                                        <!-- CO2-Emissionen\t-->\n                   \n \n                         <span>CO\u2082-Klasse: \n                                    B                                <\/span><br>\n                    \n\n\n                <\/ul>\n\n                    <\/div>\n\n                    <div class=\"vehicle-price\">\n                                                    <div itemprop=\"priceSpecification\" itemscope itemtype=\"http:\/\/schema.org\/UnitPriceSpecification\">\n                                <meta itemprop=\"priceCurrency\" content=\"EUR\">\n                                <meta itemprop=\"price\" content=\"39.390\">\n                                <strong>\n                                    39.390 \u20ac (Brutto)\n                                <\/strong><br><small>\n                                    Inkl. 19% MwSt.                                <\/small>\n                            <\/div>\n                                                <br>\n                        <a href=\"https:\/\/ford-sachsen.de\/html\/page\/fahrzeuge\/jaecoo-j7-jaecoo-7-phev-1-5-tgdi-exclusive-540-kamera\/\"\n                            class=\"vehicle-btn wp-block-button__link wp-element-button\">Details<\/a>\n                    <\/div>\n                <\/div> <!-- \/\/ vehicle-row -->\n               \n            <\/article>\n                        <article id=\"post-4745416\" class=\"vehicle\">\n                <hgroup>\n                    <a href=\"https:\/\/ford-sachsen.de\/html\/page\/fahrzeuge\/vanexxt-ford-tourneo-custom-titanium-vanexxt-level-2-l1\/\">\n                        <h2 class=\"vehicle-title\">\n                            vanexxt Ford Tourneo Custom Titanium vanexxt Level 2 L1                        <\/h2>\n\n                    <\/a>\n                <\/hgroup>\n                <span class=\"vehicle-addition\">\n                    <p>\n                        Wohnmobil andere ,\n                        Gebrauchtfahrzeug                    <\/p>\n                <\/span>\n                <div class=\"vehicle-row\">\n                    <div class=\"vehicle-thumbnail\">\n                        <a href=\"https:\/\/ford-sachsen.de\/html\/page\/fahrzeuge\/vanexxt-ford-tourneo-custom-titanium-vanexxt-level-2-l1\/\" title=\"vanexxt Ford Tourneo Custom Titanium vanexxt Level 2 L1\">\n                            <img loading=\"lazy\" decoding=\"async\" width=\"300\" height=\"169\" src=\"https:\/\/ford-sachsen.de\/html\/page\/wp-content\/uploads\/2026\/04\/4745416-69f2b102ad9ffa6805fce-4d68-4498-910e-b3d3cf0970bd-rule-mo-1600-300x169.jpg\" class=\"attachment-medium size-medium wp-post-image\" alt=\"\" srcset=\"https:\/\/ford-sachsen.de\/html\/page\/wp-content\/uploads\/2026\/04\/4745416-69f2b102ad9ffa6805fce-4d68-4498-910e-b3d3cf0970bd-rule-mo-1600-300x169.jpg 300w, https:\/\/ford-sachsen.de\/html\/page\/wp-content\/uploads\/2026\/04\/4745416-69f2b102ad9ffa6805fce-4d68-4498-910e-b3d3cf0970bd-rule-mo-1600-1024x576.jpg 1024w, https:\/\/ford-sachsen.de\/html\/page\/wp-content\/uploads\/2026\/04\/4745416-69f2b102ad9ffa6805fce-4d68-4498-910e-b3d3cf0970bd-rule-mo-1600-768x432.jpg 768w, https:\/\/ford-sachsen.de\/html\/page\/wp-content\/uploads\/2026\/04\/4745416-69f2b102ad9ffa6805fce-4d68-4498-910e-b3d3cf0970bd-rule-mo-1600-1536x864.jpg 1536w, https:\/\/ford-sachsen.de\/html\/page\/wp-content\/uploads\/2026\/04\/4745416-69f2b102ad9ffa6805fce-4d68-4498-910e-b3d3cf0970bd-rule-mo-1600.jpg 1600w\" sizes=\"(max-width: 300px) 100vw, 300px\" \/>                        <\/a>\n                    <\/div>\n                    <div class=\"vehicle-data\">\n                                                    <small>\n                                                                02.2026                                \u00b7\n                            <\/small>\n                                                                            <small>\n                                50 km\n                            <\/small>\n                                                                            <small>\n                                \u00b7\n                                100 kW\n                                                                (\n                                136 PS)\n                            <\/small>\n                                                                            <small>\n                                \u00b7\n                                Automatik                            <\/small>\n                                                                            <small>\n                                \u00b7\n                                Unfallfrei                            <\/small>\n                        \n                                                    <small>\n                                \u00b7\n                                Diesel                            <\/small>\n                                                                                                                        <ul class=\"vehicle-emission\">\n                                                                                     \n                                       \n  <!-- CO2-Emissionen\t-->\n                                        <!-- CO2-Emissionen\t-->\n                   \n \n \n\n\n                <\/ul>\n\n                    <\/div>\n\n                    <div class=\"vehicle-price\">\n                                                    <div itemprop=\"priceSpecification\" itemscope itemtype=\"http:\/\/schema.org\/UnitPriceSpecification\">\n                                <meta itemprop=\"priceCurrency\" content=\"EUR\">\n                                <meta itemprop=\"price\" content=\"64.990\">\n                                <strong>\n                                    64.990 \u20ac (Brutto)\n                                <\/strong><br><small>\n                                    Inkl. 19% MwSt.                                <\/small>\n                            <\/div>\n                                                <br>\n                        <a href=\"https:\/\/ford-sachsen.de\/html\/page\/fahrzeuge\/vanexxt-ford-tourneo-custom-titanium-vanexxt-level-2-l1\/\"\n                            class=\"vehicle-btn wp-block-button__link wp-element-button\">Details<\/a>\n                    <\/div>\n                <\/div> <!-- \/\/ vehicle-row -->\n               \n            <\/article>\n                        <article id=\"post-4745410\" class=\"vehicle\">\n                <hgroup>\n                    <a href=\"https:\/\/ford-sachsen.de\/html\/page\/fahrzeuge\/jaecoo-j7-jaecoo-7-phev-1-5-tgdi-exclusive-sofort-540\/\">\n                        <h2 class=\"vehicle-title\">\n                            JAECOO J7 Jaecoo 7 PHEV 1.5 TGDI EXCLUSIVE SOFORT! 540\u00b0                        <\/h2>\n\n                    <\/a>\n                <\/hgroup>\n                <span class=\"vehicle-addition\">\n                    <p>\n                        SUV\/Gel\u00e4ndewagen\/Pickup ,\n                        Neufahrzeug                    <\/p>\n                <\/span>\n                <div class=\"vehicle-row\">\n                    <div class=\"vehicle-thumbnail\">\n                        <a href=\"https:\/\/ford-sachsen.de\/html\/page\/fahrzeuge\/jaecoo-j7-jaecoo-7-phev-1-5-tgdi-exclusive-sofort-540\/\" title=\"JAECOO J7 Jaecoo 7 PHEV 1.5 TGDI EXCLUSIVE SOFORT! 540\u00b0\">\n                            <img loading=\"lazy\" decoding=\"async\" width=\"300\" height=\"225\" src=\"https:\/\/ford-sachsen.de\/html\/page\/wp-content\/uploads\/2026\/04\/4745410-69f2b0fe3c03ba06655e9-5753-4ef6-8b10-4c3514f8b6d3-rule-mo-1600-300x225.jpg\" class=\"attachment-medium size-medium wp-post-image\" alt=\"\" srcset=\"https:\/\/ford-sachsen.de\/html\/page\/wp-content\/uploads\/2026\/04\/4745410-69f2b0fe3c03ba06655e9-5753-4ef6-8b10-4c3514f8b6d3-rule-mo-1600-300x225.jpg 300w, https:\/\/ford-sachsen.de\/html\/page\/wp-content\/uploads\/2026\/04\/4745410-69f2b0fe3c03ba06655e9-5753-4ef6-8b10-4c3514f8b6d3-rule-mo-1600-1024x768.jpg 1024w, https:\/\/ford-sachsen.de\/html\/page\/wp-content\/uploads\/2026\/04\/4745410-69f2b0fe3c03ba06655e9-5753-4ef6-8b10-4c3514f8b6d3-rule-mo-1600-768x576.jpg 768w, https:\/\/ford-sachsen.de\/html\/page\/wp-content\/uploads\/2026\/04\/4745410-69f2b0fe3c03ba06655e9-5753-4ef6-8b10-4c3514f8b6d3-rule-mo-1600.jpg 1440w\" sizes=\"(max-width: 300px) 100vw, 300px\" \/>                        <\/a>\n                    <\/div>\n                    <div class=\"vehicle-data\">\n                                                                            <small>\n                                10 km\n                            <\/small>\n                                                                            <small>\n                                \u00b7\n                                205 kW\n                                                                (\n                                279 PS)\n                            <\/small>\n                                                                            <small>\n                                \u00b7\n                                Automatik                            <\/small>\n                                                                            <small>\n                                \u00b7\n                                Unfallfrei                            <\/small>\n                        \n                                                    <small>\n                                \u00b7\n                                Plug-in-Hybrid                            <\/small>\n                                                                                                                            <small>\n                                \u00b7\n                                4\/5 T\u00fcren\n                            <\/small>\n                                                <ul class=\"vehicle-emission\">\n                                                <span>Kraftstoffverbrauch gewichtet, kombiniert: \n                                    2.4                                 l\/100km<\/span><br>\n                                             <span>Verbrauch komb.: \n                                    6.0                                 l\/100km<\/span><br>\n                                                                <span>Stromverbrauch gewichtet, kombiniert: \n                                    15.1                                 kWh\/100km<\/span><br>\n                                                            \n                                       \n  <!-- CO2-Emissionen\t-->\n                                            <span>CO\u2082-Emissionen komb.: 54.0                                 g\/km<\/span><br>\n                                        <!-- CO2-Emissionen\t-->\n                   \n \n                         <span>CO\u2082-Klasse: \n                                    B                                <\/span><br>\n                    \n\n\n                <\/ul>\n\n                    <\/div>\n\n                    <div class=\"vehicle-price\">\n                                                    <div itemprop=\"priceSpecification\" itemscope itemtype=\"http:\/\/schema.org\/UnitPriceSpecification\">\n                                <meta itemprop=\"priceCurrency\" content=\"EUR\">\n                                <meta itemprop=\"price\" content=\"39.390\">\n                                <strong>\n                                    39.390 \u20ac (Brutto)\n                                <\/strong><br><small>\n                                    Inkl. 19% MwSt.                                <\/small>\n                            <\/div>\n                                                <br>\n                        <a href=\"https:\/\/ford-sachsen.de\/html\/page\/fahrzeuge\/jaecoo-j7-jaecoo-7-phev-1-5-tgdi-exclusive-sofort-540\/\"\n                            class=\"vehicle-btn wp-block-button__link wp-element-button\">Details<\/a>\n                    <\/div>\n                <\/div> <!-- \/\/ vehicle-row -->\n               \n            <\/article>\n                        <article id=\"post-4745406\" class=\"vehicle\">\n                <hgroup>\n                    <a href=\"https:\/\/ford-sachsen.de\/html\/page\/fahrzeuge\/swm-g05-pro-panorama-leder-digitales-cockpit-apple-c\/\">\n                        <h2 class=\"vehicle-title\">\n                            SWM G05 PRO Panorama Leder Digitales Cockpit Apple C                        <\/h2>\n\n                    <\/a>\n                <\/hgroup>\n                <span class=\"vehicle-addition\">\n                    <p>\n                        SUV\/Gel\u00e4ndewagen\/Pickup ,\n                        Neufahrzeug                    <\/p>\n                <\/span>\n                <div class=\"vehicle-row\">\n                    <div class=\"vehicle-thumbnail\">\n                        <a href=\"https:\/\/ford-sachsen.de\/html\/page\/fahrzeuge\/swm-g05-pro-panorama-leder-digitales-cockpit-apple-c\/\" title=\"SWM G05 PRO Panorama Leder Digitales Cockpit Apple C\">\n                            <img loading=\"lazy\" decoding=\"async\" width=\"300\" height=\"225\" src=\"https:\/\/ford-sachsen.de\/html\/page\/wp-content\/uploads\/2026\/04\/4745406-69f2b0fb52b90c3dbb131-7fa2-46cc-a865-579092f1f23b-rule-mo-1600-300x225.jpg\" class=\"attachment-medium size-medium wp-post-image\" alt=\"\" srcset=\"https:\/\/ford-sachsen.de\/html\/page\/wp-content\/uploads\/2026\/04\/4745406-69f2b0fb52b90c3dbb131-7fa2-46cc-a865-579092f1f23b-rule-mo-1600-300x225.jpg 300w, https:\/\/ford-sachsen.de\/html\/page\/wp-content\/uploads\/2026\/04\/4745406-69f2b0fb52b90c3dbb131-7fa2-46cc-a865-579092f1f23b-rule-mo-1600-1024x768.jpg 1024w, https:\/\/ford-sachsen.de\/html\/page\/wp-content\/uploads\/2026\/04\/4745406-69f2b0fb52b90c3dbb131-7fa2-46cc-a865-579092f1f23b-rule-mo-1600-768x576.jpg 768w, https:\/\/ford-sachsen.de\/html\/page\/wp-content\/uploads\/2026\/04\/4745406-69f2b0fb52b90c3dbb131-7fa2-46cc-a865-579092f1f23b-rule-mo-1600.jpg 1440w\" sizes=\"(max-width: 300px) 100vw, 300px\" \/>                        <\/a>\n                    <\/div>\n                    <div class=\"vehicle-data\">\n                                                                                                    <small>\n                                \u00b7\n                                102 kW\n                                                                (\n                                139 PS)\n                            <\/small>\n                                                                            <small>\n                                \u00b7\n                                Automatik                            <\/small>\n                                                                            <small>\n                                \u00b7\n                                Unfallfrei                            <\/small>\n                        \n                                                    <small>\n                                \u00b7\n                                Benzin                            <\/small>\n                                                                                                                            <small>\n                                \u00b7\n                                4\/5 T\u00fcren\n                            <\/small>\n                                                <ul class=\"vehicle-emission\">\n                                                 <span>Verbrauch komb.: \n                                    8.5                                 l\/100km<\/span><br>\n                                                                                \n                                       \n  <!-- CO2-Emissionen\t-->\n                                            <span>CO\u2082-Emissionen komb.: 194.0                                 g\/km<\/span><br>\n                                        <!-- CO2-Emissionen\t-->\n                   \n \n                         <span>CO\u2082-Klasse: \n                                    G                                <\/span><br>\n                    \n\n\n                <\/ul>\n\n                    <\/div>\n\n                    <div class=\"vehicle-price\">\n                                                    <div itemprop=\"priceSpecification\" itemscope itemtype=\"http:\/\/schema.org\/UnitPriceSpecification\">\n                                <meta itemprop=\"priceCurrency\" content=\"EUR\">\n                                <meta itemprop=\"price\" content=\"25.490\">\n                                <strong>\n                                    25.490 \u20ac (Brutto)\n                                <\/strong><br><small>\n                                    Inkl. 19% MwSt.                                <\/small>\n                            <\/div>\n                                                <br>\n                        <a href=\"https:\/\/ford-sachsen.de\/html\/page\/fahrzeuge\/swm-g05-pro-panorama-leder-digitales-cockpit-apple-c\/\"\n                            class=\"vehicle-btn wp-block-button__link wp-element-button\">Details<\/a>\n                    <\/div>\n                <\/div> <!-- \/\/ vehicle-row -->\n               \n            <\/article>\n                        <article id=\"post-4745404\" class=\"vehicle\">\n                <hgroup>\n                    <a href=\"https:\/\/ford-sachsen.de\/html\/page\/fahrzeuge\/swm-g01f-panorama-leder-digitales-cockpit-soundsyste\/\">\n                        <h2 class=\"vehicle-title\">\n                            SWM G01F Panorama Leder Digitales Cockpit Soundsyste                        <\/h2>\n\n                    <\/a>\n                <\/hgroup>\n                <span class=\"vehicle-addition\">\n                    <p>\n                        SUV\/Gel\u00e4ndewagen\/Pickup ,\n                        Neufahrzeug                    <\/p>\n                <\/span>\n                <div class=\"vehicle-row\">\n                    <div class=\"vehicle-thumbnail\">\n                        <a href=\"https:\/\/ford-sachsen.de\/html\/page\/fahrzeuge\/swm-g01f-panorama-leder-digitales-cockpit-soundsyste\/\" title=\"SWM G01F Panorama Leder Digitales Cockpit Soundsyste\">\n                            <img loading=\"lazy\" decoding=\"async\" width=\"300\" height=\"225\" src=\"https:\/\/ford-sachsen.de\/html\/page\/wp-content\/uploads\/2026\/04\/4745404-69f2b0f9ecba92ef3bb5c-c479-432e-8250-6a738ee97656-rule-mo-1600-300x225.jpg\" class=\"attachment-medium size-medium wp-post-image\" alt=\"\" srcset=\"https:\/\/ford-sachsen.de\/html\/page\/wp-content\/uploads\/2026\/04\/4745404-69f2b0f9ecba92ef3bb5c-c479-432e-8250-6a738ee97656-rule-mo-1600-300x225.jpg 300w, https:\/\/ford-sachsen.de\/html\/page\/wp-content\/uploads\/2026\/04\/4745404-69f2b0f9ecba92ef3bb5c-c479-432e-8250-6a738ee97656-rule-mo-1600-1024x768.jpg 1024w, https:\/\/ford-sachsen.de\/html\/page\/wp-content\/uploads\/2026\/04\/4745404-69f2b0f9ecba92ef3bb5c-c479-432e-8250-6a738ee97656-rule-mo-1600-768x576.jpg 768w, https:\/\/ford-sachsen.de\/html\/page\/wp-content\/uploads\/2026\/04\/4745404-69f2b0f9ecba92ef3bb5c-c479-432e-8250-6a738ee97656-rule-mo-1600.jpg 1440w\" sizes=\"(max-width: 300px) 100vw, 300px\" \/>                        <\/a>\n                    <\/div>\n                    <div class=\"vehicle-data\">\n                                                                                                    <small>\n                                \u00b7\n                                102 kW\n                                                                (\n                                139 PS)\n                            <\/small>\n                                                                            <small>\n                                \u00b7\n                                Automatik                            <\/small>\n                                                                            <small>\n                                \u00b7\n                                Unfallfrei                            <\/small>\n                        \n                                                    <small>\n                                \u00b7\n                                Benzin                            <\/small>\n                                                                                                                            <small>\n                                \u00b7\n                                4\/5 T\u00fcren\n                            <\/small>\n                                                <ul class=\"vehicle-emission\">\n                                                 <span>Verbrauch komb.: \n                                    8.9                                 l\/100km<\/span><br>\n                                                                                \n                                       \n  <!-- CO2-Emissionen\t-->\n                                            <span>CO\u2082-Emissionen komb.: 199.0                                 g\/km<\/span><br>\n                                        <!-- CO2-Emissionen\t-->\n                   \n \n                         <span>CO\u2082-Klasse: \n                                    G                                <\/span><br>\n                    \n\n\n                <\/ul>\n\n                    <\/div>\n\n                    <div class=\"vehicle-price\">\n                                                    <div itemprop=\"priceSpecification\" itemscope itemtype=\"http:\/\/schema.org\/UnitPriceSpecification\">\n                                <meta itemprop=\"priceCurrency\" content=\"EUR\">\n                                <meta itemprop=\"price\" content=\"26.490\">\n                                <strong>\n                                    26.490 \u20ac (Brutto)\n                                <\/strong><br><small>\n                                    Inkl. 19% MwSt.                                <\/small>\n                            <\/div>\n                                                <br>\n                        <a href=\"https:\/\/ford-sachsen.de\/html\/page\/fahrzeuge\/swm-g01f-panorama-leder-digitales-cockpit-soundsyste\/\"\n                            class=\"vehicle-btn wp-block-button__link wp-element-button\">Details<\/a>\n                    <\/div>\n                <\/div> <!-- \/\/ vehicle-row -->\n               \n            <\/article>\n                        <article id=\"post-4745402\" class=\"vehicle\">\n                <hgroup>\n                    <a href=\"https:\/\/ford-sachsen.de\/html\/page\/fahrzeuge\/swm-g03-digitales-cockpit-apple-carplay-android-auto\/\">\n                        <h2 class=\"vehicle-title\">\n                            SWM G03 Digitales Cockpit Apple CarPlay Android Auto                        <\/h2>\n\n                    <\/a>\n                <\/hgroup>\n                <span class=\"vehicle-addition\">\n                    <p>\n                        SUV\/Gel\u00e4ndewagen\/Pickup ,\n                        Neufahrzeug                    <\/p>\n                <\/span>\n                <div class=\"vehicle-row\">\n                    <div class=\"vehicle-thumbnail\">\n                        <a href=\"https:\/\/ford-sachsen.de\/html\/page\/fahrzeuge\/swm-g03-digitales-cockpit-apple-carplay-android-auto\/\" title=\"SWM G03 Digitales Cockpit Apple CarPlay Android Auto\">\n                            <img loading=\"lazy\" decoding=\"async\" width=\"300\" height=\"225\" src=\"https:\/\/ford-sachsen.de\/html\/page\/wp-content\/uploads\/2026\/04\/4745402-69f2b0f842035a940c69c-7849-451a-8468-f37dea97607b-rule-mo-1600-300x225.jpg\" class=\"attachment-medium size-medium wp-post-image\" alt=\"\" srcset=\"https:\/\/ford-sachsen.de\/html\/page\/wp-content\/uploads\/2026\/04\/4745402-69f2b0f842035a940c69c-7849-451a-8468-f37dea97607b-rule-mo-1600-300x225.jpg 300w, https:\/\/ford-sachsen.de\/html\/page\/wp-content\/uploads\/2026\/04\/4745402-69f2b0f842035a940c69c-7849-451a-8468-f37dea97607b-rule-mo-1600-1024x768.jpg 1024w, https:\/\/ford-sachsen.de\/html\/page\/wp-content\/uploads\/2026\/04\/4745402-69f2b0f842035a940c69c-7849-451a-8468-f37dea97607b-rule-mo-1600-768x576.jpg 768w, https:\/\/ford-sachsen.de\/html\/page\/wp-content\/uploads\/2026\/04\/4745402-69f2b0f842035a940c69c-7849-451a-8468-f37dea97607b-rule-mo-1600.jpg 1440w\" sizes=\"(max-width: 300px) 100vw, 300px\" \/>                        <\/a>\n                    <\/div>\n                    <div class=\"vehicle-data\">\n                                                                                                    <small>\n                                \u00b7\n                                81 kW\n                                                                (\n                                110 PS)\n                            <\/small>\n                                                                            <small>\n                                \u00b7\n                                Schaltgetriebe                            <\/small>\n                                                                            <small>\n                                \u00b7\n                                Unfallfrei                            <\/small>\n                        \n                                                    <small>\n                                \u00b7\n                                Benzin                            <\/small>\n                                                                                                                            <small>\n                                \u00b7\n                                4\/5 T\u00fcren\n                            <\/small>\n                                                <ul class=\"vehicle-emission\">\n                                                 <span>Verbrauch komb.: \n                                    7.2                                 l\/100km<\/span><br>\n                                                                                \n                                       \n  <!-- CO2-Emissionen\t-->\n                                            <span>CO\u2082-Emissionen komb.: 181.0                                 g\/km<\/span><br>\n                                        <!-- CO2-Emissionen\t-->\n                   \n \n                         <span>CO\u2082-Klasse: \n                                    G                                <\/span><br>\n                    \n\n\n                <\/ul>\n\n                    <\/div>\n\n                    <div class=\"vehicle-price\">\n                                                    <div itemprop=\"priceSpecification\" itemscope itemtype=\"http:\/\/schema.org\/UnitPriceSpecification\">\n                                <meta itemprop=\"priceCurrency\" content=\"EUR\">\n                                <meta itemprop=\"price\" content=\"18.990\">\n                                <strong>\n                                    18.990 \u20ac (Brutto)\n                                <\/strong><br><small>\n                                    Inkl. 19% MwSt.                                <\/small>\n                            <\/div>\n                                                <br>\n                        <a href=\"https:\/\/ford-sachsen.de\/html\/page\/fahrzeuge\/swm-g03-digitales-cockpit-apple-carplay-android-auto\/\"\n                            class=\"vehicle-btn wp-block-button__link wp-element-button\">Details<\/a>\n                    <\/div>\n                <\/div> <!-- \/\/ vehicle-row -->\n               \n            <\/article>\n                        <article id=\"post-4745400\" class=\"vehicle\">\n                <hgroup>\n                    <a href=\"https:\/\/ford-sachsen.de\/html\/page\/fahrzeuge\/omoda-9-omoda-09-phev-super-hybrid-premium-suv-4x4-pan\/\">\n                        <h2 class=\"vehicle-title\">\n                            OMODA 9 Omoda 09 PHEV SUPER-HYBRID PREMIUM-SUV 4X4 PAN                        <\/h2>\n\n                    <\/a>\n                <\/hgroup>\n                <span class=\"vehicle-addition\">\n                    <p>\n                        SUV\/Gel\u00e4ndewagen\/Pickup ,\n                        Neufahrzeug                    <\/p>\n                <\/span>\n                <div class=\"vehicle-row\">\n                    <div class=\"vehicle-thumbnail\">\n                        <a href=\"https:\/\/ford-sachsen.de\/html\/page\/fahrzeuge\/omoda-9-omoda-09-phev-super-hybrid-premium-suv-4x4-pan\/\" title=\"OMODA 9 Omoda 09 PHEV SUPER-HYBRID PREMIUM-SUV 4X4 PAN\">\n                            <img loading=\"lazy\" decoding=\"async\" width=\"300\" height=\"225\" src=\"https:\/\/ford-sachsen.de\/html\/page\/wp-content\/uploads\/2026\/04\/4745400-69f2b0f69a5322173e823-daca-4939-854f-bc6abe827fdb-rule-mo-1600-300x225.jpg\" class=\"attachment-medium size-medium wp-post-image\" alt=\"\" srcset=\"https:\/\/ford-sachsen.de\/html\/page\/wp-content\/uploads\/2026\/04\/4745400-69f2b0f69a5322173e823-daca-4939-854f-bc6abe827fdb-rule-mo-1600-300x225.jpg 300w, https:\/\/ford-sachsen.de\/html\/page\/wp-content\/uploads\/2026\/04\/4745400-69f2b0f69a5322173e823-daca-4939-854f-bc6abe827fdb-rule-mo-1600-1024x768.jpg 1024w, https:\/\/ford-sachsen.de\/html\/page\/wp-content\/uploads\/2026\/04\/4745400-69f2b0f69a5322173e823-daca-4939-854f-bc6abe827fdb-rule-mo-1600-768x576.jpg 768w, https:\/\/ford-sachsen.de\/html\/page\/wp-content\/uploads\/2026\/04\/4745400-69f2b0f69a5322173e823-daca-4939-854f-bc6abe827fdb-rule-mo-1600.jpg 1440w\" sizes=\"(max-width: 300px) 100vw, 300px\" \/>                        <\/a>\n                    <\/div>\n                    <div class=\"vehicle-data\">\n                                                                                                    <small>\n                                \u00b7\n                                395 kW\n                                                                (\n                                537 PS)\n                            <\/small>\n                                                                            <small>\n                                \u00b7\n                                Automatik                            <\/small>\n                                                                            <small>\n                                \u00b7\n                                Unfallfrei                            <\/small>\n                        \n                                                    <small>\n                                \u00b7\n                                Plug-in-Hybrid                            <\/small>\n                                                                                                                            <small>\n                                \u00b7\n                                4\/5 T\u00fcren\n                            <\/small>\n                                                <ul class=\"vehicle-emission\">\n                                                <span>Kraftstoffverbrauch gewichtet, kombiniert: \n                                    1.6                                 l\/100km<\/span><br>\n                                             <span>Verbrauch komb.: \n                                    7.0                                 l\/100km<\/span><br>\n                                                                <span>Stromverbrauch gewichtet, kombiniert: \n                                    19.5                                 kWh\/100km<\/span><br>\n                                                            \n                                       \n  <!-- CO2-Emissionen\t-->\n                                            <span>CO\u2082-Emissionen komb.: 38.0                                 g\/km<\/span><br>\n                                        <!-- CO2-Emissionen\t-->\n                   \n \n                         <span>CO\u2082-Klasse: \n                                    B                                <\/span><br>\n                    \n\n\n                <\/ul>\n\n                    <\/div>\n\n                    <div class=\"vehicle-price\">\n                                                    <div itemprop=\"priceSpecification\" itemscope itemtype=\"http:\/\/schema.org\/UnitPriceSpecification\">\n                                <meta itemprop=\"priceCurrency\" content=\"EUR\">\n                                <meta itemprop=\"price\" content=\"52.890\">\n                                <strong>\n                                    52.890 \u20ac (Brutto)\n                                <\/strong><br><small>\n                                    Inkl. 19% MwSt.                                <\/small>\n                            <\/div>\n                                                <br>\n                        <a href=\"https:\/\/ford-sachsen.de\/html\/page\/fahrzeuge\/omoda-9-omoda-09-phev-super-hybrid-premium-suv-4x4-pan\/\"\n                            class=\"vehicle-btn wp-block-button__link wp-element-button\">Details<\/a>\n                    <\/div>\n                <\/div> <!-- \/\/ vehicle-row -->\n               \n            <\/article>\n                        <article id=\"post-4745380\" class=\"vehicle\">\n                <hgroup>\n                    <a href=\"https:\/\/ford-sachsen.de\/html\/page\/fahrzeuge\/ford-transit-kasten-350-l3-trend-laderaum-ledverklei\/\">\n                        <h2 class=\"vehicle-title\">\n                            Ford Transit Kasten 350 L3 Trend LADERAUM-LED&amp;VERKLEI                        <\/h2>\n\n                    <\/a>\n                <\/hgroup>\n                <span class=\"vehicle-addition\">\n                    <p>\n                        Kastenwagen hoch + lang ,\n                        Gebrauchtfahrzeug                    <\/p>\n                <\/span>\n                <div class=\"vehicle-row\">\n                    <div class=\"vehicle-thumbnail\">\n                        <a href=\"https:\/\/ford-sachsen.de\/html\/page\/fahrzeuge\/ford-transit-kasten-350-l3-trend-laderaum-ledverklei\/\" title=\"Ford Transit Kasten 350 L3 Trend LADERAUM-LED&amp;VERKLEI\">\n                            <img loading=\"lazy\" decoding=\"async\" width=\"300\" height=\"225\" src=\"https:\/\/ford-sachsen.de\/html\/page\/wp-content\/uploads\/2026\/04\/4745380-69f2b0e69e1619e66d772-3589-4a51-9b81-da317c85fe96-rule-mo-1600-300x225.jpg\" class=\"attachment-medium size-medium wp-post-image\" alt=\"\" srcset=\"https:\/\/ford-sachsen.de\/html\/page\/wp-content\/uploads\/2026\/04\/4745380-69f2b0e69e1619e66d772-3589-4a51-9b81-da317c85fe96-rule-mo-1600-300x225.jpg 300w, https:\/\/ford-sachsen.de\/html\/page\/wp-content\/uploads\/2026\/04\/4745380-69f2b0e69e1619e66d772-3589-4a51-9b81-da317c85fe96-rule-mo-1600-1024x768.jpg 1024w, https:\/\/ford-sachsen.de\/html\/page\/wp-content\/uploads\/2026\/04\/4745380-69f2b0e69e1619e66d772-3589-4a51-9b81-da317c85fe96-rule-mo-1600-768x576.jpg 768w, https:\/\/ford-sachsen.de\/html\/page\/wp-content\/uploads\/2026\/04\/4745380-69f2b0e69e1619e66d772-3589-4a51-9b81-da317c85fe96-rule-mo-1600.jpg 1440w\" sizes=\"(max-width: 300px) 100vw, 300px\" \/>                        <\/a>\n                    <\/div>\n                    <div class=\"vehicle-data\">\n                                                    <small>\n                                                                03.2026                                \u00b7\n                            <\/small>\n                                                                            <small>\n                                25 km\n                            <\/small>\n                                                                            <small>\n                                \u00b7\n                                96 kW\n                                                                (\n                                131 PS)\n                            <\/small>\n                                                                            <small>\n                                \u00b7\n                                Schaltgetriebe                            <\/small>\n                                                                            <small>\n                                \u00b7\n                                Unfallfrei                            <\/small>\n                        \n                                                    <small>\n                                \u00b7\n                                Diesel                            <\/small>\n                                                                                                                        <ul class=\"vehicle-emission\">\n                                                                                     \n                                       \n  <!-- CO2-Emissionen\t-->\n                                        <!-- CO2-Emissionen\t-->\n                   \n \n \n\n\n                <\/ul>\n\n                    <\/div>\n\n                    <div class=\"vehicle-price\">\n                                                    <div itemprop=\"priceSpecification\" itemscope itemtype=\"http:\/\/schema.org\/UnitPriceSpecification\">\n                                <meta itemprop=\"priceCurrency\" content=\"EUR\">\n                                <meta itemprop=\"price\" content=\"37.990\">\n                                <strong>\n                                    37.990 \u20ac (Brutto)\n                                <\/strong><br><small>\n                                    Inkl. 19% MwSt.                                <\/small>\n                            <\/div>\n                                                <br>\n                        <a href=\"https:\/\/ford-sachsen.de\/html\/page\/fahrzeuge\/ford-transit-kasten-350-l3-trend-laderaum-ledverklei\/\"\n                            class=\"vehicle-btn wp-block-button__link wp-element-button\">Details<\/a>\n                    <\/div>\n                <\/div> <!-- \/\/ vehicle-row -->\n               \n            <\/article>\n                        <article id=\"post-4745372\" class=\"vehicle\">\n                <hgroup>\n                    <a href=\"https:\/\/ford-sachsen.de\/html\/page\/fahrzeuge\/jaecoo-j7-jaecoo-7-phev-1-5-tgdi-exclusive-540-kamera-4\/\">\n                        <h2 class=\"vehicle-title\">\n                            JAECOO J7 Jaecoo 7 PHEV 1.5 TGDI EXCLUSIVE  540\u00b0 KAMERA                        <\/h2>\n\n                    <\/a>\n                <\/hgroup>\n                <span class=\"vehicle-addition\">\n                    <p>\n                        SUV\/Gel\u00e4ndewagen\/Pickup ,\n                        Neufahrzeug                    <\/p>\n                <\/span>\n                <div class=\"vehicle-row\">\n                    <div class=\"vehicle-thumbnail\">\n                        <a href=\"https:\/\/ford-sachsen.de\/html\/page\/fahrzeuge\/jaecoo-j7-jaecoo-7-phev-1-5-tgdi-exclusive-540-kamera-4\/\" title=\"JAECOO J7 Jaecoo 7 PHEV 1.5 TGDI EXCLUSIVE  540\u00b0 KAMERA\">\n                            <img loading=\"lazy\" decoding=\"async\" width=\"300\" height=\"225\" src=\"https:\/\/ford-sachsen.de\/html\/page\/wp-content\/uploads\/2026\/04\/4745372-69f2b0dfd6788250c8dd6-c268-4485-8a61-c72864128606-rule-mo-1600-300x225.jpg\" class=\"attachment-medium size-medium wp-post-image\" alt=\"\" srcset=\"https:\/\/ford-sachsen.de\/html\/page\/wp-content\/uploads\/2026\/04\/4745372-69f2b0dfd6788250c8dd6-c268-4485-8a61-c72864128606-rule-mo-1600-300x225.jpg 300w, https:\/\/ford-sachsen.de\/html\/page\/wp-content\/uploads\/2026\/04\/4745372-69f2b0dfd6788250c8dd6-c268-4485-8a61-c72864128606-rule-mo-1600-1024x768.jpg 1024w, https:\/\/ford-sachsen.de\/html\/page\/wp-content\/uploads\/2026\/04\/4745372-69f2b0dfd6788250c8dd6-c268-4485-8a61-c72864128606-rule-mo-1600-768x576.jpg 768w, https:\/\/ford-sachsen.de\/html\/page\/wp-content\/uploads\/2026\/04\/4745372-69f2b0dfd6788250c8dd6-c268-4485-8a61-c72864128606-rule-mo-1600.jpg 1440w\" sizes=\"(max-width: 300px) 100vw, 300px\" \/>                        <\/a>\n                    <\/div>\n                    <div class=\"vehicle-data\">\n                                                                            <small>\n                                10 km\n                            <\/small>\n                                                                            <small>\n                                \u00b7\n                                205 kW\n                                                                (\n                                279 PS)\n                            <\/small>\n                                                                            <small>\n                                \u00b7\n                                Automatik                            <\/small>\n                                                                            <small>\n                                \u00b7\n                                Unfallfrei                            <\/small>\n                        \n                                                    <small>\n                                \u00b7\n                                Plug-in-Hybrid                            <\/small>\n                                                                                                                            <small>\n                                \u00b7\n                                4\/5 T\u00fcren\n                            <\/small>\n                                                <ul class=\"vehicle-emission\">\n                                                <span>Kraftstoffverbrauch gewichtet, kombiniert: \n                                    2.4                                 l\/100km<\/span><br>\n                                             <span>Verbrauch komb.: \n                                    6.0                                 l\/100km<\/span><br>\n                                                                <span>Stromverbrauch gewichtet, kombiniert: \n                                    15.1                                 kWh\/100km<\/span><br>\n                                                            \n                                       \n  <!-- CO2-Emissionen\t-->\n                                            <span>CO\u2082-Emissionen komb.: 54.0                                 g\/km<\/span><br>\n                                        <!-- CO2-Emissionen\t-->\n                   \n \n                         <span>CO\u2082-Klasse: \n                                    B                                <\/span><br>\n                    \n\n\n                <\/ul>\n\n                    <\/div>\n\n                    <div class=\"vehicle-price\">\n                                                    <div itemprop=\"priceSpecification\" itemscope itemtype=\"http:\/\/schema.org\/UnitPriceSpecification\">\n                                <meta itemprop=\"priceCurrency\" content=\"EUR\">\n                                <meta itemprop=\"price\" content=\"39.390\">\n                                <strong>\n                                    39.390 \u20ac (Brutto)\n                                <\/strong><br><small>\n                                    Inkl. 19% MwSt.                                <\/small>\n                            <\/div>\n                                                <br>\n                        <a href=\"https:\/\/ford-sachsen.de\/html\/page\/fahrzeuge\/jaecoo-j7-jaecoo-7-phev-1-5-tgdi-exclusive-540-kamera-4\/\"\n                            class=\"vehicle-btn wp-block-button__link wp-element-button\">Details<\/a>\n                    <\/div>\n                <\/div> <!-- \/\/ vehicle-row -->\n               \n            <\/article>\n                        <article id=\"post-4745370\" class=\"vehicle\">\n                <hgroup>\n                    <a href=\"https:\/\/ford-sachsen.de\/html\/page\/fahrzeuge\/jaecoo-j7-jaecoo-7-phev-1-5-tgdi-exclusive-540-kamera-3\/\">\n                        <h2 class=\"vehicle-title\">\n                            JAECOO J7 Jaecoo 7 PHEV 1.5 TGDI EXCLUSIVE  540\u00b0 KAMERA                        <\/h2>\n\n                    <\/a>\n                <\/hgroup>\n                <span class=\"vehicle-addition\">\n                    <p>\n                        SUV\/Gel\u00e4ndewagen\/Pickup ,\n                        Neufahrzeug                    <\/p>\n                <\/span>\n                <div class=\"vehicle-row\">\n                    <div class=\"vehicle-thumbnail\">\n                        <a href=\"https:\/\/ford-sachsen.de\/html\/page\/fahrzeuge\/jaecoo-j7-jaecoo-7-phev-1-5-tgdi-exclusive-540-kamera-3\/\" title=\"JAECOO J7 Jaecoo 7 PHEV 1.5 TGDI EXCLUSIVE  540\u00b0 KAMERA\">\n                            <img loading=\"lazy\" decoding=\"async\" width=\"300\" height=\"225\" src=\"https:\/\/ford-sachsen.de\/html\/page\/wp-content\/uploads\/2026\/04\/4745370-69f2b0de12776250c8dd6-c268-4485-8a61-c72864128606-rule-mo-1600-300x225.jpg\" class=\"attachment-medium size-medium wp-post-image\" alt=\"\" srcset=\"https:\/\/ford-sachsen.de\/html\/page\/wp-content\/uploads\/2026\/04\/4745370-69f2b0de12776250c8dd6-c268-4485-8a61-c72864128606-rule-mo-1600-300x225.jpg 300w, https:\/\/ford-sachsen.de\/html\/page\/wp-content\/uploads\/2026\/04\/4745370-69f2b0de12776250c8dd6-c268-4485-8a61-c72864128606-rule-mo-1600-1024x768.jpg 1024w, https:\/\/ford-sachsen.de\/html\/page\/wp-content\/uploads\/2026\/04\/4745370-69f2b0de12776250c8dd6-c268-4485-8a61-c72864128606-rule-mo-1600-768x576.jpg 768w, https:\/\/ford-sachsen.de\/html\/page\/wp-content\/uploads\/2026\/04\/4745370-69f2b0de12776250c8dd6-c268-4485-8a61-c72864128606-rule-mo-1600.jpg 1440w\" sizes=\"(max-width: 300px) 100vw, 300px\" \/>                        <\/a>\n                    <\/div>\n                    <div class=\"vehicle-data\">\n                                                                            <small>\n                                10 km\n                            <\/small>\n                                                                            <small>\n                                \u00b7\n                                205 kW\n                                                                (\n                                279 PS)\n                            <\/small>\n                                                                            <small>\n                                \u00b7\n                                Automatik                            <\/small>\n                                                                            <small>\n                                \u00b7\n                                Unfallfrei                            <\/small>\n                        \n                                                    <small>\n                                \u00b7\n                                Plug-in-Hybrid                            <\/small>\n                                                                                                                            <small>\n                                \u00b7\n                                4\/5 T\u00fcren\n                            <\/small>\n                                                <ul class=\"vehicle-emission\">\n                                                <span>Kraftstoffverbrauch gewichtet, kombiniert: \n                                    2.4                                 l\/100km<\/span><br>\n                                             <span>Verbrauch komb.: \n                                    6.0                                 l\/100km<\/span><br>\n                                                                <span>Stromverbrauch gewichtet, kombiniert: \n                                    15.1                                 kWh\/100km<\/span><br>\n                                                            \n                                       \n  <!-- CO2-Emissionen\t-->\n                                            <span>CO\u2082-Emissionen komb.: 54.0                                 g\/km<\/span><br>\n                                        <!-- CO2-Emissionen\t-->\n                   \n \n                         <span>CO\u2082-Klasse: \n                                    B                                <\/span><br>\n                    \n\n\n                <\/ul>\n\n                    <\/div>\n\n                    <div class=\"vehicle-price\">\n                                                    <div itemprop=\"priceSpecification\" itemscope itemtype=\"http:\/\/schema.org\/UnitPriceSpecification\">\n                                <meta itemprop=\"priceCurrency\" content=\"EUR\">\n                                <meta itemprop=\"price\" content=\"39.390\">\n                                <strong>\n                                    39.390 \u20ac (Brutto)\n                                <\/strong><br><small>\n                                    Inkl. 19% MwSt.                                <\/small>\n                            <\/div>\n                                                <br>\n                        <a href=\"https:\/\/ford-sachsen.de\/html\/page\/fahrzeuge\/jaecoo-j7-jaecoo-7-phev-1-5-tgdi-exclusive-540-kamera-3\/\"\n                            class=\"vehicle-btn wp-block-button__link wp-element-button\">Details<\/a>\n                    <\/div>\n                <\/div> <!-- \/\/ vehicle-row -->\n               \n            <\/article>\n                        <article id=\"post-4745366\" class=\"vehicle\">\n                <hgroup>\n                    <a href=\"https:\/\/ford-sachsen.de\/html\/page\/fahrzeuge\/jaecoo-j7-jaecoo-7-phev-1-5-tgdi-exclusive-540-kamera-2\/\">\n                        <h2 class=\"vehicle-title\">\n                            JAECOO J7 Jaecoo 7 PHEV 1.5 TGDI EXCLUSIVE  540\u00b0 KAMERA                        <\/h2>\n\n                    <\/a>\n                <\/hgroup>\n                <span class=\"vehicle-addition\">\n                    <p>\n                        SUV\/Gel\u00e4ndewagen\/Pickup ,\n                        Neufahrzeug                    <\/p>\n                <\/span>\n                <div class=\"vehicle-row\">\n                    <div class=\"vehicle-thumbnail\">\n                        <a href=\"https:\/\/ford-sachsen.de\/html\/page\/fahrzeuge\/jaecoo-j7-jaecoo-7-phev-1-5-tgdi-exclusive-540-kamera-2\/\" title=\"JAECOO J7 Jaecoo 7 PHEV 1.5 TGDI EXCLUSIVE  540\u00b0 KAMERA\">\n                            <img loading=\"lazy\" decoding=\"async\" width=\"300\" height=\"225\" src=\"https:\/\/ford-sachsen.de\/html\/page\/wp-content\/uploads\/2026\/04\/4745366-69f2b0daae6e45a7bc10d-45be-4874-a219-d075ac051f02-rule-mo-1600-300x225.jpg\" class=\"attachment-medium size-medium wp-post-image\" alt=\"\" srcset=\"https:\/\/ford-sachsen.de\/html\/page\/wp-content\/uploads\/2026\/04\/4745366-69f2b0daae6e45a7bc10d-45be-4874-a219-d075ac051f02-rule-mo-1600-300x225.jpg 300w, https:\/\/ford-sachsen.de\/html\/page\/wp-content\/uploads\/2026\/04\/4745366-69f2b0daae6e45a7bc10d-45be-4874-a219-d075ac051f02-rule-mo-1600-1024x768.jpg 1024w, https:\/\/ford-sachsen.de\/html\/page\/wp-content\/uploads\/2026\/04\/4745366-69f2b0daae6e45a7bc10d-45be-4874-a219-d075ac051f02-rule-mo-1600-768x576.jpg 768w, https:\/\/ford-sachsen.de\/html\/page\/wp-content\/uploads\/2026\/04\/4745366-69f2b0daae6e45a7bc10d-45be-4874-a219-d075ac051f02-rule-mo-1600.jpg 1440w\" sizes=\"(max-width: 300px) 100vw, 300px\" \/>                        <\/a>\n                    <\/div>\n                    <div class=\"vehicle-data\">\n                                                                            <small>\n                                10 km\n                            <\/small>\n                                                                            <small>\n                                \u00b7\n                                205 kW\n                                                                (\n                                279 PS)\n                            <\/small>\n                                                                            <small>\n                                \u00b7\n                                Automatik                            <\/small>\n                                                                            <small>\n                                \u00b7\n                                Unfallfrei                            <\/small>\n                        \n                                                    <small>\n                                \u00b7\n                                Plug-in-Hybrid                            <\/small>\n                                                                                                                            <small>\n                                \u00b7\n                                4\/5 T\u00fcren\n                            <\/small>\n                                                <ul class=\"vehicle-emission\">\n                                                <span>Kraftstoffverbrauch gewichtet, kombiniert: \n                                    2.4                                 l\/100km<\/span><br>\n                                             <span>Verbrauch komb.: \n                                    6.0                                 l\/100km<\/span><br>\n                                                                <span>Stromverbrauch gewichtet, kombiniert: \n                                    15.1                                 kWh\/100km<\/span><br>\n                                                            \n                                       \n  <!-- CO2-Emissionen\t-->\n                                            <span>CO\u2082-Emissionen komb.: 54.0                                 g\/km<\/span><br>\n                                        <!-- CO2-Emissionen\t-->\n                   \n \n                         <span>CO\u2082-Klasse: \n                                    B                                <\/span><br>\n                    \n\n\n                <\/ul>\n\n                    <\/div>\n\n                    <div class=\"vehicle-price\">\n                                                    <div itemprop=\"priceSpecification\" itemscope itemtype=\"http:\/\/schema.org\/UnitPriceSpecification\">\n                                <meta itemprop=\"priceCurrency\" content=\"EUR\">\n                                <meta itemprop=\"price\" content=\"39.390\">\n                                <strong>\n                                    39.390 \u20ac (Brutto)\n                                <\/strong><br><small>\n                                    Inkl. 19% MwSt.                                <\/small>\n                            <\/div>\n                                                <br>\n                        <a href=\"https:\/\/ford-sachsen.de\/html\/page\/fahrzeuge\/jaecoo-j7-jaecoo-7-phev-1-5-tgdi-exclusive-540-kamera-2\/\"\n                            class=\"vehicle-btn wp-block-button__link wp-element-button\">Details<\/a>\n                    <\/div>\n                <\/div> <!-- \/\/ vehicle-row -->\n               \n            <\/article>\n                        <article id=\"post-4745362\" class=\"vehicle\">\n                <hgroup>\n                    <a href=\"https:\/\/ford-sachsen.de\/html\/page\/fahrzeuge\/ford-tourneo-custom-bus-320-l1-titanium-x-fwd-navi-so-2\/\">\n                        <h2 class=\"vehicle-title\">\n                            Ford Tourneo Custom Bus 320 L1 Titanium X FWD Navi So                        <\/h2>\n\n                    <\/a>\n                <\/hgroup>\n                <span class=\"vehicle-addition\">\n                    <p>\n                        Van\/Minibus ,\n                        Gebrauchtfahrzeug                    <\/p>\n                <\/span>\n                <div class=\"vehicle-row\">\n                    <div class=\"vehicle-thumbnail\">\n                        <a href=\"https:\/\/ford-sachsen.de\/html\/page\/fahrzeuge\/ford-tourneo-custom-bus-320-l1-titanium-x-fwd-navi-so-2\/\" title=\"Ford Tourneo Custom Bus 320 L1 Titanium X FWD Navi So\">\n                            <img loading=\"lazy\" decoding=\"async\" width=\"300\" height=\"225\" src=\"https:\/\/ford-sachsen.de\/html\/page\/wp-content\/uploads\/2026\/04\/4745362-69f2b0d78d78cfeef986f-3f10-41ed-af15-16274ee5fc75-rule-mo-1600-300x225.jpg\" class=\"attachment-medium size-medium wp-post-image\" alt=\"\" srcset=\"https:\/\/ford-sachsen.de\/html\/page\/wp-content\/uploads\/2026\/04\/4745362-69f2b0d78d78cfeef986f-3f10-41ed-af15-16274ee5fc75-rule-mo-1600-300x225.jpg 300w, https:\/\/ford-sachsen.de\/html\/page\/wp-content\/uploads\/2026\/04\/4745362-69f2b0d78d78cfeef986f-3f10-41ed-af15-16274ee5fc75-rule-mo-1600-1024x768.jpg 1024w, https:\/\/ford-sachsen.de\/html\/page\/wp-content\/uploads\/2026\/04\/4745362-69f2b0d78d78cfeef986f-3f10-41ed-af15-16274ee5fc75-rule-mo-1600-768x576.jpg 768w, https:\/\/ford-sachsen.de\/html\/page\/wp-content\/uploads\/2026\/04\/4745362-69f2b0d78d78cfeef986f-3f10-41ed-af15-16274ee5fc75-rule-mo-1600.jpg 1440w\" sizes=\"(max-width: 300px) 100vw, 300px\" \/>                        <\/a>\n                    <\/div>\n                    <div class=\"vehicle-data\">\n                                                    <small>\n                                                                03.2026                                \u00b7\n                            <\/small>\n                                                                            <small>\n                                5 km\n                            <\/small>\n                                                                            <small>\n                                \u00b7\n                                125 kW\n                                                                (\n                                170 PS)\n                            <\/small>\n                                                                            <small>\n                                \u00b7\n                                Automatik                            <\/small>\n                                                                            <small>\n                                \u00b7\n                                Unfallfrei                            <\/small>\n                        \n                                                    <small>\n                                \u00b7\n                                Diesel                            <\/small>\n                                                                                                                            <small>\n                                \u00b7\n                                4\/5 T\u00fcren\n                            <\/small>\n                                                <ul class=\"vehicle-emission\">\n                                                 <span>Verbrauch komb.: \n                                    8.7                                 l\/100km<\/span><br>\n                                                                                \n                                       \n  <!-- CO2-Emissionen\t-->\n                                            <span>CO\u2082-Emissionen komb.: 229.0                                 g\/km<\/span><br>\n                                        <!-- CO2-Emissionen\t-->\n                   \n \n                         <span>CO\u2082-Klasse: \n                                    G                                <\/span><br>\n                    \n\n\n                <\/ul>\n\n                    <\/div>\n\n                    <div class=\"vehicle-price\">\n                                                    <div itemprop=\"priceSpecification\" itemscope itemtype=\"http:\/\/schema.org\/UnitPriceSpecification\">\n                                <meta itemprop=\"priceCurrency\" content=\"EUR\">\n                                <meta itemprop=\"price\" content=\"54.890\">\n                                <strong>\n                                    54.890 \u20ac (Brutto)\n                                <\/strong><br><small>\n                                    Inkl. 19% MwSt.                                <\/small>\n                            <\/div>\n                                                <br>\n                        <a href=\"https:\/\/ford-sachsen.de\/html\/page\/fahrzeuge\/ford-tourneo-custom-bus-320-l1-titanium-x-fwd-navi-so-2\/\"\n                            class=\"vehicle-btn wp-block-button__link wp-element-button\">Details<\/a>\n                    <\/div>\n                <\/div> <!-- \/\/ vehicle-row -->\n               \n            <\/article>\n                        <article id=\"post-4745360\" class=\"vehicle\">\n                <hgroup>\n                    <a href=\"https:\/\/ford-sachsen.de\/html\/page\/fahrzeuge\/ford-ranger-e-4wd-doppelkabine-wildtrak-x-ahk-navi-di-2\/\">\n                        <h2 class=\"vehicle-title\">\n                            Ford Ranger e-4WD Doppelkabine Wildtrak X AHK Navi Di                        <\/h2>\n\n                    <\/a>\n                <\/hgroup>\n                <span class=\"vehicle-addition\">\n                    <p>\n                        SUV\/Gel\u00e4ndewagen\/Pickup ,\n                        Gebrauchtfahrzeug                    <\/p>\n                <\/span>\n                <div class=\"vehicle-row\">\n                    <div class=\"vehicle-thumbnail\">\n                        <a href=\"https:\/\/ford-sachsen.de\/html\/page\/fahrzeuge\/ford-ranger-e-4wd-doppelkabine-wildtrak-x-ahk-navi-di-2\/\" title=\"Ford Ranger e-4WD Doppelkabine Wildtrak X AHK Navi Di\">\n                            <img loading=\"lazy\" decoding=\"async\" width=\"300\" height=\"225\" src=\"https:\/\/ford-sachsen.de\/html\/page\/wp-content\/uploads\/2026\/04\/4745360-69f2b0d5e362cab87738e-b2a6-47b1-858f-122509b1bcfb-rule-mo-1600-300x225.jpg\" class=\"attachment-medium size-medium wp-post-image\" alt=\"\" srcset=\"https:\/\/ford-sachsen.de\/html\/page\/wp-content\/uploads\/2026\/04\/4745360-69f2b0d5e362cab87738e-b2a6-47b1-858f-122509b1bcfb-rule-mo-1600-300x225.jpg 300w, https:\/\/ford-sachsen.de\/html\/page\/wp-content\/uploads\/2026\/04\/4745360-69f2b0d5e362cab87738e-b2a6-47b1-858f-122509b1bcfb-rule-mo-1600-1024x768.jpg 1024w, https:\/\/ford-sachsen.de\/html\/page\/wp-content\/uploads\/2026\/04\/4745360-69f2b0d5e362cab87738e-b2a6-47b1-858f-122509b1bcfb-rule-mo-1600-768x576.jpg 768w, https:\/\/ford-sachsen.de\/html\/page\/wp-content\/uploads\/2026\/04\/4745360-69f2b0d5e362cab87738e-b2a6-47b1-858f-122509b1bcfb-rule-mo-1600.jpg 1440w\" sizes=\"(max-width: 300px) 100vw, 300px\" \/>                        <\/a>\n                    <\/div>\n                    <div class=\"vehicle-data\">\n                                                    <small>\n                                                                03.2026                                \u00b7\n                            <\/small>\n                                                                            <small>\n                                25 km\n                            <\/small>\n                                                                            <small>\n                                \u00b7\n                                151 kW\n                                                                (\n                                205 PS)\n                            <\/small>\n                                                                            <small>\n                                \u00b7\n                                Automatik                            <\/small>\n                                                                            <small>\n                                \u00b7\n                                Unfallfrei                            <\/small>\n                        \n                                                    <small>\n                                \u00b7\n                                Diesel                            <\/small>\n                                                                                                                            <small>\n                                \u00b7\n                                4\/5 T\u00fcren\n                            <\/small>\n                                                <ul class=\"vehicle-emission\">\n                                                 <span>Verbrauch komb.: \n                                    10.3                                 l\/100km<\/span><br>\n                                                                                \n                                       \n  <!-- CO2-Emissionen\t-->\n                                            <span>CO\u2082-Emissionen komb.: 271.0                                 g\/km<\/span><br>\n                                        <!-- CO2-Emissionen\t-->\n                   \n \n                         <span>CO\u2082-Klasse: \n                                    G                                <\/span><br>\n                    \n\n\n                <\/ul>\n\n                    <\/div>\n\n                    <div class=\"vehicle-price\">\n                                                    <div itemprop=\"priceSpecification\" itemscope itemtype=\"http:\/\/schema.org\/UnitPriceSpecification\">\n                                <meta itemprop=\"priceCurrency\" content=\"EUR\">\n                                <meta itemprop=\"price\" content=\"52.390\">\n                                <strong>\n                                    52.390 \u20ac (Brutto)\n                                <\/strong><br><small>\n                                    Inkl. 19% MwSt.                                <\/small>\n                            <\/div>\n                                                <br>\n                        <a href=\"https:\/\/ford-sachsen.de\/html\/page\/fahrzeuge\/ford-ranger-e-4wd-doppelkabine-wildtrak-x-ahk-navi-di-2\/\"\n                            class=\"vehicle-btn wp-block-button__link wp-element-button\">Details<\/a>\n                    <\/div>\n                <\/div> <!-- \/\/ vehicle-row -->\n               \n            <\/article>\n                        <article id=\"post-4745358\" class=\"vehicle\">\n                <hgroup>\n                    <a href=\"https:\/\/ford-sachsen.de\/html\/page\/fahrzeuge\/ford-ranger-e-4wd-doppelkabine-wildtrak-tz-aktion-ahk-2\/\">\n                        <h2 class=\"vehicle-title\">\n                            Ford Ranger e-4WD Doppelkabine Wildtrak TZ-AKTION AHK                        <\/h2>\n\n                    <\/a>\n                <\/hgroup>\n                <span class=\"vehicle-addition\">\n                    <p>\n                        SUV\/Gel\u00e4ndewagen\/Pickup ,\n                        Gebrauchtfahrzeug                    <\/p>\n                <\/span>\n                <div class=\"vehicle-row\">\n                    <div class=\"vehicle-thumbnail\">\n                        <a href=\"https:\/\/ford-sachsen.de\/html\/page\/fahrzeuge\/ford-ranger-e-4wd-doppelkabine-wildtrak-tz-aktion-ahk-2\/\" title=\"Ford Ranger e-4WD Doppelkabine Wildtrak TZ-AKTION AHK\">\n                            <img loading=\"lazy\" decoding=\"async\" width=\"300\" height=\"225\" src=\"https:\/\/ford-sachsen.de\/html\/page\/wp-content\/uploads\/2026\/04\/4745358-69f2b0d4469edda94b10f-b9c8-4d57-aa85-b2b25450b2a2-rule-mo-1600-300x225.jpg\" class=\"attachment-medium size-medium wp-post-image\" alt=\"\" srcset=\"https:\/\/ford-sachsen.de\/html\/page\/wp-content\/uploads\/2026\/04\/4745358-69f2b0d4469edda94b10f-b9c8-4d57-aa85-b2b25450b2a2-rule-mo-1600-300x225.jpg 300w, https:\/\/ford-sachsen.de\/html\/page\/wp-content\/uploads\/2026\/04\/4745358-69f2b0d4469edda94b10f-b9c8-4d57-aa85-b2b25450b2a2-rule-mo-1600-1024x768.jpg 1024w, https:\/\/ford-sachsen.de\/html\/page\/wp-content\/uploads\/2026\/04\/4745358-69f2b0d4469edda94b10f-b9c8-4d57-aa85-b2b25450b2a2-rule-mo-1600-768x576.jpg 768w, https:\/\/ford-sachsen.de\/html\/page\/wp-content\/uploads\/2026\/04\/4745358-69f2b0d4469edda94b10f-b9c8-4d57-aa85-b2b25450b2a2-rule-mo-1600.jpg 1440w\" sizes=\"(max-width: 300px) 100vw, 300px\" \/>                        <\/a>\n                    <\/div>\n                    <div class=\"vehicle-data\">\n                                                    <small>\n                                                                04.2026                                \u00b7\n                            <\/small>\n                                                                            <small>\n                                25 km\n                            <\/small>\n                                                                            <small>\n                                \u00b7\n                                177 kW\n                                                                (\n                                241 PS)\n                            <\/small>\n                                                                            <small>\n                                \u00b7\n                                Automatik                            <\/small>\n                                                                            <small>\n                                \u00b7\n                                Unfallfrei                            <\/small>\n                        \n                                                    <small>\n                                \u00b7\n                                Diesel                            <\/small>\n                                                                                                                            <small>\n                                \u00b7\n                                4\/5 T\u00fcren\n                            <\/small>\n                                                <ul class=\"vehicle-emission\">\n                                                 <span>Verbrauch komb.: \n                                    10.1                                 l\/100km<\/span><br>\n                                                                                \n                                       \n  <!-- CO2-Emissionen\t-->\n                                            <span>CO\u2082-Emissionen komb.: 265.0                                 g\/km<\/span><br>\n                                        <!-- CO2-Emissionen\t-->\n                   \n \n                         <span>CO\u2082-Klasse: \n                                    G                                <\/span><br>\n                    \n\n\n                <\/ul>\n\n                    <\/div>\n\n                    <div class=\"vehicle-price\">\n                                                    <div itemprop=\"priceSpecification\" itemscope itemtype=\"http:\/\/schema.org\/UnitPriceSpecification\">\n                                <meta itemprop=\"priceCurrency\" content=\"EUR\">\n                                <meta itemprop=\"price\" content=\"55.890\">\n                                <strong>\n                                    55.890 \u20ac (Brutto)\n                                <\/strong><br><small>\n                                    Inkl. 19% MwSt.                                <\/small>\n                            <\/div>\n                                                <br>\n                        <a href=\"https:\/\/ford-sachsen.de\/html\/page\/fahrzeuge\/ford-ranger-e-4wd-doppelkabine-wildtrak-tz-aktion-ahk-2\/\"\n                            class=\"vehicle-btn wp-block-button__link wp-element-button\">Details<\/a>\n                    <\/div>\n                <\/div> <!-- \/\/ vehicle-row -->\n               \n            <\/article>\n                        <article id=\"post-4745350\" class=\"vehicle\">\n                <hgroup>\n                    <a href=\"https:\/\/ford-sachsen.de\/html\/page\/fahrzeuge\/omoda-5-omoda-05-exclusive-15-tgdi-hev-automatik-l\/\">\n                        <h2 class=\"vehicle-title\">\n                            OMODA 5 Omoda 05 Exclusive  1,5 TGDI HEV , Automatik L                        <\/h2>\n\n                    <\/a>\n                <\/hgroup>\n                <span class=\"vehicle-addition\">\n                    <p>\n                        Limousine ,\n                        Neufahrzeug                    <\/p>\n                <\/span>\n                <div class=\"vehicle-row\">\n                    <div class=\"vehicle-thumbnail\">\n                        <a href=\"https:\/\/ford-sachsen.de\/html\/page\/fahrzeuge\/omoda-5-omoda-05-exclusive-15-tgdi-hev-automatik-l\/\" title=\"OMODA 5 Omoda 05 Exclusive  1,5 TGDI HEV , Automatik L\">\n                            <img loading=\"lazy\" decoding=\"async\" width=\"300\" height=\"225\" src=\"https:\/\/ford-sachsen.de\/html\/page\/wp-content\/uploads\/2026\/04\/4745350-69f2b0cdd53d1c4f0306e-1125-487a-87fb-4490b6b505a6-rule-mo-1600-300x225.jpg\" class=\"attachment-medium size-medium wp-post-image\" alt=\"\" srcset=\"https:\/\/ford-sachsen.de\/html\/page\/wp-content\/uploads\/2026\/04\/4745350-69f2b0cdd53d1c4f0306e-1125-487a-87fb-4490b6b505a6-rule-mo-1600-300x225.jpg 300w, https:\/\/ford-sachsen.de\/html\/page\/wp-content\/uploads\/2026\/04\/4745350-69f2b0cdd53d1c4f0306e-1125-487a-87fb-4490b6b505a6-rule-mo-1600-1024x768.jpg 1024w, https:\/\/ford-sachsen.de\/html\/page\/wp-content\/uploads\/2026\/04\/4745350-69f2b0cdd53d1c4f0306e-1125-487a-87fb-4490b6b505a6-rule-mo-1600-768x576.jpg 768w, https:\/\/ford-sachsen.de\/html\/page\/wp-content\/uploads\/2026\/04\/4745350-69f2b0cdd53d1c4f0306e-1125-487a-87fb-4490b6b505a6-rule-mo-1600.jpg 1440w\" sizes=\"(max-width: 300px) 100vw, 300px\" \/>                        <\/a>\n                    <\/div>\n                    <div class=\"vehicle-data\">\n                                                                                                    <small>\n                                \u00b7\n                                165 kW\n                                                                (\n                                224 PS)\n                            <\/small>\n                                                                            <small>\n                                \u00b7\n                                Automatik                            <\/small>\n                                                                            <small>\n                                \u00b7\n                                Unfallfrei                            <\/small>\n                        \n                                                    <small>\n                                \u00b7\n                                Hybrid (Benzin\/Elektro)                            <\/small>\n                                                                                                                            <small>\n                                \u00b7\n                                4\/5 T\u00fcren\n                            <\/small>\n                                                <ul class=\"vehicle-emission\">\n                                                 <span>Verbrauch komb.: \n                                    5.3                                 l\/100km<\/span><br>\n                                                                                \n                                       \n  <!-- CO2-Emissionen\t-->\n                                            <span>CO\u2082-Emissionen komb.: 120.0                                 g\/km<\/span><br>\n                                        <!-- CO2-Emissionen\t-->\n                   \n \n                         <span>CO\u2082-Klasse: \n                                    D                                <\/span><br>\n                    \n\n\n                <\/ul>\n\n                    <\/div>\n\n                    <div class=\"vehicle-price\">\n                                                    <div itemprop=\"priceSpecification\" itemscope itemtype=\"http:\/\/schema.org\/UnitPriceSpecification\">\n                                <meta itemprop=\"priceCurrency\" content=\"EUR\">\n                                <meta itemprop=\"price\" content=\"31.990\">\n                                <strong>\n                                    31.990 \u20ac (Brutto)\n                                <\/strong><br><small>\n                                    Inkl. 19% MwSt.                                <\/small>\n                            <\/div>\n                                                <br>\n                        <a href=\"https:\/\/ford-sachsen.de\/html\/page\/fahrzeuge\/omoda-5-omoda-05-exclusive-15-tgdi-hev-automatik-l\/\"\n                            class=\"vehicle-btn wp-block-button__link wp-element-button\">Details<\/a>\n                    <\/div>\n                <\/div> <!-- \/\/ vehicle-row -->\n               \n            <\/article>\n                        <article id=\"post-4745340\" class=\"vehicle\">\n                <hgroup>\n                    <a href=\"https:\/\/ford-sachsen.de\/html\/page\/fahrzeuge\/ford-tourneo-custom-titanium-l1-level2-vanexxt-irmsch\/\">\n                        <h2 class=\"vehicle-title\">\n                            Ford Tourneo Custom Titanium L1 Level2 vanexxt IRMSCH                        <\/h2>\n\n                    <\/a>\n                <\/hgroup>\n                <span class=\"vehicle-addition\">\n                    <p>\n                        Van\/Minibus ,\n                        Gebrauchtfahrzeug                    <\/p>\n                <\/span>\n                <div class=\"vehicle-row\">\n                    <div class=\"vehicle-thumbnail\">\n                        <a href=\"https:\/\/ford-sachsen.de\/html\/page\/fahrzeuge\/ford-tourneo-custom-titanium-l1-level2-vanexxt-irmsch\/\" title=\"Ford Tourneo Custom Titanium L1 Level2 vanexxt IRMSCH\">\n                            <img loading=\"lazy\" decoding=\"async\" width=\"300\" height=\"225\" src=\"https:\/\/ford-sachsen.de\/html\/page\/wp-content\/uploads\/2026\/04\/4745340-69f2afed12d2c1883f6ac-053f-4a80-8bff-d94aa9bdb4e4-rule-mo-1600-300x225.jpg\" class=\"attachment-medium size-medium wp-post-image\" alt=\"\" srcset=\"https:\/\/ford-sachsen.de\/html\/page\/wp-content\/uploads\/2026\/04\/4745340-69f2afed12d2c1883f6ac-053f-4a80-8bff-d94aa9bdb4e4-rule-mo-1600-300x225.jpg 300w, https:\/\/ford-sachsen.de\/html\/page\/wp-content\/uploads\/2026\/04\/4745340-69f2afed12d2c1883f6ac-053f-4a80-8bff-d94aa9bdb4e4-rule-mo-1600-1024x768.jpg 1024w, https:\/\/ford-sachsen.de\/html\/page\/wp-content\/uploads\/2026\/04\/4745340-69f2afed12d2c1883f6ac-053f-4a80-8bff-d94aa9bdb4e4-rule-mo-1600-768x576.jpg 768w, https:\/\/ford-sachsen.de\/html\/page\/wp-content\/uploads\/2026\/04\/4745340-69f2afed12d2c1883f6ac-053f-4a80-8bff-d94aa9bdb4e4-rule-mo-1600.jpg 1440w\" sizes=\"(max-width: 300px) 100vw, 300px\" \/>                        <\/a>\n                    <\/div>\n                    <div class=\"vehicle-data\">\n                                                    <small>\n                                                                02.2026                                \u00b7\n                            <\/small>\n                                                                            <small>\n                                25 km\n                            <\/small>\n                                                                            <small>\n                                \u00b7\n                                100 kW\n                                                                (\n                                136 PS)\n                            <\/small>\n                                                                            <small>\n                                \u00b7\n                                Automatik                            <\/small>\n                                                                            <small>\n                                \u00b7\n                                Unfallfrei                            <\/small>\n                        \n                                                    <small>\n                                \u00b7\n                                Diesel                            <\/small>\n                                                                                                                            <small>\n                                \u00b7\n                                4\/5 T\u00fcren\n                            <\/small>\n                                                <ul class=\"vehicle-emission\">\n                                                 <span>Verbrauch komb.: \n                                    8.0                                 l\/100km<\/span><br>\n                                                                                \n                                       \n  <!-- CO2-Emissionen\t-->\n                                            <span>CO\u2082-Emissionen komb.: 224.0                                 g\/km<\/span><br>\n                                        <!-- CO2-Emissionen\t-->\n                   \n \n                         <span>CO\u2082-Klasse: \n                                    G                                <\/span><br>\n                    \n\n\n                <\/ul>\n\n                    <\/div>\n\n                    <div class=\"vehicle-price\">\n                                                    <div itemprop=\"priceSpecification\" itemscope itemtype=\"http:\/\/schema.org\/UnitPriceSpecification\">\n                                <meta itemprop=\"priceCurrency\" content=\"EUR\">\n                                <meta itemprop=\"price\" content=\"64.990\">\n                                <strong>\n                                    64.990 \u20ac (Brutto)\n                                <\/strong><br><small>\n                                    Inkl. 19% MwSt.                                <\/small>\n                            <\/div>\n                                                <br>\n                        <a href=\"https:\/\/ford-sachsen.de\/html\/page\/fahrzeuge\/ford-tourneo-custom-titanium-l1-level2-vanexxt-irmsch\/\"\n                            class=\"vehicle-btn wp-block-button__link wp-element-button\">Details<\/a>\n                    <\/div>\n                <\/div> <!-- \/\/ vehicle-row -->\n               \n            <\/article>\n                        <article id=\"post-4745338\" class=\"vehicle\">\n                <hgroup>\n                    <a href=\"https:\/\/ford-sachsen.de\/html\/page\/fahrzeuge\/ford-transit-custom-kasten-doka-320-l2-fwd-phev-sport\/\">\n                        <h2 class=\"vehicle-title\">\n                            Ford Transit Custom Kasten DOKA 320 L2 FWD PHEV Sport                        <\/h2>\n\n                    <\/a>\n                <\/hgroup>\n                <span class=\"vehicle-addition\">\n                    <p>\n                        Kastenwagen ,\n                        Gebrauchtfahrzeug                    <\/p>\n                <\/span>\n                <div class=\"vehicle-row\">\n                    <div class=\"vehicle-thumbnail\">\n                        <a href=\"https:\/\/ford-sachsen.de\/html\/page\/fahrzeuge\/ford-transit-custom-kasten-doka-320-l2-fwd-phev-sport\/\" title=\"Ford Transit Custom Kasten DOKA 320 L2 FWD PHEV Sport\">\n                            <img loading=\"lazy\" decoding=\"async\" width=\"300\" height=\"225\" src=\"https:\/\/ford-sachsen.de\/html\/page\/wp-content\/uploads\/2026\/04\/4745338-69f2afeb3913bd71f6f2a-a0c7-4ad3-9f41-c7f33c3e6453-rule-mo-1600-300x225.jpg\" class=\"attachment-medium size-medium wp-post-image\" alt=\"\" srcset=\"https:\/\/ford-sachsen.de\/html\/page\/wp-content\/uploads\/2026\/04\/4745338-69f2afeb3913bd71f6f2a-a0c7-4ad3-9f41-c7f33c3e6453-rule-mo-1600-300x225.jpg 300w, https:\/\/ford-sachsen.de\/html\/page\/wp-content\/uploads\/2026\/04\/4745338-69f2afeb3913bd71f6f2a-a0c7-4ad3-9f41-c7f33c3e6453-rule-mo-1600-1024x768.jpg 1024w, https:\/\/ford-sachsen.de\/html\/page\/wp-content\/uploads\/2026\/04\/4745338-69f2afeb3913bd71f6f2a-a0c7-4ad3-9f41-c7f33c3e6453-rule-mo-1600-768x576.jpg 768w, https:\/\/ford-sachsen.de\/html\/page\/wp-content\/uploads\/2026\/04\/4745338-69f2afeb3913bd71f6f2a-a0c7-4ad3-9f41-c7f33c3e6453-rule-mo-1600.jpg 1440w\" sizes=\"(max-width: 300px) 100vw, 300px\" \/>                        <\/a>\n                    <\/div>\n                    <div class=\"vehicle-data\">\n                                                    <small>\n                                                                03.2026                                \u00b7\n                            <\/small>\n                                                                            <small>\n                                25 km\n                            <\/small>\n                                                                            <small>\n                                \u00b7\n                                171 kW\n                                                                (\n                                232 PS)\n                            <\/small>\n                                                                            <small>\n                                \u00b7\n                                Automatik                            <\/small>\n                                                                            <small>\n                                \u00b7\n                                Unfallfrei                            <\/small>\n                        \n                                                    <small>\n                                \u00b7\n                                Hybrid (Benzin\/Elektro)                            <\/small>\n                                                                                                                        <ul class=\"vehicle-emission\">\n                                                                                     \n                                       \n  <!-- CO2-Emissionen\t-->\n                                        <!-- CO2-Emissionen\t-->\n                   \n \n \n\n\n                <\/ul>\n\n                    <\/div>\n\n                    <div class=\"vehicle-price\">\n                                                    <div itemprop=\"priceSpecification\" itemscope itemtype=\"http:\/\/schema.org\/UnitPriceSpecification\">\n                                <meta itemprop=\"priceCurrency\" content=\"EUR\">\n                                <meta itemprop=\"price\" content=\"53.990\">\n                                <strong>\n                                    53.990 \u20ac (Brutto)\n                                <\/strong><br><small>\n                                    Inkl. 19% MwSt.                                <\/small>\n                            <\/div>\n                                                <br>\n                        <a href=\"https:\/\/ford-sachsen.de\/html\/page\/fahrzeuge\/ford-transit-custom-kasten-doka-320-l2-fwd-phev-sport\/\"\n                            class=\"vehicle-btn wp-block-button__link wp-element-button\">Details<\/a>\n                    <\/div>\n                <\/div> <!-- \/\/ vehicle-row -->\n               \n            <\/article>\n                        <article id=\"post-4745336\" class=\"vehicle\">\n                <hgroup>\n                    <a href=\"https:\/\/ford-sachsen.de\/html\/page\/fahrzeuge\/ford-ranger-wildtrak-doka-tz-aktion-8xsofort-el-rollo-3\/\">\n                        <h2 class=\"vehicle-title\">\n                            Ford Ranger Wildtrak DOKA\/TZ-AKTION\/8xSOFORT\/EL.ROLLO                        <\/h2>\n\n                    <\/a>\n                <\/hgroup>\n                <span class=\"vehicle-addition\">\n                    <p>\n                        SUV\/Gel\u00e4ndewagen\/Pickup ,\n                        Gebrauchtfahrzeug                    <\/p>\n                <\/span>\n                <div class=\"vehicle-row\">\n                    <div class=\"vehicle-thumbnail\">\n                        <a href=\"https:\/\/ford-sachsen.de\/html\/page\/fahrzeuge\/ford-ranger-wildtrak-doka-tz-aktion-8xsofort-el-rollo-3\/\" title=\"Ford Ranger Wildtrak DOKA\/TZ-AKTION\/8xSOFORT\/EL.ROLLO\">\n                            <img loading=\"lazy\" decoding=\"async\" width=\"300\" height=\"225\" src=\"https:\/\/ford-sachsen.de\/html\/page\/wp-content\/uploads\/2026\/04\/4745336-69f2afe94200eed72128c-3023-4aa0-bea6-f126cfd9215f-rule-mo-1600-300x225.jpg\" class=\"attachment-medium size-medium wp-post-image\" alt=\"\" srcset=\"https:\/\/ford-sachsen.de\/html\/page\/wp-content\/uploads\/2026\/04\/4745336-69f2afe94200eed72128c-3023-4aa0-bea6-f126cfd9215f-rule-mo-1600-300x225.jpg 300w, https:\/\/ford-sachsen.de\/html\/page\/wp-content\/uploads\/2026\/04\/4745336-69f2afe94200eed72128c-3023-4aa0-bea6-f126cfd9215f-rule-mo-1600-1024x768.jpg 1024w, https:\/\/ford-sachsen.de\/html\/page\/wp-content\/uploads\/2026\/04\/4745336-69f2afe94200eed72128c-3023-4aa0-bea6-f126cfd9215f-rule-mo-1600-768x576.jpg 768w, https:\/\/ford-sachsen.de\/html\/page\/wp-content\/uploads\/2026\/04\/4745336-69f2afe94200eed72128c-3023-4aa0-bea6-f126cfd9215f-rule-mo-1600.jpg 1440w\" sizes=\"(max-width: 300px) 100vw, 300px\" \/>                        <\/a>\n                    <\/div>\n                    <div class=\"vehicle-data\">\n                                                    <small>\n                                                                02.2026                                \u00b7\n                            <\/small>\n                                                                            <small>\n                                25 km\n                            <\/small>\n                                                                            <small>\n                                \u00b7\n                                177 kW\n                                                                (\n                                241 PS)\n                            <\/small>\n                                                                            <small>\n                                \u00b7\n                                Automatik                            <\/small>\n                                                                            <small>\n                                \u00b7\n                                Unfallfrei                            <\/small>\n                        \n                                                    <small>\n                                \u00b7\n                                Diesel                            <\/small>\n                                                                                                                            <small>\n                                \u00b7\n                                4\/5 T\u00fcren\n                            <\/small>\n                                                <ul class=\"vehicle-emission\">\n                                                 <span>Verbrauch komb.: \n                                    10.1                                 l\/100km<\/span><br>\n                                                                                \n                                       \n  <!-- CO2-Emissionen\t-->\n                                            <span>CO\u2082-Emissionen komb.: 265.0                                 g\/km<\/span><br>\n                                        <!-- CO2-Emissionen\t-->\n                   \n \n                         <span>CO\u2082-Klasse: \n                                    G                                <\/span><br>\n                    \n\n\n                <\/ul>\n\n                    <\/div>\n\n                    <div class=\"vehicle-price\">\n                                                    <div itemprop=\"priceSpecification\" itemscope itemtype=\"http:\/\/schema.org\/UnitPriceSpecification\">\n                                <meta itemprop=\"priceCurrency\" content=\"EUR\">\n                                <meta itemprop=\"price\" content=\"55.890\">\n                                <strong>\n                                    55.890 \u20ac (Brutto)\n                                <\/strong><br><small>\n                                    Inkl. 19% MwSt.                                <\/small>\n                            <\/div>\n                                                <br>\n                        <a href=\"https:\/\/ford-sachsen.de\/html\/page\/fahrzeuge\/ford-ranger-wildtrak-doka-tz-aktion-8xsofort-el-rollo-3\/\"\n                            class=\"vehicle-btn wp-block-button__link wp-element-button\">Details<\/a>\n                    <\/div>\n                <\/div> <!-- \/\/ vehicle-row -->\n               \n            <\/article>\n                        <article id=\"post-4745332\" class=\"vehicle\">\n                <hgroup>\n                    <a href=\"https:\/\/ford-sachsen.de\/html\/page\/fahrzeuge\/ford-ranger-wildtrak-doka-tz-aktion-8xsofort-el-rollo\/\">\n                        <h2 class=\"vehicle-title\">\n                            Ford Ranger Wildtrak DOKA\/TZ-AKTION\/8xSOFORT\/EL.ROLLO                        <\/h2>\n\n                    <\/a>\n                <\/hgroup>\n                <span class=\"vehicle-addition\">\n                    <p>\n                        SUV\/Gel\u00e4ndewagen\/Pickup ,\n                        Gebrauchtfahrzeug                    <\/p>\n                <\/span>\n                <div class=\"vehicle-row\">\n                    <div class=\"vehicle-thumbnail\">\n                        <a href=\"https:\/\/ford-sachsen.de\/html\/page\/fahrzeuge\/ford-ranger-wildtrak-doka-tz-aktion-8xsofort-el-rollo\/\" title=\"Ford Ranger Wildtrak DOKA\/TZ-AKTION\/8xSOFORT\/EL.ROLLO\">\n                            <img loading=\"lazy\" decoding=\"async\" width=\"300\" height=\"225\" src=\"https:\/\/ford-sachsen.de\/html\/page\/wp-content\/uploads\/2026\/04\/4745332-69f2afe548c6eed72128c-3023-4aa0-bea6-f126cfd9215f-rule-mo-1600-300x225.jpg\" class=\"attachment-medium size-medium wp-post-image\" alt=\"\" srcset=\"https:\/\/ford-sachsen.de\/html\/page\/wp-content\/uploads\/2026\/04\/4745332-69f2afe548c6eed72128c-3023-4aa0-bea6-f126cfd9215f-rule-mo-1600-300x225.jpg 300w, https:\/\/ford-sachsen.de\/html\/page\/wp-content\/uploads\/2026\/04\/4745332-69f2afe548c6eed72128c-3023-4aa0-bea6-f126cfd9215f-rule-mo-1600-1024x768.jpg 1024w, https:\/\/ford-sachsen.de\/html\/page\/wp-content\/uploads\/2026\/04\/4745332-69f2afe548c6eed72128c-3023-4aa0-bea6-f126cfd9215f-rule-mo-1600-768x576.jpg 768w, https:\/\/ford-sachsen.de\/html\/page\/wp-content\/uploads\/2026\/04\/4745332-69f2afe548c6eed72128c-3023-4aa0-bea6-f126cfd9215f-rule-mo-1600.jpg 1440w\" sizes=\"(max-width: 300px) 100vw, 300px\" \/>                        <\/a>\n                    <\/div>\n                    <div class=\"vehicle-data\">\n                                                    <small>\n                                                                02.2026                                \u00b7\n                            <\/small>\n                                                                            <small>\n                                25 km\n                            <\/small>\n                                                                            <small>\n                                \u00b7\n                                177 kW\n                                                                (\n                                241 PS)\n                            <\/small>\n                                                                            <small>\n                                \u00b7\n                                Automatik                            <\/small>\n                                                                            <small>\n                                \u00b7\n                                Unfallfrei                            <\/small>\n                        \n                                                    <small>\n                                \u00b7\n                                Diesel                            <\/small>\n                                                                                                                            <small>\n                                \u00b7\n                                4\/5 T\u00fcren\n                            <\/small>\n                                                <ul class=\"vehicle-emission\">\n                                                 <span>Verbrauch komb.: \n                                    10.1                                 l\/100km<\/span><br>\n                                                                                \n                                       \n  <!-- CO2-Emissionen\t-->\n                                            <span>CO\u2082-Emissionen komb.: 265.0                                 g\/km<\/span><br>\n                                        <!-- CO2-Emissionen\t-->\n                   \n \n                         <span>CO\u2082-Klasse: \n                                    G                                <\/span><br>\n                    \n\n\n                <\/ul>\n\n                    <\/div>\n\n                    <div class=\"vehicle-price\">\n                                                    <div itemprop=\"priceSpecification\" itemscope itemtype=\"http:\/\/schema.org\/UnitPriceSpecification\">\n                                <meta itemprop=\"priceCurrency\" content=\"EUR\">\n                                <meta itemprop=\"price\" content=\"55.890\">\n                                <strong>\n                                    55.890 \u20ac (Brutto)\n                                <\/strong><br><small>\n                                    Inkl. 19% MwSt.                                <\/small>\n                            <\/div>\n                                                <br>\n                        <a href=\"https:\/\/ford-sachsen.de\/html\/page\/fahrzeuge\/ford-ranger-wildtrak-doka-tz-aktion-8xsofort-el-rollo\/\"\n                            class=\"vehicle-btn wp-block-button__link wp-element-button\">Details<\/a>\n                    <\/div>\n                <\/div> <!-- \/\/ vehicle-row -->\n               \n            <\/article>\n                        <article id=\"post-4745326\" class=\"vehicle\">\n                <hgroup>\n                    <a href=\"https:\/\/ford-sachsen.de\/html\/page\/fahrzeuge\/ford-tourneo-custom-titanium-l1-vanexxt-level-2-koch\/\">\n                        <h2 class=\"vehicle-title\">\n                            Ford Tourneo Custom Titanium L1 vanexxt Level 2 KOCH&amp;                        <\/h2>\n\n                    <\/a>\n                <\/hgroup>\n                <span class=\"vehicle-addition\">\n                    <p>\n                        Van\/Minibus ,\n                        Gebrauchtfahrzeug                    <\/p>\n                <\/span>\n                <div class=\"vehicle-row\">\n                    <div class=\"vehicle-thumbnail\">\n                        <a href=\"https:\/\/ford-sachsen.de\/html\/page\/fahrzeuge\/ford-tourneo-custom-titanium-l1-vanexxt-level-2-koch\/\" title=\"Ford Tourneo Custom Titanium L1 vanexxt Level 2 KOCH&amp;\">\n                            <img loading=\"lazy\" decoding=\"async\" width=\"300\" height=\"225\" src=\"https:\/\/ford-sachsen.de\/html\/page\/wp-content\/uploads\/2026\/04\/4745326-69f2afdf613d6191fb29f-82b3-4cb4-bf2a-c66d07005c4c-rule-mo-1600-300x225.jpg\" class=\"attachment-medium size-medium wp-post-image\" alt=\"\" srcset=\"https:\/\/ford-sachsen.de\/html\/page\/wp-content\/uploads\/2026\/04\/4745326-69f2afdf613d6191fb29f-82b3-4cb4-bf2a-c66d07005c4c-rule-mo-1600-300x225.jpg 300w, https:\/\/ford-sachsen.de\/html\/page\/wp-content\/uploads\/2026\/04\/4745326-69f2afdf613d6191fb29f-82b3-4cb4-bf2a-c66d07005c4c-rule-mo-1600-1024x768.jpg 1024w, https:\/\/ford-sachsen.de\/html\/page\/wp-content\/uploads\/2026\/04\/4745326-69f2afdf613d6191fb29f-82b3-4cb4-bf2a-c66d07005c4c-rule-mo-1600-768x576.jpg 768w, https:\/\/ford-sachsen.de\/html\/page\/wp-content\/uploads\/2026\/04\/4745326-69f2afdf613d6191fb29f-82b3-4cb4-bf2a-c66d07005c4c-rule-mo-1600.jpg 1440w\" sizes=\"(max-width: 300px) 100vw, 300px\" \/>                        <\/a>\n                    <\/div>\n                    <div class=\"vehicle-data\">\n                                                    <small>\n                                                                04.2025                                \u00b7\n                            <\/small>\n                                                                            <small>\n                                10.100 km\n                            <\/small>\n                                                                            <small>\n                                \u00b7\n                                100 kW\n                                                                (\n                                136 PS)\n                            <\/small>\n                                                                            <small>\n                                \u00b7\n                                Automatik                            <\/small>\n                                                                            <small>\n                                \u00b7\n                                Unfallfrei                            <\/small>\n                        \n                                                    <small>\n                                \u00b7\n                                Diesel                            <\/small>\n                                                                                                                            <small>\n                                \u00b7\n                                4\/5 T\u00fcren\n                            <\/small>\n                                                <ul class=\"vehicle-emission\">\n                                                 <span>Verbrauch komb.: \n                                    8.0                                 l\/100km<\/span><br>\n                                                                                \n                                       \n  <!-- CO2-Emissionen\t-->\n                                            <span>CO\u2082-Emissionen komb.: 224.0                                 g\/km<\/span><br>\n                                        <!-- CO2-Emissionen\t-->\n                   \n \n                         <span>CO\u2082-Klasse: \n                                    G                                <\/span><br>\n                    \n\n\n                <\/ul>\n\n                    <\/div>\n\n                    <div class=\"vehicle-price\">\n                                                    <div itemprop=\"priceSpecification\" itemscope itemtype=\"http:\/\/schema.org\/UnitPriceSpecification\">\n                                <meta itemprop=\"priceCurrency\" content=\"EUR\">\n                                <meta itemprop=\"price\" content=\"59.990\">\n                                <strong>\n                                    59.990 \u20ac (Brutto)\n                                <\/strong><br><small>\n                                    MwSt. nicht ausweisbar                                <\/small>\n                            <\/div>\n                                                <br>\n                        <a href=\"https:\/\/ford-sachsen.de\/html\/page\/fahrzeuge\/ford-tourneo-custom-titanium-l1-vanexxt-level-2-koch\/\"\n                            class=\"vehicle-btn wp-block-button__link wp-element-button\">Details<\/a>\n                    <\/div>\n                <\/div> <!-- \/\/ vehicle-row -->\n               \n            <\/article>\n                        <article id=\"post-4745324\" class=\"vehicle\">\n                <hgroup>\n                    <a href=\"https:\/\/ford-sachsen.de\/html\/page\/fahrzeuge\/ford-transit-custom-tourneo-titanium-l1-vanexxt-level-2\/\">\n                        <h2 class=\"vehicle-title\">\n                            Ford Transit Custom Tourneo Titanium L1 vanexxt Level                        <\/h2>\n\n                    <\/a>\n                <\/hgroup>\n                <span class=\"vehicle-addition\">\n                    <p>\n                        Wohnmobil andere ,\n                        Gebrauchtfahrzeug                    <\/p>\n                <\/span>\n                <div class=\"vehicle-row\">\n                    <div class=\"vehicle-thumbnail\">\n                        <a href=\"https:\/\/ford-sachsen.de\/html\/page\/fahrzeuge\/ford-transit-custom-tourneo-titanium-l1-vanexxt-level-2\/\" title=\"Ford Transit Custom Tourneo Titanium L1 vanexxt Level\">\n                            <img loading=\"lazy\" decoding=\"async\" width=\"300\" height=\"225\" src=\"https:\/\/ford-sachsen.de\/html\/page\/wp-content\/uploads\/2026\/04\/4745324-69f2afdd66d0f191fb29f-82b3-4cb4-bf2a-c66d07005c4c-rule-mo-1600-300x225.jpg\" class=\"attachment-medium size-medium wp-post-image\" alt=\"\" srcset=\"https:\/\/ford-sachsen.de\/html\/page\/wp-content\/uploads\/2026\/04\/4745324-69f2afdd66d0f191fb29f-82b3-4cb4-bf2a-c66d07005c4c-rule-mo-1600-300x225.jpg 300w, https:\/\/ford-sachsen.de\/html\/page\/wp-content\/uploads\/2026\/04\/4745324-69f2afdd66d0f191fb29f-82b3-4cb4-bf2a-c66d07005c4c-rule-mo-1600-1024x768.jpg 1024w, https:\/\/ford-sachsen.de\/html\/page\/wp-content\/uploads\/2026\/04\/4745324-69f2afdd66d0f191fb29f-82b3-4cb4-bf2a-c66d07005c4c-rule-mo-1600-768x576.jpg 768w, https:\/\/ford-sachsen.de\/html\/page\/wp-content\/uploads\/2026\/04\/4745324-69f2afdd66d0f191fb29f-82b3-4cb4-bf2a-c66d07005c4c-rule-mo-1600.jpg 1440w\" sizes=\"(max-width: 300px) 100vw, 300px\" \/>                        <\/a>\n                    <\/div>\n                    <div class=\"vehicle-data\">\n                                                    <small>\n                                                                04.2025                                \u00b7\n                            <\/small>\n                                                                            <small>\n                                10.100 km\n                            <\/small>\n                                                                            <small>\n                                \u00b7\n                                100 kW\n                                                                (\n                                136 PS)\n                            <\/small>\n                                                                            <small>\n                                \u00b7\n                                Automatik                            <\/small>\n                                                                            <small>\n                                \u00b7\n                                Unfallfrei                            <\/small>\n                        \n                                                    <small>\n                                \u00b7\n                                Diesel                            <\/small>\n                                                                                                                        <ul class=\"vehicle-emission\">\n                                                 <span>Verbrauch komb.: \n                                    8.0                                 l\/100km<\/span><br>\n                                                                                \n                                       \n  <!-- CO2-Emissionen\t-->\n                                            <span>CO\u2082-Emissionen komb.: 224.0                                 g\/km<\/span><br>\n                                        <!-- CO2-Emissionen\t-->\n                   \n \n                         <span>CO\u2082-Klasse: \n                                    G                                <\/span><br>\n                    \n\n\n                <\/ul>\n\n                    <\/div>\n\n                    <div class=\"vehicle-price\">\n                                                    <div itemprop=\"priceSpecification\" itemscope itemtype=\"http:\/\/schema.org\/UnitPriceSpecification\">\n                                <meta itemprop=\"priceCurrency\" content=\"EUR\">\n                                <meta itemprop=\"price\" content=\"59.990\">\n                                <strong>\n                                    59.990 \u20ac (Brutto)\n                                <\/strong><br><small>\n                                    MwSt. nicht ausweisbar                                <\/small>\n                            <\/div>\n                                                <br>\n                        <a href=\"https:\/\/ford-sachsen.de\/html\/page\/fahrzeuge\/ford-transit-custom-tourneo-titanium-l1-vanexxt-level-2\/\"\n                            class=\"vehicle-btn wp-block-button__link wp-element-button\">Details<\/a>\n                    <\/div>\n                <\/div> <!-- \/\/ vehicle-row -->\n               \n            <\/article>\n                        <article id=\"post-4745322\" class=\"vehicle\">\n                <hgroup>\n                    <a href=\"https:\/\/ford-sachsen.de\/html\/page\/fahrzeuge\/ford-transit-custom-titanium-l1-vanexxt-level-schlafd\/\">\n                        <h2 class=\"vehicle-title\">\n                            Ford Transit Custom Titanium L1 vanexxt Level SCHLAFD                        <\/h2>\n\n                    <\/a>\n                <\/hgroup>\n                <span class=\"vehicle-addition\">\n                    <p>\n                        Wohnmobil andere ,\n                        Gebrauchtfahrzeug                    <\/p>\n                <\/span>\n                <div class=\"vehicle-row\">\n                    <div class=\"vehicle-thumbnail\">\n                        <a href=\"https:\/\/ford-sachsen.de\/html\/page\/fahrzeuge\/ford-transit-custom-titanium-l1-vanexxt-level-schlafd\/\" title=\"Ford Transit Custom Titanium L1 vanexxt Level SCHLAFD\">\n                            <img loading=\"lazy\" decoding=\"async\" width=\"300\" height=\"225\" src=\"https:\/\/ford-sachsen.de\/html\/page\/wp-content\/uploads\/2026\/04\/4745322-69f2afdb96901a7f4fcb8-16c3-4279-b4dc-c3bee92165eb-rule-mo-1600-300x225.jpg\" class=\"attachment-medium size-medium wp-post-image\" alt=\"\" srcset=\"https:\/\/ford-sachsen.de\/html\/page\/wp-content\/uploads\/2026\/04\/4745322-69f2afdb96901a7f4fcb8-16c3-4279-b4dc-c3bee92165eb-rule-mo-1600-300x225.jpg 300w, https:\/\/ford-sachsen.de\/html\/page\/wp-content\/uploads\/2026\/04\/4745322-69f2afdb96901a7f4fcb8-16c3-4279-b4dc-c3bee92165eb-rule-mo-1600-1024x768.jpg 1024w, https:\/\/ford-sachsen.de\/html\/page\/wp-content\/uploads\/2026\/04\/4745322-69f2afdb96901a7f4fcb8-16c3-4279-b4dc-c3bee92165eb-rule-mo-1600-768x576.jpg 768w, https:\/\/ford-sachsen.de\/html\/page\/wp-content\/uploads\/2026\/04\/4745322-69f2afdb96901a7f4fcb8-16c3-4279-b4dc-c3bee92165eb-rule-mo-1600.jpg 1440w\" sizes=\"(max-width: 300px) 100vw, 300px\" \/>                        <\/a>\n                    <\/div>\n                    <div class=\"vehicle-data\">\n                                                    <small>\n                                                                02.2026                                \u00b7\n                            <\/small>\n                                                                            <small>\n                                2.650 km\n                            <\/small>\n                                                                            <small>\n                                \u00b7\n                                100 kW\n                                                                (\n                                136 PS)\n                            <\/small>\n                                                                            <small>\n                                \u00b7\n                                Automatik                            <\/small>\n                                                                            <small>\n                                \u00b7\n                                Unfallfrei                            <\/small>\n                        \n                                                    <small>\n                                \u00b7\n                                Diesel                            <\/small>\n                                                                                                                        <ul class=\"vehicle-emission\">\n                                                 <span>Verbrauch komb.: \n                                    8.0                                 l\/100km<\/span><br>\n                                                                                \n                                       \n  <!-- CO2-Emissionen\t-->\n                                            <span>CO\u2082-Emissionen komb.: 224.0                                 g\/km<\/span><br>\n                                        <!-- CO2-Emissionen\t-->\n                   \n \n                         <span>CO\u2082-Klasse: \n                                    G                                <\/span><br>\n                    \n\n\n                <\/ul>\n\n                    <\/div>\n\n                    <div class=\"vehicle-price\">\n                                                    <div itemprop=\"priceSpecification\" itemscope itemtype=\"http:\/\/schema.org\/UnitPriceSpecification\">\n                                <meta itemprop=\"priceCurrency\" content=\"EUR\">\n                                <meta itemprop=\"price\" content=\"69.990\">\n                                <strong>\n                                    69.990 \u20ac (Brutto)\n                                <\/strong><br><small>\n                                    Inkl. 19% MwSt.                                <\/small>\n                            <\/div>\n                                                <br>\n                        <a href=\"https:\/\/ford-sachsen.de\/html\/page\/fahrzeuge\/ford-transit-custom-titanium-l1-vanexxt-level-schlafd\/\"\n                            class=\"vehicle-btn wp-block-button__link wp-element-button\">Details<\/a>\n                    <\/div>\n                <\/div> <!-- \/\/ vehicle-row -->\n               \n            <\/article>\n                        <article id=\"post-4745320\" class=\"vehicle\">\n                <hgroup>\n                    <a href=\"https:\/\/ford-sachsen.de\/html\/page\/fahrzeuge\/ford-tourneo-custom-titanium-l1-vanexxt-level-2-schla\/\">\n                        <h2 class=\"vehicle-title\">\n                            Ford Tourneo Custom Titanium L1 vanexxt Level 2 SCHLA                        <\/h2>\n\n                    <\/a>\n                <\/hgroup>\n                <span class=\"vehicle-addition\">\n                    <p>\n                        Van\/Minibus ,\n                        Gebrauchtfahrzeug                    <\/p>\n                <\/span>\n                <div class=\"vehicle-row\">\n                    <div class=\"vehicle-thumbnail\">\n                        <a href=\"https:\/\/ford-sachsen.de\/html\/page\/fahrzeuge\/ford-tourneo-custom-titanium-l1-vanexxt-level-2-schla\/\" title=\"Ford Tourneo Custom Titanium L1 vanexxt Level 2 SCHLA\">\n                            <img loading=\"lazy\" decoding=\"async\" width=\"300\" height=\"225\" src=\"https:\/\/ford-sachsen.de\/html\/page\/wp-content\/uploads\/2026\/04\/4745320-69f2afd9c4418a7f4fcb8-16c3-4279-b4dc-c3bee92165eb-rule-mo-1600-300x225.jpg\" class=\"attachment-medium size-medium wp-post-image\" alt=\"\" srcset=\"https:\/\/ford-sachsen.de\/html\/page\/wp-content\/uploads\/2026\/04\/4745320-69f2afd9c4418a7f4fcb8-16c3-4279-b4dc-c3bee92165eb-rule-mo-1600-300x225.jpg 300w, https:\/\/ford-sachsen.de\/html\/page\/wp-content\/uploads\/2026\/04\/4745320-69f2afd9c4418a7f4fcb8-16c3-4279-b4dc-c3bee92165eb-rule-mo-1600-1024x768.jpg 1024w, https:\/\/ford-sachsen.de\/html\/page\/wp-content\/uploads\/2026\/04\/4745320-69f2afd9c4418a7f4fcb8-16c3-4279-b4dc-c3bee92165eb-rule-mo-1600-768x576.jpg 768w, https:\/\/ford-sachsen.de\/html\/page\/wp-content\/uploads\/2026\/04\/4745320-69f2afd9c4418a7f4fcb8-16c3-4279-b4dc-c3bee92165eb-rule-mo-1600.jpg 1440w\" sizes=\"(max-width: 300px) 100vw, 300px\" \/>                        <\/a>\n                    <\/div>\n                    <div class=\"vehicle-data\">\n                                                    <small>\n                                                                02.2026                                \u00b7\n                            <\/small>\n                                                                            <small>\n                                2.650 km\n                            <\/small>\n                                                                            <small>\n                                \u00b7\n                                100 kW\n                                                                (\n                                136 PS)\n                            <\/small>\n                                                                            <small>\n                                \u00b7\n                                Automatik                            <\/small>\n                                                                            <small>\n                                \u00b7\n                                Unfallfrei                            <\/small>\n                        \n                                                    <small>\n                                \u00b7\n                                Diesel                            <\/small>\n                                                                                                                            <small>\n                                \u00b7\n                                4\/5 T\u00fcren\n                            <\/small>\n                                                <ul class=\"vehicle-emission\">\n                                                 <span>Verbrauch komb.: \n                                    8.0                                 l\/100km<\/span><br>\n                                                                                \n                                       \n  <!-- CO2-Emissionen\t-->\n                                            <span>CO\u2082-Emissionen komb.: 224.0                                 g\/km<\/span><br>\n                                        <!-- CO2-Emissionen\t-->\n                   \n \n                         <span>CO\u2082-Klasse: \n                                    G                                <\/span><br>\n                    \n\n\n                <\/ul>\n\n                    <\/div>\n\n                    <div class=\"vehicle-price\">\n                                                    <div itemprop=\"priceSpecification\" itemscope itemtype=\"http:\/\/schema.org\/UnitPriceSpecification\">\n                                <meta itemprop=\"priceCurrency\" content=\"EUR\">\n                                <meta itemprop=\"price\" content=\"69.990\">\n                                <strong>\n                                    69.990 \u20ac (Brutto)\n                                <\/strong><br><small>\n                                    Inkl. 19% MwSt.                                <\/small>\n                            <\/div>\n                                                <br>\n                        <a href=\"https:\/\/ford-sachsen.de\/html\/page\/fahrzeuge\/ford-tourneo-custom-titanium-l1-vanexxt-level-2-schla\/\"\n                            class=\"vehicle-btn wp-block-button__link wp-element-button\">Details<\/a>\n                    <\/div>\n                <\/div> <!-- \/\/ vehicle-row -->\n               \n            <\/article>\n                        <article id=\"post-4745316\" class=\"vehicle\">\n                <hgroup>\n                    <a href=\"https:\/\/ford-sachsen.de\/html\/page\/fahrzeuge\/ford-transit-custom-tourneo-titanium-l1-vanexxt-level\/\">\n                        <h2 class=\"vehicle-title\">\n                            Ford Transit Custom Tourneo Titanium L1 vanexxt Level                        <\/h2>\n\n                    <\/a>\n                <\/hgroup>\n                <span class=\"vehicle-addition\">\n                    <p>\n                        Wohnmobil andere ,\n                        Gebrauchtfahrzeug                    <\/p>\n                <\/span>\n                <div class=\"vehicle-row\">\n                    <div class=\"vehicle-thumbnail\">\n                        <a href=\"https:\/\/ford-sachsen.de\/html\/page\/fahrzeuge\/ford-transit-custom-tourneo-titanium-l1-vanexxt-level\/\" title=\"Ford Transit Custom Tourneo Titanium L1 vanexxt Level\">\n                            <img loading=\"lazy\" decoding=\"async\" width=\"300\" height=\"225\" src=\"https:\/\/ford-sachsen.de\/html\/page\/wp-content\/uploads\/2026\/04\/4745316-69f2afd615d58d18d92b2-1f5b-47b2-a6e5-3d764ebb7db6-rule-mo-1600-300x225.jpg\" class=\"attachment-medium size-medium wp-post-image\" alt=\"\" srcset=\"https:\/\/ford-sachsen.de\/html\/page\/wp-content\/uploads\/2026\/04\/4745316-69f2afd615d58d18d92b2-1f5b-47b2-a6e5-3d764ebb7db6-rule-mo-1600-300x225.jpg 300w, https:\/\/ford-sachsen.de\/html\/page\/wp-content\/uploads\/2026\/04\/4745316-69f2afd615d58d18d92b2-1f5b-47b2-a6e5-3d764ebb7db6-rule-mo-1600-1024x768.jpg 1024w, https:\/\/ford-sachsen.de\/html\/page\/wp-content\/uploads\/2026\/04\/4745316-69f2afd615d58d18d92b2-1f5b-47b2-a6e5-3d764ebb7db6-rule-mo-1600-768x576.jpg 768w, https:\/\/ford-sachsen.de\/html\/page\/wp-content\/uploads\/2026\/04\/4745316-69f2afd615d58d18d92b2-1f5b-47b2-a6e5-3d764ebb7db6-rule-mo-1600.jpg 1440w\" sizes=\"(max-width: 300px) 100vw, 300px\" \/>                        <\/a>\n                    <\/div>\n                    <div class=\"vehicle-data\">\n                                                    <small>\n                                                                02.2026                                \u00b7\n                            <\/small>\n                                                                            <small>\n                                50 km\n                            <\/small>\n                                                                            <small>\n                                \u00b7\n                                100 kW\n                                                                (\n                                136 PS)\n                            <\/small>\n                                                                            <small>\n                                \u00b7\n                                Automatik                            <\/small>\n                                                                            <small>\n                                \u00b7\n                                Unfallfrei                            <\/small>\n                        \n                                                    <small>\n                                \u00b7\n                                Diesel                            <\/small>\n                                                                                                                        <ul class=\"vehicle-emission\">\n                                                                                     \n                                       \n  <!-- CO2-Emissionen\t-->\n                                        <!-- CO2-Emissionen\t-->\n                   \n \n \n\n\n                <\/ul>\n\n                    <\/div>\n\n                    <div class=\"vehicle-price\">\n                                                    <div itemprop=\"priceSpecification\" itemscope itemtype=\"http:\/\/schema.org\/UnitPriceSpecification\">\n                                <meta itemprop=\"priceCurrency\" content=\"EUR\">\n                                <meta itemprop=\"price\" content=\"64.990\">\n                                <strong>\n                                    64.990 \u20ac (Brutto)\n                                <\/strong><br><small>\n                                    Inkl. 19% MwSt.                                <\/small>\n                            <\/div>\n                                                <br>\n                        <a href=\"https:\/\/ford-sachsen.de\/html\/page\/fahrzeuge\/ford-transit-custom-tourneo-titanium-l1-vanexxt-level\/\"\n                            class=\"vehicle-btn wp-block-button__link wp-element-button\">Details<\/a>\n                    <\/div>\n                <\/div> <!-- \/\/ vehicle-row -->\n               \n            <\/article>\n                        <article id=\"post-4745314\" class=\"vehicle\">\n                <hgroup>\n                    <a href=\"https:\/\/ford-sachsen.de\/html\/page\/fahrzeuge\/ford-tourneo-custom-titanium-l1-ahk-el-klappb-techn\/\">\n                        <h2 class=\"vehicle-title\">\n                            Ford Tourneo Custom Titanium L1 AHK-el. klappb.+TECHN                        <\/h2>\n\n                    <\/a>\n                <\/hgroup>\n                <span class=\"vehicle-addition\">\n                    <p>\n                        Van\/Minibus ,\n                        Gebrauchtfahrzeug                    <\/p>\n                <\/span>\n                <div class=\"vehicle-row\">\n                    <div class=\"vehicle-thumbnail\">\n                        <a href=\"https:\/\/ford-sachsen.de\/html\/page\/fahrzeuge\/ford-tourneo-custom-titanium-l1-ahk-el-klappb-techn\/\" title=\"Ford Tourneo Custom Titanium L1 AHK-el. klappb.+TECHN\">\n                            <img loading=\"lazy\" decoding=\"async\" width=\"300\" height=\"225\" src=\"https:\/\/ford-sachsen.de\/html\/page\/wp-content\/uploads\/2026\/04\/4745314-69f2afd4098e1237f6ca1-29c0-484d-bc5f-83fe34f9aad1-rule-mo-1600-300x225.jpg\" class=\"attachment-medium size-medium wp-post-image\" alt=\"\" srcset=\"https:\/\/ford-sachsen.de\/html\/page\/wp-content\/uploads\/2026\/04\/4745314-69f2afd4098e1237f6ca1-29c0-484d-bc5f-83fe34f9aad1-rule-mo-1600-300x225.jpg 300w, https:\/\/ford-sachsen.de\/html\/page\/wp-content\/uploads\/2026\/04\/4745314-69f2afd4098e1237f6ca1-29c0-484d-bc5f-83fe34f9aad1-rule-mo-1600-1024x768.jpg 1024w, https:\/\/ford-sachsen.de\/html\/page\/wp-content\/uploads\/2026\/04\/4745314-69f2afd4098e1237f6ca1-29c0-484d-bc5f-83fe34f9aad1-rule-mo-1600-768x576.jpg 768w, https:\/\/ford-sachsen.de\/html\/page\/wp-content\/uploads\/2026\/04\/4745314-69f2afd4098e1237f6ca1-29c0-484d-bc5f-83fe34f9aad1-rule-mo-1600.jpg 1440w\" sizes=\"(max-width: 300px) 100vw, 300px\" \/>                        <\/a>\n                    <\/div>\n                    <div class=\"vehicle-data\">\n                                                    <small>\n                                                                03.2026                                \u00b7\n                            <\/small>\n                                                                            <small>\n                                5 km\n                            <\/small>\n                                                                            <small>\n                                \u00b7\n                                110 kW\n                                                                (\n                                150 PS)\n                            <\/small>\n                                                                            <small>\n                                \u00b7\n                                Schaltgetriebe                            <\/small>\n                                                                            <small>\n                                \u00b7\n                                Unfallfrei                            <\/small>\n                        \n                                                    <small>\n                                \u00b7\n                                Diesel                            <\/small>\n                                                                                                                            <small>\n                                \u00b7\n                                4\/5 T\u00fcren\n                            <\/small>\n                                                <ul class=\"vehicle-emission\">\n                                                 <span>Verbrauch komb.: \n                                    7.6                                 l\/100km<\/span><br>\n                                                                                \n                                       \n  <!-- CO2-Emissionen\t-->\n                                            <span>CO\u2082-Emissionen komb.: 200.0                                 g\/km<\/span><br>\n                                        <!-- CO2-Emissionen\t-->\n                   \n \n                         <span>CO\u2082-Klasse: \n                                    G                                <\/span><br>\n                    \n\n\n                <\/ul>\n\n                    <\/div>\n\n                    <div class=\"vehicle-price\">\n                                                    <div itemprop=\"priceSpecification\" itemscope itemtype=\"http:\/\/schema.org\/UnitPriceSpecification\">\n                                <meta itemprop=\"priceCurrency\" content=\"EUR\">\n                                <meta itemprop=\"price\" content=\"51.890\">\n                                <strong>\n                                    51.890 \u20ac (Brutto)\n                                <\/strong><br><small>\n                                    Inkl. 19% MwSt.                                <\/small>\n                            <\/div>\n                                                <br>\n                        <a href=\"https:\/\/ford-sachsen.de\/html\/page\/fahrzeuge\/ford-tourneo-custom-titanium-l1-ahk-el-klappb-techn\/\"\n                            class=\"vehicle-btn wp-block-button__link wp-element-button\">Details<\/a>\n                    <\/div>\n                <\/div> <!-- \/\/ vehicle-row -->\n               \n            <\/article>\n                        <article id=\"post-4745312\" class=\"vehicle\">\n                <hgroup>\n                    <a href=\"https:\/\/ford-sachsen.de\/html\/page\/fahrzeuge\/ford-tourneo-custom-bus-320-l1-titanium-x-fwd-navi-so\/\">\n                        <h2 class=\"vehicle-title\">\n                            Ford Tourneo Custom Bus 320 L1 Titanium X FWD Navi So                        <\/h2>\n\n                    <\/a>\n                <\/hgroup>\n                <span class=\"vehicle-addition\">\n                    <p>\n                        Van\/Minibus ,\n                        Gebrauchtfahrzeug                    <\/p>\n                <\/span>\n                <div class=\"vehicle-row\">\n                    <div class=\"vehicle-thumbnail\">\n                        <a href=\"https:\/\/ford-sachsen.de\/html\/page\/fahrzeuge\/ford-tourneo-custom-bus-320-l1-titanium-x-fwd-navi-so\/\" title=\"Ford Tourneo Custom Bus 320 L1 Titanium X FWD Navi So\">\n                            <img loading=\"lazy\" decoding=\"async\" width=\"300\" height=\"225\" src=\"https:\/\/ford-sachsen.de\/html\/page\/wp-content\/uploads\/2026\/04\/4745312-69f2afd2289aa6bcd99d4-1787-4430-a251-f399b0416e4d-rule-mo-1600-300x225.jpg\" class=\"attachment-medium size-medium wp-post-image\" alt=\"\" srcset=\"https:\/\/ford-sachsen.de\/html\/page\/wp-content\/uploads\/2026\/04\/4745312-69f2afd2289aa6bcd99d4-1787-4430-a251-f399b0416e4d-rule-mo-1600-300x225.jpg 300w, https:\/\/ford-sachsen.de\/html\/page\/wp-content\/uploads\/2026\/04\/4745312-69f2afd2289aa6bcd99d4-1787-4430-a251-f399b0416e4d-rule-mo-1600-1024x768.jpg 1024w, https:\/\/ford-sachsen.de\/html\/page\/wp-content\/uploads\/2026\/04\/4745312-69f2afd2289aa6bcd99d4-1787-4430-a251-f399b0416e4d-rule-mo-1600-768x576.jpg 768w, https:\/\/ford-sachsen.de\/html\/page\/wp-content\/uploads\/2026\/04\/4745312-69f2afd2289aa6bcd99d4-1787-4430-a251-f399b0416e4d-rule-mo-1600.jpg 1440w\" sizes=\"(max-width: 300px) 100vw, 300px\" \/>                        <\/a>\n                    <\/div>\n                    <div class=\"vehicle-data\">\n                                                    <small>\n                                                                03.2026                                \u00b7\n                            <\/small>\n                                                                            <small>\n                                5 km\n                            <\/small>\n                                                                            <small>\n                                \u00b7\n                                125 kW\n                                                                (\n                                170 PS)\n                            <\/small>\n                                                                            <small>\n                                \u00b7\n                                Automatik                            <\/small>\n                                                                            <small>\n                                \u00b7\n                                Unfallfrei                            <\/small>\n                        \n                                                    <small>\n                                \u00b7\n                                Diesel                            <\/small>\n                                                                                                                            <small>\n                                \u00b7\n                                4\/5 T\u00fcren\n                            <\/small>\n                                                <ul class=\"vehicle-emission\">\n                                                 <span>Verbrauch komb.: \n                                    8.7                                 l\/100km<\/span><br>\n                                                                                \n                                       \n  <!-- CO2-Emissionen\t-->\n                                            <span>CO\u2082-Emissionen komb.: 229.0                                 g\/km<\/span><br>\n                                        <!-- CO2-Emissionen\t-->\n                   \n \n                         <span>CO\u2082-Klasse: \n                                    G                                <\/span><br>\n                    \n\n\n                <\/ul>\n\n                    <\/div>\n\n                    <div class=\"vehicle-price\">\n                                                    <div itemprop=\"priceSpecification\" itemscope itemtype=\"http:\/\/schema.org\/UnitPriceSpecification\">\n                                <meta itemprop=\"priceCurrency\" content=\"EUR\">\n                                <meta itemprop=\"price\" content=\"55.890\">\n                                <strong>\n                                    55.890 \u20ac (Brutto)\n                                <\/strong><br><small>\n                                    Inkl. 19% MwSt.                                <\/small>\n                            <\/div>\n                                                <br>\n                        <a href=\"https:\/\/ford-sachsen.de\/html\/page\/fahrzeuge\/ford-tourneo-custom-bus-320-l1-titanium-x-fwd-navi-so\/\"\n                            class=\"vehicle-btn wp-block-button__link wp-element-button\">Details<\/a>\n                    <\/div>\n                <\/div> <!-- \/\/ vehicle-row -->\n               \n            <\/article>\n                        <article id=\"post-4745306\" class=\"vehicle\">\n                <hgroup>\n                    <a href=\"https:\/\/ford-sachsen.de\/html\/page\/fahrzeuge\/ford-focus-turnier-titanium-twaaccnavippsled-appl\/\">\n                        <h2 class=\"vehicle-title\">\n                            Ford Focus Turnier Titanium TWA+ACC+NAVI+PPS+LED Appl                        <\/h2>\n\n                    <\/a>\n                <\/hgroup>\n                <span class=\"vehicle-addition\">\n                    <p>\n                        Kombi ,\n                        Gebrauchtfahrzeug                    <\/p>\n                <\/span>\n                <div class=\"vehicle-row\">\n                    <div class=\"vehicle-thumbnail\">\n                        <a href=\"https:\/\/ford-sachsen.de\/html\/page\/fahrzeuge\/ford-focus-turnier-titanium-twaaccnavippsled-appl\/\" title=\"Ford Focus Turnier Titanium TWA+ACC+NAVI+PPS+LED Appl\">\n                            <img loading=\"lazy\" decoding=\"async\" width=\"300\" height=\"225\" src=\"https:\/\/ford-sachsen.de\/html\/page\/wp-content\/uploads\/2026\/04\/4745306-69f2afcc39fb68ba273a1-5f7a-42b5-8711-f7db5ee6a2df-rule-mo-1600-300x225.jpg\" class=\"attachment-medium size-medium wp-post-image\" alt=\"\" srcset=\"https:\/\/ford-sachsen.de\/html\/page\/wp-content\/uploads\/2026\/04\/4745306-69f2afcc39fb68ba273a1-5f7a-42b5-8711-f7db5ee6a2df-rule-mo-1600-300x225.jpg 300w, https:\/\/ford-sachsen.de\/html\/page\/wp-content\/uploads\/2026\/04\/4745306-69f2afcc39fb68ba273a1-5f7a-42b5-8711-f7db5ee6a2df-rule-mo-1600-1024x768.jpg 1024w, https:\/\/ford-sachsen.de\/html\/page\/wp-content\/uploads\/2026\/04\/4745306-69f2afcc39fb68ba273a1-5f7a-42b5-8711-f7db5ee6a2df-rule-mo-1600-768x576.jpg 768w, https:\/\/ford-sachsen.de\/html\/page\/wp-content\/uploads\/2026\/04\/4745306-69f2afcc39fb68ba273a1-5f7a-42b5-8711-f7db5ee6a2df-rule-mo-1600.jpg 1440w\" sizes=\"(max-width: 300px) 100vw, 300px\" \/>                        <\/a>\n                    <\/div>\n                    <div class=\"vehicle-data\">\n                                                    <small>\n                                                                03.2026                                \u00b7\n                            <\/small>\n                                                                            <small>\n                                25 km\n                            <\/small>\n                                                                            <small>\n                                \u00b7\n                                92 kW\n                                                                (\n                                125 PS)\n                            <\/small>\n                                                                            <small>\n                                \u00b7\n                                Schaltgetriebe                            <\/small>\n                                                                            <small>\n                                \u00b7\n                                Unfallfrei                            <\/small>\n                        \n                                                    <small>\n                                \u00b7\n                                Benzin                            <\/small>\n                                                                                                                            <small>\n                                \u00b7\n                                4\/5 T\u00fcren\n                            <\/small>\n                                                <ul class=\"vehicle-emission\">\n                                                 <span>Verbrauch komb.: \n                                    6.1                                 l\/100km<\/span><br>\n                                                                                \n                                       \n  <!-- CO2-Emissionen\t-->\n                                            <span>CO\u2082-Emissionen komb.: 138.0                                 g\/km<\/span><br>\n                                        <!-- CO2-Emissionen\t-->\n                   \n \n                         <span>CO\u2082-Klasse: \n                                    E                                <\/span><br>\n                    \n\n\n                <\/ul>\n\n                    <\/div>\n\n                    <div class=\"vehicle-price\">\n                                                    <div itemprop=\"priceSpecification\" itemscope itemtype=\"http:\/\/schema.org\/UnitPriceSpecification\">\n                                <meta itemprop=\"priceCurrency\" content=\"EUR\">\n                                <meta itemprop=\"price\" content=\"28.790\">\n                                <strong>\n                                    28.790 \u20ac (Brutto)\n                                <\/strong><br><small>\n                                    Inkl. 19% MwSt.                                <\/small>\n                            <\/div>\n                                                <br>\n                        <a href=\"https:\/\/ford-sachsen.de\/html\/page\/fahrzeuge\/ford-focus-turnier-titanium-twaaccnavippsled-appl\/\"\n                            class=\"vehicle-btn wp-block-button__link wp-element-button\">Details<\/a>\n                    <\/div>\n                <\/div> <!-- \/\/ vehicle-row -->\n               \n            <\/article>\n                        <article id=\"post-4745298\" class=\"vehicle\">\n                <hgroup>\n                    <a href=\"https:\/\/ford-sachsen.de\/html\/page\/fahrzeuge\/ford-tourneo-courier-trend-3xsofort-tzgjrwinter-pak\/\">\n                        <h2 class=\"vehicle-title\">\n                            Ford Tourneo Courier Trend 3xSOFORT TZ+GJR+WINTER-PAK                        <\/h2>\n\n                    <\/a>\n                <\/hgroup>\n                <span class=\"vehicle-addition\">\n                    <p>\n                        Van\/Minibus ,\n                        Gebrauchtfahrzeug                    <\/p>\n                <\/span>\n                <div class=\"vehicle-row\">\n                    <div class=\"vehicle-thumbnail\">\n                        <a href=\"https:\/\/ford-sachsen.de\/html\/page\/fahrzeuge\/ford-tourneo-courier-trend-3xsofort-tzgjrwinter-pak\/\" title=\"Ford Tourneo Courier Trend 3xSOFORT TZ+GJR+WINTER-PAK\">\n                            <img loading=\"lazy\" decoding=\"async\" width=\"300\" height=\"225\" src=\"https:\/\/ford-sachsen.de\/html\/page\/wp-content\/uploads\/2026\/04\/4745298-69f2afc35e7d40c67158a-15ac-4166-bb9e-4b9e0e544bd4-rule-mo-1600-300x225.jpg\" class=\"attachment-medium size-medium wp-post-image\" alt=\"\" srcset=\"https:\/\/ford-sachsen.de\/html\/page\/wp-content\/uploads\/2026\/04\/4745298-69f2afc35e7d40c67158a-15ac-4166-bb9e-4b9e0e544bd4-rule-mo-1600-300x225.jpg 300w, https:\/\/ford-sachsen.de\/html\/page\/wp-content\/uploads\/2026\/04\/4745298-69f2afc35e7d40c67158a-15ac-4166-bb9e-4b9e0e544bd4-rule-mo-1600-1024x768.jpg 1024w, https:\/\/ford-sachsen.de\/html\/page\/wp-content\/uploads\/2026\/04\/4745298-69f2afc35e7d40c67158a-15ac-4166-bb9e-4b9e0e544bd4-rule-mo-1600-768x576.jpg 768w, https:\/\/ford-sachsen.de\/html\/page\/wp-content\/uploads\/2026\/04\/4745298-69f2afc35e7d40c67158a-15ac-4166-bb9e-4b9e0e544bd4-rule-mo-1600.jpg 1440w\" sizes=\"(max-width: 300px) 100vw, 300px\" \/>                        <\/a>\n                    <\/div>\n                    <div class=\"vehicle-data\">\n                                                    <small>\n                                                                03.2026                                \u00b7\n                            <\/small>\n                                                                            <small>\n                                25 km\n                            <\/small>\n                                                                            <small>\n                                \u00b7\n                                92 kW\n                                                                (\n                                125 PS)\n                            <\/small>\n                                                                            <small>\n                                \u00b7\n                                Schaltgetriebe                            <\/small>\n                                                                            <small>\n                                \u00b7\n                                Unfallfrei                            <\/small>\n                        \n                                                    <small>\n                                \u00b7\n                                Benzin                            <\/small>\n                                                                                                                            <small>\n                                \u00b7\n                                4\/5 T\u00fcren\n                            <\/small>\n                                                <ul class=\"vehicle-emission\">\n                                                 <span>Verbrauch komb.: \n                                    6.9                                 l\/100km<\/span><br>\n                                                                                \n                                       \n  <!-- CO2-Emissionen\t-->\n                                            <span>CO\u2082-Emissionen komb.: 157.0                                 g\/km<\/span><br>\n                                        <!-- CO2-Emissionen\t-->\n                   \n \n                         <span>CO\u2082-Klasse: \n                                    F                                <\/span><br>\n                    \n\n\n                <\/ul>\n\n                    <\/div>\n\n                    <div class=\"vehicle-price\">\n                                                    <div itemprop=\"priceSpecification\" itemscope itemtype=\"http:\/\/schema.org\/UnitPriceSpecification\">\n                                <meta itemprop=\"priceCurrency\" content=\"EUR\">\n                                <meta itemprop=\"price\" content=\"24.390\">\n                                <strong>\n                                    24.390 \u20ac (Brutto)\n                                <\/strong><br><small>\n                                    Inkl. 19% MwSt.                                <\/small>\n                            <\/div>\n                                                <br>\n                        <a href=\"https:\/\/ford-sachsen.de\/html\/page\/fahrzeuge\/ford-tourneo-courier-trend-3xsofort-tzgjrwinter-pak\/\"\n                            class=\"vehicle-btn wp-block-button__link wp-element-button\">Details<\/a>\n                    <\/div>\n                <\/div> <!-- \/\/ vehicle-row -->\n               \n            <\/article>\n                        <article id=\"post-4745296\" class=\"vehicle\">\n                <hgroup>\n                    <a href=\"https:\/\/ford-sachsen.de\/html\/page\/fahrzeuge\/ford-transit-courier-trend-doka-4xsofort-5-sitzerwin\/\">\n                        <h2 class=\"vehicle-title\">\n                            Ford Transit Courier Trend DOKA 4XSOFORT 5-SITZER+WIN                        <\/h2>\n\n                    <\/a>\n                <\/hgroup>\n                <span class=\"vehicle-addition\">\n                    <p>\n                        Kombi ,\n                        Gebrauchtfahrzeug                    <\/p>\n                <\/span>\n                <div class=\"vehicle-row\">\n                    <div class=\"vehicle-thumbnail\">\n                        <a href=\"https:\/\/ford-sachsen.de\/html\/page\/fahrzeuge\/ford-transit-courier-trend-doka-4xsofort-5-sitzerwin\/\" title=\"Ford Transit Courier Trend DOKA 4XSOFORT 5-SITZER+WIN\">\n                            <img loading=\"lazy\" decoding=\"async\" width=\"300\" height=\"225\" src=\"https:\/\/ford-sachsen.de\/html\/page\/wp-content\/uploads\/2026\/04\/4745296-69f2afc0de20692e549e0-bfe5-4619-bcb2-4922473f3a85-rule-mo-1600-300x225.jpg\" class=\"attachment-medium size-medium wp-post-image\" alt=\"\" srcset=\"https:\/\/ford-sachsen.de\/html\/page\/wp-content\/uploads\/2026\/04\/4745296-69f2afc0de20692e549e0-bfe5-4619-bcb2-4922473f3a85-rule-mo-1600-300x225.jpg 300w, https:\/\/ford-sachsen.de\/html\/page\/wp-content\/uploads\/2026\/04\/4745296-69f2afc0de20692e549e0-bfe5-4619-bcb2-4922473f3a85-rule-mo-1600-1024x768.jpg 1024w, https:\/\/ford-sachsen.de\/html\/page\/wp-content\/uploads\/2026\/04\/4745296-69f2afc0de20692e549e0-bfe5-4619-bcb2-4922473f3a85-rule-mo-1600-768x576.jpg 768w, https:\/\/ford-sachsen.de\/html\/page\/wp-content\/uploads\/2026\/04\/4745296-69f2afc0de20692e549e0-bfe5-4619-bcb2-4922473f3a85-rule-mo-1600.jpg 1440w\" sizes=\"(max-width: 300px) 100vw, 300px\" \/>                        <\/a>\n                    <\/div>\n                    <div class=\"vehicle-data\">\n                                                    <small>\n                                                                03.2026                                \u00b7\n                            <\/small>\n                                                                            <small>\n                                25 km\n                            <\/small>\n                                                                            <small>\n                                \u00b7\n                                74 kW\n                                                                (\n                                101 PS)\n                            <\/small>\n                                                                            <small>\n                                \u00b7\n                                Schaltgetriebe                            <\/small>\n                                                                            <small>\n                                \u00b7\n                                Unfallfrei                            <\/small>\n                        \n                                                    <small>\n                                \u00b7\n                                Benzin                            <\/small>\n                                                                                                                            <small>\n                                \u00b7\n                                4\/5 T\u00fcren\n                            <\/small>\n                                                <ul class=\"vehicle-emission\">\n                                                 <span>Verbrauch komb.: \n                                    6.9                                 l\/100km<\/span><br>\n                                                                                \n                                       \n  <!-- CO2-Emissionen\t-->\n                                            <span>CO\u2082-Emissionen komb.: 157.0                                 g\/km<\/span><br>\n                                        <!-- CO2-Emissionen\t-->\n                   \n \n                         <span>CO\u2082-Klasse: \n                                    F                                <\/span><br>\n                    \n\n\n                <\/ul>\n\n                    <\/div>\n\n                    <div class=\"vehicle-price\">\n                                                    <div itemprop=\"priceSpecification\" itemscope itemtype=\"http:\/\/schema.org\/UnitPriceSpecification\">\n                                <meta itemprop=\"priceCurrency\" content=\"EUR\">\n                                <meta itemprop=\"price\" content=\"20.990\">\n                                <strong>\n                                    20.990 \u20ac (Brutto)\n                                <\/strong><br><small>\n                                    Inkl. 19% MwSt.                                <\/small>\n                            <\/div>\n                                                <br>\n                        <a href=\"https:\/\/ford-sachsen.de\/html\/page\/fahrzeuge\/ford-transit-courier-trend-doka-4xsofort-5-sitzerwin\/\"\n                            class=\"vehicle-btn wp-block-button__link wp-element-button\">Details<\/a>\n                    <\/div>\n                <\/div> <!-- \/\/ vehicle-row -->\n               \n            <\/article>\n                        <article id=\"post-4745286\" class=\"vehicle\">\n                <hgroup>\n                    <a href=\"https:\/\/ford-sachsen.de\/html\/page\/fahrzeuge\/ford-transit-custom-kasten-doka-320-l2-sport-fwd-plug\/\">\n                        <h2 class=\"vehicle-title\">\n                            Ford Transit Custom Kasten DoKa 320 L2 Sport FWD Plug                        <\/h2>\n\n                    <\/a>\n                <\/hgroup>\n                <span class=\"vehicle-addition\">\n                    <p>\n                        Andere ,\n                        Gebrauchtfahrzeug                    <\/p>\n                <\/span>\n                <div class=\"vehicle-row\">\n                    <div class=\"vehicle-thumbnail\">\n                        <a href=\"https:\/\/ford-sachsen.de\/html\/page\/fahrzeuge\/ford-transit-custom-kasten-doka-320-l2-sport-fwd-plug\/\" title=\"Ford Transit Custom Kasten DoKa 320 L2 Sport FWD Plug\">\n                            <img loading=\"lazy\" decoding=\"async\" width=\"300\" height=\"225\" src=\"https:\/\/ford-sachsen.de\/html\/page\/wp-content\/uploads\/2026\/04\/4745286-69f2afb58d0e0c96ca94b-6faf-48ed-9f42-902730c9b4c3-rule-mo-1600-300x225.jpg\" class=\"attachment-medium size-medium wp-post-image\" alt=\"\" srcset=\"https:\/\/ford-sachsen.de\/html\/page\/wp-content\/uploads\/2026\/04\/4745286-69f2afb58d0e0c96ca94b-6faf-48ed-9f42-902730c9b4c3-rule-mo-1600-300x225.jpg 300w, https:\/\/ford-sachsen.de\/html\/page\/wp-content\/uploads\/2026\/04\/4745286-69f2afb58d0e0c96ca94b-6faf-48ed-9f42-902730c9b4c3-rule-mo-1600-1024x768.jpg 1024w, https:\/\/ford-sachsen.de\/html\/page\/wp-content\/uploads\/2026\/04\/4745286-69f2afb58d0e0c96ca94b-6faf-48ed-9f42-902730c9b4c3-rule-mo-1600-768x576.jpg 768w, https:\/\/ford-sachsen.de\/html\/page\/wp-content\/uploads\/2026\/04\/4745286-69f2afb58d0e0c96ca94b-6faf-48ed-9f42-902730c9b4c3-rule-mo-1600.jpg 1440w\" sizes=\"(max-width: 300px) 100vw, 300px\" \/>                        <\/a>\n                    <\/div>\n                    <div class=\"vehicle-data\">\n                                                    <small>\n                                                                02.2026                                \u00b7\n                            <\/small>\n                                                                            <small>\n                                25 km\n                            <\/small>\n                                                                            <small>\n                                \u00b7\n                                171 kW\n                                                                (\n                                232 PS)\n                            <\/small>\n                                                                            <small>\n                                \u00b7\n                                Automatik                            <\/small>\n                                                                            <small>\n                                \u00b7\n                                Unfallfrei                            <\/small>\n                        \n                                                    <small>\n                                \u00b7\n                                Plug-in-Hybrid                            <\/small>\n                                                                                                                            <small>\n                                \u00b7\n                                4\/5 T\u00fcren\n                            <\/small>\n                                                <ul class=\"vehicle-emission\">\n                                                <span>Kraftstoffverbrauch gewichtet, kombiniert: \n                                    3.9                                 l\/100km<\/span><br>\n                                             <span>Verbrauch komb.: \n                                    7.2                                 l\/100km<\/span><br>\n                                                                <span>Stromverbrauch gewichtet, kombiniert: \n                                    26.5                                 kWh\/100km<\/span><br>\n                                                            \n                                       \n  <!-- CO2-Emissionen\t-->\n                                            <span>CO\u2082-Emissionen komb.: 89.0                                 g\/km<\/span><br>\n                                        <!-- CO2-Emissionen\t-->\n                   \n \n                         <span>CO\u2082-Klasse: \n                                    B                                <\/span><br>\n                    \n\n\n                <\/ul>\n\n                    <\/div>\n\n                    <div class=\"vehicle-price\">\n                                                    <div itemprop=\"priceSpecification\" itemscope itemtype=\"http:\/\/schema.org\/UnitPriceSpecification\">\n                                <meta itemprop=\"priceCurrency\" content=\"EUR\">\n                                <meta itemprop=\"price\" content=\"53.990\">\n                                <strong>\n                                    53.990 \u20ac (Brutto)\n                                <\/strong><br><small>\n                                    Inkl. 19% MwSt.                                <\/small>\n                            <\/div>\n                                                <br>\n                        <a href=\"https:\/\/ford-sachsen.de\/html\/page\/fahrzeuge\/ford-transit-custom-kasten-doka-320-l2-sport-fwd-plug\/\"\n                            class=\"vehicle-btn wp-block-button__link wp-element-button\">Details<\/a>\n                    <\/div>\n                <\/div> <!-- \/\/ vehicle-row -->\n               \n            <\/article>\n                        <article id=\"post-4745270\" class=\"vehicle\">\n                <hgroup>\n                    <a href=\"https:\/\/ford-sachsen.de\/html\/page\/fahrzeuge\/ford-ranger-raptor-doka-5xtzstandhzraptor-paketsof\/\">\n                        <h2 class=\"vehicle-title\">\n                            Ford Ranger Raptor DoKa 5xTZ+STANDHZ+RAPTOR-PAKET+SOF                        <\/h2>\n\n                    <\/a>\n                <\/hgroup>\n                <span class=\"vehicle-addition\">\n                    <p>\n                        SUV\/Gel\u00e4ndewagen\/Pickup ,\n                        Gebrauchtfahrzeug                    <\/p>\n                <\/span>\n                <div class=\"vehicle-row\">\n                    <div class=\"vehicle-thumbnail\">\n                        <a href=\"https:\/\/ford-sachsen.de\/html\/page\/fahrzeuge\/ford-ranger-raptor-doka-5xtzstandhzraptor-paketsof\/\" title=\"Ford Ranger Raptor DoKa 5xTZ+STANDHZ+RAPTOR-PAKET+SOF\">\n                            <img loading=\"lazy\" decoding=\"async\" width=\"300\" height=\"225\" src=\"https:\/\/ford-sachsen.de\/html\/page\/wp-content\/uploads\/2026\/04\/4745270-69f2afa58d5d6b3efcbaf-9e73-4469-b8d5-f2c5373ef28f-rule-mo-1600-300x225.jpg\" class=\"attachment-medium size-medium wp-post-image\" alt=\"\" srcset=\"https:\/\/ford-sachsen.de\/html\/page\/wp-content\/uploads\/2026\/04\/4745270-69f2afa58d5d6b3efcbaf-9e73-4469-b8d5-f2c5373ef28f-rule-mo-1600-300x225.jpg 300w, https:\/\/ford-sachsen.de\/html\/page\/wp-content\/uploads\/2026\/04\/4745270-69f2afa58d5d6b3efcbaf-9e73-4469-b8d5-f2c5373ef28f-rule-mo-1600-1024x768.jpg 1024w, https:\/\/ford-sachsen.de\/html\/page\/wp-content\/uploads\/2026\/04\/4745270-69f2afa58d5d6b3efcbaf-9e73-4469-b8d5-f2c5373ef28f-rule-mo-1600-768x576.jpg 768w, https:\/\/ford-sachsen.de\/html\/page\/wp-content\/uploads\/2026\/04\/4745270-69f2afa58d5d6b3efcbaf-9e73-4469-b8d5-f2c5373ef28f-rule-mo-1600.jpg 1440w\" sizes=\"(max-width: 300px) 100vw, 300px\" \/>                        <\/a>\n                    <\/div>\n                    <div class=\"vehicle-data\">\n                                                    <small>\n                                                                02.2026                                \u00b7\n                            <\/small>\n                                                                            <small>\n                                25 km\n                            <\/small>\n                                                                            <small>\n                                \u00b7\n                                154 kW\n                                                                (\n                                209 PS)\n                            <\/small>\n                                                                            <small>\n                                \u00b7\n                                Automatik                            <\/small>\n                                                                            <small>\n                                \u00b7\n                                Unfallfrei                            <\/small>\n                        \n                                                    <small>\n                                \u00b7\n                                Diesel                            <\/small>\n                                                                                                                            <small>\n                                \u00b7\n                                4\/5 T\u00fcren\n                            <\/small>\n                                                <ul class=\"vehicle-emission\">\n                                                 <span>Verbrauch komb.: \n                                    10.6                                 l\/100km<\/span><br>\n                                                                                \n                                       \n  <!-- CO2-Emissionen\t-->\n                                            <span>CO\u2082-Emissionen komb.: 278.0                                 g\/km<\/span><br>\n                                        <!-- CO2-Emissionen\t-->\n                   \n \n                         <span>CO\u2082-Klasse: \n                                    G                                <\/span><br>\n                    \n\n\n                <\/ul>\n\n                    <\/div>\n\n                    <div class=\"vehicle-price\">\n                                                    <div itemprop=\"priceSpecification\" itemscope itemtype=\"http:\/\/schema.org\/UnitPriceSpecification\">\n                                <meta itemprop=\"priceCurrency\" content=\"EUR\">\n                                <meta itemprop=\"price\" content=\"67.490\">\n                                <strong>\n                                    67.490 \u20ac (Brutto)\n                                <\/strong><br><small>\n                                    Inkl. 19% MwSt.                                <\/small>\n                            <\/div>\n                                                <br>\n                        <a href=\"https:\/\/ford-sachsen.de\/html\/page\/fahrzeuge\/ford-ranger-raptor-doka-5xtzstandhzraptor-paketsof\/\"\n                            class=\"vehicle-btn wp-block-button__link wp-element-button\">Details<\/a>\n                    <\/div>\n                <\/div> <!-- \/\/ vehicle-row -->\n               \n            <\/article>\n                        <article id=\"post-4745268\" class=\"vehicle\">\n                <hgroup>\n                    <a href=\"https:\/\/ford-sachsen.de\/html\/page\/fahrzeuge\/ford-ranger-e-4wd-doppelkabine-wildtrak-x-ahk-navi-le-2\/\">\n                        <h2 class=\"vehicle-title\">\n                            Ford Ranger e-4WD Doppelkabine Wildtrak X AHK Navi Le                        <\/h2>\n\n                    <\/a>\n                <\/hgroup>\n                <span class=\"vehicle-addition\">\n                    <p>\n                        SUV\/Gel\u00e4ndewagen\/Pickup ,\n                        Gebrauchtfahrzeug                    <\/p>\n                <\/span>\n                <div class=\"vehicle-row\">\n                    <div class=\"vehicle-thumbnail\">\n                        <a href=\"https:\/\/ford-sachsen.de\/html\/page\/fahrzeuge\/ford-ranger-e-4wd-doppelkabine-wildtrak-x-ahk-navi-le-2\/\" title=\"Ford Ranger e-4WD Doppelkabine Wildtrak X AHK Navi Le\">\n                            <img loading=\"lazy\" decoding=\"async\" width=\"300\" height=\"225\" src=\"https:\/\/ford-sachsen.de\/html\/page\/wp-content\/uploads\/2026\/04\/4745268-69f2afa37106303a6b6b4-0d05-4893-874d-4d7ca03f65fa-rule-mo-1600-300x225.jpg\" class=\"attachment-medium size-medium wp-post-image\" alt=\"\" srcset=\"https:\/\/ford-sachsen.de\/html\/page\/wp-content\/uploads\/2026\/04\/4745268-69f2afa37106303a6b6b4-0d05-4893-874d-4d7ca03f65fa-rule-mo-1600-300x225.jpg 300w, https:\/\/ford-sachsen.de\/html\/page\/wp-content\/uploads\/2026\/04\/4745268-69f2afa37106303a6b6b4-0d05-4893-874d-4d7ca03f65fa-rule-mo-1600-1024x768.jpg 1024w, https:\/\/ford-sachsen.de\/html\/page\/wp-content\/uploads\/2026\/04\/4745268-69f2afa37106303a6b6b4-0d05-4893-874d-4d7ca03f65fa-rule-mo-1600-768x576.jpg 768w, https:\/\/ford-sachsen.de\/html\/page\/wp-content\/uploads\/2026\/04\/4745268-69f2afa37106303a6b6b4-0d05-4893-874d-4d7ca03f65fa-rule-mo-1600.jpg 1440w\" sizes=\"(max-width: 300px) 100vw, 300px\" \/>                        <\/a>\n                    <\/div>\n                    <div class=\"vehicle-data\">\n                                                    <small>\n                                                                04.2026                                \u00b7\n                            <\/small>\n                                                                            <small>\n                                25 km\n                            <\/small>\n                                                                            <small>\n                                \u00b7\n                                151 kW\n                                                                (\n                                205 PS)\n                            <\/small>\n                                                                            <small>\n                                \u00b7\n                                Automatik                            <\/small>\n                                                                            <small>\n                                \u00b7\n                                Unfallfrei                            <\/small>\n                        \n                                                    <small>\n                                \u00b7\n                                Diesel                            <\/small>\n                                                                                                                            <small>\n                                \u00b7\n                                4\/5 T\u00fcren\n                            <\/small>\n                                                <ul class=\"vehicle-emission\">\n                                                 <span>Verbrauch komb.: \n                                    10.3                                 l\/100km<\/span><br>\n                                                                                \n                                       \n  <!-- CO2-Emissionen\t-->\n                                            <span>CO\u2082-Emissionen komb.: 271.0                                 g\/km<\/span><br>\n                                        <!-- CO2-Emissionen\t-->\n                   \n \n                         <span>CO\u2082-Klasse: \n                                    G                                <\/span><br>\n                    \n\n\n                <\/ul>\n\n                    <\/div>\n\n                    <div class=\"vehicle-price\">\n                                                    <div itemprop=\"priceSpecification\" itemscope itemtype=\"http:\/\/schema.org\/UnitPriceSpecification\">\n                                <meta itemprop=\"priceCurrency\" content=\"EUR\">\n                                <meta itemprop=\"price\" content=\"52.390\">\n                                <strong>\n                                    52.390 \u20ac (Brutto)\n                                <\/strong><br><small>\n                                    Inkl. 19% MwSt.                                <\/small>\n                            <\/div>\n                                                <br>\n                        <a href=\"https:\/\/ford-sachsen.de\/html\/page\/fahrzeuge\/ford-ranger-e-4wd-doppelkabine-wildtrak-x-ahk-navi-le-2\/\"\n                            class=\"vehicle-btn wp-block-button__link wp-element-button\">Details<\/a>\n                    <\/div>\n                <\/div> <!-- \/\/ vehicle-row -->\n               \n            <\/article>\n                        <article id=\"post-4745262\" class=\"vehicle\">\n                <hgroup>\n                    <a href=\"https:\/\/ford-sachsen.de\/html\/page\/fahrzeuge\/ford-ranger-e-4wd-doppelkabine-wildtrak-tz-aktion-ahk\/\">\n                        <h2 class=\"vehicle-title\">\n                            Ford Ranger e-4WD Doppelkabine Wildtrak TZ-AKTION AHK                        <\/h2>\n\n                    <\/a>\n                <\/hgroup>\n                <span class=\"vehicle-addition\">\n                    <p>\n                        SUV\/Gel\u00e4ndewagen\/Pickup ,\n                        Gebrauchtfahrzeug                    <\/p>\n                <\/span>\n                <div class=\"vehicle-row\">\n                    <div class=\"vehicle-thumbnail\">\n                        <a href=\"https:\/\/ford-sachsen.de\/html\/page\/fahrzeuge\/ford-ranger-e-4wd-doppelkabine-wildtrak-tz-aktion-ahk\/\" title=\"Ford Ranger e-4WD Doppelkabine Wildtrak TZ-AKTION AHK\">\n                            <img loading=\"lazy\" decoding=\"async\" width=\"300\" height=\"225\" src=\"https:\/\/ford-sachsen.de\/html\/page\/wp-content\/uploads\/2026\/04\/4745262-69f2ae5651d52da94b10f-b9c8-4d57-aa85-b2b25450b2a2-rule-mo-1600-300x225.jpg\" class=\"attachment-medium size-medium wp-post-image\" alt=\"\" srcset=\"https:\/\/ford-sachsen.de\/html\/page\/wp-content\/uploads\/2026\/04\/4745262-69f2ae5651d52da94b10f-b9c8-4d57-aa85-b2b25450b2a2-rule-mo-1600-300x225.jpg 300w, https:\/\/ford-sachsen.de\/html\/page\/wp-content\/uploads\/2026\/04\/4745262-69f2ae5651d52da94b10f-b9c8-4d57-aa85-b2b25450b2a2-rule-mo-1600-1024x768.jpg 1024w, https:\/\/ford-sachsen.de\/html\/page\/wp-content\/uploads\/2026\/04\/4745262-69f2ae5651d52da94b10f-b9c8-4d57-aa85-b2b25450b2a2-rule-mo-1600-768x576.jpg 768w, https:\/\/ford-sachsen.de\/html\/page\/wp-content\/uploads\/2026\/04\/4745262-69f2ae5651d52da94b10f-b9c8-4d57-aa85-b2b25450b2a2-rule-mo-1600.jpg 1440w\" sizes=\"(max-width: 300px) 100vw, 300px\" \/>                        <\/a>\n                    <\/div>\n                    <div class=\"vehicle-data\">\n                                                    <small>\n                                                                04.2026                                \u00b7\n                            <\/small>\n                                                                            <small>\n                                25 km\n                            <\/small>\n                                                                            <small>\n                                \u00b7\n                                177 kW\n                                                                (\n                                241 PS)\n                            <\/small>\n                                                                            <small>\n                                \u00b7\n                                Automatik                            <\/small>\n                                                                            <small>\n                                \u00b7\n                                Unfallfrei                            <\/small>\n                        \n                                                    <small>\n                                \u00b7\n                                Diesel                            <\/small>\n                                                                                                                            <small>\n                                \u00b7\n                                4\/5 T\u00fcren\n                            <\/small>\n                                                <ul class=\"vehicle-emission\">\n                                                 <span>Verbrauch komb.: \n                                    10.1                                 l\/100km<\/span><br>\n                                                                                \n                                       \n  <!-- CO2-Emissionen\t-->\n                                            <span>CO\u2082-Emissionen komb.: 265.0                                 g\/km<\/span><br>\n                                        <!-- CO2-Emissionen\t-->\n                   \n \n                         <span>CO\u2082-Klasse: \n                                    G                                <\/span><br>\n                    \n\n\n                <\/ul>\n\n                    <\/div>\n\n                    <div class=\"vehicle-price\">\n                                                    <div itemprop=\"priceSpecification\" itemscope itemtype=\"http:\/\/schema.org\/UnitPriceSpecification\">\n                                <meta itemprop=\"priceCurrency\" content=\"EUR\">\n                                <meta itemprop=\"price\" content=\"55.890\">\n                                <strong>\n                                    55.890 \u20ac (Brutto)\n                                <\/strong><br><small>\n                                    Inkl. 19% MwSt.                                <\/small>\n                            <\/div>\n                                                <br>\n                        <a href=\"https:\/\/ford-sachsen.de\/html\/page\/fahrzeuge\/ford-ranger-e-4wd-doppelkabine-wildtrak-tz-aktion-ahk\/\"\n                            class=\"vehicle-btn wp-block-button__link wp-element-button\">Details<\/a>\n                    <\/div>\n                <\/div> <!-- \/\/ vehicle-row -->\n               \n            <\/article>\n                        <article id=\"post-4745260\" class=\"vehicle\">\n                <hgroup>\n                    <a href=\"https:\/\/ford-sachsen.de\/html\/page\/fahrzeuge\/ford-ranger-e-4wd-doppelkabine-wildtrak-x-ahk-navi-di\/\">\n                        <h2 class=\"vehicle-title\">\n                            Ford Ranger e-4WD Doppelkabine Wildtrak X AHK Navi Di                        <\/h2>\n\n                    <\/a>\n                <\/hgroup>\n                <span class=\"vehicle-addition\">\n                    <p>\n                        SUV\/Gel\u00e4ndewagen\/Pickup ,\n                        Gebrauchtfahrzeug                    <\/p>\n                <\/span>\n                <div class=\"vehicle-row\">\n                    <div class=\"vehicle-thumbnail\">\n                        <a href=\"https:\/\/ford-sachsen.de\/html\/page\/fahrzeuge\/ford-ranger-e-4wd-doppelkabine-wildtrak-x-ahk-navi-di\/\" title=\"Ford Ranger e-4WD Doppelkabine Wildtrak X AHK Navi Di\">\n                            <img loading=\"lazy\" decoding=\"async\" width=\"300\" height=\"225\" src=\"https:\/\/ford-sachsen.de\/html\/page\/wp-content\/uploads\/2026\/04\/4745260-69f2ae547f60fab87738e-b2a6-47b1-858f-122509b1bcfb-rule-mo-1600-300x225.jpg\" class=\"attachment-medium size-medium wp-post-image\" alt=\"\" srcset=\"https:\/\/ford-sachsen.de\/html\/page\/wp-content\/uploads\/2026\/04\/4745260-69f2ae547f60fab87738e-b2a6-47b1-858f-122509b1bcfb-rule-mo-1600-300x225.jpg 300w, https:\/\/ford-sachsen.de\/html\/page\/wp-content\/uploads\/2026\/04\/4745260-69f2ae547f60fab87738e-b2a6-47b1-858f-122509b1bcfb-rule-mo-1600-1024x768.jpg 1024w, https:\/\/ford-sachsen.de\/html\/page\/wp-content\/uploads\/2026\/04\/4745260-69f2ae547f60fab87738e-b2a6-47b1-858f-122509b1bcfb-rule-mo-1600-768x576.jpg 768w, https:\/\/ford-sachsen.de\/html\/page\/wp-content\/uploads\/2026\/04\/4745260-69f2ae547f60fab87738e-b2a6-47b1-858f-122509b1bcfb-rule-mo-1600.jpg 1440w\" sizes=\"(max-width: 300px) 100vw, 300px\" \/>                        <\/a>\n                    <\/div>\n                    <div class=\"vehicle-data\">\n                                                    <small>\n                                                                04.2026                                \u00b7\n                            <\/small>\n                                                                            <small>\n                                25 km\n                            <\/small>\n                                                                            <small>\n                                \u00b7\n                                151 kW\n                                                                (\n                                205 PS)\n                            <\/small>\n                                                                            <small>\n                                \u00b7\n                                Automatik                            <\/small>\n                                                                            <small>\n                                \u00b7\n                                Unfallfrei                            <\/small>\n                        \n                                                    <small>\n                                \u00b7\n                                Diesel                            <\/small>\n                                                                                                                            <small>\n                                \u00b7\n                                4\/5 T\u00fcren\n                            <\/small>\n                                                <ul class=\"vehicle-emission\">\n                                                 <span>Verbrauch komb.: \n                                    10.3                                 l\/100km<\/span><br>\n                                                                                \n                                       \n  <!-- CO2-Emissionen\t-->\n                                            <span>CO\u2082-Emissionen komb.: 271.0                                 g\/km<\/span><br>\n                                        <!-- CO2-Emissionen\t-->\n                   \n \n                         <span>CO\u2082-Klasse: \n                                    G                                <\/span><br>\n                    \n\n\n                <\/ul>\n\n                    <\/div>\n\n                    <div class=\"vehicle-price\">\n                                                    <div itemprop=\"priceSpecification\" itemscope itemtype=\"http:\/\/schema.org\/UnitPriceSpecification\">\n                                <meta itemprop=\"priceCurrency\" content=\"EUR\">\n                                <meta itemprop=\"price\" content=\"52.390\">\n                                <strong>\n                                    52.390 \u20ac (Brutto)\n                                <\/strong><br><small>\n                                    Inkl. 19% MwSt.                                <\/small>\n                            <\/div>\n                                                <br>\n                        <a href=\"https:\/\/ford-sachsen.de\/html\/page\/fahrzeuge\/ford-ranger-e-4wd-doppelkabine-wildtrak-x-ahk-navi-di\/\"\n                            class=\"vehicle-btn wp-block-button__link wp-element-button\">Details<\/a>\n                    <\/div>\n                <\/div> <!-- \/\/ vehicle-row -->\n               \n            <\/article>\n                        <article id=\"post-4745258\" class=\"vehicle\">\n                <hgroup>\n                    <a href=\"https:\/\/ford-sachsen.de\/html\/page\/fahrzeuge\/ford-ranger-tremor-e-4wd-doppelkabine-2xsofort-hardto\/\">\n                        <h2 class=\"vehicle-title\">\n                            Ford Ranger Tremor e-4WD Doppelkabine 2xSOFORT Hardto                        <\/h2>\n\n                    <\/a>\n                <\/hgroup>\n                <span class=\"vehicle-addition\">\n                    <p>\n                        SUV\/Gel\u00e4ndewagen\/Pickup ,\n                        Gebrauchtfahrzeug                    <\/p>\n                <\/span>\n                <div class=\"vehicle-row\">\n                    <div class=\"vehicle-thumbnail\">\n                        <a href=\"https:\/\/ford-sachsen.de\/html\/page\/fahrzeuge\/ford-ranger-tremor-e-4wd-doppelkabine-2xsofort-hardto\/\" title=\"Ford Ranger Tremor e-4WD Doppelkabine 2xSOFORT Hardto\">\n                            <img loading=\"lazy\" decoding=\"async\" width=\"300\" height=\"225\" src=\"https:\/\/ford-sachsen.de\/html\/page\/wp-content\/uploads\/2026\/04\/4745258-69f2ae52cb7590a49a4c6-4326-42d8-82a3-f4a7e2dcfce7-rule-mo-1600-300x225.jpg\" class=\"attachment-medium size-medium wp-post-image\" alt=\"\" srcset=\"https:\/\/ford-sachsen.de\/html\/page\/wp-content\/uploads\/2026\/04\/4745258-69f2ae52cb7590a49a4c6-4326-42d8-82a3-f4a7e2dcfce7-rule-mo-1600-300x225.jpg 300w, https:\/\/ford-sachsen.de\/html\/page\/wp-content\/uploads\/2026\/04\/4745258-69f2ae52cb7590a49a4c6-4326-42d8-82a3-f4a7e2dcfce7-rule-mo-1600-1024x768.jpg 1024w, https:\/\/ford-sachsen.de\/html\/page\/wp-content\/uploads\/2026\/04\/4745258-69f2ae52cb7590a49a4c6-4326-42d8-82a3-f4a7e2dcfce7-rule-mo-1600-768x576.jpg 768w, https:\/\/ford-sachsen.de\/html\/page\/wp-content\/uploads\/2026\/04\/4745258-69f2ae52cb7590a49a4c6-4326-42d8-82a3-f4a7e2dcfce7-rule-mo-1600.jpg 1440w\" sizes=\"(max-width: 300px) 100vw, 300px\" \/>                        <\/a>\n                    <\/div>\n                    <div class=\"vehicle-data\">\n                                                    <small>\n                                                                02.2026                                \u00b7\n                            <\/small>\n                                                                            <small>\n                                25 km\n                            <\/small>\n                                                                            <small>\n                                \u00b7\n                                151 kW\n                                                                (\n                                205 PS)\n                            <\/small>\n                                                                            <small>\n                                \u00b7\n                                Automatik                            <\/small>\n                                                                            <small>\n                                \u00b7\n                                Unfallfrei                            <\/small>\n                        \n                                                    <small>\n                                \u00b7\n                                Diesel                            <\/small>\n                                                                                                                            <small>\n                                \u00b7\n                                4\/5 T\u00fcren\n                            <\/small>\n                                                <ul class=\"vehicle-emission\">\n                                                 <span>Verbrauch komb.: \n                                    10.3                                 l\/100km<\/span><br>\n                                                                                \n                                       \n  <!-- CO2-Emissionen\t-->\n                                            <span>CO\u2082-Emissionen komb.: 270.0                                 g\/km<\/span><br>\n                                        <!-- CO2-Emissionen\t-->\n                   \n \n                         <span>CO\u2082-Klasse: \n                                    G                                <\/span><br>\n                    \n\n\n                <\/ul>\n\n                    <\/div>\n\n                    <div class=\"vehicle-price\">\n                                                    <div itemprop=\"priceSpecification\" itemscope itemtype=\"http:\/\/schema.org\/UnitPriceSpecification\">\n                                <meta itemprop=\"priceCurrency\" content=\"EUR\">\n                                <meta itemprop=\"price\" content=\"51.490\">\n                                <strong>\n                                    51.490 \u20ac (Brutto)\n                                <\/strong><br><small>\n                                    Inkl. 19% MwSt.                                <\/small>\n                            <\/div>\n                                                <br>\n                        <a href=\"https:\/\/ford-sachsen.de\/html\/page\/fahrzeuge\/ford-ranger-tremor-e-4wd-doppelkabine-2xsofort-hardto\/\"\n                            class=\"vehicle-btn wp-block-button__link wp-element-button\">Details<\/a>\n                    <\/div>\n                <\/div> <!-- \/\/ vehicle-row -->\n               \n            <\/article>\n                        <article id=\"post-4745242\" class=\"vehicle\">\n                <hgroup>\n                    <a href=\"https:\/\/ford-sachsen.de\/html\/page\/fahrzeuge\/ford-transit-custom-kasten-320-l2-sport-fwd-plug-in-h-2\/\">\n                        <h2 class=\"vehicle-title\">\n                            Ford Transit Custom Kasten 320 L2 Sport FWD Plug-in H                        <\/h2>\n\n                    <\/a>\n                <\/hgroup>\n                <span class=\"vehicle-addition\">\n                    <p>\n                        Andere ,\n                        Gebrauchtfahrzeug                    <\/p>\n                <\/span>\n                <div class=\"vehicle-row\">\n                    <div class=\"vehicle-thumbnail\">\n                        <a href=\"https:\/\/ford-sachsen.de\/html\/page\/fahrzeuge\/ford-transit-custom-kasten-320-l2-sport-fwd-plug-in-h-2\/\" title=\"Ford Transit Custom Kasten 320 L2 Sport FWD Plug-in H\">\n                            <img loading=\"lazy\" decoding=\"async\" width=\"300\" height=\"225\" src=\"https:\/\/ford-sachsen.de\/html\/page\/wp-content\/uploads\/2026\/04\/4745242-69f2ae453e68160a8e53e-ad0a-4cbf-a2b9-1aa9d36091ad-rule-mo-1600-300x225.jpg\" class=\"attachment-medium size-medium wp-post-image\" alt=\"\" srcset=\"https:\/\/ford-sachsen.de\/html\/page\/wp-content\/uploads\/2026\/04\/4745242-69f2ae453e68160a8e53e-ad0a-4cbf-a2b9-1aa9d36091ad-rule-mo-1600-300x225.jpg 300w, https:\/\/ford-sachsen.de\/html\/page\/wp-content\/uploads\/2026\/04\/4745242-69f2ae453e68160a8e53e-ad0a-4cbf-a2b9-1aa9d36091ad-rule-mo-1600-1024x768.jpg 1024w, https:\/\/ford-sachsen.de\/html\/page\/wp-content\/uploads\/2026\/04\/4745242-69f2ae453e68160a8e53e-ad0a-4cbf-a2b9-1aa9d36091ad-rule-mo-1600-768x576.jpg 768w, https:\/\/ford-sachsen.de\/html\/page\/wp-content\/uploads\/2026\/04\/4745242-69f2ae453e68160a8e53e-ad0a-4cbf-a2b9-1aa9d36091ad-rule-mo-1600.jpg 1440w\" sizes=\"(max-width: 300px) 100vw, 300px\" \/>                        <\/a>\n                    <\/div>\n                    <div class=\"vehicle-data\">\n                                                    <small>\n                                                                02.2026                                \u00b7\n                            <\/small>\n                                                                            <small>\n                                25 km\n                            <\/small>\n                                                                            <small>\n                                \u00b7\n                                171 kW\n                                                                (\n                                232 PS)\n                            <\/small>\n                                                                            <small>\n                                \u00b7\n                                Automatik                            <\/small>\n                                                                            <small>\n                                \u00b7\n                                Unfallfrei                            <\/small>\n                        \n                                                    <small>\n                                \u00b7\n                                Plug-in-Hybrid                            <\/small>\n                                                                                                                            <small>\n                                \u00b7\n                                4\/5 T\u00fcren\n                            <\/small>\n                                                <ul class=\"vehicle-emission\">\n                                                <span>Kraftstoffverbrauch gewichtet, kombiniert: \n                                    3.9                                 l\/100km<\/span><br>\n                                             <span>Verbrauch komb.: \n                                    7.2                                 l\/100km<\/span><br>\n                                                                <span>Stromverbrauch gewichtet, kombiniert: \n                                    26.5                                 kWh\/100km<\/span><br>\n                                                            \n                                       \n  <!-- CO2-Emissionen\t-->\n                                            <span>CO\u2082-Emissionen komb.: 89.0                                 g\/km<\/span><br>\n                                        <!-- CO2-Emissionen\t-->\n                   \n \n                         <span>CO\u2082-Klasse: \n                                    B                                <\/span><br>\n                    \n\n\n                <\/ul>\n\n                    <\/div>\n\n                    <div class=\"vehicle-price\">\n                                                    <div itemprop=\"priceSpecification\" itemscope itemtype=\"http:\/\/schema.org\/UnitPriceSpecification\">\n                                <meta itemprop=\"priceCurrency\" content=\"EUR\">\n                                <meta itemprop=\"price\" content=\"46.890\">\n                                <strong>\n                                    46.890 \u20ac (Brutto)\n                                <\/strong><br><small>\n                                    Inkl. 19% MwSt.                                <\/small>\n                            <\/div>\n                                                <br>\n                        <a href=\"https:\/\/ford-sachsen.de\/html\/page\/fahrzeuge\/ford-transit-custom-kasten-320-l2-sport-fwd-plug-in-h-2\/\"\n                            class=\"vehicle-btn wp-block-button__link wp-element-button\">Details<\/a>\n                    <\/div>\n                <\/div> <!-- \/\/ vehicle-row -->\n               \n            <\/article>\n                        <article id=\"post-4745240\" class=\"vehicle\">\n                <hgroup>\n                    <a href=\"https:\/\/ford-sachsen.de\/html\/page\/fahrzeuge\/ford-transit-custom-kasten-320-l2-sport-fwd-plug-in-h\/\">\n                        <h2 class=\"vehicle-title\">\n                            Ford Transit Custom Kasten 320 L2 Sport FWD Plug-in H                        <\/h2>\n\n                    <\/a>\n                <\/hgroup>\n                <span class=\"vehicle-addition\">\n                    <p>\n                        Kastenwagen ,\n                        Gebrauchtfahrzeug                    <\/p>\n                <\/span>\n                <div class=\"vehicle-row\">\n                    <div class=\"vehicle-thumbnail\">\n                        <a href=\"https:\/\/ford-sachsen.de\/html\/page\/fahrzeuge\/ford-transit-custom-kasten-320-l2-sport-fwd-plug-in-h\/\" title=\"Ford Transit Custom Kasten 320 L2 Sport FWD Plug-in H\">\n                            <img loading=\"lazy\" decoding=\"async\" width=\"300\" height=\"225\" src=\"https:\/\/ford-sachsen.de\/html\/page\/wp-content\/uploads\/2026\/04\/4745240-69f2ae437efc460a8e53e-ad0a-4cbf-a2b9-1aa9d36091ad-rule-mo-1600-300x225.jpg\" class=\"attachment-medium size-medium wp-post-image\" alt=\"\" srcset=\"https:\/\/ford-sachsen.de\/html\/page\/wp-content\/uploads\/2026\/04\/4745240-69f2ae437efc460a8e53e-ad0a-4cbf-a2b9-1aa9d36091ad-rule-mo-1600-300x225.jpg 300w, https:\/\/ford-sachsen.de\/html\/page\/wp-content\/uploads\/2026\/04\/4745240-69f2ae437efc460a8e53e-ad0a-4cbf-a2b9-1aa9d36091ad-rule-mo-1600-1024x768.jpg 1024w, https:\/\/ford-sachsen.de\/html\/page\/wp-content\/uploads\/2026\/04\/4745240-69f2ae437efc460a8e53e-ad0a-4cbf-a2b9-1aa9d36091ad-rule-mo-1600-768x576.jpg 768w, https:\/\/ford-sachsen.de\/html\/page\/wp-content\/uploads\/2026\/04\/4745240-69f2ae437efc460a8e53e-ad0a-4cbf-a2b9-1aa9d36091ad-rule-mo-1600.jpg 1440w\" sizes=\"(max-width: 300px) 100vw, 300px\" \/>                        <\/a>\n                    <\/div>\n                    <div class=\"vehicle-data\">\n                                                    <small>\n                                                                02.2026                                \u00b7\n                            <\/small>\n                                                                            <small>\n                                25 km\n                            <\/small>\n                                                                            <small>\n                                \u00b7\n                                171 kW\n                                                                (\n                                232 PS)\n                            <\/small>\n                                                                            <small>\n                                \u00b7\n                                Automatik                            <\/small>\n                                                                            <small>\n                                \u00b7\n                                Unfallfrei                            <\/small>\n                        \n                                                    <small>\n                                \u00b7\n                                Hybrid (Benzin\/Elektro)                            <\/small>\n                                                                                                                        <ul class=\"vehicle-emission\">\n                                                                                     \n                                       \n  <!-- CO2-Emissionen\t-->\n                                        <!-- CO2-Emissionen\t-->\n                   \n \n \n\n\n                <\/ul>\n\n                    <\/div>\n\n                    <div class=\"vehicle-price\">\n                                                    <div itemprop=\"priceSpecification\" itemscope itemtype=\"http:\/\/schema.org\/UnitPriceSpecification\">\n                                <meta itemprop=\"priceCurrency\" content=\"EUR\">\n                                <meta itemprop=\"price\" content=\"46.890\">\n                                <strong>\n                                    46.890 \u20ac (Brutto)\n                                <\/strong><br><small>\n                                    Inkl. 19% MwSt.                                <\/small>\n                            <\/div>\n                                                <br>\n                        <a href=\"https:\/\/ford-sachsen.de\/html\/page\/fahrzeuge\/ford-transit-custom-kasten-320-l2-sport-fwd-plug-in-h\/\"\n                            class=\"vehicle-btn wp-block-button__link wp-element-button\">Details<\/a>\n                    <\/div>\n                <\/div> <!-- \/\/ vehicle-row -->\n               \n            <\/article>\n                        <article id=\"post-4745222\" class=\"vehicle\">\n                <hgroup>\n                    <a href=\"https:\/\/ford-sachsen.de\/html\/page\/fahrzeuge\/swm-g01-pro-178ps-el-panodach-leder-digitales-cock\/\">\n                        <h2 class=\"vehicle-title\">\n                            SWM G01 PRO 178PS! El. Panodach Leder Digitales Cock                        <\/h2>\n\n                    <\/a>\n                <\/hgroup>\n                <span class=\"vehicle-addition\">\n                    <p>\n                        SUV\/Gel\u00e4ndewagen\/Pickup ,\n                        Neufahrzeug                    <\/p>\n                <\/span>\n                <div class=\"vehicle-row\">\n                    <div class=\"vehicle-thumbnail\">\n                        <a href=\"https:\/\/ford-sachsen.de\/html\/page\/fahrzeuge\/swm-g01-pro-178ps-el-panodach-leder-digitales-cock\/\" title=\"SWM G01 PRO 178PS! El. Panodach Leder Digitales Cock\">\n                            <img loading=\"lazy\" decoding=\"async\" width=\"300\" height=\"225\" src=\"https:\/\/ford-sachsen.de\/html\/page\/wp-content\/uploads\/2026\/04\/4745222-69f2ae3460b3bf9927eba-0fed-485c-bea7-7411afb1be6d-rule-mo-1600-300x225.jpg\" class=\"attachment-medium size-medium wp-post-image\" alt=\"\" srcset=\"https:\/\/ford-sachsen.de\/html\/page\/wp-content\/uploads\/2026\/04\/4745222-69f2ae3460b3bf9927eba-0fed-485c-bea7-7411afb1be6d-rule-mo-1600-300x225.jpg 300w, https:\/\/ford-sachsen.de\/html\/page\/wp-content\/uploads\/2026\/04\/4745222-69f2ae3460b3bf9927eba-0fed-485c-bea7-7411afb1be6d-rule-mo-1600-1024x768.jpg 1024w, https:\/\/ford-sachsen.de\/html\/page\/wp-content\/uploads\/2026\/04\/4745222-69f2ae3460b3bf9927eba-0fed-485c-bea7-7411afb1be6d-rule-mo-1600-768x576.jpg 768w, https:\/\/ford-sachsen.de\/html\/page\/wp-content\/uploads\/2026\/04\/4745222-69f2ae3460b3bf9927eba-0fed-485c-bea7-7411afb1be6d-rule-mo-1600.jpg 1440w\" sizes=\"(max-width: 300px) 100vw, 300px\" \/>                        <\/a>\n                    <\/div>\n                    <div class=\"vehicle-data\">\n                                                                                                    <small>\n                                \u00b7\n                                131 kW\n                                                                (\n                                178 PS)\n                            <\/small>\n                                                                            <small>\n                                \u00b7\n                                Automatik                            <\/small>\n                                                                            <small>\n                                \u00b7\n                                Unfallfrei                            <\/small>\n                        \n                                                    <small>\n                                \u00b7\n                                Benzin                            <\/small>\n                                                                                                                            <small>\n                                \u00b7\n                                4\/5 T\u00fcren\n                            <\/small>\n                                                <ul class=\"vehicle-emission\">\n                                                 <span>Verbrauch komb.: \n                                    8.5                                 l\/100km<\/span><br>\n                                                                                \n                                       \n  <!-- CO2-Emissionen\t-->\n                                            <span>CO\u2082-Emissionen komb.: 190.0                                 g\/km<\/span><br>\n                                        <!-- CO2-Emissionen\t-->\n                   \n \n                         <span>CO\u2082-Klasse: \n                                    G                                <\/span><br>\n                    \n\n\n                <\/ul>\n\n                    <\/div>\n\n                    <div class=\"vehicle-price\">\n                                                    <div itemprop=\"priceSpecification\" itemscope itemtype=\"http:\/\/schema.org\/UnitPriceSpecification\">\n                                <meta itemprop=\"priceCurrency\" content=\"EUR\">\n                                <meta itemprop=\"price\" content=\"29.490\">\n                                <strong>\n                                    29.490 \u20ac (Brutto)\n                                <\/strong><br><small>\n                                    Inkl. 19% MwSt.                                <\/small>\n                            <\/div>\n                                                <br>\n                        <a href=\"https:\/\/ford-sachsen.de\/html\/page\/fahrzeuge\/swm-g01-pro-178ps-el-panodach-leder-digitales-cock\/\"\n                            class=\"vehicle-btn wp-block-button__link wp-element-button\">Details<\/a>\n                    <\/div>\n                <\/div> <!-- \/\/ vehicle-row -->\n               \n            <\/article>\n                        <article id=\"post-4745212\" class=\"vehicle\">\n                <hgroup>\n                    <a href=\"https:\/\/ford-sachsen.de\/html\/page\/fahrzeuge\/mitsubishi-eclipse-cross-160kw-diamant-topumweltbonus-digi\/\">\n                        <h2 class=\"vehicle-title\">\n                            Mitsubishi Eclipse Cross 160kW Diamant Top+UMWELTBONUS Digi                        <\/h2>\n\n                    <\/a>\n                <\/hgroup>\n                <span class=\"vehicle-addition\">\n                    <p>\n                        SUV\/Gel\u00e4ndewagen\/Pickup ,\n                        Neufahrzeug                    <\/p>\n                <\/span>\n                <div class=\"vehicle-row\">\n                    <div class=\"vehicle-thumbnail\">\n                        <a href=\"https:\/\/ford-sachsen.de\/html\/page\/fahrzeuge\/mitsubishi-eclipse-cross-160kw-diamant-topumweltbonus-digi\/\" title=\"Mitsubishi Eclipse Cross 160kW Diamant Top+UMWELTBONUS Digi\">\n                            <img loading=\"lazy\" decoding=\"async\" width=\"300\" height=\"225\" src=\"https:\/\/ford-sachsen.de\/html\/page\/wp-content\/uploads\/2026\/04\/4745212-69f2ae2c0074d5af54dcb-88f9-4015-a911-d0eb1356590b-rule-mo-1600-300x225.jpg\" class=\"attachment-medium size-medium wp-post-image\" alt=\"\" srcset=\"https:\/\/ford-sachsen.de\/html\/page\/wp-content\/uploads\/2026\/04\/4745212-69f2ae2c0074d5af54dcb-88f9-4015-a911-d0eb1356590b-rule-mo-1600-300x225.jpg 300w, https:\/\/ford-sachsen.de\/html\/page\/wp-content\/uploads\/2026\/04\/4745212-69f2ae2c0074d5af54dcb-88f9-4015-a911-d0eb1356590b-rule-mo-1600-1024x768.jpg 1024w, https:\/\/ford-sachsen.de\/html\/page\/wp-content\/uploads\/2026\/04\/4745212-69f2ae2c0074d5af54dcb-88f9-4015-a911-d0eb1356590b-rule-mo-1600-768x576.jpg 768w, https:\/\/ford-sachsen.de\/html\/page\/wp-content\/uploads\/2026\/04\/4745212-69f2ae2c0074d5af54dcb-88f9-4015-a911-d0eb1356590b-rule-mo-1600.jpg 1440w\" sizes=\"(max-width: 300px) 100vw, 300px\" \/>                        <\/a>\n                    <\/div>\n                    <div class=\"vehicle-data\">\n                                                                                                    <small>\n                                \u00b7\n                                160 kW\n                                                                (\n                                218 PS)\n                            <\/small>\n                                                                            <small>\n                                \u00b7\n                                Automatik                            <\/small>\n                                                                            <small>\n                                \u00b7\n                                Unfallfrei                            <\/small>\n                        \n                                                    <small>\n                                \u00b7\n                                Elektro                            <\/small>\n                                                                                                                            <small>\n                                \u00b7\n                                4\/5 T\u00fcren\n                            <\/small>\n                                                <ul class=\"vehicle-emission\">\n                                                                                     \n                                       \n  <!-- CO2-Emissionen\t-->\n                                            <span>CO\u2082-Emissionen komb.: 0.0                                 g\/km<\/span><br>\n                                        <!-- CO2-Emissionen\t-->\n                   \n \n                         <span>CO\u2082-Klasse: \n                                    A                                <\/span><br>\n                    \n\n\n                <\/ul>\n\n                    <\/div>\n\n                    <div class=\"vehicle-price\">\n                                                    <div itemprop=\"priceSpecification\" itemscope itemtype=\"http:\/\/schema.org\/UnitPriceSpecification\">\n                                <meta itemprop=\"priceCurrency\" content=\"EUR\">\n                                <meta itemprop=\"price\" content=\"48.390\">\n                                <strong>\n                                    48.390 \u20ac (Brutto)\n                                <\/strong><br><small>\n                                    Inkl. 19% MwSt.                                <\/small>\n                            <\/div>\n                                                <br>\n                        <a href=\"https:\/\/ford-sachsen.de\/html\/page\/fahrzeuge\/mitsubishi-eclipse-cross-160kw-diamant-topumweltbonus-digi\/\"\n                            class=\"vehicle-btn wp-block-button__link wp-element-button\">Details<\/a>\n                    <\/div>\n                <\/div> <!-- \/\/ vehicle-row -->\n               \n            <\/article>\n                        <article id=\"post-4745208\" class=\"vehicle\">\n                <hgroup>\n                    <a href=\"https:\/\/ford-sachsen.de\/html\/page\/fahrzeuge\/jaecoo-j7-jaecoo-7-phev-1-5-tgdi-select-rueckfahrkamera\/\">\n                        <h2 class=\"vehicle-title\">\n                            JAECOO J7 Jaecoo 7 PHEV 1.5 TGDI  SELECT R\u00dcCKFAHRKAMERA                        <\/h2>\n\n                    <\/a>\n                <\/hgroup>\n                <span class=\"vehicle-addition\">\n                    <p>\n                        SUV\/Gel\u00e4ndewagen\/Pickup ,\n                        Neufahrzeug                    <\/p>\n                <\/span>\n                <div class=\"vehicle-row\">\n                    <div class=\"vehicle-thumbnail\">\n                        <a href=\"https:\/\/ford-sachsen.de\/html\/page\/fahrzeuge\/jaecoo-j7-jaecoo-7-phev-1-5-tgdi-select-rueckfahrkamera\/\" title=\"JAECOO J7 Jaecoo 7 PHEV 1.5 TGDI  SELECT R\u00dcCKFAHRKAMERA\">\n                            <img loading=\"lazy\" decoding=\"async\" width=\"300\" height=\"225\" src=\"https:\/\/ford-sachsen.de\/html\/page\/wp-content\/uploads\/2026\/04\/4745208-69f2ae2a3299b6b432d38-76a0-4085-a109-946244be2d7b-rule-mo-1600-300x225.jpg\" class=\"attachment-medium size-medium wp-post-image\" alt=\"\" srcset=\"https:\/\/ford-sachsen.de\/html\/page\/wp-content\/uploads\/2026\/04\/4745208-69f2ae2a3299b6b432d38-76a0-4085-a109-946244be2d7b-rule-mo-1600-300x225.jpg 300w, https:\/\/ford-sachsen.de\/html\/page\/wp-content\/uploads\/2026\/04\/4745208-69f2ae2a3299b6b432d38-76a0-4085-a109-946244be2d7b-rule-mo-1600.jpg 640w\" sizes=\"(max-width: 300px) 100vw, 300px\" \/>                        <\/a>\n                    <\/div>\n                    <div class=\"vehicle-data\">\n                                                                            <small>\n                                10 km\n                            <\/small>\n                                                                            <small>\n                                \u00b7\n                                205 kW\n                                                                (\n                                279 PS)\n                            <\/small>\n                                                                            <small>\n                                \u00b7\n                                Automatik                            <\/small>\n                                                                            <small>\n                                \u00b7\n                                Unfallfrei                            <\/small>\n                        \n                                                    <small>\n                                \u00b7\n                                Plug-in-Hybrid                            <\/small>\n                                                                                                                            <small>\n                                \u00b7\n                                4\/5 T\u00fcren\n                            <\/small>\n                                                <ul class=\"vehicle-emission\">\n                                                <span>Kraftstoffverbrauch gewichtet, kombiniert: \n                                    2.4                                 l\/100km<\/span><br>\n                                             <span>Verbrauch komb.: \n                                    6.0                                 l\/100km<\/span><br>\n                                                                <span>Stromverbrauch gewichtet, kombiniert: \n                                    15.1                                 kWh\/100km<\/span><br>\n                                                            \n                                       \n  <!-- CO2-Emissionen\t-->\n                                            <span>CO\u2082-Emissionen komb.: 54.0                                 g\/km<\/span><br>\n                                        <!-- CO2-Emissionen\t-->\n                   \n \n                         <span>CO\u2082-Klasse: \n                                    B                                <\/span><br>\n                    \n\n\n                <\/ul>\n\n                    <\/div>\n\n                    <div class=\"vehicle-price\">\n                                                    <div itemprop=\"priceSpecification\" itemscope itemtype=\"http:\/\/schema.org\/UnitPriceSpecification\">\n                                <meta itemprop=\"priceCurrency\" content=\"EUR\">\n                                <meta itemprop=\"price\" content=\"35.990\">\n                                <strong>\n                                    35.990 \u20ac (Brutto)\n                                <\/strong><br><small>\n                                    Inkl. 19% MwSt.                                <\/small>\n                            <\/div>\n                                                <br>\n                        <a href=\"https:\/\/ford-sachsen.de\/html\/page\/fahrzeuge\/jaecoo-j7-jaecoo-7-phev-1-5-tgdi-select-rueckfahrkamera\/\"\n                            class=\"vehicle-btn wp-block-button__link wp-element-button\">Details<\/a>\n                    <\/div>\n                <\/div> <!-- \/\/ vehicle-row -->\n               \n            <\/article>\n                        <article id=\"post-4745198\" class=\"vehicle\">\n                <hgroup>\n                    <a href=\"https:\/\/ford-sachsen.de\/html\/page\/fahrzeuge\/omoda-5-omoda-o5-1-6-tgdi-comfort-automatik-rueckfahrk\/\">\n                        <h2 class=\"vehicle-title\">\n                            OMODA 5 Omoda O5 1.6 TGDI Comfort AUTOMATIK  R\u00dcCKFAHRK                        <\/h2>\n\n                    <\/a>\n                <\/hgroup>\n                <span class=\"vehicle-addition\">\n                    <p>\n                        SUV\/Gel\u00e4ndewagen\/Pickup ,\n                        Gebrauchtfahrzeug                    <\/p>\n                <\/span>\n                <div class=\"vehicle-row\">\n                    <div class=\"vehicle-thumbnail\">\n                        <a href=\"https:\/\/ford-sachsen.de\/html\/page\/fahrzeuge\/omoda-5-omoda-o5-1-6-tgdi-comfort-automatik-rueckfahrk\/\" title=\"OMODA 5 Omoda O5 1.6 TGDI Comfort AUTOMATIK  R\u00dcCKFAHRK\">\n                            <img loading=\"lazy\" decoding=\"async\" width=\"300\" height=\"225\" src=\"https:\/\/ford-sachsen.de\/html\/page\/wp-content\/uploads\/2026\/04\/4745198-69f2acc6cc8beac02f956-bf87-4187-8d10-3c06fdb93520-rule-mo-1600-300x225.jpg\" class=\"attachment-medium size-medium wp-post-image\" alt=\"\" srcset=\"https:\/\/ford-sachsen.de\/html\/page\/wp-content\/uploads\/2026\/04\/4745198-69f2acc6cc8beac02f956-bf87-4187-8d10-3c06fdb93520-rule-mo-1600-300x225.jpg 300w, https:\/\/ford-sachsen.de\/html\/page\/wp-content\/uploads\/2026\/04\/4745198-69f2acc6cc8beac02f956-bf87-4187-8d10-3c06fdb93520-rule-mo-1600-1024x768.jpg 1024w, https:\/\/ford-sachsen.de\/html\/page\/wp-content\/uploads\/2026\/04\/4745198-69f2acc6cc8beac02f956-bf87-4187-8d10-3c06fdb93520-rule-mo-1600-768x576.jpg 768w, https:\/\/ford-sachsen.de\/html\/page\/wp-content\/uploads\/2026\/04\/4745198-69f2acc6cc8beac02f956-bf87-4187-8d10-3c06fdb93520-rule-mo-1600.jpg 1440w\" sizes=\"(max-width: 300px) 100vw, 300px\" \/>                        <\/a>\n                    <\/div>\n                    <div class=\"vehicle-data\">\n                                                    <small>\n                                                                07.2025                                \u00b7\n                            <\/small>\n                                                                            <small>\n                                50 km\n                            <\/small>\n                                                                            <small>\n                                \u00b7\n                                108 kW\n                                                                (\n                                147 PS)\n                            <\/small>\n                                                                            <small>\n                                \u00b7\n                                Automatik                            <\/small>\n                                                                            <small>\n                                \u00b7\n                                Unfallfrei                            <\/small>\n                        \n                                                    <small>\n                                \u00b7\n                                Benzin                            <\/small>\n                                                                                                                            <small>\n                                \u00b7\n                                4\/5 T\u00fcren\n                            <\/small>\n                                                <ul class=\"vehicle-emission\">\n                                                 <span>Verbrauch komb.: \n                                    7.0                                 l\/100km<\/span><br>\n                                                                                \n                                       \n  <!-- CO2-Emissionen\t-->\n                                            <span>CO\u2082-Emissionen komb.: 159.0                                 g\/km<\/span><br>\n                                        <!-- CO2-Emissionen\t-->\n                   \n \n                         <span>CO\u2082-Klasse: \n                                    F                                <\/span><br>\n                    \n\n\n                <\/ul>\n\n                    <\/div>\n\n                    <div class=\"vehicle-price\">\n                                                    <div itemprop=\"priceSpecification\" itemscope itemtype=\"http:\/\/schema.org\/UnitPriceSpecification\">\n                                <meta itemprop=\"priceCurrency\" content=\"EUR\">\n                                <meta itemprop=\"price\" content=\"26.490\">\n                                <strong>\n                                    26.490 \u20ac (Brutto)\n                                <\/strong><br><small>\n                                    Inkl. 19% MwSt.                                <\/small>\n                            <\/div>\n                                                <br>\n                        <a href=\"https:\/\/ford-sachsen.de\/html\/page\/fahrzeuge\/omoda-5-omoda-o5-1-6-tgdi-comfort-automatik-rueckfahrk\/\"\n                            class=\"vehicle-btn wp-block-button__link wp-element-button\">Details<\/a>\n                    <\/div>\n                <\/div> <!-- \/\/ vehicle-row -->\n               \n            <\/article>\n                        <article id=\"post-4745172\" class=\"vehicle\">\n                <hgroup>\n                    <a href=\"https:\/\/ford-sachsen.de\/html\/page\/fahrzeuge\/challenger-s-194-start-edition\/\">\n                        <h2 class=\"vehicle-title\">\n                            Challenger S 194 Start Edition                        <\/h2>\n\n                    <\/a>\n                <\/hgroup>\n                <span class=\"vehicle-addition\">\n                    <p>\n                        Teilintegrierter ,\n                        Gebrauchtfahrzeug                    <\/p>\n                <\/span>\n                <div class=\"vehicle-row\">\n                    <div class=\"vehicle-thumbnail\">\n                        <a href=\"https:\/\/ford-sachsen.de\/html\/page\/fahrzeuge\/challenger-s-194-start-edition\/\" title=\"Challenger S 194 Start Edition\">\n                            <img loading=\"lazy\" decoding=\"async\" width=\"300\" height=\"225\" src=\"https:\/\/ford-sachsen.de\/html\/page\/wp-content\/uploads\/2026\/04\/4745172-69f2acaa307322ea079c3-0a46-4d9d-acb7-2b6424174786-rule-mo-1600-300x225.jpg\" class=\"attachment-medium size-medium wp-post-image\" alt=\"\" srcset=\"https:\/\/ford-sachsen.de\/html\/page\/wp-content\/uploads\/2026\/04\/4745172-69f2acaa307322ea079c3-0a46-4d9d-acb7-2b6424174786-rule-mo-1600-300x225.jpg 300w, https:\/\/ford-sachsen.de\/html\/page\/wp-content\/uploads\/2026\/04\/4745172-69f2acaa307322ea079c3-0a46-4d9d-acb7-2b6424174786-rule-mo-1600-1024x768.jpg 1024w, https:\/\/ford-sachsen.de\/html\/page\/wp-content\/uploads\/2026\/04\/4745172-69f2acaa307322ea079c3-0a46-4d9d-acb7-2b6424174786-rule-mo-1600-768x576.jpg 768w, https:\/\/ford-sachsen.de\/html\/page\/wp-content\/uploads\/2026\/04\/4745172-69f2acaa307322ea079c3-0a46-4d9d-acb7-2b6424174786-rule-mo-1600-1536x1152.jpg 1536w, https:\/\/ford-sachsen.de\/html\/page\/wp-content\/uploads\/2026\/04\/4745172-69f2acaa307322ea079c3-0a46-4d9d-acb7-2b6424174786-rule-mo-1600.jpg 1600w\" sizes=\"(max-width: 300px) 100vw, 300px\" \/>                        <\/a>\n                    <\/div>\n                    <div class=\"vehicle-data\">\n                                                    <small>\n                                                                04.2022                                \u00b7\n                            <\/small>\n                                                                            <small>\n                                67.800 km\n                            <\/small>\n                                                                            <small>\n                                \u00b7\n                                125 kW\n                                                                (\n                                170 PS)\n                            <\/small>\n                                                                            <small>\n                                \u00b7\n                                Schaltgetriebe                            <\/small>\n                                                                            <small>\n                                \u00b7\n                                Unfallfrei                            <\/small>\n                        \n                                                    <small>\n                                \u00b7\n                                Diesel                            <\/small>\n                                                                                                                        <ul class=\"vehicle-emission\">\n                                                                                     \n                                       \n  <!-- CO2-Emissionen\t-->\n                                        <!-- CO2-Emissionen\t-->\n                   \n \n \n\n\n                <\/ul>\n\n                    <\/div>\n\n                    <div class=\"vehicle-price\">\n                                                    <div itemprop=\"priceSpecification\" itemscope itemtype=\"http:\/\/schema.org\/UnitPriceSpecification\">\n                                <meta itemprop=\"priceCurrency\" content=\"EUR\">\n                                <meta itemprop=\"price\" content=\"46.960\">\n                                <strong>\n                                    46.960 \u20ac (Brutto)\n                                <\/strong><br><small>\n                                    Inkl. 19% MwSt.                                <\/small>\n                            <\/div>\n                                                <br>\n                        <a href=\"https:\/\/ford-sachsen.de\/html\/page\/fahrzeuge\/challenger-s-194-start-edition\/\"\n                            class=\"vehicle-btn wp-block-button__link wp-element-button\">Details<\/a>\n                    <\/div>\n                <\/div> <!-- \/\/ vehicle-row -->\n               \n            <\/article>\n                <\/div> <!-- FacetWP Template End -->\n    <p><strong>Angaben zum Verbrauch<\/strong><br>\n    <p>Die Informationen erfolgen gem\u00e4\u00df der Pkw-Energieverbrauchskennzeichnungsverordnung. Die angegebenen Werte wurden nach dem vorgeschrieben Messverfahren WLTP (World Harmonised Light Vehicles Test Procedure) ermittelt. Der Kraftstoffverbrauch und der CO2-Aussto\u00df eines PKW sind nicht nur von der effizienten Ausnutzung des Kraftstoffs durch den PKW, sondern auch vom Fahrstil und anderen nichttechnischen Faktoren abh\u00e4ngig. CO2 ist das fr die Erderw\u00e4rmung haupts\u00e4chlich verantwortliche Treibgas. Ein Leitfaden ber den Kraftstoffverbrauch und die CO2-Emissionen aller in Deutschland angebotenen neuen PKW-Modelle ist unentgeltlich in elektronischer Form einsehbar an jedem Verkaufsort in Deutschland, an dem neue Personenkraftfahrzeuge ausgestellt oder angeboten werden. Der Leitfaden ist auch abrufbar unter der Internetadresse: <a href=\"https:\/\/www.dat.de\/co2\/\">https:\/\/www.dat.de\/co2\/<\/a>.<\/p>\n    <p>Es werden nur die CO2-Emissionen angegeben, die durch den Betrieb des PKW entstehen. CO2-Emissionen, die durch die Produktion und Bereitstellung des PKW sowie des Kraftstoffes bzw. der Energietr\u00e4ger entstehen oder vermieden werden, werden bei der Ermittlung der CO2-Emissionen gem\u00e4\u00df WLTP nicht bercksichtigt.<\/p>\n   \n    \n","protected":false},"excerpt":{"rendered":"<p>Erstzulassung<\/p>\n","protected":false},"author":1,"featured_media":0,"parent":8189,"menu_order":0,"comment_status":"closed","ping_status":"closed","template":"page-templates\/full-width.php","meta":{"order-bump-settings":[],"_wpfnl_thankyou_order_overview":"on","_wpfnl_thankyou_order_details":"on","_wpfnl_thankyou_billing_details":"on","_wpfnl_thankyou_shipping_details":"on","footnotes":""},"tags":[],"class_list":["post-9143","page","type-page","status-publish","hentry"],"_links":{"self":[{"href":"https:\/\/ford-sachsen.de\/html\/page\/wp-json\/wp\/v2\/pages\/9143","targetHints":{"allow":["GET"]}}],"collection":[{"href":"https:\/\/ford-sachsen.de\/html\/page\/wp-json\/wp\/v2\/pages"}],"about":[{"href":"https:\/\/ford-sachsen.de\/html\/page\/wp-json\/wp\/v2\/types\/page"}],"author":[{"embeddable":true,"href":"https:\/\/ford-sachsen.de\/html\/page\/wp-json\/wp\/v2\/users\/1"}],"replies":[{"embeddable":true,"href":"https:\/\/ford-sachsen.de\/html\/page\/wp-json\/wp\/v2\/comments?post=9143"}],"version-history":[{"count":6,"href":"https:\/\/ford-sachsen.de\/html\/page\/wp-json\/wp\/v2\/pages\/9143\/revisions"}],"predecessor-version":[{"id":1528633,"href":"https:\/\/ford-sachsen.de\/html\/page\/wp-json\/wp\/v2\/pages\/9143\/revisions\/1528633"}],"up":[{"embeddable":true,"href":"https:\/\/ford-sachsen.de\/html\/page\/wp-json\/wp\/v2\/pages\/8189"}],"wp:attachment":[{"href":"https:\/\/ford-sachsen.de\/html\/page\/wp-json\/wp\/v2\/media?parent=9143"}],"wp:term":[{"taxonomy":"post_tag","embeddable":true,"href":"https:\/\/ford-sachsen.de\/html\/page\/wp-json\/wp\/v2\/tags?post=9143"}],"curies":[{"name":"wp","href":"https:\/\/api.w.org\/{rel}","templated":true}]}}