{"id":821,"date":"2013-04-29T21:50:35","date_gmt":"2013-04-29T19:50:35","guid":{"rendered":"http:\/\/ford-sachsen.de\/html\/page\/?page_id=821"},"modified":"2021-05-09T16:39:45","modified_gmt":"2021-05-09T14:39:45","slug":"gebrauchtwagen","status":"publish","type":"page","link":"https:\/\/ford-sachsen.de\/html\/page\/mittweida\/gebrauchtwagen\/","title":{"rendered":"gebrauchtwagen"},"content":{"rendered":"<table  class=\" table table-hover\" width=\"100%\" cellspacing=\"2\" cellpadding=\"0\" border=\"0\">\n<tbody>\n<tr>\n<td width=\"25%\"><div class=\"facetwp-facet facetwp-facet-marke facetwp-type-dropdown\" data-name=\"marke\" data-type=\"dropdown\"><\/div><\/td>\n<td width=\"25%\"><div class=\"facetwp-facet facetwp-facet-modell facetwp-type-dropdown\" data-name=\"modell\" data-type=\"dropdown\"><\/div><\/td>\n<td width=\"25%\"><div class=\"facetwp-facet facetwp-facet-klasse facetwp-type-dropdown\" data-name=\"klasse\" data-type=\"dropdown\"><\/div><\/td>\n<td width=\"25%\"><div class=\"facetwp-facet facetwp-facet-kraftstoff facetwp-type-dropdown\" data-name=\"kraftstoff\" data-type=\"dropdown\"><\/div><\/td>\n<\/tr>\n<tr>\n<td><div class=\"facetwp-facet facetwp-facet-getriebe facetwp-type-dropdown\" data-name=\"getriebe\" data-type=\"dropdown\"><\/div><\/td>\n<td><span style=\"color: #000000;\">Preis<br \/>\n<div class=\"facetwp-facet facetwp-facet-preis facetwp-type-slider\" data-name=\"preis\" data-type=\"slider\"><\/div><\/span><\/td>\n<td><span style=\"color: #000000;\">Erstzulassung<div class=\"facetwp-facet facetwp-facet-erstzulassung facetwp-type-slider\" data-name=\"erstzulassung\" data-type=\"slider\"><\/div><\/span><\/td>\n<td><span style=\"color: #000000;\">Kilometerstand<div class=\"facetwp-facet facetwp-facet-km facetwp-type-slider\" data-name=\"km\" data-type=\"slider\"><\/div><\/span><\/td>\n<\/tr>\n<\/tbody>\n<\/table>\n    <div class=\"facetwp-template row\">\n                    <article id=\"post-4811463\" class=\"vehicle\">\n                <hgroup>\n                    <a href=\"https:\/\/ford-sachsen.de\/html\/page\/fahrzeuge\/ford-puma-st-line-komfortwinterassist-paketgjr\/\">\n                        <h2 class=\"vehicle-title\">\n                            Ford Puma ST-Line KOMFORT+WINTER+ASSIST-PAKET+GJR                        <\/h2>\n\n                    <\/a>\n                <\/hgroup>\n                <span class=\"vehicle-addition\">\n                    <p>\n                        SUV\/Gel\u00e4ndewagen\/Pickup ,\n                        Gebrauchtfahrzeug                    <\/p>\n                <\/span>\n                <div class=\"vehicle-row\">\n                    <div class=\"vehicle-thumbnail\">\n                        <a href=\"https:\/\/ford-sachsen.de\/html\/page\/fahrzeuge\/ford-puma-st-line-komfortwinterassist-paketgjr\/\" title=\"Ford Puma ST-Line KOMFORT+WINTER+ASSIST-PAKET+GJR\">\n                            <img fetchpriority=\"high\" decoding=\"async\" width=\"300\" height=\"225\" src=\"https:\/\/ford-sachsen.de\/html\/page\/wp-content\/uploads\/2026\/09\/4811463-6a9777835414185eb72ff-ce7f-4d87-b774-04321ae67d6c-rule-mo-1600-300x225.jpg\" class=\"attachment-medium size-medium wp-post-image\" alt=\"\" srcset=\"https:\/\/ford-sachsen.de\/html\/page\/wp-content\/uploads\/2026\/09\/4811463-6a9777835414185eb72ff-ce7f-4d87-b774-04321ae67d6c-rule-mo-1600-300x225.jpg 300w, https:\/\/ford-sachsen.de\/html\/page\/wp-content\/uploads\/2026\/09\/4811463-6a9777835414185eb72ff-ce7f-4d87-b774-04321ae67d6c-rule-mo-1600-1024x768.jpg 1024w, https:\/\/ford-sachsen.de\/html\/page\/wp-content\/uploads\/2026\/09\/4811463-6a9777835414185eb72ff-ce7f-4d87-b774-04321ae67d6c-rule-mo-1600-768x576.jpg 768w, https:\/\/ford-sachsen.de\/html\/page\/wp-content\/uploads\/2026\/09\/4811463-6a9777835414185eb72ff-ce7f-4d87-b774-04321ae67d6c-rule-mo-1600.jpg 1440w\" sizes=\"(max-width: 300px) 100vw, 300px\" \/>                        <\/a>\n                    <\/div>\n                    <div class=\"vehicle-data\">\n                                                    <small>\n                                                                05.2026                                \u00b7\n                            <\/small>\n                                                                            <small>\n                                25 km\n                            <\/small>\n                                                                            <small>\n                                \u00b7\n                                92 kW\n                                                                (\n                                125 PS)\n                            <\/small>\n                                                                            <small>\n                                \u00b7\n                                Automatik                            <\/small>\n                                                                            <small>\n                                \u00b7\n                                Unfallfrei                            <\/small>\n                        \n                                                    <small>\n                                \u00b7\n                                Benzin                            <\/small>\n                                                                                                                            <small>\n                                \u00b7\n                                4\/5 T\u00fcren\n                            <\/small>\n                                                <ul class=\"vehicle-emission\">\n                                                 <span>Verbrauch komb.: \n                                    6.3                                 l\/100km<\/span><br>\n                                                                                \n                                       \n  <!-- CO2-Emissionen\t-->\n                                            <span>CO\u2082-Emissionen komb.: 143.0                                 g\/km<\/span><br>\n                                        <!-- CO2-Emissionen\t-->\n                   \n \n                         <span>CO\u2082-Klasse: \n                                    E                                <\/span><br>\n                    \n\n\n                <\/ul>\n\n                    <\/div>\n\n                    <div class=\"vehicle-price\">\n                                                    <div itemprop=\"priceSpecification\" itemscope itemtype=\"http:\/\/schema.org\/UnitPriceSpecification\">\n                                <meta itemprop=\"priceCurrency\" content=\"EUR\">\n                                <meta itemprop=\"price\" content=\"27.790\">\n                                <strong>\n                                    27.790 \u20ac (Brutto)\n                                <\/strong><br><small>\n                                    Inkl. 19% MwSt.                                <\/small>\n                            <\/div>\n                                                <br>\n                        <a href=\"https:\/\/ford-sachsen.de\/html\/page\/fahrzeuge\/ford-puma-st-line-komfortwinterassist-paketgjr\/\"\n                            class=\"vehicle-btn wp-block-button__link wp-element-button\">Details<\/a>\n                    <\/div>\n                <\/div> <!-- \/\/ vehicle-row -->\n               \n            <\/article>\n                        <article id=\"post-4811461\" class=\"vehicle\">\n                <hgroup>\n                    <a href=\"https:\/\/ford-sachsen.de\/html\/page\/fahrzeuge\/ford-puma-st-line-ganzjahresreifenwinter-paket\/\">\n                        <h2 class=\"vehicle-title\">\n                            Ford Puma ST-Line GANZJAHRESREIFEN+WINTER-PAKET                        <\/h2>\n\n                    <\/a>\n                <\/hgroup>\n                <span class=\"vehicle-addition\">\n                    <p>\n                        SUV\/Gel\u00e4ndewagen\/Pickup ,\n                        Gebrauchtfahrzeug                    <\/p>\n                <\/span>\n                <div class=\"vehicle-row\">\n                    <div class=\"vehicle-thumbnail\">\n                        <a href=\"https:\/\/ford-sachsen.de\/html\/page\/fahrzeuge\/ford-puma-st-line-ganzjahresreifenwinter-paket\/\" title=\"Ford Puma ST-Line GANZJAHRESREIFEN+WINTER-PAKET\">\n                            <img decoding=\"async\" width=\"300\" height=\"225\" src=\"https:\/\/ford-sachsen.de\/html\/page\/wp-content\/uploads\/2026\/09\/4811461-6a97778186e3bb5999d35-1835-4ce0-a83e-6909b55d84da-rule-mo-1600-300x225.jpg\" class=\"attachment-medium size-medium wp-post-image\" alt=\"\" srcset=\"https:\/\/ford-sachsen.de\/html\/page\/wp-content\/uploads\/2026\/09\/4811461-6a97778186e3bb5999d35-1835-4ce0-a83e-6909b55d84da-rule-mo-1600-300x225.jpg 300w, https:\/\/ford-sachsen.de\/html\/page\/wp-content\/uploads\/2026\/09\/4811461-6a97778186e3bb5999d35-1835-4ce0-a83e-6909b55d84da-rule-mo-1600-1024x768.jpg 1024w, https:\/\/ford-sachsen.de\/html\/page\/wp-content\/uploads\/2026\/09\/4811461-6a97778186e3bb5999d35-1835-4ce0-a83e-6909b55d84da-rule-mo-1600-768x576.jpg 768w, https:\/\/ford-sachsen.de\/html\/page\/wp-content\/uploads\/2026\/09\/4811461-6a97778186e3bb5999d35-1835-4ce0-a83e-6909b55d84da-rule-mo-1600.jpg 1440w\" sizes=\"(max-width: 300px) 100vw, 300px\" \/>                        <\/a>\n                    <\/div>\n                    <div class=\"vehicle-data\">\n                                                    <small>\n                                                                05.2026                                \u00b7\n                            <\/small>\n                                                                            <small>\n                                25 km\n                            <\/small>\n                                                                            <small>\n                                \u00b7\n                                92 kW\n                                                                (\n                                125 PS)\n                            <\/small>\n                                                                            <small>\n                                \u00b7\n                                Schaltgetriebe                            <\/small>\n                                                                            <small>\n                                \u00b7\n                                Unfallfrei                            <\/small>\n                        \n                                                    <small>\n                                \u00b7\n                                Benzin                            <\/small>\n                                                                                                                            <small>\n                                \u00b7\n                                4\/5 T\u00fcren\n                            <\/small>\n                                                <ul class=\"vehicle-emission\">\n                                                 <span>Verbrauch komb.: \n                                    6.0                                 l\/100km<\/span><br>\n                                                                                \n                                       \n  <!-- CO2-Emissionen\t-->\n                                            <span>CO\u2082-Emissionen komb.: 135.0                                 g\/km<\/span><br>\n                                        <!-- CO2-Emissionen\t-->\n                   \n \n                         <span>CO\u2082-Klasse: \n                                    D                                <\/span><br>\n                    \n\n\n                <\/ul>\n\n                    <\/div>\n\n                    <div class=\"vehicle-price\">\n                                                    <div itemprop=\"priceSpecification\" itemscope itemtype=\"http:\/\/schema.org\/UnitPriceSpecification\">\n                                <meta itemprop=\"priceCurrency\" content=\"EUR\">\n                                <meta itemprop=\"price\" content=\"25.790\">\n                                <strong>\n                                    25.790 \u20ac (Brutto)\n                                <\/strong><br><small>\n                                    Inkl. 19% MwSt.                                <\/small>\n                            <\/div>\n                                                <br>\n                        <a href=\"https:\/\/ford-sachsen.de\/html\/page\/fahrzeuge\/ford-puma-st-line-ganzjahresreifenwinter-paket\/\"\n                            class=\"vehicle-btn wp-block-button__link wp-element-button\">Details<\/a>\n                    <\/div>\n                <\/div> <!-- \/\/ vehicle-row -->\n               \n            <\/article>\n                        <article id=\"post-4811459\" class=\"vehicle\">\n                <hgroup>\n                    <a href=\"https:\/\/ford-sachsen.de\/html\/page\/fahrzeuge\/ford-tourneo-courier-trend-tz-aktiongjrwinter-paket\/\">\n                        <h2 class=\"vehicle-title\">\n                            Ford Tourneo Courier Trend TZ-AKTION+GJR+WINTER-PAKET                        <\/h2>\n\n                    <\/a>\n                <\/hgroup>\n                <span class=\"vehicle-addition\">\n                    <p>\n                        Van\/Minibus ,\n                        Gebrauchtfahrzeug                    <\/p>\n                <\/span>\n                <div class=\"vehicle-row\">\n                    <div class=\"vehicle-thumbnail\">\n                        <a href=\"https:\/\/ford-sachsen.de\/html\/page\/fahrzeuge\/ford-tourneo-courier-trend-tz-aktiongjrwinter-paket\/\" title=\"Ford Tourneo Courier Trend TZ-AKTION+GJR+WINTER-PAKET\">\n                            <img decoding=\"async\" width=\"300\" height=\"225\" src=\"https:\/\/ford-sachsen.de\/html\/page\/wp-content\/uploads\/2026\/09\/4811459-6a97777fbd6a40c67158a-15ac-4166-bb9e-4b9e0e544bd4-rule-mo-1600-300x225.jpg\" class=\"attachment-medium size-medium wp-post-image\" alt=\"\" srcset=\"https:\/\/ford-sachsen.de\/html\/page\/wp-content\/uploads\/2026\/09\/4811459-6a97777fbd6a40c67158a-15ac-4166-bb9e-4b9e0e544bd4-rule-mo-1600-300x225.jpg 300w, https:\/\/ford-sachsen.de\/html\/page\/wp-content\/uploads\/2026\/09\/4811459-6a97777fbd6a40c67158a-15ac-4166-bb9e-4b9e0e544bd4-rule-mo-1600-1024x768.jpg 1024w, https:\/\/ford-sachsen.de\/html\/page\/wp-content\/uploads\/2026\/09\/4811459-6a97777fbd6a40c67158a-15ac-4166-bb9e-4b9e0e544bd4-rule-mo-1600-768x576.jpg 768w, https:\/\/ford-sachsen.de\/html\/page\/wp-content\/uploads\/2026\/09\/4811459-6a97777fbd6a40c67158a-15ac-4166-bb9e-4b9e0e544bd4-rule-mo-1600.jpg 1440w\" sizes=\"(max-width: 300px) 100vw, 300px\" \/>                        <\/a>\n                    <\/div>\n                    <div class=\"vehicle-data\">\n                                                    <small>\n                                                                05.2026                                \u00b7\n                            <\/small>\n                                                                            <small>\n                                25 km\n                            <\/small>\n                                                                            <small>\n                                \u00b7\n                                92 kW\n                                                                (\n                                125 PS)\n                            <\/small>\n                                                                            <small>\n                                \u00b7\n                                Schaltgetriebe                            <\/small>\n                                                                            <small>\n                                \u00b7\n                                Unfallfrei                            <\/small>\n                        \n                                                    <small>\n                                \u00b7\n                                Benzin                            <\/small>\n                                                                                                                            <small>\n                                \u00b7\n                                4\/5 T\u00fcren\n                            <\/small>\n                                                <ul class=\"vehicle-emission\">\n                                                 <span>Verbrauch komb.: \n                                    6.9                                 l\/100km<\/span><br>\n                                                                                \n                                       \n  <!-- CO2-Emissionen\t-->\n                                            <span>CO\u2082-Emissionen komb.: 159.0                                 g\/km<\/span><br>\n                                        <!-- CO2-Emissionen\t-->\n                   \n \n                         <span>CO\u2082-Klasse: \n                                    F                                <\/span><br>\n                    \n\n\n                <\/ul>\n\n                    <\/div>\n\n                    <div class=\"vehicle-price\">\n                                                    <div itemprop=\"priceSpecification\" itemscope itemtype=\"http:\/\/schema.org\/UnitPriceSpecification\">\n                                <meta itemprop=\"priceCurrency\" content=\"EUR\">\n                                <meta itemprop=\"price\" content=\"22.890\">\n                                <strong>\n                                    22.890 \u20ac (Brutto)\n                                <\/strong><br><small>\n                                    Inkl. 19% MwSt.                                <\/small>\n                            <\/div>\n                                                <br>\n                        <a href=\"https:\/\/ford-sachsen.de\/html\/page\/fahrzeuge\/ford-tourneo-courier-trend-tz-aktiongjrwinter-paket\/\"\n                            class=\"vehicle-btn wp-block-button__link wp-element-button\">Details<\/a>\n                    <\/div>\n                <\/div> <!-- \/\/ vehicle-row -->\n               \n            <\/article>\n                        <article id=\"post-4811457\" class=\"vehicle\">\n                <hgroup>\n                    <a href=\"https:\/\/ford-sachsen.de\/html\/page\/fahrzeuge\/mitsubishi-colt-edition-navi-digitales-cockpit-led-acc-appl-2\/\">\n                        <h2 class=\"vehicle-title\">\n                            Mitsubishi Colt Edition Navi Digitales Cockpit LED ACC Appl                        <\/h2>\n\n                    <\/a>\n                <\/hgroup>\n                <span class=\"vehicle-addition\">\n                    <p>\n                        Limousine ,\n                        Gebrauchtfahrzeug                    <\/p>\n                <\/span>\n                <div class=\"vehicle-row\">\n                    <div class=\"vehicle-thumbnail\">\n                        <a href=\"https:\/\/ford-sachsen.de\/html\/page\/fahrzeuge\/mitsubishi-colt-edition-navi-digitales-cockpit-led-acc-appl-2\/\" title=\"Mitsubishi Colt Edition Navi Digitales Cockpit LED ACC Appl\">\n                            <img loading=\"lazy\" decoding=\"async\" width=\"300\" height=\"225\" src=\"https:\/\/ford-sachsen.de\/html\/page\/wp-content\/uploads\/2026\/09\/4811457-6a97777e070f07d2b0cd0-7e4b-4009-a251-55cf12a2f1fa-rule-mo-1600-300x225.jpg\" class=\"attachment-medium size-medium wp-post-image\" alt=\"\" srcset=\"https:\/\/ford-sachsen.de\/html\/page\/wp-content\/uploads\/2026\/09\/4811457-6a97777e070f07d2b0cd0-7e4b-4009-a251-55cf12a2f1fa-rule-mo-1600-300x225.jpg 300w, https:\/\/ford-sachsen.de\/html\/page\/wp-content\/uploads\/2026\/09\/4811457-6a97777e070f07d2b0cd0-7e4b-4009-a251-55cf12a2f1fa-rule-mo-1600-1024x768.jpg 1024w, https:\/\/ford-sachsen.de\/html\/page\/wp-content\/uploads\/2026\/09\/4811457-6a97777e070f07d2b0cd0-7e4b-4009-a251-55cf12a2f1fa-rule-mo-1600-768x576.jpg 768w, https:\/\/ford-sachsen.de\/html\/page\/wp-content\/uploads\/2026\/09\/4811457-6a97777e070f07d2b0cd0-7e4b-4009-a251-55cf12a2f1fa-rule-mo-1600.jpg 1440w\" sizes=\"(max-width: 300px) 100vw, 300px\" \/>                        <\/a>\n                    <\/div>\n                    <div class=\"vehicle-data\">\n                                                    <small>\n                                                                12.2025                                \u00b7\n                            <\/small>\n                                                                            <small>\n                                1.250 km\n                            <\/small>\n                                                                            <small>\n                                \u00b7\n                                67 kW\n                                                                (\n                                91 PS)\n                            <\/small>\n                                                                            <small>\n                                \u00b7\n                                Schaltgetriebe                            <\/small>\n                                                                            <small>\n                                \u00b7\n                                Unfallfrei                            <\/small>\n                        \n                                                    <small>\n                                \u00b7\n                                Benzin                            <\/small>\n                                                                                                                            <small>\n                                \u00b7\n                                4\/5 T\u00fcren\n                            <\/small>\n                                                <ul class=\"vehicle-emission\">\n                                                 <span>Verbrauch komb.: \n                                    5.3                                 l\/100km<\/span><br>\n                                                                                \n                                       \n  <!-- CO2-Emissionen\t-->\n                                            <span>CO\u2082-Emissionen komb.: 119.0                                 g\/km<\/span><br>\n                                        <!-- CO2-Emissionen\t-->\n                   \n \n                         <span>CO\u2082-Klasse: \n                                    D                                <\/span><br>\n                    \n\n\n                <\/ul>\n\n                    <\/div>\n\n                    <div class=\"vehicle-price\">\n                                                    <div itemprop=\"priceSpecification\" itemscope itemtype=\"http:\/\/schema.org\/UnitPriceSpecification\">\n                                <meta itemprop=\"priceCurrency\" content=\"EUR\">\n                                <meta itemprop=\"price\" content=\"19.950\">\n                                <strong>\n                                    19.950 \u20ac (Brutto)\n                                <\/strong><br><small>\n                                    Inkl. 19% MwSt.                                <\/small>\n                            <\/div>\n                                                <br>\n                        <a href=\"https:\/\/ford-sachsen.de\/html\/page\/fahrzeuge\/mitsubishi-colt-edition-navi-digitales-cockpit-led-acc-appl-2\/\"\n                            class=\"vehicle-btn wp-block-button__link wp-element-button\">Details<\/a>\n                    <\/div>\n                <\/div> <!-- \/\/ vehicle-row -->\n               \n            <\/article>\n                        <article id=\"post-4811455\" class=\"vehicle\">\n                <hgroup>\n                    <a href=\"https:\/\/ford-sachsen.de\/html\/page\/fahrzeuge\/mitsubishi-colt-edition-navi-digitales-cockpit-led-acc-appl\/\">\n                        <h2 class=\"vehicle-title\">\n                            Mitsubishi Colt Edition Navi Digitales Cockpit LED ACC Appl                        <\/h2>\n\n                    <\/a>\n                <\/hgroup>\n                <span class=\"vehicle-addition\">\n                    <p>\n                        Limousine ,\n                        Gebrauchtfahrzeug                    <\/p>\n                <\/span>\n                <div class=\"vehicle-row\">\n                    <div class=\"vehicle-thumbnail\">\n                        <a href=\"https:\/\/ford-sachsen.de\/html\/page\/fahrzeuge\/mitsubishi-colt-edition-navi-digitales-cockpit-led-acc-appl\/\" title=\"Mitsubishi Colt Edition Navi Digitales Cockpit LED ACC Appl\">\n                            <img loading=\"lazy\" decoding=\"async\" width=\"300\" height=\"225\" src=\"https:\/\/ford-sachsen.de\/html\/page\/wp-content\/uploads\/2026\/09\/4811455-6a97777c338f46e965a09-b97c-4c35-89f0-581504b9ea5e-rule-mo-1600-300x225.jpg\" class=\"attachment-medium size-medium wp-post-image\" alt=\"\" srcset=\"https:\/\/ford-sachsen.de\/html\/page\/wp-content\/uploads\/2026\/09\/4811455-6a97777c338f46e965a09-b97c-4c35-89f0-581504b9ea5e-rule-mo-1600-300x225.jpg 300w, https:\/\/ford-sachsen.de\/html\/page\/wp-content\/uploads\/2026\/09\/4811455-6a97777c338f46e965a09-b97c-4c35-89f0-581504b9ea5e-rule-mo-1600-1024x768.jpg 1024w, https:\/\/ford-sachsen.de\/html\/page\/wp-content\/uploads\/2026\/09\/4811455-6a97777c338f46e965a09-b97c-4c35-89f0-581504b9ea5e-rule-mo-1600-768x576.jpg 768w, https:\/\/ford-sachsen.de\/html\/page\/wp-content\/uploads\/2026\/09\/4811455-6a97777c338f46e965a09-b97c-4c35-89f0-581504b9ea5e-rule-mo-1600.jpg 1440w\" sizes=\"(max-width: 300px) 100vw, 300px\" \/>                        <\/a>\n                    <\/div>\n                    <div class=\"vehicle-data\">\n                                                    <small>\n                                                                12.2025                                \u00b7\n                            <\/small>\n                                                                            <small>\n                                1.250 km\n                            <\/small>\n                                                                            <small>\n                                \u00b7\n                                67 kW\n                                                                (\n                                91 PS)\n                            <\/small>\n                                                                            <small>\n                                \u00b7\n                                Schaltgetriebe                            <\/small>\n                                                                            <small>\n                                \u00b7\n                                Unfallfrei                            <\/small>\n                        \n                                                    <small>\n                                \u00b7\n                                Benzin                            <\/small>\n                                                                                                                            <small>\n                                \u00b7\n                                4\/5 T\u00fcren\n                            <\/small>\n                                                <ul class=\"vehicle-emission\">\n                                                 <span>Verbrauch komb.: \n                                    5.3                                 l\/100km<\/span><br>\n                                                                                \n                                       \n  <!-- CO2-Emissionen\t-->\n                                            <span>CO\u2082-Emissionen komb.: 119.0                                 g\/km<\/span><br>\n                                        <!-- CO2-Emissionen\t-->\n                   \n \n                         <span>CO\u2082-Klasse: \n                                    D                                <\/span><br>\n                    \n\n\n                <\/ul>\n\n                    <\/div>\n\n                    <div class=\"vehicle-price\">\n                                                    <div itemprop=\"priceSpecification\" itemscope itemtype=\"http:\/\/schema.org\/UnitPriceSpecification\">\n                                <meta itemprop=\"priceCurrency\" content=\"EUR\">\n                                <meta itemprop=\"price\" content=\"19.950\">\n                                <strong>\n                                    19.950 \u20ac (Brutto)\n                                <\/strong><br><small>\n                                    Inkl. 19% MwSt.                                <\/small>\n                            <\/div>\n                                                <br>\n                        <a href=\"https:\/\/ford-sachsen.de\/html\/page\/fahrzeuge\/mitsubishi-colt-edition-navi-digitales-cockpit-led-acc-appl\/\"\n                            class=\"vehicle-btn wp-block-button__link wp-element-button\">Details<\/a>\n                    <\/div>\n                <\/div> <!-- \/\/ vehicle-row -->\n               \n            <\/article>\n                        <article id=\"post-4811453\" class=\"vehicle\">\n                <hgroup>\n                    <a href=\"https:\/\/ford-sachsen.de\/html\/page\/fahrzeuge\/mitsubishi-colt-plus-10-t-ahk-navi-digitales-cockpit-led-a\/\">\n                        <h2 class=\"vehicle-title\">\n                            Mitsubishi Colt Plus 1,0 T AHK Navi Digitales Cockpit LED A                        <\/h2>\n\n                    <\/a>\n                <\/hgroup>\n                <span class=\"vehicle-addition\">\n                    <p>\n                        Limousine ,\n                        Gebrauchtfahrzeug                    <\/p>\n                <\/span>\n                <div class=\"vehicle-row\">\n                    <div class=\"vehicle-thumbnail\">\n                        <a href=\"https:\/\/ford-sachsen.de\/html\/page\/fahrzeuge\/mitsubishi-colt-plus-10-t-ahk-navi-digitales-cockpit-led-a\/\" title=\"Mitsubishi Colt Plus 1,0 T AHK Navi Digitales Cockpit LED A\">\n                            <img loading=\"lazy\" decoding=\"async\" width=\"300\" height=\"225\" src=\"https:\/\/ford-sachsen.de\/html\/page\/wp-content\/uploads\/2026\/09\/4811453-6a97777a69417b7b8eb8a-c8d6-43a3-b27a-bb5d68024225-rule-mo-1600-300x225.jpg\" class=\"attachment-medium size-medium wp-post-image\" alt=\"\" srcset=\"https:\/\/ford-sachsen.de\/html\/page\/wp-content\/uploads\/2026\/09\/4811453-6a97777a69417b7b8eb8a-c8d6-43a3-b27a-bb5d68024225-rule-mo-1600-300x225.jpg 300w, https:\/\/ford-sachsen.de\/html\/page\/wp-content\/uploads\/2026\/09\/4811453-6a97777a69417b7b8eb8a-c8d6-43a3-b27a-bb5d68024225-rule-mo-1600-1024x768.jpg 1024w, https:\/\/ford-sachsen.de\/html\/page\/wp-content\/uploads\/2026\/09\/4811453-6a97777a69417b7b8eb8a-c8d6-43a3-b27a-bb5d68024225-rule-mo-1600-768x576.jpg 768w, https:\/\/ford-sachsen.de\/html\/page\/wp-content\/uploads\/2026\/09\/4811453-6a97777a69417b7b8eb8a-c8d6-43a3-b27a-bb5d68024225-rule-mo-1600.jpg 1440w\" sizes=\"(max-width: 300px) 100vw, 300px\" \/>                        <\/a>\n                    <\/div>\n                    <div class=\"vehicle-data\">\n                                                    <small>\n                                                                12.2025                                \u00b7\n                            <\/small>\n                                                                            <small>\n                                1.250 km\n                            <\/small>\n                                                                            <small>\n                                \u00b7\n                                67 kW\n                                                                (\n                                91 PS)\n                            <\/small>\n                                                                            <small>\n                                \u00b7\n                                Schaltgetriebe                            <\/small>\n                                                                            <small>\n                                \u00b7\n                                Unfallfrei                            <\/small>\n                        \n                                                    <small>\n                                \u00b7\n                                Benzin                            <\/small>\n                                                                                                                            <small>\n                                \u00b7\n                                4\/5 T\u00fcren\n                            <\/small>\n                                                <ul class=\"vehicle-emission\">\n                                                 <span>Verbrauch komb.: \n                                    5.2                                 l\/100km<\/span><br>\n                                                                                \n                                       \n  <!-- CO2-Emissionen\t-->\n                                            <span>CO\u2082-Emissionen komb.: 118.0                                 g\/km<\/span><br>\n                                        <!-- CO2-Emissionen\t-->\n                   \n \n                         <span>CO\u2082-Klasse: \n                                    D                                <\/span><br>\n                    \n\n\n                <\/ul>\n\n                    <\/div>\n\n                    <div class=\"vehicle-price\">\n                                                    <div itemprop=\"priceSpecification\" itemscope itemtype=\"http:\/\/schema.org\/UnitPriceSpecification\">\n                                <meta itemprop=\"priceCurrency\" content=\"EUR\">\n                                <meta itemprop=\"price\" content=\"19.950\">\n                                <strong>\n                                    19.950 \u20ac (Brutto)\n                                <\/strong><br><small>\n                                    Inkl. 19% MwSt.                                <\/small>\n                            <\/div>\n                                                <br>\n                        <a href=\"https:\/\/ford-sachsen.de\/html\/page\/fahrzeuge\/mitsubishi-colt-plus-10-t-ahk-navi-digitales-cockpit-led-a\/\"\n                            class=\"vehicle-btn wp-block-button__link wp-element-button\">Details<\/a>\n                    <\/div>\n                <\/div> <!-- \/\/ vehicle-row -->\n               \n            <\/article>\n                        <article id=\"post-4811451\" class=\"vehicle\">\n                <hgroup>\n                    <a href=\"https:\/\/ford-sachsen.de\/html\/page\/fahrzeuge\/mitsubishi-colt-plus-1-0-navi-kamera-led-shz\/\">\n                        <h2 class=\"vehicle-title\">\n                            Mitsubishi Colt Plus 1.0 + Navi + Kamera + LED + SHZ                        <\/h2>\n\n                    <\/a>\n                <\/hgroup>\n                <span class=\"vehicle-addition\">\n                    <p>\n                        Limousine ,\n                        Gebrauchtfahrzeug                    <\/p>\n                <\/span>\n                <div class=\"vehicle-row\">\n                    <div class=\"vehicle-thumbnail\">\n                        <a href=\"https:\/\/ford-sachsen.de\/html\/page\/fahrzeuge\/mitsubishi-colt-plus-1-0-navi-kamera-led-shz\/\" title=\"Mitsubishi Colt Plus 1.0 + Navi + Kamera + LED + SHZ\">\n                            <img loading=\"lazy\" decoding=\"async\" width=\"300\" height=\"225\" src=\"https:\/\/ford-sachsen.de\/html\/page\/wp-content\/uploads\/2026\/09\/4811451-6a977778aa1bdfc73965f-8580-474f-ab8b-77752ab39199-rule-mo-1600-300x225.jpg\" class=\"attachment-medium size-medium wp-post-image\" alt=\"\" srcset=\"https:\/\/ford-sachsen.de\/html\/page\/wp-content\/uploads\/2026\/09\/4811451-6a977778aa1bdfc73965f-8580-474f-ab8b-77752ab39199-rule-mo-1600-300x225.jpg 300w, https:\/\/ford-sachsen.de\/html\/page\/wp-content\/uploads\/2026\/09\/4811451-6a977778aa1bdfc73965f-8580-474f-ab8b-77752ab39199-rule-mo-1600-1024x768.jpg 1024w, https:\/\/ford-sachsen.de\/html\/page\/wp-content\/uploads\/2026\/09\/4811451-6a977778aa1bdfc73965f-8580-474f-ab8b-77752ab39199-rule-mo-1600-768x576.jpg 768w, https:\/\/ford-sachsen.de\/html\/page\/wp-content\/uploads\/2026\/09\/4811451-6a977778aa1bdfc73965f-8580-474f-ab8b-77752ab39199-rule-mo-1600.jpg 1440w\" sizes=\"(max-width: 300px) 100vw, 300px\" \/>                        <\/a>\n                    <\/div>\n                    <div class=\"vehicle-data\">\n                                                    <small>\n                                                                12.2025                                \u00b7\n                            <\/small>\n                                                                            <small>\n                                1.250 km\n                            <\/small>\n                                                                            <small>\n                                \u00b7\n                                49 kW\n                                                                (\n                                67 PS)\n                            <\/small>\n                                                                            <small>\n                                \u00b7\n                                Schaltgetriebe                            <\/small>\n                                                                            <small>\n                                \u00b7\n                                Unfallfrei                            <\/small>\n                        \n                                                    <small>\n                                \u00b7\n                                Benzin                            <\/small>\n                                                                                                                            <small>\n                                \u00b7\n                                4\/5 T\u00fcren\n                            <\/small>\n                                                <ul class=\"vehicle-emission\">\n                                                 <span>Verbrauch komb.: \n                                    5.4                                 l\/100km<\/span><br>\n                                                                                \n                                       \n  <!-- CO2-Emissionen\t-->\n                                            <span>CO\u2082-Emissionen komb.: 121.0                                 g\/km<\/span><br>\n                                        <!-- CO2-Emissionen\t-->\n                   \n \n                         <span>CO\u2082-Klasse: \n                                    D                                <\/span><br>\n                    \n\n\n                <\/ul>\n\n                    <\/div>\n\n                    <div class=\"vehicle-price\">\n                                                    <div itemprop=\"priceSpecification\" itemscope itemtype=\"http:\/\/schema.org\/UnitPriceSpecification\">\n                                <meta itemprop=\"priceCurrency\" content=\"EUR\">\n                                <meta itemprop=\"price\" content=\"17.750\">\n                                <strong>\n                                    17.750 \u20ac (Brutto)\n                                <\/strong><br><small>\n                                    Inkl. 19% MwSt.                                <\/small>\n                            <\/div>\n                                                <br>\n                        <a href=\"https:\/\/ford-sachsen.de\/html\/page\/fahrzeuge\/mitsubishi-colt-plus-1-0-navi-kamera-led-shz\/\"\n                            class=\"vehicle-btn wp-block-button__link wp-element-button\">Details<\/a>\n                    <\/div>\n                <\/div> <!-- \/\/ vehicle-row -->\n               \n            <\/article>\n                        <article id=\"post-4811449\" class=\"vehicle\">\n                <hgroup>\n                    <a href=\"https:\/\/ford-sachsen.de\/html\/page\/fahrzeuge\/ford-kuga-phev-titanium-winter-technologie-navi-rueckf\/\">\n                        <h2 class=\"vehicle-title\">\n                            Ford Kuga PHEV Titanium WINTER TECHNOLOGIE NAVI R\u00dcCKF                        <\/h2>\n\n                    <\/a>\n                <\/hgroup>\n                <span class=\"vehicle-addition\">\n                    <p>\n                        SUV\/Gel\u00e4ndewagen\/Pickup ,\n                        Gebrauchtfahrzeug                    <\/p>\n                <\/span>\n                <div class=\"vehicle-row\">\n                    <div class=\"vehicle-thumbnail\">\n                        <a href=\"https:\/\/ford-sachsen.de\/html\/page\/fahrzeuge\/ford-kuga-phev-titanium-winter-technologie-navi-rueckf\/\" title=\"Ford Kuga PHEV Titanium WINTER TECHNOLOGIE NAVI R\u00dcCKF\">\n                            <img loading=\"lazy\" decoding=\"async\" width=\"300\" height=\"225\" src=\"https:\/\/ford-sachsen.de\/html\/page\/wp-content\/uploads\/2026\/09\/4811449-6a977776de005435937d0-6354-41c9-9af7-ad4fe5ab93ee-rule-mo-1600-300x225.jpg\" class=\"attachment-medium size-medium wp-post-image\" alt=\"\" srcset=\"https:\/\/ford-sachsen.de\/html\/page\/wp-content\/uploads\/2026\/09\/4811449-6a977776de005435937d0-6354-41c9-9af7-ad4fe5ab93ee-rule-mo-1600-300x225.jpg 300w, https:\/\/ford-sachsen.de\/html\/page\/wp-content\/uploads\/2026\/09\/4811449-6a977776de005435937d0-6354-41c9-9af7-ad4fe5ab93ee-rule-mo-1600-1024x768.jpg 1024w, https:\/\/ford-sachsen.de\/html\/page\/wp-content\/uploads\/2026\/09\/4811449-6a977776de005435937d0-6354-41c9-9af7-ad4fe5ab93ee-rule-mo-1600-768x576.jpg 768w, https:\/\/ford-sachsen.de\/html\/page\/wp-content\/uploads\/2026\/09\/4811449-6a977776de005435937d0-6354-41c9-9af7-ad4fe5ab93ee-rule-mo-1600.jpg 1440w\" sizes=\"(max-width: 300px) 100vw, 300px\" \/>                        <\/a>\n                    <\/div>\n                    <div class=\"vehicle-data\">\n                                                    <small>\n                                                                12.2021                                \u00b7\n                            <\/small>\n                                                                            <small>\n                                59.193 km\n                            <\/small>\n                                                                            <small>\n                                \u00b7\n                                165 kW\n                                                                (\n                                224 PS)\n                            <\/small>\n                                                                            <small>\n                                \u00b7\n                                Automatik                            <\/small>\n                                                                            <small>\n                                \u00b7\n                                Unfallfrei                            <\/small>\n                        \n                                                    <small>\n                                \u00b7\n                                Plug-in-Hybrid                            <\/small>\n                                                                                                                            <small>\n                                \u00b7\n                                4\/5 T\u00fcren\n                            <\/small>\n                                                <ul class=\"vehicle-emission\">\n                                                                                     \n                                       \n  <!-- CO2-Emissionen\t-->\n                                        <!-- CO2-Emissionen\t-->\n                   \n \n \n\n\n                <\/ul>\n\n                    <\/div>\n\n                    <div class=\"vehicle-price\">\n                                                    <div itemprop=\"priceSpecification\" itemscope itemtype=\"http:\/\/schema.org\/UnitPriceSpecification\">\n                                <meta itemprop=\"priceCurrency\" content=\"EUR\">\n                                <meta itemprop=\"price\" content=\"23.390\">\n                                <strong>\n                                    23.390 \u20ac (Brutto)\n                                <\/strong><br><small>\n                                    Inkl. 19% MwSt.                                <\/small>\n                            <\/div>\n                                                <br>\n                        <a href=\"https:\/\/ford-sachsen.de\/html\/page\/fahrzeuge\/ford-kuga-phev-titanium-winter-technologie-navi-rueckf\/\"\n                            class=\"vehicle-btn wp-block-button__link wp-element-button\">Details<\/a>\n                    <\/div>\n                <\/div> <!-- \/\/ vehicle-row -->\n               \n            <\/article>\n                        <article id=\"post-4811447\" class=\"vehicle\">\n                <hgroup>\n                    <a href=\"https:\/\/ford-sachsen.de\/html\/page\/fahrzeuge\/ford-kuga-plug-in-hybrid-phev-st-line-ahk-klappbar-na\/\">\n                        <h2 class=\"vehicle-title\">\n                            Ford Kuga Plug-In Hybrid PHEV ST-Line AHK-klappbar Na                        <\/h2>\n\n                    <\/a>\n                <\/hgroup>\n                <span class=\"vehicle-addition\">\n                    <p>\n                        SUV\/Gel\u00e4ndewagen\/Pickup ,\n                        Gebrauchtfahrzeug                    <\/p>\n                <\/span>\n                <div class=\"vehicle-row\">\n                    <div class=\"vehicle-thumbnail\">\n                        <a href=\"https:\/\/ford-sachsen.de\/html\/page\/fahrzeuge\/ford-kuga-plug-in-hybrid-phev-st-line-ahk-klappbar-na\/\" title=\"Ford Kuga Plug-In Hybrid PHEV ST-Line AHK-klappbar Na\">\n                            <img loading=\"lazy\" decoding=\"async\" width=\"300\" height=\"225\" src=\"https:\/\/ford-sachsen.de\/html\/page\/wp-content\/uploads\/2026\/09\/4811447-6a977775403b8435937d0-6354-41c9-9af7-ad4fe5ab93ee-rule-mo-1600-300x225.jpg\" class=\"attachment-medium size-medium wp-post-image\" alt=\"\" srcset=\"https:\/\/ford-sachsen.de\/html\/page\/wp-content\/uploads\/2026\/09\/4811447-6a977775403b8435937d0-6354-41c9-9af7-ad4fe5ab93ee-rule-mo-1600-300x225.jpg 300w, https:\/\/ford-sachsen.de\/html\/page\/wp-content\/uploads\/2026\/09\/4811447-6a977775403b8435937d0-6354-41c9-9af7-ad4fe5ab93ee-rule-mo-1600-1024x768.jpg 1024w, https:\/\/ford-sachsen.de\/html\/page\/wp-content\/uploads\/2026\/09\/4811447-6a977775403b8435937d0-6354-41c9-9af7-ad4fe5ab93ee-rule-mo-1600-768x576.jpg 768w, https:\/\/ford-sachsen.de\/html\/page\/wp-content\/uploads\/2026\/09\/4811447-6a977775403b8435937d0-6354-41c9-9af7-ad4fe5ab93ee-rule-mo-1600.jpg 1440w\" sizes=\"(max-width: 300px) 100vw, 300px\" \/>                        <\/a>\n                    <\/div>\n                    <div class=\"vehicle-data\">\n                                                    <small>\n                                                                09.2022                                \u00b7\n                            <\/small>\n                                                                            <small>\n                                42.257 km\n                            <\/small>\n                                                                            <small>\n                                \u00b7\n                                165 kW\n                                                                (\n                                224 PS)\n                            <\/small>\n                                                                            <small>\n                                \u00b7\n                                Automatik                            <\/small>\n                                                                            <small>\n                                \u00b7\n                                Unfallfrei                            <\/small>\n                        \n                                                    <small>\n                                \u00b7\n                                Plug-in-Hybrid                            <\/small>\n                                                                                                                            <small>\n                                \u00b7\n                                4\/5 T\u00fcren\n                            <\/small>\n                                                <ul class=\"vehicle-emission\">\n                                                                                     \n                                       \n  <!-- CO2-Emissionen\t-->\n                                        <!-- CO2-Emissionen\t-->\n                   \n \n \n\n\n                <\/ul>\n\n                    <\/div>\n\n                    <div class=\"vehicle-price\">\n                                                    <div itemprop=\"priceSpecification\" itemscope itemtype=\"http:\/\/schema.org\/UnitPriceSpecification\">\n                                <meta itemprop=\"priceCurrency\" content=\"EUR\">\n                                <meta itemprop=\"price\" content=\"23.890\">\n                                <strong>\n                                    23.890 \u20ac (Brutto)\n                                <\/strong><br><small>\n                                    Inkl. 19% MwSt.                                <\/small>\n                            <\/div>\n                                                <br>\n                        <a href=\"https:\/\/ford-sachsen.de\/html\/page\/fahrzeuge\/ford-kuga-plug-in-hybrid-phev-st-line-ahk-klappbar-na\/\"\n                            class=\"vehicle-btn wp-block-button__link wp-element-button\">Details<\/a>\n                    <\/div>\n                <\/div> <!-- \/\/ vehicle-row -->\n               \n            <\/article>\n                        <article id=\"post-4811445\" class=\"vehicle\">\n                <hgroup>\n                    <a href=\"https:\/\/ford-sachsen.de\/html\/page\/fahrzeuge\/ford-puma-cool-connect-komfortwinter-paket\/\">\n                        <h2 class=\"vehicle-title\">\n                            Ford Puma Cool &amp; Connect KOMFORT+WINTER-PAKET                        <\/h2>\n\n                    <\/a>\n                <\/hgroup>\n                <span class=\"vehicle-addition\">\n                    <p>\n                        SUV\/Gel\u00e4ndewagen\/Pickup ,\n                        Gebrauchtfahrzeug                    <\/p>\n                <\/span>\n                <div class=\"vehicle-row\">\n                    <div class=\"vehicle-thumbnail\">\n                        <a href=\"https:\/\/ford-sachsen.de\/html\/page\/fahrzeuge\/ford-puma-cool-connect-komfortwinter-paket\/\" title=\"Ford Puma Cool &amp; Connect KOMFORT+WINTER-PAKET\">\n                            <img loading=\"lazy\" decoding=\"async\" width=\"300\" height=\"225\" src=\"https:\/\/ford-sachsen.de\/html\/page\/wp-content\/uploads\/2026\/09\/4811445-6a9777739758bb809027a-2fb7-44d0-a9c4-c4bd619b3e31-rule-mo-1600-300x225.jpg\" class=\"attachment-medium size-medium wp-post-image\" alt=\"\" srcset=\"https:\/\/ford-sachsen.de\/html\/page\/wp-content\/uploads\/2026\/09\/4811445-6a9777739758bb809027a-2fb7-44d0-a9c4-c4bd619b3e31-rule-mo-1600-300x225.jpg 300w, https:\/\/ford-sachsen.de\/html\/page\/wp-content\/uploads\/2026\/09\/4811445-6a9777739758bb809027a-2fb7-44d0-a9c4-c4bd619b3e31-rule-mo-1600-1024x768.jpg 1024w, https:\/\/ford-sachsen.de\/html\/page\/wp-content\/uploads\/2026\/09\/4811445-6a9777739758bb809027a-2fb7-44d0-a9c4-c4bd619b3e31-rule-mo-1600-768x576.jpg 768w, https:\/\/ford-sachsen.de\/html\/page\/wp-content\/uploads\/2026\/09\/4811445-6a9777739758bb809027a-2fb7-44d0-a9c4-c4bd619b3e31-rule-mo-1600.jpg 1440w\" sizes=\"(max-width: 300px) 100vw, 300px\" \/>                        <\/a>\n                    <\/div>\n                    <div class=\"vehicle-data\">\n                                                    <small>\n                                                                04.2021                                \u00b7\n                            <\/small>\n                                                                            <small>\n                                25.976 km\n                            <\/small>\n                                                                            <small>\n                                \u00b7\n                                92 kW\n                                                                (\n                                125 PS)\n                            <\/small>\n                                                                            <small>\n                                \u00b7\n                                Schaltgetriebe                            <\/small>\n                                                                            <small>\n                                \u00b7\n                                Unfallfrei                            <\/small>\n                        \n                                                    <small>\n                                \u00b7\n                                Benzin                            <\/small>\n                                                                                                                            <small>\n                                \u00b7\n                                4\/5 T\u00fcren\n                            <\/small>\n                                                <ul class=\"vehicle-emission\">\n                                                                                     \n                                       \n  <!-- CO2-Emissionen\t-->\n                                        <!-- CO2-Emissionen\t-->\n                   \n \n \n\n\n                <\/ul>\n\n                    <\/div>\n\n                    <div class=\"vehicle-price\">\n                                                    <div itemprop=\"priceSpecification\" itemscope itemtype=\"http:\/\/schema.org\/UnitPriceSpecification\">\n                                <meta itemprop=\"priceCurrency\" content=\"EUR\">\n                                <meta itemprop=\"price\" content=\"14.790\">\n                                <strong>\n                                    14.790 \u20ac (Brutto)\n                                <\/strong><br><small>\n                                    Inkl. 19% MwSt.                                <\/small>\n                            <\/div>\n                                                <br>\n                        <a href=\"https:\/\/ford-sachsen.de\/html\/page\/fahrzeuge\/ford-puma-cool-connect-komfortwinter-paket\/\"\n                            class=\"vehicle-btn wp-block-button__link wp-element-button\">Details<\/a>\n                    <\/div>\n                <\/div> <!-- \/\/ vehicle-row -->\n               \n            <\/article>\n                        <article id=\"post-4811443\" class=\"vehicle\">\n                <hgroup>\n                    <a href=\"https:\/\/ford-sachsen.de\/html\/page\/fahrzeuge\/ford-puma-mhev-cool-connect-winterpaket-klima-tempo\/\">\n                        <h2 class=\"vehicle-title\">\n                            Ford Puma MHEV Cool &amp; Connect WINTERPAKET KLIMA TEMPO                        <\/h2>\n\n                    <\/a>\n                <\/hgroup>\n                <span class=\"vehicle-addition\">\n                    <p>\n                        SUV\/Gel\u00e4ndewagen\/Pickup ,\n                        Gebrauchtfahrzeug                    <\/p>\n                <\/span>\n                <div class=\"vehicle-row\">\n                    <div class=\"vehicle-thumbnail\">\n                        <a href=\"https:\/\/ford-sachsen.de\/html\/page\/fahrzeuge\/ford-puma-mhev-cool-connect-winterpaket-klima-tempo\/\" title=\"Ford Puma MHEV Cool &amp; Connect WINTERPAKET KLIMA TEMPO\">\n                            <img loading=\"lazy\" decoding=\"async\" width=\"300\" height=\"225\" src=\"https:\/\/ford-sachsen.de\/html\/page\/wp-content\/uploads\/2026\/09\/4811443-6a9777721181845c5a739-ce4d-478f-b312-9734367c74d0-rule-mo-1600-300x225.jpg\" class=\"attachment-medium size-medium wp-post-image\" alt=\"\" srcset=\"https:\/\/ford-sachsen.de\/html\/page\/wp-content\/uploads\/2026\/09\/4811443-6a9777721181845c5a739-ce4d-478f-b312-9734367c74d0-rule-mo-1600-300x225.jpg 300w, https:\/\/ford-sachsen.de\/html\/page\/wp-content\/uploads\/2026\/09\/4811443-6a9777721181845c5a739-ce4d-478f-b312-9734367c74d0-rule-mo-1600-1024x768.jpg 1024w, https:\/\/ford-sachsen.de\/html\/page\/wp-content\/uploads\/2026\/09\/4811443-6a9777721181845c5a739-ce4d-478f-b312-9734367c74d0-rule-mo-1600-768x576.jpg 768w, https:\/\/ford-sachsen.de\/html\/page\/wp-content\/uploads\/2026\/09\/4811443-6a9777721181845c5a739-ce4d-478f-b312-9734367c74d0-rule-mo-1600.jpg 1440w\" sizes=\"(max-width: 300px) 100vw, 300px\" \/>                        <\/a>\n                    <\/div>\n                    <div class=\"vehicle-data\">\n                                                    <small>\n                                                                12.2020                                \u00b7\n                            <\/small>\n                                                                            <small>\n                                30.580 km\n                            <\/small>\n                                                                            <small>\n                                \u00b7\n                                92 kW\n                                                                (\n                                125 PS)\n                            <\/small>\n                                                                            <small>\n                                \u00b7\n                                Schaltgetriebe                            <\/small>\n                                                                            <small>\n                                \u00b7\n                                Unfallfrei                            <\/small>\n                        \n                                                    <small>\n                                \u00b7\n                                Benzin                            <\/small>\n                                                                                                                            <small>\n                                \u00b7\n                                4\/5 T\u00fcren\n                            <\/small>\n                                                <ul class=\"vehicle-emission\">\n                                                                                     \n                                       \n  <!-- CO2-Emissionen\t-->\n                                        <!-- CO2-Emissionen\t-->\n                   \n \n \n\n\n                <\/ul>\n\n                    <\/div>\n\n                    <div class=\"vehicle-price\">\n                                                    <div itemprop=\"priceSpecification\" itemscope itemtype=\"http:\/\/schema.org\/UnitPriceSpecification\">\n                                <meta itemprop=\"priceCurrency\" content=\"EUR\">\n                                <meta itemprop=\"price\" content=\"13.990\">\n                                <strong>\n                                    13.990 \u20ac (Brutto)\n                                <\/strong><br><small>\n                                    MwSt. nicht ausweisbar                                <\/small>\n                            <\/div>\n                                                <br>\n                        <a href=\"https:\/\/ford-sachsen.de\/html\/page\/fahrzeuge\/ford-puma-mhev-cool-connect-winterpaket-klima-tempo\/\"\n                            class=\"vehicle-btn wp-block-button__link wp-element-button\">Details<\/a>\n                    <\/div>\n                <\/div> <!-- \/\/ vehicle-row -->\n               \n            <\/article>\n                        <article id=\"post-4811441\" class=\"vehicle\">\n                <hgroup>\n                    <a href=\"https:\/\/ford-sachsen.de\/html\/page\/fahrzeuge\/ford-tourneo-courier-active-dachkontrastfarbe-schwarz\/\">\n                        <h2 class=\"vehicle-title\">\n                            Ford Tourneo Courier Active DACHKONTRASTFARBE SCHWARZ                        <\/h2>\n\n                    <\/a>\n                <\/hgroup>\n                <span class=\"vehicle-addition\">\n                    <p>\n                        Van\/Minibus ,\n                        Gebrauchtfahrzeug                    <\/p>\n                <\/span>\n                <div class=\"vehicle-row\">\n                    <div class=\"vehicle-thumbnail\">\n                        <a href=\"https:\/\/ford-sachsen.de\/html\/page\/fahrzeuge\/ford-tourneo-courier-active-dachkontrastfarbe-schwarz\/\" title=\"Ford Tourneo Courier Active DACHKONTRASTFARBE SCHWARZ\">\n                            <img loading=\"lazy\" decoding=\"async\" width=\"300\" height=\"225\" src=\"https:\/\/ford-sachsen.de\/html\/page\/wp-content\/uploads\/2026\/09\/4811441-6a97777041dfdd86b30df-e38b-4bff-957a-a197c240933b-rule-mo-1600-300x225.jpg\" class=\"attachment-medium size-medium wp-post-image\" alt=\"\" srcset=\"https:\/\/ford-sachsen.de\/html\/page\/wp-content\/uploads\/2026\/09\/4811441-6a97777041dfdd86b30df-e38b-4bff-957a-a197c240933b-rule-mo-1600-300x225.jpg 300w, https:\/\/ford-sachsen.de\/html\/page\/wp-content\/uploads\/2026\/09\/4811441-6a97777041dfdd86b30df-e38b-4bff-957a-a197c240933b-rule-mo-1600-1024x768.jpg 1024w, https:\/\/ford-sachsen.de\/html\/page\/wp-content\/uploads\/2026\/09\/4811441-6a97777041dfdd86b30df-e38b-4bff-957a-a197c240933b-rule-mo-1600-768x576.jpg 768w, https:\/\/ford-sachsen.de\/html\/page\/wp-content\/uploads\/2026\/09\/4811441-6a97777041dfdd86b30df-e38b-4bff-957a-a197c240933b-rule-mo-1600.jpg 1440w\" sizes=\"(max-width: 300px) 100vw, 300px\" \/>                        <\/a>\n                    <\/div>\n                    <div class=\"vehicle-data\">\n                                                    <small>\n                                                                12.2024                                \u00b7\n                            <\/small>\n                                                                            <small>\n                                25.000 km\n                            <\/small>\n                                                                            <small>\n                                \u00b7\n                                92 kW\n                                                                (\n                                125 PS)\n                            <\/small>\n                                                                            <small>\n                                \u00b7\n                                Automatik                            <\/small>\n                                                                            <small>\n                                \u00b7\n                                Unfallfrei                            <\/small>\n                        \n                                                    <small>\n                                \u00b7\n                                Benzin                            <\/small>\n                                                                                                                            <small>\n                                \u00b7\n                                4\/5 T\u00fcren\n                            <\/small>\n                                                <ul class=\"vehicle-emission\">\n                                                 <span>Verbrauch komb.: \n                                    7.3                                 l\/100km<\/span><br>\n                                                                                \n                                       \n  <!-- CO2-Emissionen\t-->\n                                            <span>CO\u2082-Emissionen komb.: 167.0                                 g\/km<\/span><br>\n                                        <!-- CO2-Emissionen\t-->\n                   \n \n                         <span>CO\u2082-Klasse: \n                                    F                                <\/span><br>\n                    \n\n\n                <\/ul>\n\n                    <\/div>\n\n                    <div class=\"vehicle-price\">\n                                                    <div itemprop=\"priceSpecification\" itemscope itemtype=\"http:\/\/schema.org\/UnitPriceSpecification\">\n                                <meta itemprop=\"priceCurrency\" content=\"EUR\">\n                                <meta itemprop=\"price\" content=\"23.950\">\n                                <strong>\n                                    23.950 \u20ac (Brutto)\n                                <\/strong><br><small>\n                                    Inkl. 19% MwSt.                                <\/small>\n                            <\/div>\n                                                <br>\n                        <a href=\"https:\/\/ford-sachsen.de\/html\/page\/fahrzeuge\/ford-tourneo-courier-active-dachkontrastfarbe-schwarz\/\"\n                            class=\"vehicle-btn wp-block-button__link wp-element-button\">Details<\/a>\n                    <\/div>\n                <\/div> <!-- \/\/ vehicle-row -->\n               \n            <\/article>\n                        <article id=\"post-4811439\" class=\"vehicle\">\n                <hgroup>\n                    <a href=\"https:\/\/ford-sachsen.de\/html\/page\/fahrzeuge\/ford-fiesta-titanium-ledklimaautomadabszh\/\">\n                        <h2 class=\"vehicle-title\">\n                            Ford Fiesta Titanium LED+KLIMAAUTOMA+DAB+SZH                        <\/h2>\n\n                    <\/a>\n                <\/hgroup>\n                <span class=\"vehicle-addition\">\n                    <p>\n                        Limousine ,\n                        Gebrauchtfahrzeug                    <\/p>\n                <\/span>\n                <div class=\"vehicle-row\">\n                    <div class=\"vehicle-thumbnail\">\n                        <a href=\"https:\/\/ford-sachsen.de\/html\/page\/fahrzeuge\/ford-fiesta-titanium-ledklimaautomadabszh\/\" title=\"Ford Fiesta Titanium LED+KLIMAAUTOMA+DAB+SZH\">\n                            <img loading=\"lazy\" decoding=\"async\" width=\"300\" height=\"225\" src=\"https:\/\/ford-sachsen.de\/html\/page\/wp-content\/uploads\/2026\/09\/4811439-6a97776e57a0b4f7916a5-0416-4e99-bfd8-6375a88c4fb9-rule-mo-1600-300x225.jpg\" class=\"attachment-medium size-medium wp-post-image\" alt=\"\" srcset=\"https:\/\/ford-sachsen.de\/html\/page\/wp-content\/uploads\/2026\/09\/4811439-6a97776e57a0b4f7916a5-0416-4e99-bfd8-6375a88c4fb9-rule-mo-1600-300x225.jpg 300w, https:\/\/ford-sachsen.de\/html\/page\/wp-content\/uploads\/2026\/09\/4811439-6a97776e57a0b4f7916a5-0416-4e99-bfd8-6375a88c4fb9-rule-mo-1600-1024x768.jpg 1024w, https:\/\/ford-sachsen.de\/html\/page\/wp-content\/uploads\/2026\/09\/4811439-6a97776e57a0b4f7916a5-0416-4e99-bfd8-6375a88c4fb9-rule-mo-1600-768x576.jpg 768w, https:\/\/ford-sachsen.de\/html\/page\/wp-content\/uploads\/2026\/09\/4811439-6a97776e57a0b4f7916a5-0416-4e99-bfd8-6375a88c4fb9-rule-mo-1600.jpg 1440w\" sizes=\"(max-width: 300px) 100vw, 300px\" \/>                        <\/a>\n                    <\/div>\n                    <div class=\"vehicle-data\">\n                                                    <small>\n                                                                10.2022                                \u00b7\n                            <\/small>\n                                                                            <small>\n                                21.000 km\n                            <\/small>\n                                                                            <small>\n                                \u00b7\n                                92 kW\n                                                                (\n                                125 PS)\n                            <\/small>\n                                                                            <small>\n                                \u00b7\n                                Schaltgetriebe                            <\/small>\n                                                                            <small>\n                                \u00b7\n                                Unfallfrei                            <\/small>\n                        \n                                                    <small>\n                                \u00b7\n                                Benzin                            <\/small>\n                                                                                                                            <small>\n                                \u00b7\n                                4\/5 T\u00fcren\n                            <\/small>\n                                                <ul class=\"vehicle-emission\">\n                                                 <span>Verbrauch komb.: \n                                    6.0                                 l\/100km<\/span><br>\n                                                                                \n                                       \n  <!-- CO2-Emissionen\t-->\n                                            <span>CO\u2082-Emissionen komb.: 136.0                                 g\/km<\/span><br>\n                                        <!-- CO2-Emissionen\t-->\n                   \n \n                         <span>CO\u2082-Klasse: \n                                    E                                <\/span><br>\n                    \n\n\n                <\/ul>\n\n                    <\/div>\n\n                    <div class=\"vehicle-price\">\n                                                    <div itemprop=\"priceSpecification\" itemscope itemtype=\"http:\/\/schema.org\/UnitPriceSpecification\">\n                                <meta itemprop=\"priceCurrency\" content=\"EUR\">\n                                <meta itemprop=\"price\" content=\"14.990\">\n                                <strong>\n                                    14.990 \u20ac (Brutto)\n                                <\/strong><br><small>\n                                    Inkl. 19% MwSt.                                <\/small>\n                            <\/div>\n                                                <br>\n                        <a href=\"https:\/\/ford-sachsen.de\/html\/page\/fahrzeuge\/ford-fiesta-titanium-ledklimaautomadabszh\/\"\n                            class=\"vehicle-btn wp-block-button__link wp-element-button\">Details<\/a>\n                    <\/div>\n                <\/div> <!-- \/\/ vehicle-row -->\n               \n            <\/article>\n                        <article id=\"post-4811437\" class=\"vehicle\">\n                <hgroup>\n                    <a href=\"https:\/\/ford-sachsen.de\/html\/page\/fahrzeuge\/ford-kuga-st-line-hud-acc-kamera-winter-paket\/\">\n                        <h2 class=\"vehicle-title\">\n                            Ford Kuga ST-Line + HUD + ACC + Kamera + Winter-Paket                        <\/h2>\n\n                    <\/a>\n                <\/hgroup>\n                <span class=\"vehicle-addition\">\n                    <p>\n                        SUV\/Gel\u00e4ndewagen\/Pickup ,\n                        Gebrauchtfahrzeug                    <\/p>\n                <\/span>\n                <div class=\"vehicle-row\">\n                    <div class=\"vehicle-thumbnail\">\n                        <a href=\"https:\/\/ford-sachsen.de\/html\/page\/fahrzeuge\/ford-kuga-st-line-hud-acc-kamera-winter-paket\/\" title=\"Ford Kuga ST-Line + HUD + ACC + Kamera + Winter-Paket\">\n                            <img loading=\"lazy\" decoding=\"async\" width=\"300\" height=\"225\" src=\"https:\/\/ford-sachsen.de\/html\/page\/wp-content\/uploads\/2026\/09\/4811437-6a97776c81a275e84f7bc-4adc-4bed-99bf-96fdb95559bf-rule-mo-1600-300x225.jpg\" class=\"attachment-medium size-medium wp-post-image\" alt=\"\" srcset=\"https:\/\/ford-sachsen.de\/html\/page\/wp-content\/uploads\/2026\/09\/4811437-6a97776c81a275e84f7bc-4adc-4bed-99bf-96fdb95559bf-rule-mo-1600-300x225.jpg 300w, https:\/\/ford-sachsen.de\/html\/page\/wp-content\/uploads\/2026\/09\/4811437-6a97776c81a275e84f7bc-4adc-4bed-99bf-96fdb95559bf-rule-mo-1600-1024x768.jpg 1024w, https:\/\/ford-sachsen.de\/html\/page\/wp-content\/uploads\/2026\/09\/4811437-6a97776c81a275e84f7bc-4adc-4bed-99bf-96fdb95559bf-rule-mo-1600-768x576.jpg 768w, https:\/\/ford-sachsen.de\/html\/page\/wp-content\/uploads\/2026\/09\/4811437-6a97776c81a275e84f7bc-4adc-4bed-99bf-96fdb95559bf-rule-mo-1600.jpg 1440w\" sizes=\"(max-width: 300px) 100vw, 300px\" \/>                        <\/a>\n                    <\/div>\n                    <div class=\"vehicle-data\">\n                                                    <small>\n                                                                05.2023                                \u00b7\n                            <\/small>\n                                                                            <small>\n                                16.850 km\n                            <\/small>\n                                                                            <small>\n                                \u00b7\n                                110 kW\n                                                                (\n                                150 PS)\n                            <\/small>\n                                                                            <small>\n                                \u00b7\n                                Schaltgetriebe                            <\/small>\n                                                                            <small>\n                                \u00b7\n                                Unfallfrei                            <\/small>\n                        \n                                                    <small>\n                                \u00b7\n                                Benzin                            <\/small>\n                                                                                                                            <small>\n                                \u00b7\n                                4\/5 T\u00fcren\n                            <\/small>\n                                                <ul class=\"vehicle-emission\">\n                                                 <span>Verbrauch komb.: \n                                    7.0                                 l\/100km<\/span><br>\n                                                                                \n                                       \n  <!-- CO2-Emissionen\t-->\n                                            <span>CO\u2082-Emissionen komb.: 160.0                                 g\/km<\/span><br>\n                                        <!-- CO2-Emissionen\t-->\n                   \n \n                         <span>CO\u2082-Klasse: \n                                    F                                <\/span><br>\n                    \n\n\n                <\/ul>\n\n                    <\/div>\n\n                    <div class=\"vehicle-price\">\n                                                    <div itemprop=\"priceSpecification\" itemscope itemtype=\"http:\/\/schema.org\/UnitPriceSpecification\">\n                                <meta itemprop=\"priceCurrency\" content=\"EUR\">\n                                <meta itemprop=\"price\" content=\"24.990\">\n                                <strong>\n                                    24.990 \u20ac (Brutto)\n                                <\/strong><br><small>\n                                    Inkl. 19% MwSt.                                <\/small>\n                            <\/div>\n                                                <br>\n                        <a href=\"https:\/\/ford-sachsen.de\/html\/page\/fahrzeuge\/ford-kuga-st-line-hud-acc-kamera-winter-paket\/\"\n                            class=\"vehicle-btn wp-block-button__link wp-element-button\">Details<\/a>\n                    <\/div>\n                <\/div> <!-- \/\/ vehicle-row -->\n               \n            <\/article>\n                        <article id=\"post-4811407\" class=\"vehicle\">\n                <hgroup>\n                    <a href=\"https:\/\/ford-sachsen.de\/html\/page\/fahrzeuge\/ford-tourneo-courier-trend-winterpaket-rueckfahrkamera-2\/\">\n                        <h2 class=\"vehicle-title\">\n                            Ford Tourneo Courier Trend WINTERPAKET R\u00dcCKFAHRKAMERA                        <\/h2>\n\n                    <\/a>\n                <\/hgroup>\n                <span class=\"vehicle-addition\">\n                    <p>\n                        Van\/Minibus ,\n                        Gebrauchtfahrzeug                    <\/p>\n                <\/span>\n                <div class=\"vehicle-row\">\n                    <div class=\"vehicle-thumbnail\">\n                        <a href=\"https:\/\/ford-sachsen.de\/html\/page\/fahrzeuge\/ford-tourneo-courier-trend-winterpaket-rueckfahrkamera-2\/\" title=\"Ford Tourneo Courier Trend WINTERPAKET R\u00dcCKFAHRKAMERA\">\n                            <img loading=\"lazy\" decoding=\"async\" width=\"300\" height=\"225\" src=\"https:\/\/ford-sachsen.de\/html\/page\/wp-content\/uploads\/2026\/09\/4811407-6a9749b497c0f6cb4c8f8-1fb3-4266-a950-27e3a27d016a-rule-mo-1600-300x225.jpg\" class=\"attachment-medium size-medium wp-post-image\" alt=\"\" srcset=\"https:\/\/ford-sachsen.de\/html\/page\/wp-content\/uploads\/2026\/09\/4811407-6a9749b497c0f6cb4c8f8-1fb3-4266-a950-27e3a27d016a-rule-mo-1600-300x225.jpg 300w, https:\/\/ford-sachsen.de\/html\/page\/wp-content\/uploads\/2026\/09\/4811407-6a9749b497c0f6cb4c8f8-1fb3-4266-a950-27e3a27d016a-rule-mo-1600-1024x768.jpg 1024w, https:\/\/ford-sachsen.de\/html\/page\/wp-content\/uploads\/2026\/09\/4811407-6a9749b497c0f6cb4c8f8-1fb3-4266-a950-27e3a27d016a-rule-mo-1600-768x576.jpg 768w, https:\/\/ford-sachsen.de\/html\/page\/wp-content\/uploads\/2026\/09\/4811407-6a9749b497c0f6cb4c8f8-1fb3-4266-a950-27e3a27d016a-rule-mo-1600.jpg 1440w\" sizes=\"(max-width: 300px) 100vw, 300px\" \/>                        <\/a>\n                    <\/div>\n                    <div class=\"vehicle-data\">\n                                                    <small>\n                                                                03.2025                                \u00b7\n                            <\/small>\n                                                                            <small>\n                                5.000 km\n                            <\/small>\n                                                                            <small>\n                                \u00b7\n                                92 kW\n                                                                (\n                                125 PS)\n                            <\/small>\n                                                                            <small>\n                                \u00b7\n                                Schaltgetriebe                            <\/small>\n                                                                            <small>\n                                \u00b7\n                                Unfallfrei                            <\/small>\n                        \n                                                    <small>\n                                \u00b7\n                                Benzin                            <\/small>\n                                                                                                                            <small>\n                                \u00b7\n                                4\/5 T\u00fcren\n                            <\/small>\n                                                <ul class=\"vehicle-emission\">\n                                                 <span>Verbrauch komb.: \n                                    7.0                                 l\/100km<\/span><br>\n                                                                                \n                                       \n  <!-- CO2-Emissionen\t-->\n                                            <span>CO\u2082-Emissionen komb.: 159.0                                 g\/km<\/span><br>\n                                        <!-- CO2-Emissionen\t-->\n                   \n \n                         <span>CO\u2082-Klasse: \n                                    F                                <\/span><br>\n                    \n\n\n                <\/ul>\n\n                    <\/div>\n\n                    <div class=\"vehicle-price\">\n                                                    <div itemprop=\"priceSpecification\" itemscope itemtype=\"http:\/\/schema.org\/UnitPriceSpecification\">\n                                <meta itemprop=\"priceCurrency\" content=\"EUR\">\n                                <meta itemprop=\"price\" content=\"22.690\">\n                                <strong>\n                                    22.690 \u20ac (Brutto)\n                                <\/strong><br><small>\n                                    Inkl. 19% MwSt.                                <\/small>\n                            <\/div>\n                                                <br>\n                        <a href=\"https:\/\/ford-sachsen.de\/html\/page\/fahrzeuge\/ford-tourneo-courier-trend-winterpaket-rueckfahrkamera-2\/\"\n                            class=\"vehicle-btn wp-block-button__link wp-element-button\">Details<\/a>\n                    <\/div>\n                <\/div> <!-- \/\/ vehicle-row -->\n               \n            <\/article>\n                        <article id=\"post-4811403\" class=\"vehicle\">\n                <hgroup>\n                    <a href=\"https:\/\/ford-sachsen.de\/html\/page\/fahrzeuge\/omoda-5-comfort-automatik-rueckfahrkamera-acc-leder-dig\/\">\n                        <h2 class=\"vehicle-title\">\n                            OMODA 5 Comfort AUTOMATIK R\u00dcCKFAHRKAMERA ACC Leder Dig                        <\/h2>\n\n                    <\/a>\n                <\/hgroup>\n                <span class=\"vehicle-addition\">\n                    <p>\n                        SUV\/Gel\u00e4ndewagen\/Pickup ,\n                        Gebrauchtfahrzeug                    <\/p>\n                <\/span>\n                <div class=\"vehicle-row\">\n                    <div class=\"vehicle-thumbnail\">\n                        <a href=\"https:\/\/ford-sachsen.de\/html\/page\/fahrzeuge\/omoda-5-comfort-automatik-rueckfahrkamera-acc-leder-dig\/\" title=\"OMODA 5 Comfort AUTOMATIK R\u00dcCKFAHRKAMERA ACC Leder Dig\">\n                            <img loading=\"lazy\" decoding=\"async\" width=\"300\" height=\"225\" src=\"https:\/\/ford-sachsen.de\/html\/page\/wp-content\/uploads\/2026\/09\/4811403-6a9748997971dac02f956-bf87-4187-8d10-3c06fdb93520-rule-mo-1600-300x225.jpg\" class=\"attachment-medium size-medium wp-post-image\" alt=\"\" srcset=\"https:\/\/ford-sachsen.de\/html\/page\/wp-content\/uploads\/2026\/09\/4811403-6a9748997971dac02f956-bf87-4187-8d10-3c06fdb93520-rule-mo-1600-300x225.jpg 300w, https:\/\/ford-sachsen.de\/html\/page\/wp-content\/uploads\/2026\/09\/4811403-6a9748997971dac02f956-bf87-4187-8d10-3c06fdb93520-rule-mo-1600-1024x768.jpg 1024w, https:\/\/ford-sachsen.de\/html\/page\/wp-content\/uploads\/2026\/09\/4811403-6a9748997971dac02f956-bf87-4187-8d10-3c06fdb93520-rule-mo-1600-768x576.jpg 768w, https:\/\/ford-sachsen.de\/html\/page\/wp-content\/uploads\/2026\/09\/4811403-6a9748997971dac02f956-bf87-4187-8d10-3c06fdb93520-rule-mo-1600.jpg 1440w\" sizes=\"(max-width: 300px) 100vw, 300px\" \/>                        <\/a>\n                    <\/div>\n                    <div class=\"vehicle-data\">\n                                                    <small>\n                                                                07.2025                                \u00b7\n                            <\/small>\n                                                                            <small>\n                                500 km\n                            <\/small>\n                                                                            <small>\n                                \u00b7\n                                108 kW\n                                                                (\n                                147 PS)\n                            <\/small>\n                                                                            <small>\n                                \u00b7\n                                Automatik                            <\/small>\n                                                                            <small>\n                                \u00b7\n                                Unfallfrei                            <\/small>\n                        \n                                                    <small>\n                                \u00b7\n                                Benzin                            <\/small>\n                                                                                                                            <small>\n                                \u00b7\n                                4\/5 T\u00fcren\n                            <\/small>\n                                                <ul class=\"vehicle-emission\">\n                                                 <span>Verbrauch komb.: \n                                    7.0                                 l\/100km<\/span><br>\n                                                                                \n                                       \n  <!-- CO2-Emissionen\t-->\n                                            <span>CO\u2082-Emissionen komb.: 159.0                                 g\/km<\/span><br>\n                                        <!-- CO2-Emissionen\t-->\n                   \n \n                         <span>CO\u2082-Klasse: \n                                    F                                <\/span><br>\n                    \n\n\n                <\/ul>\n\n                    <\/div>\n\n                    <div class=\"vehicle-price\">\n                                                    <div itemprop=\"priceSpecification\" itemscope itemtype=\"http:\/\/schema.org\/UnitPriceSpecification\">\n                                <meta itemprop=\"priceCurrency\" content=\"EUR\">\n                                <meta itemprop=\"price\" content=\"24.950\">\n                                <strong>\n                                    24.950 \u20ac (Brutto)\n                                <\/strong><br><small>\n                                    Inkl. 19% MwSt.                                <\/small>\n                            <\/div>\n                                                <br>\n                        <a href=\"https:\/\/ford-sachsen.de\/html\/page\/fahrzeuge\/omoda-5-comfort-automatik-rueckfahrkamera-acc-leder-dig\/\"\n                            class=\"vehicle-btn wp-block-button__link wp-element-button\">Details<\/a>\n                    <\/div>\n                <\/div> <!-- \/\/ vehicle-row -->\n               \n            <\/article>\n                        <article id=\"post-4811399\" class=\"vehicle\">\n                <hgroup>\n                    <a href=\"https:\/\/ford-sachsen.de\/html\/page\/fahrzeuge\/ford-tourneo-custom-320-l1-titanium-raptorgrillbi-xe\/\">\n                        <h2 class=\"vehicle-title\">\n                            Ford Tourneo Custom 320 L1 Titanium RAPTORGRILL+Bi-XE                        <\/h2>\n\n                    <\/a>\n                <\/hgroup>\n                <span class=\"vehicle-addition\">\n                    <p>\n                        Van\/Minibus ,\n                        Gebrauchtfahrzeug                    <\/p>\n                <\/span>\n                <div class=\"vehicle-row\">\n                    <div class=\"vehicle-thumbnail\">\n                        <a href=\"https:\/\/ford-sachsen.de\/html\/page\/fahrzeuge\/ford-tourneo-custom-320-l1-titanium-raptorgrillbi-xe\/\" title=\"Ford Tourneo Custom 320 L1 Titanium RAPTORGRILL+Bi-XE\">\n                            <img loading=\"lazy\" decoding=\"async\" width=\"300\" height=\"225\" src=\"https:\/\/ford-sachsen.de\/html\/page\/wp-content\/uploads\/2026\/09\/4811399-6a97466d69933b73bc582-18d1-4e9b-a899-4b23ab758fbf-rule-mo-1600-300x225.jpg\" class=\"attachment-medium size-medium wp-post-image\" alt=\"\" srcset=\"https:\/\/ford-sachsen.de\/html\/page\/wp-content\/uploads\/2026\/09\/4811399-6a97466d69933b73bc582-18d1-4e9b-a899-4b23ab758fbf-rule-mo-1600-300x225.jpg 300w, https:\/\/ford-sachsen.de\/html\/page\/wp-content\/uploads\/2026\/09\/4811399-6a97466d69933b73bc582-18d1-4e9b-a899-4b23ab758fbf-rule-mo-1600-1024x768.jpg 1024w, https:\/\/ford-sachsen.de\/html\/page\/wp-content\/uploads\/2026\/09\/4811399-6a97466d69933b73bc582-18d1-4e9b-a899-4b23ab758fbf-rule-mo-1600-768x576.jpg 768w, https:\/\/ford-sachsen.de\/html\/page\/wp-content\/uploads\/2026\/09\/4811399-6a97466d69933b73bc582-18d1-4e9b-a899-4b23ab758fbf-rule-mo-1600.jpg 1440w\" sizes=\"(max-width: 300px) 100vw, 300px\" \/>                        <\/a>\n                    <\/div>\n                    <div class=\"vehicle-data\">\n                                                    <small>\n                                                                09.2023                                \u00b7\n                            <\/small>\n                                                                            <small>\n                                40.000 km\n                            <\/small>\n                                                                            <small>\n                                \u00b7\n                                110 kW\n                                                                (\n                                150 PS)\n                            <\/small>\n                                                                            <small>\n                                \u00b7\n                                Schaltgetriebe                            <\/small>\n                                                                            <small>\n                                \u00b7\n                                Unfallfrei                            <\/small>\n                        \n                                                    <small>\n                                \u00b7\n                                Diesel                            <\/small>\n                                                                                                                            <small>\n                                \u00b7\n                                4\/5 T\u00fcren\n                            <\/small>\n                                                <ul class=\"vehicle-emission\">\n                                                 <span>Verbrauch komb.: \n                                    7.9                                 l\/100km<\/span><br>\n                                                                                \n                                       \n  <!-- CO2-Emissionen\t-->\n                                            <span>CO\u2082-Emissionen komb.: 206.0                                 g\/km<\/span><br>\n                                        <!-- CO2-Emissionen\t-->\n                   \n \n                         <span>CO\u2082-Klasse: \n                                    G                                <\/span><br>\n                    \n\n\n                <\/ul>\n\n                    <\/div>\n\n                    <div class=\"vehicle-price\">\n                                                    <div itemprop=\"priceSpecification\" itemscope itemtype=\"http:\/\/schema.org\/UnitPriceSpecification\">\n                                <meta itemprop=\"priceCurrency\" content=\"EUR\">\n                                <meta itemprop=\"price\" content=\"37.990\">\n                                <strong>\n                                    37.990 \u20ac (Brutto)\n                                <\/strong><br><small>\n                                    Inkl. 19% MwSt.                                <\/small>\n                            <\/div>\n                                                <br>\n                        <a href=\"https:\/\/ford-sachsen.de\/html\/page\/fahrzeuge\/ford-tourneo-custom-320-l1-titanium-raptorgrillbi-xe\/\"\n                            class=\"vehicle-btn wp-block-button__link wp-element-button\">Details<\/a>\n                    <\/div>\n                <\/div> <!-- \/\/ vehicle-row -->\n               \n            <\/article>\n                        <article id=\"post-4811395\" class=\"vehicle\">\n                <hgroup>\n                    <a href=\"https:\/\/ford-sachsen.de\/html\/page\/fahrzeuge\/ford-puma-st-line-tageszulassungauffahrwarnungnavi\/\">\n                        <h2 class=\"vehicle-title\">\n                            Ford Puma ST-Line *TAGESZULASSUNG*AUFFAHRWARNUNG+NAVI                        <\/h2>\n\n                    <\/a>\n                <\/hgroup>\n                <span class=\"vehicle-addition\">\n                    <p>\n                        SUV\/Gel\u00e4ndewagen\/Pickup ,\n                        Gebrauchtfahrzeug                    <\/p>\n                <\/span>\n                <div class=\"vehicle-row\">\n                    <div class=\"vehicle-thumbnail\">\n                        <a href=\"https:\/\/ford-sachsen.de\/html\/page\/fahrzeuge\/ford-puma-st-line-tageszulassungauffahrwarnungnavi\/\" title=\"Ford Puma ST-Line *TAGESZULASSUNG*AUFFAHRWARNUNG+NAVI\">\n                            <img loading=\"lazy\" decoding=\"async\" width=\"300\" height=\"225\" src=\"https:\/\/ford-sachsen.de\/html\/page\/wp-content\/uploads\/2026\/09\/4811395-6a974529253b5eead3505-cd27-47a1-822a-20c6c2a8cd19-rule-mo-1600-300x225.jpg\" class=\"attachment-medium size-medium wp-post-image\" alt=\"\" srcset=\"https:\/\/ford-sachsen.de\/html\/page\/wp-content\/uploads\/2026\/09\/4811395-6a974529253b5eead3505-cd27-47a1-822a-20c6c2a8cd19-rule-mo-1600-300x225.jpg 300w, https:\/\/ford-sachsen.de\/html\/page\/wp-content\/uploads\/2026\/09\/4811395-6a974529253b5eead3505-cd27-47a1-822a-20c6c2a8cd19-rule-mo-1600-1024x768.jpg 1024w, https:\/\/ford-sachsen.de\/html\/page\/wp-content\/uploads\/2026\/09\/4811395-6a974529253b5eead3505-cd27-47a1-822a-20c6c2a8cd19-rule-mo-1600-768x576.jpg 768w, https:\/\/ford-sachsen.de\/html\/page\/wp-content\/uploads\/2026\/09\/4811395-6a974529253b5eead3505-cd27-47a1-822a-20c6c2a8cd19-rule-mo-1600.jpg 1440w\" sizes=\"(max-width: 300px) 100vw, 300px\" \/>                        <\/a>\n                    <\/div>\n                    <div class=\"vehicle-data\">\n                                                    <small>\n                                                                08.2024                                \u00b7\n                            <\/small>\n                                                                            <small>\n                                6.000 km\n                            <\/small>\n                                                                            <small>\n                                \u00b7\n                                92 kW\n                                                                (\n                                125 PS)\n                            <\/small>\n                                                                            <small>\n                                \u00b7\n                                Schaltgetriebe                            <\/small>\n                                                                            <small>\n                                \u00b7\n                                Unfallfrei                            <\/small>\n                        \n                                                    <small>\n                                \u00b7\n                                Benzin                            <\/small>\n                                                                                                                            <small>\n                                \u00b7\n                                4\/5 T\u00fcren\n                            <\/small>\n                                                <ul class=\"vehicle-emission\">\n                                                 <span>Verbrauch komb.: \n                                    6.0                                 l\/100km<\/span><br>\n                                                                                \n                                       \n  <!-- CO2-Emissionen\t-->\n                                            <span>CO\u2082-Emissionen komb.: 135.0                                 g\/km<\/span><br>\n                                        <!-- CO2-Emissionen\t-->\n                   \n \n                         <span>CO\u2082-Klasse: \n                                    D                                <\/span><br>\n                    \n\n\n                <\/ul>\n\n                    <\/div>\n\n                    <div class=\"vehicle-price\">\n                                                    <div itemprop=\"priceSpecification\" itemscope itemtype=\"http:\/\/schema.org\/UnitPriceSpecification\">\n                                <meta itemprop=\"priceCurrency\" content=\"EUR\">\n                                <meta itemprop=\"price\" content=\"18.950\">\n                                <strong>\n                                    18.950 \u20ac (Brutto)\n                                <\/strong><br><small>\n                                    Inkl. 19% MwSt.                                <\/small>\n                            <\/div>\n                                                <br>\n                        <a href=\"https:\/\/ford-sachsen.de\/html\/page\/fahrzeuge\/ford-puma-st-line-tageszulassungauffahrwarnungnavi\/\"\n                            class=\"vehicle-btn wp-block-button__link wp-element-button\">Details<\/a>\n                    <\/div>\n                <\/div> <!-- \/\/ vehicle-row -->\n               \n            <\/article>\n                        <article id=\"post-4811393\" class=\"vehicle\">\n                <hgroup>\n                    <a href=\"https:\/\/ford-sachsen.de\/html\/page\/fahrzeuge\/ford-focus-st-line-park-assistentnavidabtwaacc-t\/\">\n                        <h2 class=\"vehicle-title\">\n                            Ford Focus ST-Line PARK-ASSISTENT+NAVI+DAB+TWA+ACC *T                        <\/h2>\n\n                    <\/a>\n                <\/hgroup>\n                <span class=\"vehicle-addition\">\n                    <p>\n                        Limousine ,\n                        Gebrauchtfahrzeug                    <\/p>\n                <\/span>\n                <div class=\"vehicle-row\">\n                    <div class=\"vehicle-thumbnail\">\n                        <a href=\"https:\/\/ford-sachsen.de\/html\/page\/fahrzeuge\/ford-focus-st-line-park-assistentnavidabtwaacc-t\/\" title=\"Ford Focus ST-Line PARK-ASSISTENT+NAVI+DAB+TWA+ACC *T\">\n                            <img loading=\"lazy\" decoding=\"async\" width=\"300\" height=\"225\" src=\"https:\/\/ford-sachsen.de\/html\/page\/wp-content\/uploads\/2026\/09\/4811393-6a97452681752d99c4f34-c176-4f31-a3f1-eb63e1474ebd-rule-mo-1600-300x225.jpg\" class=\"attachment-medium size-medium wp-post-image\" alt=\"\" srcset=\"https:\/\/ford-sachsen.de\/html\/page\/wp-content\/uploads\/2026\/09\/4811393-6a97452681752d99c4f34-c176-4f31-a3f1-eb63e1474ebd-rule-mo-1600-300x225.jpg 300w, https:\/\/ford-sachsen.de\/html\/page\/wp-content\/uploads\/2026\/09\/4811393-6a97452681752d99c4f34-c176-4f31-a3f1-eb63e1474ebd-rule-mo-1600-1024x768.jpg 1024w, https:\/\/ford-sachsen.de\/html\/page\/wp-content\/uploads\/2026\/09\/4811393-6a97452681752d99c4f34-c176-4f31-a3f1-eb63e1474ebd-rule-mo-1600-768x576.jpg 768w, https:\/\/ford-sachsen.de\/html\/page\/wp-content\/uploads\/2026\/09\/4811393-6a97452681752d99c4f34-c176-4f31-a3f1-eb63e1474ebd-rule-mo-1600.jpg 1440w\" sizes=\"(max-width: 300px) 100vw, 300px\" \/>                        <\/a>\n                    <\/div>\n                    <div class=\"vehicle-data\">\n                                                    <small>\n                                                                01.2024                                \u00b7\n                            <\/small>\n                                                                            <small>\n                                8.500 km\n                            <\/small>\n                                                                            <small>\n                                \u00b7\n                                92 kW\n                                                                (\n                                125 PS)\n                            <\/small>\n                                                                            <small>\n                                \u00b7\n                                Schaltgetriebe                            <\/small>\n                                                                            <small>\n                                \u00b7\n                                Unfallfrei                            <\/small>\n                        \n                                                    <small>\n                                \u00b7\n                                Benzin                            <\/small>\n                                                                                                                            <small>\n                                \u00b7\n                                4\/5 T\u00fcren\n                            <\/small>\n                                                <ul class=\"vehicle-emission\">\n                                                 <span>Verbrauch komb.: \n                                    6.1                                 l\/100km<\/span><br>\n                                                                                \n                                       \n  <!-- CO2-Emissionen\t-->\n                                            <span>CO\u2082-Emissionen komb.: 138.0                                 g\/km<\/span><br>\n                                        <!-- CO2-Emissionen\t-->\n                   \n \n                         <span>CO\u2082-Klasse: \n                                    E                                <\/span><br>\n                    \n\n\n                <\/ul>\n\n                    <\/div>\n\n                    <div class=\"vehicle-price\">\n                                                    <div itemprop=\"priceSpecification\" itemscope itemtype=\"http:\/\/schema.org\/UnitPriceSpecification\">\n                                <meta itemprop=\"priceCurrency\" content=\"EUR\">\n                                <meta itemprop=\"price\" content=\"21.990\">\n                                <strong>\n                                    21.990 \u20ac (Brutto)\n                                <\/strong><br><small>\n                                    Inkl. 19% MwSt.                                <\/small>\n                            <\/div>\n                                                <br>\n                        <a href=\"https:\/\/ford-sachsen.de\/html\/page\/fahrzeuge\/ford-focus-st-line-park-assistentnavidabtwaacc-t\/\"\n                            class=\"vehicle-btn wp-block-button__link wp-element-button\">Details<\/a>\n                    <\/div>\n                <\/div> <!-- \/\/ vehicle-row -->\n               \n            <\/article>\n                        <article id=\"post-4811391\" class=\"vehicle\">\n                <hgroup>\n                    <a href=\"https:\/\/ford-sachsen.de\/html\/page\/fahrzeuge\/ford-puma-design-titanium-ganzjahresreifenwinter-pak\/\">\n                        <h2 class=\"vehicle-title\">\n                            Ford Puma Design Titanium GANZJAHRESREIFEN+WINTER-PAK                        <\/h2>\n\n                    <\/a>\n                <\/hgroup>\n                <span class=\"vehicle-addition\">\n                    <p>\n                        SUV\/Gel\u00e4ndewagen\/Pickup ,\n                        Gebrauchtfahrzeug                    <\/p>\n                <\/span>\n                <div class=\"vehicle-row\">\n                    <div class=\"vehicle-thumbnail\">\n                        <a href=\"https:\/\/ford-sachsen.de\/html\/page\/fahrzeuge\/ford-puma-design-titanium-ganzjahresreifenwinter-pak\/\" title=\"Ford Puma Design Titanium GANZJAHRESREIFEN+WINTER-PAK\">\n                            <img loading=\"lazy\" decoding=\"async\" width=\"300\" height=\"225\" src=\"https:\/\/ford-sachsen.de\/html\/page\/wp-content\/uploads\/2026\/09\/4811391-6a974524132a66c44af31-5967-47d7-9ed2-f64becc8766e-rule-mo-1600-300x225.jpg\" class=\"attachment-medium size-medium wp-post-image\" alt=\"\" srcset=\"https:\/\/ford-sachsen.de\/html\/page\/wp-content\/uploads\/2026\/09\/4811391-6a974524132a66c44af31-5967-47d7-9ed2-f64becc8766e-rule-mo-1600-300x225.jpg 300w, https:\/\/ford-sachsen.de\/html\/page\/wp-content\/uploads\/2026\/09\/4811391-6a974524132a66c44af31-5967-47d7-9ed2-f64becc8766e-rule-mo-1600-1024x768.jpg 1024w, https:\/\/ford-sachsen.de\/html\/page\/wp-content\/uploads\/2026\/09\/4811391-6a974524132a66c44af31-5967-47d7-9ed2-f64becc8766e-rule-mo-1600-768x576.jpg 768w, https:\/\/ford-sachsen.de\/html\/page\/wp-content\/uploads\/2026\/09\/4811391-6a974524132a66c44af31-5967-47d7-9ed2-f64becc8766e-rule-mo-1600.jpg 1440w\" sizes=\"(max-width: 300px) 100vw, 300px\" \/>                        <\/a>\n                    <\/div>\n                    <div class=\"vehicle-data\">\n                                                    <small>\n                                                                01.2024                                \u00b7\n                            <\/small>\n                                                                            <small>\n                                12.500 km\n                            <\/small>\n                                                                            <small>\n                                \u00b7\n                                92 kW\n                                                                (\n                                125 PS)\n                            <\/small>\n                                                                            <small>\n                                \u00b7\n                                Schaltgetriebe                            <\/small>\n                                                                            <small>\n                                \u00b7\n                                Unfallfrei                            <\/small>\n                        \n                                                    <small>\n                                \u00b7\n                                Benzin                            <\/small>\n                                                                                                                            <small>\n                                \u00b7\n                                4\/5 T\u00fcren\n                            <\/small>\n                                                <ul class=\"vehicle-emission\">\n                                                 <span>Verbrauch komb.: \n                                    6.0                                 l\/100km<\/span><br>\n                                                                                \n                                       \n  <!-- CO2-Emissionen\t-->\n                                            <span>CO\u2082-Emissionen komb.: 135.0                                 g\/km<\/span><br>\n                                        <!-- CO2-Emissionen\t-->\n                   \n \n                         <span>CO\u2082-Klasse: \n                                    D                                <\/span><br>\n                    \n\n\n                <\/ul>\n\n                    <\/div>\n\n                    <div class=\"vehicle-price\">\n                                                    <div itemprop=\"priceSpecification\" itemscope itemtype=\"http:\/\/schema.org\/UnitPriceSpecification\">\n                                <meta itemprop=\"priceCurrency\" content=\"EUR\">\n                                <meta itemprop=\"price\" content=\"17.950\">\n                                <strong>\n                                    17.950 \u20ac (Brutto)\n                                <\/strong><br><small>\n                                    Inkl. 19% MwSt.                                <\/small>\n                            <\/div>\n                                                <br>\n                        <a href=\"https:\/\/ford-sachsen.de\/html\/page\/fahrzeuge\/ford-puma-design-titanium-ganzjahresreifenwinter-pak\/\"\n                            class=\"vehicle-btn wp-block-button__link wp-element-button\">Details<\/a>\n                    <\/div>\n                <\/div> <!-- \/\/ vehicle-row -->\n               \n            <\/article>\n                        <article id=\"post-4811383\" class=\"vehicle\">\n                <hgroup>\n                    <a href=\"https:\/\/ford-sachsen.de\/html\/page\/fahrzeuge\/ford-puma-st-line-mhev-winterpaket-navi-elektr-heckk\/\">\n                        <h2 class=\"vehicle-title\">\n                            Ford Puma ST-Line MHEV WINTERPAKET NAVI ELEKTR. HECKK                        <\/h2>\n\n                    <\/a>\n                <\/hgroup>\n                <span class=\"vehicle-addition\">\n                    <p>\n                        SUV\/Gel\u00e4ndewagen\/Pickup ,\n                        Gebrauchtfahrzeug                    <\/p>\n                <\/span>\n                <div class=\"vehicle-row\">\n                    <div class=\"vehicle-thumbnail\">\n                        <a href=\"https:\/\/ford-sachsen.de\/html\/page\/fahrzeuge\/ford-puma-st-line-mhev-winterpaket-navi-elektr-heckk\/\" title=\"Ford Puma ST-Line MHEV WINTERPAKET NAVI ELEKTR. HECKK\">\n                            <img loading=\"lazy\" decoding=\"async\" width=\"300\" height=\"225\" src=\"https:\/\/ford-sachsen.de\/html\/page\/wp-content\/uploads\/2026\/09\/4811383-6a9743d6417a5b0fb9f2e-baaa-416a-9527-3bb382df3a8e-rule-mo-1600-300x225.jpg\" class=\"attachment-medium size-medium wp-post-image\" alt=\"\" srcset=\"https:\/\/ford-sachsen.de\/html\/page\/wp-content\/uploads\/2026\/09\/4811383-6a9743d6417a5b0fb9f2e-baaa-416a-9527-3bb382df3a8e-rule-mo-1600-300x225.jpg 300w, https:\/\/ford-sachsen.de\/html\/page\/wp-content\/uploads\/2026\/09\/4811383-6a9743d6417a5b0fb9f2e-baaa-416a-9527-3bb382df3a8e-rule-mo-1600-1024x768.jpg 1024w, https:\/\/ford-sachsen.de\/html\/page\/wp-content\/uploads\/2026\/09\/4811383-6a9743d6417a5b0fb9f2e-baaa-416a-9527-3bb382df3a8e-rule-mo-1600-768x576.jpg 768w, https:\/\/ford-sachsen.de\/html\/page\/wp-content\/uploads\/2026\/09\/4811383-6a9743d6417a5b0fb9f2e-baaa-416a-9527-3bb382df3a8e-rule-mo-1600.jpg 1440w\" sizes=\"(max-width: 300px) 100vw, 300px\" \/>                        <\/a>\n                    <\/div>\n                    <div class=\"vehicle-data\">\n                                                    <small>\n                                                                02.2025                                \u00b7\n                            <\/small>\n                                                                            <small>\n                                4.500 km\n                            <\/small>\n                                                                            <small>\n                                \u00b7\n                                92 kW\n                                                                (\n                                125 PS)\n                            <\/small>\n                                                                            <small>\n                                \u00b7\n                                Schaltgetriebe                            <\/small>\n                                                                            <small>\n                                \u00b7\n                                Unfallfrei                            <\/small>\n                        \n                                                    <small>\n                                \u00b7\n                                Benzin                            <\/small>\n                                                                                                                            <small>\n                                \u00b7\n                                4\/5 T\u00fcren\n                            <\/small>\n                                                <ul class=\"vehicle-emission\">\n                                                 <span>Verbrauch komb.: \n                                    6.0                                 l\/100km<\/span><br>\n                                                                                \n                                       \n  <!-- CO2-Emissionen\t-->\n                                            <span>CO\u2082-Emissionen komb.: 135.0                                 g\/km<\/span><br>\n                                        <!-- CO2-Emissionen\t-->\n                   \n \n                         <span>CO\u2082-Klasse: \n                                    D                                <\/span><br>\n                    \n\n\n                <\/ul>\n\n                    <\/div>\n\n                    <div class=\"vehicle-price\">\n                                                    <div itemprop=\"priceSpecification\" itemscope itemtype=\"http:\/\/schema.org\/UnitPriceSpecification\">\n                                <meta itemprop=\"priceCurrency\" content=\"EUR\">\n                                <meta itemprop=\"price\" content=\"24.490\">\n                                <strong>\n                                    24.490 \u20ac (Brutto)\n                                <\/strong><br><small>\n                                    Inkl. 19% MwSt.                                <\/small>\n                            <\/div>\n                                                <br>\n                        <a href=\"https:\/\/ford-sachsen.de\/html\/page\/fahrzeuge\/ford-puma-st-line-mhev-winterpaket-navi-elektr-heckk\/\"\n                            class=\"vehicle-btn wp-block-button__link wp-element-button\">Details<\/a>\n                    <\/div>\n                <\/div> <!-- \/\/ vehicle-row -->\n               \n            <\/article>\n                        <article id=\"post-4811379\" class=\"vehicle\">\n                <hgroup>\n                    <a href=\"https:\/\/ford-sachsen.de\/html\/page\/fahrzeuge\/ford-tourneo-courier-trend-vorfuehrwagen-rueckfahrkam\/\">\n                        <h2 class=\"vehicle-title\">\n                            Ford Tourneo Courier Trend *Vorf\u00fchrwagen* R\u00dcCKFAHRKAM                        <\/h2>\n\n                    <\/a>\n                <\/hgroup>\n                <span class=\"vehicle-addition\">\n                    <p>\n                        Van\/Minibus ,\n                        Gebrauchtfahrzeug                    <\/p>\n                <\/span>\n                <div class=\"vehicle-row\">\n                    <div class=\"vehicle-thumbnail\">\n                        <a href=\"https:\/\/ford-sachsen.de\/html\/page\/fahrzeuge\/ford-tourneo-courier-trend-vorfuehrwagen-rueckfahrkam\/\" title=\"Ford Tourneo Courier Trend *Vorf\u00fchrwagen* R\u00dcCKFAHRKAM\">\n                            <img loading=\"lazy\" decoding=\"async\" width=\"300\" height=\"225\" src=\"https:\/\/ford-sachsen.de\/html\/page\/wp-content\/uploads\/2026\/09\/4811379-6a9743d25cfa1022104de-3967-4307-96ce-b5c5b897533e-rule-mo-1600-300x225.jpg\" class=\"attachment-medium size-medium wp-post-image\" alt=\"\" srcset=\"https:\/\/ford-sachsen.de\/html\/page\/wp-content\/uploads\/2026\/09\/4811379-6a9743d25cfa1022104de-3967-4307-96ce-b5c5b897533e-rule-mo-1600-300x225.jpg 300w, https:\/\/ford-sachsen.de\/html\/page\/wp-content\/uploads\/2026\/09\/4811379-6a9743d25cfa1022104de-3967-4307-96ce-b5c5b897533e-rule-mo-1600-1024x768.jpg 1024w, https:\/\/ford-sachsen.de\/html\/page\/wp-content\/uploads\/2026\/09\/4811379-6a9743d25cfa1022104de-3967-4307-96ce-b5c5b897533e-rule-mo-1600-768x576.jpg 768w, https:\/\/ford-sachsen.de\/html\/page\/wp-content\/uploads\/2026\/09\/4811379-6a9743d25cfa1022104de-3967-4307-96ce-b5c5b897533e-rule-mo-1600.jpg 1440w\" sizes=\"(max-width: 300px) 100vw, 300px\" \/>                        <\/a>\n                    <\/div>\n                    <div class=\"vehicle-data\">\n                                                    <small>\n                                                                08.2024                                \u00b7\n                            <\/small>\n                                                                            <small>\n                                10.000 km\n                            <\/small>\n                                                                            <small>\n                                \u00b7\n                                92 kW\n                                                                (\n                                125 PS)\n                            <\/small>\n                                                                            <small>\n                                \u00b7\n                                Schaltgetriebe                            <\/small>\n                                                                            <small>\n                                \u00b7\n                                Unfallfrei                            <\/small>\n                        \n                                                    <small>\n                                \u00b7\n                                Benzin                            <\/small>\n                                                                                                                            <small>\n                                \u00b7\n                                4\/5 T\u00fcren\n                            <\/small>\n                                                <ul class=\"vehicle-emission\">\n                                                 <span>Verbrauch komb.: \n                                    7.0                                 l\/100km<\/span><br>\n                                                                                \n                                       \n  <!-- CO2-Emissionen\t-->\n                                            <span>CO\u2082-Emissionen komb.: 159.0                                 g\/km<\/span><br>\n                                        <!-- CO2-Emissionen\t-->\n                   \n \n                         <span>CO\u2082-Klasse: \n                                    F                                <\/span><br>\n                    \n\n\n                <\/ul>\n\n                    <\/div>\n\n                    <div class=\"vehicle-price\">\n                                                    <div itemprop=\"priceSpecification\" itemscope itemtype=\"http:\/\/schema.org\/UnitPriceSpecification\">\n                                <meta itemprop=\"priceCurrency\" content=\"EUR\">\n                                <meta itemprop=\"price\" content=\"20.990\">\n                                <strong>\n                                    20.990 \u20ac (Brutto)\n                                <\/strong><br><small>\n                                    Inkl. 19% MwSt.                                <\/small>\n                            <\/div>\n                                                <br>\n                        <a href=\"https:\/\/ford-sachsen.de\/html\/page\/fahrzeuge\/ford-tourneo-courier-trend-vorfuehrwagen-rueckfahrkam\/\"\n                            class=\"vehicle-btn wp-block-button__link wp-element-button\">Details<\/a>\n                    <\/div>\n                <\/div> <!-- \/\/ vehicle-row -->\n               \n            <\/article>\n                        <article id=\"post-4811371\" class=\"vehicle\">\n                <hgroup>\n                    <a href=\"https:\/\/ford-sachsen.de\/html\/page\/fahrzeuge\/ford-tourneo-custom-titanium-l1-vanexxt-level-2-schla\/\">\n                        <h2 class=\"vehicle-title\">\n                            Ford Tourneo Custom Titanium L1 vanexxt Level 2 SCHLA                        <\/h2>\n\n                    <\/a>\n                <\/hgroup>\n                <span class=\"vehicle-addition\">\n                    <p>\n                        Van\/Minibus ,\n                        Gebrauchtfahrzeug                    <\/p>\n                <\/span>\n                <div class=\"vehicle-row\">\n                    <div class=\"vehicle-thumbnail\">\n                        <a href=\"https:\/\/ford-sachsen.de\/html\/page\/fahrzeuge\/ford-tourneo-custom-titanium-l1-vanexxt-level-2-schla\/\" title=\"Ford Tourneo Custom Titanium L1 vanexxt Level 2 SCHLA\">\n                            <img loading=\"lazy\" decoding=\"async\" width=\"300\" height=\"225\" src=\"https:\/\/ford-sachsen.de\/html\/page\/wp-content\/uploads\/2026\/09\/4811371-6a9742c4ef2a9a7f4fcb8-16c3-4279-b4dc-c3bee92165eb-rule-mo-1600-300x225.jpg\" class=\"attachment-medium size-medium wp-post-image\" alt=\"\" srcset=\"https:\/\/ford-sachsen.de\/html\/page\/wp-content\/uploads\/2026\/09\/4811371-6a9742c4ef2a9a7f4fcb8-16c3-4279-b4dc-c3bee92165eb-rule-mo-1600-300x225.jpg 300w, https:\/\/ford-sachsen.de\/html\/page\/wp-content\/uploads\/2026\/09\/4811371-6a9742c4ef2a9a7f4fcb8-16c3-4279-b4dc-c3bee92165eb-rule-mo-1600-1024x768.jpg 1024w, https:\/\/ford-sachsen.de\/html\/page\/wp-content\/uploads\/2026\/09\/4811371-6a9742c4ef2a9a7f4fcb8-16c3-4279-b4dc-c3bee92165eb-rule-mo-1600-768x576.jpg 768w, https:\/\/ford-sachsen.de\/html\/page\/wp-content\/uploads\/2026\/09\/4811371-6a9742c4ef2a9a7f4fcb8-16c3-4279-b4dc-c3bee92165eb-rule-mo-1600.jpg 1440w\" sizes=\"(max-width: 300px) 100vw, 300px\" \/>                        <\/a>\n                    <\/div>\n                    <div class=\"vehicle-data\">\n                                                    <small>\n                                                                02.2026                                \u00b7\n                            <\/small>\n                                                                            <small>\n                                10.000 km\n                            <\/small>\n                                                                            <small>\n                                \u00b7\n                                100 kW\n                                                                (\n                                136 PS)\n                            <\/small>\n                                                                            <small>\n                                \u00b7\n                                Automatik                            <\/small>\n                                                                            <small>\n                                \u00b7\n                                Unfallfrei                            <\/small>\n                        \n                                                    <small>\n                                \u00b7\n                                Diesel                            <\/small>\n                                                                                                                            <small>\n                                \u00b7\n                                4\/5 T\u00fcren\n                            <\/small>\n                                                <ul class=\"vehicle-emission\">\n                                                 <span>Verbrauch komb.: \n                                    8.0                                 l\/100km<\/span><br>\n                                                                                \n                                       \n  <!-- CO2-Emissionen\t-->\n                                            <span>CO\u2082-Emissionen komb.: 224.0                                 g\/km<\/span><br>\n                                        <!-- CO2-Emissionen\t-->\n                   \n \n                         <span>CO\u2082-Klasse: \n                                    G                                <\/span><br>\n                    \n\n\n                <\/ul>\n\n                    <\/div>\n\n                    <div class=\"vehicle-price\">\n                                                    <div itemprop=\"priceSpecification\" itemscope itemtype=\"http:\/\/schema.org\/UnitPriceSpecification\">\n                                <meta itemprop=\"priceCurrency\" content=\"EUR\">\n                                <meta itemprop=\"price\" content=\"59.490\">\n                                <strong>\n                                    59.490 \u20ac (Brutto)\n                                <\/strong><br><small>\n                                    Inkl. 19% MwSt.                                <\/small>\n                            <\/div>\n                                                <br>\n                        <a href=\"https:\/\/ford-sachsen.de\/html\/page\/fahrzeuge\/ford-tourneo-custom-titanium-l1-vanexxt-level-2-schla\/\"\n                            class=\"vehicle-btn wp-block-button__link wp-element-button\">Details<\/a>\n                    <\/div>\n                <\/div> <!-- \/\/ vehicle-row -->\n               \n            <\/article>\n                        <article id=\"post-4811369\" class=\"vehicle\">\n                <hgroup>\n                    <a href=\"https:\/\/ford-sachsen.de\/html\/page\/fahrzeuge\/ford-puma-titanium-design-winter-paketkamerappsled\/\">\n                        <h2 class=\"vehicle-title\">\n                            Ford Puma Titanium Design WINTER-PAKET+KAMERA+PPS+LED                        <\/h2>\n\n                    <\/a>\n                <\/hgroup>\n                <span class=\"vehicle-addition\">\n                    <p>\n                        SUV\/Gel\u00e4ndewagen\/Pickup ,\n                        Gebrauchtfahrzeug                    <\/p>\n                <\/span>\n                <div class=\"vehicle-row\">\n                    <div class=\"vehicle-thumbnail\">\n                        <a href=\"https:\/\/ford-sachsen.de\/html\/page\/fahrzeuge\/ford-puma-titanium-design-winter-paketkamerappsled\/\" title=\"Ford Puma Titanium Design WINTER-PAKET+KAMERA+PPS+LED\">\n                            <img loading=\"lazy\" decoding=\"async\" width=\"300\" height=\"225\" src=\"https:\/\/ford-sachsen.de\/html\/page\/wp-content\/uploads\/2026\/09\/4811369-6a9742c29acc8968d1c86-876f-4269-ab41-76ab73f8eda8-rule-mo-1600-300x225.jpg\" class=\"attachment-medium size-medium wp-post-image\" alt=\"\" srcset=\"https:\/\/ford-sachsen.de\/html\/page\/wp-content\/uploads\/2026\/09\/4811369-6a9742c29acc8968d1c86-876f-4269-ab41-76ab73f8eda8-rule-mo-1600-300x225.jpg 300w, https:\/\/ford-sachsen.de\/html\/page\/wp-content\/uploads\/2026\/09\/4811369-6a9742c29acc8968d1c86-876f-4269-ab41-76ab73f8eda8-rule-mo-1600-1024x768.jpg 1024w, https:\/\/ford-sachsen.de\/html\/page\/wp-content\/uploads\/2026\/09\/4811369-6a9742c29acc8968d1c86-876f-4269-ab41-76ab73f8eda8-rule-mo-1600-768x576.jpg 768w, https:\/\/ford-sachsen.de\/html\/page\/wp-content\/uploads\/2026\/09\/4811369-6a9742c29acc8968d1c86-876f-4269-ab41-76ab73f8eda8-rule-mo-1600.jpg 1440w\" sizes=\"(max-width: 300px) 100vw, 300px\" \/>                        <\/a>\n                    <\/div>\n                    <div class=\"vehicle-data\">\n                                                    <small>\n                                                                11.2022                                \u00b7\n                            <\/small>\n                                                                            <small>\n                                14.500 km\n                            <\/small>\n                                                                            <small>\n                                \u00b7\n                                92 kW\n                                                                (\n                                125 PS)\n                            <\/small>\n                                                                            <small>\n                                \u00b7\n                                Schaltgetriebe                            <\/small>\n                                                                            <small>\n                                \u00b7\n                                Unfallfrei                            <\/small>\n                        \n                                                    <small>\n                                \u00b7\n                                Benzin                            <\/small>\n                                                                                                                            <small>\n                                \u00b7\n                                4\/5 T\u00fcren\n                            <\/small>\n                                                <ul class=\"vehicle-emission\">\n                                                 <span>Verbrauch komb.: \n                                    6.0                                 l\/100km<\/span><br>\n                                                                                \n                                       \n  <!-- CO2-Emissionen\t-->\n                                            <span>CO\u2082-Emissionen komb.: 135.0                                 g\/km<\/span><br>\n                                        <!-- CO2-Emissionen\t-->\n                   \n \n                         <span>CO\u2082-Klasse: \n                                    D                                <\/span><br>\n                    \n\n\n                <\/ul>\n\n                    <\/div>\n\n                    <div class=\"vehicle-price\">\n                                                    <div itemprop=\"priceSpecification\" itemscope itemtype=\"http:\/\/schema.org\/UnitPriceSpecification\">\n                                <meta itemprop=\"priceCurrency\" content=\"EUR\">\n                                <meta itemprop=\"price\" content=\"17.490\">\n                                <strong>\n                                    17.490 \u20ac (Brutto)\n                                <\/strong><br><small>\n                                    Inkl. 19% MwSt.                                <\/small>\n                            <\/div>\n                                                <br>\n                        <a href=\"https:\/\/ford-sachsen.de\/html\/page\/fahrzeuge\/ford-puma-titanium-design-winter-paketkamerappsled\/\"\n                            class=\"vehicle-btn wp-block-button__link wp-element-button\">Details<\/a>\n                    <\/div>\n                <\/div> <!-- \/\/ vehicle-row -->\n               \n            <\/article>\n                        <article id=\"post-4811365\" class=\"vehicle\">\n                <hgroup>\n                    <a href=\"https:\/\/ford-sachsen.de\/html\/page\/fahrzeuge\/ford-transit-kasten-350-l3h2-2x-trend-ahkklimaautom\/\">\n                        <h2 class=\"vehicle-title\">\n                            Ford Transit Kasten 350 L3H2 2X Trend AHK+KLIMAAUTOM+                        <\/h2>\n\n                    <\/a>\n                <\/hgroup>\n                <span class=\"vehicle-addition\">\n                    <p>\n                        Andere ,\n                        Gebrauchtfahrzeug                    <\/p>\n                <\/span>\n                <div class=\"vehicle-row\">\n                    <div class=\"vehicle-thumbnail\">\n                        <a href=\"https:\/\/ford-sachsen.de\/html\/page\/fahrzeuge\/ford-transit-kasten-350-l3h2-2x-trend-ahkklimaautom\/\" title=\"Ford Transit Kasten 350 L3H2 2X Trend AHK+KLIMAAUTOM+\">\n                            <img loading=\"lazy\" decoding=\"async\" width=\"300\" height=\"225\" src=\"https:\/\/ford-sachsen.de\/html\/page\/wp-content\/uploads\/2026\/09\/4811365-6a9742bf4a1527db15ee5-a4f0-48d0-897a-7f9f0aa59a0c-rule-mo-1600-300x225.jpg\" class=\"attachment-medium size-medium wp-post-image\" alt=\"\" srcset=\"https:\/\/ford-sachsen.de\/html\/page\/wp-content\/uploads\/2026\/09\/4811365-6a9742bf4a1527db15ee5-a4f0-48d0-897a-7f9f0aa59a0c-rule-mo-1600-300x225.jpg 300w, https:\/\/ford-sachsen.de\/html\/page\/wp-content\/uploads\/2026\/09\/4811365-6a9742bf4a1527db15ee5-a4f0-48d0-897a-7f9f0aa59a0c-rule-mo-1600-1024x768.jpg 1024w, https:\/\/ford-sachsen.de\/html\/page\/wp-content\/uploads\/2026\/09\/4811365-6a9742bf4a1527db15ee5-a4f0-48d0-897a-7f9f0aa59a0c-rule-mo-1600-768x576.jpg 768w, https:\/\/ford-sachsen.de\/html\/page\/wp-content\/uploads\/2026\/09\/4811365-6a9742bf4a1527db15ee5-a4f0-48d0-897a-7f9f0aa59a0c-rule-mo-1600.jpg 1440w\" sizes=\"(max-width: 300px) 100vw, 300px\" \/>                        <\/a>\n                    <\/div>\n                    <div class=\"vehicle-data\">\n                                                    <small>\n                                                                05.2025                                \u00b7\n                            <\/small>\n                                                                            <small>\n                                2.650 km\n                            <\/small>\n                                                                            <small>\n                                \u00b7\n                                96 kW\n                                                                (\n                                131 PS)\n                            <\/small>\n                                                                            <small>\n                                \u00b7\n                                Schaltgetriebe                            <\/small>\n                                                                            <small>\n                                \u00b7\n                                Unfallfrei                            <\/small>\n                        \n                                                    <small>\n                                \u00b7\n                                Diesel                            <\/small>\n                                                                                                                            <small>\n                                \u00b7\n                                4\/5 T\u00fcren\n                            <\/small>\n                                                <ul class=\"vehicle-emission\">\n                                                 <span>Verbrauch komb.: \n                                    9.0                                 l\/100km<\/span><br>\n                                                                                \n                                       \n  <!-- CO2-Emissionen\t-->\n                                            <span>CO\u2082-Emissionen komb.: 236.0                                 g\/km<\/span><br>\n                                        <!-- CO2-Emissionen\t-->\n                   \n \n                         <span>CO\u2082-Klasse: \n                                    G                                <\/span><br>\n                    \n\n\n                <\/ul>\n\n                    <\/div>\n\n                    <div class=\"vehicle-price\">\n                                                    <div itemprop=\"priceSpecification\" itemscope itemtype=\"http:\/\/schema.org\/UnitPriceSpecification\">\n                                <meta itemprop=\"priceCurrency\" content=\"EUR\">\n                                <meta itemprop=\"price\" content=\"33.450\">\n                                <strong>\n                                    33.450 \u20ac (Brutto)\n                                <\/strong><br><small>\n                                    Inkl. 19% MwSt.                                <\/small>\n                            <\/div>\n                                                <br>\n                        <a href=\"https:\/\/ford-sachsen.de\/html\/page\/fahrzeuge\/ford-transit-kasten-350-l3h2-2x-trend-ahkklimaautom\/\"\n                            class=\"vehicle-btn wp-block-button__link wp-element-button\">Details<\/a>\n                    <\/div>\n                <\/div> <!-- \/\/ vehicle-row -->\n               \n            <\/article>\n                        <article id=\"post-4811363\" class=\"vehicle\">\n                <hgroup>\n                    <a href=\"https:\/\/ford-sachsen.de\/html\/page\/fahrzeuge\/ford-puma-st-line-ledwinterkomfort-paket\/\">\n                        <h2 class=\"vehicle-title\">\n                            Ford Puma ST-Line LED+WINTER&amp;KOMFORT PAKET                        <\/h2>\n\n                    <\/a>\n                <\/hgroup>\n                <span class=\"vehicle-addition\">\n                    <p>\n                        SUV\/Gel\u00e4ndewagen\/Pickup ,\n                        Gebrauchtfahrzeug                    <\/p>\n                <\/span>\n                <div class=\"vehicle-row\">\n                    <div class=\"vehicle-thumbnail\">\n                        <a href=\"https:\/\/ford-sachsen.de\/html\/page\/fahrzeuge\/ford-puma-st-line-ledwinterkomfort-paket\/\" title=\"Ford Puma ST-Line LED+WINTER&amp;KOMFORT PAKET\">\n                            <img loading=\"lazy\" decoding=\"async\" width=\"300\" height=\"225\" src=\"https:\/\/ford-sachsen.de\/html\/page\/wp-content\/uploads\/2026\/09\/4811363-6a9742bd7422aab129880-301d-4fed-b562-8ee44356e0f6-rule-mo-1600-300x225.jpg\" class=\"attachment-medium size-medium wp-post-image\" alt=\"\" srcset=\"https:\/\/ford-sachsen.de\/html\/page\/wp-content\/uploads\/2026\/09\/4811363-6a9742bd7422aab129880-301d-4fed-b562-8ee44356e0f6-rule-mo-1600-300x225.jpg 300w, https:\/\/ford-sachsen.de\/html\/page\/wp-content\/uploads\/2026\/09\/4811363-6a9742bd7422aab129880-301d-4fed-b562-8ee44356e0f6-rule-mo-1600-1024x768.jpg 1024w, https:\/\/ford-sachsen.de\/html\/page\/wp-content\/uploads\/2026\/09\/4811363-6a9742bd7422aab129880-301d-4fed-b562-8ee44356e0f6-rule-mo-1600-768x576.jpg 768w, https:\/\/ford-sachsen.de\/html\/page\/wp-content\/uploads\/2026\/09\/4811363-6a9742bd7422aab129880-301d-4fed-b562-8ee44356e0f6-rule-mo-1600.jpg 1440w\" sizes=\"(max-width: 300px) 100vw, 300px\" \/>                        <\/a>\n                    <\/div>\n                    <div class=\"vehicle-data\">\n                                                    <small>\n                                                                06.2025                                \u00b7\n                            <\/small>\n                                                                            <small>\n                                5.000 km\n                            <\/small>\n                                                                            <small>\n                                \u00b7\n                                92 kW\n                                                                (\n                                125 PS)\n                            <\/small>\n                                                                            <small>\n                                \u00b7\n                                Schaltgetriebe                            <\/small>\n                                                                            <small>\n                                \u00b7\n                                Unfallfrei                            <\/small>\n                        \n                                                    <small>\n                                \u00b7\n                                Benzin                            <\/small>\n                                                                                                                            <small>\n                                \u00b7\n                                4\/5 T\u00fcren\n                            <\/small>\n                                                <ul class=\"vehicle-emission\">\n                                                 <span>Verbrauch komb.: \n                                    6.0                                 l\/100km<\/span><br>\n                                                                                \n                                       \n  <!-- CO2-Emissionen\t-->\n                                            <span>CO\u2082-Emissionen komb.: 135.0                                 g\/km<\/span><br>\n                                        <!-- CO2-Emissionen\t-->\n                   \n \n                         <span>CO\u2082-Klasse: \n                                    D                                <\/span><br>\n                    \n\n\n                <\/ul>\n\n                    <\/div>\n\n                    <div class=\"vehicle-price\">\n                                                    <div itemprop=\"priceSpecification\" itemscope itemtype=\"http:\/\/schema.org\/UnitPriceSpecification\">\n                                <meta itemprop=\"priceCurrency\" content=\"EUR\">\n                                <meta itemprop=\"price\" content=\"22.490\">\n                                <strong>\n                                    22.490 \u20ac (Brutto)\n                                <\/strong><br><small>\n                                    Inkl. 19% MwSt.                                <\/small>\n                            <\/div>\n                                                <br>\n                        <a href=\"https:\/\/ford-sachsen.de\/html\/page\/fahrzeuge\/ford-puma-st-line-ledwinterkomfort-paket\/\"\n                            class=\"vehicle-btn wp-block-button__link wp-element-button\">Details<\/a>\n                    <\/div>\n                <\/div> <!-- \/\/ vehicle-row -->\n               \n            <\/article>\n                        <article id=\"post-4811361\" class=\"vehicle\">\n                <hgroup>\n                    <a href=\"https:\/\/ford-sachsen.de\/html\/page\/fahrzeuge\/ford-puma-st-line-x-acclednaviel-heckklappebowi\/\">\n                        <h2 class=\"vehicle-title\">\n                            Ford Puma ST-Line X ACC+LED+NAVI+EL.HECKKLAPPE+B&amp;O+WI                        <\/h2>\n\n                    <\/a>\n                <\/hgroup>\n                <span class=\"vehicle-addition\">\n                    <p>\n                        SUV\/Gel\u00e4ndewagen\/Pickup ,\n                        Gebrauchtfahrzeug                    <\/p>\n                <\/span>\n                <div class=\"vehicle-row\">\n                    <div class=\"vehicle-thumbnail\">\n                        <a href=\"https:\/\/ford-sachsen.de\/html\/page\/fahrzeuge\/ford-puma-st-line-x-acclednaviel-heckklappebowi\/\" title=\"Ford Puma ST-Line X ACC+LED+NAVI+EL.HECKKLAPPE+B&amp;O+WI\">\n                            <img loading=\"lazy\" decoding=\"async\" width=\"300\" height=\"225\" src=\"https:\/\/ford-sachsen.de\/html\/page\/wp-content\/uploads\/2026\/09\/4811361-6a9742bbb480a7cf37320-f61f-4295-9251-80703cb95f6e-rule-mo-1600-300x225.jpg\" class=\"attachment-medium size-medium wp-post-image\" alt=\"\" srcset=\"https:\/\/ford-sachsen.de\/html\/page\/wp-content\/uploads\/2026\/09\/4811361-6a9742bbb480a7cf37320-f61f-4295-9251-80703cb95f6e-rule-mo-1600-300x225.jpg 300w, https:\/\/ford-sachsen.de\/html\/page\/wp-content\/uploads\/2026\/09\/4811361-6a9742bbb480a7cf37320-f61f-4295-9251-80703cb95f6e-rule-mo-1600-1024x768.jpg 1024w, https:\/\/ford-sachsen.de\/html\/page\/wp-content\/uploads\/2026\/09\/4811361-6a9742bbb480a7cf37320-f61f-4295-9251-80703cb95f6e-rule-mo-1600-768x576.jpg 768w, https:\/\/ford-sachsen.de\/html\/page\/wp-content\/uploads\/2026\/09\/4811361-6a9742bbb480a7cf37320-f61f-4295-9251-80703cb95f6e-rule-mo-1600.jpg 1440w\" sizes=\"(max-width: 300px) 100vw, 300px\" \/>                        <\/a>\n                    <\/div>\n                    <div class=\"vehicle-data\">\n                                                    <small>\n                                                                11.2021                                \u00b7\n                            <\/small>\n                                                                            <small>\n                                37.956 km\n                            <\/small>\n                                                                            <small>\n                                \u00b7\n                                114 kW\n                                                                (\n                                155 PS)\n                            <\/small>\n                                                                            <small>\n                                \u00b7\n                                Schaltgetriebe                            <\/small>\n                                                                            <small>\n                                \u00b7\n                                Unfallfrei                            <\/small>\n                        \n                                                    <small>\n                                \u00b7\n                                Benzin                            <\/small>\n                                                                                                                            <small>\n                                \u00b7\n                                4\/5 T\u00fcren\n                            <\/small>\n                                                <ul class=\"vehicle-emission\">\n                                                 <span>Verbrauch komb.: \n                                    6.1                                 l\/100km<\/span><br>\n                                                                                \n                                       \n  <!-- CO2-Emissionen\t-->\n                                            <span>CO\u2082-Emissionen komb.: 138.0                                 g\/km<\/span><br>\n                                        <!-- CO2-Emissionen\t-->\n                   \n \n                         <span>CO\u2082-Klasse: \n                                    E                                <\/span><br>\n                    \n\n\n                <\/ul>\n\n                    <\/div>\n\n                    <div class=\"vehicle-price\">\n                                                    <div itemprop=\"priceSpecification\" itemscope itemtype=\"http:\/\/schema.org\/UnitPriceSpecification\">\n                                <meta itemprop=\"priceCurrency\" content=\"EUR\">\n                                <meta itemprop=\"price\" content=\"18.990\">\n                                <strong>\n                                    18.990 \u20ac (Brutto)\n                                <\/strong><br><small>\n                                    Inkl. 19% MwSt.                                <\/small>\n                            <\/div>\n                                                <br>\n                        <a href=\"https:\/\/ford-sachsen.de\/html\/page\/fahrzeuge\/ford-puma-st-line-x-acclednaviel-heckklappebowi\/\"\n                            class=\"vehicle-btn wp-block-button__link wp-element-button\">Details<\/a>\n                    <\/div>\n                <\/div> <!-- \/\/ vehicle-row -->\n               \n            <\/article>\n                        <article id=\"post-4811359\" class=\"vehicle\">\n                <hgroup>\n                    <a href=\"https:\/\/ford-sachsen.de\/html\/page\/fahrzeuge\/ford-puma-gen-e-winterpaket-navi-led-pps-hi-fahrassis\/\">\n                        <h2 class=\"vehicle-title\">\n                            Ford Puma Gen-E WINTERPAKET NAVI LED PPS-HI FAHRASSIS                        <\/h2>\n\n                    <\/a>\n                <\/hgroup>\n                <span class=\"vehicle-addition\">\n                    <p>\n                        SUV\/Gel\u00e4ndewagen\/Pickup ,\n                        Gebrauchtfahrzeug                    <\/p>\n                <\/span>\n                <div class=\"vehicle-row\">\n                    <div class=\"vehicle-thumbnail\">\n                        <a href=\"https:\/\/ford-sachsen.de\/html\/page\/fahrzeuge\/ford-puma-gen-e-winterpaket-navi-led-pps-hi-fahrassis\/\" title=\"Ford Puma Gen-E WINTERPAKET NAVI LED PPS-HI FAHRASSIS\">\n                            <img loading=\"lazy\" decoding=\"async\" width=\"300\" height=\"225\" src=\"https:\/\/ford-sachsen.de\/html\/page\/wp-content\/uploads\/2026\/09\/4811359-6a9742ba1a2d90ea2d29a-4a35-4c4c-a356-d8fb363f8c26-rule-mo-1600-300x225.jpg\" class=\"attachment-medium size-medium wp-post-image\" alt=\"\" srcset=\"https:\/\/ford-sachsen.de\/html\/page\/wp-content\/uploads\/2026\/09\/4811359-6a9742ba1a2d90ea2d29a-4a35-4c4c-a356-d8fb363f8c26-rule-mo-1600-300x225.jpg 300w, https:\/\/ford-sachsen.de\/html\/page\/wp-content\/uploads\/2026\/09\/4811359-6a9742ba1a2d90ea2d29a-4a35-4c4c-a356-d8fb363f8c26-rule-mo-1600-1024x768.jpg 1024w, https:\/\/ford-sachsen.de\/html\/page\/wp-content\/uploads\/2026\/09\/4811359-6a9742ba1a2d90ea2d29a-4a35-4c4c-a356-d8fb363f8c26-rule-mo-1600-768x576.jpg 768w, https:\/\/ford-sachsen.de\/html\/page\/wp-content\/uploads\/2026\/09\/4811359-6a9742ba1a2d90ea2d29a-4a35-4c4c-a356-d8fb363f8c26-rule-mo-1600.jpg 1440w\" sizes=\"(max-width: 300px) 100vw, 300px\" \/>                        <\/a>\n                    <\/div>\n                    <div class=\"vehicle-data\">\n                                                    <small>\n                                                                05.2025                                \u00b7\n                            <\/small>\n                                                                            <small>\n                                9.500 km\n                            <\/small>\n                                                                            <small>\n                                \u00b7\n                                124 kW\n                                                                (\n                                169 PS)\n                            <\/small>\n                                                                            <small>\n                                \u00b7\n                                Automatik                            <\/small>\n                                                                            <small>\n                                \u00b7\n                                Unfallfrei                            <\/small>\n                        \n                                                    <small>\n                                \u00b7\n                                Elektro                            <\/small>\n                                                                                                                            <small>\n                                \u00b7\n                                4\/5 T\u00fcren\n                            <\/small>\n                                                <ul class=\"vehicle-emission\">\n                                                                                     \n                                       \n  <!-- CO2-Emissionen\t-->\n                                            <span>CO\u2082-Emissionen komb.: 0.0                                 g\/km<\/span><br>\n                                        <!-- CO2-Emissionen\t-->\n                   \n \n                         <span>CO\u2082-Klasse: \n                                    A                                <\/span><br>\n                    \n\n\n                <\/ul>\n\n                    <\/div>\n\n                    <div class=\"vehicle-price\">\n                                                    <div itemprop=\"priceSpecification\" itemscope itemtype=\"http:\/\/schema.org\/UnitPriceSpecification\">\n                                <meta itemprop=\"priceCurrency\" content=\"EUR\">\n                                <meta itemprop=\"price\" content=\"26.890\">\n                                <strong>\n                                    26.890 \u20ac (Brutto)\n                                <\/strong><br><small>\n                                    Inkl. 19% MwSt.                                <\/small>\n                            <\/div>\n                                                <br>\n                        <a href=\"https:\/\/ford-sachsen.de\/html\/page\/fahrzeuge\/ford-puma-gen-e-winterpaket-navi-led-pps-hi-fahrassis\/\"\n                            class=\"vehicle-btn wp-block-button__link wp-element-button\">Details<\/a>\n                    <\/div>\n                <\/div> <!-- \/\/ vehicle-row -->\n               \n            <\/article>\n                        <article id=\"post-4811357\" class=\"vehicle\">\n                <hgroup>\n                    <a href=\"https:\/\/ford-sachsen.de\/html\/page\/fahrzeuge\/ford-kuga-phev-titanium-winterpaket-navi-rueckfahrkame\/\">\n                        <h2 class=\"vehicle-title\">\n                            Ford Kuga PHEV Titanium WINTERPAKET NAVI R\u00dcCKFAHRKAME                        <\/h2>\n\n                    <\/a>\n                <\/hgroup>\n                <span class=\"vehicle-addition\">\n                    <p>\n                        SUV\/Gel\u00e4ndewagen\/Pickup ,\n                        Gebrauchtfahrzeug                    <\/p>\n                <\/span>\n                <div class=\"vehicle-row\">\n                    <div class=\"vehicle-thumbnail\">\n                        <a href=\"https:\/\/ford-sachsen.de\/html\/page\/fahrzeuge\/ford-kuga-phev-titanium-winterpaket-navi-rueckfahrkame\/\" title=\"Ford Kuga PHEV Titanium WINTERPAKET NAVI R\u00dcCKFAHRKAME\">\n                            <img loading=\"lazy\" decoding=\"async\" width=\"300\" height=\"225\" src=\"https:\/\/ford-sachsen.de\/html\/page\/wp-content\/uploads\/2026\/09\/4811357-6a9742b86671eaa25cf48-c969-469e-b429-e86c3a0d7263-rule-mo-1600-300x225.jpg\" class=\"attachment-medium size-medium wp-post-image\" alt=\"\" srcset=\"https:\/\/ford-sachsen.de\/html\/page\/wp-content\/uploads\/2026\/09\/4811357-6a9742b86671eaa25cf48-c969-469e-b429-e86c3a0d7263-rule-mo-1600-300x225.jpg 300w, https:\/\/ford-sachsen.de\/html\/page\/wp-content\/uploads\/2026\/09\/4811357-6a9742b86671eaa25cf48-c969-469e-b429-e86c3a0d7263-rule-mo-1600-1024x768.jpg 1024w, https:\/\/ford-sachsen.de\/html\/page\/wp-content\/uploads\/2026\/09\/4811357-6a9742b86671eaa25cf48-c969-469e-b429-e86c3a0d7263-rule-mo-1600-768x576.jpg 768w, https:\/\/ford-sachsen.de\/html\/page\/wp-content\/uploads\/2026\/09\/4811357-6a9742b86671eaa25cf48-c969-469e-b429-e86c3a0d7263-rule-mo-1600.jpg 1440w\" sizes=\"(max-width: 300px) 100vw, 300px\" \/>                        <\/a>\n                    <\/div>\n                    <div class=\"vehicle-data\">\n                                                    <small>\n                                                                05.2022                                \u00b7\n                            <\/small>\n                                                                            <small>\n                                16.032 km\n                            <\/small>\n                                                                            <small>\n                                \u00b7\n                                165 kW\n                                                                (\n                                224 PS)\n                            <\/small>\n                                                                            <small>\n                                \u00b7\n                                Automatik                            <\/small>\n                                                                            <small>\n                                \u00b7\n                                Unfallfrei                            <\/small>\n                        \n                                                    <small>\n                                \u00b7\n                                Plug-in-Hybrid                            <\/small>\n                                                                                                                            <small>\n                                \u00b7\n                                4\/5 T\u00fcren\n                            <\/small>\n                                                <ul class=\"vehicle-emission\">\n                                                                                     \n                                       \n  <!-- CO2-Emissionen\t-->\n                                        <!-- CO2-Emissionen\t-->\n                   \n \n \n\n\n                <\/ul>\n\n                    <\/div>\n\n                    <div class=\"vehicle-price\">\n                                                    <div itemprop=\"priceSpecification\" itemscope itemtype=\"http:\/\/schema.org\/UnitPriceSpecification\">\n                                <meta itemprop=\"priceCurrency\" content=\"EUR\">\n                                <meta itemprop=\"price\" content=\"22.690\">\n                                <strong>\n                                    22.690 \u20ac (Brutto)\n                                <\/strong><br><small>\n                                    Inkl. 19% MwSt.                                <\/small>\n                            <\/div>\n                                                <br>\n                        <a href=\"https:\/\/ford-sachsen.de\/html\/page\/fahrzeuge\/ford-kuga-phev-titanium-winterpaket-navi-rueckfahrkame\/\"\n                            class=\"vehicle-btn wp-block-button__link wp-element-button\">Details<\/a>\n                    <\/div>\n                <\/div> <!-- \/\/ vehicle-row -->\n               \n            <\/article>\n                        <article id=\"post-4811355\" class=\"vehicle\">\n                <hgroup>\n                    <a href=\"https:\/\/ford-sachsen.de\/html\/page\/fahrzeuge\/ford-puma-mhev-st-line-vignale-navi-acc-twa-styling-w\/\">\n                        <h2 class=\"vehicle-title\">\n                            Ford Puma MHEV ST-Line Vignale NAVI ACC TWA STYLING W                        <\/h2>\n\n                    <\/a>\n                <\/hgroup>\n                <span class=\"vehicle-addition\">\n                    <p>\n                        SUV\/Gel\u00e4ndewagen\/Pickup ,\n                        Gebrauchtfahrzeug                    <\/p>\n                <\/span>\n                <div class=\"vehicle-row\">\n                    <div class=\"vehicle-thumbnail\">\n                        <a href=\"https:\/\/ford-sachsen.de\/html\/page\/fahrzeuge\/ford-puma-mhev-st-line-vignale-navi-acc-twa-styling-w\/\" title=\"Ford Puma MHEV ST-Line Vignale NAVI ACC TWA STYLING W\">\n                            <img loading=\"lazy\" decoding=\"async\" width=\"300\" height=\"225\" src=\"https:\/\/ford-sachsen.de\/html\/page\/wp-content\/uploads\/2026\/09\/4811355-6a9742b69635cfe54ff9f-3fbc-45db-a4d0-a90284e42f7a-rule-mo-1600-300x225.jpg\" class=\"attachment-medium size-medium wp-post-image\" alt=\"\" srcset=\"https:\/\/ford-sachsen.de\/html\/page\/wp-content\/uploads\/2026\/09\/4811355-6a9742b69635cfe54ff9f-3fbc-45db-a4d0-a90284e42f7a-rule-mo-1600-300x225.jpg 300w, https:\/\/ford-sachsen.de\/html\/page\/wp-content\/uploads\/2026\/09\/4811355-6a9742b69635cfe54ff9f-3fbc-45db-a4d0-a90284e42f7a-rule-mo-1600-1024x768.jpg 1024w, https:\/\/ford-sachsen.de\/html\/page\/wp-content\/uploads\/2026\/09\/4811355-6a9742b69635cfe54ff9f-3fbc-45db-a4d0-a90284e42f7a-rule-mo-1600-768x576.jpg 768w, https:\/\/ford-sachsen.de\/html\/page\/wp-content\/uploads\/2026\/09\/4811355-6a9742b69635cfe54ff9f-3fbc-45db-a4d0-a90284e42f7a-rule-mo-1600.jpg 1440w\" sizes=\"(max-width: 300px) 100vw, 300px\" \/>                        <\/a>\n                    <\/div>\n                    <div class=\"vehicle-data\">\n                                                    <small>\n                                                                10.2021                                \u00b7\n                            <\/small>\n                                                                            <small>\n                                18.584 km\n                            <\/small>\n                                                                            <small>\n                                \u00b7\n                                114 kW\n                                                                (\n                                155 PS)\n                            <\/small>\n                                                                            <small>\n                                \u00b7\n                                Schaltgetriebe                            <\/small>\n                                                                            <small>\n                                \u00b7\n                                Unfallfrei                            <\/small>\n                        \n                                                    <small>\n                                \u00b7\n                                Benzin                            <\/small>\n                                                                                                                            <small>\n                                \u00b7\n                                4\/5 T\u00fcren\n                            <\/small>\n                                                <ul class=\"vehicle-emission\">\n                                                 <span>Verbrauch komb.: \n                                    6.1                                 l\/100km<\/span><br>\n                                                                                \n                                       \n  <!-- CO2-Emissionen\t-->\n                                            <span>CO\u2082-Emissionen komb.: 138.0                                 g\/km<\/span><br>\n                                        <!-- CO2-Emissionen\t-->\n                   \n \n                         <span>CO\u2082-Klasse: \n                                    E                                <\/span><br>\n                    \n\n\n                <\/ul>\n\n                    <\/div>\n\n                    <div class=\"vehicle-price\">\n                                                    <div itemprop=\"priceSpecification\" itemscope itemtype=\"http:\/\/schema.org\/UnitPriceSpecification\">\n                                <meta itemprop=\"priceCurrency\" content=\"EUR\">\n                                <meta itemprop=\"price\" content=\"17.990\">\n                                <strong>\n                                    17.990 \u20ac (Brutto)\n                                <\/strong><br><small>\n                                    MwSt. nicht ausweisbar                                <\/small>\n                            <\/div>\n                                                <br>\n                        <a href=\"https:\/\/ford-sachsen.de\/html\/page\/fahrzeuge\/ford-puma-mhev-st-line-vignale-navi-acc-twa-styling-w\/\"\n                            class=\"vehicle-btn wp-block-button__link wp-element-button\">Details<\/a>\n                    <\/div>\n                <\/div> <!-- \/\/ vehicle-row -->\n               \n            <\/article>\n                        <article id=\"post-4811353\" class=\"vehicle\">\n                <hgroup>\n                    <a href=\"https:\/\/ford-sachsen.de\/html\/page\/fahrzeuge\/ford-focus-st-line-ledwinterkomfort-paket\/\">\n                        <h2 class=\"vehicle-title\">\n                            Ford Focus ST-Line LED+WINTER&amp;KOMFORT PAKET                        <\/h2>\n\n                    <\/a>\n                <\/hgroup>\n                <span class=\"vehicle-addition\">\n                    <p>\n                        Limousine ,\n                        Gebrauchtfahrzeug                    <\/p>\n                <\/span>\n                <div class=\"vehicle-row\">\n                    <div class=\"vehicle-thumbnail\">\n                        <a href=\"https:\/\/ford-sachsen.de\/html\/page\/fahrzeuge\/ford-focus-st-line-ledwinterkomfort-paket\/\" title=\"Ford Focus ST-Line LED+WINTER&amp;KOMFORT PAKET\">\n                            <img loading=\"lazy\" decoding=\"async\" width=\"300\" height=\"225\" src=\"https:\/\/ford-sachsen.de\/html\/page\/wp-content\/uploads\/2026\/09\/4811353-6a9742b4e9f079a8385af-97c7-47f8-8ee9-109c9ae49dfc-rule-mo-1600-300x225.jpg\" class=\"attachment-medium size-medium wp-post-image\" alt=\"\" srcset=\"https:\/\/ford-sachsen.de\/html\/page\/wp-content\/uploads\/2026\/09\/4811353-6a9742b4e9f079a8385af-97c7-47f8-8ee9-109c9ae49dfc-rule-mo-1600-300x225.jpg 300w, https:\/\/ford-sachsen.de\/html\/page\/wp-content\/uploads\/2026\/09\/4811353-6a9742b4e9f079a8385af-97c7-47f8-8ee9-109c9ae49dfc-rule-mo-1600-1024x768.jpg 1024w, https:\/\/ford-sachsen.de\/html\/page\/wp-content\/uploads\/2026\/09\/4811353-6a9742b4e9f079a8385af-97c7-47f8-8ee9-109c9ae49dfc-rule-mo-1600-768x576.jpg 768w, https:\/\/ford-sachsen.de\/html\/page\/wp-content\/uploads\/2026\/09\/4811353-6a9742b4e9f079a8385af-97c7-47f8-8ee9-109c9ae49dfc-rule-mo-1600.jpg 1440w\" sizes=\"(max-width: 300px) 100vw, 300px\" \/>                        <\/a>\n                    <\/div>\n                    <div class=\"vehicle-data\">\n                                                    <small>\n                                                                12.2020                                \u00b7\n                            <\/small>\n                                                                            <small>\n                                71.867 km\n                            <\/small>\n                                                                            <small>\n                                \u00b7\n                                92 kW\n                                                                (\n                                125 PS)\n                            <\/small>\n                                                                            <small>\n                                \u00b7\n                                Schaltgetriebe                            <\/small>\n                                                                            <small>\n                                \u00b7\n                                Unfallfrei                            <\/small>\n                        \n                                                    <small>\n                                \u00b7\n                                Benzin                            <\/small>\n                                                                                                                            <small>\n                                \u00b7\n                                4\/5 T\u00fcren\n                            <\/small>\n                                                <ul class=\"vehicle-emission\">\n                                                                                     \n                                       \n  <!-- CO2-Emissionen\t-->\n                                        <!-- CO2-Emissionen\t-->\n                   \n \n \n\n\n                <\/ul>\n\n                    <\/div>\n\n                    <div class=\"vehicle-price\">\n                                                    <div itemprop=\"priceSpecification\" itemscope itemtype=\"http:\/\/schema.org\/UnitPriceSpecification\">\n                                <meta itemprop=\"priceCurrency\" content=\"EUR\">\n                                <meta itemprop=\"price\" content=\"14.990\">\n                                <strong>\n                                    14.990 \u20ac (Brutto)\n                                <\/strong><br><small>\n                                    Inkl. 19% MwSt.                                <\/small>\n                            <\/div>\n                                                <br>\n                        <a href=\"https:\/\/ford-sachsen.de\/html\/page\/fahrzeuge\/ford-focus-st-line-ledwinterkomfort-paket\/\"\n                            class=\"vehicle-btn wp-block-button__link wp-element-button\">Details<\/a>\n                    <\/div>\n                <\/div> <!-- \/\/ vehicle-row -->\n               \n            <\/article>\n                        <article id=\"post-4811351\" class=\"vehicle\">\n                <hgroup>\n                    <a href=\"https:\/\/ford-sachsen.de\/html\/page\/fahrzeuge\/ford-focus-turnier-titanium-edition-lednavitempomat\/\">\n                        <h2 class=\"vehicle-title\">\n                            Ford Focus Turnier Titanium Edition LED+NAVI+TEMPOMAT                        <\/h2>\n\n                    <\/a>\n                <\/hgroup>\n                <span class=\"vehicle-addition\">\n                    <p>\n                        Kombi ,\n                        Gebrauchtfahrzeug                    <\/p>\n                <\/span>\n                <div class=\"vehicle-row\">\n                    <div class=\"vehicle-thumbnail\">\n                        <a href=\"https:\/\/ford-sachsen.de\/html\/page\/fahrzeuge\/ford-focus-turnier-titanium-edition-lednavitempomat\/\" title=\"Ford Focus Turnier Titanium Edition LED+NAVI+TEMPOMAT\">\n                            <img loading=\"lazy\" decoding=\"async\" width=\"300\" height=\"225\" src=\"https:\/\/ford-sachsen.de\/html\/page\/wp-content\/uploads\/2026\/09\/4811351-6a9742b3420888d90e046-ba62-4516-a7b6-f55f76e00e93-rule-mo-1600-300x225.jpg\" class=\"attachment-medium size-medium wp-post-image\" alt=\"\" srcset=\"https:\/\/ford-sachsen.de\/html\/page\/wp-content\/uploads\/2026\/09\/4811351-6a9742b3420888d90e046-ba62-4516-a7b6-f55f76e00e93-rule-mo-1600-300x225.jpg 300w, https:\/\/ford-sachsen.de\/html\/page\/wp-content\/uploads\/2026\/09\/4811351-6a9742b3420888d90e046-ba62-4516-a7b6-f55f76e00e93-rule-mo-1600-1024x768.jpg 1024w, https:\/\/ford-sachsen.de\/html\/page\/wp-content\/uploads\/2026\/09\/4811351-6a9742b3420888d90e046-ba62-4516-a7b6-f55f76e00e93-rule-mo-1600-768x576.jpg 768w, https:\/\/ford-sachsen.de\/html\/page\/wp-content\/uploads\/2026\/09\/4811351-6a9742b3420888d90e046-ba62-4516-a7b6-f55f76e00e93-rule-mo-1600.jpg 1440w\" sizes=\"(max-width: 300px) 100vw, 300px\" \/>                        <\/a>\n                    <\/div>\n                    <div class=\"vehicle-data\">\n                                                    <small>\n                                                                11.2024                                \u00b7\n                            <\/small>\n                                                                            <small>\n                                15.000 km\n                            <\/small>\n                                                                            <small>\n                                \u00b7\n                                85 kW\n                                                                (\n                                116 PS)\n                            <\/small>\n                                                                            <small>\n                                \u00b7\n                                Automatik                            <\/small>\n                                                                            <small>\n                                \u00b7\n                                Unfallfrei                            <\/small>\n                        \n                                                    <small>\n                                \u00b7\n                                Diesel                            <\/small>\n                                                                                                                            <small>\n                                \u00b7\n                                4\/5 T\u00fcren\n                            <\/small>\n                                                <ul class=\"vehicle-emission\">\n                                                 <span>Verbrauch komb.: \n                                    5.0                                 l\/100km<\/span><br>\n                                                                                \n                                       \n  <!-- CO2-Emissionen\t-->\n                                            <span>CO\u2082-Emissionen komb.: 132.0                                 g\/km<\/span><br>\n                                        <!-- CO2-Emissionen\t-->\n                   \n \n                         <span>CO\u2082-Klasse: \n                                    D                                <\/span><br>\n                    \n\n\n                <\/ul>\n\n                    <\/div>\n\n                    <div class=\"vehicle-price\">\n                                                    <div itemprop=\"priceSpecification\" itemscope itemtype=\"http:\/\/schema.org\/UnitPriceSpecification\">\n                                <meta itemprop=\"priceCurrency\" content=\"EUR\">\n                                <meta itemprop=\"price\" content=\"25.390\">\n                                <strong>\n                                    25.390 \u20ac (Brutto)\n                                <\/strong><br><small>\n                                    Inkl. 19% MwSt.                                <\/small>\n                            <\/div>\n                                                <br>\n                        <a href=\"https:\/\/ford-sachsen.de\/html\/page\/fahrzeuge\/ford-focus-turnier-titanium-edition-lednavitempomat\/\"\n                            class=\"vehicle-btn wp-block-button__link wp-element-button\">Details<\/a>\n                    <\/div>\n                <\/div> <!-- \/\/ vehicle-row -->\n               \n            <\/article>\n                        <article id=\"post-4811349\" class=\"vehicle\">\n                <hgroup>\n                    <a href=\"https:\/\/ford-sachsen.de\/html\/page\/fahrzeuge\/ford-ecosport-cool-connect-navilenkradheizungklim\/\">\n                        <h2 class=\"vehicle-title\">\n                            Ford EcoSport Cool &amp; Connect NAVI+LENKRADHEIZUNG+KLIM                        <\/h2>\n\n                    <\/a>\n                <\/hgroup>\n                <span class=\"vehicle-addition\">\n                    <p>\n                        SUV\/Gel\u00e4ndewagen\/Pickup ,\n                        Gebrauchtfahrzeug                    <\/p>\n                <\/span>\n                <div class=\"vehicle-row\">\n                    <div class=\"vehicle-thumbnail\">\n                        <a href=\"https:\/\/ford-sachsen.de\/html\/page\/fahrzeuge\/ford-ecosport-cool-connect-navilenkradheizungklim\/\" title=\"Ford EcoSport Cool &amp; Connect NAVI+LENKRADHEIZUNG+KLIM\">\n                            <img loading=\"lazy\" decoding=\"async\" width=\"300\" height=\"225\" src=\"https:\/\/ford-sachsen.de\/html\/page\/wp-content\/uploads\/2026\/09\/4811349-6a9742b176371bca8c147-7173-47af-9532-b03e02de6253-rule-mo-1600-300x225.jpg\" class=\"attachment-medium size-medium wp-post-image\" alt=\"\" srcset=\"https:\/\/ford-sachsen.de\/html\/page\/wp-content\/uploads\/2026\/09\/4811349-6a9742b176371bca8c147-7173-47af-9532-b03e02de6253-rule-mo-1600-300x225.jpg 300w, https:\/\/ford-sachsen.de\/html\/page\/wp-content\/uploads\/2026\/09\/4811349-6a9742b176371bca8c147-7173-47af-9532-b03e02de6253-rule-mo-1600-1024x768.jpg 1024w, https:\/\/ford-sachsen.de\/html\/page\/wp-content\/uploads\/2026\/09\/4811349-6a9742b176371bca8c147-7173-47af-9532-b03e02de6253-rule-mo-1600-768x576.jpg 768w, https:\/\/ford-sachsen.de\/html\/page\/wp-content\/uploads\/2026\/09\/4811349-6a9742b176371bca8c147-7173-47af-9532-b03e02de6253-rule-mo-1600.jpg 1440w\" sizes=\"(max-width: 300px) 100vw, 300px\" \/>                        <\/a>\n                    <\/div>\n                    <div class=\"vehicle-data\">\n                                                    <small>\n                                                                07.2018                                \u00b7\n                            <\/small>\n                                                                            <small>\n                                42.500 km\n                            <\/small>\n                                                                            <small>\n                                \u00b7\n                                92 kW\n                                                                (\n                                125 PS)\n                            <\/small>\n                                                                            <small>\n                                \u00b7\n                                Schaltgetriebe                            <\/small>\n                                                                            <small>\n                                \u00b7\n                                Unfallfrei                            <\/small>\n                        \n                                                    <small>\n                                \u00b7\n                                Benzin                            <\/small>\n                                                                                                                            <small>\n                                \u00b7\n                                4\/5 T\u00fcren\n                            <\/small>\n                                                <ul class=\"vehicle-emission\">\n                                                                                     \n                                       \n  <!-- CO2-Emissionen\t-->\n                                        <!-- CO2-Emissionen\t-->\n                   \n \n \n\n\n                <\/ul>\n\n                    <\/div>\n\n                    <div class=\"vehicle-price\">\n                                                    <div itemprop=\"priceSpecification\" itemscope itemtype=\"http:\/\/schema.org\/UnitPriceSpecification\">\n                                <meta itemprop=\"priceCurrency\" content=\"EUR\">\n                                <meta itemprop=\"price\" content=\"11.390\">\n                                <strong>\n                                    11.390 \u20ac (Brutto)\n                                <\/strong><br><small>\n                                    MwSt. nicht ausweisbar                                <\/small>\n                            <\/div>\n                                                <br>\n                        <a href=\"https:\/\/ford-sachsen.de\/html\/page\/fahrzeuge\/ford-ecosport-cool-connect-navilenkradheizungklim\/\"\n                            class=\"vehicle-btn wp-block-button__link wp-element-button\">Details<\/a>\n                    <\/div>\n                <\/div> <!-- \/\/ vehicle-row -->\n               \n            <\/article>\n                        <article id=\"post-4811347\" class=\"vehicle\">\n                <hgroup>\n                    <a href=\"https:\/\/ford-sachsen.de\/html\/page\/fahrzeuge\/ford-kuga-plug-in-hybrid-vignale-hudledacctwafals\/\">\n                        <h2 class=\"vehicle-title\">\n                            Ford Kuga Plug-In Hybrid Vignale HUD+LED+ACC+TWA+FALS                        <\/h2>\n\n                    <\/a>\n                <\/hgroup>\n                <span class=\"vehicle-addition\">\n                    <p>\n                        SUV\/Gel\u00e4ndewagen\/Pickup ,\n                        Gebrauchtfahrzeug                    <\/p>\n                <\/span>\n                <div class=\"vehicle-row\">\n                    <div class=\"vehicle-thumbnail\">\n                        <a href=\"https:\/\/ford-sachsen.de\/html\/page\/fahrzeuge\/ford-kuga-plug-in-hybrid-vignale-hudledacctwafals\/\" title=\"Ford Kuga Plug-In Hybrid Vignale HUD+LED+ACC+TWA+FALS\">\n                            <img loading=\"lazy\" decoding=\"async\" width=\"300\" height=\"225\" src=\"https:\/\/ford-sachsen.de\/html\/page\/wp-content\/uploads\/2026\/09\/4811347-6a9742afb98ef416704f8-4a67-4f39-b2ea-355a63142046-rule-mo-1600-300x225.jpg\" class=\"attachment-medium size-medium wp-post-image\" alt=\"\" srcset=\"https:\/\/ford-sachsen.de\/html\/page\/wp-content\/uploads\/2026\/09\/4811347-6a9742afb98ef416704f8-4a67-4f39-b2ea-355a63142046-rule-mo-1600-300x225.jpg 300w, https:\/\/ford-sachsen.de\/html\/page\/wp-content\/uploads\/2026\/09\/4811347-6a9742afb98ef416704f8-4a67-4f39-b2ea-355a63142046-rule-mo-1600-1024x768.jpg 1024w, https:\/\/ford-sachsen.de\/html\/page\/wp-content\/uploads\/2026\/09\/4811347-6a9742afb98ef416704f8-4a67-4f39-b2ea-355a63142046-rule-mo-1600-768x576.jpg 768w, https:\/\/ford-sachsen.de\/html\/page\/wp-content\/uploads\/2026\/09\/4811347-6a9742afb98ef416704f8-4a67-4f39-b2ea-355a63142046-rule-mo-1600.jpg 1440w\" sizes=\"(max-width: 300px) 100vw, 300px\" \/>                        <\/a>\n                    <\/div>\n                    <div class=\"vehicle-data\">\n                                                    <small>\n                                                                06.2021                                \u00b7\n                            <\/small>\n                                                                            <small>\n                                40.000 km\n                            <\/small>\n                                                                            <small>\n                                \u00b7\n                                165 kW\n                                                                (\n                                224 PS)\n                            <\/small>\n                                                                            <small>\n                                \u00b7\n                                Automatik                            <\/small>\n                                                                            <small>\n                                \u00b7\n                                Unfallfrei                            <\/small>\n                        \n                                                    <small>\n                                \u00b7\n                                Plug-in-Hybrid                            <\/small>\n                                                                                                                            <small>\n                                \u00b7\n                                4\/5 T\u00fcren\n                            <\/small>\n                                                <ul class=\"vehicle-emission\">\n                                                                                     \n                                       \n  <!-- CO2-Emissionen\t-->\n                                        <!-- CO2-Emissionen\t-->\n                   \n \n \n\n\n                <\/ul>\n\n                    <\/div>\n\n                    <div class=\"vehicle-price\">\n                                                    <div itemprop=\"priceSpecification\" itemscope itemtype=\"http:\/\/schema.org\/UnitPriceSpecification\">\n                                <meta itemprop=\"priceCurrency\" content=\"EUR\">\n                                <meta itemprop=\"price\" content=\"23.690\">\n                                <strong>\n                                    23.690 \u20ac (Brutto)\n                                <\/strong><br><small>\n                                    Inkl. 19% MwSt.                                <\/small>\n                            <\/div>\n                                                <br>\n                        <a href=\"https:\/\/ford-sachsen.de\/html\/page\/fahrzeuge\/ford-kuga-plug-in-hybrid-vignale-hudledacctwafals\/\"\n                            class=\"vehicle-btn wp-block-button__link wp-element-button\">Details<\/a>\n                    <\/div>\n                <\/div> <!-- \/\/ vehicle-row -->\n               \n            <\/article>\n                        <article id=\"post-4811345\" class=\"vehicle\">\n                <hgroup>\n                    <a href=\"https:\/\/ford-sachsen.de\/html\/page\/fahrzeuge\/ford-puma-st-line-gjrwinterkomfort-paketscheibentoe\/\">\n                        <h2 class=\"vehicle-title\">\n                            Ford Puma ST-Line GJR+WINTER&amp;KOMFORT-PAKET+SCHEIBENT\u00d6                        <\/h2>\n\n                    <\/a>\n                <\/hgroup>\n                <span class=\"vehicle-addition\">\n                    <p>\n                        SUV\/Gel\u00e4ndewagen\/Pickup ,\n                        Gebrauchtfahrzeug                    <\/p>\n                <\/span>\n                <div class=\"vehicle-row\">\n                    <div class=\"vehicle-thumbnail\">\n                        <a href=\"https:\/\/ford-sachsen.de\/html\/page\/fahrzeuge\/ford-puma-st-line-gjrwinterkomfort-paketscheibentoe\/\" title=\"Ford Puma ST-Line GJR+WINTER&amp;KOMFORT-PAKET+SCHEIBENT\u00d6\">\n                            <img loading=\"lazy\" decoding=\"async\" width=\"300\" height=\"225\" src=\"https:\/\/ford-sachsen.de\/html\/page\/wp-content\/uploads\/2026\/09\/4811345-6a9742add62ebe93f91af-4bcf-4719-81d6-acb88ceb7e20-rule-mo-1600-300x225.jpg\" class=\"attachment-medium size-medium wp-post-image\" alt=\"\" srcset=\"https:\/\/ford-sachsen.de\/html\/page\/wp-content\/uploads\/2026\/09\/4811345-6a9742add62ebe93f91af-4bcf-4719-81d6-acb88ceb7e20-rule-mo-1600-300x225.jpg 300w, https:\/\/ford-sachsen.de\/html\/page\/wp-content\/uploads\/2026\/09\/4811345-6a9742add62ebe93f91af-4bcf-4719-81d6-acb88ceb7e20-rule-mo-1600-1024x768.jpg 1024w, https:\/\/ford-sachsen.de\/html\/page\/wp-content\/uploads\/2026\/09\/4811345-6a9742add62ebe93f91af-4bcf-4719-81d6-acb88ceb7e20-rule-mo-1600-768x576.jpg 768w, https:\/\/ford-sachsen.de\/html\/page\/wp-content\/uploads\/2026\/09\/4811345-6a9742add62ebe93f91af-4bcf-4719-81d6-acb88ceb7e20-rule-mo-1600.jpg 1440w\" sizes=\"(max-width: 300px) 100vw, 300px\" \/>                        <\/a>\n                    <\/div>\n                    <div class=\"vehicle-data\">\n                                                    <small>\n                                                                03.2024                                \u00b7\n                            <\/small>\n                                                                            <small>\n                                23.000 km\n                            <\/small>\n                                                                            <small>\n                                \u00b7\n                                92 kW\n                                                                (\n                                125 PS)\n                            <\/small>\n                                                                            <small>\n                                \u00b7\n                                Schaltgetriebe                            <\/small>\n                                                                            <small>\n                                \u00b7\n                                Unfallfrei                            <\/small>\n                        \n                                                    <small>\n                                \u00b7\n                                Benzin                            <\/small>\n                                                                                                                            <small>\n                                \u00b7\n                                4\/5 T\u00fcren\n                            <\/small>\n                                                <ul class=\"vehicle-emission\">\n                                                 <span>Verbrauch komb.: \n                                    6.0                                 l\/100km<\/span><br>\n                                                                                \n                                       \n  <!-- CO2-Emissionen\t-->\n                                            <span>CO\u2082-Emissionen komb.: 135.0                                 g\/km<\/span><br>\n                                        <!-- CO2-Emissionen\t-->\n                   \n \n                         <span>CO\u2082-Klasse: \n                                    D                                <\/span><br>\n                    \n\n\n                <\/ul>\n\n                    <\/div>\n\n                    <div class=\"vehicle-price\">\n                                                    <div itemprop=\"priceSpecification\" itemscope itemtype=\"http:\/\/schema.org\/UnitPriceSpecification\">\n                                <meta itemprop=\"priceCurrency\" content=\"EUR\">\n                                <meta itemprop=\"price\" content=\"17.950\">\n                                <strong>\n                                    17.950 \u20ac (Brutto)\n                                <\/strong><br><small>\n                                    Inkl. 19% MwSt.                                <\/small>\n                            <\/div>\n                                                <br>\n                        <a href=\"https:\/\/ford-sachsen.de\/html\/page\/fahrzeuge\/ford-puma-st-line-gjrwinterkomfort-paketscheibentoe\/\"\n                            class=\"vehicle-btn wp-block-button__link wp-element-button\">Details<\/a>\n                    <\/div>\n                <\/div> <!-- \/\/ vehicle-row -->\n               \n            <\/article>\n                        <article id=\"post-4811315\" class=\"vehicle\">\n                <hgroup>\n                    <a href=\"https:\/\/ford-sachsen.de\/html\/page\/fahrzeuge\/ford-transit-kasten-350l3-ahk-fest-fsas-heizbar-bf-d\/\">\n                        <h2 class=\"vehicle-title\">\n                            Ford Transit Kasten 350L3 AHK FEST FS+AS HEIZBAR BF-D                        <\/h2>\n\n                    <\/a>\n                <\/hgroup>\n                <span class=\"vehicle-addition\">\n                    <p>\n                        Andere ,\n                        Gebrauchtfahrzeug                    <\/p>\n                <\/span>\n                <div class=\"vehicle-row\">\n                    <div class=\"vehicle-thumbnail\">\n                        <a href=\"https:\/\/ford-sachsen.de\/html\/page\/fahrzeuge\/ford-transit-kasten-350l3-ahk-fest-fsas-heizbar-bf-d\/\" title=\"Ford Transit Kasten 350L3 AHK FEST FS+AS HEIZBAR BF-D\">\n                            <img loading=\"lazy\" decoding=\"async\" width=\"300\" height=\"225\" src=\"https:\/\/ford-sachsen.de\/html\/page\/wp-content\/uploads\/2026\/09\/4811315-6a974209ea490fcf58d57-fd0e-47a3-810c-ef2ce52b8312-rule-mo-1600-300x225.jpg\" class=\"attachment-medium size-medium wp-post-image\" alt=\"\" srcset=\"https:\/\/ford-sachsen.de\/html\/page\/wp-content\/uploads\/2026\/09\/4811315-6a974209ea490fcf58d57-fd0e-47a3-810c-ef2ce52b8312-rule-mo-1600-300x225.jpg 300w, https:\/\/ford-sachsen.de\/html\/page\/wp-content\/uploads\/2026\/09\/4811315-6a974209ea490fcf58d57-fd0e-47a3-810c-ef2ce52b8312-rule-mo-1600-1024x768.jpg 1024w, https:\/\/ford-sachsen.de\/html\/page\/wp-content\/uploads\/2026\/09\/4811315-6a974209ea490fcf58d57-fd0e-47a3-810c-ef2ce52b8312-rule-mo-1600-768x576.jpg 768w, https:\/\/ford-sachsen.de\/html\/page\/wp-content\/uploads\/2026\/09\/4811315-6a974209ea490fcf58d57-fd0e-47a3-810c-ef2ce52b8312-rule-mo-1600.jpg 1440w\" sizes=\"(max-width: 300px) 100vw, 300px\" \/>                        <\/a>\n                    <\/div>\n                    <div class=\"vehicle-data\">\n                                                    <small>\n                                                                03.2019                                \u00b7\n                            <\/small>\n                                                                            <small>\n                                98.158 km\n                            <\/small>\n                                                                            <small>\n                                \u00b7\n                                96 kW\n                                                                (\n                                131 PS)\n                            <\/small>\n                                                                            <small>\n                                \u00b7\n                                Schaltgetriebe                            <\/small>\n                                                                            <small>\n                                \u00b7\n                                Unfallfrei                            <\/small>\n                        \n                                                    <small>\n                                \u00b7\n                                Diesel                            <\/small>\n                                                                                                                            <small>\n                                \u00b7\n                                4\/5 T\u00fcren\n                            <\/small>\n                                                <ul class=\"vehicle-emission\">\n                                                                                     \n                                       \n  <!-- CO2-Emissionen\t-->\n                                        <!-- CO2-Emissionen\t-->\n                   \n \n \n\n\n                <\/ul>\n\n                    <\/div>\n\n                    <div class=\"vehicle-price\">\n                                                    <div itemprop=\"priceSpecification\" itemscope itemtype=\"http:\/\/schema.org\/UnitPriceSpecification\">\n                                <meta itemprop=\"priceCurrency\" content=\"EUR\">\n                                <meta itemprop=\"price\" content=\"16.650\">\n                                <strong>\n                                    16.650 \u20ac (Brutto)\n                                <\/strong><br><small>\n                                    Inkl. 19% MwSt.                                <\/small>\n                            <\/div>\n                                                <br>\n                        <a href=\"https:\/\/ford-sachsen.de\/html\/page\/fahrzeuge\/ford-transit-kasten-350l3-ahk-fest-fsas-heizbar-bf-d\/\"\n                            class=\"vehicle-btn wp-block-button__link wp-element-button\">Details<\/a>\n                    <\/div>\n                <\/div> <!-- \/\/ vehicle-row -->\n               \n            <\/article>\n                        <article id=\"post-4811313\" class=\"vehicle\">\n                <hgroup>\n                    <a href=\"https:\/\/ford-sachsen.de\/html\/page\/fahrzeuge\/ford-tourneo-courier-trend-winterpaket-rueckfahrkamera\/\">\n                        <h2 class=\"vehicle-title\">\n                            Ford Tourneo Courier Trend WINTERPAKET R\u00dcCKFAHRKAMERA                        <\/h2>\n\n                    <\/a>\n                <\/hgroup>\n                <span class=\"vehicle-addition\">\n                    <p>\n                        Van\/Minibus ,\n                        Gebrauchtfahrzeug                    <\/p>\n                <\/span>\n                <div class=\"vehicle-row\">\n                    <div class=\"vehicle-thumbnail\">\n                        <a href=\"https:\/\/ford-sachsen.de\/html\/page\/fahrzeuge\/ford-tourneo-courier-trend-winterpaket-rueckfahrkamera\/\" title=\"Ford Tourneo Courier Trend WINTERPAKET R\u00dcCKFAHRKAMERA\">\n                            <img loading=\"lazy\" decoding=\"async\" width=\"300\" height=\"225\" src=\"https:\/\/ford-sachsen.de\/html\/page\/wp-content\/uploads\/2026\/09\/4811313-6a9742079fc9c6cb4c8f8-1fb3-4266-a950-27e3a27d016a-rule-mo-1600-300x225.jpg\" class=\"attachment-medium size-medium wp-post-image\" alt=\"\" srcset=\"https:\/\/ford-sachsen.de\/html\/page\/wp-content\/uploads\/2026\/09\/4811313-6a9742079fc9c6cb4c8f8-1fb3-4266-a950-27e3a27d016a-rule-mo-1600-300x225.jpg 300w, https:\/\/ford-sachsen.de\/html\/page\/wp-content\/uploads\/2026\/09\/4811313-6a9742079fc9c6cb4c8f8-1fb3-4266-a950-27e3a27d016a-rule-mo-1600-1024x768.jpg 1024w, https:\/\/ford-sachsen.de\/html\/page\/wp-content\/uploads\/2026\/09\/4811313-6a9742079fc9c6cb4c8f8-1fb3-4266-a950-27e3a27d016a-rule-mo-1600-768x576.jpg 768w, https:\/\/ford-sachsen.de\/html\/page\/wp-content\/uploads\/2026\/09\/4811313-6a9742079fc9c6cb4c8f8-1fb3-4266-a950-27e3a27d016a-rule-mo-1600.jpg 1440w\" sizes=\"(max-width: 300px) 100vw, 300px\" \/>                        <\/a>\n                    <\/div>\n                    <div class=\"vehicle-data\">\n                                                    <small>\n                                                                03.2025                                \u00b7\n                            <\/small>\n                                                                            <small>\n                                5.000 km\n                            <\/small>\n                                                                            <small>\n                                \u00b7\n                                92 kW\n                                                                (\n                                125 PS)\n                            <\/small>\n                                                                            <small>\n                                \u00b7\n                                Schaltgetriebe                            <\/small>\n                                                                            <small>\n                                \u00b7\n                                Unfallfrei                            <\/small>\n                        \n                                                    <small>\n                                \u00b7\n                                Benzin                            <\/small>\n                                                                                                                            <small>\n                                \u00b7\n                                4\/5 T\u00fcren\n                            <\/small>\n                                                <ul class=\"vehicle-emission\">\n                                                 <span>Verbrauch komb.: \n                                    7.0                                 l\/100km<\/span><br>\n                                                                                \n                                       \n  <!-- CO2-Emissionen\t-->\n                                            <span>CO\u2082-Emissionen komb.: 159.0                                 g\/km<\/span><br>\n                                        <!-- CO2-Emissionen\t-->\n                   \n \n                         <span>CO\u2082-Klasse: \n                                    F                                <\/span><br>\n                    \n\n\n                <\/ul>\n\n                    <\/div>\n\n                    <div class=\"vehicle-price\">\n                                                    <div itemprop=\"priceSpecification\" itemscope itemtype=\"http:\/\/schema.org\/UnitPriceSpecification\">\n                                <meta itemprop=\"priceCurrency\" content=\"EUR\">\n                                <meta itemprop=\"price\" content=\"22.690\">\n                                <strong>\n                                    22.690 \u20ac (Brutto)\n                                <\/strong><br><small>\n                                    Inkl. 19% MwSt.                                <\/small>\n                            <\/div>\n                                                <br>\n                        <a href=\"https:\/\/ford-sachsen.de\/html\/page\/fahrzeuge\/ford-tourneo-courier-trend-winterpaket-rueckfahrkamera\/\"\n                            class=\"vehicle-btn wp-block-button__link wp-element-button\">Details<\/a>\n                    <\/div>\n                <\/div> <!-- \/\/ vehicle-row -->\n               \n            <\/article>\n                        <article id=\"post-4811311\" class=\"vehicle\">\n                <hgroup>\n                    <a href=\"https:\/\/ford-sachsen.de\/html\/page\/fahrzeuge\/ford-puma-titanium-navi-digitales-cockpit-led-el-hec\/\">\n                        <h2 class=\"vehicle-title\">\n                            Ford Puma Titanium Navi Digitales Cockpit LED El. Hec                        <\/h2>\n\n                    <\/a>\n                <\/hgroup>\n                <span class=\"vehicle-addition\">\n                    <p>\n                        SUV\/Gel\u00e4ndewagen\/Pickup ,\n                        Gebrauchtfahrzeug                    <\/p>\n                <\/span>\n                <div class=\"vehicle-row\">\n                    <div class=\"vehicle-thumbnail\">\n                        <a href=\"https:\/\/ford-sachsen.de\/html\/page\/fahrzeuge\/ford-puma-titanium-navi-digitales-cockpit-led-el-hec\/\" title=\"Ford Puma Titanium Navi Digitales Cockpit LED El. Hec\">\n                            <img loading=\"lazy\" decoding=\"async\" width=\"300\" height=\"225\" src=\"https:\/\/ford-sachsen.de\/html\/page\/wp-content\/uploads\/2026\/09\/4811311-6a974205143bab966a76d-ca36-4ea3-918c-4d59f869d314-rule-mo-1600-300x225.jpg\" class=\"attachment-medium size-medium wp-post-image\" alt=\"\" srcset=\"https:\/\/ford-sachsen.de\/html\/page\/wp-content\/uploads\/2026\/09\/4811311-6a974205143bab966a76d-ca36-4ea3-918c-4d59f869d314-rule-mo-1600-300x225.jpg 300w, https:\/\/ford-sachsen.de\/html\/page\/wp-content\/uploads\/2026\/09\/4811311-6a974205143bab966a76d-ca36-4ea3-918c-4d59f869d314-rule-mo-1600-1024x768.jpg 1024w, https:\/\/ford-sachsen.de\/html\/page\/wp-content\/uploads\/2026\/09\/4811311-6a974205143bab966a76d-ca36-4ea3-918c-4d59f869d314-rule-mo-1600-768x576.jpg 768w, https:\/\/ford-sachsen.de\/html\/page\/wp-content\/uploads\/2026\/09\/4811311-6a974205143bab966a76d-ca36-4ea3-918c-4d59f869d314-rule-mo-1600.jpg 1440w\" sizes=\"(max-width: 300px) 100vw, 300px\" \/>                        <\/a>\n                    <\/div>\n                    <div class=\"vehicle-data\">\n                                                    <small>\n                                                                01.2025                                \u00b7\n                            <\/small>\n                                                                            <small>\n                                2.650 km\n                            <\/small>\n                                                                            <small>\n                                \u00b7\n                                92 kW\n                                                                (\n                                125 PS)\n                            <\/small>\n                                                                            <small>\n                                \u00b7\n                                Schaltgetriebe                            <\/small>\n                                                                            <small>\n                                \u00b7\n                                Unfallfrei                            <\/small>\n                        \n                                                    <small>\n                                \u00b7\n                                Benzin                            <\/small>\n                                                                                                                            <small>\n                                \u00b7\n                                4\/5 T\u00fcren\n                            <\/small>\n                                                <ul class=\"vehicle-emission\">\n                                                 <span>Verbrauch komb.: \n                                    6.0                                 l\/100km<\/span><br>\n                                                                                \n                                       \n  <!-- CO2-Emissionen\t-->\n                                            <span>CO\u2082-Emissionen komb.: 135.0                                 g\/km<\/span><br>\n                                        <!-- CO2-Emissionen\t-->\n                   \n \n                         <span>CO\u2082-Klasse: \n                                    D                                <\/span><br>\n                    \n\n\n                <\/ul>\n\n                    <\/div>\n\n                    <div class=\"vehicle-price\">\n                                                    <div itemprop=\"priceSpecification\" itemscope itemtype=\"http:\/\/schema.org\/UnitPriceSpecification\">\n                                <meta itemprop=\"priceCurrency\" content=\"EUR\">\n                                <meta itemprop=\"price\" content=\"20.990\">\n                                <strong>\n                                    20.990 \u20ac (Brutto)\n                                <\/strong><br><small>\n                                    Inkl. 19% MwSt.                                <\/small>\n                            <\/div>\n                                                <br>\n                        <a href=\"https:\/\/ford-sachsen.de\/html\/page\/fahrzeuge\/ford-puma-titanium-navi-digitales-cockpit-led-el-hec\/\"\n                            class=\"vehicle-btn wp-block-button__link wp-element-button\">Details<\/a>\n                    <\/div>\n                <\/div> <!-- \/\/ vehicle-row -->\n               \n            <\/article>\n                        <article id=\"post-4811309\" class=\"vehicle\">\n                <hgroup>\n                    <a href=\"https:\/\/ford-sachsen.de\/html\/page\/fahrzeuge\/ford-focus-st-line-design-edition-ledkey-freeindukt\/\">\n                        <h2 class=\"vehicle-title\">\n                            Ford Focus ST-Line Design Edition LED+KEY-FREE+INDUKT                        <\/h2>\n\n                    <\/a>\n                <\/hgroup>\n                <span class=\"vehicle-addition\">\n                    <p>\n                        Limousine ,\n                        Gebrauchtfahrzeug                    <\/p>\n                <\/span>\n                <div class=\"vehicle-row\">\n                    <div class=\"vehicle-thumbnail\">\n                        <a href=\"https:\/\/ford-sachsen.de\/html\/page\/fahrzeuge\/ford-focus-st-line-design-edition-ledkey-freeindukt\/\" title=\"Ford Focus ST-Line Design Edition LED+KEY-FREE+INDUKT\">\n                            <img loading=\"lazy\" decoding=\"async\" width=\"300\" height=\"225\" src=\"https:\/\/ford-sachsen.de\/html\/page\/wp-content\/uploads\/2026\/09\/4811309-6a9742026cbd93899203e-254a-4e18-b199-e7dd4b1105af-rule-mo-1600-300x225.jpg\" class=\"attachment-medium size-medium wp-post-image\" alt=\"\" srcset=\"https:\/\/ford-sachsen.de\/html\/page\/wp-content\/uploads\/2026\/09\/4811309-6a9742026cbd93899203e-254a-4e18-b199-e7dd4b1105af-rule-mo-1600-300x225.jpg 300w, https:\/\/ford-sachsen.de\/html\/page\/wp-content\/uploads\/2026\/09\/4811309-6a9742026cbd93899203e-254a-4e18-b199-e7dd4b1105af-rule-mo-1600-1024x768.jpg 1024w, https:\/\/ford-sachsen.de\/html\/page\/wp-content\/uploads\/2026\/09\/4811309-6a9742026cbd93899203e-254a-4e18-b199-e7dd4b1105af-rule-mo-1600-768x576.jpg 768w, https:\/\/ford-sachsen.de\/html\/page\/wp-content\/uploads\/2026\/09\/4811309-6a9742026cbd93899203e-254a-4e18-b199-e7dd4b1105af-rule-mo-1600.jpg 1440w\" sizes=\"(max-width: 300px) 100vw, 300px\" \/>                        <\/a>\n                    <\/div>\n                    <div class=\"vehicle-data\">\n                                                    <small>\n                                                                01.2023                                \u00b7\n                            <\/small>\n                                                                            <small>\n                                21.350 km\n                            <\/small>\n                                                                            <small>\n                                \u00b7\n                                92 kW\n                                                                (\n                                125 PS)\n                            <\/small>\n                                                                            <small>\n                                \u00b7\n                                Schaltgetriebe                            <\/small>\n                                                                            <small>\n                                \u00b7\n                                Unfallfrei                            <\/small>\n                        \n                                                    <small>\n                                \u00b7\n                                Benzin                            <\/small>\n                                                                                                                            <small>\n                                \u00b7\n                                4\/5 T\u00fcren\n                            <\/small>\n                                                <ul class=\"vehicle-emission\">\n                                                 <span>Verbrauch komb.: \n                                    6.1                                 l\/100km<\/span><br>\n                                                                                \n                                       \n  <!-- CO2-Emissionen\t-->\n                                            <span>CO\u2082-Emissionen komb.: 138.0                                 g\/km<\/span><br>\n                                        <!-- CO2-Emissionen\t-->\n                   \n \n                         <span>CO\u2082-Klasse: \n                                    E                                <\/span><br>\n                    \n\n\n                <\/ul>\n\n                    <\/div>\n\n                    <div class=\"vehicle-price\">\n                                                    <div itemprop=\"priceSpecification\" itemscope itemtype=\"http:\/\/schema.org\/UnitPriceSpecification\">\n                                <meta itemprop=\"priceCurrency\" content=\"EUR\">\n                                <meta itemprop=\"price\" content=\"21.290\">\n                                <strong>\n                                    21.290 \u20ac (Brutto)\n                                <\/strong><br><small>\n                                    Inkl. 19% MwSt.                                <\/small>\n                            <\/div>\n                                                <br>\n                        <a href=\"https:\/\/ford-sachsen.de\/html\/page\/fahrzeuge\/ford-focus-st-line-design-edition-ledkey-freeindukt\/\"\n                            class=\"vehicle-btn wp-block-button__link wp-element-button\">Details<\/a>\n                    <\/div>\n                <\/div> <!-- \/\/ vehicle-row -->\n               \n            <\/article>\n                        <article id=\"post-4811299\" class=\"vehicle\">\n                <hgroup>\n                    <a href=\"https:\/\/ford-sachsen.de\/html\/page\/fahrzeuge\/ford-tourneo-custom-titanium-l1-level2-vanexxt-irmsch\/\">\n                        <h2 class=\"vehicle-title\">\n                            Ford Tourneo Custom Titanium L1 Level2 vanexxt IRMSCH                        <\/h2>\n\n                    <\/a>\n                <\/hgroup>\n                <span class=\"vehicle-addition\">\n                    <p>\n                        Van\/Minibus ,\n                        Gebrauchtfahrzeug                    <\/p>\n                <\/span>\n                <div class=\"vehicle-row\">\n                    <div class=\"vehicle-thumbnail\">\n                        <a href=\"https:\/\/ford-sachsen.de\/html\/page\/fahrzeuge\/ford-tourneo-custom-titanium-l1-level2-vanexxt-irmsch\/\" title=\"Ford Tourneo Custom Titanium L1 Level2 vanexxt IRMSCH\">\n                            <img loading=\"lazy\" decoding=\"async\" width=\"300\" height=\"225\" src=\"https:\/\/ford-sachsen.de\/html\/page\/wp-content\/uploads\/2026\/09\/4811299-6a973f45cbc001883f6ac-053f-4a80-8bff-d94aa9bdb4e4-rule-mo-1600-300x225.jpg\" class=\"attachment-medium size-medium wp-post-image\" alt=\"\" srcset=\"https:\/\/ford-sachsen.de\/html\/page\/wp-content\/uploads\/2026\/09\/4811299-6a973f45cbc001883f6ac-053f-4a80-8bff-d94aa9bdb4e4-rule-mo-1600-300x225.jpg 300w, https:\/\/ford-sachsen.de\/html\/page\/wp-content\/uploads\/2026\/09\/4811299-6a973f45cbc001883f6ac-053f-4a80-8bff-d94aa9bdb4e4-rule-mo-1600-1024x768.jpg 1024w, https:\/\/ford-sachsen.de\/html\/page\/wp-content\/uploads\/2026\/09\/4811299-6a973f45cbc001883f6ac-053f-4a80-8bff-d94aa9bdb4e4-rule-mo-1600-768x576.jpg 768w, https:\/\/ford-sachsen.de\/html\/page\/wp-content\/uploads\/2026\/09\/4811299-6a973f45cbc001883f6ac-053f-4a80-8bff-d94aa9bdb4e4-rule-mo-1600.jpg 1440w\" sizes=\"(max-width: 300px) 100vw, 300px\" \/>                        <\/a>\n                    <\/div>\n                    <div class=\"vehicle-data\">\n                                                    <small>\n                                                                02.2026                                \u00b7\n                            <\/small>\n                                                                            <small>\n                                500 km\n                            <\/small>\n                                                                            <small>\n                                \u00b7\n                                100 kW\n                                                                (\n                                136 PS)\n                            <\/small>\n                                                                            <small>\n                                \u00b7\n                                Automatik                            <\/small>\n                                                                            <small>\n                                \u00b7\n                                Unfallfrei                            <\/small>\n                        \n                                                    <small>\n                                \u00b7\n                                Diesel                            <\/small>\n                                                                                                                            <small>\n                                \u00b7\n                                4\/5 T\u00fcren\n                            <\/small>\n                                                <ul class=\"vehicle-emission\">\n                                                 <span>Verbrauch komb.: \n                                    8.0                                 l\/100km<\/span><br>\n                                                                                \n                                       \n  <!-- CO2-Emissionen\t-->\n                                            <span>CO\u2082-Emissionen komb.: 224.0                                 g\/km<\/span><br>\n                                        <!-- CO2-Emissionen\t-->\n                   \n \n                         <span>CO\u2082-Klasse: \n                                    G                                <\/span><br>\n                    \n\n\n                <\/ul>\n\n                    <\/div>\n\n                    <div class=\"vehicle-price\">\n                                                    <div itemprop=\"priceSpecification\" itemscope itemtype=\"http:\/\/schema.org\/UnitPriceSpecification\">\n                                <meta itemprop=\"priceCurrency\" content=\"EUR\">\n                                <meta itemprop=\"price\" content=\"59.490\">\n                                <strong>\n                                    59.490 \u20ac (Brutto)\n                                <\/strong><br><small>\n                                    Inkl. 19% MwSt.                                <\/small>\n                            <\/div>\n                                                <br>\n                        <a href=\"https:\/\/ford-sachsen.de\/html\/page\/fahrzeuge\/ford-tourneo-custom-titanium-l1-level2-vanexxt-irmsch\/\"\n                            class=\"vehicle-btn wp-block-button__link wp-element-button\">Details<\/a>\n                    <\/div>\n                <\/div> <!-- \/\/ vehicle-row -->\n               \n            <\/article>\n                        <article id=\"post-4811295\" class=\"vehicle\">\n                <hgroup>\n                    <a href=\"https:\/\/ford-sachsen.de\/html\/page\/fahrzeuge\/ford-puma-st-line-mhev-winter-komfort-paket-panorama\/\">\n                        <h2 class=\"vehicle-title\">\n                            Ford Puma ST-Line MHEV WINTER\/KOMFORT-PAKET PANORAMA                        <\/h2>\n\n                    <\/a>\n                <\/hgroup>\n                <span class=\"vehicle-addition\">\n                    <p>\n                        SUV\/Gel\u00e4ndewagen\/Pickup ,\n                        Gebrauchtfahrzeug                    <\/p>\n                <\/span>\n                <div class=\"vehicle-row\">\n                    <div class=\"vehicle-thumbnail\">\n                        <a href=\"https:\/\/ford-sachsen.de\/html\/page\/fahrzeuge\/ford-puma-st-line-mhev-winter-komfort-paket-panorama\/\" title=\"Ford Puma ST-Line MHEV WINTER\/KOMFORT-PAKET PANORAMA\">\n                            <img loading=\"lazy\" decoding=\"async\" width=\"300\" height=\"225\" src=\"https:\/\/ford-sachsen.de\/html\/page\/wp-content\/uploads\/2026\/09\/4811295-6a973f40ca44394fb4901-c436-4a8a-b4aa-78d8edbcbf58-rule-mo-1600-300x225.jpg\" class=\"attachment-medium size-medium wp-post-image\" alt=\"\" srcset=\"https:\/\/ford-sachsen.de\/html\/page\/wp-content\/uploads\/2026\/09\/4811295-6a973f40ca44394fb4901-c436-4a8a-b4aa-78d8edbcbf58-rule-mo-1600-300x225.jpg 300w, https:\/\/ford-sachsen.de\/html\/page\/wp-content\/uploads\/2026\/09\/4811295-6a973f40ca44394fb4901-c436-4a8a-b4aa-78d8edbcbf58-rule-mo-1600-1024x768.jpg 1024w, https:\/\/ford-sachsen.de\/html\/page\/wp-content\/uploads\/2026\/09\/4811295-6a973f40ca44394fb4901-c436-4a8a-b4aa-78d8edbcbf58-rule-mo-1600-768x576.jpg 768w, https:\/\/ford-sachsen.de\/html\/page\/wp-content\/uploads\/2026\/09\/4811295-6a973f40ca44394fb4901-c436-4a8a-b4aa-78d8edbcbf58-rule-mo-1600.jpg 1440w\" sizes=\"(max-width: 300px) 100vw, 300px\" \/>                        <\/a>\n                    <\/div>\n                    <div class=\"vehicle-data\">\n                                                    <small>\n                                                                06.2021                                \u00b7\n                            <\/small>\n                                                                            <small>\n                                35.800 km\n                            <\/small>\n                                                                            <small>\n                                \u00b7\n                                92 kW\n                                                                (\n                                125 PS)\n                            <\/small>\n                                                                            <small>\n                                \u00b7\n                                Schaltgetriebe                            <\/small>\n                                                                            <small>\n                                \u00b7\n                                Unfallfrei                            <\/small>\n                        \n                                                    <small>\n                                \u00b7\n                                Benzin                            <\/small>\n                                                                                                                            <small>\n                                \u00b7\n                                4\/5 T\u00fcren\n                            <\/small>\n                                                <ul class=\"vehicle-emission\">\n                                                 <span>Verbrauch komb.: \n                                    6.0                                 l\/100km<\/span><br>\n                                                                                \n                                       \n  <!-- CO2-Emissionen\t-->\n                                            <span>CO\u2082-Emissionen komb.: 135.0                                 g\/km<\/span><br>\n                                        <!-- CO2-Emissionen\t-->\n                   \n \n                         <span>CO\u2082-Klasse: \n                                    D                                <\/span><br>\n                    \n\n\n                <\/ul>\n\n                    <\/div>\n\n                    <div class=\"vehicle-price\">\n                                                    <div itemprop=\"priceSpecification\" itemscope itemtype=\"http:\/\/schema.org\/UnitPriceSpecification\">\n                                <meta itemprop=\"priceCurrency\" content=\"EUR\">\n                                <meta itemprop=\"price\" content=\"17.990\">\n                                <strong>\n                                    17.990 \u20ac (Brutto)\n                                <\/strong><br><small>\n                                    Inkl. 19% MwSt.                                <\/small>\n                            <\/div>\n                                                <br>\n                        <a href=\"https:\/\/ford-sachsen.de\/html\/page\/fahrzeuge\/ford-puma-st-line-mhev-winter-komfort-paket-panorama\/\"\n                            class=\"vehicle-btn wp-block-button__link wp-element-button\">Details<\/a>\n                    <\/div>\n                <\/div> <!-- \/\/ vehicle-row -->\n               \n            <\/article>\n                        <article id=\"post-4811293\" class=\"vehicle\">\n                <hgroup>\n                    <a href=\"https:\/\/ford-sachsen.de\/html\/page\/fahrzeuge\/ford-puma-st-line-neues-modell-dach-schwarzfahrerass\/\">\n                        <h2 class=\"vehicle-title\">\n                            Ford Puma ST-Line NEUES MODELL DACH-SCHWARZ+Fahrerass                        <\/h2>\n\n                    <\/a>\n                <\/hgroup>\n                <span class=\"vehicle-addition\">\n                    <p>\n                        SUV\/Gel\u00e4ndewagen\/Pickup ,\n                        Gebrauchtfahrzeug                    <\/p>\n                <\/span>\n                <div class=\"vehicle-row\">\n                    <div class=\"vehicle-thumbnail\">\n                        <a href=\"https:\/\/ford-sachsen.de\/html\/page\/fahrzeuge\/ford-puma-st-line-neues-modell-dach-schwarzfahrerass\/\" title=\"Ford Puma ST-Line NEUES MODELL DACH-SCHWARZ+Fahrerass\">\n                            <img loading=\"lazy\" decoding=\"async\" width=\"300\" height=\"225\" src=\"https:\/\/ford-sachsen.de\/html\/page\/wp-content\/uploads\/2026\/09\/4811293-6a973f3e6cd2b52a7678d-7a17-46ad-92d4-7fc70f7279b1-rule-mo-1600-300x225.jpg\" class=\"attachment-medium size-medium wp-post-image\" alt=\"\" srcset=\"https:\/\/ford-sachsen.de\/html\/page\/wp-content\/uploads\/2026\/09\/4811293-6a973f3e6cd2b52a7678d-7a17-46ad-92d4-7fc70f7279b1-rule-mo-1600-300x225.jpg 300w, https:\/\/ford-sachsen.de\/html\/page\/wp-content\/uploads\/2026\/09\/4811293-6a973f3e6cd2b52a7678d-7a17-46ad-92d4-7fc70f7279b1-rule-mo-1600-1024x768.jpg 1024w, https:\/\/ford-sachsen.de\/html\/page\/wp-content\/uploads\/2026\/09\/4811293-6a973f3e6cd2b52a7678d-7a17-46ad-92d4-7fc70f7279b1-rule-mo-1600-768x576.jpg 768w, https:\/\/ford-sachsen.de\/html\/page\/wp-content\/uploads\/2026\/09\/4811293-6a973f3e6cd2b52a7678d-7a17-46ad-92d4-7fc70f7279b1-rule-mo-1600.jpg 1440w\" sizes=\"(max-width: 300px) 100vw, 300px\" \/>                        <\/a>\n                    <\/div>\n                    <div class=\"vehicle-data\">\n                                                    <small>\n                                                                05.2025                                \u00b7\n                            <\/small>\n                                                                            <small>\n                                6.500 km\n                            <\/small>\n                                                                            <small>\n                                \u00b7\n                                92 kW\n                                                                (\n                                125 PS)\n                            <\/small>\n                                                                            <small>\n                                \u00b7\n                                Automatik                            <\/small>\n                                                                            <small>\n                                \u00b7\n                                Unfallfrei                            <\/small>\n                        \n                                                    <small>\n                                \u00b7\n                                Benzin                            <\/small>\n                                                                                                                            <small>\n                                \u00b7\n                                4\/5 T\u00fcren\n                            <\/small>\n                                                <ul class=\"vehicle-emission\">\n                                                 <span>Verbrauch komb.: \n                                    6.3                                 l\/100km<\/span><br>\n                                                                                \n                                       \n  <!-- CO2-Emissionen\t-->\n                                            <span>CO\u2082-Emissionen komb.: 143.0                                 g\/km<\/span><br>\n                                        <!-- CO2-Emissionen\t-->\n                   \n \n                         <span>CO\u2082-Klasse: \n                                    E                                <\/span><br>\n                    \n\n\n                <\/ul>\n\n                    <\/div>\n\n                    <div class=\"vehicle-price\">\n                                                    <div itemprop=\"priceSpecification\" itemscope itemtype=\"http:\/\/schema.org\/UnitPriceSpecification\">\n                                <meta itemprop=\"priceCurrency\" content=\"EUR\">\n                                <meta itemprop=\"price\" content=\"27.490\">\n                                <strong>\n                                    27.490 \u20ac (Brutto)\n                                <\/strong><br><small>\n                                    Inkl. 19% MwSt.                                <\/small>\n                            <\/div>\n                                                <br>\n                        <a href=\"https:\/\/ford-sachsen.de\/html\/page\/fahrzeuge\/ford-puma-st-line-neues-modell-dach-schwarzfahrerass\/\"\n                            class=\"vehicle-btn wp-block-button__link wp-element-button\">Details<\/a>\n                    <\/div>\n                <\/div> <!-- \/\/ vehicle-row -->\n               \n            <\/article>\n                        <article id=\"post-4811283\" class=\"vehicle\">\n                <hgroup>\n                    <a href=\"https:\/\/ford-sachsen.de\/html\/page\/fahrzeuge\/ford-puma-titanium-design-navi-led-dab-ambientebeleuc\/\">\n                        <h2 class=\"vehicle-title\">\n                            Ford Puma Titanium Design Navi LED DAB Ambientebeleuc                        <\/h2>\n\n                    <\/a>\n                <\/hgroup>\n                <span class=\"vehicle-addition\">\n                    <p>\n                        SUV\/Gel\u00e4ndewagen\/Pickup ,\n                        Gebrauchtfahrzeug                    <\/p>\n                <\/span>\n                <div class=\"vehicle-row\">\n                    <div class=\"vehicle-thumbnail\">\n                        <a href=\"https:\/\/ford-sachsen.de\/html\/page\/fahrzeuge\/ford-puma-titanium-design-navi-led-dab-ambientebeleuc\/\" title=\"Ford Puma Titanium Design Navi LED DAB Ambientebeleuc\">\n                            <img loading=\"lazy\" decoding=\"async\" width=\"300\" height=\"225\" src=\"https:\/\/ford-sachsen.de\/html\/page\/wp-content\/uploads\/2026\/09\/4811283-6a973e0ccc2079a480539-6863-495c-b9a8-732033791413-rule-mo-1600-300x225.jpg\" class=\"attachment-medium size-medium wp-post-image\" alt=\"\" srcset=\"https:\/\/ford-sachsen.de\/html\/page\/wp-content\/uploads\/2026\/09\/4811283-6a973e0ccc2079a480539-6863-495c-b9a8-732033791413-rule-mo-1600-300x225.jpg 300w, https:\/\/ford-sachsen.de\/html\/page\/wp-content\/uploads\/2026\/09\/4811283-6a973e0ccc2079a480539-6863-495c-b9a8-732033791413-rule-mo-1600-1024x768.jpg 1024w, https:\/\/ford-sachsen.de\/html\/page\/wp-content\/uploads\/2026\/09\/4811283-6a973e0ccc2079a480539-6863-495c-b9a8-732033791413-rule-mo-1600-768x576.jpg 768w, https:\/\/ford-sachsen.de\/html\/page\/wp-content\/uploads\/2026\/09\/4811283-6a973e0ccc2079a480539-6863-495c-b9a8-732033791413-rule-mo-1600.jpg 1440w\" sizes=\"(max-width: 300px) 100vw, 300px\" \/>                        <\/a>\n                    <\/div>\n                    <div class=\"vehicle-data\">\n                                                    <small>\n                                                                11.2021                                \u00b7\n                            <\/small>\n                                                                            <small>\n                                45.047 km\n                            <\/small>\n                                                                            <small>\n                                \u00b7\n                                92 kW\n                                                                (\n                                125 PS)\n                            <\/small>\n                                                                            <small>\n                                \u00b7\n                                Schaltgetriebe                            <\/small>\n                                                                            <small>\n                                \u00b7\n                                Unfallfrei                            <\/small>\n                        \n                                                    <small>\n                                \u00b7\n                                Benzin                            <\/small>\n                                                                                                                            <small>\n                                \u00b7\n                                4\/5 T\u00fcren\n                            <\/small>\n                                                <ul class=\"vehicle-emission\">\n                                                 <span>Verbrauch komb.: \n                                    6.0                                 l\/100km<\/span><br>\n                                                                                \n                                       \n  <!-- CO2-Emissionen\t-->\n                                            <span>CO\u2082-Emissionen komb.: 135.0                                 g\/km<\/span><br>\n                                        <!-- CO2-Emissionen\t-->\n                   \n \n                         <span>CO\u2082-Klasse: \n                                    D                                <\/span><br>\n                    \n\n\n                <\/ul>\n\n                    <\/div>\n\n                    <div class=\"vehicle-price\">\n                                                    <div itemprop=\"priceSpecification\" itemscope itemtype=\"http:\/\/schema.org\/UnitPriceSpecification\">\n                                <meta itemprop=\"priceCurrency\" content=\"EUR\">\n                                <meta itemprop=\"price\" content=\"14.990\">\n                                <strong>\n                                    14.990 \u20ac (Brutto)\n                                <\/strong><br><small>\n                                    Inkl. 19% MwSt.                                <\/small>\n                            <\/div>\n                                                <br>\n                        <a href=\"https:\/\/ford-sachsen.de\/html\/page\/fahrzeuge\/ford-puma-titanium-design-navi-led-dab-ambientebeleuc\/\"\n                            class=\"vehicle-btn wp-block-button__link wp-element-button\">Details<\/a>\n                    <\/div>\n                <\/div> <!-- \/\/ vehicle-row -->\n               \n            <\/article>\n                        <article id=\"post-4811281\" class=\"vehicle\">\n                <hgroup>\n                    <a href=\"https:\/\/ford-sachsen.de\/html\/page\/fahrzeuge\/ford-focus-turnier-titanium-x-fahrerassisteasy-drive\/\">\n                        <h2 class=\"vehicle-title\">\n                            Ford Focus Turnier Titanium X FAHRERASSIST+EASY-DRIVE                        <\/h2>\n\n                    <\/a>\n                <\/hgroup>\n                <span class=\"vehicle-addition\">\n                    <p>\n                        Kombi ,\n                        Gebrauchtfahrzeug                    <\/p>\n                <\/span>\n                <div class=\"vehicle-row\">\n                    <div class=\"vehicle-thumbnail\">\n                        <a href=\"https:\/\/ford-sachsen.de\/html\/page\/fahrzeuge\/ford-focus-turnier-titanium-x-fahrerassisteasy-drive\/\" title=\"Ford Focus Turnier Titanium X FAHRERASSIST+EASY-DRIVE\">\n                            <img loading=\"lazy\" decoding=\"async\" width=\"300\" height=\"225\" src=\"https:\/\/ford-sachsen.de\/html\/page\/wp-content\/uploads\/2026\/09\/4811281-6a973e0acfa08e4267da2-6ffc-4d2b-90da-0bee87065582-rule-mo-1600-300x225.jpg\" class=\"attachment-medium size-medium wp-post-image\" alt=\"\" srcset=\"https:\/\/ford-sachsen.de\/html\/page\/wp-content\/uploads\/2026\/09\/4811281-6a973e0acfa08e4267da2-6ffc-4d2b-90da-0bee87065582-rule-mo-1600-300x225.jpg 300w, https:\/\/ford-sachsen.de\/html\/page\/wp-content\/uploads\/2026\/09\/4811281-6a973e0acfa08e4267da2-6ffc-4d2b-90da-0bee87065582-rule-mo-1600-1024x768.jpg 1024w, https:\/\/ford-sachsen.de\/html\/page\/wp-content\/uploads\/2026\/09\/4811281-6a973e0acfa08e4267da2-6ffc-4d2b-90da-0bee87065582-rule-mo-1600-768x576.jpg 768w, https:\/\/ford-sachsen.de\/html\/page\/wp-content\/uploads\/2026\/09\/4811281-6a973e0acfa08e4267da2-6ffc-4d2b-90da-0bee87065582-rule-mo-1600.jpg 1440w\" sizes=\"(max-width: 300px) 100vw, 300px\" \/>                        <\/a>\n                    <\/div>\n                    <div class=\"vehicle-data\">\n                                                    <small>\n                                                                10.2025                                \u00b7\n                            <\/small>\n                                                                            <small>\n                                2.650 km\n                            <\/small>\n                                                                            <small>\n                                \u00b7\n                                92 kW\n                                                                (\n                                125 PS)\n                            <\/small>\n                                                                            <small>\n                                \u00b7\n                                Schaltgetriebe                            <\/small>\n                                                                            <small>\n                                \u00b7\n                                Unfallfrei                            <\/small>\n                        \n                                                    <small>\n                                \u00b7\n                                Benzin                            <\/small>\n                                                                                                                            <small>\n                                \u00b7\n                                4\/5 T\u00fcren\n                            <\/small>\n                                                <ul class=\"vehicle-emission\">\n                                                 <span>Verbrauch komb.: \n                                    6.1                                 l\/100km<\/span><br>\n                                                                                \n                                       \n  <!-- CO2-Emissionen\t-->\n                                            <span>CO\u2082-Emissionen komb.: 138.0                                 g\/km<\/span><br>\n                                        <!-- CO2-Emissionen\t-->\n                   \n \n                         <span>CO\u2082-Klasse: \n                                    E                                <\/span><br>\n                    \n\n\n                <\/ul>\n\n                    <\/div>\n\n                    <div class=\"vehicle-price\">\n                                                    <div itemprop=\"priceSpecification\" itemscope itemtype=\"http:\/\/schema.org\/UnitPriceSpecification\">\n                                <meta itemprop=\"priceCurrency\" content=\"EUR\">\n                                <meta itemprop=\"price\" content=\"26.990\">\n                                <strong>\n                                    26.990 \u20ac (Brutto)\n                                <\/strong><br><small>\n                                    Inkl. 19% MwSt.                                <\/small>\n                            <\/div>\n                                                <br>\n                        <a href=\"https:\/\/ford-sachsen.de\/html\/page\/fahrzeuge\/ford-focus-turnier-titanium-x-fahrerassisteasy-drive\/\"\n                            class=\"vehicle-btn wp-block-button__link wp-element-button\">Details<\/a>\n                    <\/div>\n                <\/div> <!-- \/\/ vehicle-row -->\n               \n            <\/article>\n                        <article id=\"post-4811279\" class=\"vehicle\">\n                <hgroup>\n                    <a href=\"https:\/\/ford-sachsen.de\/html\/page\/fahrzeuge\/ford-kuga-hybrid-fhev-active-matrix-ledhead-upwinte\/\">\n                        <h2 class=\"vehicle-title\">\n                            Ford Kuga Hybrid FHEV Active MATRIX-LED+HEAD-UP+WINTE                        <\/h2>\n\n                    <\/a>\n                <\/hgroup>\n                <span class=\"vehicle-addition\">\n                    <p>\n                        SUV\/Gel\u00e4ndewagen\/Pickup ,\n                        Gebrauchtfahrzeug                    <\/p>\n                <\/span>\n                <div class=\"vehicle-row\">\n                    <div class=\"vehicle-thumbnail\">\n                        <a href=\"https:\/\/ford-sachsen.de\/html\/page\/fahrzeuge\/ford-kuga-hybrid-fhev-active-matrix-ledhead-upwinte\/\" title=\"Ford Kuga Hybrid FHEV Active MATRIX-LED+HEAD-UP+WINTE\">\n                            <img loading=\"lazy\" decoding=\"async\" width=\"300\" height=\"225\" src=\"https:\/\/ford-sachsen.de\/html\/page\/wp-content\/uploads\/2026\/09\/4811279-6a973e08bb922b53df9b1-f4ac-4001-a92e-8de14bcbc907-rule-mo-1600-300x225.jpg\" class=\"attachment-medium size-medium wp-post-image\" alt=\"\" srcset=\"https:\/\/ford-sachsen.de\/html\/page\/wp-content\/uploads\/2026\/09\/4811279-6a973e08bb922b53df9b1-f4ac-4001-a92e-8de14bcbc907-rule-mo-1600-300x225.jpg 300w, https:\/\/ford-sachsen.de\/html\/page\/wp-content\/uploads\/2026\/09\/4811279-6a973e08bb922b53df9b1-f4ac-4001-a92e-8de14bcbc907-rule-mo-1600-1024x768.jpg 1024w, https:\/\/ford-sachsen.de\/html\/page\/wp-content\/uploads\/2026\/09\/4811279-6a973e08bb922b53df9b1-f4ac-4001-a92e-8de14bcbc907-rule-mo-1600-768x576.jpg 768w, https:\/\/ford-sachsen.de\/html\/page\/wp-content\/uploads\/2026\/09\/4811279-6a973e08bb922b53df9b1-f4ac-4001-a92e-8de14bcbc907-rule-mo-1600.jpg 1440w\" sizes=\"(max-width: 300px) 100vw, 300px\" \/>                        <\/a>\n                    <\/div>\n                    <div class=\"vehicle-data\">\n                                                    <small>\n                                                                10.2025                                \u00b7\n                            <\/small>\n                                                                            <small>\n                                4.650 km\n                            <\/small>\n                                                                            <small>\n                                \u00b7\n                                132 kW\n                                                                (\n                                179 PS)\n                            <\/small>\n                                                                            <small>\n                                \u00b7\n                                Automatik                            <\/small>\n                                                                            <small>\n                                \u00b7\n                                Unfallfrei                            <\/small>\n                        \n                                                    <small>\n                                \u00b7\n                                Hybrid (Benzin\/Elektro)                            <\/small>\n                                                                                                                            <small>\n                                \u00b7\n                                4\/5 T\u00fcren\n                            <\/small>\n                                                <ul class=\"vehicle-emission\">\n                                                 <span>Verbrauch komb.: \n                                    6.3                                 l\/100km<\/span><br>\n                                                                                \n                                       \n  <!-- CO2-Emissionen\t-->\n                                            <span>CO\u2082-Emissionen komb.: 143.0                                 g\/km<\/span><br>\n                                        <!-- CO2-Emissionen\t-->\n                   \n \n                         <span>CO\u2082-Klasse: \n                                    E                                <\/span><br>\n                    \n\n\n                <\/ul>\n\n                    <\/div>\n\n                    <div class=\"vehicle-price\">\n                                                    <div itemprop=\"priceSpecification\" itemscope itemtype=\"http:\/\/schema.org\/UnitPriceSpecification\">\n                                <meta itemprop=\"priceCurrency\" content=\"EUR\">\n                                <meta itemprop=\"price\" content=\"34.490\">\n                                <strong>\n                                    34.490 \u20ac (Brutto)\n                                <\/strong><br><small>\n                                    Inkl. 19% MwSt.                                <\/small>\n                            <\/div>\n                                                <br>\n                        <a href=\"https:\/\/ford-sachsen.de\/html\/page\/fahrzeuge\/ford-kuga-hybrid-fhev-active-matrix-ledhead-upwinte\/\"\n                            class=\"vehicle-btn wp-block-button__link wp-element-button\">Details<\/a>\n                    <\/div>\n                <\/div> <!-- \/\/ vehicle-row -->\n               \n            <\/article>\n                        <article id=\"post-4811277\" class=\"vehicle\">\n                <hgroup>\n                    <a href=\"https:\/\/ford-sachsen.de\/html\/page\/fahrzeuge\/ford-focus-titanium-naviwinter-paketlmtempomat-app\/\">\n                        <h2 class=\"vehicle-title\">\n                            Ford Focus Titanium NAVI+WINTER-PAKET+LM+TEMPOMAT App                        <\/h2>\n\n                    <\/a>\n                <\/hgroup>\n                <span class=\"vehicle-addition\">\n                    <p>\n                        Limousine ,\n                        Gebrauchtfahrzeug                    <\/p>\n                <\/span>\n                <div class=\"vehicle-row\">\n                    <div class=\"vehicle-thumbnail\">\n                        <a href=\"https:\/\/ford-sachsen.de\/html\/page\/fahrzeuge\/ford-focus-titanium-naviwinter-paketlmtempomat-app\/\" title=\"Ford Focus Titanium NAVI+WINTER-PAKET+LM+TEMPOMAT App\">\n                            <img loading=\"lazy\" decoding=\"async\" width=\"300\" height=\"225\" src=\"https:\/\/ford-sachsen.de\/html\/page\/wp-content\/uploads\/2026\/09\/4811277-6a973e06acf157af32af2-7cfd-4cdd-8642-ab47daac19a5-rule-mo-1600-300x225.jpg\" class=\"attachment-medium size-medium wp-post-image\" alt=\"\" srcset=\"https:\/\/ford-sachsen.de\/html\/page\/wp-content\/uploads\/2026\/09\/4811277-6a973e06acf157af32af2-7cfd-4cdd-8642-ab47daac19a5-rule-mo-1600-300x225.jpg 300w, https:\/\/ford-sachsen.de\/html\/page\/wp-content\/uploads\/2026\/09\/4811277-6a973e06acf157af32af2-7cfd-4cdd-8642-ab47daac19a5-rule-mo-1600-1024x768.jpg 1024w, https:\/\/ford-sachsen.de\/html\/page\/wp-content\/uploads\/2026\/09\/4811277-6a973e06acf157af32af2-7cfd-4cdd-8642-ab47daac19a5-rule-mo-1600-768x576.jpg 768w, https:\/\/ford-sachsen.de\/html\/page\/wp-content\/uploads\/2026\/09\/4811277-6a973e06acf157af32af2-7cfd-4cdd-8642-ab47daac19a5-rule-mo-1600.jpg 1440w\" sizes=\"(max-width: 300px) 100vw, 300px\" \/>                        <\/a>\n                    <\/div>\n                    <div class=\"vehicle-data\">\n                                                    <small>\n                                                                03.2023                                \u00b7\n                            <\/small>\n                                                                            <small>\n                                125 km\n                            <\/small>\n                                                                            <small>\n                                \u00b7\n                                92 kW\n                                                                (\n                                125 PS)\n                            <\/small>\n                                                                            <small>\n                                \u00b7\n                                Schaltgetriebe                            <\/small>\n                                                                            <small>\n                                \u00b7\n                                Unfallfrei                            <\/small>\n                        \n                                                    <small>\n                                \u00b7\n                                Benzin                            <\/small>\n                                                                                                                            <small>\n                                \u00b7\n                                4\/5 T\u00fcren\n                            <\/small>\n                                                <ul class=\"vehicle-emission\">\n                                                 <span>Verbrauch komb.: \n                                    6.4                                 l\/100km<\/span><br>\n                                                                                \n                                       \n  <!-- CO2-Emissionen\t-->\n                                            <span>CO\u2082-Emissionen komb.: 146.0                                 g\/km<\/span><br>\n                                        <!-- CO2-Emissionen\t-->\n                   \n \n                         <span>CO\u2082-Klasse: \n                                    E                                <\/span><br>\n                    \n\n\n                <\/ul>\n\n                    <\/div>\n\n                    <div class=\"vehicle-price\">\n                                                    <div itemprop=\"priceSpecification\" itemscope itemtype=\"http:\/\/schema.org\/UnitPriceSpecification\">\n                                <meta itemprop=\"priceCurrency\" content=\"EUR\">\n                                <meta itemprop=\"price\" content=\"21.490\">\n                                <strong>\n                                    21.490 \u20ac (Brutto)\n                                <\/strong><br><small>\n                                    Inkl. 19% MwSt.                                <\/small>\n                            <\/div>\n                                                <br>\n                        <a href=\"https:\/\/ford-sachsen.de\/html\/page\/fahrzeuge\/ford-focus-titanium-naviwinter-paketlmtempomat-app\/\"\n                            class=\"vehicle-btn wp-block-button__link wp-element-button\">Details<\/a>\n                    <\/div>\n                <\/div> <!-- \/\/ vehicle-row -->\n               \n            <\/article>\n                        <article id=\"post-4811275\" class=\"vehicle\">\n                <hgroup>\n                    <a href=\"https:\/\/ford-sachsen.de\/html\/page\/fahrzeuge\/ford-kuga-phev-st-line-navi-keyfree-fahrassistenz-pps\/\">\n                        <h2 class=\"vehicle-title\">\n                            Ford Kuga PHEV ST-Line NAVI KEYFREE FAHRASSISTENZ PPS                        <\/h2>\n\n                    <\/a>\n                <\/hgroup>\n                <span class=\"vehicle-addition\">\n                    <p>\n                        SUV\/Gel\u00e4ndewagen\/Pickup ,\n                        Gebrauchtfahrzeug                    <\/p>\n                <\/span>\n                <div class=\"vehicle-row\">\n                    <div class=\"vehicle-thumbnail\">\n                        <a href=\"https:\/\/ford-sachsen.de\/html\/page\/fahrzeuge\/ford-kuga-phev-st-line-navi-keyfree-fahrassistenz-pps\/\" title=\"Ford Kuga PHEV ST-Line NAVI KEYFREE FAHRASSISTENZ PPS\">\n                            <img loading=\"lazy\" decoding=\"async\" width=\"300\" height=\"225\" src=\"https:\/\/ford-sachsen.de\/html\/page\/wp-content\/uploads\/2026\/09\/4811275-6a973e04a0b62435937d0-6354-41c9-9af7-ad4fe5ab93ee-rule-mo-1600-300x225.jpg\" class=\"attachment-medium size-medium wp-post-image\" alt=\"\" srcset=\"https:\/\/ford-sachsen.de\/html\/page\/wp-content\/uploads\/2026\/09\/4811275-6a973e04a0b62435937d0-6354-41c9-9af7-ad4fe5ab93ee-rule-mo-1600-300x225.jpg 300w, https:\/\/ford-sachsen.de\/html\/page\/wp-content\/uploads\/2026\/09\/4811275-6a973e04a0b62435937d0-6354-41c9-9af7-ad4fe5ab93ee-rule-mo-1600-1024x768.jpg 1024w, https:\/\/ford-sachsen.de\/html\/page\/wp-content\/uploads\/2026\/09\/4811275-6a973e04a0b62435937d0-6354-41c9-9af7-ad4fe5ab93ee-rule-mo-1600-768x576.jpg 768w, https:\/\/ford-sachsen.de\/html\/page\/wp-content\/uploads\/2026\/09\/4811275-6a973e04a0b62435937d0-6354-41c9-9af7-ad4fe5ab93ee-rule-mo-1600.jpg 1440w\" sizes=\"(max-width: 300px) 100vw, 300px\" \/>                        <\/a>\n                    <\/div>\n                    <div class=\"vehicle-data\">\n                                                    <small>\n                                                                06.2022                                \u00b7\n                            <\/small>\n                                                                            <small>\n                                32.055 km\n                            <\/small>\n                                                                            <small>\n                                \u00b7\n                                165 kW\n                                                                (\n                                224 PS)\n                            <\/small>\n                                                                            <small>\n                                \u00b7\n                                Automatik                            <\/small>\n                                                                            <small>\n                                \u00b7\n                                Unfallfrei                            <\/small>\n                        \n                                                    <small>\n                                \u00b7\n                                Plug-in-Hybrid                            <\/small>\n                                                                                                                            <small>\n                                \u00b7\n                                4\/5 T\u00fcren\n                            <\/small>\n                                                <ul class=\"vehicle-emission\">\n                                                                                     \n                                       \n  <!-- CO2-Emissionen\t-->\n                                        <!-- CO2-Emissionen\t-->\n                   \n \n \n\n\n                <\/ul>\n\n                    <\/div>\n\n                    <div class=\"vehicle-price\">\n                                                    <div itemprop=\"priceSpecification\" itemscope itemtype=\"http:\/\/schema.org\/UnitPriceSpecification\">\n                                <meta itemprop=\"priceCurrency\" content=\"EUR\">\n                                <meta itemprop=\"price\" content=\"21.790\">\n                                <strong>\n                                    21.790 \u20ac (Brutto)\n                                <\/strong><br><small>\n                                    Inkl. 19% MwSt.                                <\/small>\n                            <\/div>\n                                                <br>\n                        <a href=\"https:\/\/ford-sachsen.de\/html\/page\/fahrzeuge\/ford-kuga-phev-st-line-navi-keyfree-fahrassistenz-pps\/\"\n                            class=\"vehicle-btn wp-block-button__link wp-element-button\">Details<\/a>\n                    <\/div>\n                <\/div> <!-- \/\/ vehicle-row -->\n               \n            <\/article>\n                        <article id=\"post-4811263\" class=\"vehicle\">\n                <hgroup>\n                    <a href=\"https:\/\/ford-sachsen.de\/html\/page\/fahrzeuge\/ford-puma-st-line-x-dach-kontrastnaviacc-leder-digi\/\">\n                        <h2 class=\"vehicle-title\">\n                            Ford Puma ST-Line X DACH-KONTRAST+NAVI+ACC Leder Digi                        <\/h2>\n\n                    <\/a>\n                <\/hgroup>\n                <span class=\"vehicle-addition\">\n                    <p>\n                        SUV\/Gel\u00e4ndewagen\/Pickup ,\n                        Gebrauchtfahrzeug                    <\/p>\n                <\/span>\n                <div class=\"vehicle-row\">\n                    <div class=\"vehicle-thumbnail\">\n                        <a href=\"https:\/\/ford-sachsen.de\/html\/page\/fahrzeuge\/ford-puma-st-line-x-dach-kontrastnaviacc-leder-digi\/\" title=\"Ford Puma ST-Line X DACH-KONTRAST+NAVI+ACC Leder Digi\">\n                            <img loading=\"lazy\" decoding=\"async\" width=\"300\" height=\"225\" src=\"https:\/\/ford-sachsen.de\/html\/page\/wp-content\/uploads\/2026\/09\/4811263-6a973ba5ea9f772013b14-1807-4246-b99a-1bc93169a784-rule-mo-1600-300x225.jpg\" class=\"attachment-medium size-medium wp-post-image\" alt=\"\" srcset=\"https:\/\/ford-sachsen.de\/html\/page\/wp-content\/uploads\/2026\/09\/4811263-6a973ba5ea9f772013b14-1807-4246-b99a-1bc93169a784-rule-mo-1600-300x225.jpg 300w, https:\/\/ford-sachsen.de\/html\/page\/wp-content\/uploads\/2026\/09\/4811263-6a973ba5ea9f772013b14-1807-4246-b99a-1bc93169a784-rule-mo-1600-1024x768.jpg 1024w, https:\/\/ford-sachsen.de\/html\/page\/wp-content\/uploads\/2026\/09\/4811263-6a973ba5ea9f772013b14-1807-4246-b99a-1bc93169a784-rule-mo-1600-768x576.jpg 768w, https:\/\/ford-sachsen.de\/html\/page\/wp-content\/uploads\/2026\/09\/4811263-6a973ba5ea9f772013b14-1807-4246-b99a-1bc93169a784-rule-mo-1600.jpg 1440w\" sizes=\"(max-width: 300px) 100vw, 300px\" \/>                        <\/a>\n                    <\/div>\n                    <div class=\"vehicle-data\">\n                                                    <small>\n                                                                10.2022                                \u00b7\n                            <\/small>\n                                                                            <small>\n                                72.810 km\n                            <\/small>\n                                                                            <small>\n                                \u00b7\n                                92 kW\n                                                                (\n                                125 PS)\n                            <\/small>\n                                                                            <small>\n                                \u00b7\n                                Automatik                            <\/small>\n                                                                            <small>\n                                \u00b7\n                                Unfallfrei                            <\/small>\n                        \n                                                    <small>\n                                \u00b7\n                                Benzin                            <\/small>\n                                                                                                                            <small>\n                                \u00b7\n                                4\/5 T\u00fcren\n                            <\/small>\n                                                <ul class=\"vehicle-emission\">\n                                                 <span>Verbrauch komb.: \n                                    6.2                                 l\/100km<\/span><br>\n                                                                                \n                                       \n  <!-- CO2-Emissionen\t-->\n                                            <span>CO\u2082-Emissionen komb.: 141.0                                 g\/km<\/span><br>\n                                        <!-- CO2-Emissionen\t-->\n                   \n \n                         <span>CO\u2082-Klasse: \n                                    E                                <\/span><br>\n                    \n\n\n                <\/ul>\n\n                    <\/div>\n\n                    <div class=\"vehicle-price\">\n                                                    <div itemprop=\"priceSpecification\" itemscope itemtype=\"http:\/\/schema.org\/UnitPriceSpecification\">\n                                <meta itemprop=\"priceCurrency\" content=\"EUR\">\n                                <meta itemprop=\"price\" content=\"15.990\">\n                                <strong>\n                                    15.990 \u20ac (Brutto)\n                                <\/strong><br><small>\n                                    MwSt. nicht ausweisbar                                <\/small>\n                            <\/div>\n                                                <br>\n                        <a href=\"https:\/\/ford-sachsen.de\/html\/page\/fahrzeuge\/ford-puma-st-line-x-dach-kontrastnaviacc-leder-digi\/\"\n                            class=\"vehicle-btn wp-block-button__link wp-element-button\">Details<\/a>\n                    <\/div>\n                <\/div> <!-- \/\/ vehicle-row -->\n               \n            <\/article>\n                        <article id=\"post-4811259\" class=\"vehicle\">\n                <hgroup>\n                    <a href=\"https:\/\/ford-sachsen.de\/html\/page\/fahrzeuge\/mitsubishi-colt-plus-1-0-ahk-schwenkbar-navi-kamera\/\">\n                        <h2 class=\"vehicle-title\">\n                            Mitsubishi Colt Plus 1.0 + AHK schwenkbar + Navi + Kamera +                        <\/h2>\n\n                    <\/a>\n                <\/hgroup>\n                <span class=\"vehicle-addition\">\n                    <p>\n                        Limousine ,\n                        Gebrauchtfahrzeug                    <\/p>\n                <\/span>\n                <div class=\"vehicle-row\">\n                    <div class=\"vehicle-thumbnail\">\n                        <a href=\"https:\/\/ford-sachsen.de\/html\/page\/fahrzeuge\/mitsubishi-colt-plus-1-0-ahk-schwenkbar-navi-kamera\/\" title=\"Mitsubishi Colt Plus 1.0 + AHK schwenkbar + Navi + Kamera +\">\n                            <img loading=\"lazy\" decoding=\"async\" width=\"300\" height=\"225\" src=\"https:\/\/ford-sachsen.de\/html\/page\/wp-content\/uploads\/2026\/09\/4811259-6a973b1e5c309fc73965f-8580-474f-ab8b-77752ab39199-rule-mo-1600-300x225.jpg\" class=\"attachment-medium size-medium wp-post-image\" alt=\"\" srcset=\"https:\/\/ford-sachsen.de\/html\/page\/wp-content\/uploads\/2026\/09\/4811259-6a973b1e5c309fc73965f-8580-474f-ab8b-77752ab39199-rule-mo-1600-300x225.jpg 300w, https:\/\/ford-sachsen.de\/html\/page\/wp-content\/uploads\/2026\/09\/4811259-6a973b1e5c309fc73965f-8580-474f-ab8b-77752ab39199-rule-mo-1600-1024x768.jpg 1024w, https:\/\/ford-sachsen.de\/html\/page\/wp-content\/uploads\/2026\/09\/4811259-6a973b1e5c309fc73965f-8580-474f-ab8b-77752ab39199-rule-mo-1600-768x576.jpg 768w, https:\/\/ford-sachsen.de\/html\/page\/wp-content\/uploads\/2026\/09\/4811259-6a973b1e5c309fc73965f-8580-474f-ab8b-77752ab39199-rule-mo-1600.jpg 1440w\" sizes=\"(max-width: 300px) 100vw, 300px\" \/>                        <\/a>\n                    <\/div>\n                    <div class=\"vehicle-data\">\n                                                    <small>\n                                                                12.2025                                \u00b7\n                            <\/small>\n                                                                            <small>\n                                50 km\n                            <\/small>\n                                                                            <small>\n                                \u00b7\n                                49 kW\n                                                                (\n                                67 PS)\n                            <\/small>\n                                                                            <small>\n                                \u00b7\n                                Schaltgetriebe                            <\/small>\n                                                                            <small>\n                                \u00b7\n                                Unfallfrei                            <\/small>\n                        \n                                                    <small>\n                                \u00b7\n                                Benzin                            <\/small>\n                                                                                                                            <small>\n                                \u00b7\n                                4\/5 T\u00fcren\n                            <\/small>\n                                                <ul class=\"vehicle-emission\">\n                                                 <span>Verbrauch komb.: \n                                    5.4                                 l\/100km<\/span><br>\n                                                                                \n                                       \n  <!-- CO2-Emissionen\t-->\n                                            <span>CO\u2082-Emissionen komb.: 121.0                                 g\/km<\/span><br>\n                                        <!-- CO2-Emissionen\t-->\n                   \n \n                         <span>CO\u2082-Klasse: \n                                    D                                <\/span><br>\n                    \n\n\n                <\/ul>\n\n                    <\/div>\n\n                    <div class=\"vehicle-price\">\n                                                    <div itemprop=\"priceSpecification\" itemscope itemtype=\"http:\/\/schema.org\/UnitPriceSpecification\">\n                                <meta itemprop=\"priceCurrency\" content=\"EUR\">\n                                <meta itemprop=\"price\" content=\"18.450\">\n                                <strong>\n                                    18.450 \u20ac (Brutto)\n                                <\/strong><br><small>\n                                    Inkl. 19% MwSt.                                <\/small>\n                            <\/div>\n                                                <br>\n                        <a href=\"https:\/\/ford-sachsen.de\/html\/page\/fahrzeuge\/mitsubishi-colt-plus-1-0-ahk-schwenkbar-navi-kamera\/\"\n                            class=\"vehicle-btn wp-block-button__link wp-element-button\">Details<\/a>\n                    <\/div>\n                <\/div> <!-- \/\/ vehicle-row -->\n               \n            <\/article>\n                        <article id=\"post-4811257\" class=\"vehicle\">\n                <hgroup>\n                    <a href=\"https:\/\/ford-sachsen.de\/html\/page\/fahrzeuge\/ford-puma-titanium-design-winter-paketnavipps\/\">\n                        <h2 class=\"vehicle-title\">\n                            Ford Puma Titanium Design WINTER-PAKET+NAVI+PPS                        <\/h2>\n\n                    <\/a>\n                <\/hgroup>\n                <span class=\"vehicle-addition\">\n                    <p>\n                        SUV\/Gel\u00e4ndewagen\/Pickup ,\n                        Gebrauchtfahrzeug                    <\/p>\n                <\/span>\n                <div class=\"vehicle-row\">\n                    <div class=\"vehicle-thumbnail\">\n                        <a href=\"https:\/\/ford-sachsen.de\/html\/page\/fahrzeuge\/ford-puma-titanium-design-winter-paketnavipps\/\" title=\"Ford Puma Titanium Design WINTER-PAKET+NAVI+PPS\">\n                            <img loading=\"lazy\" decoding=\"async\" width=\"300\" height=\"225\" src=\"https:\/\/ford-sachsen.de\/html\/page\/wp-content\/uploads\/2026\/09\/4811257-6a973b1b7f4a241939e44-f2a0-49ed-9a2d-f34de24670ea-rule-mo-1600-300x225.jpg\" class=\"attachment-medium size-medium wp-post-image\" alt=\"\" srcset=\"https:\/\/ford-sachsen.de\/html\/page\/wp-content\/uploads\/2026\/09\/4811257-6a973b1b7f4a241939e44-f2a0-49ed-9a2d-f34de24670ea-rule-mo-1600-300x225.jpg 300w, https:\/\/ford-sachsen.de\/html\/page\/wp-content\/uploads\/2026\/09\/4811257-6a973b1b7f4a241939e44-f2a0-49ed-9a2d-f34de24670ea-rule-mo-1600-1024x768.jpg 1024w, https:\/\/ford-sachsen.de\/html\/page\/wp-content\/uploads\/2026\/09\/4811257-6a973b1b7f4a241939e44-f2a0-49ed-9a2d-f34de24670ea-rule-mo-1600-768x576.jpg 768w, https:\/\/ford-sachsen.de\/html\/page\/wp-content\/uploads\/2026\/09\/4811257-6a973b1b7f4a241939e44-f2a0-49ed-9a2d-f34de24670ea-rule-mo-1600.jpg 1440w\" sizes=\"(max-width: 300px) 100vw, 300px\" \/>                        <\/a>\n                    <\/div>\n                    <div class=\"vehicle-data\">\n                                                    <small>\n                                                                11.2021                                \u00b7\n                            <\/small>\n                                                                            <small>\n                                45.600 km\n                            <\/small>\n                                                                            <small>\n                                \u00b7\n                                92 kW\n                                                                (\n                                125 PS)\n                            <\/small>\n                                                                            <small>\n                                \u00b7\n                                Schaltgetriebe                            <\/small>\n                                                                            <small>\n                                \u00b7\n                                Unfallfrei                            <\/small>\n                        \n                                                    <small>\n                                \u00b7\n                                Benzin                            <\/small>\n                                                                                                                            <small>\n                                \u00b7\n                                4\/5 T\u00fcren\n                            <\/small>\n                                                <ul class=\"vehicle-emission\">\n                                                 <span>Verbrauch komb.: \n                                    6.0                                 l\/100km<\/span><br>\n                                                                                \n                                       \n  <!-- CO2-Emissionen\t-->\n                                            <span>CO\u2082-Emissionen komb.: 135.0                                 g\/km<\/span><br>\n                                        <!-- CO2-Emissionen\t-->\n                   \n \n                         <span>CO\u2082-Klasse: \n                                    D                                <\/span><br>\n                    \n\n\n                <\/ul>\n\n                    <\/div>\n\n                    <div class=\"vehicle-price\">\n                                                    <div itemprop=\"priceSpecification\" itemscope itemtype=\"http:\/\/schema.org\/UnitPriceSpecification\">\n                                <meta itemprop=\"priceCurrency\" content=\"EUR\">\n                                <meta itemprop=\"price\" content=\"14.790\">\n                                <strong>\n                                    14.790 \u20ac (Brutto)\n                                <\/strong><br><small>\n                                    Inkl. 19% MwSt.                                <\/small>\n                            <\/div>\n                                                <br>\n                        <a href=\"https:\/\/ford-sachsen.de\/html\/page\/fahrzeuge\/ford-puma-titanium-design-winter-paketnavipps\/\"\n                            class=\"vehicle-btn wp-block-button__link wp-element-button\">Details<\/a>\n                    <\/div>\n                <\/div> <!-- \/\/ vehicle-row -->\n               \n            <\/article>\n                        <article id=\"post-4811255\" class=\"vehicle\">\n                <hgroup>\n                    <a href=\"https:\/\/ford-sachsen.de\/html\/page\/fahrzeuge\/ford-kuga-2-0-ecoblue-titanium-4x4-panodachtechno-pa\/\">\n                        <h2 class=\"vehicle-title\">\n                            Ford Kuga 2.0 EcoBlue Titanium 4&#215;4 PANODACH+TECHNO-PA                        <\/h2>\n\n                    <\/a>\n                <\/hgroup>\n                <span class=\"vehicle-addition\">\n                    <p>\n                        SUV\/Gel\u00e4ndewagen\/Pickup ,\n                        Gebrauchtfahrzeug                    <\/p>\n                <\/span>\n                <div class=\"vehicle-row\">\n                    <div class=\"vehicle-thumbnail\">\n                        <a href=\"https:\/\/ford-sachsen.de\/html\/page\/fahrzeuge\/ford-kuga-2-0-ecoblue-titanium-4x4-panodachtechno-pa\/\" title=\"Ford Kuga 2.0 EcoBlue Titanium 4&#215;4 PANODACH+TECHNO-PA\">\n                            <img loading=\"lazy\" decoding=\"async\" width=\"300\" height=\"225\" src=\"https:\/\/ford-sachsen.de\/html\/page\/wp-content\/uploads\/2026\/09\/4811255-6a973b18c184c997e79be-15e3-4881-88fa-8ed9ce701c2d-rule-mo-1600-300x225.jpg\" class=\"attachment-medium size-medium wp-post-image\" alt=\"\" srcset=\"https:\/\/ford-sachsen.de\/html\/page\/wp-content\/uploads\/2026\/09\/4811255-6a973b18c184c997e79be-15e3-4881-88fa-8ed9ce701c2d-rule-mo-1600-300x225.jpg 300w, https:\/\/ford-sachsen.de\/html\/page\/wp-content\/uploads\/2026\/09\/4811255-6a973b18c184c997e79be-15e3-4881-88fa-8ed9ce701c2d-rule-mo-1600-1024x768.jpg 1024w, https:\/\/ford-sachsen.de\/html\/page\/wp-content\/uploads\/2026\/09\/4811255-6a973b18c184c997e79be-15e3-4881-88fa-8ed9ce701c2d-rule-mo-1600-768x576.jpg 768w, https:\/\/ford-sachsen.de\/html\/page\/wp-content\/uploads\/2026\/09\/4811255-6a973b18c184c997e79be-15e3-4881-88fa-8ed9ce701c2d-rule-mo-1600.jpg 1440w\" sizes=\"(max-width: 300px) 100vw, 300px\" \/>                        <\/a>\n                    <\/div>\n                    <div class=\"vehicle-data\">\n                                                    <small>\n                                                                12.2020                                \u00b7\n                            <\/small>\n                                                                            <small>\n                                99.867 km\n                            <\/small>\n                                                                            <small>\n                                \u00b7\n                                140 kW\n                                                                (\n                                190 PS)\n                            <\/small>\n                                                                            <small>\n                                \u00b7\n                                Automatik                            <\/small>\n                                                                            <small>\n                                \u00b7\n                                Unfallfrei                            <\/small>\n                        \n                                                    <small>\n                                \u00b7\n                                Diesel                            <\/small>\n                                                                                                                            <small>\n                                \u00b7\n                                4\/5 T\u00fcren\n                            <\/small>\n                                                <ul class=\"vehicle-emission\">\n                                                                                     \n                                       \n  <!-- CO2-Emissionen\t-->\n                                        <!-- CO2-Emissionen\t-->\n                   \n \n \n\n\n                <\/ul>\n\n                    <\/div>\n\n                    <div class=\"vehicle-price\">\n                                                    <div itemprop=\"priceSpecification\" itemscope itemtype=\"http:\/\/schema.org\/UnitPriceSpecification\">\n                                <meta itemprop=\"priceCurrency\" content=\"EUR\">\n                                <meta itemprop=\"price\" content=\"19.950\">\n                                <strong>\n                                    19.950 \u20ac (Brutto)\n                                <\/strong><br><small>\n                                    MwSt. nicht ausweisbar                                <\/small>\n                            <\/div>\n                                                <br>\n                        <a href=\"https:\/\/ford-sachsen.de\/html\/page\/fahrzeuge\/ford-kuga-2-0-ecoblue-titanium-4x4-panodachtechno-pa\/\"\n                            class=\"vehicle-btn wp-block-button__link wp-element-button\">Details<\/a>\n                    <\/div>\n                <\/div> <!-- \/\/ vehicle-row -->\n               \n            <\/article>\n                        <article id=\"post-4811253\" class=\"vehicle\">\n                <hgroup>\n                    <a href=\"https:\/\/ford-sachsen.de\/html\/page\/fahrzeuge\/ford-focus-turnier-titanium-edition-navi-led-acc-appl\/\">\n                        <h2 class=\"vehicle-title\">\n                            Ford Focus Turnier Titanium-Edition Navi LED ACC Appl                        <\/h2>\n\n                    <\/a>\n                <\/hgroup>\n                <span class=\"vehicle-addition\">\n                    <p>\n                        Kombi ,\n                        Gebrauchtfahrzeug                    <\/p>\n                <\/span>\n                <div class=\"vehicle-row\">\n                    <div class=\"vehicle-thumbnail\">\n                        <a href=\"https:\/\/ford-sachsen.de\/html\/page\/fahrzeuge\/ford-focus-turnier-titanium-edition-navi-led-acc-appl\/\" title=\"Ford Focus Turnier Titanium-Edition Navi LED ACC Appl\">\n                            <img loading=\"lazy\" decoding=\"async\" width=\"300\" height=\"225\" src=\"https:\/\/ford-sachsen.de\/html\/page\/wp-content\/uploads\/2026\/09\/4811253-6a973b162d308caf6a3a0-a9fe-4690-bd1a-3cfd7247d9c2-rule-mo-1600-300x225.jpg\" class=\"attachment-medium size-medium wp-post-image\" alt=\"\" srcset=\"https:\/\/ford-sachsen.de\/html\/page\/wp-content\/uploads\/2026\/09\/4811253-6a973b162d308caf6a3a0-a9fe-4690-bd1a-3cfd7247d9c2-rule-mo-1600-300x225.jpg 300w, https:\/\/ford-sachsen.de\/html\/page\/wp-content\/uploads\/2026\/09\/4811253-6a973b162d308caf6a3a0-a9fe-4690-bd1a-3cfd7247d9c2-rule-mo-1600-1024x768.jpg 1024w, https:\/\/ford-sachsen.de\/html\/page\/wp-content\/uploads\/2026\/09\/4811253-6a973b162d308caf6a3a0-a9fe-4690-bd1a-3cfd7247d9c2-rule-mo-1600-768x576.jpg 768w, https:\/\/ford-sachsen.de\/html\/page\/wp-content\/uploads\/2026\/09\/4811253-6a973b162d308caf6a3a0-a9fe-4690-bd1a-3cfd7247d9c2-rule-mo-1600.jpg 1440w\" sizes=\"(max-width: 300px) 100vw, 300px\" \/>                        <\/a>\n                    <\/div>\n                    <div class=\"vehicle-data\">\n                                                    <small>\n                                                                03.2025                                \u00b7\n                            <\/small>\n                                                                            <small>\n                                7.500 km\n                            <\/small>\n                                                                            <small>\n                                \u00b7\n                                92 kW\n                                                                (\n                                125 PS)\n                            <\/small>\n                                                                            <small>\n                                \u00b7\n                                Schaltgetriebe                            <\/small>\n                                                                            <small>\n                                \u00b7\n                                Unfallfrei                            <\/small>\n                        \n                                                    <small>\n                                \u00b7\n                                Benzin                            <\/small>\n                                                                                                                            <small>\n                                \u00b7\n                                4\/5 T\u00fcren\n                            <\/small>\n                                                <ul class=\"vehicle-emission\">\n                                                 <span>Verbrauch komb.: \n                                    6.1                                 l\/100km<\/span><br>\n                                                                                \n                                       \n  <!-- CO2-Emissionen\t-->\n                                            <span>CO\u2082-Emissionen komb.: 138.0                                 g\/km<\/span><br>\n                                        <!-- CO2-Emissionen\t-->\n                   \n \n                         <span>CO\u2082-Klasse: \n                                    E                                <\/span><br>\n                    \n\n\n                <\/ul>\n\n                    <\/div>\n\n                    <div class=\"vehicle-price\">\n                                                    <div itemprop=\"priceSpecification\" itemscope itemtype=\"http:\/\/schema.org\/UnitPriceSpecification\">\n                                <meta itemprop=\"priceCurrency\" content=\"EUR\">\n                                <meta itemprop=\"price\" content=\"25.790\">\n                                <strong>\n                                    25.790 \u20ac (Brutto)\n                                <\/strong><br><small>\n                                    Inkl. 19% MwSt.                                <\/small>\n                            <\/div>\n                                                <br>\n                        <a href=\"https:\/\/ford-sachsen.de\/html\/page\/fahrzeuge\/ford-focus-turnier-titanium-edition-navi-led-acc-appl\/\"\n                            class=\"vehicle-btn wp-block-button__link wp-element-button\">Details<\/a>\n                    <\/div>\n                <\/div> <!-- \/\/ vehicle-row -->\n               \n            <\/article>\n                        <article id=\"post-4811243\" class=\"vehicle\">\n                <hgroup>\n                    <a href=\"https:\/\/ford-sachsen.de\/html\/page\/fahrzeuge\/ford-tourneo-custom-bus-320-l1-fwd-titanium-navischi\/\">\n                        <h2 class=\"vehicle-title\">\n                            Ford Tourneo Custom Bus 320 L1 FWD Titanium NAVI+SCHI                        <\/h2>\n\n                    <\/a>\n                <\/hgroup>\n                <span class=\"vehicle-addition\">\n                    <p>\n                        Van\/Minibus ,\n                        Gebrauchtfahrzeug                    <\/p>\n                <\/span>\n                <div class=\"vehicle-row\">\n                    <div class=\"vehicle-thumbnail\">\n                        <a href=\"https:\/\/ford-sachsen.de\/html\/page\/fahrzeuge\/ford-tourneo-custom-bus-320-l1-fwd-titanium-navischi\/\" title=\"Ford Tourneo Custom Bus 320 L1 FWD Titanium NAVI+SCHI\">\n                            <img loading=\"lazy\" decoding=\"async\" width=\"300\" height=\"225\" src=\"https:\/\/ford-sachsen.de\/html\/page\/wp-content\/uploads\/2026\/09\/4811243-6a9739ba36b01954bde94-3519-4426-ba77-f1bcd312bf74-rule-mo-1600-300x225.jpg\" class=\"attachment-medium size-medium wp-post-image\" alt=\"\" srcset=\"https:\/\/ford-sachsen.de\/html\/page\/wp-content\/uploads\/2026\/09\/4811243-6a9739ba36b01954bde94-3519-4426-ba77-f1bcd312bf74-rule-mo-1600-300x225.jpg 300w, https:\/\/ford-sachsen.de\/html\/page\/wp-content\/uploads\/2026\/09\/4811243-6a9739ba36b01954bde94-3519-4426-ba77-f1bcd312bf74-rule-mo-1600-1024x768.jpg 1024w, https:\/\/ford-sachsen.de\/html\/page\/wp-content\/uploads\/2026\/09\/4811243-6a9739ba36b01954bde94-3519-4426-ba77-f1bcd312bf74-rule-mo-1600-768x576.jpg 768w, https:\/\/ford-sachsen.de\/html\/page\/wp-content\/uploads\/2026\/09\/4811243-6a9739ba36b01954bde94-3519-4426-ba77-f1bcd312bf74-rule-mo-1600.jpg 1440w\" sizes=\"(max-width: 300px) 100vw, 300px\" \/>                        <\/a>\n                    <\/div>\n                    <div class=\"vehicle-data\">\n                                                    <small>\n                                                                12.2025                                \u00b7\n                            <\/small>\n                                                                            <small>\n                                10.000 km\n                            <\/small>\n                                                                            <small>\n                                \u00b7\n                                100 kW\n                                                                (\n                                136 PS)\n                            <\/small>\n                                                                            <small>\n                                \u00b7\n                                Schaltgetriebe                            <\/small>\n                                                                            <small>\n                                \u00b7\n                                Unfallfrei                            <\/small>\n                        \n                                                    <small>\n                                \u00b7\n                                Diesel                            <\/small>\n                                                                                                                            <small>\n                                \u00b7\n                                4\/5 T\u00fcren\n                            <\/small>\n                                                <ul class=\"vehicle-emission\">\n                                                 <span>Verbrauch komb.: \n                                    8.3                                 l\/100km<\/span><br>\n                                                                                \n                                       \n  <!-- CO2-Emissionen\t-->\n                                            <span>CO\u2082-Emissionen komb.: 253.0                                 g\/km<\/span><br>\n                                        <!-- CO2-Emissionen\t-->\n                   \n \n                         <span>CO\u2082-Klasse: \n                                    G                                <\/span><br>\n                    \n\n\n                <\/ul>\n\n                    <\/div>\n\n                    <div class=\"vehicle-price\">\n                                                    <div itemprop=\"priceSpecification\" itemscope itemtype=\"http:\/\/schema.org\/UnitPriceSpecification\">\n                                <meta itemprop=\"priceCurrency\" content=\"EUR\">\n                                <meta itemprop=\"price\" content=\"44.890\">\n                                <strong>\n                                    44.890 \u20ac (Brutto)\n                                <\/strong><br><small>\n                                    Inkl. 19% MwSt.                                <\/small>\n                            <\/div>\n                                                <br>\n                        <a href=\"https:\/\/ford-sachsen.de\/html\/page\/fahrzeuge\/ford-tourneo-custom-bus-320-l1-fwd-titanium-navischi\/\"\n                            class=\"vehicle-btn wp-block-button__link wp-element-button\">Details<\/a>\n                    <\/div>\n                <\/div> <!-- \/\/ vehicle-row -->\n               \n            <\/article>\n                        <article id=\"post-4811239\" class=\"vehicle\">\n                <hgroup>\n                    <a href=\"https:\/\/ford-sachsen.de\/html\/page\/fahrzeuge\/ford-puma-st-line-x-navi-digitales-cockpit-soundsyste\/\">\n                        <h2 class=\"vehicle-title\">\n                            Ford Puma ST-Line X Navi Digitales Cockpit Soundsyste                        <\/h2>\n\n                    <\/a>\n                <\/hgroup>\n                <span class=\"vehicle-addition\">\n                    <p>\n                        SUV\/Gel\u00e4ndewagen\/Pickup ,\n                        Gebrauchtfahrzeug                    <\/p>\n                <\/span>\n                <div class=\"vehicle-row\">\n                    <div class=\"vehicle-thumbnail\">\n                        <a href=\"https:\/\/ford-sachsen.de\/html\/page\/fahrzeuge\/ford-puma-st-line-x-navi-digitales-cockpit-soundsyste\/\" title=\"Ford Puma ST-Line X Navi Digitales Cockpit Soundsyste\">\n                            <img loading=\"lazy\" decoding=\"async\" width=\"300\" height=\"225\" src=\"https:\/\/ford-sachsen.de\/html\/page\/wp-content\/uploads\/2026\/09\/4811239-6a9738918ebaccb30a897-5d3c-420e-a203-c12e63199cc3-rule-mo-1600-300x225.jpg\" class=\"attachment-medium size-medium wp-post-image\" alt=\"\" srcset=\"https:\/\/ford-sachsen.de\/html\/page\/wp-content\/uploads\/2026\/09\/4811239-6a9738918ebaccb30a897-5d3c-420e-a203-c12e63199cc3-rule-mo-1600-300x225.jpg 300w, https:\/\/ford-sachsen.de\/html\/page\/wp-content\/uploads\/2026\/09\/4811239-6a9738918ebaccb30a897-5d3c-420e-a203-c12e63199cc3-rule-mo-1600-1024x768.jpg 1024w, https:\/\/ford-sachsen.de\/html\/page\/wp-content\/uploads\/2026\/09\/4811239-6a9738918ebaccb30a897-5d3c-420e-a203-c12e63199cc3-rule-mo-1600-768x576.jpg 768w, https:\/\/ford-sachsen.de\/html\/page\/wp-content\/uploads\/2026\/09\/4811239-6a9738918ebaccb30a897-5d3c-420e-a203-c12e63199cc3-rule-mo-1600.jpg 1440w\" sizes=\"(max-width: 300px) 100vw, 300px\" \/>                        <\/a>\n                    <\/div>\n                    <div class=\"vehicle-data\">\n                                                    <small>\n                                                                12.2021                                \u00b7\n                            <\/small>\n                                                                            <small>\n                                34.534 km\n                            <\/small>\n                                                                            <small>\n                                \u00b7\n                                92 kW\n                                                                (\n                                125 PS)\n                            <\/small>\n                                                                            <small>\n                                \u00b7\n                                Schaltgetriebe                            <\/small>\n                                                                            <small>\n                                \u00b7\n                                Unfallfrei                            <\/small>\n                        \n                                                    <small>\n                                \u00b7\n                                Benzin                            <\/small>\n                                                                                                                            <small>\n                                \u00b7\n                                4\/5 T\u00fcren\n                            <\/small>\n                                                <ul class=\"vehicle-emission\">\n                                                 <span>Verbrauch komb.: \n                                    6.0                                 l\/100km<\/span><br>\n                                                                                \n                                       \n  <!-- CO2-Emissionen\t-->\n                                            <span>CO\u2082-Emissionen komb.: 135.0                                 g\/km<\/span><br>\n                                        <!-- CO2-Emissionen\t-->\n                   \n \n                         <span>CO\u2082-Klasse: \n                                    D                                <\/span><br>\n                    \n\n\n                <\/ul>\n\n                    <\/div>\n\n                    <div class=\"vehicle-price\">\n                                                    <div itemprop=\"priceSpecification\" itemscope itemtype=\"http:\/\/schema.org\/UnitPriceSpecification\">\n                                <meta itemprop=\"priceCurrency\" content=\"EUR\">\n                                <meta itemprop=\"price\" content=\"16.990\">\n                                <strong>\n                                    16.990 \u20ac (Brutto)\n                                <\/strong><br><small>\n                                    Inkl. 19% MwSt.                                <\/small>\n                            <\/div>\n                                                <br>\n                        <a href=\"https:\/\/ford-sachsen.de\/html\/page\/fahrzeuge\/ford-puma-st-line-x-navi-digitales-cockpit-soundsyste\/\"\n                            class=\"vehicle-btn wp-block-button__link wp-element-button\">Details<\/a>\n                    <\/div>\n                <\/div> <!-- \/\/ vehicle-row -->\n               \n            <\/article>\n                        <article id=\"post-4811237\" class=\"vehicle\">\n                <hgroup>\n                    <a href=\"https:\/\/ford-sachsen.de\/html\/page\/fahrzeuge\/bmw-218-active-tourer-i-2er-leddesign-und-ausstatt\/\">\n                        <h2 class=\"vehicle-title\">\n                            BMW 218 Active Tourer i 2er LED+Design- und Ausstatt                        <\/h2>\n\n                    <\/a>\n                <\/hgroup>\n                <span class=\"vehicle-addition\">\n                    <p>\n                        Van\/Minibus ,\n                        Gebrauchtfahrzeug                    <\/p>\n                <\/span>\n                <div class=\"vehicle-row\">\n                    <div class=\"vehicle-thumbnail\">\n                        <a href=\"https:\/\/ford-sachsen.de\/html\/page\/fahrzeuge\/bmw-218-active-tourer-i-2er-leddesign-und-ausstatt\/\" title=\"BMW 218 Active Tourer i 2er LED+Design- und Ausstatt\">\n                            <img loading=\"lazy\" decoding=\"async\" width=\"300\" height=\"225\" src=\"https:\/\/ford-sachsen.de\/html\/page\/wp-content\/uploads\/2026\/09\/4811237-6a97388f9a899b5fc56c5-95bc-4ad1-b9e8-cc5377a3c859-rule-mo-1600-300x225.jpg\" class=\"attachment-medium size-medium wp-post-image\" alt=\"\" srcset=\"https:\/\/ford-sachsen.de\/html\/page\/wp-content\/uploads\/2026\/09\/4811237-6a97388f9a899b5fc56c5-95bc-4ad1-b9e8-cc5377a3c859-rule-mo-1600-300x225.jpg 300w, https:\/\/ford-sachsen.de\/html\/page\/wp-content\/uploads\/2026\/09\/4811237-6a97388f9a899b5fc56c5-95bc-4ad1-b9e8-cc5377a3c859-rule-mo-1600-1024x768.jpg 1024w, https:\/\/ford-sachsen.de\/html\/page\/wp-content\/uploads\/2026\/09\/4811237-6a97388f9a899b5fc56c5-95bc-4ad1-b9e8-cc5377a3c859-rule-mo-1600-768x576.jpg 768w, https:\/\/ford-sachsen.de\/html\/page\/wp-content\/uploads\/2026\/09\/4811237-6a97388f9a899b5fc56c5-95bc-4ad1-b9e8-cc5377a3c859-rule-mo-1600.jpg 1440w\" sizes=\"(max-width: 300px) 100vw, 300px\" \/>                        <\/a>\n                    <\/div>\n                    <div class=\"vehicle-data\">\n                                                    <small>\n                                                                10.2015                                \u00b7\n                            <\/small>\n                                                                            <small>\n                                80.430 km\n                            <\/small>\n                                                                            <small>\n                                \u00b7\n                                100 kW\n                                                                (\n                                136 PS)\n                            <\/small>\n                                                                            <small>\n                                \u00b7\n                                Schaltgetriebe                            <\/small>\n                                                                            <small>\n                                \u00b7\n                                Unfallfrei                            <\/small>\n                        \n                                                    <small>\n                                \u00b7\n                                Benzin                            <\/small>\n                                                                                                                            <small>\n                                \u00b7\n                                4\/5 T\u00fcren\n                            <\/small>\n                                                <ul class=\"vehicle-emission\">\n                                                                                     \n                                       \n  <!-- CO2-Emissionen\t-->\n                                        <!-- CO2-Emissionen\t-->\n                   \n \n \n\n\n                <\/ul>\n\n                    <\/div>\n\n                    <div class=\"vehicle-price\">\n                                                    <div itemprop=\"priceSpecification\" itemscope itemtype=\"http:\/\/schema.org\/UnitPriceSpecification\">\n                                <meta itemprop=\"priceCurrency\" content=\"EUR\">\n                                <meta itemprop=\"price\" content=\"12.990\">\n                                <strong>\n                                    12.990 \u20ac (Brutto)\n                                <\/strong><br><small>\n                                    MwSt. nicht ausweisbar                                <\/small>\n                            <\/div>\n                                                <br>\n                        <a href=\"https:\/\/ford-sachsen.de\/html\/page\/fahrzeuge\/bmw-218-active-tourer-i-2er-leddesign-und-ausstatt\/\"\n                            class=\"vehicle-btn wp-block-button__link wp-element-button\">Details<\/a>\n                    <\/div>\n                <\/div> <!-- \/\/ vehicle-row -->\n               \n            <\/article>\n                        <article id=\"post-4811235\" class=\"vehicle\">\n                <hgroup>\n                    <a href=\"https:\/\/ford-sachsen.de\/html\/page\/fahrzeuge\/ford-kuga-plug-in-hybrid-st-line-x-ledbo-soundkame\/\">\n                        <h2 class=\"vehicle-title\">\n                            Ford Kuga Plug-In Hybrid ST-Line X LED+B&amp;O-SOUND+KAME                        <\/h2>\n\n                    <\/a>\n                <\/hgroup>\n                <span class=\"vehicle-addition\">\n                    <p>\n                        SUV\/Gel\u00e4ndewagen\/Pickup ,\n                        Gebrauchtfahrzeug                    <\/p>\n                <\/span>\n                <div class=\"vehicle-row\">\n                    <div class=\"vehicle-thumbnail\">\n                        <a href=\"https:\/\/ford-sachsen.de\/html\/page\/fahrzeuge\/ford-kuga-plug-in-hybrid-st-line-x-ledbo-soundkame\/\" title=\"Ford Kuga Plug-In Hybrid ST-Line X LED+B&amp;O-SOUND+KAME\">\n                            <img loading=\"lazy\" decoding=\"async\" width=\"300\" height=\"225\" src=\"https:\/\/ford-sachsen.de\/html\/page\/wp-content\/uploads\/2026\/09\/4811235-6a97388da9f9d435937d0-6354-41c9-9af7-ad4fe5ab93ee-rule-mo-1600-300x225.jpg\" class=\"attachment-medium size-medium wp-post-image\" alt=\"\" srcset=\"https:\/\/ford-sachsen.de\/html\/page\/wp-content\/uploads\/2026\/09\/4811235-6a97388da9f9d435937d0-6354-41c9-9af7-ad4fe5ab93ee-rule-mo-1600-300x225.jpg 300w, https:\/\/ford-sachsen.de\/html\/page\/wp-content\/uploads\/2026\/09\/4811235-6a97388da9f9d435937d0-6354-41c9-9af7-ad4fe5ab93ee-rule-mo-1600-1024x768.jpg 1024w, https:\/\/ford-sachsen.de\/html\/page\/wp-content\/uploads\/2026\/09\/4811235-6a97388da9f9d435937d0-6354-41c9-9af7-ad4fe5ab93ee-rule-mo-1600-768x576.jpg 768w, https:\/\/ford-sachsen.de\/html\/page\/wp-content\/uploads\/2026\/09\/4811235-6a97388da9f9d435937d0-6354-41c9-9af7-ad4fe5ab93ee-rule-mo-1600.jpg 1440w\" sizes=\"(max-width: 300px) 100vw, 300px\" \/>                        <\/a>\n                    <\/div>\n                    <div class=\"vehicle-data\">\n                                                    <small>\n                                                                10.2021                                \u00b7\n                            <\/small>\n                                                                            <small>\n                                48.735 km\n                            <\/small>\n                                                                            <small>\n                                \u00b7\n                                165 kW\n                                                                (\n                                224 PS)\n                            <\/small>\n                                                                            <small>\n                                \u00b7\n                                Automatik                            <\/small>\n                                                                            <small>\n                                \u00b7\n                                Unfallfrei                            <\/small>\n                        \n                                                    <small>\n                                \u00b7\n                                Plug-in-Hybrid                            <\/small>\n                                                                                                                            <small>\n                                \u00b7\n                                4\/5 T\u00fcren\n                            <\/small>\n                                                <ul class=\"vehicle-emission\">\n                                                <span>Kraftstoffverbrauch gewichtet, kombiniert: \n                                    1.4                                 l\/100km<\/span><br>\n                                             <span>Verbrauch komb.: \n                                    6.5                                 l\/100km<\/span><br>\n                                                                <span>Stromverbrauch gewichtet, kombiniert: \n                                    16.8                                 kWh\/100km<\/span><br>\n                                                            \n                                       \n  <!-- CO2-Emissionen\t-->\n                                            <span>CO\u2082-Emissionen komb.: 32.0                                 g\/km<\/span><br>\n                                        <!-- CO2-Emissionen\t-->\n                   \n \n                         <span>CO\u2082-Klasse: \n                                    B                                <\/span><br>\n                    \n\n\n                <\/ul>\n\n                    <\/div>\n\n                    <div class=\"vehicle-price\">\n                                                    <div itemprop=\"priceSpecification\" itemscope itemtype=\"http:\/\/schema.org\/UnitPriceSpecification\">\n                                <meta itemprop=\"priceCurrency\" content=\"EUR\">\n                                <meta itemprop=\"price\" content=\"22.190\">\n                                <strong>\n                                    22.190 \u20ac (Brutto)\n                                <\/strong><br><small>\n                                    Inkl. 19% MwSt.                                <\/small>\n                            <\/div>\n                                                <br>\n                        <a href=\"https:\/\/ford-sachsen.de\/html\/page\/fahrzeuge\/ford-kuga-plug-in-hybrid-st-line-x-ledbo-soundkame\/\"\n                            class=\"vehicle-btn wp-block-button__link wp-element-button\">Details<\/a>\n                    <\/div>\n                <\/div> <!-- \/\/ vehicle-row -->\n               \n            <\/article>\n                        <article id=\"post-4811223\" class=\"vehicle\">\n                <hgroup>\n                    <a href=\"https:\/\/ford-sachsen.de\/html\/page\/fahrzeuge\/ford-tourneo-courier-titanium-kamera-shfshpps-kli\/\">\n                        <h2 class=\"vehicle-title\">\n                            Ford Tourneo Courier Titanium KAMERA+ SH+FSH+PPS+ Kli                        <\/h2>\n\n                    <\/a>\n                <\/hgroup>\n                <span class=\"vehicle-addition\">\n                    <p>\n                        Van\/Minibus ,\n                        Gebrauchtfahrzeug                    <\/p>\n                <\/span>\n                <div class=\"vehicle-row\">\n                    <div class=\"vehicle-thumbnail\">\n                        <a href=\"https:\/\/ford-sachsen.de\/html\/page\/fahrzeuge\/ford-tourneo-courier-titanium-kamera-shfshpps-kli\/\" title=\"Ford Tourneo Courier Titanium KAMERA+ SH+FSH+PPS+ Kli\">\n                            <img loading=\"lazy\" decoding=\"async\" width=\"300\" height=\"225\" src=\"https:\/\/ford-sachsen.de\/html\/page\/wp-content\/uploads\/2026\/09\/4811223-6a9735f799131c600ae4f-c8ad-4aad-a75f-1199fec3fee7-rule-mo-1600-300x225.jpg\" class=\"attachment-medium size-medium wp-post-image\" alt=\"\" srcset=\"https:\/\/ford-sachsen.de\/html\/page\/wp-content\/uploads\/2026\/09\/4811223-6a9735f799131c600ae4f-c8ad-4aad-a75f-1199fec3fee7-rule-mo-1600-300x225.jpg 300w, https:\/\/ford-sachsen.de\/html\/page\/wp-content\/uploads\/2026\/09\/4811223-6a9735f799131c600ae4f-c8ad-4aad-a75f-1199fec3fee7-rule-mo-1600-1024x768.jpg 1024w, https:\/\/ford-sachsen.de\/html\/page\/wp-content\/uploads\/2026\/09\/4811223-6a9735f799131c600ae4f-c8ad-4aad-a75f-1199fec3fee7-rule-mo-1600-768x576.jpg 768w, https:\/\/ford-sachsen.de\/html\/page\/wp-content\/uploads\/2026\/09\/4811223-6a9735f799131c600ae4f-c8ad-4aad-a75f-1199fec3fee7-rule-mo-1600.jpg 1440w\" sizes=\"(max-width: 300px) 100vw, 300px\" \/>                        <\/a>\n                    <\/div>\n                    <div class=\"vehicle-data\">\n                                                    <small>\n                                                                04.2026                                \u00b7\n                            <\/small>\n                                                                            <small>\n                                2.650 km\n                            <\/small>\n                                                                            <small>\n                                \u00b7\n                                92 kW\n                                                                (\n                                125 PS)\n                            <\/small>\n                                                                            <small>\n                                \u00b7\n                                Schaltgetriebe                            <\/small>\n                                                                            <small>\n                                \u00b7\n                                Unfallfrei                            <\/small>\n                        \n                                                    <small>\n                                \u00b7\n                                Benzin                            <\/small>\n                                                                                                                            <small>\n                                \u00b7\n                                4\/5 T\u00fcren\n                            <\/small>\n                                                <ul class=\"vehicle-emission\">\n                                                 <span>Verbrauch komb.: \n                                    6.7                                 l\/100km<\/span><br>\n                                                                                \n                                       \n  <!-- CO2-Emissionen\t-->\n                                            <span>CO\u2082-Emissionen komb.: 153.0                                 g\/km<\/span><br>\n                                        <!-- CO2-Emissionen\t-->\n                   \n \n                         <span>CO\u2082-Klasse: \n                                    E                                <\/span><br>\n                    \n\n\n                <\/ul>\n\n                    <\/div>\n\n                    <div class=\"vehicle-price\">\n                                                    <div itemprop=\"priceSpecification\" itemscope itemtype=\"http:\/\/schema.org\/UnitPriceSpecification\">\n                                <meta itemprop=\"priceCurrency\" content=\"EUR\">\n                                <meta itemprop=\"price\" content=\"25.890\">\n                                <strong>\n                                    25.890 \u20ac (Brutto)\n                                <\/strong><br><small>\n                                    Inkl. 19% MwSt.                                <\/small>\n                            <\/div>\n                                                <br>\n                        <a href=\"https:\/\/ford-sachsen.de\/html\/page\/fahrzeuge\/ford-tourneo-courier-titanium-kamera-shfshpps-kli\/\"\n                            class=\"vehicle-btn wp-block-button__link wp-element-button\">Details<\/a>\n                    <\/div>\n                <\/div> <!-- \/\/ vehicle-row -->\n               \n            <\/article>\n                        <article id=\"post-4811221\" class=\"vehicle\">\n                <hgroup>\n                    <a href=\"https:\/\/ford-sachsen.de\/html\/page\/fahrzeuge\/ford-tourneo-courier-trend-3xsofort-tzgjrwinter-pak\/\">\n                        <h2 class=\"vehicle-title\">\n                            Ford Tourneo Courier Trend 3xSOFORT TZ+GJR+WINTER-PAK                        <\/h2>\n\n                    <\/a>\n                <\/hgroup>\n                <span class=\"vehicle-addition\">\n                    <p>\n                        Van\/Minibus ,\n                        Gebrauchtfahrzeug                    <\/p>\n                <\/span>\n                <div class=\"vehicle-row\">\n                    <div class=\"vehicle-thumbnail\">\n                        <a href=\"https:\/\/ford-sachsen.de\/html\/page\/fahrzeuge\/ford-tourneo-courier-trend-3xsofort-tzgjrwinter-pak\/\" title=\"Ford Tourneo Courier Trend 3xSOFORT TZ+GJR+WINTER-PAK\">\n                            <img loading=\"lazy\" decoding=\"async\" width=\"300\" height=\"225\" src=\"https:\/\/ford-sachsen.de\/html\/page\/wp-content\/uploads\/2026\/09\/4811221-6a9735f571a9b50665309-e69e-43bd-a91e-6275cfb6f951-rule-mo-1600-300x225.jpg\" class=\"attachment-medium size-medium wp-post-image\" alt=\"\" srcset=\"https:\/\/ford-sachsen.de\/html\/page\/wp-content\/uploads\/2026\/09\/4811221-6a9735f571a9b50665309-e69e-43bd-a91e-6275cfb6f951-rule-mo-1600-300x225.jpg 300w, https:\/\/ford-sachsen.de\/html\/page\/wp-content\/uploads\/2026\/09\/4811221-6a9735f571a9b50665309-e69e-43bd-a91e-6275cfb6f951-rule-mo-1600-1024x768.jpg 1024w, https:\/\/ford-sachsen.de\/html\/page\/wp-content\/uploads\/2026\/09\/4811221-6a9735f571a9b50665309-e69e-43bd-a91e-6275cfb6f951-rule-mo-1600-768x576.jpg 768w, https:\/\/ford-sachsen.de\/html\/page\/wp-content\/uploads\/2026\/09\/4811221-6a9735f571a9b50665309-e69e-43bd-a91e-6275cfb6f951-rule-mo-1600.jpg 1440w\" sizes=\"(max-width: 300px) 100vw, 300px\" \/>                        <\/a>\n                    <\/div>\n                    <div class=\"vehicle-data\">\n                                                    <small>\n                                                                08.2026                                \u00b7\n                            <\/small>\n                                                                            <small>\n                                25 km\n                            <\/small>\n                                                                            <small>\n                                \u00b7\n                                92 kW\n                                                                (\n                                125 PS)\n                            <\/small>\n                                                                            <small>\n                                \u00b7\n                                Schaltgetriebe                            <\/small>\n                                                                            <small>\n                                \u00b7\n                                Unfallfrei                            <\/small>\n                        \n                                                    <small>\n                                \u00b7\n                                Benzin                            <\/small>\n                                                                                                                            <small>\n                                \u00b7\n                                4\/5 T\u00fcren\n                            <\/small>\n                                                <ul class=\"vehicle-emission\">\n                                                 <span>Verbrauch komb.: \n                                    6.9                                 l\/100km<\/span><br>\n                                                                                \n                                       \n  <!-- CO2-Emissionen\t-->\n                                            <span>CO\u2082-Emissionen komb.: 157.0                                 g\/km<\/span><br>\n                                        <!-- CO2-Emissionen\t-->\n                   \n \n                         <span>CO\u2082-Klasse: \n                                    F                                <\/span><br>\n                    \n\n\n                <\/ul>\n\n                    <\/div>\n\n                    <div class=\"vehicle-price\">\n                                                    <div itemprop=\"priceSpecification\" itemscope itemtype=\"http:\/\/schema.org\/UnitPriceSpecification\">\n                                <meta itemprop=\"priceCurrency\" content=\"EUR\">\n                                <meta itemprop=\"price\" content=\"22.890\">\n                                <strong>\n                                    22.890 \u20ac (Brutto)\n                                <\/strong><br><small>\n                                    Inkl. 19% MwSt.                                <\/small>\n                            <\/div>\n                                                <br>\n                        <a href=\"https:\/\/ford-sachsen.de\/html\/page\/fahrzeuge\/ford-tourneo-courier-trend-3xsofort-tzgjrwinter-pak\/\"\n                            class=\"vehicle-btn wp-block-button__link wp-element-button\">Details<\/a>\n                    <\/div>\n                <\/div> <!-- \/\/ vehicle-row -->\n               \n            <\/article>\n                        <article id=\"post-4811215\" class=\"vehicle\">\n                <hgroup>\n                    <a href=\"https:\/\/ford-sachsen.de\/html\/page\/fahrzeuge\/jaecoo-j7-exclusive-540-kamera-panodach-acc-head-up\/\">\n                        <h2 class=\"vehicle-title\">\n                            JAECOO J7 EXCLUSIVE  540\u00b0 KAMERA  PANODACH ACC HEAD UP                        <\/h2>\n\n                    <\/a>\n                <\/hgroup>\n                <span class=\"vehicle-addition\">\n                    <p>\n                        SUV\/Gel\u00e4ndewagen\/Pickup ,\n                        Gebrauchtfahrzeug                    <\/p>\n                <\/span>\n                <div class=\"vehicle-row\">\n                    <div class=\"vehicle-thumbnail\">\n                        <a href=\"https:\/\/ford-sachsen.de\/html\/page\/fahrzeuge\/jaecoo-j7-exclusive-540-kamera-panodach-acc-head-up\/\" title=\"JAECOO J7 EXCLUSIVE  540\u00b0 KAMERA  PANODACH ACC HEAD UP\">\n                            <img loading=\"lazy\" decoding=\"async\" width=\"300\" height=\"225\" src=\"https:\/\/ford-sachsen.de\/html\/page\/wp-content\/uploads\/2026\/09\/4811215-6a9734ab36dd8250c8dd6-c268-4485-8a61-c72864128606-rule-mo-1600-300x225.jpg\" class=\"attachment-medium size-medium wp-post-image\" alt=\"\" srcset=\"https:\/\/ford-sachsen.de\/html\/page\/wp-content\/uploads\/2026\/09\/4811215-6a9734ab36dd8250c8dd6-c268-4485-8a61-c72864128606-rule-mo-1600-300x225.jpg 300w, https:\/\/ford-sachsen.de\/html\/page\/wp-content\/uploads\/2026\/09\/4811215-6a9734ab36dd8250c8dd6-c268-4485-8a61-c72864128606-rule-mo-1600-1024x768.jpg 1024w, https:\/\/ford-sachsen.de\/html\/page\/wp-content\/uploads\/2026\/09\/4811215-6a9734ab36dd8250c8dd6-c268-4485-8a61-c72864128606-rule-mo-1600-768x576.jpg 768w, https:\/\/ford-sachsen.de\/html\/page\/wp-content\/uploads\/2026\/09\/4811215-6a9734ab36dd8250c8dd6-c268-4485-8a61-c72864128606-rule-mo-1600.jpg 1440w\" sizes=\"(max-width: 300px) 100vw, 300px\" \/>                        <\/a>\n                    <\/div>\n                    <div class=\"vehicle-data\">\n                                                    <small>\n                                                                04.2026                                \u00b7\n                            <\/small>\n                                                                            <small>\n                                2.650 km\n                            <\/small>\n                                                                            <small>\n                                \u00b7\n                                205 kW\n                                                                (\n                                279 PS)\n                            <\/small>\n                                                                            <small>\n                                \u00b7\n                                Automatik                            <\/small>\n                                                                            <small>\n                                \u00b7\n                                Unfallfrei                            <\/small>\n                        \n                                                    <small>\n                                \u00b7\n                                Plug-in-Hybrid                            <\/small>\n                                                                                                                            <small>\n                                \u00b7\n                                4\/5 T\u00fcren\n                            <\/small>\n                                                <ul class=\"vehicle-emission\">\n                                                <span>Kraftstoffverbrauch gewichtet, kombiniert: \n                                    2.4                                 l\/100km<\/span><br>\n                                             <span>Verbrauch komb.: \n                                    6.0                                 l\/100km<\/span><br>\n                                                                <span>Stromverbrauch gewichtet, kombiniert: \n                                    15.1                                 kWh\/100km<\/span><br>\n                                                            \n                                       \n  <!-- CO2-Emissionen\t-->\n                                            <span>CO\u2082-Emissionen komb.: 54.0                                 g\/km<\/span><br>\n                                        <!-- CO2-Emissionen\t-->\n                   \n \n                         <span>CO\u2082-Klasse: \n                                    B                                <\/span><br>\n                    \n\n\n                <\/ul>\n\n                    <\/div>\n\n                    <div class=\"vehicle-price\">\n                                                    <div itemprop=\"priceSpecification\" itemscope itemtype=\"http:\/\/schema.org\/UnitPriceSpecification\">\n                                <meta itemprop=\"priceCurrency\" content=\"EUR\">\n                                <meta itemprop=\"price\" content=\"38.990\">\n                                <strong>\n                                    38.990 \u20ac (Brutto)\n                                <\/strong><br><small>\n                                    Inkl. 19% MwSt.                                <\/small>\n                            <\/div>\n                                                <br>\n                        <a href=\"https:\/\/ford-sachsen.de\/html\/page\/fahrzeuge\/jaecoo-j7-exclusive-540-kamera-panodach-acc-head-up\/\"\n                            class=\"vehicle-btn wp-block-button__link wp-element-button\">Details<\/a>\n                    <\/div>\n                <\/div> <!-- \/\/ vehicle-row -->\n               \n            <\/article>\n                        <article id=\"post-4811213\" class=\"vehicle\">\n                <hgroup>\n                    <a href=\"https:\/\/ford-sachsen.de\/html\/page\/fahrzeuge\/ford-tourneo-courier-active-automatikacctwashfsh\/\">\n                        <h2 class=\"vehicle-title\">\n                            Ford Tourneo Courier Active AUTOMATIK+ACC+TWA+SH+FSH                        <\/h2>\n\n                    <\/a>\n                <\/hgroup>\n                <span class=\"vehicle-addition\">\n                    <p>\n                        Van\/Minibus ,\n                        Gebrauchtfahrzeug                    <\/p>\n                <\/span>\n                <div class=\"vehicle-row\">\n                    <div class=\"vehicle-thumbnail\">\n                        <a href=\"https:\/\/ford-sachsen.de\/html\/page\/fahrzeuge\/ford-tourneo-courier-active-automatikacctwashfsh\/\" title=\"Ford Tourneo Courier Active AUTOMATIK+ACC+TWA+SH+FSH\">\n                            <img loading=\"lazy\" decoding=\"async\" width=\"300\" height=\"225\" src=\"https:\/\/ford-sachsen.de\/html\/page\/wp-content\/uploads\/2026\/09\/4811213-6a9734a8b80bf467c5df2-94aa-4178-9254-6cb938bea6d6-rule-mo-1600-300x225.jpg\" class=\"attachment-medium size-medium wp-post-image\" alt=\"\" srcset=\"https:\/\/ford-sachsen.de\/html\/page\/wp-content\/uploads\/2026\/09\/4811213-6a9734a8b80bf467c5df2-94aa-4178-9254-6cb938bea6d6-rule-mo-1600-300x225.jpg 300w, https:\/\/ford-sachsen.de\/html\/page\/wp-content\/uploads\/2026\/09\/4811213-6a9734a8b80bf467c5df2-94aa-4178-9254-6cb938bea6d6-rule-mo-1600-1024x768.jpg 1024w, https:\/\/ford-sachsen.de\/html\/page\/wp-content\/uploads\/2026\/09\/4811213-6a9734a8b80bf467c5df2-94aa-4178-9254-6cb938bea6d6-rule-mo-1600-768x576.jpg 768w, https:\/\/ford-sachsen.de\/html\/page\/wp-content\/uploads\/2026\/09\/4811213-6a9734a8b80bf467c5df2-94aa-4178-9254-6cb938bea6d6-rule-mo-1600.jpg 1440w\" sizes=\"(max-width: 300px) 100vw, 300px\" \/>                        <\/a>\n                    <\/div>\n                    <div class=\"vehicle-data\">\n                                                    <small>\n                                                                04.2026                                \u00b7\n                            <\/small>\n                                                                            <small>\n                                25 km\n                            <\/small>\n                                                                            <small>\n                                \u00b7\n                                92 kW\n                                                                (\n                                125 PS)\n                            <\/small>\n                                                                            <small>\n                                \u00b7\n                                Automatik                            <\/small>\n                                                                            <small>\n                                \u00b7\n                                Unfallfrei                            <\/small>\n                        \n                                                    <small>\n                                \u00b7\n                                Benzin                            <\/small>\n                                                                                                                            <small>\n                                \u00b7\n                                4\/5 T\u00fcren\n                            <\/small>\n                                                <ul class=\"vehicle-emission\">\n                                                 <span>Verbrauch komb.: \n                                    6.9                                 l\/100km<\/span><br>\n                                                                                \n                                       \n  <!-- CO2-Emissionen\t-->\n                                            <span>CO\u2082-Emissionen komb.: 158.0                                 g\/km<\/span><br>\n                                        <!-- CO2-Emissionen\t-->\n                   \n \n                         <span>CO\u2082-Klasse: \n                                    F                                <\/span><br>\n                    \n\n\n                <\/ul>\n\n                    <\/div>\n\n                    <div class=\"vehicle-price\">\n                                                    <div itemprop=\"priceSpecification\" itemscope itemtype=\"http:\/\/schema.org\/UnitPriceSpecification\">\n                                <meta itemprop=\"priceCurrency\" content=\"EUR\">\n                                <meta itemprop=\"price\" content=\"28.890\">\n                                <strong>\n                                    28.890 \u20ac (Brutto)\n                                <\/strong><br><small>\n                                    Inkl. 19% MwSt.                                <\/small>\n                            <\/div>\n                                                <br>\n                        <a href=\"https:\/\/ford-sachsen.de\/html\/page\/fahrzeuge\/ford-tourneo-courier-active-automatikacctwashfsh\/\"\n                            class=\"vehicle-btn wp-block-button__link wp-element-button\">Details<\/a>\n                    <\/div>\n                <\/div> <!-- \/\/ vehicle-row -->\n               \n            <\/article>\n                        <article id=\"post-4811211\" class=\"vehicle\">\n                <hgroup>\n                    <a href=\"https:\/\/ford-sachsen.de\/html\/page\/fahrzeuge\/ford-ranger-raptor-doka-5xtzstandhzraptor-paketsof\/\">\n                        <h2 class=\"vehicle-title\">\n                            Ford Ranger Raptor DoKa 5xTZ+STANDHZ+RAPTOR-PAKET+SOF                        <\/h2>\n\n                    <\/a>\n                <\/hgroup>\n                <span class=\"vehicle-addition\">\n                    <p>\n                        SUV\/Gel\u00e4ndewagen\/Pickup ,\n                        Gebrauchtfahrzeug                    <\/p>\n                <\/span>\n                <div class=\"vehicle-row\">\n                    <div class=\"vehicle-thumbnail\">\n                        <a href=\"https:\/\/ford-sachsen.de\/html\/page\/fahrzeuge\/ford-ranger-raptor-doka-5xtzstandhzraptor-paketsof\/\" title=\"Ford Ranger Raptor DoKa 5xTZ+STANDHZ+RAPTOR-PAKET+SOF\">\n                            <img loading=\"lazy\" decoding=\"async\" width=\"300\" height=\"225\" src=\"https:\/\/ford-sachsen.de\/html\/page\/wp-content\/uploads\/2026\/09\/4811211-6a9734a62d7c3b3efcbaf-9e73-4469-b8d5-f2c5373ef28f-rule-mo-1600-300x225.jpg\" class=\"attachment-medium size-medium wp-post-image\" alt=\"\" srcset=\"https:\/\/ford-sachsen.de\/html\/page\/wp-content\/uploads\/2026\/09\/4811211-6a9734a62d7c3b3efcbaf-9e73-4469-b8d5-f2c5373ef28f-rule-mo-1600-300x225.jpg 300w, https:\/\/ford-sachsen.de\/html\/page\/wp-content\/uploads\/2026\/09\/4811211-6a9734a62d7c3b3efcbaf-9e73-4469-b8d5-f2c5373ef28f-rule-mo-1600-1024x768.jpg 1024w, https:\/\/ford-sachsen.de\/html\/page\/wp-content\/uploads\/2026\/09\/4811211-6a9734a62d7c3b3efcbaf-9e73-4469-b8d5-f2c5373ef28f-rule-mo-1600-768x576.jpg 768w, https:\/\/ford-sachsen.de\/html\/page\/wp-content\/uploads\/2026\/09\/4811211-6a9734a62d7c3b3efcbaf-9e73-4469-b8d5-f2c5373ef28f-rule-mo-1600.jpg 1440w\" sizes=\"(max-width: 300px) 100vw, 300px\" \/>                        <\/a>\n                    <\/div>\n                    <div class=\"vehicle-data\">\n                                                    <small>\n                                                                04.2026                                \u00b7\n                            <\/small>\n                                                                            <small>\n                                25 km\n                            <\/small>\n                                                                            <small>\n                                \u00b7\n                                154 kW\n                                                                (\n                                209 PS)\n                            <\/small>\n                                                                            <small>\n                                \u00b7\n                                Automatik                            <\/small>\n                                                                            <small>\n                                \u00b7\n                                Unfallfrei                            <\/small>\n                        \n                                                    <small>\n                                \u00b7\n                                Diesel                            <\/small>\n                                                                                                                            <small>\n                                \u00b7\n                                4\/5 T\u00fcren\n                            <\/small>\n                                                <ul class=\"vehicle-emission\">\n                                                 <span>Verbrauch komb.: \n                                    10.6                                 l\/100km<\/span><br>\n                                                                                \n                                       \n  <!-- CO2-Emissionen\t-->\n                                            <span>CO\u2082-Emissionen komb.: 278.0                                 g\/km<\/span><br>\n                                        <!-- CO2-Emissionen\t-->\n                   \n \n                         <span>CO\u2082-Klasse: \n                                    G                                <\/span><br>\n                    \n\n\n                <\/ul>\n\n                    <\/div>\n\n                    <div class=\"vehicle-price\">\n                                                    <div itemprop=\"priceSpecification\" itemscope itemtype=\"http:\/\/schema.org\/UnitPriceSpecification\">\n                                <meta itemprop=\"priceCurrency\" content=\"EUR\">\n                                <meta itemprop=\"price\" content=\"61.990\">\n                                <strong>\n                                    61.990 \u20ac (Brutto)\n                                <\/strong><br><small>\n                                    Inkl. 19% MwSt.                                <\/small>\n                            <\/div>\n                                                <br>\n                        <a href=\"https:\/\/ford-sachsen.de\/html\/page\/fahrzeuge\/ford-ranger-raptor-doka-5xtzstandhzraptor-paketsof\/\"\n                            class=\"vehicle-btn wp-block-button__link wp-element-button\">Details<\/a>\n                    <\/div>\n                <\/div> <!-- \/\/ vehicle-row -->\n               \n            <\/article>\n                        <article id=\"post-4811203\" class=\"vehicle\">\n                <hgroup>\n                    <a href=\"https:\/\/ford-sachsen.de\/html\/page\/fahrzeuge\/mitsubishi-asx-top-hybrid-top-navi-leder-soundsystem-bose-l\/\">\n                        <h2 class=\"vehicle-title\">\n                            Mitsubishi ASX Top Hybrid TOP Navi Leder Soundsystem Bose L                        <\/h2>\n\n                    <\/a>\n                <\/hgroup>\n                <span class=\"vehicle-addition\">\n                    <p>\n                        SUV\/Gel\u00e4ndewagen\/Pickup ,\n                        Gebrauchtfahrzeug                    <\/p>\n                <\/span>\n                <div class=\"vehicle-row\">\n                    <div class=\"vehicle-thumbnail\">\n                        <a href=\"https:\/\/ford-sachsen.de\/html\/page\/fahrzeuge\/mitsubishi-asx-top-hybrid-top-navi-leder-soundsystem-bose-l\/\" title=\"Mitsubishi ASX Top Hybrid TOP Navi Leder Soundsystem Bose L\">\n                            <img loading=\"lazy\" decoding=\"async\" width=\"300\" height=\"225\" src=\"https:\/\/ford-sachsen.de\/html\/page\/wp-content\/uploads\/2026\/09\/4811203-6a97338607f216d827076-03de-43e6-b356-ce94fde3c334-rule-mo-1600-300x225.jpg\" class=\"attachment-medium size-medium wp-post-image\" alt=\"\" srcset=\"https:\/\/ford-sachsen.de\/html\/page\/wp-content\/uploads\/2026\/09\/4811203-6a97338607f216d827076-03de-43e6-b356-ce94fde3c334-rule-mo-1600-300x225.jpg 300w, https:\/\/ford-sachsen.de\/html\/page\/wp-content\/uploads\/2026\/09\/4811203-6a97338607f216d827076-03de-43e6-b356-ce94fde3c334-rule-mo-1600-1024x768.jpg 1024w, https:\/\/ford-sachsen.de\/html\/page\/wp-content\/uploads\/2026\/09\/4811203-6a97338607f216d827076-03de-43e6-b356-ce94fde3c334-rule-mo-1600-768x576.jpg 768w, https:\/\/ford-sachsen.de\/html\/page\/wp-content\/uploads\/2026\/09\/4811203-6a97338607f216d827076-03de-43e6-b356-ce94fde3c334-rule-mo-1600.jpg 1440w\" sizes=\"(max-width: 300px) 100vw, 300px\" \/>                        <\/a>\n                    <\/div>\n                    <div class=\"vehicle-data\">\n                                                    <small>\n                                                                07.2023                                \u00b7\n                            <\/small>\n                                                                            <small>\n                                30.508 km\n                            <\/small>\n                                                                            <small>\n                                \u00b7\n                                105 kW\n                                                                (\n                                143 PS)\n                            <\/small>\n                                                                            <small>\n                                \u00b7\n                                Automatik                            <\/small>\n                                                                            <small>\n                                \u00b7\n                                Unfallfrei                            <\/small>\n                        \n                                                    <small>\n                                \u00b7\n                                Hybrid (Benzin\/Elektro)                            <\/small>\n                                                                                                                            <small>\n                                \u00b7\n                                4\/5 T\u00fcren\n                            <\/small>\n                                                <ul class=\"vehicle-emission\">\n                                                 <span>Verbrauch komb.: \n                                    4.8                                 l\/100km<\/span><br>\n                                                                                \n                                       \n  <!-- CO2-Emissionen\t-->\n                                            <span>CO\u2082-Emissionen komb.: 108.0                                 g\/km<\/span><br>\n                                        <!-- CO2-Emissionen\t-->\n                   \n \n                         <span>CO\u2082-Klasse: \n                                    C                                <\/span><br>\n                    \n\n\n                <\/ul>\n\n                    <\/div>\n\n                    <div class=\"vehicle-price\">\n                                                    <div itemprop=\"priceSpecification\" itemscope itemtype=\"http:\/\/schema.org\/UnitPriceSpecification\">\n                                <meta itemprop=\"priceCurrency\" content=\"EUR\">\n                                <meta itemprop=\"price\" content=\"22.450\">\n                                <strong>\n                                    22.450 \u20ac (Brutto)\n                                <\/strong><br><small>\n                                    MwSt. nicht ausweisbar                                <\/small>\n                            <\/div>\n                                                <br>\n                        <a href=\"https:\/\/ford-sachsen.de\/html\/page\/fahrzeuge\/mitsubishi-asx-top-hybrid-top-navi-leder-soundsystem-bose-l\/\"\n                            class=\"vehicle-btn wp-block-button__link wp-element-button\">Details<\/a>\n                    <\/div>\n                <\/div> <!-- \/\/ vehicle-row -->\n               \n            <\/article>\n                        <article id=\"post-4811201\" class=\"vehicle\">\n                <hgroup>\n                    <a href=\"https:\/\/ford-sachsen.de\/html\/page\/fahrzeuge\/bmw-320-touring-d-xdrive-luxury-line-allrad-navi-led\/\">\n                        <h2 class=\"vehicle-title\">\n                            BMW 320 Touring d xDrive Luxury Line Allrad Navi Led                        <\/h2>\n\n                    <\/a>\n                <\/hgroup>\n                <span class=\"vehicle-addition\">\n                    <p>\n                        Kombi ,\n                        Gebrauchtfahrzeug                    <\/p>\n                <\/span>\n                <div class=\"vehicle-row\">\n                    <div class=\"vehicle-thumbnail\">\n                        <a href=\"https:\/\/ford-sachsen.de\/html\/page\/fahrzeuge\/bmw-320-touring-d-xdrive-luxury-line-allrad-navi-led\/\" title=\"BMW 320 Touring d xDrive Luxury Line Allrad Navi Led\">\n                            <img loading=\"lazy\" decoding=\"async\" width=\"300\" height=\"225\" src=\"https:\/\/ford-sachsen.de\/html\/page\/wp-content\/uploads\/2026\/09\/4811201-6a97338414ae87ef6e1fa-3930-4a8b-bb91-55823948b9e0-rule-mo-1600-300x225.jpg\" class=\"attachment-medium size-medium wp-post-image\" alt=\"\" srcset=\"https:\/\/ford-sachsen.de\/html\/page\/wp-content\/uploads\/2026\/09\/4811201-6a97338414ae87ef6e1fa-3930-4a8b-bb91-55823948b9e0-rule-mo-1600-300x225.jpg 300w, https:\/\/ford-sachsen.de\/html\/page\/wp-content\/uploads\/2026\/09\/4811201-6a97338414ae87ef6e1fa-3930-4a8b-bb91-55823948b9e0-rule-mo-1600-1024x768.jpg 1024w, https:\/\/ford-sachsen.de\/html\/page\/wp-content\/uploads\/2026\/09\/4811201-6a97338414ae87ef6e1fa-3930-4a8b-bb91-55823948b9e0-rule-mo-1600-768x576.jpg 768w, https:\/\/ford-sachsen.de\/html\/page\/wp-content\/uploads\/2026\/09\/4811201-6a97338414ae87ef6e1fa-3930-4a8b-bb91-55823948b9e0-rule-mo-1600.jpg 1440w\" sizes=\"(max-width: 300px) 100vw, 300px\" \/>                        <\/a>\n                    <\/div>\n                    <div class=\"vehicle-data\">\n                                                    <small>\n                                                                10.2015                                \u00b7\n                            <\/small>\n                                                                            <small>\n                                130.444 km\n                            <\/small>\n                                                                            <small>\n                                \u00b7\n                                140 kW\n                                                                (\n                                190 PS)\n                            <\/small>\n                                                                            <small>\n                                \u00b7\n                                Schaltgetriebe                            <\/small>\n                                                                            <small>\n                                \u00b7\n                                Unfallfrei                            <\/small>\n                        \n                                                    <small>\n                                \u00b7\n                                Diesel                            <\/small>\n                                                                                                                            <small>\n                                \u00b7\n                                4\/5 T\u00fcren\n                            <\/small>\n                                                <ul class=\"vehicle-emission\">\n                                                                                     \n                                       \n  <!-- CO2-Emissionen\t-->\n                                        <!-- CO2-Emissionen\t-->\n                   \n \n \n\n\n                <\/ul>\n\n                    <\/div>\n\n                    <div class=\"vehicle-price\">\n                                                    <div itemprop=\"priceSpecification\" itemscope itemtype=\"http:\/\/schema.org\/UnitPriceSpecification\">\n                                <meta itemprop=\"priceCurrency\" content=\"EUR\">\n                                <meta itemprop=\"price\" content=\"14.990\">\n                                <strong>\n                                    14.990 \u20ac (Brutto)\n                                <\/strong><br><small>\n                                    MwSt. nicht ausweisbar                                <\/small>\n                            <\/div>\n                                                <br>\n                        <a href=\"https:\/\/ford-sachsen.de\/html\/page\/fahrzeuge\/bmw-320-touring-d-xdrive-luxury-line-allrad-navi-led\/\"\n                            class=\"vehicle-btn wp-block-button__link wp-element-button\">Details<\/a>\n                    <\/div>\n                <\/div> <!-- \/\/ vehicle-row -->\n               \n            <\/article>\n                        <article id=\"post-4811199\" class=\"vehicle\">\n                <hgroup>\n                    <a href=\"https:\/\/ford-sachsen.de\/html\/page\/fahrzeuge\/ford-tourneo-courier-active-navi-klimaautom-dab-shz-l\/\">\n                        <h2 class=\"vehicle-title\">\n                            Ford Tourneo Courier Active Navi Klimaautom DAB SHZ L                        <\/h2>\n\n                    <\/a>\n                <\/hgroup>\n                <span class=\"vehicle-addition\">\n                    <p>\n                        Van\/Minibus ,\n                        Gebrauchtfahrzeug                    <\/p>\n                <\/span>\n                <div class=\"vehicle-row\">\n                    <div class=\"vehicle-thumbnail\">\n                        <a href=\"https:\/\/ford-sachsen.de\/html\/page\/fahrzeuge\/ford-tourneo-courier-active-navi-klimaautom-dab-shz-l\/\" title=\"Ford Tourneo Courier Active Navi Klimaautom DAB SHZ L\">\n                            <img loading=\"lazy\" decoding=\"async\" width=\"300\" height=\"225\" src=\"https:\/\/ford-sachsen.de\/html\/page\/wp-content\/uploads\/2026\/09\/4811199-6a9733821d15017514e46-6403-4d2b-a34d-8b74f1350c32-rule-mo-1600-300x225.jpg\" class=\"attachment-medium size-medium wp-post-image\" alt=\"\" srcset=\"https:\/\/ford-sachsen.de\/html\/page\/wp-content\/uploads\/2026\/09\/4811199-6a9733821d15017514e46-6403-4d2b-a34d-8b74f1350c32-rule-mo-1600-300x225.jpg 300w, https:\/\/ford-sachsen.de\/html\/page\/wp-content\/uploads\/2026\/09\/4811199-6a9733821d15017514e46-6403-4d2b-a34d-8b74f1350c32-rule-mo-1600-1024x768.jpg 1024w, https:\/\/ford-sachsen.de\/html\/page\/wp-content\/uploads\/2026\/09\/4811199-6a9733821d15017514e46-6403-4d2b-a34d-8b74f1350c32-rule-mo-1600-768x576.jpg 768w, https:\/\/ford-sachsen.de\/html\/page\/wp-content\/uploads\/2026\/09\/4811199-6a9733821d15017514e46-6403-4d2b-a34d-8b74f1350c32-rule-mo-1600.jpg 1440w\" sizes=\"(max-width: 300px) 100vw, 300px\" \/>                        <\/a>\n                    <\/div>\n                    <div class=\"vehicle-data\">\n                                                    <small>\n                                                                03.2025                                \u00b7\n                            <\/small>\n                                                                            <small>\n                                9.360 km\n                            <\/small>\n                                                                            <small>\n                                \u00b7\n                                92 kW\n                                                                (\n                                125 PS)\n                            <\/small>\n                                                                            <small>\n                                \u00b7\n                                Schaltgetriebe                            <\/small>\n                                                                            <small>\n                                \u00b7\n                                Unfallfrei                            <\/small>\n                        \n                                                    <small>\n                                \u00b7\n                                Benzin                            <\/small>\n                                                                                                                            <small>\n                                \u00b7\n                                4\/5 T\u00fcren\n                            <\/small>\n                                                <ul class=\"vehicle-emission\">\n                                                 <span>Verbrauch komb.: \n                                    7.0                                 l\/100km<\/span><br>\n                                                                                \n                                       \n  <!-- CO2-Emissionen\t-->\n                                            <span>CO\u2082-Emissionen komb.: 159.0                                 g\/km<\/span><br>\n                                        <!-- CO2-Emissionen\t-->\n                   \n \n                         <span>CO\u2082-Klasse: \n                                    F                                <\/span><br>\n                    \n\n\n                <\/ul>\n\n                    <\/div>\n\n                    <div class=\"vehicle-price\">\n                                                    <div itemprop=\"priceSpecification\" itemscope itemtype=\"http:\/\/schema.org\/UnitPriceSpecification\">\n                                <meta itemprop=\"priceCurrency\" content=\"EUR\">\n                                <meta itemprop=\"price\" content=\"23.990\">\n                                <strong>\n                                    23.990 \u20ac (Brutto)\n                                <\/strong><br><small>\n                                    MwSt. nicht ausweisbar                                <\/small>\n                            <\/div>\n                                                <br>\n                        <a href=\"https:\/\/ford-sachsen.de\/html\/page\/fahrzeuge\/ford-tourneo-courier-active-navi-klimaautom-dab-shz-l\/\"\n                            class=\"vehicle-btn wp-block-button__link wp-element-button\">Details<\/a>\n                    <\/div>\n                <\/div> <!-- \/\/ vehicle-row -->\n               \n            <\/article>\n                        <article id=\"post-4811197\" class=\"vehicle\">\n                <hgroup>\n                    <a href=\"https:\/\/ford-sachsen.de\/html\/page\/fahrzeuge\/ford-ranger-doka-phev-e-4wd-doppelkabine-xlt-ahk\/\">\n                        <h2 class=\"vehicle-title\">\n                            Ford Ranger DoKa PHEV  e-4WD Doppelkabine XLT AHK                        <\/h2>\n\n                    <\/a>\n                <\/hgroup>\n                <span class=\"vehicle-addition\">\n                    <p>\n                        SUV\/Gel\u00e4ndewagen\/Pickup ,\n                        Gebrauchtfahrzeug                    <\/p>\n                <\/span>\n                <div class=\"vehicle-row\">\n                    <div class=\"vehicle-thumbnail\">\n                        <a href=\"https:\/\/ford-sachsen.de\/html\/page\/fahrzeuge\/ford-ranger-doka-phev-e-4wd-doppelkabine-xlt-ahk\/\" title=\"Ford Ranger DoKa PHEV  e-4WD Doppelkabine XLT AHK\">\n                            <img loading=\"lazy\" decoding=\"async\" width=\"300\" height=\"225\" src=\"https:\/\/ford-sachsen.de\/html\/page\/wp-content\/uploads\/2026\/09\/4811197-6a97338038a8d90444553-c59a-440f-9f88-2f7258d5ba22-rule-mo-1600-300x225.jpg\" class=\"attachment-medium size-medium wp-post-image\" alt=\"\" srcset=\"https:\/\/ford-sachsen.de\/html\/page\/wp-content\/uploads\/2026\/09\/4811197-6a97338038a8d90444553-c59a-440f-9f88-2f7258d5ba22-rule-mo-1600-300x225.jpg 300w, https:\/\/ford-sachsen.de\/html\/page\/wp-content\/uploads\/2026\/09\/4811197-6a97338038a8d90444553-c59a-440f-9f88-2f7258d5ba22-rule-mo-1600-1024x768.jpg 1024w, https:\/\/ford-sachsen.de\/html\/page\/wp-content\/uploads\/2026\/09\/4811197-6a97338038a8d90444553-c59a-440f-9f88-2f7258d5ba22-rule-mo-1600-768x576.jpg 768w, https:\/\/ford-sachsen.de\/html\/page\/wp-content\/uploads\/2026\/09\/4811197-6a97338038a8d90444553-c59a-440f-9f88-2f7258d5ba22-rule-mo-1600.jpg 1448w\" sizes=\"(max-width: 300px) 100vw, 300px\" \/>                        <\/a>\n                    <\/div>\n                    <div class=\"vehicle-data\">\n                                                    <small>\n                                                                12.2025                                \u00b7\n                            <\/small>\n                                                                            <small>\n                                124 km\n                            <\/small>\n                                                                            <small>\n                                \u00b7\n                                205 kW\n                                                                (\n                                279 PS)\n                            <\/small>\n                                                                            <small>\n                                \u00b7\n                                Automatik                            <\/small>\n                                                                            <small>\n                                \u00b7\n                                Unfallfrei                            <\/small>\n                        \n                                                    <small>\n                                \u00b7\n                                Plug-in-Hybrid                            <\/small>\n                                                                                                                            <small>\n                                \u00b7\n                                4\/5 T\u00fcren\n                            <\/small>\n                                                <ul class=\"vehicle-emission\">\n                                                <span>Kraftstoffverbrauch gewichtet, kombiniert: \n                                    6.2                                 l\/100km<\/span><br>\n                                             <span>Verbrauch komb.: \n                                    10.1                                 l\/100km<\/span><br>\n                                                                <span>Stromverbrauch gewichtet, kombiniert: \n                                    12.8                                 kWh\/100km<\/span><br>\n                                                            \n                                       \n  <!-- CO2-Emissionen\t-->\n                                            <span>CO\u2082-Emissionen komb.: 142.0                                 g\/km<\/span><br>\n                                        <!-- CO2-Emissionen\t-->\n                   \n \n                         <span>CO\u2082-Klasse: \n                                    E                                <\/span><br>\n                    \n\n\n                <\/ul>\n\n                    <\/div>\n\n                    <div class=\"vehicle-price\">\n                                                    <div itemprop=\"priceSpecification\" itemscope itemtype=\"http:\/\/schema.org\/UnitPriceSpecification\">\n                                <meta itemprop=\"priceCurrency\" content=\"EUR\">\n                                <meta itemprop=\"price\" content=\"46.785\">\n                                <strong>\n                                    46.785 \u20ac (Brutto)\n                                <\/strong><br><small>\n                                    Inkl. 19% MwSt.                                <\/small>\n                            <\/div>\n                                                <br>\n                        <a href=\"https:\/\/ford-sachsen.de\/html\/page\/fahrzeuge\/ford-ranger-doka-phev-e-4wd-doppelkabine-xlt-ahk\/\"\n                            class=\"vehicle-btn wp-block-button__link wp-element-button\">Details<\/a>\n                    <\/div>\n                <\/div> <!-- \/\/ vehicle-row -->\n               \n            <\/article>\n                        <article id=\"post-4811195\" class=\"vehicle\">\n                <hgroup>\n                    <a href=\"https:\/\/ford-sachsen.de\/html\/page\/fahrzeuge\/ford-tourneo-courier-trend-bev-klimaautom-teilb-ruecks\/\">\n                        <h2 class=\"vehicle-title\">\n                            Ford Tourneo Courier Trend BEV Klimaautom teilb.R\u00fccks                        <\/h2>\n\n                    <\/a>\n                <\/hgroup>\n                <span class=\"vehicle-addition\">\n                    <p>\n                        Van\/Minibus ,\n                        Gebrauchtfahrzeug                    <\/p>\n                <\/span>\n                <div class=\"vehicle-row\">\n                    <div class=\"vehicle-thumbnail\">\n                        <a href=\"https:\/\/ford-sachsen.de\/html\/page\/fahrzeuge\/ford-tourneo-courier-trend-bev-klimaautom-teilb-ruecks\/\" title=\"Ford Tourneo Courier Trend BEV Klimaautom teilb.R\u00fccks\">\n                            <img loading=\"lazy\" decoding=\"async\" width=\"300\" height=\"225\" src=\"https:\/\/ford-sachsen.de\/html\/page\/wp-content\/uploads\/2026\/09\/4811195-6a97337e6751d815fc96d-f479-4143-a9ef-63d8f0ed8d38-rule-mo-1600-300x225.jpg\" class=\"attachment-medium size-medium wp-post-image\" alt=\"\" srcset=\"https:\/\/ford-sachsen.de\/html\/page\/wp-content\/uploads\/2026\/09\/4811195-6a97337e6751d815fc96d-f479-4143-a9ef-63d8f0ed8d38-rule-mo-1600-300x225.jpg 300w, https:\/\/ford-sachsen.de\/html\/page\/wp-content\/uploads\/2026\/09\/4811195-6a97337e6751d815fc96d-f479-4143-a9ef-63d8f0ed8d38-rule-mo-1600-1024x768.jpg 1024w, https:\/\/ford-sachsen.de\/html\/page\/wp-content\/uploads\/2026\/09\/4811195-6a97337e6751d815fc96d-f479-4143-a9ef-63d8f0ed8d38-rule-mo-1600-768x576.jpg 768w, https:\/\/ford-sachsen.de\/html\/page\/wp-content\/uploads\/2026\/09\/4811195-6a97337e6751d815fc96d-f479-4143-a9ef-63d8f0ed8d38-rule-mo-1600.jpg 1440w\" sizes=\"(max-width: 300px) 100vw, 300px\" \/>                        <\/a>\n                    <\/div>\n                    <div class=\"vehicle-data\">\n                                                    <small>\n                                                                06.2025                                \u00b7\n                            <\/small>\n                                                                            <small>\n                                2.478 km\n                            <\/small>\n                                                                            <small>\n                                \u00b7\n                                99 kW\n                                                                (\n                                135 PS)\n                            <\/small>\n                                                                            <small>\n                                \u00b7\n                                Automatik                            <\/small>\n                                                                            <small>\n                                \u00b7\n                                Unfallfrei                            <\/small>\n                        \n                                                    <small>\n                                \u00b7\n                                Elektro                            <\/small>\n                                                                                                                            <small>\n                                \u00b7\n                                4\/5 T\u00fcren\n                            <\/small>\n                                                <ul class=\"vehicle-emission\">\n                                                                                     \n                                       \n  <!-- CO2-Emissionen\t-->\n                                        <!-- CO2-Emissionen\t-->\n                   \n \n                         <span>CO\u2082-Klasse: \n                                    A                                <\/span><br>\n                    \n\n\n                <\/ul>\n\n                    <\/div>\n\n                    <div class=\"vehicle-price\">\n                                                    <div itemprop=\"priceSpecification\" itemscope itemtype=\"http:\/\/schema.org\/UnitPriceSpecification\">\n                                <meta itemprop=\"priceCurrency\" content=\"EUR\">\n                                <meta itemprop=\"price\" content=\"26.575\">\n                                <strong>\n                                    26.575 \u20ac (Brutto)\n                                <\/strong><br><small>\n                                    Inkl. 19% MwSt.                                <\/small>\n                            <\/div>\n                                                <br>\n                        <a href=\"https:\/\/ford-sachsen.de\/html\/page\/fahrzeuge\/ford-tourneo-courier-trend-bev-klimaautom-teilb-ruecks\/\"\n                            class=\"vehicle-btn wp-block-button__link wp-element-button\">Details<\/a>\n                    <\/div>\n                <\/div> <!-- \/\/ vehicle-row -->\n               \n            <\/article>\n                        <article id=\"post-4811193\" class=\"vehicle\">\n                <hgroup>\n                    <a href=\"https:\/\/ford-sachsen.de\/html\/page\/fahrzeuge\/ford-transit-custom-kasten-320-l2-trend-acc-led-klima\/\">\n                        <h2 class=\"vehicle-title\">\n                            Ford Transit Custom Kasten 320 L2 Trend ACC LED Klima                        <\/h2>\n\n                    <\/a>\n                <\/hgroup>\n                <span class=\"vehicle-addition\">\n                    <p>\n                        Andere ,\n                        Gebrauchtfahrzeug                    <\/p>\n                <\/span>\n                <div class=\"vehicle-row\">\n                    <div class=\"vehicle-thumbnail\">\n                        <a href=\"https:\/\/ford-sachsen.de\/html\/page\/fahrzeuge\/ford-transit-custom-kasten-320-l2-trend-acc-led-klima\/\" title=\"Ford Transit Custom Kasten 320 L2 Trend ACC LED Klima\">\n                            <img loading=\"lazy\" decoding=\"async\" width=\"300\" height=\"225\" src=\"https:\/\/ford-sachsen.de\/html\/page\/wp-content\/uploads\/2026\/09\/4811193-6a97337c7d31e6e0ad38b-3cec-4516-8d79-cb53a113b6a4-rule-mo-1600-300x225.jpg\" class=\"attachment-medium size-medium wp-post-image\" alt=\"\" srcset=\"https:\/\/ford-sachsen.de\/html\/page\/wp-content\/uploads\/2026\/09\/4811193-6a97337c7d31e6e0ad38b-3cec-4516-8d79-cb53a113b6a4-rule-mo-1600-300x225.jpg 300w, https:\/\/ford-sachsen.de\/html\/page\/wp-content\/uploads\/2026\/09\/4811193-6a97337c7d31e6e0ad38b-3cec-4516-8d79-cb53a113b6a4-rule-mo-1600-1024x768.jpg 1024w, https:\/\/ford-sachsen.de\/html\/page\/wp-content\/uploads\/2026\/09\/4811193-6a97337c7d31e6e0ad38b-3cec-4516-8d79-cb53a113b6a4-rule-mo-1600-768x576.jpg 768w, https:\/\/ford-sachsen.de\/html\/page\/wp-content\/uploads\/2026\/09\/4811193-6a97337c7d31e6e0ad38b-3cec-4516-8d79-cb53a113b6a4-rule-mo-1600.jpg 1440w\" sizes=\"(max-width: 300px) 100vw, 300px\" \/>                        <\/a>\n                    <\/div>\n                    <div class=\"vehicle-data\">\n                                                    <small>\n                                                                08.2025                                \u00b7\n                            <\/small>\n                                                                            <small>\n                                145 km\n                            <\/small>\n                                                                            <small>\n                                \u00b7\n                                110 kW\n                                                                (\n                                150 PS)\n                            <\/small>\n                                                                            <small>\n                                \u00b7\n                                Schaltgetriebe                            <\/small>\n                                                                            <small>\n                                \u00b7\n                                Unfallfrei                            <\/small>\n                        \n                                                    <small>\n                                \u00b7\n                                Diesel                            <\/small>\n                                                                                                                            <small>\n                                \u00b7\n                                4\/5 T\u00fcren\n                            <\/small>\n                                                <ul class=\"vehicle-emission\">\n                                                 <span>Verbrauch komb.: \n                                    7.3                                 l\/100km<\/span><br>\n                                                                                \n                                       \n  <!-- CO2-Emissionen\t-->\n                                            <span>CO\u2082-Emissionen komb.: 191.0                                 g\/km<\/span><br>\n                                        <!-- CO2-Emissionen\t-->\n                   \n \n                         <span>CO\u2082-Klasse: \n                                    G                                <\/span><br>\n                    \n\n\n                <\/ul>\n\n                    <\/div>\n\n                    <div class=\"vehicle-price\">\n                                                    <div itemprop=\"priceSpecification\" itemscope itemtype=\"http:\/\/schema.org\/UnitPriceSpecification\">\n                                <meta itemprop=\"priceCurrency\" content=\"EUR\">\n                                <meta itemprop=\"price\" content=\"36.300\">\n                                <strong>\n                                    36.300 \u20ac (Brutto)\n                                <\/strong><br><small>\n                                    Inkl. 19% MwSt.                                <\/small>\n                            <\/div>\n                                                <br>\n                        <a href=\"https:\/\/ford-sachsen.de\/html\/page\/fahrzeuge\/ford-transit-custom-kasten-320-l2-trend-acc-led-klima\/\"\n                            class=\"vehicle-btn wp-block-button__link wp-element-button\">Details<\/a>\n                    <\/div>\n                <\/div> <!-- \/\/ vehicle-row -->\n               \n            <\/article>\n                        <article id=\"post-4811191\" class=\"vehicle\">\n                <hgroup>\n                    <a href=\"https:\/\/ford-sachsen.de\/html\/page\/fahrzeuge\/ford-focus-active-xahkkameranavisync4twaiacchu\/\">\n                        <h2 class=\"vehicle-title\">\n                            Ford Focus Active X+AHK+KAMERA+NAVI+SYNC4+TWA+iACC+HU                        <\/h2>\n\n                    <\/a>\n                <\/hgroup>\n                <span class=\"vehicle-addition\">\n                    <p>\n                        Limousine ,\n                        Gebrauchtfahrzeug                    <\/p>\n                <\/span>\n                <div class=\"vehicle-row\">\n                    <div class=\"vehicle-thumbnail\">\n                        <a href=\"https:\/\/ford-sachsen.de\/html\/page\/fahrzeuge\/ford-focus-active-xahkkameranavisync4twaiacchu\/\" title=\"Ford Focus Active X+AHK+KAMERA+NAVI+SYNC4+TWA+iACC+HU\">\n                            <img loading=\"lazy\" decoding=\"async\" width=\"300\" height=\"225\" src=\"https:\/\/ford-sachsen.de\/html\/page\/wp-content\/uploads\/2026\/09\/4811191-6a97337b5e3f01a2e1fcc-cf72-4d73-8719-44958ad2ebcf-rule-mo-1600-300x225.jpg\" class=\"attachment-medium size-medium wp-post-image\" alt=\"\" srcset=\"https:\/\/ford-sachsen.de\/html\/page\/wp-content\/uploads\/2026\/09\/4811191-6a97337b5e3f01a2e1fcc-cf72-4d73-8719-44958ad2ebcf-rule-mo-1600-300x225.jpg 300w, https:\/\/ford-sachsen.de\/html\/page\/wp-content\/uploads\/2026\/09\/4811191-6a97337b5e3f01a2e1fcc-cf72-4d73-8719-44958ad2ebcf-rule-mo-1600.jpg 640w\" sizes=\"(max-width: 300px) 100vw, 300px\" \/>                        <\/a>\n                    <\/div>\n                    <div class=\"vehicle-data\">\n                                                    <small>\n                                                                03.2023                                \u00b7\n                            <\/small>\n                                                                            <small>\n                                26.337 km\n                            <\/small>\n                                                                            <small>\n                                \u00b7\n                                85 kW\n                                                                (\n                                116 PS)\n                            <\/small>\n                                                                            <small>\n                                \u00b7\n                                Automatik                            <\/small>\n                                                                            <small>\n                                \u00b7\n                                Unfallfrei                            <\/small>\n                        \n                                                    <small>\n                                \u00b7\n                                Diesel                            <\/small>\n                                                                                                                            <small>\n                                \u00b7\n                                4\/5 T\u00fcren\n                            <\/small>\n                                                <ul class=\"vehicle-emission\">\n                                                 <span>Verbrauch komb.: \n                                    5.1                                 l\/100km<\/span><br>\n                                                                                \n                                       \n  <!-- CO2-Emissionen\t-->\n                                            <span>CO\u2082-Emissionen komb.: 134.0                                 g\/km<\/span><br>\n                                        <!-- CO2-Emissionen\t-->\n                   \n \n                         <span>CO\u2082-Klasse: \n                                    D                                <\/span><br>\n                    \n\n\n                <\/ul>\n\n                    <\/div>\n\n                    <div class=\"vehicle-price\">\n                                                    <div itemprop=\"priceSpecification\" itemscope itemtype=\"http:\/\/schema.org\/UnitPriceSpecification\">\n                                <meta itemprop=\"priceCurrency\" content=\"EUR\">\n                                <meta itemprop=\"price\" content=\"22.695\">\n                                <strong>\n                                    22.695 \u20ac (Brutto)\n                                <\/strong><br><small>\n                                    Inkl. 19% MwSt.                                <\/small>\n                            <\/div>\n                                                <br>\n                        <a href=\"https:\/\/ford-sachsen.de\/html\/page\/fahrzeuge\/ford-focus-active-xahkkameranavisync4twaiacchu\/\"\n                            class=\"vehicle-btn wp-block-button__link wp-element-button\">Details<\/a>\n                    <\/div>\n                <\/div> <!-- \/\/ vehicle-row -->\n               \n            <\/article>\n                        <article id=\"post-4811175\" class=\"vehicle\">\n                <hgroup>\n                    <a href=\"https:\/\/ford-sachsen.de\/html\/page\/fahrzeuge\/mitsubishi-space-star-select-dab-notbremsass-tel-vorb-be\/\">\n                        <h2 class=\"vehicle-title\">\n                            Mitsubishi Space Star Select DAB Notbremsass. Tel.-Vorb. Be                        <\/h2>\n\n                    <\/a>\n                <\/hgroup>\n                <span class=\"vehicle-addition\">\n                    <p>\n                        Limousine ,\n                        Gebrauchtfahrzeug                    <\/p>\n                <\/span>\n                <div class=\"vehicle-row\">\n                    <div class=\"vehicle-thumbnail\">\n                        <a href=\"https:\/\/ford-sachsen.de\/html\/page\/fahrzeuge\/mitsubishi-space-star-select-dab-notbremsass-tel-vorb-be\/\" title=\"Mitsubishi Space Star Select DAB Notbremsass. Tel.-Vorb. Be\">\n                            <img loading=\"lazy\" decoding=\"async\" width=\"300\" height=\"225\" src=\"https:\/\/ford-sachsen.de\/html\/page\/wp-content\/uploads\/2026\/09\/4811175-6a97325b58fcb0c7f3e7b-3090-4120-8b7b-b0c7f0506ee1-rule-mo-1600-300x225.jpg\" class=\"attachment-medium size-medium wp-post-image\" alt=\"\" srcset=\"https:\/\/ford-sachsen.de\/html\/page\/wp-content\/uploads\/2026\/09\/4811175-6a97325b58fcb0c7f3e7b-3090-4120-8b7b-b0c7f0506ee1-rule-mo-1600-300x225.jpg 300w, https:\/\/ford-sachsen.de\/html\/page\/wp-content\/uploads\/2026\/09\/4811175-6a97325b58fcb0c7f3e7b-3090-4120-8b7b-b0c7f0506ee1-rule-mo-1600-1024x768.jpg 1024w, https:\/\/ford-sachsen.de\/html\/page\/wp-content\/uploads\/2026\/09\/4811175-6a97325b58fcb0c7f3e7b-3090-4120-8b7b-b0c7f0506ee1-rule-mo-1600-768x576.jpg 768w, https:\/\/ford-sachsen.de\/html\/page\/wp-content\/uploads\/2026\/09\/4811175-6a97325b58fcb0c7f3e7b-3090-4120-8b7b-b0c7f0506ee1-rule-mo-1600.jpg 1440w\" sizes=\"(max-width: 300px) 100vw, 300px\" \/>                        <\/a>\n                    <\/div>\n                    <div class=\"vehicle-data\">\n                                                    <small>\n                                                                10.2023                                \u00b7\n                            <\/small>\n                                                                            <small>\n                                15.000 km\n                            <\/small>\n                                                                            <small>\n                                \u00b7\n                                52 kW\n                                                                (\n                                71 PS)\n                            <\/small>\n                                                                            <small>\n                                \u00b7\n                                Schaltgetriebe                            <\/small>\n                                                                            <small>\n                                \u00b7\n                                Unfallfrei                            <\/small>\n                        \n                                                    <small>\n                                \u00b7\n                                Benzin                            <\/small>\n                                                                                                                            <small>\n                                \u00b7\n                                4\/5 T\u00fcren\n                            <\/small>\n                                                <ul class=\"vehicle-emission\">\n                                                 <span>Verbrauch komb.: \n                                    5.0                                 l\/100km<\/span><br>\n                                                                                \n                                       \n  <!-- CO2-Emissionen\t-->\n                                            <span>CO\u2082-Emissionen komb.: 113.0                                 g\/km<\/span><br>\n                                        <!-- CO2-Emissionen\t-->\n                   \n \n                         <span>CO\u2082-Klasse: \n                                    C                                <\/span><br>\n                    \n\n\n                <\/ul>\n\n                    <\/div>\n\n                    <div class=\"vehicle-price\">\n                                                    <div itemprop=\"priceSpecification\" itemscope itemtype=\"http:\/\/schema.org\/UnitPriceSpecification\">\n                                <meta itemprop=\"priceCurrency\" content=\"EUR\">\n                                <meta itemprop=\"price\" content=\"12.250\">\n                                <strong>\n                                    12.250 \u20ac (Brutto)\n                                <\/strong><br><small>\n                                    Inkl. 19% MwSt.                                <\/small>\n                            <\/div>\n                                                <br>\n                        <a href=\"https:\/\/ford-sachsen.de\/html\/page\/fahrzeuge\/mitsubishi-space-star-select-dab-notbremsass-tel-vorb-be\/\"\n                            class=\"vehicle-btn wp-block-button__link wp-element-button\">Details<\/a>\n                    <\/div>\n                <\/div> <!-- \/\/ vehicle-row -->\n               \n            <\/article>\n                        <article id=\"post-4811173\" class=\"vehicle\">\n                <hgroup>\n                    <a href=\"https:\/\/ford-sachsen.de\/html\/page\/fahrzeuge\/ford-puma-titanium-winterraeder-geschenkt-shz-lkh\/\">\n                        <h2 class=\"vehicle-title\">\n                            Ford Puma Titanium Winterr\u00e4der Geschenkt!!! SHZ, LKH,                        <\/h2>\n\n                    <\/a>\n                <\/hgroup>\n                <span class=\"vehicle-addition\">\n                    <p>\n                        SUV\/Gel\u00e4ndewagen\/Pickup ,\n                        Gebrauchtfahrzeug                    <\/p>\n                <\/span>\n                <div class=\"vehicle-row\">\n                    <div class=\"vehicle-thumbnail\">\n                        <a href=\"https:\/\/ford-sachsen.de\/html\/page\/fahrzeuge\/ford-puma-titanium-winterraeder-geschenkt-shz-lkh\/\" title=\"Ford Puma Titanium Winterr\u00e4der Geschenkt!!! SHZ, LKH,\">\n                            <img loading=\"lazy\" decoding=\"async\" width=\"300\" height=\"225\" src=\"https:\/\/ford-sachsen.de\/html\/page\/wp-content\/uploads\/2026\/09\/4811173-6a9732594036267dd25e8-f9da-4eec-bb0a-187ee9b7e5c8-rule-mo-1600-300x225.jpg\" class=\"attachment-medium size-medium wp-post-image\" alt=\"\" srcset=\"https:\/\/ford-sachsen.de\/html\/page\/wp-content\/uploads\/2026\/09\/4811173-6a9732594036267dd25e8-f9da-4eec-bb0a-187ee9b7e5c8-rule-mo-1600-300x225.jpg 300w, https:\/\/ford-sachsen.de\/html\/page\/wp-content\/uploads\/2026\/09\/4811173-6a9732594036267dd25e8-f9da-4eec-bb0a-187ee9b7e5c8-rule-mo-1600-1024x768.jpg 1024w, https:\/\/ford-sachsen.de\/html\/page\/wp-content\/uploads\/2026\/09\/4811173-6a9732594036267dd25e8-f9da-4eec-bb0a-187ee9b7e5c8-rule-mo-1600-768x576.jpg 768w, https:\/\/ford-sachsen.de\/html\/page\/wp-content\/uploads\/2026\/09\/4811173-6a9732594036267dd25e8-f9da-4eec-bb0a-187ee9b7e5c8-rule-mo-1600.jpg 1440w\" sizes=\"(max-width: 300px) 100vw, 300px\" \/>                        <\/a>\n                    <\/div>\n                    <div class=\"vehicle-data\">\n                                                    <small>\n                                                                07.2021                                \u00b7\n                            <\/small>\n                                                                            <small>\n                                8.690 km\n                            <\/small>\n                                                                            <small>\n                                \u00b7\n                                92 kW\n                                                                (\n                                125 PS)\n                            <\/small>\n                                                                            <small>\n                                \u00b7\n                                Automatik                            <\/small>\n                                                                            <small>\n                                \u00b7\n                                Unfallfrei                            <\/small>\n                        \n                                                    <small>\n                                \u00b7\n                                Benzin                            <\/small>\n                                                                                                                            <small>\n                                \u00b7\n                                4\/5 T\u00fcren\n                            <\/small>\n                                                <ul class=\"vehicle-emission\">\n                                                 <span>Verbrauch komb.: \n                                    6.1                                 l\/100km<\/span><br>\n                                                                                \n                                       \n  <!-- CO2-Emissionen\t-->\n                                            <span>CO\u2082-Emissionen komb.: 138.0                                 g\/km<\/span><br>\n                                        <!-- CO2-Emissionen\t-->\n                   \n \n                         <span>CO\u2082-Klasse: \n                                    E                                <\/span><br>\n                    \n\n\n                <\/ul>\n\n                    <\/div>\n\n                    <div class=\"vehicle-price\">\n                                                    <div itemprop=\"priceSpecification\" itemscope itemtype=\"http:\/\/schema.org\/UnitPriceSpecification\">\n                                <meta itemprop=\"priceCurrency\" content=\"EUR\">\n                                <meta itemprop=\"price\" content=\"17.490\">\n                                <strong>\n                                    17.490 \u20ac (Brutto)\n                                <\/strong><br><small>\n                                    MwSt. nicht ausweisbar                                <\/small>\n                            <\/div>\n                                                <br>\n                        <a href=\"https:\/\/ford-sachsen.de\/html\/page\/fahrzeuge\/ford-puma-titanium-winterraeder-geschenkt-shz-lkh\/\"\n                            class=\"vehicle-btn wp-block-button__link wp-element-button\">Details<\/a>\n                    <\/div>\n                <\/div> <!-- \/\/ vehicle-row -->\n               \n            <\/article>\n                        <article id=\"post-4811171\" class=\"vehicle\">\n                <hgroup>\n                    <a href=\"https:\/\/ford-sachsen.de\/html\/page\/fahrzeuge\/ford-focus-turnier-titanium-x-rueckfahrk-winterpaket\/\">\n                        <h2 class=\"vehicle-title\">\n                            Ford Focus Turnier Titanium X R\u00fcckfahrk. Winterpaket                        <\/h2>\n\n                    <\/a>\n                <\/hgroup>\n                <span class=\"vehicle-addition\">\n                    <p>\n                        Kombi ,\n                        Gebrauchtfahrzeug                    <\/p>\n                <\/span>\n                <div class=\"vehicle-row\">\n                    <div class=\"vehicle-thumbnail\">\n                        <a href=\"https:\/\/ford-sachsen.de\/html\/page\/fahrzeuge\/ford-focus-turnier-titanium-x-rueckfahrk-winterpaket\/\" title=\"Ford Focus Turnier Titanium X R\u00fcckfahrk. Winterpaket\">\n                            <img loading=\"lazy\" decoding=\"async\" width=\"300\" height=\"225\" src=\"https:\/\/ford-sachsen.de\/html\/page\/wp-content\/uploads\/2026\/09\/4811171-6a97325710deb21790dd0-3810-41ae-9e5d-4acf19b18f2e-rule-mo-1600-300x225.jpg\" class=\"attachment-medium size-medium wp-post-image\" alt=\"\" srcset=\"https:\/\/ford-sachsen.de\/html\/page\/wp-content\/uploads\/2026\/09\/4811171-6a97325710deb21790dd0-3810-41ae-9e5d-4acf19b18f2e-rule-mo-1600-300x225.jpg 300w, https:\/\/ford-sachsen.de\/html\/page\/wp-content\/uploads\/2026\/09\/4811171-6a97325710deb21790dd0-3810-41ae-9e5d-4acf19b18f2e-rule-mo-1600-1024x768.jpg 1024w, https:\/\/ford-sachsen.de\/html\/page\/wp-content\/uploads\/2026\/09\/4811171-6a97325710deb21790dd0-3810-41ae-9e5d-4acf19b18f2e-rule-mo-1600-768x576.jpg 768w, https:\/\/ford-sachsen.de\/html\/page\/wp-content\/uploads\/2026\/09\/4811171-6a97325710deb21790dd0-3810-41ae-9e5d-4acf19b18f2e-rule-mo-1600.jpg 1440w\" sizes=\"(max-width: 300px) 100vw, 300px\" \/>                        <\/a>\n                    <\/div>\n                    <div class=\"vehicle-data\">\n                                                    <small>\n                                                                01.2026                                \u00b7\n                            <\/small>\n                                                                            <small>\n                                10 km\n                            <\/small>\n                                                                            <small>\n                                \u00b7\n                                92 kW\n                                                                (\n                                125 PS)\n                            <\/small>\n                                                                            <small>\n                                \u00b7\n                                Schaltgetriebe                            <\/small>\n                                                                            <small>\n                                \u00b7\n                                Unfallfrei                            <\/small>\n                        \n                                                    <small>\n                                \u00b7\n                                Benzin                            <\/small>\n                                                                                                                            <small>\n                                \u00b7\n                                4\/5 T\u00fcren\n                            <\/small>\n                                                <ul class=\"vehicle-emission\">\n                                                 <span>Verbrauch komb.: \n                                    5.3                                 l\/100km<\/span><br>\n                                                                                \n                                       \n  <!-- CO2-Emissionen\t-->\n                                            <span>CO\u2082-Emissionen komb.: 120.0                                 g\/km<\/span><br>\n                                        <!-- CO2-Emissionen\t-->\n                   \n \n                         <span>CO\u2082-Klasse: \n                                    D                                <\/span><br>\n                    \n\n\n                <\/ul>\n\n                    <\/div>\n\n                    <div class=\"vehicle-price\">\n                                                    <div itemprop=\"priceSpecification\" itemscope itemtype=\"http:\/\/schema.org\/UnitPriceSpecification\">\n                                <meta itemprop=\"priceCurrency\" content=\"EUR\">\n                                <meta itemprop=\"price\" content=\"25.790\">\n                                <strong>\n                                    25.790 \u20ac (Brutto)\n                                <\/strong><br><small>\n                                    Inkl. 19% MwSt.                                <\/small>\n                            <\/div>\n                                                <br>\n                        <a href=\"https:\/\/ford-sachsen.de\/html\/page\/fahrzeuge\/ford-focus-turnier-titanium-x-rueckfahrk-winterpaket\/\"\n                            class=\"vehicle-btn wp-block-button__link wp-element-button\">Details<\/a>\n                    <\/div>\n                <\/div> <!-- \/\/ vehicle-row -->\n               \n            <\/article>\n                        <article id=\"post-4811169\" class=\"vehicle\">\n                <hgroup>\n                    <a href=\"https:\/\/ford-sachsen.de\/html\/page\/fahrzeuge\/ford-puma-st-line-x-automatik-led-el-panodach-beheiz\/\">\n                        <h2 class=\"vehicle-title\">\n                            Ford Puma ST-Line X Automatik LED El. Panodach Beheiz                        <\/h2>\n\n                    <\/a>\n                <\/hgroup>\n                <span class=\"vehicle-addition\">\n                    <p>\n                        SUV\/Gel\u00e4ndewagen\/Pickup ,\n                        Gebrauchtfahrzeug                    <\/p>\n                <\/span>\n                <div class=\"vehicle-row\">\n                    <div class=\"vehicle-thumbnail\">\n                        <a href=\"https:\/\/ford-sachsen.de\/html\/page\/fahrzeuge\/ford-puma-st-line-x-automatik-led-el-panodach-beheiz\/\" title=\"Ford Puma ST-Line X Automatik LED El. Panodach Beheiz\">\n                            <img loading=\"lazy\" decoding=\"async\" width=\"300\" height=\"225\" src=\"https:\/\/ford-sachsen.de\/html\/page\/wp-content\/uploads\/2026\/09\/4811169-6a973255078d805c8a502-eb2a-46e3-8e7b-f63cccafdf72-rule-mo-1600-300x225.jpg\" class=\"attachment-medium size-medium wp-post-image\" alt=\"\" srcset=\"https:\/\/ford-sachsen.de\/html\/page\/wp-content\/uploads\/2026\/09\/4811169-6a973255078d805c8a502-eb2a-46e3-8e7b-f63cccafdf72-rule-mo-1600-300x225.jpg 300w, https:\/\/ford-sachsen.de\/html\/page\/wp-content\/uploads\/2026\/09\/4811169-6a973255078d805c8a502-eb2a-46e3-8e7b-f63cccafdf72-rule-mo-1600-1024x768.jpg 1024w, https:\/\/ford-sachsen.de\/html\/page\/wp-content\/uploads\/2026\/09\/4811169-6a973255078d805c8a502-eb2a-46e3-8e7b-f63cccafdf72-rule-mo-1600-768x576.jpg 768w, https:\/\/ford-sachsen.de\/html\/page\/wp-content\/uploads\/2026\/09\/4811169-6a973255078d805c8a502-eb2a-46e3-8e7b-f63cccafdf72-rule-mo-1600.jpg 1440w\" sizes=\"(max-width: 300px) 100vw, 300px\" \/>                        <\/a>\n                    <\/div>\n                    <div class=\"vehicle-data\">\n                                                    <small>\n                                                                07.2022                                \u00b7\n                            <\/small>\n                                                                            <small>\n                                30.842 km\n                            <\/small>\n                                                                            <small>\n                                \u00b7\n                                114 kW\n                                                                (\n                                155 PS)\n                            <\/small>\n                                                                            <small>\n                                \u00b7\n                                Automatik                            <\/small>\n                                                                            <small>\n                                \u00b7\n                                Unfallfrei                            <\/small>\n                        \n                                                    <small>\n                                \u00b7\n                                Benzin                            <\/small>\n                                                                                                                            <small>\n                                \u00b7\n                                4\/5 T\u00fcren\n                            <\/small>\n                                                <ul class=\"vehicle-emission\">\n                                                 <span>Verbrauch komb.: \n                                    6.4                                 l\/100km<\/span><br>\n                                                                                \n                                       \n  <!-- CO2-Emissionen\t-->\n                                            <span>CO\u2082-Emissionen komb.: 145.0                                 g\/km<\/span><br>\n                                        <!-- CO2-Emissionen\t-->\n                   \n \n                         <span>CO\u2082-Klasse: \n                                    E                                <\/span><br>\n                    \n\n\n                <\/ul>\n\n                    <\/div>\n\n                    <div class=\"vehicle-price\">\n                                                    <div itemprop=\"priceSpecification\" itemscope itemtype=\"http:\/\/schema.org\/UnitPriceSpecification\">\n                                <meta itemprop=\"priceCurrency\" content=\"EUR\">\n                                <meta itemprop=\"price\" content=\"20.490\">\n                                <strong>\n                                    20.490 \u20ac (Brutto)\n                                <\/strong><br><small>\n                                    Inkl. 19% MwSt.                                <\/small>\n                            <\/div>\n                                                <br>\n                        <a href=\"https:\/\/ford-sachsen.de\/html\/page\/fahrzeuge\/ford-puma-st-line-x-automatik-led-el-panodach-beheiz\/\"\n                            class=\"vehicle-btn wp-block-button__link wp-element-button\">Details<\/a>\n                    <\/div>\n                <\/div> <!-- \/\/ vehicle-row -->\n               \n            <\/article>\n                        <article id=\"post-4811167\" class=\"vehicle\">\n                <hgroup>\n                    <a href=\"https:\/\/ford-sachsen.de\/html\/page\/fahrzeuge\/ford-puma-titanium-navi-led-klima-winterpaket-digital\/\">\n                        <h2 class=\"vehicle-title\">\n                            Ford Puma Titanium Navi LED Klima Winterpaket digital                        <\/h2>\n\n                    <\/a>\n                <\/hgroup>\n                <span class=\"vehicle-addition\">\n                    <p>\n                        SUV\/Gel\u00e4ndewagen\/Pickup ,\n                        Gebrauchtfahrzeug                    <\/p>\n                <\/span>\n                <div class=\"vehicle-row\">\n                    <div class=\"vehicle-thumbnail\">\n                        <a href=\"https:\/\/ford-sachsen.de\/html\/page\/fahrzeuge\/ford-puma-titanium-navi-led-klima-winterpaket-digital\/\" title=\"Ford Puma Titanium Navi LED Klima Winterpaket digital\">\n                            <img loading=\"lazy\" decoding=\"async\" width=\"300\" height=\"225\" src=\"https:\/\/ford-sachsen.de\/html\/page\/wp-content\/uploads\/2026\/09\/4811167-6a973252e07ae1c2dbf56-be57-49ff-9348-b2dd2ebb039d-rule-mo-1600-300x225.jpg\" class=\"attachment-medium size-medium wp-post-image\" alt=\"\" srcset=\"https:\/\/ford-sachsen.de\/html\/page\/wp-content\/uploads\/2026\/09\/4811167-6a973252e07ae1c2dbf56-be57-49ff-9348-b2dd2ebb039d-rule-mo-1600-300x225.jpg 300w, https:\/\/ford-sachsen.de\/html\/page\/wp-content\/uploads\/2026\/09\/4811167-6a973252e07ae1c2dbf56-be57-49ff-9348-b2dd2ebb039d-rule-mo-1600-1024x768.jpg 1024w, https:\/\/ford-sachsen.de\/html\/page\/wp-content\/uploads\/2026\/09\/4811167-6a973252e07ae1c2dbf56-be57-49ff-9348-b2dd2ebb039d-rule-mo-1600-768x576.jpg 768w, https:\/\/ford-sachsen.de\/html\/page\/wp-content\/uploads\/2026\/09\/4811167-6a973252e07ae1c2dbf56-be57-49ff-9348-b2dd2ebb039d-rule-mo-1600.jpg 1440w\" sizes=\"(max-width: 300px) 100vw, 300px\" \/>                        <\/a>\n                    <\/div>\n                    <div class=\"vehicle-data\">\n                                                    <small>\n                                                                05.2025                                \u00b7\n                            <\/small>\n                                                                            <small>\n                                1.956 km\n                            <\/small>\n                                                                            <small>\n                                \u00b7\n                                92 kW\n                                                                (\n                                125 PS)\n                            <\/small>\n                                                                            <small>\n                                \u00b7\n                                Schaltgetriebe                            <\/small>\n                                                                            <small>\n                                \u00b7\n                                Unfallfrei                            <\/small>\n                        \n                                                    <small>\n                                \u00b7\n                                Benzin                            <\/small>\n                                                                                                                            <small>\n                                \u00b7\n                                4\/5 T\u00fcren\n                            <\/small>\n                                                <ul class=\"vehicle-emission\">\n                                                 <span>Verbrauch komb.: \n                                    5.4                                 l\/100km<\/span><br>\n                                                                                \n                                       \n  <!-- CO2-Emissionen\t-->\n                                            <span>CO\u2082-Emissionen komb.: 121.0                                 g\/km<\/span><br>\n                                        <!-- CO2-Emissionen\t-->\n                   \n \n                         <span>CO\u2082-Klasse: \n                                    D                                <\/span><br>\n                    \n\n\n                <\/ul>\n\n                    <\/div>\n\n                    <div class=\"vehicle-price\">\n                                                    <div itemprop=\"priceSpecification\" itemscope itemtype=\"http:\/\/schema.org\/UnitPriceSpecification\">\n                                <meta itemprop=\"priceCurrency\" content=\"EUR\">\n                                <meta itemprop=\"price\" content=\"21.495\">\n                                <strong>\n                                    21.495 \u20ac (Brutto)\n                                <\/strong><br><small>\n                                    Inkl. 19% MwSt.                                <\/small>\n                            <\/div>\n                                                <br>\n                        <a href=\"https:\/\/ford-sachsen.de\/html\/page\/fahrzeuge\/ford-puma-titanium-navi-led-klima-winterpaket-digital\/\"\n                            class=\"vehicle-btn wp-block-button__link wp-element-button\">Details<\/a>\n                    <\/div>\n                <\/div> <!-- \/\/ vehicle-row -->\n               \n            <\/article>\n                        <article id=\"post-4811165\" class=\"vehicle\">\n                <hgroup>\n                    <a href=\"https:\/\/ford-sachsen.de\/html\/page\/fahrzeuge\/ford-puma-st-line-lenkradhzgledlordosestuetzewinter\/\">\n                        <h2 class=\"vehicle-title\">\n                            Ford Puma ST-Line LenkradHZG+LED+Lordosest\u00fctze+Winter                        <\/h2>\n\n                    <\/a>\n                <\/hgroup>\n                <span class=\"vehicle-addition\">\n                    <p>\n                        SUV\/Gel\u00e4ndewagen\/Pickup ,\n                        Gebrauchtfahrzeug                    <\/p>\n                <\/span>\n                <div class=\"vehicle-row\">\n                    <div class=\"vehicle-thumbnail\">\n                        <a href=\"https:\/\/ford-sachsen.de\/html\/page\/fahrzeuge\/ford-puma-st-line-lenkradhzgledlordosestuetzewinter\/\" title=\"Ford Puma ST-Line LenkradHZG+LED+Lordosest\u00fctze+Winter\">\n                            <img loading=\"lazy\" decoding=\"async\" width=\"300\" height=\"225\" src=\"https:\/\/ford-sachsen.de\/html\/page\/wp-content\/uploads\/2026\/09\/4811165-6a973250d616292ea07fe-bf2e-4bd7-8470-944bb95cc39b-rule-mo-1600-300x225.jpg\" class=\"attachment-medium size-medium wp-post-image\" alt=\"\" srcset=\"https:\/\/ford-sachsen.de\/html\/page\/wp-content\/uploads\/2026\/09\/4811165-6a973250d616292ea07fe-bf2e-4bd7-8470-944bb95cc39b-rule-mo-1600-300x225.jpg 300w, https:\/\/ford-sachsen.de\/html\/page\/wp-content\/uploads\/2026\/09\/4811165-6a973250d616292ea07fe-bf2e-4bd7-8470-944bb95cc39b-rule-mo-1600-1024x768.jpg 1024w, https:\/\/ford-sachsen.de\/html\/page\/wp-content\/uploads\/2026\/09\/4811165-6a973250d616292ea07fe-bf2e-4bd7-8470-944bb95cc39b-rule-mo-1600-768x576.jpg 768w, https:\/\/ford-sachsen.de\/html\/page\/wp-content\/uploads\/2026\/09\/4811165-6a973250d616292ea07fe-bf2e-4bd7-8470-944bb95cc39b-rule-mo-1600.jpg 1440w\" sizes=\"(max-width: 300px) 100vw, 300px\" \/>                        <\/a>\n                    <\/div>\n                    <div class=\"vehicle-data\">\n                                                    <small>\n                                                                03.2025                                \u00b7\n                            <\/small>\n                                                                            <small>\n                                3.077 km\n                            <\/small>\n                                                                            <small>\n                                \u00b7\n                                92 kW\n                                                                (\n                                125 PS)\n                            <\/small>\n                                                                            <small>\n                                \u00b7\n                                Schaltgetriebe                            <\/small>\n                                                                            <small>\n                                \u00b7\n                                Unfallfrei                            <\/small>\n                        \n                                                    <small>\n                                \u00b7\n                                Benzin                            <\/small>\n                                                                                                                            <small>\n                                \u00b7\n                                4\/5 T\u00fcren\n                            <\/small>\n                                                <ul class=\"vehicle-emission\">\n                                                 <span>Verbrauch komb.: \n                                    5.5                                 l\/100km<\/span><br>\n                                                                                \n                                       \n  <!-- CO2-Emissionen\t-->\n                                            <span>CO\u2082-Emissionen komb.: 124.0                                 g\/km<\/span><br>\n                                        <!-- CO2-Emissionen\t-->\n                   \n \n                         <span>CO\u2082-Klasse: \n                                    D                                <\/span><br>\n                    \n\n\n                <\/ul>\n\n                    <\/div>\n\n                    <div class=\"vehicle-price\">\n                                                    <div itemprop=\"priceSpecification\" itemscope itemtype=\"http:\/\/schema.org\/UnitPriceSpecification\">\n                                <meta itemprop=\"priceCurrency\" content=\"EUR\">\n                                <meta itemprop=\"price\" content=\"21.950\">\n                                <strong>\n                                    21.950 \u20ac (Brutto)\n                                <\/strong><br><small>\n                                    Inkl. 19% MwSt.                                <\/small>\n                            <\/div>\n                                                <br>\n                        <a href=\"https:\/\/ford-sachsen.de\/html\/page\/fahrzeuge\/ford-puma-st-line-lenkradhzgledlordosestuetzewinter\/\"\n                            class=\"vehicle-btn wp-block-button__link wp-element-button\">Details<\/a>\n                    <\/div>\n                <\/div> <!-- \/\/ vehicle-row -->\n               \n            <\/article>\n                        <article id=\"post-4811163\" class=\"vehicle\">\n                <hgroup>\n                    <a href=\"https:\/\/ford-sachsen.de\/html\/page\/fahrzeuge\/ford-transit-custom-kasten-280l1-basis-beif-airb-zv\/\">\n                        <h2 class=\"vehicle-title\">\n                            Ford Transit Custom Kasten 280L1 Basis Beif.-Airb.+ZV                        <\/h2>\n\n                    <\/a>\n                <\/hgroup>\n                <span class=\"vehicle-addition\">\n                    <p>\n                        Andere ,\n                        Gebrauchtfahrzeug                    <\/p>\n                <\/span>\n                <div class=\"vehicle-row\">\n                    <div class=\"vehicle-thumbnail\">\n                        <a href=\"https:\/\/ford-sachsen.de\/html\/page\/fahrzeuge\/ford-transit-custom-kasten-280l1-basis-beif-airb-zv\/\" title=\"Ford Transit Custom Kasten 280L1 Basis Beif.-Airb.+ZV\">\n                            <img loading=\"lazy\" decoding=\"async\" width=\"300\" height=\"225\" src=\"https:\/\/ford-sachsen.de\/html\/page\/wp-content\/uploads\/2026\/09\/4811163-6a97324ec074b2a5fa927-2d0d-498e-adb3-9f31375809ef-rule-mo-1600-300x225.jpg\" class=\"attachment-medium size-medium wp-post-image\" alt=\"\" srcset=\"https:\/\/ford-sachsen.de\/html\/page\/wp-content\/uploads\/2026\/09\/4811163-6a97324ec074b2a5fa927-2d0d-498e-adb3-9f31375809ef-rule-mo-1600-300x225.jpg 300w, https:\/\/ford-sachsen.de\/html\/page\/wp-content\/uploads\/2026\/09\/4811163-6a97324ec074b2a5fa927-2d0d-498e-adb3-9f31375809ef-rule-mo-1600-1024x768.jpg 1024w, https:\/\/ford-sachsen.de\/html\/page\/wp-content\/uploads\/2026\/09\/4811163-6a97324ec074b2a5fa927-2d0d-498e-adb3-9f31375809ef-rule-mo-1600-768x576.jpg 768w, https:\/\/ford-sachsen.de\/html\/page\/wp-content\/uploads\/2026\/09\/4811163-6a97324ec074b2a5fa927-2d0d-498e-adb3-9f31375809ef-rule-mo-1600.jpg 1440w\" sizes=\"(max-width: 300px) 100vw, 300px\" \/>                        <\/a>\n                    <\/div>\n                    <div class=\"vehicle-data\">\n                                                    <small>\n                                                                08.2025                                \u00b7\n                            <\/small>\n                                                                            <small>\n                                10 km\n                            <\/small>\n                                                                            <small>\n                                \u00b7\n                                81 kW\n                                                                (\n                                110 PS)\n                            <\/small>\n                                                                            <small>\n                                \u00b7\n                                Schaltgetriebe                            <\/small>\n                                                                            <small>\n                                \u00b7\n                                Unfallfrei                            <\/small>\n                        \n                                                    <small>\n                                \u00b7\n                                Diesel                            <\/small>\n                                                                                                                            <small>\n                                \u00b7\n                                4\/5 T\u00fcren\n                            <\/small>\n                                                <ul class=\"vehicle-emission\">\n                                                 <span>Verbrauch komb.: \n                                    7.1                                 l\/100km<\/span><br>\n                                                                                \n                                       \n  <!-- CO2-Emissionen\t-->\n                                            <span>CO\u2082-Emissionen komb.: 185.0                                 g\/km<\/span><br>\n                                        <!-- CO2-Emissionen\t-->\n                   \n \n                         <span>CO\u2082-Klasse: \n                                    G                                <\/span><br>\n                    \n\n\n                <\/ul>\n\n                    <\/div>\n\n                    <div class=\"vehicle-price\">\n                                                    <div itemprop=\"priceSpecification\" itemscope itemtype=\"http:\/\/schema.org\/UnitPriceSpecification\">\n                                <meta itemprop=\"priceCurrency\" content=\"EUR\">\n                                <meta itemprop=\"price\" content=\"29.979\">\n                                <strong>\n                                    29.979 \u20ac (Brutto)\n                                <\/strong><br><small>\n                                    Inkl. 19% MwSt.                                <\/small>\n                            <\/div>\n                                                <br>\n                        <a href=\"https:\/\/ford-sachsen.de\/html\/page\/fahrzeuge\/ford-transit-custom-kasten-280l1-basis-beif-airb-zv\/\"\n                            class=\"vehicle-btn wp-block-button__link wp-element-button\">Details<\/a>\n                    <\/div>\n                <\/div> <!-- \/\/ vehicle-row -->\n               \n            <\/article>\n                        <article id=\"post-4811161\" class=\"vehicle\">\n                <hgroup>\n                    <a href=\"https:\/\/ford-sachsen.de\/html\/page\/fahrzeuge\/ford-transit-trail-350l2-kawa-schutzg-hecksch-inkl-k\/\">\n                        <h2 class=\"vehicle-title\">\n                            Ford Transit Trail 350L2 KaWa Schutzg.Hecksch.inkl. K                        <\/h2>\n\n                    <\/a>\n                <\/hgroup>\n                <span class=\"vehicle-addition\">\n                    <p>\n                        Andere ,\n                        Gebrauchtfahrzeug                    <\/p>\n                <\/span>\n                <div class=\"vehicle-row\">\n                    <div class=\"vehicle-thumbnail\">\n                        <a href=\"https:\/\/ford-sachsen.de\/html\/page\/fahrzeuge\/ford-transit-trail-350l2-kawa-schutzg-hecksch-inkl-k\/\" title=\"Ford Transit Trail 350L2 KaWa Schutzg.Hecksch.inkl. K\">\n                            <img loading=\"lazy\" decoding=\"async\" width=\"300\" height=\"225\" src=\"https:\/\/ford-sachsen.de\/html\/page\/wp-content\/uploads\/2026\/09\/4811161-6a97324ca0f74a84c8244-29ec-4720-86bd-1b853fffb5cc-rule-mo-1600-300x225.jpg\" class=\"attachment-medium size-medium wp-post-image\" alt=\"\" srcset=\"https:\/\/ford-sachsen.de\/html\/page\/wp-content\/uploads\/2026\/09\/4811161-6a97324ca0f74a84c8244-29ec-4720-86bd-1b853fffb5cc-rule-mo-1600-300x225.jpg 300w, https:\/\/ford-sachsen.de\/html\/page\/wp-content\/uploads\/2026\/09\/4811161-6a97324ca0f74a84c8244-29ec-4720-86bd-1b853fffb5cc-rule-mo-1600-1024x768.jpg 1024w, https:\/\/ford-sachsen.de\/html\/page\/wp-content\/uploads\/2026\/09\/4811161-6a97324ca0f74a84c8244-29ec-4720-86bd-1b853fffb5cc-rule-mo-1600-768x576.jpg 768w, https:\/\/ford-sachsen.de\/html\/page\/wp-content\/uploads\/2026\/09\/4811161-6a97324ca0f74a84c8244-29ec-4720-86bd-1b853fffb5cc-rule-mo-1600.jpg 1440w\" sizes=\"(max-width: 300px) 100vw, 300px\" \/>                        <\/a>\n                    <\/div>\n                    <div class=\"vehicle-data\">\n                                                    <small>\n                                                                05.2025                                \u00b7\n                            <\/small>\n                                                                            <small>\n                                150 km\n                            <\/small>\n                                                                            <small>\n                                \u00b7\n                                125 kW\n                                                                (\n                                170 PS)\n                            <\/small>\n                                                                            <small>\n                                \u00b7\n                                Schaltgetriebe                            <\/small>\n                                                                            <small>\n                                \u00b7\n                                Unfallfrei                            <\/small>\n                        \n                                                    <small>\n                                \u00b7\n                                Diesel                            <\/small>\n                                                                                                                            <small>\n                                \u00b7\n                                4\/5 T\u00fcren\n                            <\/small>\n                                                <ul class=\"vehicle-emission\">\n                                                 <span>Verbrauch komb.: \n                                    8.4                                 l\/100km<\/span><br>\n                                                                                \n                                       \n  <!-- CO2-Emissionen\t-->\n                                            <span>CO\u2082-Emissionen komb.: 221.0                                 g\/km<\/span><br>\n                                        <!-- CO2-Emissionen\t-->\n                   \n \n                         <span>CO\u2082-Klasse: \n                                    G                                <\/span><br>\n                    \n\n\n                <\/ul>\n\n                    <\/div>\n\n                    <div class=\"vehicle-price\">\n                                                    <div itemprop=\"priceSpecification\" itemscope itemtype=\"http:\/\/schema.org\/UnitPriceSpecification\">\n                                <meta itemprop=\"priceCurrency\" content=\"EUR\">\n                                <meta itemprop=\"price\" content=\"38.875\">\n                                <strong>\n                                    38.875 \u20ac (Brutto)\n                                <\/strong><br><small>\n                                    Inkl. 19% MwSt.                                <\/small>\n                            <\/div>\n                                                <br>\n                        <a href=\"https:\/\/ford-sachsen.de\/html\/page\/fahrzeuge\/ford-transit-trail-350l2-kawa-schutzg-hecksch-inkl-k\/\"\n                            class=\"vehicle-btn wp-block-button__link wp-element-button\">Details<\/a>\n                    <\/div>\n                <\/div> <!-- \/\/ vehicle-row -->\n               \n            <\/article>\n                        <article id=\"post-4811159\" class=\"vehicle\">\n                <hgroup>\n                    <a href=\"https:\/\/ford-sachsen.de\/html\/page\/fahrzeuge\/ford-puma-st-line-shz-klimaautom-navi-led-start-stop\/\">\n                        <h2 class=\"vehicle-title\">\n                            Ford Puma ST-Line SHZ Klimaautom Navi LED Start-Stop-                        <\/h2>\n\n                    <\/a>\n                <\/hgroup>\n                <span class=\"vehicle-addition\">\n                    <p>\n                        SUV\/Gel\u00e4ndewagen\/Pickup ,\n                        Gebrauchtfahrzeug                    <\/p>\n                <\/span>\n                <div class=\"vehicle-row\">\n                    <div class=\"vehicle-thumbnail\">\n                        <a href=\"https:\/\/ford-sachsen.de\/html\/page\/fahrzeuge\/ford-puma-st-line-shz-klimaautom-navi-led-start-stop\/\" title=\"Ford Puma ST-Line SHZ Klimaautom Navi LED Start-Stop-\">\n                            <img loading=\"lazy\" decoding=\"async\" width=\"300\" height=\"225\" src=\"https:\/\/ford-sachsen.de\/html\/page\/wp-content\/uploads\/2026\/09\/4811159-6a97324aa0f095d536ede-abde-4456-a355-93e51fe49129-rule-mo-1600-300x225.jpg\" class=\"attachment-medium size-medium wp-post-image\" alt=\"\" srcset=\"https:\/\/ford-sachsen.de\/html\/page\/wp-content\/uploads\/2026\/09\/4811159-6a97324aa0f095d536ede-abde-4456-a355-93e51fe49129-rule-mo-1600-300x225.jpg 300w, https:\/\/ford-sachsen.de\/html\/page\/wp-content\/uploads\/2026\/09\/4811159-6a97324aa0f095d536ede-abde-4456-a355-93e51fe49129-rule-mo-1600-1024x768.jpg 1024w, https:\/\/ford-sachsen.de\/html\/page\/wp-content\/uploads\/2026\/09\/4811159-6a97324aa0f095d536ede-abde-4456-a355-93e51fe49129-rule-mo-1600-768x576.jpg 768w, https:\/\/ford-sachsen.de\/html\/page\/wp-content\/uploads\/2026\/09\/4811159-6a97324aa0f095d536ede-abde-4456-a355-93e51fe49129-rule-mo-1600.jpg 1440w\" sizes=\"(max-width: 300px) 100vw, 300px\" \/>                        <\/a>\n                    <\/div>\n                    <div class=\"vehicle-data\">\n                                                    <small>\n                                                                06.2024                                \u00b7\n                            <\/small>\n                                                                            <small>\n                                6.350 km\n                            <\/small>\n                                                                            <small>\n                                \u00b7\n                                92 kW\n                                                                (\n                                125 PS)\n                            <\/small>\n                                                                            <small>\n                                \u00b7\n                                Schaltgetriebe                            <\/small>\n                                                                            <small>\n                                \u00b7\n                                Unfallfrei                            <\/small>\n                        \n                                                    <small>\n                                \u00b7\n                                Benzin                            <\/small>\n                                                                                                                            <small>\n                                \u00b7\n                                4\/5 T\u00fcren\n                            <\/small>\n                                                <ul class=\"vehicle-emission\">\n                                                 <span>Verbrauch komb.: \n                                    5.4                                 l\/100km<\/span><br>\n                                                                                \n                                       \n  <!-- CO2-Emissionen\t-->\n                                            <span>CO\u2082-Emissionen komb.: 121.0                                 g\/km<\/span><br>\n                                        <!-- CO2-Emissionen\t-->\n                   \n \n                         <span>CO\u2082-Klasse: \n                                    D                                <\/span><br>\n                    \n\n\n                <\/ul>\n\n                    <\/div>\n\n                    <div class=\"vehicle-price\">\n                                                    <div itemprop=\"priceSpecification\" itemscope itemtype=\"http:\/\/schema.org\/UnitPriceSpecification\">\n                                <meta itemprop=\"priceCurrency\" content=\"EUR\">\n                                <meta itemprop=\"price\" content=\"19.290\">\n                                <strong>\n                                    19.290 \u20ac (Brutto)\n                                <\/strong><br><small>\n                                    Inkl. 19% MwSt.                                <\/small>\n                            <\/div>\n                                                <br>\n                        <a href=\"https:\/\/ford-sachsen.de\/html\/page\/fahrzeuge\/ford-puma-st-line-shz-klimaautom-navi-led-start-stop\/\"\n                            class=\"vehicle-btn wp-block-button__link wp-element-button\">Details<\/a>\n                    <\/div>\n                <\/div> <!-- \/\/ vehicle-row -->\n               \n            <\/article>\n                        <article id=\"post-4811157\" class=\"vehicle\">\n                <hgroup>\n                    <a href=\"https:\/\/ford-sachsen.de\/html\/page\/fahrzeuge\/ford-kuga-titanium-x-ganz-reifen-kurvenlicht-led-kli\/\">\n                        <h2 class=\"vehicle-title\">\n                            Ford Kuga Titanium X Ganz.-Reifen Kurvenlicht LED Kli                        <\/h2>\n\n                    <\/a>\n                <\/hgroup>\n                <span class=\"vehicle-addition\">\n                    <p>\n                        SUV\/Gel\u00e4ndewagen\/Pickup ,\n                        Gebrauchtfahrzeug                    <\/p>\n                <\/span>\n                <div class=\"vehicle-row\">\n                    <div class=\"vehicle-thumbnail\">\n                        <a href=\"https:\/\/ford-sachsen.de\/html\/page\/fahrzeuge\/ford-kuga-titanium-x-ganz-reifen-kurvenlicht-led-kli\/\" title=\"Ford Kuga Titanium X Ganz.-Reifen Kurvenlicht LED Kli\">\n                            <img loading=\"lazy\" decoding=\"async\" width=\"300\" height=\"225\" src=\"https:\/\/ford-sachsen.de\/html\/page\/wp-content\/uploads\/2026\/09\/4811157-6a9732488030f859e4a94-8bb8-4ade-8121-d440ec2e5da7-rule-mo-1600-300x225.jpg\" class=\"attachment-medium size-medium wp-post-image\" alt=\"\" srcset=\"https:\/\/ford-sachsen.de\/html\/page\/wp-content\/uploads\/2026\/09\/4811157-6a9732488030f859e4a94-8bb8-4ade-8121-d440ec2e5da7-rule-mo-1600-300x225.jpg 300w, https:\/\/ford-sachsen.de\/html\/page\/wp-content\/uploads\/2026\/09\/4811157-6a9732488030f859e4a94-8bb8-4ade-8121-d440ec2e5da7-rule-mo-1600-1024x768.jpg 1024w, https:\/\/ford-sachsen.de\/html\/page\/wp-content\/uploads\/2026\/09\/4811157-6a9732488030f859e4a94-8bb8-4ade-8121-d440ec2e5da7-rule-mo-1600-768x576.jpg 768w, https:\/\/ford-sachsen.de\/html\/page\/wp-content\/uploads\/2026\/09\/4811157-6a9732488030f859e4a94-8bb8-4ade-8121-d440ec2e5da7-rule-mo-1600.jpg 1440w\" sizes=\"(max-width: 300px) 100vw, 300px\" \/>                        <\/a>\n                    <\/div>\n                    <div class=\"vehicle-data\">\n                                                    <small>\n                                                                04.2024                                \u00b7\n                            <\/small>\n                                                                            <small>\n                                6.788 km\n                            <\/small>\n                                                                            <small>\n                                \u00b7\n                                165 kW\n                                                                (\n                                224 PS)\n                            <\/small>\n                                                                            <small>\n                                \u00b7\n                                Automatik                            <\/small>\n                                                                            <small>\n                                \u00b7\n                                Unfallfrei                            <\/small>\n                        \n                                                    <small>\n                                \u00b7\n                                Plug-in-Hybrid                            <\/small>\n                                                                                                                            <small>\n                                \u00b7\n                                4\/5 T\u00fcren\n                            <\/small>\n                                                <ul class=\"vehicle-emission\">\n                                                <span>Kraftstoffverbrauch gewichtet, kombiniert: \n                                    1.0                                 l\/100km<\/span><br>\n                                             <span>Verbrauch komb.: \n                                    5.5                                 l\/100km<\/span><br>\n                                                                <span>Stromverbrauch gewichtet, kombiniert: \n                                    14.8                                 kWh\/100km<\/span><br>\n                                                            \n                                       \n  <!-- CO2-Emissionen\t-->\n                                            <span>CO\u2082-Emissionen komb.: 23.0                                 g\/km<\/span><br>\n                                        <!-- CO2-Emissionen\t-->\n                   \n \n                         <span>CO\u2082-Klasse: \n                                    B                                <\/span><br>\n                    \n\n\n                <\/ul>\n\n                    <\/div>\n\n                    <div class=\"vehicle-price\">\n                                                    <div itemprop=\"priceSpecification\" itemscope itemtype=\"http:\/\/schema.org\/UnitPriceSpecification\">\n                                <meta itemprop=\"priceCurrency\" content=\"EUR\">\n                                <meta itemprop=\"price\" content=\"31.900\">\n                                <strong>\n                                    31.900 \u20ac (Brutto)\n                                <\/strong><br><small>\n                                    Inkl. 19% MwSt.                                <\/small>\n                            <\/div>\n                                                <br>\n                        <a href=\"https:\/\/ford-sachsen.de\/html\/page\/fahrzeuge\/ford-kuga-titanium-x-ganz-reifen-kurvenlicht-led-kli\/\"\n                            class=\"vehicle-btn wp-block-button__link wp-element-button\">Details<\/a>\n                    <\/div>\n                <\/div> <!-- \/\/ vehicle-row -->\n               \n            <\/article>\n                        <article id=\"post-4811155\" class=\"vehicle\">\n                <hgroup>\n                    <a href=\"https:\/\/ford-sachsen.de\/html\/page\/fahrzeuge\/ford-transit-custom-kasten-300-l2-trendklimalwstre\/\">\n                        <h2 class=\"vehicle-title\">\n                            Ford Transit Custom Kasten 300 L2 Trend+KLIMA+LWS+Tre                        <\/h2>\n\n                    <\/a>\n                <\/hgroup>\n                <span class=\"vehicle-addition\">\n                    <p>\n                        Van\/Minibus ,\n                        Gebrauchtfahrzeug                    <\/p>\n                <\/span>\n                <div class=\"vehicle-row\">\n                    <div class=\"vehicle-thumbnail\">\n                        <a href=\"https:\/\/ford-sachsen.de\/html\/page\/fahrzeuge\/ford-transit-custom-kasten-300-l2-trendklimalwstre\/\" title=\"Ford Transit Custom Kasten 300 L2 Trend+KLIMA+LWS+Tre\">\n                            <img loading=\"lazy\" decoding=\"async\" width=\"300\" height=\"225\" src=\"https:\/\/ford-sachsen.de\/html\/page\/wp-content\/uploads\/2026\/09\/4811155-6a97324753f6e54129f54-d11a-4ba0-9897-63c6d65f87d0-rule-mo-1600-300x225.jpg\" class=\"attachment-medium size-medium wp-post-image\" alt=\"\" srcset=\"https:\/\/ford-sachsen.de\/html\/page\/wp-content\/uploads\/2026\/09\/4811155-6a97324753f6e54129f54-d11a-4ba0-9897-63c6d65f87d0-rule-mo-1600-300x225.jpg 300w, https:\/\/ford-sachsen.de\/html\/page\/wp-content\/uploads\/2026\/09\/4811155-6a97324753f6e54129f54-d11a-4ba0-9897-63c6d65f87d0-rule-mo-1600.jpg 640w\" sizes=\"(max-width: 300px) 100vw, 300px\" \/>                        <\/a>\n                    <\/div>\n                    <div class=\"vehicle-data\">\n                                                    <small>\n                                                                02.2024                                \u00b7\n                            <\/small>\n                                                                            <small>\n                                16.129 km\n                            <\/small>\n                                                                            <small>\n                                \u00b7\n                                100 kW\n                                                                (\n                                136 PS)\n                            <\/small>\n                                                                            <small>\n                                \u00b7\n                                Schaltgetriebe                            <\/small>\n                                                                            <small>\n                                \u00b7\n                                Unfallfrei                            <\/small>\n                        \n                                                    <small>\n                                \u00b7\n                                Diesel                            <\/small>\n                                                                                                                            <small>\n                                \u00b7\n                                4\/5 T\u00fcren\n                            <\/small>\n                                                <ul class=\"vehicle-emission\">\n                                                 <span>Verbrauch komb.: \n                                    7.2                                 l\/100km<\/span><br>\n                                                                                \n                                       \n  <!-- CO2-Emissionen\t-->\n                                            <span>CO\u2082-Emissionen komb.: 189.0                                 g\/km<\/span><br>\n                                        <!-- CO2-Emissionen\t-->\n                   \n \n                         <span>CO\u2082-Klasse: \n                                    G                                <\/span><br>\n                    \n\n\n                <\/ul>\n\n                    <\/div>\n\n                    <div class=\"vehicle-price\">\n                                                    <div itemprop=\"priceSpecification\" itemscope itemtype=\"http:\/\/schema.org\/UnitPriceSpecification\">\n                                <meta itemprop=\"priceCurrency\" content=\"EUR\">\n                                <meta itemprop=\"price\" content=\"28.690\">\n                                <strong>\n                                    28.690 \u20ac (Brutto)\n                                <\/strong><br><small>\n                                    Inkl. 19% MwSt.                                <\/small>\n                            <\/div>\n                                                <br>\n                        <a href=\"https:\/\/ford-sachsen.de\/html\/page\/fahrzeuge\/ford-transit-custom-kasten-300-l2-trendklimalwstre\/\"\n                            class=\"vehicle-btn wp-block-button__link wp-element-button\">Details<\/a>\n                    <\/div>\n                <\/div> <!-- \/\/ vehicle-row -->\n               \n            <\/article>\n                        <article id=\"post-4811131\" class=\"vehicle\">\n                <hgroup>\n                    <a href=\"https:\/\/ford-sachsen.de\/html\/page\/fahrzeuge\/omoda-9-exclusive-phev-super-hybrid-premium-suv-4x4-pa\/\">\n                        <h2 class=\"vehicle-title\">\n                            OMODA 9 Exclusive PHEV SUPER-HYBRID PREMIUM-SUV 4X4 PA                        <\/h2>\n\n                    <\/a>\n                <\/hgroup>\n                <span class=\"vehicle-addition\">\n                    <p>\n                        SUV\/Gel\u00e4ndewagen\/Pickup ,\n                        Neufahrzeug                    <\/p>\n                <\/span>\n                <div class=\"vehicle-row\">\n                    <div class=\"vehicle-thumbnail\">\n                        <a href=\"https:\/\/ford-sachsen.de\/html\/page\/fahrzeuge\/omoda-9-exclusive-phev-super-hybrid-premium-suv-4x4-pa\/\" title=\"OMODA 9 Exclusive PHEV SUPER-HYBRID PREMIUM-SUV 4X4 PA\">\n                            <img loading=\"lazy\" decoding=\"async\" width=\"300\" height=\"225\" src=\"https:\/\/ford-sachsen.de\/html\/page\/wp-content\/uploads\/2026\/09\/4811131-6a973132d94a72173e823-daca-4939-854f-bc6abe827fdb-rule-mo-1600-300x225.jpg\" class=\"attachment-medium size-medium wp-post-image\" alt=\"\" srcset=\"https:\/\/ford-sachsen.de\/html\/page\/wp-content\/uploads\/2026\/09\/4811131-6a973132d94a72173e823-daca-4939-854f-bc6abe827fdb-rule-mo-1600-300x225.jpg 300w, https:\/\/ford-sachsen.de\/html\/page\/wp-content\/uploads\/2026\/09\/4811131-6a973132d94a72173e823-daca-4939-854f-bc6abe827fdb-rule-mo-1600-1024x768.jpg 1024w, https:\/\/ford-sachsen.de\/html\/page\/wp-content\/uploads\/2026\/09\/4811131-6a973132d94a72173e823-daca-4939-854f-bc6abe827fdb-rule-mo-1600-768x576.jpg 768w, https:\/\/ford-sachsen.de\/html\/page\/wp-content\/uploads\/2026\/09\/4811131-6a973132d94a72173e823-daca-4939-854f-bc6abe827fdb-rule-mo-1600.jpg 1440w\" sizes=\"(max-width: 300px) 100vw, 300px\" \/>                        <\/a>\n                    <\/div>\n                    <div class=\"vehicle-data\">\n                                                                                                    <small>\n                                \u00b7\n                                395 kW\n                                                                (\n                                537 PS)\n                            <\/small>\n                                                                            <small>\n                                \u00b7\n                                Automatik                            <\/small>\n                                                                            <small>\n                                \u00b7\n                                Unfallfrei                            <\/small>\n                        \n                                                    <small>\n                                \u00b7\n                                Plug-in-Hybrid                            <\/small>\n                                                                                                                            <small>\n                                \u00b7\n                                4\/5 T\u00fcren\n                            <\/small>\n                                                <ul class=\"vehicle-emission\">\n                                                <span>Kraftstoffverbrauch gewichtet, kombiniert: \n                                    1.6                                 l\/100km<\/span><br>\n                                             <span>Verbrauch komb.: \n                                    7.0                                 l\/100km<\/span><br>\n                                                                <span>Stromverbrauch gewichtet, kombiniert: \n                                    19.5                                 kWh\/100km<\/span><br>\n                                                            \n                                       \n  <!-- CO2-Emissionen\t-->\n                                            <span>CO\u2082-Emissionen komb.: 38.0                                 g\/km<\/span><br>\n                                        <!-- CO2-Emissionen\t-->\n                   \n \n                         <span>CO\u2082-Klasse: \n                                    B                                <\/span><br>\n                    \n\n\n                <\/ul>\n\n                    <\/div>\n\n                    <div class=\"vehicle-price\">\n                                                    <div itemprop=\"priceSpecification\" itemscope itemtype=\"http:\/\/schema.org\/UnitPriceSpecification\">\n                                <meta itemprop=\"priceCurrency\" content=\"EUR\">\n                                <meta itemprop=\"price\" content=\"52.890\">\n                                <strong>\n                                    52.890 \u20ac (Brutto)\n                                <\/strong><br><small>\n                                    Inkl. 19% MwSt.                                <\/small>\n                            <\/div>\n                                                <br>\n                        <a href=\"https:\/\/ford-sachsen.de\/html\/page\/fahrzeuge\/omoda-9-exclusive-phev-super-hybrid-premium-suv-4x4-pa\/\"\n                            class=\"vehicle-btn wp-block-button__link wp-element-button\">Details<\/a>\n                    <\/div>\n                <\/div> <!-- \/\/ vehicle-row -->\n               \n            <\/article>\n                        <article id=\"post-4811129\" class=\"vehicle\">\n                <hgroup>\n                    <a href=\"https:\/\/ford-sachsen.de\/html\/page\/fahrzeuge\/ford-focus-turnier-st-line-18-zoll-lmstylingpaketfa\/\">\n                        <h2 class=\"vehicle-title\">\n                            Ford Focus Turnier ST-Line 18 ZOLL LM+STYLINGPAKET+FA                        <\/h2>\n\n                    <\/a>\n                <\/hgroup>\n                <span class=\"vehicle-addition\">\n                    <p>\n                        Kombi ,\n                        Gebrauchtfahrzeug                    <\/p>\n                <\/span>\n                <div class=\"vehicle-row\">\n                    <div class=\"vehicle-thumbnail\">\n                        <a href=\"https:\/\/ford-sachsen.de\/html\/page\/fahrzeuge\/ford-focus-turnier-st-line-18-zoll-lmstylingpaketfa\/\" title=\"Ford Focus Turnier ST-Line 18 ZOLL LM+STYLINGPAKET+FA\">\n                            <img loading=\"lazy\" decoding=\"async\" width=\"300\" height=\"225\" src=\"https:\/\/ford-sachsen.de\/html\/page\/wp-content\/uploads\/2026\/09\/4811129-6a9731304894b89d930c0-2613-42a1-8a64-92f3b5ea138b-rule-mo-1600-300x225.jpg\" class=\"attachment-medium size-medium wp-post-image\" alt=\"\" srcset=\"https:\/\/ford-sachsen.de\/html\/page\/wp-content\/uploads\/2026\/09\/4811129-6a9731304894b89d930c0-2613-42a1-8a64-92f3b5ea138b-rule-mo-1600-300x225.jpg 300w, https:\/\/ford-sachsen.de\/html\/page\/wp-content\/uploads\/2026\/09\/4811129-6a9731304894b89d930c0-2613-42a1-8a64-92f3b5ea138b-rule-mo-1600-1024x768.jpg 1024w, https:\/\/ford-sachsen.de\/html\/page\/wp-content\/uploads\/2026\/09\/4811129-6a9731304894b89d930c0-2613-42a1-8a64-92f3b5ea138b-rule-mo-1600-768x576.jpg 768w, https:\/\/ford-sachsen.de\/html\/page\/wp-content\/uploads\/2026\/09\/4811129-6a9731304894b89d930c0-2613-42a1-8a64-92f3b5ea138b-rule-mo-1600.jpg 1440w\" sizes=\"(max-width: 300px) 100vw, 300px\" \/>                        <\/a>\n                    <\/div>\n                    <div class=\"vehicle-data\">\n                                                    <small>\n                                                                10.2022                                \u00b7\n                            <\/small>\n                                                                            <small>\n                                107.931 km\n                            <\/small>\n                                                                            <small>\n                                \u00b7\n                                114 kW\n                                                                (\n                                155 PS)\n                            <\/small>\n                                                                            <small>\n                                \u00b7\n                                Schaltgetriebe                            <\/small>\n                                                                            <small>\n                                \u00b7\n                                Unfallfrei                            <\/small>\n                        \n                                                    <small>\n                                \u00b7\n                                Benzin                            <\/small>\n                                                                                                                            <small>\n                                \u00b7\n                                4\/5 T\u00fcren\n                            <\/small>\n                                                <ul class=\"vehicle-emission\">\n                                                 <span>Verbrauch komb.: \n                                    5.9                                 l\/100km<\/span><br>\n                                                                                \n                                       \n  <!-- CO2-Emissionen\t-->\n                                            <span>CO\u2082-Emissionen komb.: 135.0                                 g\/km<\/span><br>\n                                        <!-- CO2-Emissionen\t-->\n                   \n \n                         <span>CO\u2082-Klasse: \n                                    D                                <\/span><br>\n                    \n\n\n                <\/ul>\n\n                    <\/div>\n\n                    <div class=\"vehicle-price\">\n                                                    <div itemprop=\"priceSpecification\" itemscope itemtype=\"http:\/\/schema.org\/UnitPriceSpecification\">\n                                <meta itemprop=\"priceCurrency\" content=\"EUR\">\n                                <meta itemprop=\"price\" content=\"14.990\">\n                                <strong>\n                                    14.990 \u20ac (Brutto)\n                                <\/strong><br><small>\n                                    Inkl. 19% MwSt.                                <\/small>\n                            <\/div>\n                                                <br>\n                        <a href=\"https:\/\/ford-sachsen.de\/html\/page\/fahrzeuge\/ford-focus-turnier-st-line-18-zoll-lmstylingpaketfa\/\"\n                            class=\"vehicle-btn wp-block-button__link wp-element-button\">Details<\/a>\n                    <\/div>\n                <\/div> <!-- \/\/ vehicle-row -->\n               \n            <\/article>\n                        <article id=\"post-4811127\" class=\"vehicle\">\n                <hgroup>\n                    <a href=\"https:\/\/ford-sachsen.de\/html\/page\/fahrzeuge\/ford-fiesta-titaniumkamerasyncdabisofixshz-sound\/\">\n                        <h2 class=\"vehicle-title\">\n                            Ford Fiesta Titanium+KAMERA+SYNC+DAB+ISOFIX+SHZ Sound                        <\/h2>\n\n                    <\/a>\n                <\/hgroup>\n                <span class=\"vehicle-addition\">\n                    <p>\n                        Kleinwagen ,\n                        Gebrauchtfahrzeug                    <\/p>\n                <\/span>\n                <div class=\"vehicle-row\">\n                    <div class=\"vehicle-thumbnail\">\n                        <a href=\"https:\/\/ford-sachsen.de\/html\/page\/fahrzeuge\/ford-fiesta-titaniumkamerasyncdabisofixshz-sound\/\" title=\"Ford Fiesta Titanium+KAMERA+SYNC+DAB+ISOFIX+SHZ Sound\">\n                            <img loading=\"lazy\" decoding=\"async\" width=\"300\" height=\"225\" src=\"https:\/\/ford-sachsen.de\/html\/page\/wp-content\/uploads\/2026\/09\/4811127-6a97312ecafa8a40803b7-40fa-4e55-a860-af8dd4308e3a-rule-mo-1600-300x225.jpg\" class=\"attachment-medium size-medium wp-post-image\" alt=\"\" srcset=\"https:\/\/ford-sachsen.de\/html\/page\/wp-content\/uploads\/2026\/09\/4811127-6a97312ecafa8a40803b7-40fa-4e55-a860-af8dd4308e3a-rule-mo-1600-300x225.jpg 300w, https:\/\/ford-sachsen.de\/html\/page\/wp-content\/uploads\/2026\/09\/4811127-6a97312ecafa8a40803b7-40fa-4e55-a860-af8dd4308e3a-rule-mo-1600.jpg 640w\" sizes=\"(max-width: 300px) 100vw, 300px\" \/>                        <\/a>\n                    <\/div>\n                    <div class=\"vehicle-data\">\n                                                    <small>\n                                                                03.2023                                \u00b7\n                            <\/small>\n                                                                            <small>\n                                16.746 km\n                            <\/small>\n                                                                            <small>\n                                \u00b7\n                                92 kW\n                                                                (\n                                125 PS)\n                            <\/small>\n                                                                            <small>\n                                \u00b7\n                                Schaltgetriebe                            <\/small>\n                                                                            <small>\n                                \u00b7\n                                Unfallfrei                            <\/small>\n                        \n                                                    <small>\n                                \u00b7\n                                Benzin                            <\/small>\n                                                                                                                            <small>\n                                \u00b7\n                                4\/5 T\u00fcren\n                            <\/small>\n                                                <ul class=\"vehicle-emission\">\n                                                 <span>Verbrauch komb.: \n                                    5.0                                 l\/100km<\/span><br>\n                                                                                \n                                       \n  <!-- CO2-Emissionen\t-->\n                                            <span>CO\u2082-Emissionen komb.: 113.0                                 g\/km<\/span><br>\n                                        <!-- CO2-Emissionen\t-->\n                   \n \n                         <span>CO\u2082-Klasse: \n                                    C                                <\/span><br>\n                    \n\n\n                <\/ul>\n\n                    <\/div>\n\n                    <div class=\"vehicle-price\">\n                                                    <div itemprop=\"priceSpecification\" itemscope itemtype=\"http:\/\/schema.org\/UnitPriceSpecification\">\n                                <meta itemprop=\"priceCurrency\" content=\"EUR\">\n                                <meta itemprop=\"price\" content=\"17.899\">\n                                <strong>\n                                    17.899 \u20ac (Brutto)\n                                <\/strong><br><small>\n                                    Inkl. 19% MwSt.                                <\/small>\n                            <\/div>\n                                                <br>\n                        <a href=\"https:\/\/ford-sachsen.de\/html\/page\/fahrzeuge\/ford-fiesta-titaniumkamerasyncdabisofixshz-sound\/\"\n                            class=\"vehicle-btn wp-block-button__link wp-element-button\">Details<\/a>\n                    <\/div>\n                <\/div> <!-- \/\/ vehicle-row -->\n               \n            <\/article>\n                        <article id=\"post-4811125\" class=\"vehicle\">\n                <hgroup>\n                    <a href=\"https:\/\/ford-sachsen.de\/html\/page\/fahrzeuge\/ford-focus-titanium-editio-led-acc-apple-carplay-andr\/\">\n                        <h2 class=\"vehicle-title\">\n                            Ford Focus Titanium Editio LED ACC Apple CarPlay Andr                        <\/h2>\n\n                    <\/a>\n                <\/hgroup>\n                <span class=\"vehicle-addition\">\n                    <p>\n                        Limousine ,\n                        Gebrauchtfahrzeug                    <\/p>\n                <\/span>\n                <div class=\"vehicle-row\">\n                    <div class=\"vehicle-thumbnail\">\n                        <a href=\"https:\/\/ford-sachsen.de\/html\/page\/fahrzeuge\/ford-focus-titanium-editio-led-acc-apple-carplay-andr\/\" title=\"Ford Focus Titanium Editio LED ACC Apple CarPlay Andr\">\n                            <img loading=\"lazy\" decoding=\"async\" width=\"300\" height=\"225\" src=\"https:\/\/ford-sachsen.de\/html\/page\/wp-content\/uploads\/2026\/09\/4811125-6a97312c58b0a7db4ee8a-4c97-4f63-9e71-545f530708f3-rule-mo-1600-300x225.jpg\" class=\"attachment-medium size-medium wp-post-image\" alt=\"\" srcset=\"https:\/\/ford-sachsen.de\/html\/page\/wp-content\/uploads\/2026\/09\/4811125-6a97312c58b0a7db4ee8a-4c97-4f63-9e71-545f530708f3-rule-mo-1600-300x225.jpg 300w, https:\/\/ford-sachsen.de\/html\/page\/wp-content\/uploads\/2026\/09\/4811125-6a97312c58b0a7db4ee8a-4c97-4f63-9e71-545f530708f3-rule-mo-1600-1024x768.jpg 1024w, https:\/\/ford-sachsen.de\/html\/page\/wp-content\/uploads\/2026\/09\/4811125-6a97312c58b0a7db4ee8a-4c97-4f63-9e71-545f530708f3-rule-mo-1600-768x576.jpg 768w, https:\/\/ford-sachsen.de\/html\/page\/wp-content\/uploads\/2026\/09\/4811125-6a97312c58b0a7db4ee8a-4c97-4f63-9e71-545f530708f3-rule-mo-1600.jpg 1440w\" sizes=\"(max-width: 300px) 100vw, 300px\" \/>                        <\/a>\n                    <\/div>\n                    <div class=\"vehicle-data\">\n                                                    <small>\n                                                                11.2025                                \u00b7\n                            <\/small>\n                                                                            <small>\n                                9.627 km\n                            <\/small>\n                                                                            <small>\n                                \u00b7\n                                114 kW\n                                                                (\n                                155 PS)\n                            <\/small>\n                                                                            <small>\n                                \u00b7\n                                Automatik                            <\/small>\n                                                                            <small>\n                                \u00b7\n                                Unfallfrei                            <\/small>\n                        \n                                                    <small>\n                                \u00b7\n                                Benzin                            <\/small>\n                                                                                                                            <small>\n                                \u00b7\n                                4\/5 T\u00fcren\n                            <\/small>\n                                                <ul class=\"vehicle-emission\">\n                                                 <span>Verbrauch komb.: \n                                    5.2                                 l\/100km<\/span><br>\n                                                                                \n                                       \n  <!-- CO2-Emissionen\t-->\n                                            <span>CO\u2082-Emissionen komb.: 118.0                                 g\/km<\/span><br>\n                                        <!-- CO2-Emissionen\t-->\n                   \n \n                         <span>CO\u2082-Klasse: \n                                    D                                <\/span><br>\n                    \n\n\n                <\/ul>\n\n                    <\/div>\n\n                    <div class=\"vehicle-price\">\n                                                    <div itemprop=\"priceSpecification\" itemscope itemtype=\"http:\/\/schema.org\/UnitPriceSpecification\">\n                                <meta itemprop=\"priceCurrency\" content=\"EUR\">\n                                <meta itemprop=\"price\" content=\"26.975\">\n                                <strong>\n                                    26.975 \u20ac (Brutto)\n                                <\/strong><br><small>\n                                    Inkl. 19% MwSt.                                <\/small>\n                            <\/div>\n                                                <br>\n                        <a href=\"https:\/\/ford-sachsen.de\/html\/page\/fahrzeuge\/ford-focus-titanium-editio-led-acc-apple-carplay-andr\/\"\n                            class=\"vehicle-btn wp-block-button__link wp-element-button\">Details<\/a>\n                    <\/div>\n                <\/div> <!-- \/\/ vehicle-row -->\n               \n            <\/article>\n                        <article id=\"post-4811123\" class=\"vehicle\">\n                <hgroup>\n                    <a href=\"https:\/\/ford-sachsen.de\/html\/page\/fahrzeuge\/ford-focus-turnier-titanium-x-ganzj-reifen-winterpak\/\">\n                        <h2 class=\"vehicle-title\">\n                            Ford Focus Turnier Titanium X Ganzj.-Reifen Winterpak                        <\/h2>\n\n                    <\/a>\n                <\/hgroup>\n                <span class=\"vehicle-addition\">\n                    <p>\n                        Kombi ,\n                        Gebrauchtfahrzeug                    <\/p>\n                <\/span>\n                <div class=\"vehicle-row\">\n                    <div class=\"vehicle-thumbnail\">\n                        <a href=\"https:\/\/ford-sachsen.de\/html\/page\/fahrzeuge\/ford-focus-turnier-titanium-x-ganzj-reifen-winterpak\/\" title=\"Ford Focus Turnier Titanium X Ganzj.-Reifen Winterpak\">\n                            <img loading=\"lazy\" decoding=\"async\" width=\"300\" height=\"225\" src=\"https:\/\/ford-sachsen.de\/html\/page\/wp-content\/uploads\/2026\/09\/4811123-6a973129d2893ec1d6f35-ef62-4185-9a37-d7dfe9e4302d-rule-mo-1600-300x225.jpg\" class=\"attachment-medium size-medium wp-post-image\" alt=\"\" srcset=\"https:\/\/ford-sachsen.de\/html\/page\/wp-content\/uploads\/2026\/09\/4811123-6a973129d2893ec1d6f35-ef62-4185-9a37-d7dfe9e4302d-rule-mo-1600-300x225.jpg 300w, https:\/\/ford-sachsen.de\/html\/page\/wp-content\/uploads\/2026\/09\/4811123-6a973129d2893ec1d6f35-ef62-4185-9a37-d7dfe9e4302d-rule-mo-1600-1024x768.jpg 1024w, https:\/\/ford-sachsen.de\/html\/page\/wp-content\/uploads\/2026\/09\/4811123-6a973129d2893ec1d6f35-ef62-4185-9a37-d7dfe9e4302d-rule-mo-1600-768x576.jpg 768w, https:\/\/ford-sachsen.de\/html\/page\/wp-content\/uploads\/2026\/09\/4811123-6a973129d2893ec1d6f35-ef62-4185-9a37-d7dfe9e4302d-rule-mo-1600.jpg 1440w\" sizes=\"(max-width: 300px) 100vw, 300px\" \/>                        <\/a>\n                    <\/div>\n                    <div class=\"vehicle-data\">\n                                                    <small>\n                                                                11.2025                                \u00b7\n                            <\/small>\n                                                                            <small>\n                                10.281 km\n                            <\/small>\n                                                                            <small>\n                                \u00b7\n                                114 kW\n                                                                (\n                                155 PS)\n                            <\/small>\n                                                                            <small>\n                                \u00b7\n                                Automatik                            <\/small>\n                                                                            <small>\n                                \u00b7\n                                Unfallfrei                            <\/small>\n                        \n                                                    <small>\n                                \u00b7\n                                Benzin                            <\/small>\n                                                                                                                            <small>\n                                \u00b7\n                                4\/5 T\u00fcren\n                            <\/small>\n                                                <ul class=\"vehicle-emission\">\n                                                 <span>Verbrauch komb.: \n                                    5.3                                 l\/100km<\/span><br>\n                                                                                \n                                       \n  <!-- CO2-Emissionen\t-->\n                                            <span>CO\u2082-Emissionen komb.: 121.0                                 g\/km<\/span><br>\n                                        <!-- CO2-Emissionen\t-->\n                   \n \n                         <span>CO\u2082-Klasse: \n                                    D                                <\/span><br>\n                    \n\n\n                <\/ul>\n\n                    <\/div>\n\n                    <div class=\"vehicle-price\">\n                                                    <div itemprop=\"priceSpecification\" itemscope itemtype=\"http:\/\/schema.org\/UnitPriceSpecification\">\n                                <meta itemprop=\"priceCurrency\" content=\"EUR\">\n                                <meta itemprop=\"price\" content=\"27.699\">\n                                <strong>\n                                    27.699 \u20ac (Brutto)\n                                <\/strong><br><small>\n                                    Inkl. 19% MwSt.                                <\/small>\n                            <\/div>\n                                                <br>\n                        <a href=\"https:\/\/ford-sachsen.de\/html\/page\/fahrzeuge\/ford-focus-turnier-titanium-x-ganzj-reifen-winterpak\/\"\n                            class=\"vehicle-btn wp-block-button__link wp-element-button\">Details<\/a>\n                    <\/div>\n                <\/div> <!-- \/\/ vehicle-row -->\n               \n            <\/article>\n                        <article id=\"post-4811121\" class=\"vehicle\">\n                <hgroup>\n                    <a href=\"https:\/\/ford-sachsen.de\/html\/page\/fahrzeuge\/ford-puma-titanium-gjr-beheizb-frontsch-lenkradhzg\/\">\n                        <h2 class=\"vehicle-title\">\n                            Ford Puma Titanium GJR Beheizb. Frontsch. LenkradHZG                        <\/h2>\n\n                    <\/a>\n                <\/hgroup>\n                <span class=\"vehicle-addition\">\n                    <p>\n                        SUV\/Gel\u00e4ndewagen\/Pickup ,\n                        Gebrauchtfahrzeug                    <\/p>\n                <\/span>\n                <div class=\"vehicle-row\">\n                    <div class=\"vehicle-thumbnail\">\n                        <a href=\"https:\/\/ford-sachsen.de\/html\/page\/fahrzeuge\/ford-puma-titanium-gjr-beheizb-frontsch-lenkradhzg\/\" title=\"Ford Puma Titanium GJR Beheizb. Frontsch. LenkradHZG\">\n                            <img loading=\"lazy\" decoding=\"async\" width=\"300\" height=\"225\" src=\"https:\/\/ford-sachsen.de\/html\/page\/wp-content\/uploads\/2026\/09\/4811121-6a9731276cdd317dae5d7-9073-4b4b-818d-54eb8d656ac5-rule-mo-1600-300x225.jpg\" class=\"attachment-medium size-medium wp-post-image\" alt=\"\" srcset=\"https:\/\/ford-sachsen.de\/html\/page\/wp-content\/uploads\/2026\/09\/4811121-6a9731276cdd317dae5d7-9073-4b4b-818d-54eb8d656ac5-rule-mo-1600-300x225.jpg 300w, https:\/\/ford-sachsen.de\/html\/page\/wp-content\/uploads\/2026\/09\/4811121-6a9731276cdd317dae5d7-9073-4b4b-818d-54eb8d656ac5-rule-mo-1600-1024x768.jpg 1024w, https:\/\/ford-sachsen.de\/html\/page\/wp-content\/uploads\/2026\/09\/4811121-6a9731276cdd317dae5d7-9073-4b4b-818d-54eb8d656ac5-rule-mo-1600-768x576.jpg 768w, https:\/\/ford-sachsen.de\/html\/page\/wp-content\/uploads\/2026\/09\/4811121-6a9731276cdd317dae5d7-9073-4b4b-818d-54eb8d656ac5-rule-mo-1600.jpg 1440w\" sizes=\"(max-width: 300px) 100vw, 300px\" \/>                        <\/a>\n                    <\/div>\n                    <div class=\"vehicle-data\">\n                                                    <small>\n                                                                06.2025                                \u00b7\n                            <\/small>\n                                                                            <small>\n                                2 km\n                            <\/small>\n                                                                            <small>\n                                \u00b7\n                                92 kW\n                                                                (\n                                125 PS)\n                            <\/small>\n                                                                            <small>\n                                \u00b7\n                                Schaltgetriebe                            <\/small>\n                                                                            <small>\n                                \u00b7\n                                Unfallfrei                            <\/small>\n                        \n                                                    <small>\n                                \u00b7\n                                Benzin                            <\/small>\n                                                                                                                            <small>\n                                \u00b7\n                                4\/5 T\u00fcren\n                            <\/small>\n                                                <ul class=\"vehicle-emission\">\n                                                 <span>Verbrauch komb.: \n                                    5.4                                 l\/100km<\/span><br>\n                                                                                \n                                       \n  <!-- CO2-Emissionen\t-->\n                                            <span>CO\u2082-Emissionen komb.: 122.0                                 g\/km<\/span><br>\n                                        <!-- CO2-Emissionen\t-->\n                   \n \n                         <span>CO\u2082-Klasse: \n                                    D                                <\/span><br>\n                    \n\n\n                <\/ul>\n\n                    <\/div>\n\n                    <div class=\"vehicle-price\">\n                                                    <div itemprop=\"priceSpecification\" itemscope itemtype=\"http:\/\/schema.org\/UnitPriceSpecification\">\n                                <meta itemprop=\"priceCurrency\" content=\"EUR\">\n                                <meta itemprop=\"price\" content=\"21.795\">\n                                <strong>\n                                    21.795 \u20ac (Brutto)\n                                <\/strong><br><small>\n                                    Inkl. 19% MwSt.                                <\/small>\n                            <\/div>\n                                                <br>\n                        <a href=\"https:\/\/ford-sachsen.de\/html\/page\/fahrzeuge\/ford-puma-titanium-gjr-beheizb-frontsch-lenkradhzg\/\"\n                            class=\"vehicle-btn wp-block-button__link wp-element-button\">Details<\/a>\n                    <\/div>\n                <\/div> <!-- \/\/ vehicle-row -->\n               \n            <\/article>\n                        <article id=\"post-4811119\" class=\"vehicle\">\n                <hgroup>\n                    <a href=\"https:\/\/ford-sachsen.de\/html\/page\/fahrzeuge\/ford-kuga-active-allradledblendfreies-fernl-winter\/\">\n                        <h2 class=\"vehicle-title\">\n                            Ford Kuga Active ALLRAD+LED+Blendfreies Fernl.+Winter                        <\/h2>\n\n                    <\/a>\n                <\/hgroup>\n                <span class=\"vehicle-addition\">\n                    <p>\n                        SUV\/Gel\u00e4ndewagen\/Pickup ,\n                        Gebrauchtfahrzeug                    <\/p>\n                <\/span>\n                <div class=\"vehicle-row\">\n                    <div class=\"vehicle-thumbnail\">\n                        <a href=\"https:\/\/ford-sachsen.de\/html\/page\/fahrzeuge\/ford-kuga-active-allradledblendfreies-fernl-winter\/\" title=\"Ford Kuga Active ALLRAD+LED+Blendfreies Fernl.+Winter\">\n                            <img loading=\"lazy\" decoding=\"async\" width=\"300\" height=\"225\" src=\"https:\/\/ford-sachsen.de\/html\/page\/wp-content\/uploads\/2026\/09\/4811119-6a973124df000eb9f183b-dc6f-4b28-a388-c394692235f1-rule-mo-1600-300x225.jpg\" class=\"attachment-medium size-medium wp-post-image\" alt=\"\" srcset=\"https:\/\/ford-sachsen.de\/html\/page\/wp-content\/uploads\/2026\/09\/4811119-6a973124df000eb9f183b-dc6f-4b28-a388-c394692235f1-rule-mo-1600-300x225.jpg 300w, https:\/\/ford-sachsen.de\/html\/page\/wp-content\/uploads\/2026\/09\/4811119-6a973124df000eb9f183b-dc6f-4b28-a388-c394692235f1-rule-mo-1600-1024x768.jpg 1024w, https:\/\/ford-sachsen.de\/html\/page\/wp-content\/uploads\/2026\/09\/4811119-6a973124df000eb9f183b-dc6f-4b28-a388-c394692235f1-rule-mo-1600-768x576.jpg 768w, https:\/\/ford-sachsen.de\/html\/page\/wp-content\/uploads\/2026\/09\/4811119-6a973124df000eb9f183b-dc6f-4b28-a388-c394692235f1-rule-mo-1600.jpg 1440w\" sizes=\"(max-width: 300px) 100vw, 300px\" \/>                        <\/a>\n                    <\/div>\n                    <div class=\"vehicle-data\">\n                                                    <small>\n                                                                02.2025                                \u00b7\n                            <\/small>\n                                                                            <small>\n                                13.990 km\n                            <\/small>\n                                                                            <small>\n                                \u00b7\n                                134 kW\n                                                                (\n                                182 PS)\n                            <\/small>\n                                                                            <small>\n                                \u00b7\n                                Automatik                            <\/small>\n                                                                            <small>\n                                \u00b7\n                                Unfallfrei                            <\/small>\n                        \n                                                    <small>\n                                \u00b7\n                                Hybrid (Benzin\/Elektro)                            <\/small>\n                                                                                                                            <small>\n                                \u00b7\n                                4\/5 T\u00fcren\n                            <\/small>\n                                                <ul class=\"vehicle-emission\">\n                                                 <span>Verbrauch komb.: \n                                    6.4                                 l\/100km<\/span><br>\n                                                                                \n                                       \n  <!-- CO2-Emissionen\t-->\n                                            <span>CO\u2082-Emissionen komb.: 132.0                                 g\/km<\/span><br>\n                                        <!-- CO2-Emissionen\t-->\n                   \n \n                         <span>CO\u2082-Klasse: \n                                    D                                <\/span><br>\n                    \n\n\n                <\/ul>\n\n                    <\/div>\n\n                    <div class=\"vehicle-price\">\n                                                    <div itemprop=\"priceSpecification\" itemscope itemtype=\"http:\/\/schema.org\/UnitPriceSpecification\">\n                                <meta itemprop=\"priceCurrency\" content=\"EUR\">\n                                <meta itemprop=\"price\" content=\"31.785\">\n                                <strong>\n                                    31.785 \u20ac (Brutto)\n                                <\/strong><br><small>\n                                    Inkl. 19% MwSt.                                <\/small>\n                            <\/div>\n                                                <br>\n                        <a href=\"https:\/\/ford-sachsen.de\/html\/page\/fahrzeuge\/ford-kuga-active-allradledblendfreies-fernl-winter\/\"\n                            class=\"vehicle-btn wp-block-button__link wp-element-button\">Details<\/a>\n                    <\/div>\n                <\/div> <!-- \/\/ vehicle-row -->\n               \n            <\/article>\n                        <article id=\"post-4811117\" class=\"vehicle\">\n                <hgroup>\n                    <a href=\"https:\/\/ford-sachsen.de\/html\/page\/fahrzeuge\/ford-transit-custom-kasten-basis-280-l1-beif-airb\/\">\n                        <h2 class=\"vehicle-title\">\n                            Ford Transit Custom Kasten Basis  280 L1 Beif.-Airb.                        <\/h2>\n\n                    <\/a>\n                <\/hgroup>\n                <span class=\"vehicle-addition\">\n                    <p>\n                        Van\/Minibus ,\n                        Gebrauchtfahrzeug                    <\/p>\n                <\/span>\n                <div class=\"vehicle-row\">\n                    <div class=\"vehicle-thumbnail\">\n                        <a href=\"https:\/\/ford-sachsen.de\/html\/page\/fahrzeuge\/ford-transit-custom-kasten-basis-280-l1-beif-airb\/\" title=\"Ford Transit Custom Kasten Basis  280 L1 Beif.-Airb.\">\n                            <img loading=\"lazy\" decoding=\"async\" width=\"300\" height=\"225\" src=\"https:\/\/ford-sachsen.de\/html\/page\/wp-content\/uploads\/2026\/09\/4811117-6a973122a26f19afc2469-00e7-4a04-9cd5-0e5cef7e8626-rule-mo-1600-300x225.jpg\" class=\"attachment-medium size-medium wp-post-image\" alt=\"\" srcset=\"https:\/\/ford-sachsen.de\/html\/page\/wp-content\/uploads\/2026\/09\/4811117-6a973122a26f19afc2469-00e7-4a04-9cd5-0e5cef7e8626-rule-mo-1600-300x225.jpg 300w, https:\/\/ford-sachsen.de\/html\/page\/wp-content\/uploads\/2026\/09\/4811117-6a973122a26f19afc2469-00e7-4a04-9cd5-0e5cef7e8626-rule-mo-1600-1024x768.jpg 1024w, https:\/\/ford-sachsen.de\/html\/page\/wp-content\/uploads\/2026\/09\/4811117-6a973122a26f19afc2469-00e7-4a04-9cd5-0e5cef7e8626-rule-mo-1600-768x576.jpg 768w, https:\/\/ford-sachsen.de\/html\/page\/wp-content\/uploads\/2026\/09\/4811117-6a973122a26f19afc2469-00e7-4a04-9cd5-0e5cef7e8626-rule-mo-1600.jpg 1440w\" sizes=\"(max-width: 300px) 100vw, 300px\" \/>                        <\/a>\n                    <\/div>\n                    <div class=\"vehicle-data\">\n                                                    <small>\n                                                                01.2025                                \u00b7\n                            <\/small>\n                                                                            <small>\n                                743 km\n                            <\/small>\n                                                                            <small>\n                                \u00b7\n                                81 kW\n                                                                (\n                                110 PS)\n                            <\/small>\n                                                                            <small>\n                                \u00b7\n                                Schaltgetriebe                            <\/small>\n                                                                            <small>\n                                \u00b7\n                                Unfallfrei                            <\/small>\n                        \n                                                    <small>\n                                \u00b7\n                                Diesel                            <\/small>\n                                                                                                                            <small>\n                                \u00b7\n                                4\/5 T\u00fcren\n                            <\/small>\n                                                <ul class=\"vehicle-emission\">\n                                                 <span>Verbrauch komb.: \n                                    7.0                                 l\/100km<\/span><br>\n                                                                                \n                                       \n  <!-- CO2-Emissionen\t-->\n                                            <span>CO\u2082-Emissionen komb.: 228.0                                 g\/km<\/span><br>\n                                        <!-- CO2-Emissionen\t-->\n                   \n \n                         <span>CO\u2082-Klasse: \n                                    G                                <\/span><br>\n                    \n\n\n                <\/ul>\n\n                    <\/div>\n\n                    <div class=\"vehicle-price\">\n                                                    <div itemprop=\"priceSpecification\" itemscope itemtype=\"http:\/\/schema.org\/UnitPriceSpecification\">\n                                <meta itemprop=\"priceCurrency\" content=\"EUR\">\n                                <meta itemprop=\"price\" content=\"30.885\">\n                                <strong>\n                                    30.885 \u20ac (Brutto)\n                                <\/strong><br><small>\n                                    Inkl. 19% MwSt.                                <\/small>\n                            <\/div>\n                                                <br>\n                        <a href=\"https:\/\/ford-sachsen.de\/html\/page\/fahrzeuge\/ford-transit-custom-kasten-basis-280-l1-beif-airb\/\"\n                            class=\"vehicle-btn wp-block-button__link wp-element-button\">Details<\/a>\n                    <\/div>\n                <\/div> <!-- \/\/ vehicle-row -->\n               \n            <\/article>\n                        <article id=\"post-4811115\" class=\"vehicle\">\n                <hgroup>\n                    <a href=\"https:\/\/ford-sachsen.de\/html\/page\/fahrzeuge\/ford-puma-titanium-led-lws-pps-dab-winterpaket-heckk\/\">\n                        <h2 class=\"vehicle-title\">\n                            Ford Puma Titanium LED LWS PPS DAB+ Winterpaket Heckk                        <\/h2>\n\n                    <\/a>\n                <\/hgroup>\n                <span class=\"vehicle-addition\">\n                    <p>\n                        SUV\/Gel\u00e4ndewagen\/Pickup ,\n                        Gebrauchtfahrzeug                    <\/p>\n                <\/span>\n                <div class=\"vehicle-row\">\n                    <div class=\"vehicle-thumbnail\">\n                        <a href=\"https:\/\/ford-sachsen.de\/html\/page\/fahrzeuge\/ford-puma-titanium-led-lws-pps-dab-winterpaket-heckk\/\" title=\"Ford Puma Titanium LED LWS PPS DAB+ Winterpaket Heckk\">\n                            <img loading=\"lazy\" decoding=\"async\" width=\"300\" height=\"225\" src=\"https:\/\/ford-sachsen.de\/html\/page\/wp-content\/uploads\/2026\/09\/4811115-6a9731207e215832b6562-a065-4ba6-b917-7ec01013b36a-rule-mo-1600-300x225.jpg\" class=\"attachment-medium size-medium wp-post-image\" alt=\"\" srcset=\"https:\/\/ford-sachsen.de\/html\/page\/wp-content\/uploads\/2026\/09\/4811115-6a9731207e215832b6562-a065-4ba6-b917-7ec01013b36a-rule-mo-1600-300x225.jpg 300w, https:\/\/ford-sachsen.de\/html\/page\/wp-content\/uploads\/2026\/09\/4811115-6a9731207e215832b6562-a065-4ba6-b917-7ec01013b36a-rule-mo-1600-1024x768.jpg 1024w, https:\/\/ford-sachsen.de\/html\/page\/wp-content\/uploads\/2026\/09\/4811115-6a9731207e215832b6562-a065-4ba6-b917-7ec01013b36a-rule-mo-1600-768x576.jpg 768w, https:\/\/ford-sachsen.de\/html\/page\/wp-content\/uploads\/2026\/09\/4811115-6a9731207e215832b6562-a065-4ba6-b917-7ec01013b36a-rule-mo-1600.jpg 1440w\" sizes=\"(max-width: 300px) 100vw, 300px\" \/>                        <\/a>\n                    <\/div>\n                    <div class=\"vehicle-data\">\n                                                    <small>\n                                                                08.2024                                \u00b7\n                            <\/small>\n                                                                            <small>\n                                5 km\n                            <\/small>\n                                                                            <small>\n                                \u00b7\n                                92 kW\n                                                                (\n                                125 PS)\n                            <\/small>\n                                                                            <small>\n                                \u00b7\n                                Schaltgetriebe                            <\/small>\n                                                                            <small>\n                                \u00b7\n                                Unfallfrei                            <\/small>\n                        \n                                                    <small>\n                                \u00b7\n                                Benzin                            <\/small>\n                                                                                                                            <small>\n                                \u00b7\n                                4\/5 T\u00fcren\n                            <\/small>\n                                                <ul class=\"vehicle-emission\">\n                                                 <span>Verbrauch komb.: \n                                    5.4                                 l\/100km<\/span><br>\n                                                                                \n                                       \n  <!-- CO2-Emissionen\t-->\n                                            <span>CO\u2082-Emissionen komb.: 135.0                                 g\/km<\/span><br>\n                                        <!-- CO2-Emissionen\t-->\n                   \n \n                         <span>CO\u2082-Klasse: \n                                    D                                <\/span><br>\n                    \n\n\n                <\/ul>\n\n                    <\/div>\n\n                    <div class=\"vehicle-price\">\n                                                    <div itemprop=\"priceSpecification\" itemscope itemtype=\"http:\/\/schema.org\/UnitPriceSpecification\">\n                                <meta itemprop=\"priceCurrency\" content=\"EUR\">\n                                <meta itemprop=\"price\" content=\"20.450\">\n                                <strong>\n                                    20.450 \u20ac (Brutto)\n                                <\/strong><br><small>\n                                    Inkl. 19% MwSt.                                <\/small>\n                            <\/div>\n                                                <br>\n                        <a href=\"https:\/\/ford-sachsen.de\/html\/page\/fahrzeuge\/ford-puma-titanium-led-lws-pps-dab-winterpaket-heckk\/\"\n                            class=\"vehicle-btn wp-block-button__link wp-element-button\">Details<\/a>\n                    <\/div>\n                <\/div> <!-- \/\/ vehicle-row -->\n               \n            <\/article>\n                        <article id=\"post-4811113\" class=\"vehicle\">\n                <hgroup>\n                    <a href=\"https:\/\/ford-sachsen.de\/html\/page\/fahrzeuge\/ford-kuga-phev-graphitetechedition-sportpaket-hud-ahk\/\">\n                        <h2 class=\"vehicle-title\">\n                            Ford Kuga PHEV GraphiteTechEdition Sportpaket HUD AHK                        <\/h2>\n\n                    <\/a>\n                <\/hgroup>\n                <span class=\"vehicle-addition\">\n                    <p>\n                        SUV\/Gel\u00e4ndewagen\/Pickup ,\n                        Gebrauchtfahrzeug                    <\/p>\n                <\/span>\n                <div class=\"vehicle-row\">\n                    <div class=\"vehicle-thumbnail\">\n                        <a href=\"https:\/\/ford-sachsen.de\/html\/page\/fahrzeuge\/ford-kuga-phev-graphitetechedition-sportpaket-hud-ahk\/\" title=\"Ford Kuga PHEV GraphiteTechEdition Sportpaket HUD AHK\">\n                            <img loading=\"lazy\" decoding=\"async\" width=\"300\" height=\"225\" src=\"https:\/\/ford-sachsen.de\/html\/page\/wp-content\/uploads\/2026\/09\/4811113-6a97311e0a2fc8fe90941-fa32-4ae3-9740-b6c8265878bb-rule-mo-1600-300x225.jpg\" class=\"attachment-medium size-medium wp-post-image\" alt=\"\" srcset=\"https:\/\/ford-sachsen.de\/html\/page\/wp-content\/uploads\/2026\/09\/4811113-6a97311e0a2fc8fe90941-fa32-4ae3-9740-b6c8265878bb-rule-mo-1600-300x225.jpg 300w, https:\/\/ford-sachsen.de\/html\/page\/wp-content\/uploads\/2026\/09\/4811113-6a97311e0a2fc8fe90941-fa32-4ae3-9740-b6c8265878bb-rule-mo-1600-1024x768.jpg 1024w, https:\/\/ford-sachsen.de\/html\/page\/wp-content\/uploads\/2026\/09\/4811113-6a97311e0a2fc8fe90941-fa32-4ae3-9740-b6c8265878bb-rule-mo-1600-768x576.jpg 768w, https:\/\/ford-sachsen.de\/html\/page\/wp-content\/uploads\/2026\/09\/4811113-6a97311e0a2fc8fe90941-fa32-4ae3-9740-b6c8265878bb-rule-mo-1600.jpg 1440w\" sizes=\"(max-width: 300px) 100vw, 300px\" \/>                        <\/a>\n                    <\/div>\n                    <div class=\"vehicle-data\">\n                                                    <small>\n                                                                01.2024                                \u00b7\n                            <\/small>\n                                                                            <small>\n                                12.656 km\n                            <\/small>\n                                                                            <small>\n                                \u00b7\n                                165 kW\n                                                                (\n                                224 PS)\n                            <\/small>\n                                                                            <small>\n                                \u00b7\n                                Automatik                            <\/small>\n                                                                            <small>\n                                \u00b7\n                                Unfallfrei                            <\/small>\n                        \n                                                    <small>\n                                \u00b7\n                                Plug-in-Hybrid                            <\/small>\n                                                                                                                            <small>\n                                \u00b7\n                                4\/5 T\u00fcren\n                            <\/small>\n                                                <ul class=\"vehicle-emission\">\n                                                <span>Kraftstoffverbrauch gewichtet, kombiniert: \n                                    1.0                                 l\/100km<\/span><br>\n                                             <span>Verbrauch komb.: \n                                    5.6                                 l\/100km<\/span><br>\n                                                                <span>Stromverbrauch gewichtet, kombiniert: \n                                    14.9                                 kWh\/100km<\/span><br>\n                                                            \n                                       \n  <!-- CO2-Emissionen\t-->\n                                            <span>CO\u2082-Emissionen komb.: 24.0                                 g\/km<\/span><br>\n                                        <!-- CO2-Emissionen\t-->\n                   \n \n                         <span>CO\u2082-Klasse: \n                                    B                                <\/span><br>\n                    \n\n\n                <\/ul>\n\n                    <\/div>\n\n                    <div class=\"vehicle-price\">\n                                                    <div itemprop=\"priceSpecification\" itemscope itemtype=\"http:\/\/schema.org\/UnitPriceSpecification\">\n                                <meta itemprop=\"priceCurrency\" content=\"EUR\">\n                                <meta itemprop=\"price\" content=\"30.799\">\n                                <strong>\n                                    30.799 \u20ac (Brutto)\n                                <\/strong><br><small>\n                                    Inkl. 19% MwSt.                                <\/small>\n                            <\/div>\n                                                <br>\n                        <a href=\"https:\/\/ford-sachsen.de\/html\/page\/fahrzeuge\/ford-kuga-phev-graphitetechedition-sportpaket-hud-ahk\/\"\n                            class=\"vehicle-btn wp-block-button__link wp-element-button\">Details<\/a>\n                    <\/div>\n                <\/div> <!-- \/\/ vehicle-row -->\n               \n            <\/article>\n                        <article id=\"post-4811111\" class=\"vehicle\">\n                <hgroup>\n                    <a href=\"https:\/\/ford-sachsen.de\/html\/page\/fahrzeuge\/ford-puma-st-line-rueckfahrk-mehrzonenklima-winterp\/\">\n                        <h2 class=\"vehicle-title\">\n                            Ford Puma ST-Line R\u00fcckfahrk. Mehrzonenklima. Winterp.                        <\/h2>\n\n                    <\/a>\n                <\/hgroup>\n                <span class=\"vehicle-addition\">\n                    <p>\n                        SUV\/Gel\u00e4ndewagen\/Pickup ,\n                        Gebrauchtfahrzeug                    <\/p>\n                <\/span>\n                <div class=\"vehicle-row\">\n                    <div class=\"vehicle-thumbnail\">\n                        <a href=\"https:\/\/ford-sachsen.de\/html\/page\/fahrzeuge\/ford-puma-st-line-rueckfahrk-mehrzonenklima-winterp\/\" title=\"Ford Puma ST-Line R\u00fcckfahrk. Mehrzonenklima. Winterp.\">\n                            <img loading=\"lazy\" decoding=\"async\" width=\"300\" height=\"225\" src=\"https:\/\/ford-sachsen.de\/html\/page\/wp-content\/uploads\/2026\/09\/4811111-6a97311caae767a35f6e6-f383-44a6-bf11-eb5794dddb24-rule-mo-1600-300x225.jpg\" class=\"attachment-medium size-medium wp-post-image\" alt=\"\" srcset=\"https:\/\/ford-sachsen.de\/html\/page\/wp-content\/uploads\/2026\/09\/4811111-6a97311caae767a35f6e6-f383-44a6-bf11-eb5794dddb24-rule-mo-1600-300x225.jpg 300w, https:\/\/ford-sachsen.de\/html\/page\/wp-content\/uploads\/2026\/09\/4811111-6a97311caae767a35f6e6-f383-44a6-bf11-eb5794dddb24-rule-mo-1600.jpg 640w\" sizes=\"(max-width: 300px) 100vw, 300px\" \/>                        <\/a>\n                    <\/div>\n                    <div class=\"vehicle-data\">\n                                                    <small>\n                                                                04.2024                                \u00b7\n                            <\/small>\n                                                                            <small>\n                                20.620 km\n                            <\/small>\n                                                                            <small>\n                                \u00b7\n                                92 kW\n                                                                (\n                                125 PS)\n                            <\/small>\n                                                                            <small>\n                                \u00b7\n                                Schaltgetriebe                            <\/small>\n                                                                            <small>\n                                \u00b7\n                                Unfallfrei                            <\/small>\n                        \n                                                    <small>\n                                \u00b7\n                                Benzin                            <\/small>\n                                                                                                                            <small>\n                                \u00b7\n                                4\/5 T\u00fcren\n                            <\/small>\n                                                <ul class=\"vehicle-emission\">\n                                                 <span>Verbrauch komb.: \n                                    5.4                                 l\/100km<\/span><br>\n                                                                                \n                                       \n  <!-- CO2-Emissionen\t-->\n                                            <span>CO\u2082-Emissionen komb.: 121.0                                 g\/km<\/span><br>\n                                        <!-- CO2-Emissionen\t-->\n                   \n \n                         <span>CO\u2082-Klasse: \n                                    D                                <\/span><br>\n                    \n\n\n                <\/ul>\n\n                    <\/div>\n\n                    <div class=\"vehicle-price\">\n                                                    <div itemprop=\"priceSpecification\" itemscope itemtype=\"http:\/\/schema.org\/UnitPriceSpecification\">\n                                <meta itemprop=\"priceCurrency\" content=\"EUR\">\n                                <meta itemprop=\"price\" content=\"16.990\">\n                                <strong>\n                                    16.990 \u20ac (Brutto)\n                                <\/strong><br><small>\n                                    Inkl. 19% MwSt.                                <\/small>\n                            <\/div>\n                                                <br>\n                        <a href=\"https:\/\/ford-sachsen.de\/html\/page\/fahrzeuge\/ford-puma-st-line-rueckfahrk-mehrzonenklima-winterp\/\"\n                            class=\"vehicle-btn wp-block-button__link wp-element-button\">Details<\/a>\n                    <\/div>\n                <\/div> <!-- \/\/ vehicle-row -->\n               \n            <\/article>\n                        <article id=\"post-4811087\" class=\"vehicle\">\n                <hgroup>\n                    <a href=\"https:\/\/ford-sachsen.de\/html\/page\/fahrzeuge\/mitsubishi-asx-diamant-12-t-digitales-cockpit-led-apple-ca\/\">\n                        <h2 class=\"vehicle-title\">\n                            Mitsubishi ASX Diamant 1,2 T Digitales Cockpit LED Apple Ca                        <\/h2>\n\n                    <\/a>\n                <\/hgroup>\n                <span class=\"vehicle-addition\">\n                    <p>\n                        SUV\/Gel\u00e4ndewagen\/Pickup ,\n                        Gebrauchtfahrzeug                    <\/p>\n                <\/span>\n                <div class=\"vehicle-row\">\n                    <div class=\"vehicle-thumbnail\">\n                        <a href=\"https:\/\/ford-sachsen.de\/html\/page\/fahrzeuge\/mitsubishi-asx-diamant-12-t-digitales-cockpit-led-apple-ca\/\" title=\"Mitsubishi ASX Diamant 1,2 T Digitales Cockpit LED Apple Ca\">\n                            <img loading=\"lazy\" decoding=\"async\" width=\"300\" height=\"225\" src=\"https:\/\/ford-sachsen.de\/html\/page\/wp-content\/uploads\/2026\/09\/4811087-6a97300ba7e33cd13e032-d3bb-4048-ad27-f0d9edbb54db-rule-mo-1600-300x225.jpg\" class=\"attachment-medium size-medium wp-post-image\" alt=\"\" srcset=\"https:\/\/ford-sachsen.de\/html\/page\/wp-content\/uploads\/2026\/09\/4811087-6a97300ba7e33cd13e032-d3bb-4048-ad27-f0d9edbb54db-rule-mo-1600-300x225.jpg 300w, https:\/\/ford-sachsen.de\/html\/page\/wp-content\/uploads\/2026\/09\/4811087-6a97300ba7e33cd13e032-d3bb-4048-ad27-f0d9edbb54db-rule-mo-1600-1024x768.jpg 1024w, https:\/\/ford-sachsen.de\/html\/page\/wp-content\/uploads\/2026\/09\/4811087-6a97300ba7e33cd13e032-d3bb-4048-ad27-f0d9edbb54db-rule-mo-1600-768x576.jpg 768w, https:\/\/ford-sachsen.de\/html\/page\/wp-content\/uploads\/2026\/09\/4811087-6a97300ba7e33cd13e032-d3bb-4048-ad27-f0d9edbb54db-rule-mo-1600.jpg 1440w\" sizes=\"(max-width: 300px) 100vw, 300px\" \/>                        <\/a>\n                    <\/div>\n                    <div class=\"vehicle-data\">\n                                                    <small>\n                                                                03.2026                                \u00b7\n                            <\/small>\n                                                                            <small>\n                                5.000 km\n                            <\/small>\n                                                                            <small>\n                                \u00b7\n                                84 kW\n                                                                (\n                                114 PS)\n                            <\/small>\n                                                                            <small>\n                                \u00b7\n                                Schaltgetriebe                            <\/small>\n                                                                            <small>\n                                \u00b7\n                                Unfallfrei                            <\/small>\n                        \n                                                    <small>\n                                \u00b7\n                                Benzin                            <\/small>\n                                                                                                                            <small>\n                                \u00b7\n                                4\/5 T\u00fcren\n                            <\/small>\n                                                <ul class=\"vehicle-emission\">\n                                                 <span>Verbrauch komb.: \n                                    5.7                                 l\/100km<\/span><br>\n                                                                                \n                                       \n  <!-- CO2-Emissionen\t-->\n                                            <span>CO\u2082-Emissionen komb.: 129.0                                 g\/km<\/span><br>\n                                        <!-- CO2-Emissionen\t-->\n                   \n \n                         <span>CO\u2082-Klasse: \n                                    D                                <\/span><br>\n                    \n\n\n                <\/ul>\n\n                    <\/div>\n\n                    <div class=\"vehicle-price\">\n                                                    <div itemprop=\"priceSpecification\" itemscope itemtype=\"http:\/\/schema.org\/UnitPriceSpecification\">\n                                <meta itemprop=\"priceCurrency\" content=\"EUR\">\n                                <meta itemprop=\"price\" content=\"21.950\">\n                                <strong>\n                                    21.950 \u20ac (Brutto)\n                                <\/strong><br><small>\n                                    Inkl. 19% MwSt.                                <\/small>\n                            <\/div>\n                                                <br>\n                        <a href=\"https:\/\/ford-sachsen.de\/html\/page\/fahrzeuge\/mitsubishi-asx-diamant-12-t-digitales-cockpit-led-apple-ca\/\"\n                            class=\"vehicle-btn wp-block-button__link wp-element-button\">Details<\/a>\n                    <\/div>\n                <\/div> <!-- \/\/ vehicle-row -->\n               \n            <\/article>\n                        <article id=\"post-4811083\" class=\"vehicle\">\n                <hgroup>\n                    <a href=\"https:\/\/ford-sachsen.de\/html\/page\/fahrzeuge\/mitsubishi-space-star-spirit-navi-apple-carplay-android-au\/\">\n                        <h2 class=\"vehicle-title\">\n                            Mitsubishi Space Star Spirit+ Navi Apple CarPlay Android Au                        <\/h2>\n\n                    <\/a>\n                <\/hgroup>\n                <span class=\"vehicle-addition\">\n                    <p>\n                        Limousine ,\n                        Gebrauchtfahrzeug                    <\/p>\n                <\/span>\n                <div class=\"vehicle-row\">\n                    <div class=\"vehicle-thumbnail\">\n                        <a href=\"https:\/\/ford-sachsen.de\/html\/page\/fahrzeuge\/mitsubishi-space-star-spirit-navi-apple-carplay-android-au\/\" title=\"Mitsubishi Space Star Spirit+ Navi Apple CarPlay Android Au\">\n                            <img loading=\"lazy\" decoding=\"async\" width=\"300\" height=\"225\" src=\"https:\/\/ford-sachsen.de\/html\/page\/wp-content\/uploads\/2026\/09\/4811083-6a972ee8c662df24c6869-6a96-4a7a-b0c1-1cb4baa0004a-rule-mo-1600-300x225.jpg\" class=\"attachment-medium size-medium wp-post-image\" alt=\"\" srcset=\"https:\/\/ford-sachsen.de\/html\/page\/wp-content\/uploads\/2026\/09\/4811083-6a972ee8c662df24c6869-6a96-4a7a-b0c1-1cb4baa0004a-rule-mo-1600-300x225.jpg 300w, https:\/\/ford-sachsen.de\/html\/page\/wp-content\/uploads\/2026\/09\/4811083-6a972ee8c662df24c6869-6a96-4a7a-b0c1-1cb4baa0004a-rule-mo-1600-1024x768.jpg 1024w, https:\/\/ford-sachsen.de\/html\/page\/wp-content\/uploads\/2026\/09\/4811083-6a972ee8c662df24c6869-6a96-4a7a-b0c1-1cb4baa0004a-rule-mo-1600-768x576.jpg 768w, https:\/\/ford-sachsen.de\/html\/page\/wp-content\/uploads\/2026\/09\/4811083-6a972ee8c662df24c6869-6a96-4a7a-b0c1-1cb4baa0004a-rule-mo-1600.jpg 1440w\" sizes=\"(max-width: 300px) 100vw, 300px\" \/>                        <\/a>\n                    <\/div>\n                    <div class=\"vehicle-data\">\n                                                    <small>\n                                                                06.2021                                \u00b7\n                            <\/small>\n                                                                            <small>\n                                19.135 km\n                            <\/small>\n                                                                            <small>\n                                \u00b7\n                                52 kW\n                                                                (\n                                71 PS)\n                            <\/small>\n                                                                            <small>\n                                \u00b7\n                                Schaltgetriebe                            <\/small>\n                                                                            <small>\n                                \u00b7\n                                Unfallfrei                            <\/small>\n                        \n                                                    <small>\n                                \u00b7\n                                Benzin                            <\/small>\n                                                                                                                            <small>\n                                \u00b7\n                                4\/5 T\u00fcren\n                            <\/small>\n                                                <ul class=\"vehicle-emission\">\n                                                                                     \n                                       \n  <!-- CO2-Emissionen\t-->\n                                        <!-- CO2-Emissionen\t-->\n                   \n \n \n\n\n                <\/ul>\n\n                    <\/div>\n\n                    <div class=\"vehicle-price\">\n                                                    <div itemprop=\"priceSpecification\" itemscope itemtype=\"http:\/\/schema.org\/UnitPriceSpecification\">\n                                <meta itemprop=\"priceCurrency\" content=\"EUR\">\n                                <meta itemprop=\"price\" content=\"10.990\">\n                                <strong>\n                                    10.990 \u20ac (Brutto)\n                                <\/strong><br><small>\n                                    MwSt. nicht ausweisbar                                <\/small>\n                            <\/div>\n                                                <br>\n                        <a href=\"https:\/\/ford-sachsen.de\/html\/page\/fahrzeuge\/mitsubishi-space-star-spirit-navi-apple-carplay-android-au\/\"\n                            class=\"vehicle-btn wp-block-button__link wp-element-button\">Details<\/a>\n                    <\/div>\n                <\/div> <!-- \/\/ vehicle-row -->\n               \n            <\/article>\n                        <article id=\"post-4811081\" class=\"vehicle\">\n                <hgroup>\n                    <a href=\"https:\/\/ford-sachsen.de\/html\/page\/fahrzeuge\/volkswagen-transporter-bus-caravelle-trendline-bluemotion-t\/\">\n                        <h2 class=\"vehicle-title\">\n                            Volkswagen Transporter Bus Caravelle Trendline BlueMotion T                        <\/h2>\n\n                    <\/a>\n                <\/hgroup>\n                <span class=\"vehicle-addition\">\n                    <p>\n                        Van\/Minibus ,\n                        Gebrauchtfahrzeug                    <\/p>\n                <\/span>\n                <div class=\"vehicle-row\">\n                    <div class=\"vehicle-thumbnail\">\n                        <a href=\"https:\/\/ford-sachsen.de\/html\/page\/fahrzeuge\/volkswagen-transporter-bus-caravelle-trendline-bluemotion-t\/\" title=\"Volkswagen Transporter Bus Caravelle Trendline BlueMotion T\">\n                            <img loading=\"lazy\" decoding=\"async\" width=\"300\" height=\"225\" src=\"https:\/\/ford-sachsen.de\/html\/page\/wp-content\/uploads\/2026\/09\/4811081-6a972ee7116d8fa1054e5-f807-4ff0-97d1-0a40105e5edc-rule-mo-1600-300x225.jpg\" class=\"attachment-medium size-medium wp-post-image\" alt=\"\" srcset=\"https:\/\/ford-sachsen.de\/html\/page\/wp-content\/uploads\/2026\/09\/4811081-6a972ee7116d8fa1054e5-f807-4ff0-97d1-0a40105e5edc-rule-mo-1600-300x225.jpg 300w, https:\/\/ford-sachsen.de\/html\/page\/wp-content\/uploads\/2026\/09\/4811081-6a972ee7116d8fa1054e5-f807-4ff0-97d1-0a40105e5edc-rule-mo-1600-1024x768.jpg 1024w, https:\/\/ford-sachsen.de\/html\/page\/wp-content\/uploads\/2026\/09\/4811081-6a972ee7116d8fa1054e5-f807-4ff0-97d1-0a40105e5edc-rule-mo-1600-768x576.jpg 768w, https:\/\/ford-sachsen.de\/html\/page\/wp-content\/uploads\/2026\/09\/4811081-6a972ee7116d8fa1054e5-f807-4ff0-97d1-0a40105e5edc-rule-mo-1600.jpg 1440w\" sizes=\"(max-width: 300px) 100vw, 300px\" \/>                        <\/a>\n                    <\/div>\n                    <div class=\"vehicle-data\">\n                                                    <small>\n                                                                05.2018                                \u00b7\n                            <\/small>\n                                                                            <small>\n                                150.650 km\n                            <\/small>\n                                                                            <small>\n                                \u00b7\n                                75 kW\n                                                                (\n                                102 PS)\n                            <\/small>\n                                                                            <small>\n                                \u00b7\n                                Schaltgetriebe                            <\/small>\n                                                                            <small>\n                                \u00b7\n                                Unfallfrei                            <\/small>\n                        \n                                                    <small>\n                                \u00b7\n                                Diesel                            <\/small>\n                                                                                                                            <small>\n                                \u00b7\n                                4\/5 T\u00fcren\n                            <\/small>\n                                                <ul class=\"vehicle-emission\">\n                                                                                     \n                                       \n  <!-- CO2-Emissionen\t-->\n                                        <!-- CO2-Emissionen\t-->\n                   \n \n \n\n\n                <\/ul>\n\n                    <\/div>\n\n                    <div class=\"vehicle-price\">\n                                                    <div itemprop=\"priceSpecification\" itemscope itemtype=\"http:\/\/schema.org\/UnitPriceSpecification\">\n                                <meta itemprop=\"priceCurrency\" content=\"EUR\">\n                                <meta itemprop=\"price\" content=\"19.990\">\n                                <strong>\n                                    19.990 \u20ac (Brutto)\n                                <\/strong><br><small>\n                                    MwSt. nicht ausweisbar                                <\/small>\n                            <\/div>\n                                                <br>\n                        <a href=\"https:\/\/ford-sachsen.de\/html\/page\/fahrzeuge\/volkswagen-transporter-bus-caravelle-trendline-bluemotion-t\/\"\n                            class=\"vehicle-btn wp-block-button__link wp-element-button\">Details<\/a>\n                    <\/div>\n                <\/div> <!-- \/\/ vehicle-row -->\n               \n            <\/article>\n                        <article id=\"post-4811079\" class=\"vehicle\">\n                <hgroup>\n                    <a href=\"https:\/\/ford-sachsen.de\/html\/page\/fahrzeuge\/ford-focus-turnier-titanium-navi-soundsystem-b-o-le\/\">\n                        <h2 class=\"vehicle-title\">\n                            Ford Focus Turnier Titanium Navi Soundsystem B &amp; O LE                        <\/h2>\n\n                    <\/a>\n                <\/hgroup>\n                <span class=\"vehicle-addition\">\n                    <p>\n                        Kombi ,\n                        Gebrauchtfahrzeug                    <\/p>\n                <\/span>\n                <div class=\"vehicle-row\">\n                    <div class=\"vehicle-thumbnail\">\n                        <a href=\"https:\/\/ford-sachsen.de\/html\/page\/fahrzeuge\/ford-focus-turnier-titanium-navi-soundsystem-b-o-le\/\" title=\"Ford Focus Turnier Titanium Navi Soundsystem B &amp; O LE\">\n                            <img loading=\"lazy\" decoding=\"async\" width=\"300\" height=\"225\" src=\"https:\/\/ford-sachsen.de\/html\/page\/wp-content\/uploads\/2026\/09\/4811079-6a972ee54449215c12ceb-54e4-4eea-8db1-cbb80a052d08-rule-mo-1600-300x225.jpg\" class=\"attachment-medium size-medium wp-post-image\" alt=\"\" srcset=\"https:\/\/ford-sachsen.de\/html\/page\/wp-content\/uploads\/2026\/09\/4811079-6a972ee54449215c12ceb-54e4-4eea-8db1-cbb80a052d08-rule-mo-1600-300x225.jpg 300w, https:\/\/ford-sachsen.de\/html\/page\/wp-content\/uploads\/2026\/09\/4811079-6a972ee54449215c12ceb-54e4-4eea-8db1-cbb80a052d08-rule-mo-1600-1024x768.jpg 1024w, https:\/\/ford-sachsen.de\/html\/page\/wp-content\/uploads\/2026\/09\/4811079-6a972ee54449215c12ceb-54e4-4eea-8db1-cbb80a052d08-rule-mo-1600-768x576.jpg 768w, https:\/\/ford-sachsen.de\/html\/page\/wp-content\/uploads\/2026\/09\/4811079-6a972ee54449215c12ceb-54e4-4eea-8db1-cbb80a052d08-rule-mo-1600.jpg 1440w\" sizes=\"(max-width: 300px) 100vw, 300px\" \/>                        <\/a>\n                    <\/div>\n                    <div class=\"vehicle-data\">\n                                                    <small>\n                                                                12.2018                                \u00b7\n                            <\/small>\n                                                                            <small>\n                                80.939 km\n                            <\/small>\n                                                                            <small>\n                                \u00b7\n                                92 kW\n                                                                (\n                                125 PS)\n                            <\/small>\n                                                                            <small>\n                                \u00b7\n                                Schaltgetriebe                            <\/small>\n                                                                            <small>\n                                \u00b7\n                                Unfallfrei                            <\/small>\n                        \n                                                    <small>\n                                \u00b7\n                                Benzin                            <\/small>\n                                                                                                                            <small>\n                                \u00b7\n                                4\/5 T\u00fcren\n                            <\/small>\n                                                <ul class=\"vehicle-emission\">\n                                                                                     \n                                       \n  <!-- CO2-Emissionen\t-->\n                                        <!-- CO2-Emissionen\t-->\n                   \n \n \n\n\n                <\/ul>\n\n                    <\/div>\n\n                    <div class=\"vehicle-price\">\n                                                    <div itemprop=\"priceSpecification\" itemscope itemtype=\"http:\/\/schema.org\/UnitPriceSpecification\">\n                                <meta itemprop=\"priceCurrency\" content=\"EUR\">\n                                <meta itemprop=\"price\" content=\"12.890\">\n                                <strong>\n                                    12.890 \u20ac (Brutto)\n                                <\/strong><br><small>\n                                    MwSt. nicht ausweisbar                                <\/small>\n                            <\/div>\n                                                <br>\n                        <a href=\"https:\/\/ford-sachsen.de\/html\/page\/fahrzeuge\/ford-focus-turnier-titanium-navi-soundsystem-b-o-le\/\"\n                            class=\"vehicle-btn wp-block-button__link wp-element-button\">Details<\/a>\n                    <\/div>\n                <\/div> <!-- \/\/ vehicle-row -->\n               \n            <\/article>\n                        <article id=\"post-4811077\" class=\"vehicle\">\n                <hgroup>\n                    <a href=\"https:\/\/ford-sachsen.de\/html\/page\/fahrzeuge\/ford-ranger-wildtrak-e-4wd-doppelkabine-ahk-abnehmbar\/\">\n                        <h2 class=\"vehicle-title\">\n                            Ford Ranger Wildtrak e-4WD Doppelkabine AHK-abnehmbar                        <\/h2>\n\n                    <\/a>\n                <\/hgroup>\n                <span class=\"vehicle-addition\">\n                    <p>\n                        SUV\/Gel\u00e4ndewagen\/Pickup ,\n                        Neufahrzeug                    <\/p>\n                <\/span>\n                <div class=\"vehicle-row\">\n                    <div class=\"vehicle-thumbnail\">\n                        <a href=\"https:\/\/ford-sachsen.de\/html\/page\/fahrzeuge\/ford-ranger-wildtrak-e-4wd-doppelkabine-ahk-abnehmbar\/\" title=\"Ford Ranger Wildtrak e-4WD Doppelkabine AHK-abnehmbar\">\n                            <img loading=\"lazy\" decoding=\"async\" width=\"300\" height=\"225\" src=\"https:\/\/ford-sachsen.de\/html\/page\/wp-content\/uploads\/2026\/09\/4811077-6a972ee34e3f7d51dd78c-a6f2-419f-a5e3-029bc5d629a1-rule-mo-1600-300x225.jpg\" class=\"attachment-medium size-medium wp-post-image\" alt=\"\" srcset=\"https:\/\/ford-sachsen.de\/html\/page\/wp-content\/uploads\/2026\/09\/4811077-6a972ee34e3f7d51dd78c-a6f2-419f-a5e3-029bc5d629a1-rule-mo-1600-300x225.jpg 300w, https:\/\/ford-sachsen.de\/html\/page\/wp-content\/uploads\/2026\/09\/4811077-6a972ee34e3f7d51dd78c-a6f2-419f-a5e3-029bc5d629a1-rule-mo-1600-1024x768.jpg 1024w, https:\/\/ford-sachsen.de\/html\/page\/wp-content\/uploads\/2026\/09\/4811077-6a972ee34e3f7d51dd78c-a6f2-419f-a5e3-029bc5d629a1-rule-mo-1600-768x576.jpg 768w, https:\/\/ford-sachsen.de\/html\/page\/wp-content\/uploads\/2026\/09\/4811077-6a972ee34e3f7d51dd78c-a6f2-419f-a5e3-029bc5d629a1-rule-mo-1600.jpg 1440w\" sizes=\"(max-width: 300px) 100vw, 300px\" \/>                        <\/a>\n                    <\/div>\n                    <div class=\"vehicle-data\">\n                                                                            <small>\n                                2 km\n                            <\/small>\n                                                                            <small>\n                                \u00b7\n                                151 kW\n                                                                (\n                                205 PS)\n                            <\/small>\n                                                                            <small>\n                                \u00b7\n                                Automatik                            <\/small>\n                                                                            <small>\n                                \u00b7\n                                Unfallfrei                            <\/small>\n                        \n                                                    <small>\n                                \u00b7\n                                Diesel                            <\/small>\n                                                                                                                            <small>\n                                \u00b7\n                                4\/5 T\u00fcren\n                            <\/small>\n                                                <ul class=\"vehicle-emission\">\n                                                 <span>Verbrauch komb.: \n                                    8.9                                 l\/100km<\/span><br>\n                                                                                \n                                       \n  <!-- CO2-Emissionen\t-->\n                                            <span>CO\u2082-Emissionen komb.: 234.0                                 g\/km<\/span><br>\n                                        <!-- CO2-Emissionen\t-->\n                   \n \n                         <span>CO\u2082-Klasse: \n                                    G                                <\/span><br>\n                    \n\n\n                <\/ul>\n\n                    <\/div>\n\n                    <div class=\"vehicle-price\">\n                                                    <div itemprop=\"priceSpecification\" itemscope itemtype=\"http:\/\/schema.org\/UnitPriceSpecification\">\n                                <meta itemprop=\"priceCurrency\" content=\"EUR\">\n                                <meta itemprop=\"price\" content=\"54.885\">\n                                <strong>\n                                    54.885 \u20ac (Brutto)\n                                <\/strong><br><small>\n                                    Inkl. 19% MwSt.                                <\/small>\n                            <\/div>\n                                                <br>\n                        <a href=\"https:\/\/ford-sachsen.de\/html\/page\/fahrzeuge\/ford-ranger-wildtrak-e-4wd-doppelkabine-ahk-abnehmbar\/\"\n                            class=\"vehicle-btn wp-block-button__link wp-element-button\">Details<\/a>\n                    <\/div>\n                <\/div> <!-- \/\/ vehicle-row -->\n               \n            <\/article>\n                        <article id=\"post-4811075\" class=\"vehicle\">\n                <hgroup>\n                    <a href=\"https:\/\/ford-sachsen.de\/html\/page\/fahrzeuge\/ford-ranger-wildtrak-phev-automatik-4x4-acc-kamera-na\/\">\n                        <h2 class=\"vehicle-title\">\n                            Ford Ranger Wildtrak PHEV Automatik 4&#215;4 ACC Kamera Na                        <\/h2>\n\n                    <\/a>\n                <\/hgroup>\n                <span class=\"vehicle-addition\">\n                    <p>\n                        SUV\/Gel\u00e4ndewagen\/Pickup ,\n                        Neufahrzeug                    <\/p>\n                <\/span>\n                <div class=\"vehicle-row\">\n                    <div class=\"vehicle-thumbnail\">\n                        <a href=\"https:\/\/ford-sachsen.de\/html\/page\/fahrzeuge\/ford-ranger-wildtrak-phev-automatik-4x4-acc-kamera-na\/\" title=\"Ford Ranger Wildtrak PHEV Automatik 4&#215;4 ACC Kamera Na\">\n                            <img loading=\"lazy\" decoding=\"async\" width=\"300\" height=\"225\" src=\"https:\/\/ford-sachsen.de\/html\/page\/wp-content\/uploads\/2026\/09\/4811075-6a972ee117bf8e9657ec5-8c58-4181-bc95-7a3c6135e29e-rule-mo-1600-300x225.jpg\" class=\"attachment-medium size-medium wp-post-image\" alt=\"\" srcset=\"https:\/\/ford-sachsen.de\/html\/page\/wp-content\/uploads\/2026\/09\/4811075-6a972ee117bf8e9657ec5-8c58-4181-bc95-7a3c6135e29e-rule-mo-1600-300x225.jpg 300w, https:\/\/ford-sachsen.de\/html\/page\/wp-content\/uploads\/2026\/09\/4811075-6a972ee117bf8e9657ec5-8c58-4181-bc95-7a3c6135e29e-rule-mo-1600-1024x768.jpg 1024w, https:\/\/ford-sachsen.de\/html\/page\/wp-content\/uploads\/2026\/09\/4811075-6a972ee117bf8e9657ec5-8c58-4181-bc95-7a3c6135e29e-rule-mo-1600-768x576.jpg 768w, https:\/\/ford-sachsen.de\/html\/page\/wp-content\/uploads\/2026\/09\/4811075-6a972ee117bf8e9657ec5-8c58-4181-bc95-7a3c6135e29e-rule-mo-1600-1536x1152.jpg 1536w, https:\/\/ford-sachsen.de\/html\/page\/wp-content\/uploads\/2026\/09\/4811075-6a972ee117bf8e9657ec5-8c58-4181-bc95-7a3c6135e29e-rule-mo-1600.jpg 1600w\" sizes=\"(max-width: 300px) 100vw, 300px\" \/>                        <\/a>\n                    <\/div>\n                    <div class=\"vehicle-data\">\n                                                                            <small>\n                                2 km\n                            <\/small>\n                                                                            <small>\n                                \u00b7\n                                207 kW\n                                                                (\n                                281 PS)\n                            <\/small>\n                                                                            <small>\n                                \u00b7\n                                Automatik                            <\/small>\n                                                                            <small>\n                                \u00b7\n                                Unfallfrei                            <\/small>\n                        \n                                                    <small>\n                                \u00b7\n                                Plug-in-Hybrid                            <\/small>\n                                                                                                                            <small>\n                                \u00b7\n                                4\/5 T\u00fcren\n                            <\/small>\n                                                <ul class=\"vehicle-emission\">\n                                                <span>Kraftstoffverbrauch gewichtet, kombiniert: \n                                    6.4                                 l\/100km<\/span><br>\n                                             <span>Verbrauch komb.: \n                                    10.2                                 l\/100km<\/span><br>\n                                                                <span>Stromverbrauch gewichtet, kombiniert: \n                                    33.7                                 kWh\/100km<\/span><br>\n                                                            \n                                       \n  <!-- CO2-Emissionen\t-->\n                                            <span>CO\u2082-Emissionen komb.: 145.0                                 g\/km<\/span><br>\n                                        <!-- CO2-Emissionen\t-->\n                   \n \n                         <span>CO\u2082-Klasse: \n                                    E                                <\/span><br>\n                    \n\n\n                <\/ul>\n\n                    <\/div>\n\n                    <div class=\"vehicle-price\">\n                                                    <div itemprop=\"priceSpecification\" itemscope itemtype=\"http:\/\/schema.org\/UnitPriceSpecification\">\n                                <meta itemprop=\"priceCurrency\" content=\"EUR\">\n                                <meta itemprop=\"price\" content=\"57.995\">\n                                <strong>\n                                    57.995 \u20ac (Brutto)\n                                <\/strong><br><small>\n                                    Inkl. 19% MwSt.                                <\/small>\n                            <\/div>\n                                                <br>\n                        <a href=\"https:\/\/ford-sachsen.de\/html\/page\/fahrzeuge\/ford-ranger-wildtrak-phev-automatik-4x4-acc-kamera-na\/\"\n                            class=\"vehicle-btn wp-block-button__link wp-element-button\">Details<\/a>\n                    <\/div>\n                <\/div> <!-- \/\/ vehicle-row -->\n               \n            <\/article>\n                        <article id=\"post-4811073\" class=\"vehicle\">\n                <hgroup>\n                    <a href=\"https:\/\/ford-sachsen.de\/html\/page\/fahrzeuge\/ford-focus-turnier-titanium-navi-led-apple-carplay-an\/\">\n                        <h2 class=\"vehicle-title\">\n                            Ford Focus Turnier Titanium Navi LED Apple CarPlay An                        <\/h2>\n\n                    <\/a>\n                <\/hgroup>\n                <span class=\"vehicle-addition\">\n                    <p>\n                        Kombi ,\n                        Gebrauchtfahrzeug                    <\/p>\n                <\/span>\n                <div class=\"vehicle-row\">\n                    <div class=\"vehicle-thumbnail\">\n                        <a href=\"https:\/\/ford-sachsen.de\/html\/page\/fahrzeuge\/ford-focus-turnier-titanium-navi-led-apple-carplay-an\/\" title=\"Ford Focus Turnier Titanium Navi LED Apple CarPlay An\">\n                            <img loading=\"lazy\" decoding=\"async\" width=\"300\" height=\"225\" src=\"https:\/\/ford-sachsen.de\/html\/page\/wp-content\/uploads\/2026\/09\/4811073-6a972ede8dac1c2406207-7900-4ca5-8f49-382f5e45b13f-rule-mo-1600-300x225.jpg\" class=\"attachment-medium size-medium wp-post-image\" alt=\"\" srcset=\"https:\/\/ford-sachsen.de\/html\/page\/wp-content\/uploads\/2026\/09\/4811073-6a972ede8dac1c2406207-7900-4ca5-8f49-382f5e45b13f-rule-mo-1600-300x225.jpg 300w, https:\/\/ford-sachsen.de\/html\/page\/wp-content\/uploads\/2026\/09\/4811073-6a972ede8dac1c2406207-7900-4ca5-8f49-382f5e45b13f-rule-mo-1600-1024x768.jpg 1024w, https:\/\/ford-sachsen.de\/html\/page\/wp-content\/uploads\/2026\/09\/4811073-6a972ede8dac1c2406207-7900-4ca5-8f49-382f5e45b13f-rule-mo-1600-768x576.jpg 768w, https:\/\/ford-sachsen.de\/html\/page\/wp-content\/uploads\/2026\/09\/4811073-6a972ede8dac1c2406207-7900-4ca5-8f49-382f5e45b13f-rule-mo-1600.jpg 1440w\" sizes=\"(max-width: 300px) 100vw, 300px\" \/>                        <\/a>\n                    <\/div>\n                    <div class=\"vehicle-data\">\n                                                    <small>\n                                                                01.2022                                \u00b7\n                            <\/small>\n                                                                            <small>\n                                46.308 km\n                            <\/small>\n                                                                            <small>\n                                \u00b7\n                                92 kW\n                                                                (\n                                125 PS)\n                            <\/small>\n                                                                            <small>\n                                \u00b7\n                                Schaltgetriebe                            <\/small>\n                                                                            <small>\n                                \u00b7\n                                Unfallfrei                            <\/small>\n                        \n                                                    <small>\n                                \u00b7\n                                Benzin                            <\/small>\n                                                                                                                            <small>\n                                \u00b7\n                                4\/5 T\u00fcren\n                            <\/small>\n                                                <ul class=\"vehicle-emission\">\n                                                 <span>Verbrauch komb.: \n                                    6.1                                 l\/100km<\/span><br>\n                                                                                \n                                       \n  <!-- CO2-Emissionen\t-->\n                                            <span>CO\u2082-Emissionen komb.: 138.0                                 g\/km<\/span><br>\n                                        <!-- CO2-Emissionen\t-->\n                   \n \n                         <span>CO\u2082-Klasse: \n                                    E                                <\/span><br>\n                    \n\n\n                <\/ul>\n\n                    <\/div>\n\n                    <div class=\"vehicle-price\">\n                                                    <div itemprop=\"priceSpecification\" itemscope itemtype=\"http:\/\/schema.org\/UnitPriceSpecification\">\n                                <meta itemprop=\"priceCurrency\" content=\"EUR\">\n                                <meta itemprop=\"price\" content=\"14.995\">\n                                <strong>\n                                    14.995 \u20ac (Brutto)\n                                <\/strong><br><small>\n                                    MwSt. nicht ausweisbar                                <\/small>\n                            <\/div>\n                                                <br>\n                        <a href=\"https:\/\/ford-sachsen.de\/html\/page\/fahrzeuge\/ford-focus-turnier-titanium-navi-led-apple-carplay-an\/\"\n                            class=\"vehicle-btn wp-block-button__link wp-element-button\">Details<\/a>\n                    <\/div>\n                <\/div> <!-- \/\/ vehicle-row -->\n               \n            <\/article>\n                        <article id=\"post-4811071\" class=\"vehicle\">\n                <hgroup>\n                    <a href=\"https:\/\/ford-sachsen.de\/html\/page\/fahrzeuge\/ford-transit-350-l3-doka-trend-standhzg-rueckfahrkam\/\">\n                        <h2 class=\"vehicle-title\">\n                            Ford Transit 350 L3 DoKa Trend StandHZG R\u00fcckfahrkam.                        <\/h2>\n\n                    <\/a>\n                <\/hgroup>\n                <span class=\"vehicle-addition\">\n                    <p>\n                        Andere ,\n                        Gebrauchtfahrzeug                    <\/p>\n                <\/span>\n                <div class=\"vehicle-row\">\n                    <div class=\"vehicle-thumbnail\">\n                        <a href=\"https:\/\/ford-sachsen.de\/html\/page\/fahrzeuge\/ford-transit-350-l3-doka-trend-standhzg-rueckfahrkam\/\" title=\"Ford Transit 350 L3 DoKa Trend StandHZG R\u00fcckfahrkam.\">\n                            <img loading=\"lazy\" decoding=\"async\" width=\"300\" height=\"225\" src=\"https:\/\/ford-sachsen.de\/html\/page\/wp-content\/uploads\/2026\/09\/4811071-6a972edc24b359e8a70c9-68c0-40c1-96fb-31716daf5a44-rule-mo-1600-300x225.jpg\" class=\"attachment-medium size-medium wp-post-image\" alt=\"\" srcset=\"https:\/\/ford-sachsen.de\/html\/page\/wp-content\/uploads\/2026\/09\/4811071-6a972edc24b359e8a70c9-68c0-40c1-96fb-31716daf5a44-rule-mo-1600-300x225.jpg 300w, https:\/\/ford-sachsen.de\/html\/page\/wp-content\/uploads\/2026\/09\/4811071-6a972edc24b359e8a70c9-68c0-40c1-96fb-31716daf5a44-rule-mo-1600-1024x768.jpg 1024w, https:\/\/ford-sachsen.de\/html\/page\/wp-content\/uploads\/2026\/09\/4811071-6a972edc24b359e8a70c9-68c0-40c1-96fb-31716daf5a44-rule-mo-1600-768x576.jpg 768w, https:\/\/ford-sachsen.de\/html\/page\/wp-content\/uploads\/2026\/09\/4811071-6a972edc24b359e8a70c9-68c0-40c1-96fb-31716daf5a44-rule-mo-1600.jpg 1440w\" sizes=\"(max-width: 300px) 100vw, 300px\" \/>                        <\/a>\n                    <\/div>\n                    <div class=\"vehicle-data\">\n                                                    <small>\n                                                                06.2025                                \u00b7\n                            <\/small>\n                                                                            <small>\n                                250 km\n                            <\/small>\n                                                                            <small>\n                                \u00b7\n                                96 kW\n                                                                (\n                                131 PS)\n                            <\/small>\n                                                                            <small>\n                                \u00b7\n                                Schaltgetriebe                            <\/small>\n                                                                            <small>\n                                \u00b7\n                                Unfallfrei                            <\/small>\n                        \n                                                    <small>\n                                \u00b7\n                                Diesel                            <\/small>\n                                                                                                                            <small>\n                                \u00b7\n                                4\/5 T\u00fcren\n                            <\/small>\n                                                <ul class=\"vehicle-emission\">\n                                                 <span>Verbrauch komb.: \n                                    9.2                                 l\/100km<\/span><br>\n                                                                                \n                                       \n  <!-- CO2-Emissionen\t-->\n                                            <span>CO\u2082-Emissionen komb.: 240.0                                 g\/km<\/span><br>\n                                        <!-- CO2-Emissionen\t-->\n                   \n \n                         <span>CO\u2082-Klasse: \n                                    G                                <\/span><br>\n                    \n\n\n                <\/ul>\n\n                    <\/div>\n\n                    <div class=\"vehicle-price\">\n                                                    <div itemprop=\"priceSpecification\" itemscope itemtype=\"http:\/\/schema.org\/UnitPriceSpecification\">\n                                <meta itemprop=\"priceCurrency\" content=\"EUR\">\n                                <meta itemprop=\"price\" content=\"35.999\">\n                                <strong>\n                                    35.999 \u20ac (Brutto)\n                                <\/strong><br><small>\n                                    Inkl. 19% MwSt.                                <\/small>\n                            <\/div>\n                                                <br>\n                        <a href=\"https:\/\/ford-sachsen.de\/html\/page\/fahrzeuge\/ford-transit-350-l3-doka-trend-standhzg-rueckfahrkam\/\"\n                            class=\"vehicle-btn wp-block-button__link wp-element-button\">Details<\/a>\n                    <\/div>\n                <\/div> <!-- \/\/ vehicle-row -->\n               \n            <\/article>\n                        <article id=\"post-4811069\" class=\"vehicle\">\n                <hgroup>\n                    <a href=\"https:\/\/ford-sachsen.de\/html\/page\/fahrzeuge\/ford-transit-custom-kasten-320-l1-phev-air-beif\/\">\n                        <h2 class=\"vehicle-title\">\n                            Ford Transit Custom Kasten 320 L1  PHEV  Air. Beif                        <\/h2>\n\n                    <\/a>\n                <\/hgroup>\n                <span class=\"vehicle-addition\">\n                    <p>\n                        Andere ,\n                        Gebrauchtfahrzeug                    <\/p>\n                <\/span>\n                <div class=\"vehicle-row\">\n                    <div class=\"vehicle-thumbnail\">\n                        <a href=\"https:\/\/ford-sachsen.de\/html\/page\/fahrzeuge\/ford-transit-custom-kasten-320-l1-phev-air-beif\/\" title=\"Ford Transit Custom Kasten 320 L1  PHEV  Air. Beif\">\n                            <img loading=\"lazy\" decoding=\"async\" width=\"300\" height=\"225\" src=\"https:\/\/ford-sachsen.de\/html\/page\/wp-content\/uploads\/2026\/09\/4811069-6a972eda299caef781ef8-258d-43b5-ac94-955688271af3-rule-mo-1600-300x225.jpg\" class=\"attachment-medium size-medium wp-post-image\" alt=\"\" srcset=\"https:\/\/ford-sachsen.de\/html\/page\/wp-content\/uploads\/2026\/09\/4811069-6a972eda299caef781ef8-258d-43b5-ac94-955688271af3-rule-mo-1600-300x225.jpg 300w, https:\/\/ford-sachsen.de\/html\/page\/wp-content\/uploads\/2026\/09\/4811069-6a972eda299caef781ef8-258d-43b5-ac94-955688271af3-rule-mo-1600-1024x768.jpg 1024w, https:\/\/ford-sachsen.de\/html\/page\/wp-content\/uploads\/2026\/09\/4811069-6a972eda299caef781ef8-258d-43b5-ac94-955688271af3-rule-mo-1600-768x576.jpg 768w, https:\/\/ford-sachsen.de\/html\/page\/wp-content\/uploads\/2026\/09\/4811069-6a972eda299caef781ef8-258d-43b5-ac94-955688271af3-rule-mo-1600.jpg 1448w\" sizes=\"(max-width: 300px) 100vw, 300px\" \/>                        <\/a>\n                    <\/div>\n                    <div class=\"vehicle-data\">\n                                                    <small>\n                                                                11.2025                                \u00b7\n                            <\/small>\n                                                                            <small>\n                                3.516 km\n                            <\/small>\n                                                                            <small>\n                                \u00b7\n                                171 kW\n                                                                (\n                                232 PS)\n                            <\/small>\n                                                                            <small>\n                                \u00b7\n                                Automatik                            <\/small>\n                                                                            <small>\n                                \u00b7\n                                Unfallfrei                            <\/small>\n                        \n                                                    <small>\n                                \u00b7\n                                Plug-in-Hybrid                            <\/small>\n                                                                                                                            <small>\n                                \u00b7\n                                4\/5 T\u00fcren\n                            <\/small>\n                                                <ul class=\"vehicle-emission\">\n                                                <span>Kraftstoffverbrauch gewichtet, kombiniert: \n                                    4.6                                 l\/100km<\/span><br>\n                                             <span>Verbrauch komb.: \n                                    7.1                                 l\/100km<\/span><br>\n                                                                <span>Stromverbrauch gewichtet, kombiniert: \n                                    19.5                                 kWh\/100km<\/span><br>\n                                                            \n                                       \n  <!-- CO2-Emissionen\t-->\n                                            <span>CO\u2082-Emissionen komb.: 36.0                                 g\/km<\/span><br>\n                                        <!-- CO2-Emissionen\t-->\n                   \n \n                         <span>CO\u2082-Klasse: \n                                    B                                <\/span><br>\n                    \n\n\n                <\/ul>\n\n                    <\/div>\n\n                    <div class=\"vehicle-price\">\n                                                    <div itemprop=\"priceSpecification\" itemscope itemtype=\"http:\/\/schema.org\/UnitPriceSpecification\">\n                                <meta itemprop=\"priceCurrency\" content=\"EUR\">\n                                <meta itemprop=\"price\" content=\"38.600\">\n                                <strong>\n                                    38.600 \u20ac (Brutto)\n                                <\/strong><br><small>\n                                    Inkl. 19% MwSt.                                <\/small>\n                            <\/div>\n                                                <br>\n                        <a href=\"https:\/\/ford-sachsen.de\/html\/page\/fahrzeuge\/ford-transit-custom-kasten-320-l1-phev-air-beif\/\"\n                            class=\"vehicle-btn wp-block-button__link wp-element-button\">Details<\/a>\n                    <\/div>\n                <\/div> <!-- \/\/ vehicle-row -->\n               \n            <\/article>\n                        <article id=\"post-4811067\" class=\"vehicle\">\n                <hgroup>\n                    <a href=\"https:\/\/ford-sachsen.de\/html\/page\/fahrzeuge\/mg-mg3-luxury-mg-pilot360-kledshz-lenkradverst\/\">\n                        <h2 class=\"vehicle-title\">\n                            MG MG3 Luxury MG Pilot+360 K+LED+SHZ+ Lenkradverst.                        <\/h2>\n\n                    <\/a>\n                <\/hgroup>\n                <span class=\"vehicle-addition\">\n                    <p>\n                        Limousine ,\n                        Gebrauchtfahrzeug                    <\/p>\n                <\/span>\n                <div class=\"vehicle-row\">\n                    <div class=\"vehicle-thumbnail\">\n                        <a href=\"https:\/\/ford-sachsen.de\/html\/page\/fahrzeuge\/mg-mg3-luxury-mg-pilot360-kledshz-lenkradverst\/\" title=\"MG MG3 Luxury MG Pilot+360 K+LED+SHZ+ Lenkradverst.\">\n                            <img loading=\"lazy\" decoding=\"async\" width=\"300\" height=\"225\" src=\"https:\/\/ford-sachsen.de\/html\/page\/wp-content\/uploads\/2026\/09\/4811067-6a972ed83c8cb9bb61222-30ce-4226-b210-c8ddd15bf6b2-rule-mo-1600-300x225.jpg\" class=\"attachment-medium size-medium wp-post-image\" alt=\"\" srcset=\"https:\/\/ford-sachsen.de\/html\/page\/wp-content\/uploads\/2026\/09\/4811067-6a972ed83c8cb9bb61222-30ce-4226-b210-c8ddd15bf6b2-rule-mo-1600-300x225.jpg 300w, https:\/\/ford-sachsen.de\/html\/page\/wp-content\/uploads\/2026\/09\/4811067-6a972ed83c8cb9bb61222-30ce-4226-b210-c8ddd15bf6b2-rule-mo-1600-1024x768.jpg 1024w, https:\/\/ford-sachsen.de\/html\/page\/wp-content\/uploads\/2026\/09\/4811067-6a972ed83c8cb9bb61222-30ce-4226-b210-c8ddd15bf6b2-rule-mo-1600-768x576.jpg 768w, https:\/\/ford-sachsen.de\/html\/page\/wp-content\/uploads\/2026\/09\/4811067-6a972ed83c8cb9bb61222-30ce-4226-b210-c8ddd15bf6b2-rule-mo-1600.jpg 1440w\" sizes=\"(max-width: 300px) 100vw, 300px\" \/>                        <\/a>\n                    <\/div>\n                    <div class=\"vehicle-data\">\n                                                    <small>\n                                                                03.2025                                \u00b7\n                            <\/small>\n                                                                            <small>\n                                12.870 km\n                            <\/small>\n                                                                            <small>\n                                \u00b7\n                                143 kW\n                                                                (\n                                194 PS)\n                            <\/small>\n                                                                            <small>\n                                \u00b7\n                                Automatik                            <\/small>\n                                                                            <small>\n                                \u00b7\n                                Unfallfrei                            <\/small>\n                        \n                                                    <small>\n                                \u00b7\n                                Hybrid (Benzin\/Elektro)                            <\/small>\n                                                                                                                            <small>\n                                \u00b7\n                                4\/5 T\u00fcren\n                            <\/small>\n                                                <ul class=\"vehicle-emission\">\n                                                 <span>Verbrauch komb.: \n                                    4.5                                 l\/100km<\/span><br>\n                                                                                \n                                       \n  <!-- CO2-Emissionen\t-->\n                                            <span>CO\u2082-Emissionen komb.: 100.0                                 g\/km<\/span><br>\n                                        <!-- CO2-Emissionen\t-->\n                   \n \n                         <span>CO\u2082-Klasse: \n                                    C                                <\/span><br>\n                    \n\n\n                <\/ul>\n\n                    <\/div>\n\n                    <div class=\"vehicle-price\">\n                                                    <div itemprop=\"priceSpecification\" itemscope itemtype=\"http:\/\/schema.org\/UnitPriceSpecification\">\n                                <meta itemprop=\"priceCurrency\" content=\"EUR\">\n                                <meta itemprop=\"price\" content=\"18.995\">\n                                <strong>\n                                    18.995 \u20ac (Brutto)\n                                <\/strong><br><small>\n                                    Inkl. 19% MwSt.                                <\/small>\n                            <\/div>\n                                                <br>\n                        <a href=\"https:\/\/ford-sachsen.de\/html\/page\/fahrzeuge\/mg-mg3-luxury-mg-pilot360-kledshz-lenkradverst\/\"\n                            class=\"vehicle-btn wp-block-button__link wp-element-button\">Details<\/a>\n                    <\/div>\n                <\/div> <!-- \/\/ vehicle-row -->\n               \n            <\/article>\n                        <article id=\"post-4811065\" class=\"vehicle\">\n                <hgroup>\n                    <a href=\"https:\/\/ford-sachsen.de\/html\/page\/fahrzeuge\/ford-puma-titanium-naviledbeheizb-frontsch-multif\/\">\n                        <h2 class=\"vehicle-title\">\n                            Ford Puma Titanium Navi+LED+Beheizb. Frontsch.+Multif                        <\/h2>\n\n                    <\/a>\n                <\/hgroup>\n                <span class=\"vehicle-addition\">\n                    <p>\n                        SUV\/Gel\u00e4ndewagen\/Pickup ,\n                        Gebrauchtfahrzeug                    <\/p>\n                <\/span>\n                <div class=\"vehicle-row\">\n                    <div class=\"vehicle-thumbnail\">\n                        <a href=\"https:\/\/ford-sachsen.de\/html\/page\/fahrzeuge\/ford-puma-titanium-naviledbeheizb-frontsch-multif\/\" title=\"Ford Puma Titanium Navi+LED+Beheizb. Frontsch.+Multif\">\n                            <img loading=\"lazy\" decoding=\"async\" width=\"300\" height=\"225\" src=\"https:\/\/ford-sachsen.de\/html\/page\/wp-content\/uploads\/2026\/09\/4811065-6a972ed6431543ea27bbc-c9cf-4d78-a1e0-709cb9e3ccda-rule-mo-1600-300x225.jpg\" class=\"attachment-medium size-medium wp-post-image\" alt=\"\" srcset=\"https:\/\/ford-sachsen.de\/html\/page\/wp-content\/uploads\/2026\/09\/4811065-6a972ed6431543ea27bbc-c9cf-4d78-a1e0-709cb9e3ccda-rule-mo-1600-300x225.jpg 300w, https:\/\/ford-sachsen.de\/html\/page\/wp-content\/uploads\/2026\/09\/4811065-6a972ed6431543ea27bbc-c9cf-4d78-a1e0-709cb9e3ccda-rule-mo-1600-1024x768.jpg 1024w, https:\/\/ford-sachsen.de\/html\/page\/wp-content\/uploads\/2026\/09\/4811065-6a972ed6431543ea27bbc-c9cf-4d78-a1e0-709cb9e3ccda-rule-mo-1600-768x576.jpg 768w, https:\/\/ford-sachsen.de\/html\/page\/wp-content\/uploads\/2026\/09\/4811065-6a972ed6431543ea27bbc-c9cf-4d78-a1e0-709cb9e3ccda-rule-mo-1600.jpg 1440w\" sizes=\"(max-width: 300px) 100vw, 300px\" \/>                        <\/a>\n                    <\/div>\n                    <div class=\"vehicle-data\">\n                                                    <small>\n                                                                05.2025                                \u00b7\n                            <\/small>\n                                                                            <small>\n                                2 km\n                            <\/small>\n                                                                            <small>\n                                \u00b7\n                                92 kW\n                                                                (\n                                125 PS)\n                            <\/small>\n                                                                            <small>\n                                \u00b7\n                                Schaltgetriebe                            <\/small>\n                                                                            <small>\n                                \u00b7\n                                Unfallfrei                            <\/small>\n                        \n                                                    <small>\n                                \u00b7\n                                Benzin                            <\/small>\n                                                                                                                            <small>\n                                \u00b7\n                                4\/5 T\u00fcren\n                            <\/small>\n                                                <ul class=\"vehicle-emission\">\n                                                 <span>Verbrauch komb.: \n                                    5.4                                 l\/100km<\/span><br>\n                                                                                \n                                       \n  <!-- CO2-Emissionen\t-->\n                                            <span>CO\u2082-Emissionen komb.: 121.0                                 g\/km<\/span><br>\n                                        <!-- CO2-Emissionen\t-->\n                   \n \n                         <span>CO\u2082-Klasse: \n                                    D                                <\/span><br>\n                    \n\n\n                <\/ul>\n\n                    <\/div>\n\n                    <div class=\"vehicle-price\">\n                                                    <div itemprop=\"priceSpecification\" itemscope itemtype=\"http:\/\/schema.org\/UnitPriceSpecification\">\n                                <meta itemprop=\"priceCurrency\" content=\"EUR\">\n                                <meta itemprop=\"price\" content=\"21.695\">\n                                <strong>\n                                    21.695 \u20ac (Brutto)\n                                <\/strong><br><small>\n                                    Inkl. 19% MwSt.                                <\/small>\n                            <\/div>\n                                                <br>\n                        <a href=\"https:\/\/ford-sachsen.de\/html\/page\/fahrzeuge\/ford-puma-titanium-naviledbeheizb-frontsch-multif\/\"\n                            class=\"vehicle-btn wp-block-button__link wp-element-button\">Details<\/a>\n                    <\/div>\n                <\/div> <!-- \/\/ vehicle-row -->\n               \n            <\/article>\n                        <article id=\"post-4811063\" class=\"vehicle\">\n                <hgroup>\n                    <a href=\"https:\/\/ford-sachsen.de\/html\/page\/fahrzeuge\/ford-focus-turnier-st-line-easy-parking-hud-navi-iacc-4\/\">\n                        <h2 class=\"vehicle-title\">\n                            Ford Focus Turnier ST-Line Easy Parking HUD Navi iACC                        <\/h2>\n\n                    <\/a>\n                <\/hgroup>\n                <span class=\"vehicle-addition\">\n                    <p>\n                        Kombi ,\n                        Gebrauchtfahrzeug                    <\/p>\n                <\/span>\n                <div class=\"vehicle-row\">\n                    <div class=\"vehicle-thumbnail\">\n                        <a href=\"https:\/\/ford-sachsen.de\/html\/page\/fahrzeuge\/ford-focus-turnier-st-line-easy-parking-hud-navi-iacc-4\/\" title=\"Ford Focus Turnier ST-Line Easy Parking HUD Navi iACC\">\n                            <img loading=\"lazy\" decoding=\"async\" width=\"300\" height=\"225\" src=\"https:\/\/ford-sachsen.de\/html\/page\/wp-content\/uploads\/2026\/09\/4811063-6a972ed440c5d963173da-6884-4925-8092-57b0c327243c-rule-mo-1600-300x225.jpg\" class=\"attachment-medium size-medium wp-post-image\" alt=\"\" srcset=\"https:\/\/ford-sachsen.de\/html\/page\/wp-content\/uploads\/2026\/09\/4811063-6a972ed440c5d963173da-6884-4925-8092-57b0c327243c-rule-mo-1600-300x225.jpg 300w, https:\/\/ford-sachsen.de\/html\/page\/wp-content\/uploads\/2026\/09\/4811063-6a972ed440c5d963173da-6884-4925-8092-57b0c327243c-rule-mo-1600-1024x768.jpg 1024w, https:\/\/ford-sachsen.de\/html\/page\/wp-content\/uploads\/2026\/09\/4811063-6a972ed440c5d963173da-6884-4925-8092-57b0c327243c-rule-mo-1600-768x576.jpg 768w, https:\/\/ford-sachsen.de\/html\/page\/wp-content\/uploads\/2026\/09\/4811063-6a972ed440c5d963173da-6884-4925-8092-57b0c327243c-rule-mo-1600.jpg 1440w\" sizes=\"(max-width: 300px) 100vw, 300px\" \/>                        <\/a>\n                    <\/div>\n                    <div class=\"vehicle-data\">\n                                                    <small>\n                                                                04.2024                                \u00b7\n                            <\/small>\n                                                                            <small>\n                                124 km\n                            <\/small>\n                                                                            <small>\n                                \u00b7\n                                92 kW\n                                                                (\n                                125 PS)\n                            <\/small>\n                                                                            <small>\n                                \u00b7\n                                Schaltgetriebe                            <\/small>\n                                                                            <small>\n                                \u00b7\n                                Unfallfrei                            <\/small>\n                        \n                                                    <small>\n                                \u00b7\n                                Benzin                            <\/small>\n                                                                                                                            <small>\n                                \u00b7\n                                4\/5 T\u00fcren\n                            <\/small>\n                                                <ul class=\"vehicle-emission\">\n                                                 <span>Verbrauch komb.: \n                                    5.4                                 l\/100km<\/span><br>\n                                                                                \n                                       \n  <!-- CO2-Emissionen\t-->\n                                            <span>CO\u2082-Emissionen komb.: 123.0                                 g\/km<\/span><br>\n                                        <!-- CO2-Emissionen\t-->\n                   \n \n                         <span>CO\u2082-Klasse: \n                                    D                                <\/span><br>\n                    \n\n\n                <\/ul>\n\n                    <\/div>\n\n                    <div class=\"vehicle-price\">\n                                                    <div itemprop=\"priceSpecification\" itemscope itemtype=\"http:\/\/schema.org\/UnitPriceSpecification\">\n                                <meta itemprop=\"priceCurrency\" content=\"EUR\">\n                                <meta itemprop=\"price\" content=\"23.895\">\n                                <strong>\n                                    23.895 \u20ac (Brutto)\n                                <\/strong><br><small>\n                                    Inkl. 19% MwSt.                                <\/small>\n                            <\/div>\n                                                <br>\n                        <a href=\"https:\/\/ford-sachsen.de\/html\/page\/fahrzeuge\/ford-focus-turnier-st-line-easy-parking-hud-navi-iacc-4\/\"\n                            class=\"vehicle-btn wp-block-button__link wp-element-button\">Details<\/a>\n                    <\/div>\n                <\/div> <!-- \/\/ vehicle-row -->\n               \n            <\/article>\n                        <article id=\"post-4811061\" class=\"vehicle\">\n                <hgroup>\n                    <a href=\"https:\/\/ford-sachsen.de\/html\/page\/fahrzeuge\/ford-kuga-titanium-x-phev-navi-adaptiveled-pdcvh-dig\/\">\n                        <h2 class=\"vehicle-title\">\n                            Ford Kuga Titanium X PHEV Navi AdaptiveLED PDCv+h dig                        <\/h2>\n\n                    <\/a>\n                <\/hgroup>\n                <span class=\"vehicle-addition\">\n                    <p>\n                        SUV\/Gel\u00e4ndewagen\/Pickup ,\n                        Gebrauchtfahrzeug                    <\/p>\n                <\/span>\n                <div class=\"vehicle-row\">\n                    <div class=\"vehicle-thumbnail\">\n                        <a href=\"https:\/\/ford-sachsen.de\/html\/page\/fahrzeuge\/ford-kuga-titanium-x-phev-navi-adaptiveled-pdcvh-dig\/\" title=\"Ford Kuga Titanium X PHEV Navi AdaptiveLED PDCv+h dig\">\n                            <img loading=\"lazy\" decoding=\"async\" width=\"300\" height=\"225\" src=\"https:\/\/ford-sachsen.de\/html\/page\/wp-content\/uploads\/2026\/09\/4811061-6a972ed1ec52c3d8759d1-d07b-4a9e-94f4-3c1d4e6d4f9b-rule-mo-1600-300x225.jpg\" class=\"attachment-medium size-medium wp-post-image\" alt=\"\" srcset=\"https:\/\/ford-sachsen.de\/html\/page\/wp-content\/uploads\/2026\/09\/4811061-6a972ed1ec52c3d8759d1-d07b-4a9e-94f4-3c1d4e6d4f9b-rule-mo-1600-300x225.jpg 300w, https:\/\/ford-sachsen.de\/html\/page\/wp-content\/uploads\/2026\/09\/4811061-6a972ed1ec52c3d8759d1-d07b-4a9e-94f4-3c1d4e6d4f9b-rule-mo-1600-1024x768.jpg 1024w, https:\/\/ford-sachsen.de\/html\/page\/wp-content\/uploads\/2026\/09\/4811061-6a972ed1ec52c3d8759d1-d07b-4a9e-94f4-3c1d4e6d4f9b-rule-mo-1600-768x576.jpg 768w, https:\/\/ford-sachsen.de\/html\/page\/wp-content\/uploads\/2026\/09\/4811061-6a972ed1ec52c3d8759d1-d07b-4a9e-94f4-3c1d4e6d4f9b-rule-mo-1600.jpg 1440w\" sizes=\"(max-width: 300px) 100vw, 300px\" \/>                        <\/a>\n                    <\/div>\n                    <div class=\"vehicle-data\">\n                                                    <small>\n                                                                05.2024                                \u00b7\n                            <\/small>\n                                                                            <small>\n                                6.319 km\n                            <\/small>\n                                                                            <small>\n                                \u00b7\n                                165 kW\n                                                                (\n                                224 PS)\n                            <\/small>\n                                                                            <small>\n                                \u00b7\n                                Automatik                            <\/small>\n                                                                            <small>\n                                \u00b7\n                                Unfallfrei                            <\/small>\n                        \n                                                    <small>\n                                \u00b7\n                                Plug-in-Hybrid                            <\/small>\n                                                                                                                            <small>\n                                \u00b7\n                                4\/5 T\u00fcren\n                            <\/small>\n                                                <ul class=\"vehicle-emission\">\n                                                <span>Kraftstoffverbrauch gewichtet, kombiniert: \n                                    1.0                                 l\/100km<\/span><br>\n                                             <span>Verbrauch komb.: \n                                    5.5                                 l\/100km<\/span><br>\n                                                                <span>Stromverbrauch gewichtet, kombiniert: \n                                    14.8                                 kWh\/100km<\/span><br>\n                                                            \n                                       \n  <!-- CO2-Emissionen\t-->\n                                            <span>CO\u2082-Emissionen komb.: 23.0                                 g\/km<\/span><br>\n                                        <!-- CO2-Emissionen\t-->\n                   \n \n                         <span>CO\u2082-Klasse: \n                                    B                                <\/span><br>\n                    \n\n\n                <\/ul>\n\n                    <\/div>\n\n                    <div class=\"vehicle-price\">\n                                                    <div itemprop=\"priceSpecification\" itemscope itemtype=\"http:\/\/schema.org\/UnitPriceSpecification\">\n                                <meta itemprop=\"priceCurrency\" content=\"EUR\">\n                                <meta itemprop=\"price\" content=\"32.299\">\n                                <strong>\n                                    32.299 \u20ac (Brutto)\n                                <\/strong><br><small>\n                                    Inkl. 19% MwSt.                                <\/small>\n                            <\/div>\n                                                <br>\n                        <a href=\"https:\/\/ford-sachsen.de\/html\/page\/fahrzeuge\/ford-kuga-titanium-x-phev-navi-adaptiveled-pdcvh-dig\/\"\n                            class=\"vehicle-btn wp-block-button__link wp-element-button\">Details<\/a>\n                    <\/div>\n                <\/div> <!-- \/\/ vehicle-row -->\n               \n            <\/article>\n                        <article id=\"post-4811059\" class=\"vehicle\">\n                <hgroup>\n                    <a href=\"https:\/\/ford-sachsen.de\/html\/page\/fahrzeuge\/ford-fiesta-titanium-winterpaket-touchscreen-color-pd\/\">\n                        <h2 class=\"vehicle-title\">\n                            Ford Fiesta Titanium Winterpaket Touchscreen Color PD                        <\/h2>\n\n                    <\/a>\n                <\/hgroup>\n                <span class=\"vehicle-addition\">\n                    <p>\n                        Kleinwagen ,\n                        Gebrauchtfahrzeug                    <\/p>\n                <\/span>\n                <div class=\"vehicle-row\">\n                    <div class=\"vehicle-thumbnail\">\n                        <a href=\"https:\/\/ford-sachsen.de\/html\/page\/fahrzeuge\/ford-fiesta-titanium-winterpaket-touchscreen-color-pd\/\" title=\"Ford Fiesta Titanium Winterpaket Touchscreen Color PD\">\n                            <img loading=\"lazy\" decoding=\"async\" width=\"300\" height=\"225\" src=\"https:\/\/ford-sachsen.de\/html\/page\/wp-content\/uploads\/2026\/09\/4811059-6a972ecfd4155d2423418-6940-46e8-a84e-f2718ce1810b-rule-mo-1600-300x225.jpg\" class=\"attachment-medium size-medium wp-post-image\" alt=\"\" srcset=\"https:\/\/ford-sachsen.de\/html\/page\/wp-content\/uploads\/2026\/09\/4811059-6a972ecfd4155d2423418-6940-46e8-a84e-f2718ce1810b-rule-mo-1600-300x225.jpg 300w, https:\/\/ford-sachsen.de\/html\/page\/wp-content\/uploads\/2026\/09\/4811059-6a972ecfd4155d2423418-6940-46e8-a84e-f2718ce1810b-rule-mo-1600-1024x768.jpg 1024w, https:\/\/ford-sachsen.de\/html\/page\/wp-content\/uploads\/2026\/09\/4811059-6a972ecfd4155d2423418-6940-46e8-a84e-f2718ce1810b-rule-mo-1600-768x576.jpg 768w, https:\/\/ford-sachsen.de\/html\/page\/wp-content\/uploads\/2026\/09\/4811059-6a972ecfd4155d2423418-6940-46e8-a84e-f2718ce1810b-rule-mo-1600.jpg 1448w\" sizes=\"(max-width: 300px) 100vw, 300px\" \/>                        <\/a>\n                    <\/div>\n                    <div class=\"vehicle-data\">\n                                                    <small>\n                                                                01.2023                                \u00b7\n                            <\/small>\n                                                                            <small>\n                                8.359 km\n                            <\/small>\n                                                                            <small>\n                                \u00b7\n                                92 kW\n                                                                (\n                                125 PS)\n                            <\/small>\n                                                                            <small>\n                                \u00b7\n                                Schaltgetriebe                            <\/small>\n                                                                            <small>\n                                \u00b7\n                                Unfallfrei                            <\/small>\n                        \n                                                    <small>\n                                \u00b7\n                                Benzin                            <\/small>\n                                                                                                                            <small>\n                                \u00b7\n                                4\/5 T\u00fcren\n                            <\/small>\n                                                <ul class=\"vehicle-emission\">\n                                                 <span>Verbrauch komb.: \n                                    5.0                                 l\/100km<\/span><br>\n                                                                                \n                                       \n  <!-- CO2-Emissionen\t-->\n                                            <span>CO\u2082-Emissionen komb.: 113.0                                 g\/km<\/span><br>\n                                        <!-- CO2-Emissionen\t-->\n                   \n \n                         <span>CO\u2082-Klasse: \n                                    C                                <\/span><br>\n                    \n\n\n                <\/ul>\n\n                    <\/div>\n\n                    <div class=\"vehicle-price\">\n                                                    <div itemprop=\"priceSpecification\" itemscope itemtype=\"http:\/\/schema.org\/UnitPriceSpecification\">\n                                <meta itemprop=\"priceCurrency\" content=\"EUR\">\n                                <meta itemprop=\"price\" content=\"17.499\">\n                                <strong>\n                                    17.499 \u20ac (Brutto)\n                                <\/strong><br><small>\n                                    Inkl. 19% MwSt.                                <\/small>\n                            <\/div>\n                                                <br>\n                        <a href=\"https:\/\/ford-sachsen.de\/html\/page\/fahrzeuge\/ford-fiesta-titanium-winterpaket-touchscreen-color-pd\/\"\n                            class=\"vehicle-btn wp-block-button__link wp-element-button\">Details<\/a>\n                    <\/div>\n                <\/div> <!-- \/\/ vehicle-row -->\n               \n            <\/article>\n                        <article id=\"post-4811057\" class=\"vehicle\">\n                <hgroup>\n                    <a href=\"https:\/\/ford-sachsen.de\/html\/page\/fahrzeuge\/ford-focus-turnier-st-line-easy-parking-hud-navi-iacc-2\/\">\n                        <h2 class=\"vehicle-title\">\n                            Ford Focus Turnier ST-Line Easy Parking HUD Navi iACC                        <\/h2>\n\n                    <\/a>\n                <\/hgroup>\n                <span class=\"vehicle-addition\">\n                    <p>\n                        Kombi ,\n                        Gebrauchtfahrzeug                    <\/p>\n                <\/span>\n                <div class=\"vehicle-row\">\n                    <div class=\"vehicle-thumbnail\">\n                        <a href=\"https:\/\/ford-sachsen.de\/html\/page\/fahrzeuge\/ford-focus-turnier-st-line-easy-parking-hud-navi-iacc-2\/\" title=\"Ford Focus Turnier ST-Line Easy Parking HUD Navi iACC\">\n                            <img loading=\"lazy\" decoding=\"async\" width=\"300\" height=\"225\" src=\"https:\/\/ford-sachsen.de\/html\/page\/wp-content\/uploads\/2026\/09\/4811057-6a972ecdaa2b5963173da-6884-4925-8092-57b0c327243c-rule-mo-1600-300x225.jpg\" class=\"attachment-medium size-medium wp-post-image\" alt=\"\" srcset=\"https:\/\/ford-sachsen.de\/html\/page\/wp-content\/uploads\/2026\/09\/4811057-6a972ecdaa2b5963173da-6884-4925-8092-57b0c327243c-rule-mo-1600-300x225.jpg 300w, https:\/\/ford-sachsen.de\/html\/page\/wp-content\/uploads\/2026\/09\/4811057-6a972ecdaa2b5963173da-6884-4925-8092-57b0c327243c-rule-mo-1600-1024x768.jpg 1024w, https:\/\/ford-sachsen.de\/html\/page\/wp-content\/uploads\/2026\/09\/4811057-6a972ecdaa2b5963173da-6884-4925-8092-57b0c327243c-rule-mo-1600-768x576.jpg 768w, https:\/\/ford-sachsen.de\/html\/page\/wp-content\/uploads\/2026\/09\/4811057-6a972ecdaa2b5963173da-6884-4925-8092-57b0c327243c-rule-mo-1600.jpg 1440w\" sizes=\"(max-width: 300px) 100vw, 300px\" \/>                        <\/a>\n                    <\/div>\n                    <div class=\"vehicle-data\">\n                                                    <small>\n                                                                03.2024                                \u00b7\n                            <\/small>\n                                                                            <small>\n                                150 km\n                            <\/small>\n                                                                            <small>\n                                \u00b7\n                                92 kW\n                                                                (\n                                125 PS)\n                            <\/small>\n                                                                            <small>\n                                \u00b7\n                                Schaltgetriebe                            <\/small>\n                                                                            <small>\n                                \u00b7\n                                Unfallfrei                            <\/small>\n                        \n                                                    <small>\n                                \u00b7\n                                Benzin                            <\/small>\n                                                                                                                            <small>\n                                \u00b7\n                                4\/5 T\u00fcren\n                            <\/small>\n                                                <ul class=\"vehicle-emission\">\n                                                 <span>Verbrauch komb.: \n                                    5.4                                 l\/100km<\/span><br>\n                                                                                \n                                       \n  <!-- CO2-Emissionen\t-->\n                                            <span>CO\u2082-Emissionen komb.: 123.0                                 g\/km<\/span><br>\n                                        <!-- CO2-Emissionen\t-->\n                   \n \n                         <span>CO\u2082-Klasse: \n                                    D                                <\/span><br>\n                    \n\n\n                <\/ul>\n\n                    <\/div>\n\n                    <div class=\"vehicle-price\">\n                                                    <div itemprop=\"priceSpecification\" itemscope itemtype=\"http:\/\/schema.org\/UnitPriceSpecification\">\n                                <meta itemprop=\"priceCurrency\" content=\"EUR\">\n                                <meta itemprop=\"price\" content=\"23.895\">\n                                <strong>\n                                    23.895 \u20ac (Brutto)\n                                <\/strong><br><small>\n                                    Inkl. 19% MwSt.                                <\/small>\n                            <\/div>\n                                                <br>\n                        <a href=\"https:\/\/ford-sachsen.de\/html\/page\/fahrzeuge\/ford-focus-turnier-st-line-easy-parking-hud-navi-iacc-2\/\"\n                            class=\"vehicle-btn wp-block-button__link wp-element-button\">Details<\/a>\n                    <\/div>\n                <\/div> <!-- \/\/ vehicle-row -->\n               \n            <\/article>\n                        <article id=\"post-4811055\" class=\"vehicle\">\n                <hgroup>\n                    <a href=\"https:\/\/ford-sachsen.de\/html\/page\/fahrzeuge\/ford-kuga-coolconnect-autom-led-tagfahrlicht-beheizb\/\">\n                        <h2 class=\"vehicle-title\">\n                            Ford Kuga Cool&amp;Connect Autom.LED-Tagfahrlicht Beheizb                        <\/h2>\n\n                    <\/a>\n                <\/hgroup>\n                <span class=\"vehicle-addition\">\n                    <p>\n                        SUV\/Gel\u00e4ndewagen\/Pickup ,\n                        Gebrauchtfahrzeug                    <\/p>\n                <\/span>\n                <div class=\"vehicle-row\">\n                    <div class=\"vehicle-thumbnail\">\n                        <a href=\"https:\/\/ford-sachsen.de\/html\/page\/fahrzeuge\/ford-kuga-coolconnect-autom-led-tagfahrlicht-beheizb\/\" title=\"Ford Kuga Cool&amp;Connect Autom.LED-Tagfahrlicht Beheizb\">\n                            <img loading=\"lazy\" decoding=\"async\" width=\"300\" height=\"225\" src=\"https:\/\/ford-sachsen.de\/html\/page\/wp-content\/uploads\/2026\/09\/4811055-6a972ecc545c72db50969-1777-4236-9369-fb913f481233-rule-mo-1600-300x225.jpg\" class=\"attachment-medium size-medium wp-post-image\" alt=\"\" srcset=\"https:\/\/ford-sachsen.de\/html\/page\/wp-content\/uploads\/2026\/09\/4811055-6a972ecc545c72db50969-1777-4236-9369-fb913f481233-rule-mo-1600-300x225.jpg 300w, https:\/\/ford-sachsen.de\/html\/page\/wp-content\/uploads\/2026\/09\/4811055-6a972ecc545c72db50969-1777-4236-9369-fb913f481233-rule-mo-1600.jpg 640w\" sizes=\"(max-width: 300px) 100vw, 300px\" \/>                        <\/a>\n                    <\/div>\n                    <div class=\"vehicle-data\">\n                                                    <small>\n                                                                07.2023                                \u00b7\n                            <\/small>\n                                                                            <small>\n                                10.962 km\n                            <\/small>\n                                                                            <small>\n                                \u00b7\n                                88 kW\n                                                                (\n                                120 PS)\n                            <\/small>\n                                                                            <small>\n                                \u00b7\n                                Automatik                            <\/small>\n                                                                            <small>\n                                \u00b7\n                                Unfallfrei                            <\/small>\n                        \n                                                    <small>\n                                \u00b7\n                                Diesel                            <\/small>\n                                                                                                                            <small>\n                                \u00b7\n                                4\/5 T\u00fcren\n                            <\/small>\n                                                <ul class=\"vehicle-emission\">\n                                                 <span>Verbrauch komb.: \n                                    5.7                                 l\/100km<\/span><br>\n                                                                                \n                                       \n  <!-- CO2-Emissionen\t-->\n                                            <span>CO\u2082-Emissionen komb.: 149.0                                 g\/km<\/span><br>\n                                        <!-- CO2-Emissionen\t-->\n                   \n \n                         <span>CO\u2082-Klasse: \n                                    E                                <\/span><br>\n                    \n\n\n                <\/ul>\n\n                    <\/div>\n\n                    <div class=\"vehicle-price\">\n                                                    <div itemprop=\"priceSpecification\" itemscope itemtype=\"http:\/\/schema.org\/UnitPriceSpecification\">\n                                <meta itemprop=\"priceCurrency\" content=\"EUR\">\n                                <meta itemprop=\"price\" content=\"22.890\">\n                                <strong>\n                                    22.890 \u20ac (Brutto)\n                                <\/strong><br><small>\n                                    Inkl. 19% MwSt.                                <\/small>\n                            <\/div>\n                                                <br>\n                        <a href=\"https:\/\/ford-sachsen.de\/html\/page\/fahrzeuge\/ford-kuga-coolconnect-autom-led-tagfahrlicht-beheizb\/\"\n                            class=\"vehicle-btn wp-block-button__link wp-element-button\">Details<\/a>\n                    <\/div>\n                <\/div> <!-- \/\/ vehicle-row -->\n               \n            <\/article>\n                        <article id=\"post-4811023\" class=\"vehicle\">\n                <hgroup>\n                    <a href=\"https:\/\/ford-sachsen.de\/html\/page\/fahrzeuge\/ford-kuga-phev-vignale-techno-fahrerassist-paket-hud\/\">\n                        <h2 class=\"vehicle-title\">\n                            Ford Kuga PHEV Vignale TECHNO.+FAHRERASSIST-PAKET HUD                        <\/h2>\n\n                    <\/a>\n                <\/hgroup>\n                <span class=\"vehicle-addition\">\n                    <p>\n                        SUV\/Gel\u00e4ndewagen\/Pickup ,\n                        Gebrauchtfahrzeug                    <\/p>\n                <\/span>\n                <div class=\"vehicle-row\">\n                    <div class=\"vehicle-thumbnail\">\n                        <a href=\"https:\/\/ford-sachsen.de\/html\/page\/fahrzeuge\/ford-kuga-phev-vignale-techno-fahrerassist-paket-hud\/\" title=\"Ford Kuga PHEV Vignale TECHNO.+FAHRERASSIST-PAKET HUD\">\n                            <img loading=\"lazy\" decoding=\"async\" width=\"300\" height=\"225\" src=\"https:\/\/ford-sachsen.de\/html\/page\/wp-content\/uploads\/2026\/09\/4811023-6a972dc1a7c09435937d0-6354-41c9-9af7-ad4fe5ab93ee-rule-mo-1600-300x225.jpg\" class=\"attachment-medium size-medium wp-post-image\" alt=\"\" srcset=\"https:\/\/ford-sachsen.de\/html\/page\/wp-content\/uploads\/2026\/09\/4811023-6a972dc1a7c09435937d0-6354-41c9-9af7-ad4fe5ab93ee-rule-mo-1600-300x225.jpg 300w, https:\/\/ford-sachsen.de\/html\/page\/wp-content\/uploads\/2026\/09\/4811023-6a972dc1a7c09435937d0-6354-41c9-9af7-ad4fe5ab93ee-rule-mo-1600-1024x768.jpg 1024w, https:\/\/ford-sachsen.de\/html\/page\/wp-content\/uploads\/2026\/09\/4811023-6a972dc1a7c09435937d0-6354-41c9-9af7-ad4fe5ab93ee-rule-mo-1600-768x576.jpg 768w, https:\/\/ford-sachsen.de\/html\/page\/wp-content\/uploads\/2026\/09\/4811023-6a972dc1a7c09435937d0-6354-41c9-9af7-ad4fe5ab93ee-rule-mo-1600.jpg 1440w\" sizes=\"(max-width: 300px) 100vw, 300px\" \/>                        <\/a>\n                    <\/div>\n                    <div class=\"vehicle-data\">\n                                                    <small>\n                                                                12.2022                                \u00b7\n                            <\/small>\n                                                                            <small>\n                                48.070 km\n                            <\/small>\n                                                                            <small>\n                                \u00b7\n                                165 kW\n                                                                (\n                                224 PS)\n                            <\/small>\n                                                                            <small>\n                                \u00b7\n                                Automatik                            <\/small>\n                                                                            <small>\n                                \u00b7\n                                Unfallfrei                            <\/small>\n                        \n                                                    <small>\n                                \u00b7\n                                Plug-in-Hybrid                            <\/small>\n                                                                                                                            <small>\n                                \u00b7\n                                4\/5 T\u00fcren\n                            <\/small>\n                                                <ul class=\"vehicle-emission\">\n                                                                                     \n                                       \n  <!-- CO2-Emissionen\t-->\n                                        <!-- CO2-Emissionen\t-->\n                   \n \n \n\n\n                <\/ul>\n\n                    <\/div>\n\n                    <div class=\"vehicle-price\">\n                                                    <div itemprop=\"priceSpecification\" itemscope itemtype=\"http:\/\/schema.org\/UnitPriceSpecification\">\n                                <meta itemprop=\"priceCurrency\" content=\"EUR\">\n                                <meta itemprop=\"price\" content=\"24.990\">\n                                <strong>\n                                    24.990 \u20ac (Brutto)\n                                <\/strong><br><small>\n                                    Inkl. 19% MwSt.                                <\/small>\n                            <\/div>\n                                                <br>\n                        <a href=\"https:\/\/ford-sachsen.de\/html\/page\/fahrzeuge\/ford-kuga-phev-vignale-techno-fahrerassist-paket-hud\/\"\n                            class=\"vehicle-btn wp-block-button__link wp-element-button\">Details<\/a>\n                    <\/div>\n                <\/div> <!-- \/\/ vehicle-row -->\n               \n            <\/article>\n                        <article id=\"post-4811019\" class=\"vehicle\">\n                <hgroup>\n                    <a href=\"https:\/\/ford-sachsen.de\/html\/page\/fahrzeuge\/omoda-5-exclusive-hev-automatik-led-el-schiebedach-a\/\">\n                        <h2 class=\"vehicle-title\">\n                            OMODA 5 Exclusive HEV Automatik LED EL. SCHIEBEDACH  A                        <\/h2>\n\n                    <\/a>\n                <\/hgroup>\n                <span class=\"vehicle-addition\">\n                    <p>\n                        Limousine ,\n                        Gebrauchtfahrzeug                    <\/p>\n                <\/span>\n                <div class=\"vehicle-row\">\n                    <div class=\"vehicle-thumbnail\">\n                        <a href=\"https:\/\/ford-sachsen.de\/html\/page\/fahrzeuge\/omoda-5-exclusive-hev-automatik-led-el-schiebedach-a\/\" title=\"OMODA 5 Exclusive HEV Automatik LED EL. SCHIEBEDACH  A\">\n                            <img loading=\"lazy\" decoding=\"async\" width=\"300\" height=\"225\" src=\"https:\/\/ford-sachsen.de\/html\/page\/wp-content\/uploads\/2026\/09\/4811019-6a972b84c5cfd5fa429b4-f989-4757-858e-7abfbed34a22-rule-mo-1600-300x225.jpg\" class=\"attachment-medium size-medium wp-post-image\" alt=\"\" srcset=\"https:\/\/ford-sachsen.de\/html\/page\/wp-content\/uploads\/2026\/09\/4811019-6a972b84c5cfd5fa429b4-f989-4757-858e-7abfbed34a22-rule-mo-1600-300x225.jpg 300w, https:\/\/ford-sachsen.de\/html\/page\/wp-content\/uploads\/2026\/09\/4811019-6a972b84c5cfd5fa429b4-f989-4757-858e-7abfbed34a22-rule-mo-1600-1024x768.jpg 1024w, https:\/\/ford-sachsen.de\/html\/page\/wp-content\/uploads\/2026\/09\/4811019-6a972b84c5cfd5fa429b4-f989-4757-858e-7abfbed34a22-rule-mo-1600-768x576.jpg 768w, https:\/\/ford-sachsen.de\/html\/page\/wp-content\/uploads\/2026\/09\/4811019-6a972b84c5cfd5fa429b4-f989-4757-858e-7abfbed34a22-rule-mo-1600.jpg 1440w\" sizes=\"(max-width: 300px) 100vw, 300px\" \/>                        <\/a>\n                    <\/div>\n                    <div class=\"vehicle-data\">\n                                                    <small>\n                                                                04.2026                                \u00b7\n                            <\/small>\n                                                                            <small>\n                                2.650 km\n                            <\/small>\n                                                                            <small>\n                                \u00b7\n                                165 kW\n                                                                (\n                                224 PS)\n                            <\/small>\n                                                                            <small>\n                                \u00b7\n                                Automatik                            <\/small>\n                                                                            <small>\n                                \u00b7\n                                Unfallfrei                            <\/small>\n                        \n                                                    <small>\n                                \u00b7\n                                Hybrid (Benzin\/Elektro)                            <\/small>\n                                                                                                                            <small>\n                                \u00b7\n                                4\/5 T\u00fcren\n                            <\/small>\n                                                <ul class=\"vehicle-emission\">\n                                                 <span>Verbrauch komb.: \n                                    5.3                                 l\/100km<\/span><br>\n                                                                                \n                                       \n  <!-- CO2-Emissionen\t-->\n                                            <span>CO\u2082-Emissionen komb.: 120.0                                 g\/km<\/span><br>\n                                        <!-- CO2-Emissionen\t-->\n                   \n \n                         <span>CO\u2082-Klasse: \n                                    D                                <\/span><br>\n                    \n\n\n                <\/ul>\n\n                    <\/div>\n\n                    <div class=\"vehicle-price\">\n                                                    <div itemprop=\"priceSpecification\" itemscope itemtype=\"http:\/\/schema.org\/UnitPriceSpecification\">\n                                <meta itemprop=\"priceCurrency\" content=\"EUR\">\n                                <meta itemprop=\"price\" content=\"30.890\">\n                                <strong>\n                                    30.890 \u20ac (Brutto)\n                                <\/strong><br><small>\n                                    Inkl. 19% MwSt.                                <\/small>\n                            <\/div>\n                                                <br>\n                        <a href=\"https:\/\/ford-sachsen.de\/html\/page\/fahrzeuge\/omoda-5-exclusive-hev-automatik-led-el-schiebedach-a\/\"\n                            class=\"vehicle-btn wp-block-button__link wp-element-button\">Details<\/a>\n                    <\/div>\n                <\/div> <!-- \/\/ vehicle-row -->\n               \n            <\/article>\n                        <article id=\"post-4811017\" class=\"vehicle\">\n                <hgroup>\n                    <a href=\"https:\/\/ford-sachsen.de\/html\/page\/fahrzeuge\/ford-ranger-e-4wd-doppelkabine-wildtrak-ahk-navi-digi\/\">\n                        <h2 class=\"vehicle-title\">\n                            Ford Ranger e-4WD Doppelkabine Wildtrak AHK Navi Digi                        <\/h2>\n\n                    <\/a>\n                <\/hgroup>\n                <span class=\"vehicle-addition\">\n                    <p>\n                        SUV\/Gel\u00e4ndewagen\/Pickup ,\n                        Gebrauchtfahrzeug                    <\/p>\n                <\/span>\n                <div class=\"vehicle-row\">\n                    <div class=\"vehicle-thumbnail\">\n                        <a href=\"https:\/\/ford-sachsen.de\/html\/page\/fahrzeuge\/ford-ranger-e-4wd-doppelkabine-wildtrak-ahk-navi-digi\/\" title=\"Ford Ranger e-4WD Doppelkabine Wildtrak AHK Navi Digi\">\n                            <img loading=\"lazy\" decoding=\"async\" width=\"300\" height=\"225\" src=\"https:\/\/ford-sachsen.de\/html\/page\/wp-content\/uploads\/2026\/09\/4811017-6a972b822f2863aee8001-46cd-4d50-aa3b-25704d20371d-rule-mo-1600-300x225.jpg\" class=\"attachment-medium size-medium wp-post-image\" alt=\"\" srcset=\"https:\/\/ford-sachsen.de\/html\/page\/wp-content\/uploads\/2026\/09\/4811017-6a972b822f2863aee8001-46cd-4d50-aa3b-25704d20371d-rule-mo-1600-300x225.jpg 300w, https:\/\/ford-sachsen.de\/html\/page\/wp-content\/uploads\/2026\/09\/4811017-6a972b822f2863aee8001-46cd-4d50-aa3b-25704d20371d-rule-mo-1600-1024x768.jpg 1024w, https:\/\/ford-sachsen.de\/html\/page\/wp-content\/uploads\/2026\/09\/4811017-6a972b822f2863aee8001-46cd-4d50-aa3b-25704d20371d-rule-mo-1600-768x576.jpg 768w, https:\/\/ford-sachsen.de\/html\/page\/wp-content\/uploads\/2026\/09\/4811017-6a972b822f2863aee8001-46cd-4d50-aa3b-25704d20371d-rule-mo-1600.jpg 1440w\" sizes=\"(max-width: 300px) 100vw, 300px\" \/>                        <\/a>\n                    <\/div>\n                    <div class=\"vehicle-data\">\n                                                    <small>\n                                                                04.2026                                \u00b7\n                            <\/small>\n                                                                            <small>\n                                25 km\n                            <\/small>\n                                                                            <small>\n                                \u00b7\n                                177 kW\n                                                                (\n                                241 PS)\n                            <\/small>\n                                                                            <small>\n                                \u00b7\n                                Automatik                            <\/small>\n                                                                            <small>\n                                \u00b7\n                                Unfallfrei                            <\/small>\n                        \n                                                    <small>\n                                \u00b7\n                                Diesel                            <\/small>\n                                                                                                                            <small>\n                                \u00b7\n                                4\/5 T\u00fcren\n                            <\/small>\n                                                <ul class=\"vehicle-emission\">\n                                                 <span>Verbrauch komb.: \n                                    10.1                                 l\/100km<\/span><br>\n                                                                                \n                                       \n  <!-- CO2-Emissionen\t-->\n                                            <span>CO\u2082-Emissionen komb.: 265.0                                 g\/km<\/span><br>\n                                        <!-- CO2-Emissionen\t-->\n                   \n \n                         <span>CO\u2082-Klasse: \n                                    G                                <\/span><br>\n                    \n\n\n                <\/ul>\n\n                    <\/div>\n\n                    <div class=\"vehicle-price\">\n                                                    <div itemprop=\"priceSpecification\" itemscope itemtype=\"http:\/\/schema.org\/UnitPriceSpecification\">\n                                <meta itemprop=\"priceCurrency\" content=\"EUR\">\n                                <meta itemprop=\"price\" content=\"53.990\">\n                                <strong>\n                                    53.990 \u20ac (Brutto)\n                                <\/strong><br><small>\n                                    Inkl. 19% MwSt.                                <\/small>\n                            <\/div>\n                                                <br>\n                        <a href=\"https:\/\/ford-sachsen.de\/html\/page\/fahrzeuge\/ford-ranger-e-4wd-doppelkabine-wildtrak-ahk-navi-digi\/\"\n                            class=\"vehicle-btn wp-block-button__link wp-element-button\">Details<\/a>\n                    <\/div>\n                <\/div> <!-- \/\/ vehicle-row -->\n               \n            <\/article>\n                        <article id=\"post-4811015\" class=\"vehicle\">\n                <hgroup>\n                    <a href=\"https:\/\/ford-sachsen.de\/html\/page\/fahrzeuge\/ford-tourneo-custom-bus-320-l2-titanium-x-fwd-standhz\/\">\n                        <h2 class=\"vehicle-title\">\n                            Ford Tourneo Custom Bus 320 L2 Titanium X FWD StandHZ                        <\/h2>\n\n                    <\/a>\n                <\/hgroup>\n                <span class=\"vehicle-addition\">\n                    <p>\n                        Van\/Minibus ,\n                        Gebrauchtfahrzeug                    <\/p>\n                <\/span>\n                <div class=\"vehicle-row\">\n                    <div class=\"vehicle-thumbnail\">\n                        <a href=\"https:\/\/ford-sachsen.de\/html\/page\/fahrzeuge\/ford-tourneo-custom-bus-320-l2-titanium-x-fwd-standhz\/\" title=\"Ford Tourneo Custom Bus 320 L2 Titanium X FWD StandHZ\">\n                            <img loading=\"lazy\" decoding=\"async\" width=\"300\" height=\"225\" src=\"https:\/\/ford-sachsen.de\/html\/page\/wp-content\/uploads\/2026\/09\/4811015-6a972b7f7f792958d91ca-657d-4505-8c82-9f86733b96f5-rule-mo-1600-300x225.jpg\" class=\"attachment-medium size-medium wp-post-image\" alt=\"\" srcset=\"https:\/\/ford-sachsen.de\/html\/page\/wp-content\/uploads\/2026\/09\/4811015-6a972b7f7f792958d91ca-657d-4505-8c82-9f86733b96f5-rule-mo-1600-300x225.jpg 300w, https:\/\/ford-sachsen.de\/html\/page\/wp-content\/uploads\/2026\/09\/4811015-6a972b7f7f792958d91ca-657d-4505-8c82-9f86733b96f5-rule-mo-1600-1024x768.jpg 1024w, https:\/\/ford-sachsen.de\/html\/page\/wp-content\/uploads\/2026\/09\/4811015-6a972b7f7f792958d91ca-657d-4505-8c82-9f86733b96f5-rule-mo-1600-768x576.jpg 768w, https:\/\/ford-sachsen.de\/html\/page\/wp-content\/uploads\/2026\/09\/4811015-6a972b7f7f792958d91ca-657d-4505-8c82-9f86733b96f5-rule-mo-1600.jpg 1440w\" sizes=\"(max-width: 300px) 100vw, 300px\" \/>                        <\/a>\n                    <\/div>\n                    <div class=\"vehicle-data\">\n                                                    <small>\n                                                                03.2026                                \u00b7\n                            <\/small>\n                                                                            <small>\n                                25 km\n                            <\/small>\n                                                                            <small>\n                                \u00b7\n                                125 kW\n                                                                (\n                                170 PS)\n                            <\/small>\n                                                                            <small>\n                                \u00b7\n                                Automatik                            <\/small>\n                                                                            <small>\n                                \u00b7\n                                Unfallfrei                            <\/small>\n                        \n                                                    <small>\n                                \u00b7\n                                Diesel                            <\/small>\n                                                                                                                            <small>\n                                \u00b7\n                                4\/5 T\u00fcren\n                            <\/small>\n                                                <ul class=\"vehicle-emission\">\n                                                 <span>Verbrauch komb.: \n                                    8.7                                 l\/100km<\/span><br>\n                                                                                \n                                       \n  <!-- CO2-Emissionen\t-->\n                                            <span>CO\u2082-Emissionen komb.: 229.0                                 g\/km<\/span><br>\n                                        <!-- CO2-Emissionen\t-->\n                   \n \n                         <span>CO\u2082-Klasse: \n                                    G                                <\/span><br>\n                    \n\n\n                <\/ul>\n\n                    <\/div>\n\n                    <div class=\"vehicle-price\">\n                                                    <div itemprop=\"priceSpecification\" itemscope itemtype=\"http:\/\/schema.org\/UnitPriceSpecification\">\n                                <meta itemprop=\"priceCurrency\" content=\"EUR\">\n                                <meta itemprop=\"price\" content=\"56.790\">\n                                <strong>\n                                    56.790 \u20ac (Brutto)\n                                <\/strong><br><small>\n                                    Inkl. 19% MwSt.                                <\/small>\n                            <\/div>\n                                                <br>\n                        <a href=\"https:\/\/ford-sachsen.de\/html\/page\/fahrzeuge\/ford-tourneo-custom-bus-320-l2-titanium-x-fwd-standhz\/\"\n                            class=\"vehicle-btn wp-block-button__link wp-element-button\">Details<\/a>\n                    <\/div>\n                <\/div> <!-- \/\/ vehicle-row -->\n               \n            <\/article>\n                        <article id=\"post-4811007\" class=\"vehicle\">\n                <hgroup>\n                    <a href=\"https:\/\/ford-sachsen.de\/html\/page\/fahrzeuge\/ford-transit-courier-trend-ahk-klima-beheiz-frontsch\/\">\n                        <h2 class=\"vehicle-title\">\n                            Ford Transit Courier Trend AHK Klima Beheiz. Frontsch                        <\/h2>\n\n                    <\/a>\n                <\/hgroup>\n                <span class=\"vehicle-addition\">\n                    <p>\n                        Andere ,\n                        Neufahrzeug                    <\/p>\n                <\/span>\n                <div class=\"vehicle-row\">\n                    <div class=\"vehicle-thumbnail\">\n                        <a href=\"https:\/\/ford-sachsen.de\/html\/page\/fahrzeuge\/ford-transit-courier-trend-ahk-klima-beheiz-frontsch\/\" title=\"Ford Transit Courier Trend AHK Klima Beheiz. Frontsch\">\n                            <img loading=\"lazy\" decoding=\"async\" width=\"300\" height=\"225\" src=\"https:\/\/ford-sachsen.de\/html\/page\/wp-content\/uploads\/2026\/09\/4811007-6a972a1a911a564cef78b-e418-4da3-92fb-924a57d7e37a-rule-mo-1600-300x225.jpg\" class=\"attachment-medium size-medium wp-post-image\" alt=\"\" srcset=\"https:\/\/ford-sachsen.de\/html\/page\/wp-content\/uploads\/2026\/09\/4811007-6a972a1a911a564cef78b-e418-4da3-92fb-924a57d7e37a-rule-mo-1600-300x225.jpg 300w, https:\/\/ford-sachsen.de\/html\/page\/wp-content\/uploads\/2026\/09\/4811007-6a972a1a911a564cef78b-e418-4da3-92fb-924a57d7e37a-rule-mo-1600-1024x768.jpg 1024w, https:\/\/ford-sachsen.de\/html\/page\/wp-content\/uploads\/2026\/09\/4811007-6a972a1a911a564cef78b-e418-4da3-92fb-924a57d7e37a-rule-mo-1600-768x576.jpg 768w, https:\/\/ford-sachsen.de\/html\/page\/wp-content\/uploads\/2026\/09\/4811007-6a972a1a911a564cef78b-e418-4da3-92fb-924a57d7e37a-rule-mo-1600.jpg 1440w\" sizes=\"(max-width: 300px) 100vw, 300px\" \/>                        <\/a>\n                    <\/div>\n                    <div class=\"vehicle-data\">\n                                                                            <small>\n                                2 km\n                            <\/small>\n                                                                            <small>\n                                \u00b7\n                                74 kW\n                                                                (\n                                101 PS)\n                            <\/small>\n                                                                            <small>\n                                \u00b7\n                                Schaltgetriebe                            <\/small>\n                                                                            <small>\n                                \u00b7\n                                Unfallfrei                            <\/small>\n                        \n                                                    <small>\n                                \u00b7\n                                Benzin                            <\/small>\n                                                                                                                            <small>\n                                \u00b7\n                                4\/5 T\u00fcren\n                            <\/small>\n                                                <ul class=\"vehicle-emission\">\n                                                 <span>Verbrauch komb.: \n                                    6.7                                 l\/100km<\/span><br>\n                                                                                \n                                       \n  <!-- CO2-Emissionen\t-->\n                                            <span>CO\u2082-Emissionen komb.: 153.0                                 g\/km<\/span><br>\n                                        <!-- CO2-Emissionen\t-->\n                   \n \n                         <span>CO\u2082-Klasse: \n                                    E                                <\/span><br>\n                    \n\n\n                <\/ul>\n\n                    <\/div>\n\n                    <div class=\"vehicle-price\">\n                                                    <div itemprop=\"priceSpecification\" itemscope itemtype=\"http:\/\/schema.org\/UnitPriceSpecification\">\n                                <meta itemprop=\"priceCurrency\" content=\"EUR\">\n                                <meta itemprop=\"price\" content=\"20.895\">\n                                <strong>\n                                    20.895 \u20ac (Brutto)\n                                <\/strong><br><small>\n                                    Inkl. 19% MwSt.                                <\/small>\n                            <\/div>\n                                                <br>\n                        <a href=\"https:\/\/ford-sachsen.de\/html\/page\/fahrzeuge\/ford-transit-courier-trend-ahk-klima-beheiz-frontsch\/\"\n                            class=\"vehicle-btn wp-block-button__link wp-element-button\">Details<\/a>\n                    <\/div>\n                <\/div> <!-- \/\/ vehicle-row -->\n               \n            <\/article>\n                        <article id=\"post-4811003\" class=\"vehicle\">\n                <hgroup>\n                    <a href=\"https:\/\/ford-sachsen.de\/html\/page\/fahrzeuge\/ford-ranger-tremor-e-4wd-doppelkabine-allrad-standhzg\/\">\n                        <h2 class=\"vehicle-title\">\n                            Ford Ranger Tremor e-4WD Doppelkabine Allrad StandHZG                        <\/h2>\n\n                    <\/a>\n                <\/hgroup>\n                <span class=\"vehicle-addition\">\n                    <p>\n                        SUV\/Gel\u00e4ndewagen\/Pickup ,\n                        Gebrauchtfahrzeug                    <\/p>\n                <\/span>\n                <div class=\"vehicle-row\">\n                    <div class=\"vehicle-thumbnail\">\n                        <a href=\"https:\/\/ford-sachsen.de\/html\/page\/fahrzeuge\/ford-ranger-tremor-e-4wd-doppelkabine-allrad-standhzg\/\" title=\"Ford Ranger Tremor e-4WD Doppelkabine Allrad StandHZG\">\n                            <img loading=\"lazy\" decoding=\"async\" width=\"300\" height=\"225\" src=\"https:\/\/ford-sachsen.de\/html\/page\/wp-content\/uploads\/2026\/09\/4811003-6a9728ebbd4742f3ca46d-340b-46bb-a1a5-126d45927075-rule-mo-1600-300x225.jpg\" class=\"attachment-medium size-medium wp-post-image\" alt=\"\" srcset=\"https:\/\/ford-sachsen.de\/html\/page\/wp-content\/uploads\/2026\/09\/4811003-6a9728ebbd4742f3ca46d-340b-46bb-a1a5-126d45927075-rule-mo-1600-300x225.jpg 300w, https:\/\/ford-sachsen.de\/html\/page\/wp-content\/uploads\/2026\/09\/4811003-6a9728ebbd4742f3ca46d-340b-46bb-a1a5-126d45927075-rule-mo-1600-1024x768.jpg 1024w, https:\/\/ford-sachsen.de\/html\/page\/wp-content\/uploads\/2026\/09\/4811003-6a9728ebbd4742f3ca46d-340b-46bb-a1a5-126d45927075-rule-mo-1600-768x576.jpg 768w, https:\/\/ford-sachsen.de\/html\/page\/wp-content\/uploads\/2026\/09\/4811003-6a9728ebbd4742f3ca46d-340b-46bb-a1a5-126d45927075-rule-mo-1600.jpg 1440w\" sizes=\"(max-width: 300px) 100vw, 300px\" \/>                        <\/a>\n                    <\/div>\n                    <div class=\"vehicle-data\">\n                                                    <small>\n                                                                04.2026                                \u00b7\n                            <\/small>\n                                                                            <small>\n                                25 km\n                            <\/small>\n                                                                            <small>\n                                \u00b7\n                                151 kW\n                                                                (\n                                205 PS)\n                            <\/small>\n                                                                            <small>\n                                \u00b7\n                                Automatik                            <\/small>\n                                                                            <small>\n                                \u00b7\n                                Unfallfrei                            <\/small>\n                        \n                                                    <small>\n                                \u00b7\n                                Diesel                            <\/small>\n                                                                                                                        <ul class=\"vehicle-emission\">\n                                                 <span>Verbrauch komb.: \n                                    10.3                                 l\/100km<\/span><br>\n                                                                                \n                                       \n  <!-- CO2-Emissionen\t-->\n                                            <span>CO\u2082-Emissionen komb.: 270.0                                 g\/km<\/span><br>\n                                        <!-- CO2-Emissionen\t-->\n                   \n \n                         <span>CO\u2082-Klasse: \n                                    G                                <\/span><br>\n                    \n\n\n                <\/ul>\n\n                    <\/div>\n\n                    <div class=\"vehicle-price\">\n                                                    <div itemprop=\"priceSpecification\" itemscope itemtype=\"http:\/\/schema.org\/UnitPriceSpecification\">\n                                <meta itemprop=\"priceCurrency\" content=\"EUR\">\n                                <meta itemprop=\"price\" content=\"47.890\">\n                                <strong>\n                                    47.890 \u20ac (Brutto)\n                                <\/strong><br><small>\n                                    Inkl. 19% MwSt.                                <\/small>\n                            <\/div>\n                                                <br>\n                        <a href=\"https:\/\/ford-sachsen.de\/html\/page\/fahrzeuge\/ford-ranger-tremor-e-4wd-doppelkabine-allrad-standhzg\/\"\n                            class=\"vehicle-btn wp-block-button__link wp-element-button\">Details<\/a>\n                    <\/div>\n                <\/div> <!-- \/\/ vehicle-row -->\n               \n            <\/article>\n                        <article id=\"post-4810999\" class=\"vehicle\">\n                <hgroup>\n                    <a href=\"https:\/\/ford-sachsen.de\/html\/page\/fahrzeuge\/mazda-cx-5-sports-line-awd-hud-navi-soundsystem-bose-3\/\">\n                        <h2 class=\"vehicle-title\">\n                            Mazda CX-5 Sports-Line AWD HUD Navi Soundsystem Bose 3                        <\/h2>\n\n                    <\/a>\n                <\/hgroup>\n                <span class=\"vehicle-addition\">\n                    <p>\n                        SUV\/Gel\u00e4ndewagen\/Pickup ,\n                        Gebrauchtfahrzeug                    <\/p>\n                <\/span>\n                <div class=\"vehicle-row\">\n                    <div class=\"vehicle-thumbnail\">\n                        <a href=\"https:\/\/ford-sachsen.de\/html\/page\/fahrzeuge\/mazda-cx-5-sports-line-awd-hud-navi-soundsystem-bose-3\/\" title=\"Mazda CX-5 Sports-Line AWD HUD Navi Soundsystem Bose 3\">\n                            <img loading=\"lazy\" decoding=\"async\" width=\"300\" height=\"225\" src=\"https:\/\/ford-sachsen.de\/html\/page\/wp-content\/uploads\/2026\/09\/4810999-6a9727bf4864aae53d754-3fde-44e5-8c4f-19ef12d240b6-rule-mo-1600-300x225.jpg\" class=\"attachment-medium size-medium wp-post-image\" alt=\"\" srcset=\"https:\/\/ford-sachsen.de\/html\/page\/wp-content\/uploads\/2026\/09\/4810999-6a9727bf4864aae53d754-3fde-44e5-8c4f-19ef12d240b6-rule-mo-1600-300x225.jpg 300w, https:\/\/ford-sachsen.de\/html\/page\/wp-content\/uploads\/2026\/09\/4810999-6a9727bf4864aae53d754-3fde-44e5-8c4f-19ef12d240b6-rule-mo-1600-1024x768.jpg 1024w, https:\/\/ford-sachsen.de\/html\/page\/wp-content\/uploads\/2026\/09\/4810999-6a9727bf4864aae53d754-3fde-44e5-8c4f-19ef12d240b6-rule-mo-1600-768x576.jpg 768w, https:\/\/ford-sachsen.de\/html\/page\/wp-content\/uploads\/2026\/09\/4810999-6a9727bf4864aae53d754-3fde-44e5-8c4f-19ef12d240b6-rule-mo-1600.jpg 1440w\" sizes=\"(max-width: 300px) 100vw, 300px\" \/>                        <\/a>\n                    <\/div>\n                    <div class=\"vehicle-data\">\n                                                    <small>\n                                                                09.2019                                \u00b7\n                            <\/small>\n                                                                            <small>\n                                92.987 km\n                            <\/small>\n                                                                            <small>\n                                \u00b7\n                                135 kW\n                                                                (\n                                184 PS)\n                            <\/small>\n                                                                            <small>\n                                \u00b7\n                                Automatik                            <\/small>\n                                                                            <small>\n                                \u00b7\n                                Unfallfrei                            <\/small>\n                        \n                                                    <small>\n                                \u00b7\n                                Diesel                            <\/small>\n                                                                                                                            <small>\n                                \u00b7\n                                4\/5 T\u00fcren\n                            <\/small>\n                                                <ul class=\"vehicle-emission\">\n                                                                                     \n                                       \n  <!-- CO2-Emissionen\t-->\n                                        <!-- CO2-Emissionen\t-->\n                   \n \n \n\n\n                <\/ul>\n\n                    <\/div>\n\n                    <div class=\"vehicle-price\">\n                                                    <div itemprop=\"priceSpecification\" itemscope itemtype=\"http:\/\/schema.org\/UnitPriceSpecification\">\n                                <meta itemprop=\"priceCurrency\" content=\"EUR\">\n                                <meta itemprop=\"price\" content=\"20.990\">\n                                <strong>\n                                    20.990 \u20ac (Brutto)\n                                <\/strong><br><small>\n                                    MwSt. nicht ausweisbar                                <\/small>\n                            <\/div>\n                                                <br>\n                        <a href=\"https:\/\/ford-sachsen.de\/html\/page\/fahrzeuge\/mazda-cx-5-sports-line-awd-hud-navi-soundsystem-bose-3\/\"\n                            class=\"vehicle-btn wp-block-button__link wp-element-button\">Details<\/a>\n                    <\/div>\n                <\/div> <!-- \/\/ vehicle-row -->\n               \n            <\/article>\n                        <article id=\"post-4810997\" class=\"vehicle\">\n                <hgroup>\n                    <a href=\"https:\/\/ford-sachsen.de\/html\/page\/fahrzeuge\/ford-focus-turnier-st-line-ladeschaletechnopaketled\/\">\n                        <h2 class=\"vehicle-title\">\n                            Ford Focus Turnier ST-Line LADESCHALE+TECHNOPAKET+LED                        <\/h2>\n\n                    <\/a>\n                <\/hgroup>\n                <span class=\"vehicle-addition\">\n                    <p>\n                        Kombi ,\n                        Gebrauchtfahrzeug                    <\/p>\n                <\/span>\n                <div class=\"vehicle-row\">\n                    <div class=\"vehicle-thumbnail\">\n                        <a href=\"https:\/\/ford-sachsen.de\/html\/page\/fahrzeuge\/ford-focus-turnier-st-line-ladeschaletechnopaketled\/\" title=\"Ford Focus Turnier ST-Line LADESCHALE+TECHNOPAKET+LED\">\n                            <img loading=\"lazy\" decoding=\"async\" width=\"300\" height=\"225\" src=\"https:\/\/ford-sachsen.de\/html\/page\/wp-content\/uploads\/2026\/09\/4810997-6a9727bd8f6dae5f816bb-244f-42fa-aa6d-029cbe517d71-rule-mo-1600-300x225.jpg\" class=\"attachment-medium size-medium wp-post-image\" alt=\"\" srcset=\"https:\/\/ford-sachsen.de\/html\/page\/wp-content\/uploads\/2026\/09\/4810997-6a9727bd8f6dae5f816bb-244f-42fa-aa6d-029cbe517d71-rule-mo-1600-300x225.jpg 300w, https:\/\/ford-sachsen.de\/html\/page\/wp-content\/uploads\/2026\/09\/4810997-6a9727bd8f6dae5f816bb-244f-42fa-aa6d-029cbe517d71-rule-mo-1600-1024x768.jpg 1024w, https:\/\/ford-sachsen.de\/html\/page\/wp-content\/uploads\/2026\/09\/4810997-6a9727bd8f6dae5f816bb-244f-42fa-aa6d-029cbe517d71-rule-mo-1600-768x576.jpg 768w, https:\/\/ford-sachsen.de\/html\/page\/wp-content\/uploads\/2026\/09\/4810997-6a9727bd8f6dae5f816bb-244f-42fa-aa6d-029cbe517d71-rule-mo-1600.jpg 1440w\" sizes=\"(max-width: 300px) 100vw, 300px\" \/>                        <\/a>\n                    <\/div>\n                    <div class=\"vehicle-data\">\n                                                    <small>\n                                                                11.2021                                \u00b7\n                            <\/small>\n                                                                            <small>\n                                94.057 km\n                            <\/small>\n                                                                            <small>\n                                \u00b7\n                                114 kW\n                                                                (\n                                155 PS)\n                            <\/small>\n                                                                            <small>\n                                \u00b7\n                                Schaltgetriebe                            <\/small>\n                                                                            <small>\n                                \u00b7\n                                Unfallfrei                            <\/small>\n                        \n                                                    <small>\n                                \u00b7\n                                Benzin                            <\/small>\n                                                                                                                            <small>\n                                \u00b7\n                                4\/5 T\u00fcren\n                            <\/small>\n                                                <ul class=\"vehicle-emission\">\n                                                 <span>Verbrauch komb.: \n                                    6.1                                 l\/100km<\/span><br>\n                                                                                \n                                       \n  <!-- CO2-Emissionen\t-->\n                                            <span>CO\u2082-Emissionen komb.: 138.0                                 g\/km<\/span><br>\n                                        <!-- CO2-Emissionen\t-->\n                   \n \n                         <span>CO\u2082-Klasse: \n                                    E                                <\/span><br>\n                    \n\n\n                <\/ul>\n\n                    <\/div>\n\n                    <div class=\"vehicle-price\">\n                                                    <div itemprop=\"priceSpecification\" itemscope itemtype=\"http:\/\/schema.org\/UnitPriceSpecification\">\n                                <meta itemprop=\"priceCurrency\" content=\"EUR\">\n                                <meta itemprop=\"price\" content=\"16.590\">\n                                <strong>\n                                    16.590 \u20ac (Brutto)\n                                <\/strong><br><small>\n                                    Inkl. 19% MwSt.                                <\/small>\n                            <\/div>\n                                                <br>\n                        <a href=\"https:\/\/ford-sachsen.de\/html\/page\/fahrzeuge\/ford-focus-turnier-st-line-ladeschaletechnopaketled\/\"\n                            class=\"vehicle-btn wp-block-button__link wp-element-button\">Details<\/a>\n                    <\/div>\n                <\/div> <!-- \/\/ vehicle-row -->\n               \n            <\/article>\n                        <article id=\"post-4810991\" class=\"vehicle\">\n                <hgroup>\n                    <a href=\"https:\/\/ford-sachsen.de\/html\/page\/fahrzeuge\/ford-kuga-titanium-ahzv-el-schwenkbargjrwinter-pake\/\">\n                        <h2 class=\"vehicle-title\">\n                            Ford Kuga Titanium AHZV el.schwenkbar+GJR+WINTER-PAKE                        <\/h2>\n\n                    <\/a>\n                <\/hgroup>\n                <span class=\"vehicle-addition\">\n                    <p>\n                        SUV\/Gel\u00e4ndewagen\/Pickup ,\n                        Gebrauchtfahrzeug                    <\/p>\n                <\/span>\n                <div class=\"vehicle-row\">\n                    <div class=\"vehicle-thumbnail\">\n                        <a href=\"https:\/\/ford-sachsen.de\/html\/page\/fahrzeuge\/ford-kuga-titanium-ahzv-el-schwenkbargjrwinter-pake\/\" title=\"Ford Kuga Titanium AHZV el.schwenkbar+GJR+WINTER-PAKE\">\n                            <img loading=\"lazy\" decoding=\"async\" width=\"300\" height=\"225\" src=\"https:\/\/ford-sachsen.de\/html\/page\/wp-content\/uploads\/2026\/09\/4810991-6a97269a325d3b51f349d-7733-4c95-90ef-8a4690075041-rule-mo-1600-300x225.jpg\" class=\"attachment-medium size-medium wp-post-image\" alt=\"\" srcset=\"https:\/\/ford-sachsen.de\/html\/page\/wp-content\/uploads\/2026\/09\/4810991-6a97269a325d3b51f349d-7733-4c95-90ef-8a4690075041-rule-mo-1600-300x225.jpg 300w, https:\/\/ford-sachsen.de\/html\/page\/wp-content\/uploads\/2026\/09\/4810991-6a97269a325d3b51f349d-7733-4c95-90ef-8a4690075041-rule-mo-1600-1024x768.jpg 1024w, https:\/\/ford-sachsen.de\/html\/page\/wp-content\/uploads\/2026\/09\/4810991-6a97269a325d3b51f349d-7733-4c95-90ef-8a4690075041-rule-mo-1600-768x576.jpg 768w, https:\/\/ford-sachsen.de\/html\/page\/wp-content\/uploads\/2026\/09\/4810991-6a97269a325d3b51f349d-7733-4c95-90ef-8a4690075041-rule-mo-1600.jpg 1440w\" sizes=\"(max-width: 300px) 100vw, 300px\" \/>                        <\/a>\n                    <\/div>\n                    <div class=\"vehicle-data\">\n                                                    <small>\n                                                                04.2022                                \u00b7\n                            <\/small>\n                                                                            <small>\n                                32.500 km\n                            <\/small>\n                                                                            <small>\n                                \u00b7\n                                110 kW\n                                                                (\n                                150 PS)\n                            <\/small>\n                                                                            <small>\n                                \u00b7\n                                Schaltgetriebe                            <\/small>\n                                                                            <small>\n                                \u00b7\n                                Unfallfrei                            <\/small>\n                        \n                                                    <small>\n                                \u00b7\n                                Benzin                            <\/small>\n                                                                                                                            <small>\n                                \u00b7\n                                4\/5 T\u00fcren\n                            <\/small>\n                                                <ul class=\"vehicle-emission\">\n                                                 <span>Verbrauch komb.: \n                                    7.0                                 l\/100km<\/span><br>\n                                                                                \n                                       \n  <!-- CO2-Emissionen\t-->\n                                            <span>CO\u2082-Emissionen komb.: 160.0                                 g\/km<\/span><br>\n                                        <!-- CO2-Emissionen\t-->\n                   \n \n                         <span>CO\u2082-Klasse: \n                                    F                                <\/span><br>\n                    \n\n\n                <\/ul>\n\n                    <\/div>\n\n                    <div class=\"vehicle-price\">\n                                                    <div itemprop=\"priceSpecification\" itemscope itemtype=\"http:\/\/schema.org\/UnitPriceSpecification\">\n                                <meta itemprop=\"priceCurrency\" content=\"EUR\">\n                                <meta itemprop=\"price\" content=\"19.960\">\n                                <strong>\n                                    19.960 \u20ac (Brutto)\n                                <\/strong><br><small>\n                                    MwSt. nicht ausweisbar                                <\/small>\n                            <\/div>\n                                                <br>\n                        <a href=\"https:\/\/ford-sachsen.de\/html\/page\/fahrzeuge\/ford-kuga-titanium-ahzv-el-schwenkbargjrwinter-pake\/\"\n                            class=\"vehicle-btn wp-block-button__link wp-element-button\">Details<\/a>\n                    <\/div>\n                <\/div> <!-- \/\/ vehicle-row -->\n               \n            <\/article>\n                        <article id=\"post-4810989\" class=\"vehicle\">\n                <hgroup>\n                    <a href=\"https:\/\/ford-sachsen.de\/html\/page\/fahrzeuge\/ford-ranger-e-4wd-doka-tremor-rollowanne-gespr-tech\/\">\n                        <h2 class=\"vehicle-title\">\n                            Ford Ranger e-4WD DOKA Tremor ROLLO+WANNE GESPR.+TECH                        <\/h2>\n\n                    <\/a>\n                <\/hgroup>\n                <span class=\"vehicle-addition\">\n                    <p>\n                        SUV\/Gel\u00e4ndewagen\/Pickup ,\n                        Gebrauchtfahrzeug                    <\/p>\n                <\/span>\n                <div class=\"vehicle-row\">\n                    <div class=\"vehicle-thumbnail\">\n                        <a href=\"https:\/\/ford-sachsen.de\/html\/page\/fahrzeuge\/ford-ranger-e-4wd-doka-tremor-rollowanne-gespr-tech\/\" title=\"Ford Ranger e-4WD DOKA Tremor ROLLO+WANNE GESPR.+TECH\">\n                            <img loading=\"lazy\" decoding=\"async\" width=\"300\" height=\"225\" src=\"https:\/\/ford-sachsen.de\/html\/page\/wp-content\/uploads\/2026\/09\/4810989-6a9726988d981e11eb614-75da-47aa-94d9-d6cc188bfcd8-rule-mo-1600-300x225.jpg\" class=\"attachment-medium size-medium wp-post-image\" alt=\"\" srcset=\"https:\/\/ford-sachsen.de\/html\/page\/wp-content\/uploads\/2026\/09\/4810989-6a9726988d981e11eb614-75da-47aa-94d9-d6cc188bfcd8-rule-mo-1600-300x225.jpg 300w, https:\/\/ford-sachsen.de\/html\/page\/wp-content\/uploads\/2026\/09\/4810989-6a9726988d981e11eb614-75da-47aa-94d9-d6cc188bfcd8-rule-mo-1600-1024x768.jpg 1024w, https:\/\/ford-sachsen.de\/html\/page\/wp-content\/uploads\/2026\/09\/4810989-6a9726988d981e11eb614-75da-47aa-94d9-d6cc188bfcd8-rule-mo-1600-768x576.jpg 768w, https:\/\/ford-sachsen.de\/html\/page\/wp-content\/uploads\/2026\/09\/4810989-6a9726988d981e11eb614-75da-47aa-94d9-d6cc188bfcd8-rule-mo-1600.jpg 1440w\" sizes=\"(max-width: 300px) 100vw, 300px\" \/>                        <\/a>\n                    <\/div>\n                    <div class=\"vehicle-data\">\n                                                    <small>\n                                                                03.2026                                \u00b7\n                            <\/small>\n                                                                            <small>\n                                25 km\n                            <\/small>\n                                                                            <small>\n                                \u00b7\n                                151 kW\n                                                                (\n                                205 PS)\n                            <\/small>\n                                                                            <small>\n                                \u00b7\n                                Automatik                            <\/small>\n                                                                            <small>\n                                \u00b7\n                                Unfallfrei                            <\/small>\n                        \n                                                    <small>\n                                \u00b7\n                                Diesel                            <\/small>\n                                                                                                                            <small>\n                                \u00b7\n                                4\/5 T\u00fcren\n                            <\/small>\n                                                <ul class=\"vehicle-emission\">\n                                                 <span>Verbrauch komb.: \n                                    10.3                                 l\/100km<\/span><br>\n                                                                                \n                                       \n  <!-- CO2-Emissionen\t-->\n                                            <span>CO\u2082-Emissionen komb.: 270.0                                 g\/km<\/span><br>\n                                        <!-- CO2-Emissionen\t-->\n                   \n \n                         <span>CO\u2082-Klasse: \n                                    G                                <\/span><br>\n                    \n\n\n                <\/ul>\n\n                    <\/div>\n\n                    <div class=\"vehicle-price\">\n                                                    <div itemprop=\"priceSpecification\" itemscope itemtype=\"http:\/\/schema.org\/UnitPriceSpecification\">\n                                <meta itemprop=\"priceCurrency\" content=\"EUR\">\n                                <meta itemprop=\"price\" content=\"43.690\">\n                                <strong>\n                                    43.690 \u20ac (Brutto)\n                                <\/strong><br><small>\n                                    Inkl. 19% MwSt.                                <\/small>\n                            <\/div>\n                                                <br>\n                        <a href=\"https:\/\/ford-sachsen.de\/html\/page\/fahrzeuge\/ford-ranger-e-4wd-doka-tremor-rollowanne-gespr-tech\/\"\n                            class=\"vehicle-btn wp-block-button__link wp-element-button\">Details<\/a>\n                    <\/div>\n                <\/div> <!-- \/\/ vehicle-row -->\n               \n            <\/article>\n                        <article id=\"post-4810987\" class=\"vehicle\">\n                <hgroup>\n                    <a href=\"https:\/\/ford-sachsen.de\/html\/page\/fahrzeuge\/ford-transit-custom-kasten-320-l1-fwd-kastenwagen-tre\/\">\n                        <h2 class=\"vehicle-title\">\n                            Ford Transit Custom Kasten 320 L1 FWD Kastenwagen Tre                        <\/h2>\n\n                    <\/a>\n                <\/hgroup>\n                <span class=\"vehicle-addition\">\n                    <p>\n                        Andere ,\n                        Gebrauchtfahrzeug                    <\/p>\n                <\/span>\n                <div class=\"vehicle-row\">\n                    <div class=\"vehicle-thumbnail\">\n                        <a href=\"https:\/\/ford-sachsen.de\/html\/page\/fahrzeuge\/ford-transit-custom-kasten-320-l1-fwd-kastenwagen-tre\/\" title=\"Ford Transit Custom Kasten 320 L1 FWD Kastenwagen Tre\">\n                            <img loading=\"lazy\" decoding=\"async\" width=\"300\" height=\"225\" src=\"https:\/\/ford-sachsen.de\/html\/page\/wp-content\/uploads\/2026\/09\/4810987-6a972696db857052e2364-0a45-456e-8312-e675596fd24d-rule-mo-1600-300x225.jpg\" class=\"attachment-medium size-medium wp-post-image\" alt=\"\" srcset=\"https:\/\/ford-sachsen.de\/html\/page\/wp-content\/uploads\/2026\/09\/4810987-6a972696db857052e2364-0a45-456e-8312-e675596fd24d-rule-mo-1600-300x225.jpg 300w, https:\/\/ford-sachsen.de\/html\/page\/wp-content\/uploads\/2026\/09\/4810987-6a972696db857052e2364-0a45-456e-8312-e675596fd24d-rule-mo-1600-1024x768.jpg 1024w, https:\/\/ford-sachsen.de\/html\/page\/wp-content\/uploads\/2026\/09\/4810987-6a972696db857052e2364-0a45-456e-8312-e675596fd24d-rule-mo-1600-768x576.jpg 768w, https:\/\/ford-sachsen.de\/html\/page\/wp-content\/uploads\/2026\/09\/4810987-6a972696db857052e2364-0a45-456e-8312-e675596fd24d-rule-mo-1600.jpg 1440w\" sizes=\"(max-width: 300px) 100vw, 300px\" \/>                        <\/a>\n                    <\/div>\n                    <div class=\"vehicle-data\">\n                                                    <small>\n                                                                05.2026                                \u00b7\n                            <\/small>\n                                                                            <small>\n                                25 km\n                            <\/small>\n                                                                            <small>\n                                \u00b7\n                                100 kW\n                                                                (\n                                136 PS)\n                            <\/small>\n                                                                            <small>\n                                \u00b7\n                                Schaltgetriebe                            <\/small>\n                                                                            <small>\n                                \u00b7\n                                Unfallfrei                            <\/small>\n                        \n                                                    <small>\n                                \u00b7\n                                Diesel                            <\/small>\n                                                                                                                            <small>\n                                \u00b7\n                                4\/5 T\u00fcren\n                            <\/small>\n                                                <ul class=\"vehicle-emission\">\n                                                 <span>Verbrauch komb.: \n                                    7.1                                 l\/100km<\/span><br>\n                                                                                \n                                       \n  <!-- CO2-Emissionen\t-->\n                                            <span>CO\u2082-Emissionen komb.: 235.0                                 g\/km<\/span><br>\n                                        <!-- CO2-Emissionen\t-->\n                   \n \n                         <span>CO\u2082-Klasse: \n                                    G                                <\/span><br>\n                    \n\n\n                <\/ul>\n\n                    <\/div>\n\n                    <div class=\"vehicle-price\">\n                                                    <div itemprop=\"priceSpecification\" itemscope itemtype=\"http:\/\/schema.org\/UnitPriceSpecification\">\n                                <meta itemprop=\"priceCurrency\" content=\"EUR\">\n                                <meta itemprop=\"price\" content=\"39.960\">\n                                <strong>\n                                    39.960 \u20ac (Brutto)\n                                <\/strong><br><small>\n                                    Inkl. 19% MwSt.                                <\/small>\n                            <\/div>\n                                                <br>\n                        <a href=\"https:\/\/ford-sachsen.de\/html\/page\/fahrzeuge\/ford-transit-custom-kasten-320-l1-fwd-kastenwagen-tre\/\"\n                            class=\"vehicle-btn wp-block-button__link wp-element-button\">Details<\/a>\n                    <\/div>\n                <\/div> <!-- \/\/ vehicle-row -->\n               \n            <\/article>\n                        <article id=\"post-4810985\" class=\"vehicle\">\n                <hgroup>\n                    <a href=\"https:\/\/ford-sachsen.de\/html\/page\/fahrzeuge\/ford-kuga-phev-titanium-technologiewinter-paket-hud\/\">\n                        <h2 class=\"vehicle-title\">\n                            Ford Kuga PHEV Titanium TECHNOLOGIE+WINTER-PAKET HUD                        <\/h2>\n\n                    <\/a>\n                <\/hgroup>\n                <span class=\"vehicle-addition\">\n                    <p>\n                        SUV\/Gel\u00e4ndewagen\/Pickup ,\n                        Gebrauchtfahrzeug                    <\/p>\n                <\/span>\n                <div class=\"vehicle-row\">\n                    <div class=\"vehicle-thumbnail\">\n                        <a href=\"https:\/\/ford-sachsen.de\/html\/page\/fahrzeuge\/ford-kuga-phev-titanium-technologiewinter-paket-hud\/\" title=\"Ford Kuga PHEV Titanium TECHNOLOGIE+WINTER-PAKET HUD\">\n                            <img loading=\"lazy\" decoding=\"async\" width=\"300\" height=\"225\" src=\"https:\/\/ford-sachsen.de\/html\/page\/wp-content\/uploads\/2026\/09\/4810985-6a9726953ddba435937d0-6354-41c9-9af7-ad4fe5ab93ee-rule-mo-1600-300x225.jpg\" class=\"attachment-medium size-medium wp-post-image\" alt=\"\" srcset=\"https:\/\/ford-sachsen.de\/html\/page\/wp-content\/uploads\/2026\/09\/4810985-6a9726953ddba435937d0-6354-41c9-9af7-ad4fe5ab93ee-rule-mo-1600-300x225.jpg 300w, https:\/\/ford-sachsen.de\/html\/page\/wp-content\/uploads\/2026\/09\/4810985-6a9726953ddba435937d0-6354-41c9-9af7-ad4fe5ab93ee-rule-mo-1600-1024x768.jpg 1024w, https:\/\/ford-sachsen.de\/html\/page\/wp-content\/uploads\/2026\/09\/4810985-6a9726953ddba435937d0-6354-41c9-9af7-ad4fe5ab93ee-rule-mo-1600-768x576.jpg 768w, https:\/\/ford-sachsen.de\/html\/page\/wp-content\/uploads\/2026\/09\/4810985-6a9726953ddba435937d0-6354-41c9-9af7-ad4fe5ab93ee-rule-mo-1600.jpg 1440w\" sizes=\"(max-width: 300px) 100vw, 300px\" \/>                        <\/a>\n                    <\/div>\n                    <div class=\"vehicle-data\">\n                                                    <small>\n                                                                06.2022                                \u00b7\n                            <\/small>\n                                                                            <small>\n                                44.525 km\n                            <\/small>\n                                                                            <small>\n                                \u00b7\n                                165 kW\n                                                                (\n                                224 PS)\n                            <\/small>\n                                                                            <small>\n                                \u00b7\n                                Automatik                            <\/small>\n                                                                            <small>\n                                \u00b7\n                                Unfallfrei                            <\/small>\n                        \n                                                    <small>\n                                \u00b7\n                                Plug-in-Hybrid                            <\/small>\n                                                                                                                            <small>\n                                \u00b7\n                                4\/5 T\u00fcren\n                            <\/small>\n                                                <ul class=\"vehicle-emission\">\n                                                                                     \n                                       \n  <!-- CO2-Emissionen\t-->\n                                        <!-- CO2-Emissionen\t-->\n                   \n \n \n\n\n                <\/ul>\n\n                    <\/div>\n\n                    <div class=\"vehicle-price\">\n                                                    <div itemprop=\"priceSpecification\" itemscope itemtype=\"http:\/\/schema.org\/UnitPriceSpecification\">\n                                <meta itemprop=\"priceCurrency\" content=\"EUR\">\n                                <meta itemprop=\"price\" content=\"24.290\">\n                                <strong>\n                                    24.290 \u20ac (Brutto)\n                                <\/strong><br><small>\n                                    Inkl. 19% MwSt.                                <\/small>\n                            <\/div>\n                                                <br>\n                        <a href=\"https:\/\/ford-sachsen.de\/html\/page\/fahrzeuge\/ford-kuga-phev-titanium-technologiewinter-paket-hud\/\"\n                            class=\"vehicle-btn wp-block-button__link wp-element-button\">Details<\/a>\n                    <\/div>\n                <\/div> <!-- \/\/ vehicle-row -->\n               \n            <\/article>\n                        <article id=\"post-4810983\" class=\"vehicle\">\n                <hgroup>\n                    <a href=\"https:\/\/ford-sachsen.de\/html\/page\/fahrzeuge\/ford-kuga-plug-in-hybrid-st-line-x-ahk20zoll-lmfahr\/\">\n                        <h2 class=\"vehicle-title\">\n                            Ford Kuga Plug-In Hybrid ST-Line X AHK+20ZOLL-LM+FAHR                        <\/h2>\n\n                    <\/a>\n                <\/hgroup>\n                <span class=\"vehicle-addition\">\n                    <p>\n                        SUV\/Gel\u00e4ndewagen\/Pickup ,\n                        Gebrauchtfahrzeug                    <\/p>\n                <\/span>\n                <div class=\"vehicle-row\">\n                    <div class=\"vehicle-thumbnail\">\n                        <a href=\"https:\/\/ford-sachsen.de\/html\/page\/fahrzeuge\/ford-kuga-plug-in-hybrid-st-line-x-ahk20zoll-lmfahr\/\" title=\"Ford Kuga Plug-In Hybrid ST-Line X AHK+20ZOLL-LM+FAHR\">\n                            <img loading=\"lazy\" decoding=\"async\" width=\"300\" height=\"225\" src=\"https:\/\/ford-sachsen.de\/html\/page\/wp-content\/uploads\/2026\/09\/4810983-6a972693bb36b7fd51b0b-906d-4bbc-8292-6cd4d31da9e1-rule-mo-1600-300x225.jpg\" class=\"attachment-medium size-medium wp-post-image\" alt=\"\" srcset=\"https:\/\/ford-sachsen.de\/html\/page\/wp-content\/uploads\/2026\/09\/4810983-6a972693bb36b7fd51b0b-906d-4bbc-8292-6cd4d31da9e1-rule-mo-1600-300x225.jpg 300w, https:\/\/ford-sachsen.de\/html\/page\/wp-content\/uploads\/2026\/09\/4810983-6a972693bb36b7fd51b0b-906d-4bbc-8292-6cd4d31da9e1-rule-mo-1600-1024x768.jpg 1024w, https:\/\/ford-sachsen.de\/html\/page\/wp-content\/uploads\/2026\/09\/4810983-6a972693bb36b7fd51b0b-906d-4bbc-8292-6cd4d31da9e1-rule-mo-1600-768x576.jpg 768w, https:\/\/ford-sachsen.de\/html\/page\/wp-content\/uploads\/2026\/09\/4810983-6a972693bb36b7fd51b0b-906d-4bbc-8292-6cd4d31da9e1-rule-mo-1600.jpg 1440w\" sizes=\"(max-width: 300px) 100vw, 300px\" \/>                        <\/a>\n                    <\/div>\n                    <div class=\"vehicle-data\">\n                                                    <small>\n                                                                06.2022                                \u00b7\n                            <\/small>\n                                                                            <small>\n                                43.216 km\n                            <\/small>\n                                                                            <small>\n                                \u00b7\n                                165 kW\n                                                                (\n                                224 PS)\n                            <\/small>\n                                                                            <small>\n                                \u00b7\n                                Automatik                            <\/small>\n                                                                            <small>\n                                \u00b7\n                                Unfallfrei                            <\/small>\n                        \n                                                    <small>\n                                \u00b7\n                                Plug-in-Hybrid                            <\/small>\n                                                                                                                            <small>\n                                \u00b7\n                                4\/5 T\u00fcren\n                            <\/small>\n                                                <ul class=\"vehicle-emission\">\n                                                                                     \n                                       \n  <!-- CO2-Emissionen\t-->\n                                        <!-- CO2-Emissionen\t-->\n                   \n \n \n\n\n                <\/ul>\n\n                    <\/div>\n\n                    <div class=\"vehicle-price\">\n                                                    <div itemprop=\"priceSpecification\" itemscope itemtype=\"http:\/\/schema.org\/UnitPriceSpecification\">\n                                <meta itemprop=\"priceCurrency\" content=\"EUR\">\n                                <meta itemprop=\"price\" content=\"27.790\">\n                                <strong>\n                                    27.790 \u20ac (Brutto)\n                                <\/strong><br><small>\n                                    Inkl. 19% MwSt.                                <\/small>\n                            <\/div>\n                                                <br>\n                        <a href=\"https:\/\/ford-sachsen.de\/html\/page\/fahrzeuge\/ford-kuga-plug-in-hybrid-st-line-x-ahk20zoll-lmfahr\/\"\n                            class=\"vehicle-btn wp-block-button__link wp-element-button\">Details<\/a>\n                    <\/div>\n                <\/div> <!-- \/\/ vehicle-row -->\n               \n            <\/article>\n                        <article id=\"post-4810981\" class=\"vehicle\">\n                <hgroup>\n                    <a href=\"https:\/\/ford-sachsen.de\/html\/page\/fahrzeuge\/ford-kuga-phev-st-line-x-technostylingwinter-paket\/\">\n                        <h2 class=\"vehicle-title\">\n                            Ford Kuga PHEV ST-Line X TECHNO+STYLING+WINTER-PAKET                        <\/h2>\n\n                    <\/a>\n                <\/hgroup>\n                <span class=\"vehicle-addition\">\n                    <p>\n                        SUV\/Gel\u00e4ndewagen\/Pickup ,\n                        Gebrauchtfahrzeug                    <\/p>\n                <\/span>\n                <div class=\"vehicle-row\">\n                    <div class=\"vehicle-thumbnail\">\n                        <a href=\"https:\/\/ford-sachsen.de\/html\/page\/fahrzeuge\/ford-kuga-phev-st-line-x-technostylingwinter-paket\/\" title=\"Ford Kuga PHEV ST-Line X TECHNO+STYLING+WINTER-PAKET\">\n                            <img loading=\"lazy\" decoding=\"async\" width=\"300\" height=\"225\" src=\"https:\/\/ford-sachsen.de\/html\/page\/wp-content\/uploads\/2026\/09\/4810981-6a972691f2a92435937d0-6354-41c9-9af7-ad4fe5ab93ee-rule-mo-1600-300x225.jpg\" class=\"attachment-medium size-medium wp-post-image\" alt=\"\" srcset=\"https:\/\/ford-sachsen.de\/html\/page\/wp-content\/uploads\/2026\/09\/4810981-6a972691f2a92435937d0-6354-41c9-9af7-ad4fe5ab93ee-rule-mo-1600-300x225.jpg 300w, https:\/\/ford-sachsen.de\/html\/page\/wp-content\/uploads\/2026\/09\/4810981-6a972691f2a92435937d0-6354-41c9-9af7-ad4fe5ab93ee-rule-mo-1600-1024x768.jpg 1024w, https:\/\/ford-sachsen.de\/html\/page\/wp-content\/uploads\/2026\/09\/4810981-6a972691f2a92435937d0-6354-41c9-9af7-ad4fe5ab93ee-rule-mo-1600-768x576.jpg 768w, https:\/\/ford-sachsen.de\/html\/page\/wp-content\/uploads\/2026\/09\/4810981-6a972691f2a92435937d0-6354-41c9-9af7-ad4fe5ab93ee-rule-mo-1600.jpg 1440w\" sizes=\"(max-width: 300px) 100vw, 300px\" \/>                        <\/a>\n                    <\/div>\n                    <div class=\"vehicle-data\">\n                                                    <small>\n                                                                03.2021                                \u00b7\n                            <\/small>\n                                                                            <small>\n                                71.128 km\n                            <\/small>\n                                                                            <small>\n                                \u00b7\n                                165 kW\n                                                                (\n                                224 PS)\n                            <\/small>\n                                                                            <small>\n                                \u00b7\n                                Automatik                            <\/small>\n                                                                            <small>\n                                \u00b7\n                                Unfallfrei                            <\/small>\n                        \n                                                    <small>\n                                \u00b7\n                                Plug-in-Hybrid                            <\/small>\n                                                                                                                            <small>\n                                \u00b7\n                                4\/5 T\u00fcren\n                            <\/small>\n                                                <ul class=\"vehicle-emission\">\n                                                                                     \n                                       \n  <!-- CO2-Emissionen\t-->\n                                        <!-- CO2-Emissionen\t-->\n                   \n \n \n\n\n                <\/ul>\n\n                    <\/div>\n\n                    <div class=\"vehicle-price\">\n                                                    <div itemprop=\"priceSpecification\" itemscope itemtype=\"http:\/\/schema.org\/UnitPriceSpecification\">\n                                <meta itemprop=\"priceCurrency\" content=\"EUR\">\n                                <meta itemprop=\"price\" content=\"21.890\">\n                                <strong>\n                                    21.890 \u20ac (Brutto)\n                                <\/strong><br><small>\n                                    MwSt. nicht ausweisbar                                <\/small>\n                            <\/div>\n                                                <br>\n                        <a href=\"https:\/\/ford-sachsen.de\/html\/page\/fahrzeuge\/ford-kuga-phev-st-line-x-technostylingwinter-paket\/\"\n                            class=\"vehicle-btn wp-block-button__link wp-element-button\">Details<\/a>\n                    <\/div>\n                <\/div> <!-- \/\/ vehicle-row -->\n               \n            <\/article>\n                        <article id=\"post-4810967\" class=\"vehicle\">\n                <hgroup>\n                    <a href=\"https:\/\/ford-sachsen.de\/html\/page\/fahrzeuge\/ford-puma-titanium-navi-led-apple-carplay-android-aut\/\">\n                        <h2 class=\"vehicle-title\">\n                            Ford Puma Titanium Navi LED Apple CarPlay Android Aut                        <\/h2>\n\n                    <\/a>\n                <\/hgroup>\n                <span class=\"vehicle-addition\">\n                    <p>\n                        SUV\/Gel\u00e4ndewagen\/Pickup ,\n                        Gebrauchtfahrzeug                    <\/p>\n                <\/span>\n                <div class=\"vehicle-row\">\n                    <div class=\"vehicle-thumbnail\">\n                        <a href=\"https:\/\/ford-sachsen.de\/html\/page\/fahrzeuge\/ford-puma-titanium-navi-led-apple-carplay-android-aut\/\" title=\"Ford Puma Titanium Navi LED Apple CarPlay Android Aut\">\n                            <img loading=\"lazy\" decoding=\"async\" width=\"300\" height=\"225\" src=\"https:\/\/ford-sachsen.de\/html\/page\/wp-content\/uploads\/2026\/09\/4810967-6a9724343fd85c1386a79-d3a2-4a1f-9eb0-0ea86709ee5c-rule-mo-1600-300x225.jpg\" class=\"attachment-medium size-medium wp-post-image\" alt=\"\" srcset=\"https:\/\/ford-sachsen.de\/html\/page\/wp-content\/uploads\/2026\/09\/4810967-6a9724343fd85c1386a79-d3a2-4a1f-9eb0-0ea86709ee5c-rule-mo-1600-300x225.jpg 300w, https:\/\/ford-sachsen.de\/html\/page\/wp-content\/uploads\/2026\/09\/4810967-6a9724343fd85c1386a79-d3a2-4a1f-9eb0-0ea86709ee5c-rule-mo-1600-1024x768.jpg 1024w, https:\/\/ford-sachsen.de\/html\/page\/wp-content\/uploads\/2026\/09\/4810967-6a9724343fd85c1386a79-d3a2-4a1f-9eb0-0ea86709ee5c-rule-mo-1600-768x576.jpg 768w, https:\/\/ford-sachsen.de\/html\/page\/wp-content\/uploads\/2026\/09\/4810967-6a9724343fd85c1386a79-d3a2-4a1f-9eb0-0ea86709ee5c-rule-mo-1600.jpg 1440w\" sizes=\"(max-width: 300px) 100vw, 300px\" \/>                        <\/a>\n                    <\/div>\n                    <div class=\"vehicle-data\">\n                                                    <small>\n                                                                05.2026                                \u00b7\n                            <\/small>\n                                                                            <small>\n                                25 km\n                            <\/small>\n                                                                            <small>\n                                \u00b7\n                                92 kW\n                                                                (\n                                125 PS)\n                            <\/small>\n                                                                            <small>\n                                \u00b7\n                                Schaltgetriebe                            <\/small>\n                                                                            <small>\n                                \u00b7\n                                Unfallfrei                            <\/small>\n                        \n                                                    <small>\n                                \u00b7\n                                Hybrid (Benzin\/Elektro)                            <\/small>\n                                                                                                                            <small>\n                                \u00b7\n                                4\/5 T\u00fcren\n                            <\/small>\n                                                <ul class=\"vehicle-emission\">\n                                                 <span>Verbrauch komb.: \n                                    5.4                                 l\/100km<\/span><br>\n                                                                                \n                                       \n  <!-- CO2-Emissionen\t-->\n                                            <span>CO\u2082-Emissionen komb.: 123.0                                 g\/km<\/span><br>\n                                        <!-- CO2-Emissionen\t-->\n                   \n \n                         <span>CO\u2082-Klasse: \n                                    D                                <\/span><br>\n                    \n\n\n                <\/ul>\n\n                    <\/div>\n\n                    <div class=\"vehicle-price\">\n                                                    <div itemprop=\"priceSpecification\" itemscope itemtype=\"http:\/\/schema.org\/UnitPriceSpecification\">\n                                <meta itemprop=\"priceCurrency\" content=\"EUR\">\n                                <meta itemprop=\"price\" content=\"24.990\">\n                                <strong>\n                                    24.990 \u20ac (Brutto)\n                                <\/strong><br><small>\n                                    Inkl. 19% MwSt.                                <\/small>\n                            <\/div>\n                                                <br>\n                        <a href=\"https:\/\/ford-sachsen.de\/html\/page\/fahrzeuge\/ford-puma-titanium-navi-led-apple-carplay-android-aut\/\"\n                            class=\"vehicle-btn wp-block-button__link wp-element-button\">Details<\/a>\n                    <\/div>\n                <\/div> <!-- \/\/ vehicle-row -->\n               \n            <\/article>\n                        <article id=\"post-4810965\" class=\"vehicle\">\n                <hgroup>\n                    <a href=\"https:\/\/ford-sachsen.de\/html\/page\/fahrzeuge\/ford-ranger-raptor-doka-rapt-paketstandheizung\/\">\n                        <h2 class=\"vehicle-title\">\n                            Ford Ranger Raptor DoKa RAPT-PAKET+STANDHEIZUNG                        <\/h2>\n\n                    <\/a>\n                <\/hgroup>\n                <span class=\"vehicle-addition\">\n                    <p>\n                        SUV\/Gel\u00e4ndewagen\/Pickup ,\n                        Gebrauchtfahrzeug                    <\/p>\n                <\/span>\n                <div class=\"vehicle-row\">\n                    <div class=\"vehicle-thumbnail\">\n                        <a href=\"https:\/\/ford-sachsen.de\/html\/page\/fahrzeuge\/ford-ranger-raptor-doka-rapt-paketstandheizung\/\" title=\"Ford Ranger Raptor DoKa RAPT-PAKET+STANDHEIZUNG\">\n                            <img loading=\"lazy\" decoding=\"async\" width=\"300\" height=\"225\" src=\"https:\/\/ford-sachsen.de\/html\/page\/wp-content\/uploads\/2026\/09\/4810965-6a97243287c6882e7b676-e886-47c1-a25e-039c57daa56e-rule-mo-1600-300x225.jpg\" class=\"attachment-medium size-medium wp-post-image\" alt=\"\" srcset=\"https:\/\/ford-sachsen.de\/html\/page\/wp-content\/uploads\/2026\/09\/4810965-6a97243287c6882e7b676-e886-47c1-a25e-039c57daa56e-rule-mo-1600-300x225.jpg 300w, https:\/\/ford-sachsen.de\/html\/page\/wp-content\/uploads\/2026\/09\/4810965-6a97243287c6882e7b676-e886-47c1-a25e-039c57daa56e-rule-mo-1600-1024x768.jpg 1024w, https:\/\/ford-sachsen.de\/html\/page\/wp-content\/uploads\/2026\/09\/4810965-6a97243287c6882e7b676-e886-47c1-a25e-039c57daa56e-rule-mo-1600-768x576.jpg 768w, https:\/\/ford-sachsen.de\/html\/page\/wp-content\/uploads\/2026\/09\/4810965-6a97243287c6882e7b676-e886-47c1-a25e-039c57daa56e-rule-mo-1600.jpg 1440w\" sizes=\"(max-width: 300px) 100vw, 300px\" \/>                        <\/a>\n                    <\/div>\n                    <div class=\"vehicle-data\">\n                                                    <small>\n                                                                04.2026                                \u00b7\n                            <\/small>\n                                                                            <small>\n                                25 km\n                            <\/small>\n                                                                            <small>\n                                \u00b7\n                                154 kW\n                                                                (\n                                209 PS)\n                            <\/small>\n                                                                            <small>\n                                \u00b7\n                                Automatik                            <\/small>\n                                                                            <small>\n                                \u00b7\n                                Unfallfrei                            <\/small>\n                        \n                                                    <small>\n                                \u00b7\n                                Diesel                            <\/small>\n                                                                                                                            <small>\n                                \u00b7\n                                4\/5 T\u00fcren\n                            <\/small>\n                                                <ul class=\"vehicle-emission\">\n                                                 <span>Verbrauch komb.: \n                                    10.6                                 l\/100km<\/span><br>\n                                                                                \n                                       \n  <!-- CO2-Emissionen\t-->\n                                            <span>CO\u2082-Emissionen komb.: 278.0                                 g\/km<\/span><br>\n                                        <!-- CO2-Emissionen\t-->\n                   \n \n                         <span>CO\u2082-Klasse: \n                                    G                                <\/span><br>\n                    \n\n\n                <\/ul>\n\n                    <\/div>\n\n                    <div class=\"vehicle-price\">\n                                                    <div itemprop=\"priceSpecification\" itemscope itemtype=\"http:\/\/schema.org\/UnitPriceSpecification\">\n                                <meta itemprop=\"priceCurrency\" content=\"EUR\">\n                                <meta itemprop=\"price\" content=\"61.990\">\n                                <strong>\n                                    61.990 \u20ac (Brutto)\n                                <\/strong><br><small>\n                                    Inkl. 19% MwSt.                                <\/small>\n                            <\/div>\n                                                <br>\n                        <a href=\"https:\/\/ford-sachsen.de\/html\/page\/fahrzeuge\/ford-ranger-raptor-doka-rapt-paketstandheizung\/\"\n                            class=\"vehicle-btn wp-block-button__link wp-element-button\">Details<\/a>\n                    <\/div>\n                <\/div> <!-- \/\/ vehicle-row -->\n               \n            <\/article>\n                        <article id=\"post-4810963\" class=\"vehicle\">\n                <hgroup>\n                    <a href=\"https:\/\/ford-sachsen.de\/html\/page\/fahrzeuge\/ford-ranger-e-4wd-doppelkabine-wildtrak-ahk-navi-lede\/\">\n                        <h2 class=\"vehicle-title\">\n                            Ford Ranger e-4WD Doppelkabine Wildtrak AHK Navi Lede                        <\/h2>\n\n                    <\/a>\n                <\/hgroup>\n                <span class=\"vehicle-addition\">\n                    <p>\n                        SUV\/Gel\u00e4ndewagen\/Pickup ,\n                        Gebrauchtfahrzeug                    <\/p>\n                <\/span>\n                <div class=\"vehicle-row\">\n                    <div class=\"vehicle-thumbnail\">\n                        <a href=\"https:\/\/ford-sachsen.de\/html\/page\/fahrzeuge\/ford-ranger-e-4wd-doppelkabine-wildtrak-ahk-navi-lede\/\" title=\"Ford Ranger e-4WD Doppelkabine Wildtrak AHK Navi Lede\">\n                            <img loading=\"lazy\" decoding=\"async\" width=\"300\" height=\"225\" src=\"https:\/\/ford-sachsen.de\/html\/page\/wp-content\/uploads\/2026\/09\/4810963-6a972430cdfbc2c65f73b-6140-416b-8cd4-421a933374a5-rule-mo-1600-300x225.jpg\" class=\"attachment-medium size-medium wp-post-image\" alt=\"\" srcset=\"https:\/\/ford-sachsen.de\/html\/page\/wp-content\/uploads\/2026\/09\/4810963-6a972430cdfbc2c65f73b-6140-416b-8cd4-421a933374a5-rule-mo-1600-300x225.jpg 300w, https:\/\/ford-sachsen.de\/html\/page\/wp-content\/uploads\/2026\/09\/4810963-6a972430cdfbc2c65f73b-6140-416b-8cd4-421a933374a5-rule-mo-1600-1024x768.jpg 1024w, https:\/\/ford-sachsen.de\/html\/page\/wp-content\/uploads\/2026\/09\/4810963-6a972430cdfbc2c65f73b-6140-416b-8cd4-421a933374a5-rule-mo-1600-768x576.jpg 768w, https:\/\/ford-sachsen.de\/html\/page\/wp-content\/uploads\/2026\/09\/4810963-6a972430cdfbc2c65f73b-6140-416b-8cd4-421a933374a5-rule-mo-1600.jpg 1440w\" sizes=\"(max-width: 300px) 100vw, 300px\" \/>                        <\/a>\n                    <\/div>\n                    <div class=\"vehicle-data\">\n                                                    <small>\n                                                                04.2026                                \u00b7\n                            <\/small>\n                                                                            <small>\n                                25 km\n                            <\/small>\n                                                                            <small>\n                                \u00b7\n                                177 kW\n                                                                (\n                                241 PS)\n                            <\/small>\n                                                                            <small>\n                                \u00b7\n                                Automatik                            <\/small>\n                                                                            <small>\n                                \u00b7\n                                Unfallfrei                            <\/small>\n                        \n                                                    <small>\n                                \u00b7\n                                Diesel                            <\/small>\n                                                                                                                            <small>\n                                \u00b7\n                                4\/5 T\u00fcren\n                            <\/small>\n                                                <ul class=\"vehicle-emission\">\n                                                 <span>Verbrauch komb.: \n                                    10.1                                 l\/100km<\/span><br>\n                                                                                \n                                       \n  <!-- CO2-Emissionen\t-->\n                                            <span>CO\u2082-Emissionen komb.: 265.0                                 g\/km<\/span><br>\n                                        <!-- CO2-Emissionen\t-->\n                   \n \n                         <span>CO\u2082-Klasse: \n                                    G                                <\/span><br>\n                    \n\n\n                <\/ul>\n\n                    <\/div>\n\n                    <div class=\"vehicle-price\">\n                                                    <div itemprop=\"priceSpecification\" itemscope itemtype=\"http:\/\/schema.org\/UnitPriceSpecification\">\n                                <meta itemprop=\"priceCurrency\" content=\"EUR\">\n                                <meta itemprop=\"price\" content=\"53.890\">\n                                <strong>\n                                    53.890 \u20ac (Brutto)\n                                <\/strong><br><small>\n                                    Inkl. 19% MwSt.                                <\/small>\n                            <\/div>\n                                                <br>\n                        <a href=\"https:\/\/ford-sachsen.de\/html\/page\/fahrzeuge\/ford-ranger-e-4wd-doppelkabine-wildtrak-ahk-navi-lede\/\"\n                            class=\"vehicle-btn wp-block-button__link wp-element-button\">Details<\/a>\n                    <\/div>\n                <\/div> <!-- \/\/ vehicle-row -->\n               \n            <\/article>\n                        <article id=\"post-4810955\" class=\"vehicle\">\n                <hgroup>\n                    <a href=\"https:\/\/ford-sachsen.de\/html\/page\/fahrzeuge\/ford-puma-st-line-x-navi-leder-digitales-cockpit-soun\/\">\n                        <h2 class=\"vehicle-title\">\n                            Ford Puma ST-Line X Navi Leder Digitales Cockpit Soun                        <\/h2>\n\n                    <\/a>\n                <\/hgroup>\n                <span class=\"vehicle-addition\">\n                    <p>\n                        SUV\/Gel\u00e4ndewagen\/Pickup ,\n                        Gebrauchtfahrzeug                    <\/p>\n                <\/span>\n                <div class=\"vehicle-row\">\n                    <div class=\"vehicle-thumbnail\">\n                        <a href=\"https:\/\/ford-sachsen.de\/html\/page\/fahrzeuge\/ford-puma-st-line-x-navi-leder-digitales-cockpit-soun\/\" title=\"Ford Puma ST-Line X Navi Leder Digitales Cockpit Soun\">\n                            <img loading=\"lazy\" decoding=\"async\" width=\"300\" height=\"225\" src=\"https:\/\/ford-sachsen.de\/html\/page\/wp-content\/uploads\/2026\/09\/4810955-6a9723ea173ce36878b85-674e-4a49-bf3d-41013bf348c1-rule-mo-1600-300x225.jpg\" class=\"attachment-medium size-medium wp-post-image\" alt=\"\" srcset=\"https:\/\/ford-sachsen.de\/html\/page\/wp-content\/uploads\/2026\/09\/4810955-6a9723ea173ce36878b85-674e-4a49-bf3d-41013bf348c1-rule-mo-1600-300x225.jpg 300w, https:\/\/ford-sachsen.de\/html\/page\/wp-content\/uploads\/2026\/09\/4810955-6a9723ea173ce36878b85-674e-4a49-bf3d-41013bf348c1-rule-mo-1600-1024x768.jpg 1024w, https:\/\/ford-sachsen.de\/html\/page\/wp-content\/uploads\/2026\/09\/4810955-6a9723ea173ce36878b85-674e-4a49-bf3d-41013bf348c1-rule-mo-1600-768x576.jpg 768w, https:\/\/ford-sachsen.de\/html\/page\/wp-content\/uploads\/2026\/09\/4810955-6a9723ea173ce36878b85-674e-4a49-bf3d-41013bf348c1-rule-mo-1600.jpg 1440w\" sizes=\"(max-width: 300px) 100vw, 300px\" \/>                        <\/a>\n                    <\/div>\n                    <div class=\"vehicle-data\">\n                                                    <small>\n                                                                05.2022                                \u00b7\n                            <\/small>\n                                                                            <small>\n                                51.500 km\n                            <\/small>\n                                                                            <small>\n                                \u00b7\n                                114 kW\n                                                                (\n                                155 PS)\n                            <\/small>\n                                                                            <small>\n                                \u00b7\n                                Schaltgetriebe                            <\/small>\n                                                                            <small>\n                                \u00b7\n                                Unfallfrei                            <\/small>\n                        \n                                                    <small>\n                                \u00b7\n                                Benzin                            <\/small>\n                                                                                                                            <small>\n                                \u00b7\n                                4\/5 T\u00fcren\n                            <\/small>\n                                                <ul class=\"vehicle-emission\">\n                                                 <span>Verbrauch komb.: \n                                    6.1                                 l\/100km<\/span><br>\n                                                                                \n                                       \n  <!-- CO2-Emissionen\t-->\n                                            <span>CO\u2082-Emissionen komb.: 138.0                                 g\/km<\/span><br>\n                                        <!-- CO2-Emissionen\t-->\n                   \n \n                         <span>CO\u2082-Klasse: \n                                    E                                <\/span><br>\n                    \n\n\n                <\/ul>\n\n                    <\/div>\n\n                    <div class=\"vehicle-price\">\n                                                    <div itemprop=\"priceSpecification\" itemscope itemtype=\"http:\/\/schema.org\/UnitPriceSpecification\">\n                                <meta itemprop=\"priceCurrency\" content=\"EUR\">\n                                <meta itemprop=\"price\" content=\"18.990\">\n                                <strong>\n                                    18.990 \u20ac (Brutto)\n                                <\/strong><br><small>\n                                    MwSt. nicht ausweisbar                                <\/small>\n                            <\/div>\n                                                <br>\n                        <a href=\"https:\/\/ford-sachsen.de\/html\/page\/fahrzeuge\/ford-puma-st-line-x-navi-leder-digitales-cockpit-soun\/\"\n                            class=\"vehicle-btn wp-block-button__link wp-element-button\">Details<\/a>\n                    <\/div>\n                <\/div> <!-- \/\/ vehicle-row -->\n               \n            <\/article>\n                        <article id=\"post-4810953\" class=\"vehicle\">\n                <hgroup>\n                    <a href=\"https:\/\/ford-sachsen.de\/html\/page\/fahrzeuge\/ford-puma-titanium-dach-schwarzgjrassist-paket\/\">\n                        <h2 class=\"vehicle-title\">\n                            Ford Puma Titanium DACH-SCHWARZ+GJR+ASSIST-PAKET                        <\/h2>\n\n                    <\/a>\n                <\/hgroup>\n                <span class=\"vehicle-addition\">\n                    <p>\n                        SUV\/Gel\u00e4ndewagen\/Pickup ,\n                        Gebrauchtfahrzeug                    <\/p>\n                <\/span>\n                <div class=\"vehicle-row\">\n                    <div class=\"vehicle-thumbnail\">\n                        <a href=\"https:\/\/ford-sachsen.de\/html\/page\/fahrzeuge\/ford-puma-titanium-dach-schwarzgjrassist-paket\/\" title=\"Ford Puma Titanium DACH-SCHWARZ+GJR+ASSIST-PAKET\">\n                            <img loading=\"lazy\" decoding=\"async\" width=\"300\" height=\"225\" src=\"https:\/\/ford-sachsen.de\/html\/page\/wp-content\/uploads\/2026\/09\/4810953-6a9723e84388cc9e0a357-dfb8-4299-beac-c8662b1546ba-rule-mo-1600-300x225.jpg\" class=\"attachment-medium size-medium wp-post-image\" alt=\"\" srcset=\"https:\/\/ford-sachsen.de\/html\/page\/wp-content\/uploads\/2026\/09\/4810953-6a9723e84388cc9e0a357-dfb8-4299-beac-c8662b1546ba-rule-mo-1600-300x225.jpg 300w, https:\/\/ford-sachsen.de\/html\/page\/wp-content\/uploads\/2026\/09\/4810953-6a9723e84388cc9e0a357-dfb8-4299-beac-c8662b1546ba-rule-mo-1600-1024x768.jpg 1024w, https:\/\/ford-sachsen.de\/html\/page\/wp-content\/uploads\/2026\/09\/4810953-6a9723e84388cc9e0a357-dfb8-4299-beac-c8662b1546ba-rule-mo-1600-768x576.jpg 768w, https:\/\/ford-sachsen.de\/html\/page\/wp-content\/uploads\/2026\/09\/4810953-6a9723e84388cc9e0a357-dfb8-4299-beac-c8662b1546ba-rule-mo-1600.jpg 1440w\" sizes=\"(max-width: 300px) 100vw, 300px\" \/>                        <\/a>\n                    <\/div>\n                    <div class=\"vehicle-data\">\n                                                    <small>\n                                                                05.2026                                \u00b7\n                            <\/small>\n                                                                            <small>\n                                25 km\n                            <\/small>\n                                                                            <small>\n                                \u00b7\n                                92 kW\n                                                                (\n                                125 PS)\n                            <\/small>\n                                                                            <small>\n                                \u00b7\n                                Automatik                            <\/small>\n                                                                            <small>\n                                \u00b7\n                                Unfallfrei                            <\/small>\n                        \n                                                    <small>\n                                \u00b7\n                                Benzin                            <\/small>\n                                                                                                                            <small>\n                                \u00b7\n                                4\/5 T\u00fcren\n                            <\/small>\n                                                <ul class=\"vehicle-emission\">\n                                                 <span>Verbrauch komb.: \n                                    6.3                                 l\/100km<\/span><br>\n                                                                                \n                                       \n  <!-- CO2-Emissionen\t-->\n                                            <span>CO\u2082-Emissionen komb.: 143.0                                 g\/km<\/span><br>\n                                        <!-- CO2-Emissionen\t-->\n                   \n \n                         <span>CO\u2082-Klasse: \n                                    E                                <\/span><br>\n                    \n\n\n                <\/ul>\n\n                    <\/div>\n\n                    <div class=\"vehicle-price\">\n                                                    <div itemprop=\"priceSpecification\" itemscope itemtype=\"http:\/\/schema.org\/UnitPriceSpecification\">\n                                <meta itemprop=\"priceCurrency\" content=\"EUR\">\n                                <meta itemprop=\"price\" content=\"26.390\">\n                                <strong>\n                                    26.390 \u20ac (Brutto)\n                                <\/strong><br><small>\n                                    Inkl. 19% MwSt.                                <\/small>\n                            <\/div>\n                                                <br>\n                        <a href=\"https:\/\/ford-sachsen.de\/html\/page\/fahrzeuge\/ford-puma-titanium-dach-schwarzgjrassist-paket\/\"\n                            class=\"vehicle-btn wp-block-button__link wp-element-button\">Details<\/a>\n                    <\/div>\n                <\/div> <!-- \/\/ vehicle-row -->\n               \n            <\/article>\n                        <article id=\"post-4810943\" class=\"vehicle\">\n                <hgroup>\n                    <a href=\"https:\/\/ford-sachsen.de\/html\/page\/fahrzeuge\/ford-puma-titanium-aktionszulassung-inkl-winter-paket\/\">\n                        <h2 class=\"vehicle-title\">\n                            Ford Puma Titanium AKTIONSZULASSUNG INKL.WINTER-PAKET                        <\/h2>\n\n                    <\/a>\n                <\/hgroup>\n                <span class=\"vehicle-addition\">\n                    <p>\n                        SUV\/Gel\u00e4ndewagen\/Pickup ,\n                        Gebrauchtfahrzeug                    <\/p>\n                <\/span>\n                <div class=\"vehicle-row\">\n                    <div class=\"vehicle-thumbnail\">\n                        <a href=\"https:\/\/ford-sachsen.de\/html\/page\/fahrzeuge\/ford-puma-titanium-aktionszulassung-inkl-winter-paket\/\" title=\"Ford Puma Titanium AKTIONSZULASSUNG INKL.WINTER-PAKET\">\n                            <img loading=\"lazy\" decoding=\"async\" width=\"300\" height=\"225\" src=\"https:\/\/ford-sachsen.de\/html\/page\/wp-content\/uploads\/2026\/09\/4810943-6a972242a5853ffff9768-0c58-4cda-836f-f5199500bddb-rule-mo-1600-300x225.jpg\" class=\"attachment-medium size-medium wp-post-image\" alt=\"\" srcset=\"https:\/\/ford-sachsen.de\/html\/page\/wp-content\/uploads\/2026\/09\/4810943-6a972242a5853ffff9768-0c58-4cda-836f-f5199500bddb-rule-mo-1600-300x225.jpg 300w, https:\/\/ford-sachsen.de\/html\/page\/wp-content\/uploads\/2026\/09\/4810943-6a972242a5853ffff9768-0c58-4cda-836f-f5199500bddb-rule-mo-1600-1024x768.jpg 1024w, https:\/\/ford-sachsen.de\/html\/page\/wp-content\/uploads\/2026\/09\/4810943-6a972242a5853ffff9768-0c58-4cda-836f-f5199500bddb-rule-mo-1600-768x576.jpg 768w, https:\/\/ford-sachsen.de\/html\/page\/wp-content\/uploads\/2026\/09\/4810943-6a972242a5853ffff9768-0c58-4cda-836f-f5199500bddb-rule-mo-1600.jpg 1440w\" sizes=\"(max-width: 300px) 100vw, 300px\" \/>                        <\/a>\n                    <\/div>\n                    <div class=\"vehicle-data\">\n                                                    <small>\n                                                                05.2026                                \u00b7\n                            <\/small>\n                                                                            <small>\n                                25 km\n                            <\/small>\n                                                                            <small>\n                                \u00b7\n                                92 kW\n                                                                (\n                                125 PS)\n                            <\/small>\n                                                                            <small>\n                                \u00b7\n                                Schaltgetriebe                            <\/small>\n                                                                            <small>\n                                \u00b7\n                                Unfallfrei                            <\/small>\n                        \n                                                    <small>\n                                \u00b7\n                                Benzin                            <\/small>\n                                                                                                                            <small>\n                                \u00b7\n                                4\/5 T\u00fcren\n                            <\/small>\n                                                <ul class=\"vehicle-emission\">\n                                                 <span>Verbrauch komb.: \n                                    6.0                                 l\/100km<\/span><br>\n                                                                                \n                                       \n  <!-- CO2-Emissionen\t-->\n                                            <span>CO\u2082-Emissionen komb.: 135.0                                 g\/km<\/span><br>\n                                        <!-- CO2-Emissionen\t-->\n                   \n \n                         <span>CO\u2082-Klasse: \n                                    D                                <\/span><br>\n                    \n\n\n                <\/ul>\n\n                    <\/div>\n\n                    <div class=\"vehicle-price\">\n                                                    <div itemprop=\"priceSpecification\" itemscope itemtype=\"http:\/\/schema.org\/UnitPriceSpecification\">\n                                <meta itemprop=\"priceCurrency\" content=\"EUR\">\n                                <meta itemprop=\"price\" content=\"24.990\">\n                                <strong>\n                                    24.990 \u20ac (Brutto)\n                                <\/strong><br><small>\n                                    Inkl. 19% MwSt.                                <\/small>\n                            <\/div>\n                                                <br>\n                        <a href=\"https:\/\/ford-sachsen.de\/html\/page\/fahrzeuge\/ford-puma-titanium-aktionszulassung-inkl-winter-paket\/\"\n                            class=\"vehicle-btn wp-block-button__link wp-element-button\">Details<\/a>\n                    <\/div>\n                <\/div> <!-- \/\/ vehicle-row -->\n               \n            <\/article>\n                        <article id=\"post-4810941\" class=\"vehicle\">\n                <hgroup>\n                    <a href=\"https:\/\/ford-sachsen.de\/html\/page\/fahrzeuge\/omoda-5-exclusive-hev-automatik-led-el-schiebedach-a-2\/\">\n                        <h2 class=\"vehicle-title\">\n                            OMODA 5 Exclusive HEV Automatik LED EL. SCHIEBEDACH  A                        <\/h2>\n\n                    <\/a>\n                <\/hgroup>\n                <span class=\"vehicle-addition\">\n                    <p>\n                        Limousine ,\n                        Neufahrzeug                    <\/p>\n                <\/span>\n                <div class=\"vehicle-row\">\n                    <div class=\"vehicle-thumbnail\">\n                        <a href=\"https:\/\/ford-sachsen.de\/html\/page\/fahrzeuge\/omoda-5-exclusive-hev-automatik-led-el-schiebedach-a-2\/\" title=\"OMODA 5 Exclusive HEV Automatik LED EL. SCHIEBEDACH  A\">\n                            <img loading=\"lazy\" decoding=\"async\" width=\"300\" height=\"225\" src=\"https:\/\/ford-sachsen.de\/html\/page\/wp-content\/uploads\/2026\/09\/4810941-6a972240d29a60404769e-b9ba-4240-8465-25f949231ab5-rule-mo-1600-300x225.jpg\" class=\"attachment-medium size-medium wp-post-image\" alt=\"\" srcset=\"https:\/\/ford-sachsen.de\/html\/page\/wp-content\/uploads\/2026\/09\/4810941-6a972240d29a60404769e-b9ba-4240-8465-25f949231ab5-rule-mo-1600-300x225.jpg 300w, https:\/\/ford-sachsen.de\/html\/page\/wp-content\/uploads\/2026\/09\/4810941-6a972240d29a60404769e-b9ba-4240-8465-25f949231ab5-rule-mo-1600-1024x768.jpg 1024w, https:\/\/ford-sachsen.de\/html\/page\/wp-content\/uploads\/2026\/09\/4810941-6a972240d29a60404769e-b9ba-4240-8465-25f949231ab5-rule-mo-1600-768x576.jpg 768w, https:\/\/ford-sachsen.de\/html\/page\/wp-content\/uploads\/2026\/09\/4810941-6a972240d29a60404769e-b9ba-4240-8465-25f949231ab5-rule-mo-1600.jpg 1440w\" sizes=\"(max-width: 300px) 100vw, 300px\" \/>                        <\/a>\n                    <\/div>\n                    <div class=\"vehicle-data\">\n                                                                                                    <small>\n                                \u00b7\n                                165 kW\n                                                                (\n                                224 PS)\n                            <\/small>\n                                                                            <small>\n                                \u00b7\n                                Automatik                            <\/small>\n                                                                            <small>\n                                \u00b7\n                                Unfallfrei                            <\/small>\n                        \n                                                    <small>\n                                \u00b7\n                                Hybrid (Benzin\/Elektro)                            <\/small>\n                                                                                                                            <small>\n                                \u00b7\n                                4\/5 T\u00fcren\n                            <\/small>\n                                                <ul class=\"vehicle-emission\">\n                                                 <span>Verbrauch komb.: \n                                    5.3                                 l\/100km<\/span><br>\n                                                                                \n                                       \n  <!-- CO2-Emissionen\t-->\n                                            <span>CO\u2082-Emissionen komb.: 120.0                                 g\/km<\/span><br>\n                                        <!-- CO2-Emissionen\t-->\n                   \n \n                         <span>CO\u2082-Klasse: \n                                    D                                <\/span><br>\n                    \n\n\n                <\/ul>\n\n                    <\/div>\n\n                    <div class=\"vehicle-price\">\n                                                    <div itemprop=\"priceSpecification\" itemscope itemtype=\"http:\/\/schema.org\/UnitPriceSpecification\">\n                                <meta itemprop=\"priceCurrency\" content=\"EUR\">\n                                <meta itemprop=\"price\" content=\"31.490\">\n                                <strong>\n                                    31.490 \u20ac (Brutto)\n                                <\/strong><br><small>\n                                    Inkl. 19% MwSt.                                <\/small>\n                            <\/div>\n                                                <br>\n                        <a href=\"https:\/\/ford-sachsen.de\/html\/page\/fahrzeuge\/omoda-5-exclusive-hev-automatik-led-el-schiebedach-a-2\/\"\n                            class=\"vehicle-btn wp-block-button__link wp-element-button\">Details<\/a>\n                    <\/div>\n                <\/div> <!-- \/\/ vehicle-row -->\n               \n            <\/article>\n                        <article id=\"post-4810939\" class=\"vehicle\">\n                <hgroup>\n                    <a href=\"https:\/\/ford-sachsen.de\/html\/page\/fahrzeuge\/jaecoo-j7-first-edition-select-phev-rueckfahrkameraacc\/\">\n                        <h2 class=\"vehicle-title\">\n                            JAECOO J7 First Edition Select PHEV R\u00dcCKFAHRKAMERA,ACC,                        <\/h2>\n\n                    <\/a>\n                <\/hgroup>\n                <span class=\"vehicle-addition\">\n                    <p>\n                        SUV\/Gel\u00e4ndewagen\/Pickup ,\n                        Neufahrzeug                    <\/p>\n                <\/span>\n                <div class=\"vehicle-row\">\n                    <div class=\"vehicle-thumbnail\">\n                        <a href=\"https:\/\/ford-sachsen.de\/html\/page\/fahrzeuge\/jaecoo-j7-first-edition-select-phev-rueckfahrkameraacc\/\" title=\"JAECOO J7 First Edition Select PHEV R\u00dcCKFAHRKAMERA,ACC,\">\n                            <img loading=\"lazy\" decoding=\"async\" width=\"300\" height=\"225\" src=\"https:\/\/ford-sachsen.de\/html\/page\/wp-content\/uploads\/2026\/09\/4810939-6a97223f1e587ecb518db-6f3a-41d6-9d91-a1ca64c06294-rule-mo-1600-300x225.jpg\" class=\"attachment-medium size-medium wp-post-image\" alt=\"\" srcset=\"https:\/\/ford-sachsen.de\/html\/page\/wp-content\/uploads\/2026\/09\/4810939-6a97223f1e587ecb518db-6f3a-41d6-9d91-a1ca64c06294-rule-mo-1600-300x225.jpg 300w, https:\/\/ford-sachsen.de\/html\/page\/wp-content\/uploads\/2026\/09\/4810939-6a97223f1e587ecb518db-6f3a-41d6-9d91-a1ca64c06294-rule-mo-1600-1024x768.jpg 1024w, https:\/\/ford-sachsen.de\/html\/page\/wp-content\/uploads\/2026\/09\/4810939-6a97223f1e587ecb518db-6f3a-41d6-9d91-a1ca64c06294-rule-mo-1600-768x576.jpg 768w, https:\/\/ford-sachsen.de\/html\/page\/wp-content\/uploads\/2026\/09\/4810939-6a97223f1e587ecb518db-6f3a-41d6-9d91-a1ca64c06294-rule-mo-1600.jpg 1440w\" sizes=\"(max-width: 300px) 100vw, 300px\" \/>                        <\/a>\n                    <\/div>\n                    <div class=\"vehicle-data\">\n                                                                            <small>\n                                10 km\n                            <\/small>\n                                                                            <small>\n                                \u00b7\n                                205 kW\n                                                                (\n                                279 PS)\n                            <\/small>\n                                                                            <small>\n                                \u00b7\n                                Automatik                            <\/small>\n                                                                            <small>\n                                \u00b7\n                                Unfallfrei                            <\/small>\n                        \n                                                    <small>\n                                \u00b7\n                                Plug-in-Hybrid                            <\/small>\n                                                                                                                            <small>\n                                \u00b7\n                                4\/5 T\u00fcren\n                            <\/small>\n                                                <ul class=\"vehicle-emission\">\n                                                <span>Kraftstoffverbrauch gewichtet, kombiniert: \n                                    2.4                                 l\/100km<\/span><br>\n                                             <span>Verbrauch komb.: \n                                    6.0                                 l\/100km<\/span><br>\n                                                                <span>Stromverbrauch gewichtet, kombiniert: \n                                    15.1                                 kWh\/100km<\/span><br>\n                                                            \n                                       \n  <!-- CO2-Emissionen\t-->\n                                            <span>CO\u2082-Emissionen komb.: 54.0                                 g\/km<\/span><br>\n                                        <!-- CO2-Emissionen\t-->\n                   \n \n                         <span>CO\u2082-Klasse: \n                                    B                                <\/span><br>\n                    \n\n\n                <\/ul>\n\n                    <\/div>\n\n                    <div class=\"vehicle-price\">\n                                                    <div itemprop=\"priceSpecification\" itemscope itemtype=\"http:\/\/schema.org\/UnitPriceSpecification\">\n                                <meta itemprop=\"priceCurrency\" content=\"EUR\">\n                                <meta itemprop=\"price\" content=\"36.490\">\n                                <strong>\n                                    36.490 \u20ac (Brutto)\n                                <\/strong><br><small>\n                                    Inkl. 19% MwSt.                                <\/small>\n                            <\/div>\n                                                <br>\n                        <a href=\"https:\/\/ford-sachsen.de\/html\/page\/fahrzeuge\/jaecoo-j7-first-edition-select-phev-rueckfahrkameraacc\/\"\n                            class=\"vehicle-btn wp-block-button__link wp-element-button\">Details<\/a>\n                    <\/div>\n                <\/div> <!-- \/\/ vehicle-row -->\n               \n            <\/article>\n                        <article id=\"post-4810937\" class=\"vehicle\">\n                <hgroup>\n                    <a href=\"https:\/\/ford-sachsen.de\/html\/page\/fahrzeuge\/ford-kuga-cool-connect-klimaautomatik-2-zonen-sitzh\/\">\n                        <h2 class=\"vehicle-title\">\n                            Ford Kuga Cool &amp; Connect Klimaautomatik-2-Zonen Sitzh                        <\/h2>\n\n                    <\/a>\n                <\/hgroup>\n                <span class=\"vehicle-addition\">\n                    <p>\n                        SUV\/Gel\u00e4ndewagen\/Pickup ,\n                        Gebrauchtfahrzeug                    <\/p>\n                <\/span>\n                <div class=\"vehicle-row\">\n                    <div class=\"vehicle-thumbnail\">\n                        <a href=\"https:\/\/ford-sachsen.de\/html\/page\/fahrzeuge\/ford-kuga-cool-connect-klimaautomatik-2-zonen-sitzh\/\" title=\"Ford Kuga Cool &amp; Connect Klimaautomatik-2-Zonen Sitzh\">\n                            <img loading=\"lazy\" decoding=\"async\" width=\"300\" height=\"225\" src=\"https:\/\/ford-sachsen.de\/html\/page\/wp-content\/uploads\/2026\/09\/4810937-6a97223d508db0a56e320-3749-4dab-817d-64ab6ffde7e6-rule-mo-1600-300x225.jpg\" class=\"attachment-medium size-medium wp-post-image\" alt=\"\" srcset=\"https:\/\/ford-sachsen.de\/html\/page\/wp-content\/uploads\/2026\/09\/4810937-6a97223d508db0a56e320-3749-4dab-817d-64ab6ffde7e6-rule-mo-1600-300x225.jpg 300w, https:\/\/ford-sachsen.de\/html\/page\/wp-content\/uploads\/2026\/09\/4810937-6a97223d508db0a56e320-3749-4dab-817d-64ab6ffde7e6-rule-mo-1600-1024x768.jpg 1024w, https:\/\/ford-sachsen.de\/html\/page\/wp-content\/uploads\/2026\/09\/4810937-6a97223d508db0a56e320-3749-4dab-817d-64ab6ffde7e6-rule-mo-1600-768x576.jpg 768w, https:\/\/ford-sachsen.de\/html\/page\/wp-content\/uploads\/2026\/09\/4810937-6a97223d508db0a56e320-3749-4dab-817d-64ab6ffde7e6-rule-mo-1600.jpg 1440w\" sizes=\"(max-width: 300px) 100vw, 300px\" \/>                        <\/a>\n                    <\/div>\n                    <div class=\"vehicle-data\">\n                                                    <small>\n                                                                01.2022                                \u00b7\n                            <\/small>\n                                                                            <small>\n                                53.800 km\n                            <\/small>\n                                                                            <small>\n                                \u00b7\n                                110 kW\n                                                                (\n                                150 PS)\n                            <\/small>\n                                                                            <small>\n                                \u00b7\n                                Schaltgetriebe                            <\/small>\n                                                                            <small>\n                                \u00b7\n                                Unfallfrei                            <\/small>\n                        \n                                                    <small>\n                                \u00b7\n                                Benzin                            <\/small>\n                                                                                                                            <small>\n                                \u00b7\n                                4\/5 T\u00fcren\n                            <\/small>\n                                                <ul class=\"vehicle-emission\">\n                                                                                     \n                                       \n  <!-- CO2-Emissionen\t-->\n                                        <!-- CO2-Emissionen\t-->\n                   \n \n \n\n\n                <\/ul>\n\n                    <\/div>\n\n                    <div class=\"vehicle-price\">\n                                                    <div itemprop=\"priceSpecification\" itemscope itemtype=\"http:\/\/schema.org\/UnitPriceSpecification\">\n                                <meta itemprop=\"priceCurrency\" content=\"EUR\">\n                                <meta itemprop=\"price\" content=\"18.490\">\n                                <strong>\n                                    18.490 \u20ac (Brutto)\n                                <\/strong><br><small>\n                                    MwSt. nicht ausweisbar                                <\/small>\n                            <\/div>\n                                                <br>\n                        <a href=\"https:\/\/ford-sachsen.de\/html\/page\/fahrzeuge\/ford-kuga-cool-connect-klimaautomatik-2-zonen-sitzh\/\"\n                            class=\"vehicle-btn wp-block-button__link wp-element-button\">Details<\/a>\n                    <\/div>\n                <\/div> <!-- \/\/ vehicle-row -->\n               \n            <\/article>\n                        <article id=\"post-4810927\" class=\"vehicle\">\n                <hgroup>\n                    <a href=\"https:\/\/ford-sachsen.de\/html\/page\/fahrzeuge\/ford-tourneo-custom-bus-320-l1-fwd-trend-sonderangebo\/\">\n                        <h2 class=\"vehicle-title\">\n                            Ford Tourneo Custom Bus 320 L1 FWD Trend SONDERANGEBO                        <\/h2>\n\n                    <\/a>\n                <\/hgroup>\n                <span class=\"vehicle-addition\">\n                    <p>\n                        Van\/Minibus ,\n                        Gebrauchtfahrzeug                    <\/p>\n                <\/span>\n                <div class=\"vehicle-row\">\n                    <div class=\"vehicle-thumbnail\">\n                        <a href=\"https:\/\/ford-sachsen.de\/html\/page\/fahrzeuge\/ford-tourneo-custom-bus-320-l1-fwd-trend-sonderangebo\/\" title=\"Ford Tourneo Custom Bus 320 L1 FWD Trend SONDERANGEBO\">\n                            <img loading=\"lazy\" decoding=\"async\" width=\"300\" height=\"225\" src=\"https:\/\/ford-sachsen.de\/html\/page\/wp-content\/uploads\/2026\/09\/4810927-6a9720c9139b400d6a991-6f0d-459d-911f-d2bfcd5d8a99-rule-mo-1600-300x225.jpg\" class=\"attachment-medium size-medium wp-post-image\" alt=\"\" srcset=\"https:\/\/ford-sachsen.de\/html\/page\/wp-content\/uploads\/2026\/09\/4810927-6a9720c9139b400d6a991-6f0d-459d-911f-d2bfcd5d8a99-rule-mo-1600-300x225.jpg 300w, https:\/\/ford-sachsen.de\/html\/page\/wp-content\/uploads\/2026\/09\/4810927-6a9720c9139b400d6a991-6f0d-459d-911f-d2bfcd5d8a99-rule-mo-1600-1024x768.jpg 1024w, https:\/\/ford-sachsen.de\/html\/page\/wp-content\/uploads\/2026\/09\/4810927-6a9720c9139b400d6a991-6f0d-459d-911f-d2bfcd5d8a99-rule-mo-1600-768x576.jpg 768w, https:\/\/ford-sachsen.de\/html\/page\/wp-content\/uploads\/2026\/09\/4810927-6a9720c9139b400d6a991-6f0d-459d-911f-d2bfcd5d8a99-rule-mo-1600.jpg 1440w\" sizes=\"(max-width: 300px) 100vw, 300px\" \/>                        <\/a>\n                    <\/div>\n                    <div class=\"vehicle-data\">\n                                                    <small>\n                                                                05.2026                                \u00b7\n                            <\/small>\n                                                                            <small>\n                                25 km\n                            <\/small>\n                                                                            <small>\n                                \u00b7\n                                100 kW\n                                                                (\n                                136 PS)\n                            <\/small>\n                                                                            <small>\n                                \u00b7\n                                Schaltgetriebe                            <\/small>\n                                                                            <small>\n                                \u00b7\n                                Unfallfrei                            <\/small>\n                        \n                                                    <small>\n                                \u00b7\n                                Diesel                            <\/small>\n                                                                                                                            <small>\n                                \u00b7\n                                4\/5 T\u00fcren\n                            <\/small>\n                                                <ul class=\"vehicle-emission\">\n                                                 <span>Verbrauch komb.: \n                                    7.5                                 l\/100km<\/span><br>\n                                                                                \n                                       \n  <!-- CO2-Emissionen\t-->\n                                            <span>CO\u2082-Emissionen komb.: 198.0                                 g\/km<\/span><br>\n                                        <!-- CO2-Emissionen\t-->\n                   \n \n                         <span>CO\u2082-Klasse: \n                                    G                                <\/span><br>\n                    \n\n\n                <\/ul>\n\n                    <\/div>\n\n                    <div class=\"vehicle-price\">\n                                                    <div itemprop=\"priceSpecification\" itemscope itemtype=\"http:\/\/schema.org\/UnitPriceSpecification\">\n                                <meta itemprop=\"priceCurrency\" content=\"EUR\">\n                                <meta itemprop=\"price\" content=\"39.250\">\n                                <strong>\n                                    39.250 \u20ac (Brutto)\n                                <\/strong><br><small>\n                                    Inkl. 19% MwSt.                                <\/small>\n                            <\/div>\n                                                <br>\n                        <a href=\"https:\/\/ford-sachsen.de\/html\/page\/fahrzeuge\/ford-tourneo-custom-bus-320-l1-fwd-trend-sonderangebo\/\"\n                            class=\"vehicle-btn wp-block-button__link wp-element-button\">Details<\/a>\n                    <\/div>\n                <\/div> <!-- \/\/ vehicle-row -->\n               \n            <\/article>\n                        <article id=\"post-4810925\" class=\"vehicle\">\n                <hgroup>\n                    <a href=\"https:\/\/ford-sachsen.de\/html\/page\/fahrzeuge\/ford-tourneo-custom-titanium-l1-ahk-el-klappb-techn\/\">\n                        <h2 class=\"vehicle-title\">\n                            Ford Tourneo Custom Titanium L1 AHK-el. klappb.+TECHN                        <\/h2>\n\n                    <\/a>\n                <\/hgroup>\n                <span class=\"vehicle-addition\">\n                    <p>\n                        Van\/Minibus ,\n                        Gebrauchtfahrzeug                    <\/p>\n                <\/span>\n                <div class=\"vehicle-row\">\n                    <div class=\"vehicle-thumbnail\">\n                        <a href=\"https:\/\/ford-sachsen.de\/html\/page\/fahrzeuge\/ford-tourneo-custom-titanium-l1-ahk-el-klappb-techn\/\" title=\"Ford Tourneo Custom Titanium L1 AHK-el. klappb.+TECHN\">\n                            <img loading=\"lazy\" decoding=\"async\" width=\"300\" height=\"225\" src=\"https:\/\/ford-sachsen.de\/html\/page\/wp-content\/uploads\/2026\/09\/4810925-6a9720c71b9e0237f6ca1-29c0-484d-bc5f-83fe34f9aad1-rule-mo-1600-300x225.jpg\" class=\"attachment-medium size-medium wp-post-image\" alt=\"\" srcset=\"https:\/\/ford-sachsen.de\/html\/page\/wp-content\/uploads\/2026\/09\/4810925-6a9720c71b9e0237f6ca1-29c0-484d-bc5f-83fe34f9aad1-rule-mo-1600-300x225.jpg 300w, https:\/\/ford-sachsen.de\/html\/page\/wp-content\/uploads\/2026\/09\/4810925-6a9720c71b9e0237f6ca1-29c0-484d-bc5f-83fe34f9aad1-rule-mo-1600-1024x768.jpg 1024w, https:\/\/ford-sachsen.de\/html\/page\/wp-content\/uploads\/2026\/09\/4810925-6a9720c71b9e0237f6ca1-29c0-484d-bc5f-83fe34f9aad1-rule-mo-1600-768x576.jpg 768w, https:\/\/ford-sachsen.de\/html\/page\/wp-content\/uploads\/2026\/09\/4810925-6a9720c71b9e0237f6ca1-29c0-484d-bc5f-83fe34f9aad1-rule-mo-1600.jpg 1440w\" sizes=\"(max-width: 300px) 100vw, 300px\" \/>                        <\/a>\n                    <\/div>\n                    <div class=\"vehicle-data\">\n                                                    <small>\n                                                                05.2026                                \u00b7\n                            <\/small>\n                                                                            <small>\n                                25 km\n                            <\/small>\n                                                                            <small>\n                                \u00b7\n                                110 kW\n                                                                (\n                                150 PS)\n                            <\/small>\n                                                                            <small>\n                                \u00b7\n                                Schaltgetriebe                            <\/small>\n                                                                            <small>\n                                \u00b7\n                                Unfallfrei                            <\/small>\n                        \n                                                    <small>\n                                \u00b7\n                                Diesel                            <\/small>\n                                                                                                                            <small>\n                                \u00b7\n                                4\/5 T\u00fcren\n                            <\/small>\n                                                <ul class=\"vehicle-emission\">\n                                                 <span>Verbrauch komb.: \n                                    7.6                                 l\/100km<\/span><br>\n                                                                                \n                                       \n  <!-- CO2-Emissionen\t-->\n                                            <span>CO\u2082-Emissionen komb.: 200.0                                 g\/km<\/span><br>\n                                        <!-- CO2-Emissionen\t-->\n                   \n \n                         <span>CO\u2082-Klasse: \n                                    G                                <\/span><br>\n                    \n\n\n                <\/ul>\n\n                    <\/div>\n\n                    <div class=\"vehicle-price\">\n                                                    <div itemprop=\"priceSpecification\" itemscope itemtype=\"http:\/\/schema.org\/UnitPriceSpecification\">\n                                <meta itemprop=\"priceCurrency\" content=\"EUR\">\n                                <meta itemprop=\"price\" content=\"45.990\">\n                                <strong>\n                                    45.990 \u20ac (Brutto)\n                                <\/strong><br><small>\n                                    Inkl. 19% MwSt.                                <\/small>\n                            <\/div>\n                                                <br>\n                        <a href=\"https:\/\/ford-sachsen.de\/html\/page\/fahrzeuge\/ford-tourneo-custom-titanium-l1-ahk-el-klappb-techn\/\"\n                            class=\"vehicle-btn wp-block-button__link wp-element-button\">Details<\/a>\n                    <\/div>\n                <\/div> <!-- \/\/ vehicle-row -->\n               \n            <\/article>\n                        <article id=\"post-4810923\" class=\"vehicle\">\n                <hgroup>\n                    <a href=\"https:\/\/ford-sachsen.de\/html\/page\/fahrzeuge\/ford-puma-titanium-tz-aktiongjrwinter-paket\/\">\n                        <h2 class=\"vehicle-title\">\n                            Ford Puma Titanium TZ-AKTION+GJR+WINTER-PAKET                        <\/h2>\n\n                    <\/a>\n                <\/hgroup>\n                <span class=\"vehicle-addition\">\n                    <p>\n                        SUV\/Gel\u00e4ndewagen\/Pickup ,\n                        Gebrauchtfahrzeug                    <\/p>\n                <\/span>\n                <div class=\"vehicle-row\">\n                    <div class=\"vehicle-thumbnail\">\n                        <a href=\"https:\/\/ford-sachsen.de\/html\/page\/fahrzeuge\/ford-puma-titanium-tz-aktiongjrwinter-paket\/\" title=\"Ford Puma Titanium TZ-AKTION+GJR+WINTER-PAKET\">\n                            <img loading=\"lazy\" decoding=\"async\" width=\"300\" height=\"225\" src=\"https:\/\/ford-sachsen.de\/html\/page\/wp-content\/uploads\/2026\/09\/4810923-6a9720c4e5524ffff9768-0c58-4cda-836f-f5199500bddb-rule-mo-1600-300x225.jpg\" class=\"attachment-medium size-medium wp-post-image\" alt=\"\" srcset=\"https:\/\/ford-sachsen.de\/html\/page\/wp-content\/uploads\/2026\/09\/4810923-6a9720c4e5524ffff9768-0c58-4cda-836f-f5199500bddb-rule-mo-1600-300x225.jpg 300w, https:\/\/ford-sachsen.de\/html\/page\/wp-content\/uploads\/2026\/09\/4810923-6a9720c4e5524ffff9768-0c58-4cda-836f-f5199500bddb-rule-mo-1600-1024x768.jpg 1024w, https:\/\/ford-sachsen.de\/html\/page\/wp-content\/uploads\/2026\/09\/4810923-6a9720c4e5524ffff9768-0c58-4cda-836f-f5199500bddb-rule-mo-1600-768x576.jpg 768w, https:\/\/ford-sachsen.de\/html\/page\/wp-content\/uploads\/2026\/09\/4810923-6a9720c4e5524ffff9768-0c58-4cda-836f-f5199500bddb-rule-mo-1600.jpg 1440w\" sizes=\"(max-width: 300px) 100vw, 300px\" \/>                        <\/a>\n                    <\/div>\n                    <div class=\"vehicle-data\">\n                                                    <small>\n                                                                05.2026                                \u00b7\n                            <\/small>\n                                                                            <small>\n                                25 km\n                            <\/small>\n                                                                            <small>\n                                \u00b7\n                                92 kW\n                                                                (\n                                125 PS)\n                            <\/small>\n                                                                            <small>\n                                \u00b7\n                                Schaltgetriebe                            <\/small>\n                                                                            <small>\n                                \u00b7\n                                Unfallfrei                            <\/small>\n                        \n                                                    <small>\n                                \u00b7\n                                Benzin                            <\/small>\n                                                                                                                            <small>\n                                \u00b7\n                                4\/5 T\u00fcren\n                            <\/small>\n                                                <ul class=\"vehicle-emission\">\n                                                 <span>Verbrauch komb.: \n                                    6.0                                 l\/100km<\/span><br>\n                                                                                \n                                       \n  <!-- CO2-Emissionen\t-->\n                                            <span>CO\u2082-Emissionen komb.: 135.0                                 g\/km<\/span><br>\n                                        <!-- CO2-Emissionen\t-->\n                   \n \n                         <span>CO\u2082-Klasse: \n                                    D                                <\/span><br>\n                    \n\n\n                <\/ul>\n\n                    <\/div>\n\n                    <div class=\"vehicle-price\">\n                                                    <div itemprop=\"priceSpecification\" itemscope itemtype=\"http:\/\/schema.org\/UnitPriceSpecification\">\n                                <meta itemprop=\"priceCurrency\" content=\"EUR\">\n                                <meta itemprop=\"price\" content=\"24.990\">\n                                <strong>\n                                    24.990 \u20ac (Brutto)\n                                <\/strong><br><small>\n                                    Inkl. 19% MwSt.                                <\/small>\n                            <\/div>\n                                                <br>\n                        <a href=\"https:\/\/ford-sachsen.de\/html\/page\/fahrzeuge\/ford-puma-titanium-tz-aktiongjrwinter-paket\/\"\n                            class=\"vehicle-btn wp-block-button__link wp-element-button\">Details<\/a>\n                    <\/div>\n                <\/div> <!-- \/\/ vehicle-row -->\n               \n            <\/article>\n                        <article id=\"post-4810911\" class=\"vehicle\">\n                <hgroup>\n                    <a href=\"https:\/\/ford-sachsen.de\/html\/page\/fahrzeuge\/ford-puma-st-line-x-1-0-ecoboost-mild-hybrid-el-heck\/\">\n                        <h2 class=\"vehicle-title\">\n                            Ford Puma ST-Line X 1.0 EcoBoost Mild Hybrid el. Heck                        <\/h2>\n\n                    <\/a>\n                <\/hgroup>\n                <span class=\"vehicle-addition\">\n                    <p>\n                        SUV\/Gel\u00e4ndewagen\/Pickup ,\n                        Gebrauchtfahrzeug                    <\/p>\n                <\/span>\n                <div class=\"vehicle-row\">\n                    <div class=\"vehicle-thumbnail\">\n                        <a href=\"https:\/\/ford-sachsen.de\/html\/page\/fahrzeuge\/ford-puma-st-line-x-1-0-ecoboost-mild-hybrid-el-heck\/\" title=\"Ford Puma ST-Line X 1.0 EcoBoost Mild Hybrid el. Heck\">\n                            <img loading=\"lazy\" decoding=\"async\" width=\"300\" height=\"225\" src=\"https:\/\/ford-sachsen.de\/html\/page\/wp-content\/uploads\/2026\/09\/4810911-6a971f906a230a3c6fa61-c114-44d1-b41d-587d3fc6a481-rule-mo-1600-300x225.jpg\" class=\"attachment-medium size-medium wp-post-image\" alt=\"\" srcset=\"https:\/\/ford-sachsen.de\/html\/page\/wp-content\/uploads\/2026\/09\/4810911-6a971f906a230a3c6fa61-c114-44d1-b41d-587d3fc6a481-rule-mo-1600-300x225.jpg 300w, https:\/\/ford-sachsen.de\/html\/page\/wp-content\/uploads\/2026\/09\/4810911-6a971f906a230a3c6fa61-c114-44d1-b41d-587d3fc6a481-rule-mo-1600-1024x768.jpg 1024w, https:\/\/ford-sachsen.de\/html\/page\/wp-content\/uploads\/2026\/09\/4810911-6a971f906a230a3c6fa61-c114-44d1-b41d-587d3fc6a481-rule-mo-1600-768x576.jpg 768w, https:\/\/ford-sachsen.de\/html\/page\/wp-content\/uploads\/2026\/09\/4810911-6a971f906a230a3c6fa61-c114-44d1-b41d-587d3fc6a481-rule-mo-1600.jpg 1440w\" sizes=\"(max-width: 300px) 100vw, 300px\" \/>                        <\/a>\n                    <\/div>\n                    <div class=\"vehicle-data\">\n                                                    <small>\n                                                                08.2023                                \u00b7\n                            <\/small>\n                                                                            <small>\n                                23.635 km\n                            <\/small>\n                                                                            <small>\n                                \u00b7\n                                92 kW\n                                                                (\n                                125 PS)\n                            <\/small>\n                                                                            <small>\n                                \u00b7\n                                Schaltgetriebe                            <\/small>\n                                                                            <small>\n                                \u00b7\n                                Unfallfrei                            <\/small>\n                        \n                                                    <small>\n                                \u00b7\n                                Benzin                            <\/small>\n                                                                                                                            <small>\n                                \u00b7\n                                4\/5 T\u00fcren\n                            <\/small>\n                                                <ul class=\"vehicle-emission\">\n                                                 <span>Verbrauch komb.: \n                                    6.0                                 l\/100km<\/span><br>\n                                                                                \n                                       \n  <!-- CO2-Emissionen\t-->\n                                            <span>CO\u2082-Emissionen komb.: 135.0                                 g\/km<\/span><br>\n                                        <!-- CO2-Emissionen\t-->\n                   \n \n                         <span>CO\u2082-Klasse: \n                                    D                                <\/span><br>\n                    \n\n\n                <\/ul>\n\n                    <\/div>\n\n                    <div class=\"vehicle-price\">\n                                                    <div itemprop=\"priceSpecification\" itemscope itemtype=\"http:\/\/schema.org\/UnitPriceSpecification\">\n                                <meta itemprop=\"priceCurrency\" content=\"EUR\">\n                                <meta itemprop=\"price\" content=\"20.590\">\n                                <strong>\n                                    20.590 \u20ac (Brutto)\n                                <\/strong><br><small>\n                                    MwSt. nicht ausweisbar                                <\/small>\n                            <\/div>\n                                                <br>\n                        <a href=\"https:\/\/ford-sachsen.de\/html\/page\/fahrzeuge\/ford-puma-st-line-x-1-0-ecoboost-mild-hybrid-el-heck\/\"\n                            class=\"vehicle-btn wp-block-button__link wp-element-button\">Details<\/a>\n                    <\/div>\n                <\/div> <!-- \/\/ vehicle-row -->\n               \n            <\/article>\n                        <article id=\"post-4810909\" class=\"vehicle\">\n                <hgroup>\n                    <a href=\"https:\/\/ford-sachsen.de\/html\/page\/fahrzeuge\/swm-g05-pro-panorama-leder-digitales-cockpit-apple-c\/\">\n                        <h2 class=\"vehicle-title\">\n                            SWM G05 PRO Panorama Leder Digitales Cockpit Apple C                        <\/h2>\n\n                    <\/a>\n                <\/hgroup>\n                <span class=\"vehicle-addition\">\n                    <p>\n                        SUV\/Gel\u00e4ndewagen\/Pickup ,\n                        Gebrauchtfahrzeug                    <\/p>\n                <\/span>\n                <div class=\"vehicle-row\">\n                    <div class=\"vehicle-thumbnail\">\n                        <a href=\"https:\/\/ford-sachsen.de\/html\/page\/fahrzeuge\/swm-g05-pro-panorama-leder-digitales-cockpit-apple-c\/\" title=\"SWM G05 PRO Panorama Leder Digitales Cockpit Apple C\">\n                            <img loading=\"lazy\" decoding=\"async\" width=\"300\" height=\"225\" src=\"https:\/\/ford-sachsen.de\/html\/page\/wp-content\/uploads\/2026\/09\/4810909-6a971f8e1c6b9c3dbb131-7fa2-46cc-a865-579092f1f23b-rule-mo-1600-300x225.jpg\" class=\"attachment-medium size-medium wp-post-image\" alt=\"\" srcset=\"https:\/\/ford-sachsen.de\/html\/page\/wp-content\/uploads\/2026\/09\/4810909-6a971f8e1c6b9c3dbb131-7fa2-46cc-a865-579092f1f23b-rule-mo-1600-300x225.jpg 300w, https:\/\/ford-sachsen.de\/html\/page\/wp-content\/uploads\/2026\/09\/4810909-6a971f8e1c6b9c3dbb131-7fa2-46cc-a865-579092f1f23b-rule-mo-1600-1024x768.jpg 1024w, https:\/\/ford-sachsen.de\/html\/page\/wp-content\/uploads\/2026\/09\/4810909-6a971f8e1c6b9c3dbb131-7fa2-46cc-a865-579092f1f23b-rule-mo-1600-768x576.jpg 768w, https:\/\/ford-sachsen.de\/html\/page\/wp-content\/uploads\/2026\/09\/4810909-6a971f8e1c6b9c3dbb131-7fa2-46cc-a865-579092f1f23b-rule-mo-1600.jpg 1440w\" sizes=\"(max-width: 300px) 100vw, 300px\" \/>                        <\/a>\n                    <\/div>\n                    <div class=\"vehicle-data\">\n                                                    <small>\n                                                                06.2026                                \u00b7\n                            <\/small>\n                                                                            <small>\n                                50 km\n                            <\/small>\n                                                                            <small>\n                                \u00b7\n                                102 kW\n                                                                (\n                                139 PS)\n                            <\/small>\n                                                                            <small>\n                                \u00b7\n                                Automatik                            <\/small>\n                                                                            <small>\n                                \u00b7\n                                Unfallfrei                            <\/small>\n                        \n                                                    <small>\n                                \u00b7\n                                Benzin                            <\/small>\n                                                                                                                            <small>\n                                \u00b7\n                                4\/5 T\u00fcren\n                            <\/small>\n                                                <ul class=\"vehicle-emission\">\n                                                 <span>Verbrauch komb.: \n                                    8.5                                 l\/100km<\/span><br>\n                                                                                \n                                       \n  <!-- CO2-Emissionen\t-->\n                                            <span>CO\u2082-Emissionen komb.: 194.0                                 g\/km<\/span><br>\n                                        <!-- CO2-Emissionen\t-->\n                   \n \n                         <span>CO\u2082-Klasse: \n                                    G                                <\/span><br>\n                    \n\n\n                <\/ul>\n\n                    <\/div>\n\n                    <div class=\"vehicle-price\">\n                                                    <div itemprop=\"priceSpecification\" itemscope itemtype=\"http:\/\/schema.org\/UnitPriceSpecification\">\n                                <meta itemprop=\"priceCurrency\" content=\"EUR\">\n                                <meta itemprop=\"price\" content=\"23.990\">\n                                <strong>\n                                    23.990 \u20ac (Brutto)\n                                <\/strong><br><small>\n                                    Inkl. 19% MwSt.                                <\/small>\n                            <\/div>\n                                                <br>\n                        <a href=\"https:\/\/ford-sachsen.de\/html\/page\/fahrzeuge\/swm-g05-pro-panorama-leder-digitales-cockpit-apple-c\/\"\n                            class=\"vehicle-btn wp-block-button__link wp-element-button\">Details<\/a>\n                    <\/div>\n                <\/div> <!-- \/\/ vehicle-row -->\n               \n            <\/article>\n                        <article id=\"post-4810903\" class=\"vehicle\">\n                <hgroup>\n                    <a href=\"https:\/\/ford-sachsen.de\/html\/page\/fahrzeuge\/ford-tourneo-connect-trend-tz-aktiongjrassistpaket1\/\">\n                        <h2 class=\"vehicle-title\">\n                            Ford Tourneo Connect Trend TZ-AKTION+GJR+ASSISTPAKET1                        <\/h2>\n\n                    <\/a>\n                <\/hgroup>\n                <span class=\"vehicle-addition\">\n                    <p>\n                        Van\/Minibus ,\n                        Gebrauchtfahrzeug                    <\/p>\n                <\/span>\n                <div class=\"vehicle-row\">\n                    <div class=\"vehicle-thumbnail\">\n                        <a href=\"https:\/\/ford-sachsen.de\/html\/page\/fahrzeuge\/ford-tourneo-connect-trend-tz-aktiongjrassistpaket1\/\" title=\"Ford Tourneo Connect Trend TZ-AKTION+GJR+ASSISTPAKET1\">\n                            <img loading=\"lazy\" decoding=\"async\" width=\"300\" height=\"225\" src=\"https:\/\/ford-sachsen.de\/html\/page\/wp-content\/uploads\/2026\/09\/4810903-6a971e70cbd6de25adb04-5d2b-45eb-86c4-175ffab35911-rule-mo-1600-300x225.jpg\" class=\"attachment-medium size-medium wp-post-image\" alt=\"\" srcset=\"https:\/\/ford-sachsen.de\/html\/page\/wp-content\/uploads\/2026\/09\/4810903-6a971e70cbd6de25adb04-5d2b-45eb-86c4-175ffab35911-rule-mo-1600-300x225.jpg 300w, https:\/\/ford-sachsen.de\/html\/page\/wp-content\/uploads\/2026\/09\/4810903-6a971e70cbd6de25adb04-5d2b-45eb-86c4-175ffab35911-rule-mo-1600-1024x768.jpg 1024w, https:\/\/ford-sachsen.de\/html\/page\/wp-content\/uploads\/2026\/09\/4810903-6a971e70cbd6de25adb04-5d2b-45eb-86c4-175ffab35911-rule-mo-1600-768x576.jpg 768w, https:\/\/ford-sachsen.de\/html\/page\/wp-content\/uploads\/2026\/09\/4810903-6a971e70cbd6de25adb04-5d2b-45eb-86c4-175ffab35911-rule-mo-1600.jpg 1440w\" sizes=\"(max-width: 300px) 100vw, 300px\" \/>                        <\/a>\n                    <\/div>\n                    <div class=\"vehicle-data\">\n                                                    <small>\n                                                                06.2026                                \u00b7\n                            <\/small>\n                                                                            <small>\n                                25 km\n                            <\/small>\n                                                                            <small>\n                                \u00b7\n                                75 kW\n                                                                (\n                                102 PS)\n                            <\/small>\n                                                                            <small>\n                                \u00b7\n                                Schaltgetriebe                            <\/small>\n                                                                            <small>\n                                \u00b7\n                                Unfallfrei                            <\/small>\n                        \n                                                    <small>\n                                \u00b7\n                                Diesel                            <\/small>\n                                                                                                                            <small>\n                                \u00b7\n                                4\/5 T\u00fcren\n                            <\/small>\n                                                <ul class=\"vehicle-emission\">\n                                                 <span>Verbrauch komb.: \n                                    5.4                                 l\/100km<\/span><br>\n                                                                                \n                                       \n  <!-- CO2-Emissionen\t-->\n                                            <span>CO\u2082-Emissionen komb.: 141.0                                 g\/km<\/span><br>\n                                        <!-- CO2-Emissionen\t-->\n                   \n \n                         <span>CO\u2082-Klasse: \n                                    E                                <\/span><br>\n                    \n\n\n                <\/ul>\n\n                    <\/div>\n\n                    <div class=\"vehicle-price\">\n                                                    <div itemprop=\"priceSpecification\" itemscope itemtype=\"http:\/\/schema.org\/UnitPriceSpecification\">\n                                <meta itemprop=\"priceCurrency\" content=\"EUR\">\n                                <meta itemprop=\"price\" content=\"26.890\">\n                                <strong>\n                                    26.890 \u20ac (Brutto)\n                                <\/strong><br><small>\n                                    Inkl. 19% MwSt.                                <\/small>\n                            <\/div>\n                                                <br>\n                        <a href=\"https:\/\/ford-sachsen.de\/html\/page\/fahrzeuge\/ford-tourneo-connect-trend-tz-aktiongjrassistpaket1\/\"\n                            class=\"vehicle-btn wp-block-button__link wp-element-button\">Details<\/a>\n                    <\/div>\n                <\/div> <!-- \/\/ vehicle-row -->\n               \n            <\/article>\n                        <article id=\"post-4810899\" class=\"vehicle\">\n                <hgroup>\n                    <a href=\"https:\/\/ford-sachsen.de\/html\/page\/fahrzeuge\/mitsubishi-eclipse-cross-160kw-diamant-topumweltbonus-digi\/\">\n                        <h2 class=\"vehicle-title\">\n                            Mitsubishi Eclipse Cross 160kW Diamant Top+UMWELTBONUS Digi                        <\/h2>\n\n                    <\/a>\n                <\/hgroup>\n                <span class=\"vehicle-addition\">\n                    <p>\n                        SUV\/Gel\u00e4ndewagen\/Pickup ,\n                        Gebrauchtfahrzeug                    <\/p>\n                <\/span>\n                <div class=\"vehicle-row\">\n                    <div class=\"vehicle-thumbnail\">\n                        <a href=\"https:\/\/ford-sachsen.de\/html\/page\/fahrzeuge\/mitsubishi-eclipse-cross-160kw-diamant-topumweltbonus-digi\/\" title=\"Mitsubishi Eclipse Cross 160kW Diamant Top+UMWELTBONUS Digi\">\n                            <img loading=\"lazy\" decoding=\"async\" width=\"300\" height=\"225\" src=\"https:\/\/ford-sachsen.de\/html\/page\/wp-content\/uploads\/2026\/09\/4810899-6a971d33af7644ecfb835-8277-488d-b4dc-de6fcbd4886d-rule-mo-1600-300x225.jpg\" class=\"attachment-medium size-medium wp-post-image\" alt=\"\" srcset=\"https:\/\/ford-sachsen.de\/html\/page\/wp-content\/uploads\/2026\/09\/4810899-6a971d33af7644ecfb835-8277-488d-b4dc-de6fcbd4886d-rule-mo-1600-300x225.jpg 300w, https:\/\/ford-sachsen.de\/html\/page\/wp-content\/uploads\/2026\/09\/4810899-6a971d33af7644ecfb835-8277-488d-b4dc-de6fcbd4886d-rule-mo-1600-1024x768.jpg 1024w, https:\/\/ford-sachsen.de\/html\/page\/wp-content\/uploads\/2026\/09\/4810899-6a971d33af7644ecfb835-8277-488d-b4dc-de6fcbd4886d-rule-mo-1600-768x576.jpg 768w, https:\/\/ford-sachsen.de\/html\/page\/wp-content\/uploads\/2026\/09\/4810899-6a971d33af7644ecfb835-8277-488d-b4dc-de6fcbd4886d-rule-mo-1600.jpg 1440w\" sizes=\"(max-width: 300px) 100vw, 300px\" \/>                        <\/a>\n                    <\/div>\n                    <div class=\"vehicle-data\">\n                                                    <small>\n                                                                06.2026                                \u00b7\n                            <\/small>\n                                                                            <small>\n                                25 km\n                            <\/small>\n                                                                            <small>\n                                \u00b7\n                                160 kW\n                                                                (\n                                218 PS)\n                            <\/small>\n                                                                            <small>\n                                \u00b7\n                                Automatik                            <\/small>\n                                                                            <small>\n                                \u00b7\n                                Unfallfrei                            <\/small>\n                        \n                                                    <small>\n                                \u00b7\n                                Elektro                            <\/small>\n                                                                                                                            <small>\n                                \u00b7\n                                4\/5 T\u00fcren\n                            <\/small>\n                                                <ul class=\"vehicle-emission\">\n                                                                                     \n                                       \n  <!-- CO2-Emissionen\t-->\n                                            <span>CO\u2082-Emissionen komb.: 0.0                                 g\/km<\/span><br>\n                                        <!-- CO2-Emissionen\t-->\n                   \n \n                         <span>CO\u2082-Klasse: \n                                    A                                <\/span><br>\n                    \n\n\n                <\/ul>\n\n                    <\/div>\n\n                    <div class=\"vehicle-price\">\n                                                    <div itemprop=\"priceSpecification\" itemscope itemtype=\"http:\/\/schema.org\/UnitPriceSpecification\">\n                                <meta itemprop=\"priceCurrency\" content=\"EUR\">\n                                <meta itemprop=\"price\" content=\"42.950\">\n                                <strong>\n                                    42.950 \u20ac (Brutto)\n                                <\/strong><br><small>\n                                    Inkl. 19% MwSt.                                <\/small>\n                            <\/div>\n                                                <br>\n                        <a href=\"https:\/\/ford-sachsen.de\/html\/page\/fahrzeuge\/mitsubishi-eclipse-cross-160kw-diamant-topumweltbonus-digi\/\"\n                            class=\"vehicle-btn wp-block-button__link wp-element-button\">Details<\/a>\n                    <\/div>\n                <\/div> <!-- \/\/ vehicle-row -->\n               \n            <\/article>\n                        <article id=\"post-4810897\" class=\"vehicle\">\n                <hgroup>\n                    <a href=\"https:\/\/ford-sachsen.de\/html\/page\/fahrzeuge\/ford-focus-titanium-titanium-edition-automatik-navi\/\">\n                        <h2 class=\"vehicle-title\">\n                            Ford Focus Titanium Titanium Edition Automatik Navi                        <\/h2>\n\n                    <\/a>\n                <\/hgroup>\n                <span class=\"vehicle-addition\">\n                    <p>\n                        Limousine ,\n                        Gebrauchtfahrzeug                    <\/p>\n                <\/span>\n                <div class=\"vehicle-row\">\n                    <div class=\"vehicle-thumbnail\">\n                        <a href=\"https:\/\/ford-sachsen.de\/html\/page\/fahrzeuge\/ford-focus-titanium-titanium-edition-automatik-navi\/\" title=\"Ford Focus Titanium Titanium Edition Automatik Navi\">\n                            <img loading=\"lazy\" decoding=\"async\" width=\"300\" height=\"225\" src=\"https:\/\/ford-sachsen.de\/html\/page\/wp-content\/uploads\/2026\/09\/4810897-6a971d311646d99322523-34e6-4868-85ea-04f40a7163e0-rule-mo-1600-300x225.jpg\" class=\"attachment-medium size-medium wp-post-image\" alt=\"\" srcset=\"https:\/\/ford-sachsen.de\/html\/page\/wp-content\/uploads\/2026\/09\/4810897-6a971d311646d99322523-34e6-4868-85ea-04f40a7163e0-rule-mo-1600-300x225.jpg 300w, https:\/\/ford-sachsen.de\/html\/page\/wp-content\/uploads\/2026\/09\/4810897-6a971d311646d99322523-34e6-4868-85ea-04f40a7163e0-rule-mo-1600-1024x768.jpg 1024w, https:\/\/ford-sachsen.de\/html\/page\/wp-content\/uploads\/2026\/09\/4810897-6a971d311646d99322523-34e6-4868-85ea-04f40a7163e0-rule-mo-1600-768x576.jpg 768w, https:\/\/ford-sachsen.de\/html\/page\/wp-content\/uploads\/2026\/09\/4810897-6a971d311646d99322523-34e6-4868-85ea-04f40a7163e0-rule-mo-1600.jpg 1440w\" sizes=\"(max-width: 300px) 100vw, 300px\" \/>                        <\/a>\n                    <\/div>\n                    <div class=\"vehicle-data\">\n                                                    <small>\n                                                                05.2026                                \u00b7\n                            <\/small>\n                                                                            <small>\n                                10 km\n                            <\/small>\n                                                                            <small>\n                                \u00b7\n                                114 kW\n                                                                (\n                                155 PS)\n                            <\/small>\n                                                                            <small>\n                                \u00b7\n                                Automatik                            <\/small>\n                                                                            <small>\n                                \u00b7\n                                Unfallfrei                            <\/small>\n                        \n                                                    <small>\n                                \u00b7\n                                Benzin                            <\/small>\n                                                                                                                            <small>\n                                \u00b7\n                                4\/5 T\u00fcren\n                            <\/small>\n                                                <ul class=\"vehicle-emission\">\n                                                 <span>Verbrauch komb.: \n                                    5.2                                 l\/100km<\/span><br>\n                                                                                \n                                       \n  <!-- CO2-Emissionen\t-->\n                                            <span>CO\u2082-Emissionen komb.: 118.0                                 g\/km<\/span><br>\n                                        <!-- CO2-Emissionen\t-->\n                   \n \n                         <span>CO\u2082-Klasse: \n                                    D                                <\/span><br>\n                    \n\n\n                <\/ul>\n\n                    <\/div>\n\n                    <div class=\"vehicle-price\">\n                                                    <div itemprop=\"priceSpecification\" itemscope itemtype=\"http:\/\/schema.org\/UnitPriceSpecification\">\n                                <meta itemprop=\"priceCurrency\" content=\"EUR\">\n                                <meta itemprop=\"price\" content=\"29.890\">\n                                <strong>\n                                    29.890 \u20ac (Brutto)\n                                <\/strong><br><small>\n                                    Inkl. 19% MwSt.                                <\/small>\n                            <\/div>\n                                                <br>\n                        <a href=\"https:\/\/ford-sachsen.de\/html\/page\/fahrzeuge\/ford-focus-titanium-titanium-edition-automatik-navi\/\"\n                            class=\"vehicle-btn wp-block-button__link wp-element-button\">Details<\/a>\n                    <\/div>\n                <\/div> <!-- \/\/ vehicle-row -->\n               \n            <\/article>\n                        <article id=\"post-4810891\" class=\"vehicle\">\n                <hgroup>\n                    <a href=\"https:\/\/ford-sachsen.de\/html\/page\/fahrzeuge\/ford-puma-titanium-dach-schwarzrueckfahrkameraelektr\/\">\n                        <h2 class=\"vehicle-title\">\n                            Ford Puma Titanium DACH-SCHWARZ+R\u00fcckfahrkamera+elektr                        <\/h2>\n\n                    <\/a>\n                <\/hgroup>\n                <span class=\"vehicle-addition\">\n                    <p>\n                        SUV\/Gel\u00e4ndewagen\/Pickup ,\n                        Gebrauchtfahrzeug                    <\/p>\n                <\/span>\n                <div class=\"vehicle-row\">\n                    <div class=\"vehicle-thumbnail\">\n                        <a href=\"https:\/\/ford-sachsen.de\/html\/page\/fahrzeuge\/ford-puma-titanium-dach-schwarzrueckfahrkameraelektr\/\" title=\"Ford Puma Titanium DACH-SCHWARZ+R\u00fcckfahrkamera+elektr\">\n                            <img loading=\"lazy\" decoding=\"async\" width=\"300\" height=\"225\" src=\"https:\/\/ford-sachsen.de\/html\/page\/wp-content\/uploads\/2026\/09\/4810891-6a971c3c62d8d03f1b4dd-74e2-4bfb-9592-15627ebc2c09-rule-mo-1600-300x225.jpg\" class=\"attachment-medium size-medium wp-post-image\" alt=\"\" srcset=\"https:\/\/ford-sachsen.de\/html\/page\/wp-content\/uploads\/2026\/09\/4810891-6a971c3c62d8d03f1b4dd-74e2-4bfb-9592-15627ebc2c09-rule-mo-1600-300x225.jpg 300w, https:\/\/ford-sachsen.de\/html\/page\/wp-content\/uploads\/2026\/09\/4810891-6a971c3c62d8d03f1b4dd-74e2-4bfb-9592-15627ebc2c09-rule-mo-1600-1024x768.jpg 1024w, https:\/\/ford-sachsen.de\/html\/page\/wp-content\/uploads\/2026\/09\/4810891-6a971c3c62d8d03f1b4dd-74e2-4bfb-9592-15627ebc2c09-rule-mo-1600-768x576.jpg 768w, https:\/\/ford-sachsen.de\/html\/page\/wp-content\/uploads\/2026\/09\/4810891-6a971c3c62d8d03f1b4dd-74e2-4bfb-9592-15627ebc2c09-rule-mo-1600.jpg 1440w\" sizes=\"(max-width: 300px) 100vw, 300px\" \/>                        <\/a>\n                    <\/div>\n                    <div class=\"vehicle-data\">\n                                                    <small>\n                                                                05.2026                                \u00b7\n                            <\/small>\n                                                                            <small>\n                                10 km\n                            <\/small>\n                                                                            <small>\n                                \u00b7\n                                92 kW\n                                                                (\n                                125 PS)\n                            <\/small>\n                                                                            <small>\n                                \u00b7\n                                Automatik                            <\/small>\n                                                                            <small>\n                                \u00b7\n                                Unfallfrei                            <\/small>\n                        \n                                                    <small>\n                                \u00b7\n                                Benzin                            <\/small>\n                                                                                                                            <small>\n                                \u00b7\n                                4\/5 T\u00fcren\n                            <\/small>\n                                                <ul class=\"vehicle-emission\">\n                                                 <span>Verbrauch komb.: \n                                    5.8                                 l\/100km<\/span><br>\n                                                                                \n                                       \n  <!-- CO2-Emissionen\t-->\n                                            <span>CO\u2082-Emissionen komb.: 131.0                                 g\/km<\/span><br>\n                                        <!-- CO2-Emissionen\t-->\n                   \n \n                         <span>CO\u2082-Klasse: \n                                    D                                <\/span><br>\n                    \n\n\n                <\/ul>\n\n                    <\/div>\n\n                    <div class=\"vehicle-price\">\n                                                    <div itemprop=\"priceSpecification\" itemscope itemtype=\"http:\/\/schema.org\/UnitPriceSpecification\">\n                                <meta itemprop=\"priceCurrency\" content=\"EUR\">\n                                <meta itemprop=\"price\" content=\"26.790\">\n                                <strong>\n                                    26.790 \u20ac (Brutto)\n                                <\/strong><br><small>\n                                    Inkl. 19% MwSt.                                <\/small>\n                            <\/div>\n                                                <br>\n                        <a href=\"https:\/\/ford-sachsen.de\/html\/page\/fahrzeuge\/ford-puma-titanium-dach-schwarzrueckfahrkameraelektr\/\"\n                            class=\"vehicle-btn wp-block-button__link wp-element-button\">Details<\/a>\n                    <\/div>\n                <\/div> <!-- \/\/ vehicle-row -->\n               \n            <\/article>\n                        <article id=\"post-4810889\" class=\"vehicle\">\n                <hgroup>\n                    <a href=\"https:\/\/ford-sachsen.de\/html\/page\/fahrzeuge\/ford-puma-titanium-navi-led-apple-carplay-android-aut-2\/\">\n                        <h2 class=\"vehicle-title\">\n                            Ford Puma Titanium Navi LED Apple CarPlay Android Aut                        <\/h2>\n\n                    <\/a>\n                <\/hgroup>\n                <span class=\"vehicle-addition\">\n                    <p>\n                        SUV\/Gel\u00e4ndewagen\/Pickup ,\n                        Gebrauchtfahrzeug                    <\/p>\n                <\/span>\n                <div class=\"vehicle-row\">\n                    <div class=\"vehicle-thumbnail\">\n                        <a href=\"https:\/\/ford-sachsen.de\/html\/page\/fahrzeuge\/ford-puma-titanium-navi-led-apple-carplay-android-aut-2\/\" title=\"Ford Puma Titanium Navi LED Apple CarPlay Android Aut\">\n                            <img loading=\"lazy\" decoding=\"async\" width=\"300\" height=\"225\" src=\"https:\/\/ford-sachsen.de\/html\/page\/wp-content\/uploads\/2026\/09\/4810889-6a971c3a94a7561e5312c-729d-4730-81fe-e1e0d4d18b8d-rule-mo-1600-300x225.jpg\" class=\"attachment-medium size-medium wp-post-image\" alt=\"\" srcset=\"https:\/\/ford-sachsen.de\/html\/page\/wp-content\/uploads\/2026\/09\/4810889-6a971c3a94a7561e5312c-729d-4730-81fe-e1e0d4d18b8d-rule-mo-1600-300x225.jpg 300w, https:\/\/ford-sachsen.de\/html\/page\/wp-content\/uploads\/2026\/09\/4810889-6a971c3a94a7561e5312c-729d-4730-81fe-e1e0d4d18b8d-rule-mo-1600-1024x768.jpg 1024w, https:\/\/ford-sachsen.de\/html\/page\/wp-content\/uploads\/2026\/09\/4810889-6a971c3a94a7561e5312c-729d-4730-81fe-e1e0d4d18b8d-rule-mo-1600-768x576.jpg 768w, https:\/\/ford-sachsen.de\/html\/page\/wp-content\/uploads\/2026\/09\/4810889-6a971c3a94a7561e5312c-729d-4730-81fe-e1e0d4d18b8d-rule-mo-1600.jpg 1440w\" sizes=\"(max-width: 300px) 100vw, 300px\" \/>                        <\/a>\n                    <\/div>\n                    <div class=\"vehicle-data\">\n                                                    <small>\n                                                                05.2026                                \u00b7\n                            <\/small>\n                                                                            <small>\n                                25 km\n                            <\/small>\n                                                                            <small>\n                                \u00b7\n                                92 kW\n                                                                (\n                                125 PS)\n                            <\/small>\n                                                                            <small>\n                                \u00b7\n                                Schaltgetriebe                            <\/small>\n                                                                            <small>\n                                \u00b7\n                                Unfallfrei                            <\/small>\n                        \n                                                    <small>\n                                \u00b7\n                                Hybrid (Benzin\/Elektro)                            <\/small>\n                                                                                                                            <small>\n                                \u00b7\n                                4\/5 T\u00fcren\n                            <\/small>\n                                                <ul class=\"vehicle-emission\">\n                                                 <span>Verbrauch komb.: \n                                    5.4                                 l\/100km<\/span><br>\n                                                                                \n                                       \n  <!-- CO2-Emissionen\t-->\n                                            <span>CO\u2082-Emissionen komb.: 123.0                                 g\/km<\/span><br>\n                                        <!-- CO2-Emissionen\t-->\n                   \n \n                         <span>CO\u2082-Klasse: \n                                    D                                <\/span><br>\n                    \n\n\n                <\/ul>\n\n                    <\/div>\n\n                    <div class=\"vehicle-price\">\n                                                    <div itemprop=\"priceSpecification\" itemscope itemtype=\"http:\/\/schema.org\/UnitPriceSpecification\">\n                                <meta itemprop=\"priceCurrency\" content=\"EUR\">\n                                <meta itemprop=\"price\" content=\"25.790\">\n                                <strong>\n                                    25.790 \u20ac (Brutto)\n                                <\/strong><br><small>\n                                    Inkl. 19% MwSt.                                <\/small>\n                            <\/div>\n                                                <br>\n                        <a href=\"https:\/\/ford-sachsen.de\/html\/page\/fahrzeuge\/ford-puma-titanium-navi-led-apple-carplay-android-aut-2\/\"\n                            class=\"vehicle-btn wp-block-button__link wp-element-button\">Details<\/a>\n                    <\/div>\n                <\/div> <!-- \/\/ vehicle-row -->\n               \n            <\/article>\n                        <article id=\"post-4810883\" class=\"vehicle\">\n                <hgroup>\n                    <a href=\"https:\/\/ford-sachsen.de\/html\/page\/fahrzeuge\/ford-puma-st-line-dach-schwarzkomfortwinter-paket\/\">\n                        <h2 class=\"vehicle-title\">\n                            Ford Puma ST-Line DACH-SCHWARZ+KOMFORT&amp;WINTER-PAKET                        <\/h2>\n\n                    <\/a>\n                <\/hgroup>\n                <span class=\"vehicle-addition\">\n                    <p>\n                        SUV\/Gel\u00e4ndewagen\/Pickup ,\n                        Gebrauchtfahrzeug                    <\/p>\n                <\/span>\n                <div class=\"vehicle-row\">\n                    <div class=\"vehicle-thumbnail\">\n                        <a href=\"https:\/\/ford-sachsen.de\/html\/page\/fahrzeuge\/ford-puma-st-line-dach-schwarzkomfortwinter-paket\/\" title=\"Ford Puma ST-Line DACH-SCHWARZ+KOMFORT&amp;WINTER-PAKET\">\n                            <img loading=\"lazy\" decoding=\"async\" width=\"300\" height=\"225\" src=\"https:\/\/ford-sachsen.de\/html\/page\/wp-content\/uploads\/2026\/09\/4810883-6a971acb0ee4be3e69b3f-7779-4271-81fb-224b917aaff9-rule-mo-1600-300x225.jpg\" class=\"attachment-medium size-medium wp-post-image\" alt=\"\" srcset=\"https:\/\/ford-sachsen.de\/html\/page\/wp-content\/uploads\/2026\/09\/4810883-6a971acb0ee4be3e69b3f-7779-4271-81fb-224b917aaff9-rule-mo-1600-300x225.jpg 300w, https:\/\/ford-sachsen.de\/html\/page\/wp-content\/uploads\/2026\/09\/4810883-6a971acb0ee4be3e69b3f-7779-4271-81fb-224b917aaff9-rule-mo-1600-1024x768.jpg 1024w, https:\/\/ford-sachsen.de\/html\/page\/wp-content\/uploads\/2026\/09\/4810883-6a971acb0ee4be3e69b3f-7779-4271-81fb-224b917aaff9-rule-mo-1600-768x576.jpg 768w, https:\/\/ford-sachsen.de\/html\/page\/wp-content\/uploads\/2026\/09\/4810883-6a971acb0ee4be3e69b3f-7779-4271-81fb-224b917aaff9-rule-mo-1600.jpg 1440w\" sizes=\"(max-width: 300px) 100vw, 300px\" \/>                        <\/a>\n                    <\/div>\n                    <div class=\"vehicle-data\">\n                                                    <small>\n                                                                06.2026                                \u00b7\n                            <\/small>\n                                                                            <small>\n                                25 km\n                            <\/small>\n                                                                            <small>\n                                \u00b7\n                                92 kW\n                                                                (\n                                125 PS)\n                            <\/small>\n                                                                            <small>\n                                \u00b7\n                                Schaltgetriebe                            <\/small>\n                                                                            <small>\n                                \u00b7\n                                Unfallfrei                            <\/small>\n                        \n                                                    <small>\n                                \u00b7\n                                Benzin                            <\/small>\n                                                                                                                            <small>\n                                \u00b7\n                                4\/5 T\u00fcren\n                            <\/small>\n                                                <ul class=\"vehicle-emission\">\n                                                 <span>Verbrauch komb.: \n                                    6.0                                 l\/100km<\/span><br>\n                                                                                \n                                       \n  <!-- CO2-Emissionen\t-->\n                                            <span>CO\u2082-Emissionen komb.: 135.0                                 g\/km<\/span><br>\n                                        <!-- CO2-Emissionen\t-->\n                   \n \n                         <span>CO\u2082-Klasse: \n                                    D                                <\/span><br>\n                    \n\n\n                <\/ul>\n\n                    <\/div>\n\n                    <div class=\"vehicle-price\">\n                                                    <div itemprop=\"priceSpecification\" itemscope itemtype=\"http:\/\/schema.org\/UnitPriceSpecification\">\n                                <meta itemprop=\"priceCurrency\" content=\"EUR\">\n                                <meta itemprop=\"price\" content=\"25.990\">\n                                <strong>\n                                    25.990 \u20ac (Brutto)\n                                <\/strong><br><small>\n                                    Inkl. 19% MwSt.                                <\/small>\n                            <\/div>\n                                                <br>\n                        <a href=\"https:\/\/ford-sachsen.de\/html\/page\/fahrzeuge\/ford-puma-st-line-dach-schwarzkomfortwinter-paket\/\"\n                            class=\"vehicle-btn wp-block-button__link wp-element-button\">Details<\/a>\n                    <\/div>\n                <\/div> <!-- \/\/ vehicle-row -->\n               \n            <\/article>\n                        <article id=\"post-4810879\" class=\"vehicle\">\n                <hgroup>\n                    <a href=\"https:\/\/ford-sachsen.de\/html\/page\/fahrzeuge\/audi-a3-cabriolet-40-tfsi-quattro-sport-s-line-sportp\/\">\n                        <h2 class=\"vehicle-title\">\n                            Audi A3 Cabriolet 40 TFSI quattro sport S line Sportp                        <\/h2>\n\n                    <\/a>\n                <\/hgroup>\n                <span class=\"vehicle-addition\">\n                    <p>\n                        Cabrio\/Roadster ,\n                        Gebrauchtfahrzeug                    <\/p>\n                <\/span>\n                <div class=\"vehicle-row\">\n                    <div class=\"vehicle-thumbnail\">\n                        <a href=\"https:\/\/ford-sachsen.de\/html\/page\/fahrzeuge\/audi-a3-cabriolet-40-tfsi-quattro-sport-s-line-sportp\/\" title=\"Audi A3 Cabriolet 40 TFSI quattro sport S line Sportp\">\n                            <img loading=\"lazy\" decoding=\"async\" width=\"300\" height=\"225\" src=\"https:\/\/ford-sachsen.de\/html\/page\/wp-content\/uploads\/2026\/09\/4810879-6a9719d9620386674f84a-f92b-40a7-b0d1-a26366f33324-rule-mo-1600-300x225.jpg\" class=\"attachment-medium size-medium wp-post-image\" alt=\"\" srcset=\"https:\/\/ford-sachsen.de\/html\/page\/wp-content\/uploads\/2026\/09\/4810879-6a9719d9620386674f84a-f92b-40a7-b0d1-a26366f33324-rule-mo-1600-300x225.jpg 300w, https:\/\/ford-sachsen.de\/html\/page\/wp-content\/uploads\/2026\/09\/4810879-6a9719d9620386674f84a-f92b-40a7-b0d1-a26366f33324-rule-mo-1600-1024x768.jpg 1024w, https:\/\/ford-sachsen.de\/html\/page\/wp-content\/uploads\/2026\/09\/4810879-6a9719d9620386674f84a-f92b-40a7-b0d1-a26366f33324-rule-mo-1600-768x576.jpg 768w, https:\/\/ford-sachsen.de\/html\/page\/wp-content\/uploads\/2026\/09\/4810879-6a9719d9620386674f84a-f92b-40a7-b0d1-a26366f33324-rule-mo-1600.jpg 1440w\" sizes=\"(max-width: 300px) 100vw, 300px\" \/>                        <\/a>\n                    <\/div>\n                    <div class=\"vehicle-data\">\n                                                    <small>\n                                                                03.2019                                \u00b7\n                            <\/small>\n                                                                            <small>\n                                45.010 km\n                            <\/small>\n                                                                            <small>\n                                \u00b7\n                                140 kW\n                                                                (\n                                190 PS)\n                            <\/small>\n                                                                            <small>\n                                \u00b7\n                                Automatik                            <\/small>\n                                                                            <small>\n                                \u00b7\n                                Unfallfrei                            <\/small>\n                        \n                                                    <small>\n                                \u00b7\n                                Benzin                            <\/small>\n                                                                                                                            <small>\n                                \u00b7\n                                2\/3 T\u00fcren\n                            <\/small>\n                                                <ul class=\"vehicle-emission\">\n                                                 <span>Verbrauch komb.: \n                                    8.0                                 l\/100km<\/span><br>\n                                                                                \n                                       \n  <!-- CO2-Emissionen\t-->\n                                            <span>CO\u2082-Emissionen komb.: 181.0                                 g\/km<\/span><br>\n                                        <!-- CO2-Emissionen\t-->\n                   \n \n                         <span>CO\u2082-Klasse: \n                                    G                                <\/span><br>\n                    \n\n\n                <\/ul>\n\n                    <\/div>\n\n                    <div class=\"vehicle-price\">\n                                                    <div itemprop=\"priceSpecification\" itemscope itemtype=\"http:\/\/schema.org\/UnitPriceSpecification\">\n                                <meta itemprop=\"priceCurrency\" content=\"EUR\">\n                                <meta itemprop=\"price\" content=\"29.990\">\n                                <strong>\n                                    29.990 \u20ac (Brutto)\n                                <\/strong><br><small>\n                                    MwSt. nicht ausweisbar                                <\/small>\n                            <\/div>\n                                                <br>\n                        <a href=\"https:\/\/ford-sachsen.de\/html\/page\/fahrzeuge\/audi-a3-cabriolet-40-tfsi-quattro-sport-s-line-sportp\/\"\n                            class=\"vehicle-btn wp-block-button__link wp-element-button\">Details<\/a>\n                    <\/div>\n                <\/div> <!-- \/\/ vehicle-row -->\n               \n            <\/article>\n                        <article id=\"post-4810875\" class=\"vehicle\">\n                <hgroup>\n                    <a href=\"https:\/\/ford-sachsen.de\/html\/page\/fahrzeuge\/ford-tourneo-connect-titanium-led-scheinwerfertz-akt\/\">\n                        <h2 class=\"vehicle-title\">\n                            Ford Tourneo Connect Titanium LED-SCHEINWERFER+TZ-AKT                        <\/h2>\n\n                    <\/a>\n                <\/hgroup>\n                <span class=\"vehicle-addition\">\n                    <p>\n                        Van\/Minibus ,\n                        Gebrauchtfahrzeug                    <\/p>\n                <\/span>\n                <div class=\"vehicle-row\">\n                    <div class=\"vehicle-thumbnail\">\n                        <a href=\"https:\/\/ford-sachsen.de\/html\/page\/fahrzeuge\/ford-tourneo-connect-titanium-led-scheinwerfertz-akt\/\" title=\"Ford Tourneo Connect Titanium LED-SCHEINWERFER+TZ-AKT\">\n                            <img loading=\"lazy\" decoding=\"async\" width=\"300\" height=\"225\" src=\"https:\/\/ford-sachsen.de\/html\/page\/wp-content\/uploads\/2026\/09\/4810875-6a97189fd5401db2b26c8-0b62-4db9-8372-1b5275513fbb-rule-mo-1600-300x225.jpg\" class=\"attachment-medium size-medium wp-post-image\" alt=\"\" srcset=\"https:\/\/ford-sachsen.de\/html\/page\/wp-content\/uploads\/2026\/09\/4810875-6a97189fd5401db2b26c8-0b62-4db9-8372-1b5275513fbb-rule-mo-1600-300x225.jpg 300w, https:\/\/ford-sachsen.de\/html\/page\/wp-content\/uploads\/2026\/09\/4810875-6a97189fd5401db2b26c8-0b62-4db9-8372-1b5275513fbb-rule-mo-1600-1024x768.jpg 1024w, https:\/\/ford-sachsen.de\/html\/page\/wp-content\/uploads\/2026\/09\/4810875-6a97189fd5401db2b26c8-0b62-4db9-8372-1b5275513fbb-rule-mo-1600-768x576.jpg 768w, https:\/\/ford-sachsen.de\/html\/page\/wp-content\/uploads\/2026\/09\/4810875-6a97189fd5401db2b26c8-0b62-4db9-8372-1b5275513fbb-rule-mo-1600.jpg 1440w\" sizes=\"(max-width: 300px) 100vw, 300px\" \/>                        <\/a>\n                    <\/div>\n                    <div class=\"vehicle-data\">\n                                                    <small>\n                                                                06.2026                                \u00b7\n                            <\/small>\n                                                                            <small>\n                                25 km\n                            <\/small>\n                                                                            <small>\n                                \u00b7\n                                90 kW\n                                                                (\n                                122 PS)\n                            <\/small>\n                                                                            <small>\n                                \u00b7\n                                Automatik                            <\/small>\n                                                                            <small>\n                                \u00b7\n                                Unfallfrei                            <\/small>\n                        \n                                                    <small>\n                                \u00b7\n                                Diesel                            <\/small>\n                                                                                                                            <small>\n                                \u00b7\n                                4\/5 T\u00fcren\n                            <\/small>\n                                                <ul class=\"vehicle-emission\">\n                                                 <span>Verbrauch komb.: \n                                    5.6                                 l\/100km<\/span><br>\n                                                                                \n                                       \n  <!-- CO2-Emissionen\t-->\n                                            <span>CO\u2082-Emissionen komb.: 148.0                                 g\/km<\/span><br>\n                                        <!-- CO2-Emissionen\t-->\n                   \n \n                         <span>CO\u2082-Klasse: \n                                    E                                <\/span><br>\n                    \n\n\n                <\/ul>\n\n                    <\/div>\n\n                    <div class=\"vehicle-price\">\n                                                    <div itemprop=\"priceSpecification\" itemscope itemtype=\"http:\/\/schema.org\/UnitPriceSpecification\">\n                                <meta itemprop=\"priceCurrency\" content=\"EUR\">\n                                <meta itemprop=\"price\" content=\"32.490\">\n                                <strong>\n                                    32.490 \u20ac (Brutto)\n                                <\/strong><br><small>\n                                    Inkl. 19% MwSt.                                <\/small>\n                            <\/div>\n                                                <br>\n                        <a href=\"https:\/\/ford-sachsen.de\/html\/page\/fahrzeuge\/ford-tourneo-connect-titanium-led-scheinwerfertz-akt\/\"\n                            class=\"vehicle-btn wp-block-button__link wp-element-button\">Details<\/a>\n                    <\/div>\n                <\/div> <!-- \/\/ vehicle-row -->\n               \n            <\/article>\n                        <article id=\"post-4810873\" class=\"vehicle\">\n                <hgroup>\n                    <a href=\"https:\/\/ford-sachsen.de\/html\/page\/fahrzeuge\/ford-mondeo-turnier-vignale-hybrid-el-panodach-navi\/\">\n                        <h2 class=\"vehicle-title\">\n                            Ford Mondeo Turnier Vignale Hybrid El. Panodach Navi                        <\/h2>\n\n                    <\/a>\n                <\/hgroup>\n                <span class=\"vehicle-addition\">\n                    <p>\n                        Kombi ,\n                        Gebrauchtfahrzeug                    <\/p>\n                <\/span>\n                <div class=\"vehicle-row\">\n                    <div class=\"vehicle-thumbnail\">\n                        <a href=\"https:\/\/ford-sachsen.de\/html\/page\/fahrzeuge\/ford-mondeo-turnier-vignale-hybrid-el-panodach-navi\/\" title=\"Ford Mondeo Turnier Vignale Hybrid El. Panodach Navi\">\n                            <img loading=\"lazy\" decoding=\"async\" width=\"300\" height=\"225\" src=\"https:\/\/ford-sachsen.de\/html\/page\/wp-content\/uploads\/2026\/09\/4810873-6a97189e1da331c46e608-c37f-400c-94b3-93485e826983-rule-mo-1600-300x225.jpg\" class=\"attachment-medium size-medium wp-post-image\" alt=\"\" srcset=\"https:\/\/ford-sachsen.de\/html\/page\/wp-content\/uploads\/2026\/09\/4810873-6a97189e1da331c46e608-c37f-400c-94b3-93485e826983-rule-mo-1600-300x225.jpg 300w, https:\/\/ford-sachsen.de\/html\/page\/wp-content\/uploads\/2026\/09\/4810873-6a97189e1da331c46e608-c37f-400c-94b3-93485e826983-rule-mo-1600-1024x768.jpg 1024w, https:\/\/ford-sachsen.de\/html\/page\/wp-content\/uploads\/2026\/09\/4810873-6a97189e1da331c46e608-c37f-400c-94b3-93485e826983-rule-mo-1600-768x576.jpg 768w, https:\/\/ford-sachsen.de\/html\/page\/wp-content\/uploads\/2026\/09\/4810873-6a97189e1da331c46e608-c37f-400c-94b3-93485e826983-rule-mo-1600.jpg 1440w\" sizes=\"(max-width: 300px) 100vw, 300px\" \/>                        <\/a>\n                    <\/div>\n                    <div class=\"vehicle-data\">\n                                                    <small>\n                                                                06.2021                                \u00b7\n                            <\/small>\n                                                                            <small>\n                                75.780 km\n                            <\/small>\n                                                                            <small>\n                                \u00b7\n                                138 kW\n                                                                (\n                                188 PS)\n                            <\/small>\n                                                                            <small>\n                                \u00b7\n                                Automatik                            <\/small>\n                                                                            <small>\n                                \u00b7\n                                Unfallfrei                            <\/small>\n                        \n                                                    <small>\n                                \u00b7\n                                Hybrid (Benzin\/Elektro)                            <\/small>\n                                                                                                                            <small>\n                                \u00b7\n                                4\/5 T\u00fcren\n                            <\/small>\n                                                <ul class=\"vehicle-emission\">\n                                                 <span>Verbrauch komb.: \n                                    6.2                                 l\/100km<\/span><br>\n                                                                                \n                                       \n  <!-- CO2-Emissionen\t-->\n                                            <span>CO\u2082-Emissionen komb.: 142.0                                 g\/km<\/span><br>\n                                        <!-- CO2-Emissionen\t-->\n                   \n \n                         <span>CO\u2082-Klasse: \n                                    E                                <\/span><br>\n                    \n\n\n                <\/ul>\n\n                    <\/div>\n\n                    <div class=\"vehicle-price\">\n                                                    <div itemprop=\"priceSpecification\" itemscope itemtype=\"http:\/\/schema.org\/UnitPriceSpecification\">\n                                <meta itemprop=\"priceCurrency\" content=\"EUR\">\n                                <meta itemprop=\"price\" content=\"22.890\">\n                                <strong>\n                                    22.890 \u20ac (Brutto)\n                                <\/strong><br><small>\n                                    MwSt. nicht ausweisbar                                <\/small>\n                            <\/div>\n                                                <br>\n                        <a href=\"https:\/\/ford-sachsen.de\/html\/page\/fahrzeuge\/ford-mondeo-turnier-vignale-hybrid-el-panodach-navi\/\"\n                            class=\"vehicle-btn wp-block-button__link wp-element-button\">Details<\/a>\n                    <\/div>\n                <\/div> <!-- \/\/ vehicle-row -->\n               \n            <\/article>\n                        <article id=\"post-4810867\" class=\"vehicle\">\n                <hgroup>\n                    <a href=\"https:\/\/ford-sachsen.de\/html\/page\/fahrzeuge\/ford-focus-turnier-titanium-x-ecall-ganz-reifen-behe\/\">\n                        <h2 class=\"vehicle-title\">\n                            Ford Focus Turnier Titanium X eCall Ganz.-Reifen Behe                        <\/h2>\n\n                    <\/a>\n                <\/hgroup>\n                <span class=\"vehicle-addition\">\n                    <p>\n                        Kombi ,\n                        Gebrauchtfahrzeug                    <\/p>\n                <\/span>\n                <div class=\"vehicle-row\">\n                    <div class=\"vehicle-thumbnail\">\n                        <a href=\"https:\/\/ford-sachsen.de\/html\/page\/fahrzeuge\/ford-focus-turnier-titanium-x-ecall-ganz-reifen-behe\/\" title=\"Ford Focus Turnier Titanium X eCall Ganz.-Reifen Behe\">\n                            <img loading=\"lazy\" decoding=\"async\" width=\"300\" height=\"225\" src=\"https:\/\/ford-sachsen.de\/html\/page\/wp-content\/uploads\/2026\/09\/4810867-6a97153352011e8d3280a-f682-4e1d-a72c-0475432c835d-rule-mo-1600-300x225.jpg\" class=\"attachment-medium size-medium wp-post-image\" alt=\"\" srcset=\"https:\/\/ford-sachsen.de\/html\/page\/wp-content\/uploads\/2026\/09\/4810867-6a97153352011e8d3280a-f682-4e1d-a72c-0475432c835d-rule-mo-1600-300x225.jpg 300w, https:\/\/ford-sachsen.de\/html\/page\/wp-content\/uploads\/2026\/09\/4810867-6a97153352011e8d3280a-f682-4e1d-a72c-0475432c835d-rule-mo-1600-1024x768.jpg 1024w, https:\/\/ford-sachsen.de\/html\/page\/wp-content\/uploads\/2026\/09\/4810867-6a97153352011e8d3280a-f682-4e1d-a72c-0475432c835d-rule-mo-1600-768x576.jpg 768w, https:\/\/ford-sachsen.de\/html\/page\/wp-content\/uploads\/2026\/09\/4810867-6a97153352011e8d3280a-f682-4e1d-a72c-0475432c835d-rule-mo-1600.jpg 1440w\" sizes=\"(max-width: 300px) 100vw, 300px\" \/>                        <\/a>\n                    <\/div>\n                    <div class=\"vehicle-data\">\n                                                    <small>\n                                                                06.2026                                \u00b7\n                            <\/small>\n                                                                            <small>\n                                25 km\n                            <\/small>\n                                                                            <small>\n                                \u00b7\n                                113 kW\n                                                                (\n                                154 PS)\n                            <\/small>\n                                                                            <small>\n                                \u00b7\n                                Automatik                            <\/small>\n                                                                            <small>\n                                \u00b7\n                                Unfallfrei                            <\/small>\n                        \n                                                    <small>\n                                \u00b7\n                                Benzin                            <\/small>\n                                                                                                                            <small>\n                                \u00b7\n                                4\/5 T\u00fcren\n                            <\/small>\n                                                <ul class=\"vehicle-emission\">\n                                                 <span>Verbrauch komb.: \n                                    5.4                                 l\/100km<\/span><br>\n                                                                                \n                                       \n  <!-- CO2-Emissionen\t-->\n                                            <span>CO\u2082-Emissionen komb.: 122.0                                 g\/km<\/span><br>\n                                        <!-- CO2-Emissionen\t-->\n                   \n \n                         <span>CO\u2082-Klasse: \n                                    D                                <\/span><br>\n                    \n\n\n                <\/ul>\n\n                    <\/div>\n\n                    <div class=\"vehicle-price\">\n                                                    <div itemprop=\"priceSpecification\" itemscope itemtype=\"http:\/\/schema.org\/UnitPriceSpecification\">\n                                <meta itemprop=\"priceCurrency\" content=\"EUR\">\n                                <meta itemprop=\"price\" content=\"30.990\">\n                                <strong>\n                                    30.990 \u20ac (Brutto)\n                                <\/strong><br><small>\n                                    Inkl. 19% MwSt.                                <\/small>\n                            <\/div>\n                                                <br>\n                        <a href=\"https:\/\/ford-sachsen.de\/html\/page\/fahrzeuge\/ford-focus-turnier-titanium-x-ecall-ganz-reifen-behe\/\"\n                            class=\"vehicle-btn wp-block-button__link wp-element-button\">Details<\/a>\n                    <\/div>\n                <\/div> <!-- \/\/ vehicle-row -->\n               \n            <\/article>\n                        <article id=\"post-4810863\" class=\"vehicle\">\n                <hgroup>\n                    <a href=\"https:\/\/ford-sachsen.de\/html\/page\/fahrzeuge\/ford-mondeo-turnier-titanium-business-paketkamerake\/\">\n                        <h2 class=\"vehicle-title\">\n                            Ford Mondeo Turnier Titanium BUSINESS-PAKET+KAMERA+KE                        <\/h2>\n\n                    <\/a>\n                <\/hgroup>\n                <span class=\"vehicle-addition\">\n                    <p>\n                        Kombi ,\n                        Gebrauchtfahrzeug                    <\/p>\n                <\/span>\n                <div class=\"vehicle-row\">\n                    <div class=\"vehicle-thumbnail\">\n                        <a href=\"https:\/\/ford-sachsen.de\/html\/page\/fahrzeuge\/ford-mondeo-turnier-titanium-business-paketkamerake\/\" title=\"Ford Mondeo Turnier Titanium BUSINESS-PAKET+KAMERA+KE\">\n                            <img loading=\"lazy\" decoding=\"async\" width=\"300\" height=\"225\" src=\"https:\/\/ford-sachsen.de\/html\/page\/wp-content\/uploads\/2026\/09\/4810863-6a9713cd259d562be5bdb-6f3e-479e-bead-d24415c52c4a-rule-mo-1600-300x225.jpg\" class=\"attachment-medium size-medium wp-post-image\" alt=\"\" srcset=\"https:\/\/ford-sachsen.de\/html\/page\/wp-content\/uploads\/2026\/09\/4810863-6a9713cd259d562be5bdb-6f3e-479e-bead-d24415c52c4a-rule-mo-1600-300x225.jpg 300w, https:\/\/ford-sachsen.de\/html\/page\/wp-content\/uploads\/2026\/09\/4810863-6a9713cd259d562be5bdb-6f3e-479e-bead-d24415c52c4a-rule-mo-1600-1024x768.jpg 1024w, https:\/\/ford-sachsen.de\/html\/page\/wp-content\/uploads\/2026\/09\/4810863-6a9713cd259d562be5bdb-6f3e-479e-bead-d24415c52c4a-rule-mo-1600-768x576.jpg 768w, https:\/\/ford-sachsen.de\/html\/page\/wp-content\/uploads\/2026\/09\/4810863-6a9713cd259d562be5bdb-6f3e-479e-bead-d24415c52c4a-rule-mo-1600.jpg 1440w\" sizes=\"(max-width: 300px) 100vw, 300px\" \/>                        <\/a>\n                    <\/div>\n                    <div class=\"vehicle-data\">\n                                                    <small>\n                                                                03.2019                                \u00b7\n                            <\/small>\n                                                                            <small>\n                                81.564 km\n                            <\/small>\n                                                                            <small>\n                                \u00b7\n                                121 kW\n                                                                (\n                                165 PS)\n                            <\/small>\n                                                                            <small>\n                                \u00b7\n                                Schaltgetriebe                            <\/small>\n                                                                            <small>\n                                \u00b7\n                                Unfallfrei                            <\/small>\n                        \n                                                    <small>\n                                \u00b7\n                                Benzin                            <\/small>\n                                                                                                                            <small>\n                                \u00b7\n                                4\/5 T\u00fcren\n                            <\/small>\n                                                <ul class=\"vehicle-emission\">\n                                                                                     \n                                       \n  <!-- CO2-Emissionen\t-->\n                                        <!-- CO2-Emissionen\t-->\n                   \n \n \n\n\n                <\/ul>\n\n                    <\/div>\n\n                    <div class=\"vehicle-price\">\n                                                    <div itemprop=\"priceSpecification\" itemscope itemtype=\"http:\/\/schema.org\/UnitPriceSpecification\">\n                                <meta itemprop=\"priceCurrency\" content=\"EUR\">\n                                <meta itemprop=\"price\" content=\"15.590\">\n                                <strong>\n                                    15.590 \u20ac (Brutto)\n                                <\/strong><br><small>\n                                    MwSt. nicht ausweisbar                                <\/small>\n                            <\/div>\n                                                <br>\n                        <a href=\"https:\/\/ford-sachsen.de\/html\/page\/fahrzeuge\/ford-mondeo-turnier-titanium-business-paketkamerake\/\"\n                            class=\"vehicle-btn wp-block-button__link wp-element-button\">Details<\/a>\n                    <\/div>\n                <\/div> <!-- \/\/ vehicle-row -->\n               \n            <\/article>\n                        <article id=\"post-4810859\" class=\"vehicle\">\n                <hgroup>\n                    <a href=\"https:\/\/ford-sachsen.de\/html\/page\/fahrzeuge\/ford-ranger-raptor-doka-standhzgraptor-pakettech-pa\/\">\n                        <h2 class=\"vehicle-title\">\n                            Ford Ranger Raptor DoKa STANDHZG+RAPTOR-PAKET+TECH-PA                        <\/h2>\n\n                    <\/a>\n                <\/hgroup>\n                <span class=\"vehicle-addition\">\n                    <p>\n                        SUV\/Gel\u00e4ndewagen\/Pickup ,\n                        Gebrauchtfahrzeug                    <\/p>\n                <\/span>\n                <div class=\"vehicle-row\">\n                    <div class=\"vehicle-thumbnail\">\n                        <a href=\"https:\/\/ford-sachsen.de\/html\/page\/fahrzeuge\/ford-ranger-raptor-doka-standhzgraptor-pakettech-pa\/\" title=\"Ford Ranger Raptor DoKa STANDHZG+RAPTOR-PAKET+TECH-PA\">\n                            <img loading=\"lazy\" decoding=\"async\" width=\"300\" height=\"225\" src=\"https:\/\/ford-sachsen.de\/html\/page\/wp-content\/uploads\/2026\/09\/4810859-6a9712db9f10885e93496-28c6-42ef-a301-04ff96bc9b4e-rule-mo-1600-300x225.jpg\" class=\"attachment-medium size-medium wp-post-image\" alt=\"\" srcset=\"https:\/\/ford-sachsen.de\/html\/page\/wp-content\/uploads\/2026\/09\/4810859-6a9712db9f10885e93496-28c6-42ef-a301-04ff96bc9b4e-rule-mo-1600-300x225.jpg 300w, https:\/\/ford-sachsen.de\/html\/page\/wp-content\/uploads\/2026\/09\/4810859-6a9712db9f10885e93496-28c6-42ef-a301-04ff96bc9b4e-rule-mo-1600-1024x768.jpg 1024w, https:\/\/ford-sachsen.de\/html\/page\/wp-content\/uploads\/2026\/09\/4810859-6a9712db9f10885e93496-28c6-42ef-a301-04ff96bc9b4e-rule-mo-1600-768x576.jpg 768w, https:\/\/ford-sachsen.de\/html\/page\/wp-content\/uploads\/2026\/09\/4810859-6a9712db9f10885e93496-28c6-42ef-a301-04ff96bc9b4e-rule-mo-1600.jpg 1440w\" sizes=\"(max-width: 300px) 100vw, 300px\" \/>                        <\/a>\n                    <\/div>\n                    <div class=\"vehicle-data\">\n                                                    <small>\n                                                                06.2026                                \u00b7\n                            <\/small>\n                                                                            <small>\n                                25 km\n                            <\/small>\n                                                                            <small>\n                                \u00b7\n                                154 kW\n                                                                (\n                                209 PS)\n                            <\/small>\n                                                                            <small>\n                                \u00b7\n                                Automatik                            <\/small>\n                                                                            <small>\n                                \u00b7\n                                Unfallfrei                            <\/small>\n                        \n                                                    <small>\n                                \u00b7\n                                Diesel                            <\/small>\n                                                                                                                            <small>\n                                \u00b7\n                                4\/5 T\u00fcren\n                            <\/small>\n                                                <ul class=\"vehicle-emission\">\n                                                 <span>Verbrauch komb.: \n                                    10.6                                 l\/100km<\/span><br>\n                                                                                \n                                       \n  <!-- CO2-Emissionen\t-->\n                                            <span>CO\u2082-Emissionen komb.: 278.0                                 g\/km<\/span><br>\n                                        <!-- CO2-Emissionen\t-->\n                   \n \n                         <span>CO\u2082-Klasse: \n                                    G                                <\/span><br>\n                    \n\n\n                <\/ul>\n\n                    <\/div>\n\n                    <div class=\"vehicle-price\">\n                                                    <div itemprop=\"priceSpecification\" itemscope itemtype=\"http:\/\/schema.org\/UnitPriceSpecification\">\n                                <meta itemprop=\"priceCurrency\" content=\"EUR\">\n                                <meta itemprop=\"price\" content=\"59.890\">\n                                <strong>\n                                    59.890 \u20ac (Brutto)\n                                <\/strong><br><small>\n                                    Inkl. 19% MwSt.                                <\/small>\n                            <\/div>\n                                                <br>\n                        <a href=\"https:\/\/ford-sachsen.de\/html\/page\/fahrzeuge\/ford-ranger-raptor-doka-standhzgraptor-pakettech-pa\/\"\n                            class=\"vehicle-btn wp-block-button__link wp-element-button\">Details<\/a>\n                    <\/div>\n                <\/div> <!-- \/\/ vehicle-row -->\n               \n            <\/article>\n                        <article id=\"post-4810857\" class=\"vehicle\">\n                <hgroup>\n                    <a href=\"https:\/\/ford-sachsen.de\/html\/page\/fahrzeuge\/ford-mondeo-turnier-titanium-led-adaptivkameranavi\/\">\n                        <h2 class=\"vehicle-title\">\n                            Ford Mondeo Turnier Titanium LED ADAPTIV+KAMERA+NAVI+                        <\/h2>\n\n                    <\/a>\n                <\/hgroup>\n                <span class=\"vehicle-addition\">\n                    <p>\n                        Kombi ,\n                        Gebrauchtfahrzeug                    <\/p>\n                <\/span>\n                <div class=\"vehicle-row\">\n                    <div class=\"vehicle-thumbnail\">\n                        <a href=\"https:\/\/ford-sachsen.de\/html\/page\/fahrzeuge\/ford-mondeo-turnier-titanium-led-adaptivkameranavi\/\" title=\"Ford Mondeo Turnier Titanium LED ADAPTIV+KAMERA+NAVI+\">\n                            <img loading=\"lazy\" decoding=\"async\" width=\"300\" height=\"225\" src=\"https:\/\/ford-sachsen.de\/html\/page\/wp-content\/uploads\/2026\/09\/4810857-6a9712d9c43b7889d87bd-4599-4283-a5e3-d3bc0dd0a604-rule-mo-1600-300x225.jpg\" class=\"attachment-medium size-medium wp-post-image\" alt=\"\" srcset=\"https:\/\/ford-sachsen.de\/html\/page\/wp-content\/uploads\/2026\/09\/4810857-6a9712d9c43b7889d87bd-4599-4283-a5e3-d3bc0dd0a604-rule-mo-1600-300x225.jpg 300w, https:\/\/ford-sachsen.de\/html\/page\/wp-content\/uploads\/2026\/09\/4810857-6a9712d9c43b7889d87bd-4599-4283-a5e3-d3bc0dd0a604-rule-mo-1600-1024x768.jpg 1024w, https:\/\/ford-sachsen.de\/html\/page\/wp-content\/uploads\/2026\/09\/4810857-6a9712d9c43b7889d87bd-4599-4283-a5e3-d3bc0dd0a604-rule-mo-1600-768x576.jpg 768w, https:\/\/ford-sachsen.de\/html\/page\/wp-content\/uploads\/2026\/09\/4810857-6a9712d9c43b7889d87bd-4599-4283-a5e3-d3bc0dd0a604-rule-mo-1600.jpg 1440w\" sizes=\"(max-width: 300px) 100vw, 300px\" \/>                        <\/a>\n                    <\/div>\n                    <div class=\"vehicle-data\">\n                                                    <small>\n                                                                06.2017                                \u00b7\n                            <\/small>\n                                                                            <small>\n                                134.818 km\n                            <\/small>\n                                                                            <small>\n                                \u00b7\n                                154 kW\n                                                                (\n                                209 PS)\n                            <\/small>\n                                                                            <small>\n                                \u00b7\n                                Automatik                            <\/small>\n                                                                            <small>\n                                \u00b7\n                                Unfallfrei                            <\/small>\n                        \n                                                    <small>\n                                \u00b7\n                                Diesel                            <\/small>\n                                                                                                                            <small>\n                                \u00b7\n                                4\/5 T\u00fcren\n                            <\/small>\n                                                <ul class=\"vehicle-emission\">\n                                                                                     \n                                       \n  <!-- CO2-Emissionen\t-->\n                                        <!-- CO2-Emissionen\t-->\n                   \n \n \n\n\n                <\/ul>\n\n                    <\/div>\n\n                    <div class=\"vehicle-price\">\n                                                    <div itemprop=\"priceSpecification\" itemscope itemtype=\"http:\/\/schema.org\/UnitPriceSpecification\">\n                                <meta itemprop=\"priceCurrency\" content=\"EUR\">\n                                <meta itemprop=\"price\" content=\"13.790\">\n                                <strong>\n                                    13.790 \u20ac (Brutto)\n                                <\/strong><br><small>\n                                    MwSt. nicht ausweisbar                                <\/small>\n                            <\/div>\n                                                <br>\n                        <a href=\"https:\/\/ford-sachsen.de\/html\/page\/fahrzeuge\/ford-mondeo-turnier-titanium-led-adaptivkameranavi\/\"\n                            class=\"vehicle-btn wp-block-button__link wp-element-button\">Details<\/a>\n                    <\/div>\n                <\/div> <!-- \/\/ vehicle-row -->\n               \n            <\/article>\n                        <article id=\"post-4810855\" class=\"vehicle\">\n                <hgroup>\n                    <a href=\"https:\/\/ford-sachsen.de\/html\/page\/fahrzeuge\/ford-kuga-st-line-x-phev-ahk-el-schw-st-styling-pake\/\">\n                        <h2 class=\"vehicle-title\">\n                            Ford Kuga ST-Line X PHEV AHK-el.schw.+ST-STYLING-PAKE                        <\/h2>\n\n                    <\/a>\n                <\/hgroup>\n                <span class=\"vehicle-addition\">\n                    <p>\n                        SUV\/Gel\u00e4ndewagen\/Pickup ,\n                        Gebrauchtfahrzeug                    <\/p>\n                <\/span>\n                <div class=\"vehicle-row\">\n                    <div class=\"vehicle-thumbnail\">\n                        <a href=\"https:\/\/ford-sachsen.de\/html\/page\/fahrzeuge\/ford-kuga-st-line-x-phev-ahk-el-schw-st-styling-pake\/\" title=\"Ford Kuga ST-Line X PHEV AHK-el.schw.+ST-STYLING-PAKE\">\n                            <img loading=\"lazy\" decoding=\"async\" width=\"300\" height=\"225\" src=\"https:\/\/ford-sachsen.de\/html\/page\/wp-content\/uploads\/2026\/09\/4810855-6a9712d7df83a07fa35e5-67b8-4103-b878-81f88d2dd642-rule-mo-1600-300x225.jpg\" class=\"attachment-medium size-medium wp-post-image\" alt=\"\" srcset=\"https:\/\/ford-sachsen.de\/html\/page\/wp-content\/uploads\/2026\/09\/4810855-6a9712d7df83a07fa35e5-67b8-4103-b878-81f88d2dd642-rule-mo-1600-300x225.jpg 300w, https:\/\/ford-sachsen.de\/html\/page\/wp-content\/uploads\/2026\/09\/4810855-6a9712d7df83a07fa35e5-67b8-4103-b878-81f88d2dd642-rule-mo-1600-1024x768.jpg 1024w, https:\/\/ford-sachsen.de\/html\/page\/wp-content\/uploads\/2026\/09\/4810855-6a9712d7df83a07fa35e5-67b8-4103-b878-81f88d2dd642-rule-mo-1600-768x576.jpg 768w, https:\/\/ford-sachsen.de\/html\/page\/wp-content\/uploads\/2026\/09\/4810855-6a9712d7df83a07fa35e5-67b8-4103-b878-81f88d2dd642-rule-mo-1600.jpg 1440w\" sizes=\"(max-width: 300px) 100vw, 300px\" \/>                        <\/a>\n                    <\/div>\n                    <div class=\"vehicle-data\">\n                                                    <small>\n                                                                12.2021                                \u00b7\n                            <\/small>\n                                                                            <small>\n                                39.385 km\n                            <\/small>\n                                                                            <small>\n                                \u00b7\n                                112 kW\n                                                                (\n                                152 PS)\n                            <\/small>\n                                                                            <small>\n                                \u00b7\n                                Automatik                            <\/small>\n                                                                            <small>\n                                \u00b7\n                                Unfallfrei                            <\/small>\n                        \n                                                    <small>\n                                \u00b7\n                                Plug-in-Hybrid                            <\/small>\n                                                                                                                            <small>\n                                \u00b7\n                                4\/5 T\u00fcren\n                            <\/small>\n                                                <ul class=\"vehicle-emission\">\n                                                                                     \n                                       \n  <!-- CO2-Emissionen\t-->\n                                        <!-- CO2-Emissionen\t-->\n                   \n \n \n\n\n                <\/ul>\n\n                    <\/div>\n\n                    <div class=\"vehicle-price\">\n                                                    <div itemprop=\"priceSpecification\" itemscope itemtype=\"http:\/\/schema.org\/UnitPriceSpecification\">\n                                <meta itemprop=\"priceCurrency\" content=\"EUR\">\n                                <meta itemprop=\"price\" content=\"24.890\">\n                                <strong>\n                                    24.890 \u20ac (Brutto)\n                                <\/strong><br><small>\n                                    MwSt. nicht ausweisbar                                <\/small>\n                            <\/div>\n                                                <br>\n                        <a href=\"https:\/\/ford-sachsen.de\/html\/page\/fahrzeuge\/ford-kuga-st-line-x-phev-ahk-el-schw-st-styling-pake\/\"\n                            class=\"vehicle-btn wp-block-button__link wp-element-button\">Details<\/a>\n                    <\/div>\n                <\/div> <!-- \/\/ vehicle-row -->\n               \n            <\/article>\n                        <article id=\"post-4810853\" class=\"vehicle\">\n                <hgroup>\n                    <a href=\"https:\/\/ford-sachsen.de\/html\/page\/fahrzeuge\/ford-tourneo-connect-active-7-sitzer-grand-l2-panoram\/\">\n                        <h2 class=\"vehicle-title\">\n                            Ford Tourneo Connect Active 7-Sitzer GRAND\/L2 Panoram                        <\/h2>\n\n                    <\/a>\n                <\/hgroup>\n                <span class=\"vehicle-addition\">\n                    <p>\n                        Van\/Minibus ,\n                        Gebrauchtfahrzeug                    <\/p>\n                <\/span>\n                <div class=\"vehicle-row\">\n                    <div class=\"vehicle-thumbnail\">\n                        <a href=\"https:\/\/ford-sachsen.de\/html\/page\/fahrzeuge\/ford-tourneo-connect-active-7-sitzer-grand-l2-panoram\/\" title=\"Ford Tourneo Connect Active 7-Sitzer GRAND\/L2 Panoram\">\n                            <img loading=\"lazy\" decoding=\"async\" width=\"300\" height=\"225\" src=\"https:\/\/ford-sachsen.de\/html\/page\/wp-content\/uploads\/2026\/09\/4810853-6a9712d5eeda3c4282ffc-e646-455f-9062-87a209cf4abf-rule-mo-1600-300x225.jpg\" class=\"attachment-medium size-medium wp-post-image\" alt=\"\" srcset=\"https:\/\/ford-sachsen.de\/html\/page\/wp-content\/uploads\/2026\/09\/4810853-6a9712d5eeda3c4282ffc-e646-455f-9062-87a209cf4abf-rule-mo-1600-300x225.jpg 300w, https:\/\/ford-sachsen.de\/html\/page\/wp-content\/uploads\/2026\/09\/4810853-6a9712d5eeda3c4282ffc-e646-455f-9062-87a209cf4abf-rule-mo-1600-1024x768.jpg 1024w, https:\/\/ford-sachsen.de\/html\/page\/wp-content\/uploads\/2026\/09\/4810853-6a9712d5eeda3c4282ffc-e646-455f-9062-87a209cf4abf-rule-mo-1600-768x576.jpg 768w, https:\/\/ford-sachsen.de\/html\/page\/wp-content\/uploads\/2026\/09\/4810853-6a9712d5eeda3c4282ffc-e646-455f-9062-87a209cf4abf-rule-mo-1600.jpg 1440w\" sizes=\"(max-width: 300px) 100vw, 300px\" \/>                        <\/a>\n                    <\/div>\n                    <div class=\"vehicle-data\">\n                                                    <small>\n                                                                06.2026                                \u00b7\n                            <\/small>\n                                                                            <small>\n                                25 km\n                            <\/small>\n                                                                            <small>\n                                \u00b7\n                                90 kW\n                                                                (\n                                122 PS)\n                            <\/small>\n                                                                            <small>\n                                \u00b7\n                                Automatik                            <\/small>\n                                                                            <small>\n                                \u00b7\n                                Unfallfrei                            <\/small>\n                        \n                                                    <small>\n                                \u00b7\n                                Diesel                            <\/small>\n                                                                                                                            <small>\n                                \u00b7\n                                4\/5 T\u00fcren\n                            <\/small>\n                                                <ul class=\"vehicle-emission\">\n                                                 <span>Verbrauch komb.: \n                                    5.7                                 l\/100km<\/span><br>\n                                                                                \n                                       \n  <!-- CO2-Emissionen\t-->\n                                            <span>CO\u2082-Emissionen komb.: 150.0                                 g\/km<\/span><br>\n                                        <!-- CO2-Emissionen\t-->\n                   \n \n                         <span>CO\u2082-Klasse: \n                                    E                                <\/span><br>\n                    \n\n\n                <\/ul>\n\n                    <\/div>\n\n                    <div class=\"vehicle-price\">\n                                                    <div itemprop=\"priceSpecification\" itemscope itemtype=\"http:\/\/schema.org\/UnitPriceSpecification\">\n                                <meta itemprop=\"priceCurrency\" content=\"EUR\">\n                                <meta itemprop=\"price\" content=\"33.790\">\n                                <strong>\n                                    33.790 \u20ac (Brutto)\n                                <\/strong><br><small>\n                                    Inkl. 19% MwSt.                                <\/small>\n                            <\/div>\n                                                <br>\n                        <a href=\"https:\/\/ford-sachsen.de\/html\/page\/fahrzeuge\/ford-tourneo-connect-active-7-sitzer-grand-l2-panoram\/\"\n                            class=\"vehicle-btn wp-block-button__link wp-element-button\">Details<\/a>\n                    <\/div>\n                <\/div> <!-- \/\/ vehicle-row -->\n               \n            <\/article>\n                        <article id=\"post-4810851\" class=\"vehicle\">\n                <hgroup>\n                    <a href=\"https:\/\/ford-sachsen.de\/html\/page\/fahrzeuge\/ford-fiesta-titanium-navi-acc-apple-carplay-android-a\/\">\n                        <h2 class=\"vehicle-title\">\n                            Ford Fiesta Titanium Navi ACC Apple CarPlay Android A                        <\/h2>\n\n                    <\/a>\n                <\/hgroup>\n                <span class=\"vehicle-addition\">\n                    <p>\n                        Kleinwagen ,\n                        Gebrauchtfahrzeug                    <\/p>\n                <\/span>\n                <div class=\"vehicle-row\">\n                    <div class=\"vehicle-thumbnail\">\n                        <a href=\"https:\/\/ford-sachsen.de\/html\/page\/fahrzeuge\/ford-fiesta-titanium-navi-acc-apple-carplay-android-a\/\" title=\"Ford Fiesta Titanium Navi ACC Apple CarPlay Android A\">\n                            <img loading=\"lazy\" decoding=\"async\" width=\"300\" height=\"225\" src=\"https:\/\/ford-sachsen.de\/html\/page\/wp-content\/uploads\/2026\/09\/4810851-6a9712d4055d7fd4498dc-58a8-4889-8606-7cfa52c687a7-rule-mo-1600-300x225.jpg\" class=\"attachment-medium size-medium wp-post-image\" alt=\"\" srcset=\"https:\/\/ford-sachsen.de\/html\/page\/wp-content\/uploads\/2026\/09\/4810851-6a9712d4055d7fd4498dc-58a8-4889-8606-7cfa52c687a7-rule-mo-1600-300x225.jpg 300w, https:\/\/ford-sachsen.de\/html\/page\/wp-content\/uploads\/2026\/09\/4810851-6a9712d4055d7fd4498dc-58a8-4889-8606-7cfa52c687a7-rule-mo-1600-1024x768.jpg 1024w, https:\/\/ford-sachsen.de\/html\/page\/wp-content\/uploads\/2026\/09\/4810851-6a9712d4055d7fd4498dc-58a8-4889-8606-7cfa52c687a7-rule-mo-1600-768x576.jpg 768w, https:\/\/ford-sachsen.de\/html\/page\/wp-content\/uploads\/2026\/09\/4810851-6a9712d4055d7fd4498dc-58a8-4889-8606-7cfa52c687a7-rule-mo-1600.jpg 1440w\" sizes=\"(max-width: 300px) 100vw, 300px\" \/>                        <\/a>\n                    <\/div>\n                    <div class=\"vehicle-data\">\n                                                    <small>\n                                                                03.2019                                \u00b7\n                            <\/small>\n                                                                            <small>\n                                39.000 km\n                            <\/small>\n                                                                            <small>\n                                \u00b7\n                                74 kW\n                                                                (\n                                101 PS)\n                            <\/small>\n                                                                            <small>\n                                \u00b7\n                                Automatik                            <\/small>\n                                                                            <small>\n                                \u00b7\n                                Unfallfrei                            <\/small>\n                        \n                                                    <small>\n                                \u00b7\n                                Benzin                            <\/small>\n                                                                                                                            <small>\n                                \u00b7\n                                4\/5 T\u00fcren\n                            <\/small>\n                                                <ul class=\"vehicle-emission\">\n                                                                                     \n                                       \n  <!-- CO2-Emissionen\t-->\n                                        <!-- CO2-Emissionen\t-->\n                   \n \n \n\n\n                <\/ul>\n\n                    <\/div>\n\n                    <div class=\"vehicle-price\">\n                                                    <div itemprop=\"priceSpecification\" itemscope itemtype=\"http:\/\/schema.org\/UnitPriceSpecification\">\n                                <meta itemprop=\"priceCurrency\" content=\"EUR\">\n                                <meta itemprop=\"price\" content=\"12.990\">\n                                <strong>\n                                    12.990 \u20ac (Brutto)\n                                <\/strong><br><small>\n                                    MwSt. nicht ausweisbar                                <\/small>\n                            <\/div>\n                                                <br>\n                        <a href=\"https:\/\/ford-sachsen.de\/html\/page\/fahrzeuge\/ford-fiesta-titanium-navi-acc-apple-carplay-android-a\/\"\n                            class=\"vehicle-btn wp-block-button__link wp-element-button\">Details<\/a>\n                    <\/div>\n                <\/div> <!-- \/\/ vehicle-row -->\n               \n            <\/article>\n                        <article id=\"post-4810839\" class=\"vehicle\">\n                <hgroup>\n                    <a href=\"https:\/\/ford-sachsen.de\/html\/page\/fahrzeuge\/ford-ranger-raptor-doka-tageszulassungstandhzgrapto\/\">\n                        <h2 class=\"vehicle-title\">\n                            Ford Ranger Raptor DoKa TAGESZULASSUNG+STANDHZG+RAPTO                        <\/h2>\n\n                    <\/a>\n                <\/hgroup>\n                <span class=\"vehicle-addition\">\n                    <p>\n                        SUV\/Gel\u00e4ndewagen\/Pickup ,\n                        Gebrauchtfahrzeug                    <\/p>\n                <\/span>\n                <div class=\"vehicle-row\">\n                    <div class=\"vehicle-thumbnail\">\n                        <a href=\"https:\/\/ford-sachsen.de\/html\/page\/fahrzeuge\/ford-ranger-raptor-doka-tageszulassungstandhzgrapto\/\" title=\"Ford Ranger Raptor DoKa TAGESZULASSUNG+STANDHZG+RAPTO\">\n                            <img loading=\"lazy\" decoding=\"async\" width=\"300\" height=\"225\" src=\"https:\/\/ford-sachsen.de\/html\/page\/wp-content\/uploads\/2026\/09\/4810839-6a9711a77276afd302492-5553-44f0-9ff9-fa18d1a326fb-rule-mo-1600-300x225.jpg\" class=\"attachment-medium size-medium wp-post-image\" alt=\"\" srcset=\"https:\/\/ford-sachsen.de\/html\/page\/wp-content\/uploads\/2026\/09\/4810839-6a9711a77276afd302492-5553-44f0-9ff9-fa18d1a326fb-rule-mo-1600-300x225.jpg 300w, https:\/\/ford-sachsen.de\/html\/page\/wp-content\/uploads\/2026\/09\/4810839-6a9711a77276afd302492-5553-44f0-9ff9-fa18d1a326fb-rule-mo-1600-1024x768.jpg 1024w, https:\/\/ford-sachsen.de\/html\/page\/wp-content\/uploads\/2026\/09\/4810839-6a9711a77276afd302492-5553-44f0-9ff9-fa18d1a326fb-rule-mo-1600-768x576.jpg 768w, https:\/\/ford-sachsen.de\/html\/page\/wp-content\/uploads\/2026\/09\/4810839-6a9711a77276afd302492-5553-44f0-9ff9-fa18d1a326fb-rule-mo-1600.jpg 1440w\" sizes=\"(max-width: 300px) 100vw, 300px\" \/>                        <\/a>\n                    <\/div>\n                    <div class=\"vehicle-data\">\n                                                    <small>\n                                                                06.2026                                \u00b7\n                            <\/small>\n                                                                            <small>\n                                25 km\n                            <\/small>\n                                                                            <small>\n                                \u00b7\n                                154 kW\n                                                                (\n                                209 PS)\n                            <\/small>\n                                                                            <small>\n                                \u00b7\n                                Automatik                            <\/small>\n                                                                            <small>\n                                \u00b7\n                                Unfallfrei                            <\/small>\n                        \n                                                    <small>\n                                \u00b7\n                                Diesel                            <\/small>\n                                                                                                                            <small>\n                                \u00b7\n                                4\/5 T\u00fcren\n                            <\/small>\n                                                <ul class=\"vehicle-emission\">\n                                                 <span>Verbrauch komb.: \n                                    10.6                                 l\/100km<\/span><br>\n                                                                                \n                                       \n  <!-- CO2-Emissionen\t-->\n                                            <span>CO\u2082-Emissionen komb.: 278.0                                 g\/km<\/span><br>\n                                        <!-- CO2-Emissionen\t-->\n                   \n \n                         <span>CO\u2082-Klasse: \n                                    G                                <\/span><br>\n                    \n\n\n                <\/ul>\n\n                    <\/div>\n\n                    <div class=\"vehicle-price\">\n                                                    <div itemprop=\"priceSpecification\" itemscope itemtype=\"http:\/\/schema.org\/UnitPriceSpecification\">\n                                <meta itemprop=\"priceCurrency\" content=\"EUR\">\n                                <meta itemprop=\"price\" content=\"59.890\">\n                                <strong>\n                                    59.890 \u20ac (Brutto)\n                                <\/strong><br><small>\n                                    Inkl. 19% MwSt.                                <\/small>\n                            <\/div>\n                                                <br>\n                        <a href=\"https:\/\/ford-sachsen.de\/html\/page\/fahrzeuge\/ford-ranger-raptor-doka-tageszulassungstandhzgrapto\/\"\n                            class=\"vehicle-btn wp-block-button__link wp-element-button\">Details<\/a>\n                    <\/div>\n                <\/div> <!-- \/\/ vehicle-row -->\n               \n            <\/article>\n                        <article id=\"post-4810837\" class=\"vehicle\">\n                <hgroup>\n                    <a href=\"https:\/\/ford-sachsen.de\/html\/page\/fahrzeuge\/ford-transit-custom-doka-sport-320-l2-plug-in-hybrid-2\/\">\n                        <h2 class=\"vehicle-title\">\n                            Ford Transit Custom DoKa Sport 320 L2 Plug-in Hybrid                        <\/h2>\n\n                    <\/a>\n                <\/hgroup>\n                <span class=\"vehicle-addition\">\n                    <p>\n                        Van\/Minibus ,\n                        Gebrauchtfahrzeug                    <\/p>\n                <\/span>\n                <div class=\"vehicle-row\">\n                    <div class=\"vehicle-thumbnail\">\n                        <a href=\"https:\/\/ford-sachsen.de\/html\/page\/fahrzeuge\/ford-transit-custom-doka-sport-320-l2-plug-in-hybrid-2\/\" title=\"Ford Transit Custom DoKa Sport 320 L2 Plug-in Hybrid\">\n                            <img loading=\"lazy\" decoding=\"async\" width=\"300\" height=\"225\" src=\"https:\/\/ford-sachsen.de\/html\/page\/wp-content\/uploads\/2026\/09\/4810837-6a9711a5bd8552dd8c895-e805-48c2-bcdc-9d3eba6d92a4-rule-mo-1600-300x225.jpg\" class=\"attachment-medium size-medium wp-post-image\" alt=\"\" srcset=\"https:\/\/ford-sachsen.de\/html\/page\/wp-content\/uploads\/2026\/09\/4810837-6a9711a5bd8552dd8c895-e805-48c2-bcdc-9d3eba6d92a4-rule-mo-1600-300x225.jpg 300w, https:\/\/ford-sachsen.de\/html\/page\/wp-content\/uploads\/2026\/09\/4810837-6a9711a5bd8552dd8c895-e805-48c2-bcdc-9d3eba6d92a4-rule-mo-1600-1024x768.jpg 1024w, https:\/\/ford-sachsen.de\/html\/page\/wp-content\/uploads\/2026\/09\/4810837-6a9711a5bd8552dd8c895-e805-48c2-bcdc-9d3eba6d92a4-rule-mo-1600-768x576.jpg 768w, https:\/\/ford-sachsen.de\/html\/page\/wp-content\/uploads\/2026\/09\/4810837-6a9711a5bd8552dd8c895-e805-48c2-bcdc-9d3eba6d92a4-rule-mo-1600.jpg 1440w\" sizes=\"(max-width: 300px) 100vw, 300px\" \/>                        <\/a>\n                    <\/div>\n                    <div class=\"vehicle-data\">\n                                                    <small>\n                                                                06.2026                                \u00b7\n                            <\/small>\n                                                                            <small>\n                                25 km\n                            <\/small>\n                                                                            <small>\n                                \u00b7\n                                171 kW\n                                                                (\n                                232 PS)\n                            <\/small>\n                                                                            <small>\n                                \u00b7\n                                Automatik                            <\/small>\n                                                                            <small>\n                                \u00b7\n                                Unfallfrei                            <\/small>\n                        \n                                                    <small>\n                                \u00b7\n                                Plug-in-Hybrid                            <\/small>\n                                                                                                                            <small>\n                                \u00b7\n                                4\/5 T\u00fcren\n                            <\/small>\n                                                <ul class=\"vehicle-emission\">\n                                                <span>Kraftstoffverbrauch gewichtet, kombiniert: \n                                    1.4                                 l\/100km<\/span><br>\n                                             <span>Verbrauch komb.: \n                                    6.5                                 l\/100km<\/span><br>\n                                                                <span>Stromverbrauch gewichtet, kombiniert: \n                                    16.8                                 kWh\/100km<\/span><br>\n                                                            \n                                       \n  <!-- CO2-Emissionen\t-->\n                                            <span>CO\u2082-Emissionen komb.: 32.0                                 g\/km<\/span><br>\n                                        <!-- CO2-Emissionen\t-->\n                   \n \n                         <span>CO\u2082-Klasse: \n                                    B                                <\/span><br>\n                    \n\n\n                <\/ul>\n\n                    <\/div>\n\n                    <div class=\"vehicle-price\">\n                                                    <div itemprop=\"priceSpecification\" itemscope itemtype=\"http:\/\/schema.org\/UnitPriceSpecification\">\n                                <meta itemprop=\"priceCurrency\" content=\"EUR\">\n                                <meta itemprop=\"price\" content=\"48.390\">\n                                <strong>\n                                    48.390 \u20ac (Brutto)\n                                <\/strong><br><small>\n                                    Inkl. 19% MwSt.                                <\/small>\n                            <\/div>\n                                                <br>\n                        <a href=\"https:\/\/ford-sachsen.de\/html\/page\/fahrzeuge\/ford-transit-custom-doka-sport-320-l2-plug-in-hybrid-2\/\"\n                            class=\"vehicle-btn wp-block-button__link wp-element-button\">Details<\/a>\n                    <\/div>\n                <\/div> <!-- \/\/ vehicle-row -->\n               \n            <\/article>\n                        <article id=\"post-4810831\" class=\"vehicle\">\n                <hgroup>\n                    <a href=\"https:\/\/ford-sachsen.de\/html\/page\/fahrzeuge\/ford-transit-custom-kasten-320-l1-trend-phev-ahk-fest\/\">\n                        <h2 class=\"vehicle-title\">\n                            Ford Transit Custom Kasten 320 L1 Trend PHEV AHK fest                        <\/h2>\n\n                    <\/a>\n                <\/hgroup>\n                <span class=\"vehicle-addition\">\n                    <p>\n                        Andere ,\n                        Gebrauchtfahrzeug                    <\/p>\n                <\/span>\n                <div class=\"vehicle-row\">\n                    <div class=\"vehicle-thumbnail\">\n                        <a href=\"https:\/\/ford-sachsen.de\/html\/page\/fahrzeuge\/ford-transit-custom-kasten-320-l1-trend-phev-ahk-fest\/\" title=\"Ford Transit Custom Kasten 320 L1 Trend PHEV AHK fest\">\n                            <img loading=\"lazy\" decoding=\"async\" width=\"300\" height=\"225\" src=\"https:\/\/ford-sachsen.de\/html\/page\/wp-content\/uploads\/2026\/09\/4810831-6a97106f0dfe6ef781ef8-258d-43b5-ac94-955688271af3-rule-mo-1600-300x225.jpg\" class=\"attachment-medium size-medium wp-post-image\" alt=\"\" srcset=\"https:\/\/ford-sachsen.de\/html\/page\/wp-content\/uploads\/2026\/09\/4810831-6a97106f0dfe6ef781ef8-258d-43b5-ac94-955688271af3-rule-mo-1600-300x225.jpg 300w, https:\/\/ford-sachsen.de\/html\/page\/wp-content\/uploads\/2026\/09\/4810831-6a97106f0dfe6ef781ef8-258d-43b5-ac94-955688271af3-rule-mo-1600-1024x768.jpg 1024w, https:\/\/ford-sachsen.de\/html\/page\/wp-content\/uploads\/2026\/09\/4810831-6a97106f0dfe6ef781ef8-258d-43b5-ac94-955688271af3-rule-mo-1600-768x576.jpg 768w, https:\/\/ford-sachsen.de\/html\/page\/wp-content\/uploads\/2026\/09\/4810831-6a97106f0dfe6ef781ef8-258d-43b5-ac94-955688271af3-rule-mo-1600.jpg 1448w\" sizes=\"(max-width: 300px) 100vw, 300px\" \/>                        <\/a>\n                    <\/div>\n                    <div class=\"vehicle-data\">\n                                                    <small>\n                                                                12.2025                                \u00b7\n                            <\/small>\n                                                                            <small>\n                                10 km\n                            <\/small>\n                                                                            <small>\n                                \u00b7\n                                171 kW\n                                                                (\n                                232 PS)\n                            <\/small>\n                                                                            <small>\n                                \u00b7\n                                Automatik                            <\/small>\n                                                                            <small>\n                                \u00b7\n                                Unfallfrei                            <\/small>\n                        \n                                                    <small>\n                                \u00b7\n                                Plug-in-Hybrid                            <\/small>\n                                                                                                                            <small>\n                                \u00b7\n                                4\/5 T\u00fcren\n                            <\/small>\n                                                <ul class=\"vehicle-emission\">\n                                                <span>Kraftstoffverbrauch gewichtet, kombiniert: \n                                    4.6                                 l\/100km<\/span><br>\n                                             <span>Verbrauch komb.: \n                                    7.9                                 l\/100km<\/span><br>\n                                                                <span>Stromverbrauch gewichtet, kombiniert: \n                                    14.8                                 kWh\/100km<\/span><br>\n                                                            \n                                       \n  <!-- CO2-Emissionen\t-->\n                                            <span>CO\u2082-Emissionen komb.: 105.0                                 g\/km<\/span><br>\n                                        <!-- CO2-Emissionen\t-->\n                   \n \n                         <span>CO\u2082-Klasse: \n                                    C                                <\/span><br>\n                    \n\n\n                <\/ul>\n\n                    <\/div>\n\n                    <div class=\"vehicle-price\">\n                                                    <div itemprop=\"priceSpecification\" itemscope itemtype=\"http:\/\/schema.org\/UnitPriceSpecification\">\n                                <meta itemprop=\"priceCurrency\" content=\"EUR\">\n                                <meta itemprop=\"price\" content=\"38.990\">\n                                <strong>\n                                    38.990 \u20ac (Brutto)\n                                <\/strong><br><small>\n                                    Inkl. 19% MwSt.                                <\/small>\n                            <\/div>\n                                                <br>\n                        <a href=\"https:\/\/ford-sachsen.de\/html\/page\/fahrzeuge\/ford-transit-custom-kasten-320-l1-trend-phev-ahk-fest\/\"\n                            class=\"vehicle-btn wp-block-button__link wp-element-button\">Details<\/a>\n                    <\/div>\n                <\/div> <!-- \/\/ vehicle-row -->\n               \n            <\/article>\n                        <article id=\"post-4810829\" class=\"vehicle\">\n                <hgroup>\n                    <a href=\"https:\/\/ford-sachsen.de\/html\/page\/fahrzeuge\/ford-transit-courier-bev-trend-klimaaut-beifahrers-f\/\">\n                        <h2 class=\"vehicle-title\">\n                            Ford Transit Courier BEV Trend Klimaaut.Beifahrers. f                        <\/h2>\n\n                    <\/a>\n                <\/hgroup>\n                <span class=\"vehicle-addition\">\n                    <p>\n                        Andere ,\n                        Neufahrzeug                    <\/p>\n                <\/span>\n                <div class=\"vehicle-row\">\n                    <div class=\"vehicle-thumbnail\">\n                        <a href=\"https:\/\/ford-sachsen.de\/html\/page\/fahrzeuge\/ford-transit-courier-bev-trend-klimaaut-beifahrers-f\/\" title=\"Ford Transit Courier BEV Trend Klimaaut.Beifahrers. f\">\n                            <img loading=\"lazy\" decoding=\"async\" width=\"300\" height=\"225\" src=\"https:\/\/ford-sachsen.de\/html\/page\/wp-content\/uploads\/2026\/09\/4810829-6a97106d89e0433249c9d-0af2-408b-8651-c07e9d339d21-rule-mo-1600-300x225.jpg\" class=\"attachment-medium size-medium wp-post-image\" alt=\"\" srcset=\"https:\/\/ford-sachsen.de\/html\/page\/wp-content\/uploads\/2026\/09\/4810829-6a97106d89e0433249c9d-0af2-408b-8651-c07e9d339d21-rule-mo-1600-300x225.jpg 300w, https:\/\/ford-sachsen.de\/html\/page\/wp-content\/uploads\/2026\/09\/4810829-6a97106d89e0433249c9d-0af2-408b-8651-c07e9d339d21-rule-mo-1600-1024x768.jpg 1024w, https:\/\/ford-sachsen.de\/html\/page\/wp-content\/uploads\/2026\/09\/4810829-6a97106d89e0433249c9d-0af2-408b-8651-c07e9d339d21-rule-mo-1600-768x576.jpg 768w, https:\/\/ford-sachsen.de\/html\/page\/wp-content\/uploads\/2026\/09\/4810829-6a97106d89e0433249c9d-0af2-408b-8651-c07e9d339d21-rule-mo-1600.jpg 1440w\" sizes=\"(max-width: 300px) 100vw, 300px\" \/>                        <\/a>\n                    <\/div>\n                    <div class=\"vehicle-data\">\n                                                                            <small>\n                                10 km\n                            <\/small>\n                                                                            <small>\n                                \u00b7\n                                100 kW\n                                                                (\n                                136 PS)\n                            <\/small>\n                                                                            <small>\n                                \u00b7\n                                Automatik                            <\/small>\n                                                                            <small>\n                                \u00b7\n                                Unfallfrei                            <\/small>\n                        \n                                                    <small>\n                                \u00b7\n                                Elektro                            <\/small>\n                                                                                                                            <small>\n                                \u00b7\n                                2\/3 T\u00fcren\n                            <\/small>\n                                                <ul class=\"vehicle-emission\">\n                                                                                     \n                                       \n  <!-- CO2-Emissionen\t-->\n                                            <span>CO\u2082-Emissionen komb.: 0.0                                 g\/km<\/span><br>\n                                        <!-- CO2-Emissionen\t-->\n                   \n \n                         <span>CO\u2082-Klasse: \n                                    A                                <\/span><br>\n                    \n\n\n                <\/ul>\n\n                    <\/div>\n\n                    <div class=\"vehicle-price\">\n                                                    <div itemprop=\"priceSpecification\" itemscope itemtype=\"http:\/\/schema.org\/UnitPriceSpecification\">\n                                <meta itemprop=\"priceCurrency\" content=\"EUR\">\n                                <meta itemprop=\"price\" content=\"32.868\">\n                                <strong>\n                                    32.868 \u20ac (Brutto)\n                                <\/strong><br><small>\n                                    Inkl. 19% MwSt.                                <\/small>\n                            <\/div>\n                                                <br>\n                        <a href=\"https:\/\/ford-sachsen.de\/html\/page\/fahrzeuge\/ford-transit-courier-bev-trend-klimaaut-beifahrers-f\/\"\n                            class=\"vehicle-btn wp-block-button__link wp-element-button\">Details<\/a>\n                    <\/div>\n                <\/div> <!-- \/\/ vehicle-row -->\n               \n            <\/article>\n                        <article id=\"post-4810827\" class=\"vehicle\">\n                <hgroup>\n                    <a href=\"https:\/\/ford-sachsen.de\/html\/page\/fahrzeuge\/ford-tourneo-connect-active-l2-active-pano-ahk-3-sitz\/\">\n                        <h2 class=\"vehicle-title\">\n                            Ford Tourneo Connect Active L2 Active Pano AHK 3.Sitz                        <\/h2>\n\n                    <\/a>\n                <\/hgroup>\n                <span class=\"vehicle-addition\">\n                    <p>\n                        Van\/Minibus ,\n                        Gebrauchtfahrzeug                    <\/p>\n                <\/span>\n                <div class=\"vehicle-row\">\n                    <div class=\"vehicle-thumbnail\">\n                        <a href=\"https:\/\/ford-sachsen.de\/html\/page\/fahrzeuge\/ford-tourneo-connect-active-l2-active-pano-ahk-3-sitz\/\" title=\"Ford Tourneo Connect Active L2 Active Pano AHK 3.Sitz\">\n                            <img loading=\"lazy\" decoding=\"async\" width=\"300\" height=\"225\" src=\"https:\/\/ford-sachsen.de\/html\/page\/wp-content\/uploads\/2026\/09\/4810827-6a97106bd93764a605bbc-3806-4000-9ad0-e8f9cf95ee27-rule-mo-1600-300x225.jpg\" class=\"attachment-medium size-medium wp-post-image\" alt=\"\" srcset=\"https:\/\/ford-sachsen.de\/html\/page\/wp-content\/uploads\/2026\/09\/4810827-6a97106bd93764a605bbc-3806-4000-9ad0-e8f9cf95ee27-rule-mo-1600-300x225.jpg 300w, https:\/\/ford-sachsen.de\/html\/page\/wp-content\/uploads\/2026\/09\/4810827-6a97106bd93764a605bbc-3806-4000-9ad0-e8f9cf95ee27-rule-mo-1600-1024x768.jpg 1024w, https:\/\/ford-sachsen.de\/html\/page\/wp-content\/uploads\/2026\/09\/4810827-6a97106bd93764a605bbc-3806-4000-9ad0-e8f9cf95ee27-rule-mo-1600-768x576.jpg 768w, https:\/\/ford-sachsen.de\/html\/page\/wp-content\/uploads\/2026\/09\/4810827-6a97106bd93764a605bbc-3806-4000-9ad0-e8f9cf95ee27-rule-mo-1600.jpg 1440w\" sizes=\"(max-width: 300px) 100vw, 300px\" \/>                        <\/a>\n                    <\/div>\n                    <div class=\"vehicle-data\">\n                                                    <small>\n                                                                01.2026                                \u00b7\n                            <\/small>\n                                                                            <small>\n                                123 km\n                            <\/small>\n                                                                            <small>\n                                \u00b7\n                                90 kW\n                                                                (\n                                122 PS)\n                            <\/small>\n                                                                            <small>\n                                \u00b7\n                                Automatik                            <\/small>\n                                                                            <small>\n                                \u00b7\n                                Unfallfrei                            <\/small>\n                        \n                                                    <small>\n                                \u00b7\n                                Diesel                            <\/small>\n                                                                                                                            <small>\n                                \u00b7\n                                4\/5 T\u00fcren\n                            <\/small>\n                                                <ul class=\"vehicle-emission\">\n                                                 <span>Verbrauch komb.: \n                                    5.7                                 l\/100km<\/span><br>\n                                                                                \n                                       \n  <!-- CO2-Emissionen\t-->\n                                            <span>CO\u2082-Emissionen komb.: 150.0                                 g\/km<\/span><br>\n                                        <!-- CO2-Emissionen\t-->\n                   \n \n                         <span>CO\u2082-Klasse: \n                                    E                                <\/span><br>\n                    \n\n\n                <\/ul>\n\n                    <\/div>\n\n                    <div class=\"vehicle-price\">\n                                                    <div itemprop=\"priceSpecification\" itemscope itemtype=\"http:\/\/schema.org\/UnitPriceSpecification\">\n                                <meta itemprop=\"priceCurrency\" content=\"EUR\">\n                                <meta itemprop=\"price\" content=\"36.985\">\n                                <strong>\n                                    36.985 \u20ac (Brutto)\n                                <\/strong><br><small>\n                                    Inkl. 19% MwSt.                                <\/small>\n                            <\/div>\n                                                <br>\n                        <a href=\"https:\/\/ford-sachsen.de\/html\/page\/fahrzeuge\/ford-tourneo-connect-active-l2-active-pano-ahk-3-sitz\/\"\n                            class=\"vehicle-btn wp-block-button__link wp-element-button\">Details<\/a>\n                    <\/div>\n                <\/div> <!-- \/\/ vehicle-row -->\n               \n            <\/article>\n                        <article id=\"post-4810819\" class=\"vehicle\">\n                <hgroup>\n                    <a href=\"https:\/\/ford-sachsen.de\/html\/page\/fahrzeuge\/ford-transit-custom-kombi-limited-340-l2-2-5-phev-tag\/\">\n                        <h2 class=\"vehicle-title\">\n                            Ford Transit Custom Kombi Limited 340 L2 2.5 PHEV TAG                        <\/h2>\n\n                    <\/a>\n                <\/hgroup>\n                <span class=\"vehicle-addition\">\n                    <p>\n                        Kombi ,\n                        Gebrauchtfahrzeug                    <\/p>\n                <\/span>\n                <div class=\"vehicle-row\">\n                    <div class=\"vehicle-thumbnail\">\n                        <a href=\"https:\/\/ford-sachsen.de\/html\/page\/fahrzeuge\/ford-transit-custom-kombi-limited-340-l2-2-5-phev-tag\/\" title=\"Ford Transit Custom Kombi Limited 340 L2 2.5 PHEV TAG\">\n                            <img loading=\"lazy\" decoding=\"async\" width=\"300\" height=\"225\" src=\"https:\/\/ford-sachsen.de\/html\/page\/wp-content\/uploads\/2026\/09\/4810819-6a970f221f7abf27e9a4c-69ce-4287-bff0-1041bb436849-rule-mo-1600-300x225.jpg\" class=\"attachment-medium size-medium wp-post-image\" alt=\"\" srcset=\"https:\/\/ford-sachsen.de\/html\/page\/wp-content\/uploads\/2026\/09\/4810819-6a970f221f7abf27e9a4c-69ce-4287-bff0-1041bb436849-rule-mo-1600-300x225.jpg 300w, https:\/\/ford-sachsen.de\/html\/page\/wp-content\/uploads\/2026\/09\/4810819-6a970f221f7abf27e9a4c-69ce-4287-bff0-1041bb436849-rule-mo-1600-1024x768.jpg 1024w, https:\/\/ford-sachsen.de\/html\/page\/wp-content\/uploads\/2026\/09\/4810819-6a970f221f7abf27e9a4c-69ce-4287-bff0-1041bb436849-rule-mo-1600-768x576.jpg 768w, https:\/\/ford-sachsen.de\/html\/page\/wp-content\/uploads\/2026\/09\/4810819-6a970f221f7abf27e9a4c-69ce-4287-bff0-1041bb436849-rule-mo-1600.jpg 1440w\" sizes=\"(max-width: 300px) 100vw, 300px\" \/>                        <\/a>\n                    <\/div>\n                    <div class=\"vehicle-data\">\n                                                    <small>\n                                                                06.2026                                \u00b7\n                            <\/small>\n                                                                            <small>\n                                25 km\n                            <\/small>\n                                                                            <small>\n                                \u00b7\n                                171 kW\n                                                                (\n                                232 PS)\n                            <\/small>\n                                                                            <small>\n                                \u00b7\n                                Automatik                            <\/small>\n                                                                            <small>\n                                \u00b7\n                                Unfallfrei                            <\/small>\n                        \n                                                    <small>\n                                \u00b7\n                                Plug-in-Hybrid                            <\/small>\n                                                                                                                            <small>\n                                \u00b7\n                                4\/5 T\u00fcren\n                            <\/small>\n                                                <ul class=\"vehicle-emission\">\n                                                <span>Kraftstoffverbrauch gewichtet, kombiniert: \n                                    4.6                                 l\/100km<\/span><br>\n                                             <span>Verbrauch komb.: \n                                    7.9                                 l\/100km<\/span><br>\n                                                                <span>Stromverbrauch gewichtet, kombiniert: \n                                    14.8                                 kWh\/100km<\/span><br>\n                                                            \n                                       \n  <!-- CO2-Emissionen\t-->\n                                            <span>CO\u2082-Emissionen komb.: 105.0                                 g\/km<\/span><br>\n                                        <!-- CO2-Emissionen\t-->\n                   \n \n                         <span>CO\u2082-Klasse: \n                                    C                                <\/span><br>\n                    \n\n\n                <\/ul>\n\n                    <\/div>\n\n                    <div class=\"vehicle-price\">\n                                                    <div itemprop=\"priceSpecification\" itemscope itemtype=\"http:\/\/schema.org\/UnitPriceSpecification\">\n                                <meta itemprop=\"priceCurrency\" content=\"EUR\">\n                                <meta itemprop=\"price\" content=\"49.890\">\n                                <strong>\n                                    49.890 \u20ac (Brutto)\n                                <\/strong><br><small>\n                                    Inkl. 19% MwSt.                                <\/small>\n                            <\/div>\n                                                <br>\n                        <a href=\"https:\/\/ford-sachsen.de\/html\/page\/fahrzeuge\/ford-transit-custom-kombi-limited-340-l2-2-5-phev-tag\/\"\n                            class=\"vehicle-btn wp-block-button__link wp-element-button\">Details<\/a>\n                    <\/div>\n                <\/div> <!-- \/\/ vehicle-row -->\n               \n            <\/article>\n                        <article id=\"post-4810817\" class=\"vehicle\">\n                <hgroup>\n                    <a href=\"https:\/\/ford-sachsen.de\/html\/page\/fahrzeuge\/ford-ranger-wildtrak-e-4wd-doka-elektr-rollokamera\/\">\n                        <h2 class=\"vehicle-title\">\n                            Ford Ranger Wildtrak e-4WD DoKa ELEKTR. ROLLO+KAMERA+                        <\/h2>\n\n                    <\/a>\n                <\/hgroup>\n                <span class=\"vehicle-addition\">\n                    <p>\n                        SUV\/Gel\u00e4ndewagen\/Pickup ,\n                        Gebrauchtfahrzeug                    <\/p>\n                <\/span>\n                <div class=\"vehicle-row\">\n                    <div class=\"vehicle-thumbnail\">\n                        <a href=\"https:\/\/ford-sachsen.de\/html\/page\/fahrzeuge\/ford-ranger-wildtrak-e-4wd-doka-elektr-rollokamera\/\" title=\"Ford Ranger Wildtrak e-4WD DoKa ELEKTR. ROLLO+KAMERA+\">\n                            <img loading=\"lazy\" decoding=\"async\" width=\"300\" height=\"225\" src=\"https:\/\/ford-sachsen.de\/html\/page\/wp-content\/uploads\/2026\/09\/4810817-6a970f1f6534edeeab308-a104-4d87-9985-6a5e8a65501b-rule-mo-1600-300x225.jpg\" class=\"attachment-medium size-medium wp-post-image\" alt=\"\" srcset=\"https:\/\/ford-sachsen.de\/html\/page\/wp-content\/uploads\/2026\/09\/4810817-6a970f1f6534edeeab308-a104-4d87-9985-6a5e8a65501b-rule-mo-1600-300x225.jpg 300w, https:\/\/ford-sachsen.de\/html\/page\/wp-content\/uploads\/2026\/09\/4810817-6a970f1f6534edeeab308-a104-4d87-9985-6a5e8a65501b-rule-mo-1600-1024x768.jpg 1024w, https:\/\/ford-sachsen.de\/html\/page\/wp-content\/uploads\/2026\/09\/4810817-6a970f1f6534edeeab308-a104-4d87-9985-6a5e8a65501b-rule-mo-1600-768x576.jpg 768w, https:\/\/ford-sachsen.de\/html\/page\/wp-content\/uploads\/2026\/09\/4810817-6a970f1f6534edeeab308-a104-4d87-9985-6a5e8a65501b-rule-mo-1600.jpg 1440w\" sizes=\"(max-width: 300px) 100vw, 300px\" \/>                        <\/a>\n                    <\/div>\n                    <div class=\"vehicle-data\">\n                                                    <small>\n                                                                06.2026                                \u00b7\n                            <\/small>\n                                                                            <small>\n                                25 km\n                            <\/small>\n                                                                            <small>\n                                \u00b7\n                                177 kW\n                                                                (\n                                241 PS)\n                            <\/small>\n                                                                            <small>\n                                \u00b7\n                                Automatik                            <\/small>\n                                                                            <small>\n                                \u00b7\n                                Unfallfrei                            <\/small>\n                        \n                                                    <small>\n                                \u00b7\n                                Diesel                            <\/small>\n                                                                                                                            <small>\n                                \u00b7\n                                4\/5 T\u00fcren\n                            <\/small>\n                                                <ul class=\"vehicle-emission\">\n                                                 <span>Verbrauch komb.: \n                                    10.1                                 l\/100km<\/span><br>\n                                                                                \n                                       \n  <!-- CO2-Emissionen\t-->\n                                            <span>CO\u2082-Emissionen komb.: 265.0                                 g\/km<\/span><br>\n                                        <!-- CO2-Emissionen\t-->\n                   \n \n                         <span>CO\u2082-Klasse: \n                                    G                                <\/span><br>\n                    \n\n\n                <\/ul>\n\n                    <\/div>\n\n                    <div class=\"vehicle-price\">\n                                                    <div itemprop=\"priceSpecification\" itemscope itemtype=\"http:\/\/schema.org\/UnitPriceSpecification\">\n                                <meta itemprop=\"priceCurrency\" content=\"EUR\">\n                                <meta itemprop=\"price\" content=\"53.890\">\n                                <strong>\n                                    53.890 \u20ac (Brutto)\n                                <\/strong><br><small>\n                                    Inkl. 19% MwSt.                                <\/small>\n                            <\/div>\n                                                <br>\n                        <a href=\"https:\/\/ford-sachsen.de\/html\/page\/fahrzeuge\/ford-ranger-wildtrak-e-4wd-doka-elektr-rollokamera\/\"\n                            class=\"vehicle-btn wp-block-button__link wp-element-button\">Details<\/a>\n                    <\/div>\n                <\/div> <!-- \/\/ vehicle-row -->\n               \n            <\/article>\n                        <article id=\"post-4810815\" class=\"vehicle\">\n                <hgroup>\n                    <a href=\"https:\/\/ford-sachsen.de\/html\/page\/fahrzeuge\/ford-ranger-e-4wd-doka-raptor-raptor-paketstandhzg\/\">\n                        <h2 class=\"vehicle-title\">\n                            Ford Ranger e-4WD DoKa Raptor RAPTOR-PAKET+STANDHZG.+                        <\/h2>\n\n                    <\/a>\n                <\/hgroup>\n                <span class=\"vehicle-addition\">\n                    <p>\n                        SUV\/Gel\u00e4ndewagen\/Pickup ,\n                        Gebrauchtfahrzeug                    <\/p>\n                <\/span>\n                <div class=\"vehicle-row\">\n                    <div class=\"vehicle-thumbnail\">\n                        <a href=\"https:\/\/ford-sachsen.de\/html\/page\/fahrzeuge\/ford-ranger-e-4wd-doka-raptor-raptor-paketstandhzg\/\" title=\"Ford Ranger e-4WD DoKa Raptor RAPTOR-PAKET+STANDHZG.+\">\n                            <img loading=\"lazy\" decoding=\"async\" width=\"300\" height=\"225\" src=\"https:\/\/ford-sachsen.de\/html\/page\/wp-content\/uploads\/2026\/09\/4810815-6a970f1d44553fd302492-5553-44f0-9ff9-fa18d1a326fb-rule-mo-1600-300x225.jpg\" class=\"attachment-medium size-medium wp-post-image\" alt=\"\" srcset=\"https:\/\/ford-sachsen.de\/html\/page\/wp-content\/uploads\/2026\/09\/4810815-6a970f1d44553fd302492-5553-44f0-9ff9-fa18d1a326fb-rule-mo-1600-300x225.jpg 300w, https:\/\/ford-sachsen.de\/html\/page\/wp-content\/uploads\/2026\/09\/4810815-6a970f1d44553fd302492-5553-44f0-9ff9-fa18d1a326fb-rule-mo-1600-1024x768.jpg 1024w, https:\/\/ford-sachsen.de\/html\/page\/wp-content\/uploads\/2026\/09\/4810815-6a970f1d44553fd302492-5553-44f0-9ff9-fa18d1a326fb-rule-mo-1600-768x576.jpg 768w, https:\/\/ford-sachsen.de\/html\/page\/wp-content\/uploads\/2026\/09\/4810815-6a970f1d44553fd302492-5553-44f0-9ff9-fa18d1a326fb-rule-mo-1600.jpg 1440w\" sizes=\"(max-width: 300px) 100vw, 300px\" \/>                        <\/a>\n                    <\/div>\n                    <div class=\"vehicle-data\">\n                                                    <small>\n                                                                06.2026                                \u00b7\n                            <\/small>\n                                                                            <small>\n                                25 km\n                            <\/small>\n                                                                            <small>\n                                \u00b7\n                                154 kW\n                                                                (\n                                209 PS)\n                            <\/small>\n                                                                            <small>\n                                \u00b7\n                                Automatik                            <\/small>\n                                                                            <small>\n                                \u00b7\n                                Unfallfrei                            <\/small>\n                        \n                                                    <small>\n                                \u00b7\n                                Diesel                            <\/small>\n                                                                                                                            <small>\n                                \u00b7\n                                4\/5 T\u00fcren\n                            <\/small>\n                                                <ul class=\"vehicle-emission\">\n                                                 <span>Verbrauch komb.: \n                                    10.6                                 l\/100km<\/span><br>\n                                                                                \n                                       \n  <!-- CO2-Emissionen\t-->\n                                            <span>CO\u2082-Emissionen komb.: 278.0                                 g\/km<\/span><br>\n                                        <!-- CO2-Emissionen\t-->\n                   \n \n                         <span>CO\u2082-Klasse: \n                                    G                                <\/span><br>\n                    \n\n\n                <\/ul>\n\n                    <\/div>\n\n                    <div class=\"vehicle-price\">\n                                                    <div itemprop=\"priceSpecification\" itemscope itemtype=\"http:\/\/schema.org\/UnitPriceSpecification\">\n                                <meta itemprop=\"priceCurrency\" content=\"EUR\">\n                                <meta itemprop=\"price\" content=\"59.890\">\n                                <strong>\n                                    59.890 \u20ac (Brutto)\n                                <\/strong><br><small>\n                                    Inkl. 19% MwSt.                                <\/small>\n                            <\/div>\n                                                <br>\n                        <a href=\"https:\/\/ford-sachsen.de\/html\/page\/fahrzeuge\/ford-ranger-e-4wd-doka-raptor-raptor-paketstandhzg\/\"\n                            class=\"vehicle-btn wp-block-button__link wp-element-button\">Details<\/a>\n                    <\/div>\n                <\/div> <!-- \/\/ vehicle-row -->\n               \n            <\/article>\n                        <article id=\"post-4810813\" class=\"vehicle\">\n                <hgroup>\n                    <a href=\"https:\/\/ford-sachsen.de\/html\/page\/fahrzeuge\/ford-transit-custom-kasten-fwd-plug-in-hybrid-kastenw\/\">\n                        <h2 class=\"vehicle-title\">\n                            Ford Transit Custom Kasten FWD Plug-in Hybrid Kastenw                        <\/h2>\n\n                    <\/a>\n                <\/hgroup>\n                <span class=\"vehicle-addition\">\n                    <p>\n                        Andere ,\n                        Neufahrzeug                    <\/p>\n                <\/span>\n                <div class=\"vehicle-row\">\n                    <div class=\"vehicle-thumbnail\">\n                        <a href=\"https:\/\/ford-sachsen.de\/html\/page\/fahrzeuge\/ford-transit-custom-kasten-fwd-plug-in-hybrid-kastenw\/\" title=\"Ford Transit Custom Kasten FWD Plug-in Hybrid Kastenw\">\n                            <img loading=\"lazy\" decoding=\"async\" width=\"300\" height=\"225\" src=\"https:\/\/ford-sachsen.de\/html\/page\/wp-content\/uploads\/2026\/09\/4810813-6a970f1b2bb118c3ae528-786f-4eca-bbed-de4f9d4c56f9-rule-mo-1600-300x225.jpg\" class=\"attachment-medium size-medium wp-post-image\" alt=\"\" srcset=\"https:\/\/ford-sachsen.de\/html\/page\/wp-content\/uploads\/2026\/09\/4810813-6a970f1b2bb118c3ae528-786f-4eca-bbed-de4f9d4c56f9-rule-mo-1600-300x225.jpg 300w, https:\/\/ford-sachsen.de\/html\/page\/wp-content\/uploads\/2026\/09\/4810813-6a970f1b2bb118c3ae528-786f-4eca-bbed-de4f9d4c56f9-rule-mo-1600-1024x768.jpg 1024w, https:\/\/ford-sachsen.de\/html\/page\/wp-content\/uploads\/2026\/09\/4810813-6a970f1b2bb118c3ae528-786f-4eca-bbed-de4f9d4c56f9-rule-mo-1600-768x576.jpg 768w, https:\/\/ford-sachsen.de\/html\/page\/wp-content\/uploads\/2026\/09\/4810813-6a970f1b2bb118c3ae528-786f-4eca-bbed-de4f9d4c56f9-rule-mo-1600.jpg 1440w\" sizes=\"(max-width: 300px) 100vw, 300px\" \/>                        <\/a>\n                    <\/div>\n                    <div class=\"vehicle-data\">\n                                                                            <small>\n                                10 km\n                            <\/small>\n                                                                            <small>\n                                \u00b7\n                                171 kW\n                                                                (\n                                232 PS)\n                            <\/small>\n                                                                            <small>\n                                \u00b7\n                                Automatik                            <\/small>\n                                                                            <small>\n                                \u00b7\n                                Unfallfrei                            <\/small>\n                        \n                                                    <small>\n                                \u00b7\n                                Plug-in-Hybrid                            <\/small>\n                                                                                                                            <small>\n                                \u00b7\n                                4\/5 T\u00fcren\n                            <\/small>\n                                                <ul class=\"vehicle-emission\">\n                                                <span>Kraftstoffverbrauch gewichtet, kombiniert: \n                                    2.0                                 l\/100km<\/span><br>\n                                             <span>Verbrauch komb.: \n                                    8.0                                 l\/100km<\/span><br>\n                                                                <span>Stromverbrauch gewichtet, kombiniert: \n                                    22.0                                 kWh\/100km<\/span><br>\n                                                            \n                                       \n  <!-- CO2-Emissionen\t-->\n                                            <span>CO\u2082-Emissionen komb.: 45.0                                 g\/km<\/span><br>\n                                        <!-- CO2-Emissionen\t-->\n                   \n \n                         <span>CO\u2082-Klasse: \n                                    B                                <\/span><br>\n                    \n\n\n                <\/ul>\n\n                    <\/div>\n\n                    <div class=\"vehicle-price\">\n                                                    <div itemprop=\"priceSpecification\" itemscope itemtype=\"http:\/\/schema.org\/UnitPriceSpecification\">\n                                <meta itemprop=\"priceCurrency\" content=\"EUR\">\n                                <meta itemprop=\"price\" content=\"41.576\">\n                                <strong>\n                                    41.576 \u20ac (Brutto)\n                                <\/strong><br><small>\n                                    Inkl. 19% MwSt.                                <\/small>\n                            <\/div>\n                                                <br>\n                        <a href=\"https:\/\/ford-sachsen.de\/html\/page\/fahrzeuge\/ford-transit-custom-kasten-fwd-plug-in-hybrid-kastenw\/\"\n                            class=\"vehicle-btn wp-block-button__link wp-element-button\">Details<\/a>\n                    <\/div>\n                <\/div> <!-- \/\/ vehicle-row -->\n               \n            <\/article>\n                        <article id=\"post-4810803\" class=\"vehicle\">\n                <hgroup>\n                    <a href=\"https:\/\/ford-sachsen.de\/html\/page\/fahrzeuge\/ford-transit-courier-bev-trend-tageszulassungkamera\/\">\n                        <h2 class=\"vehicle-title\">\n                            Ford Transit Courier BEV Trend TAGESZULASSUNG+KAMERA+                        <\/h2>\n\n                    <\/a>\n                <\/hgroup>\n                <span class=\"vehicle-addition\">\n                    <p>\n                        Van\/Minibus ,\n                        Gebrauchtfahrzeug                    <\/p>\n                <\/span>\n                <div class=\"vehicle-row\">\n                    <div class=\"vehicle-thumbnail\">\n                        <a href=\"https:\/\/ford-sachsen.de\/html\/page\/fahrzeuge\/ford-transit-courier-bev-trend-tageszulassungkamera\/\" title=\"Ford Transit Courier BEV Trend TAGESZULASSUNG+KAMERA+\">\n                            <img loading=\"lazy\" decoding=\"async\" width=\"300\" height=\"225\" src=\"https:\/\/ford-sachsen.de\/html\/page\/wp-content\/uploads\/2026\/09\/4810803-6a970e0db2cc3561ff980-9eb8-45fb-8cdf-bf601df110ea-rule-mo-1600-300x225.jpg\" class=\"attachment-medium size-medium wp-post-image\" alt=\"\" srcset=\"https:\/\/ford-sachsen.de\/html\/page\/wp-content\/uploads\/2026\/09\/4810803-6a970e0db2cc3561ff980-9eb8-45fb-8cdf-bf601df110ea-rule-mo-1600-300x225.jpg 300w, https:\/\/ford-sachsen.de\/html\/page\/wp-content\/uploads\/2026\/09\/4810803-6a970e0db2cc3561ff980-9eb8-45fb-8cdf-bf601df110ea-rule-mo-1600-1024x768.jpg 1024w, https:\/\/ford-sachsen.de\/html\/page\/wp-content\/uploads\/2026\/09\/4810803-6a970e0db2cc3561ff980-9eb8-45fb-8cdf-bf601df110ea-rule-mo-1600-768x576.jpg 768w, https:\/\/ford-sachsen.de\/html\/page\/wp-content\/uploads\/2026\/09\/4810803-6a970e0db2cc3561ff980-9eb8-45fb-8cdf-bf601df110ea-rule-mo-1600.jpg 1440w\" sizes=\"(max-width: 300px) 100vw, 300px\" \/>                        <\/a>\n                    <\/div>\n                    <div class=\"vehicle-data\">\n                                                    <small>\n                                                                06.2026                                \u00b7\n                            <\/small>\n                                                                            <small>\n                                25 km\n                            <\/small>\n                                                                            <small>\n                                \u00b7\n                                100 kW\n                                                                (\n                                136 PS)\n                            <\/small>\n                                                                            <small>\n                                \u00b7\n                                Automatik                            <\/small>\n                                                                            <small>\n                                \u00b7\n                                Unfallfrei                            <\/small>\n                        \n                                                    <small>\n                                \u00b7\n                                Elektro                            <\/small>\n                                                                                                                            <small>\n                                \u00b7\n                                4\/5 T\u00fcren\n                            <\/small>\n                                                <ul class=\"vehicle-emission\">\n                                                                                     \n                                       \n  <!-- CO2-Emissionen\t-->\n                                            <span>CO\u2082-Emissionen komb.: 0.0                                 g\/km<\/span><br>\n                                        <!-- CO2-Emissionen\t-->\n                   \n \n                         <span>CO\u2082-Klasse: \n                                    A                                <\/span><br>\n                    \n\n\n                <\/ul>\n\n                    <\/div>\n\n                    <div class=\"vehicle-price\">\n                                                    <div itemprop=\"priceSpecification\" itemscope itemtype=\"http:\/\/schema.org\/UnitPriceSpecification\">\n                                <meta itemprop=\"priceCurrency\" content=\"EUR\">\n                                <meta itemprop=\"price\" content=\"28.990\">\n                                <strong>\n                                    28.990 \u20ac (Brutto)\n                                <\/strong><br><small>\n                                    Inkl. 19% MwSt.                                <\/small>\n                            <\/div>\n                                                <br>\n                        <a href=\"https:\/\/ford-sachsen.de\/html\/page\/fahrzeuge\/ford-transit-courier-bev-trend-tageszulassungkamera\/\"\n                            class=\"vehicle-btn wp-block-button__link wp-element-button\">Details<\/a>\n                    <\/div>\n                <\/div> <!-- \/\/ vehicle-row -->\n               \n            <\/article>\n                        <article id=\"post-4810799\" class=\"vehicle\">\n                <hgroup>\n                    <a href=\"https:\/\/ford-sachsen.de\/html\/page\/fahrzeuge\/ford-tourneo-custom-320-titanium-l1-xenonacc8sitzer\/\">\n                        <h2 class=\"vehicle-title\">\n                            Ford Tourneo Custom 320 Titanium L1 XENON+ACC+8SITZER                        <\/h2>\n\n                    <\/a>\n                <\/hgroup>\n                <span class=\"vehicle-addition\">\n                    <p>\n                        Van\/Minibus ,\n                        Gebrauchtfahrzeug                    <\/p>\n                <\/span>\n                <div class=\"vehicle-row\">\n                    <div class=\"vehicle-thumbnail\">\n                        <a href=\"https:\/\/ford-sachsen.de\/html\/page\/fahrzeuge\/ford-tourneo-custom-320-titanium-l1-xenonacc8sitzer\/\" title=\"Ford Tourneo Custom 320 Titanium L1 XENON+ACC+8SITZER\">\n                            <img loading=\"lazy\" decoding=\"async\" width=\"300\" height=\"225\" src=\"https:\/\/ford-sachsen.de\/html\/page\/wp-content\/uploads\/2026\/09\/4810799-6a970ce2884d6cea2057d-bbfe-4b7b-a777-74266cae0c41-rule-mo-1600-300x225.jpg\" class=\"attachment-medium size-medium wp-post-image\" alt=\"\" srcset=\"https:\/\/ford-sachsen.de\/html\/page\/wp-content\/uploads\/2026\/09\/4810799-6a970ce2884d6cea2057d-bbfe-4b7b-a777-74266cae0c41-rule-mo-1600-300x225.jpg 300w, https:\/\/ford-sachsen.de\/html\/page\/wp-content\/uploads\/2026\/09\/4810799-6a970ce2884d6cea2057d-bbfe-4b7b-a777-74266cae0c41-rule-mo-1600-1024x768.jpg 1024w, https:\/\/ford-sachsen.de\/html\/page\/wp-content\/uploads\/2026\/09\/4810799-6a970ce2884d6cea2057d-bbfe-4b7b-a777-74266cae0c41-rule-mo-1600-768x576.jpg 768w, https:\/\/ford-sachsen.de\/html\/page\/wp-content\/uploads\/2026\/09\/4810799-6a970ce2884d6cea2057d-bbfe-4b7b-a777-74266cae0c41-rule-mo-1600.jpg 1440w\" sizes=\"(max-width: 300px) 100vw, 300px\" \/>                        <\/a>\n                    <\/div>\n                    <div class=\"vehicle-data\">\n                                                    <small>\n                                                                08.2023                                \u00b7\n                            <\/small>\n                                                                            <small>\n                                20.158 km\n                            <\/small>\n                                                                            <small>\n                                \u00b7\n                                125 kW\n                                                                (\n                                170 PS)\n                            <\/small>\n                                                                            <small>\n                                \u00b7\n                                Automatik                            <\/small>\n                                                                            <small>\n                                \u00b7\n                                Unfallfrei                            <\/small>\n                        \n                                                    <small>\n                                \u00b7\n                                Diesel                            <\/small>\n                                                                                                                            <small>\n                                \u00b7\n                                4\/5 T\u00fcren\n                            <\/small>\n                                                <ul class=\"vehicle-emission\">\n                                                 <span>Verbrauch komb.: \n                                    8.9                                 l\/100km<\/span><br>\n                                                                                \n                                       \n  <!-- CO2-Emissionen\t-->\n                                            <span>CO\u2082-Emissionen komb.: 233.0                                 g\/km<\/span><br>\n                                        <!-- CO2-Emissionen\t-->\n                   \n \n                         <span>CO\u2082-Klasse: \n                                    G                                <\/span><br>\n                    \n\n\n                <\/ul>\n\n                    <\/div>\n\n                    <div class=\"vehicle-price\">\n                                                    <div itemprop=\"priceSpecification\" itemscope itemtype=\"http:\/\/schema.org\/UnitPriceSpecification\">\n                                <meta itemprop=\"priceCurrency\" content=\"EUR\">\n                                <meta itemprop=\"price\" content=\"40.450\">\n                                <strong>\n                                    40.450 \u20ac (Brutto)\n                                <\/strong><br><small>\n                                    MwSt. nicht ausweisbar                                <\/small>\n                            <\/div>\n                                                <br>\n                        <a href=\"https:\/\/ford-sachsen.de\/html\/page\/fahrzeuge\/ford-tourneo-custom-320-titanium-l1-xenonacc8sitzer\/\"\n                            class=\"vehicle-btn wp-block-button__link wp-element-button\">Details<\/a>\n                    <\/div>\n                <\/div> <!-- \/\/ vehicle-row -->\n               \n            <\/article>\n                        <article id=\"post-4810797\" class=\"vehicle\">\n                <hgroup>\n                    <a href=\"https:\/\/ford-sachsen.de\/html\/page\/fahrzeuge\/ford-mustang-5-0-v8-gt-convertible-magneridelednavi\/\">\n                        <h2 class=\"vehicle-title\">\n                            Ford Mustang 5.0 V8 GT Convertible MagneRide+LED+NAVI                        <\/h2>\n\n                    <\/a>\n                <\/hgroup>\n                <span class=\"vehicle-addition\">\n                    <p>\n                        Cabrio\/Roadster ,\n                        Gebrauchtfahrzeug                    <\/p>\n                <\/span>\n                <div class=\"vehicle-row\">\n                    <div class=\"vehicle-thumbnail\">\n                        <a href=\"https:\/\/ford-sachsen.de\/html\/page\/fahrzeuge\/ford-mustang-5-0-v8-gt-convertible-magneridelednavi\/\" title=\"Ford Mustang 5.0 V8 GT Convertible MagneRide+LED+NAVI\">\n                            <img loading=\"lazy\" decoding=\"async\" width=\"300\" height=\"225\" src=\"https:\/\/ford-sachsen.de\/html\/page\/wp-content\/uploads\/2026\/09\/4810797-6a970ce03fcf3f6c68b39-ad8e-4ab4-a11b-3747dc318c33-rule-mo-1600-300x225.jpg\" class=\"attachment-medium size-medium wp-post-image\" alt=\"\" srcset=\"https:\/\/ford-sachsen.de\/html\/page\/wp-content\/uploads\/2026\/09\/4810797-6a970ce03fcf3f6c68b39-ad8e-4ab4-a11b-3747dc318c33-rule-mo-1600-300x225.jpg 300w, https:\/\/ford-sachsen.de\/html\/page\/wp-content\/uploads\/2026\/09\/4810797-6a970ce03fcf3f6c68b39-ad8e-4ab4-a11b-3747dc318c33-rule-mo-1600-1024x768.jpg 1024w, https:\/\/ford-sachsen.de\/html\/page\/wp-content\/uploads\/2026\/09\/4810797-6a970ce03fcf3f6c68b39-ad8e-4ab4-a11b-3747dc318c33-rule-mo-1600-768x576.jpg 768w, https:\/\/ford-sachsen.de\/html\/page\/wp-content\/uploads\/2026\/09\/4810797-6a970ce03fcf3f6c68b39-ad8e-4ab4-a11b-3747dc318c33-rule-mo-1600.jpg 1440w\" sizes=\"(max-width: 300px) 100vw, 300px\" \/>                        <\/a>\n                    <\/div>\n                    <div class=\"vehicle-data\">\n                                                    <small>\n                                                                05.2024                                \u00b7\n                            <\/small>\n                                                                            <small>\n                                11.907 km\n                            <\/small>\n                                                                            <small>\n                                \u00b7\n                                328 kW\n                                                                (\n                                446 PS)\n                            <\/small>\n                                                                            <small>\n                                \u00b7\n                                Automatik                            <\/small>\n                                                                            <small>\n                                \u00b7\n                                Unfallfrei                            <\/small>\n                        \n                                                    <small>\n                                \u00b7\n                                Benzin                            <\/small>\n                                                                                                                            <small>\n                                \u00b7\n                                2\/3 T\u00fcren\n                            <\/small>\n                                                <ul class=\"vehicle-emission\">\n                                                 <span>Verbrauch komb.: \n                                    12.4                                 l\/100km<\/span><br>\n                                                                                \n                                       \n  <!-- CO2-Emissionen\t-->\n                                            <span>CO\u2082-Emissionen komb.: 282.0                                 g\/km<\/span><br>\n                                        <!-- CO2-Emissionen\t-->\n                   \n \n                         <span>CO\u2082-Klasse: \n                                    G                                <\/span><br>\n                    \n\n\n                <\/ul>\n\n                    <\/div>\n\n                    <div class=\"vehicle-price\">\n                                                    <div itemprop=\"priceSpecification\" itemscope itemtype=\"http:\/\/schema.org\/UnitPriceSpecification\">\n                                <meta itemprop=\"priceCurrency\" content=\"EUR\">\n                                <meta itemprop=\"price\" content=\"55.890\">\n                                <strong>\n                                    55.890 \u20ac (Brutto)\n                                <\/strong><br><small>\n                                    Inkl. 19% MwSt.                                <\/small>\n                            <\/div>\n                                                <br>\n                        <a href=\"https:\/\/ford-sachsen.de\/html\/page\/fahrzeuge\/ford-mustang-5-0-v8-gt-convertible-magneridelednavi\/\"\n                            class=\"vehicle-btn wp-block-button__link wp-element-button\">Details<\/a>\n                    <\/div>\n                <\/div> <!-- \/\/ vehicle-row -->\n               \n            <\/article>\n                        <article id=\"post-4810795\" class=\"vehicle\">\n                <hgroup>\n                    <a href=\"https:\/\/ford-sachsen.de\/html\/page\/fahrzeuge\/ford-fiesta-titanium-sicherheits-sichtwinter-paket\/\">\n                        <h2 class=\"vehicle-title\">\n                            Ford Fiesta Titanium SICHERHEITS.-SICHT&amp;WINTER PAKET                        <\/h2>\n\n                    <\/a>\n                <\/hgroup>\n                <span class=\"vehicle-addition\">\n                    <p>\n                        Limousine ,\n                        Gebrauchtfahrzeug                    <\/p>\n                <\/span>\n                <div class=\"vehicle-row\">\n                    <div class=\"vehicle-thumbnail\">\n                        <a href=\"https:\/\/ford-sachsen.de\/html\/page\/fahrzeuge\/ford-fiesta-titanium-sicherheits-sichtwinter-paket\/\" title=\"Ford Fiesta Titanium SICHERHEITS.-SICHT&amp;WINTER PAKET\">\n                            <img loading=\"lazy\" decoding=\"async\" width=\"300\" height=\"225\" src=\"https:\/\/ford-sachsen.de\/html\/page\/wp-content\/uploads\/2026\/09\/4810795-6a970cde39530fa10ecc2-6a78-4263-9da5-9a5265d1c9de-rule-mo-1600-300x225.jpg\" class=\"attachment-medium size-medium wp-post-image\" alt=\"\" srcset=\"https:\/\/ford-sachsen.de\/html\/page\/wp-content\/uploads\/2026\/09\/4810795-6a970cde39530fa10ecc2-6a78-4263-9da5-9a5265d1c9de-rule-mo-1600-300x225.jpg 300w, https:\/\/ford-sachsen.de\/html\/page\/wp-content\/uploads\/2026\/09\/4810795-6a970cde39530fa10ecc2-6a78-4263-9da5-9a5265d1c9de-rule-mo-1600-1024x768.jpg 1024w, https:\/\/ford-sachsen.de\/html\/page\/wp-content\/uploads\/2026\/09\/4810795-6a970cde39530fa10ecc2-6a78-4263-9da5-9a5265d1c9de-rule-mo-1600-768x576.jpg 768w, https:\/\/ford-sachsen.de\/html\/page\/wp-content\/uploads\/2026\/09\/4810795-6a970cde39530fa10ecc2-6a78-4263-9da5-9a5265d1c9de-rule-mo-1600.jpg 1440w\" sizes=\"(max-width: 300px) 100vw, 300px\" \/>                        <\/a>\n                    <\/div>\n                    <div class=\"vehicle-data\">\n                                                    <small>\n                                                                10.2023                                \u00b7\n                            <\/small>\n                                                                            <small>\n                                15.000 km\n                            <\/small>\n                                                                            <small>\n                                \u00b7\n                                92 kW\n                                                                (\n                                125 PS)\n                            <\/small>\n                                                                            <small>\n                                \u00b7\n                                Schaltgetriebe                            <\/small>\n                                                                            <small>\n                                \u00b7\n                                Unfallfrei                            <\/small>\n                        \n                                                    <small>\n                                \u00b7\n                                Benzin                            <\/small>\n                                                                                                                            <small>\n                                \u00b7\n                                4\/5 T\u00fcren\n                            <\/small>\n                                                <ul class=\"vehicle-emission\">\n                                                 <span>Verbrauch komb.: \n                                    6.0                                 l\/100km<\/span><br>\n                                                                                \n                                       \n  <!-- CO2-Emissionen\t-->\n                                            <span>CO\u2082-Emissionen komb.: 136.0                                 g\/km<\/span><br>\n                                        <!-- CO2-Emissionen\t-->\n                   \n \n                         <span>CO\u2082-Klasse: \n                                    E                                <\/span><br>\n                    \n\n\n                <\/ul>\n\n                    <\/div>\n\n                    <div class=\"vehicle-price\">\n                                                    <div itemprop=\"priceSpecification\" itemscope itemtype=\"http:\/\/schema.org\/UnitPriceSpecification\">\n                                <meta itemprop=\"priceCurrency\" content=\"EUR\">\n                                <meta itemprop=\"price\" content=\"16.990\">\n                                <strong>\n                                    16.990 \u20ac (Brutto)\n                                <\/strong><br><small>\n                                    Inkl. 19% MwSt.                                <\/small>\n                            <\/div>\n                                                <br>\n                        <a href=\"https:\/\/ford-sachsen.de\/html\/page\/fahrzeuge\/ford-fiesta-titanium-sicherheits-sichtwinter-paket\/\"\n                            class=\"vehicle-btn wp-block-button__link wp-element-button\">Details<\/a>\n                    <\/div>\n                <\/div> <!-- \/\/ vehicle-row -->\n               \n            <\/article>\n                        <article id=\"post-4810789\" class=\"vehicle\">\n                <hgroup>\n                    <a href=\"https:\/\/ford-sachsen.de\/html\/page\/fahrzeuge\/ford-transit-custom-kawa300-l1-trend-ahkklimabeifah\/\">\n                        <h2 class=\"vehicle-title\">\n                            Ford Transit Custom KaWa300 L1 Trend AHK+Klima+Beifah                        <\/h2>\n\n                    <\/a>\n                <\/hgroup>\n                <span class=\"vehicle-addition\">\n                    <p>\n                        Andere ,\n                        Gebrauchtfahrzeug                    <\/p>\n                <\/span>\n                <div class=\"vehicle-row\">\n                    <div class=\"vehicle-thumbnail\">\n                        <a href=\"https:\/\/ford-sachsen.de\/html\/page\/fahrzeuge\/ford-transit-custom-kawa300-l1-trend-ahkklimabeifah\/\" title=\"Ford Transit Custom KaWa300 L1 Trend AHK+Klima+Beifah\">\n                            <img loading=\"lazy\" decoding=\"async\" width=\"300\" height=\"225\" src=\"https:\/\/ford-sachsen.de\/html\/page\/wp-content\/uploads\/2026\/09\/4810789-6a970cd7ed37934fd30ed-d9d3-4b56-87d4-37638568682e-rule-mo-1600-300x225.jpg\" class=\"attachment-medium size-medium wp-post-image\" alt=\"\" srcset=\"https:\/\/ford-sachsen.de\/html\/page\/wp-content\/uploads\/2026\/09\/4810789-6a970cd7ed37934fd30ed-d9d3-4b56-87d4-37638568682e-rule-mo-1600-300x225.jpg 300w, https:\/\/ford-sachsen.de\/html\/page\/wp-content\/uploads\/2026\/09\/4810789-6a970cd7ed37934fd30ed-d9d3-4b56-87d4-37638568682e-rule-mo-1600-1024x768.jpg 1024w, https:\/\/ford-sachsen.de\/html\/page\/wp-content\/uploads\/2026\/09\/4810789-6a970cd7ed37934fd30ed-d9d3-4b56-87d4-37638568682e-rule-mo-1600-768x576.jpg 768w, https:\/\/ford-sachsen.de\/html\/page\/wp-content\/uploads\/2026\/09\/4810789-6a970cd7ed37934fd30ed-d9d3-4b56-87d4-37638568682e-rule-mo-1600.jpg 1440w\" sizes=\"(max-width: 300px) 100vw, 300px\" \/>                        <\/a>\n                    <\/div>\n                    <div class=\"vehicle-data\">\n                                                    <small>\n                                                                08.2025                                \u00b7\n                            <\/small>\n                                                                            <small>\n                                2 km\n                            <\/small>\n                                                                            <small>\n                                \u00b7\n                                100 kW\n                                                                (\n                                136 PS)\n                            <\/small>\n                                                                            <small>\n                                \u00b7\n                                Automatik                            <\/small>\n                                                                            <small>\n                                \u00b7\n                                Unfallfrei                            <\/small>\n                        \n                                                    <small>\n                                \u00b7\n                                Diesel                            <\/small>\n                                                                                                                            <small>\n                                \u00b7\n                                4\/5 T\u00fcren\n                            <\/small>\n                                                <ul class=\"vehicle-emission\">\n                                                 <span>Verbrauch komb.: \n                                    7.6                                 l\/100km<\/span><br>\n                                                                                \n                                       \n  <!-- CO2-Emissionen\t-->\n                                            <span>CO\u2082-Emissionen komb.: 260.0                                 g\/km<\/span><br>\n                                        <!-- CO2-Emissionen\t-->\n                   \n \n                         <span>CO\u2082-Klasse: \n                                    G                                <\/span><br>\n                    \n\n\n                <\/ul>\n\n                    <\/div>\n\n                    <div class=\"vehicle-price\">\n                                                    <div itemprop=\"priceSpecification\" itemscope itemtype=\"http:\/\/schema.org\/UnitPriceSpecification\">\n                                <meta itemprop=\"priceCurrency\" content=\"EUR\">\n                                <meta itemprop=\"price\" content=\"37.799\">\n                                <strong>\n                                    37.799 \u20ac (Brutto)\n                                <\/strong><br><small>\n                                    Inkl. 19% MwSt.                                <\/small>\n                            <\/div>\n                                                <br>\n                        <a href=\"https:\/\/ford-sachsen.de\/html\/page\/fahrzeuge\/ford-transit-custom-kawa300-l1-trend-ahkklimabeifah\/\"\n                            class=\"vehicle-btn wp-block-button__link wp-element-button\">Details<\/a>\n                    <\/div>\n                <\/div> <!-- \/\/ vehicle-row -->\n               \n            <\/article>\n                        <article id=\"post-4810775\" class=\"vehicle\">\n                <hgroup>\n                    <a href=\"https:\/\/ford-sachsen.de\/html\/page\/fahrzeuge\/jaecoo-j5-hev-exclusive-led-pano-dach-540-grad-kamer\/\">\n                        <h2 class=\"vehicle-title\">\n                            JAECOO J5 HEV EXCLUSIVE  LED  PANO. DACH 540 Grad Kamer                        <\/h2>\n\n                    <\/a>\n                <\/hgroup>\n                <span class=\"vehicle-addition\">\n                    <p>\n                        SUV\/Gel\u00e4ndewagen\/Pickup ,\n                        Neufahrzeug                    <\/p>\n                <\/span>\n                <div class=\"vehicle-row\">\n                    <div class=\"vehicle-thumbnail\">\n                        <a href=\"https:\/\/ford-sachsen.de\/html\/page\/fahrzeuge\/jaecoo-j5-hev-exclusive-led-pano-dach-540-grad-kamer\/\" title=\"JAECOO J5 HEV EXCLUSIVE  LED  PANO. DACH 540 Grad Kamer\">\n                            <img loading=\"lazy\" decoding=\"async\" width=\"300\" height=\"225\" src=\"https:\/\/ford-sachsen.de\/html\/page\/wp-content\/uploads\/2026\/09\/4810775-6a970bb3697e27a5b1f2f-b920-4b18-a1b4-553cce3703f6-rule-mo-1600-300x225.jpg\" class=\"attachment-medium size-medium wp-post-image\" alt=\"\" srcset=\"https:\/\/ford-sachsen.de\/html\/page\/wp-content\/uploads\/2026\/09\/4810775-6a970bb3697e27a5b1f2f-b920-4b18-a1b4-553cce3703f6-rule-mo-1600-300x225.jpg 300w, https:\/\/ford-sachsen.de\/html\/page\/wp-content\/uploads\/2026\/09\/4810775-6a970bb3697e27a5b1f2f-b920-4b18-a1b4-553cce3703f6-rule-mo-1600-1024x768.jpg 1024w, https:\/\/ford-sachsen.de\/html\/page\/wp-content\/uploads\/2026\/09\/4810775-6a970bb3697e27a5b1f2f-b920-4b18-a1b4-553cce3703f6-rule-mo-1600-768x576.jpg 768w, https:\/\/ford-sachsen.de\/html\/page\/wp-content\/uploads\/2026\/09\/4810775-6a970bb3697e27a5b1f2f-b920-4b18-a1b4-553cce3703f6-rule-mo-1600.jpg 1440w\" sizes=\"(max-width: 300px) 100vw, 300px\" \/>                        <\/a>\n                    <\/div>\n                    <div class=\"vehicle-data\">\n                                                                                                    <small>\n                                \u00b7\n                                165 kW\n                                                                (\n                                224 PS)\n                            <\/small>\n                                                                            <small>\n                                \u00b7\n                                Automatik                            <\/small>\n                                                                            <small>\n                                \u00b7\n                                Unfallfrei                            <\/small>\n                        \n                                                    <small>\n                                \u00b7\n                                Hybrid (Benzin\/Elektro)                            <\/small>\n                                                                                                                        <ul class=\"vehicle-emission\">\n                                                 <span>Verbrauch komb.: \n                                    5.3                                 l\/100km<\/span><br>\n                                                                                \n                                       \n  <!-- CO2-Emissionen\t-->\n                                            <span>CO\u2082-Emissionen komb.: 120.0                                 g\/km<\/span><br>\n                                        <!-- CO2-Emissionen\t-->\n                   \n \n                         <span>CO\u2082-Klasse: \n                                    D                                <\/span><br>\n                    \n\n\n                <\/ul>\n\n                    <\/div>\n\n                    <div class=\"vehicle-price\">\n                                                    <div itemprop=\"priceSpecification\" itemscope itemtype=\"http:\/\/schema.org\/UnitPriceSpecification\">\n                                <meta itemprop=\"priceCurrency\" content=\"EUR\">\n                                <meta itemprop=\"price\" content=\"31.290\">\n                                <strong>\n                                    31.290 \u20ac (Brutto)\n                                <\/strong><br><small>\n                                    Inkl. 19% MwSt.                                <\/small>\n                            <\/div>\n                                                <br>\n                        <a href=\"https:\/\/ford-sachsen.de\/html\/page\/fahrzeuge\/jaecoo-j5-hev-exclusive-led-pano-dach-540-grad-kamer\/\"\n                            class=\"vehicle-btn wp-block-button__link wp-element-button\">Details<\/a>\n                    <\/div>\n                <\/div> <!-- \/\/ vehicle-row -->\n               \n            <\/article>\n                        <article id=\"post-4810771\" class=\"vehicle\">\n                <hgroup>\n                    <a href=\"https:\/\/ford-sachsen.de\/html\/page\/fahrzeuge\/ford-puma-titanium-navi-digitales-cockpit-led-apple-c\/\">\n                        <h2 class=\"vehicle-title\">\n                            Ford Puma Titanium Navi digitales Cockpit LED Apple C                        <\/h2>\n\n                    <\/a>\n                <\/hgroup>\n                <span class=\"vehicle-addition\">\n                    <p>\n                        SUV\/Gel\u00e4ndewagen\/Pickup ,\n                        Gebrauchtfahrzeug                    <\/p>\n                <\/span>\n                <div class=\"vehicle-row\">\n                    <div class=\"vehicle-thumbnail\">\n                        <a href=\"https:\/\/ford-sachsen.de\/html\/page\/fahrzeuge\/ford-puma-titanium-navi-digitales-cockpit-led-apple-c\/\" title=\"Ford Puma Titanium Navi digitales Cockpit LED Apple C\">\n                            <img loading=\"lazy\" decoding=\"async\" width=\"300\" height=\"225\" src=\"https:\/\/ford-sachsen.de\/html\/page\/wp-content\/uploads\/2026\/09\/4810771-6a970bb0329041b7b22c9-fea9-4315-bdd6-009c13f9fb69-rule-mo-1600-300x225.jpg\" class=\"attachment-medium size-medium wp-post-image\" alt=\"\" srcset=\"https:\/\/ford-sachsen.de\/html\/page\/wp-content\/uploads\/2026\/09\/4810771-6a970bb0329041b7b22c9-fea9-4315-bdd6-009c13f9fb69-rule-mo-1600-300x225.jpg 300w, https:\/\/ford-sachsen.de\/html\/page\/wp-content\/uploads\/2026\/09\/4810771-6a970bb0329041b7b22c9-fea9-4315-bdd6-009c13f9fb69-rule-mo-1600-1024x768.jpg 1024w, https:\/\/ford-sachsen.de\/html\/page\/wp-content\/uploads\/2026\/09\/4810771-6a970bb0329041b7b22c9-fea9-4315-bdd6-009c13f9fb69-rule-mo-1600-768x576.jpg 768w, https:\/\/ford-sachsen.de\/html\/page\/wp-content\/uploads\/2026\/09\/4810771-6a970bb0329041b7b22c9-fea9-4315-bdd6-009c13f9fb69-rule-mo-1600.jpg 1440w\" sizes=\"(max-width: 300px) 100vw, 300px\" \/>                        <\/a>\n                    <\/div>\n                    <div class=\"vehicle-data\">\n                                                    <small>\n                                                                01.2025                                \u00b7\n                            <\/small>\n                                                                            <small>\n                                2.650 km\n                            <\/small>\n                                                                            <small>\n                                \u00b7\n                                92 kW\n                                                                (\n                                125 PS)\n                            <\/small>\n                                                                            <small>\n                                \u00b7\n                                Schaltgetriebe                            <\/small>\n                                                                            <small>\n                                \u00b7\n                                Unfallfrei                            <\/small>\n                        \n                                                    <small>\n                                \u00b7\n                                Benzin                            <\/small>\n                                                                                                                            <small>\n                                \u00b7\n                                4\/5 T\u00fcren\n                            <\/small>\n                                                <ul class=\"vehicle-emission\">\n                                                 <span>Verbrauch komb.: \n                                    6.0                                 l\/100km<\/span><br>\n                                                                                \n                                       \n  <!-- CO2-Emissionen\t-->\n                                            <span>CO\u2082-Emissionen komb.: 135.0                                 g\/km<\/span><br>\n                                        <!-- CO2-Emissionen\t-->\n                   \n \n                         <span>CO\u2082-Klasse: \n                                    D                                <\/span><br>\n                    \n\n\n                <\/ul>\n\n                    <\/div>\n\n                    <div class=\"vehicle-price\">\n                                                    <div itemprop=\"priceSpecification\" itemscope itemtype=\"http:\/\/schema.org\/UnitPriceSpecification\">\n                                <meta itemprop=\"priceCurrency\" content=\"EUR\">\n                                <meta itemprop=\"price\" content=\"20.990\">\n                                <strong>\n                                    20.990 \u20ac (Brutto)\n                                <\/strong><br><small>\n                                    Inkl. 19% MwSt.                                <\/small>\n                            <\/div>\n                                                <br>\n                        <a href=\"https:\/\/ford-sachsen.de\/html\/page\/fahrzeuge\/ford-puma-titanium-navi-digitales-cockpit-led-apple-c\/\"\n                            class=\"vehicle-btn wp-block-button__link wp-element-button\">Details<\/a>\n                    <\/div>\n                <\/div> <!-- \/\/ vehicle-row -->\n               \n            <\/article>\n                        <article id=\"post-4810769\" class=\"vehicle\">\n                <hgroup>\n                    <a href=\"https:\/\/ford-sachsen.de\/html\/page\/fahrzeuge\/ford-tourneo-custom-bus-320-l1-titanium-fwd-titanium\/\">\n                        <h2 class=\"vehicle-title\">\n                            Ford Tourneo Custom Bus 320 L1 Titanium FWD Titanium                        <\/h2>\n\n                    <\/a>\n                <\/hgroup>\n                <span class=\"vehicle-addition\">\n                    <p>\n                        Limousine ,\n                        Neufahrzeug                    <\/p>\n                <\/span>\n                <div class=\"vehicle-row\">\n                    <div class=\"vehicle-thumbnail\">\n                        <a href=\"https:\/\/ford-sachsen.de\/html\/page\/fahrzeuge\/ford-tourneo-custom-bus-320-l1-titanium-fwd-titanium\/\" title=\"Ford Tourneo Custom Bus 320 L1 Titanium FWD Titanium\">\n                            <img loading=\"lazy\" decoding=\"async\" width=\"300\" height=\"225\" src=\"https:\/\/ford-sachsen.de\/html\/page\/wp-content\/uploads\/2026\/09\/4810769-6a970bae69c75cea00567-b394-4fe2-833b-321f98a46337-rule-mo-1600-300x225.jpg\" class=\"attachment-medium size-medium wp-post-image\" alt=\"\" srcset=\"https:\/\/ford-sachsen.de\/html\/page\/wp-content\/uploads\/2026\/09\/4810769-6a970bae69c75cea00567-b394-4fe2-833b-321f98a46337-rule-mo-1600-300x225.jpg 300w, https:\/\/ford-sachsen.de\/html\/page\/wp-content\/uploads\/2026\/09\/4810769-6a970bae69c75cea00567-b394-4fe2-833b-321f98a46337-rule-mo-1600-1024x768.jpg 1024w, https:\/\/ford-sachsen.de\/html\/page\/wp-content\/uploads\/2026\/09\/4810769-6a970bae69c75cea00567-b394-4fe2-833b-321f98a46337-rule-mo-1600-768x576.jpg 768w, https:\/\/ford-sachsen.de\/html\/page\/wp-content\/uploads\/2026\/09\/4810769-6a970bae69c75cea00567-b394-4fe2-833b-321f98a46337-rule-mo-1600.jpg 1440w\" sizes=\"(max-width: 300px) 100vw, 300px\" \/>                        <\/a>\n                    <\/div>\n                    <div class=\"vehicle-data\">\n                                                                            <small>\n                                10 km\n                            <\/small>\n                                                                            <small>\n                                \u00b7\n                                125 kW\n                                                                (\n                                170 PS)\n                            <\/small>\n                                                                            <small>\n                                \u00b7\n                                Automatik                            <\/small>\n                                                                            <small>\n                                \u00b7\n                                Unfallfrei                            <\/small>\n                        \n                                                    <small>\n                                \u00b7\n                                Diesel                            <\/small>\n                                                                                                                            <small>\n                                \u00b7\n                                4\/5 T\u00fcren\n                            <\/small>\n                                                <ul class=\"vehicle-emission\">\n                                                 <span>Verbrauch komb.: \n                                    8.2                                 l\/100km<\/span><br>\n                                                                                \n                                       \n  <!-- CO2-Emissionen\t-->\n                                            <span>CO\u2082-Emissionen komb.: 215.0                                 g\/km<\/span><br>\n                                        <!-- CO2-Emissionen\t-->\n                   \n \n                         <span>CO\u2082-Klasse: \n                                    G                                <\/span><br>\n                    \n\n\n                <\/ul>\n\n                    <\/div>\n\n                    <div class=\"vehicle-price\">\n                                                    <div itemprop=\"priceSpecification\" itemscope itemtype=\"http:\/\/schema.org\/UnitPriceSpecification\">\n                                <meta itemprop=\"priceCurrency\" content=\"EUR\">\n                                <meta itemprop=\"price\" content=\"52.586\">\n                                <strong>\n                                    52.586 \u20ac (Brutto)\n                                <\/strong><br><small>\n                                    Inkl. 19% MwSt.                                <\/small>\n                            <\/div>\n                                                <br>\n                        <a href=\"https:\/\/ford-sachsen.de\/html\/page\/fahrzeuge\/ford-tourneo-custom-bus-320-l1-titanium-fwd-titanium\/\"\n                            class=\"vehicle-btn wp-block-button__link wp-element-button\">Details<\/a>\n                    <\/div>\n                <\/div> <!-- \/\/ vehicle-row -->\n               \n            <\/article>\n                        <article id=\"post-4810759\" class=\"vehicle\">\n                <hgroup>\n                    <a href=\"https:\/\/ford-sachsen.de\/html\/page\/fahrzeuge\/ford-ranger-e-4wd-doka-wildtrak-tageszulassungboro\/\">\n                        <h2 class=\"vehicle-title\">\n                            Ford Ranger e-4WD DoKa Wildtrak TAGESZULASSUNG+B&amp;O+RO                        <\/h2>\n\n                    <\/a>\n                <\/hgroup>\n                <span class=\"vehicle-addition\">\n                    <p>\n                        SUV\/Gel\u00e4ndewagen\/Pickup ,\n                        Gebrauchtfahrzeug                    <\/p>\n                <\/span>\n                <div class=\"vehicle-row\">\n                    <div class=\"vehicle-thumbnail\">\n                        <a href=\"https:\/\/ford-sachsen.de\/html\/page\/fahrzeuge\/ford-ranger-e-4wd-doka-wildtrak-tageszulassungboro\/\" title=\"Ford Ranger e-4WD DoKa Wildtrak TAGESZULASSUNG+B&amp;O+RO\">\n                            <img loading=\"lazy\" decoding=\"async\" width=\"300\" height=\"225\" src=\"https:\/\/ford-sachsen.de\/html\/page\/wp-content\/uploads\/2026\/09\/4810759-6a970a8e992e6618a15c4-f942-44fb-a135-a8571c5fdb7b-rule-mo-1600-300x225.jpg\" class=\"attachment-medium size-medium wp-post-image\" alt=\"\" srcset=\"https:\/\/ford-sachsen.de\/html\/page\/wp-content\/uploads\/2026\/09\/4810759-6a970a8e992e6618a15c4-f942-44fb-a135-a8571c5fdb7b-rule-mo-1600-300x225.jpg 300w, https:\/\/ford-sachsen.de\/html\/page\/wp-content\/uploads\/2026\/09\/4810759-6a970a8e992e6618a15c4-f942-44fb-a135-a8571c5fdb7b-rule-mo-1600-1024x768.jpg 1024w, https:\/\/ford-sachsen.de\/html\/page\/wp-content\/uploads\/2026\/09\/4810759-6a970a8e992e6618a15c4-f942-44fb-a135-a8571c5fdb7b-rule-mo-1600-768x576.jpg 768w, https:\/\/ford-sachsen.de\/html\/page\/wp-content\/uploads\/2026\/09\/4810759-6a970a8e992e6618a15c4-f942-44fb-a135-a8571c5fdb7b-rule-mo-1600.jpg 1440w\" sizes=\"(max-width: 300px) 100vw, 300px\" \/>                        <\/a>\n                    <\/div>\n                    <div class=\"vehicle-data\">\n                                                    <small>\n                                                                06.2026                                \u00b7\n                            <\/small>\n                                                                            <small>\n                                25 km\n                            <\/small>\n                                                                            <small>\n                                \u00b7\n                                177 kW\n                                                                (\n                                241 PS)\n                            <\/small>\n                                                                            <small>\n                                \u00b7\n                                Automatik                            <\/small>\n                                                                            <small>\n                                \u00b7\n                                Unfallfrei                            <\/small>\n                        \n                                                    <small>\n                                \u00b7\n                                Diesel                            <\/small>\n                                                                                                                            <small>\n                                \u00b7\n                                4\/5 T\u00fcren\n                            <\/small>\n                                                <ul class=\"vehicle-emission\">\n                                                 <span>Verbrauch komb.: \n                                    10.1                                 l\/100km<\/span><br>\n                                                                                \n                                       \n  <!-- CO2-Emissionen\t-->\n                                            <span>CO\u2082-Emissionen komb.: 265.0                                 g\/km<\/span><br>\n                                        <!-- CO2-Emissionen\t-->\n                   \n \n                         <span>CO\u2082-Klasse: \n                                    G                                <\/span><br>\n                    \n\n\n                <\/ul>\n\n                    <\/div>\n\n                    <div class=\"vehicle-price\">\n                                                    <div itemprop=\"priceSpecification\" itemscope itemtype=\"http:\/\/schema.org\/UnitPriceSpecification\">\n                                <meta itemprop=\"priceCurrency\" content=\"EUR\">\n                                <meta itemprop=\"price\" content=\"53.890\">\n                                <strong>\n                                    53.890 \u20ac (Brutto)\n                                <\/strong><br><small>\n                                    Inkl. 19% MwSt.                                <\/small>\n                            <\/div>\n                                                <br>\n                        <a href=\"https:\/\/ford-sachsen.de\/html\/page\/fahrzeuge\/ford-ranger-e-4wd-doka-wildtrak-tageszulassungboro\/\"\n                            class=\"vehicle-btn wp-block-button__link wp-element-button\">Details<\/a>\n                    <\/div>\n                <\/div> <!-- \/\/ vehicle-row -->\n               \n            <\/article>\n                        <article id=\"post-4810755\" class=\"vehicle\">\n                <hgroup>\n                    <a href=\"https:\/\/ford-sachsen.de\/html\/page\/fahrzeuge\/dacia-jogger-extreme7sitzeahkcitykomfort-pakettwa\/\">\n                        <h2 class=\"vehicle-title\">\n                            Dacia Jogger Extreme+7SITZE+AHK+CITY&amp;KOMFORT-PAKET+TWA                        <\/h2>\n\n                    <\/a>\n                <\/hgroup>\n                <span class=\"vehicle-addition\">\n                    <p>\n                        Van\/Minibus ,\n                        Gebrauchtfahrzeug                    <\/p>\n                <\/span>\n                <div class=\"vehicle-row\">\n                    <div class=\"vehicle-thumbnail\">\n                        <a href=\"https:\/\/ford-sachsen.de\/html\/page\/fahrzeuge\/dacia-jogger-extreme7sitzeahkcitykomfort-pakettwa\/\" title=\"Dacia Jogger Extreme+7SITZE+AHK+CITY&amp;KOMFORT-PAKET+TWA\">\n                            <img loading=\"lazy\" decoding=\"async\" width=\"300\" height=\"225\" src=\"https:\/\/ford-sachsen.de\/html\/page\/wp-content\/uploads\/2026\/09\/4810755-6a970a8ac407b183eedb6-aa80-41c3-9d66-de70fc18c1e8-rule-mo-1600-300x225.jpg\" class=\"attachment-medium size-medium wp-post-image\" alt=\"\" srcset=\"https:\/\/ford-sachsen.de\/html\/page\/wp-content\/uploads\/2026\/09\/4810755-6a970a8ac407b183eedb6-aa80-41c3-9d66-de70fc18c1e8-rule-mo-1600-300x225.jpg 300w, https:\/\/ford-sachsen.de\/html\/page\/wp-content\/uploads\/2026\/09\/4810755-6a970a8ac407b183eedb6-aa80-41c3-9d66-de70fc18c1e8-rule-mo-1600-1024x768.jpg 1024w, https:\/\/ford-sachsen.de\/html\/page\/wp-content\/uploads\/2026\/09\/4810755-6a970a8ac407b183eedb6-aa80-41c3-9d66-de70fc18c1e8-rule-mo-1600-768x576.jpg 768w, https:\/\/ford-sachsen.de\/html\/page\/wp-content\/uploads\/2026\/09\/4810755-6a970a8ac407b183eedb6-aa80-41c3-9d66-de70fc18c1e8-rule-mo-1600.jpg 1440w\" sizes=\"(max-width: 300px) 100vw, 300px\" \/>                        <\/a>\n                    <\/div>\n                    <div class=\"vehicle-data\">\n                                                    <small>\n                                                                12.2022                                \u00b7\n                            <\/small>\n                                                                            <small>\n                                26.067 km\n                            <\/small>\n                                                                            <small>\n                                \u00b7\n                                81 kW\n                                                                (\n                                110 PS)\n                            <\/small>\n                                                                            <small>\n                                \u00b7\n                                Schaltgetriebe                            <\/small>\n                                                                            <small>\n                                \u00b7\n                                Unfallfrei                            <\/small>\n                        \n                                                    <small>\n                                \u00b7\n                                Benzin                            <\/small>\n                                                                                                                            <small>\n                                \u00b7\n                                4\/5 T\u00fcren\n                            <\/small>\n                                                <ul class=\"vehicle-emission\">\n                                                 <span>Verbrauch komb.: \n                                    5.7                                 l\/100km<\/span><br>\n                                                                                \n                                       \n  <!-- CO2-Emissionen\t-->\n                                            <span>CO\u2082-Emissionen komb.: 130.0                                 g\/km<\/span><br>\n                                        <!-- CO2-Emissionen\t-->\n                   \n \n                         <span>CO\u2082-Klasse: \n                                    D                                <\/span><br>\n                    \n\n\n                <\/ul>\n\n                    <\/div>\n\n                    <div class=\"vehicle-price\">\n                                                    <div itemprop=\"priceSpecification\" itemscope itemtype=\"http:\/\/schema.org\/UnitPriceSpecification\">\n                                <meta itemprop=\"priceCurrency\" content=\"EUR\">\n                                <meta itemprop=\"price\" content=\"19.490\">\n                                <strong>\n                                    19.490 \u20ac (Brutto)\n                                <\/strong><br><small>\n                                    MwSt. nicht ausweisbar                                <\/small>\n                            <\/div>\n                                                <br>\n                        <a href=\"https:\/\/ford-sachsen.de\/html\/page\/fahrzeuge\/dacia-jogger-extreme7sitzeahkcitykomfort-pakettwa\/\"\n                            class=\"vehicle-btn wp-block-button__link wp-element-button\">Details<\/a>\n                    <\/div>\n                <\/div> <!-- \/\/ vehicle-row -->\n               \n            <\/article>\n                        <article id=\"post-4810753\" class=\"vehicle\">\n                <hgroup>\n                    <a href=\"https:\/\/ford-sachsen.de\/html\/page\/fahrzeuge\/ford-tourneo-connect-active-l2-7-sitzer-navippskame\/\">\n                        <h2 class=\"vehicle-title\">\n                            Ford Tourneo Connect Active L2 7-Sitzer NAVI+PPS+KAME                        <\/h2>\n\n                    <\/a>\n                <\/hgroup>\n                <span class=\"vehicle-addition\">\n                    <p>\n                        Van\/Minibus ,\n                        Gebrauchtfahrzeug                    <\/p>\n                <\/span>\n                <div class=\"vehicle-row\">\n                    <div class=\"vehicle-thumbnail\">\n                        <a href=\"https:\/\/ford-sachsen.de\/html\/page\/fahrzeuge\/ford-tourneo-connect-active-l2-7-sitzer-navippskame\/\" title=\"Ford Tourneo Connect Active L2 7-Sitzer NAVI+PPS+KAME\">\n                            <img loading=\"lazy\" decoding=\"async\" width=\"300\" height=\"225\" src=\"https:\/\/ford-sachsen.de\/html\/page\/wp-content\/uploads\/2026\/09\/4810753-6a970a88ca98a7482e21c-2c79-4122-bf98-bf5cf054156c-rule-mo-1600-300x225.jpg\" class=\"attachment-medium size-medium wp-post-image\" alt=\"\" srcset=\"https:\/\/ford-sachsen.de\/html\/page\/wp-content\/uploads\/2026\/09\/4810753-6a970a88ca98a7482e21c-2c79-4122-bf98-bf5cf054156c-rule-mo-1600-300x225.jpg 300w, https:\/\/ford-sachsen.de\/html\/page\/wp-content\/uploads\/2026\/09\/4810753-6a970a88ca98a7482e21c-2c79-4122-bf98-bf5cf054156c-rule-mo-1600-1024x768.jpg 1024w, https:\/\/ford-sachsen.de\/html\/page\/wp-content\/uploads\/2026\/09\/4810753-6a970a88ca98a7482e21c-2c79-4122-bf98-bf5cf054156c-rule-mo-1600-768x576.jpg 768w, https:\/\/ford-sachsen.de\/html\/page\/wp-content\/uploads\/2026\/09\/4810753-6a970a88ca98a7482e21c-2c79-4122-bf98-bf5cf054156c-rule-mo-1600.jpg 1440w\" sizes=\"(max-width: 300px) 100vw, 300px\" \/>                        <\/a>\n                    <\/div>\n                    <div class=\"vehicle-data\">\n                                                    <small>\n                                                                08.2024                                \u00b7\n                            <\/small>\n                                                                            <small>\n                                16.250 km\n                            <\/small>\n                                                                            <small>\n                                \u00b7\n                                90 kW\n                                                                (\n                                122 PS)\n                            <\/small>\n                                                                            <small>\n                                \u00b7\n                                Schaltgetriebe                            <\/small>\n                                                                            <small>\n                                \u00b7\n                                Unfallfrei                            <\/small>\n                        \n                                                    <small>\n                                \u00b7\n                                Diesel                            <\/small>\n                                                                                                                            <small>\n                                \u00b7\n                                4\/5 T\u00fcren\n                            <\/small>\n                                                <ul class=\"vehicle-emission\">\n                                                 <span>Verbrauch komb.: \n                                    5.1                                 l\/100km<\/span><br>\n                                                                                \n                                       \n  <!-- CO2-Emissionen\t-->\n                                            <span>CO\u2082-Emissionen komb.: 133.0                                 g\/km<\/span><br>\n                                        <!-- CO2-Emissionen\t-->\n                   \n \n                         <span>CO\u2082-Klasse: \n                                    D                                <\/span><br>\n                    \n\n\n                <\/ul>\n\n                    <\/div>\n\n                    <div class=\"vehicle-price\">\n                                                    <div itemprop=\"priceSpecification\" itemscope itemtype=\"http:\/\/schema.org\/UnitPriceSpecification\">\n                                <meta itemprop=\"priceCurrency\" content=\"EUR\">\n                                <meta itemprop=\"price\" content=\"31.890\">\n                                <strong>\n                                    31.890 \u20ac (Brutto)\n                                <\/strong><br><small>\n                                    MwSt. nicht ausweisbar                                <\/small>\n                            <\/div>\n                                                <br>\n                        <a href=\"https:\/\/ford-sachsen.de\/html\/page\/fahrzeuge\/ford-tourneo-connect-active-l2-7-sitzer-navippskame\/\"\n                            class=\"vehicle-btn wp-block-button__link wp-element-button\">Details<\/a>\n                    <\/div>\n                <\/div> <!-- \/\/ vehicle-row -->\n               \n            <\/article>\n                        <article id=\"post-4810751\" class=\"vehicle\">\n                <hgroup>\n                    <a href=\"https:\/\/ford-sachsen.de\/html\/page\/fahrzeuge\/renault-austral-techno-ahkgjrlednavilm19zolltop-zus\/\">\n                        <h2 class=\"vehicle-title\">\n                            Renault Austral Techno AHK+GJR+LED+NAVI+LM19Zoll+TOP-ZUS                        <\/h2>\n\n                    <\/a>\n                <\/hgroup>\n                <span class=\"vehicle-addition\">\n                    <p>\n                        SUV\/Gel\u00e4ndewagen\/Pickup ,\n                        Gebrauchtfahrzeug                    <\/p>\n                <\/span>\n                <div class=\"vehicle-row\">\n                    <div class=\"vehicle-thumbnail\">\n                        <a href=\"https:\/\/ford-sachsen.de\/html\/page\/fahrzeuge\/renault-austral-techno-ahkgjrlednavilm19zolltop-zus\/\" title=\"Renault Austral Techno AHK+GJR+LED+NAVI+LM19Zoll+TOP-ZUS\">\n                            <img loading=\"lazy\" decoding=\"async\" width=\"300\" height=\"225\" src=\"https:\/\/ford-sachsen.de\/html\/page\/wp-content\/uploads\/2026\/09\/4810751-6a970a86b379557be05f1-0725-4173-9112-76b82b419560-rule-mo-1600-300x225.jpg\" class=\"attachment-medium size-medium wp-post-image\" alt=\"\" srcset=\"https:\/\/ford-sachsen.de\/html\/page\/wp-content\/uploads\/2026\/09\/4810751-6a970a86b379557be05f1-0725-4173-9112-76b82b419560-rule-mo-1600-300x225.jpg 300w, https:\/\/ford-sachsen.de\/html\/page\/wp-content\/uploads\/2026\/09\/4810751-6a970a86b379557be05f1-0725-4173-9112-76b82b419560-rule-mo-1600-1024x768.jpg 1024w, https:\/\/ford-sachsen.de\/html\/page\/wp-content\/uploads\/2026\/09\/4810751-6a970a86b379557be05f1-0725-4173-9112-76b82b419560-rule-mo-1600-768x576.jpg 768w, https:\/\/ford-sachsen.de\/html\/page\/wp-content\/uploads\/2026\/09\/4810751-6a970a86b379557be05f1-0725-4173-9112-76b82b419560-rule-mo-1600.jpg 1440w\" sizes=\"(max-width: 300px) 100vw, 300px\" \/>                        <\/a>\n                    <\/div>\n                    <div class=\"vehicle-data\">\n                                                    <small>\n                                                                09.2023                                \u00b7\n                            <\/small>\n                                                                            <small>\n                                12.250 km\n                            <\/small>\n                                                                            <small>\n                                \u00b7\n                                116 kW\n                                                                (\n                                158 PS)\n                            <\/small>\n                                                                            <small>\n                                \u00b7\n                                Automatik                            <\/small>\n                                                                            <small>\n                                \u00b7\n                                Unfallfrei                            <\/small>\n                        \n                                                    <small>\n                                \u00b7\n                                Benzin                            <\/small>\n                                                                                                                            <small>\n                                \u00b7\n                                4\/5 T\u00fcren\n                            <\/small>\n                                                <ul class=\"vehicle-emission\">\n                                                 <span>Verbrauch komb.: \n                                    6.5                                 l\/100km<\/span><br>\n                                                                                \n                                       \n  <!-- CO2-Emissionen\t-->\n                                            <span>CO\u2082-Emissionen komb.: 147.0                                 g\/km<\/span><br>\n                                        <!-- CO2-Emissionen\t-->\n                   \n \n                         <span>CO\u2082-Klasse: \n                                    E                                <\/span><br>\n                    \n\n\n                <\/ul>\n\n                    <\/div>\n\n                    <div class=\"vehicle-price\">\n                                                    <div itemprop=\"priceSpecification\" itemscope itemtype=\"http:\/\/schema.org\/UnitPriceSpecification\">\n                                <meta itemprop=\"priceCurrency\" content=\"EUR\">\n                                <meta itemprop=\"price\" content=\"27.950\">\n                                <strong>\n                                    27.950 \u20ac (Brutto)\n                                <\/strong><br><small>\n                                    MwSt. nicht ausweisbar                                <\/small>\n                            <\/div>\n                                                <br>\n                        <a href=\"https:\/\/ford-sachsen.de\/html\/page\/fahrzeuge\/renault-austral-techno-ahkgjrlednavilm19zolltop-zus\/\"\n                            class=\"vehicle-btn wp-block-button__link wp-element-button\">Details<\/a>\n                    <\/div>\n                <\/div> <!-- \/\/ vehicle-row -->\n               \n            <\/article>\n                        <article id=\"post-4810749\" class=\"vehicle\">\n                <hgroup>\n                    <a href=\"https:\/\/ford-sachsen.de\/html\/page\/fahrzeuge\/ford-kuga-cool-connect-navigationwinter-paketgjr\/\">\n                        <h2 class=\"vehicle-title\">\n                            Ford Kuga Cool &amp; Connect NAVIGATION+WINTER-PAKET+GJR+                        <\/h2>\n\n                    <\/a>\n                <\/hgroup>\n                <span class=\"vehicle-addition\">\n                    <p>\n                        SUV\/Gel\u00e4ndewagen\/Pickup ,\n                        Gebrauchtfahrzeug                    <\/p>\n                <\/span>\n                <div class=\"vehicle-row\">\n                    <div class=\"vehicle-thumbnail\">\n                        <a href=\"https:\/\/ford-sachsen.de\/html\/page\/fahrzeuge\/ford-kuga-cool-connect-navigationwinter-paketgjr\/\" title=\"Ford Kuga Cool &amp; Connect NAVIGATION+WINTER-PAKET+GJR+\">\n                            <img loading=\"lazy\" decoding=\"async\" width=\"300\" height=\"225\" src=\"https:\/\/ford-sachsen.de\/html\/page\/wp-content\/uploads\/2026\/09\/4810749-6a970a84cdcf13f1af27d-4e64-4c0b-af26-cf283ed25ba3-rule-mo-1600-300x225.jpg\" class=\"attachment-medium size-medium wp-post-image\" alt=\"\" srcset=\"https:\/\/ford-sachsen.de\/html\/page\/wp-content\/uploads\/2026\/09\/4810749-6a970a84cdcf13f1af27d-4e64-4c0b-af26-cf283ed25ba3-rule-mo-1600-300x225.jpg 300w, https:\/\/ford-sachsen.de\/html\/page\/wp-content\/uploads\/2026\/09\/4810749-6a970a84cdcf13f1af27d-4e64-4c0b-af26-cf283ed25ba3-rule-mo-1600-1024x768.jpg 1024w, https:\/\/ford-sachsen.de\/html\/page\/wp-content\/uploads\/2026\/09\/4810749-6a970a84cdcf13f1af27d-4e64-4c0b-af26-cf283ed25ba3-rule-mo-1600-768x576.jpg 768w, https:\/\/ford-sachsen.de\/html\/page\/wp-content\/uploads\/2026\/09\/4810749-6a970a84cdcf13f1af27d-4e64-4c0b-af26-cf283ed25ba3-rule-mo-1600.jpg 1440w\" sizes=\"(max-width: 300px) 100vw, 300px\" \/>                        <\/a>\n                    <\/div>\n                    <div class=\"vehicle-data\">\n                                                    <small>\n                                                                08.2023                                \u00b7\n                            <\/small>\n                                                                            <small>\n                                13.000 km\n                            <\/small>\n                                                                            <small>\n                                \u00b7\n                                88 kW\n                                                                (\n                                120 PS)\n                            <\/small>\n                                                                            <small>\n                                \u00b7\n                                Automatik                            <\/small>\n                                                                            <small>\n                                \u00b7\n                                Unfallfrei                            <\/small>\n                        \n                                                    <small>\n                                \u00b7\n                                Diesel                            <\/small>\n                                                                                                                            <small>\n                                \u00b7\n                                4\/5 T\u00fcren\n                            <\/small>\n                                                <ul class=\"vehicle-emission\">\n                                                 <span>Verbrauch komb.: \n                                    6.3                                 l\/100km<\/span><br>\n                                                                                \n                                       \n  <!-- CO2-Emissionen\t-->\n                                            <span>CO\u2082-Emissionen komb.: 165.0                                 g\/km<\/span><br>\n                                        <!-- CO2-Emissionen\t-->\n                   \n \n                         <span>CO\u2082-Klasse: \n                                    F                                <\/span><br>\n                    \n\n\n                <\/ul>\n\n                    <\/div>\n\n                    <div class=\"vehicle-price\">\n                                                    <div itemprop=\"priceSpecification\" itemscope itemtype=\"http:\/\/schema.org\/UnitPriceSpecification\">\n                                <meta itemprop=\"priceCurrency\" content=\"EUR\">\n                                <meta itemprop=\"price\" content=\"21.490\">\n                                <strong>\n                                    21.490 \u20ac (Brutto)\n                                <\/strong><br><small>\n                                    Inkl. 19% MwSt.                                <\/small>\n                            <\/div>\n                                                <br>\n                        <a href=\"https:\/\/ford-sachsen.de\/html\/page\/fahrzeuge\/ford-kuga-cool-connect-navigationwinter-paketgjr\/\"\n                            class=\"vehicle-btn wp-block-button__link wp-element-button\">Details<\/a>\n                    <\/div>\n                <\/div> <!-- \/\/ vehicle-row -->\n               \n            <\/article>\n                        <article id=\"post-4810735\" class=\"vehicle\">\n                <hgroup>\n                    <a href=\"https:\/\/ford-sachsen.de\/html\/page\/fahrzeuge\/mercedes-benz-cl-shooting-brake-c-klasse-e-edition-2020-burmes\/\">\n                        <h2 class=\"vehicle-title\">\n                            Mercedes-Benz CL Shooting Brake C-Klasse e Edition 2020 BURMES                        <\/h2>\n\n                    <\/a>\n                <\/hgroup>\n                <span class=\"vehicle-addition\">\n                    <p>\n                        Kombi ,\n                        Gebrauchtfahrzeug                    <\/p>\n                <\/span>\n                <div class=\"vehicle-row\">\n                    <div class=\"vehicle-thumbnail\">\n                        <a href=\"https:\/\/ford-sachsen.de\/html\/page\/fahrzeuge\/mercedes-benz-cl-shooting-brake-c-klasse-e-edition-2020-burmes\/\" title=\"Mercedes-Benz CL Shooting Brake C-Klasse e Edition 2020 BURMES\">\n                            <img loading=\"lazy\" decoding=\"async\" width=\"300\" height=\"225\" src=\"https:\/\/ford-sachsen.de\/html\/page\/wp-content\/uploads\/2026\/09\/4810735-6a9709549a7a2000a75a6-8108-4817-92a0-b039035d0211-rule-mo-1600-300x225.jpg\" class=\"attachment-medium size-medium wp-post-image\" alt=\"\" srcset=\"https:\/\/ford-sachsen.de\/html\/page\/wp-content\/uploads\/2026\/09\/4810735-6a9709549a7a2000a75a6-8108-4817-92a0-b039035d0211-rule-mo-1600-300x225.jpg 300w, https:\/\/ford-sachsen.de\/html\/page\/wp-content\/uploads\/2026\/09\/4810735-6a9709549a7a2000a75a6-8108-4817-92a0-b039035d0211-rule-mo-1600-1024x768.jpg 1024w, https:\/\/ford-sachsen.de\/html\/page\/wp-content\/uploads\/2026\/09\/4810735-6a9709549a7a2000a75a6-8108-4817-92a0-b039035d0211-rule-mo-1600-768x576.jpg 768w, https:\/\/ford-sachsen.de\/html\/page\/wp-content\/uploads\/2026\/09\/4810735-6a9709549a7a2000a75a6-8108-4817-92a0-b039035d0211-rule-mo-1600.jpg 1440w\" sizes=\"(max-width: 300px) 100vw, 300px\" \/>                        <\/a>\n                    <\/div>\n                    <div class=\"vehicle-data\">\n                                                    <small>\n                                                                11.2020                                \u00b7\n                            <\/small>\n                                                                            <small>\n                                59.517 km\n                            <\/small>\n                                                                            <small>\n                                \u00b7\n                                118 kW\n                                                                (\n                                160 PS)\n                            <\/small>\n                                                                            <small>\n                                \u00b7\n                                Automatik                            <\/small>\n                                                                            <small>\n                                \u00b7\n                                Unfallfrei                            <\/small>\n                        \n                                                    <small>\n                                \u00b7\n                                Plug-in-Hybrid                            <\/small>\n                                                                                                                            <small>\n                                \u00b7\n                                4\/5 T\u00fcren\n                            <\/small>\n                                                <ul class=\"vehicle-emission\">\n                                                                                     \n                                       \n  <!-- CO2-Emissionen\t-->\n                                        <!-- CO2-Emissionen\t-->\n                   \n \n \n\n\n                <\/ul>\n\n                    <\/div>\n\n                    <div class=\"vehicle-price\">\n                                                    <div itemprop=\"priceSpecification\" itemscope itemtype=\"http:\/\/schema.org\/UnitPriceSpecification\">\n                                <meta itemprop=\"priceCurrency\" content=\"EUR\">\n                                <meta itemprop=\"price\" content=\"25.490\">\n                                <strong>\n                                    25.490 \u20ac (Brutto)\n                                <\/strong><br><small>\n                                    MwSt. nicht ausweisbar                                <\/small>\n                            <\/div>\n                                                <br>\n                        <a href=\"https:\/\/ford-sachsen.de\/html\/page\/fahrzeuge\/mercedes-benz-cl-shooting-brake-c-klasse-e-edition-2020-burmes\/\"\n                            class=\"vehicle-btn wp-block-button__link wp-element-button\">Details<\/a>\n                    <\/div>\n                <\/div> <!-- \/\/ vehicle-row -->\n               \n            <\/article>\n                        <article id=\"post-4810733\" class=\"vehicle\">\n                <hgroup>\n                    <a href=\"https:\/\/ford-sachsen.de\/html\/page\/fahrzeuge\/ford-focus-turnier-active-gjr-navi-led-acc-apple-carp\/\">\n                        <h2 class=\"vehicle-title\">\n                            Ford Focus Turnier Active GJR NAVI LED ACC APPLE CARP                        <\/h2>\n\n                    <\/a>\n                <\/hgroup>\n                <span class=\"vehicle-addition\">\n                    <p>\n                        Kombi ,\n                        Gebrauchtfahrzeug                    <\/p>\n                <\/span>\n                <div class=\"vehicle-row\">\n                    <div class=\"vehicle-thumbnail\">\n                        <a href=\"https:\/\/ford-sachsen.de\/html\/page\/fahrzeuge\/ford-focus-turnier-active-gjr-navi-led-acc-apple-carp\/\" title=\"Ford Focus Turnier Active GJR NAVI LED ACC APPLE CARP\">\n                            <img loading=\"lazy\" decoding=\"async\" width=\"300\" height=\"225\" src=\"https:\/\/ford-sachsen.de\/html\/page\/wp-content\/uploads\/2026\/09\/4810733-6a970952dfb71b9957c3b-c3c1-45a7-8af0-dab71e58298e-rule-mo-1600-300x225.jpg\" class=\"attachment-medium size-medium wp-post-image\" alt=\"\" srcset=\"https:\/\/ford-sachsen.de\/html\/page\/wp-content\/uploads\/2026\/09\/4810733-6a970952dfb71b9957c3b-c3c1-45a7-8af0-dab71e58298e-rule-mo-1600-300x225.jpg 300w, https:\/\/ford-sachsen.de\/html\/page\/wp-content\/uploads\/2026\/09\/4810733-6a970952dfb71b9957c3b-c3c1-45a7-8af0-dab71e58298e-rule-mo-1600-1024x768.jpg 1024w, https:\/\/ford-sachsen.de\/html\/page\/wp-content\/uploads\/2026\/09\/4810733-6a970952dfb71b9957c3b-c3c1-45a7-8af0-dab71e58298e-rule-mo-1600-768x576.jpg 768w, https:\/\/ford-sachsen.de\/html\/page\/wp-content\/uploads\/2026\/09\/4810733-6a970952dfb71b9957c3b-c3c1-45a7-8af0-dab71e58298e-rule-mo-1600.jpg 1440w\" sizes=\"(max-width: 300px) 100vw, 300px\" \/>                        <\/a>\n                    <\/div>\n                    <div class=\"vehicle-data\">\n                                                    <small>\n                                                                09.2025                                \u00b7\n                            <\/small>\n                                                                            <small>\n                                2.650 km\n                            <\/small>\n                                                                            <small>\n                                \u00b7\n                                114 kW\n                                                                (\n                                155 PS)\n                            <\/small>\n                                                                            <small>\n                                \u00b7\n                                Automatik                            <\/small>\n                                                                            <small>\n                                \u00b7\n                                Unfallfrei                            <\/small>\n                        \n                                                    <small>\n                                \u00b7\n                                Benzin                            <\/small>\n                                                                                                                            <small>\n                                \u00b7\n                                4\/5 T\u00fcren\n                            <\/small>\n                                                <ul class=\"vehicle-emission\">\n                                                 <span>Verbrauch komb.: \n                                    6.3                                 l\/100km<\/span><br>\n                                                                                \n                                       \n  <!-- CO2-Emissionen\t-->\n                                            <span>CO\u2082-Emissionen komb.: 143.0                                 g\/km<\/span><br>\n                                        <!-- CO2-Emissionen\t-->\n                   \n \n                         <span>CO\u2082-Klasse: \n                                    E                                <\/span><br>\n                    \n\n\n                <\/ul>\n\n                    <\/div>\n\n                    <div class=\"vehicle-price\">\n                                                    <div itemprop=\"priceSpecification\" itemscope itemtype=\"http:\/\/schema.org\/UnitPriceSpecification\">\n                                <meta itemprop=\"priceCurrency\" content=\"EUR\">\n                                <meta itemprop=\"price\" content=\"28.890\">\n                                <strong>\n                                    28.890 \u20ac (Brutto)\n                                <\/strong><br><small>\n                                    Inkl. 19% MwSt.                                <\/small>\n                            <\/div>\n                                                <br>\n                        <a href=\"https:\/\/ford-sachsen.de\/html\/page\/fahrzeuge\/ford-focus-turnier-active-gjr-navi-led-acc-apple-carp\/\"\n                            class=\"vehicle-btn wp-block-button__link wp-element-button\">Details<\/a>\n                    <\/div>\n                <\/div> <!-- \/\/ vehicle-row -->\n               \n            <\/article>\n                        <article id=\"post-4810731\" class=\"vehicle\">\n                <hgroup>\n                    <a href=\"https:\/\/ford-sachsen.de\/html\/page\/fahrzeuge\/opel-mokka-elegance-digitales-cockpit-led-apple-carpl\/\">\n                        <h2 class=\"vehicle-title\">\n                            Opel Mokka Elegance Digitales Cockpit LED Apple CarPl                        <\/h2>\n\n                    <\/a>\n                <\/hgroup>\n                <span class=\"vehicle-addition\">\n                    <p>\n                        SUV\/Gel\u00e4ndewagen\/Pickup ,\n                        Gebrauchtfahrzeug                    <\/p>\n                <\/span>\n                <div class=\"vehicle-row\">\n                    <div class=\"vehicle-thumbnail\">\n                        <a href=\"https:\/\/ford-sachsen.de\/html\/page\/fahrzeuge\/opel-mokka-elegance-digitales-cockpit-led-apple-carpl\/\" title=\"Opel Mokka Elegance Digitales Cockpit LED Apple CarPl\">\n                            <img loading=\"lazy\" decoding=\"async\" width=\"300\" height=\"225\" src=\"https:\/\/ford-sachsen.de\/html\/page\/wp-content\/uploads\/2026\/09\/4810731-6a9709514c6094de6871c-aa58-462e-924d-db9d008cda18-rule-mo-1600-300x225.jpg\" class=\"attachment-medium size-medium wp-post-image\" alt=\"\" srcset=\"https:\/\/ford-sachsen.de\/html\/page\/wp-content\/uploads\/2026\/09\/4810731-6a9709514c6094de6871c-aa58-462e-924d-db9d008cda18-rule-mo-1600-300x225.jpg 300w, https:\/\/ford-sachsen.de\/html\/page\/wp-content\/uploads\/2026\/09\/4810731-6a9709514c6094de6871c-aa58-462e-924d-db9d008cda18-rule-mo-1600-1024x768.jpg 1024w, https:\/\/ford-sachsen.de\/html\/page\/wp-content\/uploads\/2026\/09\/4810731-6a9709514c6094de6871c-aa58-462e-924d-db9d008cda18-rule-mo-1600-768x576.jpg 768w, https:\/\/ford-sachsen.de\/html\/page\/wp-content\/uploads\/2026\/09\/4810731-6a9709514c6094de6871c-aa58-462e-924d-db9d008cda18-rule-mo-1600.jpg 1440w\" sizes=\"(max-width: 300px) 100vw, 300px\" \/>                        <\/a>\n                    <\/div>\n                    <div class=\"vehicle-data\">\n                                                    <small>\n                                                                12.2021                                \u00b7\n                            <\/small>\n                                                                            <small>\n                                44.550 km\n                            <\/small>\n                                                                            <small>\n                                \u00b7\n                                96 kW\n                                                                (\n                                131 PS)\n                            <\/small>\n                                                                            <small>\n                                \u00b7\n                                Automatik                            <\/small>\n                                                                            <small>\n                                \u00b7\n                                Unfallfrei                            <\/small>\n                        \n                                                    <small>\n                                \u00b7\n                                Benzin                            <\/small>\n                                                                                                                            <small>\n                                \u00b7\n                                4\/5 T\u00fcren\n                            <\/small>\n                                                <ul class=\"vehicle-emission\">\n                                                                                     \n                                       \n  <!-- CO2-Emissionen\t-->\n                                        <!-- CO2-Emissionen\t-->\n                   \n \n \n\n\n                <\/ul>\n\n                    <\/div>\n\n                    <div class=\"vehicle-price\">\n                                                    <div itemprop=\"priceSpecification\" itemscope itemtype=\"http:\/\/schema.org\/UnitPriceSpecification\">\n                                <meta itemprop=\"priceCurrency\" content=\"EUR\">\n                                <meta itemprop=\"price\" content=\"17.290\">\n                                <strong>\n                                    17.290 \u20ac (Brutto)\n                                <\/strong><br><small>\n                                    MwSt. nicht ausweisbar                                <\/small>\n                            <\/div>\n                                                <br>\n                        <a href=\"https:\/\/ford-sachsen.de\/html\/page\/fahrzeuge\/opel-mokka-elegance-digitales-cockpit-led-apple-carpl\/\"\n                            class=\"vehicle-btn wp-block-button__link wp-element-button\">Details<\/a>\n                    <\/div>\n                <\/div> <!-- \/\/ vehicle-row -->\n               \n            <\/article>\n                        <article id=\"post-4810729\" class=\"vehicle\">\n                <hgroup>\n                    <a href=\"https:\/\/ford-sachsen.de\/html\/page\/fahrzeuge\/ssangyong-rexton-sapphire-4x4-navi-sitzbelueftung-fahrassis\/\">\n                        <h2 class=\"vehicle-title\">\n                            Ssangyong REXTON Sapphire 4&#215;4 NAVI SITZBEL\u00dcFTUNG FAHRASSIS                        <\/h2>\n\n                    <\/a>\n                <\/hgroup>\n                <span class=\"vehicle-addition\">\n                    <p>\n                        Limousine ,\n                        Gebrauchtfahrzeug                    <\/p>\n                <\/span>\n                <div class=\"vehicle-row\">\n                    <div class=\"vehicle-thumbnail\">\n                        <a href=\"https:\/\/ford-sachsen.de\/html\/page\/fahrzeuge\/ssangyong-rexton-sapphire-4x4-navi-sitzbelueftung-fahrassis\/\" title=\"Ssangyong REXTON Sapphire 4&#215;4 NAVI SITZBEL\u00dcFTUNG FAHRASSIS\">\n                            <img loading=\"lazy\" decoding=\"async\" width=\"300\" height=\"225\" src=\"https:\/\/ford-sachsen.de\/html\/page\/wp-content\/uploads\/2026\/09\/4810729-6a97094faa02ef271b687-0567-4358-99ff-91ee58919db0-rule-mo-1600-300x225.jpg\" class=\"attachment-medium size-medium wp-post-image\" alt=\"\" srcset=\"https:\/\/ford-sachsen.de\/html\/page\/wp-content\/uploads\/2026\/09\/4810729-6a97094faa02ef271b687-0567-4358-99ff-91ee58919db0-rule-mo-1600-300x225.jpg 300w, https:\/\/ford-sachsen.de\/html\/page\/wp-content\/uploads\/2026\/09\/4810729-6a97094faa02ef271b687-0567-4358-99ff-91ee58919db0-rule-mo-1600-1024x768.jpg 1024w, https:\/\/ford-sachsen.de\/html\/page\/wp-content\/uploads\/2026\/09\/4810729-6a97094faa02ef271b687-0567-4358-99ff-91ee58919db0-rule-mo-1600-768x576.jpg 768w, https:\/\/ford-sachsen.de\/html\/page\/wp-content\/uploads\/2026\/09\/4810729-6a97094faa02ef271b687-0567-4358-99ff-91ee58919db0-rule-mo-1600.jpg 1440w\" sizes=\"(max-width: 300px) 100vw, 300px\" \/>                        <\/a>\n                    <\/div>\n                    <div class=\"vehicle-data\">\n                                                    <small>\n                                                                03.2024                                \u00b7\n                            <\/small>\n                                                                            <small>\n                                15.830 km\n                            <\/small>\n                                                                            <small>\n                                \u00b7\n                                149 kW\n                                                                (\n                                203 PS)\n                            <\/small>\n                                                                            <small>\n                                \u00b7\n                                Automatik                            <\/small>\n                                                                            <small>\n                                \u00b7\n                                Unfallfrei                            <\/small>\n                        \n                                                    <small>\n                                \u00b7\n                                Diesel                            <\/small>\n                                                                                                                            <small>\n                                \u00b7\n                                4\/5 T\u00fcren\n                            <\/small>\n                                                <ul class=\"vehicle-emission\">\n                                                                                     \n                                       \n  <!-- CO2-Emissionen\t-->\n                                        <!-- CO2-Emissionen\t-->\n                   \n \n \n\n\n                <\/ul>\n\n                    <\/div>\n\n                    <div class=\"vehicle-price\">\n                                                    <div itemprop=\"priceSpecification\" itemscope itemtype=\"http:\/\/schema.org\/UnitPriceSpecification\">\n                                <meta itemprop=\"priceCurrency\" content=\"EUR\">\n                                <meta itemprop=\"price\" content=\"36.950\">\n                                <strong>\n                                    36.950 \u20ac (Brutto)\n                                <\/strong><br><small>\n                                    Inkl. 19% MwSt.                                <\/small>\n                            <\/div>\n                                                <br>\n                        <a href=\"https:\/\/ford-sachsen.de\/html\/page\/fahrzeuge\/ssangyong-rexton-sapphire-4x4-navi-sitzbelueftung-fahrassis\/\"\n                            class=\"vehicle-btn wp-block-button__link wp-element-button\">Details<\/a>\n                    <\/div>\n                <\/div> <!-- \/\/ vehicle-row -->\n               \n            <\/article>\n                        <article id=\"post-4810717\" class=\"vehicle\">\n                <hgroup>\n                    <a href=\"https:\/\/ford-sachsen.de\/html\/page\/fahrzeuge\/ford-kuga-phev-vignale-aktionsfahrzeug-ahkledtop-zu\/\">\n                        <h2 class=\"vehicle-title\">\n                            Ford Kuga PHEV Vignale AKTIONSFAHRZEUG AHK+LED+TOP-ZU                        <\/h2>\n\n                    <\/a>\n                <\/hgroup>\n                <span class=\"vehicle-addition\">\n                    <p>\n                        SUV\/Gel\u00e4ndewagen\/Pickup ,\n                        Gebrauchtfahrzeug                    <\/p>\n                <\/span>\n                <div class=\"vehicle-row\">\n                    <div class=\"vehicle-thumbnail\">\n                        <a href=\"https:\/\/ford-sachsen.de\/html\/page\/fahrzeuge\/ford-kuga-phev-vignale-aktionsfahrzeug-ahkledtop-zu\/\" title=\"Ford Kuga PHEV Vignale AKTIONSFAHRZEUG AHK+LED+TOP-ZU\">\n                            <img loading=\"lazy\" decoding=\"async\" width=\"300\" height=\"225\" src=\"https:\/\/ford-sachsen.de\/html\/page\/wp-content\/uploads\/2026\/09\/4810717-6a97082d357ce435937d0-6354-41c9-9af7-ad4fe5ab93ee-rule-mo-1600-300x225.jpg\" class=\"attachment-medium size-medium wp-post-image\" alt=\"\" srcset=\"https:\/\/ford-sachsen.de\/html\/page\/wp-content\/uploads\/2026\/09\/4810717-6a97082d357ce435937d0-6354-41c9-9af7-ad4fe5ab93ee-rule-mo-1600-300x225.jpg 300w, https:\/\/ford-sachsen.de\/html\/page\/wp-content\/uploads\/2026\/09\/4810717-6a97082d357ce435937d0-6354-41c9-9af7-ad4fe5ab93ee-rule-mo-1600-1024x768.jpg 1024w, https:\/\/ford-sachsen.de\/html\/page\/wp-content\/uploads\/2026\/09\/4810717-6a97082d357ce435937d0-6354-41c9-9af7-ad4fe5ab93ee-rule-mo-1600-768x576.jpg 768w, https:\/\/ford-sachsen.de\/html\/page\/wp-content\/uploads\/2026\/09\/4810717-6a97082d357ce435937d0-6354-41c9-9af7-ad4fe5ab93ee-rule-mo-1600.jpg 1440w\" sizes=\"(max-width: 300px) 100vw, 300px\" \/>                        <\/a>\n                    <\/div>\n                    <div class=\"vehicle-data\">\n                                                    <small>\n                                                                11.2022                                \u00b7\n                            <\/small>\n                                                                            <small>\n                                49.498 km\n                            <\/small>\n                                                                            <small>\n                                \u00b7\n                                165 kW\n                                                                (\n                                224 PS)\n                            <\/small>\n                                                                            <small>\n                                \u00b7\n                                Automatik                            <\/small>\n                                                                            <small>\n                                \u00b7\n                                Unfallfrei                            <\/small>\n                        \n                                                    <small>\n                                \u00b7\n                                Plug-in-Hybrid                            <\/small>\n                                                                                                                            <small>\n                                \u00b7\n                                4\/5 T\u00fcren\n                            <\/small>\n                                                <ul class=\"vehicle-emission\">\n                                                                                     \n                                       \n  <!-- CO2-Emissionen\t-->\n                                        <!-- CO2-Emissionen\t-->\n                   \n \n \n\n\n                <\/ul>\n\n                    <\/div>\n\n                    <div class=\"vehicle-price\">\n                                                    <div itemprop=\"priceSpecification\" itemscope itemtype=\"http:\/\/schema.org\/UnitPriceSpecification\">\n                                <meta itemprop=\"priceCurrency\" content=\"EUR\">\n                                <meta itemprop=\"price\" content=\"26.490\">\n                                <strong>\n                                    26.490 \u20ac (Brutto)\n                                <\/strong><br><small>\n                                    Inkl. 19% MwSt.                                <\/small>\n                            <\/div>\n                                                <br>\n                        <a href=\"https:\/\/ford-sachsen.de\/html\/page\/fahrzeuge\/ford-kuga-phev-vignale-aktionsfahrzeug-ahkledtop-zu\/\"\n                            class=\"vehicle-btn wp-block-button__link wp-element-button\">Details<\/a>\n                    <\/div>\n                <\/div> <!-- \/\/ vehicle-row -->\n               \n            <\/article>\n                        <article id=\"post-4810715\" class=\"vehicle\">\n                <hgroup>\n                    <a href=\"https:\/\/ford-sachsen.de\/html\/page\/fahrzeuge\/ford-kuga-cool-connect-17-zoll-lmgjrwinterpaket\/\">\n                        <h2 class=\"vehicle-title\">\n                            Ford Kuga Cool &amp; Connect 17 ZOLL LM+GJR+WINTERPAKET                        <\/h2>\n\n                    <\/a>\n                <\/hgroup>\n                <span class=\"vehicle-addition\">\n                    <p>\n                        SUV\/Gel\u00e4ndewagen\/Pickup ,\n                        Gebrauchtfahrzeug                    <\/p>\n                <\/span>\n                <div class=\"vehicle-row\">\n                    <div class=\"vehicle-thumbnail\">\n                        <a href=\"https:\/\/ford-sachsen.de\/html\/page\/fahrzeuge\/ford-kuga-cool-connect-17-zoll-lmgjrwinterpaket\/\" title=\"Ford Kuga Cool &amp; Connect 17 ZOLL LM+GJR+WINTERPAKET\">\n                            <img loading=\"lazy\" decoding=\"async\" width=\"300\" height=\"225\" src=\"https:\/\/ford-sachsen.de\/html\/page\/wp-content\/uploads\/2026\/09\/4810715-6a97082b09152403e21c8-9401-4cbe-ab15-3defbe3b992f-rule-mo-1600-300x225.jpg\" class=\"attachment-medium size-medium wp-post-image\" alt=\"\" srcset=\"https:\/\/ford-sachsen.de\/html\/page\/wp-content\/uploads\/2026\/09\/4810715-6a97082b09152403e21c8-9401-4cbe-ab15-3defbe3b992f-rule-mo-1600-300x225.jpg 300w, https:\/\/ford-sachsen.de\/html\/page\/wp-content\/uploads\/2026\/09\/4810715-6a97082b09152403e21c8-9401-4cbe-ab15-3defbe3b992f-rule-mo-1600-1024x768.jpg 1024w, https:\/\/ford-sachsen.de\/html\/page\/wp-content\/uploads\/2026\/09\/4810715-6a97082b09152403e21c8-9401-4cbe-ab15-3defbe3b992f-rule-mo-1600-768x576.jpg 768w, https:\/\/ford-sachsen.de\/html\/page\/wp-content\/uploads\/2026\/09\/4810715-6a97082b09152403e21c8-9401-4cbe-ab15-3defbe3b992f-rule-mo-1600.jpg 1440w\" sizes=\"(max-width: 300px) 100vw, 300px\" \/>                        <\/a>\n                    <\/div>\n                    <div class=\"vehicle-data\">\n                                                    <small>\n                                                                06.2021                                \u00b7\n                            <\/small>\n                                                                            <small>\n                                47.176 km\n                            <\/small>\n                                                                            <small>\n                                \u00b7\n                                110 kW\n                                                                (\n                                150 PS)\n                            <\/small>\n                                                                            <small>\n                                \u00b7\n                                Schaltgetriebe                            <\/small>\n                                                                            <small>\n                                \u00b7\n                                Unfallfrei                            <\/small>\n                        \n                                                    <small>\n                                \u00b7\n                                Benzin                            <\/small>\n                                                                                                                            <small>\n                                \u00b7\n                                4\/5 T\u00fcren\n                            <\/small>\n                                                <ul class=\"vehicle-emission\">\n                                                                                     \n                                       \n  <!-- CO2-Emissionen\t-->\n                                        <!-- CO2-Emissionen\t-->\n                   \n \n \n\n\n                <\/ul>\n\n                    <\/div>\n\n                    <div class=\"vehicle-price\">\n                                                    <div itemprop=\"priceSpecification\" itemscope itemtype=\"http:\/\/schema.org\/UnitPriceSpecification\">\n                                <meta itemprop=\"priceCurrency\" content=\"EUR\">\n                                <meta itemprop=\"price\" content=\"17.990\">\n                                <strong>\n                                    17.990 \u20ac (Brutto)\n                                <\/strong><br><small>\n                                    Inkl. 19% MwSt.                                <\/small>\n                            <\/div>\n                                                <br>\n                        <a href=\"https:\/\/ford-sachsen.de\/html\/page\/fahrzeuge\/ford-kuga-cool-connect-17-zoll-lmgjrwinterpaket\/\"\n                            class=\"vehicle-btn wp-block-button__link wp-element-button\">Details<\/a>\n                    <\/div>\n                <\/div> <!-- \/\/ vehicle-row -->\n               \n            <\/article>\n                        <article id=\"post-4810705\" class=\"vehicle\">\n                <hgroup>\n                    <a href=\"https:\/\/ford-sachsen.de\/html\/page\/fahrzeuge\/ford-kuga-plug-in-hybrid-st-line-el-panodach-navi-di\/\">\n                        <h2 class=\"vehicle-title\">\n                            Ford Kuga Plug-In Hybrid ST-Line El. Panodach Navi Di                        <\/h2>\n\n                    <\/a>\n                <\/hgroup>\n                <span class=\"vehicle-addition\">\n                    <p>\n                        SUV\/Gel\u00e4ndewagen\/Pickup ,\n                        Gebrauchtfahrzeug                    <\/p>\n                <\/span>\n                <div class=\"vehicle-row\">\n                    <div class=\"vehicle-thumbnail\">\n                        <a href=\"https:\/\/ford-sachsen.de\/html\/page\/fahrzeuge\/ford-kuga-plug-in-hybrid-st-line-el-panodach-navi-di\/\" title=\"Ford Kuga Plug-In Hybrid ST-Line El. Panodach Navi Di\">\n                            <img loading=\"lazy\" decoding=\"async\" width=\"300\" height=\"225\" src=\"https:\/\/ford-sachsen.de\/html\/page\/wp-content\/uploads\/2026\/09\/4810705-6a9706ff4c4d2435937d0-6354-41c9-9af7-ad4fe5ab93ee-rule-mo-1600-300x225.jpg\" class=\"attachment-medium size-medium wp-post-image\" alt=\"\" srcset=\"https:\/\/ford-sachsen.de\/html\/page\/wp-content\/uploads\/2026\/09\/4810705-6a9706ff4c4d2435937d0-6354-41c9-9af7-ad4fe5ab93ee-rule-mo-1600-300x225.jpg 300w, https:\/\/ford-sachsen.de\/html\/page\/wp-content\/uploads\/2026\/09\/4810705-6a9706ff4c4d2435937d0-6354-41c9-9af7-ad4fe5ab93ee-rule-mo-1600-1024x768.jpg 1024w, https:\/\/ford-sachsen.de\/html\/page\/wp-content\/uploads\/2026\/09\/4810705-6a9706ff4c4d2435937d0-6354-41c9-9af7-ad4fe5ab93ee-rule-mo-1600-768x576.jpg 768w, https:\/\/ford-sachsen.de\/html\/page\/wp-content\/uploads\/2026\/09\/4810705-6a9706ff4c4d2435937d0-6354-41c9-9af7-ad4fe5ab93ee-rule-mo-1600.jpg 1440w\" sizes=\"(max-width: 300px) 100vw, 300px\" \/>                        <\/a>\n                    <\/div>\n                    <div class=\"vehicle-data\">\n                                                    <small>\n                                                                12.2022                                \u00b7\n                            <\/small>\n                                                                            <small>\n                                12.404 km\n                            <\/small>\n                                                                            <small>\n                                \u00b7\n                                165 kW\n                                                                (\n                                224 PS)\n                            <\/small>\n                                                                            <small>\n                                \u00b7\n                                Automatik                            <\/small>\n                                                                            <small>\n                                \u00b7\n                                Unfallfrei                            <\/small>\n                        \n                                                    <small>\n                                \u00b7\n                                Plug-in-Hybrid                            <\/small>\n                                                                                                                            <small>\n                                \u00b7\n                                4\/5 T\u00fcren\n                            <\/small>\n                                                <ul class=\"vehicle-emission\">\n                                                                                     \n                                       \n  <!-- CO2-Emissionen\t-->\n                                        <!-- CO2-Emissionen\t-->\n                   \n \n \n\n\n                <\/ul>\n\n                    <\/div>\n\n                    <div class=\"vehicle-price\">\n                                                    <div itemprop=\"priceSpecification\" itemscope itemtype=\"http:\/\/schema.org\/UnitPriceSpecification\">\n                                <meta itemprop=\"priceCurrency\" content=\"EUR\">\n                                <meta itemprop=\"price\" content=\"25.890\">\n                                <strong>\n                                    25.890 \u20ac (Brutto)\n                                <\/strong><br><small>\n                                    Inkl. 19% MwSt.                                <\/small>\n                            <\/div>\n                                                <br>\n                        <a href=\"https:\/\/ford-sachsen.de\/html\/page\/fahrzeuge\/ford-kuga-plug-in-hybrid-st-line-el-panodach-navi-di\/\"\n                            class=\"vehicle-btn wp-block-button__link wp-element-button\">Details<\/a>\n                    <\/div>\n                <\/div> <!-- \/\/ vehicle-row -->\n               \n            <\/article>\n                        <article id=\"post-4810703\" class=\"vehicle\">\n                <hgroup>\n                    <a href=\"https:\/\/ford-sachsen.de\/html\/page\/fahrzeuge\/mitsubishi-asx-plus-1-0-t-eu6e-plus-digitales-cockpit-led-a\/\">\n                        <h2 class=\"vehicle-title\">\n                            Mitsubishi ASX Plus 1.0 T EU6e PLUS Digitales Cockpit LED A                        <\/h2>\n\n                    <\/a>\n                <\/hgroup>\n                <span class=\"vehicle-addition\">\n                    <p>\n                        SUV\/Gel\u00e4ndewagen\/Pickup ,\n                        Gebrauchtfahrzeug                    <\/p>\n                <\/span>\n                <div class=\"vehicle-row\">\n                    <div class=\"vehicle-thumbnail\">\n                        <a href=\"https:\/\/ford-sachsen.de\/html\/page\/fahrzeuge\/mitsubishi-asx-plus-1-0-t-eu6e-plus-digitales-cockpit-led-a\/\" title=\"Mitsubishi ASX Plus 1.0 T EU6e PLUS Digitales Cockpit LED A\">\n                            <img loading=\"lazy\" decoding=\"async\" width=\"300\" height=\"225\" src=\"https:\/\/ford-sachsen.de\/html\/page\/wp-content\/uploads\/2026\/09\/4810703-6a9706fc89ce3e0f7dc9f-495c-4508-9b1a-5d1075c9bce0-rule-mo-1600-300x225.jpg\" class=\"attachment-medium size-medium wp-post-image\" alt=\"\" srcset=\"https:\/\/ford-sachsen.de\/html\/page\/wp-content\/uploads\/2026\/09\/4810703-6a9706fc89ce3e0f7dc9f-495c-4508-9b1a-5d1075c9bce0-rule-mo-1600-300x225.jpg 300w, https:\/\/ford-sachsen.de\/html\/page\/wp-content\/uploads\/2026\/09\/4810703-6a9706fc89ce3e0f7dc9f-495c-4508-9b1a-5d1075c9bce0-rule-mo-1600-1024x768.jpg 1024w, https:\/\/ford-sachsen.de\/html\/page\/wp-content\/uploads\/2026\/09\/4810703-6a9706fc89ce3e0f7dc9f-495c-4508-9b1a-5d1075c9bce0-rule-mo-1600-768x576.jpg 768w, https:\/\/ford-sachsen.de\/html\/page\/wp-content\/uploads\/2026\/09\/4810703-6a9706fc89ce3e0f7dc9f-495c-4508-9b1a-5d1075c9bce0-rule-mo-1600.jpg 1440w\" sizes=\"(max-width: 300px) 100vw, 300px\" \/>                        <\/a>\n                    <\/div>\n                    <div class=\"vehicle-data\">\n                                                    <small>\n                                                                12.2025                                \u00b7\n                            <\/small>\n                                                                            <small>\n                                1.250 km\n                            <\/small>\n                                                                            <small>\n                                \u00b7\n                                67 kW\n                                                                (\n                                91 PS)\n                            <\/small>\n                                                                            <small>\n                                \u00b7\n                                Schaltgetriebe                            <\/small>\n                                                                            <small>\n                                \u00b7\n                                Unfallfrei                            <\/small>\n                        \n                                                    <small>\n                                \u00b7\n                                Benzin                            <\/small>\n                                                                                                                            <small>\n                                \u00b7\n                                4\/5 T\u00fcren\n                            <\/small>\n                                                <ul class=\"vehicle-emission\">\n                                                 <span>Verbrauch komb.: \n                                    6.0                                 l\/100km<\/span><br>\n                                                                                \n                                       \n  <!-- CO2-Emissionen\t-->\n                                            <span>CO\u2082-Emissionen komb.: 135.0                                 g\/km<\/span><br>\n                                        <!-- CO2-Emissionen\t-->\n                   \n \n                         <span>CO\u2082-Klasse: \n                                    D                                <\/span><br>\n                    \n\n\n                <\/ul>\n\n                    <\/div>\n\n                    <div class=\"vehicle-price\">\n                                                    <div itemprop=\"priceSpecification\" itemscope itemtype=\"http:\/\/schema.org\/UnitPriceSpecification\">\n                                <meta itemprop=\"priceCurrency\" content=\"EUR\">\n                                <meta itemprop=\"price\" content=\"20.450\">\n                                <strong>\n                                    20.450 \u20ac (Brutto)\n                                <\/strong><br><small>\n                                    Inkl. 19% MwSt.                                <\/small>\n                            <\/div>\n                                                <br>\n                        <a href=\"https:\/\/ford-sachsen.de\/html\/page\/fahrzeuge\/mitsubishi-asx-plus-1-0-t-eu6e-plus-digitales-cockpit-led-a\/\"\n                            class=\"vehicle-btn wp-block-button__link wp-element-button\">Details<\/a>\n                    <\/div>\n                <\/div> <!-- \/\/ vehicle-row -->\n               \n            <\/article>\n                        <article id=\"post-4810701\" class=\"vehicle\">\n                <hgroup>\n                    <a href=\"https:\/\/ford-sachsen.de\/html\/page\/fahrzeuge\/ford-transit-custom-kasten-320-l1-fwd-trend-expressli\/\">\n                        <h2 class=\"vehicle-title\">\n                            Ford Transit Custom Kasten 320 L1 FWD Trend EXPRESSLI                        <\/h2>\n\n                    <\/a>\n                <\/hgroup>\n                <span class=\"vehicle-addition\">\n                    <p>\n                        Andere ,\n                        Gebrauchtfahrzeug                    <\/p>\n                <\/span>\n                <div class=\"vehicle-row\">\n                    <div class=\"vehicle-thumbnail\">\n                        <a href=\"https:\/\/ford-sachsen.de\/html\/page\/fahrzeuge\/ford-transit-custom-kasten-320-l1-fwd-trend-expressli\/\" title=\"Ford Transit Custom Kasten 320 L1 FWD Trend EXPRESSLI\">\n                            <img loading=\"lazy\" decoding=\"async\" width=\"300\" height=\"225\" src=\"https:\/\/ford-sachsen.de\/html\/page\/wp-content\/uploads\/2026\/09\/4810701-6a9706fa0508362aa6a0e-8a4b-40a0-b254-84e2fe71c871-rule-mo-1600-300x225.jpg\" class=\"attachment-medium size-medium wp-post-image\" alt=\"\" srcset=\"https:\/\/ford-sachsen.de\/html\/page\/wp-content\/uploads\/2026\/09\/4810701-6a9706fa0508362aa6a0e-8a4b-40a0-b254-84e2fe71c871-rule-mo-1600-300x225.jpg 300w, https:\/\/ford-sachsen.de\/html\/page\/wp-content\/uploads\/2026\/09\/4810701-6a9706fa0508362aa6a0e-8a4b-40a0-b254-84e2fe71c871-rule-mo-1600-1024x768.jpg 1024w, https:\/\/ford-sachsen.de\/html\/page\/wp-content\/uploads\/2026\/09\/4810701-6a9706fa0508362aa6a0e-8a4b-40a0-b254-84e2fe71c871-rule-mo-1600-768x576.jpg 768w, https:\/\/ford-sachsen.de\/html\/page\/wp-content\/uploads\/2026\/09\/4810701-6a9706fa0508362aa6a0e-8a4b-40a0-b254-84e2fe71c871-rule-mo-1600.jpg 1440w\" sizes=\"(max-width: 300px) 100vw, 300px\" \/>                        <\/a>\n                    <\/div>\n                    <div class=\"vehicle-data\">\n                                                    <small>\n                                                                03.2024                                \u00b7\n                            <\/small>\n                                                                            <small>\n                                10.500 km\n                            <\/small>\n                                                                            <small>\n                                \u00b7\n                                100 kW\n                                                                (\n                                136 PS)\n                            <\/small>\n                                                                            <small>\n                                \u00b7\n                                Schaltgetriebe                            <\/small>\n                                                                            <small>\n                                \u00b7\n                                Unfallfrei                            <\/small>\n                        \n                                                    <small>\n                                \u00b7\n                                Diesel                            <\/small>\n                                                                                                                            <small>\n                                \u00b7\n                                4\/5 T\u00fcren\n                            <\/small>\n                                                <ul class=\"vehicle-emission\">\n                                                 <span>Verbrauch komb.: \n                                    7.1                                 l\/100km<\/span><br>\n                                                                                \n                                       \n  <!-- CO2-Emissionen\t-->\n                                            <span>CO\u2082-Emissionen komb.: 235.0                                 g\/km<\/span><br>\n                                        <!-- CO2-Emissionen\t-->\n                   \n \n                         <span>CO\u2082-Klasse: \n                                    G                                <\/span><br>\n                    \n\n\n                <\/ul>\n\n                    <\/div>\n\n                    <div class=\"vehicle-price\">\n                                                    <div itemprop=\"priceSpecification\" itemscope itemtype=\"http:\/\/schema.org\/UnitPriceSpecification\">\n                                <meta itemprop=\"priceCurrency\" content=\"EUR\">\n                                <meta itemprop=\"price\" content=\"35.680\">\n                                <strong>\n                                    35.680 \u20ac (Brutto)\n                                <\/strong><br><small>\n                                    Inkl. 19% MwSt.                                <\/small>\n                            <\/div>\n                                                <br>\n                        <a href=\"https:\/\/ford-sachsen.de\/html\/page\/fahrzeuge\/ford-transit-custom-kasten-320-l1-fwd-trend-expressli\/\"\n                            class=\"vehicle-btn wp-block-button__link wp-element-button\">Details<\/a>\n                    <\/div>\n                <\/div> <!-- \/\/ vehicle-row -->\n               \n            <\/article>\n                        <article id=\"post-4810697\" class=\"vehicle\">\n                <hgroup>\n                    <a href=\"https:\/\/ford-sachsen.de\/html\/page\/fahrzeuge\/ford-focus-turnier-titanium-x-mit-ganzjahresreifen-un\/\">\n                        <h2 class=\"vehicle-title\">\n                            Ford Focus Turnier Titanium X mit Ganzjahresreifen un                        <\/h2>\n\n                    <\/a>\n                <\/hgroup>\n                <span class=\"vehicle-addition\">\n                    <p>\n                        Kombi ,\n                        Gebrauchtfahrzeug                    <\/p>\n                <\/span>\n                <div class=\"vehicle-row\">\n                    <div class=\"vehicle-thumbnail\">\n                        <a href=\"https:\/\/ford-sachsen.de\/html\/page\/fahrzeuge\/ford-focus-turnier-titanium-x-mit-ganzjahresreifen-un\/\" title=\"Ford Focus Turnier Titanium X mit Ganzjahresreifen un\">\n                            <img loading=\"lazy\" decoding=\"async\" width=\"300\" height=\"225\" src=\"https:\/\/ford-sachsen.de\/html\/page\/wp-content\/uploads\/2026\/09\/4810697-6a9706f4e476bc401b46d-47da-475c-8b11-282df170814d-rule-mo-1600-300x225.jpg\" class=\"attachment-medium size-medium wp-post-image\" alt=\"\" srcset=\"https:\/\/ford-sachsen.de\/html\/page\/wp-content\/uploads\/2026\/09\/4810697-6a9706f4e476bc401b46d-47da-475c-8b11-282df170814d-rule-mo-1600-300x225.jpg 300w, https:\/\/ford-sachsen.de\/html\/page\/wp-content\/uploads\/2026\/09\/4810697-6a9706f4e476bc401b46d-47da-475c-8b11-282df170814d-rule-mo-1600-1024x768.jpg 1024w, https:\/\/ford-sachsen.de\/html\/page\/wp-content\/uploads\/2026\/09\/4810697-6a9706f4e476bc401b46d-47da-475c-8b11-282df170814d-rule-mo-1600-768x576.jpg 768w, https:\/\/ford-sachsen.de\/html\/page\/wp-content\/uploads\/2026\/09\/4810697-6a9706f4e476bc401b46d-47da-475c-8b11-282df170814d-rule-mo-1600.jpg 1440w\" sizes=\"(max-width: 300px) 100vw, 300px\" \/>                        <\/a>\n                    <\/div>\n                    <div class=\"vehicle-data\">\n                                                    <small>\n                                                                06.2026                                \u00b7\n                            <\/small>\n                                                                            <small>\n                                150 km\n                            <\/small>\n                                                                            <small>\n                                \u00b7\n                                114 kW\n                                                                (\n                                155 PS)\n                            <\/small>\n                                                                            <small>\n                                \u00b7\n                                Automatik                            <\/small>\n                                                                            <small>\n                                \u00b7\n                                Unfallfrei                            <\/small>\n                        \n                                                    <small>\n                                \u00b7\n                                Benzin                            <\/small>\n                                                                                                                            <small>\n                                \u00b7\n                                4\/5 T\u00fcren\n                            <\/small>\n                                                <ul class=\"vehicle-emission\">\n                                                 <span>Verbrauch komb.: \n                                    6.3                                 l\/100km<\/span><br>\n                                                                                \n                                       \n  <!-- CO2-Emissionen\t-->\n                                            <span>CO\u2082-Emissionen komb.: 143.0                                 g\/km<\/span><br>\n                                        <!-- CO2-Emissionen\t-->\n                   \n \n                         <span>CO\u2082-Klasse: \n                                    E                                <\/span><br>\n                    \n\n\n                <\/ul>\n\n                    <\/div>\n\n                    <div class=\"vehicle-price\">\n                                                    <div itemprop=\"priceSpecification\" itemscope itemtype=\"http:\/\/schema.org\/UnitPriceSpecification\">\n                                <meta itemprop=\"priceCurrency\" content=\"EUR\">\n                                <meta itemprop=\"price\" content=\"30.990\">\n                                <strong>\n                                    30.990 \u20ac (Brutto)\n                                <\/strong><br><small>\n                                    Inkl. 19% MwSt.                                <\/small>\n                            <\/div>\n                                                <br>\n                        <a href=\"https:\/\/ford-sachsen.de\/html\/page\/fahrzeuge\/ford-focus-turnier-titanium-x-mit-ganzjahresreifen-un\/\"\n                            class=\"vehicle-btn wp-block-button__link wp-element-button\">Details<\/a>\n                    <\/div>\n                <\/div> <!-- \/\/ vehicle-row -->\n               \n            <\/article>\n                        <article id=\"post-4810681\" class=\"vehicle\">\n                <hgroup>\n                    <a href=\"https:\/\/ford-sachsen.de\/html\/page\/fahrzeuge\/jaecoo-j7-phev-select-rueckfahrkamera-acc-led-navi-l\/\">\n                        <h2 class=\"vehicle-title\">\n                            JAECOO J7 PHEV SELECT R\u00dcCKFAHRKAMERA , ACC , LED Navi L                        <\/h2>\n\n                    <\/a>\n                <\/hgroup>\n                <span class=\"vehicle-addition\">\n                    <p>\n                        SUV\/Gel\u00e4ndewagen\/Pickup ,\n                        Neufahrzeug                    <\/p>\n                <\/span>\n                <div class=\"vehicle-row\">\n                    <div class=\"vehicle-thumbnail\">\n                        <a href=\"https:\/\/ford-sachsen.de\/html\/page\/fahrzeuge\/jaecoo-j7-phev-select-rueckfahrkamera-acc-led-navi-l\/\" title=\"JAECOO J7 PHEV SELECT R\u00dcCKFAHRKAMERA , ACC , LED Navi L\">\n                            <img loading=\"lazy\" decoding=\"async\" width=\"300\" height=\"225\" src=\"https:\/\/ford-sachsen.de\/html\/page\/wp-content\/uploads\/2026\/09\/4810681-6a9705e265a756b432d38-76a0-4085-a109-946244be2d7b-rule-mo-1600-300x225.jpg\" class=\"attachment-medium size-medium wp-post-image\" alt=\"\" srcset=\"https:\/\/ford-sachsen.de\/html\/page\/wp-content\/uploads\/2026\/09\/4810681-6a9705e265a756b432d38-76a0-4085-a109-946244be2d7b-rule-mo-1600-300x225.jpg 300w, https:\/\/ford-sachsen.de\/html\/page\/wp-content\/uploads\/2026\/09\/4810681-6a9705e265a756b432d38-76a0-4085-a109-946244be2d7b-rule-mo-1600.jpg 640w\" sizes=\"(max-width: 300px) 100vw, 300px\" \/>                        <\/a>\n                    <\/div>\n                    <div class=\"vehicle-data\">\n                                                                            <small>\n                                10 km\n                            <\/small>\n                                                                            <small>\n                                \u00b7\n                                205 kW\n                                                                (\n                                279 PS)\n                            <\/small>\n                                                                            <small>\n                                \u00b7\n                                Automatik                            <\/small>\n                                                                            <small>\n                                \u00b7\n                                Unfallfrei                            <\/small>\n                        \n                                                    <small>\n                                \u00b7\n                                Plug-in-Hybrid                            <\/small>\n                                                                                                                            <small>\n                                \u00b7\n                                4\/5 T\u00fcren\n                            <\/small>\n                                                <ul class=\"vehicle-emission\">\n                                                <span>Kraftstoffverbrauch gewichtet, kombiniert: \n                                    2.4                                 l\/100km<\/span><br>\n                                             <span>Verbrauch komb.: \n                                    6.0                                 l\/100km<\/span><br>\n                                                                <span>Stromverbrauch gewichtet, kombiniert: \n                                    15.1                                 kWh\/100km<\/span><br>\n                                                            \n                                       \n  <!-- CO2-Emissionen\t-->\n                                            <span>CO\u2082-Emissionen komb.: 54.0                                 g\/km<\/span><br>\n                                        <!-- CO2-Emissionen\t-->\n                   \n \n                         <span>CO\u2082-Klasse: \n                                    B                                <\/span><br>\n                    \n\n\n                <\/ul>\n\n                    <\/div>\n\n                    <div class=\"vehicle-price\">\n                                                    <div itemprop=\"priceSpecification\" itemscope itemtype=\"http:\/\/schema.org\/UnitPriceSpecification\">\n                                <meta itemprop=\"priceCurrency\" content=\"EUR\">\n                                <meta itemprop=\"price\" content=\"35.990\">\n                                <strong>\n                                    35.990 \u20ac (Brutto)\n                                <\/strong><br><small>\n                                    Inkl. 19% MwSt.                                <\/small>\n                            <\/div>\n                                                <br>\n                        <a href=\"https:\/\/ford-sachsen.de\/html\/page\/fahrzeuge\/jaecoo-j7-phev-select-rueckfahrkamera-acc-led-navi-l\/\"\n                            class=\"vehicle-btn wp-block-button__link wp-element-button\">Details<\/a>\n                    <\/div>\n                <\/div> <!-- \/\/ vehicle-row -->\n               \n            <\/article>\n                        <article id=\"post-4810673\" class=\"vehicle\">\n                <hgroup>\n                    <a href=\"https:\/\/ford-sachsen.de\/html\/page\/fahrzeuge\/ford-focus-turnier-titanium-twaaccnavippsled-appl\/\">\n                        <h2 class=\"vehicle-title\">\n                            Ford Focus Turnier Titanium TWA+ACC+NAVI+PPS+LED Appl                        <\/h2>\n\n                    <\/a>\n                <\/hgroup>\n                <span class=\"vehicle-addition\">\n                    <p>\n                        Kombi ,\n                        Gebrauchtfahrzeug                    <\/p>\n                <\/span>\n                <div class=\"vehicle-row\">\n                    <div class=\"vehicle-thumbnail\">\n                        <a href=\"https:\/\/ford-sachsen.de\/html\/page\/fahrzeuge\/ford-focus-turnier-titanium-twaaccnavippsled-appl\/\" title=\"Ford Focus Turnier Titanium TWA+ACC+NAVI+PPS+LED Appl\">\n                            <img loading=\"lazy\" decoding=\"async\" width=\"300\" height=\"225\" src=\"https:\/\/ford-sachsen.de\/html\/page\/wp-content\/uploads\/2026\/09\/4810673-6a9704a3f1cc578c2a5f0-fb46-4f0a-89bc-9c2194bff364-rule-mo-1600-300x225.jpg\" class=\"attachment-medium size-medium wp-post-image\" alt=\"\" srcset=\"https:\/\/ford-sachsen.de\/html\/page\/wp-content\/uploads\/2026\/09\/4810673-6a9704a3f1cc578c2a5f0-fb46-4f0a-89bc-9c2194bff364-rule-mo-1600-300x225.jpg 300w, https:\/\/ford-sachsen.de\/html\/page\/wp-content\/uploads\/2026\/09\/4810673-6a9704a3f1cc578c2a5f0-fb46-4f0a-89bc-9c2194bff364-rule-mo-1600-1024x768.jpg 1024w, https:\/\/ford-sachsen.de\/html\/page\/wp-content\/uploads\/2026\/09\/4810673-6a9704a3f1cc578c2a5f0-fb46-4f0a-89bc-9c2194bff364-rule-mo-1600-768x576.jpg 768w, https:\/\/ford-sachsen.de\/html\/page\/wp-content\/uploads\/2026\/09\/4810673-6a9704a3f1cc578c2a5f0-fb46-4f0a-89bc-9c2194bff364-rule-mo-1600.jpg 1440w\" sizes=\"(max-width: 300px) 100vw, 300px\" \/>                        <\/a>\n                    <\/div>\n                    <div class=\"vehicle-data\">\n                                                    <small>\n                                                                05.2026                                \u00b7\n                            <\/small>\n                                                                            <small>\n                                25 km\n                            <\/small>\n                                                                            <small>\n                                \u00b7\n                                92 kW\n                                                                (\n                                125 PS)\n                            <\/small>\n                                                                            <small>\n                                \u00b7\n                                Schaltgetriebe                            <\/small>\n                                                                            <small>\n                                \u00b7\n                                Unfallfrei                            <\/small>\n                        \n                                                    <small>\n                                \u00b7\n                                Benzin                            <\/small>\n                                                                                                                            <small>\n                                \u00b7\n                                4\/5 T\u00fcren\n                            <\/small>\n                                                <ul class=\"vehicle-emission\">\n                                                 <span>Verbrauch komb.: \n                                    6.1                                 l\/100km<\/span><br>\n                                                                                \n                                       \n  <!-- CO2-Emissionen\t-->\n                                            <span>CO\u2082-Emissionen komb.: 138.0                                 g\/km<\/span><br>\n                                        <!-- CO2-Emissionen\t-->\n                   \n \n                         <span>CO\u2082-Klasse: \n                                    E                                <\/span><br>\n                    \n\n\n                <\/ul>\n\n                    <\/div>\n\n                    <div class=\"vehicle-price\">\n                                                    <div itemprop=\"priceSpecification\" itemscope itemtype=\"http:\/\/schema.org\/UnitPriceSpecification\">\n                                <meta itemprop=\"priceCurrency\" content=\"EUR\">\n                                <meta itemprop=\"price\" content=\"27.990\">\n                                <strong>\n                                    27.990 \u20ac (Brutto)\n                                <\/strong><br><small>\n                                    Inkl. 19% MwSt.                                <\/small>\n                            <\/div>\n                                                <br>\n                        <a href=\"https:\/\/ford-sachsen.de\/html\/page\/fahrzeuge\/ford-focus-turnier-titanium-twaaccnavippsled-appl\/\"\n                            class=\"vehicle-btn wp-block-button__link wp-element-button\">Details<\/a>\n                    <\/div>\n                <\/div> <!-- \/\/ vehicle-row -->\n               \n            <\/article>\n                        <article id=\"post-4810671\" class=\"vehicle\">\n                <hgroup>\n                    <a href=\"https:\/\/ford-sachsen.de\/html\/page\/fahrzeuge\/ford-kuga-phev-st-line-x-ahkschwenkbartechnoassist\/\">\n                        <h2 class=\"vehicle-title\">\n                            Ford Kuga PHEV ST-Line X AHKschwenkbar+TECHNO+ASSIST-                        <\/h2>\n\n                    <\/a>\n                <\/hgroup>\n                <span class=\"vehicle-addition\">\n                    <p>\n                        SUV\/Gel\u00e4ndewagen\/Pickup ,\n                        Gebrauchtfahrzeug                    <\/p>\n                <\/span>\n                <div class=\"vehicle-row\">\n                    <div class=\"vehicle-thumbnail\">\n                        <a href=\"https:\/\/ford-sachsen.de\/html\/page\/fahrzeuge\/ford-kuga-phev-st-line-x-ahkschwenkbartechnoassist\/\" title=\"Ford Kuga PHEV ST-Line X AHKschwenkbar+TECHNO+ASSIST-\">\n                            <img loading=\"lazy\" decoding=\"async\" width=\"300\" height=\"225\" src=\"https:\/\/ford-sachsen.de\/html\/page\/wp-content\/uploads\/2026\/09\/4810671-6a9704a1deae2435937d0-6354-41c9-9af7-ad4fe5ab93ee-rule-mo-1600-300x225.jpg\" class=\"attachment-medium size-medium wp-post-image\" alt=\"\" srcset=\"https:\/\/ford-sachsen.de\/html\/page\/wp-content\/uploads\/2026\/09\/4810671-6a9704a1deae2435937d0-6354-41c9-9af7-ad4fe5ab93ee-rule-mo-1600-300x225.jpg 300w, https:\/\/ford-sachsen.de\/html\/page\/wp-content\/uploads\/2026\/09\/4810671-6a9704a1deae2435937d0-6354-41c9-9af7-ad4fe5ab93ee-rule-mo-1600-1024x768.jpg 1024w, https:\/\/ford-sachsen.de\/html\/page\/wp-content\/uploads\/2026\/09\/4810671-6a9704a1deae2435937d0-6354-41c9-9af7-ad4fe5ab93ee-rule-mo-1600-768x576.jpg 768w, https:\/\/ford-sachsen.de\/html\/page\/wp-content\/uploads\/2026\/09\/4810671-6a9704a1deae2435937d0-6354-41c9-9af7-ad4fe5ab93ee-rule-mo-1600.jpg 1440w\" sizes=\"(max-width: 300px) 100vw, 300px\" \/>                        <\/a>\n                    <\/div>\n                    <div class=\"vehicle-data\">\n                                                    <small>\n                                                                12.2022                                \u00b7\n                            <\/small>\n                                                                            <small>\n                                43.407 km\n                            <\/small>\n                                                                            <small>\n                                \u00b7\n                                165 kW\n                                                                (\n                                224 PS)\n                            <\/small>\n                                                                            <small>\n                                \u00b7\n                                Automatik                            <\/small>\n                                                                            <small>\n                                \u00b7\n                                Unfallfrei                            <\/small>\n                        \n                                                    <small>\n                                \u00b7\n                                Plug-in-Hybrid                            <\/small>\n                                                                                                                            <small>\n                                \u00b7\n                                4\/5 T\u00fcren\n                            <\/small>\n                                                <ul class=\"vehicle-emission\">\n                                                                                     \n                                       \n  <!-- CO2-Emissionen\t-->\n                                        <!-- CO2-Emissionen\t-->\n                   \n \n \n\n\n                <\/ul>\n\n                    <\/div>\n\n                    <div class=\"vehicle-price\">\n                                                    <div itemprop=\"priceSpecification\" itemscope itemtype=\"http:\/\/schema.org\/UnitPriceSpecification\">\n                                <meta itemprop=\"priceCurrency\" content=\"EUR\">\n                                <meta itemprop=\"price\" content=\"26.490\">\n                                <strong>\n                                    26.490 \u20ac (Brutto)\n                                <\/strong><br><small>\n                                    MwSt. nicht ausweisbar                                <\/small>\n                            <\/div>\n                                                <br>\n                        <a href=\"https:\/\/ford-sachsen.de\/html\/page\/fahrzeuge\/ford-kuga-phev-st-line-x-ahkschwenkbartechnoassist\/\"\n                            class=\"vehicle-btn wp-block-button__link wp-element-button\">Details<\/a>\n                    <\/div>\n                <\/div> <!-- \/\/ vehicle-row -->\n               \n            <\/article>\n                        <article id=\"post-4810669\" class=\"vehicle\">\n                <hgroup>\n                    <a href=\"https:\/\/ford-sachsen.de\/html\/page\/fahrzeuge\/ford-transit-custom-kombi-340-l2-limited-phev-fwd-mat\/\">\n                        <h2 class=\"vehicle-title\">\n                            Ford Transit Custom Kombi 340 L2 Limited PHEV FWD MAT                        <\/h2>\n\n                    <\/a>\n                <\/hgroup>\n                <span class=\"vehicle-addition\">\n                    <p>\n                        Kombi ,\n                        Gebrauchtfahrzeug                    <\/p>\n                <\/span>\n                <div class=\"vehicle-row\">\n                    <div class=\"vehicle-thumbnail\">\n                        <a href=\"https:\/\/ford-sachsen.de\/html\/page\/fahrzeuge\/ford-transit-custom-kombi-340-l2-limited-phev-fwd-mat\/\" title=\"Ford Transit Custom Kombi 340 L2 Limited PHEV FWD MAT\">\n                            <img loading=\"lazy\" decoding=\"async\" width=\"300\" height=\"225\" src=\"https:\/\/ford-sachsen.de\/html\/page\/wp-content\/uploads\/2026\/09\/4810669-6a97049fcf9a55f915f9c-99d0-4245-9978-95eb93c14e25-rule-mo-1600-300x225.jpg\" class=\"attachment-medium size-medium wp-post-image\" alt=\"\" srcset=\"https:\/\/ford-sachsen.de\/html\/page\/wp-content\/uploads\/2026\/09\/4810669-6a97049fcf9a55f915f9c-99d0-4245-9978-95eb93c14e25-rule-mo-1600-300x225.jpg 300w, https:\/\/ford-sachsen.de\/html\/page\/wp-content\/uploads\/2026\/09\/4810669-6a97049fcf9a55f915f9c-99d0-4245-9978-95eb93c14e25-rule-mo-1600-1024x768.jpg 1024w, https:\/\/ford-sachsen.de\/html\/page\/wp-content\/uploads\/2026\/09\/4810669-6a97049fcf9a55f915f9c-99d0-4245-9978-95eb93c14e25-rule-mo-1600-768x576.jpg 768w, https:\/\/ford-sachsen.de\/html\/page\/wp-content\/uploads\/2026\/09\/4810669-6a97049fcf9a55f915f9c-99d0-4245-9978-95eb93c14e25-rule-mo-1600.jpg 1440w\" sizes=\"(max-width: 300px) 100vw, 300px\" \/>                        <\/a>\n                    <\/div>\n                    <div class=\"vehicle-data\">\n                                                    <small>\n                                                                12.2025                                \u00b7\n                            <\/small>\n                                                                            <small>\n                                6.000 km\n                            <\/small>\n                                                                            <small>\n                                \u00b7\n                                171 kW\n                                                                (\n                                232 PS)\n                            <\/small>\n                                                                            <small>\n                                \u00b7\n                                Automatik                            <\/small>\n                                                                            <small>\n                                \u00b7\n                                Unfallfrei                            <\/small>\n                        \n                                                    <small>\n                                \u00b7\n                                Plug-in-Hybrid                            <\/small>\n                                                                                                                            <small>\n                                \u00b7\n                                4\/5 T\u00fcren\n                            <\/small>\n                                                <ul class=\"vehicle-emission\">\n                                                <span>Kraftstoffverbrauch gewichtet, kombiniert: \n                                    3.9                                 l\/100km<\/span><br>\n                                             <span>Verbrauch komb.: \n                                    7.2                                 l\/100km<\/span><br>\n                                                                <span>Stromverbrauch gewichtet, kombiniert: \n                                    26.5                                 kWh\/100km<\/span><br>\n                                                            \n                                       \n  <!-- CO2-Emissionen\t-->\n                                            <span>CO\u2082-Emissionen komb.: 89.0                                 g\/km<\/span><br>\n                                        <!-- CO2-Emissionen\t-->\n                   \n \n                         <span>CO\u2082-Klasse: \n                                    B                                <\/span><br>\n                    \n\n\n                <\/ul>\n\n                    <\/div>\n\n                    <div class=\"vehicle-price\">\n                                                    <div itemprop=\"priceSpecification\" itemscope itemtype=\"http:\/\/schema.org\/UnitPriceSpecification\">\n                                <meta itemprop=\"priceCurrency\" content=\"EUR\">\n                                <meta itemprop=\"price\" content=\"47.890\">\n                                <strong>\n                                    47.890 \u20ac (Brutto)\n                                <\/strong><br><small>\n                                    Inkl. 19% MwSt.                                <\/small>\n                            <\/div>\n                                                <br>\n                        <a href=\"https:\/\/ford-sachsen.de\/html\/page\/fahrzeuge\/ford-transit-custom-kombi-340-l2-limited-phev-fwd-mat\/\"\n                            class=\"vehicle-btn wp-block-button__link wp-element-button\">Details<\/a>\n                    <\/div>\n                <\/div> <!-- \/\/ vehicle-row -->\n               \n            <\/article>\n                        <article id=\"post-4810655\" class=\"vehicle\">\n                <hgroup>\n                    <a href=\"https:\/\/ford-sachsen.de\/html\/page\/fahrzeuge\/ford-ranger-doka-tremor-laderaumwanne-gesprueht-ahk-na\/\">\n                        <h2 class=\"vehicle-title\">\n                            Ford Ranger DoKa Tremor LADERAUMWANNE GESPR\u00dcHT AHK Na                        <\/h2>\n\n                    <\/a>\n                <\/hgroup>\n                <span class=\"vehicle-addition\">\n                    <p>\n                        SUV\/Gel\u00e4ndewagen\/Pickup ,\n                        Gebrauchtfahrzeug                    <\/p>\n                <\/span>\n                <div class=\"vehicle-row\">\n                    <div class=\"vehicle-thumbnail\">\n                        <a href=\"https:\/\/ford-sachsen.de\/html\/page\/fahrzeuge\/ford-ranger-doka-tremor-laderaumwanne-gesprueht-ahk-na\/\" title=\"Ford Ranger DoKa Tremor LADERAUMWANNE GESPR\u00dcHT AHK Na\">\n                            <img loading=\"lazy\" decoding=\"async\" width=\"300\" height=\"225\" src=\"https:\/\/ford-sachsen.de\/html\/page\/wp-content\/uploads\/2026\/09\/4810655-6a970368821ffa61a5dc6-55f6-4a0d-99e4-6b7d19267c8b-rule-mo-1600-300x225.jpg\" class=\"attachment-medium size-medium wp-post-image\" alt=\"\" srcset=\"https:\/\/ford-sachsen.de\/html\/page\/wp-content\/uploads\/2026\/09\/4810655-6a970368821ffa61a5dc6-55f6-4a0d-99e4-6b7d19267c8b-rule-mo-1600-300x225.jpg 300w, https:\/\/ford-sachsen.de\/html\/page\/wp-content\/uploads\/2026\/09\/4810655-6a970368821ffa61a5dc6-55f6-4a0d-99e4-6b7d19267c8b-rule-mo-1600-1024x768.jpg 1024w, https:\/\/ford-sachsen.de\/html\/page\/wp-content\/uploads\/2026\/09\/4810655-6a970368821ffa61a5dc6-55f6-4a0d-99e4-6b7d19267c8b-rule-mo-1600-768x576.jpg 768w, https:\/\/ford-sachsen.de\/html\/page\/wp-content\/uploads\/2026\/09\/4810655-6a970368821ffa61a5dc6-55f6-4a0d-99e4-6b7d19267c8b-rule-mo-1600.jpg 1440w\" sizes=\"(max-width: 300px) 100vw, 300px\" \/>                        <\/a>\n                    <\/div>\n                    <div class=\"vehicle-data\">\n                                                    <small>\n                                                                03.2026                                \u00b7\n                            <\/small>\n                                                                            <small>\n                                25 km\n                            <\/small>\n                                                                            <small>\n                                \u00b7\n                                151 kW\n                                                                (\n                                205 PS)\n                            <\/small>\n                                                                            <small>\n                                \u00b7\n                                Automatik                            <\/small>\n                                                                            <small>\n                                \u00b7\n                                Unfallfrei                            <\/small>\n                        \n                                                    <small>\n                                \u00b7\n                                Diesel                            <\/small>\n                                                                                                                            <small>\n                                \u00b7\n                                4\/5 T\u00fcren\n                            <\/small>\n                                                <ul class=\"vehicle-emission\">\n                                                 <span>Verbrauch komb.: \n                                    10.3                                 l\/100km<\/span><br>\n                                                                                \n                                       \n  <!-- CO2-Emissionen\t-->\n                                            <span>CO\u2082-Emissionen komb.: 270.0                                 g\/km<\/span><br>\n                                        <!-- CO2-Emissionen\t-->\n                   \n \n                         <span>CO\u2082-Klasse: \n                                    G                                <\/span><br>\n                    \n\n\n                <\/ul>\n\n                    <\/div>\n\n                    <div class=\"vehicle-price\">\n                                                    <div itemprop=\"priceSpecification\" itemscope itemtype=\"http:\/\/schema.org\/UnitPriceSpecification\">\n                                <meta itemprop=\"priceCurrency\" content=\"EUR\">\n                                <meta itemprop=\"price\" content=\"43.690\">\n                                <strong>\n                                    43.690 \u20ac (Brutto)\n                                <\/strong><br><small>\n                                    Inkl. 19% MwSt.                                <\/small>\n                            <\/div>\n                                                <br>\n                        <a href=\"https:\/\/ford-sachsen.de\/html\/page\/fahrzeuge\/ford-ranger-doka-tremor-laderaumwanne-gesprueht-ahk-na\/\"\n                            class=\"vehicle-btn wp-block-button__link wp-element-button\">Details<\/a>\n                    <\/div>\n                <\/div> <!-- \/\/ vehicle-row -->\n               \n            <\/article>\n                        <article id=\"post-4810651\" class=\"vehicle\">\n                <hgroup>\n                    <a href=\"https:\/\/ford-sachsen.de\/html\/page\/fahrzeuge\/ford-tourneo-custom-bus-320-l1-titanium-schiebetueren\/\">\n                        <h2 class=\"vehicle-title\">\n                            Ford Tourneo Custom Bus 320 L1 Titanium Schiebet\u00fcren                        <\/h2>\n\n                    <\/a>\n                <\/hgroup>\n                <span class=\"vehicle-addition\">\n                    <p>\n                        Van\/Minibus ,\n                        Neufahrzeug                    <\/p>\n                <\/span>\n                <div class=\"vehicle-row\">\n                    <div class=\"vehicle-thumbnail\">\n                        <a href=\"https:\/\/ford-sachsen.de\/html\/page\/fahrzeuge\/ford-tourneo-custom-bus-320-l1-titanium-schiebetueren\/\" title=\"Ford Tourneo Custom Bus 320 L1 Titanium Schiebet\u00fcren\">\n                            <img loading=\"lazy\" decoding=\"async\" width=\"300\" height=\"225\" src=\"https:\/\/ford-sachsen.de\/html\/page\/wp-content\/uploads\/2026\/09\/4810651-6a9703632d9f9e03c549c-839e-4650-81a1-fe743978fd32-rule-mo-1600-300x225.jpg\" class=\"attachment-medium size-medium wp-post-image\" alt=\"\" srcset=\"https:\/\/ford-sachsen.de\/html\/page\/wp-content\/uploads\/2026\/09\/4810651-6a9703632d9f9e03c549c-839e-4650-81a1-fe743978fd32-rule-mo-1600-300x225.jpg 300w, https:\/\/ford-sachsen.de\/html\/page\/wp-content\/uploads\/2026\/09\/4810651-6a9703632d9f9e03c549c-839e-4650-81a1-fe743978fd32-rule-mo-1600-1024x768.jpg 1024w, https:\/\/ford-sachsen.de\/html\/page\/wp-content\/uploads\/2026\/09\/4810651-6a9703632d9f9e03c549c-839e-4650-81a1-fe743978fd32-rule-mo-1600-768x576.jpg 768w, https:\/\/ford-sachsen.de\/html\/page\/wp-content\/uploads\/2026\/09\/4810651-6a9703632d9f9e03c549c-839e-4650-81a1-fe743978fd32-rule-mo-1600.jpg 1440w\" sizes=\"(max-width: 300px) 100vw, 300px\" \/>                        <\/a>\n                    <\/div>\n                    <div class=\"vehicle-data\">\n                                                                            <small>\n                                2 km\n                            <\/small>\n                                                                            <small>\n                                \u00b7\n                                125 kW\n                                                                (\n                                170 PS)\n                            <\/small>\n                                                                            <small>\n                                \u00b7\n                                Automatik                            <\/small>\n                                                                            <small>\n                                \u00b7\n                                Unfallfrei                            <\/small>\n                        \n                                                    <small>\n                                \u00b7\n                                Diesel                            <\/small>\n                                                                                                                            <small>\n                                \u00b7\n                                4\/5 T\u00fcren\n                            <\/small>\n                                                <ul class=\"vehicle-emission\">\n                                                 <span>Verbrauch komb.: \n                                    8.1                                 l\/100km<\/span><br>\n                                                                                \n                                       \n  <!-- CO2-Emissionen\t-->\n                                            <span>CO\u2082-Emissionen komb.: 212.0                                 g\/km<\/span><br>\n                                        <!-- CO2-Emissionen\t-->\n                   \n \n                         <span>CO\u2082-Klasse: \n                                    G                                <\/span><br>\n                    \n\n\n                <\/ul>\n\n                    <\/div>\n\n                    <div class=\"vehicle-price\">\n                                                    <div itemprop=\"priceSpecification\" itemscope itemtype=\"http:\/\/schema.org\/UnitPriceSpecification\">\n                                <meta itemprop=\"priceCurrency\" content=\"EUR\">\n                                <meta itemprop=\"price\" content=\"52.348\">\n                                <strong>\n                                    52.348 \u20ac (Brutto)\n                                <\/strong><br><small>\n                                    Inkl. 19% MwSt.                                <\/small>\n                            <\/div>\n                                                <br>\n                        <a href=\"https:\/\/ford-sachsen.de\/html\/page\/fahrzeuge\/ford-tourneo-custom-bus-320-l1-titanium-schiebetueren\/\"\n                            class=\"vehicle-btn wp-block-button__link wp-element-button\">Details<\/a>\n                    <\/div>\n                <\/div> <!-- \/\/ vehicle-row -->\n               \n            <\/article>\n                        <article id=\"post-4810649\" class=\"vehicle\">\n                <hgroup>\n                    <a href=\"https:\/\/ford-sachsen.de\/html\/page\/fahrzeuge\/ford-transit-kasten-350-l2-trend-183ps-68-kwh-batteri\/\">\n                        <h2 class=\"vehicle-title\">\n                            Ford Transit Kasten 350 L2 TREND 183PS 68 kWh Batteri                        <\/h2>\n\n                    <\/a>\n                <\/hgroup>\n                <span class=\"vehicle-addition\">\n                    <p>\n                        Andere ,\n                        Neufahrzeug                    <\/p>\n                <\/span>\n                <div class=\"vehicle-row\">\n                    <div class=\"vehicle-thumbnail\">\n                        <a href=\"https:\/\/ford-sachsen.de\/html\/page\/fahrzeuge\/ford-transit-kasten-350-l2-trend-183ps-68-kwh-batteri\/\" title=\"Ford Transit Kasten 350 L2 TREND 183PS 68 kWh Batteri\">\n                            <img loading=\"lazy\" decoding=\"async\" width=\"300\" height=\"225\" src=\"https:\/\/ford-sachsen.de\/html\/page\/wp-content\/uploads\/2026\/09\/4810649-6a970360ec17fab0b2e5e-9b1d-4272-a835-6ec4a6441c04-rule-mo-1600-300x225.jpg\" class=\"attachment-medium size-medium wp-post-image\" alt=\"\" srcset=\"https:\/\/ford-sachsen.de\/html\/page\/wp-content\/uploads\/2026\/09\/4810649-6a970360ec17fab0b2e5e-9b1d-4272-a835-6ec4a6441c04-rule-mo-1600-300x225.jpg 300w, https:\/\/ford-sachsen.de\/html\/page\/wp-content\/uploads\/2026\/09\/4810649-6a970360ec17fab0b2e5e-9b1d-4272-a835-6ec4a6441c04-rule-mo-1600-1024x768.jpg 1024w, https:\/\/ford-sachsen.de\/html\/page\/wp-content\/uploads\/2026\/09\/4810649-6a970360ec17fab0b2e5e-9b1d-4272-a835-6ec4a6441c04-rule-mo-1600-768x576.jpg 768w, https:\/\/ford-sachsen.de\/html\/page\/wp-content\/uploads\/2026\/09\/4810649-6a970360ec17fab0b2e5e-9b1d-4272-a835-6ec4a6441c04-rule-mo-1600.jpg 1440w\" sizes=\"(max-width: 300px) 100vw, 300px\" \/>                        <\/a>\n                    <\/div>\n                    <div class=\"vehicle-data\">\n                                                                            <small>\n                                10 km\n                            <\/small>\n                                                                            <small>\n                                \u00b7\n                                135 kW\n                                                                (\n                                184 PS)\n                            <\/small>\n                                                                            <small>\n                                \u00b7\n                                Automatik                            <\/small>\n                                                                            <small>\n                                \u00b7\n                                Unfallfrei                            <\/small>\n                        \n                                                    <small>\n                                \u00b7\n                                Elektro                            <\/small>\n                                                                                                                            <small>\n                                \u00b7\n                                4\/5 T\u00fcren\n                            <\/small>\n                                                <ul class=\"vehicle-emission\">\n                                                                                     \n                                       \n  <!-- CO2-Emissionen\t-->\n                                        <!-- CO2-Emissionen\t-->\n                   \n \n                         <span>CO\u2082-Klasse: \n                                    A                                <\/span><br>\n                    \n\n\n                <\/ul>\n\n                    <\/div>\n\n                    <div class=\"vehicle-price\">\n                                                    <div itemprop=\"priceSpecification\" itemscope itemtype=\"http:\/\/schema.org\/UnitPriceSpecification\">\n                                <meta itemprop=\"priceCurrency\" content=\"EUR\">\n                                <meta itemprop=\"price\" content=\"52.499\">\n                                <strong>\n                                    52.499 \u20ac (Brutto)\n                                <\/strong><br><small>\n                                    Inkl. 19% MwSt.                                <\/small>\n                            <\/div>\n                                                <br>\n                        <a href=\"https:\/\/ford-sachsen.de\/html\/page\/fahrzeuge\/ford-transit-kasten-350-l2-trend-183ps-68-kwh-batteri\/\"\n                            class=\"vehicle-btn wp-block-button__link wp-element-button\">Details<\/a>\n                    <\/div>\n                <\/div> <!-- \/\/ vehicle-row -->\n               \n            <\/article>\n                        <article id=\"post-4810647\" class=\"vehicle\">\n                <hgroup>\n                    <a href=\"https:\/\/ford-sachsen.de\/html\/page\/fahrzeuge\/ford-transit-courier-kasten-trend-beifahrersitz-falt\/\">\n                        <h2 class=\"vehicle-title\">\n                            Ford Transit Courier Kasten Trend Beifahrersitz falt-                        <\/h2>\n\n                    <\/a>\n                <\/hgroup>\n                <span class=\"vehicle-addition\">\n                    <p>\n                        Andere ,\n                        Neufahrzeug                    <\/p>\n                <\/span>\n                <div class=\"vehicle-row\">\n                    <div class=\"vehicle-thumbnail\">\n                        <a href=\"https:\/\/ford-sachsen.de\/html\/page\/fahrzeuge\/ford-transit-courier-kasten-trend-beifahrersitz-falt\/\" title=\"Ford Transit Courier Kasten Trend Beifahrersitz falt-\">\n                            <img loading=\"lazy\" decoding=\"async\" width=\"300\" height=\"225\" src=\"https:\/\/ford-sachsen.de\/html\/page\/wp-content\/uploads\/2026\/09\/4810647-6a97035e67bdde72cbbb8-b2ec-4c80-a6e1-fadfa3926f57-rule-mo-1600-300x225.jpg\" class=\"attachment-medium size-medium wp-post-image\" alt=\"\" srcset=\"https:\/\/ford-sachsen.de\/html\/page\/wp-content\/uploads\/2026\/09\/4810647-6a97035e67bdde72cbbb8-b2ec-4c80-a6e1-fadfa3926f57-rule-mo-1600-300x225.jpg 300w, https:\/\/ford-sachsen.de\/html\/page\/wp-content\/uploads\/2026\/09\/4810647-6a97035e67bdde72cbbb8-b2ec-4c80-a6e1-fadfa3926f57-rule-mo-1600-1024x768.jpg 1024w, https:\/\/ford-sachsen.de\/html\/page\/wp-content\/uploads\/2026\/09\/4810647-6a97035e67bdde72cbbb8-b2ec-4c80-a6e1-fadfa3926f57-rule-mo-1600-768x576.jpg 768w, https:\/\/ford-sachsen.de\/html\/page\/wp-content\/uploads\/2026\/09\/4810647-6a97035e67bdde72cbbb8-b2ec-4c80-a6e1-fadfa3926f57-rule-mo-1600.jpg 1440w\" sizes=\"(max-width: 300px) 100vw, 300px\" \/>                        <\/a>\n                    <\/div>\n                    <div class=\"vehicle-data\">\n                                                                            <small>\n                                10 km\n                            <\/small>\n                                                                            <small>\n                                \u00b7\n                                74 kW\n                                                                (\n                                101 PS)\n                            <\/small>\n                                                                            <small>\n                                \u00b7\n                                Schaltgetriebe                            <\/small>\n                                                                            <small>\n                                \u00b7\n                                Unfallfrei                            <\/small>\n                        \n                                                    <small>\n                                \u00b7\n                                Diesel                            <\/small>\n                                                                                                                            <small>\n                                \u00b7\n                                4\/5 T\u00fcren\n                            <\/small>\n                                                <ul class=\"vehicle-emission\">\n                                                 <span>Verbrauch komb.: \n                                    5.6                                 l\/100km<\/span><br>\n                                                                                \n                                       \n  <!-- CO2-Emissionen\t-->\n                                            <span>CO\u2082-Emissionen komb.: 147.0                                 g\/km<\/span><br>\n                                        <!-- CO2-Emissionen\t-->\n                   \n \n                         <span>CO\u2082-Klasse: \n                                    E                                <\/span><br>\n                    \n\n\n                <\/ul>\n\n                    <\/div>\n\n                    <div class=\"vehicle-price\">\n                                                    <div itemprop=\"priceSpecification\" itemscope itemtype=\"http:\/\/schema.org\/UnitPriceSpecification\">\n                                <meta itemprop=\"priceCurrency\" content=\"EUR\">\n                                <meta itemprop=\"price\" content=\"22.458\">\n                                <strong>\n                                    22.458 \u20ac (Brutto)\n                                <\/strong><br><small>\n                                    Inkl. 19% MwSt.                                <\/small>\n                            <\/div>\n                                                <br>\n                        <a href=\"https:\/\/ford-sachsen.de\/html\/page\/fahrzeuge\/ford-transit-courier-kasten-trend-beifahrersitz-falt\/\"\n                            class=\"vehicle-btn wp-block-button__link wp-element-button\">Details<\/a>\n                    <\/div>\n                <\/div> <!-- \/\/ vehicle-row -->\n               \n            <\/article>\n                        <article id=\"post-4810635\" class=\"vehicle\">\n                <hgroup>\n                    <a href=\"https:\/\/ford-sachsen.de\/html\/page\/fahrzeuge\/ford-focus-turnier-titanium-x-automatik-gjr-acc-kamer\/\">\n                        <h2 class=\"vehicle-title\">\n                            Ford Focus Turnier Titanium X Automatik GJR ACC Kamer                        <\/h2>\n\n                    <\/a>\n                <\/hgroup>\n                <span class=\"vehicle-addition\">\n                    <p>\n                        Kombi ,\n                        Gebrauchtfahrzeug                    <\/p>\n                <\/span>\n                <div class=\"vehicle-row\">\n                    <div class=\"vehicle-thumbnail\">\n                        <a href=\"https:\/\/ford-sachsen.de\/html\/page\/fahrzeuge\/ford-focus-turnier-titanium-x-automatik-gjr-acc-kamer\/\" title=\"Ford Focus Turnier Titanium X Automatik GJR ACC Kamer\">\n                            <img loading=\"lazy\" decoding=\"async\" width=\"300\" height=\"225\" src=\"https:\/\/ford-sachsen.de\/html\/page\/wp-content\/uploads\/2026\/09\/4810635-6a970259c68804c651090-73dd-4196-9d91-d4cbb4435238-rule-mo-1600-300x225.jpg\" class=\"attachment-medium size-medium wp-post-image\" alt=\"\" srcset=\"https:\/\/ford-sachsen.de\/html\/page\/wp-content\/uploads\/2026\/09\/4810635-6a970259c68804c651090-73dd-4196-9d91-d4cbb4435238-rule-mo-1600-300x225.jpg 300w, https:\/\/ford-sachsen.de\/html\/page\/wp-content\/uploads\/2026\/09\/4810635-6a970259c68804c651090-73dd-4196-9d91-d4cbb4435238-rule-mo-1600-1024x768.jpg 1024w, https:\/\/ford-sachsen.de\/html\/page\/wp-content\/uploads\/2026\/09\/4810635-6a970259c68804c651090-73dd-4196-9d91-d4cbb4435238-rule-mo-1600-768x576.jpg 768w, https:\/\/ford-sachsen.de\/html\/page\/wp-content\/uploads\/2026\/09\/4810635-6a970259c68804c651090-73dd-4196-9d91-d4cbb4435238-rule-mo-1600.jpg 1448w\" sizes=\"(max-width: 300px) 100vw, 300px\" \/>                        <\/a>\n                    <\/div>\n                    <div class=\"vehicle-data\">\n                                                    <small>\n                                                                01.2026                                \u00b7\n                            <\/small>\n                                                                            <small>\n                                123 km\n                            <\/small>\n                                                                            <small>\n                                \u00b7\n                                113 kW\n                                                                (\n                                154 PS)\n                            <\/small>\n                                                                            <small>\n                                \u00b7\n                                Automatik                            <\/small>\n                                                                            <small>\n                                \u00b7\n                                Unfallfrei                            <\/small>\n                        \n                                                    <small>\n                                \u00b7\n                                Benzin                            <\/small>\n                                                                                                                            <small>\n                                \u00b7\n                                4\/5 T\u00fcren\n                            <\/small>\n                                                <ul class=\"vehicle-emission\">\n                                                 <span>Verbrauch komb.: \n                                    5.4                                 l\/100km<\/span><br>\n                                                                                \n                                       \n  <!-- CO2-Emissionen\t-->\n                                            <span>CO\u2082-Emissionen komb.: 122.0                                 g\/km<\/span><br>\n                                        <!-- CO2-Emissionen\t-->\n                   \n \n                         <span>CO\u2082-Klasse: \n                                    D                                <\/span><br>\n                    \n\n\n                <\/ul>\n\n                    <\/div>\n\n                    <div class=\"vehicle-price\">\n                                                    <div itemprop=\"priceSpecification\" itemscope itemtype=\"http:\/\/schema.org\/UnitPriceSpecification\">\n                                <meta itemprop=\"priceCurrency\" content=\"EUR\">\n                                <meta itemprop=\"price\" content=\"30.990\">\n                                <strong>\n                                    30.990 \u20ac (Brutto)\n                                <\/strong><br><small>\n                                    Inkl. 19% MwSt.                                <\/small>\n                            <\/div>\n                                                <br>\n                        <a href=\"https:\/\/ford-sachsen.de\/html\/page\/fahrzeuge\/ford-focus-turnier-titanium-x-automatik-gjr-acc-kamer\/\"\n                            class=\"vehicle-btn wp-block-button__link wp-element-button\">Details<\/a>\n                    <\/div>\n                <\/div> <!-- \/\/ vehicle-row -->\n               \n            <\/article>\n                        <article id=\"post-4810633\" class=\"vehicle\">\n                <hgroup>\n                    <a href=\"https:\/\/ford-sachsen.de\/html\/page\/fahrzeuge\/ford-tourneo-custom-active-awd-aut-el-schiebet-ahk\/\">\n                        <h2 class=\"vehicle-title\">\n                            Ford Tourneo Custom Active AWD Aut el.Schiebet. AHK                        <\/h2>\n\n                    <\/a>\n                <\/hgroup>\n                <span class=\"vehicle-addition\">\n                    <p>\n                        Van\/Minibus ,\n                        Gebrauchtfahrzeug                    <\/p>\n                <\/span>\n                <div class=\"vehicle-row\">\n                    <div class=\"vehicle-thumbnail\">\n                        <a href=\"https:\/\/ford-sachsen.de\/html\/page\/fahrzeuge\/ford-tourneo-custom-active-awd-aut-el-schiebet-ahk\/\" title=\"Ford Tourneo Custom Active AWD Aut el.Schiebet. AHK\">\n                            <img loading=\"lazy\" decoding=\"async\" width=\"300\" height=\"225\" src=\"https:\/\/ford-sachsen.de\/html\/page\/wp-content\/uploads\/2026\/09\/4810633-6a9702579d3cf0f397194-0f3a-4b92-84c1-b91e046c0aa0-rule-mo-1600-300x225.jpg\" class=\"attachment-medium size-medium wp-post-image\" alt=\"\" srcset=\"https:\/\/ford-sachsen.de\/html\/page\/wp-content\/uploads\/2026\/09\/4810633-6a9702579d3cf0f397194-0f3a-4b92-84c1-b91e046c0aa0-rule-mo-1600-300x225.jpg 300w, https:\/\/ford-sachsen.de\/html\/page\/wp-content\/uploads\/2026\/09\/4810633-6a9702579d3cf0f397194-0f3a-4b92-84c1-b91e046c0aa0-rule-mo-1600-1024x768.jpg 1024w, https:\/\/ford-sachsen.de\/html\/page\/wp-content\/uploads\/2026\/09\/4810633-6a9702579d3cf0f397194-0f3a-4b92-84c1-b91e046c0aa0-rule-mo-1600-768x576.jpg 768w, https:\/\/ford-sachsen.de\/html\/page\/wp-content\/uploads\/2026\/09\/4810633-6a9702579d3cf0f397194-0f3a-4b92-84c1-b91e046c0aa0-rule-mo-1600.jpg 1448w\" sizes=\"(max-width: 300px) 100vw, 300px\" \/>                        <\/a>\n                    <\/div>\n                    <div class=\"vehicle-data\">\n                                                    <small>\n                                                                10.2025                                \u00b7\n                            <\/small>\n                                                                            <small>\n                                10.726 km\n                            <\/small>\n                                                                            <small>\n                                \u00b7\n                                124 kW\n                                                                (\n                                169 PS)\n                            <\/small>\n                                                                            <small>\n                                \u00b7\n                                Automatik                            <\/small>\n                                                                            <small>\n                                \u00b7\n                                Unfallfrei                            <\/small>\n                        \n                                                    <small>\n                                \u00b7\n                                Diesel                            <\/small>\n                                                                                                                            <small>\n                                \u00b7\n                                4\/5 T\u00fcren\n                            <\/small>\n                                                <ul class=\"vehicle-emission\">\n                                                 <span>Verbrauch komb.: \n                                    9.2                                 l\/100km<\/span><br>\n                                                                                \n                                       \n  <!-- CO2-Emissionen\t-->\n                                            <span>CO\u2082-Emissionen komb.: 291.0                                 g\/km<\/span><br>\n                                        <!-- CO2-Emissionen\t-->\n                   \n \n                         <span>CO\u2082-Klasse: \n                                    G                                <\/span><br>\n                    \n\n\n                <\/ul>\n\n                    <\/div>\n\n                    <div class=\"vehicle-price\">\n                                                    <div itemprop=\"priceSpecification\" itemscope itemtype=\"http:\/\/schema.org\/UnitPriceSpecification\">\n                                <meta itemprop=\"priceCurrency\" content=\"EUR\">\n                                <meta itemprop=\"price\" content=\"59.256\">\n                                <strong>\n                                    59.256 \u20ac (Brutto)\n                                <\/strong><br><small>\n                                    Inkl. 19% MwSt.                                <\/small>\n                            <\/div>\n                                                <br>\n                        <a href=\"https:\/\/ford-sachsen.de\/html\/page\/fahrzeuge\/ford-tourneo-custom-active-awd-aut-el-schiebet-ahk\/\"\n                            class=\"vehicle-btn wp-block-button__link wp-element-button\">Details<\/a>\n                    <\/div>\n                <\/div> <!-- \/\/ vehicle-row -->\n               \n            <\/article>\n                        <article id=\"post-4810631\" class=\"vehicle\">\n                <hgroup>\n                    <a href=\"https:\/\/ford-sachsen.de\/html\/page\/fahrzeuge\/ford-puma-st-line-lenkradheizung-beheizbare-frontsche\/\">\n                        <h2 class=\"vehicle-title\">\n                            Ford Puma ST-Line Lenkradheizung Beheizbare Frontsche                        <\/h2>\n\n                    <\/a>\n                <\/hgroup>\n                <span class=\"vehicle-addition\">\n                    <p>\n                        SUV\/Gel\u00e4ndewagen\/Pickup ,\n                        Gebrauchtfahrzeug                    <\/p>\n                <\/span>\n                <div class=\"vehicle-row\">\n                    <div class=\"vehicle-thumbnail\">\n                        <a href=\"https:\/\/ford-sachsen.de\/html\/page\/fahrzeuge\/ford-puma-st-line-lenkradheizung-beheizbare-frontsche\/\" title=\"Ford Puma ST-Line Lenkradheizung Beheizbare Frontsche\">\n                            <img loading=\"lazy\" decoding=\"async\" width=\"300\" height=\"225\" src=\"https:\/\/ford-sachsen.de\/html\/page\/wp-content\/uploads\/2026\/09\/4810631-6a9702558a5ad4392882e-d0b6-4b25-b8b6-2a4a9c90751f-rule-mo-1600-300x225.jpg\" class=\"attachment-medium size-medium wp-post-image\" alt=\"\" srcset=\"https:\/\/ford-sachsen.de\/html\/page\/wp-content\/uploads\/2026\/09\/4810631-6a9702558a5ad4392882e-d0b6-4b25-b8b6-2a4a9c90751f-rule-mo-1600-300x225.jpg 300w, https:\/\/ford-sachsen.de\/html\/page\/wp-content\/uploads\/2026\/09\/4810631-6a9702558a5ad4392882e-d0b6-4b25-b8b6-2a4a9c90751f-rule-mo-1600-1024x768.jpg 1024w, https:\/\/ford-sachsen.de\/html\/page\/wp-content\/uploads\/2026\/09\/4810631-6a9702558a5ad4392882e-d0b6-4b25-b8b6-2a4a9c90751f-rule-mo-1600-768x576.jpg 768w, https:\/\/ford-sachsen.de\/html\/page\/wp-content\/uploads\/2026\/09\/4810631-6a9702558a5ad4392882e-d0b6-4b25-b8b6-2a4a9c90751f-rule-mo-1600.jpg 1440w\" sizes=\"(max-width: 300px) 100vw, 300px\" \/>                        <\/a>\n                    <\/div>\n                    <div class=\"vehicle-data\">\n                                                    <small>\n                                                                11.2022                                \u00b7\n                            <\/small>\n                                                                            <small>\n                                14.633 km\n                            <\/small>\n                                                                            <small>\n                                \u00b7\n                                92 kW\n                                                                (\n                                125 PS)\n                            <\/small>\n                                                                            <small>\n                                \u00b7\n                                Schaltgetriebe                            <\/small>\n                                                                            <small>\n                                \u00b7\n                                Unfallfrei                            <\/small>\n                        \n                                                    <small>\n                                \u00b7\n                                Benzin                            <\/small>\n                                                                                                                            <small>\n                                \u00b7\n                                4\/5 T\u00fcren\n                            <\/small>\n                                                <ul class=\"vehicle-emission\">\n                                                 <span>Verbrauch komb.: \n                                    5.6                                 l\/100km<\/span><br>\n                                                                                \n                                       \n  <!-- CO2-Emissionen\t-->\n                                            <span>CO\u2082-Emissionen komb.: 127.0                                 g\/km<\/span><br>\n                                        <!-- CO2-Emissionen\t-->\n                   \n \n                         <span>CO\u2082-Klasse: \n                                    D                                <\/span><br>\n                    \n\n\n                <\/ul>\n\n                    <\/div>\n\n                    <div class=\"vehicle-price\">\n                                                    <div itemprop=\"priceSpecification\" itemscope itemtype=\"http:\/\/schema.org\/UnitPriceSpecification\">\n                                <meta itemprop=\"priceCurrency\" content=\"EUR\">\n                                <meta itemprop=\"price\" content=\"17.795\">\n                                <strong>\n                                    17.795 \u20ac (Brutto)\n                                <\/strong><br><small>\n                                    Inkl. 19% MwSt.                                <\/small>\n                            <\/div>\n                                                <br>\n                        <a href=\"https:\/\/ford-sachsen.de\/html\/page\/fahrzeuge\/ford-puma-st-line-lenkradheizung-beheizbare-frontsche\/\"\n                            class=\"vehicle-btn wp-block-button__link wp-element-button\">Details<\/a>\n                    <\/div>\n                <\/div> <!-- \/\/ vehicle-row -->\n               \n            <\/article>\n                        <article id=\"post-4810629\" class=\"vehicle\">\n                <hgroup>\n                    <a href=\"https:\/\/ford-sachsen.de\/html\/page\/fahrzeuge\/mg-hs-phev-luxury-vorfuehrwagen-sofort-verfuegbar\/\">\n                        <h2 class=\"vehicle-title\">\n                            MG HS PHEV Luxury &#8211; Vorf\u00fchrwagen, sofort Verf\u00fcgbar!                        <\/h2>\n\n                    <\/a>\n                <\/hgroup>\n                <span class=\"vehicle-addition\">\n                    <p>\n                        SUV\/Gel\u00e4ndewagen\/Pickup ,\n                        Gebrauchtfahrzeug                    <\/p>\n                <\/span>\n                <div class=\"vehicle-row\">\n                    <div class=\"vehicle-thumbnail\">\n                        <a href=\"https:\/\/ford-sachsen.de\/html\/page\/fahrzeuge\/mg-hs-phev-luxury-vorfuehrwagen-sofort-verfuegbar\/\" title=\"MG HS PHEV Luxury &#8211; Vorf\u00fchrwagen, sofort Verf\u00fcgbar!\">\n                            <img loading=\"lazy\" decoding=\"async\" width=\"300\" height=\"225\" src=\"https:\/\/ford-sachsen.de\/html\/page\/wp-content\/uploads\/2026\/09\/4810629-6a970253639906df16da2-25eb-49eb-b5bc-ae92f65f347e-rule-mo-1600-300x225.jpg\" class=\"attachment-medium size-medium wp-post-image\" alt=\"\" srcset=\"https:\/\/ford-sachsen.de\/html\/page\/wp-content\/uploads\/2026\/09\/4810629-6a970253639906df16da2-25eb-49eb-b5bc-ae92f65f347e-rule-mo-1600-300x225.jpg 300w, https:\/\/ford-sachsen.de\/html\/page\/wp-content\/uploads\/2026\/09\/4810629-6a970253639906df16da2-25eb-49eb-b5bc-ae92f65f347e-rule-mo-1600-1024x768.jpg 1024w, https:\/\/ford-sachsen.de\/html\/page\/wp-content\/uploads\/2026\/09\/4810629-6a970253639906df16da2-25eb-49eb-b5bc-ae92f65f347e-rule-mo-1600-768x576.jpg 768w, https:\/\/ford-sachsen.de\/html\/page\/wp-content\/uploads\/2026\/09\/4810629-6a970253639906df16da2-25eb-49eb-b5bc-ae92f65f347e-rule-mo-1600.jpg 1440w\" sizes=\"(max-width: 300px) 100vw, 300px\" \/>                        <\/a>\n                    <\/div>\n                    <div class=\"vehicle-data\">\n                                                    <small>\n                                                                06.2025                                \u00b7\n                            <\/small>\n                                                                            <small>\n                                12.895 km\n                            <\/small>\n                                                                            <small>\n                                \u00b7\n                                200 kW\n                                                                (\n                                272 PS)\n                            <\/small>\n                                                                            <small>\n                                \u00b7\n                                Automatik                            <\/small>\n                                                                            <small>\n                                \u00b7\n                                Unfallfrei                            <\/small>\n                        \n                                                    <small>\n                                \u00b7\n                                Plug-in-Hybrid                            <\/small>\n                                                                                                                            <small>\n                                \u00b7\n                                4\/5 T\u00fcren\n                            <\/small>\n                                                <ul class=\"vehicle-emission\">\n                                                <span>Kraftstoffverbrauch gewichtet, kombiniert: \n                                    0.5                                 l\/100km<\/span><br>\n                                             <span>Verbrauch komb.: \n                                    5.8                                 l\/100km<\/span><br>\n                                                                <span>Stromverbrauch gewichtet, kombiniert: \n                                    14.0                                 kWh\/100km<\/span><br>\n                                                            \n                                       \n  <!-- CO2-Emissionen\t-->\n                                            <span>CO\u2082-Emissionen komb.: 14.0                                 g\/km<\/span><br>\n                                        <!-- CO2-Emissionen\t-->\n                   \n \n                         <span>CO\u2082-Klasse: \n                                    B                                <\/span><br>\n                    \n\n\n                <\/ul>\n\n                    <\/div>\n\n                    <div class=\"vehicle-price\">\n                                                    <div itemprop=\"priceSpecification\" itemscope itemtype=\"http:\/\/schema.org\/UnitPriceSpecification\">\n                                <meta itemprop=\"priceCurrency\" content=\"EUR\">\n                                <meta itemprop=\"price\" content=\"28.899\">\n                                <strong>\n                                    28.899 \u20ac (Brutto)\n                                <\/strong><br><small>\n                                    Inkl. 19% MwSt.                                <\/small>\n                            <\/div>\n                                                <br>\n                        <a href=\"https:\/\/ford-sachsen.de\/html\/page\/fahrzeuge\/mg-hs-phev-luxury-vorfuehrwagen-sofort-verfuegbar\/\"\n                            class=\"vehicle-btn wp-block-button__link wp-element-button\">Details<\/a>\n                    <\/div>\n                <\/div> <!-- \/\/ vehicle-row -->\n               \n            <\/article>\n                        <article id=\"post-4810627\" class=\"vehicle\">\n                <hgroup>\n                    <a href=\"https:\/\/ford-sachsen.de\/html\/page\/fahrzeuge\/ford-kuga-st-line-gjr-led-beheizb-frontsch-lenkradh\/\">\n                        <h2 class=\"vehicle-title\">\n                            Ford Kuga ST-Line GJR LED Beheizb. Frontsch. LenkradH                        <\/h2>\n\n                    <\/a>\n                <\/hgroup>\n                <span class=\"vehicle-addition\">\n                    <p>\n                        SUV\/Gel\u00e4ndewagen\/Pickup ,\n                        Gebrauchtfahrzeug                    <\/p>\n                <\/span>\n                <div class=\"vehicle-row\">\n                    <div class=\"vehicle-thumbnail\">\n                        <a href=\"https:\/\/ford-sachsen.de\/html\/page\/fahrzeuge\/ford-kuga-st-line-gjr-led-beheizb-frontsch-lenkradh\/\" title=\"Ford Kuga ST-Line GJR LED Beheizb. Frontsch. LenkradH\">\n                            <img loading=\"lazy\" decoding=\"async\" width=\"300\" height=\"225\" src=\"https:\/\/ford-sachsen.de\/html\/page\/wp-content\/uploads\/2026\/09\/4810627-6a9702512528b86dd7517-87ee-4909-975e-639c2e851869-rule-mo-1600-300x225.jpg\" class=\"attachment-medium size-medium wp-post-image\" alt=\"\" srcset=\"https:\/\/ford-sachsen.de\/html\/page\/wp-content\/uploads\/2026\/09\/4810627-6a9702512528b86dd7517-87ee-4909-975e-639c2e851869-rule-mo-1600-300x225.jpg 300w, https:\/\/ford-sachsen.de\/html\/page\/wp-content\/uploads\/2026\/09\/4810627-6a9702512528b86dd7517-87ee-4909-975e-639c2e851869-rule-mo-1600-1024x768.jpg 1024w, https:\/\/ford-sachsen.de\/html\/page\/wp-content\/uploads\/2026\/09\/4810627-6a9702512528b86dd7517-87ee-4909-975e-639c2e851869-rule-mo-1600-768x576.jpg 768w, https:\/\/ford-sachsen.de\/html\/page\/wp-content\/uploads\/2026\/09\/4810627-6a9702512528b86dd7517-87ee-4909-975e-639c2e851869-rule-mo-1600.jpg 1440w\" sizes=\"(max-width: 300px) 100vw, 300px\" \/>                        <\/a>\n                    <\/div>\n                    <div class=\"vehicle-data\">\n                                                    <small>\n                                                                05.2025                                \u00b7\n                            <\/small>\n                                                                            <small>\n                                142 km\n                            <\/small>\n                                                                            <small>\n                                \u00b7\n                                132 kW\n                                                                (\n                                179 PS)\n                            <\/small>\n                                                                            <small>\n                                \u00b7\n                                Automatik                            <\/small>\n                                                                            <small>\n                                \u00b7\n                                Unfallfrei                            <\/small>\n                        \n                                                    <small>\n                                \u00b7\n                                Hybrid (Benzin\/Elektro)                            <\/small>\n                                                                                                                            <small>\n                                \u00b7\n                                4\/5 T\u00fcren\n                            <\/small>\n                                                <ul class=\"vehicle-emission\">\n                                                 <span>Verbrauch komb.: \n                                    5.4                                 l\/100km<\/span><br>\n                                                                                \n                                       \n  <!-- CO2-Emissionen\t-->\n                                            <span>CO\u2082-Emissionen komb.: 124.0                                 g\/km<\/span><br>\n                                        <!-- CO2-Emissionen\t-->\n                   \n \n                         <span>CO\u2082-Klasse: \n                                    D                                <\/span><br>\n                    \n\n\n                <\/ul>\n\n                    <\/div>\n\n                    <div class=\"vehicle-price\">\n                                                    <div itemprop=\"priceSpecification\" itemscope itemtype=\"http:\/\/schema.org\/UnitPriceSpecification\">\n                                <meta itemprop=\"priceCurrency\" content=\"EUR\">\n                                <meta itemprop=\"price\" content=\"32.456\">\n                                <strong>\n                                    32.456 \u20ac (Brutto)\n                                <\/strong><br><small>\n                                    Inkl. 19% MwSt.                                <\/small>\n                            <\/div>\n                                                <br>\n                        <a href=\"https:\/\/ford-sachsen.de\/html\/page\/fahrzeuge\/ford-kuga-st-line-gjr-led-beheizb-frontsch-lenkradh\/\"\n                            class=\"vehicle-btn wp-block-button__link wp-element-button\">Details<\/a>\n                    <\/div>\n                <\/div> <!-- \/\/ vehicle-row -->\n               \n            <\/article>\n                        <article id=\"post-4810625\" class=\"vehicle\">\n                <hgroup>\n                    <a href=\"https:\/\/ford-sachsen.de\/html\/page\/fahrzeuge\/ford-transit-pritsche-350-l2-trend-einzelkabine-ahk-n\/\">\n                        <h2 class=\"vehicle-title\">\n                            Ford Transit Pritsche 350 L2 Trend Einzelkabine AHK N                        <\/h2>\n\n                    <\/a>\n                <\/hgroup>\n                <span class=\"vehicle-addition\">\n                    <p>\n                        Andere ,\n                        Gebrauchtfahrzeug                    <\/p>\n                <\/span>\n                <div class=\"vehicle-row\">\n                    <div class=\"vehicle-thumbnail\">\n                        <a href=\"https:\/\/ford-sachsen.de\/html\/page\/fahrzeuge\/ford-transit-pritsche-350-l2-trend-einzelkabine-ahk-n\/\" title=\"Ford Transit Pritsche 350 L2 Trend Einzelkabine AHK N\">\n                            <img loading=\"lazy\" decoding=\"async\" width=\"300\" height=\"225\" src=\"https:\/\/ford-sachsen.de\/html\/page\/wp-content\/uploads\/2026\/09\/4810625-6a97024f1854f729f978a-57e6-4950-9cb2-aa7b0efb128e-rule-mo-1600-300x225.jpg\" class=\"attachment-medium size-medium wp-post-image\" alt=\"\" srcset=\"https:\/\/ford-sachsen.de\/html\/page\/wp-content\/uploads\/2026\/09\/4810625-6a97024f1854f729f978a-57e6-4950-9cb2-aa7b0efb128e-rule-mo-1600-300x225.jpg 300w, https:\/\/ford-sachsen.de\/html\/page\/wp-content\/uploads\/2026\/09\/4810625-6a97024f1854f729f978a-57e6-4950-9cb2-aa7b0efb128e-rule-mo-1600-1024x768.jpg 1024w, https:\/\/ford-sachsen.de\/html\/page\/wp-content\/uploads\/2026\/09\/4810625-6a97024f1854f729f978a-57e6-4950-9cb2-aa7b0efb128e-rule-mo-1600-768x576.jpg 768w, https:\/\/ford-sachsen.de\/html\/page\/wp-content\/uploads\/2026\/09\/4810625-6a97024f1854f729f978a-57e6-4950-9cb2-aa7b0efb128e-rule-mo-1600.jpg 1440w\" sizes=\"(max-width: 300px) 100vw, 300px\" \/>                        <\/a>\n                    <\/div>\n                    <div class=\"vehicle-data\">\n                                                    <small>\n                                                                06.2025                                \u00b7\n                            <\/small>\n                                                                            <small>\n                                150 km\n                            <\/small>\n                                                                            <small>\n                                \u00b7\n                                96 kW\n                                                                (\n                                131 PS)\n                            <\/small>\n                                                                            <small>\n                                \u00b7\n                                Schaltgetriebe                            <\/small>\n                                                                            <small>\n                                \u00b7\n                                Unfallfrei                            <\/small>\n                        \n                                                    <small>\n                                \u00b7\n                                Diesel                            <\/small>\n                                                                                                                            <small>\n                                \u00b7\n                                2\/3 T\u00fcren\n                            <\/small>\n                                                <ul class=\"vehicle-emission\">\n                                                 <span>Verbrauch komb.: \n                                    9.4                                 l\/100km<\/span><br>\n                                                                                \n                                       \n  <!-- CO2-Emissionen\t-->\n                                            <span>CO\u2082-Emissionen komb.: 247.0                                 g\/km<\/span><br>\n                                        <!-- CO2-Emissionen\t-->\n                   \n \n                         <span>CO\u2082-Klasse: \n                                    G                                <\/span><br>\n                    \n\n\n                <\/ul>\n\n                    <\/div>\n\n                    <div class=\"vehicle-price\">\n                                                    <div itemprop=\"priceSpecification\" itemscope itemtype=\"http:\/\/schema.org\/UnitPriceSpecification\">\n                                <meta itemprop=\"priceCurrency\" content=\"EUR\">\n                                <meta itemprop=\"price\" content=\"35.795\">\n                                <strong>\n                                    35.795 \u20ac (Brutto)\n                                <\/strong><br><small>\n                                    Inkl. 19% MwSt.                                <\/small>\n                            <\/div>\n                                                <br>\n                        <a href=\"https:\/\/ford-sachsen.de\/html\/page\/fahrzeuge\/ford-transit-pritsche-350-l2-trend-einzelkabine-ahk-n\/\"\n                            class=\"vehicle-btn wp-block-button__link wp-element-button\">Details<\/a>\n                    <\/div>\n                <\/div> <!-- \/\/ vehicle-row -->\n               \n            <\/article>\n                        <article id=\"post-4810623\" class=\"vehicle\">\n                <hgroup>\n                    <a href=\"https:\/\/ford-sachsen.de\/html\/page\/fahrzeuge\/ford-kuga-st-line-x-phev-gjr-el-heckkl-iacc-hud-ahk\/\">\n                        <h2 class=\"vehicle-title\">\n                            Ford Kuga ST-Line X PHEV GJR El.Heckkl. iACC HUD AHK-                        <\/h2>\n\n                    <\/a>\n                <\/hgroup>\n                <span class=\"vehicle-addition\">\n                    <p>\n                        SUV\/Gel\u00e4ndewagen\/Pickup ,\n                        Gebrauchtfahrzeug                    <\/p>\n                <\/span>\n                <div class=\"vehicle-row\">\n                    <div class=\"vehicle-thumbnail\">\n                        <a href=\"https:\/\/ford-sachsen.de\/html\/page\/fahrzeuge\/ford-kuga-st-line-x-phev-gjr-el-heckkl-iacc-hud-ahk\/\" title=\"Ford Kuga ST-Line X PHEV GJR El.Heckkl. iACC HUD AHK-\">\n                            <img loading=\"lazy\" decoding=\"async\" width=\"300\" height=\"225\" src=\"https:\/\/ford-sachsen.de\/html\/page\/wp-content\/uploads\/2026\/09\/4810623-6a97024cddfd433e3aae0-eafb-4961-846e-4de0781641e2-rule-mo-1600-300x225.jpg\" class=\"attachment-medium size-medium wp-post-image\" alt=\"\" srcset=\"https:\/\/ford-sachsen.de\/html\/page\/wp-content\/uploads\/2026\/09\/4810623-6a97024cddfd433e3aae0-eafb-4961-846e-4de0781641e2-rule-mo-1600-300x225.jpg 300w, https:\/\/ford-sachsen.de\/html\/page\/wp-content\/uploads\/2026\/09\/4810623-6a97024cddfd433e3aae0-eafb-4961-846e-4de0781641e2-rule-mo-1600-1024x768.jpg 1024w, https:\/\/ford-sachsen.de\/html\/page\/wp-content\/uploads\/2026\/09\/4810623-6a97024cddfd433e3aae0-eafb-4961-846e-4de0781641e2-rule-mo-1600-768x576.jpg 768w, https:\/\/ford-sachsen.de\/html\/page\/wp-content\/uploads\/2026\/09\/4810623-6a97024cddfd433e3aae0-eafb-4961-846e-4de0781641e2-rule-mo-1600.jpg 1440w\" sizes=\"(max-width: 300px) 100vw, 300px\" \/>                        <\/a>\n                    <\/div>\n                    <div class=\"vehicle-data\">\n                                                    <small>\n                                                                07.2024                                \u00b7\n                            <\/small>\n                                                                            <small>\n                                15.900 km\n                            <\/small>\n                                                                            <small>\n                                \u00b7\n                                165 kW\n                                                                (\n                                224 PS)\n                            <\/small>\n                                                                            <small>\n                                \u00b7\n                                Automatik                            <\/small>\n                                                                            <small>\n                                \u00b7\n                                Unfallfrei                            <\/small>\n                        \n                                                    <small>\n                                \u00b7\n                                Plug-in-Hybrid                            <\/small>\n                                                                                                                            <small>\n                                \u00b7\n                                4\/5 T\u00fcren\n                            <\/small>\n                                                <ul class=\"vehicle-emission\">\n                                                <span>Kraftstoffverbrauch gewichtet, kombiniert: \n                                    1.0                                 l\/100km<\/span><br>\n                                             <span>Verbrauch komb.: \n                                    5.5                                 l\/100km<\/span><br>\n                                                                <span>Stromverbrauch gewichtet, kombiniert: \n                                    14.8                                 kWh\/100km<\/span><br>\n                                                            \n                                       \n  <!-- CO2-Emissionen\t-->\n                                            <span>CO\u2082-Emissionen komb.: 23.0                                 g\/km<\/span><br>\n                                        <!-- CO2-Emissionen\t-->\n                   \n \n                         <span>CO\u2082-Klasse: \n                                    B                                <\/span><br>\n                    \n\n\n                <\/ul>\n\n                    <\/div>\n\n                    <div class=\"vehicle-price\">\n                                                    <div itemprop=\"priceSpecification\" itemscope itemtype=\"http:\/\/schema.org\/UnitPriceSpecification\">\n                                <meta itemprop=\"priceCurrency\" content=\"EUR\">\n                                <meta itemprop=\"price\" content=\"32.795\">\n                                <strong>\n                                    32.795 \u20ac (Brutto)\n                                <\/strong><br><small>\n                                    Inkl. 19% MwSt.                                <\/small>\n                            <\/div>\n                                                <br>\n                        <a href=\"https:\/\/ford-sachsen.de\/html\/page\/fahrzeuge\/ford-kuga-st-line-x-phev-gjr-el-heckkl-iacc-hud-ahk\/\"\n                            class=\"vehicle-btn wp-block-button__link wp-element-button\">Details<\/a>\n                    <\/div>\n                <\/div> <!-- \/\/ vehicle-row -->\n               \n            <\/article>\n                        <article id=\"post-4810621\" class=\"vehicle\">\n                <hgroup>\n                    <a href=\"https:\/\/ford-sachsen.de\/html\/page\/fahrzeuge\/ford-puma-titanium-navi-led-beheizb-frontsch-lenkra\/\">\n                        <h2 class=\"vehicle-title\">\n                            Ford Puma Titanium Navi LED Beheizb. Frontsch. Lenkra                        <\/h2>\n\n                    <\/a>\n                <\/hgroup>\n                <span class=\"vehicle-addition\">\n                    <p>\n                        SUV\/Gel\u00e4ndewagen\/Pickup ,\n                        Gebrauchtfahrzeug                    <\/p>\n                <\/span>\n                <div class=\"vehicle-row\">\n                    <div class=\"vehicle-thumbnail\">\n                        <a href=\"https:\/\/ford-sachsen.de\/html\/page\/fahrzeuge\/ford-puma-titanium-navi-led-beheizb-frontsch-lenkra\/\" title=\"Ford Puma Titanium Navi LED Beheizb. Frontsch. Lenkra\">\n                            <img loading=\"lazy\" decoding=\"async\" width=\"300\" height=\"225\" src=\"https:\/\/ford-sachsen.de\/html\/page\/wp-content\/uploads\/2026\/09\/4810621-6a97024ab188ebb182608-1280-4972-a1cd-522399496901-rule-mo-1600-300x225.jpg\" class=\"attachment-medium size-medium wp-post-image\" alt=\"\" srcset=\"https:\/\/ford-sachsen.de\/html\/page\/wp-content\/uploads\/2026\/09\/4810621-6a97024ab188ebb182608-1280-4972-a1cd-522399496901-rule-mo-1600-300x225.jpg 300w, https:\/\/ford-sachsen.de\/html\/page\/wp-content\/uploads\/2026\/09\/4810621-6a97024ab188ebb182608-1280-4972-a1cd-522399496901-rule-mo-1600-1024x768.jpg 1024w, https:\/\/ford-sachsen.de\/html\/page\/wp-content\/uploads\/2026\/09\/4810621-6a97024ab188ebb182608-1280-4972-a1cd-522399496901-rule-mo-1600-768x576.jpg 768w, https:\/\/ford-sachsen.de\/html\/page\/wp-content\/uploads\/2026\/09\/4810621-6a97024ab188ebb182608-1280-4972-a1cd-522399496901-rule-mo-1600.jpg 1440w\" sizes=\"(max-width: 300px) 100vw, 300px\" \/>                        <\/a>\n                    <\/div>\n                    <div class=\"vehicle-data\">\n                                                    <small>\n                                                                09.2024                                \u00b7\n                            <\/small>\n                                                                            <small>\n                                2 km\n                            <\/small>\n                                                                            <small>\n                                \u00b7\n                                92 kW\n                                                                (\n                                125 PS)\n                            <\/small>\n                                                                            <small>\n                                \u00b7\n                                Schaltgetriebe                            <\/small>\n                                                                            <small>\n                                \u00b7\n                                Unfallfrei                            <\/small>\n                        \n                                                    <small>\n                                \u00b7\n                                Benzin                            <\/small>\n                                                                                                                            <small>\n                                \u00b7\n                                4\/5 T\u00fcren\n                            <\/small>\n                                                <ul class=\"vehicle-emission\">\n                                                 <span>Verbrauch komb.: \n                                    5.4                                 l\/100km<\/span><br>\n                                                                                \n                                       \n  <!-- CO2-Emissionen\t-->\n                                            <span>CO\u2082-Emissionen komb.: 121.0                                 g\/km<\/span><br>\n                                        <!-- CO2-Emissionen\t-->\n                   \n \n                         <span>CO\u2082-Klasse: \n                                    D                                <\/span><br>\n                    \n\n\n                <\/ul>\n\n                    <\/div>\n\n                    <div class=\"vehicle-price\">\n                                                    <div itemprop=\"priceSpecification\" itemscope itemtype=\"http:\/\/schema.org\/UnitPriceSpecification\">\n                                <meta itemprop=\"priceCurrency\" content=\"EUR\">\n                                <meta itemprop=\"price\" content=\"19.999\">\n                                <strong>\n                                    19.999 \u20ac (Brutto)\n                                <\/strong><br><small>\n                                    Inkl. 19% MwSt.                                <\/small>\n                            <\/div>\n                                                <br>\n                        <a href=\"https:\/\/ford-sachsen.de\/html\/page\/fahrzeuge\/ford-puma-titanium-navi-led-beheizb-frontsch-lenkra\/\"\n                            class=\"vehicle-btn wp-block-button__link wp-element-button\">Details<\/a>\n                    <\/div>\n                <\/div> <!-- \/\/ vehicle-row -->\n               \n            <\/article>\n                        <article id=\"post-4810619\" class=\"vehicle\">\n                <hgroup>\n                    <a href=\"https:\/\/ford-sachsen.de\/html\/page\/fahrzeuge\/ford-focus-turnier-st-line-easy-parking-hud-navi-iacc-3\/\">\n                        <h2 class=\"vehicle-title\">\n                            Ford Focus Turnier ST-Line Easy Parking HUD Navi iACC                        <\/h2>\n\n                    <\/a>\n                <\/hgroup>\n                <span class=\"vehicle-addition\">\n                    <p>\n                        Kombi ,\n                        Gebrauchtfahrzeug                    <\/p>\n                <\/span>\n                <div class=\"vehicle-row\">\n                    <div class=\"vehicle-thumbnail\">\n                        <a href=\"https:\/\/ford-sachsen.de\/html\/page\/fahrzeuge\/ford-focus-turnier-st-line-easy-parking-hud-navi-iacc-3\/\" title=\"Ford Focus Turnier ST-Line Easy Parking HUD Navi iACC\">\n                            <img loading=\"lazy\" decoding=\"async\" width=\"300\" height=\"225\" src=\"https:\/\/ford-sachsen.de\/html\/page\/wp-content\/uploads\/2026\/09\/4810619-6a97024897189963173da-6884-4925-8092-57b0c327243c-rule-mo-1600-300x225.jpg\" class=\"attachment-medium size-medium wp-post-image\" alt=\"\" srcset=\"https:\/\/ford-sachsen.de\/html\/page\/wp-content\/uploads\/2026\/09\/4810619-6a97024897189963173da-6884-4925-8092-57b0c327243c-rule-mo-1600-300x225.jpg 300w, https:\/\/ford-sachsen.de\/html\/page\/wp-content\/uploads\/2026\/09\/4810619-6a97024897189963173da-6884-4925-8092-57b0c327243c-rule-mo-1600-1024x768.jpg 1024w, https:\/\/ford-sachsen.de\/html\/page\/wp-content\/uploads\/2026\/09\/4810619-6a97024897189963173da-6884-4925-8092-57b0c327243c-rule-mo-1600-768x576.jpg 768w, https:\/\/ford-sachsen.de\/html\/page\/wp-content\/uploads\/2026\/09\/4810619-6a97024897189963173da-6884-4925-8092-57b0c327243c-rule-mo-1600.jpg 1440w\" sizes=\"(max-width: 300px) 100vw, 300px\" \/>                        <\/a>\n                    <\/div>\n                    <div class=\"vehicle-data\">\n                                                    <small>\n                                                                04.2024                                \u00b7\n                            <\/small>\n                                                                            <small>\n                                15.333 km\n                            <\/small>\n                                                                            <small>\n                                \u00b7\n                                92 kW\n                                                                (\n                                125 PS)\n                            <\/small>\n                                                                            <small>\n                                \u00b7\n                                Schaltgetriebe                            <\/small>\n                                                                            <small>\n                                \u00b7\n                                Unfallfrei                            <\/small>\n                        \n                                                    <small>\n                                \u00b7\n                                Benzin                            <\/small>\n                                                                                                                            <small>\n                                \u00b7\n                                4\/5 T\u00fcren\n                            <\/small>\n                                                <ul class=\"vehicle-emission\">\n                                                 <span>Verbrauch komb.: \n                                    5.4                                 l\/100km<\/span><br>\n                                                                                \n                                       \n  <!-- CO2-Emissionen\t-->\n                                            <span>CO\u2082-Emissionen komb.: 123.0                                 g\/km<\/span><br>\n                                        <!-- CO2-Emissionen\t-->\n                   \n \n                         <span>CO\u2082-Klasse: \n                                    D                                <\/span><br>\n                    \n\n\n                <\/ul>\n\n                    <\/div>\n\n                    <div class=\"vehicle-price\">\n                                                    <div itemprop=\"priceSpecification\" itemscope itemtype=\"http:\/\/schema.org\/UnitPriceSpecification\">\n                                <meta itemprop=\"priceCurrency\" content=\"EUR\">\n                                <meta itemprop=\"price\" content=\"21.890\">\n                                <strong>\n                                    21.890 \u20ac (Brutto)\n                                <\/strong><br><small>\n                                    Inkl. 19% MwSt.                                <\/small>\n                            <\/div>\n                                                <br>\n                        <a href=\"https:\/\/ford-sachsen.de\/html\/page\/fahrzeuge\/ford-focus-turnier-st-line-easy-parking-hud-navi-iacc-3\/\"\n                            class=\"vehicle-btn wp-block-button__link wp-element-button\">Details<\/a>\n                    <\/div>\n                <\/div> <!-- \/\/ vehicle-row -->\n               \n            <\/article>\n                        <article id=\"post-4810617\" class=\"vehicle\">\n                <hgroup>\n                    <a href=\"https:\/\/ford-sachsen.de\/html\/page\/fahrzeuge\/ford-focus-turnier-st-line-easy-parking-hud-navi-iacc\/\">\n                        <h2 class=\"vehicle-title\">\n                            Ford Focus Turnier ST-Line Easy Parking HUD Navi iACC                        <\/h2>\n\n                    <\/a>\n                <\/hgroup>\n                <span class=\"vehicle-addition\">\n                    <p>\n                        Kombi ,\n                        Gebrauchtfahrzeug                    <\/p>\n                <\/span>\n                <div class=\"vehicle-row\">\n                    <div class=\"vehicle-thumbnail\">\n                        <a href=\"https:\/\/ford-sachsen.de\/html\/page\/fahrzeuge\/ford-focus-turnier-st-line-easy-parking-hud-navi-iacc\/\" title=\"Ford Focus Turnier ST-Line Easy Parking HUD Navi iACC\">\n                            <img loading=\"lazy\" decoding=\"async\" width=\"300\" height=\"225\" src=\"https:\/\/ford-sachsen.de\/html\/page\/wp-content\/uploads\/2026\/09\/4810617-6a97024682b8a963173da-6884-4925-8092-57b0c327243c-rule-mo-1600-300x225.jpg\" class=\"attachment-medium size-medium wp-post-image\" alt=\"\" srcset=\"https:\/\/ford-sachsen.de\/html\/page\/wp-content\/uploads\/2026\/09\/4810617-6a97024682b8a963173da-6884-4925-8092-57b0c327243c-rule-mo-1600-300x225.jpg 300w, https:\/\/ford-sachsen.de\/html\/page\/wp-content\/uploads\/2026\/09\/4810617-6a97024682b8a963173da-6884-4925-8092-57b0c327243c-rule-mo-1600-1024x768.jpg 1024w, https:\/\/ford-sachsen.de\/html\/page\/wp-content\/uploads\/2026\/09\/4810617-6a97024682b8a963173da-6884-4925-8092-57b0c327243c-rule-mo-1600-768x576.jpg 768w, https:\/\/ford-sachsen.de\/html\/page\/wp-content\/uploads\/2026\/09\/4810617-6a97024682b8a963173da-6884-4925-8092-57b0c327243c-rule-mo-1600.jpg 1440w\" sizes=\"(max-width: 300px) 100vw, 300px\" \/>                        <\/a>\n                    <\/div>\n                    <div class=\"vehicle-data\">\n                                                    <small>\n                                                                02.2024                                \u00b7\n                            <\/small>\n                                                                            <small>\n                                112 km\n                            <\/small>\n                                                                            <small>\n                                \u00b7\n                                92 kW\n                                                                (\n                                125 PS)\n                            <\/small>\n                                                                            <small>\n                                \u00b7\n                                Schaltgetriebe                            <\/small>\n                                                                            <small>\n                                \u00b7\n                                Unfallfrei                            <\/small>\n                        \n                                                    <small>\n                                \u00b7\n                                Benzin                            <\/small>\n                                                                                                                            <small>\n                                \u00b7\n                                4\/5 T\u00fcren\n                            <\/small>\n                                                <ul class=\"vehicle-emission\">\n                                                 <span>Verbrauch komb.: \n                                    5.4                                 l\/100km<\/span><br>\n                                                                                \n                                       \n  <!-- CO2-Emissionen\t-->\n                                            <span>CO\u2082-Emissionen komb.: 123.0                                 g\/km<\/span><br>\n                                        <!-- CO2-Emissionen\t-->\n                   \n \n                         <span>CO\u2082-Klasse: \n                                    D                                <\/span><br>\n                    \n\n\n                <\/ul>\n\n                    <\/div>\n\n                    <div class=\"vehicle-price\">\n                                                    <div itemprop=\"priceSpecification\" itemscope itemtype=\"http:\/\/schema.org\/UnitPriceSpecification\">\n                                <meta itemprop=\"priceCurrency\" content=\"EUR\">\n                                <meta itemprop=\"price\" content=\"23.895\">\n                                <strong>\n                                    23.895 \u20ac (Brutto)\n                                <\/strong><br><small>\n                                    Inkl. 19% MwSt.                                <\/small>\n                            <\/div>\n                                                <br>\n                        <a href=\"https:\/\/ford-sachsen.de\/html\/page\/fahrzeuge\/ford-focus-turnier-st-line-easy-parking-hud-navi-iacc\/\"\n                            class=\"vehicle-btn wp-block-button__link wp-element-button\">Details<\/a>\n                    <\/div>\n                <\/div> <!-- \/\/ vehicle-row -->\n               \n            <\/article>\n                        <article id=\"post-4810615\" class=\"vehicle\">\n                <hgroup>\n                    <a href=\"https:\/\/ford-sachsen.de\/html\/page\/fahrzeuge\/ford-kuga-st-line-x-navitwakameraklima-winterpake\/\">\n                        <h2 class=\"vehicle-title\">\n                            Ford Kuga ST-Line X +NAVI+TWA+KAMERA+KLIMA Winterpake                        <\/h2>\n\n                    <\/a>\n                <\/hgroup>\n                <span class=\"vehicle-addition\">\n                    <p>\n                        SUV\/Gel\u00e4ndewagen\/Pickup ,\n                        Gebrauchtfahrzeug                    <\/p>\n                <\/span>\n                <div class=\"vehicle-row\">\n                    <div class=\"vehicle-thumbnail\">\n                        <a href=\"https:\/\/ford-sachsen.de\/html\/page\/fahrzeuge\/ford-kuga-st-line-x-navitwakameraklima-winterpake\/\" title=\"Ford Kuga ST-Line X +NAVI+TWA+KAMERA+KLIMA Winterpake\">\n                            <img loading=\"lazy\" decoding=\"async\" width=\"300\" height=\"225\" src=\"https:\/\/ford-sachsen.de\/html\/page\/wp-content\/uploads\/2026\/09\/4810615-6a9702445da66efb49a58-7651-4c70-bdbc-640482fca24a-rule-mo-1600-300x225.jpg\" class=\"attachment-medium size-medium wp-post-image\" alt=\"\" srcset=\"https:\/\/ford-sachsen.de\/html\/page\/wp-content\/uploads\/2026\/09\/4810615-6a9702445da66efb49a58-7651-4c70-bdbc-640482fca24a-rule-mo-1600-300x225.jpg 300w, https:\/\/ford-sachsen.de\/html\/page\/wp-content\/uploads\/2026\/09\/4810615-6a9702445da66efb49a58-7651-4c70-bdbc-640482fca24a-rule-mo-1600-1024x768.jpg 1024w, https:\/\/ford-sachsen.de\/html\/page\/wp-content\/uploads\/2026\/09\/4810615-6a9702445da66efb49a58-7651-4c70-bdbc-640482fca24a-rule-mo-1600-768x576.jpg 768w, https:\/\/ford-sachsen.de\/html\/page\/wp-content\/uploads\/2026\/09\/4810615-6a9702445da66efb49a58-7651-4c70-bdbc-640482fca24a-rule-mo-1600.jpg 1440w\" sizes=\"(max-width: 300px) 100vw, 300px\" \/>                        <\/a>\n                    <\/div>\n                    <div class=\"vehicle-data\">\n                                                    <small>\n                                                                02.2024                                \u00b7\n                            <\/small>\n                                                                            <small>\n                                8.001 km\n                            <\/small>\n                                                                            <small>\n                                \u00b7\n                                165 kW\n                                                                (\n                                224 PS)\n                            <\/small>\n                                                                            <small>\n                                \u00b7\n                                Automatik                            <\/small>\n                                                                            <small>\n                                \u00b7\n                                Unfallfrei                            <\/small>\n                        \n                                                    <small>\n                                \u00b7\n                                Plug-in-Hybrid                            <\/small>\n                                                                                                                            <small>\n                                \u00b7\n                                4\/5 T\u00fcren\n                            <\/small>\n                                                <ul class=\"vehicle-emission\">\n                                                <span>Kraftstoffverbrauch gewichtet, kombiniert: \n                                    1.0                                 l\/100km<\/span><br>\n                                             <span>Verbrauch komb.: \n                                    5.4                                 l\/100km<\/span><br>\n                                                                <span>Stromverbrauch gewichtet, kombiniert: \n                                    14.6                                 kWh\/100km<\/span><br>\n                                                            \n                                       \n  <!-- CO2-Emissionen\t-->\n                                            <span>CO\u2082-Emissionen komb.: 22.0                                 g\/km<\/span><br>\n                                        <!-- CO2-Emissionen\t-->\n                   \n \n                         <span>CO\u2082-Klasse: \n                                    B                                <\/span><br>\n                    \n\n\n                <\/ul>\n\n                    <\/div>\n\n                    <div class=\"vehicle-price\">\n                                                    <div itemprop=\"priceSpecification\" itemscope itemtype=\"http:\/\/schema.org\/UnitPriceSpecification\">\n                                <meta itemprop=\"priceCurrency\" content=\"EUR\">\n                                <meta itemprop=\"price\" content=\"33.600\">\n                                <strong>\n                                    33.600 \u20ac (Brutto)\n                                <\/strong><br><small>\n                                    Inkl. 19% MwSt.                                <\/small>\n                            <\/div>\n                                                <br>\n                        <a href=\"https:\/\/ford-sachsen.de\/html\/page\/fahrzeuge\/ford-kuga-st-line-x-navitwakameraklima-winterpake\/\"\n                            class=\"vehicle-btn wp-block-button__link wp-element-button\">Details<\/a>\n                    <\/div>\n                <\/div> <!-- \/\/ vehicle-row -->\n               \n            <\/article>\n                        <article id=\"post-4810613\" class=\"vehicle\">\n                <hgroup>\n                    <a href=\"https:\/\/ford-sachsen.de\/html\/page\/fahrzeuge\/ford-fiesta-titanium-navi-led-acc-winterpaket-color-t\/\">\n                        <h2 class=\"vehicle-title\">\n                            Ford Fiesta Titanium Navi LED ACC Winterpaket Color t                        <\/h2>\n\n                    <\/a>\n                <\/hgroup>\n                <span class=\"vehicle-addition\">\n                    <p>\n                        Kleinwagen ,\n                        Gebrauchtfahrzeug                    <\/p>\n                <\/span>\n                <div class=\"vehicle-row\">\n                    <div class=\"vehicle-thumbnail\">\n                        <a href=\"https:\/\/ford-sachsen.de\/html\/page\/fahrzeuge\/ford-fiesta-titanium-navi-led-acc-winterpaket-color-t\/\" title=\"Ford Fiesta Titanium Navi LED ACC Winterpaket Color t\">\n                            <img loading=\"lazy\" decoding=\"async\" width=\"300\" height=\"225\" src=\"https:\/\/ford-sachsen.de\/html\/page\/wp-content\/uploads\/2026\/09\/4810613-6a970243326445f6cadf3-4b4a-4115-98b9-d5d9c7371664-rule-mo-1600-300x225.jpg\" class=\"attachment-medium size-medium wp-post-image\" alt=\"\" srcset=\"https:\/\/ford-sachsen.de\/html\/page\/wp-content\/uploads\/2026\/09\/4810613-6a970243326445f6cadf3-4b4a-4115-98b9-d5d9c7371664-rule-mo-1600-300x225.jpg 300w, https:\/\/ford-sachsen.de\/html\/page\/wp-content\/uploads\/2026\/09\/4810613-6a970243326445f6cadf3-4b4a-4115-98b9-d5d9c7371664-rule-mo-1600.jpg 640w\" sizes=\"(max-width: 300px) 100vw, 300px\" \/>                        <\/a>\n                    <\/div>\n                    <div class=\"vehicle-data\">\n                                                    <small>\n                                                                08.2023                                \u00b7\n                            <\/small>\n                                                                            <small>\n                                12.438 km\n                            <\/small>\n                                                                            <small>\n                                \u00b7\n                                92 kW\n                                                                (\n                                125 PS)\n                            <\/small>\n                                                                            <small>\n                                \u00b7\n                                Schaltgetriebe                            <\/small>\n                                                                            <small>\n                                \u00b7\n                                Unfallfrei                            <\/small>\n                        \n                                                    <small>\n                                \u00b7\n                                Benzin                            <\/small>\n                                                                                                                            <small>\n                                \u00b7\n                                4\/5 T\u00fcren\n                            <\/small>\n                                                <ul class=\"vehicle-emission\">\n                                                 <span>Verbrauch komb.: \n                                    5.0                                 l\/100km<\/span><br>\n                                                                                \n                                       \n  <!-- CO2-Emissionen\t-->\n                                            <span>CO\u2082-Emissionen komb.: 113.0                                 g\/km<\/span><br>\n                                        <!-- CO2-Emissionen\t-->\n                   \n \n                         <span>CO\u2082-Klasse: \n                                    C                                <\/span><br>\n                    \n\n\n                <\/ul>\n\n                    <\/div>\n\n                    <div class=\"vehicle-price\">\n                                                    <div itemprop=\"priceSpecification\" itemscope itemtype=\"http:\/\/schema.org\/UnitPriceSpecification\">\n                                <meta itemprop=\"priceCurrency\" content=\"EUR\">\n                                <meta itemprop=\"price\" content=\"17.495\">\n                                <strong>\n                                    17.495 \u20ac (Brutto)\n                                <\/strong><br><small>\n                                    Inkl. 19% MwSt.                                <\/small>\n                            <\/div>\n                                                <br>\n                        <a href=\"https:\/\/ford-sachsen.de\/html\/page\/fahrzeuge\/ford-fiesta-titanium-navi-led-acc-winterpaket-color-t\/\"\n                            class=\"vehicle-btn wp-block-button__link wp-element-button\">Details<\/a>\n                    <\/div>\n                <\/div> <!-- \/\/ vehicle-row -->\n               \n            <\/article>\n                        <article id=\"post-4810611\" class=\"vehicle\">\n                <hgroup>\n                    <a href=\"https:\/\/ford-sachsen.de\/html\/page\/fahrzeuge\/ford-fiesta-titanium-x-naviklimashzfshacckamera\/\">\n                        <h2 class=\"vehicle-title\">\n                            Ford Fiesta Titanium X +NAVI+KLIMA+SHZ+FSH+ACC+KAMERA                        <\/h2>\n\n                    <\/a>\n                <\/hgroup>\n                <span class=\"vehicle-addition\">\n                    <p>\n                        Limousine ,\n                        Gebrauchtfahrzeug                    <\/p>\n                <\/span>\n                <div class=\"vehicle-row\">\n                    <div class=\"vehicle-thumbnail\">\n                        <a href=\"https:\/\/ford-sachsen.de\/html\/page\/fahrzeuge\/ford-fiesta-titanium-x-naviklimashzfshacckamera\/\" title=\"Ford Fiesta Titanium X +NAVI+KLIMA+SHZ+FSH+ACC+KAMERA\">\n                            <img loading=\"lazy\" decoding=\"async\" width=\"300\" height=\"225\" src=\"https:\/\/ford-sachsen.de\/html\/page\/wp-content\/uploads\/2026\/09\/4810611-6a97024204d191800cdb1-2b53-4b22-aa57-0034970896ad-rule-mo-1600-300x225.jpg\" class=\"attachment-medium size-medium wp-post-image\" alt=\"\" srcset=\"https:\/\/ford-sachsen.de\/html\/page\/wp-content\/uploads\/2026\/09\/4810611-6a97024204d191800cdb1-2b53-4b22-aa57-0034970896ad-rule-mo-1600-300x225.jpg 300w, https:\/\/ford-sachsen.de\/html\/page\/wp-content\/uploads\/2026\/09\/4810611-6a97024204d191800cdb1-2b53-4b22-aa57-0034970896ad-rule-mo-1600.jpg 640w\" sizes=\"(max-width: 300px) 100vw, 300px\" \/>                        <\/a>\n                    <\/div>\n                    <div class=\"vehicle-data\">\n                                                    <small>\n                                                                08.2023                                \u00b7\n                            <\/small>\n                                                                            <small>\n                                129 km\n                            <\/small>\n                                                                            <small>\n                                \u00b7\n                                92 kW\n                                                                (\n                                125 PS)\n                            <\/small>\n                                                                            <small>\n                                \u00b7\n                                Schaltgetriebe                            <\/small>\n                                                                            <small>\n                                \u00b7\n                                Unfallfrei                            <\/small>\n                        \n                                                    <small>\n                                \u00b7\n                                Benzin                            <\/small>\n                                                                                                                            <small>\n                                \u00b7\n                                4\/5 T\u00fcren\n                            <\/small>\n                                                <ul class=\"vehicle-emission\">\n                                                 <span>Verbrauch komb.: \n                                    5.0                                 l\/100km<\/span><br>\n                                                                                \n                                       \n  <!-- CO2-Emissionen\t-->\n                                            <span>CO\u2082-Emissionen komb.: 114.0                                 g\/km<\/span><br>\n                                        <!-- CO2-Emissionen\t-->\n                   \n \n                         <span>CO\u2082-Klasse: \n                                    C                                <\/span><br>\n                    \n\n\n                <\/ul>\n\n                    <\/div>\n\n                    <div class=\"vehicle-price\">\n                                                    <div itemprop=\"priceSpecification\" itemscope itemtype=\"http:\/\/schema.org\/UnitPriceSpecification\">\n                                <meta itemprop=\"priceCurrency\" content=\"EUR\">\n                                <meta itemprop=\"price\" content=\"18.495\">\n                                <strong>\n                                    18.495 \u20ac (Brutto)\n                                <\/strong><br><small>\n                                    Inkl. 19% MwSt.                                <\/small>\n                            <\/div>\n                                                <br>\n                        <a href=\"https:\/\/ford-sachsen.de\/html\/page\/fahrzeuge\/ford-fiesta-titanium-x-naviklimashzfshacckamera\/\"\n                            class=\"vehicle-btn wp-block-button__link wp-element-button\">Details<\/a>\n                    <\/div>\n                <\/div> <!-- \/\/ vehicle-row -->\n               \n            <\/article>\n                        <article id=\"post-4810609\" class=\"vehicle\">\n                <hgroup>\n                    <a href=\"https:\/\/ford-sachsen.de\/html\/page\/fahrzeuge\/ford-puma-st-line-winterpaket-klimaautom-rueckfahrkam\/\">\n                        <h2 class=\"vehicle-title\">\n                            Ford Puma ST-Line Winterpaket Klimaautom. R\u00fcckfahrkam                        <\/h2>\n\n                    <\/a>\n                <\/hgroup>\n                <span class=\"vehicle-addition\">\n                    <p>\n                        SUV\/Gel\u00e4ndewagen\/Pickup ,\n                        Gebrauchtfahrzeug                    <\/p>\n                <\/span>\n                <div class=\"vehicle-row\">\n                    <div class=\"vehicle-thumbnail\">\n                        <a href=\"https:\/\/ford-sachsen.de\/html\/page\/fahrzeuge\/ford-puma-st-line-winterpaket-klimaautom-rueckfahrkam\/\" title=\"Ford Puma ST-Line Winterpaket Klimaautom. R\u00fcckfahrkam\">\n                            <img loading=\"lazy\" decoding=\"async\" width=\"300\" height=\"225\" src=\"https:\/\/ford-sachsen.de\/html\/page\/wp-content\/uploads\/2026\/09\/4810609-6a970240d14c393495355-ae1f-4bf0-a929-ba7611a8901a-rule-mo-1600-300x225.jpg\" class=\"attachment-medium size-medium wp-post-image\" alt=\"\" srcset=\"https:\/\/ford-sachsen.de\/html\/page\/wp-content\/uploads\/2026\/09\/4810609-6a970240d14c393495355-ae1f-4bf0-a929-ba7611a8901a-rule-mo-1600-300x225.jpg 300w, https:\/\/ford-sachsen.de\/html\/page\/wp-content\/uploads\/2026\/09\/4810609-6a970240d14c393495355-ae1f-4bf0-a929-ba7611a8901a-rule-mo-1600.jpg 640w\" sizes=\"(max-width: 300px) 100vw, 300px\" \/>                        <\/a>\n                    <\/div>\n                    <div class=\"vehicle-data\">\n                                                    <small>\n                                                                11.2023                                \u00b7\n                            <\/small>\n                                                                            <small>\n                                150 km\n                            <\/small>\n                                                                            <small>\n                                \u00b7\n                                92 kW\n                                                                (\n                                125 PS)\n                            <\/small>\n                                                                            <small>\n                                \u00b7\n                                Schaltgetriebe                            <\/small>\n                                                                            <small>\n                                \u00b7\n                                Unfallfrei                            <\/small>\n                        \n                                                    <small>\n                                \u00b7\n                                Benzin                            <\/small>\n                                                                                                                            <small>\n                                \u00b7\n                                4\/5 T\u00fcren\n                            <\/small>\n                                                <ul class=\"vehicle-emission\">\n                                                 <span>Verbrauch komb.: \n                                    6.0                                 l\/100km<\/span><br>\n                                                                                \n                                       \n  <!-- CO2-Emissionen\t-->\n                                            <span>CO\u2082-Emissionen komb.: 121.0                                 g\/km<\/span><br>\n                                        <!-- CO2-Emissionen\t-->\n                   \n \n                         <span>CO\u2082-Klasse: \n                                    D                                <\/span><br>\n                    \n\n\n                <\/ul>\n\n                    <\/div>\n\n                    <div class=\"vehicle-price\">\n                                                    <div itemprop=\"priceSpecification\" itemscope itemtype=\"http:\/\/schema.org\/UnitPriceSpecification\">\n                                <meta itemprop=\"priceCurrency\" content=\"EUR\">\n                                <meta itemprop=\"price\" content=\"18.290\">\n                                <strong>\n                                    18.290 \u20ac (Brutto)\n                                <\/strong><br><small>\n                                    Inkl. 19% MwSt.                                <\/small>\n                            <\/div>\n                                                <br>\n                        <a href=\"https:\/\/ford-sachsen.de\/html\/page\/fahrzeuge\/ford-puma-st-line-winterpaket-klimaautom-rueckfahrkam\/\"\n                            class=\"vehicle-btn wp-block-button__link wp-element-button\">Details<\/a>\n                    <\/div>\n                <\/div> <!-- \/\/ vehicle-row -->\n               \n            <\/article>\n                        <article id=\"post-4810607\" class=\"vehicle\">\n                <hgroup>\n                    <a href=\"https:\/\/ford-sachsen.de\/html\/page\/fahrzeuge\/ford-kuga-st-line-hud-navi-acc-led-winterpaket-pdcvh\/\">\n                        <h2 class=\"vehicle-title\">\n                            Ford Kuga ST-Line HUD Navi ACC LED Winterpaket PDCv+h                        <\/h2>\n\n                    <\/a>\n                <\/hgroup>\n                <span class=\"vehicle-addition\">\n                    <p>\n                        SUV\/Gel\u00e4ndewagen\/Pickup ,\n                        Gebrauchtfahrzeug                    <\/p>\n                <\/span>\n                <div class=\"vehicle-row\">\n                    <div class=\"vehicle-thumbnail\">\n                        <a href=\"https:\/\/ford-sachsen.de\/html\/page\/fahrzeuge\/ford-kuga-st-line-hud-navi-acc-led-winterpaket-pdcvh\/\" title=\"Ford Kuga ST-Line HUD Navi ACC LED Winterpaket PDCv+h\">\n                            <img loading=\"lazy\" decoding=\"async\" width=\"300\" height=\"225\" src=\"https:\/\/ford-sachsen.de\/html\/page\/wp-content\/uploads\/2026\/09\/4810607-6a97023f9bba76408de78-df6f-4fb7-b629-2e5621cf51b5-rule-mo-1600-300x225.jpg\" class=\"attachment-medium size-medium wp-post-image\" alt=\"\" srcset=\"https:\/\/ford-sachsen.de\/html\/page\/wp-content\/uploads\/2026\/09\/4810607-6a97023f9bba76408de78-df6f-4fb7-b629-2e5621cf51b5-rule-mo-1600-300x225.jpg 300w, https:\/\/ford-sachsen.de\/html\/page\/wp-content\/uploads\/2026\/09\/4810607-6a97023f9bba76408de78-df6f-4fb7-b629-2e5621cf51b5-rule-mo-1600.jpg 640w\" sizes=\"(max-width: 300px) 100vw, 300px\" \/>                        <\/a>\n                    <\/div>\n                    <div class=\"vehicle-data\">\n                                                    <small>\n                                                                05.2023                                \u00b7\n                            <\/small>\n                                                                            <small>\n                                23.044 km\n                            <\/small>\n                                                                            <small>\n                                \u00b7\n                                140 kW\n                                                                (\n                                190 PS)\n                            <\/small>\n                                                                            <small>\n                                \u00b7\n                                Automatik                            <\/small>\n                                                                            <small>\n                                \u00b7\n                                Unfallfrei                            <\/small>\n                        \n                                                    <small>\n                                \u00b7\n                                Hybrid (Benzin\/Elektro)                            <\/small>\n                                                                                                                            <small>\n                                \u00b7\n                                4\/5 T\u00fcren\n                            <\/small>\n                                                <ul class=\"vehicle-emission\">\n                                                 <span>Verbrauch komb.: \n                                    5.4                                 l\/100km<\/span><br>\n                                                                                \n                                       \n  <!-- CO2-Emissionen\t-->\n                                            <span>CO\u2082-Emissionen komb.: 125.0                                 g\/km<\/span><br>\n                                        <!-- CO2-Emissionen\t-->\n                   \n \n                         <span>CO\u2082-Klasse: \n                                    D                                <\/span><br>\n                    \n\n\n                <\/ul>\n\n                    <\/div>\n\n                    <div class=\"vehicle-price\">\n                                                    <div itemprop=\"priceSpecification\" itemscope itemtype=\"http:\/\/schema.org\/UnitPriceSpecification\">\n                                <meta itemprop=\"priceCurrency\" content=\"EUR\">\n                                <meta itemprop=\"price\" content=\"27.990\">\n                                <strong>\n                                    27.990 \u20ac (Brutto)\n                                <\/strong><br><small>\n                                    Inkl. 19% MwSt.                                <\/small>\n                            <\/div>\n                                                <br>\n                        <a href=\"https:\/\/ford-sachsen.de\/html\/page\/fahrzeuge\/ford-kuga-st-line-hud-navi-acc-led-winterpaket-pdcvh\/\"\n                            class=\"vehicle-btn wp-block-button__link wp-element-button\">Details<\/a>\n                    <\/div>\n                <\/div> <!-- \/\/ vehicle-row -->\n               \n            <\/article>\n                        <article id=\"post-4810575\" class=\"vehicle\">\n                <hgroup>\n                    <a href=\"https:\/\/ford-sachsen.de\/html\/page\/fahrzeuge\/ford-ranger-e-4wd-doka-tremor-laderaumw-gespr-techno\/\">\n                        <h2 class=\"vehicle-title\">\n                            Ford Ranger e-4WD DOKA Tremor LADERAUMW.GESPR.+TECHNO                        <\/h2>\n\n                    <\/a>\n                <\/hgroup>\n                <span class=\"vehicle-addition\">\n                    <p>\n                        SUV\/Gel\u00e4ndewagen\/Pickup ,\n                        Gebrauchtfahrzeug                    <\/p>\n                <\/span>\n                <div class=\"vehicle-row\">\n                    <div class=\"vehicle-thumbnail\">\n                        <a href=\"https:\/\/ford-sachsen.de\/html\/page\/fahrzeuge\/ford-ranger-e-4wd-doka-tremor-laderaumw-gespr-techno\/\" title=\"Ford Ranger e-4WD DOKA Tremor LADERAUMW.GESPR.+TECHNO\">\n                            <img loading=\"lazy\" decoding=\"async\" width=\"300\" height=\"225\" src=\"https:\/\/ford-sachsen.de\/html\/page\/wp-content\/uploads\/2026\/09\/4810575-6a970121eec0a3a9a4c49-3b5a-444e-b63e-66f8623ed219-rule-mo-1600-300x225.jpg\" class=\"attachment-medium size-medium wp-post-image\" alt=\"\" srcset=\"https:\/\/ford-sachsen.de\/html\/page\/wp-content\/uploads\/2026\/09\/4810575-6a970121eec0a3a9a4c49-3b5a-444e-b63e-66f8623ed219-rule-mo-1600-300x225.jpg 300w, https:\/\/ford-sachsen.de\/html\/page\/wp-content\/uploads\/2026\/09\/4810575-6a970121eec0a3a9a4c49-3b5a-444e-b63e-66f8623ed219-rule-mo-1600-1024x768.jpg 1024w, https:\/\/ford-sachsen.de\/html\/page\/wp-content\/uploads\/2026\/09\/4810575-6a970121eec0a3a9a4c49-3b5a-444e-b63e-66f8623ed219-rule-mo-1600-768x576.jpg 768w, https:\/\/ford-sachsen.de\/html\/page\/wp-content\/uploads\/2026\/09\/4810575-6a970121eec0a3a9a4c49-3b5a-444e-b63e-66f8623ed219-rule-mo-1600.jpg 1440w\" sizes=\"(max-width: 300px) 100vw, 300px\" \/>                        <\/a>\n                    <\/div>\n                    <div class=\"vehicle-data\">\n                                                    <small>\n                                                                03.2026                                \u00b7\n                            <\/small>\n                                                                            <small>\n                                25 km\n                            <\/small>\n                                                                            <small>\n                                \u00b7\n                                151 kW\n                                                                (\n                                205 PS)\n                            <\/small>\n                                                                            <small>\n                                \u00b7\n                                Automatik                            <\/small>\n                                                                            <small>\n                                \u00b7\n                                Unfallfrei                            <\/small>\n                        \n                                                    <small>\n                                \u00b7\n                                Diesel                            <\/small>\n                                                                                                                            <small>\n                                \u00b7\n                                4\/5 T\u00fcren\n                            <\/small>\n                                                <ul class=\"vehicle-emission\">\n                                                 <span>Verbrauch komb.: \n                                    10.3                                 l\/100km<\/span><br>\n                                                                                \n                                       \n  <!-- CO2-Emissionen\t-->\n                                            <span>CO\u2082-Emissionen komb.: 270.0                                 g\/km<\/span><br>\n                                        <!-- CO2-Emissionen\t-->\n                   \n \n                         <span>CO\u2082-Klasse: \n                                    G                                <\/span><br>\n                    \n\n\n                <\/ul>\n\n                    <\/div>\n\n                    <div class=\"vehicle-price\">\n                                                    <div itemprop=\"priceSpecification\" itemscope itemtype=\"http:\/\/schema.org\/UnitPriceSpecification\">\n                                <meta itemprop=\"priceCurrency\" content=\"EUR\">\n                                <meta itemprop=\"price\" content=\"43.690\">\n                                <strong>\n                                    43.690 \u20ac (Brutto)\n                                <\/strong><br><small>\n                                    Inkl. 19% MwSt.                                <\/small>\n                            <\/div>\n                                                <br>\n                        <a href=\"https:\/\/ford-sachsen.de\/html\/page\/fahrzeuge\/ford-ranger-e-4wd-doka-tremor-laderaumw-gespr-techno\/\"\n                            class=\"vehicle-btn wp-block-button__link wp-element-button\">Details<\/a>\n                    <\/div>\n                <\/div> <!-- \/\/ vehicle-row -->\n               \n            <\/article>\n                        <article id=\"post-4810573\" class=\"vehicle\">\n                <hgroup>\n                    <a href=\"https:\/\/ford-sachsen.de\/html\/page\/fahrzeuge\/ford-kuga-st-line-fhev-allrad-gjr-winter-paket-led\/\">\n                        <h2 class=\"vehicle-title\">\n                            Ford Kuga ST-Line FHEV Allrad GJR Winter-Paket LED                        <\/h2>\n\n                    <\/a>\n                <\/hgroup>\n                <span class=\"vehicle-addition\">\n                    <p>\n                        SUV\/Gel\u00e4ndewagen\/Pickup ,\n                        Gebrauchtfahrzeug                    <\/p>\n                <\/span>\n                <div class=\"vehicle-row\">\n                    <div class=\"vehicle-thumbnail\">\n                        <a href=\"https:\/\/ford-sachsen.de\/html\/page\/fahrzeuge\/ford-kuga-st-line-fhev-allrad-gjr-winter-paket-led\/\" title=\"Ford Kuga ST-Line FHEV Allrad GJR Winter-Paket LED\">\n                            <img loading=\"lazy\" decoding=\"async\" width=\"300\" height=\"225\" src=\"https:\/\/ford-sachsen.de\/html\/page\/wp-content\/uploads\/2026\/09\/4810573-6a97011f0b4ed8b976164-7ad3-45ea-9d37-6a5c08eb6271-rule-mo-1600-300x225.jpg\" class=\"attachment-medium size-medium wp-post-image\" alt=\"\" srcset=\"https:\/\/ford-sachsen.de\/html\/page\/wp-content\/uploads\/2026\/09\/4810573-6a97011f0b4ed8b976164-7ad3-45ea-9d37-6a5c08eb6271-rule-mo-1600-300x225.jpg 300w, https:\/\/ford-sachsen.de\/html\/page\/wp-content\/uploads\/2026\/09\/4810573-6a97011f0b4ed8b976164-7ad3-45ea-9d37-6a5c08eb6271-rule-mo-1600-1024x768.jpg 1024w, https:\/\/ford-sachsen.de\/html\/page\/wp-content\/uploads\/2026\/09\/4810573-6a97011f0b4ed8b976164-7ad3-45ea-9d37-6a5c08eb6271-rule-mo-1600-768x576.jpg 768w, https:\/\/ford-sachsen.de\/html\/page\/wp-content\/uploads\/2026\/09\/4810573-6a97011f0b4ed8b976164-7ad3-45ea-9d37-6a5c08eb6271-rule-mo-1600-1536x1152.jpg 1536w, https:\/\/ford-sachsen.de\/html\/page\/wp-content\/uploads\/2026\/09\/4810573-6a97011f0b4ed8b976164-7ad3-45ea-9d37-6a5c08eb6271-rule-mo-1600.jpg 1600w\" sizes=\"(max-width: 300px) 100vw, 300px\" \/>                        <\/a>\n                    <\/div>\n                    <div class=\"vehicle-data\">\n                                                    <small>\n                                                                01.2026                                \u00b7\n                            <\/small>\n                                                                            <small>\n                                4.973 km\n                            <\/small>\n                                                                            <small>\n                                \u00b7\n                                140 kW\n                                                                (\n                                190 PS)\n                            <\/small>\n                                                                            <small>\n                                \u00b7\n                                Automatik                            <\/small>\n                                                                            <small>\n                                \u00b7\n                                Unfallfrei                            <\/small>\n                        \n                                                    <small>\n                                \u00b7\n                                Hybrid (Benzin\/Elektro)                            <\/small>\n                                                                                                                            <small>\n                                \u00b7\n                                4\/5 T\u00fcren\n                            <\/small>\n                                                <ul class=\"vehicle-emission\">\n                                                 <span>Verbrauch komb.: \n                                    6.3                                 l\/100km<\/span><br>\n                                                                                \n                                       \n  <!-- CO2-Emissionen\t-->\n                                            <span>CO\u2082-Emissionen komb.: 145.0                                 g\/km<\/span><br>\n                                        <!-- CO2-Emissionen\t-->\n                   \n \n                         <span>CO\u2082-Klasse: \n                                    E                                <\/span><br>\n                    \n\n\n                <\/ul>\n\n                    <\/div>\n\n                    <div class=\"vehicle-price\">\n                                                    <div itemprop=\"priceSpecification\" itemscope itemtype=\"http:\/\/schema.org\/UnitPriceSpecification\">\n                                <meta itemprop=\"priceCurrency\" content=\"EUR\">\n                                <meta itemprop=\"price\" content=\"36.998\">\n                                <strong>\n                                    36.998 \u20ac (Brutto)\n                                <\/strong><br><small>\n                                    Inkl. 19% MwSt.                                <\/small>\n                            <\/div>\n                                                <br>\n                        <a href=\"https:\/\/ford-sachsen.de\/html\/page\/fahrzeuge\/ford-kuga-st-line-fhev-allrad-gjr-winter-paket-led\/\"\n                            class=\"vehicle-btn wp-block-button__link wp-element-button\">Details<\/a>\n                    <\/div>\n                <\/div> <!-- \/\/ vehicle-row -->\n               \n            <\/article>\n                        <article id=\"post-4810571\" class=\"vehicle\">\n                <hgroup>\n                    <a href=\"https:\/\/ford-sachsen.de\/html\/page\/fahrzeuge\/ford-puma-titanium-ahk-abnehmbar-navi-led-acc-klimaau\/\">\n                        <h2 class=\"vehicle-title\">\n                            Ford Puma Titanium AHK-abnehmbar Navi LED ACC Klimaau                        <\/h2>\n\n                    <\/a>\n                <\/hgroup>\n                <span class=\"vehicle-addition\">\n                    <p>\n                        SUV\/Gel\u00e4ndewagen\/Pickup ,\n                        Gebrauchtfahrzeug                    <\/p>\n                <\/span>\n                <div class=\"vehicle-row\">\n                    <div class=\"vehicle-thumbnail\">\n                        <a href=\"https:\/\/ford-sachsen.de\/html\/page\/fahrzeuge\/ford-puma-titanium-ahk-abnehmbar-navi-led-acc-klimaau\/\" title=\"Ford Puma Titanium AHK-abnehmbar Navi LED ACC Klimaau\">\n                            <img loading=\"lazy\" decoding=\"async\" width=\"300\" height=\"225\" src=\"https:\/\/ford-sachsen.de\/html\/page\/wp-content\/uploads\/2026\/09\/4810571-6a97011d10bb3da4aef1f-975d-4f63-85e2-21d38d9561e0-rule-mo-1600-300x225.jpg\" class=\"attachment-medium size-medium wp-post-image\" alt=\"\" srcset=\"https:\/\/ford-sachsen.de\/html\/page\/wp-content\/uploads\/2026\/09\/4810571-6a97011d10bb3da4aef1f-975d-4f63-85e2-21d38d9561e0-rule-mo-1600-300x225.jpg 300w, https:\/\/ford-sachsen.de\/html\/page\/wp-content\/uploads\/2026\/09\/4810571-6a97011d10bb3da4aef1f-975d-4f63-85e2-21d38d9561e0-rule-mo-1600-1024x768.jpg 1024w, https:\/\/ford-sachsen.de\/html\/page\/wp-content\/uploads\/2026\/09\/4810571-6a97011d10bb3da4aef1f-975d-4f63-85e2-21d38d9561e0-rule-mo-1600-768x576.jpg 768w, https:\/\/ford-sachsen.de\/html\/page\/wp-content\/uploads\/2026\/09\/4810571-6a97011d10bb3da4aef1f-975d-4f63-85e2-21d38d9561e0-rule-mo-1600.jpg 1448w\" sizes=\"(max-width: 300px) 100vw, 300px\" \/>                        <\/a>\n                    <\/div>\n                    <div class=\"vehicle-data\">\n                                                    <small>\n                                                                07.2021                                \u00b7\n                            <\/small>\n                                                                            <small>\n                                46.075 km\n                            <\/small>\n                                                                            <small>\n                                \u00b7\n                                92 kW\n                                                                (\n                                125 PS)\n                            <\/small>\n                                                                            <small>\n                                \u00b7\n                                Automatik                            <\/small>\n                                                                            <small>\n                                \u00b7\n                                Unfallfrei                            <\/small>\n                        \n                                                    <small>\n                                \u00b7\n                                Benzin                            <\/small>\n                                                                                                                            <small>\n                                \u00b7\n                                4\/5 T\u00fcren\n                            <\/small>\n                                                <ul class=\"vehicle-emission\">\n                                                 <span>Verbrauch komb.: \n                                    6.1                                 l\/100km<\/span><br>\n                                                                                \n                                       \n  <!-- CO2-Emissionen\t-->\n                                            <span>CO\u2082-Emissionen komb.: 138.0                                 g\/km<\/span><br>\n                                        <!-- CO2-Emissionen\t-->\n                   \n \n                         <span>CO\u2082-Klasse: \n                                    E                                <\/span><br>\n                    \n\n\n                <\/ul>\n\n                    <\/div>\n\n                    <div class=\"vehicle-price\">\n                                                    <div itemprop=\"priceSpecification\" itemscope itemtype=\"http:\/\/schema.org\/UnitPriceSpecification\">\n                                <meta itemprop=\"priceCurrency\" content=\"EUR\">\n                                <meta itemprop=\"price\" content=\"16.900\">\n                                <strong>\n                                    16.900 \u20ac (Brutto)\n                                <\/strong><br><small>\n                                    MwSt. nicht ausweisbar                                <\/small>\n                            <\/div>\n                                                <br>\n                        <a href=\"https:\/\/ford-sachsen.de\/html\/page\/fahrzeuge\/ford-puma-titanium-ahk-abnehmbar-navi-led-acc-klimaau\/\"\n                            class=\"vehicle-btn wp-block-button__link wp-element-button\">Details<\/a>\n                    <\/div>\n                <\/div> <!-- \/\/ vehicle-row -->\n               \n            <\/article>\n                        <article id=\"post-4810569\" class=\"vehicle\">\n                <hgroup>\n                    <a href=\"https:\/\/ford-sachsen.de\/html\/page\/fahrzeuge\/ford-focus-titanium-style-navi-mehrzonenklima-dab-shz\/\">\n                        <h2 class=\"vehicle-title\">\n                            Ford Focus Titanium Style Navi Mehrzonenklima DAB SHZ                        <\/h2>\n\n                    <\/a>\n                <\/hgroup>\n                <span class=\"vehicle-addition\">\n                    <p>\n                        Limousine ,\n                        Gebrauchtfahrzeug                    <\/p>\n                <\/span>\n                <div class=\"vehicle-row\">\n                    <div class=\"vehicle-thumbnail\">\n                        <a href=\"https:\/\/ford-sachsen.de\/html\/page\/fahrzeuge\/ford-focus-titanium-style-navi-mehrzonenklima-dab-shz\/\" title=\"Ford Focus Titanium Style Navi Mehrzonenklima DAB SHZ\">\n                            <img loading=\"lazy\" decoding=\"async\" width=\"300\" height=\"225\" src=\"https:\/\/ford-sachsen.de\/html\/page\/wp-content\/uploads\/2026\/09\/4810569-6a97011b1cec96763868e-637a-44a6-9c08-a67d8d538088-rule-mo-1600-300x225.jpg\" class=\"attachment-medium size-medium wp-post-image\" alt=\"\" srcset=\"https:\/\/ford-sachsen.de\/html\/page\/wp-content\/uploads\/2026\/09\/4810569-6a97011b1cec96763868e-637a-44a6-9c08-a67d8d538088-rule-mo-1600-300x225.jpg 300w, https:\/\/ford-sachsen.de\/html\/page\/wp-content\/uploads\/2026\/09\/4810569-6a97011b1cec96763868e-637a-44a6-9c08-a67d8d538088-rule-mo-1600-1024x768.jpg 1024w, https:\/\/ford-sachsen.de\/html\/page\/wp-content\/uploads\/2026\/09\/4810569-6a97011b1cec96763868e-637a-44a6-9c08-a67d8d538088-rule-mo-1600-768x576.jpg 768w, https:\/\/ford-sachsen.de\/html\/page\/wp-content\/uploads\/2026\/09\/4810569-6a97011b1cec96763868e-637a-44a6-9c08-a67d8d538088-rule-mo-1600.jpg 1440w\" sizes=\"(max-width: 300px) 100vw, 300px\" \/>                        <\/a>\n                    <\/div>\n                    <div class=\"vehicle-data\">\n                                                    <small>\n                                                                05.2023                                \u00b7\n                            <\/small>\n                                                                            <small>\n                                10.544 km\n                            <\/small>\n                                                                            <small>\n                                \u00b7\n                                92 kW\n                                                                (\n                                125 PS)\n                            <\/small>\n                                                                            <small>\n                                \u00b7\n                                Schaltgetriebe                            <\/small>\n                                                                            <small>\n                                \u00b7\n                                Unfallfrei                            <\/small>\n                        \n                                                    <small>\n                                \u00b7\n                                Benzin                            <\/small>\n                                                                                                                            <small>\n                                \u00b7\n                                4\/5 T\u00fcren\n                            <\/small>\n                                                <ul class=\"vehicle-emission\">\n                                                 <span>Verbrauch komb.: \n                                    6.4                                 l\/100km<\/span><br>\n                                                                                \n                                       \n  <!-- CO2-Emissionen\t-->\n                                            <span>CO\u2082-Emissionen komb.: 146.0                                 g\/km<\/span><br>\n                                        <!-- CO2-Emissionen\t-->\n                   \n \n                         <span>CO\u2082-Klasse: \n                                    E                                <\/span><br>\n                    \n\n\n                <\/ul>\n\n                    <\/div>\n\n                    <div class=\"vehicle-price\">\n                                                    <div itemprop=\"priceSpecification\" itemscope itemtype=\"http:\/\/schema.org\/UnitPriceSpecification\">\n                                <meta itemprop=\"priceCurrency\" content=\"EUR\">\n                                <meta itemprop=\"price\" content=\"19.450\">\n                                <strong>\n                                    19.450 \u20ac (Brutto)\n                                <\/strong><br><small>\n                                    Inkl. 19% MwSt.                                <\/small>\n                            <\/div>\n                                                <br>\n                        <a href=\"https:\/\/ford-sachsen.de\/html\/page\/fahrzeuge\/ford-focus-titanium-style-navi-mehrzonenklima-dab-shz\/\"\n                            class=\"vehicle-btn wp-block-button__link wp-element-button\">Details<\/a>\n                    <\/div>\n                <\/div> <!-- \/\/ vehicle-row -->\n               \n            <\/article>\n                        <article id=\"post-4810567\" class=\"vehicle\">\n                <hgroup>\n                    <a href=\"https:\/\/ford-sachsen.de\/html\/page\/fahrzeuge\/ford-puma-titanium-navi-led-klimaautom-lenkradhzg-dab\/\">\n                        <h2 class=\"vehicle-title\">\n                            Ford Puma Titanium Navi LED Klimaautom LenkradHZG DAB                        <\/h2>\n\n                    <\/a>\n                <\/hgroup>\n                <span class=\"vehicle-addition\">\n                    <p>\n                        SUV\/Gel\u00e4ndewagen\/Pickup ,\n                        Gebrauchtfahrzeug                    <\/p>\n                <\/span>\n                <div class=\"vehicle-row\">\n                    <div class=\"vehicle-thumbnail\">\n                        <a href=\"https:\/\/ford-sachsen.de\/html\/page\/fahrzeuge\/ford-puma-titanium-navi-led-klimaautom-lenkradhzg-dab\/\" title=\"Ford Puma Titanium Navi LED Klimaautom LenkradHZG DAB\">\n                            <img loading=\"lazy\" decoding=\"async\" width=\"300\" height=\"225\" src=\"https:\/\/ford-sachsen.de\/html\/page\/wp-content\/uploads\/2026\/09\/4810567-6a970119308b2d5c61a2f-5068-4493-a1ce-e1d7679fabda-rule-mo-1600-300x225.jpg\" class=\"attachment-medium size-medium wp-post-image\" alt=\"\" srcset=\"https:\/\/ford-sachsen.de\/html\/page\/wp-content\/uploads\/2026\/09\/4810567-6a970119308b2d5c61a2f-5068-4493-a1ce-e1d7679fabda-rule-mo-1600-300x225.jpg 300w, https:\/\/ford-sachsen.de\/html\/page\/wp-content\/uploads\/2026\/09\/4810567-6a970119308b2d5c61a2f-5068-4493-a1ce-e1d7679fabda-rule-mo-1600-1024x768.jpg 1024w, https:\/\/ford-sachsen.de\/html\/page\/wp-content\/uploads\/2026\/09\/4810567-6a970119308b2d5c61a2f-5068-4493-a1ce-e1d7679fabda-rule-mo-1600-768x576.jpg 768w, https:\/\/ford-sachsen.de\/html\/page\/wp-content\/uploads\/2026\/09\/4810567-6a970119308b2d5c61a2f-5068-4493-a1ce-e1d7679fabda-rule-mo-1600.jpg 1440w\" sizes=\"(max-width: 300px) 100vw, 300px\" \/>                        <\/a>\n                    <\/div>\n                    <div class=\"vehicle-data\">\n                                                    <small>\n                                                                12.2024                                \u00b7\n                            <\/small>\n                                                                            <small>\n                                2 km\n                            <\/small>\n                                                                            <small>\n                                \u00b7\n                                92 kW\n                                                                (\n                                125 PS)\n                            <\/small>\n                                                                            <small>\n                                \u00b7\n                                Schaltgetriebe                            <\/small>\n                                                                            <small>\n                                \u00b7\n                                Unfallfrei                            <\/small>\n                        \n                                                    <small>\n                                \u00b7\n                                Benzin                            <\/small>\n                                                                                                                            <small>\n                                \u00b7\n                                4\/5 T\u00fcren\n                            <\/small>\n                                                <ul class=\"vehicle-emission\">\n                                                 <span>Verbrauch komb.: \n                                    6.0                                 l\/100km<\/span><br>\n                                                                                \n                                       \n  <!-- CO2-Emissionen\t-->\n                                            <span>CO\u2082-Emissionen komb.: 135.0                                 g\/km<\/span><br>\n                                        <!-- CO2-Emissionen\t-->\n                   \n \n                         <span>CO\u2082-Klasse: \n                                    D                                <\/span><br>\n                    \n\n\n                <\/ul>\n\n                    <\/div>\n\n                    <div class=\"vehicle-price\">\n                                                    <div itemprop=\"priceSpecification\" itemscope itemtype=\"http:\/\/schema.org\/UnitPriceSpecification\">\n                                <meta itemprop=\"priceCurrency\" content=\"EUR\">\n                                <meta itemprop=\"price\" content=\"19.899\">\n                                <strong>\n                                    19.899 \u20ac (Brutto)\n                                <\/strong><br><small>\n                                    Inkl. 19% MwSt.                                <\/small>\n                            <\/div>\n                                                <br>\n                        <a href=\"https:\/\/ford-sachsen.de\/html\/page\/fahrzeuge\/ford-puma-titanium-navi-led-klimaautom-lenkradhzg-dab\/\"\n                            class=\"vehicle-btn wp-block-button__link wp-element-button\">Details<\/a>\n                    <\/div>\n                <\/div> <!-- \/\/ vehicle-row -->\n               \n            <\/article>\n                        <article id=\"post-4810565\" class=\"vehicle\">\n                <hgroup>\n                    <a href=\"https:\/\/ford-sachsen.de\/html\/page\/fahrzeuge\/ford-puma-st-line-125ps-kamera-led-navi-winterpaket-k\/\">\n                        <h2 class=\"vehicle-title\">\n                            Ford Puma ST-Line 125PS Kamera LED Navi Winterpaket K                        <\/h2>\n\n                    <\/a>\n                <\/hgroup>\n                <span class=\"vehicle-addition\">\n                    <p>\n                        SUV\/Gel\u00e4ndewagen\/Pickup ,\n                        Gebrauchtfahrzeug                    <\/p>\n                <\/span>\n                <div class=\"vehicle-row\">\n                    <div class=\"vehicle-thumbnail\">\n                        <a href=\"https:\/\/ford-sachsen.de\/html\/page\/fahrzeuge\/ford-puma-st-line-125ps-kamera-led-navi-winterpaket-k\/\" title=\"Ford Puma ST-Line 125PS Kamera LED Navi Winterpaket K\">\n                            <img loading=\"lazy\" decoding=\"async\" width=\"300\" height=\"225\" src=\"https:\/\/ford-sachsen.de\/html\/page\/wp-content\/uploads\/2026\/09\/4810565-6a9701174c888ab610180-4aba-4d50-87de-f65152158cc1-rule-mo-1600-300x225.jpg\" class=\"attachment-medium size-medium wp-post-image\" alt=\"\" srcset=\"https:\/\/ford-sachsen.de\/html\/page\/wp-content\/uploads\/2026\/09\/4810565-6a9701174c888ab610180-4aba-4d50-87de-f65152158cc1-rule-mo-1600-300x225.jpg 300w, https:\/\/ford-sachsen.de\/html\/page\/wp-content\/uploads\/2026\/09\/4810565-6a9701174c888ab610180-4aba-4d50-87de-f65152158cc1-rule-mo-1600-1024x768.jpg 1024w, https:\/\/ford-sachsen.de\/html\/page\/wp-content\/uploads\/2026\/09\/4810565-6a9701174c888ab610180-4aba-4d50-87de-f65152158cc1-rule-mo-1600-768x576.jpg 768w, https:\/\/ford-sachsen.de\/html\/page\/wp-content\/uploads\/2026\/09\/4810565-6a9701174c888ab610180-4aba-4d50-87de-f65152158cc1-rule-mo-1600.jpg 1440w\" sizes=\"(max-width: 300px) 100vw, 300px\" \/>                        <\/a>\n                    <\/div>\n                    <div class=\"vehicle-data\">\n                                                    <small>\n                                                                11.2024                                \u00b7\n                            <\/small>\n                                                                            <small>\n                                5.907 km\n                            <\/small>\n                                                                            <small>\n                                \u00b7\n                                92 kW\n                                                                (\n                                125 PS)\n                            <\/small>\n                                                                            <small>\n                                \u00b7\n                                Schaltgetriebe                            <\/small>\n                                                                            <small>\n                                \u00b7\n                                Unfallfrei                            <\/small>\n                        \n                                                    <small>\n                                \u00b7\n                                Benzin                            <\/small>\n                                                                                                                            <small>\n                                \u00b7\n                                4\/5 T\u00fcren\n                            <\/small>\n                                                <ul class=\"vehicle-emission\">\n                                                 <span>Verbrauch komb.: \n                                    5.5                                 l\/100km<\/span><br>\n                                                                                \n                                       \n  <!-- CO2-Emissionen\t-->\n                                            <span>CO\u2082-Emissionen komb.: 124.0                                 g\/km<\/span><br>\n                                        <!-- CO2-Emissionen\t-->\n                   \n \n                         <span>CO\u2082-Klasse: \n                                    D                                <\/span><br>\n                    \n\n\n                <\/ul>\n\n                    <\/div>\n\n                    <div class=\"vehicle-price\">\n                                                    <div itemprop=\"priceSpecification\" itemscope itemtype=\"http:\/\/schema.org\/UnitPriceSpecification\">\n                                <meta itemprop=\"priceCurrency\" content=\"EUR\">\n                                <meta itemprop=\"price\" content=\"21.895\">\n                                <strong>\n                                    21.895 \u20ac (Brutto)\n                                <\/strong><br><small>\n                                    Inkl. 19% MwSt.                                <\/small>\n                            <\/div>\n                                                <br>\n                        <a href=\"https:\/\/ford-sachsen.de\/html\/page\/fahrzeuge\/ford-puma-st-line-125ps-kamera-led-navi-winterpaket-k\/\"\n                            class=\"vehicle-btn wp-block-button__link wp-element-button\">Details<\/a>\n                    <\/div>\n                <\/div> <!-- \/\/ vehicle-row -->\n               \n            <\/article>\n                        <article id=\"post-4810563\" class=\"vehicle\">\n                <hgroup>\n                    <a href=\"https:\/\/ford-sachsen.de\/html\/page\/fahrzeuge\/ford-kuga-st-line-x-allwetterr-awd-lenkradhzg-hud-kl\/\">\n                        <h2 class=\"vehicle-title\">\n                            Ford Kuga ST-Line X Allwetterr. AWD LenkradHZG HUD Kl                        <\/h2>\n\n                    <\/a>\n                <\/hgroup>\n                <span class=\"vehicle-addition\">\n                    <p>\n                        SUV\/Gel\u00e4ndewagen\/Pickup ,\n                        Gebrauchtfahrzeug                    <\/p>\n                <\/span>\n                <div class=\"vehicle-row\">\n                    <div class=\"vehicle-thumbnail\">\n                        <a href=\"https:\/\/ford-sachsen.de\/html\/page\/fahrzeuge\/ford-kuga-st-line-x-allwetterr-awd-lenkradhzg-hud-kl\/\" title=\"Ford Kuga ST-Line X Allwetterr. AWD LenkradHZG HUD Kl\">\n                            <img loading=\"lazy\" decoding=\"async\" width=\"300\" height=\"225\" src=\"https:\/\/ford-sachsen.de\/html\/page\/wp-content\/uploads\/2026\/09\/4810563-6a9701156929033e3aae0-eafb-4961-846e-4de0781641e2-rule-mo-1600-300x225.jpg\" class=\"attachment-medium size-medium wp-post-image\" alt=\"\" srcset=\"https:\/\/ford-sachsen.de\/html\/page\/wp-content\/uploads\/2026\/09\/4810563-6a9701156929033e3aae0-eafb-4961-846e-4de0781641e2-rule-mo-1600-300x225.jpg 300w, https:\/\/ford-sachsen.de\/html\/page\/wp-content\/uploads\/2026\/09\/4810563-6a9701156929033e3aae0-eafb-4961-846e-4de0781641e2-rule-mo-1600-1024x768.jpg 1024w, https:\/\/ford-sachsen.de\/html\/page\/wp-content\/uploads\/2026\/09\/4810563-6a9701156929033e3aae0-eafb-4961-846e-4de0781641e2-rule-mo-1600-768x576.jpg 768w, https:\/\/ford-sachsen.de\/html\/page\/wp-content\/uploads\/2026\/09\/4810563-6a9701156929033e3aae0-eafb-4961-846e-4de0781641e2-rule-mo-1600.jpg 1440w\" sizes=\"(max-width: 300px) 100vw, 300px\" \/>                        <\/a>\n                    <\/div>\n                    <div class=\"vehicle-data\">\n                                                    <small>\n                                                                09.2024                                \u00b7\n                            <\/small>\n                                                                            <small>\n                                3.256 km\n                            <\/small>\n                                                                            <small>\n                                \u00b7\n                                140 kW\n                                                                (\n                                190 PS)\n                            <\/small>\n                                                                            <small>\n                                \u00b7\n                                Automatik                            <\/small>\n                                                                            <small>\n                                \u00b7\n                                Unfallfrei                            <\/small>\n                        \n                                                    <small>\n                                \u00b7\n                                Hybrid (Benzin\/Elektro)                            <\/small>\n                                                                                                                            <small>\n                                \u00b7\n                                4\/5 T\u00fcren\n                            <\/small>\n                                                <ul class=\"vehicle-emission\">\n                                                 <span>Verbrauch komb.: \n                                    5.7                                 l\/100km<\/span><br>\n                                                                                \n                                       \n  <!-- CO2-Emissionen\t-->\n                                            <span>CO\u2082-Emissionen komb.: 132.0                                 g\/km<\/span><br>\n                                        <!-- CO2-Emissionen\t-->\n                   \n \n                         <span>CO\u2082-Klasse: \n                                    D                                <\/span><br>\n                    \n\n\n                <\/ul>\n\n                    <\/div>\n\n                    <div class=\"vehicle-price\">\n                                                    <div itemprop=\"priceSpecification\" itemscope itemtype=\"http:\/\/schema.org\/UnitPriceSpecification\">\n                                <meta itemprop=\"priceCurrency\" content=\"EUR\">\n                                <meta itemprop=\"price\" content=\"28.985\">\n                                <strong>\n                                    28.985 \u20ac (Brutto)\n                                <\/strong><br><small>\n                                    Inkl. 19% MwSt.                                <\/small>\n                            <\/div>\n                                                <br>\n                        <a href=\"https:\/\/ford-sachsen.de\/html\/page\/fahrzeuge\/ford-kuga-st-line-x-allwetterr-awd-lenkradhzg-hud-kl\/\"\n                            class=\"vehicle-btn wp-block-button__link wp-element-button\">Details<\/a>\n                    <\/div>\n                <\/div> <!-- \/\/ vehicle-row -->\n               \n            <\/article>\n                        <article id=\"post-4810561\" class=\"vehicle\">\n                <hgroup>\n                    <a href=\"https:\/\/ford-sachsen.de\/html\/page\/fahrzeuge\/ford-kuga-st-line-x-hud-ahk-navi-led-kamera-winterpak\/\">\n                        <h2 class=\"vehicle-title\">\n                            Ford Kuga ST-Line X HUD AHK Navi LED KAMERA Winterpak                        <\/h2>\n\n                    <\/a>\n                <\/hgroup>\n                <span class=\"vehicle-addition\">\n                    <p>\n                        SUV\/Gel\u00e4ndewagen\/Pickup ,\n                        Gebrauchtfahrzeug                    <\/p>\n                <\/span>\n                <div class=\"vehicle-row\">\n                    <div class=\"vehicle-thumbnail\">\n                        <a href=\"https:\/\/ford-sachsen.de\/html\/page\/fahrzeuge\/ford-kuga-st-line-x-hud-ahk-navi-led-kamera-winterpak\/\" title=\"Ford Kuga ST-Line X HUD AHK Navi LED KAMERA Winterpak\">\n                            <img loading=\"lazy\" decoding=\"async\" width=\"300\" height=\"225\" src=\"https:\/\/ford-sachsen.de\/html\/page\/wp-content\/uploads\/2026\/09\/4810561-6a9701136ceae7c4bf11d-47bc-4c28-8bb3-af426d7fe14a-rule-mo-1600-300x225.jpg\" class=\"attachment-medium size-medium wp-post-image\" alt=\"\" srcset=\"https:\/\/ford-sachsen.de\/html\/page\/wp-content\/uploads\/2026\/09\/4810561-6a9701136ceae7c4bf11d-47bc-4c28-8bb3-af426d7fe14a-rule-mo-1600-300x225.jpg 300w, https:\/\/ford-sachsen.de\/html\/page\/wp-content\/uploads\/2026\/09\/4810561-6a9701136ceae7c4bf11d-47bc-4c28-8bb3-af426d7fe14a-rule-mo-1600-1024x768.jpg 1024w, https:\/\/ford-sachsen.de\/html\/page\/wp-content\/uploads\/2026\/09\/4810561-6a9701136ceae7c4bf11d-47bc-4c28-8bb3-af426d7fe14a-rule-mo-1600-768x576.jpg 768w, https:\/\/ford-sachsen.de\/html\/page\/wp-content\/uploads\/2026\/09\/4810561-6a9701136ceae7c4bf11d-47bc-4c28-8bb3-af426d7fe14a-rule-mo-1600.jpg 1440w\" sizes=\"(max-width: 300px) 100vw, 300px\" \/>                        <\/a>\n                    <\/div>\n                    <div class=\"vehicle-data\">\n                                                    <small>\n                                                                02.2024                                \u00b7\n                            <\/small>\n                                                                            <small>\n                                13.194 km\n                            <\/small>\n                                                                            <small>\n                                \u00b7\n                                165 kW\n                                                                (\n                                224 PS)\n                            <\/small>\n                                                                            <small>\n                                \u00b7\n                                Automatik                            <\/small>\n                                                                            <small>\n                                \u00b7\n                                Unfallfrei                            <\/small>\n                        \n                                                    <small>\n                                \u00b7\n                                Plug-in-Hybrid                            <\/small>\n                                                                                                                            <small>\n                                \u00b7\n                                4\/5 T\u00fcren\n                            <\/small>\n                                                <ul class=\"vehicle-emission\">\n                                                <span>Kraftstoffverbrauch gewichtet, kombiniert: \n                                    1.0                                 l\/100km<\/span><br>\n                                             <span>Verbrauch komb.: \n                                    5.5                                 l\/100km<\/span><br>\n                                                                <span>Stromverbrauch gewichtet, kombiniert: \n                                    14.7                                 kWh\/100km<\/span><br>\n                                                            \n                                       \n  <!-- CO2-Emissionen\t-->\n                                            <span>CO\u2082-Emissionen komb.: 23.0                                 g\/km<\/span><br>\n                                        <!-- CO2-Emissionen\t-->\n                   \n \n                         <span>CO\u2082-Klasse: \n                                    B                                <\/span><br>\n                    \n\n\n                <\/ul>\n\n                    <\/div>\n\n                    <div class=\"vehicle-price\">\n                                                    <div itemprop=\"priceSpecification\" itemscope itemtype=\"http:\/\/schema.org\/UnitPriceSpecification\">\n                                <meta itemprop=\"priceCurrency\" content=\"EUR\">\n                                <meta itemprop=\"price\" content=\"30.985\">\n                                <strong>\n                                    30.985 \u20ac (Brutto)\n                                <\/strong><br><small>\n                                    Inkl. 19% MwSt.                                <\/small>\n                            <\/div>\n                                                <br>\n                        <a href=\"https:\/\/ford-sachsen.de\/html\/page\/fahrzeuge\/ford-kuga-st-line-x-hud-ahk-navi-led-kamera-winterpak\/\"\n                            class=\"vehicle-btn wp-block-button__link wp-element-button\">Details<\/a>\n                    <\/div>\n                <\/div> <!-- \/\/ vehicle-row -->\n               \n            <\/article>\n                        <article id=\"post-4810559\" class=\"vehicle\">\n                <hgroup>\n                    <a href=\"https:\/\/ford-sachsen.de\/html\/page\/fahrzeuge\/ford-transit-custom-kasten-320-l1-trend-170psbeif-a\/\">\n                        <h2 class=\"vehicle-title\">\n                            Ford Transit Custom Kasten 320 L1 Trend 170PS+Beif.-A                        <\/h2>\n\n                    <\/a>\n                <\/hgroup>\n                <span class=\"vehicle-addition\">\n                    <p>\n                        Andere ,\n                        Gebrauchtfahrzeug                    <\/p>\n                <\/span>\n                <div class=\"vehicle-row\">\n                    <div class=\"vehicle-thumbnail\">\n                        <a href=\"https:\/\/ford-sachsen.de\/html\/page\/fahrzeuge\/ford-transit-custom-kasten-320-l1-trend-170psbeif-a\/\" title=\"Ford Transit Custom Kasten 320 L1 Trend 170PS+Beif.-A\">\n                            <img loading=\"lazy\" decoding=\"async\" width=\"300\" height=\"225\" src=\"https:\/\/ford-sachsen.de\/html\/page\/wp-content\/uploads\/2026\/09\/4810559-6a970112408676e0226ee-7b16-4d27-9d05-db9db00dded4-rule-mo-1600-300x225.jpg\" class=\"attachment-medium size-medium wp-post-image\" alt=\"\" srcset=\"https:\/\/ford-sachsen.de\/html\/page\/wp-content\/uploads\/2026\/09\/4810559-6a970112408676e0226ee-7b16-4d27-9d05-db9db00dded4-rule-mo-1600-300x225.jpg 300w, https:\/\/ford-sachsen.de\/html\/page\/wp-content\/uploads\/2026\/09\/4810559-6a970112408676e0226ee-7b16-4d27-9d05-db9db00dded4-rule-mo-1600.jpg 640w\" sizes=\"(max-width: 300px) 100vw, 300px\" \/>                        <\/a>\n                    <\/div>\n                    <div class=\"vehicle-data\">\n                                                    <small>\n                                                                09.2023                                \u00b7\n                            <\/small>\n                                                                            <small>\n                                135 km\n                            <\/small>\n                                                                            <small>\n                                \u00b7\n                                125 kW\n                                                                (\n                                170 PS)\n                            <\/small>\n                                                                            <small>\n                                \u00b7\n                                Schaltgetriebe                            <\/small>\n                                                                            <small>\n                                \u00b7\n                                Unfallfrei                            <\/small>\n                        \n                                                    <small>\n                                \u00b7\n                                Diesel                            <\/small>\n                                                                                                                            <small>\n                                \u00b7\n                                4\/5 T\u00fcren\n                            <\/small>\n                                                <ul class=\"vehicle-emission\">\n                                                 <span>Verbrauch komb.: \n                                    7.4                                 l\/100km<\/span><br>\n                                                                                \n                                       \n  <!-- CO2-Emissionen\t-->\n                                            <span>CO\u2082-Emissionen komb.: 194.0                                 g\/km<\/span><br>\n                                        <!-- CO2-Emissionen\t-->\n                   \n \n                         <span>CO\u2082-Klasse: \n                                    G                                <\/span><br>\n                    \n\n\n                <\/ul>\n\n                    <\/div>\n\n                    <div class=\"vehicle-price\">\n                                                    <div itemprop=\"priceSpecification\" itemscope itemtype=\"http:\/\/schema.org\/UnitPriceSpecification\">\n                                <meta itemprop=\"priceCurrency\" content=\"EUR\">\n                                <meta itemprop=\"price\" content=\"29.565\">\n                                <strong>\n                                    29.565 \u20ac (Brutto)\n                                <\/strong><br><small>\n                                    Inkl. 19% MwSt.                                <\/small>\n                            <\/div>\n                                                <br>\n                        <a href=\"https:\/\/ford-sachsen.de\/html\/page\/fahrzeuge\/ford-transit-custom-kasten-320-l1-trend-170psbeif-a\/\"\n                            class=\"vehicle-btn wp-block-button__link wp-element-button\">Details<\/a>\n                    <\/div>\n                <\/div> <!-- \/\/ vehicle-row -->\n               \n            <\/article>\n                        <article id=\"post-4810557\" class=\"vehicle\">\n                <hgroup>\n                    <a href=\"https:\/\/ford-sachsen.de\/html\/page\/fahrzeuge\/ford-puma-titanium-x-klimaacclm-18navikamerapps\/\">\n                        <h2 class=\"vehicle-title\">\n                            Ford Puma Titanium X KLIMA+ACC+LM 18+NAVI+KAMERA+PPS+                        <\/h2>\n\n                    <\/a>\n                <\/hgroup>\n                <span class=\"vehicle-addition\">\n                    <p>\n                        SUV\/Gel\u00e4ndewagen\/Pickup ,\n                        Gebrauchtfahrzeug                    <\/p>\n                <\/span>\n                <div class=\"vehicle-row\">\n                    <div class=\"vehicle-thumbnail\">\n                        <a href=\"https:\/\/ford-sachsen.de\/html\/page\/fahrzeuge\/ford-puma-titanium-x-klimaacclm-18navikamerapps\/\" title=\"Ford Puma Titanium X KLIMA+ACC+LM 18+NAVI+KAMERA+PPS+\">\n                            <img loading=\"lazy\" decoding=\"async\" width=\"300\" height=\"225\" src=\"https:\/\/ford-sachsen.de\/html\/page\/wp-content\/uploads\/2026\/09\/4810557-6a9701110b279c4b955da-d17f-42cc-b609-671cb0cdec5d-rule-mo-1600-300x225.jpg\" class=\"attachment-medium size-medium wp-post-image\" alt=\"\" srcset=\"https:\/\/ford-sachsen.de\/html\/page\/wp-content\/uploads\/2026\/09\/4810557-6a9701110b279c4b955da-d17f-42cc-b609-671cb0cdec5d-rule-mo-1600-300x225.jpg 300w, https:\/\/ford-sachsen.de\/html\/page\/wp-content\/uploads\/2026\/09\/4810557-6a9701110b279c4b955da-d17f-42cc-b609-671cb0cdec5d-rule-mo-1600.jpg 640w\" sizes=\"(max-width: 300px) 100vw, 300px\" \/>                        <\/a>\n                    <\/div>\n                    <div class=\"vehicle-data\">\n                                                    <small>\n                                                                12.2022                                \u00b7\n                            <\/small>\n                                                                            <small>\n                                16.442 km\n                            <\/small>\n                                                                            <small>\n                                \u00b7\n                                114 kW\n                                                                (\n                                155 PS)\n                            <\/small>\n                                                                            <small>\n                                \u00b7\n                                Schaltgetriebe                            <\/small>\n                                                                            <small>\n                                \u00b7\n                                Unfallfrei                            <\/small>\n                        \n                                                    <small>\n                                \u00b7\n                                Benzin                            <\/small>\n                                                                                                                            <small>\n                                \u00b7\n                                4\/5 T\u00fcren\n                            <\/small>\n                                                <ul class=\"vehicle-emission\">\n                                                 <span>Verbrauch komb.: \n                                    5.5                                 l\/100km<\/span><br>\n                                                                                \n                                       \n  <!-- CO2-Emissionen\t-->\n                                            <span>CO\u2082-Emissionen komb.: 124.0                                 g\/km<\/span><br>\n                                        <!-- CO2-Emissionen\t-->\n                   \n \n                         <span>CO\u2082-Klasse: \n                                    D                                <\/span><br>\n                    \n\n\n                <\/ul>\n\n                    <\/div>\n\n                    <div class=\"vehicle-price\">\n                                                    <div itemprop=\"priceSpecification\" itemscope itemtype=\"http:\/\/schema.org\/UnitPriceSpecification\">\n                                <meta itemprop=\"priceCurrency\" content=\"EUR\">\n                                <meta itemprop=\"price\" content=\"17.699\">\n                                <strong>\n                                    17.699 \u20ac (Brutto)\n                                <\/strong><br><small>\n                                    Inkl. 19% MwSt.                                <\/small>\n                            <\/div>\n                                                <br>\n                        <a href=\"https:\/\/ford-sachsen.de\/html\/page\/fahrzeuge\/ford-puma-titanium-x-klimaacclm-18navikamerapps\/\"\n                            class=\"vehicle-btn wp-block-button__link wp-element-button\">Details<\/a>\n                    <\/div>\n                <\/div> <!-- \/\/ vehicle-row -->\n               \n            <\/article>\n                        <article id=\"post-4810535\" class=\"vehicle\">\n                <hgroup>\n                    <a href=\"https:\/\/ford-sachsen.de\/html\/page\/fahrzeuge\/jaecoo-j5-exclusive-hev-exclusive-led-pano-dach-540\/\">\n                        <h2 class=\"vehicle-title\">\n                            JAECOO J5 Exclusive HEV EXCLUSIVE  LED  PANO. DACH 540                        <\/h2>\n\n                    <\/a>\n                <\/hgroup>\n                <span class=\"vehicle-addition\">\n                    <p>\n                        SUV\/Gel\u00e4ndewagen\/Pickup ,\n                        Neufahrzeug                    <\/p>\n                <\/span>\n                <div class=\"vehicle-row\">\n                    <div class=\"vehicle-thumbnail\">\n                        <a href=\"https:\/\/ford-sachsen.de\/html\/page\/fahrzeuge\/jaecoo-j5-exclusive-hev-exclusive-led-pano-dach-540\/\" title=\"JAECOO J5 Exclusive HEV EXCLUSIVE  LED  PANO. DACH 540\">\n                            <img loading=\"lazy\" decoding=\"async\" width=\"300\" height=\"225\" src=\"https:\/\/ford-sachsen.de\/html\/page\/wp-content\/uploads\/2026\/09\/4810535-6a96fff06f16efdb72f92-bf16-492f-8d39-193a27a6276f-rule-mo-1600-300x225.jpg\" class=\"attachment-medium size-medium wp-post-image\" alt=\"\" srcset=\"https:\/\/ford-sachsen.de\/html\/page\/wp-content\/uploads\/2026\/09\/4810535-6a96fff06f16efdb72f92-bf16-492f-8d39-193a27a6276f-rule-mo-1600-300x225.jpg 300w, https:\/\/ford-sachsen.de\/html\/page\/wp-content\/uploads\/2026\/09\/4810535-6a96fff06f16efdb72f92-bf16-492f-8d39-193a27a6276f-rule-mo-1600-1024x768.jpg 1024w, https:\/\/ford-sachsen.de\/html\/page\/wp-content\/uploads\/2026\/09\/4810535-6a96fff06f16efdb72f92-bf16-492f-8d39-193a27a6276f-rule-mo-1600-768x576.jpg 768w, https:\/\/ford-sachsen.de\/html\/page\/wp-content\/uploads\/2026\/09\/4810535-6a96fff06f16efdb72f92-bf16-492f-8d39-193a27a6276f-rule-mo-1600.jpg 1440w\" sizes=\"(max-width: 300px) 100vw, 300px\" \/>                        <\/a>\n                    <\/div>\n                    <div class=\"vehicle-data\">\n                                                                                                    <small>\n                                \u00b7\n                                165 kW\n                                                                (\n                                224 PS)\n                            <\/small>\n                                                                            <small>\n                                \u00b7\n                                Automatik                            <\/small>\n                                                                            <small>\n                                \u00b7\n                                Unfallfrei                            <\/small>\n                        \n                                                    <small>\n                                \u00b7\n                                Hybrid (Benzin\/Elektro)                            <\/small>\n                                                                                                                        <ul class=\"vehicle-emission\">\n                                                 <span>Verbrauch komb.: \n                                    5.3                                 l\/100km<\/span><br>\n                                                                                \n                                       \n  <!-- CO2-Emissionen\t-->\n                                            <span>CO\u2082-Emissionen komb.: 120.0                                 g\/km<\/span><br>\n                                        <!-- CO2-Emissionen\t-->\n                   \n \n                         <span>CO\u2082-Klasse: \n                                    D                                <\/span><br>\n                    \n\n\n                <\/ul>\n\n                    <\/div>\n\n                    <div class=\"vehicle-price\">\n                                                    <div itemprop=\"priceSpecification\" itemscope itemtype=\"http:\/\/schema.org\/UnitPriceSpecification\">\n                                <meta itemprop=\"priceCurrency\" content=\"EUR\">\n                                <meta itemprop=\"price\" content=\"31.290\">\n                                <strong>\n                                    31.290 \u20ac (Brutto)\n                                <\/strong><br><small>\n                                    Inkl. 19% MwSt.                                <\/small>\n                            <\/div>\n                                                <br>\n                        <a href=\"https:\/\/ford-sachsen.de\/html\/page\/fahrzeuge\/jaecoo-j5-exclusive-hev-exclusive-led-pano-dach-540\/\"\n                            class=\"vehicle-btn wp-block-button__link wp-element-button\">Details<\/a>\n                    <\/div>\n                <\/div> <!-- \/\/ vehicle-row -->\n               \n            <\/article>\n                        <article id=\"post-4810533\" class=\"vehicle\">\n                <hgroup>\n                    <a href=\"https:\/\/ford-sachsen.de\/html\/page\/fahrzeuge\/omoda-9-exclusive-phev-super-hybrid-premium-suv-4x4-pa-2\/\">\n                        <h2 class=\"vehicle-title\">\n                            OMODA 9 Exclusive PHEV SUPER-HYBRID PREMIUM-SUV 4X4 PA                        <\/h2>\n\n                    <\/a>\n                <\/hgroup>\n                <span class=\"vehicle-addition\">\n                    <p>\n                        SUV\/Gel\u00e4ndewagen\/Pickup ,\n                        Gebrauchtfahrzeug                    <\/p>\n                <\/span>\n                <div class=\"vehicle-row\">\n                    <div class=\"vehicle-thumbnail\">\n                        <a href=\"https:\/\/ford-sachsen.de\/html\/page\/fahrzeuge\/omoda-9-exclusive-phev-super-hybrid-premium-suv-4x4-pa-2\/\" title=\"OMODA 9 Exclusive PHEV SUPER-HYBRID PREMIUM-SUV 4X4 PA\">\n                            <img loading=\"lazy\" decoding=\"async\" width=\"300\" height=\"225\" src=\"https:\/\/ford-sachsen.de\/html\/page\/wp-content\/uploads\/2026\/09\/4810533-6a96ffee6649deed75769-c2ac-4b2e-9add-0b3d39a82c29-rule-mo-1600-300x225.jpg\" class=\"attachment-medium size-medium wp-post-image\" alt=\"\" srcset=\"https:\/\/ford-sachsen.de\/html\/page\/wp-content\/uploads\/2026\/09\/4810533-6a96ffee6649deed75769-c2ac-4b2e-9add-0b3d39a82c29-rule-mo-1600-300x225.jpg 300w, https:\/\/ford-sachsen.de\/html\/page\/wp-content\/uploads\/2026\/09\/4810533-6a96ffee6649deed75769-c2ac-4b2e-9add-0b3d39a82c29-rule-mo-1600-1024x768.jpg 1024w, https:\/\/ford-sachsen.de\/html\/page\/wp-content\/uploads\/2026\/09\/4810533-6a96ffee6649deed75769-c2ac-4b2e-9add-0b3d39a82c29-rule-mo-1600-768x576.jpg 768w, https:\/\/ford-sachsen.de\/html\/page\/wp-content\/uploads\/2026\/09\/4810533-6a96ffee6649deed75769-c2ac-4b2e-9add-0b3d39a82c29-rule-mo-1600.jpg 1440w\" sizes=\"(max-width: 300px) 100vw, 300px\" \/>                        <\/a>\n                    <\/div>\n                    <div class=\"vehicle-data\">\n                                                    <small>\n                                                                04.2026                                \u00b7\n                            <\/small>\n                                                                            <small>\n                                2.650 km\n                            <\/small>\n                                                                            <small>\n                                \u00b7\n                                395 kW\n                                                                (\n                                537 PS)\n                            <\/small>\n                                                                            <small>\n                                \u00b7\n                                Automatik                            <\/small>\n                                                                            <small>\n                                \u00b7\n                                Unfallfrei                            <\/small>\n                        \n                                                    <small>\n                                \u00b7\n                                Plug-in-Hybrid                            <\/small>\n                                                                                                                            <small>\n                                \u00b7\n                                4\/5 T\u00fcren\n                            <\/small>\n                                                <ul class=\"vehicle-emission\">\n                                                <span>Kraftstoffverbrauch gewichtet, kombiniert: \n                                    1.6                                 l\/100km<\/span><br>\n                                             <span>Verbrauch komb.: \n                                    7.0                                 l\/100km<\/span><br>\n                                                                <span>Stromverbrauch gewichtet, kombiniert: \n                                    19.5                                 kWh\/100km<\/span><br>\n                                                            \n                                       \n  <!-- CO2-Emissionen\t-->\n                                            <span>CO\u2082-Emissionen komb.: 38.0                                 g\/km<\/span><br>\n                                        <!-- CO2-Emissionen\t-->\n                   \n \n                         <span>CO\u2082-Klasse: \n                                    B                                <\/span><br>\n                    \n\n\n                <\/ul>\n\n                    <\/div>\n\n                    <div class=\"vehicle-price\">\n                                                    <div itemprop=\"priceSpecification\" itemscope itemtype=\"http:\/\/schema.org\/UnitPriceSpecification\">\n                                <meta itemprop=\"priceCurrency\" content=\"EUR\">\n                                <meta itemprop=\"price\" content=\"52.890\">\n                                <strong>\n                                    52.890 \u20ac (Brutto)\n                                <\/strong><br><small>\n                                    Inkl. 19% MwSt.                                <\/small>\n                            <\/div>\n                                                <br>\n                        <a href=\"https:\/\/ford-sachsen.de\/html\/page\/fahrzeuge\/omoda-9-exclusive-phev-super-hybrid-premium-suv-4x4-pa-2\/\"\n                            class=\"vehicle-btn wp-block-button__link wp-element-button\">Details<\/a>\n                    <\/div>\n                <\/div> <!-- \/\/ vehicle-row -->\n               \n            <\/article>\n                        <article id=\"post-4810531\" class=\"vehicle\">\n                <hgroup>\n                    <a href=\"https:\/\/ford-sachsen.de\/html\/page\/fahrzeuge\/ford-puma-gen-e-sound-edition-barzahlungsaktionsofor\/\">\n                        <h2 class=\"vehicle-title\">\n                            Ford Puma Gen-E Sound Edition BARZAHLUNGSAKTION+SOFOR                        <\/h2>\n\n                    <\/a>\n                <\/hgroup>\n                <span class=\"vehicle-addition\">\n                    <p>\n                        Limousine ,\n                        Neufahrzeug                    <\/p>\n                <\/span>\n                <div class=\"vehicle-row\">\n                    <div class=\"vehicle-thumbnail\">\n                        <a href=\"https:\/\/ford-sachsen.de\/html\/page\/fahrzeuge\/ford-puma-gen-e-sound-edition-barzahlungsaktionsofor\/\" title=\"Ford Puma Gen-E Sound Edition BARZAHLUNGSAKTION+SOFOR\">\n                            <img loading=\"lazy\" decoding=\"async\" width=\"300\" height=\"225\" src=\"https:\/\/ford-sachsen.de\/html\/page\/wp-content\/uploads\/2026\/09\/4810531-6a96ffec8396581d97461-14e5-48f9-ac12-0480dec72505-rule-mo-1600-300x225.jpg\" class=\"attachment-medium size-medium wp-post-image\" alt=\"\" srcset=\"https:\/\/ford-sachsen.de\/html\/page\/wp-content\/uploads\/2026\/09\/4810531-6a96ffec8396581d97461-14e5-48f9-ac12-0480dec72505-rule-mo-1600-300x225.jpg 300w, https:\/\/ford-sachsen.de\/html\/page\/wp-content\/uploads\/2026\/09\/4810531-6a96ffec8396581d97461-14e5-48f9-ac12-0480dec72505-rule-mo-1600-1024x768.jpg 1024w, https:\/\/ford-sachsen.de\/html\/page\/wp-content\/uploads\/2026\/09\/4810531-6a96ffec8396581d97461-14e5-48f9-ac12-0480dec72505-rule-mo-1600-768x576.jpg 768w, https:\/\/ford-sachsen.de\/html\/page\/wp-content\/uploads\/2026\/09\/4810531-6a96ffec8396581d97461-14e5-48f9-ac12-0480dec72505-rule-mo-1600.jpg 1440w\" sizes=\"(max-width: 300px) 100vw, 300px\" \/>                        <\/a>\n                    <\/div>\n                    <div class=\"vehicle-data\">\n                                                                                                    <small>\n                                \u00b7\n                                124 kW\n                                                                (\n                                169 PS)\n                            <\/small>\n                                                                            <small>\n                                \u00b7\n                                Automatik                            <\/small>\n                                                                            <small>\n                                \u00b7\n                                Unfallfrei                            <\/small>\n                        \n                                                    <small>\n                                \u00b7\n                                Elektro                            <\/small>\n                                                                                                                            <small>\n                                \u00b7\n                                4\/5 T\u00fcren\n                            <\/small>\n                                                <ul class=\"vehicle-emission\">\n                                                                                     \n                                       \n  <!-- CO2-Emissionen\t-->\n                                            <span>CO\u2082-Emissionen komb.: 0.0                                 g\/km<\/span><br>\n                                        <!-- CO2-Emissionen\t-->\n                   \n \n                         <span>CO\u2082-Klasse: \n                                    A                                <\/span><br>\n                    \n\n\n                <\/ul>\n\n                    <\/div>\n\n                    <div class=\"vehicle-price\">\n                                                    <div itemprop=\"priceSpecification\" itemscope itemtype=\"http:\/\/schema.org\/UnitPriceSpecification\">\n                                <meta itemprop=\"priceCurrency\" content=\"EUR\">\n                                <meta itemprop=\"price\" content=\"32.990\">\n                                <strong>\n                                    32.990 \u20ac (Brutto)\n                                <\/strong><br><small>\n                                    Inkl. 19% MwSt.                                <\/small>\n                            <\/div>\n                                                <br>\n                        <a href=\"https:\/\/ford-sachsen.de\/html\/page\/fahrzeuge\/ford-puma-gen-e-sound-edition-barzahlungsaktionsofor\/\"\n                            class=\"vehicle-btn wp-block-button__link wp-element-button\">Details<\/a>\n                    <\/div>\n                <\/div> <!-- \/\/ vehicle-row -->\n               \n            <\/article>\n                        <article id=\"post-4810529\" class=\"vehicle\">\n                <hgroup>\n                    <a href=\"https:\/\/ford-sachsen.de\/html\/page\/fahrzeuge\/ford-focus-turnier-st-line-naviledwinter-paket-acc\/\">\n                        <h2 class=\"vehicle-title\">\n                            Ford Focus Turnier ST-Line NAVI+LED+WINTER-PAKET ACC                        <\/h2>\n\n                    <\/a>\n                <\/hgroup>\n                <span class=\"vehicle-addition\">\n                    <p>\n                        Kombi ,\n                        Gebrauchtfahrzeug                    <\/p>\n                <\/span>\n                <div class=\"vehicle-row\">\n                    <div class=\"vehicle-thumbnail\">\n                        <a href=\"https:\/\/ford-sachsen.de\/html\/page\/fahrzeuge\/ford-focus-turnier-st-line-naviledwinter-paket-acc\/\" title=\"Ford Focus Turnier ST-Line NAVI+LED+WINTER-PAKET ACC\">\n                            <img loading=\"lazy\" decoding=\"async\" width=\"300\" height=\"225\" src=\"https:\/\/ford-sachsen.de\/html\/page\/wp-content\/uploads\/2026\/09\/4810529-6a96ffea5c7181ee99ed2-a1fe-4a34-a3a0-00bd41083013-rule-mo-1600-300x225.jpg\" class=\"attachment-medium size-medium wp-post-image\" alt=\"\" srcset=\"https:\/\/ford-sachsen.de\/html\/page\/wp-content\/uploads\/2026\/09\/4810529-6a96ffea5c7181ee99ed2-a1fe-4a34-a3a0-00bd41083013-rule-mo-1600-300x225.jpg 300w, https:\/\/ford-sachsen.de\/html\/page\/wp-content\/uploads\/2026\/09\/4810529-6a96ffea5c7181ee99ed2-a1fe-4a34-a3a0-00bd41083013-rule-mo-1600-1024x768.jpg 1024w, https:\/\/ford-sachsen.de\/html\/page\/wp-content\/uploads\/2026\/09\/4810529-6a96ffea5c7181ee99ed2-a1fe-4a34-a3a0-00bd41083013-rule-mo-1600-768x576.jpg 768w, https:\/\/ford-sachsen.de\/html\/page\/wp-content\/uploads\/2026\/09\/4810529-6a96ffea5c7181ee99ed2-a1fe-4a34-a3a0-00bd41083013-rule-mo-1600.jpg 1440w\" sizes=\"(max-width: 300px) 100vw, 300px\" \/>                        <\/a>\n                    <\/div>\n                    <div class=\"vehicle-data\">\n                                                    <small>\n                                                                04.2023                                \u00b7\n                            <\/small>\n                                                                            <small>\n                                72.714 km\n                            <\/small>\n                                                                            <small>\n                                \u00b7\n                                92 kW\n                                                                (\n                                125 PS)\n                            <\/small>\n                                                                            <small>\n                                \u00b7\n                                Schaltgetriebe                            <\/small>\n                                                                            <small>\n                                \u00b7\n                                Unfallfrei                            <\/small>\n                        \n                                                    <small>\n                                \u00b7\n                                Benzin                            <\/small>\n                                                                                                                            <small>\n                                \u00b7\n                                4\/5 T\u00fcren\n                            <\/small>\n                                                <ul class=\"vehicle-emission\">\n                                                 <span>Verbrauch komb.: \n                                    6.1                                 l\/100km<\/span><br>\n                                                                                \n                                       \n  <!-- CO2-Emissionen\t-->\n                                            <span>CO\u2082-Emissionen komb.: 138.0                                 g\/km<\/span><br>\n                                        <!-- CO2-Emissionen\t-->\n                   \n \n                         <span>CO\u2082-Klasse: \n                                    E                                <\/span><br>\n                    \n\n\n                <\/ul>\n\n                    <\/div>\n\n                    <div class=\"vehicle-price\">\n                                                    <div itemprop=\"priceSpecification\" itemscope itemtype=\"http:\/\/schema.org\/UnitPriceSpecification\">\n                                <meta itemprop=\"priceCurrency\" content=\"EUR\">\n                                <meta itemprop=\"price\" content=\"17.790\">\n                                <strong>\n                                    17.790 \u20ac (Brutto)\n                                <\/strong><br><small>\n                                    Inkl. 19% MwSt.                                <\/small>\n                            <\/div>\n                                                <br>\n                        <a href=\"https:\/\/ford-sachsen.de\/html\/page\/fahrzeuge\/ford-focus-turnier-st-line-naviledwinter-paket-acc\/\"\n                            class=\"vehicle-btn wp-block-button__link wp-element-button\">Details<\/a>\n                    <\/div>\n                <\/div> <!-- \/\/ vehicle-row -->\n               \n            <\/article>\n                        <article id=\"post-4810527\" class=\"vehicle\">\n                <hgroup>\n                    <a href=\"https:\/\/ford-sachsen.de\/html\/page\/fahrzeuge\/jaecoo-j7-first-edition-exclusive-phev-sofort-540-kam\/\">\n                        <h2 class=\"vehicle-title\">\n                            JAECOO J7 First Edition Exclusive PHEV SOFORT! 540\u00b0 KAM                        <\/h2>\n\n                    <\/a>\n                <\/hgroup>\n                <span class=\"vehicle-addition\">\n                    <p>\n                        SUV\/Gel\u00e4ndewagen\/Pickup ,\n                        Gebrauchtfahrzeug                    <\/p>\n                <\/span>\n                <div class=\"vehicle-row\">\n                    <div class=\"vehicle-thumbnail\">\n                        <a href=\"https:\/\/ford-sachsen.de\/html\/page\/fahrzeuge\/jaecoo-j7-first-edition-exclusive-phev-sofort-540-kam\/\" title=\"JAECOO J7 First Edition Exclusive PHEV SOFORT! 540\u00b0 KAM\">\n                            <img loading=\"lazy\" decoding=\"async\" width=\"300\" height=\"225\" src=\"https:\/\/ford-sachsen.de\/html\/page\/wp-content\/uploads\/2026\/09\/4810527-6a96ffe7eea75a06655e9-5753-4ef6-8b10-4c3514f8b6d3-rule-mo-1600-300x225.jpg\" class=\"attachment-medium size-medium wp-post-image\" alt=\"\" srcset=\"https:\/\/ford-sachsen.de\/html\/page\/wp-content\/uploads\/2026\/09\/4810527-6a96ffe7eea75a06655e9-5753-4ef6-8b10-4c3514f8b6d3-rule-mo-1600-300x225.jpg 300w, https:\/\/ford-sachsen.de\/html\/page\/wp-content\/uploads\/2026\/09\/4810527-6a96ffe7eea75a06655e9-5753-4ef6-8b10-4c3514f8b6d3-rule-mo-1600-1024x768.jpg 1024w, https:\/\/ford-sachsen.de\/html\/page\/wp-content\/uploads\/2026\/09\/4810527-6a96ffe7eea75a06655e9-5753-4ef6-8b10-4c3514f8b6d3-rule-mo-1600-768x576.jpg 768w, https:\/\/ford-sachsen.de\/html\/page\/wp-content\/uploads\/2026\/09\/4810527-6a96ffe7eea75a06655e9-5753-4ef6-8b10-4c3514f8b6d3-rule-mo-1600.jpg 1440w\" sizes=\"(max-width: 300px) 100vw, 300px\" \/>                        <\/a>\n                    <\/div>\n                    <div class=\"vehicle-data\">\n                                                    <small>\n                                                                04.2026                                \u00b7\n                            <\/small>\n                                                                            <small>\n                                2.650 km\n                            <\/small>\n                                                                            <small>\n                                \u00b7\n                                205 kW\n                                                                (\n                                279 PS)\n                            <\/small>\n                                                                            <small>\n                                \u00b7\n                                Automatik                            <\/small>\n                                                                            <small>\n                                \u00b7\n                                Unfallfrei                            <\/small>\n                        \n                                                    <small>\n                                \u00b7\n                                Plug-in-Hybrid                            <\/small>\n                                                                                                                            <small>\n                                \u00b7\n                                4\/5 T\u00fcren\n                            <\/small>\n                                                <ul class=\"vehicle-emission\">\n                                                <span>Kraftstoffverbrauch gewichtet, kombiniert: \n                                    2.4                                 l\/100km<\/span><br>\n                                             <span>Verbrauch komb.: \n                                    6.0                                 l\/100km<\/span><br>\n                                                                <span>Stromverbrauch gewichtet, kombiniert: \n                                    15.1                                 kWh\/100km<\/span><br>\n                                                            \n                                       \n  <!-- CO2-Emissionen\t-->\n                                            <span>CO\u2082-Emissionen komb.: 54.0                                 g\/km<\/span><br>\n                                        <!-- CO2-Emissionen\t-->\n                   \n \n                         <span>CO\u2082-Klasse: \n                                    B                                <\/span><br>\n                    \n\n\n                <\/ul>\n\n                    <\/div>\n\n                    <div class=\"vehicle-price\">\n                                                    <div itemprop=\"priceSpecification\" itemscope itemtype=\"http:\/\/schema.org\/UnitPriceSpecification\">\n                                <meta itemprop=\"priceCurrency\" content=\"EUR\">\n                                <meta itemprop=\"price\" content=\"37.990\">\n                                <strong>\n                                    37.990 \u20ac (Brutto)\n                                <\/strong><br><small>\n                                    Inkl. 19% MwSt.                                <\/small>\n                            <\/div>\n                                                <br>\n                        <a href=\"https:\/\/ford-sachsen.de\/html\/page\/fahrzeuge\/jaecoo-j7-first-edition-exclusive-phev-sofort-540-kam\/\"\n                            class=\"vehicle-btn wp-block-button__link wp-element-button\">Details<\/a>\n                    <\/div>\n                <\/div> <!-- \/\/ vehicle-row -->\n               \n            <\/article>\n                        <article id=\"post-4810525\" class=\"vehicle\">\n                <hgroup>\n                    <a href=\"https:\/\/ford-sachsen.de\/html\/page\/fahrzeuge\/ford-transit-custom-320-l2-fwd-kombi-pkw-trend-2xs-tue\/\">\n                        <h2 class=\"vehicle-title\">\n                            Ford Transit Custom 320 L2 FWD Kombi PKW Trend 2xS-T\u00dc                        <\/h2>\n\n                    <\/a>\n                <\/hgroup>\n                <span class=\"vehicle-addition\">\n                    <p>\n                        Van\/Minibus ,\n                        Gebrauchtfahrzeug                    <\/p>\n                <\/span>\n                <div class=\"vehicle-row\">\n                    <div class=\"vehicle-thumbnail\">\n                        <a href=\"https:\/\/ford-sachsen.de\/html\/page\/fahrzeuge\/ford-transit-custom-320-l2-fwd-kombi-pkw-trend-2xs-tue\/\" title=\"Ford Transit Custom 320 L2 FWD Kombi PKW Trend 2xS-T\u00dc\">\n                            <img loading=\"lazy\" decoding=\"async\" width=\"300\" height=\"225\" src=\"https:\/\/ford-sachsen.de\/html\/page\/wp-content\/uploads\/2026\/09\/4810525-6a96ffe5adf82a7c55aaa-54b4-436c-ac8b-8c56af4c17fc-rule-mo-1600-300x225.jpg\" class=\"attachment-medium size-medium wp-post-image\" alt=\"\" srcset=\"https:\/\/ford-sachsen.de\/html\/page\/wp-content\/uploads\/2026\/09\/4810525-6a96ffe5adf82a7c55aaa-54b4-436c-ac8b-8c56af4c17fc-rule-mo-1600-300x225.jpg 300w, https:\/\/ford-sachsen.de\/html\/page\/wp-content\/uploads\/2026\/09\/4810525-6a96ffe5adf82a7c55aaa-54b4-436c-ac8b-8c56af4c17fc-rule-mo-1600-1024x768.jpg 1024w, https:\/\/ford-sachsen.de\/html\/page\/wp-content\/uploads\/2026\/09\/4810525-6a96ffe5adf82a7c55aaa-54b4-436c-ac8b-8c56af4c17fc-rule-mo-1600-768x576.jpg 768w, https:\/\/ford-sachsen.de\/html\/page\/wp-content\/uploads\/2026\/09\/4810525-6a96ffe5adf82a7c55aaa-54b4-436c-ac8b-8c56af4c17fc-rule-mo-1600.jpg 1440w\" sizes=\"(max-width: 300px) 100vw, 300px\" \/>                        <\/a>\n                    <\/div>\n                    <div class=\"vehicle-data\">\n                                                    <small>\n                                                                04.2026                                \u00b7\n                            <\/small>\n                                                                            <small>\n                                4.500 km\n                            <\/small>\n                                                                            <small>\n                                \u00b7\n                                100 kW\n                                                                (\n                                136 PS)\n                            <\/small>\n                                                                            <small>\n                                \u00b7\n                                Automatik                            <\/small>\n                                                                            <small>\n                                \u00b7\n                                Unfallfrei                            <\/small>\n                        \n                                                    <small>\n                                \u00b7\n                                Diesel                            <\/small>\n                                                                                                                            <small>\n                                \u00b7\n                                4\/5 T\u00fcren\n                            <\/small>\n                                                <ul class=\"vehicle-emission\">\n                                                 <span>Verbrauch komb.: \n                                    11.1                                 l\/100km<\/span><br>\n                                                                                \n                                       \n  <!-- CO2-Emissionen\t-->\n                                            <span>CO\u2082-Emissionen komb.: 291.0                                 g\/km<\/span><br>\n                                        <!-- CO2-Emissionen\t-->\n                   \n \n                         <span>CO\u2082-Klasse: \n                                    G                                <\/span><br>\n                    \n\n\n                <\/ul>\n\n                    <\/div>\n\n                    <div class=\"vehicle-price\">\n                                                    <div itemprop=\"priceSpecification\" itemscope itemtype=\"http:\/\/schema.org\/UnitPriceSpecification\">\n                                <meta itemprop=\"priceCurrency\" content=\"EUR\">\n                                <meta itemprop=\"price\" content=\"44.490\">\n                                <strong>\n                                    44.490 \u20ac (Brutto)\n                                <\/strong><br><small>\n                                    Inkl. 19% MwSt.                                <\/small>\n                            <\/div>\n                                                <br>\n                        <a href=\"https:\/\/ford-sachsen.de\/html\/page\/fahrzeuge\/ford-transit-custom-320-l2-fwd-kombi-pkw-trend-2xs-tue\/\"\n                            class=\"vehicle-btn wp-block-button__link wp-element-button\">Details<\/a>\n                    <\/div>\n                <\/div> <!-- \/\/ vehicle-row -->\n               \n            <\/article>\n                        <article id=\"post-4810523\" class=\"vehicle\">\n                <hgroup>\n                    <a href=\"https:\/\/ford-sachsen.de\/html\/page\/fahrzeuge\/ford-kuga-titanium-x-mehrzonenklima-ahk-b\/\">\n                        <h2 class=\"vehicle-title\">\n                            Ford Kuga Titanium X Mehrzonenklima AHK, B&amp;                        <\/h2>\n\n                    <\/a>\n                <\/hgroup>\n                <span class=\"vehicle-addition\">\n                    <p>\n                        SUV\/Gel\u00e4ndewagen\/Pickup ,\n                        Gebrauchtfahrzeug                    <\/p>\n                <\/span>\n                <div class=\"vehicle-row\">\n                    <div class=\"vehicle-thumbnail\">\n                        <a href=\"https:\/\/ford-sachsen.de\/html\/page\/fahrzeuge\/ford-kuga-titanium-x-mehrzonenklima-ahk-b\/\" title=\"Ford Kuga Titanium X Mehrzonenklima AHK, B&amp;\">\n                            <img loading=\"lazy\" decoding=\"async\" width=\"300\" height=\"225\" src=\"https:\/\/ford-sachsen.de\/html\/page\/wp-content\/uploads\/2026\/09\/4810523-6a96ffe36bf999cefb086-b193-47b1-8cb9-51ec400cfc62-rule-mo-1600-300x225.jpg\" class=\"attachment-medium size-medium wp-post-image\" alt=\"\" srcset=\"https:\/\/ford-sachsen.de\/html\/page\/wp-content\/uploads\/2026\/09\/4810523-6a96ffe36bf999cefb086-b193-47b1-8cb9-51ec400cfc62-rule-mo-1600-300x225.jpg 300w, https:\/\/ford-sachsen.de\/html\/page\/wp-content\/uploads\/2026\/09\/4810523-6a96ffe36bf999cefb086-b193-47b1-8cb9-51ec400cfc62-rule-mo-1600-1024x768.jpg 1024w, https:\/\/ford-sachsen.de\/html\/page\/wp-content\/uploads\/2026\/09\/4810523-6a96ffe36bf999cefb086-b193-47b1-8cb9-51ec400cfc62-rule-mo-1600-768x576.jpg 768w, https:\/\/ford-sachsen.de\/html\/page\/wp-content\/uploads\/2026\/09\/4810523-6a96ffe36bf999cefb086-b193-47b1-8cb9-51ec400cfc62-rule-mo-1600.jpg 1440w\" sizes=\"(max-width: 300px) 100vw, 300px\" \/>                        <\/a>\n                    <\/div>\n                    <div class=\"vehicle-data\">\n                                                    <small>\n                                                                10.2021                                \u00b7\n                            <\/small>\n                                                                            <small>\n                                43.832 km\n                            <\/small>\n                                                                            <small>\n                                \u00b7\n                                165 kW\n                                                                (\n                                224 PS)\n                            <\/small>\n                                                                            <small>\n                                \u00b7\n                                Automatik                            <\/small>\n                                                                            <small>\n                                \u00b7\n                                Unfallfrei                            <\/small>\n                        \n                                                    <small>\n                                \u00b7\n                                Plug-in-Hybrid                            <\/small>\n                                                                                                                            <small>\n                                \u00b7\n                                4\/5 T\u00fcren\n                            <\/small>\n                                                <ul class=\"vehicle-emission\">\n                                                                                     \n                                       \n  <!-- CO2-Emissionen\t-->\n                                        <!-- CO2-Emissionen\t-->\n                   \n \n \n\n\n                <\/ul>\n\n                    <\/div>\n\n                    <div class=\"vehicle-price\">\n                                                    <div itemprop=\"priceSpecification\" itemscope itemtype=\"http:\/\/schema.org\/UnitPriceSpecification\">\n                                <meta itemprop=\"priceCurrency\" content=\"EUR\">\n                                <meta itemprop=\"price\" content=\"21.490\">\n                                <strong>\n                                    21.490 \u20ac (Brutto)\n                                <\/strong><br><small>\n                                    Inkl. 19% MwSt.                                <\/small>\n                            <\/div>\n                                                <br>\n                        <a href=\"https:\/\/ford-sachsen.de\/html\/page\/fahrzeuge\/ford-kuga-titanium-x-mehrzonenklima-ahk-b\/\"\n                            class=\"vehicle-btn wp-block-button__link wp-element-button\">Details<\/a>\n                    <\/div>\n                <\/div> <!-- \/\/ vehicle-row -->\n               \n            <\/article>\n                        <article id=\"post-4810507\" class=\"vehicle\">\n                <hgroup>\n                    <a href=\"https:\/\/ford-sachsen.de\/html\/page\/fahrzeuge\/ford-kuga-plug-in-hybrid-st-line-ahzvledkamerahead\/\">\n                        <h2 class=\"vehicle-title\">\n                            Ford Kuga Plug-In Hybrid ST-Line AHZV+LED+KAMERA+HEAD                        <\/h2>\n\n                    <\/a>\n                <\/hgroup>\n                <span class=\"vehicle-addition\">\n                    <p>\n                        SUV\/Gel\u00e4ndewagen\/Pickup ,\n                        Gebrauchtfahrzeug                    <\/p>\n                <\/span>\n                <div class=\"vehicle-row\">\n                    <div class=\"vehicle-thumbnail\">\n                        <a href=\"https:\/\/ford-sachsen.de\/html\/page\/fahrzeuge\/ford-kuga-plug-in-hybrid-st-line-ahzvledkamerahead\/\" title=\"Ford Kuga Plug-In Hybrid ST-Line AHZV+LED+KAMERA+HEAD\">\n                            <img loading=\"lazy\" decoding=\"async\" width=\"300\" height=\"225\" src=\"https:\/\/ford-sachsen.de\/html\/page\/wp-content\/uploads\/2026\/09\/4810507-6a96ff2135e10010b4ae6-06ac-4a78-9815-6351c8ce9011-rule-mo-1600-300x225.jpg\" class=\"attachment-medium size-medium wp-post-image\" alt=\"\" srcset=\"https:\/\/ford-sachsen.de\/html\/page\/wp-content\/uploads\/2026\/09\/4810507-6a96ff2135e10010b4ae6-06ac-4a78-9815-6351c8ce9011-rule-mo-1600-300x225.jpg 300w, https:\/\/ford-sachsen.de\/html\/page\/wp-content\/uploads\/2026\/09\/4810507-6a96ff2135e10010b4ae6-06ac-4a78-9815-6351c8ce9011-rule-mo-1600-1024x768.jpg 1024w, https:\/\/ford-sachsen.de\/html\/page\/wp-content\/uploads\/2026\/09\/4810507-6a96ff2135e10010b4ae6-06ac-4a78-9815-6351c8ce9011-rule-mo-1600-768x576.jpg 768w, https:\/\/ford-sachsen.de\/html\/page\/wp-content\/uploads\/2026\/09\/4810507-6a96ff2135e10010b4ae6-06ac-4a78-9815-6351c8ce9011-rule-mo-1600.jpg 1440w\" sizes=\"(max-width: 300px) 100vw, 300px\" \/>                        <\/a>\n                    <\/div>\n                    <div class=\"vehicle-data\">\n                                                    <small>\n                                                                06.2022                                \u00b7\n                            <\/small>\n                                                                            <small>\n                                44.183 km\n                            <\/small>\n                                                                            <small>\n                                \u00b7\n                                165 kW\n                                                                (\n                                224 PS)\n                            <\/small>\n                                                                            <small>\n                                \u00b7\n                                Automatik                            <\/small>\n                                                                            <small>\n                                \u00b7\n                                Unfallfrei                            <\/small>\n                        \n                                                    <small>\n                                \u00b7\n                                Plug-in-Hybrid                            <\/small>\n                                                                                                                            <small>\n                                \u00b7\n                                4\/5 T\u00fcren\n                            <\/small>\n                                                <ul class=\"vehicle-emission\">\n                                                                                     \n                                       \n  <!-- CO2-Emissionen\t-->\n                                            <span>CO\u2082-Emissionen komb.: 23.0                                 g\/km<\/span><br>\n                                        <!-- CO2-Emissionen\t-->\n                   \n \n                         <span>CO\u2082-Klasse: \n                                    B                                <\/span><br>\n                    \n\n\n                <\/ul>\n\n                    <\/div>\n\n                    <div class=\"vehicle-price\">\n                                                    <div itemprop=\"priceSpecification\" itemscope itemtype=\"http:\/\/schema.org\/UnitPriceSpecification\">\n                                <meta itemprop=\"priceCurrency\" content=\"EUR\">\n                                <meta itemprop=\"price\" content=\"27.290\">\n                                <strong>\n                                    27.290 \u20ac (Brutto)\n                                <\/strong><br><small>\n                                    Inkl. 19% MwSt.                                <\/small>\n                            <\/div>\n                                                <br>\n                        <a href=\"https:\/\/ford-sachsen.de\/html\/page\/fahrzeuge\/ford-kuga-plug-in-hybrid-st-line-ahzvledkamerahead\/\"\n                            class=\"vehicle-btn wp-block-button__link wp-element-button\">Details<\/a>\n                    <\/div>\n                <\/div> <!-- \/\/ vehicle-row -->\n               \n            <\/article>\n                        <article id=\"post-4810505\" class=\"vehicle\">\n                <hgroup>\n                    <a href=\"https:\/\/ford-sachsen.de\/html\/page\/fahrzeuge\/ford-grand-tourneo-connect-titanium-7-sitzer-navixen\/\">\n                        <h2 class=\"vehicle-title\">\n                            Ford Grand Tourneo Connect Titanium 7-Sitzer NAVI+XEN                        <\/h2>\n\n                    <\/a>\n                <\/hgroup>\n                <span class=\"vehicle-addition\">\n                    <p>\n                        Van\/Minibus ,\n                        Gebrauchtfahrzeug                    <\/p>\n                <\/span>\n                <div class=\"vehicle-row\">\n                    <div class=\"vehicle-thumbnail\">\n                        <a href=\"https:\/\/ford-sachsen.de\/html\/page\/fahrzeuge\/ford-grand-tourneo-connect-titanium-7-sitzer-navixen\/\" title=\"Ford Grand Tourneo Connect Titanium 7-Sitzer NAVI+XEN\">\n                            <img loading=\"lazy\" decoding=\"async\" width=\"300\" height=\"225\" src=\"https:\/\/ford-sachsen.de\/html\/page\/wp-content\/uploads\/2026\/09\/4810505-6a96ff1f96746b84779ca-01b2-48cf-be76-cf9fce0d62ed-rule-mo-1600-300x225.jpg\" class=\"attachment-medium size-medium wp-post-image\" alt=\"\" srcset=\"https:\/\/ford-sachsen.de\/html\/page\/wp-content\/uploads\/2026\/09\/4810505-6a96ff1f96746b84779ca-01b2-48cf-be76-cf9fce0d62ed-rule-mo-1600-300x225.jpg 300w, https:\/\/ford-sachsen.de\/html\/page\/wp-content\/uploads\/2026\/09\/4810505-6a96ff1f96746b84779ca-01b2-48cf-be76-cf9fce0d62ed-rule-mo-1600-1024x768.jpg 1024w, https:\/\/ford-sachsen.de\/html\/page\/wp-content\/uploads\/2026\/09\/4810505-6a96ff1f96746b84779ca-01b2-48cf-be76-cf9fce0d62ed-rule-mo-1600-768x576.jpg 768w, https:\/\/ford-sachsen.de\/html\/page\/wp-content\/uploads\/2026\/09\/4810505-6a96ff1f96746b84779ca-01b2-48cf-be76-cf9fce0d62ed-rule-mo-1600.jpg 1440w\" sizes=\"(max-width: 300px) 100vw, 300px\" \/>                        <\/a>\n                    <\/div>\n                    <div class=\"vehicle-data\">\n                                                    <small>\n                                                                04.2019                                \u00b7\n                            <\/small>\n                                                                            <small>\n                                102.485 km\n                            <\/small>\n                                                                            <small>\n                                \u00b7\n                                88 kW\n                                                                (\n                                120 PS)\n                            <\/small>\n                                                                            <small>\n                                \u00b7\n                                Schaltgetriebe                            <\/small>\n                                                                            <small>\n                                \u00b7\n                                Unfallfrei                            <\/small>\n                        \n                                                    <small>\n                                \u00b7\n                                Diesel                            <\/small>\n                                                                                                                            <small>\n                                \u00b7\n                                4\/5 T\u00fcren\n                            <\/small>\n                                                <ul class=\"vehicle-emission\">\n                                                 <span>Verbrauch komb.: \n                                    6.3                                 l\/100km<\/span><br>\n                                                                                \n                                       \n  <!-- CO2-Emissionen\t-->\n                                            <span>CO\u2082-Emissionen komb.: 165.0                                 g\/km<\/span><br>\n                                        <!-- CO2-Emissionen\t-->\n                   \n \n                         <span>CO\u2082-Klasse: \n                                    F                                <\/span><br>\n                    \n\n\n                <\/ul>\n\n                    <\/div>\n\n                    <div class=\"vehicle-price\">\n                                                    <div itemprop=\"priceSpecification\" itemscope itemtype=\"http:\/\/schema.org\/UnitPriceSpecification\">\n                                <meta itemprop=\"priceCurrency\" content=\"EUR\">\n                                <meta itemprop=\"price\" content=\"19.430\">\n                                <strong>\n                                    19.430 \u20ac (Brutto)\n                                <\/strong><br><small>\n                                    MwSt. nicht ausweisbar                                <\/small>\n                            <\/div>\n                                                <br>\n                        <a href=\"https:\/\/ford-sachsen.de\/html\/page\/fahrzeuge\/ford-grand-tourneo-connect-titanium-7-sitzer-navixen\/\"\n                            class=\"vehicle-btn wp-block-button__link wp-element-button\">Details<\/a>\n                    <\/div>\n                <\/div> <!-- \/\/ vehicle-row -->\n               \n            <\/article>\n                        <article id=\"post-4810503\" class=\"vehicle\">\n                <hgroup>\n                    <a href=\"https:\/\/ford-sachsen.de\/html\/page\/fahrzeuge\/swm-g03-digitales-cockpit-apple-carplay-android-auto\/\">\n                        <h2 class=\"vehicle-title\">\n                            SWM G03 Digitales Cockpit Apple CarPlay Android Auto                        <\/h2>\n\n                    <\/a>\n                <\/hgroup>\n                <span class=\"vehicle-addition\">\n                    <p>\n                        SUV\/Gel\u00e4ndewagen\/Pickup ,\n                        Gebrauchtfahrzeug                    <\/p>\n                <\/span>\n                <div class=\"vehicle-row\">\n                    <div class=\"vehicle-thumbnail\">\n                        <a href=\"https:\/\/ford-sachsen.de\/html\/page\/fahrzeuge\/swm-g03-digitales-cockpit-apple-carplay-android-auto\/\" title=\"SWM G03 Digitales Cockpit Apple CarPlay Android Auto\">\n                            <img loading=\"lazy\" decoding=\"async\" width=\"300\" height=\"225\" src=\"https:\/\/ford-sachsen.de\/html\/page\/wp-content\/uploads\/2026\/09\/4810503-6a96ff1d9e997a940c69c-7849-451a-8468-f37dea97607b-rule-mo-1600-300x225.jpg\" class=\"attachment-medium size-medium wp-post-image\" alt=\"\" srcset=\"https:\/\/ford-sachsen.de\/html\/page\/wp-content\/uploads\/2026\/09\/4810503-6a96ff1d9e997a940c69c-7849-451a-8468-f37dea97607b-rule-mo-1600-300x225.jpg 300w, https:\/\/ford-sachsen.de\/html\/page\/wp-content\/uploads\/2026\/09\/4810503-6a96ff1d9e997a940c69c-7849-451a-8468-f37dea97607b-rule-mo-1600-1024x768.jpg 1024w, https:\/\/ford-sachsen.de\/html\/page\/wp-content\/uploads\/2026\/09\/4810503-6a96ff1d9e997a940c69c-7849-451a-8468-f37dea97607b-rule-mo-1600-768x576.jpg 768w, https:\/\/ford-sachsen.de\/html\/page\/wp-content\/uploads\/2026\/09\/4810503-6a96ff1d9e997a940c69c-7849-451a-8468-f37dea97607b-rule-mo-1600.jpg 1440w\" sizes=\"(max-width: 300px) 100vw, 300px\" \/>                        <\/a>\n                    <\/div>\n                    <div class=\"vehicle-data\">\n                                                    <small>\n                                                                06.2026                                \u00b7\n                            <\/small>\n                                                                            <small>\n                                50 km\n                            <\/small>\n                                                                            <small>\n                                \u00b7\n                                81 kW\n                                                                (\n                                110 PS)\n                            <\/small>\n                                                                            <small>\n                                \u00b7\n                                Schaltgetriebe                            <\/small>\n                                                                            <small>\n                                \u00b7\n                                Unfallfrei                            <\/small>\n                        \n                                                    <small>\n                                \u00b7\n                                Benzin                            <\/small>\n                                                                                                                            <small>\n                                \u00b7\n                                4\/5 T\u00fcren\n                            <\/small>\n                                                <ul class=\"vehicle-emission\">\n                                                 <span>Verbrauch komb.: \n                                    7.2                                 l\/100km<\/span><br>\n                                                                                \n                                       \n  <!-- CO2-Emissionen\t-->\n                                            <span>CO\u2082-Emissionen komb.: 181.0                                 g\/km<\/span><br>\n                                        <!-- CO2-Emissionen\t-->\n                   \n \n                         <span>CO\u2082-Klasse: \n                                    G                                <\/span><br>\n                    \n\n\n                <\/ul>\n\n                    <\/div>\n\n                    <div class=\"vehicle-price\">\n                                                    <div itemprop=\"priceSpecification\" itemscope itemtype=\"http:\/\/schema.org\/UnitPriceSpecification\">\n                                <meta itemprop=\"priceCurrency\" content=\"EUR\">\n                                <meta itemprop=\"price\" content=\"17.990\">\n                                <strong>\n                                    17.990 \u20ac (Brutto)\n                                <\/strong><br><small>\n                                    Inkl. 19% MwSt.                                <\/small>\n                            <\/div>\n                                                <br>\n                        <a href=\"https:\/\/ford-sachsen.de\/html\/page\/fahrzeuge\/swm-g03-digitales-cockpit-apple-carplay-android-auto\/\"\n                            class=\"vehicle-btn wp-block-button__link wp-element-button\">Details<\/a>\n                    <\/div>\n                <\/div> <!-- \/\/ vehicle-row -->\n               \n            <\/article>\n                        <article id=\"post-4810501\" class=\"vehicle\">\n                <hgroup>\n                    <a href=\"https:\/\/ford-sachsen.de\/html\/page\/fahrzeuge\/volkswagen-arteon-r-line-ahkled-lichtnavi3-zonen-klima\/\">\n                        <h2 class=\"vehicle-title\">\n                            Volkswagen Arteon R-Line AHK+LED-LICHT+NAVI+3-ZONEN-KLIMA                        <\/h2>\n\n                    <\/a>\n                <\/hgroup>\n                <span class=\"vehicle-addition\">\n                    <p>\n                        Limousine ,\n                        Gebrauchtfahrzeug                    <\/p>\n                <\/span>\n                <div class=\"vehicle-row\">\n                    <div class=\"vehicle-thumbnail\">\n                        <a href=\"https:\/\/ford-sachsen.de\/html\/page\/fahrzeuge\/volkswagen-arteon-r-line-ahkled-lichtnavi3-zonen-klima\/\" title=\"Volkswagen Arteon R-Line AHK+LED-LICHT+NAVI+3-ZONEN-KLIMA\">\n                            <img loading=\"lazy\" decoding=\"async\" width=\"300\" height=\"225\" src=\"https:\/\/ford-sachsen.de\/html\/page\/wp-content\/uploads\/2026\/09\/4810501-6a96ff1baf5003a2ce6fa-cf7b-4c69-9a28-92d37798056a-rule-mo-1600-300x225.jpg\" class=\"attachment-medium size-medium wp-post-image\" alt=\"\" srcset=\"https:\/\/ford-sachsen.de\/html\/page\/wp-content\/uploads\/2026\/09\/4810501-6a96ff1baf5003a2ce6fa-cf7b-4c69-9a28-92d37798056a-rule-mo-1600-300x225.jpg 300w, https:\/\/ford-sachsen.de\/html\/page\/wp-content\/uploads\/2026\/09\/4810501-6a96ff1baf5003a2ce6fa-cf7b-4c69-9a28-92d37798056a-rule-mo-1600-1024x768.jpg 1024w, https:\/\/ford-sachsen.de\/html\/page\/wp-content\/uploads\/2026\/09\/4810501-6a96ff1baf5003a2ce6fa-cf7b-4c69-9a28-92d37798056a-rule-mo-1600-768x576.jpg 768w, https:\/\/ford-sachsen.de\/html\/page\/wp-content\/uploads\/2026\/09\/4810501-6a96ff1baf5003a2ce6fa-cf7b-4c69-9a28-92d37798056a-rule-mo-1600.jpg 1440w\" sizes=\"(max-width: 300px) 100vw, 300px\" \/>                        <\/a>\n                    <\/div>\n                    <div class=\"vehicle-data\">\n                                                    <small>\n                                                                12.2019                                \u00b7\n                            <\/small>\n                                                                            <small>\n                                103.959 km\n                            <\/small>\n                                                                            <small>\n                                \u00b7\n                                140 kW\n                                                                (\n                                190 PS)\n                            <\/small>\n                                                                            <small>\n                                \u00b7\n                                Automatik                            <\/small>\n                                                                            <small>\n                                \u00b7\n                                Unfallfrei                            <\/small>\n                        \n                                                    <small>\n                                \u00b7\n                                Benzin                            <\/small>\n                                                                                                                            <small>\n                                \u00b7\n                                4\/5 T\u00fcren\n                            <\/small>\n                                                <ul class=\"vehicle-emission\">\n                                                                                     \n                                       \n  <!-- CO2-Emissionen\t-->\n                                        <!-- CO2-Emissionen\t-->\n                   \n \n \n\n\n                <\/ul>\n\n                    <\/div>\n\n                    <div class=\"vehicle-price\">\n                                                    <div itemprop=\"priceSpecification\" itemscope itemtype=\"http:\/\/schema.org\/UnitPriceSpecification\">\n                                <meta itemprop=\"priceCurrency\" content=\"EUR\">\n                                <meta itemprop=\"price\" content=\"22.950\">\n                                <strong>\n                                    22.950 \u20ac (Brutto)\n                                <\/strong><br><small>\n                                    MwSt. nicht ausweisbar                                <\/small>\n                            <\/div>\n                                                <br>\n                        <a href=\"https:\/\/ford-sachsen.de\/html\/page\/fahrzeuge\/volkswagen-arteon-r-line-ahkled-lichtnavi3-zonen-klima\/\"\n                            class=\"vehicle-btn wp-block-button__link wp-element-button\">Details<\/a>\n                    <\/div>\n                <\/div> <!-- \/\/ vehicle-row -->\n               \n            <\/article>\n                        <article id=\"post-4810499\" class=\"vehicle\">\n                <hgroup>\n                    <a href=\"https:\/\/ford-sachsen.de\/html\/page\/fahrzeuge\/ford-tourneo-connect-titanium-led-acc-apple-carplay-a\/\">\n                        <h2 class=\"vehicle-title\">\n                            Ford Tourneo Connect Titanium LED ACC Apple CarPlay A                        <\/h2>\n\n                    <\/a>\n                <\/hgroup>\n                <span class=\"vehicle-addition\">\n                    <p>\n                        Van\/Minibus ,\n                        Gebrauchtfahrzeug                    <\/p>\n                <\/span>\n                <div class=\"vehicle-row\">\n                    <div class=\"vehicle-thumbnail\">\n                        <a href=\"https:\/\/ford-sachsen.de\/html\/page\/fahrzeuge\/ford-tourneo-connect-titanium-led-acc-apple-carplay-a\/\" title=\"Ford Tourneo Connect Titanium LED ACC Apple CarPlay A\">\n                            <img loading=\"lazy\" decoding=\"async\" width=\"300\" height=\"225\" src=\"https:\/\/ford-sachsen.de\/html\/page\/wp-content\/uploads\/2026\/09\/4810499-6a96ff19914162451c241-22e6-4563-aa2a-711f5319bc07-rule-mo-1600-300x225.jpg\" class=\"attachment-medium size-medium wp-post-image\" alt=\"\" srcset=\"https:\/\/ford-sachsen.de\/html\/page\/wp-content\/uploads\/2026\/09\/4810499-6a96ff19914162451c241-22e6-4563-aa2a-711f5319bc07-rule-mo-1600-300x225.jpg 300w, https:\/\/ford-sachsen.de\/html\/page\/wp-content\/uploads\/2026\/09\/4810499-6a96ff19914162451c241-22e6-4563-aa2a-711f5319bc07-rule-mo-1600-1024x768.jpg 1024w, https:\/\/ford-sachsen.de\/html\/page\/wp-content\/uploads\/2026\/09\/4810499-6a96ff19914162451c241-22e6-4563-aa2a-711f5319bc07-rule-mo-1600-768x576.jpg 768w, https:\/\/ford-sachsen.de\/html\/page\/wp-content\/uploads\/2026\/09\/4810499-6a96ff19914162451c241-22e6-4563-aa2a-711f5319bc07-rule-mo-1600.jpg 1440w\" sizes=\"(max-width: 300px) 100vw, 300px\" \/>                        <\/a>\n                    <\/div>\n                    <div class=\"vehicle-data\">\n                                                    <small>\n                                                                07.2026                                \u00b7\n                            <\/small>\n                                                                            <small>\n                                25 km\n                            <\/small>\n                                                                            <small>\n                                \u00b7\n                                90 kW\n                                                                (\n                                122 PS)\n                            <\/small>\n                                                                            <small>\n                                \u00b7\n                                Automatik                            <\/small>\n                                                                            <small>\n                                \u00b7\n                                Unfallfrei                            <\/small>\n                        \n                                                    <small>\n                                \u00b7\n                                Diesel                            <\/small>\n                                                                                                                            <small>\n                                \u00b7\n                                4\/5 T\u00fcren\n                            <\/small>\n                                                <ul class=\"vehicle-emission\">\n                                                 <span>Verbrauch komb.: \n                                    5.7                                 l\/100km<\/span><br>\n                                                                                \n                                       \n  <!-- CO2-Emissionen\t-->\n                                            <span>CO\u2082-Emissionen komb.: 150.0                                 g\/km<\/span><br>\n                                        <!-- CO2-Emissionen\t-->\n                   \n \n                         <span>CO\u2082-Klasse: \n                                    E                                <\/span><br>\n                    \n\n\n                <\/ul>\n\n                    <\/div>\n\n                    <div class=\"vehicle-price\">\n                                                    <div itemprop=\"priceSpecification\" itemscope itemtype=\"http:\/\/schema.org\/UnitPriceSpecification\">\n                                <meta itemprop=\"priceCurrency\" content=\"EUR\">\n                                <meta itemprop=\"price\" content=\"36.790\">\n                                <strong>\n                                    36.790 \u20ac (Brutto)\n                                <\/strong><br><small>\n                                    Inkl. 19% MwSt.                                <\/small>\n                            <\/div>\n                                                <br>\n                        <a href=\"https:\/\/ford-sachsen.de\/html\/page\/fahrzeuge\/ford-tourneo-connect-titanium-led-acc-apple-carplay-a\/\"\n                            class=\"vehicle-btn wp-block-button__link wp-element-button\">Details<\/a>\n                    <\/div>\n                <\/div> <!-- \/\/ vehicle-row -->\n               \n            <\/article>\n                        <article id=\"post-4810497\" class=\"vehicle\">\n                <hgroup>\n                    <a href=\"https:\/\/ford-sachsen.de\/html\/page\/fahrzeuge\/ford-kuga-sound-edition-fhev-allrad-led-matrix-winter\/\">\n                        <h2 class=\"vehicle-title\">\n                            Ford Kuga Sound Edition FHEV Allrad LED-Matrix Winter                        <\/h2>\n\n                    <\/a>\n                <\/hgroup>\n                <span class=\"vehicle-addition\">\n                    <p>\n                        SUV\/Gel\u00e4ndewagen\/Pickup ,\n                        Neufahrzeug                    <\/p>\n                <\/span>\n                <div class=\"vehicle-row\">\n                    <div class=\"vehicle-thumbnail\">\n                        <a href=\"https:\/\/ford-sachsen.de\/html\/page\/fahrzeuge\/ford-kuga-sound-edition-fhev-allrad-led-matrix-winter\/\" title=\"Ford Kuga Sound Edition FHEV Allrad LED-Matrix Winter\">\n                            <img loading=\"lazy\" decoding=\"async\" width=\"300\" height=\"225\" src=\"https:\/\/ford-sachsen.de\/html\/page\/wp-content\/uploads\/2026\/09\/4810497-6a96ff17346e740468ac6-1f2a-47df-a245-d3d01dd8c8bd-rule-mo-1600-300x225.jpg\" class=\"attachment-medium size-medium wp-post-image\" alt=\"\" srcset=\"https:\/\/ford-sachsen.de\/html\/page\/wp-content\/uploads\/2026\/09\/4810497-6a96ff17346e740468ac6-1f2a-47df-a245-d3d01dd8c8bd-rule-mo-1600-300x225.jpg 300w, https:\/\/ford-sachsen.de\/html\/page\/wp-content\/uploads\/2026\/09\/4810497-6a96ff17346e740468ac6-1f2a-47df-a245-d3d01dd8c8bd-rule-mo-1600-1024x768.jpg 1024w, https:\/\/ford-sachsen.de\/html\/page\/wp-content\/uploads\/2026\/09\/4810497-6a96ff17346e740468ac6-1f2a-47df-a245-d3d01dd8c8bd-rule-mo-1600-768x576.jpg 768w, https:\/\/ford-sachsen.de\/html\/page\/wp-content\/uploads\/2026\/09\/4810497-6a96ff17346e740468ac6-1f2a-47df-a245-d3d01dd8c8bd-rule-mo-1600.jpg 1440w\" sizes=\"(max-width: 300px) 100vw, 300px\" \/>                        <\/a>\n                    <\/div>\n                    <div class=\"vehicle-data\">\n                                                                            <small>\n                                2 km\n                            <\/small>\n                                                                            <small>\n                                \u00b7\n                                134 kW\n                                                                (\n                                182 PS)\n                            <\/small>\n                                                                            <small>\n                                \u00b7\n                                Automatik                            <\/small>\n                                                                            <small>\n                                \u00b7\n                                Unfallfrei                            <\/small>\n                        \n                                                    <small>\n                                \u00b7\n                                Hybrid (Benzin\/Elektro)                            <\/small>\n                                                                                                                            <small>\n                                \u00b7\n                                4\/5 T\u00fcren\n                            <\/small>\n                                                <ul class=\"vehicle-emission\">\n                                                 <span>Verbrauch komb.: \n                                    5.8                                 l\/100km<\/span><br>\n                                                                                \n                                       \n  <!-- CO2-Emissionen\t-->\n                                            <span>CO\u2082-Emissionen komb.: 133.0                                 g\/km<\/span><br>\n                                        <!-- CO2-Emissionen\t-->\n                   \n \n                         <span>CO\u2082-Klasse: \n                                    D                                <\/span><br>\n                    \n\n\n                <\/ul>\n\n                    <\/div>\n\n                    <div class=\"vehicle-price\">\n                                                    <div itemprop=\"priceSpecification\" itemscope itemtype=\"http:\/\/schema.org\/UnitPriceSpecification\">\n                                <meta itemprop=\"priceCurrency\" content=\"EUR\">\n                                <meta itemprop=\"price\" content=\"43.200\">\n                                <strong>\n                                    43.200 \u20ac (Brutto)\n                                <\/strong><br><small>\n                                    Inkl. 19% MwSt.                                <\/small>\n                            <\/div>\n                                                <br>\n                        <a href=\"https:\/\/ford-sachsen.de\/html\/page\/fahrzeuge\/ford-kuga-sound-edition-fhev-allrad-led-matrix-winter\/\"\n                            class=\"vehicle-btn wp-block-button__link wp-element-button\">Details<\/a>\n                    <\/div>\n                <\/div> <!-- \/\/ vehicle-row -->\n               \n            <\/article>\n                        <article id=\"post-4810483\" class=\"vehicle\">\n                <hgroup>\n                    <a href=\"https:\/\/ford-sachsen.de\/html\/page\/fahrzeuge\/omoda-9-phev-exclusive-head-uppanoramaled-hud-ad-pan\/\">\n                        <h2 class=\"vehicle-title\">\n                            OMODA 9 PHEV Exclusive HEAD-UP+PANORAMA+LED HUD AD Pan                        <\/h2>\n\n                    <\/a>\n                <\/hgroup>\n                <span class=\"vehicle-addition\">\n                    <p>\n                        SUV\/Gel\u00e4ndewagen\/Pickup ,\n                        Gebrauchtfahrzeug                    <\/p>\n                <\/span>\n                <div class=\"vehicle-row\">\n                    <div class=\"vehicle-thumbnail\">\n                        <a href=\"https:\/\/ford-sachsen.de\/html\/page\/fahrzeuge\/omoda-9-phev-exclusive-head-uppanoramaled-hud-ad-pan\/\" title=\"OMODA 9 PHEV Exclusive HEAD-UP+PANORAMA+LED HUD AD Pan\">\n                            <img loading=\"lazy\" decoding=\"async\" width=\"300\" height=\"225\" src=\"https:\/\/ford-sachsen.de\/html\/page\/wp-content\/uploads\/2026\/09\/4810483-6a96fdb2a2efea6d26968-ed12-4dcd-955e-da3d559f7b11-rule-mo-1600-300x225.jpg\" class=\"attachment-medium size-medium wp-post-image\" alt=\"\" srcset=\"https:\/\/ford-sachsen.de\/html\/page\/wp-content\/uploads\/2026\/09\/4810483-6a96fdb2a2efea6d26968-ed12-4dcd-955e-da3d559f7b11-rule-mo-1600-300x225.jpg 300w, https:\/\/ford-sachsen.de\/html\/page\/wp-content\/uploads\/2026\/09\/4810483-6a96fdb2a2efea6d26968-ed12-4dcd-955e-da3d559f7b11-rule-mo-1600-1024x768.jpg 1024w, https:\/\/ford-sachsen.de\/html\/page\/wp-content\/uploads\/2026\/09\/4810483-6a96fdb2a2efea6d26968-ed12-4dcd-955e-da3d559f7b11-rule-mo-1600-768x576.jpg 768w, https:\/\/ford-sachsen.de\/html\/page\/wp-content\/uploads\/2026\/09\/4810483-6a96fdb2a2efea6d26968-ed12-4dcd-955e-da3d559f7b11-rule-mo-1600.jpg 1440w\" sizes=\"(max-width: 300px) 100vw, 300px\" \/>                        <\/a>\n                    <\/div>\n                    <div class=\"vehicle-data\">\n                                                    <small>\n                                                                07.2026                                \u00b7\n                            <\/small>\n                                                                            <small>\n                                2.650 km\n                            <\/small>\n                                                                            <small>\n                                \u00b7\n                                395 kW\n                                                                (\n                                537 PS)\n                            <\/small>\n                                                                            <small>\n                                \u00b7\n                                Automatik                            <\/small>\n                                                                            <small>\n                                \u00b7\n                                Unfallfrei                            <\/small>\n                        \n                                                    <small>\n                                \u00b7\n                                Plug-in-Hybrid                            <\/small>\n                                                                                                                            <small>\n                                \u00b7\n                                4\/5 T\u00fcren\n                            <\/small>\n                                                <ul class=\"vehicle-emission\">\n                                                <span>Kraftstoffverbrauch gewichtet, kombiniert: \n                                    1.6                                 l\/100km<\/span><br>\n                                             <span>Verbrauch komb.: \n                                    6.9                                 l\/100km<\/span><br>\n                                                                <span>Stromverbrauch gewichtet, kombiniert: \n                                    19.5                                 kWh\/100km<\/span><br>\n                                                            \n                                       \n  <!-- CO2-Emissionen\t-->\n                                            <span>CO\u2082-Emissionen komb.: 38.0                                 g\/km<\/span><br>\n                                        <!-- CO2-Emissionen\t-->\n                   \n \n                         <span>CO\u2082-Klasse: \n                                    B                                <\/span><br>\n                    \n\n\n                <\/ul>\n\n                    <\/div>\n\n                    <div class=\"vehicle-price\">\n                                                    <div itemprop=\"priceSpecification\" itemscope itemtype=\"http:\/\/schema.org\/UnitPriceSpecification\">\n                                <meta itemprop=\"priceCurrency\" content=\"EUR\">\n                                <meta itemprop=\"price\" content=\"52.990\">\n                                <strong>\n                                    52.990 \u20ac (Brutto)\n                                <\/strong><br><small>\n                                    Inkl. 19% MwSt.                                <\/small>\n                            <\/div>\n                                                <br>\n                        <a href=\"https:\/\/ford-sachsen.de\/html\/page\/fahrzeuge\/omoda-9-phev-exclusive-head-uppanoramaled-hud-ad-pan\/\"\n                            class=\"vehicle-btn wp-block-button__link wp-element-button\">Details<\/a>\n                    <\/div>\n                <\/div> <!-- \/\/ vehicle-row -->\n               \n            <\/article>\n                        <article id=\"post-4810481\" class=\"vehicle\">\n                <hgroup>\n                    <a href=\"https:\/\/ford-sachsen.de\/html\/page\/fahrzeuge\/volkswagen-t6-1-multivan-cruise-fwd-ad-standhzg-ahk-abnehmb\/\">\n                        <h2 class=\"vehicle-title\">\n                            Volkswagen T6.1 Multivan Cruise FWD AD StandHZG AHK-abnehmb                        <\/h2>\n\n                    <\/a>\n                <\/hgroup>\n                <span class=\"vehicle-addition\">\n                    <p>\n                        Van\/Minibus ,\n                        Gebrauchtfahrzeug                    <\/p>\n                <\/span>\n                <div class=\"vehicle-row\">\n                    <div class=\"vehicle-thumbnail\">\n                        <a href=\"https:\/\/ford-sachsen.de\/html\/page\/fahrzeuge\/volkswagen-t6-1-multivan-cruise-fwd-ad-standhzg-ahk-abnehmb\/\" title=\"Volkswagen T6.1 Multivan Cruise FWD AD StandHZG AHK-abnehmb\">\n                            <img loading=\"lazy\" decoding=\"async\" width=\"300\" height=\"225\" src=\"https:\/\/ford-sachsen.de\/html\/page\/wp-content\/uploads\/2026\/09\/4810481-6a96fdb106ebccbb1164e-a9fd-4e66-a04a-1fb82cebe74f-rule-mo-1600-300x225.jpg\" class=\"attachment-medium size-medium wp-post-image\" alt=\"\" srcset=\"https:\/\/ford-sachsen.de\/html\/page\/wp-content\/uploads\/2026\/09\/4810481-6a96fdb106ebccbb1164e-a9fd-4e66-a04a-1fb82cebe74f-rule-mo-1600-300x225.jpg 300w, https:\/\/ford-sachsen.de\/html\/page\/wp-content\/uploads\/2026\/09\/4810481-6a96fdb106ebccbb1164e-a9fd-4e66-a04a-1fb82cebe74f-rule-mo-1600-1024x768.jpg 1024w, https:\/\/ford-sachsen.de\/html\/page\/wp-content\/uploads\/2026\/09\/4810481-6a96fdb106ebccbb1164e-a9fd-4e66-a04a-1fb82cebe74f-rule-mo-1600-768x576.jpg 768w, https:\/\/ford-sachsen.de\/html\/page\/wp-content\/uploads\/2026\/09\/4810481-6a96fdb106ebccbb1164e-a9fd-4e66-a04a-1fb82cebe74f-rule-mo-1600.jpg 1440w\" sizes=\"(max-width: 300px) 100vw, 300px\" \/>                        <\/a>\n                    <\/div>\n                    <div class=\"vehicle-data\">\n                                                    <small>\n                                                                03.2021                                \u00b7\n                            <\/small>\n                                                                            <small>\n                                63.000 km\n                            <\/small>\n                                                                            <small>\n                                \u00b7\n                                146 kW\n                                                                (\n                                199 PS)\n                            <\/small>\n                                                                            <small>\n                                \u00b7\n                                Automatik                            <\/small>\n                                                                            <small>\n                                \u00b7\n                                Unfallfrei                            <\/small>\n                        \n                                                    <small>\n                                \u00b7\n                                Diesel                            <\/small>\n                                                                                                                            <small>\n                                \u00b7\n                                4\/5 T\u00fcren\n                            <\/small>\n                                                <ul class=\"vehicle-emission\">\n                                                                                     \n                                       \n  <!-- CO2-Emissionen\t-->\n                                        <!-- CO2-Emissionen\t-->\n                   \n \n \n\n\n                <\/ul>\n\n                    <\/div>\n\n                    <div class=\"vehicle-price\">\n                                                    <div itemprop=\"priceSpecification\" itemscope itemtype=\"http:\/\/schema.org\/UnitPriceSpecification\">\n                                <meta itemprop=\"priceCurrency\" content=\"EUR\">\n                                <meta itemprop=\"price\" content=\"45.950\">\n                                <strong>\n                                    45.950 \u20ac (Brutto)\n                                <\/strong><br><small>\n                                    MwSt. nicht ausweisbar                                <\/small>\n                            <\/div>\n                                                <br>\n                        <a href=\"https:\/\/ford-sachsen.de\/html\/page\/fahrzeuge\/volkswagen-t6-1-multivan-cruise-fwd-ad-standhzg-ahk-abnehmb\/\"\n                            class=\"vehicle-btn wp-block-button__link wp-element-button\">Details<\/a>\n                    <\/div>\n                <\/div> <!-- \/\/ vehicle-row -->\n               \n            <\/article>\n                        <article id=\"post-4810475\" class=\"vehicle\">\n                <hgroup>\n                    <a href=\"https:\/\/ford-sachsen.de\/html\/page\/fahrzeuge\/ford-tourneo-connect-trend-l2-automatik-ahk-apple-ca\/\">\n                        <h2 class=\"vehicle-title\">\n                            Ford Tourneo Connect Trend L2 AUTOMATIK+ AHK Apple Ca                        <\/h2>\n\n                    <\/a>\n                <\/hgroup>\n                <span class=\"vehicle-addition\">\n                    <p>\n                        Van\/Minibus ,\n                        Gebrauchtfahrzeug                    <\/p>\n                <\/span>\n                <div class=\"vehicle-row\">\n                    <div class=\"vehicle-thumbnail\">\n                        <a href=\"https:\/\/ford-sachsen.de\/html\/page\/fahrzeuge\/ford-tourneo-connect-trend-l2-automatik-ahk-apple-ca\/\" title=\"Ford Tourneo Connect Trend L2 AUTOMATIK+ AHK Apple Ca\">\n                            <img loading=\"lazy\" decoding=\"async\" width=\"300\" height=\"225\" src=\"https:\/\/ford-sachsen.de\/html\/page\/wp-content\/uploads\/2026\/09\/4810475-6a96fc656b4afbb3f682f-8e6f-4ae0-a5f3-dfbb9062e57d-rule-mo-1600-300x225.jpg\" class=\"attachment-medium size-medium wp-post-image\" alt=\"\" srcset=\"https:\/\/ford-sachsen.de\/html\/page\/wp-content\/uploads\/2026\/09\/4810475-6a96fc656b4afbb3f682f-8e6f-4ae0-a5f3-dfbb9062e57d-rule-mo-1600-300x225.jpg 300w, https:\/\/ford-sachsen.de\/html\/page\/wp-content\/uploads\/2026\/09\/4810475-6a96fc656b4afbb3f682f-8e6f-4ae0-a5f3-dfbb9062e57d-rule-mo-1600-1024x768.jpg 1024w, https:\/\/ford-sachsen.de\/html\/page\/wp-content\/uploads\/2026\/09\/4810475-6a96fc656b4afbb3f682f-8e6f-4ae0-a5f3-dfbb9062e57d-rule-mo-1600-768x576.jpg 768w, https:\/\/ford-sachsen.de\/html\/page\/wp-content\/uploads\/2026\/09\/4810475-6a96fc656b4afbb3f682f-8e6f-4ae0-a5f3-dfbb9062e57d-rule-mo-1600.jpg 1440w\" sizes=\"(max-width: 300px) 100vw, 300px\" \/>                        <\/a>\n                    <\/div>\n                    <div class=\"vehicle-data\">\n                                                    <small>\n                                                                08.2024                                \u00b7\n                            <\/small>\n                                                                            <small>\n                                20.000 km\n                            <\/small>\n                                                                            <small>\n                                \u00b7\n                                84 kW\n                                                                (\n                                114 PS)\n                            <\/small>\n                                                                            <small>\n                                \u00b7\n                                Automatik                            <\/small>\n                                                                            <small>\n                                \u00b7\n                                Unfallfrei                            <\/small>\n                        \n                                                    <small>\n                                \u00b7\n                                Benzin                            <\/small>\n                                                                                                                            <small>\n                                \u00b7\n                                4\/5 T\u00fcren\n                            <\/small>\n                                                <ul class=\"vehicle-emission\">\n                                                 <span>Verbrauch komb.: \n                                    6.7                                 l\/100km<\/span><br>\n                                                                                \n                                       \n  <!-- CO2-Emissionen\t-->\n                                            <span>CO\u2082-Emissionen komb.: 150.0                                 g\/km<\/span><br>\n                                        <!-- CO2-Emissionen\t-->\n                   \n \n                         <span>CO\u2082-Klasse: \n                                    E                                <\/span><br>\n                    \n\n\n                <\/ul>\n\n                    <\/div>\n\n                    <div class=\"vehicle-price\">\n                                                    <div itemprop=\"priceSpecification\" itemscope itemtype=\"http:\/\/schema.org\/UnitPriceSpecification\">\n                                <meta itemprop=\"priceCurrency\" content=\"EUR\">\n                                <meta itemprop=\"price\" content=\"26.790\">\n                                <strong>\n                                    26.790 \u20ac (Brutto)\n                                <\/strong><br><small>\n                                    MwSt. nicht ausweisbar                                <\/small>\n                            <\/div>\n                                                <br>\n                        <a href=\"https:\/\/ford-sachsen.de\/html\/page\/fahrzeuge\/ford-tourneo-connect-trend-l2-automatik-ahk-apple-ca\/\"\n                            class=\"vehicle-btn wp-block-button__link wp-element-button\">Details<\/a>\n                    <\/div>\n                <\/div> <!-- \/\/ vehicle-row -->\n               \n            <\/article>\n                        <article id=\"post-4810473\" class=\"vehicle\">\n                <hgroup>\n                    <a href=\"https:\/\/ford-sachsen.de\/html\/page\/fahrzeuge\/ford-kuga-plug-in-hybrid-st-line-x-ledtwanavi-hud-e\/\">\n                        <h2 class=\"vehicle-title\">\n                            Ford Kuga Plug-In Hybrid ST-Line X LED+TWA+NAVI HUD E                        <\/h2>\n\n                    <\/a>\n                <\/hgroup>\n                <span class=\"vehicle-addition\">\n                    <p>\n                        SUV\/Gel\u00e4ndewagen\/Pickup ,\n                        Gebrauchtfahrzeug                    <\/p>\n                <\/span>\n                <div class=\"vehicle-row\">\n                    <div class=\"vehicle-thumbnail\">\n                        <a href=\"https:\/\/ford-sachsen.de\/html\/page\/fahrzeuge\/ford-kuga-plug-in-hybrid-st-line-x-ledtwanavi-hud-e\/\" title=\"Ford Kuga Plug-In Hybrid ST-Line X LED+TWA+NAVI HUD E\">\n                            <img loading=\"lazy\" decoding=\"async\" width=\"300\" height=\"225\" src=\"https:\/\/ford-sachsen.de\/html\/page\/wp-content\/uploads\/2026\/09\/4810473-6a96fc634cf98435937d0-6354-41c9-9af7-ad4fe5ab93ee-rule-mo-1600-300x225.jpg\" class=\"attachment-medium size-medium wp-post-image\" alt=\"\" srcset=\"https:\/\/ford-sachsen.de\/html\/page\/wp-content\/uploads\/2026\/09\/4810473-6a96fc634cf98435937d0-6354-41c9-9af7-ad4fe5ab93ee-rule-mo-1600-300x225.jpg 300w, https:\/\/ford-sachsen.de\/html\/page\/wp-content\/uploads\/2026\/09\/4810473-6a96fc634cf98435937d0-6354-41c9-9af7-ad4fe5ab93ee-rule-mo-1600-1024x768.jpg 1024w, https:\/\/ford-sachsen.de\/html\/page\/wp-content\/uploads\/2026\/09\/4810473-6a96fc634cf98435937d0-6354-41c9-9af7-ad4fe5ab93ee-rule-mo-1600-768x576.jpg 768w, https:\/\/ford-sachsen.de\/html\/page\/wp-content\/uploads\/2026\/09\/4810473-6a96fc634cf98435937d0-6354-41c9-9af7-ad4fe5ab93ee-rule-mo-1600.jpg 1440w\" sizes=\"(max-width: 300px) 100vw, 300px\" \/>                        <\/a>\n                    <\/div>\n                    <div class=\"vehicle-data\">\n                                                    <small>\n                                                                04.2023                                \u00b7\n                            <\/small>\n                                                                            <small>\n                                66.674 km\n                            <\/small>\n                                                                            <small>\n                                \u00b7\n                                165 kW\n                                                                (\n                                224 PS)\n                            <\/small>\n                                                                            <small>\n                                \u00b7\n                                Automatik                            <\/small>\n                                                                            <small>\n                                \u00b7\n                                Unfallfrei                            <\/small>\n                        \n                                                    <small>\n                                \u00b7\n                                Plug-in-Hybrid                            <\/small>\n                                                                                                                            <small>\n                                \u00b7\n                                4\/5 T\u00fcren\n                            <\/small>\n                                                <ul class=\"vehicle-emission\">\n                                                                                     \n                                       \n  <!-- CO2-Emissionen\t-->\n                                        <!-- CO2-Emissionen\t-->\n                   \n \n \n\n\n                <\/ul>\n\n                    <\/div>\n\n                    <div class=\"vehicle-price\">\n                                                    <div itemprop=\"priceSpecification\" itemscope itemtype=\"http:\/\/schema.org\/UnitPriceSpecification\">\n                                <meta itemprop=\"priceCurrency\" content=\"EUR\">\n                                <meta itemprop=\"price\" content=\"26.790\">\n                                <strong>\n                                    26.790 \u20ac (Brutto)\n                                <\/strong><br><small>\n                                    Inkl. 19% MwSt.                                <\/small>\n                            <\/div>\n                                                <br>\n                        <a href=\"https:\/\/ford-sachsen.de\/html\/page\/fahrzeuge\/ford-kuga-plug-in-hybrid-st-line-x-ledtwanavi-hud-e\/\"\n                            class=\"vehicle-btn wp-block-button__link wp-element-button\">Details<\/a>\n                    <\/div>\n                <\/div> <!-- \/\/ vehicle-row -->\n               \n            <\/article>\n                        <article id=\"post-4810471\" class=\"vehicle\">\n                <hgroup>\n                    <a href=\"https:\/\/ford-sachsen.de\/html\/page\/fahrzeuge\/omoda-5-exclusive-ev-bev-navi-acc-led-540kamera\/\">\n                        <h2 class=\"vehicle-title\">\n                            OMODA 5 Exclusive EV BEV NAVI  ACC LED 540\u00b0KAMERA                        <\/h2>\n\n                    <\/a>\n                <\/hgroup>\n                <span class=\"vehicle-addition\">\n                    <p>\n                        SUV\/Gel\u00e4ndewagen\/Pickup ,\n                        Gebrauchtfahrzeug                    <\/p>\n                <\/span>\n                <div class=\"vehicle-row\">\n                    <div class=\"vehicle-thumbnail\">\n                        <a href=\"https:\/\/ford-sachsen.de\/html\/page\/fahrzeuge\/omoda-5-exclusive-ev-bev-navi-acc-led-540kamera\/\" title=\"OMODA 5 Exclusive EV BEV NAVI  ACC LED 540\u00b0KAMERA\">\n                            <img loading=\"lazy\" decoding=\"async\" width=\"300\" height=\"225\" src=\"https:\/\/ford-sachsen.de\/html\/page\/wp-content\/uploads\/2026\/09\/4810471-6a96fc6139b7c5e574777-1916-4268-b8b5-a28f16194ee1-rule-mo-1600-300x225.jpg\" class=\"attachment-medium size-medium wp-post-image\" alt=\"\" srcset=\"https:\/\/ford-sachsen.de\/html\/page\/wp-content\/uploads\/2026\/09\/4810471-6a96fc6139b7c5e574777-1916-4268-b8b5-a28f16194ee1-rule-mo-1600-300x225.jpg 300w, https:\/\/ford-sachsen.de\/html\/page\/wp-content\/uploads\/2026\/09\/4810471-6a96fc6139b7c5e574777-1916-4268-b8b5-a28f16194ee1-rule-mo-1600-1024x768.jpg 1024w, https:\/\/ford-sachsen.de\/html\/page\/wp-content\/uploads\/2026\/09\/4810471-6a96fc6139b7c5e574777-1916-4268-b8b5-a28f16194ee1-rule-mo-1600-768x576.jpg 768w, https:\/\/ford-sachsen.de\/html\/page\/wp-content\/uploads\/2026\/09\/4810471-6a96fc6139b7c5e574777-1916-4268-b8b5-a28f16194ee1-rule-mo-1600.jpg 1440w\" sizes=\"(max-width: 300px) 100vw, 300px\" \/>                        <\/a>\n                    <\/div>\n                    <div class=\"vehicle-data\">\n                                                    <small>\n                                                                04.2026                                \u00b7\n                            <\/small>\n                                                                            <small>\n                                2.650 km\n                            <\/small>\n                                                                            <small>\n                                \u00b7\n                                155 kW\n                                                                (\n                                211 PS)\n                            <\/small>\n                                                                            <small>\n                                \u00b7\n                                Automatik                            <\/small>\n                                                                            <small>\n                                \u00b7\n                                Unfallfrei                            <\/small>\n                        \n                                                    <small>\n                                \u00b7\n                                Elektro                            <\/small>\n                                                                                                                            <small>\n                                \u00b7\n                                4\/5 T\u00fcren\n                            <\/small>\n                                                <ul class=\"vehicle-emission\">\n                                                                                     \n                                       \n  <!-- CO2-Emissionen\t-->\n                                            <span>CO\u2082-Emissionen komb.: 0.0                                 g\/km<\/span><br>\n                                        <!-- CO2-Emissionen\t-->\n                   \n \n                         <span>CO\u2082-Klasse: \n                                    A                                <\/span><br>\n                    \n\n\n                <\/ul>\n\n                    <\/div>\n\n                    <div class=\"vehicle-price\">\n                                                    <div itemprop=\"priceSpecification\" itemscope itemtype=\"http:\/\/schema.org\/UnitPriceSpecification\">\n                                <meta itemprop=\"priceCurrency\" content=\"EUR\">\n                                <meta itemprop=\"price\" content=\"34.890\">\n                                <strong>\n                                    34.890 \u20ac (Brutto)\n                                <\/strong><br><small>\n                                    Inkl. 19% MwSt.                                <\/small>\n                            <\/div>\n                                                <br>\n                        <a href=\"https:\/\/ford-sachsen.de\/html\/page\/fahrzeuge\/omoda-5-exclusive-ev-bev-navi-acc-led-540kamera\/\"\n                            class=\"vehicle-btn wp-block-button__link wp-element-button\">Details<\/a>\n                    <\/div>\n                <\/div> <!-- \/\/ vehicle-row -->\n               \n            <\/article>\n                        <article id=\"post-4810469\" class=\"vehicle\">\n                <hgroup>\n                    <a href=\"https:\/\/ford-sachsen.de\/html\/page\/fahrzeuge\/ford-ranger-platinum-doka-standh-el-rollogelaendepak-2\/\">\n                        <h2 class=\"vehicle-title\">\n                            Ford Ranger Platinum DOKA STANDH.+EL.ROLLO+GEL\u00c4NDEPAK                        <\/h2>\n\n                    <\/a>\n                <\/hgroup>\n                <span class=\"vehicle-addition\">\n                    <p>\n                        SUV\/Gel\u00e4ndewagen\/Pickup ,\n                        Gebrauchtfahrzeug                    <\/p>\n                <\/span>\n                <div class=\"vehicle-row\">\n                    <div class=\"vehicle-thumbnail\">\n                        <a href=\"https:\/\/ford-sachsen.de\/html\/page\/fahrzeuge\/ford-ranger-platinum-doka-standh-el-rollogelaendepak-2\/\" title=\"Ford Ranger Platinum DOKA STANDH.+EL.ROLLO+GEL\u00c4NDEPAK\">\n                            <img loading=\"lazy\" decoding=\"async\" width=\"300\" height=\"225\" src=\"https:\/\/ford-sachsen.de\/html\/page\/wp-content\/uploads\/2026\/09\/4810469-6a96fc5f1ae5ca386a615-892a-45af-8fbd-284a1555da07-rule-mo-1600-300x225.jpg\" class=\"attachment-medium size-medium wp-post-image\" alt=\"\" srcset=\"https:\/\/ford-sachsen.de\/html\/page\/wp-content\/uploads\/2026\/09\/4810469-6a96fc5f1ae5ca386a615-892a-45af-8fbd-284a1555da07-rule-mo-1600-300x225.jpg 300w, https:\/\/ford-sachsen.de\/html\/page\/wp-content\/uploads\/2026\/09\/4810469-6a96fc5f1ae5ca386a615-892a-45af-8fbd-284a1555da07-rule-mo-1600-1024x768.jpg 1024w, https:\/\/ford-sachsen.de\/html\/page\/wp-content\/uploads\/2026\/09\/4810469-6a96fc5f1ae5ca386a615-892a-45af-8fbd-284a1555da07-rule-mo-1600-768x576.jpg 768w, https:\/\/ford-sachsen.de\/html\/page\/wp-content\/uploads\/2026\/09\/4810469-6a96fc5f1ae5ca386a615-892a-45af-8fbd-284a1555da07-rule-mo-1600.jpg 1440w\" sizes=\"(max-width: 300px) 100vw, 300px\" \/>                        <\/a>\n                    <\/div>\n                    <div class=\"vehicle-data\">\n                                                    <small>\n                                                                08.2026                                \u00b7\n                            <\/small>\n                                                                            <small>\n                                25 km\n                            <\/small>\n                                                                            <small>\n                                \u00b7\n                                177 kW\n                                                                (\n                                241 PS)\n                            <\/small>\n                                                                            <small>\n                                \u00b7\n                                Automatik                            <\/small>\n                                                                            <small>\n                                \u00b7\n                                Unfallfrei                            <\/small>\n                        \n                                                    <small>\n                                \u00b7\n                                Diesel                            <\/small>\n                                                                                                                            <small>\n                                \u00b7\n                                4\/5 T\u00fcren\n                            <\/small>\n                                                <ul class=\"vehicle-emission\">\n                                                 <span>Verbrauch komb.: \n                                    10.2                                 l\/100km<\/span><br>\n                                                                                \n                                       \n  <!-- CO2-Emissionen\t-->\n                                            <span>CO\u2082-Emissionen komb.: 266.0                                 g\/km<\/span><br>\n                                        <!-- CO2-Emissionen\t-->\n                   \n \n                         <span>CO\u2082-Klasse: \n                                    G                                <\/span><br>\n                    \n\n\n                <\/ul>\n\n                    <\/div>\n\n                    <div class=\"vehicle-price\">\n                                                    <div itemprop=\"priceSpecification\" itemscope itemtype=\"http:\/\/schema.org\/UnitPriceSpecification\">\n                                <meta itemprop=\"priceCurrency\" content=\"EUR\">\n                                <meta itemprop=\"price\" content=\"58.990\">\n                                <strong>\n                                    58.990 \u20ac (Brutto)\n                                <\/strong><br><small>\n                                    Inkl. 19% MwSt.                                <\/small>\n                            <\/div>\n                                                <br>\n                        <a href=\"https:\/\/ford-sachsen.de\/html\/page\/fahrzeuge\/ford-ranger-platinum-doka-standh-el-rollogelaendepak-2\/\"\n                            class=\"vehicle-btn wp-block-button__link wp-element-button\">Details<\/a>\n                    <\/div>\n                <\/div> <!-- \/\/ vehicle-row -->\n               \n            <\/article>\n                        <article id=\"post-4810467\" class=\"vehicle\">\n                <hgroup>\n                    <a href=\"https:\/\/ford-sachsen.de\/html\/page\/fahrzeuge\/ford-tourneo-custom-320-l2-ms-rt-awd-exclusive-paket-2\/\">\n                        <h2 class=\"vehicle-title\">\n                            Ford Tourneo Custom 320 L2 MS-RT AWD EXCLUSIVE-PAKET+                        <\/h2>\n\n                    <\/a>\n                <\/hgroup>\n                <span class=\"vehicle-addition\">\n                    <p>\n                        Van\/Minibus ,\n                        Gebrauchtfahrzeug                    <\/p>\n                <\/span>\n                <div class=\"vehicle-row\">\n                    <div class=\"vehicle-thumbnail\">\n                        <a href=\"https:\/\/ford-sachsen.de\/html\/page\/fahrzeuge\/ford-tourneo-custom-320-l2-ms-rt-awd-exclusive-paket-2\/\" title=\"Ford Tourneo Custom 320 L2 MS-RT AWD EXCLUSIVE-PAKET+\">\n                            <img loading=\"lazy\" decoding=\"async\" width=\"300\" height=\"225\" src=\"https:\/\/ford-sachsen.de\/html\/page\/wp-content\/uploads\/2026\/09\/4810467-6a96fc5d065e0b8d450af-521c-497e-8ea8-1e2c0ebabd16-rule-mo-1600-300x225.jpg\" class=\"attachment-medium size-medium wp-post-image\" alt=\"\" srcset=\"https:\/\/ford-sachsen.de\/html\/page\/wp-content\/uploads\/2026\/09\/4810467-6a96fc5d065e0b8d450af-521c-497e-8ea8-1e2c0ebabd16-rule-mo-1600-300x225.jpg 300w, https:\/\/ford-sachsen.de\/html\/page\/wp-content\/uploads\/2026\/09\/4810467-6a96fc5d065e0b8d450af-521c-497e-8ea8-1e2c0ebabd16-rule-mo-1600-1024x768.jpg 1024w, https:\/\/ford-sachsen.de\/html\/page\/wp-content\/uploads\/2026\/09\/4810467-6a96fc5d065e0b8d450af-521c-497e-8ea8-1e2c0ebabd16-rule-mo-1600-768x576.jpg 768w, https:\/\/ford-sachsen.de\/html\/page\/wp-content\/uploads\/2026\/09\/4810467-6a96fc5d065e0b8d450af-521c-497e-8ea8-1e2c0ebabd16-rule-mo-1600.jpg 1440w\" sizes=\"(max-width: 300px) 100vw, 300px\" \/>                        <\/a>\n                    <\/div>\n                    <div class=\"vehicle-data\">\n                                                    <small>\n                                                                08.2026                                \u00b7\n                            <\/small>\n                                                                            <small>\n                                25 km\n                            <\/small>\n                                                                            <small>\n                                \u00b7\n                                125 kW\n                                                                (\n                                170 PS)\n                            <\/small>\n                                                                            <small>\n                                \u00b7\n                                Automatik                            <\/small>\n                                                                            <small>\n                                \u00b7\n                                Unfallfrei                            <\/small>\n                        \n                                                    <small>\n                                \u00b7\n                                Diesel                            <\/small>\n                                                                                                                            <small>\n                                \u00b7\n                                4\/5 T\u00fcren\n                            <\/small>\n                                                <ul class=\"vehicle-emission\">\n                                                 <span>Verbrauch komb.: \n                                    8.9                                 l\/100km<\/span><br>\n                                                                                \n                                       \n  <!-- CO2-Emissionen\t-->\n                                            <span>CO\u2082-Emissionen komb.: 233.0                                 g\/km<\/span><br>\n                                        <!-- CO2-Emissionen\t-->\n                   \n \n                         <span>CO\u2082-Klasse: \n                                    G                                <\/span><br>\n                    \n\n\n                <\/ul>\n\n                    <\/div>\n\n                    <div class=\"vehicle-price\">\n                                                    <div itemprop=\"priceSpecification\" itemscope itemtype=\"http:\/\/schema.org\/UnitPriceSpecification\">\n                                <meta itemprop=\"priceCurrency\" content=\"EUR\">\n                                <meta itemprop=\"price\" content=\"81.490\">\n                                <strong>\n                                    81.490 \u20ac (Brutto)\n                                <\/strong><br><small>\n                                    Inkl. 19% MwSt.                                <\/small>\n                            <\/div>\n                                                <br>\n                        <a href=\"https:\/\/ford-sachsen.de\/html\/page\/fahrzeuge\/ford-tourneo-custom-320-l2-ms-rt-awd-exclusive-paket-2\/\"\n                            class=\"vehicle-btn wp-block-button__link wp-element-button\">Details<\/a>\n                    <\/div>\n                <\/div> <!-- \/\/ vehicle-row -->\n               \n            <\/article>\n                        <article id=\"post-4810465\" class=\"vehicle\">\n                <hgroup>\n                    <a href=\"https:\/\/ford-sachsen.de\/html\/page\/fahrzeuge\/ford-tourneo-connect-trend-l1-tageszulassung-aktion\/\">\n                        <h2 class=\"vehicle-title\">\n                            Ford Tourneo Connect Trend L1 TAGESZULASSUNG-AKTION                        <\/h2>\n\n                    <\/a>\n                <\/hgroup>\n                <span class=\"vehicle-addition\">\n                    <p>\n                        Van\/Minibus ,\n                        Gebrauchtfahrzeug                    <\/p>\n                <\/span>\n                <div class=\"vehicle-row\">\n                    <div class=\"vehicle-thumbnail\">\n                        <a href=\"https:\/\/ford-sachsen.de\/html\/page\/fahrzeuge\/ford-tourneo-connect-trend-l1-tageszulassung-aktion\/\" title=\"Ford Tourneo Connect Trend L1 TAGESZULASSUNG-AKTION\">\n                            <img loading=\"lazy\" decoding=\"async\" width=\"300\" height=\"225\" src=\"https:\/\/ford-sachsen.de\/html\/page\/wp-content\/uploads\/2026\/09\/4810465-6a96fc5ae803b0c2c5dd4-3701-4139-af42-beec69351d83-rule-mo-1600-300x225.jpg\" class=\"attachment-medium size-medium wp-post-image\" alt=\"\" srcset=\"https:\/\/ford-sachsen.de\/html\/page\/wp-content\/uploads\/2026\/09\/4810465-6a96fc5ae803b0c2c5dd4-3701-4139-af42-beec69351d83-rule-mo-1600-300x225.jpg 300w, https:\/\/ford-sachsen.de\/html\/page\/wp-content\/uploads\/2026\/09\/4810465-6a96fc5ae803b0c2c5dd4-3701-4139-af42-beec69351d83-rule-mo-1600-1024x768.jpg 1024w, https:\/\/ford-sachsen.de\/html\/page\/wp-content\/uploads\/2026\/09\/4810465-6a96fc5ae803b0c2c5dd4-3701-4139-af42-beec69351d83-rule-mo-1600-768x576.jpg 768w, https:\/\/ford-sachsen.de\/html\/page\/wp-content\/uploads\/2026\/09\/4810465-6a96fc5ae803b0c2c5dd4-3701-4139-af42-beec69351d83-rule-mo-1600.jpg 1440w\" sizes=\"(max-width: 300px) 100vw, 300px\" \/>                        <\/a>\n                    <\/div>\n                    <div class=\"vehicle-data\">\n                                                    <small>\n                                                                07.2026                                \u00b7\n                            <\/small>\n                                                                            <small>\n                                25 km\n                            <\/small>\n                                                                            <small>\n                                \u00b7\n                                75 kW\n                                                                (\n                                102 PS)\n                            <\/small>\n                                                                            <small>\n                                \u00b7\n                                Schaltgetriebe                            <\/small>\n                                                                            <small>\n                                \u00b7\n                                Unfallfrei                            <\/small>\n                        \n                                                    <small>\n                                \u00b7\n                                Diesel                            <\/small>\n                                                                                                                            <small>\n                                \u00b7\n                                4\/5 T\u00fcren\n                            <\/small>\n                                                <ul class=\"vehicle-emission\">\n                                                 <span>Verbrauch komb.: \n                                    6.2                                 l\/100km<\/span><br>\n                                                                                \n                                       \n  <!-- CO2-Emissionen\t-->\n                                            <span>CO\u2082-Emissionen komb.: 141.0                                 g\/km<\/span><br>\n                                        <!-- CO2-Emissionen\t-->\n                   \n \n                         <span>CO\u2082-Klasse: \n                                    E                                <\/span><br>\n                    \n\n\n                <\/ul>\n\n                    <\/div>\n\n                    <div class=\"vehicle-price\">\n                                                    <div itemprop=\"priceSpecification\" itemscope itemtype=\"http:\/\/schema.org\/UnitPriceSpecification\">\n                                <meta itemprop=\"priceCurrency\" content=\"EUR\">\n                                <meta itemprop=\"price\" content=\"27.890\">\n                                <strong>\n                                    27.890 \u20ac (Brutto)\n                                <\/strong><br><small>\n                                    Inkl. 19% MwSt.                                <\/small>\n                            <\/div>\n                                                <br>\n                        <a href=\"https:\/\/ford-sachsen.de\/html\/page\/fahrzeuge\/ford-tourneo-connect-trend-l1-tageszulassung-aktion\/\"\n                            class=\"vehicle-btn wp-block-button__link wp-element-button\">Details<\/a>\n                    <\/div>\n                <\/div> <!-- \/\/ vehicle-row -->\n               \n            <\/article>\n                        <article id=\"post-4810463\" class=\"vehicle\">\n                <hgroup>\n                    <a href=\"https:\/\/ford-sachsen.de\/html\/page\/fahrzeuge\/mercedes-benz-g-lb-220d-4matic-7-sitzersound-systemledkamer\/\">\n                        <h2 class=\"vehicle-title\">\n                            Mercedes-Benz G LB 220d 4Matic 7-SITZER+SOUND-SYSTEM+LED+KAMER                        <\/h2>\n\n                    <\/a>\n                <\/hgroup>\n                <span class=\"vehicle-addition\">\n                    <p>\n                        SUV\/Gel\u00e4ndewagen\/Pickup ,\n                        Gebrauchtfahrzeug                    <\/p>\n                <\/span>\n                <div class=\"vehicle-row\">\n                    <div class=\"vehicle-thumbnail\">\n                        <a href=\"https:\/\/ford-sachsen.de\/html\/page\/fahrzeuge\/mercedes-benz-g-lb-220d-4matic-7-sitzersound-systemledkamer\/\" title=\"Mercedes-Benz G LB 220d 4Matic 7-SITZER+SOUND-SYSTEM+LED+KAMER\">\n                            <img loading=\"lazy\" decoding=\"async\" width=\"300\" height=\"225\" src=\"https:\/\/ford-sachsen.de\/html\/page\/wp-content\/uploads\/2026\/09\/4810463-6a96fc58ed556be1dcc5b-bb6b-445b-806d-8fb6bbcd9a8d-rule-mo-1600-300x225.jpg\" class=\"attachment-medium size-medium wp-post-image\" alt=\"\" srcset=\"https:\/\/ford-sachsen.de\/html\/page\/wp-content\/uploads\/2026\/09\/4810463-6a96fc58ed556be1dcc5b-bb6b-445b-806d-8fb6bbcd9a8d-rule-mo-1600-300x225.jpg 300w, https:\/\/ford-sachsen.de\/html\/page\/wp-content\/uploads\/2026\/09\/4810463-6a96fc58ed556be1dcc5b-bb6b-445b-806d-8fb6bbcd9a8d-rule-mo-1600-1024x768.jpg 1024w, https:\/\/ford-sachsen.de\/html\/page\/wp-content\/uploads\/2026\/09\/4810463-6a96fc58ed556be1dcc5b-bb6b-445b-806d-8fb6bbcd9a8d-rule-mo-1600-768x576.jpg 768w, https:\/\/ford-sachsen.de\/html\/page\/wp-content\/uploads\/2026\/09\/4810463-6a96fc58ed556be1dcc5b-bb6b-445b-806d-8fb6bbcd9a8d-rule-mo-1600.jpg 1440w\" sizes=\"(max-width: 300px) 100vw, 300px\" \/>                        <\/a>\n                    <\/div>\n                    <div class=\"vehicle-data\">\n                                                    <small>\n                                                                09.2021                                \u00b7\n                            <\/small>\n                                                                            <small>\n                                49.500 km\n                            <\/small>\n                                                                            <small>\n                                \u00b7\n                                140 kW\n                                                                (\n                                190 PS)\n                            <\/small>\n                                                                            <small>\n                                \u00b7\n                                Automatik                            <\/small>\n                                                                            <small>\n                                \u00b7\n                                Unfallfrei                            <\/small>\n                        \n                                                    <small>\n                                \u00b7\n                                Diesel                            <\/small>\n                                                                                                                            <small>\n                                \u00b7\n                                4\/5 T\u00fcren\n                            <\/small>\n                                                <ul class=\"vehicle-emission\">\n                                                                                     \n                                       \n  <!-- CO2-Emissionen\t-->\n                                        <!-- CO2-Emissionen\t-->\n                   \n \n \n\n\n                <\/ul>\n\n                    <\/div>\n\n                    <div class=\"vehicle-price\">\n                                                    <div itemprop=\"priceSpecification\" itemscope itemtype=\"http:\/\/schema.org\/UnitPriceSpecification\">\n                                <meta itemprop=\"priceCurrency\" content=\"EUR\">\n                                <meta itemprop=\"price\" content=\"34.960\">\n                                <strong>\n                                    34.960 \u20ac (Brutto)\n                                <\/strong><br><small>\n                                    MwSt. nicht ausweisbar                                <\/small>\n                            <\/div>\n                                                <br>\n                        <a href=\"https:\/\/ford-sachsen.de\/html\/page\/fahrzeuge\/mercedes-benz-g-lb-220d-4matic-7-sitzersound-systemledkamer\/\"\n                            class=\"vehicle-btn wp-block-button__link wp-element-button\">Details<\/a>\n                    <\/div>\n                <\/div> <!-- \/\/ vehicle-row -->\n               \n            <\/article>\n                        <article id=\"post-4810447\" class=\"vehicle\">\n                <hgroup>\n                    <a href=\"https:\/\/ford-sachsen.de\/html\/page\/fahrzeuge\/ford-puma-st-line-x-twaaccmassage-ahk-abnehmbar-na\/\">\n                        <h2 class=\"vehicle-title\">\n                            Ford Puma ST-Line X TWA+ACC+MASSAGE+ AHK-abnehmbar Na                        <\/h2>\n\n                    <\/a>\n                <\/hgroup>\n                <span class=\"vehicle-addition\">\n                    <p>\n                        SUV\/Gel\u00e4ndewagen\/Pickup ,\n                        Gebrauchtfahrzeug                    <\/p>\n                <\/span>\n                <div class=\"vehicle-row\">\n                    <div class=\"vehicle-thumbnail\">\n                        <a href=\"https:\/\/ford-sachsen.de\/html\/page\/fahrzeuge\/ford-puma-st-line-x-twaaccmassage-ahk-abnehmbar-na\/\" title=\"Ford Puma ST-Line X TWA+ACC+MASSAGE+ AHK-abnehmbar Na\">\n                            <img loading=\"lazy\" decoding=\"async\" width=\"300\" height=\"225\" src=\"https:\/\/ford-sachsen.de\/html\/page\/wp-content\/uploads\/2026\/09\/4810447-6a96fb64ee727c0fb7e1f-7d54-4a21-82c6-fe0f1a8b17f4-rule-mo-1600-300x225.jpg\" class=\"attachment-medium size-medium wp-post-image\" alt=\"\" srcset=\"https:\/\/ford-sachsen.de\/html\/page\/wp-content\/uploads\/2026\/09\/4810447-6a96fb64ee727c0fb7e1f-7d54-4a21-82c6-fe0f1a8b17f4-rule-mo-1600-300x225.jpg 300w, https:\/\/ford-sachsen.de\/html\/page\/wp-content\/uploads\/2026\/09\/4810447-6a96fb64ee727c0fb7e1f-7d54-4a21-82c6-fe0f1a8b17f4-rule-mo-1600-1024x768.jpg 1024w, https:\/\/ford-sachsen.de\/html\/page\/wp-content\/uploads\/2026\/09\/4810447-6a96fb64ee727c0fb7e1f-7d54-4a21-82c6-fe0f1a8b17f4-rule-mo-1600-768x576.jpg 768w, https:\/\/ford-sachsen.de\/html\/page\/wp-content\/uploads\/2026\/09\/4810447-6a96fb64ee727c0fb7e1f-7d54-4a21-82c6-fe0f1a8b17f4-rule-mo-1600.jpg 1440w\" sizes=\"(max-width: 300px) 100vw, 300px\" \/>                        <\/a>\n                    <\/div>\n                    <div class=\"vehicle-data\">\n                                                    <small>\n                                                                03.2022                                \u00b7\n                            <\/small>\n                                                                            <small>\n                                56.241 km\n                            <\/small>\n                                                                            <small>\n                                \u00b7\n                                114 kW\n                                                                (\n                                155 PS)\n                            <\/small>\n                                                                            <small>\n                                \u00b7\n                                Schaltgetriebe                            <\/small>\n                                                                            <small>\n                                \u00b7\n                                Unfallfrei                            <\/small>\n                        \n                                                    <small>\n                                \u00b7\n                                Benzin                            <\/small>\n                                                                                                                            <small>\n                                \u00b7\n                                4\/5 T\u00fcren\n                            <\/small>\n                                                <ul class=\"vehicle-emission\">\n                                                 <span>Verbrauch komb.: \n                                    6.1                                 l\/100km<\/span><br>\n                                                                                \n                                       \n  <!-- CO2-Emissionen\t-->\n                                            <span>CO\u2082-Emissionen komb.: 138.0                                 g\/km<\/span><br>\n                                        <!-- CO2-Emissionen\t-->\n                   \n \n                         <span>CO\u2082-Klasse: \n                                    E                                <\/span><br>\n                    \n\n\n                <\/ul>\n\n                    <\/div>\n\n                    <div class=\"vehicle-price\">\n                                                    <div itemprop=\"priceSpecification\" itemscope itemtype=\"http:\/\/schema.org\/UnitPriceSpecification\">\n                                <meta itemprop=\"priceCurrency\" content=\"EUR\">\n                                <meta itemprop=\"price\" content=\"17.790\">\n                                <strong>\n                                    17.790 \u20ac (Brutto)\n                                <\/strong><br><small>\n                                    Inkl. 19% MwSt.                                <\/small>\n                            <\/div>\n                                                <br>\n                        <a href=\"https:\/\/ford-sachsen.de\/html\/page\/fahrzeuge\/ford-puma-st-line-x-twaaccmassage-ahk-abnehmbar-na\/\"\n                            class=\"vehicle-btn wp-block-button__link wp-element-button\">Details<\/a>\n                    <\/div>\n                <\/div> <!-- \/\/ vehicle-row -->\n               \n            <\/article>\n                        <article id=\"post-4810443\" class=\"vehicle\">\n                <hgroup>\n                    <a href=\"https:\/\/ford-sachsen.de\/html\/page\/fahrzeuge\/jaecoo-j7-phev-exclusive-540-kamera-panodach-acc-hea\/\">\n                        <h2 class=\"vehicle-title\">\n                            JAECOO J7 PHEV EXCLUSIVE  540\u00b0 KAMERA  PANODACH ACC HEA                        <\/h2>\n\n                    <\/a>\n                <\/hgroup>\n                <span class=\"vehicle-addition\">\n                    <p>\n                        SUV\/Gel\u00e4ndewagen\/Pickup ,\n                        Neufahrzeug                    <\/p>\n                <\/span>\n                <div class=\"vehicle-row\">\n                    <div class=\"vehicle-thumbnail\">\n                        <a href=\"https:\/\/ford-sachsen.de\/html\/page\/fahrzeuge\/jaecoo-j7-phev-exclusive-540-kamera-panodach-acc-hea\/\" title=\"JAECOO J7 PHEV EXCLUSIVE  540\u00b0 KAMERA  PANODACH ACC HEA\">\n                            <img loading=\"lazy\" decoding=\"async\" width=\"300\" height=\"225\" src=\"https:\/\/ford-sachsen.de\/html\/page\/wp-content\/uploads\/2026\/09\/4810443-6a96fa028b487250c8dd6-c268-4485-8a61-c72864128606-rule-mo-1600-300x225.jpg\" class=\"attachment-medium size-medium wp-post-image\" alt=\"\" srcset=\"https:\/\/ford-sachsen.de\/html\/page\/wp-content\/uploads\/2026\/09\/4810443-6a96fa028b487250c8dd6-c268-4485-8a61-c72864128606-rule-mo-1600-300x225.jpg 300w, https:\/\/ford-sachsen.de\/html\/page\/wp-content\/uploads\/2026\/09\/4810443-6a96fa028b487250c8dd6-c268-4485-8a61-c72864128606-rule-mo-1600-1024x768.jpg 1024w, https:\/\/ford-sachsen.de\/html\/page\/wp-content\/uploads\/2026\/09\/4810443-6a96fa028b487250c8dd6-c268-4485-8a61-c72864128606-rule-mo-1600-768x576.jpg 768w, https:\/\/ford-sachsen.de\/html\/page\/wp-content\/uploads\/2026\/09\/4810443-6a96fa028b487250c8dd6-c268-4485-8a61-c72864128606-rule-mo-1600.jpg 1440w\" sizes=\"(max-width: 300px) 100vw, 300px\" \/>                        <\/a>\n                    <\/div>\n                    <div class=\"vehicle-data\">\n                                                                            <small>\n                                10 km\n                            <\/small>\n                                                                            <small>\n                                \u00b7\n                                205 kW\n                                                                (\n                                279 PS)\n                            <\/small>\n                                                                            <small>\n                                \u00b7\n                                Automatik                            <\/small>\n                                                                            <small>\n                                \u00b7\n                                Unfallfrei                            <\/small>\n                        \n                                                    <small>\n                                \u00b7\n                                Plug-in-Hybrid                            <\/small>\n                                                                                                                            <small>\n                                \u00b7\n                                4\/5 T\u00fcren\n                            <\/small>\n                                                <ul class=\"vehicle-emission\">\n                                                <span>Kraftstoffverbrauch gewichtet, kombiniert: \n                                    2.4                                 l\/100km<\/span><br>\n                                             <span>Verbrauch komb.: \n                                    6.0                                 l\/100km<\/span><br>\n                                                                <span>Stromverbrauch gewichtet, kombiniert: \n                                    15.1                                 kWh\/100km<\/span><br>\n                                                            \n                                       \n  <!-- CO2-Emissionen\t-->\n                                            <span>CO\u2082-Emissionen komb.: 54.0                                 g\/km<\/span><br>\n                                        <!-- CO2-Emissionen\t-->\n                   \n \n                         <span>CO\u2082-Klasse: \n                                    B                                <\/span><br>\n                    \n\n\n                <\/ul>\n\n                    <\/div>\n\n                    <div class=\"vehicle-price\">\n                                                    <div itemprop=\"priceSpecification\" itemscope itemtype=\"http:\/\/schema.org\/UnitPriceSpecification\">\n                                <meta itemprop=\"priceCurrency\" content=\"EUR\">\n                                <meta itemprop=\"price\" content=\"39.490\">\n                                <strong>\n                                    39.490 \u20ac (Brutto)\n                                <\/strong><br><small>\n                                    Inkl. 19% MwSt.                                <\/small>\n                            <\/div>\n                                                <br>\n                        <a href=\"https:\/\/ford-sachsen.de\/html\/page\/fahrzeuge\/jaecoo-j7-phev-exclusive-540-kamera-panodach-acc-hea\/\"\n                            class=\"vehicle-btn wp-block-button__link wp-element-button\">Details<\/a>\n                    <\/div>\n                <\/div> <!-- \/\/ vehicle-row -->\n               \n            <\/article>\n                        <article id=\"post-4810435\" class=\"vehicle\">\n                <hgroup>\n                    <a href=\"https:\/\/ford-sachsen.de\/html\/page\/fahrzeuge\/ford-tourneo-custom-bus-phev-340-l1-fwd-titanium-excl\/\">\n                        <h2 class=\"vehicle-title\">\n                            Ford Tourneo Custom Bus PHEV 340 L1 FWD Titanium EXCL                        <\/h2>\n\n                    <\/a>\n                <\/hgroup>\n                <span class=\"vehicle-addition\">\n                    <p>\n                        Van\/Minibus ,\n                        Gebrauchtfahrzeug                    <\/p>\n                <\/span>\n                <div class=\"vehicle-row\">\n                    <div class=\"vehicle-thumbnail\">\n                        <a href=\"https:\/\/ford-sachsen.de\/html\/page\/fahrzeuge\/ford-tourneo-custom-bus-phev-340-l1-fwd-titanium-excl\/\" title=\"Ford Tourneo Custom Bus PHEV 340 L1 FWD Titanium EXCL\">\n                            <img loading=\"lazy\" decoding=\"async\" width=\"300\" height=\"225\" src=\"https:\/\/ford-sachsen.de\/html\/page\/wp-content\/uploads\/2026\/09\/4810435-6a96f9288270fe4ea0954-a561-4451-b793-799041958d03-rule-mo-1600-300x225.jpg\" class=\"attachment-medium size-medium wp-post-image\" alt=\"\" srcset=\"https:\/\/ford-sachsen.de\/html\/page\/wp-content\/uploads\/2026\/09\/4810435-6a96f9288270fe4ea0954-a561-4451-b793-799041958d03-rule-mo-1600-300x225.jpg 300w, https:\/\/ford-sachsen.de\/html\/page\/wp-content\/uploads\/2026\/09\/4810435-6a96f9288270fe4ea0954-a561-4451-b793-799041958d03-rule-mo-1600-1024x768.jpg 1024w, https:\/\/ford-sachsen.de\/html\/page\/wp-content\/uploads\/2026\/09\/4810435-6a96f9288270fe4ea0954-a561-4451-b793-799041958d03-rule-mo-1600-768x576.jpg 768w, https:\/\/ford-sachsen.de\/html\/page\/wp-content\/uploads\/2026\/09\/4810435-6a96f9288270fe4ea0954-a561-4451-b793-799041958d03-rule-mo-1600.jpg 1440w\" sizes=\"(max-width: 300px) 100vw, 300px\" \/>                        <\/a>\n                    <\/div>\n                    <div class=\"vehicle-data\">\n                                                    <small>\n                                                                05.2026                                \u00b7\n                            <\/small>\n                                                                            <small>\n                                25 km\n                            <\/small>\n                                                                            <small>\n                                \u00b7\n                                171 kW\n                                                                (\n                                232 PS)\n                            <\/small>\n                                                                            <small>\n                                \u00b7\n                                Automatik                            <\/small>\n                                                                            <small>\n                                \u00b7\n                                Unfallfrei                            <\/small>\n                        \n                                                    <small>\n                                \u00b7\n                                Plug-in-Hybrid                            <\/small>\n                                                                                                                            <small>\n                                \u00b7\n                                4\/5 T\u00fcren\n                            <\/small>\n                                                <ul class=\"vehicle-emission\">\n                                                <span>Kraftstoffverbrauch gewichtet, kombiniert: \n                                    4.7                                 l\/100km<\/span><br>\n                                             <span>Verbrauch komb.: \n                                    8.0                                 l\/100km<\/span><br>\n                                                                <span>Stromverbrauch gewichtet, kombiniert: \n                                    15.0                                 kWh\/100km<\/span><br>\n                                                            \n                                       \n  <!-- CO2-Emissionen\t-->\n                                            <span>CO\u2082-Emissionen komb.: 106.0                                 g\/km<\/span><br>\n                                        <!-- CO2-Emissionen\t-->\n                   \n \n                         <span>CO\u2082-Klasse: \n                                    C                                <\/span><br>\n                    \n\n\n                <\/ul>\n\n                    <\/div>\n\n                    <div class=\"vehicle-price\">\n                                                    <div itemprop=\"priceSpecification\" itemscope itemtype=\"http:\/\/schema.org\/UnitPriceSpecification\">\n                                <meta itemprop=\"priceCurrency\" content=\"EUR\">\n                                <meta itemprop=\"price\" content=\"57.890\">\n                                <strong>\n                                    57.890 \u20ac (Brutto)\n                                <\/strong><br><small>\n                                    Inkl. 19% MwSt.                                <\/small>\n                            <\/div>\n                                                <br>\n                        <a href=\"https:\/\/ford-sachsen.de\/html\/page\/fahrzeuge\/ford-tourneo-custom-bus-phev-340-l1-fwd-titanium-excl\/\"\n                            class=\"vehicle-btn wp-block-button__link wp-element-button\">Details<\/a>\n                    <\/div>\n                <\/div> <!-- \/\/ vehicle-row -->\n               \n            <\/article>\n                        <article id=\"post-4810433\" class=\"vehicle\">\n                <hgroup>\n                    <a href=\"https:\/\/ford-sachsen.de\/html\/page\/fahrzeuge\/ford-puma-st-line-gjrkomfortwinter-paket\/\">\n                        <h2 class=\"vehicle-title\">\n                            Ford Puma ST-Line GJR+KOMFORT&amp;WINTER-PAKET                        <\/h2>\n\n                    <\/a>\n                <\/hgroup>\n                <span class=\"vehicle-addition\">\n                    <p>\n                        SUV\/Gel\u00e4ndewagen\/Pickup ,\n                        Gebrauchtfahrzeug                    <\/p>\n                <\/span>\n                <div class=\"vehicle-row\">\n                    <div class=\"vehicle-thumbnail\">\n                        <a href=\"https:\/\/ford-sachsen.de\/html\/page\/fahrzeuge\/ford-puma-st-line-gjrkomfortwinter-paket\/\" title=\"Ford Puma ST-Line GJR+KOMFORT&amp;WINTER-PAKET\">\n                            <img loading=\"lazy\" decoding=\"async\" width=\"300\" height=\"225\" src=\"https:\/\/ford-sachsen.de\/html\/page\/wp-content\/uploads\/2026\/09\/4810433-6a96f9263a862fe09a8fb-1540-4f12-8a54-6178bf2dcd6d-rule-mo-1600-300x225.jpg\" class=\"attachment-medium size-medium wp-post-image\" alt=\"\" srcset=\"https:\/\/ford-sachsen.de\/html\/page\/wp-content\/uploads\/2026\/09\/4810433-6a96f9263a862fe09a8fb-1540-4f12-8a54-6178bf2dcd6d-rule-mo-1600-300x225.jpg 300w, https:\/\/ford-sachsen.de\/html\/page\/wp-content\/uploads\/2026\/09\/4810433-6a96f9263a862fe09a8fb-1540-4f12-8a54-6178bf2dcd6d-rule-mo-1600-1024x768.jpg 1024w, https:\/\/ford-sachsen.de\/html\/page\/wp-content\/uploads\/2026\/09\/4810433-6a96f9263a862fe09a8fb-1540-4f12-8a54-6178bf2dcd6d-rule-mo-1600-768x576.jpg 768w, https:\/\/ford-sachsen.de\/html\/page\/wp-content\/uploads\/2026\/09\/4810433-6a96f9263a862fe09a8fb-1540-4f12-8a54-6178bf2dcd6d-rule-mo-1600.jpg 1440w\" sizes=\"(max-width: 300px) 100vw, 300px\" \/>                        <\/a>\n                    <\/div>\n                    <div class=\"vehicle-data\">\n                                                    <small>\n                                                                05.2026                                \u00b7\n                            <\/small>\n                                                                            <small>\n                                25 km\n                            <\/small>\n                                                                            <small>\n                                \u00b7\n                                92 kW\n                                                                (\n                                125 PS)\n                            <\/small>\n                                                                            <small>\n                                \u00b7\n                                Automatik                            <\/small>\n                                                                            <small>\n                                \u00b7\n                                Unfallfrei                            <\/small>\n                        \n                                                    <small>\n                                \u00b7\n                                Benzin                            <\/small>\n                                                                                                                            <small>\n                                \u00b7\n                                4\/5 T\u00fcren\n                            <\/small>\n                                                <ul class=\"vehicle-emission\">\n                                                 <span>Verbrauch komb.: \n                                    6.3                                 l\/100km<\/span><br>\n                                                                                \n                                       \n  <!-- CO2-Emissionen\t-->\n                                            <span>CO\u2082-Emissionen komb.: 143.0                                 g\/km<\/span><br>\n                                        <!-- CO2-Emissionen\t-->\n                   \n \n                         <span>CO\u2082-Klasse: \n                                    E                                <\/span><br>\n                    \n\n\n                <\/ul>\n\n                    <\/div>\n\n                    <div class=\"vehicle-price\">\n                                                    <div itemprop=\"priceSpecification\" itemscope itemtype=\"http:\/\/schema.org\/UnitPriceSpecification\">\n                                <meta itemprop=\"priceCurrency\" content=\"EUR\">\n                                <meta itemprop=\"price\" content=\"27.790\">\n                                <strong>\n                                    27.790 \u20ac (Brutto)\n                                <\/strong><br><small>\n                                    Inkl. 19% MwSt.                                <\/small>\n                            <\/div>\n                                                <br>\n                        <a href=\"https:\/\/ford-sachsen.de\/html\/page\/fahrzeuge\/ford-puma-st-line-gjrkomfortwinter-paket\/\"\n                            class=\"vehicle-btn wp-block-button__link wp-element-button\">Details<\/a>\n                    <\/div>\n                <\/div> <!-- \/\/ vehicle-row -->\n               \n            <\/article>\n                        <article id=\"post-4810431\" class=\"vehicle\">\n                <hgroup>\n                    <a href=\"https:\/\/ford-sachsen.de\/html\/page\/fahrzeuge\/ford-kuga-fhev-st-line-hud-ahk-klappbar-navi-digitale\/\">\n                        <h2 class=\"vehicle-title\">\n                            Ford Kuga FHEV ST-Line HUD AHK-klappbar Navi Digitale                        <\/h2>\n\n                    <\/a>\n                <\/hgroup>\n                <span class=\"vehicle-addition\">\n                    <p>\n                        SUV\/Gel\u00e4ndewagen\/Pickup ,\n                        Gebrauchtfahrzeug                    <\/p>\n                <\/span>\n                <div class=\"vehicle-row\">\n                    <div class=\"vehicle-thumbnail\">\n                        <a href=\"https:\/\/ford-sachsen.de\/html\/page\/fahrzeuge\/ford-kuga-fhev-st-line-hud-ahk-klappbar-navi-digitale\/\" title=\"Ford Kuga FHEV ST-Line HUD AHK-klappbar Navi Digitale\">\n                            <img loading=\"lazy\" decoding=\"async\" width=\"300\" height=\"225\" src=\"https:\/\/ford-sachsen.de\/html\/page\/wp-content\/uploads\/2026\/09\/4810431-6a96f9242a50e5394bddc-7077-4511-9515-ab0eb2f43a3d-rule-mo-1600-300x225.jpg\" class=\"attachment-medium size-medium wp-post-image\" alt=\"\" srcset=\"https:\/\/ford-sachsen.de\/html\/page\/wp-content\/uploads\/2026\/09\/4810431-6a96f9242a50e5394bddc-7077-4511-9515-ab0eb2f43a3d-rule-mo-1600-300x225.jpg 300w, https:\/\/ford-sachsen.de\/html\/page\/wp-content\/uploads\/2026\/09\/4810431-6a96f9242a50e5394bddc-7077-4511-9515-ab0eb2f43a3d-rule-mo-1600-1024x768.jpg 1024w, https:\/\/ford-sachsen.de\/html\/page\/wp-content\/uploads\/2026\/09\/4810431-6a96f9242a50e5394bddc-7077-4511-9515-ab0eb2f43a3d-rule-mo-1600-768x576.jpg 768w, https:\/\/ford-sachsen.de\/html\/page\/wp-content\/uploads\/2026\/09\/4810431-6a96f9242a50e5394bddc-7077-4511-9515-ab0eb2f43a3d-rule-mo-1600.jpg 1440w\" sizes=\"(max-width: 300px) 100vw, 300px\" \/>                        <\/a>\n                    <\/div>\n                    <div class=\"vehicle-data\">\n                                                    <small>\n                                                                05.2023                                \u00b7\n                            <\/small>\n                                                                            <small>\n                                51.519 km\n                            <\/small>\n                                                                            <small>\n                                \u00b7\n                                140 kW\n                                                                (\n                                190 PS)\n                            <\/small>\n                                                                            <small>\n                                \u00b7\n                                Automatik                            <\/small>\n                                                                            <small>\n                                \u00b7\n                                Unfallfrei                            <\/small>\n                        \n                                                    <small>\n                                \u00b7\n                                Hybrid (Benzin\/Elektro)                            <\/small>\n                                                                                                                            <small>\n                                \u00b7\n                                4\/5 T\u00fcren\n                            <\/small>\n                                                <ul class=\"vehicle-emission\">\n                                                 <span>Verbrauch komb.: \n                                    6.4                                 l\/100km<\/span><br>\n                                                                                \n                                       \n  <!-- CO2-Emissionen\t-->\n                                            <span>CO\u2082-Emissionen komb.: 146.0                                 g\/km<\/span><br>\n                                        <!-- CO2-Emissionen\t-->\n                   \n \n                         <span>CO\u2082-Klasse: \n                                    E                                <\/span><br>\n                    \n\n\n                <\/ul>\n\n                    <\/div>\n\n                    <div class=\"vehicle-price\">\n                                                    <div itemprop=\"priceSpecification\" itemscope itemtype=\"http:\/\/schema.org\/UnitPriceSpecification\">\n                                <meta itemprop=\"priceCurrency\" content=\"EUR\">\n                                <meta itemprop=\"price\" content=\"27.890\">\n                                <strong>\n                                    27.890 \u20ac (Brutto)\n                                <\/strong><br><small>\n                                    Inkl. 19% MwSt.                                <\/small>\n                            <\/div>\n                                                <br>\n                        <a href=\"https:\/\/ford-sachsen.de\/html\/page\/fahrzeuge\/ford-kuga-fhev-st-line-hud-ahk-klappbar-navi-digitale\/\"\n                            class=\"vehicle-btn wp-block-button__link wp-element-button\">Details<\/a>\n                    <\/div>\n                <\/div> <!-- \/\/ vehicle-row -->\n               \n            <\/article>\n                        <article id=\"post-4810429\" class=\"vehicle\">\n                <hgroup>\n                    <a href=\"https:\/\/ford-sachsen.de\/html\/page\/fahrzeuge\/ford-focus-titanium-aktiver-park-assistent-iacc-led-h\/\">\n                        <h2 class=\"vehicle-title\">\n                            Ford Focus Titanium Aktiver Park-Assistent iACC LED-H                        <\/h2>\n\n                    <\/a>\n                <\/hgroup>\n                <span class=\"vehicle-addition\">\n                    <p>\n                        Limousine ,\n                        Gebrauchtfahrzeug                    <\/p>\n                <\/span>\n                <div class=\"vehicle-row\">\n                    <div class=\"vehicle-thumbnail\">\n                        <a href=\"https:\/\/ford-sachsen.de\/html\/page\/fahrzeuge\/ford-focus-titanium-aktiver-park-assistent-iacc-led-h\/\" title=\"Ford Focus Titanium Aktiver Park-Assistent iACC LED-H\">\n                            <img loading=\"lazy\" decoding=\"async\" width=\"300\" height=\"225\" src=\"https:\/\/ford-sachsen.de\/html\/page\/wp-content\/uploads\/2026\/09\/4810429-6a96f9221cdac381899e4-3491-4ac3-b7dd-184bf9818a6e-rule-mo-1600-300x225.jpg\" class=\"attachment-medium size-medium wp-post-image\" alt=\"\" srcset=\"https:\/\/ford-sachsen.de\/html\/page\/wp-content\/uploads\/2026\/09\/4810429-6a96f9221cdac381899e4-3491-4ac3-b7dd-184bf9818a6e-rule-mo-1600-300x225.jpg 300w, https:\/\/ford-sachsen.de\/html\/page\/wp-content\/uploads\/2026\/09\/4810429-6a96f9221cdac381899e4-3491-4ac3-b7dd-184bf9818a6e-rule-mo-1600-1024x768.jpg 1024w, https:\/\/ford-sachsen.de\/html\/page\/wp-content\/uploads\/2026\/09\/4810429-6a96f9221cdac381899e4-3491-4ac3-b7dd-184bf9818a6e-rule-mo-1600-768x576.jpg 768w, https:\/\/ford-sachsen.de\/html\/page\/wp-content\/uploads\/2026\/09\/4810429-6a96f9221cdac381899e4-3491-4ac3-b7dd-184bf9818a6e-rule-mo-1600.jpg 1440w\" sizes=\"(max-width: 300px) 100vw, 300px\" \/>                        <\/a>\n                    <\/div>\n                    <div class=\"vehicle-data\">\n                                                    <small>\n                                                                05.2026                                \u00b7\n                            <\/small>\n                                                                            <small>\n                                25 km\n                            <\/small>\n                                                                            <small>\n                                \u00b7\n                                114 kW\n                                                                (\n                                155 PS)\n                            <\/small>\n                                                                            <small>\n                                \u00b7\n                                Automatik                            <\/small>\n                                                                            <small>\n                                \u00b7\n                                Unfallfrei                            <\/small>\n                        \n                                                    <small>\n                                \u00b7\n                                Benzin                            <\/small>\n                                                                                                                            <small>\n                                \u00b7\n                                4\/5 T\u00fcren\n                            <\/small>\n                                                <ul class=\"vehicle-emission\">\n                                                 <span>Verbrauch komb.: \n                                    5.2                                 l\/100km<\/span><br>\n                                                                                \n                                       \n  <!-- CO2-Emissionen\t-->\n                                            <span>CO\u2082-Emissionen komb.: 118.0                                 g\/km<\/span><br>\n                                        <!-- CO2-Emissionen\t-->\n                   \n \n                         <span>CO\u2082-Klasse: \n                                    D                                <\/span><br>\n                    \n\n\n                <\/ul>\n\n                    <\/div>\n\n                    <div class=\"vehicle-price\">\n                                                    <div itemprop=\"priceSpecification\" itemscope itemtype=\"http:\/\/schema.org\/UnitPriceSpecification\">\n                                <meta itemprop=\"priceCurrency\" content=\"EUR\">\n                                <meta itemprop=\"price\" content=\"27.990\">\n                                <strong>\n                                    27.990 \u20ac (Brutto)\n                                <\/strong><br><small>\n                                    Inkl. 19% MwSt.                                <\/small>\n                            <\/div>\n                                                <br>\n                        <a href=\"https:\/\/ford-sachsen.de\/html\/page\/fahrzeuge\/ford-focus-titanium-aktiver-park-assistent-iacc-led-h\/\"\n                            class=\"vehicle-btn wp-block-button__link wp-element-button\">Details<\/a>\n                    <\/div>\n                <\/div> <!-- \/\/ vehicle-row -->\n               \n            <\/article>\n                        <article id=\"post-4810427\" class=\"vehicle\">\n                <hgroup>\n                    <a href=\"https:\/\/ford-sachsen.de\/html\/page\/fahrzeuge\/ford-ecosport-cool-connect-ledwinter-paketmetalli\/\">\n                        <h2 class=\"vehicle-title\">\n                            Ford EcoSport Cool &amp; Connect LED+WINTER-PAKET+METALLI                        <\/h2>\n\n                    <\/a>\n                <\/hgroup>\n                <span class=\"vehicle-addition\">\n                    <p>\n                        SUV\/Gel\u00e4ndewagen\/Pickup ,\n                        Gebrauchtfahrzeug                    <\/p>\n                <\/span>\n                <div class=\"vehicle-row\">\n                    <div class=\"vehicle-thumbnail\">\n                        <a href=\"https:\/\/ford-sachsen.de\/html\/page\/fahrzeuge\/ford-ecosport-cool-connect-ledwinter-paketmetalli\/\" title=\"Ford EcoSport Cool &amp; Connect LED+WINTER-PAKET+METALLI\">\n                            <img loading=\"lazy\" decoding=\"async\" width=\"300\" height=\"225\" src=\"https:\/\/ford-sachsen.de\/html\/page\/wp-content\/uploads\/2026\/09\/4810427-6a96f92019e0ec3fc64a1-9e4a-4e85-a550-29f4fdf94efe-rule-mo-1600-300x225.jpg\" class=\"attachment-medium size-medium wp-post-image\" alt=\"\" srcset=\"https:\/\/ford-sachsen.de\/html\/page\/wp-content\/uploads\/2026\/09\/4810427-6a96f92019e0ec3fc64a1-9e4a-4e85-a550-29f4fdf94efe-rule-mo-1600-300x225.jpg 300w, https:\/\/ford-sachsen.de\/html\/page\/wp-content\/uploads\/2026\/09\/4810427-6a96f92019e0ec3fc64a1-9e4a-4e85-a550-29f4fdf94efe-rule-mo-1600-1024x768.jpg 1024w, https:\/\/ford-sachsen.de\/html\/page\/wp-content\/uploads\/2026\/09\/4810427-6a96f92019e0ec3fc64a1-9e4a-4e85-a550-29f4fdf94efe-rule-mo-1600-768x576.jpg 768w, https:\/\/ford-sachsen.de\/html\/page\/wp-content\/uploads\/2026\/09\/4810427-6a96f92019e0ec3fc64a1-9e4a-4e85-a550-29f4fdf94efe-rule-mo-1600.jpg 1440w\" sizes=\"(max-width: 300px) 100vw, 300px\" \/>                        <\/a>\n                    <\/div>\n                    <div class=\"vehicle-data\">\n                                                    <small>\n                                                                05.2022                                \u00b7\n                            <\/small>\n                                                                            <small>\n                                21.500 km\n                            <\/small>\n                                                                            <small>\n                                \u00b7\n                                74 kW\n                                                                (\n                                101 PS)\n                            <\/small>\n                                                                            <small>\n                                \u00b7\n                                Schaltgetriebe                            <\/small>\n                                                                            <small>\n                                \u00b7\n                                Unfallfrei                            <\/small>\n                        \n                                                    <small>\n                                \u00b7\n                                Benzin                            <\/small>\n                                                                                                                            <small>\n                                \u00b7\n                                4\/5 T\u00fcren\n                            <\/small>\n                                                <ul class=\"vehicle-emission\">\n                                                 <span>Verbrauch komb.: \n                                    6.6                                 l\/100km<\/span><br>\n                                                                                \n                                       \n  <!-- CO2-Emissionen\t-->\n                                            <span>CO\u2082-Emissionen komb.: 151.0                                 g\/km<\/span><br>\n                                        <!-- CO2-Emissionen\t-->\n                   \n \n                         <span>CO\u2082-Klasse: \n                                    E                                <\/span><br>\n                    \n\n\n                <\/ul>\n\n                    <\/div>\n\n                    <div class=\"vehicle-price\">\n                                                    <div itemprop=\"priceSpecification\" itemscope itemtype=\"http:\/\/schema.org\/UnitPriceSpecification\">\n                                <meta itemprop=\"priceCurrency\" content=\"EUR\">\n                                <meta itemprop=\"price\" content=\"14.890\">\n                                <strong>\n                                    14.890 \u20ac (Brutto)\n                                <\/strong><br><small>\n                                    MwSt. nicht ausweisbar                                <\/small>\n                            <\/div>\n                                                <br>\n                        <a href=\"https:\/\/ford-sachsen.de\/html\/page\/fahrzeuge\/ford-ecosport-cool-connect-ledwinter-paketmetalli\/\"\n                            class=\"vehicle-btn wp-block-button__link wp-element-button\">Details<\/a>\n                    <\/div>\n                <\/div> <!-- \/\/ vehicle-row -->\n               \n            <\/article>\n                        <article id=\"post-4810425\" class=\"vehicle\">\n                <hgroup>\n                    <a href=\"https:\/\/ford-sachsen.de\/html\/page\/fahrzeuge\/ford-ecosport-trend-automatikklimametallic\/\">\n                        <h2 class=\"vehicle-title\">\n                            Ford EcoSport Trend AUTOMATIK+KLIMA+METALLIC                        <\/h2>\n\n                    <\/a>\n                <\/hgroup>\n                <span class=\"vehicle-addition\">\n                    <p>\n                        SUV\/Gel\u00e4ndewagen\/Pickup ,\n                        Gebrauchtfahrzeug                    <\/p>\n                <\/span>\n                <div class=\"vehicle-row\">\n                    <div class=\"vehicle-thumbnail\">\n                        <a href=\"https:\/\/ford-sachsen.de\/html\/page\/fahrzeuge\/ford-ecosport-trend-automatikklimametallic\/\" title=\"Ford EcoSport Trend AUTOMATIK+KLIMA+METALLIC\">\n                            <img loading=\"lazy\" decoding=\"async\" width=\"300\" height=\"225\" src=\"https:\/\/ford-sachsen.de\/html\/page\/wp-content\/uploads\/2026\/09\/4810425-6a96f91d82fad75e93d37-c874-4322-8cd8-0a7f0dfca853-rule-mo-1600-300x225.jpg\" class=\"attachment-medium size-medium wp-post-image\" alt=\"\" srcset=\"https:\/\/ford-sachsen.de\/html\/page\/wp-content\/uploads\/2026\/09\/4810425-6a96f91d82fad75e93d37-c874-4322-8cd8-0a7f0dfca853-rule-mo-1600-300x225.jpg 300w, https:\/\/ford-sachsen.de\/html\/page\/wp-content\/uploads\/2026\/09\/4810425-6a96f91d82fad75e93d37-c874-4322-8cd8-0a7f0dfca853-rule-mo-1600-1024x768.jpg 1024w, https:\/\/ford-sachsen.de\/html\/page\/wp-content\/uploads\/2026\/09\/4810425-6a96f91d82fad75e93d37-c874-4322-8cd8-0a7f0dfca853-rule-mo-1600-768x576.jpg 768w, https:\/\/ford-sachsen.de\/html\/page\/wp-content\/uploads\/2026\/09\/4810425-6a96f91d82fad75e93d37-c874-4322-8cd8-0a7f0dfca853-rule-mo-1600.jpg 1440w\" sizes=\"(max-width: 300px) 100vw, 300px\" \/>                        <\/a>\n                    <\/div>\n                    <div class=\"vehicle-data\">\n                                                    <small>\n                                                                07.2017                                \u00b7\n                            <\/small>\n                                                                            <small>\n                                17.787 km\n                            <\/small>\n                                                                            <small>\n                                \u00b7\n                                82 kW\n                                                                (\n                                111 PS)\n                            <\/small>\n                                                                            <small>\n                                \u00b7\n                                Automatik                            <\/small>\n                                                                            <small>\n                                \u00b7\n                                Unfallfrei                            <\/small>\n                        \n                                                    <small>\n                                \u00b7\n                                Benzin                            <\/small>\n                                                                                                                            <small>\n                                \u00b7\n                                4\/5 T\u00fcren\n                            <\/small>\n                                                <ul class=\"vehicle-emission\">\n                                                                                     \n                                       \n  <!-- CO2-Emissionen\t-->\n                                        <!-- CO2-Emissionen\t-->\n                   \n \n \n\n\n                <\/ul>\n\n                    <\/div>\n\n                    <div class=\"vehicle-price\">\n                                                    <div itemprop=\"priceSpecification\" itemscope itemtype=\"http:\/\/schema.org\/UnitPriceSpecification\">\n                                <meta itemprop=\"priceCurrency\" content=\"EUR\">\n                                <meta itemprop=\"price\" content=\"11.890\">\n                                <strong>\n                                    11.890 \u20ac (Brutto)\n                                <\/strong><br><small>\n                                    MwSt. nicht ausweisbar                                <\/small>\n                            <\/div>\n                                                <br>\n                        <a href=\"https:\/\/ford-sachsen.de\/html\/page\/fahrzeuge\/ford-ecosport-trend-automatikklimametallic\/\"\n                            class=\"vehicle-btn wp-block-button__link wp-element-button\">Details<\/a>\n                    <\/div>\n                <\/div> <!-- \/\/ vehicle-row -->\n               \n            <\/article>\n                        <article id=\"post-4810411\" class=\"vehicle\">\n                <hgroup>\n                    <a href=\"https:\/\/ford-sachsen.de\/html\/page\/fahrzeuge\/ford-tourneo-custom-bus-320-l2-titanium-x-fwd-exclusi\/\">\n                        <h2 class=\"vehicle-title\">\n                            Ford Tourneo Custom Bus 320 L2 Titanium X FWD EXCLUSI                        <\/h2>\n\n                    <\/a>\n                <\/hgroup>\n                <span class=\"vehicle-addition\">\n                    <p>\n                        Van\/Minibus ,\n                        Gebrauchtfahrzeug                    <\/p>\n                <\/span>\n                <div class=\"vehicle-row\">\n                    <div class=\"vehicle-thumbnail\">\n                        <a href=\"https:\/\/ford-sachsen.de\/html\/page\/fahrzeuge\/ford-tourneo-custom-bus-320-l2-titanium-x-fwd-exclusi\/\" title=\"Ford Tourneo Custom Bus 320 L2 Titanium X FWD EXCLUSI\">\n                            <img loading=\"lazy\" decoding=\"async\" width=\"300\" height=\"225\" src=\"https:\/\/ford-sachsen.de\/html\/page\/wp-content\/uploads\/2026\/09\/4810411-6a96f7fa165309866c813-c59a-40c8-a353-ada18bcb06eb-rule-mo-1600-300x225.jpg\" class=\"attachment-medium size-medium wp-post-image\" alt=\"\" srcset=\"https:\/\/ford-sachsen.de\/html\/page\/wp-content\/uploads\/2026\/09\/4810411-6a96f7fa165309866c813-c59a-40c8-a353-ada18bcb06eb-rule-mo-1600-300x225.jpg 300w, https:\/\/ford-sachsen.de\/html\/page\/wp-content\/uploads\/2026\/09\/4810411-6a96f7fa165309866c813-c59a-40c8-a353-ada18bcb06eb-rule-mo-1600-1024x768.jpg 1024w, https:\/\/ford-sachsen.de\/html\/page\/wp-content\/uploads\/2026\/09\/4810411-6a96f7fa165309866c813-c59a-40c8-a353-ada18bcb06eb-rule-mo-1600-768x576.jpg 768w, https:\/\/ford-sachsen.de\/html\/page\/wp-content\/uploads\/2026\/09\/4810411-6a96f7fa165309866c813-c59a-40c8-a353-ada18bcb06eb-rule-mo-1600.jpg 1440w\" sizes=\"(max-width: 300px) 100vw, 300px\" \/>                        <\/a>\n                    <\/div>\n                    <div class=\"vehicle-data\">\n                                                    <small>\n                                                                03.2026                                \u00b7\n                            <\/small>\n                                                                            <small>\n                                25 km\n                            <\/small>\n                                                                            <small>\n                                \u00b7\n                                125 kW\n                                                                (\n                                170 PS)\n                            <\/small>\n                                                                            <small>\n                                \u00b7\n                                Automatik                            <\/small>\n                                                                            <small>\n                                \u00b7\n                                Unfallfrei                            <\/small>\n                        \n                                                    <small>\n                                \u00b7\n                                Diesel                            <\/small>\n                                                                                                                            <small>\n                                \u00b7\n                                4\/5 T\u00fcren\n                            <\/small>\n                                                <ul class=\"vehicle-emission\">\n                                                 <span>Verbrauch komb.: \n                                    8.7                                 l\/100km<\/span><br>\n                                                                                \n                                       \n  <!-- CO2-Emissionen\t-->\n                                            <span>CO\u2082-Emissionen komb.: 229.0                                 g\/km<\/span><br>\n                                        <!-- CO2-Emissionen\t-->\n                   \n \n                         <span>CO\u2082-Klasse: \n                                    G                                <\/span><br>\n                    \n\n\n                <\/ul>\n\n                    <\/div>\n\n                    <div class=\"vehicle-price\">\n                                                    <div itemprop=\"priceSpecification\" itemscope itemtype=\"http:\/\/schema.org\/UnitPriceSpecification\">\n                                <meta itemprop=\"priceCurrency\" content=\"EUR\">\n                                <meta itemprop=\"price\" content=\"54.890\">\n                                <strong>\n                                    54.890 \u20ac (Brutto)\n                                <\/strong><br><small>\n                                    Inkl. 19% MwSt.                                <\/small>\n                            <\/div>\n                                                <br>\n                        <a href=\"https:\/\/ford-sachsen.de\/html\/page\/fahrzeuge\/ford-tourneo-custom-bus-320-l2-titanium-x-fwd-exclusi\/\"\n                            class=\"vehicle-btn wp-block-button__link wp-element-button\">Details<\/a>\n                    <\/div>\n                <\/div> <!-- \/\/ vehicle-row -->\n               \n            <\/article>\n                        <article id=\"post-4810407\" class=\"vehicle\">\n                <hgroup>\n                    <a href=\"https:\/\/ford-sachsen.de\/html\/page\/fahrzeuge\/ford-tourneo-connect-trend-l1-aktion-tageszulassung-5\/\">\n                        <h2 class=\"vehicle-title\">\n                            Ford Tourneo Connect Trend L1 AKTION TAGESZULASSUNG 5                        <\/h2>\n\n                    <\/a>\n                <\/hgroup>\n                <span class=\"vehicle-addition\">\n                    <p>\n                        Van\/Minibus ,\n                        Gebrauchtfahrzeug                    <\/p>\n                <\/span>\n                <div class=\"vehicle-row\">\n                    <div class=\"vehicle-thumbnail\">\n                        <a href=\"https:\/\/ford-sachsen.de\/html\/page\/fahrzeuge\/ford-tourneo-connect-trend-l1-aktion-tageszulassung-5\/\" title=\"Ford Tourneo Connect Trend L1 AKTION TAGESZULASSUNG 5\">\n                            <img loading=\"lazy\" decoding=\"async\" width=\"300\" height=\"225\" src=\"https:\/\/ford-sachsen.de\/html\/page\/wp-content\/uploads\/2026\/09\/4810407-6a96f69eb6746e25adb04-5d2b-45eb-86c4-175ffab35911-rule-mo-1600-300x225.jpg\" class=\"attachment-medium size-medium wp-post-image\" alt=\"\" srcset=\"https:\/\/ford-sachsen.de\/html\/page\/wp-content\/uploads\/2026\/09\/4810407-6a96f69eb6746e25adb04-5d2b-45eb-86c4-175ffab35911-rule-mo-1600-300x225.jpg 300w, https:\/\/ford-sachsen.de\/html\/page\/wp-content\/uploads\/2026\/09\/4810407-6a96f69eb6746e25adb04-5d2b-45eb-86c4-175ffab35911-rule-mo-1600-1024x768.jpg 1024w, https:\/\/ford-sachsen.de\/html\/page\/wp-content\/uploads\/2026\/09\/4810407-6a96f69eb6746e25adb04-5d2b-45eb-86c4-175ffab35911-rule-mo-1600-768x576.jpg 768w, https:\/\/ford-sachsen.de\/html\/page\/wp-content\/uploads\/2026\/09\/4810407-6a96f69eb6746e25adb04-5d2b-45eb-86c4-175ffab35911-rule-mo-1600.jpg 1440w\" sizes=\"(max-width: 300px) 100vw, 300px\" \/>                        <\/a>\n                    <\/div>\n                    <div class=\"vehicle-data\">\n                                                    <small>\n                                                                06.2026                                \u00b7\n                            <\/small>\n                                                                            <small>\n                                25 km\n                            <\/small>\n                                                                            <small>\n                                \u00b7\n                                75 kW\n                                                                (\n                                102 PS)\n                            <\/small>\n                                                                            <small>\n                                \u00b7\n                                Schaltgetriebe                            <\/small>\n                                                                            <small>\n                                \u00b7\n                                Unfallfrei                            <\/small>\n                        \n                                                    <small>\n                                \u00b7\n                                Diesel                            <\/small>\n                                                                                                                            <small>\n                                \u00b7\n                                4\/5 T\u00fcren\n                            <\/small>\n                                                <ul class=\"vehicle-emission\">\n                                                 <span>Verbrauch komb.: \n                                    5.4                                 l\/100km<\/span><br>\n                                                                                \n                                       \n  <!-- CO2-Emissionen\t-->\n                                            <span>CO\u2082-Emissionen komb.: 141.0                                 g\/km<\/span><br>\n                                        <!-- CO2-Emissionen\t-->\n                   \n \n                         <span>CO\u2082-Klasse: \n                                    E                                <\/span><br>\n                    \n\n\n                <\/ul>\n\n                    <\/div>\n\n                    <div class=\"vehicle-price\">\n                                                    <div itemprop=\"priceSpecification\" itemscope itemtype=\"http:\/\/schema.org\/UnitPriceSpecification\">\n                                <meta itemprop=\"priceCurrency\" content=\"EUR\">\n                                <meta itemprop=\"price\" content=\"26.890\">\n                                <strong>\n                                    26.890 \u20ac (Brutto)\n                                <\/strong><br><small>\n                                    Inkl. 19% MwSt.                                <\/small>\n                            <\/div>\n                                                <br>\n                        <a href=\"https:\/\/ford-sachsen.de\/html\/page\/fahrzeuge\/ford-tourneo-connect-trend-l1-aktion-tageszulassung-5\/\"\n                            class=\"vehicle-btn wp-block-button__link wp-element-button\">Details<\/a>\n                    <\/div>\n                <\/div> <!-- \/\/ vehicle-row -->\n               \n            <\/article>\n                        <article id=\"post-4810405\" class=\"vehicle\">\n                <hgroup>\n                    <a href=\"https:\/\/ford-sachsen.de\/html\/page\/fahrzeuge\/ford-tourneo-connect-trend-l1-6xsofort-tz-aktion-gjr\/\">\n                        <h2 class=\"vehicle-title\">\n                            Ford Tourneo Connect Trend L1 6xSOFORT-TZ AKTION-GJR+                        <\/h2>\n\n                    <\/a>\n                <\/hgroup>\n                <span class=\"vehicle-addition\">\n                    <p>\n                        Van\/Minibus ,\n                        Gebrauchtfahrzeug                    <\/p>\n                <\/span>\n                <div class=\"vehicle-row\">\n                    <div class=\"vehicle-thumbnail\">\n                        <a href=\"https:\/\/ford-sachsen.de\/html\/page\/fahrzeuge\/ford-tourneo-connect-trend-l1-6xsofort-tz-aktion-gjr\/\" title=\"Ford Tourneo Connect Trend L1 6xSOFORT-TZ AKTION-GJR+\">\n                            <img loading=\"lazy\" decoding=\"async\" width=\"300\" height=\"225\" src=\"https:\/\/ford-sachsen.de\/html\/page\/wp-content\/uploads\/2026\/09\/4810405-6a96f69cbd4b4e25adb04-5d2b-45eb-86c4-175ffab35911-rule-mo-1600-300x225.jpg\" class=\"attachment-medium size-medium wp-post-image\" alt=\"\" srcset=\"https:\/\/ford-sachsen.de\/html\/page\/wp-content\/uploads\/2026\/09\/4810405-6a96f69cbd4b4e25adb04-5d2b-45eb-86c4-175ffab35911-rule-mo-1600-300x225.jpg 300w, https:\/\/ford-sachsen.de\/html\/page\/wp-content\/uploads\/2026\/09\/4810405-6a96f69cbd4b4e25adb04-5d2b-45eb-86c4-175ffab35911-rule-mo-1600-1024x768.jpg 1024w, https:\/\/ford-sachsen.de\/html\/page\/wp-content\/uploads\/2026\/09\/4810405-6a96f69cbd4b4e25adb04-5d2b-45eb-86c4-175ffab35911-rule-mo-1600-768x576.jpg 768w, https:\/\/ford-sachsen.de\/html\/page\/wp-content\/uploads\/2026\/09\/4810405-6a96f69cbd4b4e25adb04-5d2b-45eb-86c4-175ffab35911-rule-mo-1600.jpg 1440w\" sizes=\"(max-width: 300px) 100vw, 300px\" \/>                        <\/a>\n                    <\/div>\n                    <div class=\"vehicle-data\">\n                                                    <small>\n                                                                06.2026                                \u00b7\n                            <\/small>\n                                                                            <small>\n                                25 km\n                            <\/small>\n                                                                            <small>\n                                \u00b7\n                                75 kW\n                                                                (\n                                102 PS)\n                            <\/small>\n                                                                            <small>\n                                \u00b7\n                                Schaltgetriebe                            <\/small>\n                                                                            <small>\n                                \u00b7\n                                Unfallfrei                            <\/small>\n                        \n                                                    <small>\n                                \u00b7\n                                Diesel                            <\/small>\n                                                                                                                            <small>\n                                \u00b7\n                                4\/5 T\u00fcren\n                            <\/small>\n                                                <ul class=\"vehicle-emission\">\n                                                 <span>Verbrauch komb.: \n                                    5.4                                 l\/100km<\/span><br>\n                                                                                \n                                       \n  <!-- CO2-Emissionen\t-->\n                                            <span>CO\u2082-Emissionen komb.: 141.0                                 g\/km<\/span><br>\n                                        <!-- CO2-Emissionen\t-->\n                   \n \n                         <span>CO\u2082-Klasse: \n                                    E                                <\/span><br>\n                    \n\n\n                <\/ul>\n\n                    <\/div>\n\n                    <div class=\"vehicle-price\">\n                                                    <div itemprop=\"priceSpecification\" itemscope itemtype=\"http:\/\/schema.org\/UnitPriceSpecification\">\n                                <meta itemprop=\"priceCurrency\" content=\"EUR\">\n                                <meta itemprop=\"price\" content=\"26.890\">\n                                <strong>\n                                    26.890 \u20ac (Brutto)\n                                <\/strong><br><small>\n                                    Inkl. 19% MwSt.                                <\/small>\n                            <\/div>\n                                                <br>\n                        <a href=\"https:\/\/ford-sachsen.de\/html\/page\/fahrzeuge\/ford-tourneo-connect-trend-l1-6xsofort-tz-aktion-gjr\/\"\n                            class=\"vehicle-btn wp-block-button__link wp-element-button\">Details<\/a>\n                    <\/div>\n                <\/div> <!-- \/\/ vehicle-row -->\n               \n            <\/article>\n                        <article id=\"post-4810403\" class=\"vehicle\">\n                <hgroup>\n                    <a href=\"https:\/\/ford-sachsen.de\/html\/page\/fahrzeuge\/ford-tourneo-connect-trend-ppslm-felgengjr-aktion\/\">\n                        <h2 class=\"vehicle-title\">\n                            Ford Tourneo Connect Trend PPS+LM-FELGEN+GJR-AKTION \/                        <\/h2>\n\n                    <\/a>\n                <\/hgroup>\n                <span class=\"vehicle-addition\">\n                    <p>\n                        Van\/Minibus ,\n                        Gebrauchtfahrzeug                    <\/p>\n                <\/span>\n                <div class=\"vehicle-row\">\n                    <div class=\"vehicle-thumbnail\">\n                        <a href=\"https:\/\/ford-sachsen.de\/html\/page\/fahrzeuge\/ford-tourneo-connect-trend-ppslm-felgengjr-aktion\/\" title=\"Ford Tourneo Connect Trend PPS+LM-FELGEN+GJR-AKTION \/\">\n                            <img loading=\"lazy\" decoding=\"async\" width=\"300\" height=\"225\" src=\"https:\/\/ford-sachsen.de\/html\/page\/wp-content\/uploads\/2026\/09\/4810403-6a96f69aa87eae25adb04-5d2b-45eb-86c4-175ffab35911-rule-mo-1600-300x225.jpg\" class=\"attachment-medium size-medium wp-post-image\" alt=\"\" srcset=\"https:\/\/ford-sachsen.de\/html\/page\/wp-content\/uploads\/2026\/09\/4810403-6a96f69aa87eae25adb04-5d2b-45eb-86c4-175ffab35911-rule-mo-1600-300x225.jpg 300w, https:\/\/ford-sachsen.de\/html\/page\/wp-content\/uploads\/2026\/09\/4810403-6a96f69aa87eae25adb04-5d2b-45eb-86c4-175ffab35911-rule-mo-1600-1024x768.jpg 1024w, https:\/\/ford-sachsen.de\/html\/page\/wp-content\/uploads\/2026\/09\/4810403-6a96f69aa87eae25adb04-5d2b-45eb-86c4-175ffab35911-rule-mo-1600-768x576.jpg 768w, https:\/\/ford-sachsen.de\/html\/page\/wp-content\/uploads\/2026\/09\/4810403-6a96f69aa87eae25adb04-5d2b-45eb-86c4-175ffab35911-rule-mo-1600.jpg 1440w\" sizes=\"(max-width: 300px) 100vw, 300px\" \/>                        <\/a>\n                    <\/div>\n                    <div class=\"vehicle-data\">\n                                                    <small>\n                                                                06.2026                                \u00b7\n                            <\/small>\n                                                                            <small>\n                                25 km\n                            <\/small>\n                                                                            <small>\n                                \u00b7\n                                75 kW\n                                                                (\n                                102 PS)\n                            <\/small>\n                                                                            <small>\n                                \u00b7\n                                Schaltgetriebe                            <\/small>\n                                                                            <small>\n                                \u00b7\n                                Unfallfrei                            <\/small>\n                        \n                                                    <small>\n                                \u00b7\n                                Diesel                            <\/small>\n                                                                                                                            <small>\n                                \u00b7\n                                4\/5 T\u00fcren\n                            <\/small>\n                                                <ul class=\"vehicle-emission\">\n                                                 <span>Verbrauch komb.: \n                                    5.4                                 l\/100km<\/span><br>\n                                                                                \n                                       \n  <!-- CO2-Emissionen\t-->\n                                            <span>CO\u2082-Emissionen komb.: 141.0                                 g\/km<\/span><br>\n                                        <!-- CO2-Emissionen\t-->\n                   \n \n                         <span>CO\u2082-Klasse: \n                                    E                                <\/span><br>\n                    \n\n\n                <\/ul>\n\n                    <\/div>\n\n                    <div class=\"vehicle-price\">\n                                                    <div itemprop=\"priceSpecification\" itemscope itemtype=\"http:\/\/schema.org\/UnitPriceSpecification\">\n                                <meta itemprop=\"priceCurrency\" content=\"EUR\">\n                                <meta itemprop=\"price\" content=\"26.890\">\n                                <strong>\n                                    26.890 \u20ac (Brutto)\n                                <\/strong><br><small>\n                                    Inkl. 19% MwSt.                                <\/small>\n                            <\/div>\n                                                <br>\n                        <a href=\"https:\/\/ford-sachsen.de\/html\/page\/fahrzeuge\/ford-tourneo-connect-trend-ppslm-felgengjr-aktion\/\"\n                            class=\"vehicle-btn wp-block-button__link wp-element-button\">Details<\/a>\n                    <\/div>\n                <\/div> <!-- \/\/ vehicle-row -->\n               \n            <\/article>\n                        <article id=\"post-4810401\" class=\"vehicle\">\n                <hgroup>\n                    <a href=\"https:\/\/ford-sachsen.de\/html\/page\/fahrzeuge\/mitsubishi-space-star-intro-edition-100-klima-berganfahrass\/\">\n                        <h2 class=\"vehicle-title\">\n                            Mitsubishi Space Star Intro Edition 100 KLIMA Berganfahrass                        <\/h2>\n\n                    <\/a>\n                <\/hgroup>\n                <span class=\"vehicle-addition\">\n                    <p>\n                        Limousine ,\n                        Gebrauchtfahrzeug                    <\/p>\n                <\/span>\n                <div class=\"vehicle-row\">\n                    <div class=\"vehicle-thumbnail\">\n                        <a href=\"https:\/\/ford-sachsen.de\/html\/page\/fahrzeuge\/mitsubishi-space-star-intro-edition-100-klima-berganfahrass\/\" title=\"Mitsubishi Space Star Intro Edition 100 KLIMA Berganfahrass\">\n                            <img loading=\"lazy\" decoding=\"async\" width=\"300\" height=\"225\" src=\"https:\/\/ford-sachsen.de\/html\/page\/wp-content\/uploads\/2026\/09\/4810401-6a96f6987cce8e68cbac6-1625-4709-843a-79a17dba1e83-rule-mo-1600-300x225.jpg\" class=\"attachment-medium size-medium wp-post-image\" alt=\"\" srcset=\"https:\/\/ford-sachsen.de\/html\/page\/wp-content\/uploads\/2026\/09\/4810401-6a96f6987cce8e68cbac6-1625-4709-843a-79a17dba1e83-rule-mo-1600-300x225.jpg 300w, https:\/\/ford-sachsen.de\/html\/page\/wp-content\/uploads\/2026\/09\/4810401-6a96f6987cce8e68cbac6-1625-4709-843a-79a17dba1e83-rule-mo-1600-1024x768.jpg 1024w, https:\/\/ford-sachsen.de\/html\/page\/wp-content\/uploads\/2026\/09\/4810401-6a96f6987cce8e68cbac6-1625-4709-843a-79a17dba1e83-rule-mo-1600-768x576.jpg 768w, https:\/\/ford-sachsen.de\/html\/page\/wp-content\/uploads\/2026\/09\/4810401-6a96f6987cce8e68cbac6-1625-4709-843a-79a17dba1e83-rule-mo-1600.jpg 1440w\" sizes=\"(max-width: 300px) 100vw, 300px\" \/>                        <\/a>\n                    <\/div>\n                    <div class=\"vehicle-data\">\n                                                    <small>\n                                                                10.2017                                \u00b7\n                            <\/small>\n                                                                            <small>\n                                50.137 km\n                            <\/small>\n                                                                            <small>\n                                \u00b7\n                                52 kW\n                                                                (\n                                71 PS)\n                            <\/small>\n                                                                            <small>\n                                \u00b7\n                                Schaltgetriebe                            <\/small>\n                                                                            <small>\n                                \u00b7\n                                Unfallfrei                            <\/small>\n                        \n                                                    <small>\n                                \u00b7\n                                Benzin                            <\/small>\n                                                                                                                            <small>\n                                \u00b7\n                                4\/5 T\u00fcren\n                            <\/small>\n                                                <ul class=\"vehicle-emission\">\n                                                                                     \n                                       \n  <!-- CO2-Emissionen\t-->\n                                        <!-- CO2-Emissionen\t-->\n                   \n \n \n\n\n                <\/ul>\n\n                    <\/div>\n\n                    <div class=\"vehicle-price\">\n                                                    <div itemprop=\"priceSpecification\" itemscope itemtype=\"http:\/\/schema.org\/UnitPriceSpecification\">\n                                <meta itemprop=\"priceCurrency\" content=\"EUR\">\n                                <meta itemprop=\"price\" content=\"8.290\">\n                                <strong>\n                                    8.290 \u20ac (Brutto)\n                                <\/strong><br><small>\n                                    MwSt. nicht ausweisbar                                <\/small>\n                            <\/div>\n                                                <br>\n                        <a href=\"https:\/\/ford-sachsen.de\/html\/page\/fahrzeuge\/mitsubishi-space-star-intro-edition-100-klima-berganfahrass\/\"\n                            class=\"vehicle-btn wp-block-button__link wp-element-button\">Details<\/a>\n                    <\/div>\n                <\/div> <!-- \/\/ vehicle-row -->\n               \n            <\/article>\n                        <article id=\"post-4810399\" class=\"vehicle\">\n                <hgroup>\n                    <a href=\"https:\/\/ford-sachsen.de\/html\/page\/fahrzeuge\/ford-focus-turnier-design-titanium-lednavippsgjr\/\">\n                        <h2 class=\"vehicle-title\">\n                            Ford Focus Turnier Design Titanium LED+NAVI+PPS+GJR                        <\/h2>\n\n                    <\/a>\n                <\/hgroup>\n                <span class=\"vehicle-addition\">\n                    <p>\n                        Kombi ,\n                        Gebrauchtfahrzeug                    <\/p>\n                <\/span>\n                <div class=\"vehicle-row\">\n                    <div class=\"vehicle-thumbnail\">\n                        <a href=\"https:\/\/ford-sachsen.de\/html\/page\/fahrzeuge\/ford-focus-turnier-design-titanium-lednavippsgjr\/\" title=\"Ford Focus Turnier Design Titanium LED+NAVI+PPS+GJR\">\n                            <img loading=\"lazy\" decoding=\"async\" width=\"300\" height=\"225\" src=\"https:\/\/ford-sachsen.de\/html\/page\/wp-content\/uploads\/2026\/09\/4810399-6a96f696616cfde896bf5-c406-4339-bdd2-2889e34645e3-rule-mo-1600-300x225.jpg\" class=\"attachment-medium size-medium wp-post-image\" alt=\"\" srcset=\"https:\/\/ford-sachsen.de\/html\/page\/wp-content\/uploads\/2026\/09\/4810399-6a96f696616cfde896bf5-c406-4339-bdd2-2889e34645e3-rule-mo-1600-300x225.jpg 300w, https:\/\/ford-sachsen.de\/html\/page\/wp-content\/uploads\/2026\/09\/4810399-6a96f696616cfde896bf5-c406-4339-bdd2-2889e34645e3-rule-mo-1600-1024x768.jpg 1024w, https:\/\/ford-sachsen.de\/html\/page\/wp-content\/uploads\/2026\/09\/4810399-6a96f696616cfde896bf5-c406-4339-bdd2-2889e34645e3-rule-mo-1600-768x576.jpg 768w, https:\/\/ford-sachsen.de\/html\/page\/wp-content\/uploads\/2026\/09\/4810399-6a96f696616cfde896bf5-c406-4339-bdd2-2889e34645e3-rule-mo-1600.jpg 1440w\" sizes=\"(max-width: 300px) 100vw, 300px\" \/>                        <\/a>\n                    <\/div>\n                    <div class=\"vehicle-data\">\n                                                    <small>\n                                                                09.2022                                \u00b7\n                            <\/small>\n                                                                            <small>\n                                45.460 km\n                            <\/small>\n                                                                            <small>\n                                \u00b7\n                                92 kW\n                                                                (\n                                125 PS)\n                            <\/small>\n                                                                            <small>\n                                \u00b7\n                                Schaltgetriebe                            <\/small>\n                                                                            <small>\n                                \u00b7\n                                Unfallfrei                            <\/small>\n                        \n                                                    <small>\n                                \u00b7\n                                Benzin                            <\/small>\n                                                                                                                            <small>\n                                \u00b7\n                                4\/5 T\u00fcren\n                            <\/small>\n                                                <ul class=\"vehicle-emission\">\n                                                 <span>Verbrauch komb.: \n                                    6.1                                 l\/100km<\/span><br>\n                                                                                \n                                       \n  <!-- CO2-Emissionen\t-->\n                                            <span>CO\u2082-Emissionen komb.: 138.0                                 g\/km<\/span><br>\n                                        <!-- CO2-Emissionen\t-->\n                   \n \n                         <span>CO\u2082-Klasse: \n                                    E                                <\/span><br>\n                    \n\n\n                <\/ul>\n\n                    <\/div>\n\n                    <div class=\"vehicle-price\">\n                                                    <div itemprop=\"priceSpecification\" itemscope itemtype=\"http:\/\/schema.org\/UnitPriceSpecification\">\n                                <meta itemprop=\"priceCurrency\" content=\"EUR\">\n                                <meta itemprop=\"price\" content=\"18.290\">\n                                <strong>\n                                    18.290 \u20ac (Brutto)\n                                <\/strong><br><small>\n                                    Inkl. 19% MwSt.                                <\/small>\n                            <\/div>\n                                                <br>\n                        <a href=\"https:\/\/ford-sachsen.de\/html\/page\/fahrzeuge\/ford-focus-turnier-design-titanium-lednavippsgjr\/\"\n                            class=\"vehicle-btn wp-block-button__link wp-element-button\">Details<\/a>\n                    <\/div>\n                <\/div> <!-- \/\/ vehicle-row -->\n               \n            <\/article>\n                        <article id=\"post-4810387\" class=\"vehicle\">\n                <hgroup>\n                    <a href=\"https:\/\/ford-sachsen.de\/html\/page\/fahrzeuge\/ford-tourneo-connect-trend-gjrtempomatlmtz-aktion\/\">\n                        <h2 class=\"vehicle-title\">\n                            Ford Tourneo Connect Trend GJR+TEMPOMAT+LM+TZ-AKTION                        <\/h2>\n\n                    <\/a>\n                <\/hgroup>\n                <span class=\"vehicle-addition\">\n                    <p>\n                        Limousine ,\n                        Gebrauchtfahrzeug                    <\/p>\n                <\/span>\n                <div class=\"vehicle-row\">\n                    <div class=\"vehicle-thumbnail\">\n                        <a href=\"https:\/\/ford-sachsen.de\/html\/page\/fahrzeuge\/ford-tourneo-connect-trend-gjrtempomatlmtz-aktion\/\" title=\"Ford Tourneo Connect Trend GJR+TEMPOMAT+LM+TZ-AKTION\">\n                            <img loading=\"lazy\" decoding=\"async\" width=\"300\" height=\"225\" src=\"https:\/\/ford-sachsen.de\/html\/page\/wp-content\/uploads\/2026\/09\/4810387-6a96f64bc10090c2c5dd4-3701-4139-af42-beec69351d83-rule-mo-1600-300x225.jpg\" class=\"attachment-medium size-medium wp-post-image\" alt=\"\" srcset=\"https:\/\/ford-sachsen.de\/html\/page\/wp-content\/uploads\/2026\/09\/4810387-6a96f64bc10090c2c5dd4-3701-4139-af42-beec69351d83-rule-mo-1600-300x225.jpg 300w, https:\/\/ford-sachsen.de\/html\/page\/wp-content\/uploads\/2026\/09\/4810387-6a96f64bc10090c2c5dd4-3701-4139-af42-beec69351d83-rule-mo-1600-1024x768.jpg 1024w, https:\/\/ford-sachsen.de\/html\/page\/wp-content\/uploads\/2026\/09\/4810387-6a96f64bc10090c2c5dd4-3701-4139-af42-beec69351d83-rule-mo-1600-768x576.jpg 768w, https:\/\/ford-sachsen.de\/html\/page\/wp-content\/uploads\/2026\/09\/4810387-6a96f64bc10090c2c5dd4-3701-4139-af42-beec69351d83-rule-mo-1600.jpg 1440w\" sizes=\"(max-width: 300px) 100vw, 300px\" \/>                        <\/a>\n                    <\/div>\n                    <div class=\"vehicle-data\">\n                                                    <small>\n                                                                06.2026                                \u00b7\n                            <\/small>\n                                                                            <small>\n                                25 km\n                            <\/small>\n                                                                            <small>\n                                \u00b7\n                                75 kW\n                                                                (\n                                102 PS)\n                            <\/small>\n                                                                            <small>\n                                \u00b7\n                                Schaltgetriebe                            <\/small>\n                                                                            <small>\n                                \u00b7\n                                Unfallfrei                            <\/small>\n                        \n                                                    <small>\n                                \u00b7\n                                Diesel                            <\/small>\n                                                                                                                            <small>\n                                \u00b7\n                                4\/5 T\u00fcren\n                            <\/small>\n                                                <ul class=\"vehicle-emission\">\n                                                 <span>Verbrauch komb.: \n                                    5.4                                 l\/100km<\/span><br>\n                                                                                \n                                       \n  <!-- CO2-Emissionen\t-->\n                                            <span>CO\u2082-Emissionen komb.: 141.0                                 g\/km<\/span><br>\n                                        <!-- CO2-Emissionen\t-->\n                   \n \n                         <span>CO\u2082-Klasse: \n                                    E                                <\/span><br>\n                    \n\n\n                <\/ul>\n\n                    <\/div>\n\n                    <div class=\"vehicle-price\">\n                                                    <div itemprop=\"priceSpecification\" itemscope itemtype=\"http:\/\/schema.org\/UnitPriceSpecification\">\n                                <meta itemprop=\"priceCurrency\" content=\"EUR\">\n                                <meta itemprop=\"price\" content=\"26.890\">\n                                <strong>\n                                    26.890 \u20ac (Brutto)\n                                <\/strong><br><small>\n                                    Inkl. 19% MwSt.                                <\/small>\n                            <\/div>\n                                                <br>\n                        <a href=\"https:\/\/ford-sachsen.de\/html\/page\/fahrzeuge\/ford-tourneo-connect-trend-gjrtempomatlmtz-aktion\/\"\n                            class=\"vehicle-btn wp-block-button__link wp-element-button\">Details<\/a>\n                    <\/div>\n                <\/div> <!-- \/\/ vehicle-row -->\n               \n            <\/article>\n                        <article id=\"post-4810379\" class=\"vehicle\">\n                <hgroup>\n                    <a href=\"https:\/\/ford-sachsen.de\/html\/page\/fahrzeuge\/ford-explorer-phev-4x4-st-line-7-sitzer-ahk-el-panod\/\">\n                        <h2 class=\"vehicle-title\">\n                            Ford Explorer PHEV 4&#215;4 ST-Line 7-Sitzer AHK El. Panod                        <\/h2>\n\n                    <\/a>\n                <\/hgroup>\n                <span class=\"vehicle-addition\">\n                    <p>\n                        SUV\/Gel\u00e4ndewagen\/Pickup ,\n                        Gebrauchtfahrzeug                    <\/p>\n                <\/span>\n                <div class=\"vehicle-row\">\n                    <div class=\"vehicle-thumbnail\">\n                        <a href=\"https:\/\/ford-sachsen.de\/html\/page\/fahrzeuge\/ford-explorer-phev-4x4-st-line-7-sitzer-ahk-el-panod\/\" title=\"Ford Explorer PHEV 4&#215;4 ST-Line 7-Sitzer AHK El. Panod\">\n                            <img loading=\"lazy\" decoding=\"async\" width=\"300\" height=\"225\" src=\"https:\/\/ford-sachsen.de\/html\/page\/wp-content\/uploads\/2026\/09\/4810379-6a96f42a617cc91ffc2f6-98c4-4da1-8c6f-0c07ba3101ff-rule-mo-1600-300x225.jpg\" class=\"attachment-medium size-medium wp-post-image\" alt=\"\" srcset=\"https:\/\/ford-sachsen.de\/html\/page\/wp-content\/uploads\/2026\/09\/4810379-6a96f42a617cc91ffc2f6-98c4-4da1-8c6f-0c07ba3101ff-rule-mo-1600-300x225.jpg 300w, https:\/\/ford-sachsen.de\/html\/page\/wp-content\/uploads\/2026\/09\/4810379-6a96f42a617cc91ffc2f6-98c4-4da1-8c6f-0c07ba3101ff-rule-mo-1600-1024x768.jpg 1024w, https:\/\/ford-sachsen.de\/html\/page\/wp-content\/uploads\/2026\/09\/4810379-6a96f42a617cc91ffc2f6-98c4-4da1-8c6f-0c07ba3101ff-rule-mo-1600-768x576.jpg 768w, https:\/\/ford-sachsen.de\/html\/page\/wp-content\/uploads\/2026\/09\/4810379-6a96f42a617cc91ffc2f6-98c4-4da1-8c6f-0c07ba3101ff-rule-mo-1600.jpg 1440w\" sizes=\"(max-width: 300px) 100vw, 300px\" \/>                        <\/a>\n                    <\/div>\n                    <div class=\"vehicle-data\">\n                                                    <small>\n                                                                11.2023                                \u00b7\n                            <\/small>\n                                                                            <small>\n                                41.567 km\n                            <\/small>\n                                                                            <small>\n                                \u00b7\n                                336 kW\n                                                                (\n                                457 PS)\n                            <\/small>\n                                                                            <small>\n                                \u00b7\n                                Automatik                            <\/small>\n                                                                            <small>\n                                \u00b7\n                                Unfallfrei                            <\/small>\n                        \n                                                    <small>\n                                \u00b7\n                                Plug-in-Hybrid                            <\/small>\n                                                                                                                            <small>\n                                \u00b7\n                                4\/5 T\u00fcren\n                            <\/small>\n                                                <ul class=\"vehicle-emission\">\n                                                <span>Kraftstoffverbrauch gewichtet, kombiniert: \n                                    3.1                                 l\/100km<\/span><br>\n                                             <span>Verbrauch komb.: \n                                    10.4                                 l\/100km<\/span><br>\n                                                                <span>Stromverbrauch gewichtet, kombiniert: \n                                    22.0                                 kWh\/100km<\/span><br>\n                                                            \n                                       \n  <!-- CO2-Emissionen\t-->\n                                            <span>CO\u2082-Emissionen komb.: 71.0                                 g\/km<\/span><br>\n                                        <!-- CO2-Emissionen\t-->\n                   \n \n                         <span>CO\u2082-Klasse: \n                                    B                                <\/span><br>\n                    \n\n\n                <\/ul>\n\n                    <\/div>\n\n                    <div class=\"vehicle-price\">\n                                                    <div itemprop=\"priceSpecification\" itemscope itemtype=\"http:\/\/schema.org\/UnitPriceSpecification\">\n                                <meta itemprop=\"priceCurrency\" content=\"EUR\">\n                                <meta itemprop=\"price\" content=\"54.890\">\n                                <strong>\n                                    54.890 \u20ac (Brutto)\n                                <\/strong><br><small>\n                                    Inkl. 19% MwSt.                                <\/small>\n                            <\/div>\n                                                <br>\n                        <a href=\"https:\/\/ford-sachsen.de\/html\/page\/fahrzeuge\/ford-explorer-phev-4x4-st-line-7-sitzer-ahk-el-panod\/\"\n                            class=\"vehicle-btn wp-block-button__link wp-element-button\">Details<\/a>\n                    <\/div>\n                <\/div> <!-- \/\/ vehicle-row -->\n               \n            <\/article>\n                        <article id=\"post-4810375\" class=\"vehicle\">\n                <hgroup>\n                    <a href=\"https:\/\/ford-sachsen.de\/html\/page\/fahrzeuge\/nissan-micra-tekna-technikwinternavi-paket\/\">\n                        <h2 class=\"vehicle-title\">\n                            Nissan Micra Tekna TECHNIK+WINTER+NAVI-PAKET+                        <\/h2>\n\n                    <\/a>\n                <\/hgroup>\n                <span class=\"vehicle-addition\">\n                    <p>\n                        Limousine ,\n                        Gebrauchtfahrzeug                    <\/p>\n                <\/span>\n                <div class=\"vehicle-row\">\n                    <div class=\"vehicle-thumbnail\">\n                        <a href=\"https:\/\/ford-sachsen.de\/html\/page\/fahrzeuge\/nissan-micra-tekna-technikwinternavi-paket\/\" title=\"Nissan Micra Tekna TECHNIK+WINTER+NAVI-PAKET+\">\n                            <img loading=\"lazy\" decoding=\"async\" width=\"300\" height=\"225\" src=\"https:\/\/ford-sachsen.de\/html\/page\/wp-content\/uploads\/2026\/09\/4810375-6a96f32c1b745dc386873-64c5-4df3-b53d-bf6bd1af9654-rule-mo-1600-300x225.jpg\" class=\"attachment-medium size-medium wp-post-image\" alt=\"\" srcset=\"https:\/\/ford-sachsen.de\/html\/page\/wp-content\/uploads\/2026\/09\/4810375-6a96f32c1b745dc386873-64c5-4df3-b53d-bf6bd1af9654-rule-mo-1600-300x225.jpg 300w, https:\/\/ford-sachsen.de\/html\/page\/wp-content\/uploads\/2026\/09\/4810375-6a96f32c1b745dc386873-64c5-4df3-b53d-bf6bd1af9654-rule-mo-1600-1024x768.jpg 1024w, https:\/\/ford-sachsen.de\/html\/page\/wp-content\/uploads\/2026\/09\/4810375-6a96f32c1b745dc386873-64c5-4df3-b53d-bf6bd1af9654-rule-mo-1600-768x576.jpg 768w, https:\/\/ford-sachsen.de\/html\/page\/wp-content\/uploads\/2026\/09\/4810375-6a96f32c1b745dc386873-64c5-4df3-b53d-bf6bd1af9654-rule-mo-1600.jpg 1440w\" sizes=\"(max-width: 300px) 100vw, 300px\" \/>                        <\/a>\n                    <\/div>\n                    <div class=\"vehicle-data\">\n                                                    <small>\n                                                                03.2021                                \u00b7\n                            <\/small>\n                                                                            <small>\n                                40.011 km\n                            <\/small>\n                                                                            <small>\n                                \u00b7\n                                68 kW\n                                                                (\n                                92 PS)\n                            <\/small>\n                                                                            <small>\n                                \u00b7\n                                Schaltgetriebe                            <\/small>\n                                                                            <small>\n                                \u00b7\n                                Unfallfrei                            <\/small>\n                        \n                                                    <small>\n                                \u00b7\n                                Benzin                            <\/small>\n                                                                                                                            <small>\n                                \u00b7\n                                4\/5 T\u00fcren\n                            <\/small>\n                                                <ul class=\"vehicle-emission\">\n                                                                                     \n                                       \n  <!-- CO2-Emissionen\t-->\n                                        <!-- CO2-Emissionen\t-->\n                   \n \n \n\n\n                <\/ul>\n\n                    <\/div>\n\n                    <div class=\"vehicle-price\">\n                                                    <div itemprop=\"priceSpecification\" itemscope itemtype=\"http:\/\/schema.org\/UnitPriceSpecification\">\n                                <meta itemprop=\"priceCurrency\" content=\"EUR\">\n                                <meta itemprop=\"price\" content=\"13.990\">\n                                <strong>\n                                    13.990 \u20ac (Brutto)\n                                <\/strong><br><small>\n                                    MwSt. nicht ausweisbar                                <\/small>\n                            <\/div>\n                                                <br>\n                        <a href=\"https:\/\/ford-sachsen.de\/html\/page\/fahrzeuge\/nissan-micra-tekna-technikwinternavi-paket\/\"\n                            class=\"vehicle-btn wp-block-button__link wp-element-button\">Details<\/a>\n                    <\/div>\n                <\/div> <!-- \/\/ vehicle-row -->\n               \n            <\/article>\n                        <article id=\"post-4810373\" class=\"vehicle\">\n                <hgroup>\n                    <a href=\"https:\/\/ford-sachsen.de\/html\/page\/fahrzeuge\/ford-focus-turnier-st-x-sportpaket-hud-navi-digitales\/\">\n                        <h2 class=\"vehicle-title\">\n                            Ford Focus Turnier ST X Sportpaket HUD Navi Digitales                        <\/h2>\n\n                    <\/a>\n                <\/hgroup>\n                <span class=\"vehicle-addition\">\n                    <p>\n                        Kombi ,\n                        Gebrauchtfahrzeug                    <\/p>\n                <\/span>\n                <div class=\"vehicle-row\">\n                    <div class=\"vehicle-thumbnail\">\n                        <a href=\"https:\/\/ford-sachsen.de\/html\/page\/fahrzeuge\/ford-focus-turnier-st-x-sportpaket-hud-navi-digitales\/\" title=\"Ford Focus Turnier ST X Sportpaket HUD Navi Digitales\">\n                            <img loading=\"lazy\" decoding=\"async\" width=\"300\" height=\"225\" src=\"https:\/\/ford-sachsen.de\/html\/page\/wp-content\/uploads\/2026\/09\/4810373-6a96f32a05b734d572520-398f-4298-b89e-8f512a0d5f32-rule-mo-1600-300x225.jpg\" class=\"attachment-medium size-medium wp-post-image\" alt=\"\" srcset=\"https:\/\/ford-sachsen.de\/html\/page\/wp-content\/uploads\/2026\/09\/4810373-6a96f32a05b734d572520-398f-4298-b89e-8f512a0d5f32-rule-mo-1600-300x225.jpg 300w, https:\/\/ford-sachsen.de\/html\/page\/wp-content\/uploads\/2026\/09\/4810373-6a96f32a05b734d572520-398f-4298-b89e-8f512a0d5f32-rule-mo-1600-1024x768.jpg 1024w, https:\/\/ford-sachsen.de\/html\/page\/wp-content\/uploads\/2026\/09\/4810373-6a96f32a05b734d572520-398f-4298-b89e-8f512a0d5f32-rule-mo-1600-768x576.jpg 768w, https:\/\/ford-sachsen.de\/html\/page\/wp-content\/uploads\/2026\/09\/4810373-6a96f32a05b734d572520-398f-4298-b89e-8f512a0d5f32-rule-mo-1600.jpg 1440w\" sizes=\"(max-width: 300px) 100vw, 300px\" \/>                        <\/a>\n                    <\/div>\n                    <div class=\"vehicle-data\">\n                                                    <small>\n                                                                06.2024                                \u00b7\n                            <\/small>\n                                                                            <small>\n                                23.056 km\n                            <\/small>\n                                                                            <small>\n                                \u00b7\n                                206 kW\n                                                                (\n                                280 PS)\n                            <\/small>\n                                                                            <small>\n                                \u00b7\n                                Schaltgetriebe                            <\/small>\n                                                                            <small>\n                                \u00b7\n                                Unfallfrei                            <\/small>\n                        \n                                                    <small>\n                                \u00b7\n                                Benzin                            <\/small>\n                                                                                                                            <small>\n                                \u00b7\n                                4\/5 T\u00fcren\n                            <\/small>\n                                                <ul class=\"vehicle-emission\">\n                                                 <span>Verbrauch komb.: \n                                    8.3                                 l\/100km<\/span><br>\n                                                                                \n                                       \n  <!-- CO2-Emissionen\t-->\n                                            <span>CO\u2082-Emissionen komb.: 189.0                                 g\/km<\/span><br>\n                                        <!-- CO2-Emissionen\t-->\n                   \n \n                         <span>CO\u2082-Klasse: \n                                    G                                <\/span><br>\n                    \n\n\n                <\/ul>\n\n                    <\/div>\n\n                    <div class=\"vehicle-price\">\n                                                    <div itemprop=\"priceSpecification\" itemscope itemtype=\"http:\/\/schema.org\/UnitPriceSpecification\">\n                                <meta itemprop=\"priceCurrency\" content=\"EUR\">\n                                <meta itemprop=\"price\" content=\"34.290\">\n                                <strong>\n                                    34.290 \u20ac (Brutto)\n                                <\/strong><br><small>\n                                    Inkl. 19% MwSt.                                <\/small>\n                            <\/div>\n                                                <br>\n                        <a href=\"https:\/\/ford-sachsen.de\/html\/page\/fahrzeuge\/ford-focus-turnier-st-x-sportpaket-hud-navi-digitales\/\"\n                            class=\"vehicle-btn wp-block-button__link wp-element-button\">Details<\/a>\n                    <\/div>\n                <\/div> <!-- \/\/ vehicle-row -->\n               \n            <\/article>\n                        <article id=\"post-4810367\" class=\"vehicle\">\n                <hgroup>\n                    <a href=\"https:\/\/ford-sachsen.de\/html\/page\/fahrzeuge\/ford-transit-330-l2h2-kombi-trend-klima-vohi-techn\/\">\n                        <h2 class=\"vehicle-title\">\n                            Ford Transit 330 L2H2 Kombi Trend KLIMA VO+HI \/ TECHN                        <\/h2>\n\n                    <\/a>\n                <\/hgroup>\n                <span class=\"vehicle-addition\">\n                    <p>\n                        Limousine ,\n                        Gebrauchtfahrzeug                    <\/p>\n                <\/span>\n                <div class=\"vehicle-row\">\n                    <div class=\"vehicle-thumbnail\">\n                        <a href=\"https:\/\/ford-sachsen.de\/html\/page\/fahrzeuge\/ford-transit-330-l2h2-kombi-trend-klima-vohi-techn\/\" title=\"Ford Transit 330 L2H2 Kombi Trend KLIMA VO+HI \/ TECHN\">\n                            <img loading=\"lazy\" decoding=\"async\" width=\"300\" height=\"225\" src=\"https:\/\/ford-sachsen.de\/html\/page\/wp-content\/uploads\/2026\/09\/4810367-6a96f2e74f0407311fe4d-42f5-4b09-b012-f8820f2d02c3-rule-mo-1600-300x225.jpg\" class=\"attachment-medium size-medium wp-post-image\" alt=\"\" srcset=\"https:\/\/ford-sachsen.de\/html\/page\/wp-content\/uploads\/2026\/09\/4810367-6a96f2e74f0407311fe4d-42f5-4b09-b012-f8820f2d02c3-rule-mo-1600-300x225.jpg 300w, https:\/\/ford-sachsen.de\/html\/page\/wp-content\/uploads\/2026\/09\/4810367-6a96f2e74f0407311fe4d-42f5-4b09-b012-f8820f2d02c3-rule-mo-1600-1024x768.jpg 1024w, https:\/\/ford-sachsen.de\/html\/page\/wp-content\/uploads\/2026\/09\/4810367-6a96f2e74f0407311fe4d-42f5-4b09-b012-f8820f2d02c3-rule-mo-1600-768x576.jpg 768w, https:\/\/ford-sachsen.de\/html\/page\/wp-content\/uploads\/2026\/09\/4810367-6a96f2e74f0407311fe4d-42f5-4b09-b012-f8820f2d02c3-rule-mo-1600.jpg 1440w\" sizes=\"(max-width: 300px) 100vw, 300px\" \/>                        <\/a>\n                    <\/div>\n                    <div class=\"vehicle-data\">\n                                                    <small>\n                                                                12.2022                                \u00b7\n                            <\/small>\n                                                                            <small>\n                                76.300 km\n                            <\/small>\n                                                                            <small>\n                                \u00b7\n                                96 kW\n                                                                (\n                                131 PS)\n                            <\/small>\n                                                                            <small>\n                                \u00b7\n                                Schaltgetriebe                            <\/small>\n                                                                            <small>\n                                \u00b7\n                                Unfallfrei                            <\/small>\n                        \n                                                    <small>\n                                \u00b7\n                                Diesel                            <\/small>\n                                                                                                                            <small>\n                                \u00b7\n                                4\/5 T\u00fcren\n                            <\/small>\n                                                <ul class=\"vehicle-emission\">\n                                                                                     \n                                       \n  <!-- CO2-Emissionen\t-->\n                                        <!-- CO2-Emissionen\t-->\n                   \n \n \n\n\n                <\/ul>\n\n                    <\/div>\n\n                    <div class=\"vehicle-price\">\n                                                    <div itemprop=\"priceSpecification\" itemscope itemtype=\"http:\/\/schema.org\/UnitPriceSpecification\">\n                                <meta itemprop=\"priceCurrency\" content=\"EUR\">\n                                <meta itemprop=\"price\" content=\"29.960\">\n                                <strong>\n                                    29.960 \u20ac (Brutto)\n                                <\/strong><br><small>\n                                    Inkl. 19% MwSt.                                <\/small>\n                            <\/div>\n                                                <br>\n                        <a href=\"https:\/\/ford-sachsen.de\/html\/page\/fahrzeuge\/ford-transit-330-l2h2-kombi-trend-klima-vohi-techn\/\"\n                            class=\"vehicle-btn wp-block-button__link wp-element-button\">Details<\/a>\n                    <\/div>\n                <\/div> <!-- \/\/ vehicle-row -->\n               \n            <\/article>\n                        <article id=\"post-4810363\" class=\"vehicle\">\n                <hgroup>\n                    <a href=\"https:\/\/ford-sachsen.de\/html\/page\/fahrzeuge\/ford-tourneo-connect-titanium-l1-automatikkameraacc\/\">\n                        <h2 class=\"vehicle-title\">\n                            Ford Tourneo Connect Titanium L1 AUTOMATIK+KAMERA+ACC                        <\/h2>\n\n                    <\/a>\n                <\/hgroup>\n                <span class=\"vehicle-addition\">\n                    <p>\n                        Van\/Minibus ,\n                        Gebrauchtfahrzeug                    <\/p>\n                <\/span>\n                <div class=\"vehicle-row\">\n                    <div class=\"vehicle-thumbnail\">\n                        <a href=\"https:\/\/ford-sachsen.de\/html\/page\/fahrzeuge\/ford-tourneo-connect-titanium-l1-automatikkameraacc\/\" title=\"Ford Tourneo Connect Titanium L1 AUTOMATIK+KAMERA+ACC\">\n                            <img loading=\"lazy\" decoding=\"async\" width=\"300\" height=\"225\" src=\"https:\/\/ford-sachsen.de\/html\/page\/wp-content\/uploads\/2026\/09\/4810363-6a96f0e48ae15c5e5b72f-f344-440a-94da-7c9ab08e5b81-rule-mo-1600-300x225.jpg\" class=\"attachment-medium size-medium wp-post-image\" alt=\"\" srcset=\"https:\/\/ford-sachsen.de\/html\/page\/wp-content\/uploads\/2026\/09\/4810363-6a96f0e48ae15c5e5b72f-f344-440a-94da-7c9ab08e5b81-rule-mo-1600-300x225.jpg 300w, https:\/\/ford-sachsen.de\/html\/page\/wp-content\/uploads\/2026\/09\/4810363-6a96f0e48ae15c5e5b72f-f344-440a-94da-7c9ab08e5b81-rule-mo-1600-1024x768.jpg 1024w, https:\/\/ford-sachsen.de\/html\/page\/wp-content\/uploads\/2026\/09\/4810363-6a96f0e48ae15c5e5b72f-f344-440a-94da-7c9ab08e5b81-rule-mo-1600-768x576.jpg 768w, https:\/\/ford-sachsen.de\/html\/page\/wp-content\/uploads\/2026\/09\/4810363-6a96f0e48ae15c5e5b72f-f344-440a-94da-7c9ab08e5b81-rule-mo-1600.jpg 1440w\" sizes=\"(max-width: 300px) 100vw, 300px\" \/>                        <\/a>\n                    <\/div>\n                    <div class=\"vehicle-data\">\n                                                    <small>\n                                                                06.2026                                \u00b7\n                            <\/small>\n                                                                            <small>\n                                25 km\n                            <\/small>\n                                                                            <small>\n                                \u00b7\n                                90 kW\n                                                                (\n                                122 PS)\n                            <\/small>\n                                                                            <small>\n                                \u00b7\n                                Automatik                            <\/small>\n                                                                            <small>\n                                \u00b7\n                                Unfallfrei                            <\/small>\n                        \n                                                    <small>\n                                \u00b7\n                                Diesel                            <\/small>\n                                                                                                                            <small>\n                                \u00b7\n                                4\/5 T\u00fcren\n                            <\/small>\n                                                <ul class=\"vehicle-emission\">\n                                                 <span>Verbrauch komb.: \n                                    5.6                                 l\/100km<\/span><br>\n                                                                                \n                                       \n  <!-- CO2-Emissionen\t-->\n                                            <span>CO\u2082-Emissionen komb.: 148.0                                 g\/km<\/span><br>\n                                        <!-- CO2-Emissionen\t-->\n                   \n \n                         <span>CO\u2082-Klasse: \n                                    E                                <\/span><br>\n                    \n\n\n                <\/ul>\n\n                    <\/div>\n\n                    <div class=\"vehicle-price\">\n                                                    <div itemprop=\"priceSpecification\" itemscope itemtype=\"http:\/\/schema.org\/UnitPriceSpecification\">\n                                <meta itemprop=\"priceCurrency\" content=\"EUR\">\n                                <meta itemprop=\"price\" content=\"33.890\">\n                                <strong>\n                                    33.890 \u20ac (Brutto)\n                                <\/strong><br><small>\n                                    Inkl. 19% MwSt.                                <\/small>\n                            <\/div>\n                                                <br>\n                        <a href=\"https:\/\/ford-sachsen.de\/html\/page\/fahrzeuge\/ford-tourneo-connect-titanium-l1-automatikkameraacc\/\"\n                            class=\"vehicle-btn wp-block-button__link wp-element-button\">Details<\/a>\n                    <\/div>\n                <\/div> <!-- \/\/ vehicle-row -->\n               \n            <\/article>\n                        <article id=\"post-4810361\" class=\"vehicle\">\n                <hgroup>\n                    <a href=\"https:\/\/ford-sachsen.de\/html\/page\/fahrzeuge\/ford-tourneo-connect-titanium-l1-tageszulassung-aktio\/\">\n                        <h2 class=\"vehicle-title\">\n                            Ford Tourneo Connect Titanium L1 TAGESZULASSUNG-AKTIO                        <\/h2>\n\n                    <\/a>\n                <\/hgroup>\n                <span class=\"vehicle-addition\">\n                    <p>\n                        Van\/Minibus ,\n                        Gebrauchtfahrzeug                    <\/p>\n                <\/span>\n                <div class=\"vehicle-row\">\n                    <div class=\"vehicle-thumbnail\">\n                        <a href=\"https:\/\/ford-sachsen.de\/html\/page\/fahrzeuge\/ford-tourneo-connect-titanium-l1-tageszulassung-aktio\/\" title=\"Ford Tourneo Connect Titanium L1 TAGESZULASSUNG-AKTIO\">\n                            <img loading=\"lazy\" decoding=\"async\" width=\"300\" height=\"225\" src=\"https:\/\/ford-sachsen.de\/html\/page\/wp-content\/uploads\/2026\/09\/4810361-6a96f0e1e1bdbb3916980-f8ea-475a-a3f0-c48b517f84fc-rule-mo-1600-300x225.jpg\" class=\"attachment-medium size-medium wp-post-image\" alt=\"\" srcset=\"https:\/\/ford-sachsen.de\/html\/page\/wp-content\/uploads\/2026\/09\/4810361-6a96f0e1e1bdbb3916980-f8ea-475a-a3f0-c48b517f84fc-rule-mo-1600-300x225.jpg 300w, https:\/\/ford-sachsen.de\/html\/page\/wp-content\/uploads\/2026\/09\/4810361-6a96f0e1e1bdbb3916980-f8ea-475a-a3f0-c48b517f84fc-rule-mo-1600-1024x768.jpg 1024w, https:\/\/ford-sachsen.de\/html\/page\/wp-content\/uploads\/2026\/09\/4810361-6a96f0e1e1bdbb3916980-f8ea-475a-a3f0-c48b517f84fc-rule-mo-1600-768x576.jpg 768w, https:\/\/ford-sachsen.de\/html\/page\/wp-content\/uploads\/2026\/09\/4810361-6a96f0e1e1bdbb3916980-f8ea-475a-a3f0-c48b517f84fc-rule-mo-1600.jpg 1440w\" sizes=\"(max-width: 300px) 100vw, 300px\" \/>                        <\/a>\n                    <\/div>\n                    <div class=\"vehicle-data\">\n                                                    <small>\n                                                                07.2026                                \u00b7\n                            <\/small>\n                                                                            <small>\n                                25 km\n                            <\/small>\n                                                                            <small>\n                                \u00b7\n                                85 kW\n                                                                (\n                                116 PS)\n                            <\/small>\n                                                                            <small>\n                                \u00b7\n                                Automatik                            <\/small>\n                                                                            <small>\n                                \u00b7\n                                Unfallfrei                            <\/small>\n                        \n                                                    <small>\n                                \u00b7\n                                Benzin                            <\/small>\n                                                                                                                            <small>\n                                \u00b7\n                                4\/5 T\u00fcren\n                            <\/small>\n                                                <ul class=\"vehicle-emission\">\n                                                 <span>Verbrauch komb.: \n                                    7.0                                 l\/100km<\/span><br>\n                                                                                \n                                       \n  <!-- CO2-Emissionen\t-->\n                                            <span>CO\u2082-Emissionen komb.: 152.0                                 g\/km<\/span><br>\n                                        <!-- CO2-Emissionen\t-->\n                   \n \n                         <span>CO\u2082-Klasse: \n                                    E                                <\/span><br>\n                    \n\n\n                <\/ul>\n\n                    <\/div>\n\n                    <div class=\"vehicle-price\">\n                                                    <div itemprop=\"priceSpecification\" itemscope itemtype=\"http:\/\/schema.org\/UnitPriceSpecification\">\n                                <meta itemprop=\"priceCurrency\" content=\"EUR\">\n                                <meta itemprop=\"price\" content=\"31.990\">\n                                <strong>\n                                    31.990 \u20ac (Brutto)\n                                <\/strong><br><small>\n                                    Inkl. 19% MwSt.                                <\/small>\n                            <\/div>\n                                                <br>\n                        <a href=\"https:\/\/ford-sachsen.de\/html\/page\/fahrzeuge\/ford-tourneo-connect-titanium-l1-tageszulassung-aktio\/\"\n                            class=\"vehicle-btn wp-block-button__link wp-element-button\">Details<\/a>\n                    <\/div>\n                <\/div> <!-- \/\/ vehicle-row -->\n               \n            <\/article>\n                        <article id=\"post-4810359\" class=\"vehicle\">\n                <hgroup>\n                    <a href=\"https:\/\/ford-sachsen.de\/html\/page\/fahrzeuge\/ford-tourneo-connect-titanium-l2-tageszulassung-aktio\/\">\n                        <h2 class=\"vehicle-title\">\n                            Ford Tourneo Connect Titanium L2 TAGESZULASSUNG-AKTIO                        <\/h2>\n\n                    <\/a>\n                <\/hgroup>\n                <span class=\"vehicle-addition\">\n                    <p>\n                        Van\/Minibus ,\n                        Gebrauchtfahrzeug                    <\/p>\n                <\/span>\n                <div class=\"vehicle-row\">\n                    <div class=\"vehicle-thumbnail\">\n                        <a href=\"https:\/\/ford-sachsen.de\/html\/page\/fahrzeuge\/ford-tourneo-connect-titanium-l2-tageszulassung-aktio\/\" title=\"Ford Tourneo Connect Titanium L2 TAGESZULASSUNG-AKTIO\">\n                            <img loading=\"lazy\" decoding=\"async\" width=\"300\" height=\"225\" src=\"https:\/\/ford-sachsen.de\/html\/page\/wp-content\/uploads\/2026\/09\/4810359-6a96f0df56f681d98e1c6-f0f2-4d7e-8f82-d1781d58cf00-rule-mo-1600-300x225.jpg\" class=\"attachment-medium size-medium wp-post-image\" alt=\"\" srcset=\"https:\/\/ford-sachsen.de\/html\/page\/wp-content\/uploads\/2026\/09\/4810359-6a96f0df56f681d98e1c6-f0f2-4d7e-8f82-d1781d58cf00-rule-mo-1600-300x225.jpg 300w, https:\/\/ford-sachsen.de\/html\/page\/wp-content\/uploads\/2026\/09\/4810359-6a96f0df56f681d98e1c6-f0f2-4d7e-8f82-d1781d58cf00-rule-mo-1600-1024x768.jpg 1024w, https:\/\/ford-sachsen.de\/html\/page\/wp-content\/uploads\/2026\/09\/4810359-6a96f0df56f681d98e1c6-f0f2-4d7e-8f82-d1781d58cf00-rule-mo-1600-768x576.jpg 768w, https:\/\/ford-sachsen.de\/html\/page\/wp-content\/uploads\/2026\/09\/4810359-6a96f0df56f681d98e1c6-f0f2-4d7e-8f82-d1781d58cf00-rule-mo-1600.jpg 1440w\" sizes=\"(max-width: 300px) 100vw, 300px\" \/>                        <\/a>\n                    <\/div>\n                    <div class=\"vehicle-data\">\n                                                    <small>\n                                                                07.2026                                \u00b7\n                            <\/small>\n                                                                            <small>\n                                25 km\n                            <\/small>\n                                                                            <small>\n                                \u00b7\n                                90 kW\n                                                                (\n                                122 PS)\n                            <\/small>\n                                                                            <small>\n                                \u00b7\n                                Automatik                            <\/small>\n                                                                            <small>\n                                \u00b7\n                                Unfallfrei                            <\/small>\n                        \n                                                    <small>\n                                \u00b7\n                                Diesel                            <\/small>\n                                                                                                                            <small>\n                                \u00b7\n                                4\/5 T\u00fcren\n                            <\/small>\n                                                <ul class=\"vehicle-emission\">\n                                                 <span>Verbrauch komb.: \n                                    6.4                                 l\/100km<\/span><br>\n                                                                                \n                                       \n  <!-- CO2-Emissionen\t-->\n                                            <span>CO\u2082-Emissionen komb.: 150.0                                 g\/km<\/span><br>\n                                        <!-- CO2-Emissionen\t-->\n                   \n \n                         <span>CO\u2082-Klasse: \n                                    E                                <\/span><br>\n                    \n\n\n                <\/ul>\n\n                    <\/div>\n\n                    <div class=\"vehicle-price\">\n                                                    <div itemprop=\"priceSpecification\" itemscope itemtype=\"http:\/\/schema.org\/UnitPriceSpecification\">\n                                <meta itemprop=\"priceCurrency\" content=\"EUR\">\n                                <meta itemprop=\"price\" content=\"36.890\">\n                                <strong>\n                                    36.890 \u20ac (Brutto)\n                                <\/strong><br><small>\n                                    Inkl. 19% MwSt.                                <\/small>\n                            <\/div>\n                                                <br>\n                        <a href=\"https:\/\/ford-sachsen.de\/html\/page\/fahrzeuge\/ford-tourneo-connect-titanium-l2-tageszulassung-aktio\/\"\n                            class=\"vehicle-btn wp-block-button__link wp-element-button\">Details<\/a>\n                    <\/div>\n                <\/div> <!-- \/\/ vehicle-row -->\n               \n            <\/article>\n                        <article id=\"post-4810351\" class=\"vehicle\">\n                <hgroup>\n                    <a href=\"https:\/\/ford-sachsen.de\/html\/page\/fahrzeuge\/ford-ranger-raptor-doka-tageszulassung-aktionstandhe\/\">\n                        <h2 class=\"vehicle-title\">\n                            Ford Ranger Raptor DoKa TAGESZULASSUNG-AKTION+STANDHE                        <\/h2>\n\n                    <\/a>\n                <\/hgroup>\n                <span class=\"vehicle-addition\">\n                    <p>\n                        SUV\/Gel\u00e4ndewagen\/Pickup ,\n                        Gebrauchtfahrzeug                    <\/p>\n                <\/span>\n                <div class=\"vehicle-row\">\n                    <div class=\"vehicle-thumbnail\">\n                        <a href=\"https:\/\/ford-sachsen.de\/html\/page\/fahrzeuge\/ford-ranger-raptor-doka-tageszulassung-aktionstandhe\/\" title=\"Ford Ranger Raptor DoKa TAGESZULASSUNG-AKTION+STANDHE\">\n                            <img loading=\"lazy\" decoding=\"async\" width=\"300\" height=\"225\" src=\"https:\/\/ford-sachsen.de\/html\/page\/wp-content\/uploads\/2026\/09\/4810351-6a96efa302213fd302492-5553-44f0-9ff9-fa18d1a326fb-rule-mo-1600-300x225.jpg\" class=\"attachment-medium size-medium wp-post-image\" alt=\"\" srcset=\"https:\/\/ford-sachsen.de\/html\/page\/wp-content\/uploads\/2026\/09\/4810351-6a96efa302213fd302492-5553-44f0-9ff9-fa18d1a326fb-rule-mo-1600-300x225.jpg 300w, https:\/\/ford-sachsen.de\/html\/page\/wp-content\/uploads\/2026\/09\/4810351-6a96efa302213fd302492-5553-44f0-9ff9-fa18d1a326fb-rule-mo-1600-1024x768.jpg 1024w, https:\/\/ford-sachsen.de\/html\/page\/wp-content\/uploads\/2026\/09\/4810351-6a96efa302213fd302492-5553-44f0-9ff9-fa18d1a326fb-rule-mo-1600-768x576.jpg 768w, https:\/\/ford-sachsen.de\/html\/page\/wp-content\/uploads\/2026\/09\/4810351-6a96efa302213fd302492-5553-44f0-9ff9-fa18d1a326fb-rule-mo-1600.jpg 1440w\" sizes=\"(max-width: 300px) 100vw, 300px\" \/>                        <\/a>\n                    <\/div>\n                    <div class=\"vehicle-data\">\n                                                    <small>\n                                                                06.2026                                \u00b7\n                            <\/small>\n                                                                            <small>\n                                25 km\n                            <\/small>\n                                                                            <small>\n                                \u00b7\n                                154 kW\n                                                                (\n                                209 PS)\n                            <\/small>\n                                                                            <small>\n                                \u00b7\n                                Automatik                            <\/small>\n                                                                            <small>\n                                \u00b7\n                                Unfallfrei                            <\/small>\n                        \n                                                    <small>\n                                \u00b7\n                                Diesel                            <\/small>\n                                                                                                                            <small>\n                                \u00b7\n                                4\/5 T\u00fcren\n                            <\/small>\n                                                <ul class=\"vehicle-emission\">\n                                                 <span>Verbrauch komb.: \n                                    10.6                                 l\/100km<\/span><br>\n                                                                                \n                                       \n  <!-- CO2-Emissionen\t-->\n                                            <span>CO\u2082-Emissionen komb.: 278.0                                 g\/km<\/span><br>\n                                        <!-- CO2-Emissionen\t-->\n                   \n \n                         <span>CO\u2082-Klasse: \n                                    G                                <\/span><br>\n                    \n\n\n                <\/ul>\n\n                    <\/div>\n\n                    <div class=\"vehicle-price\">\n                                                    <div itemprop=\"priceSpecification\" itemscope itemtype=\"http:\/\/schema.org\/UnitPriceSpecification\">\n                                <meta itemprop=\"priceCurrency\" content=\"EUR\">\n                                <meta itemprop=\"price\" content=\"61.850\">\n                                <strong>\n                                    61.850 \u20ac (Brutto)\n                                <\/strong><br><small>\n                                    Inkl. 19% MwSt.                                <\/small>\n                            <\/div>\n                                                <br>\n                        <a href=\"https:\/\/ford-sachsen.de\/html\/page\/fahrzeuge\/ford-ranger-raptor-doka-tageszulassung-aktionstandhe\/\"\n                            class=\"vehicle-btn wp-block-button__link wp-element-button\">Details<\/a>\n                    <\/div>\n                <\/div> <!-- \/\/ vehicle-row -->\n               \n            <\/article>\n                        <article id=\"post-4810349\" class=\"vehicle\">\n                <hgroup>\n                    <a href=\"https:\/\/ford-sachsen.de\/html\/page\/fahrzeuge\/ford-kuga-phev-st-line-x-techno-fahrassistenz-w\/\">\n                        <h2 class=\"vehicle-title\">\n                            Ford Kuga PHEV ST-Line X + TECHNO + FAHRASSISTENZ + W                        <\/h2>\n\n                    <\/a>\n                <\/hgroup>\n                <span class=\"vehicle-addition\">\n                    <p>\n                        SUV\/Gel\u00e4ndewagen\/Pickup ,\n                        Gebrauchtfahrzeug                    <\/p>\n                <\/span>\n                <div class=\"vehicle-row\">\n                    <div class=\"vehicle-thumbnail\">\n                        <a href=\"https:\/\/ford-sachsen.de\/html\/page\/fahrzeuge\/ford-kuga-phev-st-line-x-techno-fahrassistenz-w\/\" title=\"Ford Kuga PHEV ST-Line X + TECHNO + FAHRASSISTENZ + W\">\n                            <img loading=\"lazy\" decoding=\"async\" width=\"300\" height=\"225\" src=\"https:\/\/ford-sachsen.de\/html\/page\/wp-content\/uploads\/2026\/09\/4810349-6a96efa15f133bedeceb3-8966-40c0-afa5-5212b91f8485-rule-mo-1600-300x225.jpg\" class=\"attachment-medium size-medium wp-post-image\" alt=\"\" srcset=\"https:\/\/ford-sachsen.de\/html\/page\/wp-content\/uploads\/2026\/09\/4810349-6a96efa15f133bedeceb3-8966-40c0-afa5-5212b91f8485-rule-mo-1600-300x225.jpg 300w, https:\/\/ford-sachsen.de\/html\/page\/wp-content\/uploads\/2026\/09\/4810349-6a96efa15f133bedeceb3-8966-40c0-afa5-5212b91f8485-rule-mo-1600-1024x768.jpg 1024w, https:\/\/ford-sachsen.de\/html\/page\/wp-content\/uploads\/2026\/09\/4810349-6a96efa15f133bedeceb3-8966-40c0-afa5-5212b91f8485-rule-mo-1600-768x576.jpg 768w, https:\/\/ford-sachsen.de\/html\/page\/wp-content\/uploads\/2026\/09\/4810349-6a96efa15f133bedeceb3-8966-40c0-afa5-5212b91f8485-rule-mo-1600.jpg 1440w\" sizes=\"(max-width: 300px) 100vw, 300px\" \/>                        <\/a>\n                    <\/div>\n                    <div class=\"vehicle-data\">\n                                                    <small>\n                                                                05.2024                                \u00b7\n                            <\/small>\n                                                                            <small>\n                                15.310 km\n                            <\/small>\n                                                                            <small>\n                                \u00b7\n                                165 kW\n                                                                (\n                                224 PS)\n                            <\/small>\n                                                                            <small>\n                                \u00b7\n                                Automatik                            <\/small>\n                                                                            <small>\n                                \u00b7\n                                Unfallfrei                            <\/small>\n                        \n                                                    <small>\n                                \u00b7\n                                Hybrid (Benzin\/Elektro)                            <\/small>\n                                                                                                                            <small>\n                                \u00b7\n                                4\/5 T\u00fcren\n                            <\/small>\n                                                <ul class=\"vehicle-emission\">\n                                                 <span>Verbrauch komb.: \n                                    6.4                                 l\/100km<\/span><br>\n                                                                                \n                                       \n  <!-- CO2-Emissionen\t-->\n                                            <span>CO\u2082-Emissionen komb.: 146.0                                 g\/km<\/span><br>\n                                        <!-- CO2-Emissionen\t-->\n                   \n \n                         <span>CO\u2082-Klasse: \n                                    E                                <\/span><br>\n                    \n\n\n                <\/ul>\n\n                    <\/div>\n\n                    <div class=\"vehicle-price\">\n                                                    <div itemprop=\"priceSpecification\" itemscope itemtype=\"http:\/\/schema.org\/UnitPriceSpecification\">\n                                <meta itemprop=\"priceCurrency\" content=\"EUR\">\n                                <meta itemprop=\"price\" content=\"33.930\">\n                                <strong>\n                                    33.930 \u20ac (Brutto)\n                                <\/strong><br><small>\n                                    Inkl. 19% MwSt.                                <\/small>\n                            <\/div>\n                                                <br>\n                        <a href=\"https:\/\/ford-sachsen.de\/html\/page\/fahrzeuge\/ford-kuga-phev-st-line-x-techno-fahrassistenz-w\/\"\n                            class=\"vehicle-btn wp-block-button__link wp-element-button\">Details<\/a>\n                    <\/div>\n                <\/div> <!-- \/\/ vehicle-row -->\n               \n            <\/article>\n                        <article id=\"post-4810343\" class=\"vehicle\">\n                <hgroup>\n                    <a href=\"https:\/\/ford-sachsen.de\/html\/page\/fahrzeuge\/ford-transit-kasten-350-l3-doppelkabine-trend-ahkkam\/\">\n                        <h2 class=\"vehicle-title\">\n                            Ford Transit Kasten 350 L3 Doppelkabine Trend AHK+KAM                        <\/h2>\n\n                    <\/a>\n                <\/hgroup>\n                <span class=\"vehicle-addition\">\n                    <p>\n                        Andere ,\n                        Gebrauchtfahrzeug                    <\/p>\n                <\/span>\n                <div class=\"vehicle-row\">\n                    <div class=\"vehicle-thumbnail\">\n                        <a href=\"https:\/\/ford-sachsen.de\/html\/page\/fahrzeuge\/ford-transit-kasten-350-l3-doppelkabine-trend-ahkkam\/\" title=\"Ford Transit Kasten 350 L3 Doppelkabine Trend AHK+KAM\">\n                            <img loading=\"lazy\" decoding=\"async\" width=\"300\" height=\"225\" src=\"https:\/\/ford-sachsen.de\/html\/page\/wp-content\/uploads\/2026\/09\/4810343-6a96ee77d025d0572cac2-6b9c-421a-88dc-f30a9af7e7b3-rule-mo-1600-300x225.jpg\" class=\"attachment-medium size-medium wp-post-image\" alt=\"\" srcset=\"https:\/\/ford-sachsen.de\/html\/page\/wp-content\/uploads\/2026\/09\/4810343-6a96ee77d025d0572cac2-6b9c-421a-88dc-f30a9af7e7b3-rule-mo-1600-300x225.jpg 300w, https:\/\/ford-sachsen.de\/html\/page\/wp-content\/uploads\/2026\/09\/4810343-6a96ee77d025d0572cac2-6b9c-421a-88dc-f30a9af7e7b3-rule-mo-1600-1024x768.jpg 1024w, https:\/\/ford-sachsen.de\/html\/page\/wp-content\/uploads\/2026\/09\/4810343-6a96ee77d025d0572cac2-6b9c-421a-88dc-f30a9af7e7b3-rule-mo-1600-768x576.jpg 768w, https:\/\/ford-sachsen.de\/html\/page\/wp-content\/uploads\/2026\/09\/4810343-6a96ee77d025d0572cac2-6b9c-421a-88dc-f30a9af7e7b3-rule-mo-1600.jpg 1440w\" sizes=\"(max-width: 300px) 100vw, 300px\" \/>                        <\/a>\n                    <\/div>\n                    <div class=\"vehicle-data\">\n                                                    <small>\n                                                                12.2022                                \u00b7\n                            <\/small>\n                                                                            <small>\n                                122.572 km\n                            <\/small>\n                                                                            <small>\n                                \u00b7\n                                125 kW\n                                                                (\n                                170 PS)\n                            <\/small>\n                                                                            <small>\n                                \u00b7\n                                Schaltgetriebe                            <\/small>\n                                                                            <small>\n                                \u00b7\n                                Unfallfrei                            <\/small>\n                        \n                                                    <small>\n                                \u00b7\n                                Diesel                            <\/small>\n                                                                                                                            <small>\n                                \u00b7\n                                4\/5 T\u00fcren\n                            <\/small>\n                                                <ul class=\"vehicle-emission\">\n                                                                                     \n                                       \n  <!-- CO2-Emissionen\t-->\n                                        <!-- CO2-Emissionen\t-->\n                   \n \n \n\n\n                <\/ul>\n\n                    <\/div>\n\n                    <div class=\"vehicle-price\">\n                                                    <div itemprop=\"priceSpecification\" itemscope itemtype=\"http:\/\/schema.org\/UnitPriceSpecification\">\n                                <meta itemprop=\"priceCurrency\" content=\"EUR\">\n                                <meta itemprop=\"price\" content=\"25.890\">\n                                <strong>\n                                    25.890 \u20ac (Brutto)\n                                <\/strong><br><small>\n                                    Inkl. 19% MwSt.                                <\/small>\n                            <\/div>\n                                                <br>\n                        <a href=\"https:\/\/ford-sachsen.de\/html\/page\/fahrzeuge\/ford-transit-kasten-350-l3-doppelkabine-trend-ahkkam\/\"\n                            class=\"vehicle-btn wp-block-button__link wp-element-button\">Details<\/a>\n                    <\/div>\n                <\/div> <!-- \/\/ vehicle-row -->\n               \n            <\/article>\n                        <article id=\"post-4810339\" class=\"vehicle\">\n                <hgroup>\n                    <a href=\"https:\/\/ford-sachsen.de\/html\/page\/fahrzeuge\/volkswagen-golf-vii-alltrack-bmt-4motion-ahk-klappbar-navi\/\">\n                        <h2 class=\"vehicle-title\">\n                            Volkswagen Golf VII Alltrack BMT 4Motion AHK-klappbar Navi                        <\/h2>\n\n                    <\/a>\n                <\/hgroup>\n                <span class=\"vehicle-addition\">\n                    <p>\n                        Kombi ,\n                        Gebrauchtfahrzeug                    <\/p>\n                <\/span>\n                <div class=\"vehicle-row\">\n                    <div class=\"vehicle-thumbnail\">\n                        <a href=\"https:\/\/ford-sachsen.de\/html\/page\/fahrzeuge\/volkswagen-golf-vii-alltrack-bmt-4motion-ahk-klappbar-navi\/\" title=\"Volkswagen Golf VII Alltrack BMT 4Motion AHK-klappbar Navi\">\n                            <img loading=\"lazy\" decoding=\"async\" width=\"300\" height=\"225\" src=\"https:\/\/ford-sachsen.de\/html\/page\/wp-content\/uploads\/2026\/09\/4810339-6a96ed2e912b88b105ee2-9035-4de3-a5ff-a4309dfc64bf-rule-mo-1600-300x225.jpg\" class=\"attachment-medium size-medium wp-post-image\" alt=\"\" srcset=\"https:\/\/ford-sachsen.de\/html\/page\/wp-content\/uploads\/2026\/09\/4810339-6a96ed2e912b88b105ee2-9035-4de3-a5ff-a4309dfc64bf-rule-mo-1600-300x225.jpg 300w, https:\/\/ford-sachsen.de\/html\/page\/wp-content\/uploads\/2026\/09\/4810339-6a96ed2e912b88b105ee2-9035-4de3-a5ff-a4309dfc64bf-rule-mo-1600-1024x768.jpg 1024w, https:\/\/ford-sachsen.de\/html\/page\/wp-content\/uploads\/2026\/09\/4810339-6a96ed2e912b88b105ee2-9035-4de3-a5ff-a4309dfc64bf-rule-mo-1600-768x576.jpg 768w, https:\/\/ford-sachsen.de\/html\/page\/wp-content\/uploads\/2026\/09\/4810339-6a96ed2e912b88b105ee2-9035-4de3-a5ff-a4309dfc64bf-rule-mo-1600.jpg 1440w\" sizes=\"(max-width: 300px) 100vw, 300px\" \/>                        <\/a>\n                    <\/div>\n                    <div class=\"vehicle-data\">\n                                                    <small>\n                                                                05.2017                                \u00b7\n                            <\/small>\n                                                                            <small>\n                                122.440 km\n                            <\/small>\n                                                                            <small>\n                                \u00b7\n                                132 kW\n                                                                (\n                                179 PS)\n                            <\/small>\n                                                                            <small>\n                                \u00b7\n                                Automatik                            <\/small>\n                                                                            <small>\n                                \u00b7\n                                Unfallfrei                            <\/small>\n                        \n                                                    <small>\n                                \u00b7\n                                Benzin                            <\/small>\n                                                                                                                            <small>\n                                \u00b7\n                                4\/5 T\u00fcren\n                            <\/small>\n                                                <ul class=\"vehicle-emission\">\n                                                                                     \n                                       \n  <!-- CO2-Emissionen\t-->\n                                        <!-- CO2-Emissionen\t-->\n                   \n \n \n\n\n                <\/ul>\n\n                    <\/div>\n\n                    <div class=\"vehicle-price\">\n                                                    <div itemprop=\"priceSpecification\" itemscope itemtype=\"http:\/\/schema.org\/UnitPriceSpecification\">\n                                <meta itemprop=\"priceCurrency\" content=\"EUR\">\n                                <meta itemprop=\"price\" content=\"16.890\">\n                                <strong>\n                                    16.890 \u20ac (Brutto)\n                                <\/strong><br><small>\n                                    MwSt. nicht ausweisbar                                <\/small>\n                            <\/div>\n                                                <br>\n                        <a href=\"https:\/\/ford-sachsen.de\/html\/page\/fahrzeuge\/volkswagen-golf-vii-alltrack-bmt-4motion-ahk-klappbar-navi\/\"\n                            class=\"vehicle-btn wp-block-button__link wp-element-button\">Details<\/a>\n                    <\/div>\n                <\/div> <!-- \/\/ vehicle-row -->\n               \n            <\/article>\n                        <article id=\"post-4810337\" class=\"vehicle\">\n                <hgroup>\n                    <a href=\"https:\/\/ford-sachsen.de\/html\/page\/fahrzeuge\/ford-fiesta-trend-winter-paket-shzklimabccd\/\">\n                        <h2 class=\"vehicle-title\">\n                            Ford Fiesta Trend WINTER-PAKET+ SHZ+KLIMA+BC+CD                        <\/h2>\n\n                    <\/a>\n                <\/hgroup>\n                <span class=\"vehicle-addition\">\n                    <p>\n                        Kleinwagen ,\n                        Gebrauchtfahrzeug                    <\/p>\n                <\/span>\n                <div class=\"vehicle-row\">\n                    <div class=\"vehicle-thumbnail\">\n                        <a href=\"https:\/\/ford-sachsen.de\/html\/page\/fahrzeuge\/ford-fiesta-trend-winter-paket-shzklimabccd\/\" title=\"Ford Fiesta Trend WINTER-PAKET+ SHZ+KLIMA+BC+CD\">\n                            <img loading=\"lazy\" decoding=\"async\" width=\"300\" height=\"225\" src=\"https:\/\/ford-sachsen.de\/html\/page\/wp-content\/uploads\/2026\/09\/4810337-6a96ed2c613f274e1f02e-97b9-4ad9-9b50-f47e737092f2-rule-mo-1600-300x225.jpg\" class=\"attachment-medium size-medium wp-post-image\" alt=\"\" srcset=\"https:\/\/ford-sachsen.de\/html\/page\/wp-content\/uploads\/2026\/09\/4810337-6a96ed2c613f274e1f02e-97b9-4ad9-9b50-f47e737092f2-rule-mo-1600-300x225.jpg 300w, https:\/\/ford-sachsen.de\/html\/page\/wp-content\/uploads\/2026\/09\/4810337-6a96ed2c613f274e1f02e-97b9-4ad9-9b50-f47e737092f2-rule-mo-1600-1024x768.jpg 1024w, https:\/\/ford-sachsen.de\/html\/page\/wp-content\/uploads\/2026\/09\/4810337-6a96ed2c613f274e1f02e-97b9-4ad9-9b50-f47e737092f2-rule-mo-1600-768x576.jpg 768w, https:\/\/ford-sachsen.de\/html\/page\/wp-content\/uploads\/2026\/09\/4810337-6a96ed2c613f274e1f02e-97b9-4ad9-9b50-f47e737092f2-rule-mo-1600.jpg 1440w\" sizes=\"(max-width: 300px) 100vw, 300px\" \/>                        <\/a>\n                    <\/div>\n                    <div class=\"vehicle-data\">\n                                                    <small>\n                                                                05.2016                                \u00b7\n                            <\/small>\n                                                                            <small>\n                                93.500 km\n                            <\/small>\n                                                                            <small>\n                                \u00b7\n                                60 kW\n                                                                (\n                                82 PS)\n                            <\/small>\n                                                                            <small>\n                                \u00b7\n                                Schaltgetriebe                            <\/small>\n                                                                            <small>\n                                \u00b7\n                                Unfallfrei                            <\/small>\n                        \n                                                    <small>\n                                \u00b7\n                                Benzin                            <\/small>\n                                                                                                                            <small>\n                                \u00b7\n                                4\/5 T\u00fcren\n                            <\/small>\n                                                <ul class=\"vehicle-emission\">\n                                                                                     \n                                       \n  <!-- CO2-Emissionen\t-->\n                                        <!-- CO2-Emissionen\t-->\n                   \n \n \n\n\n                <\/ul>\n\n                    <\/div>\n\n                    <div class=\"vehicle-price\">\n                                                    <div itemprop=\"priceSpecification\" itemscope itemtype=\"http:\/\/schema.org\/UnitPriceSpecification\">\n                                <meta itemprop=\"priceCurrency\" content=\"EUR\">\n                                <meta itemprop=\"price\" content=\"7.990\">\n                                <strong>\n                                    7.990 \u20ac (Brutto)\n                                <\/strong><br><small>\n                                    MwSt. nicht ausweisbar                                <\/small>\n                            <\/div>\n                                                <br>\n                        <a href=\"https:\/\/ford-sachsen.de\/html\/page\/fahrzeuge\/ford-fiesta-trend-winter-paket-shzklimabccd\/\"\n                            class=\"vehicle-btn wp-block-button__link wp-element-button\">Details<\/a>\n                    <\/div>\n                <\/div> <!-- \/\/ vehicle-row -->\n               \n            <\/article>\n                        <article id=\"post-4810335\" class=\"vehicle\">\n                <hgroup>\n                    <a href=\"https:\/\/ford-sachsen.de\/html\/page\/fahrzeuge\/ford-e-transit-courier-trend-klima-pdcbeifahrer\/\">\n                        <h2 class=\"vehicle-title\">\n                            Ford E-Transit Courier  Trend Klima PDC+Beifahrer                        <\/h2>\n\n                    <\/a>\n                <\/hgroup>\n                <span class=\"vehicle-addition\">\n                    <p>\n                        Andere ,\n                        Gebrauchtfahrzeug                    <\/p>\n                <\/span>\n                <div class=\"vehicle-row\">\n                    <div class=\"vehicle-thumbnail\">\n                        <a href=\"https:\/\/ford-sachsen.de\/html\/page\/fahrzeuge\/ford-e-transit-courier-trend-klima-pdcbeifahrer\/\" title=\"Ford E-Transit Courier  Trend Klima PDC+Beifahrer\">\n                            <img loading=\"lazy\" decoding=\"async\" width=\"300\" height=\"225\" src=\"https:\/\/ford-sachsen.de\/html\/page\/wp-content\/uploads\/2026\/09\/4810335-6a96ed29697621de2a5d6-a980-4264-91f3-11610ab4265c-rule-mo-1600-300x225.jpg\" class=\"attachment-medium size-medium wp-post-image\" alt=\"\" srcset=\"https:\/\/ford-sachsen.de\/html\/page\/wp-content\/uploads\/2026\/09\/4810335-6a96ed29697621de2a5d6-a980-4264-91f3-11610ab4265c-rule-mo-1600-300x225.jpg 300w, https:\/\/ford-sachsen.de\/html\/page\/wp-content\/uploads\/2026\/09\/4810335-6a96ed29697621de2a5d6-a980-4264-91f3-11610ab4265c-rule-mo-1600-1024x768.jpg 1024w, https:\/\/ford-sachsen.de\/html\/page\/wp-content\/uploads\/2026\/09\/4810335-6a96ed29697621de2a5d6-a980-4264-91f3-11610ab4265c-rule-mo-1600-768x576.jpg 768w, https:\/\/ford-sachsen.de\/html\/page\/wp-content\/uploads\/2026\/09\/4810335-6a96ed29697621de2a5d6-a980-4264-91f3-11610ab4265c-rule-mo-1600-1536x1152.jpg 1536w, https:\/\/ford-sachsen.de\/html\/page\/wp-content\/uploads\/2026\/09\/4810335-6a96ed29697621de2a5d6-a980-4264-91f3-11610ab4265c-rule-mo-1600.jpg 1600w\" sizes=\"(max-width: 300px) 100vw, 300px\" \/>                        <\/a>\n                    <\/div>\n                    <div class=\"vehicle-data\">\n                                                    <small>\n                                                                11.2025                                \u00b7\n                            <\/small>\n                                                                            <small>\n                                335 km\n                            <\/small>\n                                                                            <small>\n                                \u00b7\n                                100 kW\n                                                                (\n                                136 PS)\n                            <\/small>\n                                                                            <small>\n                                \u00b7\n                                Automatik                            <\/small>\n                                                                            <small>\n                                \u00b7\n                                Unfallfrei                            <\/small>\n                        \n                                                    <small>\n                                \u00b7\n                                Elektro                            <\/small>\n                                                                                                                            <small>\n                                \u00b7\n                                4\/5 T\u00fcren\n                            <\/small>\n                                                <ul class=\"vehicle-emission\">\n                                                                                     \n                                       \n  <!-- CO2-Emissionen\t-->\n                                        <!-- CO2-Emissionen\t-->\n                   \n \n                         <span>CO\u2082-Klasse: \n                                    D                                <\/span><br>\n                    \n\n\n                <\/ul>\n\n                    <\/div>\n\n                    <div class=\"vehicle-price\">\n                                                    <div itemprop=\"priceSpecification\" itemscope itemtype=\"http:\/\/schema.org\/UnitPriceSpecification\">\n                                <meta itemprop=\"priceCurrency\" content=\"EUR\">\n                                <meta itemprop=\"price\" content=\"32.836\">\n                                <strong>\n                                    32.836 \u20ac (Brutto)\n                                <\/strong><br><small>\n                                    Inkl. 19% MwSt.                                <\/small>\n                            <\/div>\n                                                <br>\n                        <a href=\"https:\/\/ford-sachsen.de\/html\/page\/fahrzeuge\/ford-e-transit-courier-trend-klima-pdcbeifahrer\/\"\n                            class=\"vehicle-btn wp-block-button__link wp-element-button\">Details<\/a>\n                    <\/div>\n                <\/div> <!-- \/\/ vehicle-row -->\n               \n            <\/article>\n                        <article id=\"post-4810327\" class=\"vehicle\">\n                <hgroup>\n                    <a href=\"https:\/\/ford-sachsen.de\/html\/page\/fahrzeuge\/ford-puma-st-line-winterpaketnaviled-digitales-cock\/\">\n                        <h2 class=\"vehicle-title\">\n                            Ford Puma ST-Line WINTERPAKET+NAVI+LED Digitales Cock                        <\/h2>\n\n                    <\/a>\n                <\/hgroup>\n                <span class=\"vehicle-addition\">\n                    <p>\n                        SUV\/Gel\u00e4ndewagen\/Pickup ,\n                        Gebrauchtfahrzeug                    <\/p>\n                <\/span>\n                <div class=\"vehicle-row\">\n                    <div class=\"vehicle-thumbnail\">\n                        <a href=\"https:\/\/ford-sachsen.de\/html\/page\/fahrzeuge\/ford-puma-st-line-winterpaketnaviled-digitales-cock\/\" title=\"Ford Puma ST-Line WINTERPAKET+NAVI+LED Digitales Cock\">\n                            <img loading=\"lazy\" decoding=\"async\" width=\"300\" height=\"225\" src=\"https:\/\/ford-sachsen.de\/html\/page\/wp-content\/uploads\/2026\/09\/4810327-6a96ecb4114fdab129880-301d-4fed-b562-8ee44356e0f6-rule-mo-1600-300x225.jpg\" class=\"attachment-medium size-medium wp-post-image\" alt=\"\" srcset=\"https:\/\/ford-sachsen.de\/html\/page\/wp-content\/uploads\/2026\/09\/4810327-6a96ecb4114fdab129880-301d-4fed-b562-8ee44356e0f6-rule-mo-1600-300x225.jpg 300w, https:\/\/ford-sachsen.de\/html\/page\/wp-content\/uploads\/2026\/09\/4810327-6a96ecb4114fdab129880-301d-4fed-b562-8ee44356e0f6-rule-mo-1600-1024x768.jpg 1024w, https:\/\/ford-sachsen.de\/html\/page\/wp-content\/uploads\/2026\/09\/4810327-6a96ecb4114fdab129880-301d-4fed-b562-8ee44356e0f6-rule-mo-1600-768x576.jpg 768w, https:\/\/ford-sachsen.de\/html\/page\/wp-content\/uploads\/2026\/09\/4810327-6a96ecb4114fdab129880-301d-4fed-b562-8ee44356e0f6-rule-mo-1600.jpg 1440w\" sizes=\"(max-width: 300px) 100vw, 300px\" \/>                        <\/a>\n                    <\/div>\n                    <div class=\"vehicle-data\">\n                                                    <small>\n                                                                04.2026                                \u00b7\n                            <\/small>\n                                                                            <small>\n                                25 km\n                            <\/small>\n                                                                            <small>\n                                \u00b7\n                                92 kW\n                                                                (\n                                125 PS)\n                            <\/small>\n                                                                            <small>\n                                \u00b7\n                                Schaltgetriebe                            <\/small>\n                                                                            <small>\n                                \u00b7\n                                Unfallfrei                            <\/small>\n                        \n                                                    <small>\n                                \u00b7\n                                Benzin                            <\/small>\n                                                                                                                            <small>\n                                \u00b7\n                                4\/5 T\u00fcren\n                            <\/small>\n                                                <ul class=\"vehicle-emission\">\n                                                 <span>Verbrauch komb.: \n                                    6.0                                 l\/100km<\/span><br>\n                                                                                \n                                       \n  <!-- CO2-Emissionen\t-->\n                                            <span>CO\u2082-Emissionen komb.: 135.0                                 g\/km<\/span><br>\n                                        <!-- CO2-Emissionen\t-->\n                   \n \n                         <span>CO\u2082-Klasse: \n                                    D                                <\/span><br>\n                    \n\n\n                <\/ul>\n\n                    <\/div>\n\n                    <div class=\"vehicle-price\">\n                                                    <div itemprop=\"priceSpecification\" itemscope itemtype=\"http:\/\/schema.org\/UnitPriceSpecification\">\n                                <meta itemprop=\"priceCurrency\" content=\"EUR\">\n                                <meta itemprop=\"price\" content=\"24.390\">\n                                <strong>\n                                    24.390 \u20ac (Brutto)\n                                <\/strong><br><small>\n                                    Inkl. 19% MwSt.                                <\/small>\n                            <\/div>\n                                                <br>\n                        <a href=\"https:\/\/ford-sachsen.de\/html\/page\/fahrzeuge\/ford-puma-st-line-winterpaketnaviled-digitales-cock\/\"\n                            class=\"vehicle-btn wp-block-button__link wp-element-button\">Details<\/a>\n                    <\/div>\n                <\/div> <!-- \/\/ vehicle-row -->\n               \n            <\/article>\n                        <article id=\"post-4810325\" class=\"vehicle\">\n                <hgroup>\n                    <a href=\"https:\/\/ford-sachsen.de\/html\/page\/fahrzeuge\/ford-ecosport-st-line-bi-xenonkamerawinter-paketb\/\">\n                        <h2 class=\"vehicle-title\">\n                            Ford EcoSport ST-Line BI-XENON+KAMERA+WINTER-PAKET+B&amp;                        <\/h2>\n\n                    <\/a>\n                <\/hgroup>\n                <span class=\"vehicle-addition\">\n                    <p>\n                        SUV\/Gel\u00e4ndewagen\/Pickup ,\n                        Gebrauchtfahrzeug                    <\/p>\n                <\/span>\n                <div class=\"vehicle-row\">\n                    <div class=\"vehicle-thumbnail\">\n                        <a href=\"https:\/\/ford-sachsen.de\/html\/page\/fahrzeuge\/ford-ecosport-st-line-bi-xenonkamerawinter-paketb\/\" title=\"Ford EcoSport ST-Line BI-XENON+KAMERA+WINTER-PAKET+B&amp;\">\n                            <img loading=\"lazy\" decoding=\"async\" width=\"300\" height=\"225\" src=\"https:\/\/ford-sachsen.de\/html\/page\/wp-content\/uploads\/2026\/09\/4810325-6a96ecb198a5588c6ceff-1953-4f1e-a0a0-1cc280fa6eb8-rule-mo-1600-300x225.jpg\" class=\"attachment-medium size-medium wp-post-image\" alt=\"\" srcset=\"https:\/\/ford-sachsen.de\/html\/page\/wp-content\/uploads\/2026\/09\/4810325-6a96ecb198a5588c6ceff-1953-4f1e-a0a0-1cc280fa6eb8-rule-mo-1600-300x225.jpg 300w, https:\/\/ford-sachsen.de\/html\/page\/wp-content\/uploads\/2026\/09\/4810325-6a96ecb198a5588c6ceff-1953-4f1e-a0a0-1cc280fa6eb8-rule-mo-1600-1024x768.jpg 1024w, https:\/\/ford-sachsen.de\/html\/page\/wp-content\/uploads\/2026\/09\/4810325-6a96ecb198a5588c6ceff-1953-4f1e-a0a0-1cc280fa6eb8-rule-mo-1600-768x576.jpg 768w, https:\/\/ford-sachsen.de\/html\/page\/wp-content\/uploads\/2026\/09\/4810325-6a96ecb198a5588c6ceff-1953-4f1e-a0a0-1cc280fa6eb8-rule-mo-1600.jpg 1440w\" sizes=\"(max-width: 300px) 100vw, 300px\" \/>                        <\/a>\n                    <\/div>\n                    <div class=\"vehicle-data\">\n                                                    <small>\n                                                                09.2018                                \u00b7\n                            <\/small>\n                                                                            <small>\n                                38.265 km\n                            <\/small>\n                                                                            <small>\n                                \u00b7\n                                92 kW\n                                                                (\n                                125 PS)\n                            <\/small>\n                                                                            <small>\n                                \u00b7\n                                Schaltgetriebe                            <\/small>\n                                                                            <small>\n                                \u00b7\n                                Unfallfrei                            <\/small>\n                        \n                                                    <small>\n                                \u00b7\n                                Benzin                            <\/small>\n                                                                                                                            <small>\n                                \u00b7\n                                4\/5 T\u00fcren\n                            <\/small>\n                                                <ul class=\"vehicle-emission\">\n                                                                                     \n                                       \n  <!-- CO2-Emissionen\t-->\n                                        <!-- CO2-Emissionen\t-->\n                   \n \n \n\n\n                <\/ul>\n\n                    <\/div>\n\n                    <div class=\"vehicle-price\">\n                                                    <div itemprop=\"priceSpecification\" itemscope itemtype=\"http:\/\/schema.org\/UnitPriceSpecification\">\n                                <meta itemprop=\"priceCurrency\" content=\"EUR\">\n                                <meta itemprop=\"price\" content=\"14.490\">\n                                <strong>\n                                    14.490 \u20ac (Brutto)\n                                <\/strong><br><small>\n                                    MwSt. nicht ausweisbar                                <\/small>\n                            <\/div>\n                                                <br>\n                        <a href=\"https:\/\/ford-sachsen.de\/html\/page\/fahrzeuge\/ford-ecosport-st-line-bi-xenonkamerawinter-paketb\/\"\n                            class=\"vehicle-btn wp-block-button__link wp-element-button\">Details<\/a>\n                    <\/div>\n                <\/div> <!-- \/\/ vehicle-row -->\n               \n            <\/article>\n                        <article id=\"post-4810323\" class=\"vehicle\">\n                <hgroup>\n                    <a href=\"https:\/\/ford-sachsen.de\/html\/page\/fahrzeuge\/ford-transit-custom-kastenwagen-trend-320-l1-navi-app\/\">\n                        <h2 class=\"vehicle-title\">\n                            Ford Transit Custom Kastenwagen Trend 320 L1 Navi App                        <\/h2>\n\n                    <\/a>\n                <\/hgroup>\n                <span class=\"vehicle-addition\">\n                    <p>\n                        Andere ,\n                        Neufahrzeug                    <\/p>\n                <\/span>\n                <div class=\"vehicle-row\">\n                    <div class=\"vehicle-thumbnail\">\n                        <a href=\"https:\/\/ford-sachsen.de\/html\/page\/fahrzeuge\/ford-transit-custom-kastenwagen-trend-320-l1-navi-app\/\" title=\"Ford Transit Custom Kastenwagen Trend 320 L1 Navi App\">\n                            <img loading=\"lazy\" decoding=\"async\" width=\"300\" height=\"225\" src=\"https:\/\/ford-sachsen.de\/html\/page\/wp-content\/uploads\/2026\/09\/4810323-6a96ecaf532446ae50d17-1a74-4b8f-a20b-692be2498153-rule-mo-1600-300x225.jpg\" class=\"attachment-medium size-medium wp-post-image\" alt=\"\" srcset=\"https:\/\/ford-sachsen.de\/html\/page\/wp-content\/uploads\/2026\/09\/4810323-6a96ecaf532446ae50d17-1a74-4b8f-a20b-692be2498153-rule-mo-1600-300x225.jpg 300w, https:\/\/ford-sachsen.de\/html\/page\/wp-content\/uploads\/2026\/09\/4810323-6a96ecaf532446ae50d17-1a74-4b8f-a20b-692be2498153-rule-mo-1600-1024x768.jpg 1024w, https:\/\/ford-sachsen.de\/html\/page\/wp-content\/uploads\/2026\/09\/4810323-6a96ecaf532446ae50d17-1a74-4b8f-a20b-692be2498153-rule-mo-1600-768x576.jpg 768w, https:\/\/ford-sachsen.de\/html\/page\/wp-content\/uploads\/2026\/09\/4810323-6a96ecaf532446ae50d17-1a74-4b8f-a20b-692be2498153-rule-mo-1600.jpg 1440w\" sizes=\"(max-width: 300px) 100vw, 300px\" \/>                        <\/a>\n                    <\/div>\n                    <div class=\"vehicle-data\">\n                                                                            <small>\n                                2 km\n                            <\/small>\n                                                                            <small>\n                                \u00b7\n                                100 kW\n                                                                (\n                                136 PS)\n                            <\/small>\n                                                                            <small>\n                                \u00b7\n                                Automatik                            <\/small>\n                                                                            <small>\n                                \u00b7\n                                Unfallfrei                            <\/small>\n                        \n                                                    <small>\n                                \u00b7\n                                Diesel                            <\/small>\n                                                                                                                            <small>\n                                \u00b7\n                                4\/5 T\u00fcren\n                            <\/small>\n                                                <ul class=\"vehicle-emission\">\n                                                 <span>Verbrauch komb.: \n                                    7.7                                 l\/100km<\/span><br>\n                                                                                \n                                       \n  <!-- CO2-Emissionen\t-->\n                                            <span>CO\u2082-Emissionen komb.: 201.0                                 g\/km<\/span><br>\n                                        <!-- CO2-Emissionen\t-->\n                   \n \n                         <span>CO\u2082-Klasse: \n                                    G                                <\/span><br>\n                    \n\n\n                <\/ul>\n\n                    <\/div>\n\n                    <div class=\"vehicle-price\">\n                                                    <div itemprop=\"priceSpecification\" itemscope itemtype=\"http:\/\/schema.org\/UnitPriceSpecification\">\n                                <meta itemprop=\"priceCurrency\" content=\"EUR\">\n                                <meta itemprop=\"price\" content=\"43.995\">\n                                <strong>\n                                    43.995 \u20ac (Brutto)\n                                <\/strong><br><small>\n                                    Inkl. 19% MwSt.                                <\/small>\n                            <\/div>\n                                                <br>\n                        <a href=\"https:\/\/ford-sachsen.de\/html\/page\/fahrzeuge\/ford-transit-custom-kastenwagen-trend-320-l1-navi-app\/\"\n                            class=\"vehicle-btn wp-block-button__link wp-element-button\">Details<\/a>\n                    <\/div>\n                <\/div> <!-- \/\/ vehicle-row -->\n               \n            <\/article>\n                        <article id=\"post-4810315\" class=\"vehicle\">\n                <hgroup>\n                    <a href=\"https:\/\/ford-sachsen.de\/html\/page\/fahrzeuge\/ford-kuga-phev-bluecruise-edition-20-zoll-lmwinter-p\/\">\n                        <h2 class=\"vehicle-title\">\n                            Ford Kuga PHEV BlueCruise Edition 20 ZOLL LM+WINTER-P                        <\/h2>\n\n                    <\/a>\n                <\/hgroup>\n                <span class=\"vehicle-addition\">\n                    <p>\n                        Limousine ,\n                        Gebrauchtfahrzeug                    <\/p>\n                <\/span>\n                <div class=\"vehicle-row\">\n                    <div class=\"vehicle-thumbnail\">\n                        <a href=\"https:\/\/ford-sachsen.de\/html\/page\/fahrzeuge\/ford-kuga-phev-bluecruise-edition-20-zoll-lmwinter-p\/\" title=\"Ford Kuga PHEV BlueCruise Edition 20 ZOLL LM+WINTER-P\">\n                            <img loading=\"lazy\" decoding=\"async\" width=\"300\" height=\"225\" src=\"https:\/\/ford-sachsen.de\/html\/page\/wp-content\/uploads\/2026\/09\/4810315-6a96e9a20019e87441903-d0dd-4d12-9cfb-843c4330681e-rule-mo-1600-300x225.jpg\" class=\"attachment-medium size-medium wp-post-image\" alt=\"\" srcset=\"https:\/\/ford-sachsen.de\/html\/page\/wp-content\/uploads\/2026\/09\/4810315-6a96e9a20019e87441903-d0dd-4d12-9cfb-843c4330681e-rule-mo-1600-300x225.jpg 300w, https:\/\/ford-sachsen.de\/html\/page\/wp-content\/uploads\/2026\/09\/4810315-6a96e9a20019e87441903-d0dd-4d12-9cfb-843c4330681e-rule-mo-1600-1024x768.jpg 1024w, https:\/\/ford-sachsen.de\/html\/page\/wp-content\/uploads\/2026\/09\/4810315-6a96e9a20019e87441903-d0dd-4d12-9cfb-843c4330681e-rule-mo-1600-768x576.jpg 768w, https:\/\/ford-sachsen.de\/html\/page\/wp-content\/uploads\/2026\/09\/4810315-6a96e9a20019e87441903-d0dd-4d12-9cfb-843c4330681e-rule-mo-1600.jpg 1440w\" sizes=\"(max-width: 300px) 100vw, 300px\" \/>                        <\/a>\n                    <\/div>\n                    <div class=\"vehicle-data\">\n                                                    <small>\n                                                                08.2026                                \u00b7\n                            <\/small>\n                                                                            <small>\n                                25 km\n                            <\/small>\n                                                                            <small>\n                                \u00b7\n                                178 kW\n                                                                (\n                                242 PS)\n                            <\/small>\n                                                                            <small>\n                                \u00b7\n                                Automatik                            <\/small>\n                                                                            <small>\n                                \u00b7\n                                Unfallfrei                            <\/small>\n                        \n                                                    <small>\n                                \u00b7\n                                Plug-in-Hybrid                            <\/small>\n                                                                                                                            <small>\n                                \u00b7\n                                4\/5 T\u00fcren\n                            <\/small>\n                                                <ul class=\"vehicle-emission\">\n                                                <span>Kraftstoffverbrauch gewichtet, kombiniert: \n                                    2.9                                 l\/100km<\/span><br>\n                                             <span>Verbrauch komb.: \n                                    5.3                                 l\/100km<\/span><br>\n                                                                <span>Stromverbrauch gewichtet, kombiniert: \n                                    1.4                                 kWh\/100km<\/span><br>\n                                                            \n                                       \n  <!-- CO2-Emissionen\t-->\n                                            <span>CO\u2082-Emissionen komb.: 58.0                                 g\/km<\/span><br>\n                                        <!-- CO2-Emissionen\t-->\n                   \n \n                         <span>CO\u2082-Klasse: \n                                    B                                <\/span><br>\n                    \n\n\n                <\/ul>\n\n                    <\/div>\n\n                    <div class=\"vehicle-price\">\n                                                    <div itemprop=\"priceSpecification\" itemscope itemtype=\"http:\/\/schema.org\/UnitPriceSpecification\">\n                                <meta itemprop=\"priceCurrency\" content=\"EUR\">\n                                <meta itemprop=\"price\" content=\"48.490\">\n                                <strong>\n                                    48.490 \u20ac (Brutto)\n                                <\/strong><br><small>\n                                    Inkl. 19% MwSt.                                <\/small>\n                            <\/div>\n                                                <br>\n                        <a href=\"https:\/\/ford-sachsen.de\/html\/page\/fahrzeuge\/ford-kuga-phev-bluecruise-edition-20-zoll-lmwinter-p\/\"\n                            class=\"vehicle-btn wp-block-button__link wp-element-button\">Details<\/a>\n                    <\/div>\n                <\/div> <!-- \/\/ vehicle-row -->\n               \n            <\/article>\n                        <article id=\"post-4810313\" class=\"vehicle\">\n                <hgroup>\n                    <a href=\"https:\/\/ford-sachsen.de\/html\/page\/fahrzeuge\/ford-tourneo-custom-bus-320-l1-titanium-fwd-titanium-2\/\">\n                        <h2 class=\"vehicle-title\">\n                            Ford Tourneo Custom Bus 320 L1 Titanium FWD Titanium                        <\/h2>\n\n                    <\/a>\n                <\/hgroup>\n                <span class=\"vehicle-addition\">\n                    <p>\n                        Van\/Minibus ,\n                        Neufahrzeug                    <\/p>\n                <\/span>\n                <div class=\"vehicle-row\">\n                    <div class=\"vehicle-thumbnail\">\n                        <a href=\"https:\/\/ford-sachsen.de\/html\/page\/fahrzeuge\/ford-tourneo-custom-bus-320-l1-titanium-fwd-titanium-2\/\" title=\"Ford Tourneo Custom Bus 320 L1 Titanium FWD Titanium\">\n                            <img loading=\"lazy\" decoding=\"async\" width=\"300\" height=\"225\" src=\"https:\/\/ford-sachsen.de\/html\/page\/wp-content\/uploads\/2026\/09\/4810313-6a96e9a001b7410f0b5bf-596f-49da-8ef6-f762e2b3827c-rule-mo-1600-300x225.jpg\" class=\"attachment-medium size-medium wp-post-image\" alt=\"\" srcset=\"https:\/\/ford-sachsen.de\/html\/page\/wp-content\/uploads\/2026\/09\/4810313-6a96e9a001b7410f0b5bf-596f-49da-8ef6-f762e2b3827c-rule-mo-1600-300x225.jpg 300w, https:\/\/ford-sachsen.de\/html\/page\/wp-content\/uploads\/2026\/09\/4810313-6a96e9a001b7410f0b5bf-596f-49da-8ef6-f762e2b3827c-rule-mo-1600-1024x768.jpg 1024w, https:\/\/ford-sachsen.de\/html\/page\/wp-content\/uploads\/2026\/09\/4810313-6a96e9a001b7410f0b5bf-596f-49da-8ef6-f762e2b3827c-rule-mo-1600-768x576.jpg 768w, https:\/\/ford-sachsen.de\/html\/page\/wp-content\/uploads\/2026\/09\/4810313-6a96e9a001b7410f0b5bf-596f-49da-8ef6-f762e2b3827c-rule-mo-1600.jpg 1440w\" sizes=\"(max-width: 300px) 100vw, 300px\" \/>                        <\/a>\n                    <\/div>\n                    <div class=\"vehicle-data\">\n                                                                            <small>\n                                2 km\n                            <\/small>\n                                                                            <small>\n                                \u00b7\n                                124 kW\n                                                                (\n                                169 PS)\n                            <\/small>\n                                                                            <small>\n                                \u00b7\n                                Automatik                            <\/small>\n                                                                            <small>\n                                \u00b7\n                                Unfallfrei                            <\/small>\n                        \n                                                    <small>\n                                \u00b7\n                                Diesel                            <\/small>\n                                                                                                                            <small>\n                                \u00b7\n                                4\/5 T\u00fcren\n                            <\/small>\n                                                <ul class=\"vehicle-emission\">\n                                                 <span>Verbrauch komb.: \n                                    8.1                                 l\/100km<\/span><br>\n                                                                                \n                                       \n  <!-- CO2-Emissionen\t-->\n                                            <span>CO\u2082-Emissionen komb.: 212.0                                 g\/km<\/span><br>\n                                        <!-- CO2-Emissionen\t-->\n                   \n \n                         <span>CO\u2082-Klasse: \n                                    G                                <\/span><br>\n                    \n\n\n                <\/ul>\n\n                    <\/div>\n\n                    <div class=\"vehicle-price\">\n                                                    <div itemprop=\"priceSpecification\" itemscope itemtype=\"http:\/\/schema.org\/UnitPriceSpecification\">\n                                <meta itemprop=\"priceCurrency\" content=\"EUR\">\n                                <meta itemprop=\"price\" content=\"52.999\">\n                                <strong>\n                                    52.999 \u20ac (Brutto)\n                                <\/strong><br><small>\n                                    Inkl. 19% MwSt.                                <\/small>\n                            <\/div>\n                                                <br>\n                        <a href=\"https:\/\/ford-sachsen.de\/html\/page\/fahrzeuge\/ford-tourneo-custom-bus-320-l1-titanium-fwd-titanium-2\/\"\n                            class=\"vehicle-btn wp-block-button__link wp-element-button\">Details<\/a>\n                    <\/div>\n                <\/div> <!-- \/\/ vehicle-row -->\n               \n            <\/article>\n                        <article id=\"post-4810307\" class=\"vehicle\">\n                <hgroup>\n                    <a href=\"https:\/\/ford-sachsen.de\/html\/page\/fahrzeuge\/ford-tourneo-custom-bus-westfalia-business-edition-6s\/\">\n                        <h2 class=\"vehicle-title\">\n                            Ford Tourneo Custom BUS WESTFALIA BUSINESS EDITION 6S                        <\/h2>\n\n                    <\/a>\n                <\/hgroup>\n                <span class=\"vehicle-addition\">\n                    <p>\n                        Van\/Minibus ,\n                        Gebrauchtfahrzeug                    <\/p>\n                <\/span>\n                <div class=\"vehicle-row\">\n                    <div class=\"vehicle-thumbnail\">\n                        <a href=\"https:\/\/ford-sachsen.de\/html\/page\/fahrzeuge\/ford-tourneo-custom-bus-westfalia-business-edition-6s\/\" title=\"Ford Tourneo Custom BUS WESTFALIA BUSINESS EDITION 6S\">\n                            <img loading=\"lazy\" decoding=\"async\" width=\"300\" height=\"225\" src=\"https:\/\/ford-sachsen.de\/html\/page\/wp-content\/uploads\/2026\/09\/4810307-6a96e89fee238391b6d85-181c-4625-a6cf-d40c09423a07-rule-mo-1600-300x225.jpg\" class=\"attachment-medium size-medium wp-post-image\" alt=\"\" srcset=\"https:\/\/ford-sachsen.de\/html\/page\/wp-content\/uploads\/2026\/09\/4810307-6a96e89fee238391b6d85-181c-4625-a6cf-d40c09423a07-rule-mo-1600-300x225.jpg 300w, https:\/\/ford-sachsen.de\/html\/page\/wp-content\/uploads\/2026\/09\/4810307-6a96e89fee238391b6d85-181c-4625-a6cf-d40c09423a07-rule-mo-1600-1024x768.jpg 1024w, https:\/\/ford-sachsen.de\/html\/page\/wp-content\/uploads\/2026\/09\/4810307-6a96e89fee238391b6d85-181c-4625-a6cf-d40c09423a07-rule-mo-1600-768x576.jpg 768w, https:\/\/ford-sachsen.de\/html\/page\/wp-content\/uploads\/2026\/09\/4810307-6a96e89fee238391b6d85-181c-4625-a6cf-d40c09423a07-rule-mo-1600.jpg 1440w\" sizes=\"(max-width: 300px) 100vw, 300px\" \/>                        <\/a>\n                    <\/div>\n                    <div class=\"vehicle-data\">\n                                                    <small>\n                                                                10.2015                                \u00b7\n                            <\/small>\n                                                                            <small>\n                                110.715 km\n                            <\/small>\n                                                                            <small>\n                                \u00b7\n                                114 kW\n                                                                (\n                                155 PS)\n                            <\/small>\n                                                                            <small>\n                                \u00b7\n                                Schaltgetriebe                            <\/small>\n                                                                            <small>\n                                \u00b7\n                                Unfallfrei                            <\/small>\n                        \n                                                    <small>\n                                \u00b7\n                                Diesel                            <\/small>\n                                                                                                                            <small>\n                                \u00b7\n                                4\/5 T\u00fcren\n                            <\/small>\n                                                <ul class=\"vehicle-emission\">\n                                                                                     \n                                       \n  <!-- CO2-Emissionen\t-->\n                                        <!-- CO2-Emissionen\t-->\n                   \n \n \n\n\n                <\/ul>\n\n                    <\/div>\n\n                    <div class=\"vehicle-price\">\n                                                    <div itemprop=\"priceSpecification\" itemscope itemtype=\"http:\/\/schema.org\/UnitPriceSpecification\">\n                                <meta itemprop=\"priceCurrency\" content=\"EUR\">\n                                <meta itemprop=\"price\" content=\"23.590\">\n                                <strong>\n                                    23.590 \u20ac (Brutto)\n                                <\/strong><br><small>\n                                    MwSt. nicht ausweisbar                                <\/small>\n                            <\/div>\n                                                <br>\n                        <a href=\"https:\/\/ford-sachsen.de\/html\/page\/fahrzeuge\/ford-tourneo-custom-bus-westfalia-business-edition-6s\/\"\n                            class=\"vehicle-btn wp-block-button__link wp-element-button\">Details<\/a>\n                    <\/div>\n                <\/div> <!-- \/\/ vehicle-row -->\n               \n            <\/article>\n                        <article id=\"post-4810305\" class=\"vehicle\">\n                <hgroup>\n                    <a href=\"https:\/\/ford-sachsen.de\/html\/page\/fahrzeuge\/ford-transit-custom-kastenwagen-trend-320-l1-8-gang-a\/\">\n                        <h2 class=\"vehicle-title\">\n                            Ford Transit Custom Kastenwagen Trend 320 L1 8-Gang-A                        <\/h2>\n\n                    <\/a>\n                <\/hgroup>\n                <span class=\"vehicle-addition\">\n                    <p>\n                        Andere ,\n                        Neufahrzeug                    <\/p>\n                <\/span>\n                <div class=\"vehicle-row\">\n                    <div class=\"vehicle-thumbnail\">\n                        <a href=\"https:\/\/ford-sachsen.de\/html\/page\/fahrzeuge\/ford-transit-custom-kastenwagen-trend-320-l1-8-gang-a\/\" title=\"Ford Transit Custom Kastenwagen Trend 320 L1 8-Gang-A\">\n                            <img loading=\"lazy\" decoding=\"async\" width=\"300\" height=\"225\" src=\"https:\/\/ford-sachsen.de\/html\/page\/wp-content\/uploads\/2026\/09\/4810305-6a96e89da59c18e5d64b5-828b-46a0-8bdb-bcb7f8c56288-rule-mo-1600-300x225.jpg\" class=\"attachment-medium size-medium wp-post-image\" alt=\"\" srcset=\"https:\/\/ford-sachsen.de\/html\/page\/wp-content\/uploads\/2026\/09\/4810305-6a96e89da59c18e5d64b5-828b-46a0-8bdb-bcb7f8c56288-rule-mo-1600-300x225.jpg 300w, https:\/\/ford-sachsen.de\/html\/page\/wp-content\/uploads\/2026\/09\/4810305-6a96e89da59c18e5d64b5-828b-46a0-8bdb-bcb7f8c56288-rule-mo-1600-1024x768.jpg 1024w, https:\/\/ford-sachsen.de\/html\/page\/wp-content\/uploads\/2026\/09\/4810305-6a96e89da59c18e5d64b5-828b-46a0-8bdb-bcb7f8c56288-rule-mo-1600-768x576.jpg 768w, https:\/\/ford-sachsen.de\/html\/page\/wp-content\/uploads\/2026\/09\/4810305-6a96e89da59c18e5d64b5-828b-46a0-8bdb-bcb7f8c56288-rule-mo-1600.jpg 1440w\" sizes=\"(max-width: 300px) 100vw, 300px\" \/>                        <\/a>\n                    <\/div>\n                    <div class=\"vehicle-data\">\n                                                                            <small>\n                                2 km\n                            <\/small>\n                                                                            <small>\n                                \u00b7\n                                100 kW\n                                                                (\n                                136 PS)\n                            <\/small>\n                                                                            <small>\n                                \u00b7\n                                Automatik                            <\/small>\n                                                                            <small>\n                                \u00b7\n                                Unfallfrei                            <\/small>\n                        \n                                                    <small>\n                                \u00b7\n                                Diesel                            <\/small>\n                                                                                                                            <small>\n                                \u00b7\n                                4\/5 T\u00fcren\n                            <\/small>\n                                                <ul class=\"vehicle-emission\">\n                                                 <span>Verbrauch komb.: \n                                    7.7                                 l\/100km<\/span><br>\n                                                                                \n                                       \n  <!-- CO2-Emissionen\t-->\n                                            <span>CO\u2082-Emissionen komb.: 201.0                                 g\/km<\/span><br>\n                                        <!-- CO2-Emissionen\t-->\n                   \n \n                         <span>CO\u2082-Klasse: \n                                    G                                <\/span><br>\n                    \n\n\n                <\/ul>\n\n                    <\/div>\n\n                    <div class=\"vehicle-price\">\n                                                    <div itemprop=\"priceSpecification\" itemscope itemtype=\"http:\/\/schema.org\/UnitPriceSpecification\">\n                                <meta itemprop=\"priceCurrency\" content=\"EUR\">\n                                <meta itemprop=\"price\" content=\"43.444\">\n                                <strong>\n                                    43.444 \u20ac (Brutto)\n                                <\/strong><br><small>\n                                    Inkl. 19% MwSt.                                <\/small>\n                            <\/div>\n                                                <br>\n                        <a href=\"https:\/\/ford-sachsen.de\/html\/page\/fahrzeuge\/ford-transit-custom-kastenwagen-trend-320-l1-8-gang-a\/\"\n                            class=\"vehicle-btn wp-block-button__link wp-element-button\">Details<\/a>\n                    <\/div>\n                <\/div> <!-- \/\/ vehicle-row -->\n               \n            <\/article>\n                        <article id=\"post-4810299\" class=\"vehicle\">\n                <hgroup>\n                    <a href=\"https:\/\/ford-sachsen.de\/html\/page\/fahrzeuge\/ford-kuga-phev-st-line-gjrkeyfreenavi-digitales-coc\/\">\n                        <h2 class=\"vehicle-title\">\n                            Ford Kuga PHEV ST-Line GJR+KEYFREE+Navi Digitales Coc                        <\/h2>\n\n                    <\/a>\n                <\/hgroup>\n                <span class=\"vehicle-addition\">\n                    <p>\n                        SUV\/Gel\u00e4ndewagen\/Pickup ,\n                        Gebrauchtfahrzeug                    <\/p>\n                <\/span>\n                <div class=\"vehicle-row\">\n                    <div class=\"vehicle-thumbnail\">\n                        <a href=\"https:\/\/ford-sachsen.de\/html\/page\/fahrzeuge\/ford-kuga-phev-st-line-gjrkeyfreenavi-digitales-coc\/\" title=\"Ford Kuga PHEV ST-Line GJR+KEYFREE+Navi Digitales Coc\">\n                            <img loading=\"lazy\" decoding=\"async\" width=\"300\" height=\"225\" src=\"https:\/\/ford-sachsen.de\/html\/page\/wp-content\/uploads\/2026\/09\/4810299-6a96e7a4558ae62dba34c-2fc0-4a68-95d5-cfc4bbf4a950-rule-mo-1600-300x225.jpg\" class=\"attachment-medium size-medium wp-post-image\" alt=\"\" srcset=\"https:\/\/ford-sachsen.de\/html\/page\/wp-content\/uploads\/2026\/09\/4810299-6a96e7a4558ae62dba34c-2fc0-4a68-95d5-cfc4bbf4a950-rule-mo-1600-300x225.jpg 300w, https:\/\/ford-sachsen.de\/html\/page\/wp-content\/uploads\/2026\/09\/4810299-6a96e7a4558ae62dba34c-2fc0-4a68-95d5-cfc4bbf4a950-rule-mo-1600-1024x768.jpg 1024w, https:\/\/ford-sachsen.de\/html\/page\/wp-content\/uploads\/2026\/09\/4810299-6a96e7a4558ae62dba34c-2fc0-4a68-95d5-cfc4bbf4a950-rule-mo-1600-768x576.jpg 768w, https:\/\/ford-sachsen.de\/html\/page\/wp-content\/uploads\/2026\/09\/4810299-6a96e7a4558ae62dba34c-2fc0-4a68-95d5-cfc4bbf4a950-rule-mo-1600.jpg 1440w\" sizes=\"(max-width: 300px) 100vw, 300px\" \/>                        <\/a>\n                    <\/div>\n                    <div class=\"vehicle-data\">\n                                                    <small>\n                                                                06.2022                                \u00b7\n                            <\/small>\n                                                                            <small>\n                                27.128 km\n                            <\/small>\n                                                                            <small>\n                                \u00b7\n                                165 kW\n                                                                (\n                                224 PS)\n                            <\/small>\n                                                                            <small>\n                                \u00b7\n                                Automatik                            <\/small>\n                                                                            <small>\n                                \u00b7\n                                Unfallfrei                            <\/small>\n                        \n                                                    <small>\n                                \u00b7\n                                Plug-in-Hybrid                            <\/small>\n                                                                                                                            <small>\n                                \u00b7\n                                4\/5 T\u00fcren\n                            <\/small>\n                                                <ul class=\"vehicle-emission\">\n                                                                                     \n                                       \n  <!-- CO2-Emissionen\t-->\n                                        <!-- CO2-Emissionen\t-->\n                   \n \n \n\n\n                <\/ul>\n\n                    <\/div>\n\n                    <div class=\"vehicle-price\">\n                                                    <div itemprop=\"priceSpecification\" itemscope itemtype=\"http:\/\/schema.org\/UnitPriceSpecification\">\n                                <meta itemprop=\"priceCurrency\" content=\"EUR\">\n                                <meta itemprop=\"price\" content=\"21.990\">\n                                <strong>\n                                    21.990 \u20ac (Brutto)\n                                <\/strong><br><small>\n                                    Inkl. 19% MwSt.                                <\/small>\n                            <\/div>\n                                                <br>\n                        <a href=\"https:\/\/ford-sachsen.de\/html\/page\/fahrzeuge\/ford-kuga-phev-st-line-gjrkeyfreenavi-digitales-coc\/\"\n                            class=\"vehicle-btn wp-block-button__link wp-element-button\">Details<\/a>\n                    <\/div>\n                <\/div> <!-- \/\/ vehicle-row -->\n               \n            <\/article>\n                        <article id=\"post-4810297\" class=\"vehicle\">\n                <hgroup>\n                    <a href=\"https:\/\/ford-sachsen.de\/html\/page\/fahrzeuge\/ford-tourneo-custom-320-l2-ms-rt-awd-exclusive-paket\/\">\n                        <h2 class=\"vehicle-title\">\n                            Ford Tourneo Custom 320 L2 MS-RT AWD EXCLUSIVE-PAKET+                        <\/h2>\n\n                    <\/a>\n                <\/hgroup>\n                <span class=\"vehicle-addition\">\n                    <p>\n                        Limousine ,\n                        Gebrauchtfahrzeug                    <\/p>\n                <\/span>\n                <div class=\"vehicle-row\">\n                    <div class=\"vehicle-thumbnail\">\n                        <a href=\"https:\/\/ford-sachsen.de\/html\/page\/fahrzeuge\/ford-tourneo-custom-320-l2-ms-rt-awd-exclusive-paket\/\" title=\"Ford Tourneo Custom 320 L2 MS-RT AWD EXCLUSIVE-PAKET+\">\n                            <img loading=\"lazy\" decoding=\"async\" width=\"300\" height=\"225\" src=\"https:\/\/ford-sachsen.de\/html\/page\/wp-content\/uploads\/2026\/09\/4810297-6a96e7a216643b8d450af-521c-497e-8ea8-1e2c0ebabd16-rule-mo-1600-300x225.jpg\" class=\"attachment-medium size-medium wp-post-image\" alt=\"\" srcset=\"https:\/\/ford-sachsen.de\/html\/page\/wp-content\/uploads\/2026\/09\/4810297-6a96e7a216643b8d450af-521c-497e-8ea8-1e2c0ebabd16-rule-mo-1600-300x225.jpg 300w, https:\/\/ford-sachsen.de\/html\/page\/wp-content\/uploads\/2026\/09\/4810297-6a96e7a216643b8d450af-521c-497e-8ea8-1e2c0ebabd16-rule-mo-1600-1024x768.jpg 1024w, https:\/\/ford-sachsen.de\/html\/page\/wp-content\/uploads\/2026\/09\/4810297-6a96e7a216643b8d450af-521c-497e-8ea8-1e2c0ebabd16-rule-mo-1600-768x576.jpg 768w, https:\/\/ford-sachsen.de\/html\/page\/wp-content\/uploads\/2026\/09\/4810297-6a96e7a216643b8d450af-521c-497e-8ea8-1e2c0ebabd16-rule-mo-1600.jpg 1440w\" sizes=\"(max-width: 300px) 100vw, 300px\" \/>                        <\/a>\n                    <\/div>\n                    <div class=\"vehicle-data\">\n                                                    <small>\n                                                                08.2026                                \u00b7\n                            <\/small>\n                                                                            <small>\n                                25 km\n                            <\/small>\n                                                                            <small>\n                                \u00b7\n                                125 kW\n                                                                (\n                                170 PS)\n                            <\/small>\n                                                                            <small>\n                                \u00b7\n                                Automatik                            <\/small>\n                                                                            <small>\n                                \u00b7\n                                Unfallfrei                            <\/small>\n                        \n                                                    <small>\n                                \u00b7\n                                Diesel                            <\/small>\n                                                                                                                            <small>\n                                \u00b7\n                                4\/5 T\u00fcren\n                            <\/small>\n                                                <ul class=\"vehicle-emission\">\n                                                 <span>Verbrauch komb.: \n                                    8.9                                 l\/100km<\/span><br>\n                                                                                \n                                       \n  <!-- CO2-Emissionen\t-->\n                                            <span>CO\u2082-Emissionen komb.: 233.0                                 g\/km<\/span><br>\n                                        <!-- CO2-Emissionen\t-->\n                   \n \n                         <span>CO\u2082-Klasse: \n                                    G                                <\/span><br>\n                    \n\n\n                <\/ul>\n\n                    <\/div>\n\n                    <div class=\"vehicle-price\">\n                                                    <div itemprop=\"priceSpecification\" itemscope itemtype=\"http:\/\/schema.org\/UnitPriceSpecification\">\n                                <meta itemprop=\"priceCurrency\" content=\"EUR\">\n                                <meta itemprop=\"price\" content=\"81.490\">\n                                <strong>\n                                    81.490 \u20ac (Brutto)\n                                <\/strong><br><small>\n                                    Inkl. 19% MwSt.                                <\/small>\n                            <\/div>\n                                                <br>\n                        <a href=\"https:\/\/ford-sachsen.de\/html\/page\/fahrzeuge\/ford-tourneo-custom-320-l2-ms-rt-awd-exclusive-paket\/\"\n                            class=\"vehicle-btn wp-block-button__link wp-element-button\">Details<\/a>\n                    <\/div>\n                <\/div> <!-- \/\/ vehicle-row -->\n               \n            <\/article>\n                        <article id=\"post-4810295\" class=\"vehicle\">\n                <hgroup>\n                    <a href=\"https:\/\/ford-sachsen.de\/html\/page\/fahrzeuge\/ford-ranger-platinum-doka-standh-el-rollogelaendepak\/\">\n                        <h2 class=\"vehicle-title\">\n                            Ford Ranger Platinum DOKA STANDH.+EL.ROLLO+GEL\u00c4NDEPAK                        <\/h2>\n\n                    <\/a>\n                <\/hgroup>\n                <span class=\"vehicle-addition\">\n                    <p>\n                        SUV\/Gel\u00e4ndewagen\/Pickup ,\n                        Gebrauchtfahrzeug                    <\/p>\n                <\/span>\n                <div class=\"vehicle-row\">\n                    <div class=\"vehicle-thumbnail\">\n                        <a href=\"https:\/\/ford-sachsen.de\/html\/page\/fahrzeuge\/ford-ranger-platinum-doka-standh-el-rollogelaendepak\/\" title=\"Ford Ranger Platinum DOKA STANDH.+EL.ROLLO+GEL\u00c4NDEPAK\">\n                            <img loading=\"lazy\" decoding=\"async\" width=\"300\" height=\"225\" src=\"https:\/\/ford-sachsen.de\/html\/page\/wp-content\/uploads\/2026\/09\/4810295-6a96e79fbf3bdf0f25f17-8218-4c32-a8ea-3ac5323af1f4-rule-mo-1600-300x225.jpg\" class=\"attachment-medium size-medium wp-post-image\" alt=\"\" srcset=\"https:\/\/ford-sachsen.de\/html\/page\/wp-content\/uploads\/2026\/09\/4810295-6a96e79fbf3bdf0f25f17-8218-4c32-a8ea-3ac5323af1f4-rule-mo-1600-300x225.jpg 300w, https:\/\/ford-sachsen.de\/html\/page\/wp-content\/uploads\/2026\/09\/4810295-6a96e79fbf3bdf0f25f17-8218-4c32-a8ea-3ac5323af1f4-rule-mo-1600-1024x768.jpg 1024w, https:\/\/ford-sachsen.de\/html\/page\/wp-content\/uploads\/2026\/09\/4810295-6a96e79fbf3bdf0f25f17-8218-4c32-a8ea-3ac5323af1f4-rule-mo-1600-768x576.jpg 768w, https:\/\/ford-sachsen.de\/html\/page\/wp-content\/uploads\/2026\/09\/4810295-6a96e79fbf3bdf0f25f17-8218-4c32-a8ea-3ac5323af1f4-rule-mo-1600.jpg 1440w\" sizes=\"(max-width: 300px) 100vw, 300px\" \/>                        <\/a>\n                    <\/div>\n                    <div class=\"vehicle-data\">\n                                                    <small>\n                                                                08.2026                                \u00b7\n                            <\/small>\n                                                                            <small>\n                                25 km\n                            <\/small>\n                                                                            <small>\n                                \u00b7\n                                177 kW\n                                                                (\n                                241 PS)\n                            <\/small>\n                                                                            <small>\n                                \u00b7\n                                Automatik                            <\/small>\n                                                                            <small>\n                                \u00b7\n                                Unfallfrei                            <\/small>\n                        \n                                                    <small>\n                                \u00b7\n                                Diesel                            <\/small>\n                                                                                                                            <small>\n                                \u00b7\n                                4\/5 T\u00fcren\n                            <\/small>\n                                                <ul class=\"vehicle-emission\">\n                                                 <span>Verbrauch komb.: \n                                    10.2                                 l\/100km<\/span><br>\n                                                                                \n                                       \n  <!-- CO2-Emissionen\t-->\n                                            <span>CO\u2082-Emissionen komb.: 266.0                                 g\/km<\/span><br>\n                                        <!-- CO2-Emissionen\t-->\n                   \n \n                         <span>CO\u2082-Klasse: \n                                    G                                <\/span><br>\n                    \n\n\n                <\/ul>\n\n                    <\/div>\n\n                    <div class=\"vehicle-price\">\n                                                    <div itemprop=\"priceSpecification\" itemscope itemtype=\"http:\/\/schema.org\/UnitPriceSpecification\">\n                                <meta itemprop=\"priceCurrency\" content=\"EUR\">\n                                <meta itemprop=\"price\" content=\"59.490\">\n                                <strong>\n                                    59.490 \u20ac (Brutto)\n                                <\/strong><br><small>\n                                    Inkl. 19% MwSt.                                <\/small>\n                            <\/div>\n                                                <br>\n                        <a href=\"https:\/\/ford-sachsen.de\/html\/page\/fahrzeuge\/ford-ranger-platinum-doka-standh-el-rollogelaendepak\/\"\n                            class=\"vehicle-btn wp-block-button__link wp-element-button\">Details<\/a>\n                    <\/div>\n                <\/div> <!-- \/\/ vehicle-row -->\n               \n            <\/article>\n                        <article id=\"post-4810275\" class=\"vehicle\">\n                <hgroup>\n                    <a href=\"https:\/\/ford-sachsen.de\/html\/page\/fahrzeuge\/ford-ranger-wildtrak-e-4wd-doka-tageszulassung-aktion\/\">\n                        <h2 class=\"vehicle-title\">\n                            Ford Ranger Wildtrak e-4WD DoKa TAGESZULASSUNG-AKTION                        <\/h2>\n\n                    <\/a>\n                <\/hgroup>\n                <span class=\"vehicle-addition\">\n                    <p>\n                        SUV\/Gel\u00e4ndewagen\/Pickup ,\n                        Gebrauchtfahrzeug                    <\/p>\n                <\/span>\n                <div class=\"vehicle-row\">\n                    <div class=\"vehicle-thumbnail\">\n                        <a href=\"https:\/\/ford-sachsen.de\/html\/page\/fahrzeuge\/ford-ranger-wildtrak-e-4wd-doka-tageszulassung-aktion\/\" title=\"Ford Ranger Wildtrak e-4WD DoKa TAGESZULASSUNG-AKTION\">\n                            <img loading=\"lazy\" decoding=\"async\" width=\"300\" height=\"225\" src=\"https:\/\/ford-sachsen.de\/html\/page\/wp-content\/uploads\/2026\/09\/4810275-6a96e44e91b377f79927a-55c7-45ee-af70-81d4fc9150da-rule-mo-1600-300x225.jpg\" class=\"attachment-medium size-medium wp-post-image\" alt=\"\" srcset=\"https:\/\/ford-sachsen.de\/html\/page\/wp-content\/uploads\/2026\/09\/4810275-6a96e44e91b377f79927a-55c7-45ee-af70-81d4fc9150da-rule-mo-1600-300x225.jpg 300w, https:\/\/ford-sachsen.de\/html\/page\/wp-content\/uploads\/2026\/09\/4810275-6a96e44e91b377f79927a-55c7-45ee-af70-81d4fc9150da-rule-mo-1600-1024x768.jpg 1024w, https:\/\/ford-sachsen.de\/html\/page\/wp-content\/uploads\/2026\/09\/4810275-6a96e44e91b377f79927a-55c7-45ee-af70-81d4fc9150da-rule-mo-1600-768x576.jpg 768w, https:\/\/ford-sachsen.de\/html\/page\/wp-content\/uploads\/2026\/09\/4810275-6a96e44e91b377f79927a-55c7-45ee-af70-81d4fc9150da-rule-mo-1600.jpg 1440w\" sizes=\"(max-width: 300px) 100vw, 300px\" \/>                        <\/a>\n                    <\/div>\n                    <div class=\"vehicle-data\">\n                                                    <small>\n                                                                06.2026                                \u00b7\n                            <\/small>\n                                                                            <small>\n                                25 km\n                            <\/small>\n                                                                            <small>\n                                \u00b7\n                                177 kW\n                                                                (\n                                241 PS)\n                            <\/small>\n                                                                            <small>\n                                \u00b7\n                                Automatik                            <\/small>\n                                                                            <small>\n                                \u00b7\n                                Unfallfrei                            <\/small>\n                        \n                                                    <small>\n                                \u00b7\n                                Diesel                            <\/small>\n                                                                                                                            <small>\n                                \u00b7\n                                4\/5 T\u00fcren\n                            <\/small>\n                                                <ul class=\"vehicle-emission\">\n                                                 <span>Verbrauch komb.: \n                                    10.1                                 l\/100km<\/span><br>\n                                                                                \n                                       \n  <!-- CO2-Emissionen\t-->\n                                            <span>CO\u2082-Emissionen komb.: 265.0                                 g\/km<\/span><br>\n                                        <!-- CO2-Emissionen\t-->\n                   \n \n                         <span>CO\u2082-Klasse: \n                                    G                                <\/span><br>\n                    \n\n\n                <\/ul>\n\n                    <\/div>\n\n                    <div class=\"vehicle-price\">\n                                                    <div itemprop=\"priceSpecification\" itemscope itemtype=\"http:\/\/schema.org\/UnitPriceSpecification\">\n                                <meta itemprop=\"priceCurrency\" content=\"EUR\">\n                                <meta itemprop=\"price\" content=\"53.890\">\n                                <strong>\n                                    53.890 \u20ac (Brutto)\n                                <\/strong><br><small>\n                                    Inkl. 19% MwSt.                                <\/small>\n                            <\/div>\n                                                <br>\n                        <a href=\"https:\/\/ford-sachsen.de\/html\/page\/fahrzeuge\/ford-ranger-wildtrak-e-4wd-doka-tageszulassung-aktion\/\"\n                            class=\"vehicle-btn wp-block-button__link wp-element-button\">Details<\/a>\n                    <\/div>\n                <\/div> <!-- \/\/ vehicle-row -->\n               \n            <\/article>\n                        <article id=\"post-4810273\" class=\"vehicle\">\n                <hgroup>\n                    <a href=\"https:\/\/ford-sachsen.de\/html\/page\/fahrzeuge\/jaecoo-j7-exclusive-phev-540-kamera-panodach-acc-head\/\">\n                        <h2 class=\"vehicle-title\">\n                            JAECOO J7 Exclusive PHEV 540\u00b0 KAMERA  PANODACH ACC HEAD                        <\/h2>\n\n                    <\/a>\n                <\/hgroup>\n                <span class=\"vehicle-addition\">\n                    <p>\n                        SUV\/Gel\u00e4ndewagen\/Pickup ,\n                        Neufahrzeug                    <\/p>\n                <\/span>\n                <div class=\"vehicle-row\">\n                    <div class=\"vehicle-thumbnail\">\n                        <a href=\"https:\/\/ford-sachsen.de\/html\/page\/fahrzeuge\/jaecoo-j7-exclusive-phev-540-kamera-panodach-acc-head\/\" title=\"JAECOO J7 Exclusive PHEV 540\u00b0 KAMERA  PANODACH ACC HEAD\">\n                            <img loading=\"lazy\" decoding=\"async\" width=\"300\" height=\"225\" src=\"https:\/\/ford-sachsen.de\/html\/page\/wp-content\/uploads\/2026\/09\/4810273-6a96e44cb837c13ce3ead-dc6f-4433-98aa-df82a5baada6-rule-mo-1600-300x225.jpg\" class=\"attachment-medium size-medium wp-post-image\" alt=\"\" srcset=\"https:\/\/ford-sachsen.de\/html\/page\/wp-content\/uploads\/2026\/09\/4810273-6a96e44cb837c13ce3ead-dc6f-4433-98aa-df82a5baada6-rule-mo-1600-300x225.jpg 300w, https:\/\/ford-sachsen.de\/html\/page\/wp-content\/uploads\/2026\/09\/4810273-6a96e44cb837c13ce3ead-dc6f-4433-98aa-df82a5baada6-rule-mo-1600-1024x768.jpg 1024w, https:\/\/ford-sachsen.de\/html\/page\/wp-content\/uploads\/2026\/09\/4810273-6a96e44cb837c13ce3ead-dc6f-4433-98aa-df82a5baada6-rule-mo-1600-768x576.jpg 768w, https:\/\/ford-sachsen.de\/html\/page\/wp-content\/uploads\/2026\/09\/4810273-6a96e44cb837c13ce3ead-dc6f-4433-98aa-df82a5baada6-rule-mo-1600.jpg 1440w\" sizes=\"(max-width: 300px) 100vw, 300px\" \/>                        <\/a>\n                    <\/div>\n                    <div class=\"vehicle-data\">\n                                                                            <small>\n                                10 km\n                            <\/small>\n                                                                            <small>\n                                \u00b7\n                                205 kW\n                                                                (\n                                279 PS)\n                            <\/small>\n                                                                            <small>\n                                \u00b7\n                                Automatik                            <\/small>\n                                                                            <small>\n                                \u00b7\n                                Unfallfrei                            <\/small>\n                        \n                                                    <small>\n                                \u00b7\n                                Plug-in-Hybrid                            <\/small>\n                                                                                                                            <small>\n                                \u00b7\n                                4\/5 T\u00fcren\n                            <\/small>\n                                                <ul class=\"vehicle-emission\">\n                                                <span>Kraftstoffverbrauch gewichtet, kombiniert: \n                                    2.4                                 l\/100km<\/span><br>\n                                             <span>Verbrauch komb.: \n                                    6.0                                 l\/100km<\/span><br>\n                                                                <span>Stromverbrauch gewichtet, kombiniert: \n                                    15.1                                 kWh\/100km<\/span><br>\n                                                            \n                                       \n  <!-- CO2-Emissionen\t-->\n                                            <span>CO\u2082-Emissionen komb.: 54.0                                 g\/km<\/span><br>\n                                        <!-- CO2-Emissionen\t-->\n                   \n \n                         <span>CO\u2082-Klasse: \n                                    B                                <\/span><br>\n                    \n\n\n                <\/ul>\n\n                    <\/div>\n\n                    <div class=\"vehicle-price\">\n                                                    <div itemprop=\"priceSpecification\" itemscope itemtype=\"http:\/\/schema.org\/UnitPriceSpecification\">\n                                <meta itemprop=\"priceCurrency\" content=\"EUR\">\n                                <meta itemprop=\"price\" content=\"39.390\">\n                                <strong>\n                                    39.390 \u20ac (Brutto)\n                                <\/strong><br><small>\n                                    Inkl. 19% MwSt.                                <\/small>\n                            <\/div>\n                                                <br>\n                        <a href=\"https:\/\/ford-sachsen.de\/html\/page\/fahrzeuge\/jaecoo-j7-exclusive-phev-540-kamera-panodach-acc-head\/\"\n                            class=\"vehicle-btn wp-block-button__link wp-element-button\">Details<\/a>\n                    <\/div>\n                <\/div> <!-- \/\/ vehicle-row -->\n               \n            <\/article>\n                        <article id=\"post-4810271\" class=\"vehicle\">\n                <hgroup>\n                    <a href=\"https:\/\/ford-sachsen.de\/html\/page\/fahrzeuge\/ford-ecosport-titanium-easy-driverwinterdesign-pake\/\">\n                        <h2 class=\"vehicle-title\">\n                            Ford EcoSport Titanium EASY-DRIVER+WINTER+DESIGN PAKE                        <\/h2>\n\n                    <\/a>\n                <\/hgroup>\n                <span class=\"vehicle-addition\">\n                    <p>\n                        SUV\/Gel\u00e4ndewagen\/Pickup ,\n                        Gebrauchtfahrzeug                    <\/p>\n                <\/span>\n                <div class=\"vehicle-row\">\n                    <div class=\"vehicle-thumbnail\">\n                        <a href=\"https:\/\/ford-sachsen.de\/html\/page\/fahrzeuge\/ford-ecosport-titanium-easy-driverwinterdesign-pake\/\" title=\"Ford EcoSport Titanium EASY-DRIVER+WINTER+DESIGN PAKE\">\n                            <img loading=\"lazy\" decoding=\"async\" width=\"300\" height=\"225\" src=\"https:\/\/ford-sachsen.de\/html\/page\/wp-content\/uploads\/2026\/09\/4810271-6a96e44b05724497c6740-a7c2-4809-a2a7-c67018a69a74-rule-mo-1600-300x225.jpg\" class=\"attachment-medium size-medium wp-post-image\" alt=\"\" srcset=\"https:\/\/ford-sachsen.de\/html\/page\/wp-content\/uploads\/2026\/09\/4810271-6a96e44b05724497c6740-a7c2-4809-a2a7-c67018a69a74-rule-mo-1600-300x225.jpg 300w, https:\/\/ford-sachsen.de\/html\/page\/wp-content\/uploads\/2026\/09\/4810271-6a96e44b05724497c6740-a7c2-4809-a2a7-c67018a69a74-rule-mo-1600-1024x768.jpg 1024w, https:\/\/ford-sachsen.de\/html\/page\/wp-content\/uploads\/2026\/09\/4810271-6a96e44b05724497c6740-a7c2-4809-a2a7-c67018a69a74-rule-mo-1600-768x576.jpg 768w, https:\/\/ford-sachsen.de\/html\/page\/wp-content\/uploads\/2026\/09\/4810271-6a96e44b05724497c6740-a7c2-4809-a2a7-c67018a69a74-rule-mo-1600.jpg 1440w\" sizes=\"(max-width: 300px) 100vw, 300px\" \/>                        <\/a>\n                    <\/div>\n                    <div class=\"vehicle-data\">\n                                                    <small>\n                                                                09.2019                                \u00b7\n                            <\/small>\n                                                                            <small>\n                                62.462 km\n                            <\/small>\n                                                                            <small>\n                                \u00b7\n                                92 kW\n                                                                (\n                                125 PS)\n                            <\/small>\n                                                                            <small>\n                                \u00b7\n                                Automatik                            <\/small>\n                                                                            <small>\n                                \u00b7\n                                Unfallfrei                            <\/small>\n                        \n                                                    <small>\n                                \u00b7\n                                Benzin                            <\/small>\n                                                                                                                            <small>\n                                \u00b7\n                                4\/5 T\u00fcren\n                            <\/small>\n                                                <ul class=\"vehicle-emission\">\n                                                                                     \n                                       \n  <!-- CO2-Emissionen\t-->\n                                        <!-- CO2-Emissionen\t-->\n                   \n \n \n\n\n                <\/ul>\n\n                    <\/div>\n\n                    <div class=\"vehicle-price\">\n                                                    <div itemprop=\"priceSpecification\" itemscope itemtype=\"http:\/\/schema.org\/UnitPriceSpecification\">\n                                <meta itemprop=\"priceCurrency\" content=\"EUR\">\n                                <meta itemprop=\"price\" content=\"13.950\">\n                                <strong>\n                                    13.950 \u20ac (Brutto)\n                                <\/strong><br><small>\n                                    MwSt. nicht ausweisbar                                <\/small>\n                            <\/div>\n                                                <br>\n                        <a href=\"https:\/\/ford-sachsen.de\/html\/page\/fahrzeuge\/ford-ecosport-titanium-easy-driverwinterdesign-pake\/\"\n                            class=\"vehicle-btn wp-block-button__link wp-element-button\">Details<\/a>\n                    <\/div>\n                <\/div> <!-- \/\/ vehicle-row -->\n               \n            <\/article>\n                        <article id=\"post-4810269\" class=\"vehicle\">\n                <hgroup>\n                    <a href=\"https:\/\/ford-sachsen.de\/html\/page\/fahrzeuge\/dacia-dokker-comfort-apple-carplay-android-auto-fahrer\/\">\n                        <h2 class=\"vehicle-title\">\n                            Dacia Dokker Comfort Apple CarPlay Android Auto Fahrer                        <\/h2>\n\n                    <\/a>\n                <\/hgroup>\n                <span class=\"vehicle-addition\">\n                    <p>\n                        Van\/Minibus ,\n                        Gebrauchtfahrzeug                    <\/p>\n                <\/span>\n                <div class=\"vehicle-row\">\n                    <div class=\"vehicle-thumbnail\">\n                        <a href=\"https:\/\/ford-sachsen.de\/html\/page\/fahrzeuge\/dacia-dokker-comfort-apple-carplay-android-auto-fahrer\/\" title=\"Dacia Dokker Comfort Apple CarPlay Android Auto Fahrer\">\n                            <img loading=\"lazy\" decoding=\"async\" width=\"300\" height=\"225\" src=\"https:\/\/ford-sachsen.de\/html\/page\/wp-content\/uploads\/2026\/09\/4810269-6a96e4493e64643421238-380d-4f47-bade-87069e75678b-rule-mo-1600-300x225.jpg\" class=\"attachment-medium size-medium wp-post-image\" alt=\"\" srcset=\"https:\/\/ford-sachsen.de\/html\/page\/wp-content\/uploads\/2026\/09\/4810269-6a96e4493e64643421238-380d-4f47-bade-87069e75678b-rule-mo-1600-300x225.jpg 300w, https:\/\/ford-sachsen.de\/html\/page\/wp-content\/uploads\/2026\/09\/4810269-6a96e4493e64643421238-380d-4f47-bade-87069e75678b-rule-mo-1600-1024x768.jpg 1024w, https:\/\/ford-sachsen.de\/html\/page\/wp-content\/uploads\/2026\/09\/4810269-6a96e4493e64643421238-380d-4f47-bade-87069e75678b-rule-mo-1600-768x576.jpg 768w, https:\/\/ford-sachsen.de\/html\/page\/wp-content\/uploads\/2026\/09\/4810269-6a96e4493e64643421238-380d-4f47-bade-87069e75678b-rule-mo-1600.jpg 1440w\" sizes=\"(max-width: 300px) 100vw, 300px\" \/>                        <\/a>\n                    <\/div>\n                    <div class=\"vehicle-data\">\n                                                    <small>\n                                                                08.2017                                \u00b7\n                            <\/small>\n                                                                            <small>\n                                111.000 km\n                            <\/small>\n                                                                            <small>\n                                \u00b7\n                                75 kW\n                                                                (\n                                102 PS)\n                            <\/small>\n                                                                            <small>\n                                \u00b7\n                                Schaltgetriebe                            <\/small>\n                                                                            <small>\n                                \u00b7\n                                Unfallfrei                            <\/small>\n                        \n                                                    <small>\n                                \u00b7\n                                Benzin                            <\/small>\n                                                                                                                            <small>\n                                \u00b7\n                                4\/5 T\u00fcren\n                            <\/small>\n                                                <ul class=\"vehicle-emission\">\n                                                                                     \n                                       \n  <!-- CO2-Emissionen\t-->\n                                        <!-- CO2-Emissionen\t-->\n                   \n \n \n\n\n                <\/ul>\n\n                    <\/div>\n\n                    <div class=\"vehicle-price\">\n                                                    <div itemprop=\"priceSpecification\" itemscope itemtype=\"http:\/\/schema.org\/UnitPriceSpecification\">\n                                <meta itemprop=\"priceCurrency\" content=\"EUR\">\n                                <meta itemprop=\"price\" content=\"9.690\">\n                                <strong>\n                                    9.690 \u20ac (Brutto)\n                                <\/strong><br><small>\n                                    MwSt. nicht ausweisbar                                <\/small>\n                            <\/div>\n                                                <br>\n                        <a href=\"https:\/\/ford-sachsen.de\/html\/page\/fahrzeuge\/dacia-dokker-comfort-apple-carplay-android-auto-fahrer\/\"\n                            class=\"vehicle-btn wp-block-button__link wp-element-button\">Details<\/a>\n                    <\/div>\n                <\/div> <!-- \/\/ vehicle-row -->\n               \n            <\/article>\n                        <article id=\"post-4810259\" class=\"vehicle\">\n                <hgroup>\n                    <a href=\"https:\/\/ford-sachsen.de\/html\/page\/fahrzeuge\/ford-mondeo-turnier-st-line-ahk-abnehmbar-navi-leder\/\">\n                        <h2 class=\"vehicle-title\">\n                            Ford Mondeo Turnier ST-Line AHK-abnehmbar Navi Leder                        <\/h2>\n\n                    <\/a>\n                <\/hgroup>\n                <span class=\"vehicle-addition\">\n                    <p>\n                        Kombi ,\n                        Gebrauchtfahrzeug                    <\/p>\n                <\/span>\n                <div class=\"vehicle-row\">\n                    <div class=\"vehicle-thumbnail\">\n                        <a href=\"https:\/\/ford-sachsen.de\/html\/page\/fahrzeuge\/ford-mondeo-turnier-st-line-ahk-abnehmbar-navi-leder\/\" title=\"Ford Mondeo Turnier ST-Line AHK-abnehmbar Navi Leder\">\n                            <img loading=\"lazy\" decoding=\"async\" width=\"300\" height=\"225\" src=\"https:\/\/ford-sachsen.de\/html\/page\/wp-content\/uploads\/2026\/09\/4810259-6a96e2a5d08a942a9e2e2-bf99-499a-9b3e-699e50bc7197-rule-mo-1600-300x225.jpg\" class=\"attachment-medium size-medium wp-post-image\" alt=\"\" srcset=\"https:\/\/ford-sachsen.de\/html\/page\/wp-content\/uploads\/2026\/09\/4810259-6a96e2a5d08a942a9e2e2-bf99-499a-9b3e-699e50bc7197-rule-mo-1600-300x225.jpg 300w, https:\/\/ford-sachsen.de\/html\/page\/wp-content\/uploads\/2026\/09\/4810259-6a96e2a5d08a942a9e2e2-bf99-499a-9b3e-699e50bc7197-rule-mo-1600-1024x768.jpg 1024w, https:\/\/ford-sachsen.de\/html\/page\/wp-content\/uploads\/2026\/09\/4810259-6a96e2a5d08a942a9e2e2-bf99-499a-9b3e-699e50bc7197-rule-mo-1600-768x576.jpg 768w, https:\/\/ford-sachsen.de\/html\/page\/wp-content\/uploads\/2026\/09\/4810259-6a96e2a5d08a942a9e2e2-bf99-499a-9b3e-699e50bc7197-rule-mo-1600.jpg 1440w\" sizes=\"(max-width: 300px) 100vw, 300px\" \/>                        <\/a>\n                    <\/div>\n                    <div class=\"vehicle-data\">\n                                                    <small>\n                                                                07.2021                                \u00b7\n                            <\/small>\n                                                                            <small>\n                                72.971 km\n                            <\/small>\n                                                                            <small>\n                                \u00b7\n                                110 kW\n                                                                (\n                                150 PS)\n                            <\/small>\n                                                                            <small>\n                                \u00b7\n                                Schaltgetriebe                            <\/small>\n                                                                            <small>\n                                \u00b7\n                                Unfallfrei                            <\/small>\n                        \n                                                    <small>\n                                \u00b7\n                                Diesel                            <\/small>\n                                                                                                                            <small>\n                                \u00b7\n                                4\/5 T\u00fcren\n                            <\/small>\n                                                <ul class=\"vehicle-emission\">\n                                                 <span>Verbrauch komb.: \n                                    5.8                                 l\/100km<\/span><br>\n                                                                                \n                                       \n  <!-- CO2-Emissionen\t-->\n                                            <span>CO\u2082-Emissionen komb.: 152.0                                 g\/km<\/span><br>\n                                        <!-- CO2-Emissionen\t-->\n                   \n \n                         <span>CO\u2082-Klasse: \n                                    E                                <\/span><br>\n                    \n\n\n                <\/ul>\n\n                    <\/div>\n\n                    <div class=\"vehicle-price\">\n                                                    <div itemprop=\"priceSpecification\" itemscope itemtype=\"http:\/\/schema.org\/UnitPriceSpecification\">\n                                <meta itemprop=\"priceCurrency\" content=\"EUR\">\n                                <meta itemprop=\"price\" content=\"21.790\">\n                                <strong>\n                                    21.790 \u20ac (Brutto)\n                                <\/strong><br><small>\n                                    MwSt. nicht ausweisbar                                <\/small>\n                            <\/div>\n                                                <br>\n                        <a href=\"https:\/\/ford-sachsen.de\/html\/page\/fahrzeuge\/ford-mondeo-turnier-st-line-ahk-abnehmbar-navi-leder\/\"\n                            class=\"vehicle-btn wp-block-button__link wp-element-button\">Details<\/a>\n                    <\/div>\n                <\/div> <!-- \/\/ vehicle-row -->\n               \n            <\/article>\n                        <article id=\"post-4810257\" class=\"vehicle\">\n                <hgroup>\n                    <a href=\"https:\/\/ford-sachsen.de\/html\/page\/fahrzeuge\/ford-c-max-titanium-kameratwa-navi-bi-xenon-kurvenl\/\">\n                        <h2 class=\"vehicle-title\">\n                            Ford C-Max Titanium KAMERA+TWA+ Navi Bi-Xenon Kurvenl                        <\/h2>\n\n                    <\/a>\n                <\/hgroup>\n                <span class=\"vehicle-addition\">\n                    <p>\n                        Van\/Minibus ,\n                        Gebrauchtfahrzeug                    <\/p>\n                <\/span>\n                <div class=\"vehicle-row\">\n                    <div class=\"vehicle-thumbnail\">\n                        <a href=\"https:\/\/ford-sachsen.de\/html\/page\/fahrzeuge\/ford-c-max-titanium-kameratwa-navi-bi-xenon-kurvenl\/\" title=\"Ford C-Max Titanium KAMERA+TWA+ Navi Bi-Xenon Kurvenl\">\n                            <img loading=\"lazy\" decoding=\"async\" width=\"300\" height=\"225\" src=\"https:\/\/ford-sachsen.de\/html\/page\/wp-content\/uploads\/2026\/09\/4810257-6a96e2a3581c79401976f-3b33-4ae9-a7b2-7acb833e2348-rule-mo-1600-300x225.jpg\" class=\"attachment-medium size-medium wp-post-image\" alt=\"\" srcset=\"https:\/\/ford-sachsen.de\/html\/page\/wp-content\/uploads\/2026\/09\/4810257-6a96e2a3581c79401976f-3b33-4ae9-a7b2-7acb833e2348-rule-mo-1600-300x225.jpg 300w, https:\/\/ford-sachsen.de\/html\/page\/wp-content\/uploads\/2026\/09\/4810257-6a96e2a3581c79401976f-3b33-4ae9-a7b2-7acb833e2348-rule-mo-1600-1024x768.jpg 1024w, https:\/\/ford-sachsen.de\/html\/page\/wp-content\/uploads\/2026\/09\/4810257-6a96e2a3581c79401976f-3b33-4ae9-a7b2-7acb833e2348-rule-mo-1600-768x576.jpg 768w, https:\/\/ford-sachsen.de\/html\/page\/wp-content\/uploads\/2026\/09\/4810257-6a96e2a3581c79401976f-3b33-4ae9-a7b2-7acb833e2348-rule-mo-1600.jpg 1440w\" sizes=\"(max-width: 300px) 100vw, 300px\" \/>                        <\/a>\n                    <\/div>\n                    <div class=\"vehicle-data\">\n                                                    <small>\n                                                                12.2019                                \u00b7\n                            <\/small>\n                                                                            <small>\n                                91.500 km\n                            <\/small>\n                                                                            <small>\n                                \u00b7\n                                110 kW\n                                                                (\n                                150 PS)\n                            <\/small>\n                                                                            <small>\n                                \u00b7\n                                Schaltgetriebe                            <\/small>\n                                                                            <small>\n                                \u00b7\n                                Unfallfrei                            <\/small>\n                        \n                                                    <small>\n                                \u00b7\n                                Benzin                            <\/small>\n                                                                                                                            <small>\n                                \u00b7\n                                4\/5 T\u00fcren\n                            <\/small>\n                                                <ul class=\"vehicle-emission\">\n                                                                                     \n                                       \n  <!-- CO2-Emissionen\t-->\n                                        <!-- CO2-Emissionen\t-->\n                   \n \n \n\n\n                <\/ul>\n\n                    <\/div>\n\n                    <div class=\"vehicle-price\">\n                                                    <div itemprop=\"priceSpecification\" itemscope itemtype=\"http:\/\/schema.org\/UnitPriceSpecification\">\n                                <meta itemprop=\"priceCurrency\" content=\"EUR\">\n                                <meta itemprop=\"price\" content=\"13.390\">\n                                <strong>\n                                    13.390 \u20ac (Brutto)\n                                <\/strong><br><small>\n                                    MwSt. nicht ausweisbar                                <\/small>\n                            <\/div>\n                                                <br>\n                        <a href=\"https:\/\/ford-sachsen.de\/html\/page\/fahrzeuge\/ford-c-max-titanium-kameratwa-navi-bi-xenon-kurvenl\/\"\n                            class=\"vehicle-btn wp-block-button__link wp-element-button\">Details<\/a>\n                    <\/div>\n                <\/div> <!-- \/\/ vehicle-row -->\n               \n            <\/article>\n                        <article id=\"post-4810251\" class=\"vehicle\">\n                <hgroup>\n                    <a href=\"https:\/\/ford-sachsen.de\/html\/page\/fahrzeuge\/volvo-xc40-r-design-awd-standheizungledscheibe-behei\/\">\n                        <h2 class=\"vehicle-title\">\n                            Volvo XC40 R Design AWD STANDHEIZUNG+LED+SCHEIBE BEHEI                        <\/h2>\n\n                    <\/a>\n                <\/hgroup>\n                <span class=\"vehicle-addition\">\n                    <p>\n                        SUV\/Gel\u00e4ndewagen\/Pickup ,\n                        Gebrauchtfahrzeug                    <\/p>\n                <\/span>\n                <div class=\"vehicle-row\">\n                    <div class=\"vehicle-thumbnail\">\n                        <a href=\"https:\/\/ford-sachsen.de\/html\/page\/fahrzeuge\/volvo-xc40-r-design-awd-standheizungledscheibe-behei\/\" title=\"Volvo XC40 R Design AWD STANDHEIZUNG+LED+SCHEIBE BEHEI\">\n                            <img loading=\"lazy\" decoding=\"async\" width=\"300\" height=\"225\" src=\"https:\/\/ford-sachsen.de\/html\/page\/wp-content\/uploads\/2026\/09\/4810251-6a96e0ae73555ac5d91a1-0b90-49f8-8fbc-a6e8e71a4398-rule-mo-1600-300x225.jpg\" class=\"attachment-medium size-medium wp-post-image\" alt=\"\" srcset=\"https:\/\/ford-sachsen.de\/html\/page\/wp-content\/uploads\/2026\/09\/4810251-6a96e0ae73555ac5d91a1-0b90-49f8-8fbc-a6e8e71a4398-rule-mo-1600-300x225.jpg 300w, https:\/\/ford-sachsen.de\/html\/page\/wp-content\/uploads\/2026\/09\/4810251-6a96e0ae73555ac5d91a1-0b90-49f8-8fbc-a6e8e71a4398-rule-mo-1600-1024x768.jpg 1024w, https:\/\/ford-sachsen.de\/html\/page\/wp-content\/uploads\/2026\/09\/4810251-6a96e0ae73555ac5d91a1-0b90-49f8-8fbc-a6e8e71a4398-rule-mo-1600-768x576.jpg 768w, https:\/\/ford-sachsen.de\/html\/page\/wp-content\/uploads\/2026\/09\/4810251-6a96e0ae73555ac5d91a1-0b90-49f8-8fbc-a6e8e71a4398-rule-mo-1600.jpg 1440w\" sizes=\"(max-width: 300px) 100vw, 300px\" \/>                        <\/a>\n                    <\/div>\n                    <div class=\"vehicle-data\">\n                                                    <small>\n                                                                10.2021                                \u00b7\n                            <\/small>\n                                                                            <small>\n                                50.000 km\n                            <\/small>\n                                                                            <small>\n                                \u00b7\n                                145 kW\n                                                                (\n                                197 PS)\n                            <\/small>\n                                                                            <small>\n                                \u00b7\n                                Automatik                            <\/small>\n                                                                            <small>\n                                \u00b7\n                                Unfallfrei                            <\/small>\n                        \n                                                    <small>\n                                \u00b7\n                                Benzin                            <\/small>\n                                                                                                                            <small>\n                                \u00b7\n                                4\/5 T\u00fcren\n                            <\/small>\n                                                <ul class=\"vehicle-emission\">\n                                                 <span>Verbrauch komb.: \n                                    8.2                                 l\/100km<\/span><br>\n                                                                                \n                                       \n  <!-- CO2-Emissionen\t-->\n                                            <span>CO\u2082-Emissionen komb.: 186.0                                 g\/km<\/span><br>\n                                        <!-- CO2-Emissionen\t-->\n                   \n \n                         <span>CO\u2082-Klasse: \n                                    G                                <\/span><br>\n                    \n\n\n                <\/ul>\n\n                    <\/div>\n\n                    <div class=\"vehicle-price\">\n                                                    <div itemprop=\"priceSpecification\" itemscope itemtype=\"http:\/\/schema.org\/UnitPriceSpecification\">\n                                <meta itemprop=\"priceCurrency\" content=\"EUR\">\n                                <meta itemprop=\"price\" content=\"29.830\">\n                                <strong>\n                                    29.830 \u20ac (Brutto)\n                                <\/strong><br><small>\n                                    MwSt. nicht ausweisbar                                <\/small>\n                            <\/div>\n                                                <br>\n                        <a href=\"https:\/\/ford-sachsen.de\/html\/page\/fahrzeuge\/volvo-xc40-r-design-awd-standheizungledscheibe-behei\/\"\n                            class=\"vehicle-btn wp-block-button__link wp-element-button\">Details<\/a>\n                    <\/div>\n                <\/div> <!-- \/\/ vehicle-row -->\n               \n            <\/article>\n                        <article id=\"post-4810249\" class=\"vehicle\">\n                <hgroup>\n                    <a href=\"https:\/\/ford-sachsen.de\/html\/page\/fahrzeuge\/mercedes-benz-gla-180-urbranpanodlednight-paketbusiness-pa\/\">\n                        <h2 class=\"vehicle-title\">\n                            Mercedes-Benz GLA 180 URBRAN+PANOD+LED+NIGHT-PAKET+BUSINESS-PA                        <\/h2>\n\n                    <\/a>\n                <\/hgroup>\n                <span class=\"vehicle-addition\">\n                    <p>\n                        SUV\/Gel\u00e4ndewagen\/Pickup ,\n                        Gebrauchtfahrzeug                    <\/p>\n                <\/span>\n                <div class=\"vehicle-row\">\n                    <div class=\"vehicle-thumbnail\">\n                        <a href=\"https:\/\/ford-sachsen.de\/html\/page\/fahrzeuge\/mercedes-benz-gla-180-urbranpanodlednight-paketbusiness-pa\/\" title=\"Mercedes-Benz GLA 180 URBRAN+PANOD+LED+NIGHT-PAKET+BUSINESS-PA\">\n                            <img loading=\"lazy\" decoding=\"async\" width=\"300\" height=\"225\" src=\"https:\/\/ford-sachsen.de\/html\/page\/wp-content\/uploads\/2026\/09\/4810249-6a96e0ac309a8c4cd801b-700e-4c3e-aebf-7bc085f8bc69-rule-mo-1600-300x225.jpg\" class=\"attachment-medium size-medium wp-post-image\" alt=\"\" srcset=\"https:\/\/ford-sachsen.de\/html\/page\/wp-content\/uploads\/2026\/09\/4810249-6a96e0ac309a8c4cd801b-700e-4c3e-aebf-7bc085f8bc69-rule-mo-1600-300x225.jpg 300w, https:\/\/ford-sachsen.de\/html\/page\/wp-content\/uploads\/2026\/09\/4810249-6a96e0ac309a8c4cd801b-700e-4c3e-aebf-7bc085f8bc69-rule-mo-1600-1024x768.jpg 1024w, https:\/\/ford-sachsen.de\/html\/page\/wp-content\/uploads\/2026\/09\/4810249-6a96e0ac309a8c4cd801b-700e-4c3e-aebf-7bc085f8bc69-rule-mo-1600-768x576.jpg 768w, https:\/\/ford-sachsen.de\/html\/page\/wp-content\/uploads\/2026\/09\/4810249-6a96e0ac309a8c4cd801b-700e-4c3e-aebf-7bc085f8bc69-rule-mo-1600.jpg 1440w\" sizes=\"(max-width: 300px) 100vw, 300px\" \/>                        <\/a>\n                    <\/div>\n                    <div class=\"vehicle-data\">\n                                                    <small>\n                                                                07.2017                                \u00b7\n                            <\/small>\n                                                                            <small>\n                                65.823 km\n                            <\/small>\n                                                                            <small>\n                                \u00b7\n                                90 kW\n                                                                (\n                                122 PS)\n                            <\/small>\n                                                                            <small>\n                                \u00b7\n                                Schaltgetriebe                            <\/small>\n                                                                            <small>\n                                \u00b7\n                                Unfallfrei                            <\/small>\n                        \n                                                    <small>\n                                \u00b7\n                                Benzin                            <\/small>\n                                                                                                                            <small>\n                                \u00b7\n                                4\/5 T\u00fcren\n                            <\/small>\n                                                <ul class=\"vehicle-emission\">\n                                                                                     \n                                       \n  <!-- CO2-Emissionen\t-->\n                                        <!-- CO2-Emissionen\t-->\n                   \n \n \n\n\n                <\/ul>\n\n                    <\/div>\n\n                    <div class=\"vehicle-price\">\n                                                    <div itemprop=\"priceSpecification\" itemscope itemtype=\"http:\/\/schema.org\/UnitPriceSpecification\">\n                                <meta itemprop=\"priceCurrency\" content=\"EUR\">\n                                <meta itemprop=\"price\" content=\"15.890\">\n                                <strong>\n                                    15.890 \u20ac (Brutto)\n                                <\/strong><br><small>\n                                    MwSt. nicht ausweisbar                                <\/small>\n                            <\/div>\n                                                <br>\n                        <a href=\"https:\/\/ford-sachsen.de\/html\/page\/fahrzeuge\/mercedes-benz-gla-180-urbranpanodlednight-paketbusiness-pa\/\"\n                            class=\"vehicle-btn wp-block-button__link wp-element-button\">Details<\/a>\n                    <\/div>\n                <\/div> <!-- \/\/ vehicle-row -->\n               \n            <\/article>\n                        <article id=\"post-4810243\" class=\"vehicle\">\n                <hgroup>\n                    <a href=\"https:\/\/ford-sachsen.de\/html\/page\/fahrzeuge\/ford-kuga-phev-graphit-tech-edition-ahk-schw-blck-pa\/\">\n                        <h2 class=\"vehicle-title\">\n                            Ford Kuga PHEV Graphit Tech EDITION AHK-schw.+BLCK-PA                        <\/h2>\n\n                    <\/a>\n                <\/hgroup>\n                <span class=\"vehicle-addition\">\n                    <p>\n                        SUV\/Gel\u00e4ndewagen\/Pickup ,\n                        Gebrauchtfahrzeug                    <\/p>\n                <\/span>\n                <div class=\"vehicle-row\">\n                    <div class=\"vehicle-thumbnail\">\n                        <a href=\"https:\/\/ford-sachsen.de\/html\/page\/fahrzeuge\/ford-kuga-phev-graphit-tech-edition-ahk-schw-blck-pa\/\" title=\"Ford Kuga PHEV Graphit Tech EDITION AHK-schw.+BLCK-PA\">\n                            <img loading=\"lazy\" decoding=\"async\" width=\"300\" height=\"225\" src=\"https:\/\/ford-sachsen.de\/html\/page\/wp-content\/uploads\/2026\/09\/4810243-6a96dfbfc4958516ea1a2-8143-4eab-9d07-4a8a7b1f65bb-rule-mo-1600-300x225.jpg\" class=\"attachment-medium size-medium wp-post-image\" alt=\"\" srcset=\"https:\/\/ford-sachsen.de\/html\/page\/wp-content\/uploads\/2026\/09\/4810243-6a96dfbfc4958516ea1a2-8143-4eab-9d07-4a8a7b1f65bb-rule-mo-1600-300x225.jpg 300w, https:\/\/ford-sachsen.de\/html\/page\/wp-content\/uploads\/2026\/09\/4810243-6a96dfbfc4958516ea1a2-8143-4eab-9d07-4a8a7b1f65bb-rule-mo-1600-1024x768.jpg 1024w, https:\/\/ford-sachsen.de\/html\/page\/wp-content\/uploads\/2026\/09\/4810243-6a96dfbfc4958516ea1a2-8143-4eab-9d07-4a8a7b1f65bb-rule-mo-1600-768x576.jpg 768w, https:\/\/ford-sachsen.de\/html\/page\/wp-content\/uploads\/2026\/09\/4810243-6a96dfbfc4958516ea1a2-8143-4eab-9d07-4a8a7b1f65bb-rule-mo-1600.jpg 1440w\" sizes=\"(max-width: 300px) 100vw, 300px\" \/>                        <\/a>\n                    <\/div>\n                    <div class=\"vehicle-data\">\n                                                    <small>\n                                                                11.2023                                \u00b7\n                            <\/small>\n                                                                            <small>\n                                21.775 km\n                            <\/small>\n                                                                            <small>\n                                \u00b7\n                                165 kW\n                                                                (\n                                224 PS)\n                            <\/small>\n                                                                            <small>\n                                \u00b7\n                                Automatik                            <\/small>\n                                                                            <small>\n                                \u00b7\n                                Unfallfrei                            <\/small>\n                        \n                                                    <small>\n                                \u00b7\n                                Plug-in-Hybrid                            <\/small>\n                                                                                                                            <small>\n                                \u00b7\n                                4\/5 T\u00fcren\n                            <\/small>\n                                                <ul class=\"vehicle-emission\">\n                                                 <span>Verbrauch komb.: \n                                    1.3                                 l\/100km<\/span><br>\n                                                                                \n                                       \n  <!-- CO2-Emissionen\t-->\n                                            <span>CO\u2082-Emissionen komb.: 29.0                                 g\/km<\/span><br>\n                                        <!-- CO2-Emissionen\t-->\n                   \n \n                         <span>CO\u2082-Klasse: \n                                    B                                <\/span><br>\n                    \n\n\n                <\/ul>\n\n                    <\/div>\n\n                    <div class=\"vehicle-price\">\n                                                    <div itemprop=\"priceSpecification\" itemscope itemtype=\"http:\/\/schema.org\/UnitPriceSpecification\">\n                                <meta itemprop=\"priceCurrency\" content=\"EUR\">\n                                <meta itemprop=\"price\" content=\"29.690\">\n                                <strong>\n                                    29.690 \u20ac (Brutto)\n                                <\/strong><br><small>\n                                    MwSt. nicht ausweisbar                                <\/small>\n                            <\/div>\n                                                <br>\n                        <a href=\"https:\/\/ford-sachsen.de\/html\/page\/fahrzeuge\/ford-kuga-phev-graphit-tech-edition-ahk-schw-blck-pa\/\"\n                            class=\"vehicle-btn wp-block-button__link wp-element-button\">Details<\/a>\n                    <\/div>\n                <\/div> <!-- \/\/ vehicle-row -->\n               \n            <\/article>\n                        <article id=\"post-4810239\" class=\"vehicle\">\n                <hgroup>\n                    <a href=\"https:\/\/ford-sachsen.de\/html\/page\/fahrzeuge\/ford-kuga-phev-vignale-ahk-schwenkb-technofahrerass\/\">\n                        <h2 class=\"vehicle-title\">\n                            Ford Kuga PHEV Vignale AHK-SCHWENKB.+TECHNO+FAHRERASS                        <\/h2>\n\n                    <\/a>\n                <\/hgroup>\n                <span class=\"vehicle-addition\">\n                    <p>\n                        SUV\/Gel\u00e4ndewagen\/Pickup ,\n                        Gebrauchtfahrzeug                    <\/p>\n                <\/span>\n                <div class=\"vehicle-row\">\n                    <div class=\"vehicle-thumbnail\">\n                        <a href=\"https:\/\/ford-sachsen.de\/html\/page\/fahrzeuge\/ford-kuga-phev-vignale-ahk-schwenkb-technofahrerass\/\" title=\"Ford Kuga PHEV Vignale AHK-SCHWENKB.+TECHNO+FAHRERASS\">\n                            <img loading=\"lazy\" decoding=\"async\" width=\"300\" height=\"225\" src=\"https:\/\/ford-sachsen.de\/html\/page\/wp-content\/uploads\/2026\/09\/4810239-6a96de05e975b435937d0-6354-41c9-9af7-ad4fe5ab93ee-rule-mo-1600-300x225.jpg\" class=\"attachment-medium size-medium wp-post-image\" alt=\"\" srcset=\"https:\/\/ford-sachsen.de\/html\/page\/wp-content\/uploads\/2026\/09\/4810239-6a96de05e975b435937d0-6354-41c9-9af7-ad4fe5ab93ee-rule-mo-1600-300x225.jpg 300w, https:\/\/ford-sachsen.de\/html\/page\/wp-content\/uploads\/2026\/09\/4810239-6a96de05e975b435937d0-6354-41c9-9af7-ad4fe5ab93ee-rule-mo-1600-1024x768.jpg 1024w, https:\/\/ford-sachsen.de\/html\/page\/wp-content\/uploads\/2026\/09\/4810239-6a96de05e975b435937d0-6354-41c9-9af7-ad4fe5ab93ee-rule-mo-1600-768x576.jpg 768w, https:\/\/ford-sachsen.de\/html\/page\/wp-content\/uploads\/2026\/09\/4810239-6a96de05e975b435937d0-6354-41c9-9af7-ad4fe5ab93ee-rule-mo-1600.jpg 1440w\" sizes=\"(max-width: 300px) 100vw, 300px\" \/>                        <\/a>\n                    <\/div>\n                    <div class=\"vehicle-data\">\n                                                    <small>\n                                                                09.2021                                \u00b7\n                            <\/small>\n                                                                            <small>\n                                30.800 km\n                            <\/small>\n                                                                            <small>\n                                \u00b7\n                                165 kW\n                                                                (\n                                224 PS)\n                            <\/small>\n                                                                            <small>\n                                \u00b7\n                                Automatik                            <\/small>\n                                                                            <small>\n                                \u00b7\n                                Unfallfrei                            <\/small>\n                        \n                                                    <small>\n                                \u00b7\n                                Plug-in-Hybrid                            <\/small>\n                                                                                                                            <small>\n                                \u00b7\n                                4\/5 T\u00fcren\n                            <\/small>\n                                                <ul class=\"vehicle-emission\">\n                                                                                     \n                                       \n  <!-- CO2-Emissionen\t-->\n                                        <!-- CO2-Emissionen\t-->\n                   \n \n \n\n\n                <\/ul>\n\n                    <\/div>\n\n                    <div class=\"vehicle-price\">\n                                                    <div itemprop=\"priceSpecification\" itemscope itemtype=\"http:\/\/schema.org\/UnitPriceSpecification\">\n                                <meta itemprop=\"priceCurrency\" content=\"EUR\">\n                                <meta itemprop=\"price\" content=\"23.790\">\n                                <strong>\n                                    23.790 \u20ac (Brutto)\n                                <\/strong><br><small>\n                                    Inkl. 19% MwSt.                                <\/small>\n                            <\/div>\n                                                <br>\n                        <a href=\"https:\/\/ford-sachsen.de\/html\/page\/fahrzeuge\/ford-kuga-phev-vignale-ahk-schwenkb-technofahrerass\/\"\n                            class=\"vehicle-btn wp-block-button__link wp-element-button\">Details<\/a>\n                    <\/div>\n                <\/div> <!-- \/\/ vehicle-row -->\n               \n            <\/article>\n                        <article id=\"post-4810235\" class=\"vehicle\">\n                <hgroup>\n                    <a href=\"https:\/\/ford-sachsen.de\/html\/page\/fahrzeuge\/ford-kuga-titanium-technoassist-paketakhheckklappe\/\">\n                        <h2 class=\"vehicle-title\">\n                            Ford Kuga Titanium TECHNO+ASSIST-PAKET+AKH+HECKKLAPPE                        <\/h2>\n\n                    <\/a>\n                <\/hgroup>\n                <span class=\"vehicle-addition\">\n                    <p>\n                        SUV\/Gel\u00e4ndewagen\/Pickup ,\n                        Gebrauchtfahrzeug                    <\/p>\n                <\/span>\n                <div class=\"vehicle-row\">\n                    <div class=\"vehicle-thumbnail\">\n                        <a href=\"https:\/\/ford-sachsen.de\/html\/page\/fahrzeuge\/ford-kuga-titanium-technoassist-paketakhheckklappe\/\" title=\"Ford Kuga Titanium TECHNO+ASSIST-PAKET+AKH+HECKKLAPPE\">\n                            <img loading=\"lazy\" decoding=\"async\" width=\"300\" height=\"225\" src=\"https:\/\/ford-sachsen.de\/html\/page\/wp-content\/uploads\/2026\/09\/4810235-6a96dcdbb26186ae01c1c-3776-4c3f-92cc-8a4a830c5b5e-rule-mo-1600-300x225.jpg\" class=\"attachment-medium size-medium wp-post-image\" alt=\"\" srcset=\"https:\/\/ford-sachsen.de\/html\/page\/wp-content\/uploads\/2026\/09\/4810235-6a96dcdbb26186ae01c1c-3776-4c3f-92cc-8a4a830c5b5e-rule-mo-1600-300x225.jpg 300w, https:\/\/ford-sachsen.de\/html\/page\/wp-content\/uploads\/2026\/09\/4810235-6a96dcdbb26186ae01c1c-3776-4c3f-92cc-8a4a830c5b5e-rule-mo-1600-1024x768.jpg 1024w, https:\/\/ford-sachsen.de\/html\/page\/wp-content\/uploads\/2026\/09\/4810235-6a96dcdbb26186ae01c1c-3776-4c3f-92cc-8a4a830c5b5e-rule-mo-1600-768x576.jpg 768w, https:\/\/ford-sachsen.de\/html\/page\/wp-content\/uploads\/2026\/09\/4810235-6a96dcdbb26186ae01c1c-3776-4c3f-92cc-8a4a830c5b5e-rule-mo-1600.jpg 1440w\" sizes=\"(max-width: 300px) 100vw, 300px\" \/>                        <\/a>\n                    <\/div>\n                    <div class=\"vehicle-data\">\n                                                    <small>\n                                                                06.2022                                \u00b7\n                            <\/small>\n                                                                            <small>\n                                68.850 km\n                            <\/small>\n                                                                            <small>\n                                \u00b7\n                                88 kW\n                                                                (\n                                120 PS)\n                            <\/small>\n                                                                            <small>\n                                \u00b7\n                                Automatik                            <\/small>\n                                                                            <small>\n                                \u00b7\n                                Unfallfrei                            <\/small>\n                        \n                                                    <small>\n                                \u00b7\n                                Diesel                            <\/small>\n                                                                                                                            <small>\n                                \u00b7\n                                4\/5 T\u00fcren\n                            <\/small>\n                                                <ul class=\"vehicle-emission\">\n                                                 <span>Verbrauch komb.: \n                                    5.9                                 l\/100km<\/span><br>\n                                                                                \n                                       \n  <!-- CO2-Emissionen\t-->\n                                            <span>CO\u2082-Emissionen komb.: 154.0                                 g\/km<\/span><br>\n                                        <!-- CO2-Emissionen\t-->\n                   \n \n                         <span>CO\u2082-Klasse: \n                                    E                                <\/span><br>\n                    \n\n\n                <\/ul>\n\n                    <\/div>\n\n                    <div class=\"vehicle-price\">\n                                                    <div itemprop=\"priceSpecification\" itemscope itemtype=\"http:\/\/schema.org\/UnitPriceSpecification\">\n                                <meta itemprop=\"priceCurrency\" content=\"EUR\">\n                                <meta itemprop=\"price\" content=\"21.390\">\n                                <strong>\n                                    21.390 \u20ac (Brutto)\n                                <\/strong><br><small>\n                                    Inkl. 19% MwSt.                                <\/small>\n                            <\/div>\n                                                <br>\n                        <a href=\"https:\/\/ford-sachsen.de\/html\/page\/fahrzeuge\/ford-kuga-titanium-technoassist-paketakhheckklappe\/\"\n                            class=\"vehicle-btn wp-block-button__link wp-element-button\">Details<\/a>\n                    <\/div>\n                <\/div> <!-- \/\/ vehicle-row -->\n               \n            <\/article>\n                        <article id=\"post-4810231\" class=\"vehicle\">\n                <hgroup>\n                    <a href=\"https:\/\/ford-sachsen.de\/html\/page\/fahrzeuge\/mitsubishi-colt-plus-inkl-ahk-schw-winterkomplettraeder-al\/\">\n                        <h2 class=\"vehicle-title\">\n                            Mitsubishi Colt Plus inkl. AHK schw. Winterkomplettr\u00e4der Al                        <\/h2>\n\n                    <\/a>\n                <\/hgroup>\n                <span class=\"vehicle-addition\">\n                    <p>\n                        Limousine ,\n                        Gebrauchtfahrzeug                    <\/p>\n                <\/span>\n                <div class=\"vehicle-row\">\n                    <div class=\"vehicle-thumbnail\">\n                        <a href=\"https:\/\/ford-sachsen.de\/html\/page\/fahrzeuge\/mitsubishi-colt-plus-inkl-ahk-schw-winterkomplettraeder-al\/\" title=\"Mitsubishi Colt Plus inkl. AHK schw. Winterkomplettr\u00e4der Al\">\n                            <img loading=\"lazy\" decoding=\"async\" width=\"300\" height=\"225\" src=\"https:\/\/ford-sachsen.de\/html\/page\/wp-content\/uploads\/2026\/09\/4810231-6a96d982558fd1272498a-19a3-4f52-82ed-3aa3889cb866-rule-mo-1600-300x225.jpg\" class=\"attachment-medium size-medium wp-post-image\" alt=\"\" srcset=\"https:\/\/ford-sachsen.de\/html\/page\/wp-content\/uploads\/2026\/09\/4810231-6a96d982558fd1272498a-19a3-4f52-82ed-3aa3889cb866-rule-mo-1600-300x225.jpg 300w, https:\/\/ford-sachsen.de\/html\/page\/wp-content\/uploads\/2026\/09\/4810231-6a96d982558fd1272498a-19a3-4f52-82ed-3aa3889cb866-rule-mo-1600-1024x768.jpg 1024w, https:\/\/ford-sachsen.de\/html\/page\/wp-content\/uploads\/2026\/09\/4810231-6a96d982558fd1272498a-19a3-4f52-82ed-3aa3889cb866-rule-mo-1600-768x576.jpg 768w, https:\/\/ford-sachsen.de\/html\/page\/wp-content\/uploads\/2026\/09\/4810231-6a96d982558fd1272498a-19a3-4f52-82ed-3aa3889cb866-rule-mo-1600.jpg 1440w\" sizes=\"(max-width: 300px) 100vw, 300px\" \/>                        <\/a>\n                    <\/div>\n                    <div class=\"vehicle-data\">\n                                                    <small>\n                                                                12.2025                                \u00b7\n                            <\/small>\n                                                                            <small>\n                                2.650 km\n                            <\/small>\n                                                                            <small>\n                                \u00b7\n                                67 kW\n                                                                (\n                                91 PS)\n                            <\/small>\n                                                                            <small>\n                                \u00b7\n                                Schaltgetriebe                            <\/small>\n                                                                            <small>\n                                \u00b7\n                                Unfallfrei                            <\/small>\n                        \n                                                    <small>\n                                \u00b7\n                                Benzin                            <\/small>\n                                                                                                                            <small>\n                                \u00b7\n                                4\/5 T\u00fcren\n                            <\/small>\n                                                <ul class=\"vehicle-emission\">\n                                                 <span>Verbrauch komb.: \n                                    5.2                                 l\/100km<\/span><br>\n                                                                                \n                                       \n  <!-- CO2-Emissionen\t-->\n                                            <span>CO\u2082-Emissionen komb.: 118.0                                 g\/km<\/span><br>\n                                        <!-- CO2-Emissionen\t-->\n                   \n \n                         <span>CO\u2082-Klasse: \n                                    D                                <\/span><br>\n                    \n\n\n                <\/ul>\n\n                    <\/div>\n\n                    <div class=\"vehicle-price\">\n                                                    <div itemprop=\"priceSpecification\" itemscope itemtype=\"http:\/\/schema.org\/UnitPriceSpecification\">\n                                <meta itemprop=\"priceCurrency\" content=\"EUR\">\n                                <meta itemprop=\"price\" content=\"19.450\">\n                                <strong>\n                                    19.450 \u20ac (Brutto)\n                                <\/strong><br><small>\n                                    Inkl. 19% MwSt.                                <\/small>\n                            <\/div>\n                                                <br>\n                        <a href=\"https:\/\/ford-sachsen.de\/html\/page\/fahrzeuge\/mitsubishi-colt-plus-inkl-ahk-schw-winterkomplettraeder-al\/\"\n                            class=\"vehicle-btn wp-block-button__link wp-element-button\">Details<\/a>\n                    <\/div>\n                <\/div> <!-- \/\/ vehicle-row -->\n               \n            <\/article>\n                        <article id=\"post-4810227\" class=\"vehicle\">\n                <hgroup>\n                    <a href=\"https:\/\/ford-sachsen.de\/html\/page\/fahrzeuge\/ford-ranger-wildtrak-doppelkabine-4x4-naviahkacc\/\">\n                        <h2 class=\"vehicle-title\">\n                            Ford Ranger Wildtrak Doppelkabine 4&#215;4 NAVI+AHK+ACC                        <\/h2>\n\n                    <\/a>\n                <\/hgroup>\n                <span class=\"vehicle-addition\">\n                    <p>\n                        SUV\/Gel\u00e4ndewagen\/Pickup ,\n                        Gebrauchtfahrzeug                    <\/p>\n                <\/span>\n                <div class=\"vehicle-row\">\n                    <div class=\"vehicle-thumbnail\">\n                        <a href=\"https:\/\/ford-sachsen.de\/html\/page\/fahrzeuge\/ford-ranger-wildtrak-doppelkabine-4x4-naviahkacc\/\" title=\"Ford Ranger Wildtrak Doppelkabine 4&#215;4 NAVI+AHK+ACC\">\n                            <img loading=\"lazy\" decoding=\"async\" width=\"300\" height=\"225\" src=\"https:\/\/ford-sachsen.de\/html\/page\/wp-content\/uploads\/2026\/09\/4810227-6a96d808e0bd9b0c0abe9-f9ba-448c-9a97-40dd72be9f90-rule-mo-1600-300x225.jpg\" class=\"attachment-medium size-medium wp-post-image\" alt=\"\" srcset=\"https:\/\/ford-sachsen.de\/html\/page\/wp-content\/uploads\/2026\/09\/4810227-6a96d808e0bd9b0c0abe9-f9ba-448c-9a97-40dd72be9f90-rule-mo-1600-300x225.jpg 300w, https:\/\/ford-sachsen.de\/html\/page\/wp-content\/uploads\/2026\/09\/4810227-6a96d808e0bd9b0c0abe9-f9ba-448c-9a97-40dd72be9f90-rule-mo-1600-1024x768.jpg 1024w, https:\/\/ford-sachsen.de\/html\/page\/wp-content\/uploads\/2026\/09\/4810227-6a96d808e0bd9b0c0abe9-f9ba-448c-9a97-40dd72be9f90-rule-mo-1600-768x576.jpg 768w, https:\/\/ford-sachsen.de\/html\/page\/wp-content\/uploads\/2026\/09\/4810227-6a96d808e0bd9b0c0abe9-f9ba-448c-9a97-40dd72be9f90-rule-mo-1600.jpg 1440w\" sizes=\"(max-width: 300px) 100vw, 300px\" \/>                        <\/a>\n                    <\/div>\n                    <div class=\"vehicle-data\">\n                                                    <small>\n                                                                07.2019                                \u00b7\n                            <\/small>\n                                                                            <small>\n                                99.380 km\n                            <\/small>\n                                                                            <small>\n                                \u00b7\n                                147 kW\n                                                                (\n                                200 PS)\n                            <\/small>\n                                                                            <small>\n                                \u00b7\n                                Automatik                            <\/small>\n                                                                            <small>\n                                \u00b7\n                                Unfallfrei                            <\/small>\n                        \n                                                    <small>\n                                \u00b7\n                                Diesel                            <\/small>\n                                                                                                                            <small>\n                                \u00b7\n                                4\/5 T\u00fcren\n                            <\/small>\n                                                <ul class=\"vehicle-emission\">\n                                                                                     \n                                       \n  <!-- CO2-Emissionen\t-->\n                                        <!-- CO2-Emissionen\t-->\n                   \n \n \n\n\n                <\/ul>\n\n                    <\/div>\n\n                    <div class=\"vehicle-price\">\n                                                    <div itemprop=\"priceSpecification\" itemscope itemtype=\"http:\/\/schema.org\/UnitPriceSpecification\">\n                                <meta itemprop=\"priceCurrency\" content=\"EUR\">\n                                <meta itemprop=\"price\" content=\"28.490\">\n                                <strong>\n                                    28.490 \u20ac (Brutto)\n                                <\/strong><br><small>\n                                    Inkl. 19% MwSt.                                <\/small>\n                            <\/div>\n                                                <br>\n                        <a href=\"https:\/\/ford-sachsen.de\/html\/page\/fahrzeuge\/ford-ranger-wildtrak-doppelkabine-4x4-naviahkacc\/\"\n                            class=\"vehicle-btn wp-block-button__link wp-element-button\">Details<\/a>\n                    <\/div>\n                <\/div> <!-- \/\/ vehicle-row -->\n               \n            <\/article>\n                        <article id=\"post-4810223\" class=\"vehicle\">\n                <hgroup>\n                    <a href=\"https:\/\/ford-sachsen.de\/html\/page\/fahrzeuge\/ford-tourneo-connect-active-2-0-ecoblue-doppelschiebe\/\">\n                        <h2 class=\"vehicle-title\">\n                            Ford Tourneo Connect Active 2.0 EcoBlue Doppelschiebe                        <\/h2>\n\n                    <\/a>\n                <\/hgroup>\n                <span class=\"vehicle-addition\">\n                    <p>\n                        Van\/Minibus ,\n                        Gebrauchtfahrzeug                    <\/p>\n                <\/span>\n                <div class=\"vehicle-row\">\n                    <div class=\"vehicle-thumbnail\">\n                        <a href=\"https:\/\/ford-sachsen.de\/html\/page\/fahrzeuge\/ford-tourneo-connect-active-2-0-ecoblue-doppelschiebe\/\" title=\"Ford Tourneo Connect Active 2.0 EcoBlue Doppelschiebe\">\n                            <img loading=\"lazy\" decoding=\"async\" width=\"300\" height=\"225\" src=\"https:\/\/ford-sachsen.de\/html\/page\/wp-content\/uploads\/2026\/09\/4810223-6a96d28348119df911910-3dee-4503-a05e-9edd95f822dc-rule-mo-1600-300x225.jpg\" class=\"attachment-medium size-medium wp-post-image\" alt=\"\" srcset=\"https:\/\/ford-sachsen.de\/html\/page\/wp-content\/uploads\/2026\/09\/4810223-6a96d28348119df911910-3dee-4503-a05e-9edd95f822dc-rule-mo-1600-300x225.jpg 300w, https:\/\/ford-sachsen.de\/html\/page\/wp-content\/uploads\/2026\/09\/4810223-6a96d28348119df911910-3dee-4503-a05e-9edd95f822dc-rule-mo-1600-1024x768.jpg 1024w, https:\/\/ford-sachsen.de\/html\/page\/wp-content\/uploads\/2026\/09\/4810223-6a96d28348119df911910-3dee-4503-a05e-9edd95f822dc-rule-mo-1600-768x576.jpg 768w, https:\/\/ford-sachsen.de\/html\/page\/wp-content\/uploads\/2026\/09\/4810223-6a96d28348119df911910-3dee-4503-a05e-9edd95f822dc-rule-mo-1600.jpg 1440w\" sizes=\"(max-width: 300px) 100vw, 300px\" \/>                        <\/a>\n                    <\/div>\n                    <div class=\"vehicle-data\">\n                                                    <small>\n                                                                08.2026                                \u00b7\n                            <\/small>\n                                                                            <small>\n                                25 km\n                            <\/small>\n                                                                            <small>\n                                \u00b7\n                                90 kW\n                                                                (\n                                122 PS)\n                            <\/small>\n                                                                            <small>\n                                \u00b7\n                                Automatik                            <\/small>\n                                                                            <small>\n                                \u00b7\n                                Unfallfrei                            <\/small>\n                        \n                                                    <small>\n                                \u00b7\n                                Diesel                            <\/small>\n                                                                                                                            <small>\n                                \u00b7\n                                4\/5 T\u00fcren\n                            <\/small>\n                                                <ul class=\"vehicle-emission\">\n                                                 <span>Verbrauch komb.: \n                                    5.8                                 l\/100km<\/span><br>\n                                                                                \n                                       \n  <!-- CO2-Emissionen\t-->\n                                            <span>CO\u2082-Emissionen komb.: 151.0                                 g\/km<\/span><br>\n                                        <!-- CO2-Emissionen\t-->\n                   \n \n                         <span>CO\u2082-Klasse: \n                                    E                                <\/span><br>\n                    \n\n\n                <\/ul>\n\n                    <\/div>\n\n                    <div class=\"vehicle-price\">\n                                                    <div itemprop=\"priceSpecification\" itemscope itemtype=\"http:\/\/schema.org\/UnitPriceSpecification\">\n                                <meta itemprop=\"priceCurrency\" content=\"EUR\">\n                                <meta itemprop=\"price\" content=\"35.890\">\n                                <strong>\n                                    35.890 \u20ac (Brutto)\n                                <\/strong><br><small>\n                                    Inkl. 19% MwSt.                                <\/small>\n                            <\/div>\n                                                <br>\n                        <a href=\"https:\/\/ford-sachsen.de\/html\/page\/fahrzeuge\/ford-tourneo-connect-active-2-0-ecoblue-doppelschiebe\/\"\n                            class=\"vehicle-btn wp-block-button__link wp-element-button\">Details<\/a>\n                    <\/div>\n                <\/div> <!-- \/\/ vehicle-row -->\n               \n            <\/article>\n                        <article id=\"post-4810219\" class=\"vehicle\">\n                <hgroup>\n                    <a href=\"https:\/\/ford-sachsen.de\/html\/page\/fahrzeuge\/ford-ecosport-st-line-navi-leder-soundsystem-b-o-le\/\">\n                        <h2 class=\"vehicle-title\">\n                            Ford EcoSport ST-Line Navi Leder Soundsystem B &amp; O LE                        <\/h2>\n\n                    <\/a>\n                <\/hgroup>\n                <span class=\"vehicle-addition\">\n                    <p>\n                        SUV\/Gel\u00e4ndewagen\/Pickup ,\n                        Gebrauchtfahrzeug                    <\/p>\n                <\/span>\n                <div class=\"vehicle-row\">\n                    <div class=\"vehicle-thumbnail\">\n                        <a href=\"https:\/\/ford-sachsen.de\/html\/page\/fahrzeuge\/ford-ecosport-st-line-navi-leder-soundsystem-b-o-le\/\" title=\"Ford EcoSport ST-Line Navi Leder Soundsystem B &amp; O LE\">\n                            <img loading=\"lazy\" decoding=\"async\" width=\"300\" height=\"225\" src=\"https:\/\/ford-sachsen.de\/html\/page\/wp-content\/uploads\/2026\/09\/4810219-6a96ceb6b57343d23d6c6-3665-4063-be00-19ee38f55a18-rule-mo-1600-300x225.jpg\" class=\"attachment-medium size-medium wp-post-image\" alt=\"\" srcset=\"https:\/\/ford-sachsen.de\/html\/page\/wp-content\/uploads\/2026\/09\/4810219-6a96ceb6b57343d23d6c6-3665-4063-be00-19ee38f55a18-rule-mo-1600-300x225.jpg 300w, https:\/\/ford-sachsen.de\/html\/page\/wp-content\/uploads\/2026\/09\/4810219-6a96ceb6b57343d23d6c6-3665-4063-be00-19ee38f55a18-rule-mo-1600-1024x768.jpg 1024w, https:\/\/ford-sachsen.de\/html\/page\/wp-content\/uploads\/2026\/09\/4810219-6a96ceb6b57343d23d6c6-3665-4063-be00-19ee38f55a18-rule-mo-1600-768x576.jpg 768w, https:\/\/ford-sachsen.de\/html\/page\/wp-content\/uploads\/2026\/09\/4810219-6a96ceb6b57343d23d6c6-3665-4063-be00-19ee38f55a18-rule-mo-1600.jpg 1440w\" sizes=\"(max-width: 300px) 100vw, 300px\" \/>                        <\/a>\n                    <\/div>\n                    <div class=\"vehicle-data\">\n                                                    <small>\n                                                                05.2022                                \u00b7\n                            <\/small>\n                                                                            <small>\n                                31.037 km\n                            <\/small>\n                                                                            <small>\n                                \u00b7\n                                103 kW\n                                                                (\n                                140 PS)\n                            <\/small>\n                                                                            <small>\n                                \u00b7\n                                Schaltgetriebe                            <\/small>\n                                                                            <small>\n                                \u00b7\n                                Unfallfrei                            <\/small>\n                        \n                                                    <small>\n                                \u00b7\n                                Benzin                            <\/small>\n                                                                                                                            <small>\n                                \u00b7\n                                4\/5 T\u00fcren\n                            <\/small>\n                                                <ul class=\"vehicle-emission\">\n                                                 <span>Verbrauch komb.: \n                                    6.6                                 l\/100km<\/span><br>\n                                                                                \n                                       \n  <!-- CO2-Emissionen\t-->\n                                            <span>CO\u2082-Emissionen komb.: 151.0                                 g\/km<\/span><br>\n                                        <!-- CO2-Emissionen\t-->\n                   \n \n                         <span>CO\u2082-Klasse: \n                                    E                                <\/span><br>\n                    \n\n\n                <\/ul>\n\n                    <\/div>\n\n                    <div class=\"vehicle-price\">\n                                                    <div itemprop=\"priceSpecification\" itemscope itemtype=\"http:\/\/schema.org\/UnitPriceSpecification\">\n                                <meta itemprop=\"priceCurrency\" content=\"EUR\">\n                                <meta itemprop=\"price\" content=\"15.930\">\n                                <strong>\n                                    15.930 \u20ac (Brutto)\n                                <\/strong><br><small>\n                                    Inkl. 19% MwSt.                                <\/small>\n                            <\/div>\n                                                <br>\n                        <a href=\"https:\/\/ford-sachsen.de\/html\/page\/fahrzeuge\/ford-ecosport-st-line-navi-leder-soundsystem-b-o-le\/\"\n                            class=\"vehicle-btn wp-block-button__link wp-element-button\">Details<\/a>\n                    <\/div>\n                <\/div> <!-- \/\/ vehicle-row -->\n               \n            <\/article>\n                        <article id=\"post-4810111\" class=\"vehicle\">\n                <hgroup>\n                    <a href=\"https:\/\/ford-sachsen.de\/html\/page\/fahrzeuge\/ford-transit-custom-kastenwagen-sport-320-l2-plug-in\/\">\n                        <h2 class=\"vehicle-title\">\n                            Ford Transit Custom Kastenwagen Sport 320 L2 Plug-in                        <\/h2>\n\n                    <\/a>\n                <\/hgroup>\n                <span class=\"vehicle-addition\">\n                    <p>\n                        Kastenwagen ,\n                        Gebrauchtfahrzeug                    <\/p>\n                <\/span>\n                <div class=\"vehicle-row\">\n                    <div class=\"vehicle-thumbnail\">\n                        <a href=\"https:\/\/ford-sachsen.de\/html\/page\/fahrzeuge\/ford-transit-custom-kastenwagen-sport-320-l2-plug-in\/\" title=\"Ford Transit Custom Kastenwagen Sport 320 L2 Plug-in\">\n                            <img loading=\"lazy\" decoding=\"async\" width=\"300\" height=\"225\" src=\"https:\/\/ford-sachsen.de\/html\/page\/wp-content\/uploads\/2026\/09\/4810111-6a961c056ffe6d77ad3ff-a1e1-407e-85e7-0618246995f8-rule-mo-1600-300x225.jpg\" class=\"attachment-medium size-medium wp-post-image\" alt=\"\" srcset=\"https:\/\/ford-sachsen.de\/html\/page\/wp-content\/uploads\/2026\/09\/4810111-6a961c056ffe6d77ad3ff-a1e1-407e-85e7-0618246995f8-rule-mo-1600-300x225.jpg 300w, https:\/\/ford-sachsen.de\/html\/page\/wp-content\/uploads\/2026\/09\/4810111-6a961c056ffe6d77ad3ff-a1e1-407e-85e7-0618246995f8-rule-mo-1600-1024x768.jpg 1024w, https:\/\/ford-sachsen.de\/html\/page\/wp-content\/uploads\/2026\/09\/4810111-6a961c056ffe6d77ad3ff-a1e1-407e-85e7-0618246995f8-rule-mo-1600-768x576.jpg 768w, https:\/\/ford-sachsen.de\/html\/page\/wp-content\/uploads\/2026\/09\/4810111-6a961c056ffe6d77ad3ff-a1e1-407e-85e7-0618246995f8-rule-mo-1600.jpg 1440w\" sizes=\"(max-width: 300px) 100vw, 300px\" \/>                        <\/a>\n                    <\/div>\n                    <div class=\"vehicle-data\">\n                                                    <small>\n                                                                06.2026                                \u00b7\n                            <\/small>\n                                                                            <small>\n                                25 km\n                            <\/small>\n                                                                            <small>\n                                \u00b7\n                                171 kW\n                                                                (\n                                232 PS)\n                            <\/small>\n                                                                            <small>\n                                \u00b7\n                                Automatik                            <\/small>\n                                                                            <small>\n                                \u00b7\n                                Unfallfrei                            <\/small>\n                        \n                                                    <small>\n                                \u00b7\n                                Hybrid (Benzin\/Elektro)                            <\/small>\n                                                                                                                        <ul class=\"vehicle-emission\">\n                                                                                     \n                                       \n  <!-- CO2-Emissionen\t-->\n                                        <!-- CO2-Emissionen\t-->\n                   \n \n \n\n\n                <\/ul>\n\n                    <\/div>\n\n                    <div class=\"vehicle-price\">\n                                                    <div itemprop=\"priceSpecification\" itemscope itemtype=\"http:\/\/schema.org\/UnitPriceSpecification\">\n                                <meta itemprop=\"priceCurrency\" content=\"EUR\">\n                                <meta itemprop=\"price\" content=\"48.780\">\n                                <strong>\n                                    48.780 \u20ac (Brutto)\n                                <\/strong><br><small>\n                                    Inkl. 19% MwSt.                                <\/small>\n                            <\/div>\n                                                <br>\n                        <a href=\"https:\/\/ford-sachsen.de\/html\/page\/fahrzeuge\/ford-transit-custom-kastenwagen-sport-320-l2-plug-in\/\"\n                            class=\"vehicle-btn wp-block-button__link wp-element-button\">Details<\/a>\n                    <\/div>\n                <\/div> <!-- \/\/ vehicle-row -->\n               \n            <\/article>\n                        <article id=\"post-4810103\" class=\"vehicle\">\n                <hgroup>\n                    <a href=\"https:\/\/ford-sachsen.de\/html\/page\/fahrzeuge\/ford-transit-kastenwagen-trend-350-l3-tageszulassung\/\">\n                        <h2 class=\"vehicle-title\">\n                            Ford Transit Kastenwagen Trend 350 L3 TAGESZULASSUNG                        <\/h2>\n\n                    <\/a>\n                <\/hgroup>\n                <span class=\"vehicle-addition\">\n                    <p>\n                        Kastenwagen ,\n                        Gebrauchtfahrzeug                    <\/p>\n                <\/span>\n                <div class=\"vehicle-row\">\n                    <div class=\"vehicle-thumbnail\">\n                        <a href=\"https:\/\/ford-sachsen.de\/html\/page\/fahrzeuge\/ford-transit-kastenwagen-trend-350-l3-tageszulassung\/\" title=\"Ford Transit Kastenwagen Trend 350 L3 TAGESZULASSUNG\">\n                            <img loading=\"lazy\" decoding=\"async\" width=\"300\" height=\"225\" src=\"https:\/\/ford-sachsen.de\/html\/page\/wp-content\/uploads\/2026\/09\/4810103-6a961bfecfd65569e7a0e-e107-45a8-9b16-f6d550c6e50c-rule-mo-1600-300x225.jpg\" class=\"attachment-medium size-medium wp-post-image\" alt=\"\" srcset=\"https:\/\/ford-sachsen.de\/html\/page\/wp-content\/uploads\/2026\/09\/4810103-6a961bfecfd65569e7a0e-e107-45a8-9b16-f6d550c6e50c-rule-mo-1600-300x225.jpg 300w, https:\/\/ford-sachsen.de\/html\/page\/wp-content\/uploads\/2026\/09\/4810103-6a961bfecfd65569e7a0e-e107-45a8-9b16-f6d550c6e50c-rule-mo-1600-1024x768.jpg 1024w, https:\/\/ford-sachsen.de\/html\/page\/wp-content\/uploads\/2026\/09\/4810103-6a961bfecfd65569e7a0e-e107-45a8-9b16-f6d550c6e50c-rule-mo-1600-768x576.jpg 768w, https:\/\/ford-sachsen.de\/html\/page\/wp-content\/uploads\/2026\/09\/4810103-6a961bfecfd65569e7a0e-e107-45a8-9b16-f6d550c6e50c-rule-mo-1600.jpg 1440w\" sizes=\"(max-width: 300px) 100vw, 300px\" \/>                        <\/a>\n                    <\/div>\n                    <div class=\"vehicle-data\">\n                                                    <small>\n                                                                06.2026                                \u00b7\n                            <\/small>\n                                                                            <small>\n                                25 km\n                            <\/small>\n                                                                            <small>\n                                \u00b7\n                                96 kW\n                                                                (\n                                131 PS)\n                            <\/small>\n                                                                            <small>\n                                \u00b7\n                                Schaltgetriebe                            <\/small>\n                                                                            <small>\n                                \u00b7\n                                Unfallfrei                            <\/small>\n                        \n                                                    <small>\n                                \u00b7\n                                Diesel                            <\/small>\n                                                                                                                        <ul class=\"vehicle-emission\">\n                                                                                     \n                                       \n  <!-- CO2-Emissionen\t-->\n                                        <!-- CO2-Emissionen\t-->\n                   \n \n \n\n\n                <\/ul>\n\n                    <\/div>\n\n                    <div class=\"vehicle-price\">\n                                                    <div itemprop=\"priceSpecification\" itemscope itemtype=\"http:\/\/schema.org\/UnitPriceSpecification\">\n                                <meta itemprop=\"priceCurrency\" content=\"EUR\">\n                                <meta itemprop=\"price\" content=\"32.890\">\n                                <strong>\n                                    32.890 \u20ac (Brutto)\n                                <\/strong><br><small>\n                                    Inkl. 19% MwSt.                                <\/small>\n                            <\/div>\n                                                <br>\n                        <a href=\"https:\/\/ford-sachsen.de\/html\/page\/fahrzeuge\/ford-transit-kastenwagen-trend-350-l3-tageszulassung\/\"\n                            class=\"vehicle-btn wp-block-button__link wp-element-button\">Details<\/a>\n                    <\/div>\n                <\/div> <!-- \/\/ vehicle-row -->\n               \n            <\/article>\n                        <article id=\"post-4810003\" class=\"vehicle\">\n                <hgroup>\n                    <a href=\"https:\/\/ford-sachsen.de\/html\/page\/fahrzeuge\/ford-transit-connect-l1-kasten-kastenwagen-trend-ahk\/\">\n                        <h2 class=\"vehicle-title\">\n                            Ford Transit Connect L1 Kasten Kastenwagen Trend AHK+                        <\/h2>\n\n                    <\/a>\n                <\/hgroup>\n                <span class=\"vehicle-addition\">\n                    <p>\n                        Kastenwagen ,\n                        Gebrauchtfahrzeug                    <\/p>\n                <\/span>\n                <div class=\"vehicle-row\">\n                    <div class=\"vehicle-thumbnail\">\n                        <a href=\"https:\/\/ford-sachsen.de\/html\/page\/fahrzeuge\/ford-transit-connect-l1-kasten-kastenwagen-trend-ahk\/\" title=\"Ford Transit Connect L1 Kasten Kastenwagen Trend AHK+\">\n                            <img loading=\"lazy\" decoding=\"async\" width=\"300\" height=\"225\" src=\"https:\/\/ford-sachsen.de\/html\/page\/wp-content\/uploads\/2026\/09\/4810003-6a96199665353241476a2-81af-42fe-9f48-31c9a6256050-rule-mo-1600-300x225.jpg\" class=\"attachment-medium size-medium wp-post-image\" alt=\"\" srcset=\"https:\/\/ford-sachsen.de\/html\/page\/wp-content\/uploads\/2026\/09\/4810003-6a96199665353241476a2-81af-42fe-9f48-31c9a6256050-rule-mo-1600-300x225.jpg 300w, https:\/\/ford-sachsen.de\/html\/page\/wp-content\/uploads\/2026\/09\/4810003-6a96199665353241476a2-81af-42fe-9f48-31c9a6256050-rule-mo-1600-1024x768.jpg 1024w, https:\/\/ford-sachsen.de\/html\/page\/wp-content\/uploads\/2026\/09\/4810003-6a96199665353241476a2-81af-42fe-9f48-31c9a6256050-rule-mo-1600-768x576.jpg 768w, https:\/\/ford-sachsen.de\/html\/page\/wp-content\/uploads\/2026\/09\/4810003-6a96199665353241476a2-81af-42fe-9f48-31c9a6256050-rule-mo-1600.jpg 1440w\" sizes=\"(max-width: 300px) 100vw, 300px\" \/>                        <\/a>\n                    <\/div>\n                    <div class=\"vehicle-data\">\n                                                    <small>\n                                                                02.2026                                \u00b7\n                            <\/small>\n                                                                            <small>\n                                100 km\n                            <\/small>\n                                                                            <small>\n                                \u00b7\n                                75 kW\n                                                                (\n                                102 PS)\n                            <\/small>\n                                                                            <small>\n                                \u00b7\n                                Schaltgetriebe                            <\/small>\n                                                                            <small>\n                                \u00b7\n                                Unfallfrei                            <\/small>\n                        \n                                                    <small>\n                                \u00b7\n                                Diesel                            <\/small>\n                                                                                                                        <ul class=\"vehicle-emission\">\n                                                                                     \n                                       \n  <!-- CO2-Emissionen\t-->\n                                        <!-- CO2-Emissionen\t-->\n                   \n \n \n\n\n                <\/ul>\n\n                    <\/div>\n\n                    <div class=\"vehicle-price\">\n                                                    <div itemprop=\"priceSpecification\" itemscope itemtype=\"http:\/\/schema.org\/UnitPriceSpecification\">\n                                <meta itemprop=\"priceCurrency\" content=\"EUR\">\n                                <meta itemprop=\"price\" content=\"23.790\">\n                                <strong>\n                                    23.790 \u20ac (Brutto)\n                                <\/strong><br><small>\n                                    Inkl. 19% MwSt.                                <\/small>\n                            <\/div>\n                                                <br>\n                        <a href=\"https:\/\/ford-sachsen.de\/html\/page\/fahrzeuge\/ford-transit-connect-l1-kasten-kastenwagen-trend-ahk\/\"\n                            class=\"vehicle-btn wp-block-button__link wp-element-button\">Details<\/a>\n                    <\/div>\n                <\/div> <!-- \/\/ vehicle-row -->\n               \n            <\/article>\n                        <article id=\"post-4809933\" class=\"vehicle\">\n                <hgroup>\n                    <a href=\"https:\/\/ford-sachsen.de\/html\/page\/fahrzeuge\/ford-ranger-stormtrak-phev-doka-ahk-navi-digitales-co\/\">\n                        <h2 class=\"vehicle-title\">\n                            Ford Ranger Stormtrak PHEV DOKA AHK Navi Digitales Co                        <\/h2>\n\n                    <\/a>\n                <\/hgroup>\n                <span class=\"vehicle-addition\">\n                    <p>\n                        Kastenwagen ,\n                        Gebrauchtfahrzeug                    <\/p>\n                <\/span>\n                <div class=\"vehicle-row\">\n                    <div class=\"vehicle-thumbnail\">\n                        <a href=\"https:\/\/ford-sachsen.de\/html\/page\/fahrzeuge\/ford-ranger-stormtrak-phev-doka-ahk-navi-digitales-co\/\" title=\"Ford Ranger Stormtrak PHEV DOKA AHK Navi Digitales Co\">\n                            <img loading=\"lazy\" decoding=\"async\" width=\"300\" height=\"225\" src=\"https:\/\/ford-sachsen.de\/html\/page\/wp-content\/uploads\/2026\/09\/4809933-6a961802c2df542f4c8d9-8b52-4c7a-bb1d-41eea9dad6ef-rule-mo-1600-300x225.jpg\" class=\"attachment-medium size-medium wp-post-image\" alt=\"\" srcset=\"https:\/\/ford-sachsen.de\/html\/page\/wp-content\/uploads\/2026\/09\/4809933-6a961802c2df542f4c8d9-8b52-4c7a-bb1d-41eea9dad6ef-rule-mo-1600-300x225.jpg 300w, https:\/\/ford-sachsen.de\/html\/page\/wp-content\/uploads\/2026\/09\/4809933-6a961802c2df542f4c8d9-8b52-4c7a-bb1d-41eea9dad6ef-rule-mo-1600-1024x768.jpg 1024w, https:\/\/ford-sachsen.de\/html\/page\/wp-content\/uploads\/2026\/09\/4809933-6a961802c2df542f4c8d9-8b52-4c7a-bb1d-41eea9dad6ef-rule-mo-1600-768x576.jpg 768w, https:\/\/ford-sachsen.de\/html\/page\/wp-content\/uploads\/2026\/09\/4809933-6a961802c2df542f4c8d9-8b52-4c7a-bb1d-41eea9dad6ef-rule-mo-1600.jpg 1440w\" sizes=\"(max-width: 300px) 100vw, 300px\" \/>                        <\/a>\n                    <\/div>\n                    <div class=\"vehicle-data\">\n                                                    <small>\n                                                                12.2025                                \u00b7\n                            <\/small>\n                                                                            <small>\n                                19.750 km\n                            <\/small>\n                                                                            <small>\n                                \u00b7\n                                205 kW\n                                                                (\n                                279 PS)\n                            <\/small>\n                                                                            <small>\n                                \u00b7\n                                Automatik                            <\/small>\n                                                                            <small>\n                                \u00b7\n                                Unfallfrei                            <\/small>\n                        \n                                                    <small>\n                                \u00b7\n                                Hybrid (Benzin\/Elektro)                            <\/small>\n                                                                                                                        <ul class=\"vehicle-emission\">\n                                                                                     \n                                       \n  <!-- CO2-Emissionen\t-->\n                                        <!-- CO2-Emissionen\t-->\n                   \n \n \n\n\n                <\/ul>\n\n                    <\/div>\n\n                    <div class=\"vehicle-price\">\n                                                    <div itemprop=\"priceSpecification\" itemscope itemtype=\"http:\/\/schema.org\/UnitPriceSpecification\">\n                                <meta itemprop=\"priceCurrency\" content=\"EUR\">\n                                <meta itemprop=\"price\" content=\"57.890\">\n                                <strong>\n                                    57.890 \u20ac (Brutto)\n                                <\/strong><br><small>\n                                    Inkl. 19% MwSt.                                <\/small>\n                            <\/div>\n                                                <br>\n                        <a href=\"https:\/\/ford-sachsen.de\/html\/page\/fahrzeuge\/ford-ranger-stormtrak-phev-doka-ahk-navi-digitales-co\/\"\n                            class=\"vehicle-btn wp-block-button__link wp-element-button\">Details<\/a>\n                    <\/div>\n                <\/div> <!-- \/\/ vehicle-row -->\n               \n            <\/article>\n                        <article id=\"post-4809847\" class=\"vehicle\">\n                <hgroup>\n                    <a href=\"https:\/\/ford-sachsen.de\/html\/page\/fahrzeuge\/ford-ranger-phev-e-4wd-doka-wildtrak-el-laderolle\/\">\n                        <h2 class=\"vehicle-title\">\n                            Ford Ranger PHEV e-4WD Doka Wildtrak EL.LADEROLLE                        <\/h2>\n\n                    <\/a>\n                <\/hgroup>\n                <span class=\"vehicle-addition\">\n                    <p>\n                        Pritsche ,\n                        Gebrauchtfahrzeug                    <\/p>\n                <\/span>\n                <div class=\"vehicle-row\">\n                    <div class=\"vehicle-thumbnail\">\n                        <a href=\"https:\/\/ford-sachsen.de\/html\/page\/fahrzeuge\/ford-ranger-phev-e-4wd-doka-wildtrak-el-laderolle\/\" title=\"Ford Ranger PHEV e-4WD Doka Wildtrak EL.LADEROLLE\">\n                            <img loading=\"lazy\" decoding=\"async\" width=\"300\" height=\"225\" src=\"https:\/\/ford-sachsen.de\/html\/page\/wp-content\/uploads\/2026\/09\/4809847-6a9616d092af49af43982-e4cb-48f4-99d0-f6fdb863a01f-rule-mo-1600-300x225.jpg\" class=\"attachment-medium size-medium wp-post-image\" alt=\"\" srcset=\"https:\/\/ford-sachsen.de\/html\/page\/wp-content\/uploads\/2026\/09\/4809847-6a9616d092af49af43982-e4cb-48f4-99d0-f6fdb863a01f-rule-mo-1600-300x225.jpg 300w, https:\/\/ford-sachsen.de\/html\/page\/wp-content\/uploads\/2026\/09\/4809847-6a9616d092af49af43982-e4cb-48f4-99d0-f6fdb863a01f-rule-mo-1600-1024x768.jpg 1024w, https:\/\/ford-sachsen.de\/html\/page\/wp-content\/uploads\/2026\/09\/4809847-6a9616d092af49af43982-e4cb-48f4-99d0-f6fdb863a01f-rule-mo-1600-768x576.jpg 768w, https:\/\/ford-sachsen.de\/html\/page\/wp-content\/uploads\/2026\/09\/4809847-6a9616d092af49af43982-e4cb-48f4-99d0-f6fdb863a01f-rule-mo-1600.jpg 1440w\" sizes=\"(max-width: 300px) 100vw, 300px\" \/>                        <\/a>\n                    <\/div>\n                    <div class=\"vehicle-data\">\n                                                    <small>\n                                                                05.2026                                \u00b7\n                            <\/small>\n                                                                            <small>\n                                25 km\n                            <\/small>\n                                                                            <small>\n                                \u00b7\n                                205 kW\n                                                                (\n                                279 PS)\n                            <\/small>\n                                                                            <small>\n                                \u00b7\n                                Automatik                            <\/small>\n                                                                            <small>\n                                \u00b7\n                                Unfallfrei                            <\/small>\n                        \n                                                    <small>\n                                \u00b7\n                                Hybrid (Benzin\/Elektro)                            <\/small>\n                                                                                                                        <ul class=\"vehicle-emission\">\n                                                                                     \n                                       \n  <!-- CO2-Emissionen\t-->\n                                        <!-- CO2-Emissionen\t-->\n                   \n \n \n\n\n                <\/ul>\n\n                    <\/div>\n\n                    <div class=\"vehicle-price\">\n                                                    <div itemprop=\"priceSpecification\" itemscope itemtype=\"http:\/\/schema.org\/UnitPriceSpecification\">\n                                <meta itemprop=\"priceCurrency\" content=\"EUR\">\n                                <meta itemprop=\"price\" content=\"50.990\">\n                                <strong>\n                                    50.990 \u20ac (Brutto)\n                                <\/strong><br><small>\n                                    Inkl. 19% MwSt.                                <\/small>\n                            <\/div>\n                                                <br>\n                        <a href=\"https:\/\/ford-sachsen.de\/html\/page\/fahrzeuge\/ford-ranger-phev-e-4wd-doka-wildtrak-el-laderolle\/\"\n                            class=\"vehicle-btn wp-block-button__link wp-element-button\">Details<\/a>\n                    <\/div>\n                <\/div> <!-- \/\/ vehicle-row -->\n               \n            <\/article>\n                        <article id=\"post-4809779\" class=\"vehicle\">\n                <hgroup>\n                    <a href=\"https:\/\/ford-sachsen.de\/html\/page\/fahrzeuge\/ford-transit-custom-doka-sport-320-l2-plug-in-hybrid\/\">\n                        <h2 class=\"vehicle-title\">\n                            Ford Transit Custom DoKa Sport 320 L2 Plug-in Hybrid                        <\/h2>\n\n                    <\/a>\n                <\/hgroup>\n                <span class=\"vehicle-addition\">\n                    <p>\n                        Kastenwagen ,\n                        Gebrauchtfahrzeug                    <\/p>\n                <\/span>\n                <div class=\"vehicle-row\">\n                    <div class=\"vehicle-thumbnail\">\n                        <a href=\"https:\/\/ford-sachsen.de\/html\/page\/fahrzeuge\/ford-transit-custom-doka-sport-320-l2-plug-in-hybrid\/\" title=\"Ford Transit Custom DoKa Sport 320 L2 Plug-in Hybrid\">\n                            <img loading=\"lazy\" decoding=\"async\" width=\"300\" height=\"225\" src=\"https:\/\/ford-sachsen.de\/html\/page\/wp-content\/uploads\/2026\/09\/4809779-6a9615aeb3ab14e8c7da7-e94e-4835-9a99-afd0c2b6cad5-rule-mo-1600-300x225.jpg\" class=\"attachment-medium size-medium wp-post-image\" alt=\"\" srcset=\"https:\/\/ford-sachsen.de\/html\/page\/wp-content\/uploads\/2026\/09\/4809779-6a9615aeb3ab14e8c7da7-e94e-4835-9a99-afd0c2b6cad5-rule-mo-1600-300x225.jpg 300w, https:\/\/ford-sachsen.de\/html\/page\/wp-content\/uploads\/2026\/09\/4809779-6a9615aeb3ab14e8c7da7-e94e-4835-9a99-afd0c2b6cad5-rule-mo-1600-1024x768.jpg 1024w, https:\/\/ford-sachsen.de\/html\/page\/wp-content\/uploads\/2026\/09\/4809779-6a9615aeb3ab14e8c7da7-e94e-4835-9a99-afd0c2b6cad5-rule-mo-1600-768x576.jpg 768w, https:\/\/ford-sachsen.de\/html\/page\/wp-content\/uploads\/2026\/09\/4809779-6a9615aeb3ab14e8c7da7-e94e-4835-9a99-afd0c2b6cad5-rule-mo-1600.jpg 1440w\" sizes=\"(max-width: 300px) 100vw, 300px\" \/>                        <\/a>\n                    <\/div>\n                    <div class=\"vehicle-data\">\n                                                    <small>\n                                                                06.2026                                \u00b7\n                            <\/small>\n                                                                            <small>\n                                25 km\n                            <\/small>\n                                                                            <small>\n                                \u00b7\n                                171 kW\n                                                                (\n                                232 PS)\n                            <\/small>\n                                                                            <small>\n                                \u00b7\n                                Automatik                            <\/small>\n                                                                            <small>\n                                \u00b7\n                                Unfallfrei                            <\/small>\n                        \n                                                    <small>\n                                \u00b7\n                                Hybrid (Benzin\/Elektro)                            <\/small>\n                                                                                                                        <ul class=\"vehicle-emission\">\n                                                                                     \n                                       \n  <!-- CO2-Emissionen\t-->\n                                        <!-- CO2-Emissionen\t-->\n                   \n \n \n\n\n                <\/ul>\n\n                    <\/div>\n\n                    <div class=\"vehicle-price\">\n                                                    <div itemprop=\"priceSpecification\" itemscope itemtype=\"http:\/\/schema.org\/UnitPriceSpecification\">\n                                <meta itemprop=\"priceCurrency\" content=\"EUR\">\n                                <meta itemprop=\"price\" content=\"49.590\">\n                                <strong>\n                                    49.590 \u20ac (Brutto)\n                                <\/strong><br><small>\n                                    Inkl. 19% MwSt.                                <\/small>\n                            <\/div>\n                                                <br>\n                        <a href=\"https:\/\/ford-sachsen.de\/html\/page\/fahrzeuge\/ford-transit-custom-doka-sport-320-l2-plug-in-hybrid\/\"\n                            class=\"vehicle-btn wp-block-button__link wp-element-button\">Details<\/a>\n                    <\/div>\n                <\/div> <!-- \/\/ vehicle-row -->\n               \n            <\/article>\n                        <article id=\"post-4809665\" class=\"vehicle\">\n                <hgroup>\n                    <a href=\"https:\/\/ford-sachsen.de\/html\/page\/fahrzeuge\/benimar-tessoro-488-northautokapp\/\">\n                        <h2 class=\"vehicle-title\">\n                            Benimar Tessoro 488 NORTHAUTOKAPP                        <\/h2>\n\n                    <\/a>\n                <\/hgroup>\n                <span class=\"vehicle-addition\">\n                    <p>\n                        Teilintegrierter ,\n                        Gebrauchtfahrzeug                    <\/p>\n                <\/span>\n                <div class=\"vehicle-row\">\n                    <div class=\"vehicle-thumbnail\">\n                        <a href=\"https:\/\/ford-sachsen.de\/html\/page\/fahrzeuge\/benimar-tessoro-488-northautokapp\/\" title=\"Benimar Tessoro 488 NORTHAUTOKAPP\">\n                            <img loading=\"lazy\" decoding=\"async\" width=\"300\" height=\"169\" src=\"https:\/\/ford-sachsen.de\/html\/page\/wp-content\/uploads\/2026\/09\/4809665-6a961206b802104dd84f1-fb7d-4586-9f0f-e47d19dce576-rule-mo-1600-300x169.jpg\" class=\"attachment-medium size-medium wp-post-image\" alt=\"\" srcset=\"https:\/\/ford-sachsen.de\/html\/page\/wp-content\/uploads\/2026\/09\/4809665-6a961206b802104dd84f1-fb7d-4586-9f0f-e47d19dce576-rule-mo-1600-300x169.jpg 300w, https:\/\/ford-sachsen.de\/html\/page\/wp-content\/uploads\/2026\/09\/4809665-6a961206b802104dd84f1-fb7d-4586-9f0f-e47d19dce576-rule-mo-1600-1024x576.jpg 1024w, https:\/\/ford-sachsen.de\/html\/page\/wp-content\/uploads\/2026\/09\/4809665-6a961206b802104dd84f1-fb7d-4586-9f0f-e47d19dce576-rule-mo-1600-768x432.jpg 768w, https:\/\/ford-sachsen.de\/html\/page\/wp-content\/uploads\/2026\/09\/4809665-6a961206b802104dd84f1-fb7d-4586-9f0f-e47d19dce576-rule-mo-1600-1536x864.jpg 1536w, https:\/\/ford-sachsen.de\/html\/page\/wp-content\/uploads\/2026\/09\/4809665-6a961206b802104dd84f1-fb7d-4586-9f0f-e47d19dce576-rule-mo-1600.jpg 1600w\" sizes=\"(max-width: 300px) 100vw, 300px\" \/>                        <\/a>\n                    <\/div>\n                    <div class=\"vehicle-data\">\n                                                    <small>\n                                                                03.2025                                \u00b7\n                            <\/small>\n                                                                            <small>\n                                30.000 km\n                            <\/small>\n                                                                            <small>\n                                \u00b7\n                                121 kW\n                                                                (\n                                165 PS)\n                            <\/small>\n                                                                            <small>\n                                \u00b7\n                                Automatik                            <\/small>\n                                                                            <small>\n                                \u00b7\n                                Unfallfrei                            <\/small>\n                        \n                                                    <small>\n                                \u00b7\n                                Diesel                            <\/small>\n                                                                                                                        <ul class=\"vehicle-emission\">\n                                                                                     \n                                       \n  <!-- CO2-Emissionen\t-->\n                                        <!-- CO2-Emissionen\t-->\n                   \n \n \n\n\n                <\/ul>\n\n                    <\/div>\n\n                    <div class=\"vehicle-price\">\n                                                    <div itemprop=\"priceSpecification\" itemscope itemtype=\"http:\/\/schema.org\/UnitPriceSpecification\">\n                                <meta itemprop=\"priceCurrency\" content=\"EUR\">\n                                <meta itemprop=\"price\" content=\"64.930\">\n                                <strong>\n                                    64.930 \u20ac (Brutto)\n                                <\/strong><br><small>\n                                    Inkl. 19% MwSt.                                <\/small>\n                            <\/div>\n                                                <br>\n                        <a href=\"https:\/\/ford-sachsen.de\/html\/page\/fahrzeuge\/benimar-tessoro-488-northautokapp\/\"\n                            class=\"vehicle-btn wp-block-button__link wp-element-button\">Details<\/a>\n                    <\/div>\n                <\/div> <!-- \/\/ vehicle-row -->\n               \n            <\/article>\n                        <article id=\"post-4809518\" class=\"vehicle\">\n                <hgroup>\n                    <a href=\"https:\/\/ford-sachsen.de\/html\/page\/fahrzeuge\/vanexxt-tourneo-custom-titanium-l1-vanexxt-level-schlafd\/\">\n                        <h2 class=\"vehicle-title\">\n                            vanexxt Tourneo Custom Titanium L1 vanexxt Level SCHLAFD                        <\/h2>\n\n                    <\/a>\n                <\/hgroup>\n                <span class=\"vehicle-addition\">\n                    <p>\n                        Wohnmobil andere ,\n                        Gebrauchtfahrzeug                    <\/p>\n                <\/span>\n                <div class=\"vehicle-row\">\n                    <div class=\"vehicle-thumbnail\">\n                        <a href=\"https:\/\/ford-sachsen.de\/html\/page\/fahrzeuge\/vanexxt-tourneo-custom-titanium-l1-vanexxt-level-schlafd\/\" title=\"vanexxt Tourneo Custom Titanium L1 vanexxt Level SCHLAFD\">\n                            <img loading=\"lazy\" decoding=\"async\" width=\"300\" height=\"169\" src=\"https:\/\/ford-sachsen.de\/html\/page\/wp-content\/uploads\/2026\/09\/4809518-6a960f28b1ac58e304f03-012e-4a13-bcfd-3ed6958e3dd1-rule-mo-1600-300x169.jpg\" class=\"attachment-medium size-medium wp-post-image\" alt=\"\" srcset=\"https:\/\/ford-sachsen.de\/html\/page\/wp-content\/uploads\/2026\/09\/4809518-6a960f28b1ac58e304f03-012e-4a13-bcfd-3ed6958e3dd1-rule-mo-1600-300x169.jpg 300w, https:\/\/ford-sachsen.de\/html\/page\/wp-content\/uploads\/2026\/09\/4809518-6a960f28b1ac58e304f03-012e-4a13-bcfd-3ed6958e3dd1-rule-mo-1600-1024x576.jpg 1024w, https:\/\/ford-sachsen.de\/html\/page\/wp-content\/uploads\/2026\/09\/4809518-6a960f28b1ac58e304f03-012e-4a13-bcfd-3ed6958e3dd1-rule-mo-1600-768x432.jpg 768w, https:\/\/ford-sachsen.de\/html\/page\/wp-content\/uploads\/2026\/09\/4809518-6a960f28b1ac58e304f03-012e-4a13-bcfd-3ed6958e3dd1-rule-mo-1600-1536x864.jpg 1536w, https:\/\/ford-sachsen.de\/html\/page\/wp-content\/uploads\/2026\/09\/4809518-6a960f28b1ac58e304f03-012e-4a13-bcfd-3ed6958e3dd1-rule-mo-1600.jpg 1600w\" sizes=\"(max-width: 300px) 100vw, 300px\" \/>                        <\/a>\n                    <\/div>\n                    <div class=\"vehicle-data\">\n                                                    <small>\n                                                                02.2026                                \u00b7\n                            <\/small>\n                                                                            <small>\n                                10.000 km\n                            <\/small>\n                                                                            <small>\n                                \u00b7\n                                100 kW\n                                                                (\n                                136 PS)\n                            <\/small>\n                                                                            <small>\n                                \u00b7\n                                Automatik                            <\/small>\n                                                                            <small>\n                                \u00b7\n                                Unfallfrei                            <\/small>\n                        \n                                                    <small>\n                                \u00b7\n                                Diesel                            <\/small>\n                                                                                                                        <ul class=\"vehicle-emission\">\n                                                 <span>Verbrauch komb.: \n                                    8.0                                 l\/100km<\/span><br>\n                                                                                \n                                       \n  <!-- CO2-Emissionen\t-->\n                                            <span>CO\u2082-Emissionen komb.: 224.0                                 g\/km<\/span><br>\n                                        <!-- CO2-Emissionen\t-->\n                   \n \n                         <span>CO\u2082-Klasse: \n                                    G                                <\/span><br>\n                    \n\n\n                <\/ul>\n\n                    <\/div>\n\n                    <div class=\"vehicle-price\">\n                                                    <div itemprop=\"priceSpecification\" itemscope itemtype=\"http:\/\/schema.org\/UnitPriceSpecification\">\n                                <meta itemprop=\"priceCurrency\" content=\"EUR\">\n                                <meta itemprop=\"price\" content=\"59.490\">\n                                <strong>\n                                    59.490 \u20ac (Brutto)\n                                <\/strong><br><small>\n                                    Inkl. 19% MwSt.                                <\/small>\n                            <\/div>\n                                                <br>\n                        <a href=\"https:\/\/ford-sachsen.de\/html\/page\/fahrzeuge\/vanexxt-tourneo-custom-titanium-l1-vanexxt-level-schlafd\/\"\n                            class=\"vehicle-btn wp-block-button__link wp-element-button\">Details<\/a>\n                    <\/div>\n                <\/div> <!-- \/\/ vehicle-row -->\n               \n            <\/article>\n                        <article id=\"post-4809516\" class=\"vehicle\">\n                <hgroup>\n                    <a href=\"https:\/\/ford-sachsen.de\/html\/page\/fahrzeuge\/vanexxt-ford-tourneo-custom-titanium-vanexxt-level-2-l1\/\">\n                        <h2 class=\"vehicle-title\">\n                            vanexxt Ford Tourneo Custom Titanium vanexxt Level 2 L1                        <\/h2>\n\n                    <\/a>\n                <\/hgroup>\n                <span class=\"vehicle-addition\">\n                    <p>\n                        Wohnmobil andere ,\n                        Gebrauchtfahrzeug                    <\/p>\n                <\/span>\n                <div class=\"vehicle-row\">\n                    <div class=\"vehicle-thumbnail\">\n                        <a href=\"https:\/\/ford-sachsen.de\/html\/page\/fahrzeuge\/vanexxt-ford-tourneo-custom-titanium-vanexxt-level-2-l1\/\" title=\"vanexxt Ford Tourneo Custom Titanium vanexxt Level 2 L1\">\n                            <img loading=\"lazy\" decoding=\"async\" width=\"300\" height=\"169\" src=\"https:\/\/ford-sachsen.de\/html\/page\/wp-content\/uploads\/2026\/09\/4809516-6a960f2669e57a6805fce-4d68-4498-910e-b3d3cf0970bd-rule-mo-1600-300x169.jpg\" class=\"attachment-medium size-medium wp-post-image\" alt=\"\" srcset=\"https:\/\/ford-sachsen.de\/html\/page\/wp-content\/uploads\/2026\/09\/4809516-6a960f2669e57a6805fce-4d68-4498-910e-b3d3cf0970bd-rule-mo-1600-300x169.jpg 300w, https:\/\/ford-sachsen.de\/html\/page\/wp-content\/uploads\/2026\/09\/4809516-6a960f2669e57a6805fce-4d68-4498-910e-b3d3cf0970bd-rule-mo-1600-1024x576.jpg 1024w, https:\/\/ford-sachsen.de\/html\/page\/wp-content\/uploads\/2026\/09\/4809516-6a960f2669e57a6805fce-4d68-4498-910e-b3d3cf0970bd-rule-mo-1600-768x432.jpg 768w, https:\/\/ford-sachsen.de\/html\/page\/wp-content\/uploads\/2026\/09\/4809516-6a960f2669e57a6805fce-4d68-4498-910e-b3d3cf0970bd-rule-mo-1600-1536x864.jpg 1536w, https:\/\/ford-sachsen.de\/html\/page\/wp-content\/uploads\/2026\/09\/4809516-6a960f2669e57a6805fce-4d68-4498-910e-b3d3cf0970bd-rule-mo-1600.jpg 1600w\" sizes=\"(max-width: 300px) 100vw, 300px\" \/>                        <\/a>\n                    <\/div>\n                    <div class=\"vehicle-data\">\n                                                    <small>\n                                                                02.2026                                \u00b7\n                            <\/small>\n                                                                            <small>\n                                50 km\n                            <\/small>\n                                                                            <small>\n                                \u00b7\n                                100 kW\n                                                                (\n                                136 PS)\n                            <\/small>\n                                                                            <small>\n                                \u00b7\n                                Automatik                            <\/small>\n                                                                            <small>\n                                \u00b7\n                                Unfallfrei                            <\/small>\n                        \n                                                    <small>\n                                \u00b7\n                                Diesel                            <\/small>\n                                                                                                                        <ul class=\"vehicle-emission\">\n                                                                                     \n                                       \n  <!-- CO2-Emissionen\t-->\n                                        <!-- CO2-Emissionen\t-->\n                   \n \n \n\n\n                <\/ul>\n\n                    <\/div>\n\n                    <div class=\"vehicle-price\">\n                                                    <div itemprop=\"priceSpecification\" itemscope itemtype=\"http:\/\/schema.org\/UnitPriceSpecification\">\n                                <meta itemprop=\"priceCurrency\" content=\"EUR\">\n                                <meta itemprop=\"price\" content=\"59.490\">\n                                <strong>\n                                    59.490 \u20ac (Brutto)\n                                <\/strong><br><small>\n                                    Inkl. 19% MwSt.                                <\/small>\n                            <\/div>\n                                                <br>\n                        <a href=\"https:\/\/ford-sachsen.de\/html\/page\/fahrzeuge\/vanexxt-ford-tourneo-custom-titanium-vanexxt-level-2-l1\/\"\n                            class=\"vehicle-btn wp-block-button__link wp-element-button\">Details<\/a>\n                    <\/div>\n                <\/div> <!-- \/\/ vehicle-row -->\n               \n            <\/article>\n                        <article id=\"post-4809498\" class=\"vehicle\">\n                <hgroup>\n                    <a href=\"https:\/\/ford-sachsen.de\/html\/page\/fahrzeuge\/ford-transit-kasten-350-l3-trend-laderaum-ledverklei\/\">\n                        <h2 class=\"vehicle-title\">\n                            Ford Transit Kasten 350 L3 Trend LADERAUM-LED&amp;VERKLEI                        <\/h2>\n\n                    <\/a>\n                <\/hgroup>\n                <span class=\"vehicle-addition\">\n                    <p>\n                        Kastenwagen hoch + lang ,\n                        Gebrauchtfahrzeug                    <\/p>\n                <\/span>\n                <div class=\"vehicle-row\">\n                    <div class=\"vehicle-thumbnail\">\n                        <a href=\"https:\/\/ford-sachsen.de\/html\/page\/fahrzeuge\/ford-transit-kasten-350-l3-trend-laderaum-ledverklei\/\" title=\"Ford Transit Kasten 350 L3 Trend LADERAUM-LED&amp;VERKLEI\">\n                            <img loading=\"lazy\" decoding=\"async\" width=\"300\" height=\"225\" src=\"https:\/\/ford-sachsen.de\/html\/page\/wp-content\/uploads\/2026\/09\/4809498-6a960f14da0fa9e66d772-3589-4a51-9b81-da317c85fe96-rule-mo-1600-300x225.jpg\" class=\"attachment-medium size-medium wp-post-image\" alt=\"\" srcset=\"https:\/\/ford-sachsen.de\/html\/page\/wp-content\/uploads\/2026\/09\/4809498-6a960f14da0fa9e66d772-3589-4a51-9b81-da317c85fe96-rule-mo-1600-300x225.jpg 300w, https:\/\/ford-sachsen.de\/html\/page\/wp-content\/uploads\/2026\/09\/4809498-6a960f14da0fa9e66d772-3589-4a51-9b81-da317c85fe96-rule-mo-1600-1024x768.jpg 1024w, https:\/\/ford-sachsen.de\/html\/page\/wp-content\/uploads\/2026\/09\/4809498-6a960f14da0fa9e66d772-3589-4a51-9b81-da317c85fe96-rule-mo-1600-768x576.jpg 768w, https:\/\/ford-sachsen.de\/html\/page\/wp-content\/uploads\/2026\/09\/4809498-6a960f14da0fa9e66d772-3589-4a51-9b81-da317c85fe96-rule-mo-1600.jpg 1440w\" sizes=\"(max-width: 300px) 100vw, 300px\" \/>                        <\/a>\n                    <\/div>\n                    <div class=\"vehicle-data\">\n                                                    <small>\n                                                                06.2026                                \u00b7\n                            <\/small>\n                                                                            <small>\n                                25 km\n                            <\/small>\n                                                                            <small>\n                                \u00b7\n                                96 kW\n                                                                (\n                                131 PS)\n                            <\/small>\n                                                                            <small>\n                                \u00b7\n                                Schaltgetriebe                            <\/small>\n                                                                            <small>\n                                \u00b7\n                                Unfallfrei                            <\/small>\n                        \n                                                    <small>\n                                \u00b7\n                                Diesel                            <\/small>\n                                                                                                                        <ul class=\"vehicle-emission\">\n                                                                                     \n                                       \n  <!-- CO2-Emissionen\t-->\n                                        <!-- CO2-Emissionen\t-->\n                   \n \n \n\n\n                <\/ul>\n\n                    <\/div>\n\n                    <div class=\"vehicle-price\">\n                                                    <div itemprop=\"priceSpecification\" itemscope itemtype=\"http:\/\/schema.org\/UnitPriceSpecification\">\n                                <meta itemprop=\"priceCurrency\" content=\"EUR\">\n                                <meta itemprop=\"price\" content=\"32.490\">\n                                <strong>\n                                    32.490 \u20ac (Brutto)\n                                <\/strong><br><small>\n                                    Inkl. 19% MwSt.                                <\/small>\n                            <\/div>\n                                                <br>\n                        <a href=\"https:\/\/ford-sachsen.de\/html\/page\/fahrzeuge\/ford-transit-kasten-350-l3-trend-laderaum-ledverklei\/\"\n                            class=\"vehicle-btn wp-block-button__link wp-element-button\">Details<\/a>\n                    <\/div>\n                <\/div> <!-- \/\/ vehicle-row -->\n               \n            <\/article>\n                        <article id=\"post-4809478\" class=\"vehicle\">\n                <hgroup>\n                    <a href=\"https:\/\/ford-sachsen.de\/html\/page\/fahrzeuge\/ford-transit-custom-titanium-l1-vanexxt-level-schlafd\/\">\n                        <h2 class=\"vehicle-title\">\n                            Ford Transit Custom Titanium L1 vanexxt Level SCHLAFD                        <\/h2>\n\n                    <\/a>\n                <\/hgroup>\n                <span class=\"vehicle-addition\">\n                    <p>\n                        Wohnmobil andere ,\n                        Gebrauchtfahrzeug                    <\/p>\n                <\/span>\n                <div class=\"vehicle-row\">\n                    <div class=\"vehicle-thumbnail\">\n                        <a href=\"https:\/\/ford-sachsen.de\/html\/page\/fahrzeuge\/ford-transit-custom-titanium-l1-vanexxt-level-schlafd\/\" title=\"Ford Transit Custom Titanium L1 vanexxt Level SCHLAFD\">\n                            <img loading=\"lazy\" decoding=\"async\" width=\"300\" height=\"225\" src=\"https:\/\/ford-sachsen.de\/html\/page\/wp-content\/uploads\/2026\/09\/4809478-6a960f0341c47a7f4fcb8-16c3-4279-b4dc-c3bee92165eb-rule-mo-1600-300x225.jpg\" class=\"attachment-medium size-medium wp-post-image\" alt=\"\" srcset=\"https:\/\/ford-sachsen.de\/html\/page\/wp-content\/uploads\/2026\/09\/4809478-6a960f0341c47a7f4fcb8-16c3-4279-b4dc-c3bee92165eb-rule-mo-1600-300x225.jpg 300w, https:\/\/ford-sachsen.de\/html\/page\/wp-content\/uploads\/2026\/09\/4809478-6a960f0341c47a7f4fcb8-16c3-4279-b4dc-c3bee92165eb-rule-mo-1600-1024x768.jpg 1024w, https:\/\/ford-sachsen.de\/html\/page\/wp-content\/uploads\/2026\/09\/4809478-6a960f0341c47a7f4fcb8-16c3-4279-b4dc-c3bee92165eb-rule-mo-1600-768x576.jpg 768w, https:\/\/ford-sachsen.de\/html\/page\/wp-content\/uploads\/2026\/09\/4809478-6a960f0341c47a7f4fcb8-16c3-4279-b4dc-c3bee92165eb-rule-mo-1600.jpg 1440w\" sizes=\"(max-width: 300px) 100vw, 300px\" \/>                        <\/a>\n                    <\/div>\n                    <div class=\"vehicle-data\">\n                                                    <small>\n                                                                02.2026                                \u00b7\n                            <\/small>\n                                                                            <small>\n                                2.650 km\n                            <\/small>\n                                                                            <small>\n                                \u00b7\n                                100 kW\n                                                                (\n                                136 PS)\n                            <\/small>\n                                                                            <small>\n                                \u00b7\n                                Automatik                            <\/small>\n                                                                            <small>\n                                \u00b7\n                                Unfallfrei                            <\/small>\n                        \n                                                    <small>\n                                \u00b7\n                                Diesel                            <\/small>\n                                                                                                                        <ul class=\"vehicle-emission\">\n                                                 <span>Verbrauch komb.: \n                                    8.0                                 l\/100km<\/span><br>\n                                                                                \n                                       \n  <!-- CO2-Emissionen\t-->\n                                            <span>CO\u2082-Emissionen komb.: 224.0                                 g\/km<\/span><br>\n                                        <!-- CO2-Emissionen\t-->\n                   \n \n                         <span>CO\u2082-Klasse: \n                                    G                                <\/span><br>\n                    \n\n\n                <\/ul>\n\n                    <\/div>\n\n                    <div class=\"vehicle-price\">\n                                                    <div itemprop=\"priceSpecification\" itemscope itemtype=\"http:\/\/schema.org\/UnitPriceSpecification\">\n                                <meta itemprop=\"priceCurrency\" content=\"EUR\">\n                                <meta itemprop=\"price\" content=\"59.490\">\n                                <strong>\n                                    59.490 \u20ac (Brutto)\n                                <\/strong><br><small>\n                                    Inkl. 19% MwSt.                                <\/small>\n                            <\/div>\n                                                <br>\n                        <a href=\"https:\/\/ford-sachsen.de\/html\/page\/fahrzeuge\/ford-transit-custom-titanium-l1-vanexxt-level-schlafd\/\"\n                            class=\"vehicle-btn wp-block-button__link wp-element-button\">Details<\/a>\n                    <\/div>\n                <\/div> <!-- \/\/ vehicle-row -->\n               \n            <\/article>\n                        <article id=\"post-4809474\" class=\"vehicle\">\n                <hgroup>\n                    <a href=\"https:\/\/ford-sachsen.de\/html\/page\/fahrzeuge\/ford-transit-custom-tourneo-titanium-l1-vanexxt-level-2\/\">\n                        <h2 class=\"vehicle-title\">\n                            Ford Transit Custom Tourneo Titanium L1 vanexxt Level                        <\/h2>\n\n                    <\/a>\n                <\/hgroup>\n                <span class=\"vehicle-addition\">\n                    <p>\n                        Wohnmobil andere ,\n                        Gebrauchtfahrzeug                    <\/p>\n                <\/span>\n                <div class=\"vehicle-row\">\n                    <div class=\"vehicle-thumbnail\">\n                        <a href=\"https:\/\/ford-sachsen.de\/html\/page\/fahrzeuge\/ford-transit-custom-tourneo-titanium-l1-vanexxt-level-2\/\" title=\"Ford Transit Custom Tourneo Titanium L1 vanexxt Level\">\n                            <img loading=\"lazy\" decoding=\"async\" width=\"300\" height=\"225\" src=\"https:\/\/ford-sachsen.de\/html\/page\/wp-content\/uploads\/2026\/09\/4809474-6a960effea567d18d92b2-1f5b-47b2-a6e5-3d764ebb7db6-rule-mo-1600-300x225.jpg\" class=\"attachment-medium size-medium wp-post-image\" alt=\"\" srcset=\"https:\/\/ford-sachsen.de\/html\/page\/wp-content\/uploads\/2026\/09\/4809474-6a960effea567d18d92b2-1f5b-47b2-a6e5-3d764ebb7db6-rule-mo-1600-300x225.jpg 300w, https:\/\/ford-sachsen.de\/html\/page\/wp-content\/uploads\/2026\/09\/4809474-6a960effea567d18d92b2-1f5b-47b2-a6e5-3d764ebb7db6-rule-mo-1600-1024x768.jpg 1024w, https:\/\/ford-sachsen.de\/html\/page\/wp-content\/uploads\/2026\/09\/4809474-6a960effea567d18d92b2-1f5b-47b2-a6e5-3d764ebb7db6-rule-mo-1600-768x576.jpg 768w, https:\/\/ford-sachsen.de\/html\/page\/wp-content\/uploads\/2026\/09\/4809474-6a960effea567d18d92b2-1f5b-47b2-a6e5-3d764ebb7db6-rule-mo-1600.jpg 1440w\" sizes=\"(max-width: 300px) 100vw, 300px\" \/>                        <\/a>\n                    <\/div>\n                    <div class=\"vehicle-data\">\n                                                    <small>\n                                                                02.2026                                \u00b7\n                            <\/small>\n                                                                            <small>\n                                50 km\n                            <\/small>\n                                                                            <small>\n                                \u00b7\n                                100 kW\n                                                                (\n                                136 PS)\n                            <\/small>\n                                                                            <small>\n                                \u00b7\n                                Automatik                            <\/small>\n                                                                            <small>\n                                \u00b7\n                                Unfallfrei                            <\/small>\n                        \n                                                    <small>\n                                \u00b7\n                                Diesel                            <\/small>\n                                                                                                                        <ul class=\"vehicle-emission\">\n                                                                                     \n                                       \n  <!-- CO2-Emissionen\t-->\n                                        <!-- CO2-Emissionen\t-->\n                   \n \n \n\n\n                <\/ul>\n\n                    <\/div>\n\n                    <div class=\"vehicle-price\">\n                                                    <div itemprop=\"priceSpecification\" itemscope itemtype=\"http:\/\/schema.org\/UnitPriceSpecification\">\n                                <meta itemprop=\"priceCurrency\" content=\"EUR\">\n                                <meta itemprop=\"price\" content=\"59.490\">\n                                <strong>\n                                    59.490 \u20ac (Brutto)\n                                <\/strong><br><small>\n                                    Inkl. 19% MwSt.                                <\/small>\n                            <\/div>\n                                                <br>\n                        <a href=\"https:\/\/ford-sachsen.de\/html\/page\/fahrzeuge\/ford-transit-custom-tourneo-titanium-l1-vanexxt-level-2\/\"\n                            class=\"vehicle-btn wp-block-button__link wp-element-button\">Details<\/a>\n                    <\/div>\n                <\/div> <!-- \/\/ vehicle-row -->\n               \n            <\/article>\n                        <article id=\"post-4806216\" class=\"vehicle\">\n                <hgroup>\n                    <a href=\"https:\/\/ford-sachsen.de\/html\/page\/fahrzeuge\/ford-transit-kasten-350-l2-trend-183ps-68-kwh-batteri-2\/\">\n                        <h2 class=\"vehicle-title\">\n                            Ford Transit Kasten 350 L2 TREND 183PS 68 kWh Batteri                        <\/h2>\n\n                    <\/a>\n                <\/hgroup>\n                <span class=\"vehicle-addition\">\n                    <p>\n                        Kastenwagen ,\n                        Neufahrzeug                    <\/p>\n                <\/span>\n                <div class=\"vehicle-row\">\n                    <div class=\"vehicle-thumbnail\">\n                        <a href=\"https:\/\/ford-sachsen.de\/html\/page\/fahrzeuge\/ford-transit-kasten-350-l2-trend-183ps-68-kwh-batteri-2\/\" title=\"Ford Transit Kasten 350 L2 TREND 183PS 68 kWh Batteri\">\n                            <img loading=\"lazy\" decoding=\"async\" width=\"300\" height=\"225\" src=\"https:\/\/ford-sachsen.de\/html\/page\/wp-content\/uploads\/2026\/08\/4806216-6a8f308dc949eab0b2e5e-9b1d-4272-a835-6ec4a6441c04-rule-mo-1600-300x225.jpg\" class=\"attachment-medium size-medium wp-post-image\" alt=\"\" srcset=\"https:\/\/ford-sachsen.de\/html\/page\/wp-content\/uploads\/2026\/08\/4806216-6a8f308dc949eab0b2e5e-9b1d-4272-a835-6ec4a6441c04-rule-mo-1600-300x225.jpg 300w, https:\/\/ford-sachsen.de\/html\/page\/wp-content\/uploads\/2026\/08\/4806216-6a8f308dc949eab0b2e5e-9b1d-4272-a835-6ec4a6441c04-rule-mo-1600-1024x768.jpg 1024w, https:\/\/ford-sachsen.de\/html\/page\/wp-content\/uploads\/2026\/08\/4806216-6a8f308dc949eab0b2e5e-9b1d-4272-a835-6ec4a6441c04-rule-mo-1600-768x576.jpg 768w, https:\/\/ford-sachsen.de\/html\/page\/wp-content\/uploads\/2026\/08\/4806216-6a8f308dc949eab0b2e5e-9b1d-4272-a835-6ec4a6441c04-rule-mo-1600.jpg 1440w\" sizes=\"(max-width: 300px) 100vw, 300px\" \/>                        <\/a>\n                    <\/div>\n                    <div class=\"vehicle-data\">\n                                                                            <small>\n                                10 km\n                            <\/small>\n                                                                            <small>\n                                \u00b7\n                                135 kW\n                                                                (\n                                184 PS)\n                            <\/small>\n                                                                            <small>\n                                \u00b7\n                                Automatik                            <\/small>\n                                                                            <small>\n                                \u00b7\n                                Unfallfrei                            <\/small>\n                        \n                                                    <small>\n                                \u00b7\n                                Elektro                            <\/small>\n                                                                                                                        <ul class=\"vehicle-emission\">\n                                                                                     \n                                       \n  <!-- CO2-Emissionen\t-->\n                                            <span>CO\u2082-Emissionen komb.: 0.0                                 g\/km<\/span><br>\n                                        <!-- CO2-Emissionen\t-->\n                   \n \n                         <span>CO\u2082-Klasse: \n                                    A                                <\/span><br>\n                    \n\n\n                <\/ul>\n\n                    <\/div>\n\n                    <div class=\"vehicle-price\">\n                                                    <div itemprop=\"priceSpecification\" itemscope itemtype=\"http:\/\/schema.org\/UnitPriceSpecification\">\n                                <meta itemprop=\"priceCurrency\" content=\"EUR\">\n                                <meta itemprop=\"price\" content=\"52.499\">\n                                <strong>\n                                    52.499 \u20ac (Brutto)\n                                <\/strong><br><small>\n                                    Inkl. 19% MwSt.                                <\/small>\n                            <\/div>\n                                                <br>\n                        <a href=\"https:\/\/ford-sachsen.de\/html\/page\/fahrzeuge\/ford-transit-kasten-350-l2-trend-183ps-68-kwh-batteri-2\/\"\n                            class=\"vehicle-btn wp-block-button__link wp-element-button\">Details<\/a>\n                    <\/div>\n                <\/div> <!-- \/\/ vehicle-row -->\n               \n            <\/article>\n                        <article id=\"post-4806210\" class=\"vehicle\">\n                <hgroup>\n                    <a href=\"https:\/\/ford-sachsen.de\/html\/page\/fahrzeuge\/ford-transit-3-seiten-kipper-pritsche-350-l2-einzelka\/\">\n                        <h2 class=\"vehicle-title\">\n                            Ford Transit 3-Seiten-Kipper Pritsche 350 L2 Einzelka                        <\/h2>\n\n                    <\/a>\n                <\/hgroup>\n                <span class=\"vehicle-addition\">\n                    <p>\n                        Dreiseitenkipper ,\n                        Neufahrzeug                    <\/p>\n                <\/span>\n                <div class=\"vehicle-row\">\n                    <div class=\"vehicle-thumbnail\">\n                        <a href=\"https:\/\/ford-sachsen.de\/html\/page\/fahrzeuge\/ford-transit-3-seiten-kipper-pritsche-350-l2-einzelka\/\" title=\"Ford Transit 3-Seiten-Kipper Pritsche 350 L2 Einzelka\">\n                            <img loading=\"lazy\" decoding=\"async\" width=\"300\" height=\"225\" src=\"https:\/\/ford-sachsen.de\/html\/page\/wp-content\/uploads\/2026\/08\/4806210-6a8f308937891a55ac1b3-7275-43bf-a511-9cf4bfe88169-rule-mo-1600-300x225.jpg\" class=\"attachment-medium size-medium wp-post-image\" alt=\"\" srcset=\"https:\/\/ford-sachsen.de\/html\/page\/wp-content\/uploads\/2026\/08\/4806210-6a8f308937891a55ac1b3-7275-43bf-a511-9cf4bfe88169-rule-mo-1600-300x225.jpg 300w, https:\/\/ford-sachsen.de\/html\/page\/wp-content\/uploads\/2026\/08\/4806210-6a8f308937891a55ac1b3-7275-43bf-a511-9cf4bfe88169-rule-mo-1600-1024x768.jpg 1024w, https:\/\/ford-sachsen.de\/html\/page\/wp-content\/uploads\/2026\/08\/4806210-6a8f308937891a55ac1b3-7275-43bf-a511-9cf4bfe88169-rule-mo-1600-768x576.jpg 768w, https:\/\/ford-sachsen.de\/html\/page\/wp-content\/uploads\/2026\/08\/4806210-6a8f308937891a55ac1b3-7275-43bf-a511-9cf4bfe88169-rule-mo-1600.jpg 1440w\" sizes=\"(max-width: 300px) 100vw, 300px\" \/>                        <\/a>\n                    <\/div>\n                    <div class=\"vehicle-data\">\n                                                                            <small>\n                                10 km\n                            <\/small>\n                                                                            <small>\n                                \u00b7\n                                121 kW\n                                                                (\n                                165 PS)\n                            <\/small>\n                                                                            <small>\n                                \u00b7\n                                Schaltgetriebe                            <\/small>\n                                                                            <small>\n                                \u00b7\n                                Unfallfrei                            <\/small>\n                        \n                                                    <small>\n                                \u00b7\n                                Diesel                            <\/small>\n                                                                                                                        <ul class=\"vehicle-emission\">\n                                                                                     \n                                       \n  <!-- CO2-Emissionen\t-->\n                                        <!-- CO2-Emissionen\t-->\n                   \n \n \n\n\n                <\/ul>\n\n                    <\/div>\n\n                    <div class=\"vehicle-price\">\n                                                    <div itemprop=\"priceSpecification\" itemscope itemtype=\"http:\/\/schema.org\/UnitPriceSpecification\">\n                                <meta itemprop=\"priceCurrency\" content=\"EUR\">\n                                <meta itemprop=\"price\" content=\"45.580\">\n                                <strong>\n                                    45.580 \u20ac (Brutto)\n                                <\/strong><br><small>\n                                    Inkl. 19% MwSt.                                <\/small>\n                            <\/div>\n                                                <br>\n                        <a href=\"https:\/\/ford-sachsen.de\/html\/page\/fahrzeuge\/ford-transit-3-seiten-kipper-pritsche-350-l2-einzelka\/\"\n                            class=\"vehicle-btn wp-block-button__link wp-element-button\">Details<\/a>\n                    <\/div>\n                <\/div> <!-- \/\/ vehicle-row -->\n               \n            <\/article>\n                        <article id=\"post-4806192\" class=\"vehicle\">\n                <hgroup>\n                    <a href=\"https:\/\/ford-sachsen.de\/html\/page\/fahrzeuge\/ford-transit-custom-320-l2-kastenwagen-trend-25-dur\/\">\n                        <h2 class=\"vehicle-title\">\n                            Ford Transit Custom 320 L2, Kastenwagen Trend 2,5 Dur                        <\/h2>\n\n                    <\/a>\n                <\/hgroup>\n                <span class=\"vehicle-addition\">\n                    <p>\n                        Kastenwagen lang ,\n                        Neufahrzeug                    <\/p>\n                <\/span>\n                <div class=\"vehicle-row\">\n                    <div class=\"vehicle-thumbnail\">\n                        <a href=\"https:\/\/ford-sachsen.de\/html\/page\/fahrzeuge\/ford-transit-custom-320-l2-kastenwagen-trend-25-dur\/\" title=\"Ford Transit Custom 320 L2, Kastenwagen Trend 2,5 Dur\">\n                            <img loading=\"lazy\" decoding=\"async\" width=\"300\" height=\"225\" src=\"https:\/\/ford-sachsen.de\/html\/page\/wp-content\/uploads\/2026\/08\/4806192-6a8f307a358750f25facc-1631-46d6-b7c0-56ed60ce4db0-rule-mo-1600-300x225.jpg\" class=\"attachment-medium size-medium wp-post-image\" alt=\"\" srcset=\"https:\/\/ford-sachsen.de\/html\/page\/wp-content\/uploads\/2026\/08\/4806192-6a8f307a358750f25facc-1631-46d6-b7c0-56ed60ce4db0-rule-mo-1600-300x225.jpg 300w, https:\/\/ford-sachsen.de\/html\/page\/wp-content\/uploads\/2026\/08\/4806192-6a8f307a358750f25facc-1631-46d6-b7c0-56ed60ce4db0-rule-mo-1600-1024x768.jpg 1024w, https:\/\/ford-sachsen.de\/html\/page\/wp-content\/uploads\/2026\/08\/4806192-6a8f307a358750f25facc-1631-46d6-b7c0-56ed60ce4db0-rule-mo-1600-768x576.jpg 768w, https:\/\/ford-sachsen.de\/html\/page\/wp-content\/uploads\/2026\/08\/4806192-6a8f307a358750f25facc-1631-46d6-b7c0-56ed60ce4db0-rule-mo-1600.jpg 1440w\" sizes=\"(max-width: 300px) 100vw, 300px\" \/>                        <\/a>\n                    <\/div>\n                    <div class=\"vehicle-data\">\n                                                                            <small>\n                                10 km\n                            <\/small>\n                                                                            <small>\n                                \u00b7\n                                171 kW\n                                                                (\n                                232 PS)\n                            <\/small>\n                                                                            <small>\n                                \u00b7\n                                Automatik                            <\/small>\n                                                                            <small>\n                                \u00b7\n                                Unfallfrei                            <\/small>\n                        \n                                                    <small>\n                                \u00b7\n                                Hybrid (Benzin\/Elektro)                            <\/small>\n                                                                                                                        <ul class=\"vehicle-emission\">\n                                                <span>Kraftstoffverbrauch gewichtet, kombiniert: \n                                    2.9                                 l\/100km<\/span><br>\n                                             <span>Verbrauch komb.: \n                                    7.0                                 l\/100km<\/span><br>\n                                                                <span>Stromverbrauch gewichtet, kombiniert: \n                                    19.7                                 kWh\/100km<\/span><br>\n                                                            \n                                       \n  <!-- CO2-Emissionen\t-->\n                                            <span>CO\u2082-Emissionen komb.: 65.0                                 g\/km<\/span><br>\n                                        <!-- CO2-Emissionen\t-->\n                   \n \n                         <span>CO\u2082-Klasse: \n                                    B                                <\/span><br>\n                    \n\n\n                <\/ul>\n\n                    <\/div>\n\n                    <div class=\"vehicle-price\">\n                                                    <div itemprop=\"priceSpecification\" itemscope itemtype=\"http:\/\/schema.org\/UnitPriceSpecification\">\n                                <meta itemprop=\"priceCurrency\" content=\"EUR\">\n                                <meta itemprop=\"price\" content=\"41.576\">\n                                <strong>\n                                    41.576 \u20ac (Brutto)\n                                <\/strong><br><small>\n                                    Inkl. 19% MwSt.                                <\/small>\n                            <\/div>\n                                                <br>\n                        <a href=\"https:\/\/ford-sachsen.de\/html\/page\/fahrzeuge\/ford-transit-custom-320-l2-kastenwagen-trend-25-dur\/\"\n                            class=\"vehicle-btn wp-block-button__link wp-element-button\">Details<\/a>\n                    <\/div>\n                <\/div> <!-- \/\/ vehicle-row -->\n               \n            <\/article>\n                <\/div> <!-- FacetWP Template End -->\n    <p><strong>Angaben zum Verbrauch<\/strong><br>\n    <p>Die Informationen erfolgen gem\u00e4\u00df der Pkw-Energieverbrauchskennzeichnungsverordnung. Die angegebenen Werte wurden nach dem vorgeschrieben Messverfahren WLTP (World Harmonised Light Vehicles Test Procedure) ermittelt. Der Kraftstoffverbrauch und der CO2-Aussto\u00df eines PKW sind nicht nur von der effizienten Ausnutzung des Kraftstoffs durch den PKW, sondern auch vom Fahrstil und anderen nichttechnischen Faktoren abh\u00e4ngig. CO2 ist das fr die Erderw\u00e4rmung haupts\u00e4chlich verantwortliche Treibgas. Ein Leitfaden ber den Kraftstoffverbrauch und die CO2-Emissionen aller in Deutschland angebotenen neuen PKW-Modelle ist unentgeltlich in elektronischer Form einsehbar an jedem Verkaufsort in Deutschland, an dem neue Personenkraftfahrzeuge ausgestellt oder angeboten werden. Der Leitfaden ist auch abrufbar unter der Internetadresse: <a href=\"https:\/\/www.dat.de\/co2\/\">https:\/\/www.dat.de\/co2\/<\/a>.<\/p>\n    <p>Es werden nur die CO2-Emissionen angegeben, die durch den Betrieb des PKW entstehen. CO2-Emissionen, die durch die Produktion und Bereitstellung des PKW sowie des Kraftstoffes bzw. der Energietr\u00e4ger entstehen oder vermieden werden, werden bei der Ermittlung der CO2-Emissionen gem\u00e4\u00df WLTP nicht bercksichtigt.<\/p>\n   \n    \n","protected":false},"excerpt":{"rendered":"<p>Preis Erstzulassung Kilometerstand<\/p>\n","protected":false},"author":1,"featured_media":0,"parent":32,"menu_order":0,"comment_status":"closed","ping_status":"open","template":"page-templates\/full-width.php","meta":{"order-bump-settings":[],"_wpfnl_thankyou_order_overview":"on","_wpfnl_thankyou_order_details":"on","_wpfnl_thankyou_billing_details":"on","_wpfnl_thankyou_shipping_details":"on","footnotes":""},"tags":[],"class_list":["post-821","page","type-page","status-publish","hentry"],"_links":{"self":[{"href":"https:\/\/ford-sachsen.de\/html\/page\/wp-json\/wp\/v2\/pages\/821","targetHints":{"allow":["GET"]}}],"collection":[{"href":"https:\/\/ford-sachsen.de\/html\/page\/wp-json\/wp\/v2\/pages"}],"about":[{"href":"https:\/\/ford-sachsen.de\/html\/page\/wp-json\/wp\/v2\/types\/page"}],"author":[{"embeddable":true,"href":"https:\/\/ford-sachsen.de\/html\/page\/wp-json\/wp\/v2\/users\/1"}],"replies":[{"embeddable":true,"href":"https:\/\/ford-sachsen.de\/html\/page\/wp-json\/wp\/v2\/comments?post=821"}],"version-history":[{"count":14,"href":"https:\/\/ford-sachsen.de\/html\/page\/wp-json\/wp\/v2\/pages\/821\/revisions"}],"predecessor-version":[{"id":1528627,"href":"https:\/\/ford-sachsen.de\/html\/page\/wp-json\/wp\/v2\/pages\/821\/revisions\/1528627"}],"up":[{"embeddable":true,"href":"https:\/\/ford-sachsen.de\/html\/page\/wp-json\/wp\/v2\/pages\/32"}],"wp:attachment":[{"href":"https:\/\/ford-sachsen.de\/html\/page\/wp-json\/wp\/v2\/media?parent=821"}],"wp:term":[{"taxonomy":"post_tag","embeddable":true,"href":"https:\/\/ford-sachsen.de\/html\/page\/wp-json\/wp\/v2\/tags?post=821"}],"curies":[{"name":"wp","href":"https:\/\/api.w.org\/{rel}","templated":true}]}}